{"id":118,"date":"2019-02-19T19:33:56","date_gmt":"2019-02-19T22:33:56","guid":{"rendered":"https:\/\/wp.ufpel.edu.br\/jhalecaufpel\/?page_id=118"},"modified":"2020-09-09T21:31:10","modified_gmt":"2020-09-10T00:31:10","slug":"minicursos","status":"publish","type":"page","link":"https:\/\/wp.ufpel.edu.br\/jhalecaufpel\/minicursos\/","title":{"rendered":"Minicursos"},"content":{"rendered":"<p>Est\u00e3o abertas as inscri\u00e7\u00f5es para ouvintes na XXI Jornada de Hist\u00f3ria Antiga da UFPel. (Vagas Limitadas)<\/p>\n<p>Link para inscri\u00e7\u00e3o:\u00a0<a class=\"oajrlxb2 g5ia77u1 qu0x051f esr5mh6w e9989ue4 r7d6kgcz rq0escxv nhd2j8a9 nc684nl6 p7hjln8o kvgmc6g5 cxmmr5t8 oygrvhab hcukyx3x jb3vyjys rz4wbd8a qt6c0cv9 a8nywdso i1ao9s8h esuyzwwr f1sip0of lzcic4wl py34i1dx gpro0wi8\" role=\"link\" href=\"https:\/\/l.facebook.com\/l.php?u=https%3A%2F%2Fforms.gle%2FKRE5bnf6xz2Myz8y8%3Ffbclid%3DIwAR3ynwEe6gi5XtiQvY-jN3A-4o85dLrP1jo6v2Dg6cm1BUCn7HVpXkwB90k&amp;h=AT2d_p9Q-N_qI_uBWJ1bHtJ3TZOLUMl1p8GDlC8YL2tF3ieSrUcnnvSyf9klqWJ4KNtDUlLhReK28c7CSffkbc7UOaIsFKnbLEUM2XvwJouhPjXSmtZUzVx10lOWKNl04-yxVd1yPDc-Dth32L_M&amp;__tn__=-UK*F&amp;c[0]=AT30tt_GkC6l6YHTdQaezOS0auQt93YMkK751Axxho4b31zKhSku3P5VPlIIezbibePF2ggDLUps_gdkHCIdUwhVYFtgTXkrq3hbO4zhvQ_vQBta3xhIiD_HMxUar27-uCAWrZz6q3Ff7NCTz6dcVW9rWSGmmDqBBvhtYlJG4xgEWXx2K4-zChTWrNqagAs\" target=\"_blank\" rel=\"nofollow noopener noreferrer\">https:\/\/forms.gle\/KRE5bnf6xz2Myz8y8<\/a><\/p>\n<p>Minicursos (todos ocorrer\u00e3o a partir das 19h):<br \/>\n26\/08 &#8220;A Cultura Material em sala de aula I: estudos da Cer\u00e2mica Grega&#8221; Profas. Dras. Camila Diogo de Souza e Carolina Kesser Barcellos Dias<\/p>\n<p>15\/09 &#8220;O Egito Antigo na sala de aula: desafios da teleduca\u00e7\u00e3o&#8221; Profa. Dra. Raquel dos Santos Funari<\/p>\n<p>06\/10 &#8220;A Cultura Material em sala de aula II: estudo das Moedas Romanas&#8221; Prof. Dr. Carlos Eduardo da Costa Campos<\/p>\n<p>13\/10 &#8220;Pensando como um(a) historiador(a): os Mitos Gregos Antigos e o Pensamento Hist\u00f3rico na escola&#8221; Prof. Dr. Guilherme Gomes Moerbeck<\/p>\n<p>10\/11 &#8220;Hist\u00f3ria Antiga e o cotidiano da cidade do Rio de Janeiro: ensino, extens\u00e3o e Hist\u00f3ria P\u00fablica&#8221; Prof. Dr. Deivid Val\u00e9rio Gaia<\/p>\n<p>17\/11 &#8220;A Mesopot\u00e2mia em sala de aula: arte e cultura&#8221; Profa. Dra. Katia Paim Pozzer<\/p>\n<p>Para mais informa\u00e7\u00f5es<\/p>\n<p>Instagram<\/p>\n<p><a class=\"oajrlxb2 g5ia77u1 qu0x051f esr5mh6w e9989ue4 r7d6kgcz rq0escxv nhd2j8a9 nc684nl6 p7hjln8o kvgmc6g5 cxmmr5t8 oygrvhab hcukyx3x jb3vyjys rz4wbd8a qt6c0cv9 a8nywdso i1ao9s8h esuyzwwr f1sip0of lzcic4wl py34i1dx gpro0wi8\" role=\"link\" href=\"https:\/\/l.facebook.com\/l.php?u=https%3A%2F%2Fwww.instagram.com%2Flecaufpel%2F%3Ffbclid%3DIwAR1PQCP5J7W9hKgHFliAeS5wnAr0TUVGEoSf0X_13j529ZtCQk_--vfAfL0&amp;h=AT1BWZLZfDJ_c9MaYri4nCeOsZoiEZpQXe8VBIWYoyelv3oyA-bw3bWooHi6zoC3mRMM1XnH00dMbrCDCoQ6jT7avg3Hi9QolcUQzfa5Equ-MguD_TRhnEhxnmS3KlMS83IAx7dC3FGZSZ7MBNtT&amp;__tn__=-UK*F&amp;c[0]=AT30tt_GkC6l6YHTdQaezOS0auQt93YMkK751Axxho4b31zKhSku3P5VPlIIezbibePF2ggDLUps_gdkHCIdUwhVYFtgTXkrq3hbO4zhvQ_vQBta3xhIiD_HMxUar27-uCAWrZz6q3Ff7NCTz6dcVW9rWSGmmDqBBvhtYlJG4xgEWXx2K4-zChTWrNqagAs\" target=\"_blank\" rel=\"nofollow noopener noreferrer\">https:\/\/www.instagram.com\/lecaufpel\/<\/a><\/p>\n<p>&nbsp;<\/p>\n<p><a href=\"https:\/\/forms.gle\/KRE5bnf6xz2Myz8y8\"><img class=\"aligncenter wp-image-901\" src=\"https:\/\/wp.ufpel.edu.br\/jhalecaufpel\/files\/2020\/08\/Inscri\u00e7\u00f5es-Minicursos-Ouvinte-400x400.jpg\" alt=\"\" width=\"1164\" height=\"1164\" srcset=\"https:\/\/wp.ufpel.edu.br\/jhalecaufpel\/files\/2020\/08\/Inscri\u00e7\u00f5es-Minicursos-Ouvinte-400x400.jpg 400w, https:\/\/wp.ufpel.edu.br\/jhalecaufpel\/files\/2020\/08\/Inscri\u00e7\u00f5es-Minicursos-Ouvinte-1024x1024.jpg 1024w, https:\/\/wp.ufpel.edu.br\/jhalecaufpel\/files\/2020\/08\/Inscri\u00e7\u00f5es-Minicursos-Ouvinte-200x200.jpg 200w, https:\/\/wp.ufpel.edu.br\/jhalecaufpel\/files\/2020\/08\/Inscri\u00e7\u00f5es-Minicursos-Ouvinte-768x768.jpg 768w, https:\/\/wp.ufpel.edu.br\/jhalecaufpel\/files\/2020\/08\/Inscri\u00e7\u00f5es-Minicursos-Ouvinte.jpg 1080w\" sizes=\"(max-width: 1164px) 100vw, 1164px\" \/><\/a><\/p>\n","protected":false},"excerpt":{"rendered":"<p>Est\u00e3o abertas as inscri\u00e7\u00f5es para ouvintes na XXI Jornada de Hist\u00f3ria Antiga da UFPel. (Vagas Limitadas) Link para inscri\u00e7\u00e3o:\u00a0https:\/\/forms.gle\/KRE5bnf6xz2Myz8y8 Minicursos (todos ocorrer\u00e3o a partir das 19h): 26\/08 &#8220;A Cultura Material em sala de aula I: estudos da Cer\u00e2mica Grega&#8221; Profas. Dras. Camila Diogo de Souza e Carolina Kesser Barcellos Dias 15\/09 &#8220;O Egito Antigo na [&hellip;]<\/p>\n","protected":false},"author":907,"featured_media":0,"parent":0,"menu_order":0,"comment_status":"closed","ping_status":"closed","template":"","meta":{"footnotes":""},"class_list":["post-118","page","type-page","status-publish","hentry"],"_links":{"self":[{"href":"https:\/\/wp.ufpel.edu.br\/jhalecaufpel\/wp-json\/wp\/v2\/pages\/118","targetHints":{"allow":["GET"]}}],"collection":[{"href":"https:\/\/wp.ufpel.edu.br\/jhalecaufpel\/wp-json\/wp\/v2\/pages"}],"about":[{"href":"https:\/\/wp.ufpel.edu.br\/jhalecaufpel\/wp-json\/wp\/v2\/types\/page"}],"author":[{"embeddable":true,"href":"https:\/\/wp.ufpel.edu.br\/jhalecaufpel\/wp-json\/wp\/v2\/users\/907"}],"replies":[{"embeddable":true,"href":"https:\/\/wp.ufpel.edu.br\/jhalecaufpel\/wp-json\/wp\/v2\/comments?post=118"}],"version-history":[{"count":7,"href":"https:\/\/wp.ufpel.edu.br\/jhalecaufpel\/wp-json\/wp\/v2\/pages\/118\/revisions"}],"predecessor-version":[{"id":916,"href":"https:\/\/wp.ufpel.edu.br\/jhalecaufpel\/wp-json\/wp\/v2\/pages\/118\/revisions\/916"}],"wp:attachment":[{"href":"https:\/\/wp.ufpel.edu.br\/jhalecaufpel\/wp-json\/wp\/v2\/media?parent=118"}],"curies":[{"name":"wp","href":"https:\/\/api.w.org\/{rel}","templated":true}]}}