{"id":395,"date":"2022-06-07T16:06:02","date_gmt":"2022-06-07T19:06:02","guid":{"rendered":"https:\/\/wp.ufpel.edu.br\/international\/?page_id=395"},"modified":"2026-01-15T09:37:05","modified_gmt":"2026-01-15T12:37:05","slug":"reconhecimento","status":"publish","type":"page","link":"https:\/\/wp.ufpel.edu.br\/international\/reconhecimento\/","title":{"rendered":"Reconhecimento de Diplomas"},"content":{"rendered":"<div id=\"pl-395\"  class=\"panel-layout\" ><div id=\"pg-395-0\"  class=\"panel-grid panel-no-style\" ><div id=\"pgc-395-0-0\"  class=\"panel-grid-cell\" ><div id=\"panel-395-0-0-0\" class=\"so-panel widget widget_sow-editor panel-first-child\" data-index=\"0\" ><div\n\t\t\t\n\t\t\tclass=\"so-widget-sow-editor so-widget-sow-editor-base\"\n\t\t\t\n\t\t>\n<div class=\"siteorigin-widget-tinymce textwidget\">\n\t<p><strong>ATEN\u00c7\u00c3O:<\/strong><\/p>\n<ul>\n<li><strong>N\u00e3o h\u00e1 contagem de prazo durante f\u00e9rias e recessos acad\u00eamicos.<\/strong><\/li>\n<li>\n<div><b>Conforme <\/b><b><a href=\"https:\/\/www.in.gov.br\/en\/web\/dou\/-\/resolucao-cne\/ces-n-2-de-19-de-dezembro-de-2024-603280099\">Resolu\u00e7\u00e3o CNE\/CES n\u00ba 2, de 19 de dezembro de 2024, <\/a>requerente do reconhecimento dever\u00e1 apresentar comprovante que demonstre o per\u00edodo da estada no exterior quando da realiza\u00e7\u00e3o do curso.<\/b><\/div>\n<\/li>\n<\/ul>\n<p>As solicita\u00e7\u00f5es de Reconhecimento de Diplomas expedidos por Estabelecimentos Estrangeiros de Ensino Superior ser\u00e3o recebidos por esta Universidade Federal de Pelotas exclusivamente por meio da Plataforma Carolina Bori, de responsabilidade do MEC. Os interessados dever\u00e3o acessar:<\/p>\n<p>Para informa\u00e7\u00f5es gerais, clique <a href=\"http:\/\/carolinabori.mec.gov.br\" target=\"_blank\" rel=\"noopener\">AQUI<\/a>;<\/p>\n<p>Para solicitar acesso como requerente, clique <a href=\"http:\/\/plataformacarolinabori.mec.gov.br\/usuario\/acesso\" target=\"_blank\" rel=\"noopener\">AQUI<\/a>.<\/p>\n<p><strong>Para submeter o seu pedido o interessado dever\u00e1 ler as normas disponibilizadas a seguir:<\/strong><\/p>\n<p><a style=\"font-weight: 400;\" href=\"http:\/\/carolinabori.mec.gov.br\/?pagina=legislacao\" target=\"_blank\" rel=\"noopener\">Portal Carolina Bori \u2013 Legisla\u00e7\u00e3o geral;<\/a><br \/>\n<a style=\"font-weight: 400;\" href=\"https:\/\/wp.ufpel.edu.br\/crinter\/files\/2018\/11\/PORTARIA-NORMATIVA-N%C2%BA-22-DE-13-DE-DEZEMBRO-DE-2016.pdf\" target=\"_blank\" rel=\"noopener\">Portaria Normativa n\u00ba 22, de 13 de dezembro de 2016;<\/a><br \/>\n<a style=\"font-weight: 400;\" href=\"https:\/\/wp.ufpel.edu.br\/crinter\/files\/2018\/11\/Res.-Cocepe-21.2018.pdf\" target=\"_blank\" rel=\"noopener\">Resolu\u00e7\u00e3o<\/a><a style=\"font-weight: 400;\" href=\"https:\/\/wp.ufpel.edu.br\/crinter\/files\/2018\/11\/Res.-Cocepe-21.2018.pdf\" target=\"_blank\" rel=\"noopener\"> n\u00ba 21, de 14 de junho de<\/a><a style=\"font-weight: 400;\" href=\"https:\/\/wp.ufpel.edu.br\/crinter\/files\/2018\/11\/Res.-Cocepe-21.2018.pdf\" target=\"_blank\" rel=\"noopener\"> 2018;<\/a><br \/>\n<a href=\"https:\/\/www.in.gov.br\/en\/web\/dou\/-\/resolucao-cne\/ces-n-2-de-19-de-dezembro-de-2024-603280099\">Resolu\u00e7\u00e3o CNE\/CES n\u00ba 2, de 19 de dezembro de 2024.<\/a><\/p>\n<p>&nbsp;<\/p>\n<p><strong>Ser\u00e3o obedecidas as seguintes etapas:<\/strong><\/p>\n<ol>\n<li>ABERTURA DA SOLICITA\u00c7\u00c3O, atrav\u00e9s da Plataforma Carolina Bori do MEC, com envio digital dos\u00a0 documentos;<\/li>\n<li>A CRInter far\u00e1 a confer\u00eancia documental, no prazo de at\u00e9 30 dias. Quando a documenta\u00e7\u00e3o estiver completa, o(a) requerente receber\u00e1 as instru\u00e7\u00f5es para pagamento da taxa de R$ 2.000,00 \u00a0(dois mil reais) para que se fa\u00e7a a ABERTURA DO PROCESSO;<\/li>\n<li>Ap\u00f3s a homologa\u00e7\u00e3o do pagamento ser\u00e1 realizada a ABERTURA DO PROCESSO e iniciar\u00e1 a contagem de prazo. O processo tramitar\u00e1 internamente na UFPel sendo encaminhado para o representante de \u00e1rea do conhecimento junto ao Comit\u00ea Permanente de Revalida\u00e7\u00e3o e Reconhecimento de Diplomas (CPRR);<\/li>\n<li>O prazo para tramita\u00e7\u00e3o do processo, ap\u00f3s a ABERTURA, e divulga\u00e7\u00e3o do resultado \u00e9 de 180 dias. Ap\u00f3s a emiss\u00e3o da decis\u00e3o o(a) requerente ser\u00e1 cientificado(a) do parecer e da Decis\u00e3o Final e ter\u00e1 o prazo de 30 dias a contar da data de ci\u00eancia para interpor recurso;<\/li>\n<li>Ap\u00f3s a ci\u00eancia do resultado do processo de Reconhecimento, nos casos de Deferimento Total da Solicita\u00e7\u00e3o e Deferimento Parcial da Solicita\u00e7\u00e3o (ap\u00f3s cumpridas as exig\u00eancias de complementa\u00e7\u00e3o de estudos) o(a) requerente dever\u00e1 enviar a documenta\u00e7\u00e3o original por correio ou comparecer presencialmente \u00e0 CRInter;<\/li>\n<li>A Pr\u00f3- Reitoria de Pesquisa, P\u00f3s-Gradua\u00e7\u00e3o e Inova\u00e7\u00e3o (PRPPGI) \u00e9 respons\u00e1vel pela emiss\u00e3o da apostila que ser\u00e1 retirada na CRInter.<\/li>\n<\/ol>\n<\/div>\n<\/div><\/div><div id=\"panel-395-0-0-1\" class=\"so-panel widget widget_sow-accordion\" data-index=\"1\" ><div\n\t\t\t\n\t\t\tclass=\"so-widget-sow-accordion so-widget-sow-accordion-default-0cbe2f692174-395\"\n\t\t\t\n\t\t><div>\n\t<div class=\"sow-accordion\">\n\t\t\t<div class=\"sow-accordion-panel\n\t\t\t\t\"\n\t\t\tdata-anchor-id=\"documentos-exigidos-para-reconhecimento\">\n\t\t\t\t<div class=\"sow-accordion-panel-header-container\" role=\"heading\" aria-level=\"2\">\n\t\t\t\t\t<div class=\"sow-accordion-panel-header\" tabindex=\"0\" role=\"button\" id=\"accordion-label-documentos-exigidos-para-reconhecimento\" aria-controls=\"accordion-content-documentos-exigidos-para-reconhecimento\" aria-expanded=\"false\">\n\t\t\t\t\t\t<div class=\"sow-accordion-title sow-accordion-title-icon-left\">\n\t\t\t\t\t\t\t\t\t\t\t\t\t\tDocumentos exigidos para RECONHECIMENTO:\t\t\t\t\t\t\t\t\t\t\t\t\t<\/div>\n\t\t\t\t\t\t<div class=\"sow-accordion-open-close-button\">\n\t\t\t\t\t\t\t<div class=\"sow-accordion-open-button\">\n\t\t\t\t\t\t\t\t<span class=\"sow-icon-ionicons\" data-sow-icon=\"&#xf218;\"\n\t\t \n\t\taria-hidden=\"true\"><\/span>\t\t\t\t\t\t\t<\/div>\n\t\t\t\t\t\t\t<div class=\"sow-accordion-close-button\">\n\t\t\t\t\t\t\t\t<span class=\"sow-icon-ionicons\" data-sow-icon=\"&#xf209;\"\n\t\t \n\t\taria-hidden=\"true\"><\/span>\t\t\t\t\t\t\t<\/div>\n\t\t\t\t\t\t<\/div>\n\t\t\t\t\t<\/div>\n\t\t\t\t<\/div>\n\n\t\t\t<div\n\t\t\t\tclass=\"sow-accordion-panel-content\"\n\t\t\t\trole=\"region\"\n\t\t\t\taria-labelledby=\"accordion-label-documentos-exigidos-para-reconhecimento\"\n\t\t\t\tid=\"accordion-content-documentos-exigidos-para-reconhecimento\"\n\t\t\t\tstyle=\"display: none;\"\t\t\t>\n\t\t\t\t<div class=\"sow-accordion-panel-border\">\n\t\t\t\t\t<p><strong>ATEN\u00c7\u00c3O:<\/strong> todos os documentos dever\u00e3o ser enviados em formato PDF.<\/p>\n<ol style=\"list-style-type: upper-roman;\">\n<li>Requerimento padr\u00e3o:\u00a0 <a href=\"https:\/\/wp.ufpel.edu.br\/crinter\/files\/2019\/03\/Requerimento-Reconhecimento.pdf\" target=\"_blank\" rel=\"noopener\">tramita\u00e7\u00e3o ordin\u00e1ria<\/a>\u00a0ou\u00a0<a href=\"https:\/\/wp.ufpel.edu.br\/crinter\/files\/2019\/03\/Requerimento-Reconhecimento-Simplificada.pdf\" target=\"_blank\" rel=\"noopener\">tramita\u00e7\u00e3o simplificada<\/a>;<\/li>\n<li>Para brasileiros: c\u00f3pia da c\u00e9dula de identidade (RG), do CPF, da certid\u00e3o de quita\u00e7\u00e3o com a Justi\u00e7a Eleitoral e comprovante de quita\u00e7\u00e3o com o Servi\u00e7o Militar;<\/li>\n<li>Para estrangeiros: c\u00f3pia do registro nacional de estrangeiro (RNE) ou comprovante de regularidade de perman\u00eancia no pa\u00eds expedido pela Pol\u00edcia Federal e do CPF;<\/li>\n<li>C\u00f3pia do diploma devidamente registrado pela institui\u00e7\u00e3o respons\u00e1vel pela diploma\u00e7\u00e3o, de acordo com a legisla\u00e7\u00e3o vigente no pa\u00eds de origem;<\/li>\n<li>Exemplar da tese ou disserta\u00e7\u00e3o com registro de aprova\u00e7\u00e3o da banca examinadora, com c\u00f3pia em arquivo digital em formato compat\u00edvel, acompanhada dos seguintes documentos:<\/li>\n<li>Ata ou documento oficial da institui\u00e7\u00e3o de origem, no qual deve constar a data da defesa, se for o caso, o t\u00edtulo do trabalho, a sua aprova\u00e7\u00e3o e os conceitos outorgados; nomes dos participantes da banca examinadora, se for o caso, e do orientador, acompanhados dos respectivos curr\u00edculos resumidos;<\/li>\n<li>Caso o programa de origem n\u00e3o preveja a defesa p\u00fablica da tese, deve o aluno anexar documento emitido e autenticado pela institui\u00e7\u00e3o de origem, descrevendo os procedimentos de avalia\u00e7\u00e3o de qualidade da tese ou disserta\u00e7\u00e3o, adotados pela institui\u00e7\u00e3o, inclusive avalia\u00e7\u00e3o cega emitida por parecerista externo.<\/li>\n<li>C\u00f3pia do hist\u00f3rico escolar, descrevendo as disciplinas ou atividades cursadas, com os respectivos per\u00edodos e carga hor\u00e1ria total, indicando o resultado das avalia\u00e7\u00f5es em cada disciplina;<\/li>\n<li>Descri\u00e7\u00e3o resumida das atividades de pesquisa realizadas, est\u00e1gios e c\u00f3pia impressa ou em endere\u00e7o eletr\u00f4nico dos trabalhos cient\u00edficos decorrentes da disserta\u00e7\u00e3o ou tese, publicados e\/ou apresentados em congressos ou reuni\u00f5es acad\u00eamico-cient\u00edficas, indicando a autoria, o nome do peri\u00f3dico e a data da publica\u00e7\u00e3o e\/ou nome e local dos eventos cient\u00edficos onde os trabalhos foram apresentados;<\/li>\n<li>Resultados da avalia\u00e7\u00e3o externa do curso ou programa de p\u00f3s-gradua\u00e7\u00e3o da institui\u00e7\u00e3o, quando houver e tiver sido realizada por institui\u00e7\u00f5es p\u00fablicas ou devidamente acreditadas no pa\u00eds de origem, e outras informa\u00e7\u00f5es existentes acerca da reputa\u00e7\u00e3o do programa indicadas em documentos, relat\u00f3rios ou reportagens.<\/li>\n<li>Projeto ou organiza\u00e7\u00e3o curricular do curso, indicando os conte\u00fados ou ementa das disciplinas e as atividades de pesquisa, bem como o processo de integraliza\u00e7\u00e3o do curso, autenticado pela institui\u00e7\u00e3o estrangeira respons\u00e1vel pela diploma\u00e7\u00e3o.<\/li>\n<li>Termo de Exclusividade informando que n\u00e3o est\u00e1 submetendo o mesmo diploma a processo de reconhecimento a outra institui\u00e7\u00e3o concomitantemente: <a href=\"https:\/\/wp.ufpel.edu.br\/crinter\/files\/2018\/11\/Termo-de-exclusividade-Reconhecimento.pdf\" target=\"_blank\" rel=\"noopener\">Termo de exclusividade \u2013 Reconhecimento<\/a>;<\/li>\n<li>Comprovante que demonstre o per\u00edodo da estada no exterior quando da realiza\u00e7\u00e3o do curso.<\/li>\n<\/ol>\n<p>Termo de aceita\u00e7\u00e3o das condi\u00e7\u00f5es e compromissos, o qual incluir\u00e1 declara\u00e7\u00e3o de autenticidade dos documentos apresentados (encontra-se na parte final do Requerimento).<br \/>\nOs documentos de que tratam os incisos IV, V e VIII dever\u00e3o ser registrados por institui\u00e7\u00e3o estrangeira respons\u00e1vel pela diploma\u00e7\u00e3o, de acordo com a legisla\u00e7\u00e3o vigente no pa\u00eds de origem, apostilado no caso de sua origem ser de um pa\u00eds signat\u00e1rio da Conven\u00e7\u00e3o de Haia (Resolu\u00e7\u00e3o CNJ n\u00ba 228, de 2016, do Conselho Nacional de Justi\u00e7a) ou autenticado por autoridade consular competente, no caso de pa\u00eds n\u00e3o signat\u00e1rio.<\/p>\n<p>No caso de cursos ou programas ofertados em cons\u00f3rcios ou outros arranjos colaborativos entre diferentes institui\u00e7\u00f5es, o requerente dever\u00e1 apresentar c\u00f3pia da documenta\u00e7\u00e3o que fundamenta a coopera\u00e7\u00e3o ou o cons\u00f3rcio, bem como a comprova\u00e7\u00e3o de eventuais apoios de ag\u00eancias de fomento internacionais ou nacionais ao projeto de colabora\u00e7\u00e3o.<\/p>\n<p>No caso de dupla titula\u00e7\u00e3o obtida no exterior, o requerente poder\u00e1 solicitar, em processos distintos, o reconhecimento dos dois diplomas mediante a apresenta\u00e7\u00e3o de c\u00f3pia da<br \/>\ndocumenta\u00e7\u00e3o que comprove a exist\u00eancia do programa de dupla titula\u00e7\u00e3o bem como projeto pedag\u00f3gico ou organiza\u00e7\u00e3o curricular que deu origem \u00e0 dupla titula\u00e7\u00e3o.<\/p>\n\t\t\t\t<\/div>\n\t\t\t<\/div>\n\t\t<\/div>\n\t\t\t<div class=\"sow-accordion-panel\n\t\t\t\t\"\n\t\t\tdata-anchor-id=\"da-tramitacao-simplificada-para-reconhecimento\">\n\t\t\t\t<div class=\"sow-accordion-panel-header-container\" role=\"heading\" aria-level=\"2\">\n\t\t\t\t\t<div class=\"sow-accordion-panel-header\" tabindex=\"0\" role=\"button\" id=\"accordion-label-da-tramita%c3%a7%c3%a3o-simplificada-para-reconhecimento\" aria-controls=\"accordion-content-da-tramita%c3%a7%c3%a3o-simplificada-para-reconhecimento\" aria-expanded=\"false\">\n\t\t\t\t\t\t<div class=\"sow-accordion-title sow-accordion-title-icon-left\">\n\t\t\t\t\t\t\t\t\t\t\t\t\t\tDa TRAMITA\u00c7\u00c3O SIMPLIFICADA para RECONHECIMENTO\t\t\t\t\t\t\t\t\t\t\t\t\t<\/div>\n\t\t\t\t\t\t<div class=\"sow-accordion-open-close-button\">\n\t\t\t\t\t\t\t<div class=\"sow-accordion-open-button\">\n\t\t\t\t\t\t\t\t<span class=\"sow-icon-ionicons\" data-sow-icon=\"&#xf218;\"\n\t\t \n\t\taria-hidden=\"true\"><\/span>\t\t\t\t\t\t\t<\/div>\n\t\t\t\t\t\t\t<div class=\"sow-accordion-close-button\">\n\t\t\t\t\t\t\t\t<span class=\"sow-icon-ionicons\" data-sow-icon=\"&#xf209;\"\n\t\t \n\t\taria-hidden=\"true\"><\/span>\t\t\t\t\t\t\t<\/div>\n\t\t\t\t\t\t<\/div>\n\t\t\t\t\t<\/div>\n\t\t\t\t<\/div>\n\n\t\t\t<div\n\t\t\t\tclass=\"sow-accordion-panel-content\"\n\t\t\t\trole=\"region\"\n\t\t\t\taria-labelledby=\"accordion-label-da-tramita%c3%a7%c3%a3o-simplificada-para-reconhecimento\"\n\t\t\t\tid=\"accordion-content-da-tramita%c3%a7%c3%a3o-simplificada-para-reconhecimento\"\n\t\t\t\tstyle=\"display: none;\"\t\t\t>\n\t\t\t\t<div class=\"sow-accordion-panel-border\">\n\t\t\t\t\t<p>A tramita\u00e7\u00e3o simplificada dos pedidos de reconhecimento de diplomas aplica-se, exclusivamente, aos casos definidos na Portaria Normativa n\u00ba 22\/2016 do MEC e na forma indicada pela Resolu\u00e7\u00e3o do COCEPE n\u00ba 21\/2018, a saber:<\/p>\n<ol style=\"list-style-type: upper-roman;\">\n<li>Aos diplomas oriundos de cursos ou programas estrangeiros indicados na lista espec\u00edfica produzida pelo MEC e disponibilizada por meio da Plataforma Carolina Bori;<\/li>\n<li>Aos diplomas obtidos em cursos ou programas estrangeiros listados na Plataforma Carolina Bori, que receberam estudantes com bolsa concedida por ag\u00eancia governamental brasileira;<\/li>\n<li>Aos diplomas obtidos no exterior em programa para o qual haja acordo de dupla titula\u00e7\u00e3o com programa de p\u00f3s-gradua\u00e7\u00e3o stricto sensu (mestrado e\/ou doutorado) do SNPG (Sistema Nacional de P\u00f3s-Gradua\u00e7\u00e3o), avaliado e recomendado pela Capes.<\/li>\n<\/ol>\n<p>Os programas de p\u00f3s-gradua\u00e7\u00e3o stricto sensu (mestrado e\/ou doutorado) do SNPG informar\u00e3o ao MEC os acordos de dupla titula\u00e7\u00e3o, indicando prazo de vig\u00eancia, institui\u00e7\u00e3o e programa objeto do acordo, para fins de divulga\u00e7\u00e3o na Plataforma Carolina Bori.<\/p>\n<p>A lista a que se refere o inciso I deste artigo abranger\u00e1 cursos ou programas que j\u00e1 foram submetidos a tr\u00eas an\u00e1lises por institui\u00e7\u00f5es reconhecedoras diferentes e que o reconhecimento tenha sido deferido de forma plena, sem a realiza\u00e7\u00e3o de atividades complementares.<\/p>\n<p>Os cursos e programas identificados na forma do par\u00e1grafo anterior permanecer\u00e3o na lista disponibilizada pelo MEC por seis anos consecutivos, admitida a sua exclus\u00e3o por fato grave superveniente relativo \u00e0 idoneidade da institui\u00e7\u00e3o ofertante ou \u00e0 qualidade da oferta.<\/p>\n<p>A lista a que se referem os \u00a7\u00a7 2\u00ba e 3\u00ba considerar\u00e1 as informa\u00e7\u00f5es prestadas pelas ag\u00eancias de fomento (Coordena\u00e7\u00e3o de Aperfei\u00e7oamento de Pessoal de N\u00edvel Superior \u2013 Capes, Conselho Nacional de Desenvolvimento Cient\u00edfico e Tecnol\u00f3gico \u2013 CNPq e Funda\u00e7\u00f5es de Apoio \u00e0 Pesquisa \u2013 FAPs)<\/p>\n\t\t\t\t<\/div>\n\t\t\t<\/div>\n\t\t<\/div>\n\t\t<\/div>\n<\/div>\n<\/div><\/div><div id=\"panel-395-0-0-2\" class=\"so-panel widget widget_sow-editor panel-last-child\" data-index=\"2\" ><div\n\t\t\t\n\t\t\tclass=\"so-widget-sow-editor so-widget-sow-editor-base\"\n\t\t\t\n\t\t>\n<div class=\"siteorigin-widget-tinymce textwidget\">\n\t<p>D\u00favidas que n\u00e3o sejam esclarecidas pela legisla\u00e7\u00e3o ou pelo Portal Carolina Bori podem ser encaminhadas para:\u00a0<strong>\u00a0<a href=\"mailto:carolinabori@mec.gov.br\">carolinabori@mec.gov.br<\/a>\u00a0<\/strong>ou ainda pelo telefone<strong>\u00a00800-616161<\/strong>.<\/p>\n<p>Contato:\u00a0<a href=\"mailto:revalidacao.ufpel@gmail.com\">revalidacao@ufpel.edu.br<\/a><\/p>\n<\/div>\n<\/div><\/div><\/div><\/div><\/div>","protected":false},"excerpt":{"rendered":"<p>ATEN\u00c7\u00c3O: N\u00e3o h\u00e1 contagem de prazo durante f\u00e9rias e recessos acad\u00eamicos. Conforme Resolu\u00e7\u00e3o CNE\/CES n\u00ba 2, de 19 de dezembro de 2024, requerente do reconhecimento dever\u00e1 apresentar comprovante que demonstre o per\u00edodo da estada no exterior quando da realiza\u00e7\u00e3o do curso. As solicita\u00e7\u00f5es de Reconhecimento de Diplomas expedidos por Estabelecimentos Estrangeiros de Ensino Superior ser\u00e3o [&hellip;]<\/p>\n","protected":false},"author":928,"featured_media":0,"parent":0,"menu_order":0,"comment_status":"closed","ping_status":"closed","template":"","meta":{"footnotes":""},"class_list":["post-395","page","type-page","status-publish","hentry","post"],"jetpack_sharing_enabled":true,"_links":{"self":[{"href":"https:\/\/wp.ufpel.edu.br\/international\/wp-json\/wp\/v2\/pages\/395","targetHints":{"allow":["GET"]}}],"collection":[{"href":"https:\/\/wp.ufpel.edu.br\/international\/wp-json\/wp\/v2\/pages"}],"about":[{"href":"https:\/\/wp.ufpel.edu.br\/international\/wp-json\/wp\/v2\/types\/page"}],"author":[{"embeddable":true,"href":"https:\/\/wp.ufpel.edu.br\/international\/wp-json\/wp\/v2\/users\/928"}],"replies":[{"embeddable":true,"href":"https:\/\/wp.ufpel.edu.br\/international\/wp-json\/wp\/v2\/comments?post=395"}],"version-history":[{"count":5,"href":"https:\/\/wp.ufpel.edu.br\/international\/wp-json\/wp\/v2\/pages\/395\/revisions"}],"predecessor-version":[{"id":3414,"href":"https:\/\/wp.ufpel.edu.br\/international\/wp-json\/wp\/v2\/pages\/395\/revisions\/3414"}],"wp:attachment":[{"href":"https:\/\/wp.ufpel.edu.br\/international\/wp-json\/wp\/v2\/media?parent=395"}],"curies":[{"name":"wp","href":"https:\/\/api.w.org\/{rel}","templated":true}]}}