{"id":1402,"date":"2023-03-29T09:31:32","date_gmt":"2023-03-29T12:31:32","guid":{"rendered":"https:\/\/wp.ufpel.edu.br\/international\/?page_id=1402"},"modified":"2025-11-14T15:06:15","modified_gmt":"2025-11-14T18:06:15","slug":"cotutelas","status":"publish","type":"page","link":"https:\/\/wp.ufpel.edu.br\/international\/cotutelas\/","title":{"rendered":"Cotutelas"},"content":{"rendered":"<table style=\"border-collapse: collapse; width: 100%;\" border=\"1\">\n<tbody>\n<tr style=\"height: 24px;\">\n<td style=\"width: 24.9456%; text-align: center; height: 24px;\"><strong>Nome<\/strong><\/td>\n<td style=\"width: 24.9456%; text-align: center; height: 24px;\"><strong>Programa de origem<\/strong><\/td>\n<td style=\"width: 25.0181%; text-align: center; height: 24px;\"><strong>Universidade de destino<\/strong><\/td>\n<td style=\"width: 25.0181%; text-align: center; height: 24px;\"><strong>Per\u00edodo na universidade estrangeira<\/strong><\/td>\n<\/tr>\n<tr style=\"height: 24px;\">\n<td style=\"width: 24.9456%; text-align: center; height: 24px;\"><span data-sheets-root=\"1\">Francine Morales Tavares Ribeiro<\/span><\/td>\n<td style=\"width: 24.9456%; text-align: center; height: 24px;\">PPGMSPC<\/td>\n<td style=\"width: 25.0181%; text-align: center; height: 24px;\">Universidade do Porto (Portugal)<\/td>\n<td style=\"width: 25.0181%; text-align: center; height: 24px;\">2015 &#8211; 2016<\/td>\n<\/tr>\n<tr style=\"height: 24px;\">\n<td style=\"width: 24.9456%; height: 24px; text-align: center;\">C\u00e1cia Signori<\/td>\n<td style=\"width: 24.9456%; height: 24px; text-align: center;\">PPGO<\/td>\n<td style=\"width: 25.0181%; height: 24px; text-align: center;\">Radboud Unversity Medical Center of Nijmegen (Holanda)<\/td>\n<td style=\"width: 25.0181%; height: 24px; text-align: center;\">2017<\/td>\n<\/tr>\n<tr style=\"height: 24px;\">\n<td style=\"width: 24.9456%; height: 24px; text-align: center;\">Ver\u00f4nica Pereira de Lima<\/td>\n<td style=\"width: 24.9456%; height: 24px; text-align: center;\">PPGO<\/td>\n<td style=\"width: 25.0181%; height: 24px; text-align: center;\">Radboud Unversity Medical Center of Nijmegen (Holanda)<\/td>\n<td style=\"width: 25.0181%; height: 24px; text-align: center;\">2019 &#8211; 2020<\/td>\n<\/tr>\n<tr style=\"height: 24px;\">\n<td style=\"width: 24.9456%; height: 28px; text-align: center;\">Micheli Martins Afonso<\/td>\n<td style=\"width: 24.9456%; height: 28px; text-align: center;\">PPGMSPC<\/td>\n<td style=\"width: 25.0181%; height: 28px; text-align: center;\">Universidade de Sevilha (Espanha)<\/td>\n<td style=\"width: 25.0181%; height: 28px; text-align: center;\">2019 &#8211; 2020<\/td>\n<\/tr>\n<tr style=\"height: 24px;\">\n<td style=\"width: 24.9456%; text-align: center; height: 24px;\">\u00cdtalo Franco Coelho Diaz<\/td>\n<td style=\"width: 24.9456%; text-align: center; height: 24px;\">PPGQ<\/td>\n<td style=\"width: 25.0181%; text-align: center; height: 24px;\">Universidade de Per\u00fagia (It\u00e1lia)<\/td>\n<td style=\"width: 25.0181%; text-align: center; height: 24px;\">2019 &#8211; 2021<\/td>\n<\/tr>\n<tr style=\"height: 48px;\">\n<td style=\"width: 24.9456%; text-align: center; height: 48px;\">Mateus Berwaldt Santos<\/td>\n<td style=\"width: 24.9456%; text-align: center; height: 48px;\">PPGCEM<\/td>\n<td style=\"width: 25.0181%; text-align: center; height: 48px;\">Universidad del Pa\u00eds Vasco\/Euskal Herriko Unibertsitatera (Espanha)<\/td>\n<td style=\"width: 25.0181%; text-align: center; height: 48px;\">2020 &#8211; 2021<\/td>\n<\/tr>\n<tr style=\"height: 56px;\">\n<td style=\"width: 24.9456%; text-align: center; height: 56px;\">Eduardo Trota Chaves<\/td>\n<td style=\"width: 24.9456%; text-align: center; height: 56px;\">PPGO<\/td>\n<td style=\"width: 25.0181%; text-align: center; height: 56px;\">Radboud University Nijmegen (Holanda)<\/td>\n<td style=\"width: 25.0181%; text-align: center; height: 56px;\">2021 &#8211; 2022<\/td>\n<\/tr>\n<tr style=\"height: 48px;\">\n<td style=\"width: 24.9456%; text-align: center; height: 48px;\">Juliana Cavalheiro Rodrighiero<\/td>\n<td style=\"width: 24.9456%; text-align: center; height: 48px;\">PPGMSPC<\/td>\n<td style=\"width: 25.0181%; text-align: center; height: 48px;\">Universit\u00e9 Bourgogne Franche-Comt\u00e9 (Fran\u00e7a)<\/td>\n<td style=\"width: 25.0181%; text-align: center; height: 48px;\">2021 &#8211; 2022<\/td>\n<\/tr>\n<tr style=\"height: 24px;\">\n<td style=\"width: 24.9456%; text-align: center; height: 24px;\">Filipe Soares Rondan<\/td>\n<td style=\"width: 24.9456%; text-align: center; height: 24px;\">PPGQ<\/td>\n<td style=\"width: 25.0181%; text-align: center; height: 24px;\">Universit\u00e9 de Pau et des Pays l\u2019Adour (Fran\u00e7a)<\/td>\n<td style=\"width: 25.0181%; text-align: center; height: 24px;\">2021 &#8211; 2022<\/td>\n<\/tr>\n<tr style=\"height: 24px;\">\n<td style=\"width: 24.9456%; text-align: center; height: 24px;\">F\u00e1bio Calcagno Riemke<\/td>\n<td style=\"width: 24.9456%; text-align: center; height: 24px;\">PPGCEM<\/td>\n<td style=\"width: 25.0181%; text-align: center; height: 24px;\">Universit\u00e9 de Poitiers (Fran\u00e7a)<\/td>\n<td style=\"width: 25.0181%; text-align: center; height: 24px;\">2021 &#8211; 2022<\/td>\n<\/tr>\n<tr style=\"height: 48px;\">\n<td style=\"width: 24.9456%; text-align: center; height: 48px;\">Jaime Alberto Bornacelly Castro<\/td>\n<td style=\"width: 24.9456%; text-align: center; height: 48px;\">PPGMSPC<\/td>\n<td style=\"width: 25.0181%; text-align: center; height: 48px;\">Universidad de Antioquia (Col\u00f4mbia)<\/td>\n<td style=\"width: 25.0181%; text-align: center; height: 48px;\">2022 &#8211; 2023<\/td>\n<\/tr>\n<tr style=\"height: 56px;\">\n<td style=\"width: 24.9456%; text-align: center; height: 56px;\">Ghada Eduardo Saad<\/td>\n<td style=\"width: 24.9456%; text-align: center; height: 56px;\">PPGEpi<\/td>\n<td style=\"width: 25.0181%; text-align: center; height: 56px;\">American University of Beirut (L\u00edbano)<\/td>\n<td style=\"width: 25.0181%; text-align: center; height: 56px;\">2022 &#8211; 2023<\/td>\n<\/tr>\n<tr style=\"height: 24px;\">\n<td style=\"width: 24.9456%; text-align: center; height: 24px;\">Isabel Cristina Bernal Vinasco<\/td>\n<td style=\"width: 24.9456%; text-align: center; height: 24px;\">PPGMSPC<\/td>\n<td style=\"width: 25.0181%; text-align: center; height: 24px;\">Universidad de Antioquia (Colombia)<\/td>\n<td style=\"width: 25.0181%; text-align: center; height: 24px;\">2022 &#8211; 2023<\/td>\n<\/tr>\n<tr style=\"height: 24px;\">\n<td style=\"width: 24.9456%; text-align: center; height: 24px;\">Vitor Henrique Digmayer Romero<\/td>\n<td style=\"width: 24.9456%; text-align: center; height: 24px;\">PPGO<\/td>\n<td style=\"width: 25.0181%; text-align: center; height: 24px;\">Radboud Unversity Medical Center of Nijmegen (Holanda)<\/td>\n<td style=\"width: 25.0181%; text-align: center; height: 24px;\">2022 -2023<\/td>\n<\/tr>\n<tr style=\"height: 24px;\">\n<td style=\"width: 24.9456%; text-align: center; height: 24px;\">Jaisson Cenci<\/td>\n<td style=\"width: 24.9456%; text-align: center; height: 24px;\">PPGO<\/td>\n<td style=\"width: 25.0181%; text-align: center; height: 24px;\">Radboud Unversity Medical Center of Nijmegen (Holanda)<\/td>\n<td style=\"width: 25.0181%; text-align: center; height: 24px;\">2022 &#8211; 2023<\/td>\n<\/tr>\n<tr style=\"height: 24px;\">\n<td style=\"width: 24.9456%; text-align: center; height: 24px;\">Carolina Gomes Nogueira<\/td>\n<td style=\"width: 24.9456%; text-align: center; height: 24px;\">PPGMSPC<\/td>\n<td style=\"width: 25.0181%; text-align: center; height: 24px;\">Universit\u00e9 du Queb\u00e9c \u00e0 Montreal (Canad\u00e1)<\/td>\n<td style=\"width: 25.0181%; text-align: center; height: 24px;\">2022 &#8211; 2023<\/td>\n<\/tr>\n<tr style=\"height: 24px;\">\n<td style=\"width: 24.9456%; text-align: center; height: 24px;\">Daniel Estiven Quiroga Murcia<\/td>\n<td style=\"width: 24.9456%; text-align: center; height: 24px;\">PPGFS<\/td>\n<td style=\"width: 25.0181%; text-align: center; height: 24px;\">Ghent University (B\u00e9lgica)<\/td>\n<td style=\"width: 25.0181%; text-align: center; height: 24px;\">2023-2024<\/td>\n<\/tr>\n<\/tbody>\n<\/table>\n<p>&nbsp;<\/p>\n","protected":false},"excerpt":{"rendered":"<p>Nome Programa de origem Universidade de destino Per\u00edodo na universidade estrangeira Francine Morales Tavares Ribeiro PPGMSPC Universidade do Porto (Portugal) 2015 &#8211; 2016 C\u00e1cia Signori PPGO Radboud Unversity Medical Center of Nijmegen (Holanda) 2017 Ver\u00f4nica Pereira de Lima PPGO Radboud Unversity Medical Center of Nijmegen (Holanda) 2019 &#8211; 2020 Micheli Martins Afonso PPGMSPC Universidade de [&hellip;]<\/p>\n","protected":false},"author":290,"featured_media":0,"parent":0,"menu_order":0,"comment_status":"closed","ping_status":"closed","template":"","meta":{"footnotes":""},"class_list":["post-1402","page","type-page","status-publish","hentry","post"],"jetpack_sharing_enabled":true,"_links":{"self":[{"href":"https:\/\/wp.ufpel.edu.br\/international\/wp-json\/wp\/v2\/pages\/1402","targetHints":{"allow":["GET"]}}],"collection":[{"href":"https:\/\/wp.ufpel.edu.br\/international\/wp-json\/wp\/v2\/pages"}],"about":[{"href":"https:\/\/wp.ufpel.edu.br\/international\/wp-json\/wp\/v2\/types\/page"}],"author":[{"embeddable":true,"href":"https:\/\/wp.ufpel.edu.br\/international\/wp-json\/wp\/v2\/users\/290"}],"replies":[{"embeddable":true,"href":"https:\/\/wp.ufpel.edu.br\/international\/wp-json\/wp\/v2\/comments?post=1402"}],"version-history":[{"count":3,"href":"https:\/\/wp.ufpel.edu.br\/international\/wp-json\/wp\/v2\/pages\/1402\/revisions"}],"predecessor-version":[{"id":3400,"href":"https:\/\/wp.ufpel.edu.br\/international\/wp-json\/wp\/v2\/pages\/1402\/revisions\/3400"}],"wp:attachment":[{"href":"https:\/\/wp.ufpel.edu.br\/international\/wp-json\/wp\/v2\/media?parent=1402"}],"curies":[{"name":"wp","href":"https:\/\/api.w.org\/{rel}","templated":true}]}}