{"id":412,"date":"2021-05-16T18:59:22","date_gmt":"2021-05-16T21:59:22","guid":{"rendered":"https:\/\/wp.ufpel.edu.br\/inspleite\/?page_id=412"},"modified":"2021-06-08T16:08:11","modified_gmt":"2021-06-08T19:08:11","slug":"publicacoes-2","status":"publish","type":"page","link":"https:\/\/wp.ufpel.edu.br\/inspleite\/publicacoes-2\/","title":{"rendered":"Publica\u00e7\u00f5es"},"content":{"rendered":"<p style=\"text-align: justify\"><span style=\"font-family: helvetica, arial, sans-serif\"><strong>2021<\/strong><\/span><\/p>\n<p style=\"text-align: justify\"><span style=\"font-family: helvetica, arial, sans-serif\">RODRIGUES SILVEIRA, D\u00c9BORA ; KAEFER, KAUANA ; CAMARGO PORTO, REBECA ;\u00a0DEBONI CERESER, NATACHA\u00a0; GONZALEZ DE LIMA, HELENICE ; DIAS TIMM, CL\u00c1UDIO .\u00a0<a href=\"https:\/\/revistas.ufpr.br\/veterinary\/article\/view\/74559\">Campylobacter sp. EM VACAS LEITEIRAS DO SUL DO BRASIL. <\/a>ARCHIVES OF VETERINARY SCIENCE, v. 26, p. 01-10, 2021.<\/span><\/p>\n<p style=\"text-align: justify\"><span style=\"font-family: helvetica, arial, sans-serif\">MELLO, GREYCE SILVEIRA ; ROSA, JULIANA FERNANDES ; SILVEIRA, D\u00c9BORA RODRIGUES DA ; VIVIAN, PATR\u00cdCIA GOMES ;\u00a0Cereser, Natacha Deboni ; TIMM, CL\u00c1UDIO DIAS.\u00a0<a href=\"https:\/\/www.pesca.sp.gov.br\/boletim\/index.php\/bip\/article\/view\/1529\/1482\">ANTIMICROBIAL ACTIVITY OF ESSENTIAL OILS OF Origanum vulgare AND Ocimum basilicum AGAINST Vibrio parahaemolyticus AND Vibrio vulnificus AND ADDITION OF THESE OILS ON Mugil platanus FILLETS.\u00a0<\/a>BOLETIM DO INSTITUTO DE PESCA (ONLINE), v. 46, p. 1-6, 2021.<\/span><\/p>\n<p style=\"text-align: justify\"><span style=\"font-family: helvetica, arial, sans-serif\"><strong>2020\u00a0<\/strong><\/span><\/p>\n<p style=\"text-align: justify\"><span style=\"font-family: helvetica, arial, sans-serif\">Cap\u00edtulo de Livro &#8211; Conex\u00f5es para um tempo suspenso: Extens\u00e3o universit\u00e1ria na pandemia, p\u00e1g. 518: <a href=\"http:\/\/guaiaca.ufpel.edu.br:8080\/bitstream\/prefix\/6834\/1\/Conex%c3%b5esParaUmTempoSuspenso_2020.pdf\">USO DAS M\u00cdDIAS SOCIAIS NA DIVULGA\u00c7\u00c3O DE A\u00c7\u00c3O EM EDUCA\u00c7\u00c3O DE PROJETO DE EXTENS\u00c3O NA \u00c1REA DE MEDICINA VETERIN\u00c1RIA PREVENTIVA: INSPE\u00c7\u00c3O E SA\u00daDE\/ ESTUDO DO PERFIL DO P\u00daBLICO ATINGIDO.<\/a><\/span><\/p>\n<p style=\"text-align: justify\">DANIELE BONDAN PACHECO; UILA SILVEIRA DE MEDEIROS; JESSICA DAL VESCO; AMANDA KRUMMENAUER; HELENICE GONZALEZ DE LIMA; FERNANDA DE REZENDE PINTO. <a href=\"https:\/\/wp.ufpel.edu.br\/congressoextensao\/files\/2020\/12\/Tema-1.pdf\">VETERIN\u00c1RIA PREVENTIVA UFPEL:<\/a> <a href=\"https:\/\/wp.ufpel.edu.br\/congressoextensao\/files\/2020\/12\/Tema-1.pdf\">INSPE\u00c7\u00c3O E SA\u00daDE NAS M\u00cdDIAS SOCIAIS. <\/a><span style=\"font-family: helvetica, arial, sans-serif\">Anais VII Congresso de Extens\u00e3o e Cultura, da 6\u00aa Semana Integrada de Inova\u00e7\u00e3o, Ensino, Pesquisa e Extens\u00e3o, realizado na UFPel. Pelotas: UFPel, 2020.<\/span><\/p>\n<p style=\"text-align: justify\"><span style=\"font-family: helvetica, arial, sans-serif\">Dal Vesco, J. ; MELLO, G. S. ; COLLING, L. B. ; Pinto, F. R. ; LIMA, H. G. ; CERESER, N.D. <a href=\"https:\/\/wp.ufpel.edu.br\/congressoextensao\/files\/2020\/12\/Tema-5.pdf\">A\u00c7\u00d5ES DA RESID\u00caNCIA EM MEDICINA VETERIN\u00c1RIA EM UNIDADES B\u00c1SICAS DE SA\u00daDE DE PELOTAS<\/a>. In: Anais VII Congresso de Extens\u00e3o e Cultura, da 6\u00aa Semana Integrada de Inova\u00e7\u00e3o, Ensino, Pesquisa e Extens\u00e3o, realizado na UFPel. Pelotas: UFPel, 2020. v. 1. p. 0-0.<\/span><\/p>\n<p style=\"text-align: justify\"><span style=\"font-family: helvetica, arial, sans-serif\">ROCHA, M. ; FREITAS, C. L. ; Dal Vesco, J. ; LIMA, H. G.\u00a0; BATISTA, L. S. ;\u00a0CERESER, N.D. . <a href=\"https:\/\/wp.ufpel.edu.br\/congressoextensao\/files\/2020\/12\/Tema-5.pdf\">BOAS PR\u00c1TICAS DE ORDENHA E QUALIDADE DO LEITE.<\/a> In: Anais VII Congresso de Extens\u00e3o e Cultura, da 6\u00aa Semana Integrada de Inova\u00e7\u00e3o, Ensino, Pesquisa e Extens\u00e3o, realizado na UFPel. Pelotas: UFPel, 2020. v. 1. p. 0-0.<\/span><\/p>\n<p style=\"text-align: justify\"><span style=\"font-family: helvetica, arial, sans-serif\">BATISTA, L. S. ; HAERTEL. S.L.C. ; Pinto, F. R. ;\u00a0CERESER, N.D.\u00a0;\u00a0LIMA, H. G. . <a href=\"https:\/\/wp.ufpel.edu.br\/congressoextensao\/files\/2020\/12\/Tema-1.pdf\">DESAFIOS E SOLU\u00c7\u00d5ES PARA O CONTROLE LEITEIRO DE ANIMAIS DA RA\u00c7A JERSEY NO RIO GRANDE DO SUL.<\/a> In: Anais VII Congresso de Extens\u00e3o e Cultura, da 6\u00aa Semana Integrada de Inova\u00e7\u00e3o, Ensino, Pesquisa e Extens\u00e3o, realizado na UFPel. Pelotas: UFPel, 2020.<\/span><\/p>\n<p style=\"text-align: justify\"><span style=\"font-family: helvetica, arial, sans-serif\">FREITAS, C. L. ; SILVA, L. C. ; Dal Vesco, J. ;\u00a0CONCEICAO, R. C. S.\u00a0;\u00a0LIMA, H. G.\u00a0;\u00a0CERESER, N.D.\u00a0. <a href=\"https:\/\/cti.ufpel.edu.br\/siepe\/arquivos\/2020\/CA_01142.pdf\">AVALIA\u00c7\u00c3O DA QUALIDADE MICROBIOL\u00d3GICA DE M\u00c9IS N\u00c3O INSPECIONADOS COMERCIALIZADOS EM PELOTAS-RS.<\/a> In: Anais XXIX Congresso de Inicia\u00e7\u00e3o Cient\u00edfica, da 6\u00aa Semana Integrada de Inova\u00e7\u00e3o, Ensino, Pesquisa e Extens\u00e3o, realizado na UFPel. Pelotas: UFPel, 2020.<\/span><\/p>\n<p style=\"text-align: justify\"><span style=\"font-family: helvetica, arial, sans-serif\"><strong>2019<\/strong><\/span><\/p>\n<p style=\"text-align: justify\"><span style=\"font-family: helvetica, arial, sans-serif\">INFLU\u00caNCIA DA SAZONALIDADE SOBRE A QUALIDADE DO LEITE DO GADO JERSEY ZOOTECNICAMENTE CONTROLADO NO RIO GRANDE DO SUL. Higiene Alimentar, v. 33, p. 1100-1104, 2019.<\/span><\/p>\n<p style=\"text-align: justify\"><span style=\"font-family: helvetica, arial, sans-serif\">DELLOSBEL, F. ; IRALA, M. J. C. ; BRUHN, F. R. P. ;\u00a0CERESER, N.D.\u00a0;\u00a0LIMA, H. G.\u00a0. LEVANTAMENTO DE AGENTES CAUSADORES DE MASTITE E SUA RESIST\u00caNCIA A ANTIBI\u00d3TICOS. Higiene Alimentar, v. 33, p. 2525-2528, 2019.<\/span><\/p>\n<p style=\"text-align: justify\"><span style=\"font-family: helvetica, arial, sans-serif\">SILVEIRA. D.R. ; KAEFER, K. ; PORTO, R. C. ; GONZALEZ, H. L. ; TIMM, C.D. ;\u00a0CERESER, N.D.\u00a0. <a href=\"https:\/\/www.scielo.br\/j\/cab\/a\/KWqbYNtbjWt77x5KNGfByjs\/?lang=pt\">QUALIDADE MICROBIOL\u00d3GICA DE PRODUTOS DE ORIGEM ANIMAL ENCAMINHADOS PARA ALIMENTA\u00c7\u00c3O ESCOLAR.<\/a> CI\u00caNCIA ANIMAL BRASILEIRA, v. 20, p. 1-8, 2019.<\/span><\/p>\n<p style=\"text-align: justify\"><span style=\"font-family: helvetica, arial, sans-serif\">TAVARES, ALANA BORGES ; CAVALCANTI, EDUARDA AL\u00c9XIA NUNES LOUZADA DIAS ; TIMM, CL\u00c1UDIO DIAS ; LIMA, HELENICE GONZALEZ DE ;\u00a0Cereser, Natacha Deboni\u00a0. <a href=\"https:\/\/www.scielo.br\/j\/cab\/a\/qDtnGWYNdnFvq96Vbh394DS\/?lang=pt\">QUEIJO ARTESANAL PRODUZIDO NO SUL DO RIO GRANDE DO SUL: AVALIA\u00c7\u00c3O F\u00cdSICO-QU\u00cdMICA, MICROBIOL\u00d3GICA E SUSCETIBILIDADE A ANTIMICROBIANOS DE ISOLADOS DE STAPHYLOCOCCUS COAGULASE POSITIVA<\/a>. CI\u00caNCIA ANIMAL BRASILEIRA, v. 20, p. 1-10, 2019.<\/span><\/p>\n<p style=\"text-align: justify\"><span style=\"font-family: helvetica, arial, sans-serif\">FREITAS, C. L. ; ROCHA, M. ; DAL VESCO, J\u00c9SSICA ; TAVARES, A. B. ; LIMA, H. G. ; CERESER, N.D. <a href=\"https:\/\/wp.ufpel.edu.br\/congressoextensao\/files\/2019\/11\/Tecnlogia-e-Produ%C3%A7%C3%A3o.pdf\">MANUAL DE BOAS PR\u00c1TICAS DE ORDENHA.<\/a> In: Anais&#8230; no VI Congresso de Extens\u00e3o e Cultura, da 5\u00aa Semana Integrada de Inova\u00e7\u00e3o, Ensino, Pesquisa e Extens\u00e3o da UFPel. Pelotas: UFPel, 2019. p. 74.<\/span><\/p>\n<p style=\"text-align: justify\"><span style=\"font-family: helvetica, arial, sans-serif\">Dal Vesco, J. ; ARANALDE, L. C. R. ; Pinto, F. R. ; LIMA, H. G.\u00a0;\u00a0CERESER, N.D. . <a href=\"https:\/\/wp.ufpel.edu.br\/congressoextensao\/files\/2019\/11\/Sa%C3%BAde.pdf\">A\u00e7\u00f5es com foco em Medicina Veterin\u00e1ria no Sistema \u00danico de Sa\u00fade em Pelotas<\/a>. In: Anais&#8230;VI Congresso de Extens\u00e3o e Cultura, da 5\u00aa Semana Integrada de Inova\u00e7\u00e3o, Ensino, Pesquisa e Extens\u00e3o. Pelotas: UFPel, 2019. p. 313.<\/span><\/p>\n<p style=\"text-align: justify\"><span style=\"font-family: helvetica, arial, sans-serif\">DELLOSBEL, F. ; Dal Vesco, J. ; Pinto, F. R. ; NASCENTE, PATR\u00cdCIA DA SILVA ; CERESER, N.D.\u00a0;\u00a0LIMA, H. G. . <a href=\"https:\/\/wp.ufpel.edu.br\/congressoextensao\/files\/2019\/11\/Sa%C3%BAde.pdf\">PROJETO DE DESENVOLVIMENTO DA BOVINOCULTURA LEITEIRA DA REGI\u00c3O SUL DO RIO GRANDE DO SUL &#8211; ISOLAMENTO DE AGENTES CAUSADORES DE MASTITE E CONFEC\u00c7\u00c3O DE LAUDOS CONTENDO ORIENTA\u00c7\u00d5ES AOS PRODUTORES DE LEITE<\/a>. In: Anais&#8230;VI Congresso de Extens\u00e3o e Cultura, da 5\u00aa Semana Integrada de Inova\u00e7\u00e3o, Ensino, Pesquisa e Extens\u00e3o da UFPel. Pelotas: UFPel, 2019. p. 64.<\/span><\/p>\n<p style=\"text-align: justify\"><span style=\"font-family: helvetica, arial, sans-serif\">FREITAS, C. L. ; ROCHA, M. ; Dal Vesco, J. ; CONCEICAO, R. C. S.\u00a0;\u00a0LIMA, H. G.\u00a0;\u00a0CERESER, N.D. . <a href=\"https:\/\/cti.ufpel.edu.br\/siepe\/arquivos\/2019\/CA_03485.pdf\">PRINCIPAIS FONTES DE CONTAMINA\u00c7\u00c3O DO LEITE CRU POR MICRORGANISMOS AER\u00d3BIOS MES\u00d3FILOS<\/a>. In: Anais&#8230;XXVIII Congresso de Inicia\u00e7\u00e3o Cient\u00edfica, da 5\u00aa Semana Integrada de Inova\u00e7\u00e3o, Ensino, Pesquisa e Extens\u00e3o, realizado na UFPel. Pelotas: UFPel, 2019. p. 1-4.<\/span><\/p>\n<p style=\"text-align: justify\"><span style=\"font-family: helvetica, arial, sans-serif\">ROCHA, M. ; FREITAS, C. L. ; Dal Vesco, J. ; ANDRETTA, M. ; LIMA, H. G. ; CERESER, N.D. <a href=\"https:\/\/cti.ufpel.edu.br\/siepe\/arquivos\/2019\/CA_03191.pdf\">PRINCIPAIS FONTES DE CONTAMINA\u00c7\u00c3O DO LEITE CRU POR MICRO-ORGANISMOS DO GRUPO COLIFORME DURANTE A ORDENHA.<\/a> In: Anais&#8230;XXVIII Congresso de Inicia\u00e7\u00e3o Cient\u00edfica, da 5\u00aa Semana Integrada de Inova\u00e7\u00e3o, Ensino, Pesquisa e Extens\u00e3o, realizado na UFPel, 2019. p. 1-4.<\/span><\/p>\n<p style=\"text-align: justify\"><span style=\"font-family: helvetica, arial, sans-serif\">DELLOSBEL, F. ; Dal Vesco, J. ; ROCHA, M. ; FREITAS, C. L. ; CERESER, N.D. ; LIMA, H. G. <a href=\"https:\/\/cti.ufpel.edu.br\/siepe\/arquivos\/2019\/CA_01959.pdf\">PERFIL DE SENSIBILIDADE \u00c0 SANITIZANTES DE STAPHYLOCOCCUS COAGULASE POSITIVA ORIUNDOS DO PROCESSO DE ORDENHA<\/a>.. In: Anais&#8230;XXVIII Congresso de Inicia\u00e7\u00e3o Cient\u00edfica, da 5\u00aa Semana Integrada de Inova\u00e7\u00e3o, Ensino, Pesquisa e Extens\u00e3o da UFPel. Pelotas: UFPel, 2019. p. 1-4.<\/span><\/p>\n<p style=\"text-align: justify\"><span style=\"font-family: helvetica, arial, sans-serif\">Dal Vesco, J. ; FREITAS, C. L. ; ROCHA, M. ; TIMM, C.D. ; LIMA, H. G.\u00a0;\u00a0CERESER, N.D. . SUPERF\u00cdCIES DE EQUIPAMENTOS DE ORDENHA COMO FONTE DE CONTAMINA\u00c7\u00c3O POR STAPHYLOCOCCUS COAGULASE POSITIVA METICILINA RESISTENTE &#8211; DADOS PRELIMINARES. In: Anais&#8230;XXI Encontro de P\u00f3s-Gradua\u00e7\u00e3o, da 5\u00aa Semana Integrada de Inova\u00e7\u00e3o, Ensino, Pesquisa e Extens\u00e3o da UFPel. Pelotas: UFPel, 2019. p. 1-4.<\/span><\/p>\n<p style=\"text-align: justify\"><span style=\"font-family: helvetica, arial, sans-serif\">MELLO, G. S. ; Rosa, J. F. ; MORAES, T. P. ;\u00a0LIMA, H. G.\u00a0;\u00a0CERESER, N.D.\u00a0; TIMM, C.D. . A\u00c7\u00c3O ANTIMICROBIANA DE NISINA FRENTE A PAT\u00d3GENOS CONTAMINANTES DE ALIMENTOS. In: Anais&#8230;XXI Encontro de P\u00f3s-Gradua\u00e7\u00e3o, da 5\u00aa Semana Integrada de Inova\u00e7\u00e3o, Ensino, Pesquisa e Extens\u00e3o da UFPel. Pelotas: UFPel, 2019. p. 1-4.<\/span><\/p>\n<p style=\"text-align: justify\"><span style=\"font-family: helvetica, arial, sans-serif\"><strong>2018<\/strong><\/span><\/p>\n<p style=\"text-align: justify\"><span style=\"font-family: helvetica, arial, sans-serif\">FRIEDRICZEWSKI, A. B. ; GANDRA, E. A. ; CONCEI\u00c7\u00c3O, Rita de C\u00e1ssia dos Santos da ;\u00a0CERESER, Natacha Deboni\u00a0; TIMM, C. D. . <a href=\"https:\/\/seer.ufrgs.br\/ActaScientiaeVeterinariae\/article\/view\/81813\">Biofilm Formation by Coagulase-Positive Staphylococcus aureus Isolated from Mozzarella Cheese Elaborated with Buffalo Milk and its Effect on Sensitivity to Sanitizers.<\/a> ACTA SCIENTIAE VETERINARIAE (ONLINE), v. 46, p. 1528, 2018.<\/span><\/p>\n<p style=\"text-align: justify\"><span style=\"font-family: helvetica, arial, sans-serif\">MOREIRA, LAUREN MACHADO ; TAVARES, ALANA BORGES ; EBERSOL, CELINA NUNES ; GON\u00c7ALVES, TA\u00cdS GON\u00c7ALVES ; LIMA, HELENICE GONZALEZ DE; Cereser, Natacha Deboni; TIMM, CL\u00c1UDIO DIAS . <a href=\"https:\/\/seer.ufrgs.br\/ActaScientiaeVeterinariae\/article\/view\/84208\">Holding Pens as Sources of Contamination of Coagulase-Positive Staphylococcus to Pigs Waiting for Slaughter.<\/a> ACTA SCIENTIAE VETERINARIAE (ONLINE), v. 46, p. 1-6, 2018.<\/span><\/p>\n<p style=\"text-align: justify\"><span style=\"font-family: helvetica, arial, sans-serif\">Rosa, J. F. ; MELLO, G. S. ;\u00a0LIMA, H. G.\u00a0; DELLOSBEL, F. ;\u00a0CERESER, N.D. . ISOLAMENTO E IDENTIFICA\u00c7\u00c3O DE Staphylococcus COAGULASE POSITIVA COLETADOS EM AMBIENTE DE ORDENHA.. In: Anais&#8230;XX Encontro de P\u00f3s-Gradua\u00e7\u00e3o-IV Semana Integrada da UFPel, 2018.<\/span><\/p>\n<p style=\"text-align: justify\"><span style=\"font-family: helvetica, arial, sans-serif\">DELLOSBEL, F. ; IRALA, M. J. C. ; BRUHN, F. R. P. ;\u00a0CERESER, N.D.\u00a0;\u00a0LIMA, H. G.\u00a0. &#8216;Projeto de desenvolvimento da bovinocultura leiteira da Regi\u00e3o Sul do Rio Grande do Sul &#8211; Pesquisa de agentes causadores de mastite, resistentes \u00e0 antimicrobianos. In: Anais&#8230; V Congresso Extens\u00e3o e Cultura da UFPel. Pelotas: Ed. da UFPel, 2018. p. 174-177.<\/span><\/p>\n<p style=\"text-align: justify\"><span style=\"font-family: helvetica, arial, sans-serif\"><strong>2017<\/strong><\/span><\/p>\n<p style=\"text-align: justify\"><span style=\"font-family: helvetica, arial, sans-serif\">TAVARES, A.B. ; SOUZA, A.I.A. ; DULAC, C.F. ; MOREIRA, L.M. ; DOMINGUEZ, L. ; GONZALEZ, H.L. ;\u00a0CERESER, N.D.\u00a0; TIMM, C.D. . <a href=\"https:\/\/www.scielo.br\/j\/abmvz\/a\/Jxr7nX8Rt3wHzSqMhKHTygC\/?lang=pt\">Fontes de contamina\u00e7\u00e3o de Yersinia enterocolitica durante a produ\u00e7\u00e3o de leite.<\/a> ARQUIVO BRASILEIRO DE MEDICINA VETERINARIA E ZOOTECNIA, v. 69, p. 483-490, 2017.<\/span><\/p>\n<p style=\"text-align: justify\"><span style=\"font-family: helvetica, arial, sans-serif\">HOCHMULLER, A. L. H. ; HOCHMULLER, J. H. ;\u00a0CERESER, N.D.\u00a0; SANTOSSALAZAR, R. F. ; SALAZAR, L. N. . ESTUDO EXPLORAT\u00d3RIO EM LEITES UHT PARA VERIFICA\u00c7\u00c3O DE OCORR\u00caNCIA DE ADULTERA\u00c7\u00c3O. REVISTA INTERDISCIPLINAR DE ENSINO, PESQUISA E EXTENS\u00c3O, v. 4, p. 174-180, 2017.<\/span><\/p>\n<p style=\"text-align: justify\"><span style=\"font-family: helvetica, arial, sans-serif\">ROSA, JULIANA FERNANDES ; DOMINGUES, LARISSA DA SILVA PEREIRA ; DA SILVA, RAUL HENRIQUE ; DE LIMA, HELENICE GONZALEZ ;\u00a0Cereser, Natacha Deboni\u00a0. <a href=\"https:\/\/periodicos.ufpel.edu.br\/ojs2\/index.php\/expressaextensao\/article\/view\/7808\">PONTOS CR\u00cdTICOS DE CONTAMINA\u00c7\u00c3O NA PRODU\u00c7\u00c3O LEITEIRA.<\/a> EXPRESSA EXTENS\u00c3O (UFPEL), v. 22, p. 90-103, 2017.<\/span><\/p>\n<p style=\"text-align: justify\"><span style=\"font-family: helvetica, arial, sans-serif\">DAL VESCO, J\u00c9SSICA ; SIEBEL, JULIANA CAROLINA ; SUZIN, GIULIANO ORLANDI ;\u00a0Cereser, Natacha Deboni\u00a0; GONZALEZ, HELENICE DE LIMA . <a href=\"https:\/\/periodicos.ufpel.edu.br\/ojs2\/index.php\/expressaextensao\/article\/view\/7886\">MONITORAMENTO DOS AGENTES CAUSADORES DE MASTITE E A SUSCEPTIBILIDADE AOS ANTIMICROBIANOS.<\/a> EXPRESSA EXTENS\u00c3O (UFPEL), v. 22, p. 34-50, 2017.<\/span><\/p>\n<p style=\"text-align: justify\"><span style=\"font-family: helvetica, arial, sans-serif\">ESPERON, B. M. ; Lages, L.Z. ;\u00a0Duval, E. H.\u00a0;\u00a0CERESER, N.D.\u00a0;\u00a0CONCEICAO, R. C. S.\u00a0. Atividade antimicrobiana de \u00f3leo de Origanum majorana frente a pat\u00f3geno de origem alimentar. Higiene Alimentar, v. 31, p. 2599-2603, 2017.<\/span><\/p>\n<p style=\"text-align: justify\"><span style=\"font-family: helvetica, arial, sans-serif\">LEIVAS, Y. M. ; TIMM, C.D. ;\u00a0CERESER, N.D.\u00a0; GONZALEZ, H. L. ;\u00a0CONCEICAO, R. C. S.\u00a0. Influ\u00eancia do meio de crescimento e do in\u00f3culo bacteriano na forma\u00e7\u00e3o de biofilme. Higiene Alimentar, v. 31, p. 2921-2925, 2017.<\/span><\/p>\n<p style=\"text-align: justify\"><span style=\"font-family: helvetica, arial, sans-serif\">KOESTER, L. N. ; ESPERON, B. M. ; SIQUEIRA, M. F. ;\u00a0CERESER, N.D.\u00a0;\u00a0CONCEICAO, R. C. S.\u00a0. Perfil de resist\u00eancia antimicrobiana de isolados de Salmonella spp. obtidos de lingui\u00e7as frescais. Higiene Alimentar, v. 31, p. 2979-2983, 2017.<\/span><\/p>\n<p style=\"text-align: justify\"><span style=\"font-family: helvetica, arial, sans-serif\">SCHIMITT, C. I. ; KRUG, F. D. M. ;\u00a0CERESER, N.D.\u00a0; Pinto, F. R. . Brucelose: a public health question. REVISTA ELECTR\u00d3NICA DE VETERINARIA, v. 18, p. 1-17, 2017.<\/span><\/p>\n<p style=\"text-align: justify\"><span style=\"font-family: helvetica, arial, sans-serif\">Dal Vesco, J. ; SIEBEL, J. C. ; Rosa, J. F. ;\u00a0CERESER, N.D.\u00a0; NASCENTE, P. S. ;\u00a0LIMA, H. G. . PROJETO REGIONAL DE DESENVOLVIMENTO DA BOVINOCULTURA LEITEIRA DO RIO GRANDE DO SUL &#8211; BOAS PR\u00c1TICAS AGROPECU\u00c1RIAS. In: CEC &#8211; III Semana Integrada de Ensino, Pesquisa e Extens\u00e3o Encontro de P\u00f3s-gradua\u00e7\u00e3o da UFPel, 2017, Pelotas.<\/span><\/p>\n<p style=\"text-align: justify\"><span style=\"font-family: helvetica, arial, sans-serif\">VITORIA, J. S. ; SOUTO, B. K. ; MELLO, J.F. ;\u00a0CERESER, N.D.\u00a0;\u00a0RODRIGUES, K.L. . CONDI\u00c7\u00d5ES HIGIENICOSSANIT\u00c1RIAS DAS M\u00c3OS DE MANIPULADORES E DE ALIMENTOS SERVIDOS EM ESCOLAS MUNICIPAIS. In: Anais III Semana Integrada de Ensino, Pesquisa e Extens\u00e3o (Siepe) Encontro de P\u00f3s-gradua\u00e7\u00e3o da UFPel, 2017.<\/span><\/p>\n<p style=\"text-align: justify\"><span style=\"font-family: helvetica, arial, sans-serif\">KRAUSE, R. V. ; Rosa, J. F. ; SIEBEL, J. C. ; Dal Vesco, J. ;\u00a0LIMA, H. G.\u00a0;\u00a0CERESER, N.D. . MANEJO DE ORDENHA E QUALIDADE DO LEITE EM PROPRIEDADES DO SUL DO RIO GRANDE DO SUL. In: CEC &#8211; .III Semana Integrada de Ensino, Pesquisa e Extens\u00e3o (Siepe) Encontro de P\u00f3s-gradua\u00e7\u00e3o da UFPel, 2017.<\/span><\/p>\n<p style=\"text-align: justify\"><span style=\"font-family: helvetica, arial, sans-serif\">SOARES, K. F. R. ; Rosa, J. F. ; SIEBEL, J. C. ; Dal Vesco, J. ;\u00a0LIMA, H. G.\u00a0;\u00a0CERESER, N.D. . AVALIA\u00c7\u00c3O DE STAPHYLOCOCCUS COAGULASE POSITIVA EM AMOSTRAS DE M\u00c3OS DE ORDENHADOR. In: CIC-III Semana Integrada de Ensino, Pesquisa e Extens\u00e3o (Siepe) Encontro de P\u00f3s-gradua\u00e7\u00e3o da UFPel, 2017.<\/span><\/p>\n<p style=\"text-align: justify\"><span style=\"font-family: helvetica, arial, sans-serif\">SIQUEIRA, M. F. F. ; LUZ, E. I. ; GARCIA, M. O. ; Rosa, J. F. ; CERESER, N.D. ; CONCEICAO, R. C. S. . ATIVIDADE ANTIMICROBIANA DO \u00d3LEO ESSENCIAL DE TOMILHO FRENTE A ISOLADOS DE Salmonella spp. E Staphylococcus COAGULASE POSITIVOS. In: Anais III Semana Integrada de Ensino, Pesquisa e Extens\u00e3o (Siepe) Encontro de P\u00f3s-gradua\u00e7\u00e3o da UFPel, 2017.<\/span><\/p>\n<p style=\"text-align: justify\"><span style=\"font-family: helvetica, arial, sans-serif\">KRAUSE, R. V. ; Rosa, J. F. ; SOARES, K. F. R. ; CONCEICAO, R. C. S.\u00a0;\u00a0LIMA, H. G.\u00a0;\u00a0CERESER, N.D. . FORMA\u00c7\u00c3O DE BIOFILME DE STAPHYLOCOCCUS ISOLADO DAS M\u00c3OS DE ORDENHADORES DADOS PRELIMINARES. In: Anais III Semana Integrada de Ensino, Pesquisa e Extens\u00e3o (Siepe) Encontro de P\u00f3s-gradua\u00e7\u00e3o da UFPel, 2017.<\/span><\/p>\n<p style=\"text-align: justify\"><span style=\"font-family: helvetica, arial, sans-serif\">SIEBEL, JULIANA CAROLINA ; Rosa, J. F. ; Dal Vesco, J. ;\u00a0CERESER, N.D.\u00a0; TIMM, C.D. ;\u00a0LIMA, H. G.\u00a0. AVALIA\u00c7\u00c3O DA A\u00c7\u00c3O DE SANITIZANTES FRENTE \u00c0 CEPAS DE Staphylococcus COAGULASE POSITIVA ISOLADAS DE AMBIENTE DE ORDENHA. In: Anais III Semana Integrada de Ensino, Pesquisa e Extens\u00e3o (Siepe) Encontro de P\u00f3s-gradua\u00e7\u00e3o da UFPel, 2017.<\/span><\/p>\n<p style=\"text-align: justify\"><span style=\"font-family: helvetica, arial, sans-serif\">Rosa, J. F. ; BOHN, B. C. ; ECCKER, F. M. ; CHRESTANI, M. A. D. ; LIMA, H. G.\u00a0;\u00a0CERESER, N.D. . PERFIL DE CONSUMO DE LEITE E DERIVADOS DE MORADORES PERTENCENTES \u00c0 ZONA DE ABRANG\u00caNCIA DA UNIDADE B\u00c1SICA DE SA\u00daDE DO CENTRO SOCIAL URBANO DO BAIRRO AREAL, PELOTAS\/RS &#8211; DADOS PRELIMINARES. In: Anais III Semana Integrada de Ensino, Pesquisa e Extens\u00e3o (Siepe) Encontro de P\u00f3s-gradua\u00e7\u00e3o da UFPel, 2017.<\/span><\/p>\n<p style=\"text-align: justify\"><span style=\"font-family: helvetica, arial, sans-serif\">Rosa, J. F. ; SIEBEL, J. C. ; CERESER, N.D.\u00a0;\u00a0LIMA, H. G.\u00a0; Pinto, F. R. . Perfil dos consumidores de produtos de origem animal em Pelotas. In: VIII Confer\u00eancia Internacional de Medicina Veterin\u00e1ria do Coletivo, 2017, Porto Alegre. Anais&#8230;VIII Confer\u00eancia Internacional de Medicina Veterin\u00e1ria do Coletivo, 2017.<\/span><\/p>\n","protected":false},"excerpt":{"rendered":"<p>2021 RODRIGUES SILVEIRA, D\u00c9BORA ; KAEFER, KAUANA ; CAMARGO PORTO, REBECA ;\u00a0DEBONI CERESER, NATACHA\u00a0; GONZALEZ DE LIMA, HELENICE ; DIAS TIMM, CL\u00c1UDIO .\u00a0Campylobacter sp. EM VACAS LEITEIRAS DO SUL DO BRASIL. ARCHIVES OF VETERINARY SCIENCE, v. 26, p. 01-10, 2021. &hellip; <a href=\"https:\/\/wp.ufpel.edu.br\/inspleite\/publicacoes-2\/\">Continue lendo <span class=\"meta-nav\">&rarr;<\/span><\/a><\/p>\n","protected":false},"author":581,"featured_media":0,"parent":0,"menu_order":0,"comment_status":"closed","ping_status":"closed","template":"","meta":{"footnotes":""},"class_list":["post-412","page","type-page","status-publish","hentry"],"jetpack_sharing_enabled":true,"_links":{"self":[{"href":"https:\/\/wp.ufpel.edu.br\/inspleite\/wp-json\/wp\/v2\/pages\/412","targetHints":{"allow":["GET"]}}],"collection":[{"href":"https:\/\/wp.ufpel.edu.br\/inspleite\/wp-json\/wp\/v2\/pages"}],"about":[{"href":"https:\/\/wp.ufpel.edu.br\/inspleite\/wp-json\/wp\/v2\/types\/page"}],"author":[{"embeddable":true,"href":"https:\/\/wp.ufpel.edu.br\/inspleite\/wp-json\/wp\/v2\/users\/581"}],"replies":[{"embeddable":true,"href":"https:\/\/wp.ufpel.edu.br\/inspleite\/wp-json\/wp\/v2\/comments?post=412"}],"version-history":[{"count":15,"href":"https:\/\/wp.ufpel.edu.br\/inspleite\/wp-json\/wp\/v2\/pages\/412\/revisions"}],"predecessor-version":[{"id":957,"href":"https:\/\/wp.ufpel.edu.br\/inspleite\/wp-json\/wp\/v2\/pages\/412\/revisions\/957"}],"wp:attachment":[{"href":"https:\/\/wp.ufpel.edu.br\/inspleite\/wp-json\/wp\/v2\/media?parent=412"}],"curies":[{"name":"wp","href":"https:\/\/api.w.org\/{rel}","templated":true}]}}