{"id":9,"date":"2018-01-09T13:41:29","date_gmt":"2018-01-09T15:41:29","guid":{"rendered":"https:\/\/wp.ufpel.edu.br\/imagensdajustica\/?page_id=9"},"modified":"2018-02-20T12:38:05","modified_gmt":"2018-02-20T15:38:05","slug":"apresentacao","status":"publish","type":"page","link":"https:\/\/wp.ufpel.edu.br\/imagensdajustica\/apresentacao\/","title":{"rendered":"APRESENTA\u00c7\u00c3O"},"content":{"rendered":"<h1><strong>Sejam bem vindos!<\/strong><\/h1>\n<p>O\u00a0III Semin\u00e1rio Internacional Imagens da Justi\u00e7a, Curr\u00edculo e Educa\u00e7\u00e3o Jur\u00eddica, \u201cEduca\u00e7\u00e3o Jur\u00eddica e mudan\u00e7as: di\u00e1logos, novos contextos e metodologias\u201d,\u00a0promovido por uma parceria entre unidades acad\u00eamicas da Universidade Federal de Pelotas, a Faculdade de Educa\u00e7\u00e3o \u2013 Programa de P\u00f3s- Gradua\u00e7\u00e3o em Educa\u00e7\u00e3o e a Faculdade de Direito \u2013 Programa de P\u00f3s-Gradua\u00e7\u00e3o em Direito, ser\u00e1 realizado no per\u00edodo de 18 a 20 de outubro de 2017.<\/p>\n<p>O evento tem como objetivo propiciar conhecimentos e oportunizar o debate sobre a produ\u00e7\u00e3o cient\u00edfica que tem sido desenvolvida no campo do curr\u00edculo, particularmente aquela articulada \u00e0 tem\u00e1tica das imagens e\/ou da educa\u00e7\u00e3o jur\u00eddica, com a participa\u00e7\u00e3o de pesquisadores nacionais e estrangeiros, estudantes de gradua\u00e7\u00e3o e p\u00f3s-gradua\u00e7\u00e3o, docentes da educa\u00e7\u00e3o superior e da educa\u00e7\u00e3o b\u00e1sica, bem como de profissionais da \u00e1rea, na perspectiva de ampliar conhecimentos e potencialidades de an\u00e1lise sobre o curr\u00edculo, bem como de contribuir para a consolida\u00e7\u00e3o da rede internacional de pesquisa gerada nas primeiras edi\u00e7\u00f5es do evento.<\/p>\n<p>Este Semin\u00e1rio \u00e9 proposto com base no Projeto de Pesquisa financiado pelo CNPq \u201cImagens da Justi\u00e7a, Representa\u00e7\u00f5es Curriculares e Pedagogia Jur\u00eddica\u201d, no \u00e2mbito do qual est\u00e1 sendo desenvolvido o estudo das imagens da justi\u00e7a produzidas por docentes de cursos de Direito em quatro universidades do sul do pa\u00eds e\u00a0 uma de Angola.<\/p>\n<p>Concorre para a promo\u00e7\u00e3o deste evento a repercuss\u00e3o altamente positiva do Semin\u00e1rio Internacional Imagens da Justi\u00e7a, Curr\u00edculo e Educa\u00e7\u00e3o Jur\u00eddica\u00a0 em suas duas primeiras edi\u00e7\u00f5es. \u00c9 preciso registrar, ainda, que o evento se constituiu em um espa\u00e7o de forte est\u00edmulo ao estudo de imagens como elementos de an\u00e1lise sobre o curr\u00edculo, assim como de incentivo ao desenvolvimento de an\u00e1lises sobre o curr\u00edculo do curso de direito, no entrecruzamento dos temas imagens da justi\u00e7a e educa\u00e7\u00e3o jur\u00eddica.<\/p>\n<p>Converge igualmente para a promo\u00e7\u00e3o deste evento, a relev\u00e2ncia da tem\u00e1tica e sua abordagem inovadora, pois s\u00e3o pouco frequentes os estudos de abordagem qualitativa que se dediquem \u00e0 an\u00e1lise de imagens nesta \u00e1rea de conhecimento e, particularmente raros, os que se proponham a articular tal an\u00e1lise ao estudo do curr\u00edculo de cursos de forma\u00e7\u00e3o jur\u00eddica.\u00a0 O Semin\u00e1rio proposto vincula-se, ainda, a um conjunto de experi\u00eancias investigativas que vem sendo desenvolvidas nesta universidade h\u00e1 mais de uma d\u00e9cada, mais particularmente, estudos sobre o curr\u00edculo, curr\u00edculo do curso de direito e pedagogia jur\u00eddica.<\/p>\n<p>Abordagem das imagens no curr\u00edculo do curso de Direito poder\u00e1 alavancar relevantes debates para a educa\u00e7\u00e3o jur\u00eddica, assim como para outras \u00e1reas das ci\u00eancias humanas e sociais.<\/p>\n<p>O evento oportunizar\u00e1 o interc\u00e2mbio de pesquisadores nacionais e estrangeiros, incentivando a coopera\u00e7\u00e3o em pesquisas sobre a tem\u00e1tica focalizada no evento e ampliando potencialidades de coopera\u00e7\u00e3o entre grupos internacionais de trabalho.<\/p>\n<p>&nbsp;<\/p>\n<p><strong>REALIZA\u00c7\u00c3O<\/strong><\/p>\n<p><img data-recalc-dims=\"1\" loading=\"lazy\" decoding=\"async\" data-attachment-id=\"11\" data-permalink=\"https:\/\/wp.ufpel.edu.br\/imagensdajustica\/apresentacao\/realizacao1\/\" data-orig-file=\"https:\/\/i0.wp.com\/wp.ufpel.edu.br\/imagensdajustica\/files\/2018\/01\/REALIZA%C3%87%C3%83O1.png?fit=2163%2C256&amp;ssl=1\" data-orig-size=\"2163,256\" data-comments-opened=\"0\" data-image-meta=\"{&quot;aperture&quot;:&quot;0&quot;,&quot;credit&quot;:&quot;&quot;,&quot;camera&quot;:&quot;&quot;,&quot;caption&quot;:&quot;&quot;,&quot;created_timestamp&quot;:&quot;0&quot;,&quot;copyright&quot;:&quot;&quot;,&quot;focal_length&quot;:&quot;0&quot;,&quot;iso&quot;:&quot;0&quot;,&quot;shutter_speed&quot;:&quot;0&quot;,&quot;title&quot;:&quot;&quot;,&quot;orientation&quot;:&quot;0&quot;}\" data-image-title=\"REALIZA\u00c7\u00c3O[1]\" data-image-description=\"\" data-image-caption=\"\" data-medium-file=\"https:\/\/i0.wp.com\/wp.ufpel.edu.br\/imagensdajustica\/files\/2018\/01\/REALIZA%C3%87%C3%83O1.png?fit=400%2C47&amp;ssl=1\" data-large-file=\"https:\/\/i0.wp.com\/wp.ufpel.edu.br\/imagensdajustica\/files\/2018\/01\/REALIZA%C3%87%C3%83O1.png?fit=584%2C69&amp;ssl=1\" class=\"alignnone wp-image-11 size-large\" src=\"https:\/\/i0.wp.com\/wp.ufpel.edu.br\/imagensdajustica\/files\/2018\/01\/REALIZA%C3%87%C3%83O1.png?resize=584%2C69&#038;ssl=1\" alt=\"\" width=\"584\" height=\"69\" srcset=\"https:\/\/i0.wp.com\/wp.ufpel.edu.br\/imagensdajustica\/files\/2018\/01\/REALIZA%C3%87%C3%83O1.png?resize=1024%2C121&amp;ssl=1 1024w, https:\/\/i0.wp.com\/wp.ufpel.edu.br\/imagensdajustica\/files\/2018\/01\/REALIZA%C3%87%C3%83O1.png?resize=400%2C47&amp;ssl=1 400w, https:\/\/i0.wp.com\/wp.ufpel.edu.br\/imagensdajustica\/files\/2018\/01\/REALIZA%C3%87%C3%83O1.png?resize=768%2C91&amp;ssl=1 768w, https:\/\/i0.wp.com\/wp.ufpel.edu.br\/imagensdajustica\/files\/2018\/01\/REALIZA%C3%87%C3%83O1.png?w=1168&amp;ssl=1 1168w, https:\/\/i0.wp.com\/wp.ufpel.edu.br\/imagensdajustica\/files\/2018\/01\/REALIZA%C3%87%C3%83O1.png?w=1752&amp;ssl=1 1752w\" sizes=\"auto, (max-width: 584px) 100vw, 584px\" \/><\/p>\n","protected":false},"excerpt":{"rendered":"<p>Sejam bem vindos! O\u00a0III Semin\u00e1rio Internacional Imagens da Justi\u00e7a, Curr\u00edculo e Educa\u00e7\u00e3o Jur\u00eddica, \u201cEduca\u00e7\u00e3o Jur\u00eddica e mudan\u00e7as: di\u00e1logos, novos contextos e metodologias\u201d,\u00a0promovido por uma parceria entre unidades acad\u00eamicas da Universidade Federal de Pelotas, a Faculdade de Educa\u00e7\u00e3o \u2013 Programa de &hellip; <a href=\"https:\/\/wp.ufpel.edu.br\/imagensdajustica\/apresentacao\/\">Continue lendo <span class=\"meta-nav\">&rarr;<\/span><\/a><\/p>\n","protected":false},"author":667,"featured_media":0,"parent":0,"menu_order":0,"comment_status":"closed","ping_status":"closed","template":"sidebar-page.php","meta":{"jetpack_post_was_ever_published":false,"footnotes":""},"class_list":["post-9","page","type-page","status-publish","hentry"],"jetpack_sharing_enabled":true,"jetpack_likes_enabled":true,"jetpack-related-posts":[{"id":284,"url":"https:\/\/wp.ufpel.edu.br\/imagensdajustica\/apresentacao-2\/","url_meta":{"origin":9,"position":0},"title":"Apresenta\u00e7\u00e3o","author":"imagensdajustica","date":"29\/08\/2012","format":false,"excerpt":"O II Semin\u00e1rio Internacional Imagens da Justi\u00e7a, Curr\u00edculo e Educa\u00e7\u00e3o Jur\u00eddica, promovido por uma parceria entre unidades acad\u00eamicas da Universidade Federal de Pelotas, a Faculdade de Educa\u00e7\u00e3o \u2013 Programa de P\u00f3s- Gradua\u00e7\u00e3o em Educa\u00e7\u00e3o e a Faculdade de Direito, ser\u00e1 realizado nos dias 26 e 27 de agosto de 2014,\u2026","rel":"","context":"Post similar","block_context":{"text":"Post similar","link":""},"img":{"alt_text":"","src":"https:\/\/i0.wp.com\/wp.ufpel.edu.br\/imagensdajustica\/files\/2012\/08\/REALIZA%C3%87%C3%83O.png?resize=350%2C200&ssl=1","width":350,"height":200,"srcset":"https:\/\/i0.wp.com\/wp.ufpel.edu.br\/imagensdajustica\/files\/2012\/08\/REALIZA%C3%87%C3%83O.png?resize=350%2C200&ssl=1 1x, https:\/\/i0.wp.com\/wp.ufpel.edu.br\/imagensdajustica\/files\/2012\/08\/REALIZA%C3%87%C3%83O.png?resize=525%2C300&ssl=1 1.5x, https:\/\/i0.wp.com\/wp.ufpel.edu.br\/imagensdajustica\/files\/2012\/08\/REALIZA%C3%87%C3%83O.png?resize=700%2C400&ssl=1 2x, https:\/\/i0.wp.com\/wp.ufpel.edu.br\/imagensdajustica\/files\/2012\/08\/REALIZA%C3%87%C3%83O.png?resize=1050%2C600&ssl=1 3x, https:\/\/i0.wp.com\/wp.ufpel.edu.br\/imagensdajustica\/files\/2012\/08\/REALIZA%C3%87%C3%83O.png?resize=1400%2C800&ssl=1 4x"},"classes":[]},{"id":664,"url":"https:\/\/wp.ufpel.edu.br\/imagensdajustica\/evento-anterior\/","url_meta":{"origin":9,"position":1},"title":"Edi\u00e7\u00f5es anteriores","author":"imagensdajustica","date":"16\/07\/2014","format":false,"excerpt":"I Semin\u00e1rio Internacional Imagens da Justi\u00e7a, Curr\u00edculo e Educa\u00e7\u00e3o Jur\u00eddica 29 e 30 de novembro de 2012 A primeira edi\u00e7\u00e3o do Semin\u00e1rio Internacional Imagens da Justi\u00e7a, Curr\u00edculo e Educa\u00e7\u00e3o Jur\u00eddica, promovido por meio de uma parceria estabelecida entre unidades acad\u00eamicas da Universidade Federal de Pelotas, congregando, por um lado, a\u2026","rel":"","context":"Post similar","block_context":{"text":"Post similar","link":""},"img":{"alt_text":"","src":"https:\/\/i0.wp.com\/wp.ufpel.edu.br\/imagensdajustica\/files\/2014\/07\/Reuni%C3%A3o-de-Pesquisadores.jpg?resize=350%2C200","width":350,"height":200},"classes":[]},{"id":19,"url":"https:\/\/wp.ufpel.edu.br\/imagensdajustica\/edicoes-anteriores\/","url_meta":{"origin":9,"position":2},"title":"EDI\u00c7\u00d5ES ANTERIORES","author":"thomas","date":"09\/01\/2018","format":false,"excerpt":"Semin\u00e1rio Internacional Imagens da Justi\u00e7a, Curr\u00edculo e Educa\u00e7\u00e3o Jur\u00eddica \u00a0 \u00a0 As primeiras edi\u00e7\u00f5es do Semin\u00e1rio Internacional Imagens da Justi\u00e7a, Curr\u00edculo e Educa\u00e7\u00e3o Jur\u00eddica, promovidos por meio de uma parceria estabelecida entre unidades acad\u00eamicas da Universidade Federal de Pelotas, congregando, por um lado, a Faculdade de Educa\u00e7\u00e3o \u2013 Programa de\u2026","rel":"","context":"Post similar","block_context":{"text":"Post similar","link":""},"img":{"alt_text":"","src":"https:\/\/i0.wp.com\/wp.ufpel.edu.br\/imagensdajustica\/files\/2018\/01\/imagens-234.jpg?resize=350%2C200","width":350,"height":200,"srcset":"https:\/\/i0.wp.com\/wp.ufpel.edu.br\/imagensdajustica\/files\/2018\/01\/imagens-234.jpg?resize=350%2C200 1x, https:\/\/i0.wp.com\/wp.ufpel.edu.br\/imagensdajustica\/files\/2018\/01\/imagens-234.jpg?resize=525%2C300 1.5x, https:\/\/i0.wp.com\/wp.ufpel.edu.br\/imagensdajustica\/files\/2018\/01\/imagens-234.jpg?resize=700%2C400 2x"},"classes":[]},{"id":1303,"url":"https:\/\/wp.ufpel.edu.br\/imagensdajustica\/2-2\/","url_meta":{"origin":9,"position":3},"title":"III SEMIN\u00c1RIO INTERNACIONAL IMAGENS DA\u2026","author":"imagensdajustica","date":"12\/09\/2012","format":false,"excerpt":"III SEMIN\u00c1RIO INTERNACIONAL IMAGENS DA JUSTI\u00c7A, CURR\u00cdCULO E EDUCA\u00c7\u00c3O JUR\u00cdDICA \"Educa\u00e7\u00e3o Jur\u00eddica e mudan\u00e7as: di\u00e1logos, novos contextos e metodologias.\" Data do evento: 18 a 20 de outubro de 2017. LOCAL: Faculdade de Direito de Pelotas (Pra\u00e7a Conselheiro Maciel, 215 \u2013 Centro, Pelotas) Promo\u00e7\u00e3o Conjunta: Faculdade de Educa\u00e7\u00e3o \u2013 Programa de\u2026","rel":"","context":"Post similar","block_context":{"text":"Post similar","link":""},"img":{"alt_text":"","src":"","width":0,"height":0},"classes":[]},{"id":180,"url":"https:\/\/wp.ufpel.edu.br\/imagensdajustica\/programacao\/palestrantes\/","url_meta":{"origin":9,"position":4},"title":"Conferencistas e Mediadores","author":"imagensdajustica","date":"04\/09\/2012","format":false,"excerpt":"Alvaro Moreira Hypolito (Programa de P\u00f3s-Gradua\u00e7\u00e3o em Educa\u00e7\u00e3o -Universidade Federal de Pelotas) Concluiu o Doutorado (PhD) em Curriculum and Instruction na Universidade de Wisconsin - Madison. \u00c9 Pesquisador do CNPq e Professor Associado da Universidade Federal de Pelotas, onde exerceu, dentre outras, a fun\u00e7\u00e3o de Pr\u00f3-Reitor de Gradua\u00e7\u00e3o. Publicou 58\u2026","rel":"","context":"Post similar","block_context":{"text":"Post similar","link":""},"img":{"alt_text":"","src":"https:\/\/i0.wp.com\/wp.ufpel.edu.br\/imagensdajustica\/files\/2012\/09\/alvaro-150x150.png?resize=350%2C200&ssl=1","width":350,"height":200},"classes":[]},{"id":1552,"url":"https:\/\/wp.ufpel.edu.br\/imagensdajustica\/anais\/anais-do-iii-seminario-internacional-imagens-da-justica-curriculo-e-educacao-juridica\/","url_meta":{"origin":9,"position":5},"title":"Anais do III Semin\u00e1rio Internacional Imagens da Justi\u00e7a, Curr\u00edculo e Educa\u00e7\u00e3o Jur\u00eddica","author":"imagensdajustica","date":"28\/05\/2018","format":false,"excerpt":"TRABALHOS COMPLETOS GT 1 -\u00a0 CURR\u00cdCULO, CONHECIMENTO E PR\u00c1TICAS PEDAG\u00d3GICAS A PRODU\u00c7\u00c3O DE PR\u00c1TICAS DISCURSIVAS INFLUENCIADAS PELO NEOLIBERALISMO E PELO PODER DISCIPLINAR NO IFFAR A INFLU\u00caNCIA DO EST\u00c1GIO DE DOC\u00caNCIA NA CONSTITUI\u00c7\u00c3O DA IDENTIDADE DOCENTE UNIVERSIT\u00c1RIA UM RELATO DE EXPERI\u00caNCIA CURR\u00cdCULO DE EDUCA\u00c7\u00c3O EM DIREITOS HUMANOS ALGUMAS CONSIDERA\u00c7\u00d5ES SOBRE DOCUMENTOS\u2026","rel":"","context":"Post similar","block_context":{"text":"Post similar","link":""},"img":{"alt_text":"","src":"","width":0,"height":0},"classes":[]}],"_links":{"self":[{"href":"https:\/\/wp.ufpel.edu.br\/imagensdajustica\/wp-json\/wp\/v2\/pages\/9","targetHints":{"allow":["GET"]}}],"collection":[{"href":"https:\/\/wp.ufpel.edu.br\/imagensdajustica\/wp-json\/wp\/v2\/pages"}],"about":[{"href":"https:\/\/wp.ufpel.edu.br\/imagensdajustica\/wp-json\/wp\/v2\/types\/page"}],"author":[{"embeddable":true,"href":"https:\/\/wp.ufpel.edu.br\/imagensdajustica\/wp-json\/wp\/v2\/users\/667"}],"replies":[{"embeddable":true,"href":"https:\/\/wp.ufpel.edu.br\/imagensdajustica\/wp-json\/wp\/v2\/comments?post=9"}],"version-history":[{"count":2,"href":"https:\/\/wp.ufpel.edu.br\/imagensdajustica\/wp-json\/wp\/v2\/pages\/9\/revisions"}],"predecessor-version":[{"id":14,"href":"https:\/\/wp.ufpel.edu.br\/imagensdajustica\/wp-json\/wp\/v2\/pages\/9\/revisions\/14"}],"wp:attachment":[{"href":"https:\/\/wp.ufpel.edu.br\/imagensdajustica\/wp-json\/wp\/v2\/media?parent=9"}],"curies":[{"name":"wp","href":"https:\/\/api.w.org\/{rel}","templated":true}]}}