{"id":412,"date":"2015-03-09T11:36:46","date_gmt":"2015-03-09T14:36:46","guid":{"rendered":"https:\/\/wp.ufpel.edu.br\/ich\/?page_id=412"},"modified":"2023-05-18T13:45:01","modified_gmt":"2023-05-18T16:45:01","slug":"telefones","status":"publish","type":"page","link":"https:\/\/wp.ufpel.edu.br\/ich\/contato\/telefones\/","title":{"rendered":"Telefones"},"content":{"rendered":"<h5><\/h5>\n<table style=\"height: 1256px;\">\n<tbody>\n<tr style=\"height: 24px;\">\n<td style=\"height: 24px; width: 290px;\" width=\"286\"><strong>SETOR<\/strong><\/td>\n<td style=\"height: 24px; width: 118px;\" width=\"90\">TELEFONE<\/td>\n<td style=\"height: 24px; width: 180px;\" width=\"186\"><strong>CAMPUS ICH<\/strong><\/td>\n<\/tr>\n<tr style=\"height: 56px;\">\n<td style=\"height: 56px; width: 588px;\" colspan=\"3\" width=\"562\">\n<p style=\"text-align: center;\"><span style=\"background-color: #ff0000;\"><strong>Campus I \u2013 Rua Alberto Rosa, 154<\/strong><\/span><\/p>\n<\/td>\n<\/tr>\n<tr style=\"height: 96px;\">\n<td style=\"height: 96px; width: 290px;\" width=\"286\"><strong>SECRETARIA GERAL E DIRE\u00c7\u00c3O<\/strong><\/td>\n<td style=\"height: 96px; width: 118px;\" width=\"90\">\n<p><strong>3284 5523<\/strong><\/p>\n<p><strong>3284 5522<\/strong><\/td>\n<td style=\"height: 96px; width: 180px;\" width=\"186\">ALBERTO ROSA<\/td>\n<\/tr>\n<tr style=\"height: 24px;\">\n<td style=\"height: 24px; width: 290px;\" width=\"286\"><strong>PORTARIA ALBERTO ROSA<\/strong><\/td>\n<td style=\"height: 24px; width: 118px;\" width=\"90\"><strong>3284 3200<\/strong><\/td>\n<td style=\"height: 24px; width: 180px;\" width=\"186\">ALBERTO ROSA<\/td>\n<\/tr>\n<tr style=\"height: 48px;\">\n<td style=\"height: 48px; width: 290px;\" width=\"286\"><strong>HIST\u00d3RIA \u2013 Departamento e Colegiado<\/strong><\/td>\n<td style=\"height: 48px; width: 118px;\" width=\"90\"><strong>3284 5525<\/strong><\/td>\n<td style=\"height: 48px; width: 180px;\" width=\"186\">Sala 121<\/td>\n<\/tr>\n<tr style=\"height: 48px;\">\n<td style=\"height: 48px; width: 290px;\" width=\"286\"><strong>HIST\u00d3RIA \u2013 N\u00facleo de Hist\u00f3ria Regional<\/strong><\/td>\n<td style=\"height: 48px; width: 118px;\" width=\"90\"><strong>3284 3203<\/strong><\/td>\n<td style=\"height: 48px; width: 180px;\" width=\"186\">Sala 106<\/td>\n<\/tr>\n<tr style=\"height: 48px;\">\n<td style=\"height: 48px; width: 290px;\" width=\"286\"><strong>HIST\u00d3RIA &#8211; N\u00facleo de Documenta\u00e7\u00e3o Hist\u00f3rica \u2013 NDH<\/strong><\/td>\n<td style=\"height: 48px; width: 118px;\" width=\"90\"><strong>3284 3208<\/strong><\/td>\n<td style=\"height: 48px; width: 180px;\" width=\"186\">Sala 144<\/td>\n<\/tr>\n<tr style=\"height: 48px;\">\n<td style=\"height: 48px; width: 290px;\" width=\"286\"><strong>HIST\u00d3RIA \u2013 Programa de P\u00f3s-Gradua\u00e7\u00e3o<\/strong><\/td>\n<td style=\"height: 48px; width: 118px;\" width=\"90\"><strong>3284 3202<\/strong><\/td>\n<td style=\"height: 48px; width: 180px;\" width=\"186\">Sala 121<\/td>\n<\/tr>\n<tr style=\"height: 24px;\">\n<td style=\"height: 24px; width: 290px;\" width=\"286\"><strong>GEOGRAFIA \u2013 Colegiado<\/strong><\/td>\n<td style=\"height: 24px; width: 118px;\" width=\"90\"><strong>3284 5525<\/strong><\/td>\n<td style=\"height: 24px; width: 180px;\" width=\"186\">Sala 121<\/td>\n<\/tr>\n<tr style=\"height: 72px;\">\n<td style=\"height: 72px; width: 290px;\" width=\"286\"><strong>GEOGRAFIA \u2013 Laborat\u00f3rio de Estudos Agr\u00e1rios e Ambientais (LEAA)<\/strong><\/td>\n<td style=\"height: 72px; width: 118px;\" width=\"90\"><strong>Indispon\u00edvel<\/strong><\/td>\n<td style=\"height: 72px; width: 180px;\" width=\"186\">Sala 118<\/td>\n<\/tr>\n<tr style=\"height: 72px;\">\n<td style=\"height: 72px; width: 290px;\" width=\"286\"><strong>GEOGRAFIA \u2013 Grupo de Estudos e Pesquisas em Educa\u00e7\u00e3o e Geografia (GEPEG)<\/strong><\/td>\n<td style=\"height: 72px; width: 118px;\" width=\"90\"><strong>3284 5530<\/strong><\/td>\n<td style=\"height: 72px; width: 180px;\" width=\"186\">ALBERTO ROSA<\/td>\n<\/tr>\n<tr style=\"height: 24px;\">\n<td style=\"height: 24px; width: 290px;\" width=\"286\"><strong>ANTROPOLOGIA \u2013 Colegiado<\/strong><\/td>\n<td style=\"height: 24px; width: 118px;\" width=\"90\"><strong>3284 5525<\/strong><\/td>\n<td style=\"height: 24px; width: 180px;\" width=\"186\">Sala 121<\/td>\n<\/tr>\n<tr style=\"height: 48px;\">\n<td style=\"height: 48px; width: 290px;\" width=\"286\"><strong>ANTROPOLOGIA \u2013 Programa de P\u00f3s Gradua\u00e7\u00e3o e Departamento<br \/>\n<\/strong><\/td>\n<td style=\"height: 48px; width: 118px;\" width=\"90\"><strong>3284 5525<\/strong><\/td>\n<td style=\"height: 48px; width: 180px;\" width=\"186\">Sala 121<\/td>\n<\/tr>\n<tr style=\"height: 72px;\">\n<td style=\"height: 72px; width: 290px;\" width=\"286\"><strong>Laborat\u00f3rio de Ensino e Pesquisa em Antropologia e Arqueologia (LEPAARQ)<\/strong><\/td>\n<td style=\"height: 72px; width: 118px;\" width=\"90\"><strong>3284 5529<\/strong><\/td>\n<td style=\"height: 72px; width: 180px;\" width=\"186\">ALBERTO ROSA<\/td>\n<\/tr>\n<tr style=\"height: 56px;\">\n<td style=\"height: 56px; width: 588px;\" colspan=\"3\" width=\"562\">\n<p style=\"text-align: center;\"><strong>Campus II \u2013 Rua Almirante Barroso, 1202<\/strong><\/p>\n<\/td>\n<\/tr>\n<tr style=\"height: 24px;\">\n<td style=\"height: 24px; width: 290px;\" width=\"286\"><strong>PORTARIA &#8211; Secretaria Campus II<\/strong><\/td>\n<td style=\"height: 24px; width: 118px;\" width=\"90\"><strong>3284 4310<\/strong><\/td>\n<td style=\"height: 24px; width: 180px;\" width=\"186\">CAMPUS II<\/td>\n<\/tr>\n<tr style=\"height: 48px;\">\n<td style=\"height: 48px; width: 290px;\" width=\"286\"><strong>MUSEOLOGIA, CONSERVA\u00c7\u00c3O E RESTAURA\u00c7\u00c3O \u2013 Secretaria<\/strong><\/td>\n<td style=\"height: 48px; width: 118px;\" width=\"90\"><strong>3284 4308<\/strong><\/td>\n<td style=\"height: 48px; width: 180px;\" width=\"186\">Sala G-109 CAMPUS II<\/td>\n<\/tr>\n<tr style=\"height: 72px;\">\n<td style=\"height: 72px; width: 290px;\" width=\"286\"><strong>MUSEOLOGIA, CONSERVA\u00c7\u00c3O E RESTAURA\u00c7\u00c3O \u2013 Departamento e Colegiados<\/strong><\/td>\n<td style=\"height: 72px; width: 118px;\" width=\"90\"><strong>3284 4308<\/strong><\/td>\n<td style=\"height: 72px; width: 180px;\" width=\"186\">Sala G-109 CAMPUS II<\/td>\n<\/tr>\n<tr style=\"height: 72px;\">\n<td style=\"height: 72px; width: 290px;\" width=\"286\"><strong>Programa de P\u00f3s-Gradua\u00e7\u00e3o em Mem\u00f3ria Social e Patrim\u00f4nio Cultural<\/strong><\/td>\n<td style=\"height: 72px; width: 118px;\" width=\"90\"><strong>3284 4309<\/strong><\/td>\n<td style=\"height: 72px; width: 180px;\" width=\"186\">Sala G-312-B CAMPUS II<\/td>\n<\/tr>\n<tr style=\"height: 56px;\">\n<td style=\"height: 56px; width: 588px;\" colspan=\"3\" width=\"562\">\n<p style=\"text-align: center;\"><strong>Campus Anglo \u2013 Rua Gomes Carneiro, 1<\/strong><\/p>\n<\/td>\n<\/tr>\n<tr style=\"height: 48px;\">\n<td style=\"height: 48px; width: 290px;\" width=\"286\"><strong>ECONOMIA \u2013 Departamento Colegiado e Mestrado<\/strong><\/td>\n<td style=\"height: 48px; width: 118px;\" width=\"90\"><strong>3921 1429<\/strong><\/td>\n<td style=\"height: 48px; width: 180px;\" width=\"186\">ANGLO<\/td>\n<\/tr>\n<tr style=\"height: 24px;\">\n<td style=\"height: 24px; width: 588px;\" colspan=\"3\" width=\"562\"><strong>Campus L\u00e2mina \u2013 Rua Santa Tecla, 408<\/strong><\/td>\n<\/tr>\n<tr style=\"height: 72px;\">\n<td style=\"height: 72px; width: 290px;\" width=\"286\"><strong>Laborat\u00f3rio Multidisciplinar de Investiga\u00e7\u00e3o Arqueol\u00f3gica (L\u00c2MINA\u00a0)<\/strong><\/td>\n<td style=\"height: 72px; width: 118px;\" width=\"90\"><strong>3273-2852<\/strong><\/td>\n<td style=\"height: 72px; width: 180px;\" width=\"186\">SANTA TECLA<\/td>\n<\/tr>\n<tr style=\"height: 56px;\">\n<td style=\"height: 56px; width: 588px;\" colspan=\"3\" width=\"562\">\n<p style=\"text-align: center;\"><strong>Museu do Doce \u2013 Pra\u00e7a Coronel Pedro Os\u00f3rio, 8<\/strong><\/p>\n<\/td>\n<\/tr>\n<tr style=\"height: 24px;\">\n<td style=\"height: 24px; width: 290px;\" width=\"286\"><strong>Museu do Doce<\/strong><\/td>\n<td style=\"height: 24px; width: 118px;\" width=\"90\"><strong>3284-4322<\/strong><\/td>\n<td style=\"height: 24px; width: 180px;\" width=\"186\">Casar\u00e3o 8<\/td>\n<\/tr>\n<\/tbody>\n<\/table>\n<p>&nbsp;<\/p>\n<p><b>\u00a0<\/b><\/p>\n","protected":false},"excerpt":{"rendered":"<p>SETOR TELEFONE CAMPUS ICH Campus I \u2013 Rua Alberto Rosa, 154 SECRETARIA GERAL E DIRE\u00c7\u00c3O 3284 5523 3284 5522 ALBERTO ROSA PORTARIA ALBERTO ROSA 3284 3200 ALBERTO ROSA HIST\u00d3RIA \u2013 Departamento e Colegiado 3284 5525 Sala 121 HIST\u00d3RIA \u2013 N\u00facleo de Hist\u00f3ria Regional 3284 3203 Sala 106 HIST\u00d3RIA &#8211; N\u00facleo de Documenta\u00e7\u00e3o Hist\u00f3rica \u2013 NDH [&hellip;]<\/p>\n","protected":false},"author":332,"featured_media":0,"parent":33,"menu_order":0,"comment_status":"closed","ping_status":"closed","template":"","meta":{"jetpack_post_was_ever_published":false,"footnotes":""},"class_list":["post-412","page","type-page","status-publish","hentry"],"jetpack_sharing_enabled":true,"jetpack_shortlink":"https:\/\/wp.me\/P5MuF3-6E","_links":{"self":[{"href":"https:\/\/wp.ufpel.edu.br\/ich\/wp-json\/wp\/v2\/pages\/412","targetHints":{"allow":["GET"]}}],"collection":[{"href":"https:\/\/wp.ufpel.edu.br\/ich\/wp-json\/wp\/v2\/pages"}],"about":[{"href":"https:\/\/wp.ufpel.edu.br\/ich\/wp-json\/wp\/v2\/types\/page"}],"author":[{"embeddable":true,"href":"https:\/\/wp.ufpel.edu.br\/ich\/wp-json\/wp\/v2\/users\/332"}],"replies":[{"embeddable":true,"href":"https:\/\/wp.ufpel.edu.br\/ich\/wp-json\/wp\/v2\/comments?post=412"}],"version-history":[{"count":21,"href":"https:\/\/wp.ufpel.edu.br\/ich\/wp-json\/wp\/v2\/pages\/412\/revisions"}],"predecessor-version":[{"id":912,"href":"https:\/\/wp.ufpel.edu.br\/ich\/wp-json\/wp\/v2\/pages\/412\/revisions\/912"}],"up":[{"embeddable":true,"href":"https:\/\/wp.ufpel.edu.br\/ich\/wp-json\/wp\/v2\/pages\/33"}],"wp:attachment":[{"href":"https:\/\/wp.ufpel.edu.br\/ich\/wp-json\/wp\/v2\/media?parent=412"}],"curies":[{"name":"wp","href":"https:\/\/api.w.org\/{rel}","templated":true}]}}