{"id":74,"date":"2015-05-20T23:42:18","date_gmt":"2015-05-21T02:42:18","guid":{"rendered":"https:\/\/wp.ufpel.edu.br\/ib\/?page_id=74"},"modified":"2022-12-20T09:36:09","modified_gmt":"2022-12-20T12:36:09","slug":"hbitl","status":"publish","type":"page","link":"https:\/\/wp.ufpel.edu.br\/ib\/hbitl\/","title":{"rendered":"Horto Bot\u00e2nico Irm\u00e3o Teodoro Luis"},"content":{"rendered":"<p style=\"text-align: justify;\">\u00a0 \u00a0 \u00a0 \u00a0 \u00a0 \u00a0 \u00a0 \u00a0 \u00a0 \u00a0 <a href=\"https:\/\/drive.google.com\/file\/d\/1lIKhUy9hPB7z424NbdXgLO1Tqv7Ch2_a\/view?usp=share_link\" target=\"_blank\" rel=\"noopener\">\u00a0Irm\u00e3o Teodoro Luis<\/a>, de nome civil Ram\u00f3n Malagarriga y Heras, nascido na Espanha em 1904, Lassalista, foi professor e geobot\u00e2nico, Diretor do Instituto Geobiol\u00f3gico La Salle de Canoas\/RS e fundador do Jardim Bot\u00e2nico de Porto Alegre.<\/p>\n<p style=\"text-align: center;\"><a href=\"https:\/\/wp.ufpel.edu.br\/ib\/files\/2022\/12\/irmao_teodoro_luisHBITL.jpg\"><img class=\"alignnone size-medium wp-image-4013\" src=\"https:\/\/wp.ufpel.edu.br\/ib\/files\/2022\/12\/irmao_teodoro_luisHBITL-400x279.jpg\" alt=\"\" width=\"400\" height=\"279\" srcset=\"https:\/\/wp.ufpel.edu.br\/ib\/files\/2022\/12\/irmao_teodoro_luisHBITL-400x279.jpg 400w, https:\/\/wp.ufpel.edu.br\/ib\/files\/2022\/12\/irmao_teodoro_luisHBITL.jpg 448w\" sizes=\"(max-width: 400px) 100vw, 400px\" \/><\/a><\/p>\n<p style=\"text-align: justify;\">\u00a0 \u00a0 \u00a0 \u00a0 \u00a0 \u00a0 \u00a0 \u00a0Nos idos de 1940, Ir. Teodoro Luis chegou em Pelotas a convite do Instituto Agron\u00f4mico do Sul (IAS) para fundar a sua Se\u00e7\u00e3o de Bot\u00e2nica (c\u00e9lula <em>mater<\/em> do atual Departamento de Bot\u00e2nica do Instituto de Biologia da Universidade Federal de Pelotas).<\/p>\n<p style=\"text-align: justify;\">\u00a0 \u00a0 \u00a0 \u00a0 \u00a0 \u00a0 \u00a0 \u00a0 \u00a0Nesta \u00e9poca e sob sua responsabilidade uma \u00e1rea de floresta nos arredores do Instituto Agron\u00f4mico do Sul foi transformada em um local para visita\u00e7\u00e3o e lazer da popula\u00e7\u00e3o em geral, assim como para o desenvolvimento de atividades did\u00e1ticas. Criado em 1945 como Horto Florestal de Pelotas, passou a ser o Horto Bot\u00e2nico do Instituto Agron\u00f4mico do Sul. Durante o Congresso de Bot\u00e2nica ocorrido em Pelotas\/RS em 1972, ao nome do Horto Bot\u00e2nico foi agregado o do Irm\u00e3o Teodoro Luis, como reconhecimento pelo seu trabalho.<\/p>\n<p style=\"text-align: justify;\">\u00a0 \u00a0 \u00a0 \u00a0 \u00a0 \u00a0 \u00a0Prof. <a href=\"https:\/\/en.wikipedia.org\/wiki\/Jos%C3%A9_da_Costa_Sacco\" target=\"_blank\" rel=\"noopener\">Jos\u00e9 da<\/a> Costa Sacco que conviveu com o Teodoro Luis, relembra que o Irm\u00e3o tinha esp\u00edrito de um naturalista e amante da natureza, tinha a imensa preocupa\u00e7\u00e3o em preservar aquele local: \u201c<em>Ele tinha a natureza em suas m\u00e3os e se encantou por aquela \u00e1rea\u201d. Nas imedia\u00e7\u00f5es moravam fam\u00edlias dos trabalhadores do IAS, o local era chamado de vila oper\u00e1ria.<\/em> <a href=\"https:\/\/en.wikipedia.org\/wiki\/Jos%C3%A9_da_Costa_Sacco\" target=\"_blank\" rel=\"noopener\">Prof. Sacco<\/a> comenta que \u201c<em>a tend\u00eancia da gurizada era vir matar passarinhos, mas como os pais estavam aqui, conseguiu-se fazer um entrosamento da comunidade com esta mata, e criou-se um la\u00e7o de amor entre eles. Logo mais esses meninos come\u00e7aram a ajudar a preservar. Quando havia a possibilidade de fogo, por exemplo, tocava-se um sino para impedir que o inc\u00eandio acontecesse. De modo que, nos primeiros momentos, n\u00f3s tivemos uma verdadeira batalha para a preserva\u00e7\u00e3o\u201d. Para melhor tr\u00e2nsito dos visitantes, foram abertas \u201cavenidas\u201d, \u201cruas\u201d e \u201cpicadas\u201d, que dividiam a mata em setores ou \u201cbosques\u201d, onde, cada oper\u00e1rio era respons\u00e1vel por uma parcela da mata. A manuten\u00e7\u00e3o era feita para a recep\u00e7\u00e3o dos visitantes&#8221;.<\/em><\/p>\n<p style=\"text-align: justify;\">\u00a0 \u00a0 \u00a0 \u00a0 \u00a0 \u00a0 \u00a0 \u00a0 \u00a0De l\u00e1 para c\u00e1 a popula\u00e7\u00e3o local se refere principalmente ao \u201cmato da Bot\u00e2nica\u201d.<\/p>\n<p style=\"text-align: justify;\">\u00a0 \u00a0 \u00a0 \u00a0 \u00a0 \u00a0 \u00a0 \u00a0 \u00a0 \u00a0 Hoje, sob responsabilidade do <a href=\"https:\/\/wp.ufpel.edu.br\/ib\/db\/\" target=\"_blank\" rel=\"noopener\">Departamento de Bot\u00e2nica,<\/a> o Horto Bot\u00e2nico Irm\u00e3o Teodoro Luis \u00e9 uma \u00e1rea de preserva\u00e7\u00e3o permanente (APP) por localizar-se sobre paleoduna, ser rodeado de banhados e possuir esp\u00e9cies amea\u00e7adas de extin\u00e7\u00e3o, conforme o artigo 6 da Lei federal 12651\/2012, sendo proibida retirada de qualquer elemento do local. Ocupa cerca de 8 hectares, distantes aproximados 3 Km do Campus Cap\u00e3o do Le\u00e3o da UFPel.<\/p>\n<p style=\"text-align: justify;\">\u00a0 \u00a0 \u00a0 \u00a0 \u00a0 \u00a0 \u00a0 \u00a0 \u00a0No Horto est\u00e3o representados os principais tipos fision\u00f4micos florestais caracter\u00edsticos da regi\u00e3o: a Mata de Restinga Arenosa e a Mata de Restinga Paludosa.<\/p>\n<p style=\"text-align: justify;\">\u00a0 \u00a0 \u00a0 \u00a0 \u00a0 \u00a0 \u00a0 \u00a0 \u00a0 Destina-se \u00e0 pesquisa bem como \u00e0 visita\u00e7\u00e3o de alunos dos ensinos b\u00e1sico e universit\u00e1rio da regi\u00e3o de Pelotas e serve de habitat para m\u00faltiplas esp\u00e9cies.<\/p>\n<p style=\"text-align: justify;\"><u>Algumas refer\u00eancias ao Horto:<\/u><\/p>\n<p style=\"text-align: justify;\">Bojanoski, S. de F., Bachettini, A. L., &amp; Pereira, L. G. (2022). Acervos e cole\u00e7\u00f5es da Universidade Federal de Pelotas: identificar, conhecer e divulgar como pol\u00edtica de preserva\u00e7\u00e3o do patrim\u00f4nio universit\u00e1rio. Revista CPC, 17(33), 64-94. <a href=\"https:\/\/doi.org\/10.11606\/issn.1980-4466.v17i33p63-93\">https:\/\/doi.org\/10.11606\/issn.1980-4466.v17i33p63-93<\/a><\/p>\n<p style=\"text-align: justify;\">Guerra E, Streher NS &amp; L\u00fcdtke R (2015) Plantas trepadeiras do Horto Bot\u00e2nico Irm\u00e3o Teodoro Luis, sul do Rio Grande do Sul, Brasil. Revista brasileira de bioci\u00eancias 13: 201-209. <a href=\"https:\/\/www.researchgate.net\/publication\/292144895_Plantas_trepadeiras_do_Horto_Botanico_Irmao_Teodoro_Luis_sul_do_Rio_Grande_do_Sul_Brasil\">https:\/\/www.researchgate.net\/publication\/292144895_Plantas_trepadeiras_do_Horto_Botanico_Irmao_Teodoro_Luis_sul_do_Rio_Grande_do_Sul_Brasil<\/a><\/p>\n<p style=\"text-align: justify;\"><a href=\"http:\/\/ccs.ufpel.edu.br\/wp\/2011\/10\/20\/laboratorio-ao-ar-livre-horto-irmao-theodoro-luis-esconde-encantos\/\">http:\/\/ccs.ufpel.edu.br\/wp\/2011\/10\/20\/laboratorio-ao-ar-livre-horto-irmao-theodoro-luis-esconde-encantos\/<\/a><\/p>\n<p style=\"text-align: justify;\"><a href=\"http:\/\/florestaspampeanas.blogspot.com\/2014\/06\/florestas-pampeanas-ecologia-florestal.html?m=1\">http:\/\/florestaspampeanas.blogspot.com\/2014\/06\/florestas-pampeanas-ecologia-florestal.html?m=1<\/a><\/p>\n<p style=\"text-align: justify;\"><a href=\"https:\/\/pelotascultural.blogspot.com\/2010\/02\/ufpel-no-tempo-mostra-documentaria.html\">https:\/\/pelotascultural.blogspot.com\/2010\/02\/ufpel-no-tempo-mostra-documentaria.html<\/a><\/p>\n<p style=\"text-align: justify;\"><a href=\"https:\/\/ecult.com.br\/topo\/ufpel-no-tempo-mostra-documentaria\">https:\/\/ecult.com.br\/topo\/ufpel-no-tempo-mostra-documentaria<\/a><\/p>\n<p style=\"text-align: justify;\"><a href=\"http:\/\/professorjoaquimdias.blogspot.com\/2015\/08\/horto-botanico-irmao-teodoro-luis.html?m=1\" target=\"_blank\" rel=\"noopener\">http:\/\/professorjoaquimdias.blogspot.com\/2015\/08\/horto-botanico-irmao-teodoro-luis.html?m=1<\/a><\/p>\n<p style=\"text-align: justify;\"><a href=\"http:\/\/Teodoro Luis, Ir. &amp; Bertels, A. Horto Bot\u00e2nico do Instituto Agron\u00f4mico do Sul (Pelotas): Guia de. Visitantes. Pelotas: Ed. IAS, 1951. 93 p.\">Teodoro Luis, Ir. &amp; Bertels, A. Horto Bot\u00e2nico do Instituto Agron\u00f4mico do Sul (Pelotas): Guia de. Visitantes. Pelotas: Ed. IAS, 1951. 93 p.<\/a><\/p>\n<p style=\"text-align: justify;\"><span style=\"background-color: #ffff00;\"><u>Funcionamento<\/u>:<\/span><\/p>\n<p style=\"text-align: justify;\">A visita\u00e7\u00e3o ao Horto Bot\u00e2nico poder\u00e1 ser agendada atrav\u00e9s de sua coordenadora profa. \u00c9len Nunes Garcia pelo e-mail <a href=\"mailto:professoraelenbotanica@gmail.com\">professoraelenbotanica@gmail.com<\/a><\/p>\n<p style=\"text-align: justify;\"><span style=\"background-color: #ffff00;\"><u>Instagram<\/u>:<\/span><\/p>\n<p style=\"text-align: justify;\">@hortobotanicoufpel<\/p>\n<p><strong>Sites com outras\u00a0 informa\u00e7\u00f5es e publica\u00e7\u00f5es<\/strong><\/p>\n<p><a href=\"https:\/\/biopedagogia.webnode.com.br\/news\/horto-bot%C3%A2nico-irm%C3%A3o-teodoro-luis\/\" target=\"_blank\" rel=\"noopener\">https:\/\/biopedagogia.webnode.com.br\/news\/horto-bot%C3%A2nico-irmhttps:\/\/collections-botany.fieldmuseum.org\/catalogue\/2966804%C3%A3o-teodoro-luis\/<\/a><\/p>\n<p><a href=\"https:\/\/collections-botany.fieldmuseum.org\/catalogue\/2966804\" target=\"_blank\" rel=\"noopener\">https:\/\/collections-botany.fieldmuseum.org\/catalogue\/2966804<\/a><\/p>\n<p><a href=\"https:\/\/www.researchgate.net\/figure\/FIGURA-1-Localizacao-do-Horto-Botanico-Irmao-Teodoro-Luis-314858-S-522555-W_fig1_301219679\" target=\"_blank\" rel=\"noopener\">https:\/\/www.researchgate.net\/figure\/FIGURA-1-Localizacao-do-Horto-Botanico-Irmao-Teodoro-Luis-314858-S-522555-W_fig1_301219679<\/a><\/p>\n<p><a href=\"https:\/\/www.researchgate.net\/figure\/Location-of-the-Horto-Botanico-Irmao-Teodoro-Luis-HBITL-a-Map-of-South-America-with_fig1_301708360\" target=\"_blank\" rel=\"noopener\">https:\/\/www.researchgate.net\/figure\/Location-of-the-Horto-Botanico-Irmao-Teodoro-Luis-HBITL-a-Map-of-South-America-with_fig1_301708360<\/a><\/p>\n<p><a href=\"https:\/\/buscaintegrada.ufrj.br\/Record\/aleph-UFR01-000205834\/Similar\" target=\"_blank\" rel=\"noopener\">https:\/\/buscaintegrada.ufrj.br\/Record\/aleph-UFR01-000205834\/Similar<\/a><\/p>\n<p><a href=\"http:\/\/www.cwaclipping.net\/sistema\/cliente\/materia?security=8361c8537200.4326146.7621923\" target=\"_blank\" rel=\"noopener\">http:\/\/www.cwaclipping.net\/sistema\/cliente\/materia?security=8361c8537200.4326146.7621923<\/a><\/p>\n<p style=\"text-align: justify;\"><a href=\"https:\/\/drive.google.com\/file\/d\/1CzjTQLfvpMXRrDaad0h5arQxu75kvIMg\/view?usp=share_link\" target=\"_blank\" rel=\"noopener\">LEVANTAMENTO DE ESP\u00c9CIES DE INSETOS VETORES DE POTENCIAL IMPORT\u00c2NCIA M\u00c9DICA E VETERIN\u00c1RIA NO MUNIC\u00cdPIO DE CAP\u00c3O DO LE\u00c3O, RS<\/a><\/p>\n<p style=\"text-align: justify;\"><a href=\"https:\/\/drive.google.com\/file\/d\/1RhMzarL3tmZidMoHSgMi2W_1CxA0Mc4y\/view?usp=share_link\" target=\"_blank\" rel=\"noopener\">ENTOMOFAUNA ASSOCIADA \u00c0 PLANTA INVASORA Asparagus setaceus<\/a><br \/>\n(Kunth) Jessop no Horto Bot\u00e2nico Irm\u00e3o Teodoro Lu\u00eds, CAP\u00c3O DO LE\u00c3O,<br \/>\nRS<\/p>\n<p style=\"text-align: justify;\"><a href=\"https:\/\/drive.google.com\/file\/d\/1ixPIBJM8q0WWIdkt9XYNSQwHyTRz7oBq\/view?usp=share_link\" target=\"_blank\" rel=\"noopener\">A Rela\u00e7\u00e3o Entre o <em>Asparagus setaceus<\/em> e a Artropodofauna de solo do Horto<\/a><br \/>\nBot\u00e2nico Irm\u00e3o Teodoro Luis<\/p>\n<p style=\"text-align: justify;\"><a href=\"https:\/\/drive.google.com\/file\/d\/1kztlEJFDwrvsTnyEsHyjDmNQof6fNuyT\/view?usp=share_link\" target=\"_blank\" rel=\"noopener\">Flower-breeding-drosophilid-plant-network-from-Horto-Botanico-Irmao-Teodoro-Luis<\/a><\/p>\n<p style=\"text-align: justify;\"><a href=\"https:\/\/drive.google.com\/file\/d\/1v1L3qWNaqmDkqLmYQuno_bTL8Cs_PjDj\/view?usp=share_link\" target=\"_blank\" rel=\"noopener\">Borboletas frug\u00edvoras (Lepidoptera: Nymphalidae) no Horto Bot\u00e2nico Irm\u00e3o Teodoro Luis, Cap\u00e3o do Le\u00e3o, Rio Grande do Sul, Brasil<\/a><\/p>\n<p style=\"text-align: justify;\"><a href=\"https:\/\/drive.google.com\/file\/d\/1OslL-sKktAE8mr3pTsKtMbSO45uw5Er9\/view?usp=share_link\" target=\"_blank\" rel=\"noopener\">Plantas trepadeiras do Horto Bot\u00e2nico Irm\u00e3o Teodoro Luis, sul do Rio Grande<\/a><br \/>\ndo Sul, Brasil<\/p>\n<p>&nbsp;<\/p>\n<p>&nbsp;<\/p>\n","protected":false},"excerpt":{"rendered":"<p>\u00a0 \u00a0 \u00a0 \u00a0 \u00a0 \u00a0 \u00a0 \u00a0 \u00a0 \u00a0 \u00a0Irm\u00e3o Teodoro Luis, de nome civil Ram\u00f3n Malagarriga y Heras, nascido na Espanha em 1904, Lassalista, foi professor e geobot\u00e2nico, Diretor do Instituto Geobiol\u00f3gico La Salle de Canoas\/RS e fundador do Jardim Bot\u00e2nico de Porto Alegre. \u00a0 \u00a0 \u00a0 \u00a0 \u00a0 \u00a0 \u00a0 \u00a0Nos idos [&hellip;]<\/p>\n","protected":false},"author":488,"featured_media":0,"parent":0,"menu_order":0,"comment_status":"closed","ping_status":"closed","template":"","meta":{"jetpack_post_was_ever_published":false,"footnotes":""},"class_list":["post-74","page","type-page","status-publish","hentry"],"jetpack_sharing_enabled":true,"jetpack_shortlink":"https:\/\/wp.me\/P6S2gY-1c","_links":{"self":[{"href":"https:\/\/wp.ufpel.edu.br\/ib\/wp-json\/wp\/v2\/pages\/74","targetHints":{"allow":["GET"]}}],"collection":[{"href":"https:\/\/wp.ufpel.edu.br\/ib\/wp-json\/wp\/v2\/pages"}],"about":[{"href":"https:\/\/wp.ufpel.edu.br\/ib\/wp-json\/wp\/v2\/types\/page"}],"author":[{"embeddable":true,"href":"https:\/\/wp.ufpel.edu.br\/ib\/wp-json\/wp\/v2\/users\/488"}],"replies":[{"embeddable":true,"href":"https:\/\/wp.ufpel.edu.br\/ib\/wp-json\/wp\/v2\/comments?post=74"}],"version-history":[{"count":12,"href":"https:\/\/wp.ufpel.edu.br\/ib\/wp-json\/wp\/v2\/pages\/74\/revisions"}],"predecessor-version":[{"id":4020,"href":"https:\/\/wp.ufpel.edu.br\/ib\/wp-json\/wp\/v2\/pages\/74\/revisions\/4020"}],"wp:attachment":[{"href":"https:\/\/wp.ufpel.edu.br\/ib\/wp-json\/wp\/v2\/media?parent=74"}],"curies":[{"name":"wp","href":"https:\/\/api.w.org\/{rel}","templated":true}]}}