{"id":66,"date":"2015-05-20T22:55:10","date_gmt":"2015-05-21T01:55:10","guid":{"rendered":"https:\/\/wp.ufpel.edu.br\/ib\/?page_id=66"},"modified":"2026-02-11T16:22:29","modified_gmt":"2026-02-11T19:22:29","slug":"demp","status":"publish","type":"page","link":"https:\/\/wp.ufpel.edu.br\/ib\/demp\/","title":{"rendered":"Departamento de Microbiologia e Parasitologia"},"content":{"rendered":"<p><strong>Localiza\u00e7\u00e3o:<\/strong> Travessa Andr\u00e9 <a href=\"https:\/\/pt.wikipedia.org\/wiki\/Andr%C3%A9_Dreyfus\">Dreyfus,<\/a> s\/n, Pr\u00e9dios 18 e 25, Campus Universit\u00e1rio do Cap\u00e3o do Le\u00e3o &#8211; CEP 96010-900<\/p>\n<p><strong>Telefone:\u00a0<\/strong>+55 53 3275-7338<\/p>\n<p>&nbsp;<\/p>\n<p><strong>Docentes<\/strong><\/p>\n<p><a href=\"http:\/\/lattes.cnpq.br\/0271753978565496\" target=\"_blank\" rel=\"noopener noreferrer\">Albino Magalh\u00e3es Neto<\/a><\/p>\n<p><a href=\"http:\/\/lattes.cnpq.br\/1941779171577622\" target=\"_blank\" rel=\"noopener noreferrer\">Anelise Vicentini Kuss<\/a><strong> (Aposentadoria PORTARIA n\u00ba 1984\/2019 de 24\/07\/2019)<\/strong><\/p>\n<p><a href=\"http:\/\/lattes.cnpq.br\/1309395007961788\">Camila Belmonte Oliveira<\/a><\/p>\n<p><a href=\"http:\/\/lattes.cnpq.br\/0131111340559161\" target=\"_blank\" rel=\"noopener noreferrer\">Daiane Drawanz Hartwig<\/a><\/p>\n<p><a href=\"http:\/\/lattes.cnpq.br\/3382450720179401\" target=\"_blank\" rel=\"noopener noreferrer\">Daniela Isabel Brayer Pereira<\/a><\/p>\n<p><a href=\"http:\/\/lattes.cnpq.br\/0533882976768497\" target=\"_blank\" rel=\"noopener noreferrer\">Dulcinea Blum Menezes<\/a><\/p>\n<p><a href=\"https:\/\/wp.ufpel.edu.br\/ib\/eduardo-bernardi\/\" target=\"_blank\" rel=\"noopener noreferrer\">Eduardo Bernardi<\/a><\/p>\n<p><a href=\"http:\/\/lattes.cnpq.br\/2776978899717159\" target=\"_blank\" rel=\"noopener noreferrer\">\u00c9lvia Elena Silveira Vianna<\/a> <strong>(Aposentadoria\u00a0 <a href=\"https:\/\/drive.google.com\/file\/d\/1a8hvSpS2ojwm2yvXa6pM1GhXF_RBgiee\/view?usp=sharing\" target=\"_blank\" rel=\"noopener noreferrer\">PORTARIA N\u00ba. 326 de 24 de fevereiro de 2021.<\/a>)<\/strong><\/p>\n<p><a href=\"https:\/\/wp.ufpel.edu.br\/ib\/francele-de-abreu-carlan\/\" target=\"_blank\" rel=\"noopener noreferrer\">Francele de Abreu Carlan<\/a><\/p>\n<p><a href=\"http:\/\/lattes.cnpq.br\/6723887537542830\" target=\"_blank\" rel=\"noopener\">Gabriela de Almeida Capella<\/a> (PORTARIA DE PESSOAL N\u00ba 0416\/UFPEL, DE 10 DE FEVEREIRO DE 2026 <a href=\"https:\/\/docs.ufpel.edu.br\/index.php\/s\/Qfp94XMtjqG6xAw\" target=\"_blank\" rel=\"noopener\">SEI 3650208<\/a>)<\/p>\n<p><a href=\"http:\/\/lattes.cnpq.br\/7061100485275587\" target=\"_blank\" rel=\"noopener noreferrer\">Gertrud M\u00fcller Antunes<\/a><strong> (Exonerada a pedido &#8211;<a href=\"https:\/\/sei.ufpel.edu.br\/sei\/publicacoes\/controlador_publicacoes.php?acao=publicacao_visualizar&amp;id_documento=1733958&amp;id_orgao_publicacao=0\" target=\"_blank\" rel=\"noopener\"> PORTARIA N\u00ba 2040<\/a>, de 09 DE DEZEMBRO DE 2021)<\/strong><\/p>\n<p><a href=\"http:\/\/lattes.cnpq.br\/7676726209886189\" target=\"_blank\" rel=\"noopener noreferrer\">Gladis Aver Ribeiro<\/a><strong> (Aposentadoria <a href=\"https:\/\/drive.google.com\/file\/d\/1rSfDk250hSvqJL3wYqxD_2SfEFXAewm2\/view?usp=sharing\" target=\"_blank\" rel=\"noopener noreferrer\">PORTARIA N\u00ba 379, DE 26 DE FEVEREIRO DE 2020<\/a>)<\/strong><\/p>\n<p><a href=\"http:\/\/lattes.cnpq.br\/3241705092374997\" target=\"_blank\" rel=\"noopener\">Leda Margarita Castano Barrios<\/a> &#8211; (Nomea\u00e7\u00e3o PORTARIA de Pessoal N\u00b0 2397\/UFPEL, de 29 de junho de 2023 e Portaria DOU 2240843; Portaria 2895, SEI 2285499)<\/p>\n<p><a href=\"http:\/\/lattes.cnpq.br\/4983517606891540\" target=\"_blank\" rel=\"noopener\">Luciana Laitano Dias de Castro<\/a> (Nomea\u00e7\u00e3o PORTARIA DE PESSOAL N\u00ba 7145\/UFPEL, DE 09 DE DEZEMBRO DE 2025, SEI 3540628, posse em 07\/01\/2026)<\/p>\n<p><a href=\"http:\/\/lattes.cnpq.br\/5484136577302230\" target=\"_blank\" rel=\"noopener noreferrer\">Marcos Marreiro Villela\u00a0<\/a> <strong>(sem v\u00ednculo)<\/strong><\/p>\n<p><a href=\"http:\/\/lattes.cnpq.br\/5870589702797914\" target=\"_blank\" rel=\"noopener noreferrer\">Maria Elisabeth Aires Berne<\/a><\/p>\n<p><a href=\"http:\/\/lattes.cnpq.br\/1297914323669244\" target=\"_blank\" rel=\"noopener noreferrer\">Nara Amelia da Rosa Farias<\/a> (<strong>Aposentadoria &#8211; PORTARIA DE PESSOAL N\u00ba 6.544\/UFPEL, DE 28 DE OUTUBRO DE 2025, SEI 3428013)<\/strong><\/p>\n<p><a href=\"http:\/\/lattes.cnpq.br\/8802389441638000\" target=\"_blank\" rel=\"noopener\">Nat\u00e1lia Berne Pinheiro<\/a>\u00a0 (Nomea\u00e7\u00e3o PORTARIA de Pessoal de Pessoal N\u00ba 2.388\/UFPEL, de 29 de junho de 2023 <a id=\"anchor2519416\" href=\"https:\/\/sei.ufpel.edu.br\/sei\/controlador.php?acao=arvore_visualizar&amp;acao_origem=procedimento_visualizar&amp;id_procedimento=2485295&amp;id_documento=2519416&amp;infra_sistema=100000100&amp;infra_unidade_atual=110000218&amp;infra_hash=fb4ad4911f00f630528f76a475271b262299afb301ef6ae77fb94fe2e8960b88\" target=\"ifrVisualizacao\" rel=\"noopener\"><span id=\"span2519416\" class=\"infraArvoreNoVisitado\" title=\"Portaria 2396 (2239827)\">(SEI 2239827)<\/span><\/a><\/p>\n<p><a href=\"http:\/\/lattes.cnpq.br\/0374717224804681\" target=\"_blank\" rel=\"noopener\">Nathieli Bianchin Bottari\u00a0<\/a> &#8211;\u00a0 (Nomea\u00e7\u00e3o PORTARIA de Pessoal N\u00ba. 2397\/UFPEL, de 29 de junho de 2023, SEI 2239828 e Portaria DOU, SEI 2240843; Portaria de Pessoal N\u00b0 2895\/UFPEL, de 04 de agosto de 2023, SEI 2285499)<\/p>\n<p><a href=\"http:\/\/lattes.cnpq.br\/3560823637748071\" target=\"_blank\" rel=\"noopener noreferrer\">Patricia da Silva Nascente<\/a><\/p>\n<p><a href=\"http:\/\/lattes.cnpq.br\/3046410917558953\" target=\"_blank\" rel=\"noopener\">Renan de Almeida Barbosa<\/a> (professor substituto educa\u00e7\u00e3o contrato 17 de junho de 2025 e t\u00e9rmino em 16 de junho de 2026,)<\/p>\n<p><a href=\"http:\/\/lattes.cnpq.br\/3025226898731035\" target=\"_blank\" rel=\"noopener noreferrer\">Robledo Lima Gil<\/a><\/p>\n<p><a href=\"http:\/\/lattes.cnpq.br\/9058637936801168\" target=\"_blank\" rel=\"noopener noreferrer\">Rodrigo Ferreira Kr\u00fcger<\/a><\/p>\n<p>&nbsp;<\/p>\n<p><strong>T\u00e9cnicos Administrativos<\/strong><\/p>\n<p><a href=\"http:\/\/lattes.cnpq.br\/4924123114539521\" target=\"_blank\" rel=\"noopener\">Diamela Ribeiro Coelho<\/a> &#8211; <a id=\"anchor3849035\" class=\"infraArvoreNo\" href=\"https:\/\/sei.ufpel.edu.br\/sei\/controlador.php?acao=arvore_visualizar&amp;acao_origem=procedimento_visualizar&amp;id_procedimento=3800231&amp;id_documento=3849035&amp;infra_sistema=100000100&amp;infra_unidade_atual=110000218&amp;infra_hash=bab2ec3e29c74a018fc77fe6176ee58338ebfd63d7cdab85c964ab448cb4fa1a\" target=\"ifrConteudoVisualizacao\"><span id=\"span3849035\" class=\"noVisitado\">Portaria DOU Nomea\u00e7\u00e3o Di\u00e2mela (3446473)<\/span><\/a> <a id=\"anchor3800231\" class=\"infraArvoreNo\" title=\"Pessoal: Nomea\u00e7\u00e3o\" href=\"https:\/\/sei.ufpel.edu.br\/sei\/controlador.php?acao=arvore_visualizar&amp;acao_origem=procedimento_visualizar&amp;id_procedimento=3800231&amp;infra_sistema=100000100&amp;infra_unidade_atual=110000218&amp;infra_hash=53b872d971de0eb2e34f1923e02229f06bbd705eeb9fdf96453ec1ecd494f0e8\" target=\"ifrVisualizacao\"><span id=\"span3800231\" class=\"noVisitado\">23110.039627\/2025-75<\/span><\/a><\/p>\n<p><a href=\"https:\/\/institucional.ufpel.edu.br\/servidores\/siape\/1279309\">Estefani Tavares Jansen<\/a> <strong>(Relotada IFSUL)<\/strong><\/p>\n<p><a href=\"http:\/\/lattes.cnpq.br\/1589938422855214\">F\u00e1bio Leonardi Recuero Garcia\u00a0<\/a> <strong>(Relotado NF &#8211; PROGEP)<\/strong><\/p>\n<p><a href=\"http:\/\/lattes.cnpq.br\/2879333778197266\" target=\"_blank\" rel=\"noopener\">Jean Piraine Souza<\/a> PORTARIA DE PESSOAL N\u00ba 6.112\/UFPEL, DE 1\u00ba DE OUTUBRO DE 2025 <a id=\"anchor3738109\" class=\"infraArvoreNo\" href=\"https:\/\/sei.ufpel.edu.br\/sei\/controlador.php?acao=arvore_visualizar&amp;acao_origem=procedimento_visualizar&amp;id_procedimento=3680087&amp;id_documento=3738109&amp;infra_sistema=100000100&amp;infra_unidade_atual=110000218&amp;infra_hash=87046056e45fcb68b24ae7eeb7375014f940c803ca524ae78c69d6b94a793f24\" target=\"ifrConteudoVisualizacao\"><span id=\"span3738109\" class=\"infraArvoreNoSelecionado\">(3344665)<\/span><\/a> Vac\u00e2ncia<\/p>\n<p><a href=\"http:\/\/lattes.cnpq.br\/9857393831151014\">Karine Massia Pereir<\/a>a <strong>(Concursada FURG)<\/strong><\/p>\n<p><a href=\"http:\/\/lattes.cnpq.br\/8434877586019417\" target=\"_blank\" rel=\"noopener noreferrer\">Luiz Carlos Boemeke Junior<\/a><\/p>\n<p><a href=\"http:\/\/lattes.cnpq.br\/4206156257342544\" target=\"_blank\" rel=\"noopener noreferrer\">Maria Antonieta Machado Pereira da Silva<\/a> <strong>(Aposentadoria 2019)<\/strong><\/p>\n<p><a href=\"http:\/\/lattes.cnpq.br\/2854899054625119\" target=\"_blank\" rel=\"noopener noreferrer\">Mateus Tavares Kutter<\/a><\/p>\n<p>&nbsp;<\/p>\n<p><strong>Chefe<\/strong><\/p>\n<p style=\"text-align: justify;\"><a href=\"http:\/\/lattes.cnpq.br\/0271753978565496\" target=\"_blank\" rel=\"noopener noreferrer\">Albino Magalh\u00e3es Neto<\/a> (DOU &#8211; <strong>Portaria de Pessoal N\u00ba 3.294\/UFPEL<\/strong>, de 1\u00ba de setembro de 2023 &#8211; SEI 2332270;\u00a0 Pr\u00f3-Tempore &#8211; PORTARIA DE PESSOAL N\u00ba 1.093\/UFPEL, DE 10 DE ABRIL DE 2023, <a id=\"anchor3740783\" class=\"infraArvoreNo\" href=\"https:\/\/sei.ufpel.edu.br\/sei\/controlador.php?acao=arvore_visualizar&amp;acao_origem=procedimento_visualizar&amp;id_procedimento=3695007&amp;id_documento=3740783&amp;infra_sistema=100000100&amp;infra_unidade_atual=110000218&amp;infra_hash=92690c494f00d027a9ade1e554d96f645c335e8845d303f844ca4cfadf29552d\" target=\"ifrConteudoVisualizacao\"><span id=\"span3740783\" class=\"infraArvoreNoSelecionado\">Portaria 6119 DOU (3347095)<\/span><\/a> Pro-tempore; <a id=\"anchor2391524\" href=\"https:\/\/sei.ufpel.edu.br\/sei\/controlador.php?acao=arvore_visualizar&amp;acao_origem=procedimento_visualizar&amp;id_procedimento=2341853&amp;id_documento=2391524&amp;infra_sistema=100000100&amp;infra_unidade_atual=110000218&amp;infra_hash=064a5e2c86a9c0a1a7681f013cf053bd1dab71a8750ebad7a06dc3f97bb0095d\" target=\"ifrVisualizacao\" rel=\"noopener\"><span id=\"span2391524\" class=\"infraArvoreNoVisitado\" title=\"Portaria 1093 DOU (2123920)\">Portaria 1093 DOU (2123920)<\/span><\/a> <a id=\"anchor3740791\" class=\"infraArvoreNo\" href=\"https:\/\/sei.ufpel.edu.br\/sei\/controlador.php?acao=arvore_visualizar&amp;acao_origem=procedimento_visualizar&amp;id_procedimento=3695007&amp;id_documento=3740791&amp;infra_sistema=100000100&amp;infra_unidade_atual=110000218&amp;infra_hash=0e101bb9bdeed97f7785be66d8364fea4db6a77bb2fdff2ba9f61a95b3eb511d\" target=\"ifrConteudoVisualizacao\"><span id=\"span3740791\" class=\"infraArvoreNoSelecionado\">Portaria 6125 DOU (3347103)<\/span><\/a> de 1\/10\/2025<\/p>\n<p><strong>Subchefe<\/strong><\/p>\n<p>Profa. Daiane Drawanz Hartwig &#8211; Subchefe do Departamento de Microbiologia e Parasitologia (Portaria de Pessoal N\u00ba 3295\/UFPEL, de 01 de setembro de 2023 &#8211; SEI 2329902); <a id=\"anchor3743007\" class=\"infraArvoreNo\" href=\"https:\/\/sei.ufpel.edu.br\/sei\/controlador.php?acao=arvore_visualizar&amp;acao_origem=procedimento_visualizar&amp;id_procedimento=3695007&amp;id_documento=3743007&amp;infra_sistema=100000100&amp;infra_unidade_atual=110000218&amp;infra_hash=140cd7986116325e4d9eb4961bc71907c3a2aa5fc7029c4311d6f0878c48e1d7\" target=\"ifrConteudoVisualizacao\"><span id=\"span3743007\" class=\"infraArvoreNoSelecionado\">Portaria 6152 (3349123)<\/span><\/a> &#8211; Pr\u00f3-tempore;\u00a0\u00a0<a id=\"anchor3740791\" class=\"infraArvoreNo\" href=\"https:\/\/sei.ufpel.edu.br\/sei\/controlador.php?acao=arvore_visualizar&amp;acao_origem=procedimento_visualizar&amp;id_procedimento=3695007&amp;id_documento=3740791&amp;infra_sistema=100000100&amp;infra_unidade_atual=110000218&amp;infra_hash=0e101bb9bdeed97f7785be66d8364fea4db6a77bb2fdff2ba9f61a95b3eb511d\" target=\"ifrConteudoVisualizacao\"><span id=\"span3740791\" class=\"infraArvoreNoSelecionado\">Portaria 6125 DOU (3347103)<\/span><\/a> de 3\/10\/2025; <a id=\"anchor3743009\" class=\"infraArvoreNo\" href=\"https:\/\/sei.ufpel.edu.br\/sei\/controlador.php?acao=arvore_visualizar&amp;acao_origem=procedimento_visualizar&amp;id_procedimento=3695007&amp;id_documento=3743009&amp;infra_sistema=100000100&amp;infra_unidade_atual=110000218&amp;infra_hash=8f0fc7a7a1c7780a38d05f77d518c174f4b8d15605f3bde96c78c65ca58909b2\" target=\"ifrConteudoVisualizacao\"><span id=\"span3743009\" class=\"infraArvoreNoSelecionado\">Portaria 6153 (3349125)<\/span><\/a> de 3\/10\/2025<\/p>\n<p><strong>Chefe Substituto Eventual<\/strong><\/p>\n<p>&nbsp;<\/p>\n<p>&nbsp;<\/p>\n<p><strong>Secret\u00e1rio<\/strong><\/p>\n<p><a href=\"https:\/\/institucional.ufpel.edu.br\/servidores\/siape\/2328481\" target=\"_blank\" rel=\"noopener\">Mauro Francisco Buss Filho<\/a><\/p>\n<p>&nbsp;<\/p>\n<p>&nbsp;<\/p>\n","protected":false},"excerpt":{"rendered":"<p>Localiza\u00e7\u00e3o: Travessa Andr\u00e9 Dreyfus, s\/n, Pr\u00e9dios 18 e 25, Campus Universit\u00e1rio do Cap\u00e3o do Le\u00e3o &#8211; CEP 96010-900 Telefone:\u00a0+55 53 3275-7338 &nbsp; Docentes Albino Magalh\u00e3es Neto Anelise Vicentini Kuss (Aposentadoria PORTARIA n\u00ba 1984\/2019 de 24\/07\/2019) Camila Belmonte Oliveira Daiane Drawanz Hartwig Daniela Isabel Brayer Pereira Dulcinea Blum Menezes Eduardo Bernardi \u00c9lvia Elena Silveira Vianna (Aposentadoria\u00a0 [&hellip;]<\/p>\n","protected":false},"author":488,"featured_media":0,"parent":0,"menu_order":0,"comment_status":"closed","ping_status":"closed","template":"","meta":{"jetpack_post_was_ever_published":false,"footnotes":""},"class_list":["post-66","page","type-page","status-publish","hentry"],"jetpack_sharing_enabled":true,"jetpack_shortlink":"https:\/\/wp.me\/P6S2gY-14","_links":{"self":[{"href":"https:\/\/wp.ufpel.edu.br\/ib\/wp-json\/wp\/v2\/pages\/66","targetHints":{"allow":["GET"]}}],"collection":[{"href":"https:\/\/wp.ufpel.edu.br\/ib\/wp-json\/wp\/v2\/pages"}],"about":[{"href":"https:\/\/wp.ufpel.edu.br\/ib\/wp-json\/wp\/v2\/types\/page"}],"author":[{"embeddable":true,"href":"https:\/\/wp.ufpel.edu.br\/ib\/wp-json\/wp\/v2\/users\/488"}],"replies":[{"embeddable":true,"href":"https:\/\/wp.ufpel.edu.br\/ib\/wp-json\/wp\/v2\/comments?post=66"}],"version-history":[{"count":4,"href":"https:\/\/wp.ufpel.edu.br\/ib\/wp-json\/wp\/v2\/pages\/66\/revisions"}],"predecessor-version":[{"id":5996,"href":"https:\/\/wp.ufpel.edu.br\/ib\/wp-json\/wp\/v2\/pages\/66\/revisions\/5996"}],"wp:attachment":[{"href":"https:\/\/wp.ufpel.edu.br\/ib\/wp-json\/wp\/v2\/media?parent=66"}],"curies":[{"name":"wp","href":"https:\/\/api.w.org\/{rel}","templated":true}]}}