{"id":63,"date":"2015-05-20T22:54:32","date_gmt":"2015-05-21T01:54:32","guid":{"rendered":"https:\/\/wp.ufpel.edu.br\/ib\/?page_id=63"},"modified":"2026-03-26T10:30:18","modified_gmt":"2026-03-26T13:30:18","slug":"dm","status":"publish","type":"page","link":"https:\/\/wp.ufpel.edu.br\/ib\/dm\/","title":{"rendered":"Departamento de Morfologia"},"content":{"rendered":"<p><strong>Localiza\u00e7\u00e3o:\u00a0<\/strong>Pr\u00e9dio da Morfologia, Campus da Faculdade de Medicina, Avenida Duque de Caxias, 250 &#8211; Fragata, Pelotas , e pr\u00e9dio 24, Travessa Andr\u00e9 <a href=\"https:\/\/pt.wikipedia.org\/wiki\/Andr%C3%A9_Dreyfus\">Dreyfus,<\/a> s\/n, Campus Universit\u00e1rio do Cap\u00e3o do Le\u00e3o<\/p>\n<p><strong>Telefone:<\/strong> +55 53 3310 1808 (Campus FaMed), 3310 1810 (Histologia), +55 53 3275-7339 (Campus Cap\u00e3o do Le\u00e3o)<\/p>\n<p><strong>Docentes<\/strong><\/p>\n<p><a href=\"http:\/\/lattes.cnpq.br\/7708030960530044\" target=\"_blank\" rel=\"noopener noreferrer\">Ademar Fonseca<\/a> <strong>(Aposentadoria 30\/06\/2023; <a id=\"anchor2519905\" href=\"https:\/\/sei.ufpel.edu.br\/sei\/controlador.php?acao=arvore_visualizar&amp;acao_origem=procedimento_visualizar&amp;id_procedimento=2519904&amp;id_documento=2519905&amp;infra_sistema=100000100&amp;infra_unidade_atual=110000218&amp;infra_hash=91a57b443d7e4623e7841b9f63a827d56b2bd09bdb86d7ec75ca7052236deef6\" target=\"ifrVisualizacao\" rel=\"noopener\"><span id=\"span2519905\" title=\"Portaria Di\u00e1rio Oficial da Uni\u00e3o (2240266)\">Portaria Di\u00e1rio Oficial da Uni\u00e3o (SEI 2240266)<\/span><\/a><\/strong><\/p>\n<p><a href=\"http:\/\/lattes.cnpq.br\/1543621618097168\" target=\"_blank\" rel=\"noopener\">Aline Longoni dos Santos<\/a> (Prof. Substituta in\u00edcio em 06\/08\/2021 a 06\/08\/2023)<\/p>\n<p><a href=\"http:\/\/lattes.cnpq.br\/2856380999626227\" target=\"_blank\" rel=\"noopener noreferrer\">Alisson Andr\u00e9 Robe Fonseca<\/a><\/p>\n<p><a href=\"http:\/\/lattes.cnpq.br\/0072597586528754\" target=\"_blank\" rel=\"noopener noreferrer\">Althen Teixeira Filho<\/a><\/p>\n<p><a href=\"http:\/\/lattes.cnpq.br\/6364339737843541\" target=\"_blank\" rel=\"noopener noreferrer\">Ana Luisa Schifino Valente<\/a><\/p>\n<p><a href=\"http:\/\/lattes.cnpq.br\/6567059436768963\" target=\"_blank\" rel=\"noopener noreferrer\">Ana Paula Nunes<\/a><\/p>\n<p><a href=\"http:\/\/lattes.cnpq.br\/1768839485151839\">Ana Paula Pesarico<\/a> (Prof. Substituta in\u00edcio 20\/03\/2019 a 08\/03\/2020)<\/p>\n<p><a href=\"http:\/\/lattes.cnpq.br\/9574407543164238\">Anelise Levay Murari<\/a> (Reloca\u00e7\u00e3o na UFSM)<\/p>\n<p><a href=\"http:\/\/lattes.cnpq.br\/0985788323443613\" target=\"_blank\" rel=\"noopener noreferrer\">Ant\u00f4nio C\u00e9sar Bortowiski Rosa Leites<\/a> <strong>(Aposentadoria PORTARIA N\u00ba <a href=\"https:\/\/sei.ufpel.edu.br\/sei\/publicacoes\/controlador_publicacoes.php?acao=publicacao_visualizar&amp;id_documento=1454204&amp;id_orgao_publicacao=0\" target=\"_blank\" rel=\"noopener\">692,<\/a> de 27\/04\/2021)<\/strong><\/p>\n<p><a href=\"http:\/\/lattes.cnpq.br\/4901540247314716\" target=\"_blank\" rel=\"noopener noreferrer\">Carlos Alberto Alves Tavares<\/a> <span style=\"font-family: 'Georgia',serif; color: #333333;\"> (Aposentadoria Portaria <a href=\"https:\/\/sei.ufpel.edu.br\/sei\/publicacoes\/controlador_publicacoes.php?acao=publicacao_visualizar&amp;id_documento=1850318&amp;id_orgao_publicacao=0\" target=\"_blank\" rel=\"noopener\">N\u00ba 535,<\/a> de 28 de mar\u00e7o de 2022) Professor Volunt\u00e1rio de 20\/06\/2022 \u00e0 20\/06\/2024<strong>, <a id=\"anchor1990348\" href=\"https:\/\/sei.ufpel.edu.br\/sei\/controlador.php?acao=arvore_visualizar&amp;acao_origem=procedimento_visualizar&amp;id_procedimento=1882241&amp;id_documento=1990348&amp;infra_sistema=100000100&amp;infra_unidade_atual=110000218&amp;infra_hash=2b2ce6d433ad7ecf818dc2dad80dc61f906a55619ea2f1478746413f838a99c7\" target=\"ifrVisualizacao\" rel=\"noopener\"><span id=\"span1990348\" class=\"infraArvoreNoVisitado\" title=\"Termo de Ades\u00e3o para Servi\u00e7o Acad\u00eamico Volunt\u00e1rio NUCAD 1764084\">Termo de Ades\u00e3o para Servi\u00e7o Acad\u00eamico Volunt\u00e1rio NUCAD 1764084<\/span><\/a>, RENOVA\u00c7\u00c3O <a id=\"anchor3026662\" href=\"https:\/\/sei.ufpel.edu.br\/sei\/controlador.php?acao=arvore_visualizar&amp;acao_origem=procedimento_visualizar&amp;id_procedimento=1882241&amp;id_documento=3026662&amp;infra_sistema=100000100&amp;infra_unidade_atual=110000218&amp;infra_hash=e1f3759eef34a55379e2339801c9fb3998472879ad9bd18e02cccf3eb77b21f3\" target=\"ifrVisualizacao\" rel=\"noopener\"><span id=\"span3026662\" class=\"infraArvoreNoSelecionado\" title=\"PROGEP Termo Aditivo Servi\u00e7o Acad\u00eamico Volunt\u00e1rio NUCAD 2699078\">2699078\u00a0<\/span><\/a>)<br \/>\n<\/strong><\/span><\/p>\n<p><a href=\"http:\/\/lattes.cnpq.br\/1779599543899214\" target=\"_blank\" rel=\"noopener noreferrer\">Caroline Crespo da Costa<\/a><\/p>\n<p><a href=\"http:\/\/lattes.cnpq.br\/3095042003549352\" target=\"_blank\" rel=\"noopener\">Even Herlany Pereira Alves<\/a> (Nomea\u00e7\u00e3o 08\/01\/2024 <a id=\"anchor2793064\" class=\"infraArvoreNo\" style=\"font-family: var(--fonte-corpo);\" href=\"https:\/\/sei.ufpel.edu.br\/sei\/controlador.php?acao=arvore_visualizar&amp;acao_origem=procedimento_visualizar&amp;id_procedimento=2752485&amp;id_documento=2793064&amp;infra_sistema=100000100&amp;infra_unidade_atual=110000218&amp;infra_hash=01fadb56608da68daab401f1796275ea8936da1912e2a6461fffcd4202ffbb6a\" target=\"ifrConteudoVisualizacao\"><span id=\"span2793064\">Portaria 60 (2487540)<\/span><\/a><\/p>\n<p><a href=\"http:\/\/lattes.cnpq.br\/9529308180586356\" target=\"_blank\" rel=\"noopener\">Fernanda Nedel<\/a> &#8211; (Nomea\u00e7\u00e3o PORTARIA de Pessoal N\u00ba 3103\/UFPEL, de 15 de agosto de 2023, SEI 2301685 e Portaria DOU Nomea\u00e7\u00e3o Fernanda Nedel, SEI 2302656; Portaria 3459, SEI 2338587)<\/p>\n<p><a href=\"http:\/\/lattes.cnpq.br\/9351614587557334\" target=\"_blank\" rel=\"noopener noreferrer\">Izabel Cristina Cust\u00f3dio de Souza<\/a><\/p>\n<p><a href=\"http:\/\/lattes.cnpq.br\/1675686698033220\" target=\"_blank\" rel=\"noopener\">Jessica Dame Hense<\/a> &#8211; (Professora substituta\u00a0 <strong>26\/03\/2026<\/strong>, com vig\u00eancia prevista at\u00e9 o dia\u00a0<strong>13\/09\/2026<\/strong>.<\/p>\n<p><a href=\"http:\/\/lattes.cnpq.br\/2355506732878548\">Joseane Jim\u00e9nez Rojas\u00a0<\/a><\/p>\n<p><a href=\"http:\/\/lattes.cnpq.br\/9328637776851459\" target=\"_blank\" rel=\"noopener noreferrer\">Laura Beatriz Oliveira de Oliveira<\/a><\/p>\n<p><a href=\"http:\/\/lattes.cnpq.br\/7956000492760191\" target=\"_blank\" rel=\"noopener noreferrer\">Luiz Fernando Minello<\/a><\/p>\n<p><a href=\"http:\/\/lattes.cnpq.br\/6111373320506703\" target=\"_blank\" rel=\"noopener noreferrer\">Lygia Maria de Almeida<\/a><strong> (Aposentadoria PORTARIA n\u00ba. 1485, de 26 de julho de 2022)<\/strong><\/p>\n<p><a href=\"https:\/\/wp.ufpel.edu.br\/ib\/marcio-osorio-guerreiro\/\" target=\"_blank\" rel=\"noopener noreferrer\">M\u00e1rcio Os\u00f3rio Guerreiro<\/a><\/p>\n<p><a href=\"http:\/\/lattes.cnpq.br\/3367558373241030\" target=\"_blank\" rel=\"noopener noreferrer\">Maria Gabriela Tavares Rheingantz<\/a><\/p>\n<p><a href=\"http:\/\/lattes.cnpq.br\/5055819683442138\" target=\"_blank\" rel=\"noopener noreferrer\">Marla Piumbini Rocha<\/a><\/p>\n<p><a href=\"http:\/\/lattes.cnpq.br\/4740905556237049\" target=\"_blank\" rel=\"noopener\">Mariana da Fontoura Martins<\/a> (Prof. Substituta in\u00edcio 12\/08\/2024 a 17 de julho de 2025)<\/p>\n<p><a href=\"http:\/\/lattes.cnpq.br\/2136475996540201\">Mariana Soares Valen\u00e7a<\/a><\/p>\n<p><a href=\"http:\/\/lattes.cnpq.br\/4734280097069236\" target=\"_blank\" rel=\"noopener noreferrer\">Mateus Casanova dos Santos<\/a><\/p>\n<p><a href=\"http:\/\/lattes.cnpq.br\/8612494494829912\" target=\"_blank\" rel=\"noopener noreferrer\">Rafael Gianella Mondadori<\/a><\/p>\n<p><a href=\"http:\/\/lattes.cnpq.br\/0616440649871640\" target=\"_blank\" rel=\"noopener noreferrer\">Renato Azevedo de Azevedo<\/a><\/p>\n<p><a href=\"https:\/\/wp.ufpel.edu.br\/ib\/rosana-mendonca-de-souza\/\" target=\"_blank\" rel=\"noopener noreferrer\">Rosana Mendon\u00e7a de Souza<\/a> (Relotada Faculdade de Medicina\/ Depto. Cl\u00ednica M\u00e9dica)<\/p>\n<p><a href=\"http:\/\/lattes.cnpq.br\/3790250732811956\" target=\"_blank\" rel=\"noopener noreferrer\">Rosangela Ferreira Rodrigues<\/a><\/p>\n<p><a href=\"http:\/\/lattes.cnpq.br\/9339887920227852\" target=\"_blank\" rel=\"noopener\">Rosimeri Zamboni<\/a> (Prof. Substituta inicio 17\/10\/2025 a ) 23110.028049\/2025-41<\/p>\n<p><a href=\"http:\/\/lattes.cnpq.br\/9805146097465268\" target=\"_blank\" rel=\"noopener noreferrer\">Sandra Mara da Encarna\u00e7\u00e3o Fiala Rechsteiner<\/a><\/p>\n<p><a href=\"http:\/\/lattes.cnpq.br\/1263861295344033\" target=\"_blank\" rel=\"noopener\">Tony Leandro Rezende da Silveira<\/a> (Nomea\u00e7\u00e3o PORTARIA DE PESSOAL N\u00ba 3822\/UFPEL, DE 05 DE OUTUBRO DE 2023, SEI 2376249)<\/p>\n<p><a href=\"http:\/\/lattes.cnpq.br\/3920709374912143\" target=\"_blank\" rel=\"noopener\">Wellington de Almeida<\/a> &#8211; Professor Substituto (PORTARIA DE PESSOAL N\u00ba 0969\/UFPEL, DE 19 DE MAR\u00c7O DE 2025, 2993445)<\/p>\n<p>&nbsp;<\/p>\n<p><strong>T\u00e9cnicos Administrativos<\/strong><\/p>\n<p><a href=\"https:\/\/institucional.ufpel.edu.br\/servidores\/siape\/1099582\" target=\"_blank\" rel=\"noopener noreferrer\">Eduardo Pereira Alves<\/a><strong> (24\/05\/2023 +)<\/strong><\/p>\n<p><a href=\"http:\/\/lattes.cnpq.br\/0014282848312979\">Eliane Freire Anthonisen<\/a><\/p>\n<p><a href=\"http:\/\/lattes.cnpq.br\/4189011953825514\" target=\"_blank\" rel=\"noopener noreferrer\">Fabiane Knepper Zehetmeyr Fernandes<\/a><\/p>\n<p><a href=\"http:\/\/lattes.cnpq.br\/3530115808379184\" target=\"_blank\" rel=\"noopener noreferrer\">Luis Augusto Xavier Cruz<\/a><\/p>\n<p><a href=\"http:\/\/lattes.cnpq.br\/1711694887699257\" target=\"_blank\" rel=\"noopener noreferrer\">Luis Ot\u00e1vio Lobo Centeno<\/a><\/p>\n<p><a href=\"https:\/\/institucional.ufpel.edu.br\/servidores\/siape\/1090404\" target=\"_blank\" rel=\"noopener noreferrer\">Luiz Fernando Schenque Tavares<\/a><\/p>\n<p><a href=\"https:\/\/institucional.ufpel.edu.br\/servidores\/siape\/419530\" target=\"_blank\" rel=\"noopener noreferrer\">Manoel Ad\u00e3o Lemes<\/a> Di\u00e1rio Oficial da Uni\u00e3o &#8211; Se\u00e7\u00e3o 2 (<span contenteditable=\"false\"><a id=\"lnkSei3625325\" class=\"ancora_sei\" href=\"https:\/\/sei.ufpel.edu.br\/sei\/controlador.php?acao=protocolo_visualizar&amp;id_protocolo=3625325&amp;id_procedimento_atual=3625309&amp;infra_sistema=100000100&amp;infra_unidade_atual=110000218&amp;infra_hash=ae1531ca82972caa4ba9a33093bfd85be44051d2b77d5f81900827352ceca725565b578d026a82c4658bd1e7d788924f25ecda8eae382c635f61e91da1f0f45cc26dc37cd78a6adacd4b5091f46fa051fd33ff822334105403e95dc46ee0a7df\" target=\"_blank\" rel=\"noopener\">3242229<\/a><\/span>) &#8211; com a Portaria do Servidor Aposentado em\u00a0<u><strong>29<\/strong><\/u><b><u><strong>\u00a0d<\/strong>e agosto de 2025,<\/u><\/b><\/p>\n<p><a href=\"https:\/\/institucional.ufpel.edu.br\/servidores\/siape\/419270\" target=\"_blank\" rel=\"noopener noreferrer\">Maria Luiza Pereira Peres<\/a><\/p>\n<p><a href=\"http:\/\/lattes.cnpq.br\/8813831577910322\" target=\"_blank\" rel=\"noopener\">Rog\u00e9rio Scolari <\/a><\/p>\n<p><a href=\"https:\/\/institucional.ufpel.edu.br\/servidores\/siape\/419847\" target=\"_blank\" rel=\"noopener noreferrer\">Wanderley Bandeira de Ara\u00fajo<\/a><\/p>\n<p>&nbsp;<\/p>\n<p><strong>Chefe<\/strong><\/p>\n<p style=\"text-align: justify;\">Prof.a. Ana Paula Nunes\u00a0 \u2013 Chefe do Departamento de Morfologia (Portaria de Pessoal n\u00b0. \u00a07269\/UFPEL, de 18 de dezembro de 2025, SEI 3571264)<\/p>\n<p><strong>Subchefe<\/strong><\/p>\n<p style=\"text-align: justify;\">Prof. Mariana Soares Valen\u00e7a &#8211; Subchefe do Departamento de Morfologia (Portaria de Pessoal n\u00b0. 7269\/UFPEL, de 18 de dezembro de 2025, SEI 3573642)<\/p>\n<p><strong>Chefe Substituto Eventual\u00a0<\/strong><\/p>\n<p><strong>Secret\u00e1ria<\/strong><\/p>\n<p>Maria Luiza Pereira Peres<\/p>\n","protected":false},"excerpt":{"rendered":"<p>Localiza\u00e7\u00e3o:\u00a0Pr\u00e9dio da Morfologia, Campus da Faculdade de Medicina, Avenida Duque de Caxias, 250 &#8211; Fragata, Pelotas , e pr\u00e9dio 24, Travessa Andr\u00e9 Dreyfus, s\/n, Campus Universit\u00e1rio do Cap\u00e3o do Le\u00e3o Telefone: +55 53 3310 1808 (Campus FaMed), 3310 1810 (Histologia), +55 53 3275-7339 (Campus Cap\u00e3o do Le\u00e3o) Docentes Ademar Fonseca (Aposentadoria 30\/06\/2023; Portaria Di\u00e1rio Oficial [&hellip;]<\/p>\n","protected":false},"author":488,"featured_media":0,"parent":0,"menu_order":0,"comment_status":"closed","ping_status":"closed","template":"","meta":{"jetpack_post_was_ever_published":false,"footnotes":""},"class_list":["post-63","page","type-page","status-publish","hentry"],"jetpack_sharing_enabled":true,"jetpack_shortlink":"https:\/\/wp.me\/P6S2gY-11","_links":{"self":[{"href":"https:\/\/wp.ufpel.edu.br\/ib\/wp-json\/wp\/v2\/pages\/63","targetHints":{"allow":["GET"]}}],"collection":[{"href":"https:\/\/wp.ufpel.edu.br\/ib\/wp-json\/wp\/v2\/pages"}],"about":[{"href":"https:\/\/wp.ufpel.edu.br\/ib\/wp-json\/wp\/v2\/types\/page"}],"author":[{"embeddable":true,"href":"https:\/\/wp.ufpel.edu.br\/ib\/wp-json\/wp\/v2\/users\/488"}],"replies":[{"embeddable":true,"href":"https:\/\/wp.ufpel.edu.br\/ib\/wp-json\/wp\/v2\/comments?post=63"}],"version-history":[{"count":4,"href":"https:\/\/wp.ufpel.edu.br\/ib\/wp-json\/wp\/v2\/pages\/63\/revisions"}],"predecessor-version":[{"id":6048,"href":"https:\/\/wp.ufpel.edu.br\/ib\/wp-json\/wp\/v2\/pages\/63\/revisions\/6048"}],"wp:attachment":[{"href":"https:\/\/wp.ufpel.edu.br\/ib\/wp-json\/wp\/v2\/media?parent=63"}],"curies":[{"name":"wp","href":"https:\/\/api.w.org\/{rel}","templated":true}]}}