{"id":502,"date":"2015-10-26T23:53:45","date_gmt":"2015-10-27T01:53:45","guid":{"rendered":"https:\/\/wp.ufpel.edu.br\/ib\/?page_id=502"},"modified":"2026-04-23T16:38:57","modified_gmt":"2026-04-23T19:38:57","slug":"portarias","status":"publish","type":"page","link":"https:\/\/wp.ufpel.edu.br\/ib\/portarias\/","title":{"rendered":"Portarias 2015, 2018 a 2026"},"content":{"rendered":"<p><span style=\"background-color: #ffff00;\"><strong>2026 &#8211;\u00a0<\/strong><\/span><\/p>\n<p>Portaria 65, de<\/p>\n<p><a href=\"https:\/\/docs.ufpel.edu.br\/index.php\/s\/UI0AiLhAlt8FrTf\" target=\"_blank\" rel=\"noopener\">Portaria 64, de 23 de abril de 2026<\/a> &#8211; <strong>REVOGA <\/strong>a Portaria n\u00ba. 43, de\u00a019 de mar\u00e7o 2024\u00a0(<span contenteditable=\"false\"><a id=\"lnkSei2876034\" class=\"ancora_sei\" href=\"https:\/\/sei.ufpel.edu.br\/sei\/controlador.php?acao=protocolo_visualizar&amp;id_protocolo=2876034&amp;id_procedimento_atual=4092740&amp;infra_sistema=100000100&amp;infra_unidade_atual=110000218&amp;infra_hash=2698ff62e9b6fa6a919460a3d5bc843897db9ff28841978852f0281bee3a8a0bf1bc49afc99645250335d3b669f9a86ededbb6ad488987fc0db3f6e666e8e8feb4a0fb121522958ed4bca417b8d81983c534f5843506b6eaed6131d0ce5c9fc1\" target=\"_blank\" rel=\"noopener\">2562694<\/a><\/span>) e <strong>DESIGNA <\/strong>as professoras Raquel L\u00fcdtke (Titular) e Eugenia Jacira Bolacel Braga (suplente) como representantes da Classe dos Professores Titulares no Conselho Departamental do Instituto de Biologia.<\/p>\n<p><a href=\"https:\/\/docs.ufpel.edu.br\/index.php\/s\/vXcu4i76UkgEI7w\" target=\"_blank\" rel=\"noopener\">Portaria 63, de 23 de mar\u00e7o de 2026 &#8211;<\/a> <strong>RETIFICA <\/strong>a Portaria Interna N\u00ba. 60 (<span contenteditable=\"false\"><a id=\"lnkSei4167880\" class=\"ancora_sei\" href=\"https:\/\/sei.ufpel.edu.br\/sei\/controlador.php?acao=protocolo_visualizar&amp;id_protocolo=4167880&amp;id_procedimento_atual=3846783&amp;infra_sistema=100000100&amp;infra_unidade_atual=110000218&amp;infra_hash=7595e9f0c8082630ecd420c0be9e4f57a3fcb8f1e187b5793f6180e58a356b2b7a8938a303a3ed641bd7553a7fd111721e8c4fdf1dd1e31e7d051d26c50489d2c6e90c85717551d03897b0c7085cd4f8d83059e1588ebfc0f3aaf0612a8d4745\" target=\"_blank\" rel=\"noopener\">3736620<\/a><\/span>) no que se refere ao Programa de Mestrado; <strong>CONSTITUIR<\/strong>\u00a0a\u00a0Banca Examinadora da Disserta\u00e7\u00e3o do estudante\u00a0<b>Airan de Quevedo Fernandes<\/b>,\u00a0intitulada\u00a0<em data-end=\"487\" data-start=\"349\">\u201c<\/em>Atividade larvicida de lixiviado bruto e lixiviado destilado em <em>Culex quinquefasciatus<\/em>&#8221;\u00a0(Orientadora\u00a0<strong>Profa. Dra. Camila Belmonte Oliveira<\/strong>)<\/p>\n<p><a href=\"https:\/\/docs.ufpel.edu.br\/index.php\/s\/sE9Ortnv25FLCtw\" target=\"_blank\" rel=\"noopener\">Portaria 62, de 23 de mar\u00e7o de 2026<\/a> &#8211; <strong>CONSTITUI<\/strong>\u00a0a\u00a0Banca Examinadora da Tese da estudante\u00a0<strong>Rosana Basso Kraus<\/strong>,, intitulada\u00a0&#8220;Colostro bovino: caracteriza\u00e7\u00e3o microbiol\u00f3gica e miniaturiza\u00e7\u00e3o do m\u00e9todo de QuEChERS para quantifica\u00e7\u00e3o de aflatoxina M1&#8221;\u00a0(Orientadora\u00a0<strong>Prof.\u00aa Dr.\u00aa Patr\u00edcia da Silva Nascente<\/strong>)<\/p>\n<p><a href=\"https:\/\/docs.ufpel.edu.br\/index.php\/s\/vr7hQju9ySPoJFX\" target=\"_blank\" rel=\"noopener\">Portaria 61, de 19 de mar\u00e7o de 2026<\/a> &#8211; <strong>CONSTITUI<\/strong>\u00a0a\u00a0Banca Examinadora da disserta\u00e7\u00e3o do discente\u00a0<strong>Camilo Andr\u00e9s Cu\u00e9llar Romero<\/strong>, intitulada &#8221; Carrapatos (<strong>Acari: Ixodida<\/strong>) do Pampa: uma an\u00e1lise de sua distribui\u00e7\u00e3o, diversidade e associa\u00e7\u00f5es com hospedeiros e microrganismos&#8221;\u00a0(Orientador\u00a0<strong data-end=\"702\" data-start=\"664\">Prof. Dr. Rodrigo Ferreira Kr\u00fcger<\/strong>,\u00a0\u00a0<strong data-end=\"754\" data-start=\"706\">coorientador,\u00a0 Prof. Dr. J\u00e9ferson Bugon<\/strong>)<\/p>\n<p><a href=\"https:\/\/docs.ufpel.edu.br\/index.php\/s\/JlPLin2z43PpUsD\" target=\"_blank\" rel=\"noopener\">Portaria 60, de 19 de mar\u00e7o de 2026<\/a> &#8211; <strong>CONSTITUI<\/strong>\u00a0a\u00a0Banca Examinadora da Tese do estudante\u00a0<b>Airan de Quevedo Fernandes<\/b>,, intitulada\u00a0<em data-end=\"487\" data-start=\"349\">\u201c<\/em>Atividade larvicida de lixiviado bruto e lixiviado destilado em Culex quinquefasciatus&#8221;\u00a0(Orientadora\u00a0<strong>Profa. Dra. Camila Belmonte Oliveira<\/strong>) <strong>RETIFICADA<\/strong> pela <a href=\"https:\/\/docs.ufpel.edu.br\/index.php\/s\/OBw3JlzyvOvq7Xa\" target=\"_blank\" rel=\"noopener\">Portaria 63, de 23 de mar\u00e7o de 2026 &#8211;<\/a><\/p>\n<p><a href=\"https:\/\/docs.ufpel.edu.br\/index.php\/s\/vgrkgurOlTuCA7H\" target=\"_blank\" rel=\"noopener\">Portaria 59, de 13 de mar\u00e7o de 2026 &#8211;<\/a> <strong>RETIFICA <\/strong>a Portaria Interna 58\u00a0(<span contenteditable=\"false\"><a id=\"lnkSei4149636\" class=\"ancora_sei\" href=\"https:\/\/sei.ufpel.edu.br\/sei\/controlador.php?acao=protocolo_visualizar&amp;id_protocolo=4149636&amp;id_procedimento_atual=3846783&amp;infra_sistema=100000100&amp;infra_unidade_atual=110000218&amp;infra_hash=466062bd257fe3819441dd49ed533e362fe32f5c3d807461f4bca94b34e9b5b42d323d35d675cb2b38c3fc838226ff87dfe827398d639ea56ba2844b630e75a3e9c8d5dab24460dac76b45aef106ede0ef3ef734f9700e0164518e1e6709e9d5\" target=\"_blank\" rel=\"noopener\">3719876<\/a><\/span>) no que se refere a composi\u00e7\u00e3o da Banca Examinadora; <strong>CONSTITUI<\/strong>\u00a0a\u00a0Banca Examinadora da Tese da estudante\u00a0<b>Alexia Brauner de Mello<\/b>, intitulada\u00a0<em data-end=\"487\" data-start=\"349\">\u201c<\/em>Caracteriza\u00e7\u00e3o tricomonicida de compostos derivados de 1,3-Tiazolidin-4-Onas: s\u00edntese e prospec\u00e7\u00e3o&#8221;\u00a0(Orientadora\u00a0<strong>Profa. Dra. Camila Belmonte Oliveira<\/strong>)<\/p>\n<p><a href=\"https:\/\/docs.ufpel.edu.br\/index.php\/s\/Ei4Pjul0tZV1xpQ\" target=\"_blank\" rel=\"noopener\">Portaria 58, de 12 de mar\u00e7o de 2026 &#8211;<\/a> <strong>CONSTITUI<\/strong>\u00a0a\u00a0Banca Examinadora da Tese da estudante\u00a0<b>Alexia Brauner de Mello<\/b>, intitulada\u00a0<em data-end=\"487\" data-start=\"349\">\u201c<\/em>Caracteriza\u00e7\u00e3o tricomonicida de compostos derivados de 1,3-Tiazolidin-4-Onas: s\u00edntese e prospec\u00e7\u00e3o&#8221;\u00a0(Orientadora\u00a0<strong>Profa. Dra. Camila Belmonte Oliveira<\/strong>) <strong>Retificada<\/strong> pela <a href=\"https:\/\/docs.ufpel.edu.br\/index.php\/s\/vgrkgurOlTuCA7H\" target=\"_blank\" rel=\"noopener\">Portaria 59, de 13 de mar\u00e7o de 2026 &#8211;<\/a><\/p>\n<p><a href=\"https:\/\/docs.ufpel.edu.br\/index.php\/s\/BeeftVOZhnbQrDB\" target=\"_blank\" rel=\"noopener\">Portaria 57, de 11 de mar\u00e7o de 2026 &#8211;<\/a> <strong>CONSTITUI<\/strong>\u00a0a Banca Examinadora da Tese do estudante\u00a0<strong data-end=\"336\" data-start=\"310\">\u00cdtalo Ferreira de Leon<\/strong>, intitulada\u00a0<em data-end=\"487\" data-start=\"349\">\u201cTrypanosoma cruzi:\u00a0<\/em>epidemiologia, diagn\u00f3stico e acompanhamento cl\u00ednico na popula\u00e7\u00e3o do munic\u00edpio de Cangu\u00e7u, Rio Grande do Sul, Brasil&#8221; (Orientadora\u00a0<strong data-end=\"702\" data-start=\"664\">Profa. Dra. Maria Elisabeth Aires Berne<\/strong>, Coorientadora<strong data-end=\"754\" data-start=\"706\">\u00a0<\/strong><strong data-end=\"754\" data-start=\"706\">\u00a0Profa. Dra. Nat\u00e1lia Berne Pinheiro<\/strong>)<\/p>\n<p><a href=\"https:\/\/docs.ufpel.edu.br\/index.php\/s\/tzC1FwRz7PATinh\" target=\"_blank\" rel=\"noopener\">Portaria 56, de 03 de mar\u00e7o de 2026 &#8211;<\/a> <strong>\u00a0CONSTITUI<\/strong>\u00a0Banca de defesa de Disserta\u00e7\u00e3o de Mestrado do discente\u00a0<b>Filipe Obelar Martins<\/b>, do trabalho intitulado &#8220;<b>Avalia\u00e7\u00e3o do reposicionamento de f\u00e1rmacos anticocc\u00eddeos em\u00a0<i>Trichomonas gallinae<\/i><\/b>&#8221;<\/p>\n<p><a href=\"https:\/\/docs.ufpel.edu.br\/index.php\/s\/lEwvuOTK1GtK7jJ\" target=\"_blank\" rel=\"noopener\">Portaria 55, de 24 de fevereiro de 2026 &#8211;<\/a> <strong>CONSTITUI<\/strong>\u00a0Banca de defesa de Disserta\u00e7\u00e3o de Mestrado da discente\u00a0<strong>Vit\u00f3ria Xavier Cabral<\/strong>, do trabalho intitulado &#8220;<em><strong>Avalia\u00e7\u00e3o da atividade antif\u00fangica e citotoxicidade dos \u00f3leos ozonizados de girassol (Helianthus annuus) e oliva (Olea europaea) associados \u00e0 nanopart\u00edculas biog\u00eanicas de prata frente \u00e0 isolados de Sporothrix brasiliensis<\/strong><\/em>&#8221;<\/p>\n<p><a href=\"https:\/\/docs.ufpel.edu.br\/index.php\/s\/Y0f5WkAxnWZvI3i\" target=\"_blank\" rel=\"noopener\">Portaria 54, de 20 de fevereiro de 2026<\/a> &#8211; <strong>CONSTITUI<\/strong>\u00a0a Banca Examinadora para a defesa de Trabalho de Conclus\u00e3o de Curso de Ci\u00eancias Biol\u00f3gicas Licenciatura da acad\u00eamica\u00a0<b>Monike Amorim da Silveira<\/b><strong>\u00a0<\/strong>intitulado<b>\u00a0&#8220;<\/b><b>Sa\u00fade mental na escola sob a perspectiva do professor<\/b><strong>\u201d\u00a0<\/strong>(Orientador:\u00a0<b>Prof. Dr. Robledo Lima Gil<\/b>)<b>\u00a0<\/b><\/p>\n<p><a href=\"https:\/\/docs.ufpel.edu.br\/index.php\/s\/E0iHaIzZJcCXtqr\" target=\"_blank\" rel=\"noopener\">Portaria 53, de 20 de fevereiro de 2026 &#8211;<\/a> <strong>CONSTITUI<\/strong>\u00a0a Banca Examinadora para a defesa de Trabalho de Conclus\u00e3o de Curso de Ci\u00eancias Biol\u00f3gicas Licenciatura da acad\u00eamica\u00a0<b>Ta\u00eds Lilge Scheer<\/b><strong>\u00a0<\/strong>intitulado<b>\u00a0&#8220;<\/b><b>O uso de insetos como recurso did\u00e1tico no ensino de conceitos ecol\u00f3gicos<\/b><strong>\u201d\u00a0<\/strong>(Orientador:\u00a0<b>Prof. Dr. Cristiano Agra Iserhard<\/b>)<b>\u00a0<\/b><\/p>\n<p><a href=\"https:\/\/docs.ufpel.edu.br\/index.php\/s\/I9nbAVj8MlhZ3dA\" target=\"_blank\" rel=\"noopener\">Portaria 52, de 20 de fevereiro de 2026-<\/a> <strong>CONSTITUI<\/strong>\u00a0a Banca Examinadora para a defesa de Trabalho de Conclus\u00e3o de Curso de Ci\u00eancias Biol\u00f3gicas Licenciatura da acad\u00eamica\u00a0<b>Bruna Vieira Pegoraro<\/b><strong>\u00a0<\/strong>intitulado<b>\u00a0&#8220;<\/b><b>Ensino de Ecologia: an\u00e1lise das diferen\u00e7as metodol\u00f3gicas e desafios enfrentados pelos professores em sala de aula<\/b><strong>\u201d\u00a0<\/strong>(Orientador:\u00a0<b>Prof. Dr. Cristiano Agra Iserhard<\/b>)<\/p>\n<p><a href=\"https:\/\/docs.ufpel.edu.br\/index.php\/s\/Z0GTpIALyAjfH3J\" target=\"_blank\" rel=\"noopener\">Portaria 51, de 20 de fevereiro de 2026 &#8211;<\/a> <strong>CONSTITUI<\/strong>\u00a0a Banca Examinadora para a defesa de Trabalho de Conclus\u00e3o de Curso de Ci\u00eancias Biol\u00f3gicas Licenciatura do acad\u00eamico\u00a0<b>Natanael Matoso Mesquita<\/b><strong>\u00a0<\/strong>intitulado<b>\u00a0&#8220;<\/b><b>Uma an\u00e1lise da utiliza\u00e7\u00e3o de metodologias ativas no ensino de Biologia por professores de escolas da rede estadual de ensino<\/b><strong>\u201d\u00a0<\/strong>(Orientador:\u00a0<b>Prof. Dr. Robledo Lima Gil<\/b>)<b>\u00a0<\/b><\/p>\n<p><a href=\"https:\/\/docs.ufpel.edu.br\/index.php\/s\/19BSiFK2p1mAvi2\" target=\"_blank\" rel=\"noopener\">Portaria 50, de 20 de fevereiro de 2026 &#8211;<\/a> <strong>CONSTITUI<\/strong>\u00a0a Banca Examinadora para a defesa de Trabalho de Conclus\u00e3o de Curso de Ci\u00eancias Biol\u00f3gicas Licenciatura da acad\u00eamica\u00a0<b>Amanda de Oliveira Behling<\/b><strong>\u00a0<\/strong>intitulado<b>\u00a0&#8220;<\/b><b>Entre p\u00e1ginas e pr\u00e1ticas: uma an\u00e1lise do ensino de Bot\u00e2nica a partir de um acervo educacional<\/b><strong>\u201d\u00a0<\/strong>(Orientadora:\u00a0<b>Profa. Dra. Raquel L\u00fcdtke<\/b>)<\/p>\n<p><a href=\"https:\/\/docs.ufpel.edu.br\/index.php\/s\/gvXfY5ccotwnHqG\" target=\"_blank\" rel=\"noopener\">Portaria 49, de 16 de fevereiro de 2026<\/a> &#8211;<strong>CONSTITUI<\/strong>\u00a0a Banca Examinadora para a defesa de Trabalho de Conclus\u00e3o de Curso de Ci\u00eancias Biol\u00f3gicas Licenciatura da acad\u00eamica\u00a0:\u00a0<strong>Maria Carolina Domingues Dos Santos<\/strong><strong>\u00a0<\/strong>intitulado\u00a0<strong>\u201cA influ\u00eancia dos habitats na distribui\u00e7\u00e3o de\u00a0<em>Phaonia<\/em>\u00a0(Diptera, Muscidae)\u201d<\/strong>\u00a0(Orientador:\u00a0<strong>Prof. Dr. Rodrigo Ferreira Kr\u00fcger,\u00a0<\/strong>Coorientador:\u00a0<strong>Bi\u00f3l. MSc. Gabriel Radtke Abib<\/strong>)<\/p>\n<p><a href=\"https:\/\/docs.ufpel.edu.br\/index.php\/s\/WLG6zMY7tO2gXxr\" target=\"_blank\" rel=\"noopener\">Portaria 48, de 12 de fevereiro de 2026<\/a> &#8211; <strong>CONSTITUI<\/strong>\u00a0a Banca Examinadora para a defesa de Trabalho de Conclus\u00e3o de Curso de Ci\u00eancias Biol\u00f3gicas Licenciatura do acad\u00eamico\u00a0<b>Jailson Vieira Adamoli<\/b><strong>\u00a0<\/strong>intitulado<b>\u00a0&#8220;<\/b><b>Percep\u00e7\u00e3o de estudantes do ensino m\u00e9dio da regi\u00e3o de Pelotas sobre vestibulares e vida acad\u00eamica<\/b><strong>\u201d\u00a0<\/strong>(Orientador:\u00a0<b>Prof. Dr. Edison Zefa<\/b>)<b>\u00a0<\/b><\/p>\n<p><a href=\"https:\/\/docs.ufpel.edu.br\/index.php\/s\/iWgqyYcTZ1JJO59\" target=\"_blank\" rel=\"noopener\">Portaria 47, de 12 de fevereiro de 2026<\/a> &#8211; <strong>ALTERA <\/strong>\u00a0a\u00a0Portaria n\u00ba 34\/2026 (doc. SEI n\u00ba\u00a0<span contenteditable=\"false\"><a id=\"lnkSei4045594\" class=\"ancora_sei\" href=\"https:\/\/sei.ufpel.edu.br\/sei\/controlador.php?acao=protocolo_visualizar&amp;id_protocolo=4045594&amp;id_procedimento_atual=3943346&amp;infra_sistema=100000100&amp;infra_unidade_atual=110000218&amp;infra_hash=25785ab5c559dc23ecb3e88641d9d0b8c19c6a78d4a214a0c0f601fcaa404d133f4d9f856f01f18b8f8924949c851507d585b69f700d72a2cdcaf541a7c0659a8fc74f8bcddef8f00d8c87b19d1ef3720dc152ea0782519b98e4826fee122941\" target=\"_blank\" rel=\"noopener\">3625148<\/a><\/span>) no que se refere a data da defesa. <strong>MANTEM<\/strong>\u00a0a Banca Examinadora para a defesa de Trabalho de Conclus\u00e3o de Curso de Ci\u00eancias Biol\u00f3gicas Bacharelado da acad\u00eamica\u00a0<strong>Simone Zarichta Rakuloski<\/strong><strong>\u00a0<\/strong>intitulado<b>\u00a0<\/b><strong>\u201c<\/strong><strong>Avalia\u00e7\u00e3o de ant\u00edgenos nativos e recombinantes associados no diagn\u00f3stico da esporotricose felina<\/strong><strong>.<\/strong><strong>\u201d<\/strong>\u00a0(Orientador:<strong>\u00a0<\/strong><strong>Prof. Dr. S\u00e9rgio Jorge<\/strong>).<\/p>\n<p><a href=\"https:\/\/docs.ufpel.edu.br\/index.php\/s\/ccQAYUgdb2I8iKx\" target=\"_blank\" rel=\"noopener\">Portaria 46, de 11 de fevereiro de 2026<\/a> &#8211; <span style=\"font-size: medium;\"><b>RETIFICA\u00a0 <\/b><\/span>a Portaria n\u00ba 25\/2026 (doc. SEI n\u00ba\u00a0<span contenteditable=\"false\"><a id=\"lnkSei4045526\" class=\"ancora_sei\" href=\"https:\/\/sei.ufpel.edu.br\/sei\/controlador.php?acao=protocolo_visualizar&amp;id_protocolo=4045526&amp;id_procedimento_atual=3943346&amp;infra_sistema=100000100&amp;infra_unidade_atual=110000218&amp;infra_hash=8de3aaf35a1bc51b50a8e78b8667f41f2965ba097b6b680b16b5d2787ec18159ddd4b887ff5c5193a4e81820547efef3b44fe42624f50754d8505358843ad0928936e8790ad7525d1b1cb5969c0b01c78747dd6a87771562d9720d61f861c627\" target=\"_blank\" rel=\"noopener\">3625086<\/a><\/span>) no que se refere ao nome do examinador Prof. Dr. Jo\u00e3o Ricardo Vieira Iganci,\u00a0<strong>2<\/strong><strong>. MANTEM com a retifica\u00e7\u00e3o<\/strong>\u00a0a Banca Examinadora para a defesa de Trabalho de Conclus\u00e3o de Curso de Ci\u00eancias Biol\u00f3gicas Bacharelado da acad\u00eamica\u00a0<strong>Luana Araujo de Castro<\/strong><strong>\u00a0<\/strong>intitulado<b>\u00a0<\/b><strong>\u201c<\/strong><strong>A ilustra\u00e7\u00e3o cient\u00edfica e os limites entre a Arte e a Ci\u00eancia<\/strong><strong>\u201d<\/strong>\u00a0(Orientadora:\u00a0<strong>Prof\u00aa. Dr\u00aa. Bianca Martins Mastrantonio<\/strong>,<strong>\u00a0<\/strong>Coorientador:\u00a0<strong>Prof. Dr. Jos\u00e9 Eduardo Figueiredo Dornelles<\/strong>)<\/p>\n<p><a href=\"https:\/\/docs.ufpel.edu.br\/index.php\/s\/axYpJWlwEJj3nof\" target=\"_blank\" rel=\"noopener\">Portaria 45, de 10 de fevereiro de 2026<\/a> &#8211; <strong>TORNA SEM EFEITO <\/strong>a\u00a0Portaria Interna 4 (<span contenteditable=\"false\"><a id=\"lnkSei4026956\" class=\"ancora_sei\" href=\"https:\/\/sei.ufpel.edu.br\/sei\/controlador.php?acao=protocolo_visualizar&amp;id_protocolo=4026956&amp;id_procedimento_atual=4020044&amp;infra_sistema=100000100&amp;infra_unidade_atual=110000218&amp;infra_hash=3bdbbeb4888325e746e98286671b7cdb9e6a5838c0ac2d048abae81d6f42f89cbffba2518377ca6835d75df1c57815489695648146e6edac001abc04f8ab8890a33fed31a65cce1a4cdfe8fa516240552685e7789337884709144582a68372ed\" target=\"_blank\" rel=\"noopener\">3608170<\/a><\/span>)\u00a0devido ao cancelamento de matr\u00edcula da discente Maria L\u00facia Bretanha no componente curricular TCC II do Curso de Ci\u00eancias Biol\u00f3gicas &#8211; Licenciatura.<\/p>\n<p><a href=\"https:\/\/docs.ufpel.edu.br\/index.php\/s\/9hyUG4xp8d7lPQX\" target=\"_blank\" rel=\"noopener\">Portaria 44, de 06 de fevereiro de 2026 &#8211;<\/a>\u00a0<strong>ALTERA <\/strong>a\u00a0Portaria IB n\u00ba 40\/2026 (doc. SEI n\u00ba\u00a0<span contenteditable=\"false\"><a id=\"lnkSei4054990\" class=\"ancora_sei\" href=\"https:\/\/sei.ufpel.edu.br\/sei\/controlador.php?acao=protocolo_visualizar&amp;id_protocolo=4054990&amp;id_procedimento_atual=3943346&amp;infra_sistema=100000100&amp;infra_unidade_atual=110000218&amp;infra_hash=9c57eebde0fad90b2ab873aeb384fac0899650cae34bd69665c2400c3db6aa49e503582a161cdaad300a82614564323b47dea1b70080f73027f30703d987bf35748811cf000ece8592f3f415732c482f13639cd8fedd108918e3feec86fd94f2\" target=\"_blank\" rel=\"noopener\">3633598<\/a><\/span>) no que se refere ao formato e local da defesa. <strong>MANTEM<\/strong>\u00a0a Banca Examinadora para a defesa de Trabalho de Conclus\u00e3o de Curso de Ci\u00eancias Biol\u00f3gicas Bacharelado da acad\u00eamica\u00a0<strong>Isabella Andrade da Silva<\/strong><strong>\u00a0<\/strong>intitulado<b>\u00a0<\/b><strong>\u201c<\/strong><strong>Potencial translacional de compostos sint\u00e9ticos na doen\u00e7a de Alzheimer: revis\u00e3o sistem\u00e1tica de evid\u00eancias pr\u00e9-cl\u00ednicas.<\/strong><strong>\u201d<\/strong>\u00a0(Orientadora:\u00a0<strong>Prof\u00aa. Dr\u00aa. Cristiane Luchese<\/strong>, Coorientadora:\u00a0<strong>Farm\u00aa. Dr\u00aa. Karline da Costa Rodrigues<\/strong>)<\/p>\n<p><a href=\"https:\/\/docs.ufpel.edu.br\/index.php\/s\/i53zIjKbTCQ77Jz\" target=\"_blank\" rel=\"noopener\">Portaria 43, de 05 de fevereiro de 2026<\/a> &#8211; <strong>DESIGNA<\/strong>\u00a0como membros da Comiss\u00e3o de Avalia\u00e7\u00e3o do Est\u00e1gio Probat\u00f3rio da docente\u00a0<strong>Luciana Laitano Dias de Castro<\/strong>\u00a0os<strong>\u00a0<\/strong>professores. <strong>DESIGNA<\/strong>\u00a0a professora Dra.\u00a0Nathieli Bianchin Bottari, como\u00a0<strong>tutora<\/strong>\u00a0e o professor\u00a0Albino Magalh\u00e3es Neto\u00a0como\u00a0<strong>Chefia imediata\u00a0<\/strong>no acompanhamento do<strong>\u00a0<\/strong>Est\u00e1gio Probat\u00f3rio da docente\u00a0<strong>Luciana Laitano Dias de Castro<\/strong><strong>.<\/strong><\/p>\n<p><a href=\"https:\/\/docs.ufpel.edu.br\/index.php\/s\/67gieQJDSENlfZJ\" target=\"_blank\" rel=\"noopener\">Portaria 42, de 04 de fevereiro de 2026<\/a> &#8211; <strong>ATUALIZA<\/strong>\u00a0a composi\u00e7\u00e3o do Colegiado do Programa de P\u00f3s-Gradua\u00e7\u00e3o\u00a0em Biodiversidade Animal, revogando a Portaria 67, de 17 de outubro de 2024 (<span contenteditable=\"false\"><a id=\"lnkSei3129975\" class=\"ancora_sei\" href=\"https:\/\/sei.ufpel.edu.br\/sei\/controlador.php?acao=protocolo_visualizar&amp;id_protocolo=3129975&amp;id_procedimento_atual=4055522&amp;infra_sistema=100000100&amp;infra_unidade_atual=110000218&amp;infra_hash=409c1038138af0b65d2535edc019fad33a4684e17f19ce98c2d5ec9a6696bf78be14a95543fc72d7defdb316b839a4a636131472084f0dd2e745aa6b55f4d9e300f8b05ad19860b96aa762a7ea0cab1157028507c52aaa937f76a8db33655ebb\" target=\"_blank\" rel=\"noopener\">2793212<\/a><\/span>)<\/p>\n<p><a href=\"https:\/\/docs.ufpel.edu.br\/index.php\/s\/VmKAXs1TbeHwH4c\" target=\"_blank\" rel=\"noopener\">Portaria 41, de 04 de fevereiro de 2026<\/a> &#8211; <strong>\u00a0ALTERA <\/strong>a\u00a0Portaria IB n\u00ba 29\/2026 (doc. SEI n\u00ba\u00a0<span contenteditable=\"false\"><a id=\"lnkSei4045554\" class=\"ancora_sei\" href=\"https:\/\/sei.ufpel.edu.br\/sei\/controlador.php?acao=protocolo_visualizar&amp;id_protocolo=4045554&amp;id_procedimento_atual=3943346&amp;infra_sistema=100000100&amp;infra_unidade_atual=110000218&amp;infra_hash=62fac736145d8632054ecf12d46976450fddc1a0c5b8de088dbfccd6efabe8604ab3aa0d7c86167b707d83542974ee46de254a8c1bd81e637590836e008f9d95df047e1810774e4f7a1fe668397b5a4989e5f4162bfbdf311b7043eab3e4d824\" target=\"_blank\" rel=\"noopener\">3625114<\/a><\/span>) no que se refere ao local de realiza\u00e7\u00e3o da defesa;<\/p>\n<p><a href=\"https:\/\/docs.ufpel.edu.br\/index.php\/s\/PozK89cbPk1VoNu\" target=\"_blank\" rel=\"noopener\">Portaria 40, de 04 de fevereiro de 2026<\/a> &#8211;\u00a0<strong>ALTERA <\/strong>a\u00a0Portaria IB n\u00ba 24\/2026 (doc. SEI n\u00ba\u00a0<span contenteditable=\"false\"><a id=\"lnkSei4045522\" class=\"ancora_sei\" href=\"https:\/\/sei.ufpel.edu.br\/sei\/controlador.php?acao=protocolo_visualizar&amp;id_protocolo=4045522&amp;id_procedimento_atual=3943346&amp;infra_sistema=100000100&amp;infra_unidade_atual=110000218&amp;infra_hash=6e5752aff961ce84196c8b72b3cadae9e1395690b91e075b9883a131048ba1e84ab3aa0d7c86167b707d83542974ee46de254a8c1bd81e637590836e008f9d95df047e1810774e4f7a1fe668397b5a4989e5f4162bfbdf311b7043eab3e4d824\" target=\"_blank\" rel=\"noopener\">3625082<\/a><\/span>) trocando o t\u00edtulo da monografia e recompondo a Banca Examinadora. <strong>RECOMP\u00d5E<\/strong>\u00a0a Banca Examinadora para a defesa de Trabalho de Conclus\u00e3o de Curso de Ci\u00eancias Biol\u00f3gicas Bacharelado da acad\u00eamica\u00a0<strong>Isabella Andrade da Silva<\/strong><strong>\u00a0<\/strong>intitulado<b>\u00a0<\/b><strong>\u201c<\/strong><strong>Potencial translacional de compostos sint\u00e9ticos na doen\u00e7a de Alzheimer: revis\u00e3o sistem\u00e1tica de evid\u00eancias pr\u00e9-cl\u00ednicas.<\/strong><strong>\u201d<\/strong>\u00a0(Orientadora:\u00a0<strong>Prof\u00aa. Dr\u00aa. Cristiane Luchese<\/strong>, Coorientadora:\u00a0<strong>Farm\u00aa. Dr\u00aa. Karline da Costa Rodrigues<\/strong>)<\/p>\n<p><a href=\"https:\/\/docs.ufpel.edu.br\/index.php\/s\/ixFLfzjWo9fQIlD\" target=\"_blank\" rel=\"noopener\">Portaria 39, de 04 de fevereiro de 2026<\/a> &#8211; <b>ALTERA <\/b>a\u00a0Portaria IB n\u00ba 21\/2026 (doc. SEI n\u00ba\u00a0<span contenteditable=\"false\"><a id=\"lnkSei4034280\" class=\"ancora_sei\" href=\"https:\/\/sei.ufpel.edu.br\/sei\/controlador.php?acao=protocolo_visualizar&amp;id_protocolo=4034280&amp;id_procedimento_atual=3943346&amp;infra_sistema=100000100&amp;infra_unidade_atual=110000218&amp;infra_hash=fc2d515ca387a83f941ed82cb8ad6b28c50f662446e4e589598eb4ff8da3cd194ab3aa0d7c86167b707d83542974ee46de254a8c1bd81e637590836e008f9d95df047e1810774e4f7a1fe668397b5a4989e5f4162bfbdf311b7043eab3e4d824\" target=\"_blank\" rel=\"noopener\">3614832<\/a><\/span>)\u00a0no que se refere ao formato da realiza\u00e7\u00e3o da defesa, uma vez que, os examinadores s\u00e3o ambos externos \u00e0 UFPel;<\/p>\n<p><a href=\"https:\/\/docs.ufpel.edu.br\/index.php\/s\/Rgu4yjeZz8mtte3\" target=\"_blank\" rel=\"noopener\">Portaria 38, de 03 de fevereiro de 2026<\/a> &#8211; <strong>ALTERA<\/strong>\u00a0a\u00a0Portaria IB n\u00ba 31\/2026 (doc. SEI n\u00ba\u00a0<span contenteditable=\"false\"><a id=\"lnkSei4045564\" class=\"ancora_sei\" href=\"https:\/\/sei.ufpel.edu.br\/sei\/controlador.php?acao=protocolo_visualizar&amp;id_protocolo=4045564&amp;id_procedimento_atual=3943346&amp;infra_sistema=100000100&amp;infra_unidade_atual=110000218&amp;infra_hash=07fd18f97e5b99010fef09cc86c319b99f79317426edf5da56d4107668eff0253df8aa189a51cf36f5518107c4693a5fa316efea129e7e3c69fb15a08a553fa66e8a7cfa6a7bcc8ff4b8ec5dd4f5a78cf9ccf45c1a40c362afac40ea251fa537\" target=\"_blank\" rel=\"noopener\">3625124<\/a><\/span>) no que se\u00a0refere ao local de realiza\u00e7\u00e3o da defesa;<\/p>\n<p><a href=\"https:\/\/docs.ufpel.edu.br\/index.php\/s\/vLYGHqqOyHdS5Dh\" target=\"_blank\" rel=\"noopener\">Portaria 37, de 03 de fevereiro de 2026<\/a> &#8211; <strong>ALTERA <\/strong>a\u00a0Portaria IB n\u00ba 20\/2026 (doc. SEI n\u00ba\u00a0<span contenteditable=\"false\"><a id=\"lnkSei4034268\" class=\"ancora_sei\" href=\"https:\/\/sei.ufpel.edu.br\/sei\/controlador.php?acao=protocolo_visualizar&amp;id_protocolo=4034268&amp;id_procedimento_atual=3943346&amp;infra_sistema=100000100&amp;infra_unidade_atual=110000218&amp;infra_hash=2e5119becbd3a7037397018afb860c286cdfde026a82d18817405259c303d2ca3df8aa189a51cf36f5518107c4693a5fa316efea129e7e3c69fb15a08a553fa66e8a7cfa6a7bcc8ff4b8ec5dd4f5a78cf9ccf45c1a40c362afac40ea251fa537\" target=\"_blank\" rel=\"noopener\">3614822<\/a><\/span>) no que se refere ao formato da realiza\u00e7\u00e3o da defesa, uma vez que,\u00a0os examinadores s\u00e3o ambos externos \u00e0 UFPel;<\/p>\n<p><a href=\"https:\/\/docs.ufpel.edu.br\/index.php\/s\/2mDQJ9OuWEUEhss\" target=\"_blank\" rel=\"noopener\">Portaria 36, de 03 de fevereiro de 2026<\/a> &#8211; <strong>TORNA <\/strong>sem efeito a\u00a0Portaria IB n\u00ba 19\/2026 (doc. SEI n\u00ba\u00a0<span contenteditable=\"false\"><a id=\"lnkSei4034250\" class=\"ancora_sei\" href=\"https:\/\/sei.ufpel.edu.br\/sei\/controlador.php?acao=protocolo_visualizar&amp;id_protocolo=4034250&amp;id_procedimento_atual=3943346&amp;infra_sistema=100000100&amp;infra_unidade_atual=110000218&amp;infra_hash=861aed7fee31799a195a297e398fb997c732409c0e58dba1a93051155afda7753df8aa189a51cf36f5518107c4693a5fa316efea129e7e3c69fb15a08a553fa66e8a7cfa6a7bcc8ff4b8ec5dd4f5a78cf9ccf45c1a40c362afac40ea251fa537\" target=\"_blank\" rel=\"noopener\">3614804<\/a><\/span>).<\/p>\n<p><a href=\"https:\/\/docs.ufpel.edu.br\/index.php\/s\/BewKpTDzgBOFJhF\" target=\"_blank\" rel=\"noopener\">Portaria 35, de 03 de fevereiro de 2026 &#8211;<\/a> <strong>ALTERA<\/strong>\u00a0a\u00a0Portaria IB n\u00ba 18\/2026 (doc. SEI n\u00ba\u00a0<span contenteditable=\"false\"><a id=\"lnkSei4034238\" class=\"ancora_sei\" href=\"https:\/\/sei.ufpel.edu.br\/sei\/controlador.php?acao=protocolo_visualizar&amp;id_protocolo=4034238&amp;id_procedimento_atual=3943346&amp;infra_sistema=100000100&amp;infra_unidade_atual=110000218&amp;infra_hash=6f42fe79468bbcf2b043834c25d7f1d2cfdeaa19f17f1badac21b497915819c33df8aa189a51cf36f5518107c4693a5fa316efea129e7e3c69fb15a08a553fa66e8a7cfa6a7bcc8ff4b8ec5dd4f5a78cf9ccf45c1a40c362afac40ea251fa537\" target=\"_blank\" rel=\"noopener\">3614794<\/a><\/span>), no que\u00a0se refere ao local de realiza\u00e7\u00e3o da defesa;<\/p>\n<p><a href=\"https:\/\/docs.ufpel.edu.br\/index.php\/s\/Ivma7QBzduVZTgy\" target=\"_blank\" rel=\"noopener\">Portaria 34, de 29 de janeiro de 2026<\/a> &#8211; <strong>\u00a0CONSTITUI<\/strong>\u00a0a Banca Examinadora para a defesa de Trabalho de Conclus\u00e3o de Curso de Ci\u00eancias Biol\u00f3gicas Bacharelado da acad\u00eamica\u00a0<strong>Simone Zarichta Rakuloski<\/strong><strong>\u00a0<\/strong>intitulado<b>\u00a0<\/b><strong>\u201c<\/strong><strong>Avalia\u00e7\u00e3o de ant\u00edgenos nativos e recombinantes associados no diagn\u00f3stico da esporotricose felina<\/strong><strong>.<\/strong><strong>\u201d<\/strong>\u00a0(Orientador:\u00a0<strong>Prof. Dr. S\u00e9rgio Jorge<\/strong>). Alterada pela <a href=\"https:\/\/docs.ufpel.edu.br\/index.php\/s\/iWgqyYcTZ1JJO59\" target=\"_blank\" rel=\"noopener\">Portaria 47, de 12 de fevereiro de 2026<\/a><\/p>\n<p><a href=\"https:\/\/docs.ufpel.edu.br\/index.php\/s\/fe3xacaUXgeRsc6\" target=\"_blank\" rel=\"noopener\">Portaria 33, de 29 de janeiro de 2026<\/a> &#8211; <strong>CONSTITUI<\/strong>\u00a0a Banca Examinadora para a defesa de Trabalho de Conclus\u00e3o de Curso de Ci\u00eancias Biol\u00f3gicas Licenciatura da acad\u00eamica\u00a0<strong>Carolina da Cunha Aires<\/strong><strong>\u00a0<\/strong>intitulado<b>\u00a0<\/b><strong>\u201c<\/strong><strong>Est\u00e1gio de reg\u00eancia e forma\u00e7\u00e3o docente: percep\u00e7\u00f5es, desafios e viv\u00eancias de licenciandos da Universidade Federal de Pelotas<\/strong><strong>\u201d<\/strong>\u00a0(Orientador:\u00a0<strong>Prof. Dr. Robledo Lima Gil<\/strong>)<\/p>\n<p><a href=\"https:\/\/docs.ufpel.edu.br\/index.php\/s\/wg9ts1oec8songd\" target=\"_blank\" rel=\"noopener\">Portaria 32, de 29 de janeiro de 2026<\/a> &#8211; <strong>CONSTITUI<\/strong>\u00a0a Banca Examinadora para a defesa de Trabalho de Conclus\u00e3o de Curso de Ci\u00eancias Biol\u00f3gicas Bacharelado da acad\u00eamica\u00a0<strong>J\u00falia Oliveira de Almeida<\/strong><strong>\u00a0<\/strong>intitulado<b>\u00a0<\/b><strong>\u201c<\/strong><strong>Avalia\u00e7\u00e3o da atividade antibacteriana e antibiofilme de nanopart\u00edcula de prata biog\u00eanica (Bio-AgNP) contra\u00a0<em>Enterococcus faecium\u00a0<\/em>resistente a vancomicina<\/strong><strong>.<\/strong><strong>\u201d<\/strong>\u00a0(Orientadora:\u00a0<strong>Prof\u00aa. Dr\u00aa. Daiane Drawanz Hartwig<\/strong>,\u00a0Coorientadora:\u00a0<strong>Bi\u00f3l\u00aa. MSc. Daniela Rodriguero Wozeak<\/strong>)<\/p>\n<p><a href=\"https:\/\/docs.ufpel.edu.br\/index.php\/s\/8QOWmyisSpRaBET\" target=\"_blank\" rel=\"noopener\">Portaria 31, de 29 de janeiro de 2026<\/a> &#8211; <strong>CONSTITUI<\/strong>\u00a0a Banca Examinadora para a defesa de Trabalho de Conclus\u00e3o de Curso de Ci\u00eancias Biol\u00f3gicas Bacharelado do acad\u00eamico\u00a0<strong>Carlos Henrique Macedo Vargas<\/strong><strong>\u00a0<\/strong>intitulado<b>\u00a0<\/b><strong>\u201c<\/strong><strong>Utiliza\u00e7\u00e3o de uma abordagem integrativa na delimita\u00e7\u00e3o de esp\u00e9cies de drosofil\u00eddeos do grupo\u00a0<em>Zygothrica<\/em>\u00a0(Diptera) da Amaz\u00f4nia Peruana.<\/strong><strong>\u201d<\/strong>\u00a0(Orientador:\u00a0<strong>Prof. Dr. Marco Silva Gottschalk<\/strong>,\u00a0Coorientador:\u00a0<strong>Prof. Dr. Marco Antonio Tonus Marinho<\/strong>). <strong>Alterada<\/strong> pela <a href=\"https:\/\/docs.ufpel.edu.br\/index.php\/s\/Rgu4yjeZz8mtte3\" target=\"_blank\" rel=\"noopener\">Portaria 38, de 03 de fevereiro de 2026<\/a><\/p>\n<p><a href=\"https:\/\/docs.ufpel.edu.br\/index.php\/s\/eRf02McniU9x3aN\" target=\"_blank\" rel=\"noopener\">Portaria 30, de 29 de janeiro de 2026<\/a> &#8211; <strong>\u00a0CONSTITUI<\/strong>\u00a0a Banca Examinadora para a defesa de Trabalho de Conclus\u00e3o de Curso de Ci\u00eancias Biol\u00f3gicas Bacharelado da acad\u00eamica\u00a0<strong>Julia dos Santos Cardoso<\/strong><strong>\u00a0<\/strong>intitulado<b>\u00a0<\/b><strong>\u201c<\/strong><strong>Uso de abelhas mel\u00edferas (<em>Apis mellifera<\/em>) na detec\u00e7\u00e3o de doen\u00e7as em cultivos agr\u00edcolas.<\/strong><strong>\u201d<\/strong>\u00a0(Orientador:\u00a0<strong>Eng. Agr. MSc. Vagner Luiz Graeff Filho<\/strong>, Coorientador:\u00a0\u00a0<strong>Prof. Dr. Cristiano Agra Iserhard<\/strong>)<\/p>\n<p><a href=\"https:\/\/docs.ufpel.edu.br\/index.php\/s\/x7u3vIiwRDZmPZn\" target=\"_blank\" rel=\"noopener\">Portaria 29, de 29 de janeiro de 2026<\/a> &#8211; <strong>CONSTITUI<\/strong>\u00a0a Banca Examinadora para a defesa de Trabalho de Conclus\u00e3o de Curso de Ci\u00eancias Biol\u00f3gicas Bacharelado da acad\u00eamica\u00a0<strong>Caroline Schlesener<\/strong><strong>\u00a0<\/strong>intitulado<b>\u00a0<\/b><strong>\u201c<\/strong><strong>O que torna as quel\u00edceras de machos de\u00a0<em>Paratrechalea<\/em>\u00a0sp. maiores do que as das f\u00eameas?<\/strong><strong>\u201d<\/strong>\u00a0(Orientador:\u00a0<strong>Prof. Dr. Luiz Ernesto Costa Schmidt<\/strong>). Alterada pela <a href=\"https:\/\/docs.ufpel.edu.br\/index.php\/s\/VmKAXs1TbeHwH4c\" target=\"_blank\" rel=\"noopener\">Portaria 41, de 04 de fevereiro de 2026<\/a><\/p>\n<p><a href=\"https:\/\/docs.ufpel.edu.br\/index.php\/s\/uAaAxPt6im3AnH6\" target=\"_blank\" rel=\"noopener\">Portaria 28, de 29 de janeiro de 2026<\/a> &#8211; <strong>CONSTITUI<\/strong>\u00a0a Banca Examinadora para a defesa de Trabalho de Conclus\u00e3o de Curso de Ci\u00eancias Biol\u00f3gicas Licenciatura da acad\u00eamica\u00a0<strong>Beatriz Augusta Raymundo Sot\u00e9rio<\/strong><strong>\u00a0<\/strong>intitulado<b>\u00a0<\/b><strong>\u201c<\/strong><strong>A Impercep\u00e7\u00e3o Bot\u00e2nica: investiga\u00e7\u00e3o do contexto de uma turma do ensino m\u00e9dio de uma escola p\u00fablica do munic\u00edpio de Pelotas\/RS<\/strong><strong>\u201d<\/strong>\u00a0(Orientadora:\u00a0<strong>Prof\u00aa. Dr\u00aa. Francele de Abreu Carlan<\/strong>)<\/p>\n<p><a href=\"https:\/\/docs.ufpel.edu.br\/index.php\/s\/aYKANebuvSv0www\" target=\"_blank\" rel=\"noopener\">Portaria 27, de 29 de janeiro de 2026<\/a> &#8211; <strong>CONSTITUI<\/strong>\u00a0a Banca Examinadora para a defesa de Trabalho de Conclus\u00e3o de Curso de Ci\u00eancias Biol\u00f3gicas Bacharelado da acad\u00eamica\u00a0<strong>Laura dos Santos Fonseca<\/strong><strong>\u00a0<\/strong>intitulado<b>\u00a0<\/b><strong>\u201c<\/strong><strong>Morfologia do proventr\u00edculo de grilos Phalangopsidae (Orthoptera)<\/strong><strong>\u201d<\/strong>\u00a0(Orientador:\u00a0<strong>Prof. Dr. Edison Zefa<\/strong>)<\/p>\n<p><a href=\"https:\/\/docs.ufpel.edu.br\/index.php\/s\/cYay8tDxiCF5XWU\" target=\"_blank\" rel=\"noopener\">Portaria 26, de 29 de janeiro de 2026<\/a> &#8211; <strong>CONSTITUI<\/strong>\u00a0a Banca Examinadora para a defesa de Trabalho de Conclus\u00e3o de Curso de Ci\u00eancias Biol\u00f3gicas Licenciatura do acad\u00eamico\u00a0<strong>Lucas Mattos Candiota<\/strong><strong>\u00a0<\/strong>intitulado<b>\u00a0<\/b><strong>\u201c<\/strong><strong>Sexualidade em sala de aula: um olhar sobre a pr\u00e1tica e os desafios da educa\u00e7\u00e3o sexual na escola sob a percep\u00e7\u00e3o dos alunos<\/strong><strong>\u201d<\/strong>\u00a0(Orientadora:\u00a0<strong>Prof\u00aa. Dr\u00aa. Caroline Terra de Oliveira<\/strong>)<\/p>\n<p><a href=\"https:\/\/docs.ufpel.edu.br\/index.php\/s\/YiXafF6l58mWhJR\" target=\"_blank\" rel=\"noopener\">Portaria 25, de 29 de janeiro de 2026<\/a> &#8211; <strong>CONSTITUI<\/strong>\u00a0a Banca Examinadora para a defesa de Trabalho de Conclus\u00e3o de Curso de Ci\u00eancias Biol\u00f3gicas Bacharelado da acad\u00eamica\u00a0<strong>Luana Araujo de Castro<\/strong><strong>\u00a0<\/strong>intitulado<b>\u00a0<\/b><strong>\u201c<\/strong><strong>A ilustra\u00e7\u00e3o cient\u00edfica e os limites entre a Arte e a Ci\u00eancia<\/strong><strong>\u201d<\/strong>\u00a0(Orientadora:\u00a0<strong>Prof\u00aa. Dr\u00aa. Bianca Martins Mastrantonio<\/strong>,<strong>\u00a0<\/strong>Coorientador:\u00a0<strong>Prof. Dr. Jos\u00e9 Eduardo Figueiredo Dornelles<\/strong>), Retificada pela <a href=\"https:\/\/docs.ufpel.edu.br\/index.php\/s\/ccQAYUgdb2I8iKx\" target=\"_blank\" rel=\"noopener\">Portaria 46, de 11 de fevereiro de 2026<\/a><\/p>\n<p><a href=\"https:\/\/docs.ufpel.edu.br\/index.php\/s\/7o8L1h2awHI38YI\" target=\"_blank\" rel=\"noopener\">Portaria 24, de 29 de janeiro de 2026<\/a> &#8211; <strong>CONSTITUI<\/strong>\u00a0a Banca Examinadora para a defesa de Trabalho de Conclus\u00e3o de Curso de Ci\u00eancias Biol\u00f3gicas Bacharelado da acad\u00eamica\u00a0<strong>Isabella Andrade da Silva<\/strong><strong>\u00a0<\/strong>intitulado<b>\u00a0<\/b><strong>\u201c<\/strong><strong>Efeito de compostos sint\u00e9ticos em condi\u00e7\u00f5es de estresse oxidativo<\/strong><strong>\u201d<\/strong>\u00a0(Orientadora:\u00a0<strong>Prof\u00aa. Dr\u00aa. Cristiane Luchese<\/strong>, Coorientadora:\u00a0<strong>Farm\u00aa. Dr\u00aa. Karline da Costa Rodrigues<\/strong>). <strong>Alterada<\/strong> pela <a href=\"https:\/\/docs.ufpel.edu.br\/index.php\/s\/PozK89cbPk1VoNu\" target=\"_blank\" rel=\"noopener\">Portaria 40, de 04 de fevereiro de 2026<\/a><\/p>\n<p><a href=\"https:\/\/docs.ufpel.edu.br\/index.php\/s\/vP8dGdkYWgqakLQ\" target=\"_blank\" rel=\"noopener\">Portaria 23, de 22 de janeiro de 2026<\/a> &#8211;<strong> CONSTITUI<\/strong>\u00a0a Banca Examinadora para a defesa de Trabalho de Conclus\u00e3o de Curso de Ci\u00eancias Biol\u00f3gicas Bacharelado da acad\u00eamica\u00a0<strong>Juliana Trapp Jung de Souza<\/strong><strong>\u00a0<\/strong>intitulado<b>\u00a0<\/b><strong>\u201c<\/strong><strong>Intera\u00e7\u00e3o Drosofil\u00eddeos-flores: Um estudo preliminar sobre o impacto para a plant<\/strong><strong>\u201d<\/strong>\u00a0(Orientadora:\u00a0<strong>Prof\u00aa. Dr\u00aa. Juliana Cordeiro<\/strong>)<\/p>\n<p><a href=\"https:\/\/docs.ufpel.edu.br\/index.php\/s\/8A9HLPNwYT8K1Zz\" target=\"_blank\" rel=\"noopener\">Portaria 22, de 22 de janeiro de 2026<\/a> &#8211; <strong>CONSTITUI<\/strong>\u00a0a Banca Examinadora para a defesa de Trabalho de Conclus\u00e3o de Curso de Ci\u00eancias Biol\u00f3gicas Bacharelado da acad\u00eamica\u00a0<strong>Iris Brand\u00e3o Monbaque<\/strong><strong>\u00a0<\/strong>intitulado<b>\u00a0<\/b><strong>\u201c<\/strong><strong>O estado atual do acervo de Reptilia (Laurenti, 1768) do Museu de Ci\u00eancias Naturais Carlos Ritter, do Instituto de Biologia da Universidade Federal de Pelotas, RS<\/strong><strong>\u201d<\/strong>\u00a0(Orientador:\u00a0<strong>Prof. Dr. Jos\u00e9 Eduardo Figueiredo Dornelles<\/strong><strong>,\u00a0<\/strong>Coorientador:\u00a0<strong>Prof. Dr. C\u00e9sar Jaeger Drehmer<\/strong>)<\/p>\n<p><a href=\"https:\/\/docs.ufpel.edu.br\/index.php\/s\/Fux64dUPYeCr4Nb\" target=\"_blank\" rel=\"noopener\">Portaria 21, de 22 de janeiro de 2026<\/a> &#8211; <strong>CONSTITUI<\/strong>\u00a0a Banca Examinadora para a defesa de Trabalho de Conclus\u00e3o de Curso de Ci\u00eancias Biol\u00f3gicas Licenciatura do acad\u00eamico\u00a0<strong>Guilherme Negri Golin<\/strong><strong>\u00a0<\/strong>intitulado<b>\u00a0<\/b><strong>\u201c<\/strong><strong>Compreendendo a Evolu\u00e7\u00e3o Humana no Ensino M\u00e9dio: uma an\u00e1lise dos desafios e estrat\u00e9gias no contexto escolar<\/strong><strong>\u201d<\/strong>\u00a0(Orientador:\u00a0<strong>Prof. Dr. Lenon Morales Abeijon<\/strong><strong>,\u00a0<\/strong>Coorientador:\u00a0<strong>Prof. Dr. C\u00e9sar Jaeger Drehmer<\/strong>). <strong>Alterada<\/strong> pela\u00a0 <a href=\"https:\/\/docs.ufpel.edu.br\/index.php\/s\/ixFLfzjWo9fQIlD\" target=\"_blank\" rel=\"noopener\">Portaria 39, de 04 de fevereiro de 2026<\/a><\/p>\n<p><a href=\"https:\/\/docs.ufpel.edu.br\/index.php\/s\/fZY59hM1mBMEbzP\" target=\"_blank\" rel=\"noopener\">Portaria 20, de 22 de janeiro de 2026<\/a> &#8211; <strong>CONSTITUI<\/strong>\u00a0a Banca Examinadora para a defesa de Trabalho de Conclus\u00e3o de Curso de Ci\u00eancias Biol\u00f3gicas Licenciatura da acad\u00eamica\u00a0<strong>Sharon Beatriz da Cunha Garcia Dias<\/strong><strong>\u00a0<\/strong>intitulado<b>\u00a0<\/b><strong>\u201c<\/strong><strong>O ensino de Zoologia para alunos surdos: Desenvolvimento de um guia visual sobre a morfologia de aves<\/strong><strong>\u201d<\/strong>\u00a0(Orientadora:\u00a0<strong>Prof\u00aa. Dr\u00aa. Rita de C\u00e1ssia Morem C\u00f3ssio Rodriguez,\u00a0<\/strong>Coorientador:\u00a0<strong>Prof. Dr. C\u00e9sar Jaeger Drehmer<\/strong>). <strong>Alterada<\/strong> pela <a href=\"https:\/\/docs.ufpel.edu.br\/index.php\/s\/vLYGHqqOyHdS5Dh\" target=\"_blank\" rel=\"noopener\">Portaria 37, de 03 de fevereiro de 2026<\/a><\/p>\n<p><a href=\"https:\/\/docs.ufpel.edu.br\/index.php\/s\/PJA4P4OGkpUghm0\" target=\"_blank\" rel=\"noopener\">Portaria 19, de 22 de janeiro de 2026 &#8211;<\/a><strong> CONSTITUI<\/strong>\u00a0a Banca Examinadora para a defesa de Trabalho de Conclus\u00e3o de Curso de Ci\u00eancias Biol\u00f3gicas Licenciatura da acad\u00eamica\u00a0<strong>Maria Carolina Domingues Dos Santos<\/strong><strong>\u00a0<\/strong>intitulado<b>\u00a0<\/b><strong>\u201c<\/strong><strong>A influ\u00eancia dos habitats na distribui\u00e7\u00e3o de\u00a0<em>Phaonia<\/em>\u00a0(Diptera, Muscidae)<\/strong><strong>\u201d<\/strong>\u00a0(Orientador:\u00a0<strong>Prof. Dr. Rodrigo Ferreira Kr\u00fcger<\/strong>). Tornada sem efeito pela <a href=\"https:\/\/docs.ufpel.edu.br\/index.php\/s\/2mDQJ9OuWEUEhss\" target=\"_blank\" rel=\"noopener\">Portaria 36, de 03 de fevereiro de 2026<\/a> &#8211;<\/p>\n<p><a href=\"https:\/\/docs.ufpel.edu.br\/index.php\/s\/XyfJcKtUkPl6493\" target=\"_blank\" rel=\"noopener\">Portaria 18, de 22 de janeiro de 2026<\/a> &#8211; <strong>CONSTITUI<\/strong>\u00a0a Banca Examinadora para a defesa de Trabalho de Conclus\u00e3o de Curso de Ci\u00eancias Biol\u00f3gicas Bacharelado do acad\u00eamico\u00a0<strong>Vin\u00edcius da Costa Rodrigues<\/strong><strong>\u00a0<\/strong>intitulado<b>\u00a0<\/b><strong>\u201c<\/strong><strong>Influ\u00eancia das caracter\u00edsticas dos indiv\u00edduos de\u00a0<em>Myrsine guianensis<\/em>\u00a0nas intera\u00e7\u00f5es formiga-planta<\/strong><strong>\u201d<\/strong>\u00a0(Orientador:\u00a0<strong>Prof. Dr. Sebastian Felipe Sendoya Echeverry<\/strong>). <strong>ALTERADA<\/strong> pela <a href=\"https:\/\/docs.ufpel.edu.br\/index.php\/s\/BewKpTDzgBOFJhF\" target=\"_blank\" rel=\"noopener\">Portaria 35, de 03 de fevereiro de 2026 &#8211;<\/a><\/p>\n<p><a href=\"https:\/\/docs.ufpel.edu.br\/index.php\/s\/VPCtjSTsQb1A4nC\" target=\"_blank\" rel=\"noopener\">Portaria 17, de 22 de janeiro de 2026 <\/a>&#8211; <strong>CONSTITUI<\/strong>\u00a0a Banca Examinadora para a defesa de Trabalho de Conclus\u00e3o de Curso de Ci\u00eancias Biol\u00f3gicas Bacharelado da acad\u00eamica\u00a0<strong>Giulia Fernandes da Veiga<\/strong><strong>\u00a0<\/strong>intitulado<b>\u00a0<\/b><strong>\u201c<\/strong><strong>Pistas olfativas ou visuais: Qual a influ\u00eancia dos est\u00edmulos na escolha de flores por\u00a0<em>Drosophila<\/em>?<\/strong><strong>\u201d<\/strong>\u00a0(Orientadora:\u00a0<strong>Prof\u00aa. Dr\u00aa. Juliana Cordeiro<\/strong>)<\/p>\n<p><a href=\"https:\/\/docs.ufpel.edu.br\/index.php\/s\/uiKS5XA8ajB13kX\" target=\"_blank\" rel=\"noopener\">Portaria 16, de 22 de janeiro de 2026<\/a> &#8211; <strong>CONSTITUIR<\/strong>\u00a0a Banca Examinadora para a defesa de Trabalho de Conclus\u00e3o de Curso de Ci\u00eancias Biol\u00f3gicas Bacharelado do acad\u00eamico\u00a0<strong>Pedro Pereira Brod<\/strong><strong>\u00a0<\/strong>intitulado<b>\u00a0<\/b><strong>\u201c<\/strong><strong>Par\u00e2metros f\u00edsicos e temporais do som de chamado dos grilos (Orthoptera, Gryllidae) do Rio Grande do Sul<\/strong><strong>\u201d<\/strong>\u00a0(Orientador:\u00a0<strong>Prof. Dr. Edison Zefa<\/strong>)<\/p>\n<p><a href=\"https:\/\/docs.ufpel.edu.br\/index.php\/s\/lJ5U8RP19P6eNax\" target=\"_blank\" rel=\"noopener\">Portaria 15, de 22 de janeiro de 2026<\/a> &#8211; <strong>CONSTITUI<\/strong>\u00a0a Banca Examinadora para a defesa de Trabalho de Conclus\u00e3o de Curso de Ci\u00eancias Biol\u00f3gicas Bacharelado da acad\u00eamica\u00a0<strong>Anna Clara Boeira M\u00fcller<\/strong><strong>\u00a0<\/strong>intitulado<b>\u00a0<\/b><strong>\u201c<\/strong><strong>Rela\u00e7\u00f5es filogen\u00e9ticas das esp\u00e9cies do grupo\u00a0<em>Drosophila bromeliae<\/em>\u00a0(Diptera, Drosophilidae) no sul do Brasil utilizando dados gen\u00f4micos<\/strong><strong>\u201d<\/strong>\u00a0(Orientadora:\u00a0<strong>Prof\u00aa. Dr\u00aa. Juliana Cordeiro<\/strong><strong>,\u00a0<\/strong>Coorientadora:\u00a0<strong>Bi\u00f3l\u00aa. Dr\u00aa. Tuane Let\u00edcia Carvalho<\/strong>)<\/p>\n<p><a href=\"https:\/\/docs.ufpel.edu.br\/index.php\/s\/yZzcA906z6QMtrk\" target=\"_blank\" rel=\"noopener\">Portaria 14, de 22 de janeiro de 2026<\/a> &#8211; <strong>CONSTITUI<\/strong>\u00a0a Banca Examinadora para a defesa de Trabalho de Conclus\u00e3o de Curso de Ci\u00eancias Biol\u00f3gicas Bacharelado da acad\u00eamica\u00a0<strong>Kailane Fl\u00f4res Martins<\/strong><strong>\u00a0<\/strong>intitulado<b>\u00a0<\/b><strong>\u201c<\/strong><strong>Suplementa\u00e7\u00e3o alimentar com\u00a0<em>Yarrowia lipolytica<\/em>\u00a0carotog\u00eanica: efeitos na express\u00e3o de genes antioxidantes e pigmenta\u00e7\u00e3o muscular em zebrafish (<em>Danio rerio<\/em>)<\/strong><strong>\u201d<\/strong>\u00a0(Orientadora:\u00a0<strong>Prof\u00aa. Dr\u00aa. Daniela Volcan Almeida,\u00a0<\/strong>Coorientador:\u00a0<strong>Prof. Dr. Ricardo Berteaux Robaldo<\/strong>)<\/p>\n<p><a href=\"https:\/\/docs.ufpel.edu.br\/index.php\/s\/ck7u9CKaUxBFDez\" target=\"_blank\" rel=\"noopener\">Portaria 13, de 19 de janeiro de 2026<\/a> &#8211; <strong>CONSTITUI<\/strong>\u00a0a Banca Examinadora para a defesa de Trabalho de Conclus\u00e3o de Curso de Ci\u00eancias Biol\u00f3gicas Licenciatura do acad\u00eamico\u00a0<b>Willian Roberto da Silva Botelho<\/b><strong>\u00a0<\/strong>intitulado<b>\u00a0&#8220;<\/b><b>Anatomia Humana na Educa\u00e7\u00e3o B\u00e1sica: perspectivas docentes sobre os processos de ensino-aprendizagem<\/b><strong>\u201d\u00a0<\/strong>(Orientadora:\u00a0<b>Profa. Dra. Joseane Jim\u00e9nez Rojas<\/b>, Coorientadora:\u00a0<b>Profa. Dra. Even Herlany Pereira Alves<\/b>)<\/p>\n<p><a href=\"https:\/\/docs.ufpel.edu.br\/index.php\/s\/Z7DgBD9ofYDF7jE\" target=\"_blank\" rel=\"noopener\">Portaria 12, de 19 de janeiro de 2026 &#8211;<\/a> <strong>\u00a0CONSTITUI<\/strong>\u00a0a Banca Examinadora para a defesa de Trabalho de Conclus\u00e3o de Curso de Ci\u00eancias Biol\u00f3gicas Licenciatura do acad\u00eamico\u00a0<b>Thiago Escouto da Fonseca<\/b><strong>\u00a0<\/strong>intitulado<b>\u00a0&#8220;<\/b>\u00a0<b>A utiliza\u00e7\u00e3o da m\u00fasica na instrumenta\u00e7\u00e3o did\u00e1tica do Ensino de Ci\u00eancias<\/b><strong>\u201d\u00a0<\/strong>(Orientador:\u00a0\u00a0<b>Prof. Dr. Robledo Lima Gil<\/b>)<b>\u00a0<\/b><\/p>\n<p><a href=\"https:\/\/docs.ufpel.edu.br\/index.php\/s\/aYnNCtccAlfw2Ur\" target=\"_blank\" rel=\"noopener\">Portaria 11, de 19 de janeiro de 2026 &#8211;<\/a> <strong>\u00a0CONSTITUI<\/strong>\u00a0a Banca Examinadora para a defesa de Trabalho de Conclus\u00e3o de Curso de Ci\u00eancias Biol\u00f3gicas Licenciatura da acad\u00eamica\u00a0<b>Talissa Gonsalves Gularte<\/b><strong>\u00a0<\/strong>intitulado<b>\u00a0&#8220;<\/b><b>Percep\u00e7\u00e3o de docentes de uma escola da educa\u00e7\u00e3o infantil sobre animais pe\u00e7onhentos e venenosos<\/b><strong>\u201d\u00a0<\/strong>(Orientadora:\u00a0<strong>Bi\u00f3loga\u00a0<\/strong><b>Dra. Greici Maia Behling<\/b>)<b>\u00a0<\/b><\/p>\n<p><a href=\"https:\/\/docs.ufpel.edu.br\/index.php\/s\/DvuEuKnJyJrnQe4\" target=\"_blank\" rel=\"noopener\">Portaria 10, de 19 de janeiro de 2026 &#8211;<\/a> <strong>CONSTITUI<\/strong>\u00a0a Banca Examinadora para a defesa de Trabalho de Conclus\u00e3o de Curso de Ci\u00eancias Biol\u00f3gicas Licenciatura da acad\u00eamica\u00a0<b>Shaiane Lessa dos Santos<\/b><strong>\u00a0<\/strong>intitulado<b>\u00a0&#8220;<\/b><b>Ensino de Fisiologia Vegetal na Educa\u00e7\u00e3o B\u00e1sica: uma an\u00e1lise de livros did\u00e1ticos, pr\u00e1ticas e proposta pedag\u00f3gica<\/b><strong>\u201d\u00a0<\/strong>(Orientadora:\u00a0<b>Profa. Dra. Eugenia Jacira Bolacel Braga<\/b><b>,\u00a0<\/b>Coorientador:\u00a0<b>Prof. Dr. Raul Antonio Sperotto<\/b>)<\/p>\n<p><a href=\"https:\/\/docs.ufpel.edu.br\/index.php\/s\/56r5UTI8agjK858\" target=\"_blank\" rel=\"noopener\">Portaria 09, de 19 de janeiro de 2026 &#8211;<\/a> <strong>CONSTITUI<\/strong>\u00a0a Banca Examinadora para a defesa de Trabalho de Conclus\u00e3o de Curso de Ci\u00eancias Biol\u00f3gicas Licenciatura do acad\u00eamico\u00a0<b>Rodrigo Barcellos Brahm<\/b><strong>\u00a0<\/strong>intitulado<b>\u00a0&#8220;<\/b><b>O bioma Pampa nos livros did\u00e1ticos de Ci\u00eancias: Um olhar sobre o PNLD tri\u00eanio 2024-2026<\/b><strong>\u201d\u00a0<\/strong>(Orientadora:\u00a0<b>Profa. Dra. Francele de Abreu Carlan<\/b>)<\/p>\n<p><a href=\"https:\/\/docs.ufpel.edu.br\/index.php\/s\/IcKcPnxelAyShxn\" target=\"_blank\" rel=\"noopener\">Portaria 08, de 19 de janeiro de 2026 &#8211;<\/a> <strong>\u00a0CONSTITUI<\/strong>\u00a0a Banca Examinadora para a defesa de Trabalho de Conclus\u00e3o de Curso de Ci\u00eancias Biol\u00f3gicas Licenciatura do acad\u00eamico\u00a0<b>Ricardo Farias Afonso<\/b><strong>\u00a0<\/strong>intitulado<b>\u00a0&#8220;<\/b><b>Insetos como Agentes na Educa\u00e7\u00e3o e Preserva\u00e7\u00e3o ambiental<\/b><strong>\u201d\u00a0<\/strong>(Orientadora\u00a0<b>Profa. Dra. Caroline Terra de Oliveira<\/b>)<\/p>\n<p><a href=\"https:\/\/docs.ufpel.edu.br\/index.php\/s\/EMwQZXSwrFh6vM8\" target=\"_blank\" rel=\"noopener\">Portaria 07, de 19 de janeiro de 2026 &#8211;<\/a> <strong>CONSTITUI<\/strong>\u00a0a Banca Examinadora para a defesa de Trabalho de Conclus\u00e3o de Curso de Ci\u00eancias Biol\u00f3gicas Licenciatura da acad\u00eamica\u00a0<b>Rayssa Silva da Cruz<\/b><strong>\u00a0<\/strong>intitulado<b>\u00a0&#8220;<\/b>\u00a0<b>Diversidade Sexual e de G\u00eanero na Educa\u00e7\u00e3o B\u00e1sica: um olhar sobre artigos publicados em revistas acad\u00eamicas especializadas em ensino e\/ou educa\u00e7\u00e3o da Regi\u00e3o Sul do Brasil<\/b><strong>\u201d\u00a0<\/strong>(Orientadora:\u00a0<b>Profa. Dra. Francele de Abreu Carlan,\u00a0<\/b>Coorientador:<b>\u00a0Prof. Dr. Renan de Almeida Barbosa<\/b>)<\/p>\n<p><a href=\"https:\/\/docs.ufpel.edu.br\/index.php\/s\/NXLiCb5A3lFe8Hn\" target=\"_blank\" rel=\"noopener\">Portaria 06, de 19 de janeiro de 2026 &#8211;<\/a> <strong>\u00a0CONSTITUI<\/strong>\u00a0a Banca Examinadora para a defesa de Trabalho de Conclus\u00e3o de Curso de Ci\u00eancias Biol\u00f3gicas Licenciatura do acad\u00eamico\u00a0<b>N\u00edcolas H\u00e4rter Stigger<\/b><strong>\u00a0<\/strong>intitulado<b>\u00a0&#8220;<\/b><b>O impacto comportamental dos alunos frente a restri\u00e7\u00e3o do uso de celular em sala de aula: uma an\u00e1lise a partir da viv\u00eancia docente<\/b><strong>\u201d\u00a0<\/strong>(Orientadora\u00a0<b>Profa. Dra. Richele Timm dos Passos da Silva<\/b>)<\/p>\n<p><a href=\"https:\/\/docs.ufpel.edu.br\/index.php\/s\/Gs1dqZEc2y8Yugk\" target=\"_blank\" rel=\"noopener\">Portaria 05, de 19 de janeiro de 2026 &#8211;<\/a> <strong>CONSTITUI<\/strong>\u00a0a Banca Examinadora para a defesa de Trabalho de Conclus\u00e3o de Curso de Ci\u00eancias Biol\u00f3gicas Licenciatura da acad\u00eamica\u00a0<b>Naiane Chaves e Chaves<\/b><strong>\u00a0<\/strong>intitulado<b>\u00a0&#8220;<\/b><b>Gente n\u00e3o \u00e9 bicho? Percep\u00e7\u00f5es da inf\u00e2ncia e da doc\u00eancia na Educa\u00e7\u00e3o Infantil: um estudo de caso em Educa\u00e7\u00e3o Ambiental<\/b><strong>\u201d\u00a0<\/strong>(Orientador:\u00a0<strong>Bi\u00f3loga<\/strong>\u00a0<b>Dra. Greici Maia Behling<\/b>)<\/p>\n<p><a href=\"https:\/\/docs.ufpel.edu.br\/index.php\/s\/akJpdR78BwwkbV5\" target=\"_blank\" rel=\"noopener\">Portaria 04, de 19 de janeiro de 2026 &#8211;<\/a> <strong>CONSTITUI<\/strong>\u00a0a Banca Examinadora para a defesa de Trabalho de Conclus\u00e3o de Curso de Ci\u00eancias Biol\u00f3gicas Licenciatura da acad\u00eamica\u00a0<b>Maria L\u00facia Borges Bretanha<\/b><strong>\u00a0<\/strong>intitulado<b>\u00a0&#8220;<\/b><b>A inclus\u00e3o de estudantes com Transtorno do Espectro Autista (TEA) no ensino b\u00e1sico sob a perspectiva de professores de Ci\u00eancias, Biologia e Atendimento Educacional Especializado (AEE)<\/b><strong>\u201d\u00a0<\/strong>(Orientadora\u00a0<b>Profa. Dra. Rita de C\u00e1ssia Morem C\u00f3ssio Rodriguez<\/b>). TORNADA SEM EFEITO <a href=\"https:\/\/docs.ufpel.edu.br\/index.php\/s\/axYpJWlwEJj3nof\" target=\"_blank\" rel=\"noopener\">Portaria 45, de 10 de fevereiro de 2026<\/a> &#8211;<\/p>\n<p><a href=\"https:\/\/docs.ufpel.edu.br\/index.php\/s\/ae6FBHcwqhJxDZw\" target=\"_blank\" rel=\"noopener\">Portaria 03, de 19 de janeiro de 2026 &#8211;<\/a> <strong>\u00a0CONSTITUI<\/strong>\u00a0a Banca Examinadora para a defesa de Trabalho de Conclus\u00e3o de Curso de Ci\u00eancias Biol\u00f3gicas Licenciatura do acad\u00eamico\u00a0<b>Bruno Madeira<\/b><strong>\u00a0<\/strong>intitulado<b>\u00a0&#8220;<\/b><b>A an\u00e1lise dos Projetos Pedag\u00f3gicos dos Cursos de Agropecu\u00e1ria e Meio ambiente para conhecer o estado do conhecimento dos futuros profissionais em Controle Biol\u00f3gico<\/b><strong>\u201d\u00a0<\/strong>(Orientador:\u00a0<b>Prof. Dr. Marcial Corr\u00eaa C\u00e1rcamo,\u00a0<\/b>Coorientadora:\u00a0<b>Profa. Dra. Arita Mendes Duarte<\/b>)<\/p>\n<p><a href=\"https:\/\/docs.ufpel.edu.br\/index.php\/s\/NaiwgdUJJrDKPp3\" target=\"_blank\" rel=\"noopener\">Portaria 02, de 19 de janeiro de 2026 &#8211;<\/a> <strong>CONSTITUI<\/strong>\u00a0a Banca Examinadora para a defesa de Trabalho de Conclus\u00e3o de Curso de Ci\u00eancias Biol\u00f3gicas Licenciatura da acad\u00eamica\u00a0<b>Beatriz Classen Viana<\/b><strong>\u00a0<\/strong>intitulado<b>\u00a0&#8220;<\/b><b>Mulheres na Ci\u00eancia: Percep\u00e7\u00e3o de estudantes do 8\u00ba ano do Ensino Fundamental da rede p\u00fablica sobre a representatividade feminina na ci\u00eancia<\/b><strong>\u201d\u00a0<\/strong>(Orientadora\u00a0<b>Profa. Dra. Rita de C\u00e1ssia Morem C\u00f3ssio Rodriguez<\/b>)<\/p>\n<p><a href=\"https:\/\/docs.ufpel.edu.br\/index.php\/s\/JBmBvyXUtWUU9Cs\" target=\"_blank\" rel=\"noopener\">Portaria 01, de 14 de janeiro de 2026<\/a> &#8211; <strong>CONSTITUI<\/strong>\u00a0a Banca Examinadora para a defesa de Trabalho de Conclus\u00e3o de Curso de Ci\u00eancias Biol\u00f3gicas Licenciatura do acad\u00eamico\u00a0<b>N\u00edcolas Xavier de Castro<\/b><strong>\u00a0<\/strong>intitulado<b>\u00a0&#8220;<\/b><b>Arte como uma ferramenta para o ensino de biologia: Um estado da arte<\/b><strong>\u201d\u00a0<\/strong>(Orientador\u00a0<b>Prof. Dr. Renan de Almeida Barbosa,\u00a0<\/b>Coorientador:\u00a0<b>Prof. Dr. Robledo Lima Gil<\/b>)<\/p>\n<p>&nbsp;<\/p>\n<p><span style=\"background-color: #ffffff;\"><strong>2025 Especiais &#8211;<\/strong><\/span><\/p>\n<p><a href=\"https:\/\/docs.ufpel.edu.br\/index.php\/s\/QDRlwatozFC8SNn\" target=\"_blank\" rel=\"noopener\">PORTARIA DE PESSOAL N\u00ba 6422\/UFPEL, DE 16 DE OUTUBRO DE 2025<\/a> &#8211; Atualizar a Portaria 1208\/2025, referente ao Programa de Gest\u00e3o e Desempenho do Instituto de Biologia, excluindo o servidor Jean Piraine Souza, a contar de 01 de outubro de 2025.<\/p>\n<p><a href=\"https:\/\/docs.ufpel.edu.br\/index.php\/s\/TWx0KsdW2qO3CDT\" target=\"_blank\" rel=\"noopener\">PORTARIA N\u00ba 1, DE 10 DE OUTUBRO DE 2025<\/a> &#8211; Instituir, no \u00e2mbito do Instituto de Biologia, o Programa de Gest\u00e3o e Desempenho (PGD-IB).<\/p>\n<p><a href=\"https:\/\/docs.ufpel.edu.br\/index.php\/s\/qYg44Jk8OBt3UGe\" target=\"_blank\" rel=\"noopener\">PORTARIA DE PESSOAL N\u00ba 6131\/UFPEL, DE 02 DE OUTUBRO DE 2025<\/a> &#8211; CONSTITUIR a nova composi\u00e7\u00e3o da Banca n\u00ba 50 da Comiss\u00e3o Permanente de Pessoal Docente (CPPD) para avalia\u00e7\u00e3o dos processos de promo\u00e7\u00e3o funcional \u00e0 Professor Classe C \u2013 Associado na \u00e1rea de Ci\u00eancias da Sa\u00fade e Biol\u00f3gicas,<\/p>\n<p><a href=\"https:\/\/docs.ufpel.edu.br\/index.php\/s\/07fnNrSlVKVXukl\" target=\"_blank\" rel=\"noopener\">PORTARIA DE PESSOAL N\u00ba 1208\/UFPEL, DE 02 DE ABRIL DE 2025<\/a> &#8211; Atualizar a Portaria 4922\/2025, referente ao Programa de Gest\u00e3o e Desempenho do Instituto de Biologia, alterando a modalidade em regime de execu\u00e7\u00e3o presencial para teletrabalho em regime de execu\u00e7\u00e3o parcial, do servidor Sydney Dias Ferreira J\u00fanior a contar de 29 de abril de 2025.<\/p>\n<p><a href=\"https:\/\/docs.ufpel.edu.br\/index.php\/s\/03zzacM0mjuJbHI\" target=\"_blank\" rel=\"noopener\">PORTARIA DE PESSOAL N\u00ba 1173\/UFPEL, DE 31 DE MAR\u00c7O DE 2025<\/a> &#8211; Atualizar a Portaria 4922\/2025, referente ao Programa de Gest\u00e3o e Desempenho do Instituto de Biologia, alterando a modalidade em regime de execu\u00e7\u00e3o presencial para teletrabalho em regime de execu\u00e7\u00e3o parcial, do servidor Sydney Dias Ferreira J\u00fanior a contar de 29 de abril de 2025.<\/p>\n<p>&nbsp;<\/p>\n<p><span style=\"color: #000000; background-color: #ffffff;\"><strong>2025 &#8211;<\/strong><\/span><\/p>\n<p><a href=\"https:\/\/docs.ufpel.edu.br\/index.php\/s\/37PnIalZZfSKAQU\" target=\"_blank\" rel=\"noopener\">Portaria 97, de 22 de dezembro de 2025 &#8211;<\/a> <strong>DESIGNA<\/strong>\u00a0o servidor professor Jo\u00e3o Ricardo Vieira Iganci para a Coordena\u00e7\u00e3o do N\u00facleo de Ilustra\u00e7\u00e3o Cient\u00edfica (NIC) sem percep\u00e7\u00e3o de fun\u00e7\u00e3o gratificada ou similar.<\/p>\n<p><a href=\"https:\/\/docs.ufpel.edu.br\/index.php\/s\/BTodIICq0i4oE4S\" target=\"_blank\" rel=\"noopener\">Portaria 96, de 17 de dezembro de 2025<\/a> &#8211; <strong>DESIGNA<\/strong>\u00a0os Membros da\u00a0Comiss\u00e3o de Sele\u00e7\u00e3o do Edital 01\/2025-EAEES para Professor Formador\u00a0<span contenteditable=\"false\"><a id=\"lnkSei3966386\" class=\"ancora_sei\" href=\"https:\/\/sei.ufpel.edu.br\/sei\/controlador.php?acao=protocolo_visualizar&amp;id_protocolo=3966386&amp;id_procedimento_atual=2961983&amp;infra_sistema=100000100&amp;infra_unidade_atual=110000218&amp;infra_hash=b9fd37fb4f8dcdf58f0637901fc332d230f72a4c62c4388998d11d85ea5b11731d080971cd513bc04047c5055d50d4607407039bcd168eca8548244c0898d420c0461d645bd8112414fd74e1e57523995d23498ce2d96ce9eb2faeb2b3a5ef2e\" target=\"_blank\" rel=\"noopener\">3552410<\/a><\/span>\u00a0que\u00a0atuar\u00e1 na orienta\u00e7\u00e3o dos Trabalhos de Conclus\u00e3o de Curso da Especializa\u00e7\u00e3o em Educa\u00e7\u00e3o Ambiental com \u00canfase em Espa\u00e7os Educadores Sustent\u00e1vei<\/p>\n<p><a href=\"https:\/\/docs.ufpel.edu.br\/index.php\/s\/651SmjpS7pwRExs\" target=\"_blank\" rel=\"noopener\">Portaria 95, de 16 de dezembro de 2025 &#8211;<\/a> <strong>ALTERA <\/strong>a PORTARIA N\u00ba 16, de 06 de fevereiro de 2024 (<span contenteditable=\"false\"><a id=\"lnkSei2820101\" class=\"ancora_sei\" href=\"https:\/\/sei.ufpel.edu.br\/sei\/controlador.php?acao=protocolo_visualizar&amp;id_protocolo=2820101&amp;id_procedimento_atual=2584536&amp;infra_sistema=100000100&amp;infra_unidade_atual=110000218&amp;infra_hash=c8dba125d0b942d9a4a65e8c55d96572441f47c5634a99aa559b7fc99010715d6cc0fefb75a828e0878566a0c5dae7b94f0f2c7e243214304bc61e570acc03422deafe58a74feededa30a73f2d98a746d82f6f467b130d3b57d8e9bed897f273\" target=\"_blank\" rel=\"noopener\">2511891<\/a><\/span>)- Est\u00e1gio Probat\u00f3rio Docente da professora\u00a0<strong>Leda Margarita Casta\u00f1o Barrios<\/strong><\/p>\n<p><a href=\"https:\/\/docs.ufpel.edu.br\/index.php\/s\/xswzaDh3WVUbfnr\" target=\"_blank\" rel=\"noopener\">Portaria 94, de 16 de dezembro de 2025 &#8211;<\/a> <strong>Altera<\/strong> PORTARIA N\u00ba 15, de 06 de fevereiro de 2024 (<span contenteditable=\"false\"><a id=\"lnkSei2820115\" class=\"ancora_sei\" href=\"https:\/\/sei.ufpel.edu.br\/sei\/controlador.php?acao=protocolo_visualizar&amp;id_protocolo=2820115&amp;id_procedimento_atual=2584354&amp;infra_sistema=100000100&amp;infra_unidade_atual=110000218&amp;infra_hash=f7d8eba689530a4807f018320fbff22b6f3e4f3eace70ff8920e6da2fb0006c76cc0fefb75a828e0878566a0c5dae7b94f0f2c7e243214304bc61e570acc03422deafe58a74feededa30a73f2d98a746d82f6f467b130d3b57d8e9bed897f273\" target=\"_blank\" rel=\"noopener\">2511905<\/a><\/span>) &#8211; Est\u00e1gio Probat\u00f3rio Docente da professora\u00a0<strong>Nat\u00e1lia Berne Pinheiro<\/strong><\/p>\n<p><a href=\"https:\/\/docs.ufpel.edu.br\/index.php\/s\/liQNPBkFXXzB4qx\" target=\"_blank\" rel=\"noopener\">Portaria 93, de 16 de dezembro de 2025<\/a> &#8211; <strong>ALTERA <\/strong>a PORTARIA N\u00ba 16, de 06 de fevereiro de 2024 (<span contenteditable=\"false\"><a id=\"lnkSei2820116\" class=\"ancora_sei\" href=\"https:\/\/sei.ufpel.edu.br\/sei\/controlador.php?acao=protocolo_visualizar&amp;id_protocolo=2820116&amp;id_procedimento_atual=2584541&amp;infra_sistema=100000100&amp;infra_unidade_atual=110000218&amp;infra_hash=d0bfae38e01e4c4a5119301420164f56623be2d5fd091405a87e19adb2013fac6cc0fefb75a828e0878566a0c5dae7b94f0f2c7e243214304bc61e570acc03422deafe58a74feededa30a73f2d98a746d82f6f467b130d3b57d8e9bed897f273\" target=\"_blank\" rel=\"noopener\">2511906<\/a><\/span>) &#8211; Est\u00e1gio Probat\u00f3rio Docente da professora\u00a0<strong>Nathieli Bianchin Bottari.<\/strong><\/p>\n<p><a href=\"https:\/\/docs.ufpel.edu.br\/index.php\/s\/9YKBdC1lbc5c0Au\" target=\"_blank\" rel=\"noopener\">Portaria 92, de 12 de dezembro de 2025<\/a> &#8211; <strong>ALTERA <\/strong>a Portaria\u00a0N\u00ba 83, de 28 de novembro de 2025 (<span contenteditable=\"false\"><a id=\"lnkSei3918310\" class=\"ancora_sei\" href=\"https:\/\/sei.ufpel.edu.br\/sei\/controlador.php?acao=protocolo_visualizar&amp;id_protocolo=3918310&amp;id_procedimento_atual=3918282&amp;infra_sistema=100000100&amp;infra_unidade_atual=110000218&amp;infra_hash=59d3783e44aa22a037e95e2d9fec0dbabfa155c4b8fcafec4d9008ff120475e4d5e546874c8bc00ef35194272b1419ef8d7e925057b434683c0e119841893f8fd681fbd019e0d3ca1f3c0dc29746b669df2c3faed2a2e8586c2a96e8fc5f39fc\" target=\"_blank\" rel=\"noopener\">3508030<\/a><\/span>) reconstituindo\u00a0a Comiss\u00e3o Organizadora das Elei\u00e7\u00f5es para a Coordena\u00e7\u00e3o e Coordena\u00e7\u00e3o Adjunta do Colegiado dos Cursos de Ci\u00eancias Biol\u00f3gica<\/p>\n<p><a href=\"https:\/\/docs.ufpel.edu.br\/index.php\/s\/IiIBROBZ4nf7sQ8\" target=\"_blank\" rel=\"noopener\">Portaria 91, de 10 de dezembro de 2025<\/a> &#8211; <strong>CONSTITUI<\/strong>\u00a0banca de\u00a0Defesa de Disserta\u00e7\u00e3o de Mestrado\u00a0da discente<strong>\u00a0<\/strong><strong>Francine Rodrigues Pedra<\/strong><strong>\u00a0<\/strong>do\u00a0PPGMPar\u00a0o trabalho intitula-se:\u00a0\u201c<strong>Infec\u00e7\u00f5es cervicovaginais e microbiota vaginal: correla\u00e7\u00f5es citopatol\u00f3gicas, microbiol\u00f3gicas e sociais em mulheres atendidas pelo SUS no extremo sul do Brasil<\/strong><strong>&#8220;<\/strong><\/p>\n<p><a href=\"https:\/\/docs.ufpel.edu.br\/index.php\/s\/WjQzb9nJ968uVyA\" target=\"_blank\" rel=\"noopener\">Portaria 90, de 10 de dezembro de 2025<\/a> &#8211; <strong>CONSTITUI<\/strong>\u00a0Banca para\u00a0Qualifica\u00e7\u00e3o de Doutorado\u00a0da discente<strong>\u00a0<\/strong><strong>Patr\u00edcia Daiane Zank\u00a0<\/strong>do PPG em Microbiologia e Parasitologia, cujo trabalho intitula-se: \u201c<strong>Biofilmes e hidrog\u00e9is \u00e0 base de carragenana de\u00a0<em>Gigartina skottsbergii\u00a0<\/em>incorporados com curcumina e curcuminoides: desenvolvimento, caracteriza\u00e7\u00e3o e aplica\u00e7\u00e3o potencial na sa\u00fade da mulher<\/strong><\/p>\n<p><a href=\"https:\/\/docs.ufpel.edu.br\/index.php\/s\/GN9PZHhxpMAEeRA\" target=\"_blank\" rel=\"noopener\">Portaria 89, de 08 de dezembro de 2025 &#8211;<\/a> <strong>CONSTITUI<\/strong>\u00a0a Banca Examinadora para a defesa de Trabalho de Conclus\u00e3o de Curso de Ci\u00eancias Biol\u00f3gicas Bacharelado da acad\u00eamica\u00a0<strong>Thalita Collares Alves<\/strong><strong>\u00a0<\/strong>intitulado<b>\u00a0<\/b><strong>\u201cO comportamento da Corrente das Malvinas nas \u00faltimas d\u00e9cadas e o papel da atmosfera e do oceano neste processo\u201d<\/strong>\u00a0(Orientador\u00a0<strong>Prof. Dr. Douglas da Silva Lindemann<\/strong><\/p>\n<p><a href=\"https:\/\/docs.ufpel.edu.br\/index.php\/s\/d9Qp5JO74gnPtvS\" target=\"_blank\" rel=\"noopener\">Portaria 88, de 08 de dezembro de 2025<\/a> &#8211; <strong>CONSTITUI<\/strong>\u00a0a Banca Examinadora para a defesa de Trabalho de Conclus\u00e3o de Curso de Ci\u00eancias Biol\u00f3gicas Bacharelado do acad\u00eamico\u00a0<strong>Victor Kenzo Fernandes Tanaka<\/strong><strong>\u00a0<\/strong>intitulado<b>\u00a0<\/b><strong>\u201cImport\u00e2ncia relativa de\u00a0<em>Syagrus romanzoffiana<\/em>\u00a0para frug\u00edvoros e seus pap\u00e9is na dispers\u00e3o das sementes em uma comunidade no sul do Brasil\u201d<\/strong>\u00a0(Orientador\u00a0<strong>Prof. Dr. J\u00e9ferson Bugoni<\/strong>)<\/p>\n<p><a href=\"https:\/\/docs.ufpel.edu.br\/index.php\/s\/qNtl1VjTLV8oAnP\" target=\"_blank\" rel=\"noopener\">Portaria 87, de 08 de dezembro de 2025 &#8211;<\/a> <strong>\u00a0CONSTITUI<\/strong>\u00a0a Banca Examinadora para a defesa de Trabalho de Conclus\u00e3o de Curso de Ci\u00eancias Biol\u00f3gicas Bacharelado da acad\u00eamica\u00a0<strong>Carina Alves Ferri<\/strong><strong>\u00a0<\/strong>intitulado<b>\u00a0<\/b><strong>\u201cRepresenta\u00e7\u00f5es sociais e as associa\u00e7\u00f5es sobre morcegos no ambiente universit\u00e1rio\u201d<\/strong>\u00a0(Orientador\u00a0<strong>Prof\u00aa. Dr\u00aa. Ana Maria Rui<\/strong>)<\/p>\n<p>Portaria 87, de 08 de dezembro de 2025 &#8211;<strong>\u00a0CONSTITUIR<\/strong>\u00a0a Banca Examinadora para a defesa de Trabalho de Conclus\u00e3o de Curso de Ci\u00eancias Biol\u00f3gicas Bacharelado da acad\u00eamica\u00a0<strong>Carina Alves Ferri<\/strong><strong>\u00a0<\/strong>intitulado<b>\u00a0<\/b><strong>\u201cRepresenta\u00e7\u00f5es sociais e as associa\u00e7\u00f5es sobre morcegos no ambiente universit\u00e1rio\u201d<\/strong>\u00a0(Orientador\u00a0<strong>Prof\u00aa. Dr\u00aa. Ana Maria Rui<\/strong>)<\/p>\n<p><a href=\"https:\/\/docs.ufpel.edu.br\/index.php\/s\/FHWWdTbATxlkFRg\" target=\"_blank\" rel=\"noopener\">Portaria 86, de 01 de dezembro de 2025<\/a> &#8211; <b>DESIGNA <\/b>Banca Examinadora para o Processo Seletivo para contrata\u00e7\u00e3o de Professor Substituto do Departamento de Ecologia, Zoologia e Gen\u00e9tica\/IB (Edital CAP 025\/2025, D.O.U. 08\/10\/2025, Edi\u00e7\u00e3o: 192, Se\u00e7\u00e3o: 3, P\u00e1gina: 88) da \u00e1rea de Ecologia<\/p>\n<p><a href=\"https:\/\/docs.ufpel.edu.br\/index.php\/s\/5nYoN8OalkRQHSM\" target=\"_blank\" rel=\"noopener\">Portaria 85, de 01 de dezembro de 2025<\/a> &#8211; <b>\u00a0DESIGNA <\/b>Banca Examinadora para o Processo Seletivo para contrata\u00e7\u00e3o de Professor Substituto do Departamento de Morfologia\/IB (Edital CAP 25\/2025, D.O.U. 08\/10\/2025, Edi\u00e7\u00e3o: 192, Se\u00e7\u00e3o: 3, P\u00e1gina: 88) da \u00e1rea de Anatomia Humana.<\/p>\n<p><a href=\"https:\/\/docs.ufpel.edu.br\/index.php\/s\/5Zwtcdmkmje1Acc\" target=\"_blank\" rel=\"noopener\">Portaria 84, de 28 de novembro de 2025<\/a> &#8211; <strong>CONSTITUI<\/strong>\u00a0Comiss\u00e3o Avaliadora dos processos do\u00a0Edital CRA N\u00ba 42\/2025 &#8211; Processo Seletivo Complementar 2026\/1 (reop\u00e7\u00e3o, reingresso, retomada de estudos, transfer\u00eancia e portador de diploma de ensino superior)\u00a0no Curso de Gradua\u00e7\u00e3o de Ci\u00eancias Biol\u00f3gicas<\/p>\n<p><a href=\"https:\/\/docs.ufpel.edu.br\/index.php\/s\/nPPleqMQG5d1uix\" target=\"_blank\" rel=\"noopener\">Portaria 83, de 28 de novembro de 2025<\/a> &#8211; <strong>CONSTITUI <\/strong>a Comiss\u00e3o Organizadora das\u00a0 Elei\u00e7\u00f5es para a Coordena\u00e7\u00e3o e Coordena\u00e7\u00e3o Adjunta do Colegiado dos Cursos de Ci\u00eancias Biol\u00f3gicas<\/p>\n<p><a href=\"https:\/\/docs.ufpel.edu.br\/index.php\/s\/6vAv5JXzoFhYUGo\" target=\"_blank\" rel=\"noopener\">Portaria 82, 17 de novembro de 2025 &#8211;<\/a> <strong>CONSTITUI<\/strong>\u00a0banca do Exame de Qualifica\u00e7\u00e3o de Doutorado do discente\u00a0<b>\u00cdTALO FERREIRA DE LEON<\/b>, do trabalho intitulado &#8220;<em><strong>Trypanosoma cruzi: epidemiologia, diagn\u00f3stico e tratamento na popula\u00e7\u00e3o do munic\u00edpio de Cangu\u00e7u, Rio Grande do Sul, Brasil<\/strong><\/em>&#8220;,<\/p>\n<p><a href=\"https:\/\/docs.ufpel.edu.br\/index.php\/s\/h0h1kAnQA2jmXfJ\" target=\"_blank\" rel=\"noopener\">Portaria 81, 13 de novembro de 2025 &#8211;<\/a> <strong>CONSTITUI<\/strong>\u00a0Banca Examinadora para o processo seletivo para Professor Visitante do Programa de P\u00f3s-Gradua\u00e7\u00e3o em Microbiologia e Parasitologia, nos moldes do Edital 23\/2025 a ser realizado no dia 25\/11\/2025 e t\u00e9rmino previsto para dia 01\/12\/2025.<\/p>\n<p><a href=\"https:\/\/docs.ufpel.edu.br\/index.php\/s\/4HtYayL7Uo1mUbt\" target=\"_blank\" rel=\"noopener\">Portaria 80, 06 de novembro de 2025\u00a0 &#8211;<\/a> <strong>CONSTITUI<\/strong>\u00a0Banca de defesa de Disserta\u00e7\u00e3o de\u00a0Mestrado\u00a0do discente\u00a0<strong>Vit\u00f3ria Xavier Cabral<\/strong>, do trabalho intitulado\u00a0&#8220;<strong><em>AVALIA\u00c7\u00c3O IN VITRO DE \u00d3LEOS VEGETAIS E OZONIZADOS DE GIRASSOL (Helianthus annuus) e OLIVA (Olea europaea) CONTRA Sporothrix brasiliensis<\/em><\/strong>&#8221;<\/p>\n<p><a href=\"https:\/\/docs.ufpel.edu.br\/index.php\/s\/bsd9OIPpbsaTkvZ\" target=\"_blank\" rel=\"noopener\">Portaria 79, de 21 de outubro de 2025 &#8211;<\/a> <strong>RETIFICA <\/strong>\u00a0a constitui\u00e7\u00e3o da Comiss\u00e3o para analisar a distribui\u00e7\u00e3o dos encargos did\u00e1ticos dos componentes curriculares {TCC I (09930002)\/DEZG C.4; TCC II (0993006)\/DEZG C.4; TCC III (09930008)\/DEZG C.4; Est\u00e1gio Profissionalizante I\/DB (09930003); Est\u00e1gio Profissionalizante II\/DFF (09930004); Est\u00e1gio Profissionalizante III\/DM (09930005); Est\u00e1gio Profissionalizante IV\/DMP (09930007)} ofertados no Cursos de Gradua\u00e7\u00e3o de Ci\u00eancias Biol\u00f3gicas, propondo regulamenta\u00e7\u00e3o \u00e0 mesma, composta por e <strong>ESTABELECE <\/strong>novo prazo final de\u00a018 de novembro de 2025\u00a0para a conclus\u00e3o das atividades.<\/p>\n<p><a href=\"https:\/\/docs.ufpel.edu.br\/index.php\/s\/c2LLhqoRw2N1Qzt\" target=\"_blank\" rel=\"noopener\">Portaria 78, de 08 de outubro de 2025<\/a> &#8211; <strong>\u00a0NOMEIA<\/strong> Comiss\u00e3o de sindic\u00e2ncia para a apura\u00e7\u00e3o dos fatos composta pelos docentes<\/p>\n<p><a href=\"https:\/\/drive.google.com\/file\/d\/1MdLQinLrBW9mq0fS4IwPs9TlnneGFcvz\/view?usp=sharing\" target=\"_blank\" rel=\"noopener\">Portaria 77, de 08 de setembro de 2025<\/a> &#8211;\u00a0<strong>REVOGA <\/strong>a PORTARIA N\u00ba 73, DE 26 DE AGOSTO DE 2025 (<span contenteditable=\"false\"><a id=\"lnkSei3614537\" class=\"ancora_sei\" href=\"https:\/\/sei.ufpel.edu.br\/sei\/controlador.php?acao=protocolo_visualizar&amp;id_protocolo=3614537&amp;id_procedimento_atual=2771138&amp;infra_sistema=100000100&amp;infra_unidade_atual=110000218&amp;infra_hash=059a93eb545fd8cab8cf5b2564ed49af2aaeb34268c2552810914bfcde897052bec6f443ba9a3b32122ed93877cf14ede44e2fc8f589447a5a15e2ca2d475f284e4b87276e99b2119a2d82f7606f1dc76e1e31f8249d30fd6938fc027cb438e8\" target=\"_blank\" rel=\"noopener\">3232425<\/a><\/span>) que trata da composi\u00e7\u00e3o do Colegiado dos Cursos de Bacharelado e Licenciatura em Ci\u00eancias Biol\u00f3gicas, do Instituto de Biologia. <strong>CONSOLIDA<\/strong>\u00a0a nova composi\u00e7\u00e3o do Colegiado dos Cursos de Gradua\u00e7\u00e3o em Ci\u00eancias Biol\u00f3gicas Bacharelado e Licenciatura<\/p>\n<p><a href=\"https:\/\/drive.google.com\/file\/d\/1ndn9RPSR5WaHrshK7nj3C_op1PJaKuXJ\/view?usp=sharing\" target=\"_blank\" rel=\"noopener\">Portaria 76, de 03 de setembro de 2025 &#8211;<\/a> <strong>CONSTITUI<\/strong>\u00a0Banca de defesa de Disserta\u00e7\u00e3o de\u00a0Mestrado do discente<strong>\u00a0<\/strong><strong>Willian Cardoso Ferreira Zorrer,\u00a0do PPG em Microbiologia e Parasitologia, cujo trabalho intitula-se: &#8220;<em>Detec\u00e7\u00e3o Molecular de Pat\u00f3genos Zoon\u00f3ticos em Animais Silvestres e \u00c1guas Brutas no contexto de Sa\u00fade \u00danica no Sul do Estado do Rio Grande do Sul<\/em><\/strong><\/p>\n<p><a href=\"https:\/\/drive.google.com\/file\/d\/12n3yzH2HIJIiziXb1r6KO504EbeEhI3X\/view?usp=sharing\" target=\"_blank\" rel=\"noopener\">Portaria 75, de 29 de agosto de 2025 &#8211;<\/a> <strong>CONSTITUI<\/strong>\u00a0Banca para\u00a0Qualifica\u00e7\u00e3o de Doutorado\u00a0da discente<strong>\u00a0<\/strong><strong>JAQUELINE DE DEOS SILVEIRA<\/strong>, Matr\u00edcula\u00a023100178,<strong>\u00a0<\/strong>do PPG em Microbiologia e Parasitologia, cujo trabalho intitula-se: \u201cVacina recombinante contra o carrapato de bovinos\u00a0<em>Rhipicephalus microplus<\/em>\u201d<\/p>\n<p><a href=\"https:\/\/drive.google.com\/file\/d\/1msnj58y58pbLohZthiEy07v6iOyeUVUE\/view?usp=sharing\" target=\"_blank\" rel=\"noopener\">Portaria 74, de 28 de agosto de 2025<\/a> &#8211; <strong>ALTERA <\/strong>a Portaria Interna 39 (<span contenteditable=\"false\" data-cke-linksei=\"1\"><a id=\"lnkSei2499817\" class=\"ancora_sei\"><\/a>2222183<\/span>) designando como\u00a0<strong>Chefia imediata <\/strong>\u00a0o professor Marcelo dos Santos Silva<strong>\u00a0<\/strong>no acompanhamento do Est\u00e1gio Probat\u00f3rio do docente <strong>M\u00e1rcio Silva de Souza.<\/strong><\/p>\n<p><a href=\"https:\/\/drive.google.com\/file\/d\/1EHNMSgc7z6GcvEsih6cwSl4ShxXEkBIY\/view?usp=sharing\" target=\"_blank\" rel=\"noopener\">Portaria 73, de 26 de agosto de 2025<\/a> &#8211;\u00a0<strong>REVOGA<\/strong>\u00a0a Portaria Interna n\u00ba 67, de 20 de agosto de 2025 (<span contenteditable=\"false\"><a id=\"lnkSei3598605\" class=\"ancora_sei\" href=\"https:\/\/sei.ufpel.edu.br\/sei\/controlador.php?acao=protocolo_visualizar&amp;id_protocolo=3598605&amp;id_procedimento_atual=2771138&amp;infra_sistema=100000100&amp;infra_unidade_atual=110000218&amp;infra_hash=e5cfcc79d486498c3c30c742ca5897bd89120bb9fe14ac64e8f847e8ab8a7f5e9fd4f5c316aab85e9f3b4c28cbedc2395222b8aa78b25c1fc0639cfb3d0e8fe6ac192937f0c43ed7567dd624a82d1678e394fd43bfb92c04b517e5ad22b2e8b3\" target=\"_blank\" rel=\"noopener\">3217987<\/a><\/span>) que trata da composi\u00e7\u00e3o do Colegiado dos Cursos de Bacharelado e Licenciatura em Ci\u00eancias Biol\u00f3gicas, do Instituto de Biologia. <strong>CONSOLIDA<\/strong> a nova composi\u00e7\u00e3o do Colegiado dos Cursos de Gradua\u00e7\u00e3o em Ci\u00eancias Biol\u00f3gicas Bacharelado e Licenciatura composta por. <strong>REVOGADA<\/strong> pela <a href=\"https:\/\/drive.google.com\/file\/d\/1MdLQinLrBW9mq0fS4IwPs9TlnneGFcvz\/view?usp=sharing\" target=\"_blank\" rel=\"noopener\">Portaria 77, de 08 de setembro de 2025<\/a> &#8211;<\/p>\n<p><a href=\"https:\/\/drive.google.com\/file\/d\/11-4JFWOkYz3iB-DAjI8xMFAm9JZ8uXoH\/view?usp=sharing\" target=\"_blank\" rel=\"noopener\">Portaria 72, de 22 de agosto de 2025 &#8211;<\/a>\u00a0<strong>REVOGA <\/strong>Portaria Interna 65 de 15 de agosto de 2025 (<span contenteditable=\"false\"><a id=\"lnkSei3582891\" class=\"ancora_sei\" href=\"https:\/\/sei.ufpel.edu.br\/sei\/controlador.php?acao=protocolo_visualizar&amp;id_protocolo=3582891&amp;id_procedimento_atual=3552850&amp;infra_sistema=100000100&amp;infra_unidade_atual=110000218&amp;infra_hash=7b5d3f3a15a139d8c0203a3762aded3af3819f4b4fd7c58fde261ec83af4c28628f48318700a0c7584b850ab6821488e047bb1872267613d9f84be87a1534d7289a02931c4d11549429fb1895ead03c405eb2c1229dcec83a243d82fffb5c5a7\" target=\"_blank\" rel=\"noopener\">3203569<\/a><\/span>). <strong>CONSTITUI<\/strong>\u00a0a Banca Examinadora para a defesa de Trabalho de Conclus\u00e3o de Curso de Ci\u00eancias Biol\u00f3gicas Bacharelado da acad\u00eamica\u00a0<strong>Jessyca Siemionko de Antoni<\/strong><strong>\u00a0<\/strong>intitulado<b>\u00a0&#8220;<\/b><strong>Influ\u00eancia do ambiente na riqueza e na abund\u00e2ncia de Calliphoridae<\/strong><strong>\u201d<\/strong>\u00a0(Orientador\u00a0<strong>Prof. Dr. Rodrigo Ferreira Kr\u00fcger\u00a0<\/strong>Coorientadora\u00a0<strong>Bi\u00f3l\u00aa. MSc. Camila Furtado Dalmorra Barcelos)<\/strong><\/p>\n<p><a href=\"https:\/\/drive.google.com\/file\/d\/143G5oc1TkMdDgJOmlf5zVFAQ4qvbGv3A\/view?usp=sharing\" target=\"_blank\" rel=\"noopener\">Portaria 71, de 20 de agosto de 2025<\/a> &#8211; <strong>CONSTITUI<\/strong>\u00a0banca do Exame de Qualifica\u00e7\u00e3o de Mestrado da discente<strong>\u00a0<\/strong><strong>Ghabriely de Castro Rosa Borges<\/strong><strong>\u00a0<\/strong>do PPG em Fisiologia Vegetal, o trabalho intitula-se:\u00a0\u201cModula\u00e7\u00e3o das Respostas Fisiol\u00f3gicas de Ocimum basilicum var. purpurascens sob Luzes Espec\u00edficas e Elicita\u00e7\u00e3o com Metil Jasmonato<strong>&#8220;<\/strong>,<\/p>\n<p><a href=\"https:\/\/drive.google.com\/file\/d\/18VslgW_bNvGBDTPfFEg_zN3Ctg-GF6Jd\/view?usp=sharing\" target=\"_blank\" rel=\"noopener\">Portaria 70, de 20 de agosto de 2025<\/a> &#8211; <strong>CONSTITUI<\/strong>\u00a0banca do Exame de Qualifica\u00e7\u00e3o de Mestrado do discente<strong>\u00a0<\/strong><strong>Leonardo Fluck Mariani\u00a0<\/strong>do PPG em Fisiologia Vegetal, o trabalho intitula-se:\u00a0\u201cPoss\u00edvel envolvimento do gene Osmotina1 na toler\u00e2ncia de plantas de arroz a altas temperatur<\/p>\n<p><a href=\"https:\/\/drive.google.com\/file\/d\/1s24sK1h09F_wBaReFDWoh57JKnNiLjuM\/view?usp=sharing\" target=\"_blank\" rel=\"noopener\">Portaria 69, de 20 de agosto de 2025<\/a> &#8211; <strong>CONSTITUI<\/strong>\u00a0banca do Exame de Qualifica\u00e7\u00e3o de Mestrado do discente<strong>\u00a0<\/strong><strong>Lu\u00eds Felipe Basso<\/strong>\u00a0do PPG em Fisiologia Vegetal, o trabalho intitula-se:\u00a0\u201cSinaliza\u00e7\u00e3o, plasticidade e mem\u00f3ria: a comunica\u00e7\u00e3o subterr\u00e2nea contexto-dependente entre Milheto e Soja<strong>&#8220;<\/strong><\/p>\n<p><a href=\"https:\/\/drive.google.com\/file\/d\/19Sail1V2KhywYEpVjzAphr7_-dNeVVIE\/view?usp=sharing\" target=\"_blank\" rel=\"noopener\">Portaria 68, de 20 de agosto de 2025<\/a> &#8211; <strong>CONSTITUI<\/strong>\u00a0banca do Exame de Qualifica\u00e7\u00e3o de Doutorado da discente\u00a0<strong>Fernanda Maria Corr\u00eaa<\/strong>\u00a0do PPG em Fisiologia Vegetal, o trabalho intitula-se:\u00a0\u201cIndu\u00e7\u00e3o de toler\u00e2ncia a altas temperaturas em plantas de arroz atrav\u00e9s da inocula\u00e7\u00e3o de bact\u00e9rias promotoras de crescimento<strong>&#8220;<\/strong><\/p>\n<p><a href=\"https:\/\/drive.google.com\/file\/d\/1xxZBrSFx64OeHcnlN7X5gJUVXlEo4QCk\/view?usp=sharing\" target=\"_blank\" rel=\"noopener\">Portaria 67, de 20 de agosto de 2025 &#8211;\u00a0<\/a><strong>REVOGA<\/strong>\u00a0a Portaria Interna n\u00ba 42, de 19 de mar\u00e7o de 2024 (<span contenteditable=\"false\"><a id=\"lnkSei2875680\" class=\"ancora_sei\" href=\"https:\/\/sei.ufpel.edu.br\/sei\/controlador.php?acao=protocolo_visualizar&amp;id_protocolo=2875680&amp;id_procedimento_atual=2771138&amp;infra_sistema=100000100&amp;infra_unidade_atual=110000218&amp;infra_hash=c232a7941b97103bd009f7eb7bd0d10eee5f973df646625793c53069635d94c7c3a456f1562016471d907643480a590c2a85c5d0f1d89bac0e5bf30adcc60d5989a5c85a711fcde9c5e3cbe4b24759ebbb16d76aa0a6ff909cadd838ed6030bf\" target=\"_blank\" rel=\"noopener\">2562380<\/a><\/span>) que trata da composi\u00e7\u00e3o do Colegiado dos Cursos de Bacharelado e Licenciatura em Ci\u00eancias Biol\u00f3gicas, do Instituto de Biologia. <strong>CONSOLIDA<\/strong> a nova composi\u00e7\u00e3o do Colegiado dos Cursos de Gradua\u00e7\u00e3o em Ci\u00eancias Biol\u00f3gicas Bacharelado e Licenciatura. <strong>REVOGADA<\/strong> pela <a href=\"https:\/\/drive.google.com\/file\/d\/1EHNMSgc7z6GcvEsih6cwSl4ShxXEkBIY\/view?usp=sharing\" target=\"_blank\" rel=\"noopener\">Portaria 73, de 26 de agosto de 2025<\/a> (3232425)<\/p>\n<p><a href=\"https:\/\/drive.google.com\/file\/d\/1l5TE-KByEnwn5nbpPQ23loX2I5vIcl_T\/view?usp=sharing\" target=\"_blank\" rel=\"noopener\">Portaria 66, de 19 de agosto de 2025<\/a> &#8211; <strong>ALTERA <\/strong>a\u00a0PORTARIA N\u00ba 12, DE 09 DE mar\u00e7o DE 2023 (<span contenteditable=\"false\"><a id=\"lnkSei2340506\" class=\"ancora_sei\" href=\"https:\/\/sei.ufpel.edu.br\/sei\/controlador.php?acao=protocolo_visualizar&amp;id_protocolo=2340506&amp;id_procedimento_atual=2339613&amp;infra_sistema=100000100&amp;infra_unidade_atual=110000218&amp;infra_hash=69391a4f5ad25e01a66560e57d354b9a774467271f4a7f39af48792d092cc41500dfd031ae9e099d6735a84988072c49f17aad84bf52eaa07ac688b8b1a76185da3f780a76d441b74dda9c780f2f8c6a0513f4b48d8e69724bb66570a7a5ae98\" target=\"_blank\" rel=\"noopener\">2078875<\/a><\/span>)\u00a0substituindo a professora Dra Raquel L\u00fcdtke pelo professor Dr. Marcelo Silva como\u00a0<strong>Chefia imediata<\/strong>\u00a0no acompanhamento do est\u00e1gio probat\u00f3rio da docente\u00a0<strong>Mar\u00edlia Shibata<\/strong>.<\/p>\n<p><a href=\"https:\/\/drive.google.com\/file\/d\/1wSiu7NXdpXFMcQoBl4sPNRiwyeVZfQko\/view?usp=sharing\" target=\"_blank\" rel=\"noopener\">Portaria 65, de 15 de agosto de 2025<\/a> &#8211; <strong>\u00a0CONSTITUI<\/strong>\u00a0a Banca Examinadora para a defesa de Trabalho de Conclus\u00e3o de Curso de Ci\u00eancias Biol\u00f3gicas Bacharelado da acad\u00eamica\u00a0<strong>Jessyca Siemionko de Antoni<\/strong><strong>\u00a0<\/strong>intitulado<b>\u00a0&#8220;<\/b><strong>Influ\u00eancia do ambiente na riqueza e na abund\u00e2ncia de Calliphoridae<\/strong><strong>\u201d<\/strong> Orientador\u00a0<strong>Prof. Dr. Rodrigo Ferreira Kr\u00fcger\u00a0<\/strong>Coorientadora\u00a0<strong>Bi\u00f3l\u00aa. MSc. Camila Furtado Dalmorra Barcelos<\/strong><\/p>\n<p><a href=\"https:\/\/drive.google.com\/file\/d\/17VwFYcppKP0F7lB0MFpS9xQeGjhGM03k\/view?usp=sharing\" target=\"_blank\" rel=\"noopener\">Portaria 64, de 04 de agosto de 2025<\/a> &#8211; <strong>\u00a0CONSTITUI<\/strong>\u00a0a Banca Examinadora para a defesa de Trabalho de Conclus\u00e3o de Curso de Ci\u00eancias Biol\u00f3gicas Bacharelado do acad\u00eamico\u00a0\u00a0<strong>Sidnei Braz Afonso<\/strong><strong>\u00a0<\/strong>intitulado<b>\u00a0&#8220;<\/b><strong>Diagn\u00f3stico da arboriza\u00e7\u00e3o urbana na microrregi\u00e3o Catedral na cidade de Pelotas \u2013 RS\u201d<\/strong>\u00a0(Orientadora\u00a0\u00a0<strong>Prof\u00aa. Dr\u00aa. Mar\u00edlia Lazarotto<\/strong><\/p>\n<p><a href=\"https:\/\/drive.google.com\/file\/d\/1ku_pG9E3L60zA4sqYg84K20Oi7xSFXdT\/view?usp=sharing\" target=\"_blank\" rel=\"noopener\">Portaria 63, de 01 de agosto de 2025<\/a> &#8211; <strong>CONSTITUI<\/strong>\u00a0a Banca Examinadora para a defesa de Trabalho de Conclus\u00e3o de Curso de Ci\u00eancias Biol\u00f3gicas Bacharelado da acad\u00eamica\u00a0<strong>Carine Ropke Bunde\u00a0<\/strong>intitulado<b>\u00a0<\/b><strong>\u201cAvalia\u00e7\u00e3o da efici\u00eancia de microorganismos fixadores de nitrog\u00eanio em plantas de tomateiro\u201d<\/strong>\u00a0<strong>\u00a0<\/strong>(Orientador\u00a0<strong>Prof. Dr. Sidnei Deuner<\/strong><\/p>\n<p><a href=\"https:\/\/drive.google.com\/file\/d\/1LsYdG5E69IQWjR5vdnIsRFTn6H_hXJA0\/view?usp=sharing\" target=\"_blank\" rel=\"noopener\">Portaria 62, de 01 de agosto de 2025 &#8211;<\/a> <strong>CONSTITUI<\/strong>\u00a0a Banca Examinadora para a defesa de Trabalho de Conclus\u00e3o de Curso de Ci\u00eancias Biol\u00f3gicas Licenciatura da acad\u00eamica\u00a0\u00a0<strong>Fl\u00e1via Su\u00e9lem Scaglioni\u00a0<\/strong>intitulado\u00a0<strong>\u201cPadr\u00f5es espaciais e temporais do dimorfismo sexual de quel\u00edceras de\u00a0<em>Paratrechalea<\/em>\u00a0(Araneae, Trechaleidae)\u201d\u00a0<\/strong><strong>\u00a0<\/strong>(Orientador\u00a0<strong>Prof. Dr. Luiz Ernesto Costa Schmidt<\/strong><\/p>\n<p><a href=\"https:\/\/drive.google.com\/file\/d\/1Iu_33eSIWqxd7mTtSk2dsrArAYlYFYUc\/view?usp=sharing\" target=\"_blank\" rel=\"noopener\">Portaria 61, de 01 de agosto de 2025<\/a> &#8211; <strong>CONSTITUI<\/strong>\u00a0a Banca Examinadora para a defesa de Trabalho de Conclus\u00e3o de Curso de Ci\u00eancias Biol\u00f3gicas Bacharelado do acad\u00eamico\u00a0<strong>Gabriel Henrique Silva dos Santos\u00a0<\/strong>intitulado\u00a0<strong>\u201cUso do DNA barcoding na identifica\u00e7\u00e3o de mam\u00edferos frug\u00edvoros atrav\u00e9s de amostras fecais&#8221;<\/strong><strong>\u00a0<\/strong>(Orientador\u00a0<strong>Prof. Dr. J\u00e9ferson Bugoni<\/strong><strong>s<\/strong>\u00a0Coorientadora\u00a0<b>Prof\u00aa. Dr\u00aa. Juliana Cordeiro<\/b><\/p>\n<p><a href=\"https:\/\/drive.google.com\/file\/d\/16-ancbUJXLajsN20nw59DDakxFxgYcwH\/view?usp=sharing\" target=\"_blank\" rel=\"noopener\">Portaria 60, de 01 de agosto de 2025<\/a> &#8211; <strong>CONSTITUI<\/strong>\u00a0a Banca Examinadora para a defesa de Trabalho de Conclus\u00e3o de Curso de Ci\u00eancias Biol\u00f3gicas Bacharelado da acad\u00eamica\u00a0<strong>Caroline Tamiozzo Roque<\/strong><strong>\u00a0<\/strong>intitulado<b>\u00a0<\/b><strong>\u201cO estado atual do acervo herpetol\u00f3gico (Lissamphibia Haeckel, 1866) do Museu de Ci\u00eancias Naturais Carlos Ritter, do Instituto de Biologia da Universidade Federal de Pelotas, RS\u201d<\/strong><strong>\u00a0<\/strong>(Orientador\u00a0<strong>Prof. Dr. Jos\u00e9 Eduardo Figueiredo Dornelles<\/strong>\u00a0Coorientador\u00a0<strong>Prof. Dr. C\u00e9sar Jaeger Drehmer<\/strong>)<\/p>\n<p><a href=\"https:\/\/drive.google.com\/file\/d\/1J08RXlT-yuDdHeZEdGLlW0-Yem7MwYPK\/view?usp=sharing\" target=\"_blank\" rel=\"noopener\">Portaria 59, de 28 de julho de 2025<\/a> &#8211; <strong>CONSTITUI<\/strong> Comiss\u00e3o para analisar a distribui\u00e7\u00e3o dos encargos did\u00e1ticos dos componentes curriculares {TCC I (09930002)\/DEZG C.4; TCC II (0993006)\/DEZG C.4; TCC III (09930008)\/DEZG C.4; Est\u00e1gio Profissionalizante I\/DB (09930003); Est\u00e1gio Profissionalizante II\/DFF (09930004); Est\u00e1gio Profissionalizante III\/DM (09930005); Est\u00e1gio Profissionalizante IV\/DMP (09930007)} ofertados no Cursos de Gradua\u00e7\u00e3o de Ci\u00eancias Biol\u00f3gicas, propondo regulamenta\u00e7\u00e3o \u00e0 mesma, <strong>RETIFICADA<\/strong> pela <a href=\"https:\/\/docs.ufpel.edu.br\/index.php\/s\/bsd9OIPpbsaTkvZ\" target=\"_blank\" rel=\"noopener\">Portaria 79, de 21 de outubro de 2025 &#8211;<\/a><\/p>\n<p><a href=\"https:\/\/drive.google.com\/file\/d\/1jRLUvW7vW0ioXv_F_Rmo0QIh4yLxs-cU\/view?usp=sharing\" target=\"_blank\" rel=\"noopener\">Portaria 58, de 24 de julho de 2025<\/a> &#8211; <strong>CONSTITUI<\/strong>\u00a0Comiss\u00e3o Avaliadora dos processos do\u00a0Edital N\u00ba 26\/2025\/CRA (Reingresso, Reop\u00e7\u00e3o, Transfer\u00eancia, Retomada de Estudos e Portador de Diploma)\u00a0nos Cursos de Gradua\u00e7\u00e3o de Ci\u00eancias Biol\u00f3gicas Bacharelado (4110) e Licenciatura (4120)<\/p>\n<p><a href=\"https:\/\/drive.google.com\/file\/d\/1wF0Lb_cwG7v0jpxG5rH7_9IlZ0-zQ6Rr\/view?usp=sharing\" target=\"_blank\" rel=\"noopener\">Portaria 57, de 14 de julho de 2025<\/a> &#8211; <strong>DESIGNA <\/strong>a Professora\u00a0<b>Caroline Scherer<\/b>\u00a0para Representante Titular e a Professora\u00a0<b>Juliana Aparecida Fernando<\/b>\u00a0para Representante Suplente, da Classe dos Professores Associados no Conselho Departamental do Instituto de Biologia a partir de 02\/07\/2025.<\/p>\n<p><a href=\"https:\/\/drive.google.com\/file\/d\/1A7_x2z-jvnCAguD5JOmdrP2kG9wlng1M\/view?usp=sharing\" target=\"_blank\" rel=\"noopener\">Portaria 56, de 10 de julho de 2025<\/a> &#8211; <strong>CONSTITUI<\/strong>\u00a0banca do Exame de Qualifica\u00e7\u00e3o de Doutorado da discente<strong>\u00a0<\/strong><strong>Bianca Jaqueline Santos Rodrigues<\/strong><strong>\u00a0<\/strong>do PPG em Fisiologia Vegetal, o trabalho intitula-se: \u201c<em>Pontederia crassipes<\/em>\u00a0como potencial agente fitorremediador de ambientes aqu\u00e1ticos polu\u00eddos pelo herbicida clomazone<strong>\u00a0<\/strong>\u201d<\/p>\n<p><a href=\"https:\/\/drive.google.com\/file\/d\/1FtpoewuEiCC8olsJzyHYtmvjTDYM5DIq\/view?usp=sharing\" target=\"_blank\" rel=\"noopener\">Portaria 55, de 08 de julho de 2025<\/a> &#8211; <strong>CONSTITUI<\/strong>\u00a0a Comiss\u00e3o Organizadora das Elei\u00e7\u00f5es para a Coordena\u00e7\u00e3o do Centro Acad\u00eamico dos Cursos de Ci\u00eancias Biol\u00f3gicas<\/p>\n<p><a href=\"https:\/\/drive.google.com\/file\/d\/1yWXtmGrOGp5wmT4rsazHDI-Sq86znEeg\/view?usp=sharing\" target=\"_blank\" rel=\"noopener\">Portaria 54, de 12 de junho de 2025<\/a> &#8211; <strong>RETIFICA<\/strong>\u00a0a\u00a0Portaria Interna N\u00ba 48, de 28 de abril de 2025 (<span contenteditable=\"false\"><a id=\"lnkSei3409805\" class=\"ancora_sei\" href=\"https:\/\/sei.ufpel.edu.br\/sei\/controlador.php?acao=protocolo_visualizar&amp;id_protocolo=3409805&amp;id_procedimento_atual=2812411&amp;infra_sistema=100000100&amp;infra_unidade_atual=110000218&amp;infra_hash=98e89a4a5660089735a1466b7686035b14e9dfd7d9d9dc41440480445e6371e28ea5bb3c31aed5df4522a08f64f4f60fb0d8240b9aeafe6e9597d59fcaaf47743ca4e8f260696f9b5612c40f83fb095f8a8623eeb8733d581e593daf04b4fc56\" target=\"_blank\" rel=\"noopener\">3046314<\/a><\/span>)\u00a0alterando a Presid\u00eancia da Comiss\u00e3o Avaliadora do professor Dr Mateus Casanova dos Santos pela professora Dra. Mariana Soares Valen\u00e7a como Presidente;<\/p>\n<p><a href=\"https:\/\/drive.google.com\/file\/d\/1ogtBGQT0gAVT8w8eZFGHMyPHDm0I1vTJ\/view?usp=sharing\" target=\"_blank\" rel=\"noopener\">Portaria 53, de 19 de maio de 2025<\/a> &#8211; <strong>CONSTITUI <\/strong>a Comiss\u00e3o de Consulta Eleitoral para escolha da Chefia e Subchefia do Museu de Ci\u00eancias Naturais Carlos Ritter (MCR) do Instituto de Biologia<\/p>\n<p><a href=\"https:\/\/drive.google.com\/file\/d\/1OEFbKs5J6J2lUfjbmsNc9Vtix8b4hjyN\/view?usp=sharing\" target=\"_blank\" rel=\"noopener\">Portaria 52, de 09 de maio de 2025 &#8211;\u00a0<\/a><strong>ALTERA <\/strong>a Portaria Interna 49 (<span contenteditable=\"false\"><a id=\"lnkSei3413707\" class=\"ancora_sei\"><\/a>3049810<\/span>). <strong>RECONSTITUI<\/strong>\u00a0a Banca Examinadora para o processo seletivo para Professor Visitante do Programa de P\u00f3s-Gradua\u00e7\u00e3o em Microbiologia e Parasitologia, nos moldes do Edital 31\/2025 a ser realizado no dia 09\/05\/2025 e termino previsto para dia 10\/05\/2025<\/p>\n<p><a href=\"https:\/\/drive.google.com\/file\/d\/1oBx5TCHTOI8NIP_FfIIGa4xEGY9rBMb0\/view?usp=sharing\" target=\"_blank\" rel=\"noopener\">Portaria 51, de 08 de maio de 2025 &#8211;<\/a> <strong>CONSTITUI<\/strong>\u00a0Banca Examinadora para o Processo Seletivo para contrata\u00e7\u00e3o de Professo Substituto do\u00a0Departamento de Microbiologia e Parasitologia\/IB; \u00c1rea de\u00a0Ensino de Ci\u00eancias e Biologia,\u00a0Edital n\u00ba 05\/2025 &#8211; DOU (<span contenteditable=\"false\"><a id=\"lnkSei3363673\" class=\"ancora_sei\"><\/a>3004596<\/span>)<\/p>\n<p><a href=\"https:\/\/drive.google.com\/file\/d\/1YI8nHcDf6SNAXqHYqZZlNXsoopXB9Eel\/view?usp=sharing\" target=\"_blank\" rel=\"noopener\">Portaria 50, de 30 de abril de 2025<\/a> &#8211;\u00a0<strong>DESIGNA <\/strong>Membros da Comiss\u00e3o de Avalia\u00e7\u00e3o do Est\u00e1gio Probat\u00f3rio da docente\u00a0<strong>Natalia Maritza Ladino Lopes<\/strong> e DESIGNA\u00a0tuto<strong>r<\/strong> e\u00a0 Chefia imediata<\/p>\n<p><a href=\"https:\/\/drive.google.com\/file\/d\/1zyyKDObkCIQjUn8sKz2j0lVpFTLlcQuE\/view?usp=sharing\" target=\"_blank\" rel=\"noopener\">Portaria 49, de 30 de abril de 2025<\/a> &#8211; <strong>CONSTITUI<\/strong> Banca Examinadora para o processo seletivo para Professor Visitante do Programa de P\u00f3s-Gradua\u00e7\u00e3o em Microbiologia e Parasitologia, nos moldes do Edital 31\/2025. <strong>ALTERADA<\/strong> pela <a href=\"https:\/\/drive.google.com\/file\/d\/1OEFbKs5J6J2lUfjbmsNc9Vtix8b4hjyN\/view?usp=sharing\" target=\"_blank\" rel=\"noopener\">Portaria 52, de 09 de maio de 2025 &#8211;\u00a0<\/a><\/p>\n<p><a href=\"https:\/\/drive.google.com\/file\/d\/1kJh4FWZXSOiduwIJW9fqoOlVDFUdoMni\/view?usp=sharing\" target=\"_blank\" rel=\"noopener\">Portaria 48, de 28 de abril de 2025<\/a> &#8211; <strong>DESIGNA<\/strong>\u00a0 membros da Comiss\u00e3o de Avalia\u00e7\u00e3o do Est\u00e1gio Probat\u00f3rio da docente\u00a0 Even Herlany Pereira Alves e <strong>DESIGNA<\/strong> tutor e\u00a0\u00a0Chefia imediata. <strong>RETIFICADA<\/strong> pela <a href=\"https:\/\/drive.google.com\/file\/d\/1yWXtmGrOGp5wmT4rsazHDI-Sq86znEeg\/view?usp=sharing\" target=\"_blank\" rel=\"noopener\">Portaria 54, de 12 de junho de 2025<\/a><\/p>\n<p><a href=\"https:\/\/drive.google.com\/file\/d\/1VgAsNXWxzxzeKRp6Zfl4srYYycFQTFjx\/view?usp=sharing\" target=\"_blank\" rel=\"noopener\">Portaria 47, de 28 de abril de 2025<\/a> &#8211;\u00a0<strong>DESIGNA<\/strong>\u00a0 membros da Comiss\u00e3o de Avalia\u00e7\u00e3o do Est\u00e1gio Probat\u00f3rio da docente <strong>Fernanda Nedel\u00a0<\/strong>os<strong>\u00a0<\/strong>professores e DESIGNA\u00a0tutor e\u00a0\u00a0Chefia imediata<\/p>\n<p><a href=\"https:\/\/drive.google.com\/file\/d\/1WruW9PJhtz_AQmxcNCyKVerJNrjBwHbk\/view?usp=sharing\" target=\"_blank\" rel=\"noopener\">Portaria 46, de 28 de abril de 2025<\/a> &#8211;\u00a0<strong>DESIGNA<\/strong>\u00a0 membros da Comiss\u00e3o de Avalia\u00e7\u00e3o do Est\u00e1gio Probat\u00f3rio do docente <strong>Tony Leandro Rezende da Silveira<\/strong><strong> e <\/strong><strong>DESIGNA<\/strong> tutor e Chefia imediata<\/p>\n<p><a href=\"https:\/\/drive.google.com\/file\/d\/1gy1eXFmaFIo0qoy_3o_d5EDN6_yRmZZu\/view?usp=sharing\" target=\"_blank\" rel=\"noopener\">Portaria 45, de 25 de abril de 2025<\/a> &#8211; <strong>CONSTITUI <\/strong>Banca de qualifica\u00e7\u00e3o de tese de Doutorado da discente Carolina dos Santos Berm\u200bann, Matr\u00edcula 23100177, do PPG em Microbiologia e Parasitologia, cujo trabalho intitula-se:\u00a0<em>&#8220;Fatores de virul\u00eancia, suscetibilidade antif\u00fangica e avalia\u00e7\u00e3o da patogenicidade dos fungos Papiliotrema flavescens, Naganishia diffluens, Naganishia randhawae e Filobasidium magnum para mam\u00edferos&#8221;<\/em><\/p>\n<p><a href=\"https:\/\/drive.google.com\/file\/d\/1RX0FEVdArjOVLisF6Yio30DtQ0tiZHG0\/view?usp=sharing\" target=\"_blank\" rel=\"noopener\">Portaria 44, de 30 de mar\u00e7o de 2025<\/a> &#8211; <strong>DESIGNA <\/strong>Banca Examinadora\u00a0para o Processo Seletivo para contrata\u00e7\u00e3o de Professor Substituto do\u00a0Departamento de Ecologia, Zoologia e Gen\u00e9tica\/IB; \u00c1rea de\u00a0Zoologia de Vertebrados<\/p>\n<p><a href=\"https:\/\/drive.google.com\/file\/d\/17ROK0aPO7PtIgEfKyHmI25Iy6HplJgdm\/view?usp=sharing\" target=\"_blank\" rel=\"noopener\">Portaria 43, de 30 de mar\u00e7o de 2025<\/a> &#8211; <strong>DESIGNA <\/strong>Banca Examinadora\u00a0para o Processo Seletivo para contrata\u00e7\u00e3o de Professor Substituto do\u00a0Departamento de Ecologia, Zoologia e Gen\u00e9tica\/IB; \u00c1rea de Gen\u00e9tica<\/p>\n<p><a href=\"https:\/\/drive.google.com\/file\/d\/1Wg3us_WMrbY_s-hGJPJSWlMb_cF9xG1M\/view?usp=sharing\" target=\"_blank\" rel=\"noopener\">Portaria 42, de 30 de mar\u00e7o de 2025<\/a> &#8211; <strong>DESIGNA <\/strong>Banca Examinadora para o Processo Seletivo para contrata\u00e7\u00e3o de Professor Substituto do Departamento de Microbiologia e Parasitologia\/IB; \u00c1rea de Parasitologia, Edital 024\/2024, referente \u00e0 vaga da Licen\u00e7a-Maternidade da Prof.\u00aa Nat\u00e1lia Berne Pinheiro<\/p>\n<p><a href=\"https:\/\/drive.google.com\/file\/d\/1UVZ-5CKq-cUklumsSd9NjgJdYJ5uAxv1\/view?usp=sharing\" target=\"_blank\" rel=\"noopener\">Portaria 41, de 27 de mar\u00e7o de 2025<\/a> &#8211; <strong>CONSTITUI<\/strong>\u00a0banca do Exame de Qualifica\u00e7\u00e3o de Mestrado da discente\u00a0<strong>Ana Carolina de Oliveira<\/strong><strong>\u00a0Alves<\/strong>\u00a0do PPG em Fisiologia Vegetal, o trabalho intitula-se:\u00a0\u201cImplica\u00e7\u00f5es fisiol\u00f3gicas, bioqu\u00edmicas e produtividade da cultura da soja em resposta ao estresse t\u00e9rmico<strong>&#8220;<\/strong>,<\/p>\n<p><a href=\"https:\/\/drive.google.com\/file\/d\/1z1nljMGulOJ6hPTH3pUYY-K5HhB9b0lz\/view?usp=sharing\" target=\"_blank\" rel=\"noopener\">Portaria 40, de 27 de mar\u00e7o de 2025<\/a> &#8211; <strong>RETIFICA<\/strong>\u00a0a\u00a0Portaria interna 38 (<span contenteditable=\"false\"><a id=\"lnkSei3353502\" class=\"ancora_sei\"><\/a>2995519<\/span>) com a seguinte corre\u00e7\u00e3o:\u00a0onde se l\u00ea:\u00a0<strong>Exame de Qualifica\u00e7\u00e3o de Doutorado<\/strong>, leia-se:\u00a0<strong>Exame de Qualifica\u00e7\u00e3o de Mestrado.<\/strong><\/p>\n<p><a href=\"https:\/\/drive.google.com\/file\/d\/16fyKee_NpQgTtuqychftoGBNNMJWauNz\/view?usp=sharing\" target=\"_blank\" rel=\"noopener\">Portaria 39, de 21 de mar\u00e7o de 2025<\/a> &#8211; <strong>ALTERA<\/strong> a Portaria n\u00ba 31, de 17 de mar\u00e7o de 2025; <strong>CONSTITUI<\/strong>\u00a0a Banca Examinadora para a defesa de Trabalho de Conclus\u00e3o de Curso de Ci\u00eancias Biol\u00f3gicas Licenciatura da acad\u00eamica\u00a0<b>Iasmin da Rosa Faulstich<\/b><strong>\u00a0<\/strong>intitulado<b>\u00a0&#8220;<\/b><b>A doc\u00eancia em movimento: explorando novas abordagens na constru\u00e7\u00e3o do conhecimento em Biologia<\/b><strong>\u201d\u00a0<\/strong>(Orientadora\u00a0<strong>Profa. Dra. Vera Lucia Bobrowski<\/strong>)<\/p>\n<p><a href=\"https:\/\/drive.google.com\/file\/d\/1e0sRZRCzbBT6Dx-j2iPaBWFNBWmxyorB\/view?usp=sharing\" target=\"_blank\" rel=\"noopener\">Portaria 38, de 21 de mar\u00e7o de 2025 &#8211;<\/a> <strong>CONSTITUI<\/strong>\u00a0banca do Exame de Qualifica\u00e7\u00e3o de Doutorado da discente\u00a0<strong>Tha\u00eds Vergara Costa<\/strong>\u00a0do PPG em Fisiologia Vegetal, o trabalho intitula-se: \u201c<strong>Manejo da cultura da oliveira em resposta a aduba\u00e7\u00e3o fosfatada associada a bact\u00e9rias promotoras de crescimento<\/strong><strong>\u00a0<\/strong>\u201d <strong>RETIFICADA<\/strong> pela <a href=\"https:\/\/drive.google.com\/file\/d\/1z1nljMGulOJ6hPTH3pUYY-K5HhB9b0lz\/view?usp=sharing\" target=\"_blank\" rel=\"noopener\">Portaria 40, de 27 de mar\u00e7o de 2025<\/a> &#8211;<\/p>\n<p><a href=\"https:\/\/drive.google.com\/file\/d\/1xjfdgCi3yi5zF6JwK5IkvzeZgdOOlh-g\/view?usp=sharing\" target=\"_blank\" rel=\"noopener\">Portaria 37, de 20 de mar\u00e7o de 2025 &#8211;<\/a> <strong>\u00a0CONSTITUI<\/strong>\u00a0Banca de defesa de Disserta\u00e7\u00e3o da discente\u00a0<strong>MARIANA FONSECA LAROQUE<\/strong>, Matr\u00edcula 21101093 do PPG em Microbiologia e Parasitologia, cujo trabalho intitula-se: &#8220;Caracter\u00edsticas cl\u00ednicas, microbiol\u00f3gicas e epidemiol\u00f3gicas relacionadas a ocorr\u00eancia de infec\u00e7\u00e3o por\u00a0<em>Klebsiella pneumoniae<\/em>\u00a0em pacientes oncol\u00f3gicos hospitalizados&#8221;<\/p>\n<p><a href=\"https:\/\/drive.google.com\/file\/d\/1cbXM6FVCRq83WK5uORBcx034s8fZ2aBg\/view?usp=sharing\" target=\"_blank\" rel=\"noopener\">Portaria 36, de 20 de mar\u00e7o de 2025 &#8211;<\/a> <strong>\u00a0CONSTITUI<\/strong>\u00a0Banca de defesa da tese de Doutorado do discente<strong>\u00a0<\/strong><strong>DIAGO DUTRA LIMA<\/strong>, Matr\u00edcula 22203533,<strong>\u00a0<\/strong>do PPG em Microbiologia e Parasitologia, cujo trabalho intitula-se: \u201cPCR ou PCR em tempo real no diagn\u00f3stico molecular de\u00a0<em>Mycoplasma spp.<\/em>?\u201d<\/p>\n<p><a href=\"https:\/\/drive.google.com\/file\/d\/1LFknB0QvGxTF39MsjiMkr-_jF78oBnjJ\/view?usp=sharing\" target=\"_blank\" rel=\"noopener\">Portaria 35, de 19 de mar\u00e7o de 2025<\/a> &#8211;\u00a0<strong>REVOGA\u00a0 <\/strong>a PORTARIA No 40, de 22 de JUNHO de 2023 (<span contenteditable=\"false\"><a id=\"lnkSei2507322\" class=\"ancora_sei\"><\/a>2228962<\/span>); <strong>DESIGNA<\/strong>\u00a0a Professora\u00a0 LEDA MARGARIDA CASTANO BARRIOS\u00a0 para Representante Titular e a Professora NAT\u00c1LIA BERNE PINEHIRO para Representante Suplente da Classe dos Professores Adjuntos no Conselho Departamental do Instituto de Biologia com mandatos at\u00e9 20\/03\/2027.<\/p>\n<p><a href=\"https:\/\/drive.google.com\/file\/d\/1FNnE1mj90igwI_DjVf7OgOQf_g775WZs\/view?usp=sharing\" target=\"_blank\" rel=\"noopener\">Portaria 34, de 17 de mar\u00e7o de 2025<\/a> &#8211;<strong> CONSTITUI<\/strong> a Banca Examinadora para a defesa de Trabalho de Conclus\u00e3o de Curso de Ci\u00eancias Biol\u00f3gicas Licenciatura da acad\u00eamica\u00a0<strong>Rafaela de Freitas Rodrigues Mengue Dimer<\/strong><strong>\u00a0<\/strong>intitulado\u00a0<strong>\u201c<\/strong><strong>O D\u00e9ficit Wallaceano de Tabanidae (Diptera) no Pampa Brasileiro e Uruguaio: Desafios e Perspectivas<\/strong><strong>\u201d<\/strong><strong>\u00a0<\/strong>(Orientador\u00a0<strong>Prof. Dr. Rodrigo Ferreira Kr\u00fcger<\/strong><strong>\u00a0<\/strong>Coorientador:\u00a0<strong>Prof. Dr. Tiago K\u00fctter Krolow<\/strong>)<\/p>\n<p><a href=\"https:\/\/drive.google.com\/file\/d\/1yJkMq1aI7alSiIaxsIC1o7PXYABkO7Rc\/view?usp=sharing\" target=\"_blank\" rel=\"noopener\">Portaria 33, de 17 de mar\u00e7o de 2025 &#8211;<\/a><strong>CONSTITUI<\/strong>\u00a0a Banca Examinadora para a defesa de Trabalho de Conclus\u00e3o de Curso de Ci\u00eancias Biol\u00f3gicas Licenciatura da acad\u00eamica\u00a0<b>Enya Caroline Jacobsen\u00a0<\/b>intitulado<b>\u00a0&#8220;<\/b><b>Ensino de Ci\u00eancias nos anos iniciais: possibilidade e desafios para a doc\u00eancia na educa\u00e7\u00e3o p\u00fablica do munic\u00edpio de Pelotas\/RS<\/b><strong>\u201d\u00a0<\/strong>(Orientadora\u00a0<strong>Profa. Dra. Francele de Abreu Carlan<\/strong>)<\/p>\n<p><a href=\"https:\/\/drive.google.com\/file\/d\/1EuSbMJgoSauVYWDDJ1CrAjJiZmFfKZQA\/view?usp=sharing\" target=\"_blank\" rel=\"noopener\">Portaria 32, de 17 de mar\u00e7o de 2025<\/a> &#8211; <strong>CONSTITUI<\/strong>\u00a0a Banca Examinadora para a defesa de Trabalho de Conclus\u00e3o de Curso de Ci\u00eancias Biol\u00f3gicas Licenciatura do acad\u00eamico\u00a0<b>Frances Carlos de Oliveira da Silva Junior<\/b><strong>\u00a0<\/strong>intitulado\u00a0<b>&#8220;<\/b><b>A hist\u00f3ria e a cultura do povo tupinamb\u00e1: valorizando a identidade ind\u00edgena e construindo a cidadania no Ensino Fundamental numa escola p\u00fablica do Munic\u00edpio de Pelotas\/RS<\/b><b>.<\/b><strong>\u201d\u00a0<\/strong>(Orientadora\u00a0<strong>Profa. Dra. Francele de Abreu Carlan<\/strong>)<\/p>\n<p><a href=\"https:\/\/drive.google.com\/file\/d\/1XE5b3RIdD_anZ7fk_JH3pW4cWbtRIcW7\/view?usp=sharing\" target=\"_blank\" rel=\"noopener\">Portaria 31, de 17 de mar\u00e7o de 2025 &#8211;<\/a> <strong>CONSTITUI<\/strong>\u00a0a Banca Examinadora para a defesa de Trabalho de Conclus\u00e3o de Curso de Ci\u00eancias Biol\u00f3gicas Licenciatura da acad\u00eamica\u00a0<b>Iasmin da Rosa Faulstich<\/b><strong>\u00a0<\/strong>intitulado<b>\u00a0&#8220;<\/b><b>A doc\u00eancia em movimento: explorando novas abordagens na constru\u00e7\u00e3o do conhecimento em Biologia<\/b><strong>\u201d\u00a0<\/strong>(Orientadora\u00a0<strong>Profa. Dra. Vera Lucia Bobrowski<\/strong>) <strong>ALTERADA<\/strong> \u00b4pela <a href=\"https:\/\/drive.google.com\/file\/d\/16fyKee_NpQgTtuqychftoGBNNMJWauNz\/view?usp=sharing\" target=\"_blank\" rel=\"noopener\">Portaria 39, de 21 de mar\u00e7o de 2025<\/a><\/p>\n<p><a href=\"https:\/\/drive.google.com\/file\/d\/1RZn5LtKHDbuoDbJxayS0oVe-f7ej1e5Z\/view?usp=sharing\" target=\"_blank\" rel=\"noopener\">Portaria 30, de 17 de mar\u00e7o de 2025 &#8211;<\/a> <strong>CONSTITUI<\/strong>\u00a0a Banca Examinadora para a defesa de Trabalho de Conclus\u00e3o de Curso de Ci\u00eancias Biol\u00f3gicas Licenciatura do acad\u00eamico\u00a0<b>Christian Peter Demari<\/b><strong>\u00a0<\/strong>intitulado\u00a0<b>&#8220;<\/b><b>As concep\u00e7\u00f5es do bom professor na vis\u00e3o de docentes da \u00e1rea de Ci\u00eancias da Natureza de uma escola p\u00fablica de Pelotas\/RS: aproxima\u00e7\u00f5es e barreiras para a constru\u00e7\u00e3o da pr\u00e1tica pedag\u00f3gica<\/b><b>.<\/b><strong>\u201d\u00a0<\/strong>(Orientadora\u00a0<strong>Profa. Dra. Francele de Abreu Carlan<\/strong>)<\/p>\n<p><a href=\"https:\/\/drive.google.com\/file\/d\/1lI8Nu9wD9BuRe6wkqvut_R_VJgdmbOSn\/view?usp=sharing\" target=\"_blank\" rel=\"noopener\">Portaria 29 de 17 de mar\u00e7o de 2025 &#8211;<\/a> <strong>CONSTITUI<\/strong>\u00a0a Banca Examinadora para a defesa de Trabalho de Conclus\u00e3o de Curso de Ci\u00eancias Biol\u00f3gicas Licenciatura da acad\u00eamica\u00a0<b>Carolina Lessa Viegas<\/b><strong>\u00a0<\/strong>intitulado<b>\u00a0&#8220;Florescento a consci\u00eancia: superando a impercep\u00e7\u00e3o bot\u00e2nica na Educa\u00e7\u00e3o<\/b><strong>\u201d\u00a0<\/strong>(Orientadora\u00a0<strong>Profa. Dra. Raquel Ludtke<\/strong>)<\/p>\n<p><a href=\"https:\/\/drive.google.com\/file\/d\/1OVMGa8c-lWrllIfVbJ1DiXYQh0lHiNKY\/view?usp=sharing\" target=\"_blank\" rel=\"noopener\">Portaria 28, de 17 de mar\u00e7o de 2025 &#8211;<\/a> <strong>CONSTITUI<\/strong>\u00a0a Banca Examinadora para a defesa de Trabalho de Conclus\u00e3o de Curso de Ci\u00eancias Biol\u00f3gicas Licenciatura do acad\u00eamico\u00a0<strong>Carlos Felipe Macedo da Silva<\/strong><strong>\u00a0<\/strong>intitulado\u00a0<b>&#8220;<\/b><b>Educa\u00e7\u00e3o Escolar Ind\u00edgena como promotora d<\/b><\/p>\n<p><a href=\"https:\/\/drive.google.com\/file\/d\/1EFu7kBlCRgV5_LagyYrg1O4pTrAI2q5k\/view?usp=sharing\" target=\"_blank\" rel=\"noopener\">Portaria 27, de 17 de mar\u00e7o de 2025 &#8211;<\/a> <strong>CONSTITUI<\/strong>\u00a0a Banca Examinadora para a defesa de Trabalho de Conclus\u00e3o de Curso de Ci\u00eancias Biol\u00f3gicas Licenciatura da acad\u00eamica\u00a0<b>Luise Calabuig Machado<\/b><strong>\u00a0<\/strong>intitulado\u00a0<b>&#8220;Educa\u00e7\u00e3o Sexual na Escola: concep\u00e7\u00f5es dos alunos do 8o. Ano do Ensino Fundamental!<\/b><strong>\u201d\u00a0<\/strong>(Orientadora\u00a0<strong>Profa. Dra. Caroline Terra de Oliveira<\/strong>\u00a0) c<\/p>\n<p><a href=\"https:\/\/drive.google.com\/file\/d\/19wv0SKib7kRoayu7ebv8BgvrRoBqiRrg\/view?usp=sharing\" target=\"_blank\" rel=\"noopener\">Portaria 26, de 07 de mar\u00e7o de 2025 &#8211;<\/a>\u00a0<strong>ALTERA<\/strong>\u00a0a Portaria n\u00b0 19, de 27 de fevereiro de 2025\u00a0(<span contenteditable=\"false\"><a id=\"lnkSei3326088\" class=\"ancora_sei\" href=\"https:\/\/sei.ufpel.edu.br\/sei\/controlador.php?acao=protocolo_visualizar&amp;id_protocolo=3326088&amp;id_procedimento_atual=3286881&amp;infra_sistema=100000100&amp;infra_unidade_atual=110000218&amp;infra_hash=bb215576cd9c8dfb266a4cdda531813965d671aa8e165a8821c8a7292c2e32aab3d1ab389e456cf07ba4cecd7815deab401f547cf0f43f6c681021a22fd51d1c4720d6d1e5846c8a8c753e311017196e7aff32a8d02c2c9e3a015c2570074034\" target=\"_blank\" rel=\"noopener\">2970559<\/a><\/span>); <strong>CONSTITUI<\/strong>\u00a0a Banca Examinadora para a defesa de Trabalho de Conclus\u00e3o de Curso de Ci\u00eancias Biol\u00f3gicas Bacharelado da acad\u00eamica\u00a0<strong>Lyana Pintos Ramos<\/strong><strong>\u00a0<\/strong>intitulado\u00a0<strong>\u201cAltera\u00e7\u00f5es no eletroma da soja sob estresses combinados de corte e fogo\u201d<\/strong><strong>\u00a0<\/strong>(Orientador\u00a0<strong>Prof. Dr. Gustavo Maia Souza\u00a0<\/strong>Coorientadora:\u00a0<strong>Quim\u00aa. Alim. Dr\u00aa. Gabriela Niemeyer Reissig<\/strong>)<\/p>\n<p><a href=\"https:\/\/drive.google.com\/file\/d\/1BDPzUFlP-74WHbJBHTJpgmKyvmjdx5Tv\/view?usp=sharing\" target=\"_blank\" rel=\"noopener\">Portaria 25, de 07 de mar\u00e7o de 2025<\/a> &#8211;<strong>ALTERA<\/strong>\u00a0a Portaria N\u00b0 22, de 27 de fevereiro de 2025\u00a0(<span contenteditable=\"false\"><a id=\"lnkSei3326110\" class=\"ancora_sei\" href=\"https:\/\/sei.ufpel.edu.br\/sei\/controlador.php?acao=protocolo_visualizar&amp;id_protocolo=3326110&amp;id_procedimento_atual=3286881&amp;infra_sistema=100000100&amp;infra_unidade_atual=110000218&amp;infra_hash=b6d9b8754ecfc4ec46f399df3e8c80dc547326b9c6eb8d6b27ab33040a92b3c4b3d1ab389e456cf07ba4cecd7815deab401f547cf0f43f6c681021a22fd51d1c4720d6d1e5846c8a8c753e311017196e7aff32a8d02c2c9e3a015c2570074034\" target=\"_blank\" rel=\"noopener\">2970581<\/a><\/span>); <strong>CONSTITUI<\/strong>\u00a0a Banca Examinadora para a defesa de Trabalho de Conclus\u00e3o de Curso de Ci\u00eancias Biol\u00f3gicas Bacharelado do acad\u00eamico\u00a0<strong>Jo\u00e3o Gabriel Moreira de Souza<\/strong><strong>\u00a0<\/strong>intitulado\u00a0<strong>\u201cAn\u00e1lise do comportamento do eletroma em arroz (<em>Oryza sativa<\/em>) na perspectiva do processo de aten\u00e7\u00e3o\u201d<\/strong><strong>\u00a0<\/strong>(Orientador:\u00a0<strong>Prof. Dr. Gustavo Maia Souza,\u00a0<\/strong>Coorientadora:\u00a0<strong>Quim\u00aa. Alim. Dr\u00aa. Gabriela Niemeyer Reissig<\/strong>)<\/p>\n<p><a href=\"https:\/\/drive.google.com\/file\/d\/1tGVZesQOm3keLqTTb6o2bh2uqyeMzHRJ\/view?usp=sharing\" target=\"_blank\" rel=\"noopener\">Portaria 24, de 03 de mar\u00e7o de 2025<\/a> &#8211;\u00a0<strong> REVOGA\u00a0<\/strong>a Portaria Interna 68\/2024 (<span contenteditable=\"false\"><a id=\"lnkSei3148113\" class=\"ancora_sei\"><\/a>2809744<\/span>); <strong>RECOMP\u00d5EM<\/strong>\u00a0as Comiss\u00f5es Permanentes e Tempor\u00e1rias do Conselho Departamental do Instituto de Biologia<\/p>\n<p><a href=\"https:\/\/drive.google.com\/file\/d\/1SERPAGUcR7Ss4ZXuodfKZSa-w56zbsI0\/view?usp=sharing\" target=\"_blank\" rel=\"noopener\">Portaria 23. de 27 de fevereiro de 2025 &#8211;<\/a> <strong>CONSTITUI<\/strong>\u00a0a Banca Examinadora para a defesa de Trabalho de Conclus\u00e3o de Curso de Ci\u00eancias Biol\u00f3gicas Bacharelado do acad\u00eamico\u00a0<strong>Jo\u00e3o Gabriel Moreira de Souza<\/strong><strong>\u00a0<\/strong>intitulado\u00a0<strong>\u201cRequalifica\u00e7\u00e3o de ambientes para reabilita\u00e7\u00e3o de fel\u00eddeos silvestres em um Centro de Triagem de Animais Silvestres no Extremo Sul do Brasil: Visando bem-estar e reabilita\u00e7\u00e3o\u201d<\/strong><strong>\u00a0<\/strong>(Orientador:\u00a0<strong>Bi\u00f3l. Dr. Marco Antonio Afonso Coimbra,\u00a0<\/strong>Coorientador:\u00a0<strong>Prof. Dr. Luiz Fernando Minello<\/strong>)<\/p>\n<p><a href=\"https:\/\/drive.google.com\/file\/d\/13Tz3kR8ky_8zT7CYqAkzBOVUdGXBsfAy\/view?usp=sharing\" target=\"_blank\" rel=\"noopener\">Portaria 22. de 27 de fevereiro de 2025 &#8211;<\/a> <strong>CONSTITUI<\/strong>\u00a0a Banca Examinadora para a defesa de Trabalho de Conclus\u00e3o de Curso de Ci\u00eancias Biol\u00f3gicas Bacharelado do acad\u00eamico\u00a0<strong>Jo\u00e3o Gabriel Moreira de Souza<\/strong><strong>\u00a0<\/strong>intitulado\u00a0<strong>\u201cO legado bot\u00e2nico da fam\u00edlia Assis Brasil no Castelo de Pedras Altas\u201d<\/strong><strong>\u00a0<\/strong>(Orientador:\u00a0<strong>Prof. Dr. Gustavo Maia Souza,\u00a0<\/strong>Coorientadora:\u00a0<strong>Quim\u00aa. Alim. Dr\u00aa. Gabriela Niemeyer Reissig<\/strong>)<\/p>\n<p><a href=\"https:\/\/drive.google.com\/file\/d\/16mWDDVyHVWO_sY7w4QPDTZf_P4IpeLd9\/view?usp=sharing\" target=\"_blank\" rel=\"noopener\">Portaria 21. de 27 de fevereiro de 2025 &#8211;<\/a> <strong>CONSTITUI<\/strong>\u00a0a Banca Examinadora para a defesa de Trabalho de Conclus\u00e3o de Curso de Ci\u00eancias Biol\u00f3gicas Bacharelado da acad\u00eamica\u00a0<strong>La\u00eds Cardoso Valad\u00e3o<\/strong><strong>\u00a0<\/strong>intitulado\u00a0<strong>\u201cAn\u00e1lise evolutiva dos Receptores Ionotr\u00f3picos (IRs) em Diptera utilizando dados gen\u00f4micos\u201d<\/strong><strong>\u00a0<\/strong>(Orientador:\u00a0<strong>Prof. Dr. Marco Antonio Tonus Marinho,\u00a0\u00a0<\/strong>Coorientador:\u00a0<strong>Bi\u00f3l. Dr. Pablo Fresia Coronel<\/strong>)<\/p>\n<p><a href=\"https:\/\/drive.google.com\/file\/d\/15axr5TPSiNiMp5HZuZ5xVM_DF8DRZYpr\/view?usp=sharing\" target=\"_blank\" rel=\"noopener\">Portaria 20. de 27 de fevereiro de 2025 &#8211;<\/a> <strong>CONSTITUI <\/strong>a Banca Examinadora para a defesa de Trabalho de Conclus\u00e3o de Curso de Ci\u00eancias Biol\u00f3gicas Bacharelado do acad\u00eamico\u00a0<strong>Jo\u00e3o Augusto Castor Silva<\/strong><strong>\u00a0<\/strong>intitulado\u00a0<strong>\u201cO legado bot\u00e2nico da fam\u00edlia Assis Brasil no Castelo de Pedras Altas\u201d<\/strong><strong>\u00a0<\/strong>(Orientador\u00a0<strong>Prof. Dr. Jo\u00e3o Ricardo Vieira Iganci<\/strong>)<\/p>\n<p><a href=\"https:\/\/drive.google.com\/file\/d\/1CzhQLVmjEkWRSC9KORJCouKtTzfXgbh2\/view?usp=sharing\" target=\"_blank\" rel=\"noopener\">Portaria 19, de 27 de fevereiro de 2025 &#8211;<\/a> <strong>CONSTITUI<\/strong>\u00a0a Banca Examinadora para a defesa de Trabalho de Conclus\u00e3o de Curso de Ci\u00eancias Biol\u00f3gicas Bacharelado da acad\u00eamica\u00a0<strong>Lyana Pintos Ramos<\/strong><strong>\u00a0<\/strong>intitulado\u00a0<strong>\u201cAltera\u00e7\u00f5es no eletroma da soja sob estresses combinados de corte e fogo\u201d<\/strong><strong>\u00a0<\/strong>(Orientador\u00a0<strong>Prof. Dr. Gustavo Maia Souza\u00a0<\/strong>Coorientadora:\u00a0<strong>Quim\u00aa. Alim. Dr\u00aa. Gabriela Niemeyer Reissig<\/strong>). <strong>ALTERADA<\/strong> pela <a href=\"https:\/\/drive.google.com\/file\/d\/19wv0SKib7kRoayu7ebv8BgvrRoBqiRrg\/view?usp=sharing\" target=\"_blank\" rel=\"noopener\">Portaria 26, de 07 de mar\u00e7o de 2025 &#8211;<\/a><\/p>\n<p><a href=\"https:\/\/drive.google.com\/file\/d\/12McoN9HHar2Gb7gzehldl208IOQqdWqY\/view?usp=sharing\" target=\"_blank\" rel=\"noopener\">Portaria 18. de 27 de fevereiro de 2025 &#8211;<\/a> <strong>CONSTITUI<\/strong>\u00a0a Banca Examinadora para a defesa de Trabalho de Conclus\u00e3o de Curso de Ci\u00eancias Biol\u00f3gicas Licenciatura da acad\u00eamica\u00a0<strong>J\u00falia Costa de Moura<\/strong><strong>\u00a0<\/strong>intitulado\u00a0<strong>\u201cInvestigando a pr\u00e1tica interdisciplinar no Programa de Resid\u00eancia Pedag\u00f3gica\/N\u00facleo de Ci\u00eancias da Natureza da Universidade Federal de Pelotas.\u201d\u00a0<\/strong>(Orientadora\u00a0<strong>Prof\u00aa. Dr\u00aa. Francele de Abreu Carlan<\/strong>\u00a0)<\/p>\n<p><a href=\"https:\/\/drive.google.com\/file\/d\/1KXUuvp3cBvAff7GticVVLuk-5XauFGoO\/view?usp=sharing\" target=\"_blank\" rel=\"noopener\">Portaria 17. de 27 de fevereiro de 2025 &#8211;<\/a> <strong>CONSTITUI <\/strong>a Banca Examinadora para a defesa de Trabalho de Conclus\u00e3o de Curso de Ci\u00eancias Biol\u00f3gicas Bacharelado da acad\u00eamica\u00a0<strong>P\u00e2mela Cristina de Lima Avelar<\/strong><strong>\u00a0<\/strong>intitulado\u00a0<strong>\u201cComportamento de agressividade e sinais ac\u00fasticos do grilo\u00a0<em>Endecous<\/em>\u00a0(<em>Endecous<\/em>)\u00a0<em>chape<\/em>\u00a0Souza-Dias &amp; de Mello, 2017 do Parque Nacional do Igua\u00e7u (Orthoptera, Grylloidea)\u201d<\/strong><strong>\u00a0<\/strong>(Orientador\u00a0<strong>Prof. Dr. Edsion Zefa<\/strong>)<\/p>\n<p><a href=\"https:\/\/drive.google.com\/file\/d\/1ip-74vMjXt37d9ihFQjxheXykkHF_KlN\/view?usp=sharing\" target=\"_blank\" rel=\"noopener\">Portaria 16. de 27 de fevereiro de 2025 &#8211;<\/a> <strong>CONSTITUIR<\/strong>\u00a0a Banca Examinadora para a defesa de Trabalho de Conclus\u00e3o de Curso de Ci\u00eancias Biol\u00f3gicas Licenciatura da acad\u00eamica\u00a0<strong>Amanda Dias Priestch<\/strong><strong>\u00a0<\/strong>intitulado\u00a0<strong>\u201cInvestigando a Tem\u00e1tica \u201cEduca\u00e7\u00e3o Sexual\u201d no Ensino Fundamental: possibilidades e desafios\u201d<\/strong><strong>\u00a0<\/strong>(Orientadora\u00a0<strong>Prof\u00aa. Dr\u00aa. Francele de Abreu Carlan<\/strong>\u00a0)<\/p>\n<p><a href=\"https:\/\/drive.google.com\/file\/d\/1Xto1IBpI3QQvetxfy26l0SYgyBS21Oww\/view?usp=sharing\" target=\"_blank\" rel=\"noopener\">Portaria 15. de 27 de fevereiro de 2025 &#8211;<\/a> <strong>CONSTITUI<\/strong>\u00a0a Banca Examinadora para a defesa de Trabalho de Conclus\u00e3o de Curso de Ci\u00eancias Biol\u00f3gicas Bacharelado da acad\u00eamica\u00a0<strong>Rafaela Clack Meggiato<\/strong><strong>\u00a0<\/strong>intitulado\u00a0<strong>\u201cAn\u00e1lise de sequ\u00eancia do gene COI de novas esp\u00e9cies do g\u00eanero\u00a0<em>Paramycodrosophila<\/em>\u00a0Duda, 1924 (Diptera: Drosophilidade)\u201d\u00a0<\/strong>(Orientadora\u00a0<strong>Prof\u00aa. Dr\u00aa. Monica Laner Blauth\u00a0<\/strong>Coorientador\u00a0<strong>Prof. Dr. Marco Silva Gottschalk<\/strong>\u00a0)<\/p>\n<p><a href=\"https:\/\/drive.google.com\/file\/d\/1ufAUix4wSZv_dHqNHUxZqTQ3p3SjAOJI\/view?usp=sharing\" target=\"_blank\" rel=\"noopener\">Portaria 14. de 27 de fevereiro de 2025 &#8211;<\/a> <strong>CONSTITUI <\/strong>a Banca Examinadora para a defesa de Trabalho de Conclus\u00e3o de Curso de Ci\u00eancias Biol\u00f3gicas Bacharelado do acad\u00eamico\u00a0<strong>Nicolas Pereira Conde<\/strong><strong>\u00a0<\/strong>intitulado\u00a0<strong>\u201cUtilizando o DNA Barcode na identifica\u00e7\u00e3o de fraudes no com\u00e9rcio de pescado em Pelotas-RS\u201d<\/strong><strong>\u00a0<\/strong>(Orientadora\u00a0<strong>Prof\u00aa. Dr\u00aa. Juliana Cordeiro<\/strong>)<\/p>\n<p><a href=\"https:\/\/drive.google.com\/file\/d\/1WCOwhpGDd5R5rTmF2-FtaUqyxQZVe5k8\/view?usp=sharing\" target=\"_blank\" rel=\"noopener\">Portaria 13 de 27 de fevereiro de 2025 &#8211;<\/a> <strong>CONSTITUI<\/strong>\u00a0a Banca Examinadora para a defesa de Trabalho de Conclus\u00e3o de Curso de Ci\u00eancias Biol\u00f3gicas Bacharelado do acad\u00eamico\u00a0<strong>Juan Lopes Baartz<\/strong><strong>\u00a0<\/strong>intitulado\u00a0<strong>\u201cRevis\u00e3o sobre a bioac\u00fastica dos grilos Phalangopsidae do Brasil (Orthoptera, Grylloidea)\u201d\u00a0<\/strong>(Orientador\u00a0<strong>Prof. Dr. Edison Zefa<\/strong><\/p>\n<p><a href=\"https:\/\/drive.google.com\/file\/d\/1pnmeCkmNzwmmk2uQ1RKzQ1etedW59dxO\/view?usp=sharing\" target=\"_blank\" rel=\"noopener\">Portaria 12. de 27 de fevereiro de 2025 &#8211;<\/a> <strong>CONSTITUI<\/strong>\u00a0a Banca Examinadora para a defesa de Trabalho de Conclus\u00e3o de Curso de Ci\u00eancias Biol\u00f3gicas Bacharelado da acad\u00eamica\u00a0<strong>Camila Caseira Figueira<\/strong><strong>\u00a0<\/strong>intitulado\u00a0<strong>\u201cMorfometria sincraniana de\u00a0<em>Cerdocyon thous<\/em>\u00a0(graxaim-do-mato) (Carnivora, Canidae)\u201d<\/strong><strong>\u00a0<\/strong>(Orientador\u00a0<strong>Prof. Dr. C\u00e9sar Jaeger Drehmer<\/strong>)<\/p>\n<p><a href=\"https:\/\/drive.google.com\/file\/d\/1cJbcJm-Xk3Y0ZtGVEVkB3Kz5j_y2h2Id\/view?usp=sharing\" target=\"_blank\" rel=\"noopener\">Portaria 11. de 27 de fevereiro de 2025 &#8211;<\/a> <strong>CONSTITUI<\/strong>\u00a0a Banca Examinadora para a defesa de Trabalho de Conclus\u00e3o de Curso de Ci\u00eancias Biol\u00f3gicas Bacharelado da acad\u00eamica\u00a0<strong>Bruna Razeira Wahast<\/strong><strong>\u00a0<\/strong>intitulado\u00a0<strong>\u201cElabora\u00e7\u00e3o de uma carpoteca e descri\u00e7\u00e3o da diversidade e dos atributos morfol\u00f3gicos de frutos e sementes da flora zooc\u00f3rica em \u00e1reas de Pampa e Floresta Atl\u00e2ntica no Sul do Brasil\u201d<\/strong><strong>\u00a0<\/strong>(Orientador\u00a0<strong>Prof. Dr. J\u00e9ferson Bugoni<\/strong>)<\/p>\n<p><a href=\"https:\/\/drive.google.com\/file\/d\/1ytUy5lCFr2iDOuZ6l2mXxgjHGqJO-V03\/view?usp=sharing\" target=\"_blank\" rel=\"noopener\">Portaria 10. de 27 de fevereiro de 2025 &#8211;<\/a> <strong>CONSTITUI<\/strong>\u00a0a Banca Examinadora para a defesa de Trabalho de Conclus\u00e3o de Curso de Ci\u00eancias Biol\u00f3gicas Bacharelado da acad\u00eamica\u00a0<strong>Bruna Machado Henrique<\/strong><strong>\u00a0<\/strong>intitulado\u00a0<strong>\u201cRevis\u00e3o sistem\u00e1tica dos padr\u00f5es de uso e compartilhamento de abrigos antr\u00f3picos por morcegos no Brasil\u201d<\/strong><strong>\u00a0<\/strong>(Orientadora\u00a0<strong>Prof\u00aa. Dr\u00aa. Ana Maria Rui<\/strong>)<\/p>\n<p><a href=\"https:\/\/drive.google.com\/file\/d\/1M5x3vzSPRSD_dTR3Qut19qql506ZoE_b\/view?usp=sharing\" target=\"_blank\" rel=\"noopener\">Portaria 09. de 27 de fevereiro de 2025 &#8211;<\/a> <strong>CONSTITUI<\/strong>\u00a0a Banca Examinadora para a defesa de Trabalho de Conclus\u00e3o de Curso de Ci\u00eancias Biol\u00f3gicas Bacharelado do acad\u00eamico\u00a0<strong>Kevyn Sell da Silva<\/strong><strong>\u00a0<\/strong>intitulado\u00a0<strong>\u201cMyrmecodex, um guia de campo simplificado, sobre formigas (Hymenoptera: Formicidea)\u201d<\/strong><strong>\u00a0<\/strong>(Orientador\u00a0<strong>Prof. Dr. Sebastian Felipe Sendoya Echeverry<\/strong><strong>,\u00a0<\/strong>Coorientador<strong>\u00a0<\/strong><strong>Bi\u00f3l. MSc. Gabriel Gon\u00e7alves Barbosa<\/strong>)<\/p>\n<p><a href=\"https:\/\/drive.google.com\/file\/d\/1pjcu-hVjKmF7K_VdhX7ReExsvckPIDJi\/view?usp=sharing\" target=\"_blank\" rel=\"noopener\">Portaria 08. de 27 de fevereiro de 2025 &#8211;<\/a> <strong>CONSTITUI<\/strong>\u00a0a Banca Examinadora para a defesa de Trabalho de Conclus\u00e3o de Curso de Ci\u00eancias Biol\u00f3gicas Bacharelado da acad\u00eamica\u00a0<strong>Thalia Fabres Zanetti<\/strong><strong>\u00a0<\/strong>intitulado\u00a0<strong>\u201cO estado atual do acervo paleomastozool\u00f3gico do Museu de Ci\u00eancias Naturais Carlos Ritter, IB, UFPel.\u201d\u00a0<\/strong>(Orientador\u00a0<strong>Prof. Dr. Jos\u00e9 Eduardo Figueiredo Dornelles<\/strong><strong>,\u00a0<\/strong>Coorientador<strong>\u00a0<\/strong><strong>Prof. Dr. Cristiano Agra Iserhard<\/strong>)<\/p>\n<p><a href=\"https:\/\/drive.google.com\/file\/d\/1sWuc4j0dBdAVDgPQ1jLpX8EiNMq-jHk3\/view?usp=sharing\" target=\"_blank\" rel=\"noopener\">Portaria 07. de 27 de fevereiro de 2025 &#8211;<\/a> <strong>CONSTITUI<\/strong>\u00a0a Banca Examinadora para a defesa de Trabalho de Conclus\u00e3o de Curso de Ci\u00eancias Biol\u00f3gicas Bacharelado da acad\u00eamica\u00a0<strong>Bruna Martins Eberhardt<\/strong><strong>\u00a0<\/strong>intitulado\u00a0<strong>\u201cMorfometria sincraniana comparada de duas esp\u00e9cies do g\u00eanero\u00a0<em>Puma<\/em>\u00a0(Carnivora, Felidae)\u201d<\/strong><strong>\u00a0<\/strong>(Orientador\u00a0<strong>Prof. Dr. C\u00e9sar Jaeger Drehmer<\/strong>)<\/p>\n<p><a href=\"https:\/\/drive.google.com\/file\/d\/1Chd6KQfuOgLcopjzxKdJwRn6ypW2t7Y9\/view?usp=sharing\" target=\"_blank\" rel=\"noopener\">Portaria 06. de 27 de fevereiro de 2025 &#8211;<\/a> <strong>CONSTITUI<\/strong>\u00a0a Banca Examinadora para a defesa de Trabalho de Conclus\u00e3o de Curso de Ci\u00eancias Biol\u00f3gicas Bacharelado da acad\u00eamica\u00a0<strong>Maira Lopes da Silva<\/strong><strong>\u00a0<\/strong>intitulado\u00a0<strong>\u201cTemperaturas extremas como um desafio \u00e0 sobreviv\u00eancia de juvenis do camar\u00e3o-rosa (<em>Farfantepenaeus paulensis<\/em>)\u201d<\/strong><strong>\u00a0<\/strong>(Orientador\u00a0<strong>Prof. Dr. Ricardo Berteaux Robaldo<\/strong>)<\/p>\n<p><a href=\"https:\/\/drive.google.com\/file\/d\/1t3uFGl3RpDAuGwDIlbxhqF6R-A6rvVGZ\/view?usp=sharing\" target=\"_blank\" rel=\"noopener\">Portaria 05. de 27 de fevereiro de 2025 &#8211;<\/a> <strong>CONSTITUI<\/strong>\u00a0a Banca Examinadora para a defesa de Trabalho de Conclus\u00e3o de Curso de Ci\u00eancias Biol\u00f3gicas Bacharelado da acad\u00eamica\u00a0<strong>Rafaela Nunes Deves<\/strong><strong>\u00a0<\/strong>intitulado\u00a0<strong>\u201cSinaliza\u00e7\u00e3o mediada por vol\u00e1teis entre plantas de soja: efeitos da aplica\u00e7\u00e3o de Benzalde\u00eddo na comunica\u00e7\u00e3o interplanta\u201d<\/strong><strong>\u00a0<\/strong>(Orientador\u00a0<strong>Prof. Dr. Gustavo Maia Souza<\/strong><strong>,\u00a0<\/strong>Coorientadora<strong>\u00a0<\/strong><strong>Bi\u00f3l\u00aa. Dr\u00aa. Simone Ribeiro Lucho<\/strong>)<\/p>\n<p><a href=\"https:\/\/drive.google.com\/file\/d\/1S-0qhq8kaLmsPBABoQV_sIl6IcEhreq2\/view?usp=sharing\" target=\"_blank\" rel=\"noopener\">Portaria 04 de 27 de fevereiro de 2025 &#8211;<\/a> <strong>CONSTITUI<\/strong>\u00a0a Banca Examinadora para a defesa de Trabalho de Conclus\u00e3o de Curso de Ci\u00eancias Biol\u00f3gicas Bacharelado da acad\u00eamica\u00a0<strong>Ingrid Moreira Fabres<\/strong><strong>\u00a0<\/strong>intitulado\u00a0<strong>\u201cToxicidade do fungicida Opera Ultra\u00ae em organismo n\u00e3o-alvo: uma an\u00e1lise biol\u00f3gica na mariposa\u00a0<em>Spodoptera frugiperda<\/em>\u201d<\/strong><strong>\u00a0<\/strong>(Orientador\u00a0<strong>Prof. Dr. Cristiano Agra Iserhard<\/strong><strong>,\u00a0<\/strong>Coorientador<strong>\u00a0<\/strong><strong>Prof. Dr. Luiz Ernesto Costa Schmidt<\/strong>)<\/p>\n<p><a href=\"https:\/\/drive.google.com\/file\/d\/1p60APjLlWKPZ7ddZ6Fm_0OET1gp1lbTM\/view?usp=sharing\" target=\"_blank\" rel=\"noopener\">Portaria 03. de 27 de fevereiro de 2025 &#8211;<\/a> <strong>CONSTITUI<\/strong>\u00a0a Banca Examinadora para a defesa de Trabalho de Conclus\u00e3o de Curso de Ci\u00eancias Biol\u00f3gicas Bacharelado da acad\u00eamica\u00a0<strong>Isadora Sayuri Nischimoto Washio<\/strong><strong>\u00a0<\/strong>intitulado\u00a0<strong>\u201cPatologia osteol\u00f3gica de\u00a0<em>Caiman latirostris<\/em>\u00a0Daudin, 1801, Crocodilia, Alligatoridae\u201d<\/strong><strong>\u00a0<\/strong>(Orientador\u00a0<strong>Prof. Dr. Jos\u00e9 Eduardo Figueiredo Dornelles,\u00a0<\/strong>Coorientadora<strong>\u00a0\u00a0Prof\u00aa. Dr\u00aa. Ana Luisa Schifino Valente<\/strong>)<\/p>\n<p><a href=\"https:\/\/drive.google.com\/file\/d\/1kBGtDzvsCkSlMjKfZIiAnjRhi2AZ3tab\/view?usp=sharing\" target=\"_blank\" rel=\"noopener\">Portaria 02, de 17 de fevereiro de 2025<span style=\"color: var(--cor-texto); font-family: var(--fonte-corpo);\">\u00a0<\/span><span style=\"color: var(--cor-texto); font-family: var(--fonte-corpo);\"> &#8211;\u00a0<\/span><\/a><strong style=\"color: var(--cor-texto); font-family: var(--fonte-corpo);\">CONSTITUI <\/strong><span style=\"color: var(--cor-texto); font-family: var(--fonte-corpo);\">Comiss\u00e3o Avaliadora dos processos do EDITAL CRA N\u00ba 33\/2024 relativo ao PROCESSO SELETIVO COMPLEMENTAR &#8211; 2025\/1para ingresso nos cursos de gradua\u00e7\u00e3o presenciais no 1\u00ba semestre de 2025, nas modalidades de reop\u00e7\u00e3o, reingresso, retomada de estudos, transfer\u00eancia e portador de diploma de ensino superior.no Curso de Gradua\u00e7\u00e3o de Ci\u00eancias Biol\u00f3gicas Bacharelado (4110) e Licenciatura (4120)<\/span><\/p>\n<p><a href=\"https:\/\/drive.google.com\/file\/d\/1BVldDR115Em2N_LuWQK1IQOOJmDHYhkh\/view?usp=sharing\">Portaria 01, de 31 de janeiro de 2025<\/a> &#8211; <strong>CONSTITUI<\/strong>\u00a0a Banca Examinadora para a defesa de Trabalho de Conclus\u00e3o de Curso de Ci\u00eancias Biol\u00f3gicas Bacharelado do acad\u00eamico\u00a0<strong>Victor Cruz Cuervo\u00a0<\/strong>intitulado\u00a0<strong>\u201cDescri\u00e7\u00e3o cariot\u00edpica da esp\u00e9cie\u00a0<em>Anas flavirostris<\/em>\u00a0(Anseriformes, Anatidae)\u201d<\/strong><strong>\u00a0<\/strong>(Orientador\u00a0<em><strong>Prof. Dr. Rafael Kretschmer<\/strong><\/em>)<\/p>\n<p><span style=\"background-color: #ffff00;\"><strong>2024 &#8211;<\/strong><\/span><\/p>\n<p><a href=\"https:\/\/drive.google.com\/file\/d\/1pDaH0Jnj39P3DZyLAYkmmRV1153WL2wO\/view?usp=sharing\" target=\"_blank\" rel=\"noopener\">Portaria 74, de 10 de dezembro de 2024 &#8211; <\/a>\u00a0<strong>REVOGA<\/strong>\u00a0a PORTARIA Internas n\u00ba<sup>\u00a0<\/sup>70 (<span contenteditable=\"false\"><a id=\"lnkSei3222203\" class=\"ancora_sei\"><\/a>2876871<\/span>) , de 02 de Dezembro de 2024 que trata da composi\u00e7\u00e3o do N\u00facleo Docente Estruturante \u2013 NDE do Curso de Ci\u00eancias Biol\u00f3gicas \u2013Bacharelado e Licenciatura, do Instituto de Biologia. <strong>RECONSTITUI <\/strong>o N\u00facleo Docente Estruturante \u2013 NDE do Curso de Ci\u00eancias Biol\u00f3gicas \u2013Bacharelado e Licenciatura,<\/p>\n<p><a href=\"https:\/\/docs.ufpel.edu.br\/index.php\/s\/veyyi6Tx8M3J8xZ\" target=\"_blank\" rel=\"noopener\">Portaria 73, 05 de dezembro de 2024 &#8211;<\/a> <strong>NOMEIA Comiss\u00e3o de apura\u00e7\u00e3o dos fatos relacionados a abertura de Processo Administrativo Disciplinar discente composta pelos docentes<\/strong><\/p>\n<p><a href=\"https:\/\/drive.google.com\/file\/d\/1zmpuDqXreJiaiz31Tf_063Rsesu3Pk11\/view?usp=sharing\" target=\"_blank\" rel=\"noopener\">Portaria 72, de 04 de dezembro de 2024 &#8211;<\/a> <strong>CONSTITUI<\/strong>\u00a0banca examinadora do\u00a0<strong>Edital N\u00ba O2\/2024<\/strong> (Processo seletivo para bolsa do Programa Institucional de P\u00f3s-doutorado\u00a0 &#8211; PIPD) da CAPES vinculado ao PPGMPar. A banca examinadora ser\u00e1 composta pelos seguintes docentes.<\/p>\n<p><a href=\"https:\/\/drive.google.com\/file\/d\/1gZFUlpSDjr9yXiEAKpuEmlGut1AZDTcy\/view?usp=sharing\" target=\"_blank\" rel=\"noopener\">Portaria 71, de 04 de dezembro de 2024<\/a> &#8211;\u00a0<strong>REVOGA<\/strong>\u00a0a Portaria n\u00ba 69 de 29 de novembro de 2024 (<span contenteditable=\"false\"><a id=\"lnkSei3217703\" class=\"ancora_sei\"><\/a>2872901<\/span>) que trata da composi\u00e7\u00e3o do Colegiado dos Cursos de Bacharelado e Licenciatura em Ci\u00eancias Biol\u00f3gicas, do Instituto de Biologia. <strong>CONSOLIDA<\/strong> a nova composi\u00e7\u00e3o do Colegiado dos Cursos de Gradua\u00e7\u00e3o em Ci\u00eancias Biol\u00f3gicas Bacharelado e Licenciatura.<\/p>\n<p><a href=\"https:\/\/drive.google.com\/file\/d\/1PK7zz0nEAscT3-k-CN08NbIs8B1b9Mni\/view?usp=sharing\" target=\"_blank\" rel=\"noopener\">Portaria 70, de 02 de dezembro de 2024 &#8211;<\/a>\u00a0<strong>REVOGA<\/strong>\u00a0as PORTARIAS Internas n\u00ba<sup>\u00a0<\/sup>53, de 04 de julho de 2024 (<span contenteditable=\"false\"><a id=\"lnkSei2977129\" class=\"ancora_sei\" href=\"https:\/\/sei.ufpel.edu.br\/sei\/controlador.php?acao=protocolo_visualizar&amp;id_protocolo=2977129&amp;id_procedimento_atual=630023&amp;infra_sistema=100000100&amp;infra_unidade_atual=110000218&amp;infra_hash=33056c98a81e87db6ab4be5ba19641610c840f1442ea5b115cc84cf2e7839d4bc4371c3295519d6745b5668ba46bd6c67e92d0e307b5659fe004f5075f2cf490e7ac35cf3ee8e71c4fc5bc1b5069f47a8ff321d6c61f3326953e40978c20904f\" target=\"_blank\" rel=\"noopener\">2654436<\/a><\/span>) e\u00a0\u00a0n\u00ba\u00a030 de 03 de maio de 2023 (<span contenteditable=\"false\"><a id=\"lnkSei2424795\" class=\"ancora_sei\" href=\"https:\/\/sei.ufpel.edu.br\/sei\/controlador.php?acao=protocolo_visualizar&amp;id_protocolo=2424795&amp;id_procedimento_atual=630023&amp;infra_sistema=100000100&amp;infra_unidade_atual=110000218&amp;infra_hash=adc522bdfd08e1c0b25108d55158a04beaacdfb4c58b22e5295ac4c0994c5160c4371c3295519d6745b5668ba46bd6c67e92d0e307b5659fe004f5075f2cf490e7ac35cf3ee8e71c4fc5bc1b5069f47a8ff321d6c61f3326953e40978c20904f\" target=\"_blank\" rel=\"noopener\">2154062<\/a><\/span>)que tratam da composi\u00e7\u00e3o do N\u00facleo Docente Estruturante \u2013 NDE do Curso de Ci\u00eancias Biol\u00f3gicas \u2013Bacharelado e Licenciatura, do Instituto de Biologia. <strong>RECONSTITUI <\/strong>o N\u00facleo Docente Estruturante \u2013 NDE do Curso de Ci\u00eancias Biol\u00f3gicas \u2013Bacharelado e Licenciatura<\/p>\n<p><a href=\"https:\/\/drive.google.com\/file\/d\/1W1j6ddSYRj5BvZkBw5nRW2vUJ7YuhCt0\/view?usp=sharing\" target=\"_blank\" rel=\"noopener\">Portaria 69, de 29 de novembro de 2024<\/a> &#8211;\u00a0<strong> REVOGA<\/strong>\u00a0a Portaria n\u00ba 54 de 16 de julho de 2024\u00a0(<span contenteditable=\"false\"><a id=\"lnkSei2993746\" class=\"ancora_sei\"><\/a>2669513<\/span>) que trata da composi\u00e7\u00e3o do Colegiado dos Cursos de Bacharelado e Licenciatura em Ci\u00eancias Biol\u00f3gicas, do Instituto de Biologia. <strong>CONSOLIDA<\/strong> a nova composi\u00e7\u00e3o do Colegiado dos Cursos de Gradua\u00e7\u00e3o em Ci\u00eancias Biol\u00f3gicas Bacharelado e Licenciatura. <strong>Revogada<\/strong> pela <a href=\"https:\/\/drive.google.com\/file\/d\/1gZFUlpSDjr9yXiEAKpuEmlGut1AZDTcy\/view?usp=sharing\" target=\"_blank\" rel=\"noopener\">Portaria 71, de 04 de dezembro de 2024<\/a> &#8211;<\/p>\n<p><a href=\"https:\/\/drive.google.com\/file\/d\/1DCWvSYsM6CRIBYKJ9-1E7PpazyLicgl5\/view?usp=sharing\" target=\"_blank\" rel=\"noopener\">Portaria 68, de 30 de outubro de 2024<\/a> &#8211; <strong>REVOGA <\/strong>a\u00a0Portaria\u00a0Interna 59\/2024\u00a0(<span contenteditable=\"false\"><a class=\"ancoraSei\" href=\"https:\/\/sei.ufpel.edu.br\/sei\/controlador.php?acao=protocolo_visualizar&amp;id_protocolo=3036555&amp;infra_sistema=100000100&amp;infra_unidade_atual=110000218&amp;infra_hash=ee2487562e730fc7474a2c517da50d8af7b1973a9eaa89dbd35f267ebdf054a6\" target=\"_blank\" rel=\"noopener\">2708167<\/a><\/span>) e <strong>RECOMP\u00d5EM<\/strong> as Comiss\u00f5es Permanentes e Tempor\u00e1rias do Conselho Departamental do Instituto de Biologia. <strong>REVOGADA<\/strong> pela <a href=\"https:\/\/drive.google.com\/file\/d\/1tGVZesQOm3keLqTTb6o2bh2uqyeMzHRJ\/view?usp=sharing\" target=\"_blank\" rel=\"noopener\">Portaria 24, de 03 de mar\u00e7o de 2025<\/a> &#8211;<\/p>\n<p><a href=\"https:\/\/drive.google.com\/file\/d\/1zNufJvRl4rOjA5bS7cjF9kaPjLU5X1y1\/view?usp=sharing\" target=\"_blank\" rel=\"noopener\">Portaria 67, de 17 de outubro de 2024 &#8211;<\/a> <strong>ATUALIZA <\/strong>a\u00a0composi\u00e7\u00e3o do Colegiado do Programa de P\u00f3s-Gradua\u00e7\u00e3o em Biodiversidade Animal, r<strong>evogando<\/strong> a Portaria N\u00b0. 68 de 09 de novembro de 2023 (<span contenteditable=\"false\"><a class=\"ancoraSei\" href=\"https:\/\/sei.ufpel.edu.br\/sei\/controlador.php?acao=protocolo_visualizar&amp;id_protocolo=2717471&amp;infra_sistema=100000100&amp;infra_unidade_atual=110000218&amp;infra_hash=736586ce4467f03e7bbf319e6f8ca98a8f9e604910aabb9b8553fde7de02be5c\" target=\"_blank\" rel=\"noopener\">2419152<\/a><\/span>). <strong>Revogada<\/strong> pela <a href=\"https:\/\/docs.ufpel.edu.br\/index.php\/s\/67gieQJDSENlfZJ\" target=\"_blank\" rel=\"noopener\">Portaria 42, de 04 de fevereiro de 2026<\/a><\/p>\n<p><a href=\"https:\/\/drive.google.com\/file\/d\/1XsX3ef5EjZ8bNwZ2lEmlnrSGqWNciZ6A\/view?usp=sharing\" target=\"_blank\" rel=\"noopener\">Portaria 66, de 26 de setembro de 2024<\/a> &#8211; <strong>ALTERA <\/strong>a\u00a0Portaria n\u00ba 64\/2024 [doc. SEI n\u00ba\u00a0<span contenteditable=\"false\"><a class=\"ancoraSei\" href=\"https:\/\/sei.ufpel.edu.br\/sei\/controlador.php?acao=protocolo_visualizar&amp;id_protocolo=3080128&amp;infra_sistema=100000100&amp;infra_unidade_atual=110000218&amp;infra_hash=188fe9ed791a9b880cec9ef207bd9c7461ec3160dfd2cfb4959845042fc4dcbf\" target=\"_blank\" rel=\"noopener\">2747459<\/a><\/span>] no que se refere \u00e0 data da defesa e a composi\u00e7\u00e3o da banca examinadora.<\/p>\n<p><a href=\"https:\/\/drive.google.com\/file\/d\/1nBTEyyJi62Xm7eCytAiFQJAWxOBs--_o\/view?usp=sharing\" target=\"_blank\" rel=\"noopener\">Portaria 65, de 25 de setembro de 2024<\/a> &#8211; \u00a0\u00a0<strong>CONSTITUI<\/strong> Comiss\u00e3o Avaliadora dos processos do Edital N\u00ba 18\/2024\/CRA (Reingresso, Reop\u00e7\u00e3o, Transfer\u00eancia, Retomada de Estudos e Portador de Diploma) no Curso de Gradua\u00e7\u00e3o de Ci\u00eancias Biol\u00f3gicas Bacharelado (4110) e Licenciatura (4120)<\/p>\n<p><a href=\"https:\/\/drive.google.com\/file\/d\/1MZKP7634Yxm7qBpzL2UairaWIBwhuo7q\/view?usp=sharing\" target=\"_blank\" rel=\"noopener\">Portaria 64, de 12 de setembro de 2024<\/a> &#8211; <strong>CONSTITUI<\/strong>\u00a0a Banca Examinadora para a defesa de Trabalho de Conclus\u00e3o de\u00a0Curso de Ci\u00eancias Biol\u00f3gicas Licenciatura\u00a0da\u00a0acad\u00eamica\u00a0<b>Isabel Gomes Vieira\u00a0<\/b>intitulado\u00a0<strong>\u201c<\/strong><b>Estrutura de redes de intera\u00e7\u00f5es entre insetos flor\u00edvoros e plantas em diferentes biomas<\/b><strong>\u201d\u00a0<\/strong>(Orientadora\u00a0 Prof\u00aa. Dr\u00aa. Juliana Cordeiro, Coorientador\u00a0Prof. Dr. J\u00e9ferson Bugoni)<\/p>\n<p><a href=\"https:\/\/drive.google.com\/file\/d\/1wfoN4DDklGGA5vyiMvREYklI7KS6IYsA\/view?usp=sharing\" target=\"_blank\" rel=\"noopener\">Portaria 63, de 12 de setembro de 2024<\/a> &#8211; <strong>CONSTITUI<\/strong>\u00a0a Banca Examinadora para a defesa de Trabalho de Conclus\u00e3o de\u00a0Curso de Ci\u00eancias Biol\u00f3gicas Bacharelado\u00a0da\u00a0acad\u00eamica\u00a0<b>Ronyssa dos Santos Ribeiro\u00a0<\/b>intitulado \u00a0<strong>\u201c<\/strong><b>Avalia\u00e7\u00e3o da atividade larvicida com \u00f3leos essenciais de Manjeric\u00e3o (<em>Ocimum basilicum<\/em>) e Tungue (<em>Vernicia fordii<\/em>)<\/b><strong>\u201d\u00a0<\/strong>(Orientadora\u00a0 Prof\u00aa. Dr\u00aa. Camila Belmonte Oliveira, Coorientadora:\u00a0Bi\u00f3l\u00aa. MSc. Alexia Brauner de Mello)<\/p>\n<p><a href=\"https:\/\/drive.google.com\/file\/d\/11NhONghSUTzcA5Ui0CSdEpqyBwqBN7CP\/view?usp=sharing\" target=\"_blank\" rel=\"noopener\">Portaria 62, de 12 de setembro de 2024<\/a> &#8211; <strong>CONSTITUI<\/strong>\u00a0a Banca Examinadora para a defesa de Trabalho de Conclus\u00e3o de\u00a0Curso de Ci\u00eancias Biol\u00f3gicas Licenciatura\u00a0do\u00a0acad\u00eamico\u00a0<b>Marcos Pizzatto de Azeredo\u00a0<\/b>intitulado \u00a0\u00a0<strong>\u201c<\/strong><b>Rede de intera\u00e7\u00f5es entre \u00e1caros e plantas ornit\u00f3filas em uma comunidade na Mata Atl\u00e2ntica<\/b><strong>\u201d\u00a0<\/strong>(Orientador\u00a0\u00a0Prof. Dr. J\u00e9ferson Bugoni, Coorientadora:\u00a0Prof\u00aa. Dr\u00aa. Carolina Silveira Mascarenhas)<\/p>\n<p><a href=\"https:\/\/drive.google.com\/file\/d\/1ILvPVK_jg0yNNUgxxSchwe0SPPLdfHDk\/view?usp=sharing\" target=\"_blank\" rel=\"noopener\">Portaria 61, de 12 de setembro de 2024<\/a> &#8211; <strong>CONSTITUI<\/strong>\u00a0a Banca Examinadora para a defesa de Trabalho de Conclus\u00e3o de\u00a0Curso de Ci\u00eancias Biol\u00f3gicas Bacharelado\u00a0do\u00a0acad\u00eamico\u00a0<b>Carlos Nat\u00e3 da Silva Esp\u00edndola\u00a0<\/b>intitulado \u00a0<strong>\u201c<\/strong><b>A sele\u00e7\u00e3o artificial em c\u00e3es: evolu\u00e7\u00e3o guiada pela m\u00e3o humana e suas implica\u00e7\u00f5es na sa\u00fade e bem-estar animal<\/b><strong>\u201d\u00a0<\/strong>(Orientador\u00a0\u00a0Prof. Dr.\u00a0C\u00e9sar Jaeger Drehmer)<\/p>\n<p><a href=\"https:\/\/drive.google.com\/file\/d\/1ZhNMvGmeG8f3nCf8w8SY9V5AqqO9raR1\/view?usp=sharing\" target=\"_blank\" rel=\"noopener\">Portaria 60, de 27 de agosto de 2024 &#8211;<\/a> <strong>\u00a0CONSTITUI<\/strong>\u00a0a Banca Examinadora para a defesa de Trabalho de Conclus\u00e3o de\u00a0Curso de Ci\u00eancias Biol\u00f3gicas Bacharelado\u00a0do\u00a0acad\u00eamico\u00a0<b>Henrique Radmann Scaglioni\u00a0<\/b>intitulado \u00a0<strong>\u201c<\/strong><b>Uso de agrot\u00f3xicos na zona rural de Pelotas e seus efeitos<\/b><strong>\u201d\u00a0<\/strong>(Orientador\u00a0\u00a0Prof. Dr.\u00a0L\u00facio Andr\u00e9 de Oliveira Fernandes e Coorientadora\u00a0Prof\u00aa. Dr\u00aa. Patr\u00edcia Martins da Silva<strong>\u00a0<\/strong>)<\/p>\n<p><a href=\"https:\/\/drive.google.com\/file\/d\/1qT5uPCYJ_KiRaLzu-WLAtOmc3m3f0mZ-\/view?usp=sharing\" target=\"_blank\" rel=\"noopener\">Portaria 59, de 15 de agosto de 2024 &#8211;<\/a>\u00a0<strong>REVOGA <\/strong>a\u00a0Portaria\u00a0Interna\u00a047\/2023\u00a0(<span contenteditable=\"false\"><a class=\"ancoraSei\" href=\"https:\/\/sei.ufpel.edu.br\/sei\/controlador.php?acao=protocolo_visualizar&amp;id_protocolo=2551592&amp;infra_sistema=100000100&amp;infra_unidade_atual=110000218&amp;infra_hash=2397e102eab2231025ddea9d299be21c2dc5255bc33491e67b19d87bacab1e29\" target=\"_blank\" rel=\"noopener\">2269029<\/a><\/span>);\u00a0 <strong>RECOMP\u00d5EM<\/strong>\u00a0as Comiss\u00f5es Permanentes e Tempor\u00e1rias do Conselho Departamental do Instituto de Biologia. Revogada pela <a href=\"https:\/\/drive.google.com\/file\/d\/1DCWvSYsM6CRIBYKJ9-1E7PpazyLicgl5\/view?usp=sharing\" target=\"_blank\" rel=\"noopener\">Portaria 68, de 30 de outubro de 2024<\/a> .<\/p>\n<p><a href=\"https:\/\/drive.google.com\/file\/d\/1K15yQ7WlDW8QvAMBPW4LyZ3yeESDOnzD\/view?usp=sharing\" target=\"_blank\" rel=\"noopener\">Portaria 58, de 07 de agosto de 2024 &#8211;<\/a> <strong>CONSTITUI<\/strong>\u00a0a Banca Examinadora para a defesa de Trabalho de Conclus\u00e3o de\u00a0Curso de Ci\u00eancias Biol\u00f3gicas Bacharelado\u00a0da acad\u00eamica\u00a0<strong>Samanta Lemes Duarte<\/strong>\u00a0intitulado \u201cDescri\u00e7\u00e3o do processo mei\u00f3tico e comportamento do cromossomo sexual X em\u00a0<i>Gryllus<\/i>\u00a0(<i>Gryllus<\/i>)\u00a0<i>argentinu<wbr \/>s<\/i>\u00a0Saussure, 1874<b>\u00a0(Orthoptera, Grylloidea)<\/b>\u201d (Orientador\u00a0Prof. Dr. Edison Zefa) c<\/p>\n<p><a href=\"https:\/\/drive.google.com\/file\/d\/1xDM7TBRl3LA_5kJ2B_Kl_i6lyNCTprKu\/view?usp=sharing\" target=\"_blank\" rel=\"noopener\">Portaria 57, de 07 de agostos de 2024 &#8211;\u00a0<\/a> <strong>REVOGA <\/strong>a\u00a0 Portaria Interna 55 (<span contenteditable=\"false\"><a class=\"ancoraSei\" href=\"https:\/\/sei.ufpel.edu.br\/sei\/controlador.php?acao=protocolo_visualizar&amp;id_protocolo=3002618&amp;infra_sistema=100000100&amp;infra_unidade_atual=110000218&amp;infra_hash=bbddebc86e75cba799b2259003dff8c13ce9d296c6c69838b308e4d1efeac36c\" target=\"_blank\" rel=\"noopener\">2677476<\/a><\/span>) de 23 de julho de 2024. <strong>MANTEM<\/strong>\u00a0a Banca Examinadora para a defesa de Trabalho de Conclus\u00e3o de\u00a0Curso de Ci\u00eancias Biol\u00f3gicas Licenciatura da acad\u00eamica\u00a0<strong>Danielle da Silva Boeira<\/strong>\u00a0intitulado \u201cMulheres docentes na cidade de Pelotas\/RS: Um levantamento de\u00a0dados\u201d (Orientadora Prof\u00aa. Dr\u00aa. Rita de C\u00e1ssia Morem C\u00f3ssio Rodrigues<\/p>\n<p><a href=\"https:\/\/drive.google.com\/file\/d\/1LAMAJJ2PHGhTU3LJ35LIvW5zdmndqQ2g\/view?usp=sharing\" target=\"_blank\" rel=\"noopener\">Portaria 56, de 23 de julho de 2024 &#8211;<\/a>\u00a0 <strong>CONSTITUI<\/strong>\u00a0a Banca Examinadora para a defesa de Trabalho de Conclus\u00e3o de\u00a0Curso de Ci\u00eancias Biol\u00f3gicas\u00a0\u200bBacharelado\u00a0 da acad\u00eamica\u00a0<strong>Monique Guadalupe Casanova<\/strong>\u00a0intitulado \u00a8Associa\u00e7\u00e3o entre a flora vaginal e o pH da urina de pacientes atendidas no Ambulat\u00f3rio da Faculdade de Medicina (FAMED\/UFPel)\u201d (Orientadora Prof\u00aa. Dr\u00aa. Nat\u00e1lia Berne Pinheiro)<\/p>\n<p><a href=\"https:\/\/drive.google.com\/file\/d\/1t31yTwTySuSQSUL9-uK90Nj3U3nCDcsL\/view?usp=sharing\" target=\"_blank\" rel=\"noopener\">Portaria 55, de 23 de julho de 2024 &#8211;<\/a> <strong>CONSTITUI<\/strong>\u00a0a Banca Examinadora para a defesa de Trabalho de Conclus\u00e3o de\u00a0Curso de Ci\u00eancias Biol\u00f3gicas Licenciatura da acad\u00eamica\u00a0<strong>Danielle da Silva Boeira<\/strong> intitulado \u201cMulheres docentes na cidade de Pelotas\/RS: Um levantamento de dados\u201d (Orientadora Prof\u00aa. Dr\u00aa. Rita de C\u00e1ssia Morem C\u00f3ssio Rodrigues) <strong>REVOGADA<\/strong> pela <a href=\"https:\/\/drive.google.com\/file\/d\/1xDM7TBRl3LA_5kJ2B_Kl_i6lyNCTprKu\/view?usp=sharing\" target=\"_blank\" rel=\"noopener\">Portaria 57, de 07 de agostos de 2024 &#8211;\u00a0<\/a><\/p>\n<p><a href=\"https:\/\/drive.google.com\/file\/d\/1UR8HBGlb7hmfimedSIFzbEOyrnIhAtZV\/view?usp=sharing\" target=\"_blank\" rel=\"noopener\">Portaria 54, de 16 de julho de 2024 &#8211;<\/a>\u00a0<strong>REVOGA<\/strong>\u00a0a Portaria n\u00ba 42, de 19\u00a0de mar\u00e7o\u00a0de 2024\u00a0 (<span contenteditable=\"false\"><a class=\"ancoraSei\" href=\"https:\/\/sei.ufpel.edu.br\/sei\/controlador.php?acao=protocolo_visualizar&amp;id_protocolo=2875680&amp;infra_sistema=100000100&amp;infra_unidade_atual=110000218&amp;infra_hash=6dfafca4f7e5d9b5125d426919a904fef3d0c45872a116b9b53b71b3052d9adb\" target=\"_blank\" rel=\"noopener\">2562380<\/a><\/span>) que trata da composi\u00e7\u00e3o do Colegiado dos Cursos de Bacharelado e Licenciatura em Ci\u00eancias Biol\u00f3gicas, do Instituto de Biologia. <strong>CONSOLIDA <\/strong>a nova composi\u00e7\u00e3o do Colegiado dos Cursos de Gradua\u00e7\u00e3o em Ci\u00eancias Biol\u00f3gicas Bacharelado e Licenciatura. <strong>Revogada<\/strong> pela <a href=\"https:\/\/drive.google.com\/file\/d\/1W1j6ddSYRj5BvZkBw5nRW2vUJ7YuhCt0\/view?usp=sharing\" target=\"_blank\" rel=\"noopener\">Portaria 69, de 29 de novembro de 2024<\/a> &#8211;<\/p>\n<p><a href=\"https:\/\/drive.google.com\/file\/d\/1LU5qf5R8GhYvsD8P_OCJF9kb0Cz7ovaM\/view?usp=sharing\" target=\"_blank\" rel=\"noopener\">Portaria 53, de 04 de julho de 2024 &#8211;<\/a> <strong>REVOGA<\/strong>\u00a0a PORTARIA n\u00ba 25, de 04 de maio de 2022 (<span contenteditable=\"false\"><a class=\"ancoraSei\" href=\"https:\/\/sei.ufpel.edu.br\/sei\/controlador.php?acao=protocolo_visualizar&amp;id_protocolo=1904127&amp;infra_sistema=100000100&amp;infra_unidade_atual=110000218&amp;infra_hash=e88045200545db158ba960c148f6474d848fe8ddf43104a919806403e15e8b79\" target=\"_blank\" rel=\"noopener\">1686679<\/a><\/span>) que trata da composi\u00e7\u00e3o do Colegiado dos Cursos de Bacharelado e Licenciatura em Ci\u00eancias Biol\u00f3gicas, do Instituto de Biologia. <strong>CONSTITUI <\/strong>o N\u00facleo Docente Estruturante \u2013 NDE do Curso de Ci\u00eancias Biol\u00f3gicas \u2013Bacharelado e Licenciatura..\u00a0 <strong>Revogada<\/strong> pela <a href=\"https:\/\/drive.google.com\/file\/d\/1PK7zz0nEAscT3-k-CN08NbIs8B1b9Mni\/view?usp=sharing\" target=\"_blank\" rel=\"noopener\">Portaria 70, de 02 de dezembro de 2024 &#8211;<\/a><\/p>\n<p><a href=\"https:\/\/drive.google.com\/file\/d\/1y1wVDlIcRVPKkV-HqPgupnEe5MgbYo0x\/view?usp=sharing\" target=\"_blank\" rel=\"noopener\">Portaria 52, de 26 de junho de 2024 &#8211;<\/a> <strong>DESIGNA<\/strong>\u00a0a Banca Examinadora\u00a0para o Processo Seletivo para Contrata\u00e7\u00e3o de Professor Substituto, Edital CAP n\u00ba 09\/2024, Processo SEI UFPEL n\u00ba\u00a0<span contenteditable=\"false\"><a class=\"ancoraSei\" href=\"https:\/\/sei.ufpel.edu.br\/sei\/controlador.php?acao=protocolo_visualizar&amp;id_protocolo=2897076&amp;infra_sistema=100000100&amp;infra_unidade_atual=110000218&amp;infra_hash=381118fd8c8cc8d9aa47f98f85b13b88ae03bcc1334c53c0217dccb9b718f43d\" target=\"_blank\" rel=\"noopener\">23110.010911\/2024-89<\/a><\/span>\u00a0<span contenteditable=\"false\">\u00c1rea<strong>\u00a0Citologia e Biologia Celular ou Histologia<\/strong>\u00a0c<\/span><\/p>\n<p><a href=\"https:\/\/drive.google.com\/file\/d\/1wI-Bh1cWzmPDYiTowZGZyKtgvm7bYw9j\/view?usp=sharing\" target=\"_blank\" rel=\"noopener\">Portaria 51, de 26 de junho de 2024 &#8211;<\/a> <strong>DESIGNA<\/strong>\u00a0a Banca Examinadora\u00a0para o Processo Seletivo para Contrata\u00e7\u00e3o de Professor Substituto, Edital CAP n\u00ba 09\/2024, Processo SEI UFPEL n\u00ba\u00a0<span contenteditable=\"false\"><a class=\"ancoraSei\" href=\"https:\/\/sei.ufpel.edu.br\/sei\/controlador.php?acao=protocolo_visualizar&amp;id_protocolo=2841469&amp;infra_sistema=100000100&amp;infra_unidade_atual=110000218&amp;infra_hash=ddc6d5d06755e3c16c0873113b77083deb5eb777d4ec008bbe481ee95cb545df\" target=\"_blank\" rel=\"noopener\">23110.005656\/2024-52<\/a><\/span>, \u00c1rea<strong>\u00a0FARMACOLOGIA<\/strong><\/p>\n<p><a href=\"https:\/\/drive.google.com\/file\/d\/1tN95IZyuiIXQDAL2PLrGzYxNaDW98loD\/view?usp=sharing\" target=\"_blank\" rel=\"noopener\">Portaria 50, de 09 de abril de 2024<\/a> &#8211;\u00a0<strong>ALTERA<\/strong>\u00a0a Portaria Interna 48 (<span contenteditable=\"false\"><a class=\"ancoraSei\" href=\"https:\/\/sei.ufpel.edu.br\/sei\/controlador.php?acao=protocolo_visualizar&amp;id_protocolo=2886793&amp;infra_sistema=100000100&amp;infra_unidade_atual=110000218&amp;infra_hash=421756c901eeb1ab9d887deb9ed75d9084bd6a29870b5db6b1e5d7e217027e94\" target=\"_blank\" rel=\"noopener\">2572392<\/a><\/span>) substituindo\u00a0o professor Dr.\u00a0<strong>Flavio Roberto Mello Garcia\u00a0<\/strong>pelo professor\u00a0<strong>Rafael Antunes Dias<\/strong> como tutor; <strong>DESIGNA<\/strong>\u00a0a Professora Dr<strong>.\u00aa\u00a0Monica Laner Blauth\u00a0<\/strong>como Chefia\u00a0imediata no acompanhamento do Est\u00e1gio Probat\u00f3rio\u00a0do docente\u00a0<strong>Luiz Ernesto Costa Schimidt<\/strong>; <strong>RECONSTITUI <\/strong>a Comiss\u00e3o Especial de Avalia\u00e7\u00e3o de Est\u00e1gio Probat\u00f3rio do docente\u00a0<strong>Luiz Ernesto Costa Schimidt<\/strong><\/p>\n<p><a href=\"https:\/\/drive.google.com\/file\/d\/1aUcglLz7fIMpPm8W1wHv2oYtM4LMfE65\/view?usp=sharing\" target=\"_blank\" rel=\"noopener\">Portaria 49, de 02 de abril de 2024 &#8211;<\/a> <strong>REVOGA <\/strong>a\u00a0Portaria n\u00ba. 49 de 29 de junho de 2022 (<span contenteditable=\"false\"><a class=\"ancoraSei\" href=\"https:\/\/sei.ufpel.edu.br\/sei\/controlador.php?acao=protocolo_visualizar&amp;id_protocolo=1984469&amp;infra_sistema=100000100&amp;infra_unidade_atual=110000218&amp;infra_hash=99247644182af3497ecde341fd5bf2571cbff1ba6ea6a151792f744eecc4bf55\" target=\"_blank\" rel=\"noopener\">1758674<\/a><\/span>); <strong>CONSTITUI <\/strong>a nova composi\u00e7\u00e3o do Colegiado do Programa de P\u00f3s-Gradua\u00e7\u00e3o em Microbiologia e Parasitologia (PPGMPar)<\/p>\n<p><a href=\"https:\/\/drive.google.com\/file\/d\/1-58SG0PDdJh_E0n6uRoeeQTULsIZ1Xth\/view?usp=sharing\" target=\"_blank\" rel=\"noopener\">Portaria 48, de 28 de mar\u00e7o de 2024 &#8211;<\/a><strong>ALTERA<\/strong>\u00a0a Portaria\u00a0 n\u00ba. 85\u00a0de 16 de dezembro de 2021\u00a0(<span contenteditable=\"false\"><a class=\"ancoraSei\" href=\"https:\/\/sei.ufpel.edu.br\/sei\/controlador.php?acao=protocolo_visualizar&amp;id_protocolo=1743320&amp;infra_sistema=100000100&amp;infra_unidade_atual=110000218&amp;infra_hash=dc3532e9f7fbb0931416c0064ff740f6d2aacd0a603d2059c497637fec97c203\" target=\"_blank\" rel=\"noopener\">1542434<\/a><\/span>) mantendo o professor Dr.\u00a0<strong>Flavio Roberto Mello Garcia\u00a0<\/strong>como tutor;\u00a0<strong>DESIGNA<\/strong>\u00a0a Professora Dr<strong>.\u00aa\u00a0Monica Laner Blauth\u00a0<\/strong>como Chefia\u00a0imediata no acompanhamento do Est\u00e1gio Probat\u00f3rio\u00a0do docente\u00a0<strong>Luiz Ernesto Costa Schimidt<\/strong>;\u00a0<strong>RECONSTITUI <\/strong>a Comiss\u00e3o Especial de Avalia\u00e7\u00e3o de Est\u00e1gio Probat\u00f3rio do docente\u00a0<strong>Luiz Ernesto Costa Schimidt, ALTERADA pela <a href=\"https:\/\/drive.google.com\/file\/d\/1tN95IZyuiIXQDAL2PLrGzYxNaDW98loD\/view?usp=sharing\" target=\"_blank\" rel=\"noopener\">Portaria 50, de 09 de abril de 2024<\/a> \u00a0<\/strong><\/p>\n<p><a href=\"https:\/\/drive.google.com\/file\/d\/1Uh3oYDo6dHb7SatgDIQ7e51XoT4HOdlN\/view?usp=sharing\" target=\"_blank\" rel=\"noopener\">Portaria 47, de 28 de mar\u00e7o de 2024 &#8211;<\/a>\u00a0<strong>ALTERA<\/strong>\u00a0a Portaria\u00a0 n\u00ba. 90\u00a0de 20 de dezembro de 2021\u00a0\u00a0(<span contenteditable=\"false\"><a class=\"ancoraSei\" href=\"https:\/\/sei.ufpel.edu.br\/sei\/controlador.php?acao=protocolo_visualizar&amp;id_protocolo=1746806&amp;infra_sistema=100000100&amp;infra_unidade_atual=110000218&amp;infra_hash=cf1fa491828f75147ef6fd708509b3e5acab5ad1ab2160ecb690081d9595506f\" target=\"_blank\" rel=\"noopener\">1545603<\/a><\/span>) mantendo a professora Dr\u00aa<strong>.\u00a0Juliana Cordeiro\u00a0<\/strong>como tutora;\u00a0<strong>DESIGNA<\/strong>\u00a0a Professora Dr<strong>.\u00aa\u00a0Monica Laner Blauth\u00a0<\/strong>como Chefia\u00a0imediata no acompanhamento do Est\u00e1gio Probat\u00f3rio\u00a0do docente\u00a0<strong>Rafael Kretschmer<\/strong>;\u00a0<strong>RECONSTITUI <\/strong>a Comiss\u00e3o Especial de Avalia\u00e7\u00e3o de Est\u00e1gio Probat\u00f3rio do docente\u00a0<strong>Rafael Kretschmer\u00a0<\/strong><\/p>\n<p><a href=\"https:\/\/drive.google.com\/file\/d\/1XpjoZIVN5i8P-4UEJkuQ2v6HiD_Tc3Qq\/view?usp=sharing\" target=\"_blank\" rel=\"noopener\">Portaria 46, de 28 de mar\u00e7o de 2024 &#8211;<\/a> <strong>ALTERA<\/strong>\u00a0a Portaria\u00a0 n\u00ba. 91 de 20 de dezembro de 2021 (<span contenteditable=\"false\"><a class=\"ancoraSei\" href=\"https:\/\/sei.ufpel.edu.br\/sei\/controlador.php?acao=protocolo_visualizar&amp;id_protocolo=1746812&amp;infra_sistema=100000100&amp;infra_unidade_atual=110000218&amp;infra_hash=ee717f58a9d6a30628bae8fc615ec8d1529f654e0a28daaefbbb8df60e46ed26\" target=\"_blank\" rel=\"noopener\">1545609<\/a><\/span>) mantendo o\u00a0professor Dr<strong>. Cristiano Agra Iserhard\u00a0<\/strong>como tutor; <strong>DESIGNA<\/strong>\u00a0a Professora Dr<strong>.\u00aa\u00a0Monica Laner Blauth\u00a0<\/strong>como Chefia imediata no acompanhamento do Est\u00e1gio Probat\u00f3rio do docente Jeferson Bugoni;\u00a0<strong>RECONSTITUI <\/strong>a Comiss\u00e3o Especial de Avalia\u00e7\u00e3o de Est\u00e1gio Probat\u00f3rio do docente\u00a0Jeferson Bugoni f<\/p>\n<p><a href=\"https:\/\/drive.google.com\/file\/d\/1HYF7OIMgZCWsA8YUfGSwdwVs8WuzG5-L\/view?usp=sharing\" target=\"_blank\" rel=\"noopener\">Portaria 45, dre 19 d emar\u00e7o de 2024<\/a> &#8211; <strong>REVOGA<\/strong>\u00a0a Portaria Interna 40 (<span contenteditable=\"false\"><a class=\"ancoraSei\" href=\"https:\/\/sei.ufpel.edu.br\/sei\/controlador.php?acao=protocolo_visualizar&amp;id_protocolo=2871060&amp;infra_sistema=100000100&amp;infra_unidade_atual=110000218&amp;infra_hash=2cd858786ebfa2030635a309e62fd057806f7851b5179f92ef131e9e9ff9a9d0\" target=\"_blank\" rel=\"noopener\">2558209<\/a><\/span>) atendendo a normativa vigente.<\/p>\n<p><a href=\"https:\/\/drive.google.com\/file\/d\/11GnqfkLCGZou1877sD5LJCH_Cr6nV6eR\/view?usp=sharing\" target=\"_blank\" rel=\"noopener\">Portaria 44, de 19 de mar\u00e7o de 2024 &#8211;<\/a> <strong>REVOGA<\/strong>\u00a0a\u00a0Portaria n\u00ba. 82, de 13 de dezembro de 2021 (<span contenteditable=\"false\"><a class=\"ancoraSei\" href=\"https:\/\/sei.ufpel.edu.br\/sei\/controlador.php?acao=protocolo_visualizar&amp;id_protocolo=1737005&amp;infra_sistema=100000100&amp;infra_unidade_atual=110000218&amp;infra_hash=a0803a0ce4894738d8957fde4fb9f19bd2ad0e3176aaac75f2b8f2c097541fbc\" target=\"_blank\" rel=\"noopener\">1536673<\/a><\/span>). <strong>DESIGNA <\/strong>os Servidores T\u00e9ncico-Administrativos\u00a0\u00a0Bi\u00f3logo Felipe Diehl e T\u00e9cnico de Laborat\u00f3rio Luis Augusto Xavier Cruz (Titulares), \u00a0Assistentes Administrativos\u00a0Taiguer Henrique Silva Saraiva e Fabio da Silva Iriart. (Suplentes) para representantes da Classe dos T\u00e9cnico-Administrativos em Educa\u00e7\u00e3o (TAEs)<\/p>\n<p><a href=\"https:\/\/drive.google.com\/file\/d\/1Jc_XCp-A0Z-YeW__Xnkpew-OAjIU67Tl\/view?usp=sharing\" target=\"_blank\" rel=\"noopener\">Portaria 43, de 19 de mar\u00e7o de 2024<\/a> &#8211; <strong>REVOGA <\/strong>a\u00a0Portaria n\u00ba. 83, de 13 de dezembro de 2021 (<span contenteditable=\"false\"><a class=\"ancoraSei\" href=\"https:\/\/sei.ufpel.edu.br\/sei\/controlador.php?acao=protocolo_visualizar&amp;id_protocolo=1737023&amp;infra_sistema=100000100&amp;infra_unidade_atual=110000218&amp;infra_hash=50f7f8698b7888635aa0753c6dc8b68709f7696dfa13578ed7d9694cd1b14a29\" target=\"_blank\" rel=\"noopener\">1536689<\/a><\/span>). <strong>DESIGNA <\/strong>os professores Gustavo Maia Souza (Titular) e Eugenia Jacira Bolacel Braga (suplente) como representantes da Classe dos\u00a0Professores Titulares<\/p>\n<p><a href=\"https:\/\/drive.google.com\/file\/d\/1DqiL2V9tP1ti_Npoe8xyjPoae0m69u3h\/view?usp=sharing\" target=\"_blank\" rel=\"noopener\">Portaria 42, de 19 de mar\u00e7o de 2024 &#8211;<\/a>\u00a0<strong>REVOGA<\/strong>\u00a0a Portaria n\u00ba 71,\u00a0 de\u00a015 de dezembro\u00a0de 2023 (<span contenteditable=\"false\"><a class=\"ancoraSei\" href=\"https:\/\/sei.ufpel.edu.br\/sei\/controlador.php?acao=protocolo_visualizar&amp;id_protocolo=2771170&amp;infra_sistema=100000100&amp;infra_unidade_atual=110000218&amp;infra_hash=621c7bdcd6c821661ccad79234bf7b465e24286c9f64aa1a272d013426d227c5\" target=\"_blank\" rel=\"noopener\">2467784<\/a><\/span>) que trata da composi\u00e7\u00e3o do Colegiado dos Cursos de Bacharelado e Licenciatura em Ci\u00eancias Biol\u00f3gicas, do Instituto de Biologia. <strong>CONSOLIDA<\/strong> a nova composi\u00e7\u00e3o do Colegiado dos Cursos de Gradua\u00e7\u00e3o em Ci\u00eancias Biol\u00f3gicas Bacharelado e Licenciatura. <strong>REVOGADA<\/strong> pela \u00a0<a href=\"https:\/\/drive.google.com\/file\/d\/1UR8HBGlb7hmfimedSIFzbEOyrnIhAtZV\/view?usp=sharing\" target=\"_blank\" rel=\"noopener\">Portaria 54, de 16 de julho de 2024 &#8211;<\/a><\/p>\n<p><a href=\"https:\/\/drive.google.com\/file\/d\/17mgLdYwsTEOwNRD5AHr3ypYNeud_5duV\/view?usp=sharing\" target=\"_blank\" rel=\"noopener\">Portaria 41, de 15 de mar\u00e7o de 2024<\/a> &#8211; <strong>CONSTITUI<\/strong>\u00a0banca do Exame de Qualifica\u00e7\u00e3o de Doutorado do\u00a0discente\u00a0<strong>Eduardo Pereira Shimoia<\/strong>\u00a0do PPG em Fisiologia Vegetal,\u00a0o trabalho intitula-se: \u201c<strong>Respostas Fisiol\u00f3gicas de Plantas de Soja Coinoculadas Submetidas ao Alagamento em Condi\u00e7\u00f5es de Elevado CO<sub>2<\/sub>\u00a0<\/strong>\u201d,<\/p>\n<p><a href=\"https:\/\/drive.google.com\/file\/d\/1gIXE__MOGt9n91n_Kqjvcha-kWqgahAG\/view?usp=sharing\" target=\"_blank\" rel=\"noopener\">Portaria 40, de 14 de mar\u00e7o de 2024<\/a> &#8211;<strong> LOCALIZA\u00a0<\/strong>os servidores que est\u00e3o lotados nos Departamentos e \u00d3rg\u00e3os Suplementares, relacionados abaixo, lotados no Instituto de Biologia (atualiza\u00e7\u00e3o da Portaria de Localiza\u00e7\u00e3o de Servidor n\u00ba 05, SEI\u00a0<span contenteditable=\"false\"><a class=\"ancoraSei\" href=\"https:\/\/sei.ufpel.edu.br\/sei\/controlador.php?acao=protocolo_visualizar&amp;id_protocolo=2252988&amp;infra_sistema=100000100&amp;infra_unidade_atual=110000218&amp;infra_hash=28eba24b752f6f3310e11cab389c9a30f1e5917623368a510ee12969982e1144\" target=\"_blank\" rel=\"noopener\">1999882<\/a><\/span>),<\/p>\n<p><a href=\"https:\/\/drive.google.com\/file\/d\/19Gh698PXfD8KSVGdVGC39AbWRalSIYa1\/view?usp=sharing\" target=\"_blank\" rel=\"noopener\">Portaria 39, de 29 de fevereiro de 2024 &#8211;<\/a> <strong>ALTERA <\/strong>a Portaria 36\/2024 (doc. SEI n\u00ba\u00a0<span contenteditable=\"false\"><a class=\"ancoraSei\" href=\"https:\/\/sei.ufpel.edu.br\/sei\/controlador.php?acao=protocolo_visualizar&amp;id_protocolo=2831122&amp;infra_sistema=100000100&amp;infra_unidade_atual=110000218&amp;infra_hash=4ed6c93e236440e1384c2399ed64cf396bc111114810c9501d57f74e2a122dab\" target=\"_blank\" rel=\"noopener\">2521849<\/a><\/span>) no que se refere a sua data; <strong>MANTEM<\/strong>\u00a0a Banca Examinadora para a defesa de Trabalho de Conclus\u00e3o de Curso de Ci\u00eancias Biol\u00f3gicas Licenciatura\u00a0da acad\u00eamica\u00a0<b>Beatriz de Freitas Corr\u00eaa<\/b><strong>\u00a0<\/strong>intitulado\u00a0\u00a0<strong>\u201c<\/strong><b>Projeto de Extens\u00e3o Museu Itinerante de Parasitologia: estrat\u00e9gias para a promo\u00e7\u00e3o da alfabetiza\u00e7\u00e3o cient\u00edfica na escola<\/b><strong>\u201d<\/strong>\u00a0(Orientadora\u00a0<strong>Prof\u00aa. Dr\u00aa. Camila Belmonte Oliveira,\u00a0<\/strong>Coorientadora:\u00a0<strong>Prof\u00aa. Dr\u00aa. Caroline Terra de Oliveira<\/strong>)<\/p>\n<p><a href=\"https:\/\/drive.google.com\/file\/d\/13ofXsPghI9ufb_6nobj5hK3MUWUfCaTd\/view?usp=sharing\" target=\"_blank\" rel=\"noopener\">Portaria 38, de 287 de fevereiro de 2024 &#8211;\u00a0<\/a><strong> ALTERA<\/strong> a Portaria 32\/2024 (doc. SEI n\u00ba\u00a0<span contenteditable=\"false\"><a class=\"ancoraSei\" href=\"https:\/\/sei.ufpel.edu.br\/sei\/controlador.php?acao=protocolo_visualizar&amp;id_protocolo=2825584&amp;infra_sistema=100000100&amp;infra_unidade_atual=110000218&amp;infra_hash=5d0b162deacbe2e74922f58f2de21cf102a12c5d9cd15b69cc5749bf3040cadc\" target=\"_blank\" rel=\"noopener\">2516875<\/a><\/span>), no que se refere \u00e0 composi\u00e7\u00e3o da banca examinadora; <strong>RECONSTITUI <\/strong>a\u00a0Banca Examinadora para a defesa de Trabalho de Conclus\u00e3o de Curso de Ci\u00eancias Biol\u00f3gicas Licenciatura\u00a0da acad\u00eamica\u00a0<b>Thalia Pereira Nino<\/b><strong>\u00a0<\/strong>intitulado\u00a0<strong>\u201c<\/strong><b>Micropropaga\u00e7\u00e3o e avalia\u00e7\u00e3o da manuten\u00e7\u00e3o da fidelidade gen\u00e9tica da cultivar de morangueiro BRS DC 22<\/b><strong>\u201d<\/strong>\u00a0\u00a0(Orientador\u00a0<strong>Eng. Agr. Dr. Leonardo Ferreira Dutra,\u00a0<\/strong>Coorientadora\u00a0<strong>Prof\u00aa. Dr\u00aa. Raquel L\u00fcdtke<\/strong>)<\/p>\n<p><a href=\"https:\/\/drive.google.com\/file\/d\/19hNaoCZTwHevsTgONq0f8hc9GPDF1Bhy\/view?usp=sharing\" target=\"_blank\" rel=\"noopener\">Portaria 37, de 22 de fevereiro de 2024 &#8211; <\/a>\u00a0 <strong>CONSTITUI<\/strong>\u00a0Comiss\u00e3o Avaliadora dos processos do\u00a0Edital N\u00ba 49\/2023\/CRA (Modalidades de reop\u00e7\u00e3o, reingresso\u00a0e portador de diploma de Ensino Superior, para vagas dispon\u00edveis no 1\u00ba semestre de 2024) no\u00a0Curso\u00a0de Gradua\u00e7\u00e3o de Ci\u00eancias Biol\u00f3gicas Bacharelado (4110)<\/p>\n<p><a href=\"https:\/\/drive.google.com\/file\/d\/12PG-gHCdUbDzaP5nxuSnL5EdaHALJq1o\/view?usp=sharing\" target=\"_blank\" rel=\"noopener\">Portaria 36, de 16 de fevereiro de 2024<\/a> &#8211; <strong>ALTERA <\/strong>a Portaria n\u00ba 30\/2024 (doc. SEI n\u00ba\u00a0<span contenteditable=\"false\"><a class=\"ancoraSei\" href=\"https:\/\/sei.ufpel.edu.br\/sei\/controlador.php?acao=protocolo_visualizar&amp;id_protocolo=2825542&amp;infra_sistema=100000100&amp;infra_unidade_atual=110000218&amp;infra_hash=8f9600fde633fad6e1fe1b83a03f54094a11c9d2372aea899e99902fe45e1261\" target=\"_blank\" rel=\"noopener\">2516836<\/a><\/span>); <strong>CONSTITUIR<\/strong>\u00a0a Banca Examinadora para a defesa de Trabalho de Conclus\u00e3o de Curso de Ci\u00eancias Biol\u00f3gicas Licenciatura\u00a0da acad\u00eamica\u00a0<b>Beatriz de Freitas Corr\u00eaa<\/b><strong>\u00a0<\/strong>intitulado\u00a0\u00a0<strong>\u201c<\/strong><b>Projeto de Extens\u00e3o Museu Itinerante de Parasitologia: estrat\u00e9gias para a promo\u00e7\u00e3o da alfabetiza\u00e7\u00e3o cient\u00edfica na escola<\/b><strong>\u201d<\/strong>\u00a0(Orientadora\u00a0<strong>Prof\u00aa. Dr\u00aa. Camila Belmonte Oliveira,\u00a0<\/strong>Coorientadora:\u00a0<strong>Prof\u00aa. Dr\u00aa. Caroline Terra de Oliveira<\/strong>)<\/p>\n<p><a href=\"https:\/\/drive.google.com\/file\/d\/10pAoxmJ5DW5PRtcsbj6CRMWEp8vEuDNy\/view?usp=sharing\" target=\"_blank\" rel=\"noopener\">Portaria 35, de 16 de fevereiro de 2024<\/a> &#8211; <strong>ALTERA <\/strong>a\u00a0Portaria n\u00ba 04\/2024 (<span contenteditable=\"false\"><a class=\"ancoraSei\" href=\"https:\/\/sei.ufpel.edu.br\/sei\/controlador.php?acao=protocolo_visualizar&amp;id_protocolo=2819788&amp;infra_sistema=100000100&amp;infra_unidade_atual=110000218&amp;infra_hash=c18aec34f727756d0c19a790b1be172a4cef632327f712f1c279bd5cd5b4a021\" target=\"_blank\" rel=\"noopener\">2511604<\/a><\/span>); <strong>CONSTITUI<\/strong>\u00a0a Banca Examinadora para a defesa de Trabalho de Conclus\u00e3o de Curso de Ci\u00eancias Biol\u00f3gicas Licenciatura\u00a0do acad\u00eamico\u00a0<strong>Ricardo Padilha de Oliveira<\/strong>\u00a0intitulado\u00a0<strong>\u201c<\/strong><b>Plantas sem fronteiras: A diversidade do Pampa na divisa pol\u00edtica entre Brasil e Uruguai<\/b><strong>\u201d\u00a0<\/strong>(Orientador\u00a0<strong>Prof. Dr.\u00a0Jo\u00e3o\u00a0Ricardo\u00a0Vieira Iganci ,\u00a0<\/strong>Coorientador<strong>\u00a0Bi\u00f3l. Dr. Gustavo Heiden<\/strong>)<\/p>\n<p><a href=\"https:\/\/drive.google.com\/file\/d\/1lL4FXY5Z0LGuosSwreNNCx5AdGF8MOsI\/view?usp=sharing\" target=\"_blank\" rel=\"noopener\">Portaria 34, de 09 de fevereiro de 2024 &#8211;<\/a> <strong>CONSTITUI<\/strong>\u00a0a Banca Examinadora para a defesa de Trabalho de Conclus\u00e3o de Curso de Ci\u00eancias Biol\u00f3gicas Licenciatura\u00a0da acad\u00eamica\u00a0<b>Adriele de \u00c1vila Soares<\/b><strong>\u00a0<\/strong>intitulado\u00a0<strong>\u201c<\/strong><b>Inclus\u00e3o na perspectiva do desenho universal para a aprendizagem: a vis\u00e3o dos professores<\/b><strong>\u201d<\/strong>\u00a0(Orientadora\u00a0<strong>Prof\u00aa. Dr\u00aa. Rita de C\u00e1ssia Morem C\u00f3ssio Rodriguez<\/strong>)<\/p>\n<p><a href=\"https:\/\/drive.google.com\/file\/d\/1l5j2cewmhhx0N-tES_roo3bjQwuGY565\/view?usp=sharing\" target=\"_blank\" rel=\"noopener\">Portaria 33, de 09 de fevereiro de 2024 &#8211;<\/a> <strong>CONSTITUI<\/strong> a Banca Examinadora para a defesa de Trabalho de Conclus\u00e3o de Curso de Ci\u00eancias Biol\u00f3gicas Bacharelado do acad\u00eamico\u00a0<b>Denner Balhego Moreira Hax<\/b><strong>\u00a0<\/strong>intitulado\u00a0\u00a0<strong>\u201c<\/strong><b>Arboriza\u00e7\u00e3o urbana para valoriza\u00e7\u00e3o das esp\u00e9cies arborescentes nativas<\/b><strong>\u201d<\/strong>\u00a0\u00a0(Orientador\u00a0<strong>Prof\u00aa. Dr\u00aa. \u00c9len Nunes Garcia<\/strong>)<\/p>\n<p><a href=\"https:\/\/drive.google.com\/file\/d\/1kzsN4bpCmkRCaxCGTINIoIbP-XZJHozy\/view?usp=sharing\" target=\"_blank\" rel=\"noopener\">Portaria 32, de 09 de fevereiro de 2024 &#8211;<\/a> <strong>\u00a0 CONSTITUI<\/strong>\u00a0a Banca Examinadora para a defesa de Trabalho de Conclus\u00e3o de Curso de Ci\u00eancias Biol\u00f3gicas Licenciatura\u00a0da acad\u00eamica\u00a0<b>Thalia Pereira Nino<\/b><strong>\u00a0<\/strong>intitulado\u00a0<strong>\u201c<\/strong><b>Micropropaga\u00e7\u00e3o e avalia\u00e7\u00e3o da manuten\u00e7\u00e3o da fidelidade gen\u00e9tica da cultivar de morangueiro BRS DC 22<\/b><strong>\u201d<\/strong>\u00a0\u00a0(Orientador\u00a0<strong>Eng. Agr. Dr. Leonardo Ferreira Dutra,\u00a0<\/strong>Coorientadora\u00a0<strong>Prof\u00aa. Dr\u00aa. Raquel L\u00fcdtke. ALTERADA pela <a href=\"https:\/\/drive.google.com\/file\/d\/13ofXsPghI9ufb_6nobj5hK3MUWUfCaTd\/view?usp=sharing\" target=\"_blank\" rel=\"noopener\">Portaria 38, de 287 de fevereiro de 2024 &#8211;\u00a0<\/a> A<\/strong><\/p>\n<p><a href=\"https:\/\/drive.google.com\/file\/d\/1IRWRq2Idr2d3fXtjQl9yb8ep6zwdN2-h\/view?usp=sharing\" target=\"_blank\" rel=\"noopener\">Portaria 31, de 09 de fevereiro de 2024 &#8211;<\/a> <strong>CONSTITUI<\/strong>\u00a0a Banca Examinadora para a defesa de Trabalho de Conclus\u00e3o de Curso de Ci\u00eancias Biol\u00f3gicas Licenciatura\u00a0do acad\u00eamico\u00a0<b>Miguel Kurz dos Santos<\/b><strong>\u00a0<\/strong>intitulado\u00a0<strong>\u201c<\/strong><b>Diversidade de abelhas em agroecossistemas no interior de Cangu\u00e7u,\u00a0<\/b>Morro Redondo e Pelotas\u201d\u00a0\u00a0(Orientador\u00a0Prof. Dr. Cristiano Agra Iserhard)<\/p>\n<p><a href=\"https:\/\/drive.google.com\/file\/d\/1OGOrCBe4yFemtzzvs1ANSzsQ77_GqaOL\/view?usp=sharing\" target=\"_blank\" rel=\"noopener\">Portaria 30, de 09 de fevereiro de 2024 &#8211;<\/a> <strong>CONSTITUI<\/strong>\u00a0a Banca Examinadora para a defesa de Trabalho de Conclus\u00e3o de Curso de Ci\u00eancias Biol\u00f3gicas Licenciatura\u00a0da acad\u00eamica\u00a0<b>Beatriz de Freitas Corr\u00eaa<\/b><strong>\u00a0<\/strong>intitulado\u00a0\u00a0<strong>\u201c<\/strong><b>PProjeto de Extens\u00e3o Museu Itinerante de Parasitologia: estrat\u00e9gias para a promo\u00e7\u00e3o da alfabetiza\u00e7\u00e3o cient\u00edfica na escola<strong>\u201d<\/strong>\u00a0(Orientadora\u00a0<strong>Prof\u00aa. Dr\u00aa. Camila Belmonte Oliveira,\u00a0<\/strong>Coorientadora:\u00a0<strong>Prof\u00aa. Dr\u00aa. Caroline Terra de Oliveira<\/strong>)\u00a0<\/b><\/p>\n<p><a href=\"https:\/\/drive.google.com\/file\/d\/19X5FkjvKWT_K0eWTWVVvq3SbxydX9JjP\/view?usp=sharing\" target=\"_blank\" rel=\"noopener\">Portaria 29, de 09 de fevereiro de 2024 &#8211;<\/a> <strong>CONSTITUI<\/strong>\u00a0a Banca Examinadora para a defesa de Trabalho de Conclus\u00e3o de Curso de Ci\u00eancias Biol\u00f3gicas Licenciatura\u00a0do acad\u00eamico\u00a0<b>Vitor\u00a0Rodrigues da Silva<\/b><strong>\u00a0<\/strong>intitulado\u00a0\u00a0<strong>\u201c<\/strong><b>S\u00edntese das primeiras etapas da Anatomia do Desenvolvimento em cordados\u00a0<\/b><strong>como instrumento facilitador do processo de ensino e de aprendizagem\u201d<\/strong>\u00a0(Orientador\u00a0<strong>Prof. Dr. Luiz Fernando Minello<\/strong>)<\/p>\n<p><a href=\"https:\/\/drive.google.com\/file\/d\/1OP72ctZvZaMBvlTZbapY91ZvtXBnLoie\/view?usp=sharing\" target=\"_blank\" rel=\"noopener\">Portaria 28, de 09 de fevereiro de 2024 &#8211;<\/a> <strong>CONSTITUI<\/strong>\u00a0a Banca Examinadora para a defesa de Trabalho de Conclus\u00e3o de Curso de Ci\u00eancias Biol\u00f3gicas Bacharelado da acad\u00eamica\u00a0\u00a0\u00a0<b>Kylie Neves\u00a0<\/b>intitulado\u00a0<strong>\u201c<\/strong><b>Uso do \u00f3leo essencial de\u00a0<i>Lavandula angustifolia<\/i>\u00a0Mill. no tratamento da ansiedade: revis\u00e3o sistem\u00e1tica e an\u00e1lise de fitotoxicidade<\/b><strong>\u201d\u00a0\u00a0<\/strong>(Orientadora\u00a0<strong>Prof\u00aa. Dr\u00aa. Vera Lucia Bobrowski<\/strong>)\u00a0<strong>\u00a0<\/strong>c<\/p>\n<p><a href=\"https:\/\/drive.google.com\/file\/d\/121fcLj_JrfqRlJjqhKWV_lEnzSCkgvqg\/view?usp=sharing\" target=\"_blank\" rel=\"noopener\">Portaria 27, de 09 de fevereiro de 2024 &#8211;<\/a> <strong>CONSTITUI<\/strong>\u00a0a Banca Examinadora para a defesa de Trabalho de Conclus\u00e3o de Curso de Ci\u00eancias Biol\u00f3gicas Bacharelado da acad\u00eamica\u00a0\u00a0<b>Julia\u00a0Duro\u00a0Braga\u00a0<\/b>intitulado\u00a0 <strong>\u201c<b>Diversidade de formigas arbor\u00edcolas (Hymenoptera: Formicidae) em sistemas agr\u00edcolas e matas de reserva legal no extremo sul do Rio Grande do Sul<\/b>\u201d\u00a0(Orientador\u00a0Prof. Dr. Sebastian Felipe Sendoya Echeverry<\/strong>)<\/p>\n<p><a href=\"https:\/\/drive.google.com\/file\/d\/11LjVYDXC2LxkN1LUSabO6XiJvSBNB1wF\/view?usp=sharing\" target=\"_blank\" rel=\"noopener\">Portaria 26, de 09 de fevereiro de 2024 &#8211;<\/a> <strong>CONSTITUI<\/strong>\u00a0a Banca Examinadora para a defesa de Trabalho de Conclus\u00e3o de Curso de Ci\u00eancias Biol\u00f3gicas Bacharelado do acad\u00eamico\u00a0\u00a0<b>Emanuel Scherdien da Rosa<\/b><strong>\u00a0<\/strong>intitulado\u00a0\u00a0<strong>\u201c<\/strong><b>Intelig\u00eancia artificial e conserva\u00e7\u00e3o: o uso da bioinform\u00e1tica na pr\u00e9-avalia\u00e7\u00e3o do estado de conserva\u00e7\u00e3o das esp\u00e9cies de Iridaceae end\u00eamicas do bioma Pampa<\/b><strong>\u201d\u00a0<\/strong>(Orientador\u00a0<strong>Prof. Dr.\u00a0Jo\u00e3o Ricardo Vieira Iganci,\u00a0<\/strong>Coorientadora\u00a0<strong>Prof\u00aa. Dr\u00aa. Tatiana Teixeira de Souza Chies<\/strong>)\u00a0<strong>\u00a0<\/strong><\/p>\n<p><a href=\"https:\/\/drive.google.com\/file\/d\/17mRgWOlgBurPdBJ_abICwdlC8DJgiDtf\/view?usp=sharing\" target=\"_blank\" rel=\"noopener\">Portaria 25, de 09 de fevereiro de 2024 &#8211;<\/a> <strong>CONSTITUI<\/strong>\u00a0a Banca Examinadora para a defesa de Trabalho de Conclus\u00e3o de Curso de Ci\u00eancias Biol\u00f3gicas Bacharelado do acad\u00eamico\u00a0<b>Yago Correa de Magalh\u00e3es de Freitas<\/b><strong>\u00a0<\/strong>intitulado \u00a0<strong>\u201c<\/strong><b>Varia\u00e7\u00e3o da diversidade funcional em Lepidoptera ao longo do tempo em uma \u00e1rea de restinga no extremo sul do Brasil<\/b><strong>\u201d<\/strong>(Orientador\u00a0<strong>Prof. Dr. Cristiano Agra Iserhard,\u00a0<\/strong>Coorientador\u00a0<strong>Prof. Dr. Jeferson Bugoni<\/strong>)<\/p>\n<p><a href=\"https:\/\/drive.google.com\/file\/d\/1iGM9tm6kxd01FJ2Q5Ex69Ia3Wz0Q_Mfq\/view?usp=sharing\" target=\"_blank\" rel=\"noopener\">Portaria 24, de 09 de fevereiro de 2024 &#8211;<\/a> <strong>\u00a0CONSTITUI<\/strong>\u00a0a Banca Examinadora para a defesa de Trabalho de Conclus\u00e3o de Curso de Ci\u00eancias Biol\u00f3gicas Licenciatura do acad\u00eamico\u00a0<b>Jo\u00e3o <a href=\"https:\/\/drive.google.com\/file\/d\/10hDf6YQhfaTkfAiPaybMt5UuefNy66M3\/view?usp=sharing\" target=\"_blank\" rel=\"noopener\">Andr\u00e9 Lara Leal Martins<\/a><\/b><strong>\u00a0<\/strong>intitulado\u00a0<strong>\u201c\u201c<b><i>Psilocybe cubensis<\/i>: Uma an\u00e1lise bibliogr\u00e1fica sobre seu uso psicoterap\u00eautico<\/b>\u201d\u00a0(Orientador\u00a0Prof. Dr. Ricardo Berteaux Robaldo,\u00a0Coorientadora\u00a0Prof\u00aa. Dr\u00aa. Giana de Paula Cognato)\u00a0<\/strong><\/p>\n<p><a href=\"https:\/\/drive.google.com\/file\/d\/10hDf6YQhfaTkfAiPaybMt5UuefNy66M3\/view?usp=sharing\" target=\"_blank\" rel=\"noopener\">Portaria 23, de 09 de fevereiro de 2024 &#8211;<\/a> <strong>CONSTITUI<\/strong>\u00a0a Banca Examinadora para a defesa de Trabalho de Conclus\u00e3o de Curso de Ci\u00eancias Biol\u00f3gicas Bacharelado da acad\u00eamica\u00a0<b>Vivian de Souza Centeno<\/b><strong>\u00a0<\/strong>intitulado <strong>\u201c<\/strong><b>Composi\u00e7\u00e3o funcional de formigas (Hymenoptera: Formicidae) arbor\u00edcolas, ligadas a diferentes sistemas de mata e cultivo no extremo sul do Rio Grande do Sul<\/b><strong>\u201d\u00a0<\/strong>(Orientador\u00a0<strong>Prof. Dr.\u00a0Sebastian Felipe Sendoya Echeverry<\/strong>)\u00a0<strong>\u00a0<\/strong><\/p>\n<p><a href=\"https:\/\/drive.google.com\/file\/d\/1wsUiGy8sprEVsv-YGbm3SGCEtTNHejkf\/view?usp=sharing\" target=\"_blank\" rel=\"noopener\">Portaria 22, de 09 de fevereiro de 2024 &#8211;<\/a> <strong>CONSTITUI<\/strong>\u00a0a Banca Examinadora para a defesa de Trabalho de Conclus\u00e3o de Curso de Ci\u00eancias Biol\u00f3gicas Bacharelado da acad\u00eamica\u00a0<strong>Barbara Rafaela da Rosa\u00a0<\/strong>intitulado\u00a0<strong>\u201c<\/strong><b>Competi\u00e7\u00e3o entre os drosofil\u00eddeos\u00a0<i>Drosophila suzukii<\/i>\u00a0e\u00a0<i>Zaprionus tuberculatus<\/i>\u00a0em dieta artificial<strong>\u201d\u00a0<\/strong>(Orientador\u00a0<strong>Prof. Dr. Fl\u00e1vio Roberto Mello Garcia,\u00a0<\/strong>Coorientadora\u00a0<strong>Bi\u00f3l\u00aa. MSc. Karina Jobim Pinto<\/strong>)\u00a0<\/b><\/p>\n<p><a href=\"https:\/\/drive.google.com\/file\/d\/1UFJ2b4Z2WgCqGs2OrrgQ5i3n8KRd3jmh\/view?usp=sharing\" target=\"_blank\" rel=\"noopener\">Portaria 21, de 09 de fevereiro de 2024 &#8211;<\/a> <strong>CONSTITUI<\/strong>\u00a0a Banca Examinadora para a defesa de Trabalho de Conclus\u00e3o de Curso de Ci\u00eancias Biol\u00f3gicas Bacharelado do acad\u00eamico\u00a0<strong>Airan de Quevedo Fernandes\u00a0<\/strong>intitulado\u00a0<strong>\u201c<\/strong><b>Investiga\u00e7\u00e3o de estruturas parasit\u00e1rias em alfaces (<i>Lactuca sativa<\/i>) de feiras livres: uma an\u00e1lise epidemiol\u00f3gica<strong>\u201d\u00a0<\/strong>(Orientadora\u00a0<strong>Prof\u00aa. Dr\u00aa. Camila Belmonte Oliveira,\u00a0<\/strong>Coorientadora\u00a0<strong>Bi\u00f3l\u00aa. MSc. Alexia Brauner de Mello<\/strong>)\u00a0<\/b><\/p>\n<p><a href=\"https:\/\/drive.google.com\/file\/d\/1EVSFs64ywLlZDS0tWgu1R-eHnYsN9cp4\/view?usp=sharing\" target=\"_blank\" rel=\"noopener\">Portaria 20, de 09 de fevereiro de 2024 &#8211;<\/a> <strong>CONSTITUI<\/strong>\u00a0a Banca Examinadora para a defesa de Trabalho de Conclus\u00e3o de Curso de Ci\u00eancias Biol\u00f3gicas Bacharelado do acad\u00eamico\u00a0<strong>Bruno Acosta Xavier\u00a0<\/strong>intitulado\u00a0\u00a0<strong>\u201c<\/strong><b>Musgos (Bryophyta) da Universidade Federal de Pelotas, campus Cap\u00e3o do Le\u00e3o, Cap\u00e3o do Le\u00e3o, Rio Grande do Sul<\/b><strong>\u201d\u00a0<\/strong>(Orientador\u00a0<strong>Prof. Dr. Jo\u00e3o Ricardo Vieira Iganci,\u00a0<\/strong>Coorientadora\u00a0<strong>Prof\u00aa. Dr\u00aa. Ju\u00e7ara Bordin<\/strong>)\u00a0<strong>\u00a0<\/strong><\/p>\n<p><a href=\"https:\/\/drive.google.com\/file\/d\/1c4dbnYw0EEVG-AhAWPAdQTbB5fn91x14\/view?usp=sharing\" target=\"_blank\" rel=\"noopener\">Portaria 19, de 09 de fevereiro de 2024 &#8211;<\/a> <strong>CONSTITUI<\/strong>\u00a0a Banca Examinadora para a defesa de Trabalho de Conclus\u00e3o de Curso de Ci\u00eancias Biol\u00f3gicas Bacharelado da acad\u00eamica\u00a0<strong>Pamela Martins Dutra\u00a0<\/strong>intitulado\u00a0\u00a0<strong>\u201c<\/strong><b>Guia de borboletas frug\u00edvoras (Nymphalidae) de Matas de Restinga da Plan\u00edcie Costeira do Rio Grande do Sul<\/b><strong>\u201d\u00a0\u00a0<\/strong>(Orientador\u00a0<strong>Prof. Dr. Cristiano Agra Iserhard<\/strong>)\u00a0<strong>\u00a0<\/strong><\/p>\n<p><a href=\"https:\/\/drive.google.com\/file\/d\/1vA3JnEpgF1EWN_1YI8RIFULWoP2NWzBe\/view?usp=sharing\" target=\"_blank\" rel=\"noopener\">Portaria 18, de 09 de fevereiro de 2024 &#8211;<\/a> <strong>CONSTITUI<\/strong>\u00a0a Banca Examinadora para a defesa de Trabalho de Conclus\u00e3o de Curso de Ci\u00eancias Biol\u00f3gicas Licenciatura\u00a0da acad\u00eamica\u00a0<strong>Nath\u00e1lya Andrade da Silva\u00a0<\/strong>intitulado\u00a0\u00a0<strong>\u201c<\/strong><b>Educa\u00e7\u00e3o ambiental em propriedades convencionais e org\u00e2nicas na regi\u00e3o sul do Brasil: O uso de cartilha como meio de conserva\u00e7\u00e3o dos lepid\u00f3pteros<\/b><strong>\u201d\u00a0<\/strong>(Orientador\u00a0<strong>Prof. Dr. Cristiano Agra Iserhard,\u00a0<\/strong>Coorientadora\u00a0<strong>Bi\u00f3l\u00aa. MSc. Sabrina Lorandi<\/strong>)\u00a0<strong>\u00a0<\/strong><\/p>\n<p><a href=\"https:\/\/drive.google.com\/file\/d\/10t4O9ZQNaTLyo-aOOiFe-6bEdkdKi9Yj\/view?usp=sharing\" target=\"_blank\" rel=\"noopener\">Portaria 17, de 08 de fevereiro de 2024<\/a> &#8211; <strong>\u00a0DESIGNA <\/strong>os Membros da Banca do processo seletivo referente ao Edital de Sele\u00e7\u00e3o para o cargo de Coordenador do Curso de Especializa\u00e7\u00e3o em Educa\u00e7\u00e3o Ambiental com \u00canfase em Espa\u00e7os Educadores Sustent\u00e1veis &#8211; EAEE<\/p>\n<p><a href=\"https:\/\/drive.google.com\/file\/d\/1k-e1TcuFLCPrOSO2Kv34KogFBrLyLdS2\/view?usp=sharing\" target=\"_blank\" rel=\"noopener\">Portaria 16 de 06 de fevereiro de 2024<\/a> &#8211;\u00a0<strong>DESIGNA<\/strong> Chefia Avaliadora do Est\u00e1gio Probat\u00f3rio Docente da professora\u00a0 Nathieli Bianchin Bottari, Tutora e Comiss\u00e3o Avalidora do Est\u00e1gio Probat\u00f3rio Docente da professora Nathieli Bianchin Bottari<\/p>\n<p><a href=\"https:\/\/drive.google.com\/file\/d\/1cJOdE765Q1FhZQvbxj1tGMdzU50fSyGJ\/view?usp=sharing\" target=\"_blank\" rel=\"noopener\">Portaria 15 de 06 de fevereiro de 2024<\/a> &#8211; <strong>DESIGNA<\/strong> Chefia Avaliadora do Est\u00e1gio Probat\u00f3rio Docente da professora\u00a0 Nathieli Bianchin Bottari, Tutora e Comiss\u00e3o Avalidora do Est\u00e1gio Probat\u00f3rio Docente da professora Nat\u00e1lia\u00a0Berne\u00a0Pinheiro<\/p>\n<p><a href=\"https:\/\/drive.google.com\/file\/d\/1s1Sive-OQA12C6dCssOL29xJCuZQ-P9f\/view?usp=sharing\" target=\"_blank\" rel=\"noopener\">Portaria 14 de 06 de fevereiro de 2024<\/a> &#8211; <strong>DESIGNA<\/strong> Chefia Avaliadora do Est\u00e1gio Probat\u00f3rio Docente da professora\u00a0 Nathieli Bianchin Bottari, Tutora e Comiss\u00e3o Avalidora do Est\u00e1gio Probat\u00f3rio Docente da professora Leda Margarita Casta\u00f1o Barrios<\/p>\n<p><a href=\"https:\/\/drive.google.com\/file\/d\/1Weagn3Cnag-u41DkQQkT4h8xp0ZZ32Jc\/view?usp=sharing\" target=\"_blank\" rel=\"noopener\">Portaria 13 de 06 de fevreiro de 2024<\/a> &#8211; <strong>CONSTITUI<\/strong>\u00a0a Banca Examinadora para a defesa de Trabalho de Conclus\u00e3o de Curso de Ci\u00eancias Biol\u00f3gicas Bacharelado do acad\u00eamico\u00a0\u00a0<strong>Guilherme Lopes de Freitas\u00a0<\/strong>intitulado\u00a0\u00a0<strong>\u201c<\/strong><b>Existem diferen\u00e7as de colora\u00e7\u00e3o entre as borboletas de agroecossistemas org\u00e2nicos e convencionais no bioma pampa?<\/b><strong>\u201d\u00a0\u00a0<\/strong>(Orientador\u00a0<strong>Prof. Dr.\u00a0Cristiano Agra Iserhard<\/strong>)<\/p>\n<p><a href=\"https:\/\/drive.google.com\/file\/d\/1-0vg3cnAV8oGgfXfdHhfsq8TGtgOI-8z\/view?usp=sharing\" target=\"_blank\" rel=\"noopener\">Portaria 12, de 06 de fevreiro de 2024 &#8211;<\/a> <strong>CONSTITUI<\/strong>\u00a0a Banca Examinadora para a defesa de Trabalho de Conclus\u00e3o de Curso de Ci\u00eancias Biol\u00f3gicas Licenciatura\u00a0do acad\u00eamico\u00a0\u00a0<strong>Theo Lazzari\u00a0<\/strong>intitulado\u00a0\u00a0<strong>\u201c<\/strong><b>Modelagem preditiva da distribui\u00e7\u00e3o potencial de esp\u00e9cies de aranhas das fam\u00edlias Trechaleidae na regi\u00e3o de Pelotas (RS, Brasil)<\/b><strong>\u201d\u00a0<\/strong>(Orientador\u00a0<strong>Bi\u00f3l. Dr. Gustavo Reis de Brito,\u00a0<\/strong>Coorientador\u00a0<strong>Prof. Dr. Luiz Ernesto Costa Schmidt<\/strong>)<\/p>\n<p><a href=\"https:\/\/drive.google.com\/file\/d\/1cjL1ZwkqnIQp9EizQF5-xCL6vJQKS1Ui\/view?usp=sharing\" target=\"_blank\" rel=\"noopener\">Portaria 11, de 06 de fevreiro de 2024 &#8211;<\/a> <strong>CONSTITUI<\/strong>\u00a0a Banca Examinadora para a defesa de Trabalho de Conclus\u00e3o de Curso de Ci\u00eancias Biol\u00f3gicas Licenciatura da acad\u00eamica\u00a0\u00a0<strong>Bianca de Oliveira\u00a0<\/strong>intitulado\u00a0\u00a0<strong>\u201c<\/strong><b>Composi\u00e7\u00e3o, riqueza e abund\u00e2ncia de borboletas frug\u00edvoras em diferentes agroecossistemas em propriedades de agricultura familiar dos munic\u00edpios de Cangu\u00e7u, Morro Redondo e Pelotas, Rio Grande do Sul<\/b><strong>\u201d\u00a0<\/strong>(Orientador\u00a0<strong>Prof. Dr.\u00a0Cristiano Agra Iserhard<\/strong>)<strong>\u00a0<\/strong><\/p>\n<p><a href=\"https:\/\/drive.google.com\/file\/d\/1D71mChjYOYCS6321A0CVVt1NQczTsm4k\/view?usp=sharing\" target=\"_blank\" rel=\"noopener\">Portaria 10, de 06 de fevreiro de 2024<\/a> &#8211; <strong>CONSTITUI<\/strong>\u00a0a Banca Examinadora para a defesa de Trabalho de Conclus\u00e3o de Curso de Ci\u00eancias Biol\u00f3gicas Bacharelado da acad\u00eamica\u00a0\u00a0<b>Tais Amanda Mundt\u00a0<\/b>intitulado\u00a0\u00a0<strong>\u201c<\/strong><b>Estudo do envolvimento do \u00f3xido n\u00edtrico na resposta de plantas de arroz submetidas \u00e0 baixas temperaturas no in\u00edcio do est\u00e1dio vegetativo<\/b><strong>\u201d\u00a0<\/strong>(Orientadora\u00a0<strong>Prof\u00aa. Dr\u00aa. Camila Pegoraro,\u00a0<\/strong>Coorientadora<strong> Eng\u00aa. Agr\u00aa. Dr\u00aa. Viviane Kopp da Luz )<\/strong><\/p>\n<p><a href=\"https:\/\/drive.google.com\/file\/d\/1TDsjau50ScaN4u7NmZ7IyFN9fVEOVsng\/view?usp=sharing\" target=\"_blank\" rel=\"noopener\">Portaria 09, de 06 de fevreiro de 2024 &#8211;<\/a> <strong>CONSTITUI <\/strong>a Banca Examinadora para a defesa de Trabalho de Conclus\u00e3o de Curso de Ci\u00eancias Biol\u00f3gicas Licenciatura do acad\u00eamico\u00a0\u00a0<strong>Andriw Ruas dos Santos\u00a0<\/strong>intitulado\u00a0\u00a0<strong>\u201c<\/strong><b>O uso das tecnologias educacionais por docentes em uma escola estadual perif\u00e9rica no Munic\u00edpio de Pelotas\/RS, compreendendo o per\u00edodo anterior, durante e ap\u00f3s a pandemia de COVID-19<\/b><strong>\u201d\u00a0<\/strong>(Orientador\u00a0<strong>Prof\u00aa. Dr\u00aa.\u00a0Raquel L\u00fcdtke,\u00a0<\/strong>Coorientadora<strong> Bi\u00f3l\u00aa. MSc. Alline Bettin de Oliveira)<\/strong><\/p>\n<p><a href=\"https:\/\/drive.google.com\/file\/d\/1OgHQD4jk9OTVcuZkmXNB2Nok9u5GwyGU\/view?usp=sharing\" target=\"_blank\" rel=\"noopener\">Portaria 08, de 06 de fevreiro de 2024<\/a> &#8211; <strong>\u00a0CONSTITUI <\/strong>a Banca Examinadora para a defesa de Trabalho de Conclus\u00e3o de Curso de Ci\u00eancias Biol\u00f3gicas Bacharelado do acad\u00eamico\u00a0\u00a0<strong>Nicolas Antonio Neutzling Roloff<\/strong>\u00a0intitulado\u00a0\u00a0<strong>\u201c<\/strong><b>Diversidade de borboletas frug\u00edvoras em ambientes de Floresta Estacional Semidec\u00eddua e Mata de Restinga no extremo sul do Brasil<\/b><strong>\u201d\u00a0<\/strong>(Orientador\u00a0<strong>Prof. Dr. Cristiano Agra Iserhard)<\/strong><\/p>\n<p><a href=\"https:\/\/drive.google.com\/file\/d\/11L_ZqxpJvGtuY1-9Ie0NnBlm31GgLBZ2\/view?usp=sharing\" target=\"_blank\" rel=\"noopener\">Portaria 07, de 06 de fevreiro de 2024 &#8211;<\/a> <strong>CONSTITUI<\/strong>\u00a0a Banca Examinadora para a defesa de Trabalho de Conclus\u00e3o de Curso de Ci\u00eancias Biol\u00f3gicas Bacharelado da acad\u00eamica\u00a0<strong>Helena Bulow Matias<\/strong>\u00a0intitulado\u00a0\u00a0<strong>\u201c<\/strong><b>Ecomorfologia da\u00a0<i>Myiopsitta monachus<\/i>: rela\u00e7\u00e3o entre a morfologia da l\u00edngua e o h\u00e1bito alimentar<\/b><strong>\u201d\u00a0<\/strong>(Orientadora\u00a0<strong>Prof\u00aa. Dr\u00aa.\u00a0Marla Piumbini Rocha,\u00a0<\/strong>Coorientador<strong>\u00a0<\/strong>\u00a0<strong>Bi\u00f3l. Dr. Marco Antonio Afonso Coimbra<\/strong>)<\/p>\n<p><a href=\"https:\/\/drive.google.com\/file\/d\/1yeP4EYQuissaMA2qDXYMGKegmaQuOlYu\/view?usp=sharing\" target=\"_blank\" rel=\"noopener\">Portaria 06, de 06 de fevreiro de 2024 &#8211;<\/a> <strong>CONSTITUI<\/strong>\u00a0a Banca Examinadora para a defesa de Trabalho de Conclus\u00e3o de Curso de Ci\u00eancias Biol\u00f3gicas Licenciatura\u00a0do acad\u00eamico\u00a0<strong>Lucas Vinicius do Nascimento<\/strong>\u00a0intitulado\u00a0<strong>\u201c<\/strong><strong>Pistas quimiot\u00e1teis na busca por parceiro sexual: Perspectiva de f\u00eameas de\u00a0<em>Paratrechalea ornata<\/em>\u00a0(Mello-Leit\u00e3o, 1943) (Araneae, Trechaleidae)<\/strong><strong>\u201d\u00a0<\/strong>(Orientador\u00a0<strong>Prof. Dr.\u00a0Luiz Ernesto Costa Schmidt<\/strong>)<\/p>\n<p><a href=\"https:\/\/drive.google.com\/file\/d\/18KbJXvbFWES7W6Tt4HxCF2AB9sbbx_CA\/view?usp=sharing\" target=\"_blank\" rel=\"noopener\">Portaria 05, de 06 de fevreiro de 2024 &#8211;<\/a> <strong>CONSTITUI <\/strong>a Banca Examinadora para a defesa de Trabalho de Conclus\u00e3o de Curso de Ci\u00eancias Biol\u00f3gicas Licenciatura\u00a0da acad\u00eamica\u00a0<strong>Nat\u00e1lia Amoza de Aguiar\u00a0<\/strong>intitulado\u00a0\u00a0<strong>\u201c<\/strong><b>Formigas (Hymenoptera: Formicidae) como agentes chave: Explorando a influ\u00eancia na\u00a0abund\u00e2ncia, riqueza e morfologia de abelhas e vespas em intera\u00e7\u00f5es florais<\/b><strong>\u201d\u00a0<\/strong>(Orientador\u00a0\u00a0<strong>Prof. Dr.\u00a0Sebastian Felipe Sendoya Echeverry<\/strong>)<\/p>\n<p><a href=\"https:\/\/drive.google.com\/file\/d\/1ZyZxUWjxzCIyszhEx96of3fmiBXmvn-T\/view?usp=sharing\" target=\"_blank\" rel=\"noopener\">Portaria 04, de 06 de fevreiro de 2024 &#8211;<\/a> <strong>CONSTITUI <\/strong>a Banca Examinadora para a defesa de Trabalho de Conclus\u00e3o de Curso de Ci\u00eancias Biol\u00f3gicas Licenciatura\u00a0do acad\u00eamico\u00a0<strong>Ricardo Padilha de Oliveira<\/strong>\u00a0intitulado\u00a0<strong>\u201c<\/strong><b>Plantas sem fronteiras: A diversidade do Pampa na divisa pol\u00edtica entre Brasil e Uruguai<\/b><strong>\u201d\u00a0<\/strong>(Orientador\u00a0<strong>Prof. Dr.\u00a0Jo\u00e3o\u00a0Ricardo\u00a0Vieira Iganci ,\u00a0<\/strong>Coorientador<strong>\u00a0Bi\u00f3l. Dr. Gustavo Heiden<\/strong>)<\/p>\n<p><a href=\"https:\/\/drive.google.com\/file\/d\/1dilJ27QYVg41aaNZuMkErEVm4TRHUGRb\/view?usp=sharing\" target=\"_blank\" rel=\"noopener\">Portaria 03, de 06 de fevreiro de 2024 &#8211;<\/a> <strong>CONSTITUI<\/strong>\u00a0a Banca Examinadora para a defesa de Trabalho de Conclus\u00e3o de Curso de Ci\u00eancias Biol\u00f3gicas Bacharelado do acad\u00eamico\u00a0<strong>Luis Felipe Basso<\/strong>\u00a0intitulado\u00a0<strong>\u201c<\/strong><b>Respostas de plantas consorciadas sob estresse salino<\/b><strong>\u201d<\/strong>\u00a0(Orientador\u00a0<strong>Prof. Dr.\u00a0Gustavo Maia Souza,\u00a0<\/strong>Coorientador<strong>\u00a0<\/strong><strong>Prof. Dr. Cristiano Agra Iserhard<\/strong>)<\/p>\n<p><a href=\"https:\/\/drive.google.com\/file\/d\/1MQlyUQWwBqZvacnBl5YuGgqegNHsgCv4\/view?usp=sharing\" target=\"_blank\" rel=\"noopener\">Portaria 02. de 25 d4e janeiro de 2024 &#8211;<\/a> <strong>RETIFICA\u00a0 <\/strong>a Portaria Interna 1\u00a0(<span contenteditable=\"false\"><a class=\"ancoraSei\" href=\"https:\/\/sei.ufpel.edu.br\/sei\/controlador.php?acao=protocolo_visualizar&amp;id_protocolo=2795272&amp;infra_sistema=100000100&amp;infra_unidade_atual=110000218&amp;infra_hash=36f9308213f46f69cf9bae0114e0019e90ad09f4f418b82adc0572a59f748c96\" target=\"_blank\" rel=\"noopener\">2489411<\/a><\/span>) e <strong>RECOMP\u00d5EM <\/strong>a Comiss\u00e3o de Compras do Instituto de Biologia com a seguinte composi\u00e7\u00e3o:<\/p>\n<p><a href=\"https:\/\/drive.google.com\/file\/d\/1pMOZNulXRLHDzFQhMaIZI-fwAVSSh42w\/view?usp=sharing\" target=\"_blank\" rel=\"noopener\">Portaria 01, de 11 de janeiro de 2024<\/a> &#8211; <strong>\u00a0REVOGA<\/strong>\u00a0a Portaria Interna 27 (<span contenteditable=\"false\"><a class=\"ancoraSei\" href=\"https:\/\/sei.ufpel.edu.br\/sei\/controlador.php?acao=protocolo_visualizar&amp;id_protocolo=2408635&amp;infra_sistema=100000100&amp;infra_unidade_atual=110000218&amp;infra_hash=c3ae9b04af09b316789972b5b90c60e1d78aa75f55d6ea06d1c5d7463378d8b1\" target=\"_blank\" rel=\"noopener\">2139342<\/a><\/span>), <strong>RECOMP\u00d5EM <\/strong>a Comiss\u00e3o de Compras do Instituto de Biologia (<strong>retificada pela Portaria 02 de 25 de janeiro de 2024.<\/strong>)<\/p>\n<p><span style=\"background-color: #ffff00;\"><strong>2023 &#8211;<\/strong><\/span><\/p>\n<p><a href=\"https:\/\/drive.google.com\/file\/d\/1U9LU_0G-7Swctf78iS0B8q03uLGshiWk\/view?usp=sharing\" target=\"_blank\" rel=\"noopener\">Portaria 71, de 15 de dezembro de 2023<\/a> &#8211;\u00a0<strong>ALTERA<\/strong>\u00a0a Portaria n\u00ba 69, de\u00a012 de dezembro\u00a0de 2023 (<span contenteditable=\"false\"><a class=\"ancoraSei\" href=\"https:\/\/sei.ufpel.edu.br\/sei\/controlador.php?acao=protocolo_visualizar&amp;id_protocolo=2764442&amp;infra_sistema=100000100&amp;infra_unidade_atual=110000218&amp;infra_hash=4cd1add5590e9c7185c12f085f3b8c403b13c9a445dc548dc3e1f9fbdb76b78a\" target=\"_blank\" rel=\"noopener\">2461626<\/a><\/span>) que trata da composi\u00e7\u00e3o do Colegiado dos Cursos de Bacharelado e Licenciatura em Ci\u00eancias Biol\u00f3gicas, do Instituto de Biologia. <strong>CONSOLIDA<\/strong>\u00a0a nova composi\u00e7\u00e3o do Colegiado dos Cursos de Gradua\u00e7\u00e3o em Ci\u00eancias Biol\u00f3gicas Bacharelado e Licenciatura\u00a0composta por:<\/p>\n<p><a href=\"https:\/\/drive.google.com\/file\/d\/1AT-e2-JqW6PXwTdbBbE3WoweLM4RrBdn\/view?usp=sharing\" target=\"_blank\" rel=\"noopener\">Portaria 70, de 15 de dezembro de 2023<\/a> &#8211;<strong>\u00a0CONSTITUI<\/strong> Banca Examinadora para o processo seletivo para Professor Visitante do PPG em Fisiologia Vegetal, nos moldes do Edital No 207\/2023<strong>,\u00a0<\/strong><\/p>\n<p><a style=\"font-family: var(--fonte-corpo);\" href=\"https:\/\/drive.google.com\/file\/d\/1eHB9lSl1FDLIymauVYgQwwhZgLo-QFFH\/view?usp=sharing\" target=\"_blank\" rel=\"noopener\">Portaria 69, de 12 de dezembro de 2023<\/a><span style=\"color: var(--cor-texto); font-family: var(--fonte-corpo);\"> &#8211; <\/span><strong style=\"color: var(--cor-texto); font-family: var(--fonte-corpo);\">REVOGA<\/strong><span style=\"color: var(--cor-texto); font-family: var(--fonte-corpo);\">\u00a0a Portaria n\u00ba 11, de\u00a003 de mar\u00e7o de 2023 (<\/span><span style=\"color: var(--cor-texto); font-family: var(--fonte-corpo);\" contenteditable=\"false\"><a class=\"ancoraSei\" href=\"https:\/\/sei.ufpel.edu.br\/sei\/controlador.php?acao=protocolo_visualizar&amp;id_protocolo=2332222&amp;infra_sistema=100000100&amp;infra_unidade_atual=110000218&amp;infra_hash=2c50acdda65cd21ae5743792769d4158334c8275e9fc3b6c2a5593164133767c\" target=\"_blank\" rel=\"noopener\">2071375<\/a><\/span><span style=\"color: var(--cor-texto); font-family: var(--fonte-corpo);\">) que trata da composi\u00e7\u00e3o do Colegiado dos Cursos de Bacharelado e Licenciatura em Ci\u00eancias Biol\u00f3gicas, do Instituto de Biologia. <\/span><strong style=\"color: var(--cor-texto); font-family: var(--fonte-corpo);\">CONSOLIDA<\/strong><span style=\"color: var(--cor-texto); font-family: var(--fonte-corpo);\"> a nova composi\u00e7\u00e3o do Colegiado dos Cursos de Gradua\u00e7\u00e3o em Ci\u00eancias Biol\u00f3gicas Bacharelado e Licenciatura. <strong>Alterada<\/strong> pela <a href=\"https:\/\/drive.google.com\/file\/d\/1U9LU_0G-7Swctf78iS0B8q03uLGshiWk\/view?usp=sharing\" target=\"_blank\" rel=\"noopener\">Portaria 71, de 15 de dezembro de 2023<\/a> &#8211;<\/span><\/p>\n<p><a href=\"https:\/\/drive.google.com\/file\/d\/1K-wkMLb4hb68Kz1wKS_EhhBXE7uCrVdo\/view?usp=sharing\" target=\"_blank\" rel=\"noopener\">Portaria 68, de 09 de novembro de 2023<\/a> &#8211; <strong>ATUALIZA <\/strong>a composi\u00e7\u00e3o do Colegiado do Programa de P\u00f3s-Gradua\u00e7\u00e3o em Biodiversidade Animal &#8211; (antiga PORTARIA N\u00ba 40, DE 18 DE MAIO DE 2022, SEI <span contenteditable=\"false\"><a class=\"ancoraSei\" href=\"https:\/\/sei.ufpel.edu.br\/sei\/controlador.php?acao=protocolo_visualizar&amp;id_protocolo=1921347&amp;infra_sistema=100000100&amp;infra_unidade_atual=110000218&amp;infra_hash=cb10cfa5d5d5a5e1ee8e63c896436799235263064f0157995056ae715fe04f41\" target=\"_blank\" rel=\"noopener\">1702249<\/a><\/span>). <strong>ALTERADA<\/strong> pela <a href=\"https:\/\/drive.google.com\/file\/d\/1zNufJvRl4rOjA5bS7cjF9kaPjLU5X1y1\/view?usp=sharing\" target=\"_blank\" rel=\"noopener\">Portaria 67, de 17 de outubro de 2024 &#8211;<\/a><\/p>\n<p><a href=\"https:\/\/drive.google.com\/file\/d\/15Ngzt6dLsBg0zvFFLhF_DBs0AKVkz8Y1\/view?usp=sharing\" target=\"_blank\" rel=\"noopener\">Portaria 67, de 26 de setembro de 2023<\/a> &#8211; \u00a0<strong>DESIGNA<\/strong>\u00a0a Banca Examinadora\u00a0para o Processo Seletivo para Contrata\u00e7\u00e3o de Professor Substituto, Edital CAP n\u00ba 016\/2023, Processo SEI UFPEL n\u00ba\u00a0<span contenteditable=\"false\"><a class=\"ancoraSei\" href=\"https:\/\/sei.ufpel.edu.br\/sei\/controlador.php?acao=protocolo_visualizar&amp;id_protocolo=2565940&amp;infra_sistema=100000100&amp;infra_unidade_atual=110000218&amp;infra_hash=452e7936de3496236672728dd994894837fd1070a9920460556b1210a7790d9e\" target=\"_blank\" rel=\"noopener\">23110.030125\/2023-17<\/a><\/span>, \u00c1rea<strong> FISIOLOGIA HUMANA.<\/strong><\/p>\n<p><a href=\"https:\/\/drive.google.com\/file\/d\/1NoiCsEls81KHxVO8x1OJenrDLUYYPA2d\/view?usp=sharing\" target=\"_blank\" rel=\"noopener\">Portaria 66, de 26 de setembro de 2023<\/a> &#8211; <strong>DESIGNA<\/strong>\u00a0a Banca Examinadora\u00a0para o Processo Seletivo para Contrata\u00e7\u00e3o de Professor Substituto, Edital CAP n\u00ba 016\/2023, Processo SEI UFPEL n\u00ba\u00a0<span contenteditable=\"false\"><a class=\"ancoraSei\" href=\"https:\/\/sei.ufpel.edu.br\/sei\/controlador.php?acao=protocolo_visualizar&amp;id_protocolo=2565940&amp;infra_sistema=100000100&amp;infra_unidade_atual=110000218&amp;infra_hash=452e7936de3496236672728dd994894837fd1070a9920460556b1210a7790d9e\" target=\"_blank\" rel=\"noopener\">23110.030125\/2023-17<\/a><\/span>, \u00c1rea<strong> MICROBIOLOGIA ORAL E IMUNOLOGIA.<\/strong><\/p>\n<p><a href=\"https:\/\/drive.google.com\/file\/d\/1tmob91kvIZ_sVIXArVI2iipF3uwYkki0\/view?usp=sharing\" target=\"_blank\" rel=\"noopener\">Portaria 65, de 11 de setembro de 2023<\/a> &#8211; <strong>\u00a0CONSTITUI<\/strong>\u00a0a banca de defesa de Exame de Qualifica\u00e7\u00e3o de Mestrado do discente<strong>\u00a0Fernando Adolfo Alay<\/strong>\u00a0<strong>\u00a0<\/strong>do PPG em Fisiologia Vegetal, o\u00a0projeto intitula-se: \u201c<strong>Halopriming em sementes induz mem\u00f3ria ao estresse salino em tr\u00eas cultivares de arroz\u200b<\/strong>\u201d.<\/p>\n<p><a href=\"https:\/\/drive.google.com\/file\/d\/1A-q4Ml3hXBQJw3Hg7RyqmZlljPZOQWSb\/view?usp=sharing\" target=\"_blank\" rel=\"noopener\">Portaria 64, de 06 de setembro de 2023<\/a> &#8211; <strong>CONSTITUI<\/strong>\u00a0Comiss\u00e3o Avaliadora dos processos do\u00a0Edital N\u00ba 35\/2023\/CRA (Reingresso, Reop\u00e7\u00e3o, Transfer\u00eancia, Retomada de Estudos e Portador de Diploma) nos Cursos de Ci\u00eancias Biol\u00f3gicas Bacharelado e Licenciatura<\/p>\n<p><a href=\"https:\/\/drive.google.com\/file\/d\/1UeEAs8Znz_-exsUFDcONMd63iMuIhi6e\/view?usp=sharing\" target=\"_blank\" rel=\"noopener\">Portaria 63, de 05 de setembro de 2023<\/a> &#8211; <strong>CONSTITUI <\/strong>a Banca Examinadora para a defesa de Trabalho de Conclus\u00e3o de Curso de Ci\u00eancias Biol\u00f3gicas Bacharelado do acad\u00eamico\u00a0<b>Vitor Medeiros Cruz<\/b><strong>,<\/strong>\u00a0intitulado\u00a0<strong>\u201c<\/strong><b>Levantamento flor\u00edstico de Fabales na Universidade Federal de Pelotas &#8211; campus urbano Cap\u00e3o do Le\u00e3o, RS, Brasil<\/b><strong>\u201d<\/strong>\u00a0(Orientadora\u00a0<strong>Prof\u00aa. Dr\u00aa. Raquel L\u00fcdtke<\/strong>)<\/p>\n<p><a href=\"https:\/\/drive.google.com\/file\/d\/1MphprjbiYKnbqbxKDQSNzr6HK2oNwgFP\/view?usp=sharing\" target=\"_blank\" rel=\"noopener\">Portaria 62, de 05 de setembro de 2023<\/a> &#8211;<strong> REVOGA a\u00a0<\/strong>Portaria n\u00ba. 31 de 21 de outubro de 2022 (<span contenteditable=\"false\"><a class=\"ancoraSei\" href=\"https:\/\/sei.ufpel.edu.br\/sei\/controlador.php?acao=protocolo_visualizar&amp;id_protocolo=1245468&amp;infra_sistema=100000100&amp;infra_unidade_atual=110000218&amp;infra_hash=6325397ea70342f9e0cf04c667429c4c15d4baaac2c083d187718b51607631a8\" target=\"_blank\" rel=\"noopener\">1093262<\/a><\/span>). <strong>RECOMP\u00d5EM <\/strong>o Conselho T\u00e9cnico Cient\u00edfico do Museu de Ci\u00eancias Naturais Carlos Ritter (MCNCR), composto\u00a0por:<\/p>\n<p><a href=\"https:\/\/drive.google.com\/file\/d\/1Uqf6LO8p_FQdrRQ5FoPSD3tCzcvP6p_I\/view?usp=sharing\" target=\"_blank\" rel=\"noopener\">Portaria 61, de 05 de setembro de 2023<\/a> &#8211; <strong>CONSTITUI<\/strong>\u00a0a\u00a0banca\u00a0do exame de\u00a0 defesa de tese da\u00a0discente\u00a0<strong>Nat\u00e1lia da Silva Garcia\u00a0<\/strong>do PPG em Fisiologia Vegetal, o\u00a0trabalho intitula-se: \u201c<strong>Grapevine physiological responses to subdoses of auxin-mimic herbicides<\/strong>\u201d.<\/p>\n<p><a href=\"https:\/\/drive.google.com\/file\/d\/19DcnaGOPZbrZwbZuJ0BWV8oB26vs6Hjw\/view?usp=sharing\" target=\"_blank\" rel=\"noopener\">Portaria 60, de 01 de setembro de 2023<\/a> &#8211; <strong>TORNA <\/strong>sem efeito a\u00a0<strong>Portaria 50<\/strong>\u00a0de 16 de agosto de 2023,\u00a0\u00a0uma vez que a defesa n\u00e3o foi realizada por n\u00e3o comparecimento \/ desist\u00eancia do estudante.<\/p>\n<p><a href=\"https:\/\/drive.google.com\/file\/d\/1P2J_d-PjNUw8rmLaS8_PclpJNZxHoN5r\/view?usp=sharing\" target=\"_blank\" rel=\"noopener\">Portaria 59, de 31 de agosto de 2023<\/a> &#8211; <strong>CONSTITUI<\/strong> a\u00a0Comiss\u00e3o Organizadora das novas Elei\u00e7\u00f5es para a Coordena\u00e7\u00e3o e Coordena\u00e7\u00e3o Adjunta\u00a0do Colegiado dos Cursos de Ci\u00eancias Biol\u00f3gicas<\/p>\n<p><a href=\"https:\/\/drive.google.com\/file\/d\/1Tw3ui10aYgpx0mjSaw0cvCT8NPmkChO1\/view?usp=sharing\" target=\"_blank\" rel=\"noopener\">Portaria 58, de 28 de agosto de 2023 &#8211;<\/a> <strong>CONSTITUI<\/strong>\u00a0a\u00a0banca do exame de\u00a0defesa de Disserta\u00e7\u00e3o de Mestrado do discente<strong>\u00a0Luiz Evandro da Silva<\/strong>\u00a0<strong>\u00a0<\/strong>do PPG em Fisiologia Vegetal, o\u00a0trabalho intitula-se: \u201c<strong>Estabelecimento e multiplica\u00e7<em>\u00e3o in vitr<\/em>o de porta-enxertos de <em>Prunus spp<\/em>.: efeitos do gen\u00f3tipo, dos subcultivos e da composi\u00e7\u00e3o do meio<\/strong>\u201d<strong>.<\/strong><\/p>\n<p><a href=\"https:\/\/drive.google.com\/file\/d\/1EdUdwyU2lKO-e0Zf03LdV8ACAYERide6\/view?usp=sharing\" target=\"_blank\" rel=\"noopener\">Portaria 57, de 22 de agosto de 2023 &#8211;<\/a> <strong>CONSTITUI<\/strong>\u00a0a\u00a0banca de\u00a0defesa da tese de Doutorado do discente<strong>\u00a0Cleiton Brand\u00e3o\u00a0<\/strong>do PPG em Fisiologia Vegetal, o\u00a0trabalho intitula-se: \u201c<strong>Estado nutricional e valores de refer\u00eancia pelos m\u00e9todos DRIS e CND para a cultura da oliveira no estado do Rio Grande do Sul<\/strong>\u201d<strong>.<\/strong><\/p>\n<p><a href=\"https:\/\/drive.google.com\/file\/d\/1qas4FDxmayzAc_kofW6WDVW6hOPef5Cy\/view?usp=sharing\" target=\"_blank\" rel=\"noopener\">Portaria 56, de 21 de agosto de 2023<\/a> &#8211; <strong>RETIFICA <\/strong>a Portaria Interna n\u00ba 54\/2023 (doc. SEI n\u00ba\u00a0<span contenteditable=\"false\"><a class=\"ancoraSei\" href=\"https:\/\/sei.ufpel.edu.br\/sei\/controlador.php?acao=protocolo_visualizar&amp;id_protocolo=2588885&amp;infra_sistema=100000100&amp;infra_unidade_atual=110000218&amp;infra_hash=4ad866f6ce7ca91e8de741803c409a8167c306306ab7aec3d318b709bd7a5310\" target=\"_blank\" rel=\"noopener\">2302782<\/a><\/span>)<strong>\u00a0<\/strong>no que se refere ao\u00a0<strong>local da defesa<\/strong><strong>\u00a0<\/strong>onde se l\u00ea &#8220;<strong>Sala 05, Pr\u00e9dio 21, Departamento de Bot\u00e2nica, Instituto de Biologia, UFPel&#8221;<\/strong>, leia-se\u00a0&#8220;<strong>Sala do<\/strong>\u00a0<strong>Laborat\u00f3rio de Captura de Imagens (C\u00f3digo NULAB 90523), pr\u00e9dio do Departamento de Morfologia, Faculdade de Medicina, Psicologia e Terapia Ocupacional, UFPel&#8221;<\/strong><\/p>\n<p><a href=\"https:\/\/drive.google.com\/file\/d\/1ZdTfCe6WZhnNnc2a5YC5VEDG2uOdFEDE\/view?usp=sharing\" target=\"_blank\" rel=\"noopener\">Portaria 55, de 18 de agosto de 2023<\/a> &#8211; <strong>RETIFICA <\/strong>a Portaria Interna n\u00ba 53\/2023 (doc. SEI n\u00ba\u00a0<span contenteditable=\"false\"><a class=\"ancoraSei\" href=\"https:\/\/sei.ufpel.edu.br\/sei\/controlador.php?acao=protocolo_visualizar&amp;id_protocolo=2588864&amp;infra_sistema=100000100&amp;infra_unidade_atual=110000218&amp;infra_hash=45b0b8d0ea0573b73543b3b5971d418037ac223360dc108b110df35ce3256beb\" target=\"_blank\" rel=\"noopener\">2302763<\/a><\/span>)<strong>\u00a0<\/strong>no que se refere ao\u00a0<strong>hor\u00e1rio da defesa<\/strong><strong>\u00a0<\/strong>onde se l\u00ea &#8220;<em>\u00e0s 09h00min<\/em>&#8221; leia-se &#8220;<em>\u00e0s\u00a0<strong>14h00min<\/strong><\/em>&#8220;.<\/p>\n<p><a href=\"https:\/\/drive.google.com\/file\/d\/1dvpidHVks5vWls8Tfz9WqhWNq9qWb2qj\/view?usp=sharing\" target=\"_blank\" rel=\"noopener\">Portaria 54, de 16 de agosto de 2023 &#8211;<\/a> Banca Examinadora para a defesa de Trabalho de Conclus\u00e3o de Curso de Ci\u00eancias Biol\u00f3gicas Licenciatura da acad\u00eamica\u00a0<b>Isadora\u00a0Dias\u00a0Romagnoli<\/b><strong>,<\/strong>\u00a0intitulado \u201c<b>Colora\u00e7\u00f5es especiais como facilitadores no aprendizado da Histologia<\/b><strong>\u201d<\/strong>\u00a0(Orientadora\u00a0<strong>Prof.\u00aa Dr.\u00aa\u00a0Rosangela Ferreira Rodrigues<\/strong>, Coorientadora\u00a0<strong>\u00a0Prof\u00aa. Dr\u00aa.\u00a0Marla Piumbini Rocha<\/strong>). <strong>RETIFICADA<\/strong>\u00a0pela <a href=\"https:\/\/drive.google.com\/file\/d\/1qas4FDxmayzAc_kofW6WDVW6hOPef5Cy\/view?usp=sharing\" target=\"_blank\" rel=\"noopener\">Portaria 56, de 21 de agosto de 2023<\/a> &#8211;<\/p>\n<p><a href=\"https:\/\/drive.google.com\/file\/d\/1UUfUpSspWXhn-TCu8f12kNV_An13rlhn\/view?usp=sharing\" target=\"_blank\" rel=\"noopener\">Portaria 53, de 16 de agosto de 2023 &#8211;<\/a> Banca Examinadora para a defesa de Trabalho de Conclus\u00e3o de Curso de Ci\u00eancias Biol\u00f3gicas &#8211; Bacharelado da acad\u00eamica\u00a0<b>Sauara\u00a0Karima Pereira Blotta<\/b><strong>,<\/strong>\u00a0intitulado \u201c<b>Morfologia comparada do osso quadrado em corujas (Strigiformes) do Sul do Brasil<\/b><strong>\u201d<\/strong>\u00a0(Orientador\u00a0<strong>Prof. Dr.\u00a0Jos\u00e9 Eduardo Figueiredo Dornelles<\/strong>, Coorientador\u00a0<strong>\u00a0Bi\u00f3l.\u00a0Dr. Caio Jos\u00e9 Carlos<\/strong>) <strong>RETIFICADA <\/strong>pela <a href=\"https:\/\/drive.google.com\/file\/d\/1ZdTfCe6WZhnNnc2a5YC5VEDG2uOdFEDE\/view?usp=sharing\" target=\"_blank\" rel=\"noopener\">Portaria 55, de 18 de agosto de 2023<\/a> em rela\u00e7\u00e3o ao ao\u00a0<strong>hor\u00e1rio da defesa<\/strong><strong>\u00a0<\/strong>onde se l\u00ea &#8220;<em>\u00e0s 09h00min<\/em>&#8221; leia-se &#8220;<em>\u00e0s\u00a0<strong>14h00min<\/strong><\/em>&#8220;.<\/p>\n<p><a href=\"https:\/\/drive.google.com\/file\/d\/19obPmbx0XMCWCsy_FdJZb_NNRaCDDwUp\/view?usp=sharing\" target=\"_blank\" rel=\"noopener\">Portaria 52, de 16 de agosto de 2023 &#8211;<\/a> Banca Examinadora para a defesa de Trabalho de Conclus\u00e3o de Curso de Ci\u00eancias Biol\u00f3gicas &#8211; Bacharelado da acad\u00eamica\u00a0<strong>Bibiana Luizi Groff,<\/strong>\u00a0intitulado \u201c<strong>Intera\u00e7\u00f5es ecol\u00f3gicas entre macrofungos e insetos, com \u00eanfase em\u00a0<em>Drosophila<\/em>\u00a0(Diptera), no sul do Rio Grande do Sul\u201d<\/strong>\u00a0(Orientador\u00a0Prof. Dr.\u00a0<strong>Marco Silva Gottschalk<\/strong>, Coorientador\u00a0<strong>Prof. Dr. Jeferson Bugoni<\/strong>)<\/p>\n<p><a href=\"https:\/\/drive.google.com\/file\/d\/1cul-v23nxUDkZ4n7QgDnHLiLP7CBC2y2\/view?usp=sharing\" target=\"_blank\" rel=\"noopener\">Portaria 51, de 16 de agosto de 2023 &#8211;<\/a> Banca Examinadora para a defesa de Trabalho de Conclus\u00e3o de Curso de Ci\u00eancias Biol\u00f3gicas &#8211; Bacharelado do acad\u00eamico\u00a0<strong>Gustavo Grutzmann Borchardt,<\/strong>\u00a0intitulado \u201c<strong>Levantamento fotogr\u00e1fico e identifica\u00e7\u00e3o de macromicetos do Horto Municipal de Pelotas<\/strong><strong>\u201d<\/strong>\u00a0(Orientador\u00a0<strong>Prof. Dr. Eduardo Bernardi)\u00a0<\/strong><\/p>\n<p><a href=\"https:\/\/drive.google.com\/file\/d\/1xGbDrltV3sy65jjUbn_Nhedb6ymjnNlX\/view?usp=sharing\" target=\"_blank\" rel=\"noopener\">Portaria 50, de 16 de agosto de 2023 &#8211;<\/a> Banca Examinadora para a defesa de Trabalho de Conclus\u00e3o de Curso de Ci\u00eancias Biol\u00f3gicas &#8211; Licenciatura do acad\u00eamico\u00a0<strong>Jo\u00e3o Andr\u00e9 Lara Leal Martins<\/strong>\u00a0intitulado \u201c<b><i>Psilocybe cubensis<\/i>: uma an\u00e1lise bibliogr\u00e1fica sobre seu uso psicoterap\u00eautico<\/b><b><strong>\u201d<\/strong><\/b>\u00a0(Orientador\u00a0<strong>Prof. Dr. Eduardo Bernardi) . Tornada sem efeito <\/strong>pela <a href=\"https:\/\/drive.google.com\/file\/d\/19DcnaGOPZbrZwbZuJ0BWV8oB26vs6Hjw\/view?usp=sharing\" target=\"_blank\" rel=\"noopener\">Portaria 60, de 01 de setembro de 2023<\/a><strong>\u00a0<\/strong><\/p>\n<p><a href=\"https:\/\/drive.google.com\/file\/d\/1T7PdEoNC8HJ_wLUag9sZJyos1nLyC7x9\/view?usp=sharing\" target=\"_blank\" rel=\"noopener\">Portaria 49, de 16 de agosto de 2023 &#8211;<\/a> Banca Examinadora para a defesa de Trabalho de Conclus\u00e3o de Curso de Ci\u00eancias Biol\u00f3gicas &#8211; Licenciatura da acad\u00eamica\u00a0<strong>Vandriele Brune,<\/strong>\u00a0intitulado \u201c<b>Sexualidade nas escolas: concep\u00e7\u00f5es e pr\u00e1ticas pedag\u00f3gica<\/b>\u201d (Orientadora\u00a0<strong>Prof\u00aa. Dr\u00aa. Rita de C\u00e1ssia Morem C\u00f3ssio Rodriguez)<\/strong><\/p>\n<p><a href=\"https:\/\/drive.google.com\/file\/d\/1pbju4IJcSv1GRsGAwWxFCqII3zeivTB_\/view?usp=sharing\" target=\"_blank\" rel=\"noopener\">Portaria 48, de 26 de julho de 2023 &#8211;<\/a> <strong>REVOGA <\/strong>a\u00a0Portaria\u00a0Interna 47\/2023 de 24 de julho de 2023 (<span contenteditable=\"false\"><a class=\"ancoraSei\" href=\"https:\/\/sei.ufpel.edu.br\/sei\/controlador.php?acao=protocolo_visualizar&amp;id_protocolo=2551592&amp;infra_sistema=100000100&amp;infra_unidade_atual=110000218&amp;infra_hash=2065a4c162e9a5c6a2c3aa32f4372480a4dc962188bbd3f893e6c9a8b95fad58\" target=\"_blank\" rel=\"noopener\">2269029<\/a><\/span>); e <strong>MANTEM<\/strong>\u00a0as Comiss\u00f5es Permanentes e Tempor\u00e1rias do Conselho Departamental do Instituto de Biologia\u00a0<strong>ALTERANDO<\/strong> a Comiss\u00e3o de Aloca\u00e7\u00e3o de Vagas Docentes (CAVD)<\/p>\n<p><a href=\"https:\/\/drive.google.com\/file\/d\/1oN4DqCN51OZzwsS4JTXuxdLnIi6dOUun\/view?usp=sharing\" target=\"_blank\" rel=\"noopener\">Portaria 47, de 24 de julho de 2023<\/a> &#8211;\u00a0<strong>REVOGA <\/strong>as Portarias Internas 92\/2021 (<span contenteditable=\"false\"><a class=\"ancoraSei\" href=\"https:\/\/sei.ufpel.edu.br\/sei\/controlador.php?acao=protocolo_visualizar&amp;id_protocolo=1753932&amp;infra_sistema=100000100&amp;infra_unidade_atual=110000218&amp;infra_hash=2d45f5883f418672499ff0917ccb7b7df73b86b2f711e4e68a6b157bc3bad365\" target=\"_blank\" rel=\"noopener\">1552129<\/a><\/span>) e\u00a031\/2023 (<span contenteditable=\"false\"><a class=\"ancoraSei\" href=\"https:\/\/sei.ufpel.edu.br\/sei\/controlador.php?acao=protocolo_visualizar&amp;id_protocolo=2431216&amp;infra_sistema=100000100&amp;infra_unidade_atual=110000218&amp;infra_hash=77acec0254954bfa0781a9f69f9e996e863faac0ee375d277d494ba168a88176\" target=\"_blank\" rel=\"noopener\">2159960<\/a><\/span>); <strong>UNIFICA<\/strong>\u00a0as Portarias e<strong> RECOMP\u00d5EM<\/strong> as Comiss\u00f5es Permanentes e Tempor\u00e1rias do Conselho Departamental do Instituto de Biologia &#8211; <strong>REVOGADA<\/strong> pela <a href=\"https:\/\/drive.google.com\/file\/d\/1pbju4IJcSv1GRsGAwWxFCqII3zeivTB_\/view?usp=sharing\" target=\"_blank\" rel=\"noopener\">Portaria 48, de 26 de julho de 2023 &#8211;<\/a><\/p>\n<p style=\"text-align: justify;\"><a href=\"https:\/\/drive.google.com\/file\/d\/1VCMa0mAuX57hjffeqDwFwu_PEuV7McFU\/view?usp=sharing\" target=\"_blank\" rel=\"noopener\">Portaria 46 , de 07 de julho de 2023<\/a> &#8211; <strong>CONSTITUI<\/strong>\u00a0banca de defesa de disserta\u00e7\u00e3o de mestrado\u00a0da discente\u00a0<strong>Cristina Heloisa M\u00fcller\u00a0<\/strong>do Programa de P\u00f3s-Gradua\u00e7\u00e3o Multic\u00eantrico em Ci\u00eancias Fisiol\u00f3gicas,\u00a0o trabalho intitula-se:\u00a0\u201cINFLU\u00caNCIA DO ENVELHECIMENTO NA ASSOCIA\u00c7\u00c3O ENTRE POLIFARM\u00c1CIA E MORTALIDADE: ESTUDO DE COORTE DE IDOSOS DO SUL DO BRASIL&#8221;<strong>\u00a0<\/strong><\/p>\n<p><a href=\"https:\/\/drive.google.com\/file\/d\/1P4p5uoOgzIENbqFMxsSdgGtbAC2Lnjzt\/view?usp=sharing\" target=\"_blank\" rel=\"noopener\">Portaria 45, de 06 de julho de 2023<\/a> &#8211;\u00a0<strong>CONSTITUI<\/strong>\u00a0o\u00a0<strong>Grupo de Trabalho<\/strong>\u00a0respons\u00e1vel pelo preenchimento das informa\u00e7\u00f5es relacionadas ao\u00a0<strong>Plano de Desenvolvimento Institucional\u00a0 (PDU-IB)<\/strong>\u00a0no instrumento de acompanhamento aprovado em sess\u00e3o aberta do<strong>\u00a0<\/strong>Conselho Departamental do Instituto de Biologi<\/p>\n<p><a href=\"https:\/\/drive.google.com\/file\/d\/1YcJowVg93NV4zpzN6g4czNR12lZtEjbO\/view?usp=sharing\" target=\"_blank\" rel=\"noopener\">Portaria 44, de 29 de junho de 2023<\/a> &#8211; <strong>CONSTITUI <\/strong>a\u00a0\u00a0banca\u00a0do Exame de defesa de tese de Doutorado da discente<strong>\u00a0 Stef\u00e2nia Nunes Pires<\/strong>\u00a0do Programa de P\u00f3s Gradua\u00e7\u00e3o\u00a0\u00a0em Fisiologia Vegetal, cujo trabalho intitula-se: \u201c<b>ASPECTOS FISIOL\u00d3GICOS, COMPONENTES DE RENDIMENTO, QUALIDADE DE GR\u00c3OS E SEMENTES EM CULTIVARES DE ARROZ IRRIGADO SUBMETIDAS \u00c0 RESTRI\u00c7\u00c3O LUMINOSA<\/b>\u201d (SEI 2239881)<\/p>\n<p><a href=\"https:\/\/drive.google.com\/file\/d\/18I4txOzBn1Qy4E6IHvOgVGgrnVL9dI_I\/view?usp=sharing\" target=\"_blank\" rel=\"noopener\">Portaria 43, de 29 de junho de 2023 &#8211;<\/a> <strong>CONSTITUIR\u00a0<\/strong>\u00a0a banca do exame de defesa de Mestrado da discente<strong>\u00a0Bianca Jaqueline Santos Rodrigues\u200b\u00a0<\/strong>do Programa de P\u00f3s Gradua\u00e7\u00e3o\u00a0\u00a0em Fisiologia Vegetal, cuja trabalho intitula-se: &#8220;<b>Modifica\u00e7\u00f5es fisiol\u00f3gicas e bioqu\u00edmicas induzidas pelo herbicida clomazone em\u00a0<em>Eichhornia crassipes<\/em>\u00a0(Mart.) Solms<\/b>\u201d (SEI 2239814)<\/p>\n<p><a href=\"https:\/\/drive.google.com\/file\/d\/1s9K9UtzJWKnFzV8KxWZ01a50QbGWZ-56\/view?usp=sharing\" target=\"_blank\" rel=\"noopener\">Portaria 42, de 27 de junho de 2023<\/a> &#8211;\u00a0<strong>ALTERA<\/strong>\u00a0a Portaria Interna 93 (<span contenteditable=\"false\"><a class=\"ancoraSei\" href=\"https:\/\/sei.ufpel.edu.br\/sei\/controlador.php?acao=protocolo_visualizar&amp;id_protocolo=1754037&amp;infra_sistema=100000100&amp;infra_unidade_atual=110000218&amp;infra_hash=6cc82b5dbe228e6f71f8a433c1ed2f66274a36e23f53c11961ecc3f78e5b1eea\" target=\"_blank\" rel=\"noopener\">1552228<\/a><\/span>); <strong>DESIGNA<\/strong>\u00a0como membros da Comiss\u00e3o de Avalia\u00e7\u00e3o do Est\u00e1gio Probat\u00f3rio da\u00a0docente\u00a0<strong>Fernanda Hernandes Figueira\u00a0<\/strong>os<strong>\u00a0<\/strong>professores Gilson de Mendon\u00e7a (Presidente), Jucimara Baldissarelli e Marysabel Pinto Telis Silveira; <strong>MANTEM<\/strong>\u00a0o\u00a0professor Dr.\u00a0<strong>Ricardo Berteaux Robaldo<\/strong>,\u00a0como\u00a0<strong>tutor<\/strong>\u00a0e a professora Dr.\u00aa.\u00a0<strong>Denise Calisto Bongalhardo<\/strong>\u00a0como\u00a0<strong>Chefia imediata\u00a0<\/strong>no acompanhamento do<strong>\u00a0<\/strong>Est\u00e1gio Probat\u00f3rio da\u00a0docente\u00a0<strong>Fernanda Hernandes Figueira.<\/strong><\/p>\n<p style=\"text-align: justify;\"><a href=\"https:\/\/drive.google.com\/file\/d\/16Ol8q_i2vZTXE_Th4ffDafhuyqIyOVjG\/view?usp=sharing\" target=\"_blank\" rel=\"noopener\">Portaria 41, de 23 de junho de 2023<\/a> &#8211; <strong>CONSTITUI<\/strong>\u00a0a\u00a0Comiss\u00e3o respons\u00e1vel pela\u00a0Divulga\u00e7\u00e3o do Programa de P\u00f3s-Gradua\u00e7\u00e3o Multic\u00eantrico em Ci\u00eancias Fisiol\u00f3gicas<\/p>\n<p><a href=\"https:\/\/drive.google.com\/file\/d\/1Bnj3xBnBy7pRjI0nBIH9T7uSAs6t-nvy\/view?usp=sharing\" target=\"_blank\" rel=\"noopener\">Portaria 40, de 22 de junho de 2023<\/a> &#8211; <strong>\u00a0REVOGA <\/strong>a\u00a0<a href=\"https:\/\/drive.google.com\/file\/d\/1_CJaSJXZlWpGvh6WGzQ1JoeN3rn0CCEg\/view?usp=sharing\" target=\"_blank\" rel=\"noopener\">Portaria n\u00ba 31, de 14 de junho de 2021<\/a>\u00a0\u2013 (<span contenteditable=\"false\"><a class=\"ancoraSei\" href=\"https:\/\/sei.ufpel.edu.br\/sei\/controlador.php?acao=protocolo_visualizar&amp;id_protocolo=1507633&amp;infra_sistema=100000100&amp;infra_unidade_atual=110000218&amp;infra_hash=d1a417fdf7182bb2c3c6f03dd3d522792091b688d8ca6fb7c0935a1cb1ac1049\" target=\"_blank\" rel=\"noopener\">1330045<\/a><\/span>), <strong>DESIGNA<\/strong>\u00a0o Professor\u00a0<strong>\u00a0<a id=\"anchor2502851\" target=\"_blank\" rel=\"noopener\"><\/a>RAFAEL KRETSCHMER<\/strong><strong>\u00a0<\/strong>para Representante Titular e a Professora\u00a0<strong>FRANCELE DE ABREU CARLAN<\/strong>\u00a0para Representante Suplente\u00a0da Classe dos Professores Adjuntos\u00a0no Conselho Departamental do Instituto de Biologia com mandatos at\u00e9 22\/06\/2025.<\/p>\n<p><a href=\"https:\/\/drive.google.com\/file\/d\/1HVEQAPuZGEzJPm4UrC291a_kiOD0rNdT\/view?usp=sharing\" target=\"_blank\" rel=\"noopener\">Portaria 39, de 19 de junho de 2023<\/a> &#8211; <strong>1) DESIGNA<\/strong>\u00a0<strong>TUTOR; <\/strong><strong>Comiss\u00e3o de Avalia\u00e7\u00e3o de Est\u00e1gio Probat\u00f3rio e\u00a0 <\/strong><strong>Chefia imediata\u00a0<\/strong>no acompanhamento do<strong>\u00a0<\/strong>Est\u00e1gio Probat\u00f3rio do\u00a0docente\u00a0<strong>M\u00e1rcio Silva de Souza.<\/strong><\/p>\n<p><a href=\"https:\/\/drive.google.com\/file\/d\/1ppdK-vN3HpOlbczxM4QKO1IbdqOLbI4a\/view?usp=sharing\" target=\"_blank\" rel=\"noopener\">Portaria 38, de 19 de junho de 2023<\/a> &#8211; <strong>REVOGA <\/strong>a PORTARIA N\u00ba 32, DE 14 DE JUNHO DE 2021 (<span contenteditable=\"false\"><a class=\"ancoraSei\" href=\"https:\/\/sei.ufpel.edu.br\/sei\/controlador.php?acao=protocolo_visualizar&amp;id_protocolo=1507665&amp;infra_sistema=100000100&amp;infra_unidade_atual=110000218&amp;infra_hash=2a90947b1c59a88a54691f1129a8c9d8a4914ab34ab5997fff9105210f547868\" target=\"_blank\" rel=\"noopener\">1330074<\/a><\/span>); <strong>DESIGNA<\/strong>\u00a0a Professora\u00a0\u00a0<strong>ANA PAULA NUNES\u00a0<\/strong>para Representante Titular e a Professora\u00a0<strong>RITA DE CASSIA MOREM COSSIO RODRIGUEZ<\/strong>\u00a0para Representante Suplente\u00a0da Classe dos Professores Associados no Conselho Departamental do Instituto de Biologia com mandatos at\u00e9 19\/06\/2025.<\/p>\n<p><a href=\"https:\/\/drive.google.com\/file\/d\/151CLtavkDPcreduqwt2hSpO7ZMQ974AO\/view?usp=sharing\" target=\"_blank\" rel=\"noopener\">Portaria 37, de 14 de junho de 2023<\/a> &#8211;\u00a0<strong>REVOGA a <\/strong>PORTARIA N\u00ba 64, DE 26 DE SETEMBRO DE 2022 (<span contenteditable=\"false\"><a class=\"ancoraSei\" href=\"https:\/\/sei.ufpel.edu.br\/sei\/controlador.php?acao=protocolo_visualizar&amp;id_protocolo=2117257&amp;infra_sistema=100000100&amp;infra_unidade_atual=110000218&amp;infra_hash=8d658eef0c222b3fa9a9adac748d931585e394815c7f9611884aed801a25cad2\" target=\"_blank\" rel=\"noopener\">1877912<\/a><\/span>);\u00a0<strong>RECOMP\u00d5EM<\/strong> a Comiss\u00e3o respons\u00e1vel pela proposta de atualiza\u00e7\u00e3o do Regimento do Instituto de Biologia<\/p>\n<p><a href=\"https:\/\/drive.google.com\/file\/d\/1-Fk0VqBgtimVvs8SfF2rSuw8carjvyjB\/view?usp=sharing\" target=\"_blank\" rel=\"noopener\">Portaria 36, de 13 de junho de 2023<\/a> &#8211; <strong>REVOGA<\/strong>\u00a0a Portaria Interna n\u00ba 85 de\u00a0\u00a026 de outubro de\u00a0\u00a02022\u00a0 (<span contenteditable=\"false\"><a class=\"ancoraSei\" href=\"https:\/\/sei.ufpel.edu.br\/sei\/controlador.php?acao=protocolo_visualizar&amp;id_protocolo=2159683&amp;infra_sistema=100000100&amp;infra_unidade_atual=110000218&amp;infra_hash=f96f6414f48f296647cf801486afa39b3672634ca8abad35007eef4b0587ec31\" target=\"_blank\" rel=\"noopener\">1916335<\/a><\/span>); <strong>CONSTITUI <\/strong>a composi\u00e7\u00e3o do Colegiado do Programa de P\u00f3s-Gradua\u00e7\u00e3o Multic\u00eantrico em Ci\u00eancias Fisiol\u00f3gicas<\/p>\n<p><a href=\"https:\/\/drive.google.com\/file\/d\/1LBzT1LBlb9fg8sYfhz0i9d58KduPaUjp\/view?usp=sharing\" target=\"_blank\" rel=\"noopener\">Portaria 35, de 26 de maio de 2023<\/a> &#8211; <strong>LOCALIZA <\/strong>a\u00a0servidora docente\u00a0<strong>Mar\u00edlia Shibata &#8211; DB\/IB<\/strong><\/p>\n<p><a href=\"https:\/\/drive.google.com\/file\/d\/1QDtKYph7rDSsiC7UlAJfJaHL11ThLctu\/view?usp=sharing\" target=\"_blank\" rel=\"noopener\">Portaria 34, de 25 de maio de 2023<\/a> &#8211; <strong>CONSTITUI <\/strong>a\u00a0\u00a0banca\u00a0do Exame de defesa de tese de Doutorado da discente<strong>\u00a0 Tha\u00eds Stradioto Melo<\/strong>\u00a0do Programa de P\u00f3s Gradua\u00e7\u00e3o\u00a0\u00a0em Fisiologia Vegetal, cuja tese\u00a0\u00a0intitula-se:\u00a0<strong><span id=\"page3R_mcid27\"><span dir=\"ltr\" role=\"presentation\">BASES ECOFISIOL\u00d3GICAS PARA A VIABILIZA\u00c7\u00c3O DO<\/span><span dir=\"ltr\" role=\"presentation\">\u00a0CONS\u00d3RCIO DE CULTIVOS EM AMBIENTES DE TERRAS BAIXAS DO SUL<\/span><span dir=\"ltr\" role=\"presentation\">\u00a0DO BRASIL<\/span><span dir=\"ltr\" role=\"presentation\">\u201d<\/span><\/span><\/strong><\/p>\n<p style=\"text-align: justify;\"><a href=\"https:\/\/drive.google.com\/file\/d\/1L8isISpTWCzmcAwI3Suhw9PO07XraNXs\/view?usp=share_link\" target=\"_blank\" rel=\"noopener\">Portaria 33, de 12 de maio de 2023 &#8211;<\/a> <strong>RETIFICA<\/strong>\u00a0a Portaria Interna 10 (<span contenteditable=\"false\"><a class=\"ancoraSei\" href=\"https:\/\/sei.ufpel.edu.br\/sei\/controlador.php?acao=protocolo_visualizar&amp;id_protocolo=2320409&amp;infra_sistema=100000100&amp;infra_unidade_atual=110000218&amp;infra_hash=e7975599fd4e00eb6e1c8f9a7eabb974919f6a710b911687e4d805f11f9216b7\" target=\"_blank\" rel=\"noopener\">2060778<\/a><\/span>) corrigindo nome\u00a0dos docentes que compuseram\u00a0a banca de\u00a0 defesa de Exame de Qualifica\u00e7\u00e3o de Mestrado do discente<strong>\u00a0Thiago Francisco de Carvalho Oliveira\u200b\u00a0<\/strong>do PPG em Fisiologia Vegetal, com o projeto intitulado\u00a0<em><strong>\u201c<\/strong><\/em><b>Estudos de\u00a0<\/b><b>E<\/b><b>letrofisiologia em\u00a0<\/b><b>P<\/b><b>lantas<\/b><em><strong>\u201d\u00a0<\/strong><\/em><\/p>\n<p style=\"text-align: justify;\"><a href=\"https:\/\/drive.google.com\/file\/d\/11b7Ow9k8Z_lgbSy8L1g9HJFgNOrN3Bcv\/view?usp=share_link\" target=\"_blank\" rel=\"noopener\">Portaria 32, de 08 de maio de 2023<\/a> &#8211; <strong>CONSTITUI <\/strong>banca do Exame de Qualifica\u00e7\u00e3o de Doutorado da\u00a0discente\u00a0<strong>Gabrielle Leivas de Leivas<\/strong> do PPG em Fisiologia Vegetal, o projeto intitula-se: \u201cAporte de nitrog\u00eanio e seus efeitos na mitiga\u00e7\u00e3o do estresse por hip\u00f3xia em plantas de pessegueiro e ameixeira\u201d.<\/p>\n<p style=\"text-align: justify;\"><a href=\"https:\/\/drive.google.com\/file\/d\/1LY9_c7u2SGikBFruxcBOQ3E4Sxtu128t\/view?usp=share_link\" target=\"_blank\" rel=\"noopener\">Portaria 31, de 06 de maio de 2023 &#8211;<\/a> <strong>RECONSTITUI<\/strong>\u00a0a\u00a0<strong>Comiss\u00e3o\u00a0Tempor\u00e1ria\u00a0de Acompanhamento do Plano de Desenvolvimento Institucional (CTAPDU-IB)\u00a0\u00a0<\/strong>do Conselho Departamental do Instituto de Biologia &#8211; <strong>REVOGADA<\/strong> pelas <a href=\"https:\/\/drive.google.com\/file\/d\/1oN4DqCN51OZzwsS4JTXuxdLnIi6dOUun\/view?usp=sharing\" target=\"_blank\" rel=\"noopener\">Portaria 47, de 24 de julho de 2023<\/a>\u00a0 e <a href=\"https:\/\/drive.google.com\/file\/d\/1pbju4IJcSv1GRsGAwWxFCqII3zeivTB_\/view?usp=sharing\" target=\"_blank\" rel=\"noopener\">Portaria 48, de 26 de julho de 2023<\/a><\/p>\n<p style=\"text-align: justify;\"><a href=\"https:\/\/drive.google.com\/file\/d\/1MrKV29Stc_srQzVlR9jTXzNBP3G3abIf\/view?usp=share_link\" target=\"_blank\" rel=\"noopener\">Portaria 30, de 03 de maio de 2023<\/a> &#8211;\u00a0<strong> REVOGA<\/strong>\u00a0a Portaria\u00a0n\u00ba\u00a025, de 04 de maio de 2022\u00a0(<span contenteditable=\"false\"><a class=\"ancoraSei\" href=\"https:\/\/sei.ufpel.edu.br\/sei\/controlador.php?acao=protocolo_visualizar&amp;id_protocolo=1904127&amp;infra_sistema=100000100&amp;infra_unidade_atual=110000218&amp;infra_hash=2f57f6ed3d4919e72b593fea7831e2a22189f41a83aaf49655da2daa871d4f8b\" target=\"_blank\" rel=\"noopener\">1686679<\/a><\/span>) que trata da composi\u00e7\u00e3o do N\u00facleo Docente Estruturante \u2013 NDE do Colegiado dos Cursos de Bacharelado e Licenciatura em Ci\u00eancias Biol\u00f3gicas, do Instituto de Biologia. <strong>RECONSTITUIR <\/strong>o N\u00facleo Docente Estruturante \u2013 NDE do Curso de Ci\u00eancias Biol\u00f3gicas \u2013 Bacharelado e Licenciatura, composto\u00a0por:<\/p>\n<p style=\"text-align: justify;\"><a href=\"https:\/\/drive.google.com\/file\/d\/1UMIS1ghF_QEkC2kTFv7NqAfJipGzwxWs\/view?usp=share_link\" target=\"_blank\" rel=\"noopener\">Portaria 29, de 02 de maio de 2023<\/a> &#8211; <strong>TORNA sem efeito <\/strong>a PORTARIA N\u00ba 26, DE 20 DE ABRIL DE 2023 (doc. SEI n\u00ba\u00a0<span contenteditable=\"false\"><a class=\"ancoraSei\" href=\"https:\/\/sei.ufpel.edu.br\/sei\/controlador.php?acao=protocolo_visualizar&amp;id_protocolo=2408626&amp;infra_sistema=100000100&amp;infra_unidade_atual=110000218&amp;infra_hash=4ac083aa54abefa79fa0fc06c3e89acd142bc49a9a97aa4ce40d765fbe193d55\" target=\"_blank\" rel=\"noopener\">2139333<\/a><\/span>) que\u00a0<strong>CONSTITUIU<\/strong>\u00a0a Banca Examinadora para a defesa de Trabalho de Conclus\u00e3o de Curso de Ci\u00eancias Biol\u00f3gicas \u2013 Bacharelado do acad\u00eamico\u00a0<strong>Denner Balhego Moreira Hax,<\/strong>\u00a0intitulado \u201c<strong>Emprego da arboriza\u00e7\u00e3o urbana para valoriza\u00e7\u00e3o das esp\u00e9cies arb\u00f3reas nativas<\/strong>\u201d<\/p>\n<p style=\"text-align: justify;\"><a href=\"https:\/\/drive.google.com\/file\/d\/1hSSl62y-poEf2LJqhIn-E7ATdovSc86l\/view?usp=share_link\" target=\"_blank\" rel=\"noopener\">Portaria 28, de 02 de maio de 2023<\/a> &#8211; <strong>CONSTITUI<\/strong>\u00a0a Comiss\u00e3o que analisou (27\/04\/2023,\u00a0\u00a008h30min) os processos de ingresso nos cursos de gradua\u00e7\u00e3o presenciais nas modalidades de REOP\u00c7\u00c3O, REINGRESSO, TRANSFER\u00caNCIA, RETOMADA DE ESTUDOS e PORTADOR DE DIPLOMA DE ENSINO SUPERIOR, para vagas dispon\u00edveis no 1\u00ba semestre de 2023 (Processo n\u00ba\u00a0<span contenteditable=\"false\"><a class=\"ancoraSei\" href=\"https:\/\/sei.ufpel.edu.br\/sei\/controlador.php?acao=protocolo_visualizar&amp;id_protocolo=2324155&amp;infra_sistema=100000100&amp;infra_unidade_atual=110000218&amp;infra_hash=efd20a64e877de3f5633eb5814bb5603f6e43966d112d5ace369483af54bc97e\" target=\"_blank\" rel=\"noopener\">23110.006294\/2023-36<\/a><\/span>)<\/p>\n<p style=\"text-align: justify;\"><a href=\"https:\/\/drive.google.com\/file\/d\/1QZtdHJoQKftf2-kB23lEdZrrZBP5eVae\/view?usp=share_link\" target=\"_blank\" rel=\"noopener\">Portaria 27, de 2o de abril de 2023<\/a> &#8211; <strong>RECOMP\u00d5EM <\/strong>a Comiss\u00e3o de Compras do Instituto de Biologia com a seguinte composi\u00e7\u00e3o<\/p>\n<p style=\"text-align: justify;\"><a href=\"https:\/\/drive.google.com\/file\/d\/1kB7uUREtq1pZrDuJHV-T_zKOHi0b0K6s\/view?usp=share_link\" target=\"_blank\" rel=\"noopener\">Portaria 26, de 20 de abril de 2023<\/a> &#8211; <strong>CONSTITUI<\/strong>\u00a0a Banca Examinadora para a defesa de Trabalho de Conclus\u00e3o de Curso de Ci\u00eancias Biol\u00f3gicas \u2013 Bacharelado do acad\u00eamico\u00a0<strong>Denner Balhego Moreira Hax,<\/strong>\u00a0intitulado \u201c<strong>Emprego da arboriza\u00e7\u00e3o urbana para valoriza\u00e7\u00e3o das esp\u00e9cies arb\u00f3reas nativas<\/strong>\u201d<strong>. Tornada sem efeito<\/strong> pela <a href=\"https:\/\/drive.google.com\/file\/d\/1UMIS1ghF_QEkC2kTFv7NqAfJipGzwxWs\/view?usp=share_link\" target=\"_blank\" rel=\"noopener\">Portaria 29, de 02 de maio de 2023<\/a><\/p>\n<p style=\"text-align: justify;\"><a href=\"https:\/\/drive.google.com\/file\/d\/1JrpYDSo6lUOo56cCh2sqdWltZ0FwwOac\/view?usp=share_link\" target=\"_blank\" rel=\"noopener\">Portaria 25, de 18 de abril de 2023<\/a> &#8211; <strong>DESLIGA<\/strong>\u00a0a pedido da servidora TAE\u00a0<strong>Karine Massia Pereira<\/strong>\u00a0das Comiss\u00f5es de Compras (PORTARIA No 77, DE 04 DE NOVEMBRO DE 2021,\u00a0<span contenteditable=\"false\"><a class=\"ancoraSei\" href=\"https:\/\/sei.ufpel.edu.br\/sei\/controlador.php?acao=protocolo_visualizar&amp;id_protocolo=1680911&amp;infra_sistema=100000100&amp;infra_unidade_atual=110000218&amp;infra_hash=a64e96a4c4c79b7c0deb4453d47fc68fd5693207dac7fabd607aa0b6de5417c5\" target=\"_blank\" rel=\"noopener\">1485906<\/a><\/span>) e de Atualiza\u00e7\u00e3o do Regimento (PORTARIA No 64, DE 26 DE SETEMBRO DE 2022,\u00a0<span contenteditable=\"false\"><a class=\"ancoraSei\" href=\"https:\/\/sei.ufpel.edu.br\/sei\/controlador.php?acao=protocolo_visualizar&amp;id_protocolo=2117257&amp;infra_sistema=100000100&amp;infra_unidade_atual=110000218&amp;infra_hash=6af72c97de360e0df5d52b2f32dddbc5a38cc115d88713b098c7dfa6ddc9f3a6\" target=\"_blank\" rel=\"noopener\">1877912<\/a><\/span>)\u00a0 do Instituto de Biologia<\/p>\n<p style=\"text-align: justify;\"><a href=\"https:\/\/drive.google.com\/file\/d\/104jPZ0ZxMty-IgekR2N2t6EVhI883wsk\/view?usp=share_link\" target=\"_blank\" rel=\"noopener\">Portaria 24, de 17 de abril de 2023<\/a> &#8211; <strong>CONSTITUI<\/strong>\u00a0banca\u00a0do Exame de defesa de tese de Doutorado da discente<strong>\u00a0Yutc\u00e9lia Carolina Galviz Fajardo\u00a0<\/strong>do PPG em Fisiologia Vegetal, o\u00a0projeto intitula-se: \u201c<strong>Respostas fisiol\u00f3gicas e mecanismos moleculares de mem\u00f3ria em plantas de arroz expostas a diferentes est\u00edmulos recorrentes e combinados\u201d<\/strong><\/p>\n<p style=\"text-align: justify;\"><a href=\"https:\/\/drive.google.com\/file\/d\/1LKGtx5Z3i056KgOYYbOvMqf-PArFW-DR\/view?usp=share_link\" target=\"_blank\" rel=\"noopener\">Portaria 23, de 10 de abril de 2023<\/a> &#8211; <strong>CONSTITUI<\/strong>\u00a0a Banca Examinadora para a defesa de Trabalho de Conclus\u00e3o de Curso de Ci\u00eancias Biol\u00f3gicas \u2013 Bacharelado do acad\u00eamico\u00a0<strong>Vin\u00edcio da Silva Martins Junior,<\/strong>\u00a0intitulado \u201c<b>Diversidade de cogumelos no Munic\u00edpio de Cap\u00e3o do Le\u00e3o \u2013 Extremo Sul do Rio Grande do Sul<\/b>\u201d (Orientador\u00a0<strong>Prof. Dr. Eduardo Bernardi<\/strong>)<\/p>\n<p style=\"text-align: justify;\"><a href=\"https:\/\/drive.google.com\/file\/d\/1r0MgPjjyNqAkQ6p0M1ojKl5CjIT9muGr\/view?usp=share_link\" target=\"_blank\" rel=\"noopener\">Portaria 22, de 10 de abril de 2023<\/a> &#8211; <strong>CONSTITUI<\/strong>\u00a0a Banca Examinadora para a defesa de Trabalho de Conclus\u00e3o de Curso de Ci\u00eancias Biol\u00f3gicas \u2013 Bacharelado da acad\u00eamica\u00a0<strong>Stefanie Bento Mena,<\/strong>\u00a0intitulado \u201c<strong>Levantamento etnobot\u00e2nico de plantas medicinais no Quilombo V\u00f3 Elvira na regi\u00e3o de Pelotas, no sul do Brasil<\/strong>\u201d (Orientador\u00a0<strong>Prof. Dr. Cl\u00e1udio Baptista Carle<\/strong>)<\/p>\n<p style=\"text-align: justify;\"><a href=\"https:\/\/drive.google.com\/file\/d\/187r5wb3LeaSUKcVgEg9-6Fvf3zb0-3wE\/view?usp=share_link\" target=\"_blank\" rel=\"noopener\">Portaria 21, de 10 de abril de 2023<\/a> &#8211; <strong>CONSTITUI<\/strong>\u00a0a Banca Examinadora para a defesa de Trabalho de Conclus\u00e3o de Curso de Ci\u00eancias Biol\u00f3gicas \u2013 Bacharelado do acad\u00eamico\u00a0<strong>Marcos C\u00e9sar Faustino,<\/strong>\u00a0intitulado \u201c<strong>Morcegos forrageando em rodovias: relato de caso e revis\u00e3o de evid\u00eancias<\/strong>\u201d (Orientadora\u00a0<strong>Prof\u00aa. Dr\u00aa. Ana Maria Rui)<\/strong><\/p>\n<p style=\"text-align: justify;\"><a href=\"https:\/\/drive.google.com\/file\/d\/1k9Nce4bmlXEnKQhSpCuc8DFA6XVf3mk7\/view?usp=share_link\" target=\"_blank\" rel=\"noopener\">Portaria 20, de 10 de abril de 2023<\/a> &#8211; <strong>CONSTITUI<\/strong>\u00a0a Banca Examinadora para a defesa de Trabalho de Conclus\u00e3o de Curso de Ci\u00eancias Biol\u00f3gicas \u2013 Licenciatura da acad\u00eamica\u00a0<strong>Laura Echer Barbieri,<\/strong>\u00a0intitulado \u201c<strong>Investigando o campo do saber &#8216;Micologia&#8217;\u00a0na forma\u00e7\u00e3o de professores de Ci\u00eancias e Biologia de Universidades da Regi\u00e3o Sul do estado do Rio Grande do Su<\/strong>\u201d (Orientadora\u00a0<strong>Prof\u00aa. Dr\u00aa. Francele de Abreu Carlan<\/strong>)<\/p>\n<p style=\"text-align: justify;\"><a href=\"https:\/\/drive.google.com\/file\/d\/1_prinHgd4ZCfcZZg_LF1gmRi-WCdmXFU\/view?usp=share_link\" target=\"_blank\" rel=\"noopener\">Portaria 19, de 10 de abril de 2023<\/a> &#8211; <strong>CONSTITUI<\/strong>\u00a0a Banca Examinadora para a defesa de Trabalho de Conclus\u00e3o de Curso de Ci\u00eancias Biol\u00f3gicas \u2013 Bacharelado do acad\u00eamico\u00a0<strong>Janry\u00ea Kloppemburg Chagas,<\/strong>\u00a0intitulado \u201c<strong>Revis\u00e3o sistem\u00e1tica do uso e sele\u00e7\u00e3o de abrigos por morcegos no Brasil<\/strong>\u201d (Orientadora\u00a0<strong>Prof\u00aa. Dr\u00aa. Ana Maria Rui)<\/strong><\/p>\n<p style=\"text-align: justify;\"><a href=\"https:\/\/drive.google.com\/file\/d\/1WW5nV-RpMmw8KwItubY-i_QpKGkMW1Lq\/view?usp=share_link\" target=\"_blank\" rel=\"noopener\">Portaria 18, de 10 de abril de 2023<\/a> &#8211; <strong>CONSTITUI<\/strong>\u00a0a Banca Examinadora para a defesa de Trabalho de Conclus\u00e3o de Curso de Ci\u00eancias Biol\u00f3gicas \u2013 Bacharelado do acad\u00eamico\u00a0<strong>Filipe Obelar Martins,<\/strong>\u00a0intitulado \u201c<strong>Avalia\u00e7\u00e3o da efic\u00e1cia do \u00f3leo essencial de\u00a0<em>Lippia origanoides<\/em>\u00a0sobre trofozo\u00edtos de\u00a0<em>Trichomonas gallinae<\/em>\u00a0e\u00a0<em>Trichomonas vaginalis<\/em><\/strong>\u201d (Orientadora\u00a0<strong>Prof\u00aa. Dr\u00aa.\u00a0Camila Belmonte Oliveira,\u00a0<\/strong>Coorientadora\u00a0<strong>\u00a0M\u00e9d\u00aa. Vet\u00aa. MSc. Marjorie de Giacometi<\/strong>)<\/p>\n<p style=\"text-align: justify;\"><a href=\"https:\/\/drive.google.com\/file\/d\/1HWN_tlvU2kCTC010ZX3RMGVhrk2yxHcX\/view?usp=share_link\" target=\"_blank\" rel=\"noopener\">Portaria 17, de 10 de abril de 2023<\/a> &#8211; <strong>CONSTITUI<\/strong>\u00a0a Banca Examinadora para a defesa de Trabalho de Conclus\u00e3o de Curso de Ci\u00eancias Biol\u00f3gicas \u2013 Bacharelado da acad\u00eamica\u00a0<strong>Juliana Gabriela Geri Moreira,<\/strong>\u00a0intitulado \u201c<strong>Toler\u00e2ncia t\u00e9rmica de juvenis de\u00a0<em>Odontesthes argentinensis<\/em>\u00a0expostos ao herbicida Roundup transorb\u00ae (RT)<\/strong>\u201d (Orientador\u00a0<strong>Prof. Dr. Ricardo Berteaux Robaldo,\u00a0<\/strong>Coorientador\u00a0<strong>Prof. Dr.\u00a0Yuri Dornelles Zebral<\/strong>)<\/p>\n<p style=\"text-align: justify;\"><a href=\"https:\/\/drive.google.com\/file\/d\/1F0EEIetIg1M3pIfQJJDc1ySNxwt9Tko0\/view?usp=share_link\" target=\"_blank\" rel=\"noopener\">Portaria 16, de 10 de abril de 2023<\/a> &#8211; <strong>CONSTITUI <\/strong>a Banca Examinadora para a defesa de Trabalho de Conclus\u00e3o de Curso de Ci\u00eancias Biol\u00f3gicas \u2013 Bacharelado do acad\u00eamico\u00a0<strong>Eduardo Bugoni,<\/strong>\u00a0intitulado \u201c<strong>Contribui\u00e7\u00e3o da ci\u00eancia cidad\u00e3 para o conhecimento da distribui\u00e7\u00e3o da avifauna no Rio Grande do Sul, Brasil<\/strong>\u201d (Orientador\u00a0<strong>Prof. Dr. Rafael Antunes Dias)<\/strong><\/p>\n<p style=\"text-align: justify;\"><a href=\"https:\/\/drive.google.com\/file\/d\/1Sz7nf7bKK_UeZpPZ8k2pOIm3OFv_E4OV\/view?usp=share_link\" target=\"_blank\" rel=\"noopener\">Portaria 15, de 10 de abril de 2023<\/a> &#8211; <strong>CONSTITUI<\/strong>\u00a0a Banca Examinadora para a defesa de Trabalho de Conclus\u00e3o de Curso de Ci\u00eancias Biol\u00f3gicas \u2013 Bacharelado do acad\u00eamico\u00a0<strong>Martim Braulio Peres Silva,<\/strong>\u00a0intitulado \u201c<strong>Uso da morfometria em drosofil\u00eddeos ant\u00f3filos para o aux\u00edlio na separa\u00e7\u00e3o de esp\u00e9cies e sua rela\u00e7\u00e3o com a especializa\u00e7\u00e3o ecol\u00f3gica<\/strong>\u201d (Orientadora\u00a0<strong>Prof\u00aa. Dr\u00aa. Juliana Cordeiro,\u00a0<\/strong>Coorientadora\u00a0<strong>Bi\u00f3l\u00aa. MSc. Tuane Let\u00edcia Carvalho<\/strong>)<\/p>\n<p style=\"text-align: justify;\"><a href=\"https:\/\/drive.google.com\/file\/d\/1sI8FZVRzYOlEZKEtlizuY6dglGr6unyY\/view?usp=share_link\" target=\"_blank\" rel=\"noopener\">Portaria 14, de trinta de mar\u00e7o de 2023<\/a> &#8211; <strong>CONSTITUI<\/strong> a Comiss\u00e3o Tempor\u00e1ria de Acompanhamento do Plano de Desenvolvimento Institucional (CTAPDU-IB). Alterada pela <a href=\"https:\/\/drive.google.com\/file\/d\/1LY9_c7u2SGikBFruxcBOQ3E4Sxtu128t\/view?usp=share_link\" target=\"_blank\" rel=\"noopener\">Portaria 31, de 06 de maio de 2023 &#8211;<\/a><\/p>\n<p style=\"text-align: justify;\"><a href=\"https:\/\/drive.google.com\/file\/d\/1mKnF68UBh7a_88k8oREVfu9Tl5hRXJ8l\/view?usp=share_link\" target=\"_blank\" rel=\"noopener\">Portaria 13, de 16 de mar\u00e7o de 2023<\/a> &#8211; <strong>CONSTITUI<\/strong>\u00a0banca examinadora para o processo seletivo simplificado\u00a0para Professor Visitante do Programa de P\u00f3s-Gradua\u00e7\u00e3o em Fisiologia Vegetal, EDITAL N\u00ba 241\/2022<\/p>\n<p style=\"text-align: justify;\"><a href=\"https:\/\/drive.google.com\/file\/d\/1hb_Po6ZPxeJC_oDWygwiqLJZh9WplkoP\/view?usp=share_link\" target=\"_blank\" rel=\"noopener\">Portaria 12, de 09 de mar\u00e7o de 2023 &#8211;<\/a> <strong>DESIGNA<\/strong> <strong>TUTOR, COMISS\u00c2O AVALIADORA e CHEFIA IMEDIATA <\/strong>para acompanhamento do est\u00e1gio probat\u00f3rio da docente <strong>Mar\u00edlia Shibata. ALTERADA <\/strong>pela <strong><a href=\"https:\/\/drive.google.com\/file\/d\/1l5TE-KByEnwn5nbpPQ23loX2I5vIcl_T\/view?usp=sharing\" target=\"_blank\" rel=\"noopener\">Portaria 66, de 19 de agosto de 2025<\/a><\/strong><\/p>\n<p style=\"text-align: justify;\"><a href=\"https:\/\/drive.google.com\/file\/d\/1cI-QQrUWd5aCvX4M8JWYeT9z3ORxqTqK\/view?usp=share_link\" target=\"_blank\" rel=\"noopener\">Portaria 11, de 03 de mar\u00e7o de 2023<\/a> &#8211;\u00a0<strong>REVOGA<\/strong>\u00a0a Portaria n\u00ba 3, de\u00a027 de janeiro de 2023 (<span contenteditable=\"false\"><a class=\"ancoraSei\" href=\"https:\/\/sei.ufpel.edu.br\/sei\/controlador.php?acao=protocolo_visualizar&amp;id_protocolo=2285007&amp;infra_sistema=100000100&amp;infra_unidade_atual=110000218&amp;infra_hash=0c092f129f675d6df2e121de4dbec6fca95a63ea6abed6946bb930447fd45085\" target=\"_blank\" rel=\"noopener\">2028935<\/a><\/span>) que trata da composi\u00e7\u00e3o do Colegiado dos Cursos de Bacharelado e Licenciatura em Ci\u00eancias Biol\u00f3gicas, do Instituto de Biologia.\u00a0<strong>CONSOLIDA<\/strong> a nova composi\u00e7\u00e3o do Colegiado dos Cursos de Gradua\u00e7\u00e3o em Ci\u00eancias Biol\u00f3gicas Bacharelado e Licenciatura<\/p>\n<p style=\"text-align: justify;\"><a href=\"https:\/\/drive.google.com\/file\/d\/1ZHtOxPmoXo8Kfn1hdU49WbGNy_V9Pp9S\/view?usp=share_link\" target=\"_blank\" rel=\"noopener\">Portaria 10, de 24 de fevereiro de 2023<\/a> &#8211; <strong>\u200bCONSTITUI <\/strong>\u00a0a banca de defesa de Exame de Qualifica\u00e7\u00e3o de Mestrado do discente<strong>\u00a0Thiago Francisco de Carvalho Oliveira\u200b\u00a0<\/strong>do PPG em Fisiologia Vegetal, com o projeto intitulado\u00a0<em><strong>\u201c<\/strong><\/em><b>Estudos de\u00a0<\/b><b>E<\/b><b>letrofisiologia em\u00a0<\/b><b>P<\/b><b>lantas. <\/b><strong>Retificada<\/strong> pela <b><a href=\"https:\/\/drive.google.com\/file\/d\/1L8isISpTWCzmcAwI3Suhw9PO07XraNXs\/view?usp=share_link\" target=\"_blank\" rel=\"noopener\">Portaria 33, de 12 de maio de 2023 &#8211;<\/a><\/b><\/p>\n<p style=\"text-align: justify;\"><a href=\"https:\/\/drive.google.com\/file\/d\/1jd2iWiBpGt0ZGNg3630zHrhJQxmxbvKQ\/view?usp=share_link\" target=\"_blank\" rel=\"noopener\">Portaria 09, de 09 de fevereiro de 2023<\/a> &#8211;\u00a0<strong>REVOGA<\/strong>\u00a0a Portaria Interna 7 (<strong><span contenteditable=\"false\"><a class=\"ancoraSei\" href=\"https:\/\/sei.ufpel.edu.br\/sei\/controlador.php?acao=protocolo_visualizar&amp;id_protocolo=2296962&amp;infra_sistema=100000100&amp;infra_unidade_atual=110000218&amp;infra_hash=f9ab0e1434be8b8d3d19a1f764fa80b1da7a51bc1ea6370d3ef5b58f9ee68b3f\" target=\"_blank\" rel=\"noopener\">2039604<\/a><\/span><\/strong>) <strong>CONSTITUI<\/strong>\u00a0a\u00a0banca de\u00a0defesa da tese de Doutorado da discente<strong>\u00a0Caroline Hernke Thiel<\/strong><strong>\u00a0<\/strong>do PPG em Fisiologia Vegetal, o\u00a0trabalho intitula-se: \u201cCARACTER\u00cdSTICAS FOTOSSINT\u00c9TICAS E MODULA\u00c7\u00c3O DO SISTEMA ANTIOXIDANTE DE DEFESA CELULAR EM RESPOSTA AO ESTRESSE POR ALTA LUMINOSIDADE EM PLANTAS DE TR\u00caS GEN\u00d3TIPOS DE ARABIDOPSIS<\/p>\n<p style=\"text-align: justify;\"><a href=\"https:\/\/drive.google.com\/file\/d\/18_Pf7bFxZ2Wyy5IILRamPYGK-aOLgrtw\/view?usp=share_link\" target=\"_blank\" rel=\"noopener\">Portaria 08, de 08 de fevereiro de 2023 &#8211;<\/a> <strong>CONSTITUI<\/strong>\u00a0a Comiss\u00e3o encarregada de elaborar projeto com a finalidade de alocar, adequadamente e em seguran\u00e7a, o acervo cient\u00edfico do Instituto de Biologia junto ao Campus Universit\u00e1rio do Cap\u00e3o do Le\u00e3o<\/p>\n<p style=\"text-align: justify;\"><a href=\"https:\/\/drive.google.com\/file\/d\/1kOGaPMuWONHmh9W9MMiPZkOq3gvqBK_y\/view?usp=share_link\" target=\"_blank\" rel=\"noopener\">Portaria 07, de 07 de janeiro de 2023<\/a> &#8211;\u00a0<strong>RETIFICA<\/strong>\u00a0a Portaria Interna 4 (<span contenteditable=\"false\"><a class=\"ancoraSei\" href=\"https:\/\/sei.ufpel.edu.br\/sei\/controlador.php?acao=protocolo_visualizar&amp;id_protocolo=2296268&amp;infra_sistema=100000100&amp;infra_unidade_atual=110000218&amp;infra_hash=e9cf1eb52417f5bc938e6f1a24781aad9719eb518ccf2243037038a0e9d7dc4a\" target=\"_blank\" rel=\"noopener\">2038990<\/a><\/span>) de acordo com os documentos (<span contenteditable=\"false\"><a class=\"ancoraSei\" href=\"https:\/\/sei.ufpel.edu.br\/sei\/controlador.php?acao=protocolo_visualizar&amp;id_protocolo=2296566&amp;infra_sistema=100000100&amp;infra_unidade_atual=110000218&amp;infra_hash=22d0cd2416da4c20a21f66572f825afa5fb25159bb34b6e8888dc617a30bab16\" target=\"_blank\" rel=\"noopener\">2039250<\/a><\/span>,\u00a0<span contenteditable=\"false\"><a class=\"ancoraSei\" href=\"https:\/\/sei.ufpel.edu.br\/sei\/controlador.php?acao=protocolo_visualizar&amp;id_protocolo=2296555&amp;infra_sistema=100000100&amp;infra_unidade_atual=110000218&amp;infra_hash=5b42031edeeff6ee4fb8463bc67d73c6e2d06855f721a9940bd2c2a89c03d41b\" target=\"_blank\" rel=\"noopener\">2039241<\/a><\/span>). <strong>CONSTITUI<\/strong>\u00a0a\u00a0banca de\u00a0defesa da tese de Doutorado da discente<strong>\u00a0Caroline Hernke Thiel<\/strong><strong>\u00a0<\/strong>do PPG em Fisiologia Vegetal, o\u00a0trabalho intitula-se: \u201cCARACTER\u00cdSTICAS FOTOSSINT\u00c9TICAS E MODULA\u00c7\u00c3O DO SISTEMA ANTIOXIDANTE DE DEFESA CELULAR EM RESPOSTA AO ESTRESSE POR ALTA LUMINOSIDADE EM PLANTAS DE TR\u00caS GEN\u00d3TIPOS DE ARABIDOPSIS.<strong>\u201d. REVOGADA pela <a href=\"https:\/\/drive.google.com\/file\/d\/1jd2iWiBpGt0ZGNg3630zHrhJQxmxbvKQ\/view?usp=share_link\" target=\"_blank\" rel=\"noopener\">Portaria 09, de 09 de fevereiro de 2023<\/a> &#8211;<\/strong><\/p>\n<p style=\"text-align: justify;\"><a href=\"https:\/\/drive.google.com\/file\/d\/1r_zQac4F7JqfwMgpk1rAvsveE0Fcayq6\/view?usp=share_link\" target=\"_blank\" rel=\"noopener\">Portaria 06, de 06 de fevereiro de 2023<\/a> &#8211; <strong>CONSTITUI<\/strong>\u00a0banca de Defesa de Disserta\u00e7\u00e3o de Mestrado do\u00a0discent<strong>e\u00a0Adriano Udich Bester\u200b\u200b\u00a0<\/strong>do PPG em Fisiologia Vegetal, o trabalho intitula-se \u201cRespostas bioqu\u00edmicas e fisiol\u00f3gicas de plantas de soja influenciadas pelo priming e priming cruzado alternado em condi\u00e7\u00f5es de d\u00e9ficit h\u00eddrico e alagamento<strong><em>\u00a8.<\/em><\/strong><\/p>\n<p style=\"text-align: justify;\"><a href=\"https:\/\/drive.google.com\/file\/d\/1qWI0vsOoR0FcNnjwuW0xUAnBUvMJ18BK\/view?usp=share_link\" target=\"_blank\" rel=\"noopener\">Portaria 05, de 06 de fevereiro de 2023<\/a> &#8211; <strong>CONSTITUI<\/strong>\u00a0banca de Defesa de Disserta\u00e7\u00e3o de Mestrado da discent<strong>e\u00a0Nathalia Dalla Corte Bernardi\u200b\u00a0<\/strong>do PPG em Fisiologia Vegetal, o trabalho intitula-se \u201cAdaptabilidade ecofisiol\u00f3gica do arroz ao sulco-camalh\u00e3o residual de cultivos de sequeiro em terras baixas de clima temperado<strong><em>\u00a8<\/em><\/strong><\/p>\n<p style=\"text-align: justify;\"><a href=\"https:\/\/drive.google.com\/file\/d\/1lBPGlJByg8mdIiZ8jQIjOoZ_iR9JBE1e\/view?usp=share_link\" target=\"_blank\" rel=\"noopener\">Portaria 04, de 06 de fevereiro de 2023<\/a> &#8211; <strong>CONSTITUI<\/strong>\u00a0a\u00a0banca de\u00a0defesa da tese de Doutorado da discente<strong>\u00a0Caroline Hemke Thiel\u00a0<\/strong>do PPG em Fisiologia Vegetal, o\u00a0trabalho intitula-se: \u201cCARACTER\u00cdSTICAS FOTOSSINT\u00c9TICAS E MODULA\u00c7\u00c3O DO SISTEMA ANTIOXIDANTE DE DEFESA CELULAR EM RESPOSTA AO ESTRESSE POR ALTA LUMINOSIDADE EM PLANTAS DE TR\u00caS GEN\u00d3TIPOS DE ARABIDOPSIS.<strong>\u201d. RETIFICADA pela <a href=\"https:\/\/drive.google.com\/file\/d\/1kOGaPMuWONHmh9W9MMiPZkOq3gvqBK_y\/view?usp=share_link\" target=\"_blank\" rel=\"noopener\">Portaria 07, de 07 de janeiro de 2023<\/a>\u00a0<\/strong><\/p>\n<p><a href=\"https:\/\/drive.google.com\/file\/d\/14LkcjLsbEs1PFVY4ZLqw97TOH8FTgCBw\/view?usp=share_link\" target=\"_blank\" rel=\"noopener\">Portaria 03, de 27 de janeiro de 2023<\/a> &#8211;\u00a0 <strong>REVOGA<\/strong>\u00a0a Portaria Interna 84 (<span contenteditable=\"false\"><a class=\"ancoraSei\" href=\"https:\/\/sei.ufpel.edu.br\/sei\/controlador.php?acao=protocolo_visualizar&amp;id_protocolo=2159314&amp;infra_sistema=100000100&amp;infra_unidade_atual=110000218&amp;infra_hash=d84c225f7e5413ec03c92dcfd08a4477296eda797ad2d03b0e1efbd6588823a8\" target=\"_blank\" rel=\"noopener\">1916000<\/a><\/span>) que trata da composi\u00e7\u00e3o do Colegiado dos Cursos de Bacharelado e Licenciatura em Ci\u00eancias Biol\u00f3gicas, do Instituto de Biologia. <strong>CONSOLIDA<\/strong>\u00a0a nova composi\u00e7\u00e3o do Colegiado dos Cursos de Gradua\u00e7\u00e3o em Ci\u00eancias Biol\u00f3gicas Bacharelado e Licenciatura<\/p>\n<p>Portaria 02, NULL<\/p>\n<p>Portaria 01, NULL<\/p>\n<p><span style=\"background-color: #ffff00;\">2022 &#8211; Especiais &#8211;<\/span><\/p>\n<p style=\"text-align: justify;\"><a id=\"anchor2246343\" href=\"https:\/\/drive.google.com\/file\/d\/1GEARCZ5Wr7dyIvdq06QOTOWtKsUP_9b9\/view?usp=share_link\" target=\"_blank\" rel=\"noopener\"><span id=\"span2246343\" class=\"infraArvoreNoVisitado\" title=\"Portaria Interna PGD 3 (1993866)\">Portaria Interna PGD 3 (1993866)<\/span><\/a> &#8211; 19 de dezembro de 2022 &#8211; <strong>PUBLICAR<\/strong>\u00a0a listagem de servidores TAEs da Unidade que aderiram\u00a0ao Programa de Gest\u00e3o e Desempenho (PGD &#8211; UFPel) atrav\u00e9s da pactua\u00e7\u00e3o dos seus planos de trabalho conforme\u00a0<a id=\"anchor2218427\" target=\"_blank\" rel=\"noopener\"><\/a>Plano Gest\u00e3o e Desempenho Instituto de Biologia no m\u00eas de janeiro de 2023<\/p>\n<p style=\"text-align: justify;\"><a id=\"anchor2228522\" href=\"https:\/\/drive.google.com\/file\/d\/1rE885K5FfZIk6YHsZ0EMhbfaPgI80wdi\/view?usp=share_link\" target=\"_blank\" rel=\"noopener\"><span id=\"span2228522\" title=\"Portaria Interna PGD 2 (1977801)\">Portaria Interna PGD 2 (1977801)<\/span><\/a> &#8211; 08 de dezembro de 2022 &#8211; <strong>\u00a0TORNA<\/strong>\u00a0sem efeito a PORTARIA N\u00ba 94, de 01 de dezembro de 2022 (<span contenteditable=\"false\"><a class=\"ancoraSei\" href=\"https:\/\/sei.ufpel.edu.br\/sei\/controlador.php?acao=protocolo_visualizar&amp;id_protocolo=2218380&amp;infra_sistema=100000100&amp;infra_unidade_atual=110000218&amp;infra_hash=250b89f96654dbc7d5dc13c28fe51c328afc88f4c5c5d376f99f6b72465b89f7\" target=\"_blank\" rel=\"noopener\">1968783<\/a><\/span>); <strong>PUBLICA<\/strong>\u00a0a listagem de servidores TAEs da Unidade que aderiram\u00a0ao Programa de Gest\u00e3o e Desempenho (PGD &#8211; UFPel) atrav\u00e9s da pactua\u00e7\u00e3o dos seus planos de trabalho conforme\u00a0<a id=\"anchor2218427\" target=\"_blank\" rel=\"noopener\"><\/a>Plano Gest\u00e3o e Desempenho Instituto de Biologia no m\u00eas de Dezembro de 2022<\/p>\n<p style=\"text-align: justify;\"><a href=\"https:\/\/drive.google.com\/file\/d\/1fNxZuYHk-FbatX05NDN4PAO-8PmOsV7H\/view?usp=share_link\" target=\"_blank\" rel=\"noopener\">Portaria 01, de 09 de novembro de 2022<\/a> &#8211; Ades\u00e3o\u00a0ao Programa de Gest\u00e3o e Desempenho (PGD &#8211; UFPel), instituindo-o no \u00e2mbito do Instituto de Biologia (IB).<\/p>\n<p style=\"text-align: justify;\"><a href=\"https:\/\/drive.google.com\/file\/d\/1ay4wfHZFpE4LMi4bzDfGwUvjySGfc2r9\/view?usp=share_link\" target=\"_blank\" rel=\"noopener\">Portaria Interna PGD\u00a0 02, de 08 de dezembro de 2022 &#8211;<\/a>\u00a0<strong> TORNA<\/strong>\u00a0sem efeito a PORTARIA N\u00ba 94, de 01 de dezembro de 2022 (<span contenteditable=\"false\"><a class=\"ancoraSei\" href=\"https:\/\/sei.ufpel.edu.br\/sei\/controlador.php?acao=protocolo_visualizar&amp;id_protocolo=2218380&amp;infra_sistema=100000100&amp;infra_unidade_atual=110000218&amp;infra_hash=b417aa8e071a9004284d88e16d06e466275a98780564d21cdcacfb4c0dc64ca8\" target=\"_blank\" rel=\"noopener\">1968783<\/a><\/span>); <strong>PUBLICA<\/strong>\u00a0a listagem de servidores TAEs da Unidade que aderiram\u00a0ao Programa de Gest\u00e3o e Desempenho (PGD &#8211; UFPel) atrav\u00e9s da pactua\u00e7\u00e3o dos seus planos de trabalho conforme\u00a0<a id=\"anchor2218427\" target=\"_blank\" rel=\"noopener\"><\/a>Plano Gest\u00e3o e Desempenho Instituto de Biologia no m\u00eas de Dezembro de 2022<\/p>\n<p><a id=\"anchor2252988\" href=\"https:\/\/drive.google.com\/file\/d\/1GcP6lYIlqt1ZUpyovyT_r7H26CxYUxYy\/view?usp=share_link\" target=\"_blank\" rel=\"noopener\"><span id=\"span2252988\" class=\"infraArvoreNoVisitado\" title=\"PROGEP Portaria de Localiza\u00e7\u00e3o de Servidor 5 (1999882)\">PROGEP Portaria de Localiza\u00e7\u00e3o de Servidor 5 (1999882)\u00a0<\/span><\/a> &#8211; 23 de dezembro de 2022<\/p>\n<p><a id=\"anchor2216995\" href=\"https:\/\/drive.google.com\/file\/d\/1ECMHppjg8-KUC9lLk5_3a4QHG7QyJWUT\/view?usp=share_link\" target=\"_blank\" rel=\"noopener\"><span id=\"span2216995\" class=\"infraArvoreNoVisitado\" title=\"PROGEP Portaria de Localiza\u00e7\u00e3o de Servidor 4 (1967527)\">PROGEP Portaria de Localiza\u00e7\u00e3o de Servidor 4 (1967527)<\/span><\/a> &#8211; 01 de dezembro de 2022<\/p>\n<p><a id=\"anchor2215691\" href=\"https:\/\/drive.google.com\/file\/d\/1vgvouX0GagmpMhA1ODjTGPXqb8okDZWd\/view?usp=share_link\" target=\"_blank\" rel=\"noopener\"><span id=\"span2215691\" class=\"\" title=\"PROGEP Portaria de Localiza\u00e7\u00e3o de Servidor 3 (1966340)\">PROGEP Portaria de Localiza\u00e7\u00e3o de Servidor 3 (1966340)\u00a0<\/span><\/a> -30 de novembro de 2022<\/p>\n<p><a id=\"anchor2063486\" href=\"https:\/\/drive.google.com\/file\/d\/1snmIPRlpVua1PoytcNL6QCS1L6j-xy9Y\/view?usp=share_link\" target=\"_blank\" rel=\"noopener\"><span id=\"span2063486\" title=\"PROGEP Portaria de Localiza\u00e7\u00e3o de Servidor 2 (1829621)\">PROGEP Portaria de Localiza\u00e7\u00e3o de Servidor 2 (1829621)\u00a0<\/span><\/a> -19 de agosto de 2022<\/p>\n<p><span style=\"background-color: #ffff00;\">Portarias 2022 gerais &#8211;\u00a0<\/span><\/p>\n<p style=\"text-align: justify;\"><a href=\"https:\/\/drive.google.com\/file\/d\/1cCgcAzolNnMysQuRs0bpj41fJOaBF5rg\/view?usp=share_link\" target=\"_blank\" rel=\"noopener\">Portaria 96, de 06 de novembro de 2022<\/a> &#8211; <strong>CONSTITUI<\/strong>\u00a0banca examinadora para o processo seletivo simplificado\u00a0para Professor Visitante do Programa de P\u00f3s-Gradua\u00e7\u00e3o em Biodiversidade Animal, Edital n\u00ba 172\/2022 &#8211; Professor Visitante &#8211; PPGBDiv,<\/p>\n<p style=\"text-align: justify;\"><a href=\"https:\/\/drive.google.com\/file\/d\/1jlnbPYBE_21s7B53HZ6qwm5udPTpS60d\/view?usp=share_link\" target=\"_blank\" rel=\"noopener\">Portaria 95, de 05 de novembro de 2022<\/a> &#8211; <strong>CONSTITUI<\/strong>\u00a0banca examinadora para o processo seletivo simplificado\u00a0para Professor Visitante do Programa de P\u00f3s-Gradua\u00e7\u00e3o Multic\u00eantrico em Ci\u00eancias Fisiol\u00f3gicas, EDITAL N\u00ba 161\/2022<\/p>\n<p><a href=\"https:\/\/drive.google.com\/file\/d\/1o7esCR5VtmKm5KA25AUZlo_2XJpEZO5a\/view?usp=share_link\" target=\"_blank\" rel=\"noopener\">Portaria 94, de 01 de dezembro de 2022 &#8211;\u00a0<\/a> <strong>Torna<\/strong> p\u00fablico a listagem de servidores TAEs da Unidade que aderiram ao Programa de Gest\u00e3o e Desempenho (PGD &#8211; UFPel) atrav\u00e9s da pactua\u00e7\u00e3o dos seus planos de trabalho conforme Plano Gest\u00e3o e Desempenho Instituto de Biologia no m\u00eas de Dezembro de 2022\u00a0\u00a0(<span contenteditable=\"false\"><a class=\"ancoraSei\" href=\"https:\/\/sei.ufpel.edu.br\/sei\/controlador.php?acao=protocolo_visualizar&amp;id_protocolo=2218427&amp;infra_sistema=100000100&amp;infra_unidade_atual=110000218&amp;infra_hash=8ded1ad999dae1a8bd5e989538653e8ca05430b57186dbb1909269a172ab8612\" target=\"_blank\" rel=\"noopener\">1968828<\/a><\/span>).<\/p>\n<p style=\"text-align: justify;\"><a href=\"https:\/\/drive.google.com\/file\/d\/1vD7UX87AJQMEIsN2kG3vEvkbN8dNSXdv\/view?usp=share_link\" target=\"_blank\" rel=\"noopener\">Portaria 93, de 28 de novembro de 2022<\/a> &#8211; <strong>Retifica<\/strong> a Portaria 91 alterando a composi\u00e7\u00e3o da banca avaliadora da \u00a0defesa da tese de Doutorado da discente<strong>\u00a0Roberta\u00a0Bartz Kneib<\/strong><strong>\u00a0<\/strong>do PPG em Fisiologia Vegetal, o\u00a0projeto intitula-se: \u201c<strong>Seletividade do profoxidim: desempenho agron\u00f4mico e altera\u00e7\u00f5es bioqu\u00edmicas e fisiol\u00f3gicas em cultivares de arroz irrigado\u201d.<\/strong><\/p>\n<p style=\"text-align: justify;\"><a href=\"https:\/\/drive.google.com\/file\/d\/1cA9tgtTdnM8N1xd8AiZTCB0_4aD0h4rU\/view?usp=share_link\" target=\"_blank\" rel=\"noopener\">Portaria 92, de 23 de novembro de 2022<\/a> &#8211; <strong>\u00a0CONSTITUI<\/strong>\u00a0Comiss\u00e3o Avaliadora dos processos do\u00a0Edital N\u00ba 27\/2022\/CRA (Reingresso, Reop\u00e7\u00e3o, Transfer\u00eancia, Retomada de Estudos e Portador de Diploma) nos Cursos de Ci\u00eancias Biol\u00f3gicas,<\/p>\n<p style=\"text-align: justify;\"><a href=\"https:\/\/drive.google.com\/file\/d\/1aAjorAjd5o3TXfHyMCKe7BbYUzykyyhB\/view?usp=share_link\" target=\"_blank\" rel=\"noopener\">Portaria 91, de 17 de novembro de 2022<\/a> &#8211;\u00a0<strong>CONSTITU<\/strong>I banca de defesa da tese de Doutorado da discente Roberta Bartz Kneib do PPG em Fisiologia Vegetal, o projeto intitula-se: \u201cSeletividade do profoxidim: desempenho agron\u00f4mico e altera\u00e7\u00f5es bioqu\u00edmicas e fisiol\u00f3gicas em cultivares de arroz irrigado\u201d.\u00a0. <strong>Retificada<\/strong> pela <a href=\"https:\/\/drive.google.com\/file\/d\/1vD7UX87AJQMEIsN2kG3vEvkbN8dNSXdv\/view?usp=share_link\" target=\"_blank\" rel=\"noopener\">Portaria 93, de 28 de novembro de 2022<\/a><\/p>\n<p><a href=\"https:\/\/drive.google.com\/file\/d\/11nqatxYGyWGPfePMvEs57HyJ7ZKH-_df\/view?usp=share_link\" target=\"_blank\" rel=\"noopener\">Portaria 90, de 11 de novembro de 2022 &#8211;<\/a> Prorroga prazos da COE at\u00e9 21\/11\/2022 encarregada das Elei\u00e7\u00f5es da Coordena\u00e7\u00e3o do Colegiado de Curso de Ci\u00eancias Biol\u00f3gicas &#8211; Bel. e Lic.<\/p>\n<p><a href=\"https:\/\/drive.google.com\/file\/d\/1e062tA8waGh0S36kJ5yB5XbLFtb6ojVG\/view?usp=share_link\" target=\"_blank\" rel=\"noopener\">Portaria 89, 10 de novembro de 2022<\/a>\u00a0 &#8211; <strong>REVOGA<\/strong>\u00a0a Portaria Interna IB n\u00ba 76\/2022 (doc. SEI n\u00ba\u00a0<span contenteditable=\"false\"><a class=\"ancoraSei\" href=\"https:\/\/sei.ufpel.edu.br\/sei\/controlador.php?acao=protocolo_visualizar&amp;id_protocolo=2154466&amp;infra_sistema=100000100&amp;infra_unidade_atual=110000218&amp;infra_hash=b553a2cb316e60ca8307e8b23882e0a2593df34dcb13d2fac8cd8ba4a862c44d\" target=\"_blank\" rel=\"noopener\">1911619<\/a><\/span>)<\/p>\n<p style=\"text-align: justify;\"><a href=\"https:\/\/drive.google.com\/file\/d\/1KQ2V_HPnd3FTDinp8HCiQ-f8dMXcdGDa\/view?usp=share_link\" target=\"_blank\" rel=\"noopener\">Portaria 88, de 31 de outubro de 2022<\/a> &#8211; Retifica a Portaria Interna 81 Interna<strong> 81 (<span contenteditable=\"false\"><a class=\"ancoraSei\" href=\"https:\/\/sei.ufpel.edu.br\/sei\/controlador.php?acao=protocolo_visualizar&amp;id_protocolo=2154479&amp;infra_sistema=100000100&amp;infra_unidade_atual=110000218&amp;infra_hash=385f6941ab57904a7b6a64485a30bb5a4ce8427fd811ca0d57080f0039463236\" target=\"_blank\" rel=\"noopener\">1911632<\/a><\/span>)\u00a0<\/strong> retificando o hor\u00e1rio da defesa para as 10h00min conforme \u00a0Memorando 230 (<span contenteditable=\"false\"><a class=\"ancoraSei\" href=\"https:\/\/sei.ufpel.edu.br\/sei\/controlador.php?acao=protocolo_visualizar&amp;id_protocolo=2164196&amp;infra_sistema=100000100&amp;infra_unidade_atual=110000218&amp;infra_hash=8906a325d473f52b335b9007006f16841c91b9edba601bb50c9e6907d0409144\" target=\"_blank\" rel=\"noopener\">1920362<\/a><\/span>)<\/p>\n<p style=\"text-align: justify;\"><a href=\"https:\/\/drive.google.com\/file\/d\/1e5c6uN1Bty5uF3G0Eb7AQmR_MqIaucTj\/view?usp=share_link\" target=\"_blank\" rel=\"noopener\">Portaria 87, de 31 de outubro de 2022<\/a> &#8211; Retifica a Portaria Interna <strong>77 (<span contenteditable=\"false\"><a class=\"ancoraSei\" href=\"https:\/\/sei.ufpel.edu.br\/sei\/controlador.php?acao=protocolo_visualizar&amp;id_protocolo=2154467&amp;infra_sistema=100000100&amp;infra_unidade_atual=110000218&amp;infra_hash=541b3ed4063170ec89728c99182eb1207c461869b17b2d5538475ec41464ce5d\" target=\"_blank\" rel=\"noopener\">1911620<\/a><\/span>)\u00a0<\/strong> acrescentando membro suplente da Banca conforme \u00a0Memorando 230 (<span contenteditable=\"false\"><a class=\"ancoraSei\" href=\"https:\/\/sei.ufpel.edu.br\/sei\/controlador.php?acao=protocolo_visualizar&amp;id_protocolo=2164196&amp;infra_sistema=100000100&amp;infra_unidade_atual=110000218&amp;infra_hash=8906a325d473f52b335b9007006f16841c91b9edba601bb50c9e6907d0409144\" target=\"_blank\" rel=\"noopener\">1920362<\/a><\/span>)<\/p>\n<p style=\"text-align: justify;\"><a href=\"https:\/\/drive.google.com\/file\/d\/18NrvLzOocmz2Nn636MpHhfe2tn8mHIWH\/view?usp=share_link\" target=\"_blank\" rel=\"noopener\">Portaria 86, de 31 de outubro de 2022<\/a> &#8211; Retifica a Portaria Interna 75 <strong>(<span contenteditable=\"false\"><a class=\"ancoraSei\" href=\"https:\/\/sei.ufpel.edu.br\/sei\/controlador.php?acao=protocolo_visualizar&amp;id_protocolo=2154465&amp;infra_sistema=100000100&amp;infra_unidade_atual=110000218&amp;infra_hash=e89a31216ffe0262024c181f3670d8bcf7cd552edc23df7ce715dad534b1bfcb\" target=\"_blank\" rel=\"noopener\">1911618<\/a><\/span>)\u00a0<\/strong> acrescentando membro suplente da Banca conforme \u00a0Memorando 230 (<span contenteditable=\"false\"><a class=\"ancoraSei\" href=\"https:\/\/sei.ufpel.edu.br\/sei\/controlador.php?acao=protocolo_visualizar&amp;id_protocolo=2164196&amp;infra_sistema=100000100&amp;infra_unidade_atual=110000218&amp;infra_hash=8906a325d473f52b335b9007006f16841c91b9edba601bb50c9e6907d0409144\" target=\"_blank\" rel=\"noopener\">1920362<\/a><\/span>)<\/p>\n<p style=\"text-align: justify;\"><a href=\"https:\/\/drive.google.com\/file\/d\/1GdL3ZnGFQssuI3SiL6FZz1KPMf28iOAN\/view?usp=sharing\" target=\"_blank\" rel=\"noopener\">Portaria 85, de 26 de 0uturbo de 2022<\/a> &#8211;\u00a0<strong>REVOGA<\/strong> a Portaria Interna n\u00ba 75 de\u00a0\u00a026 de outubro de\u00a0\u00a02021\u00a0 (<span contenteditable=\"false\"><a class=\"ancoraSei\" href=\"https:\/\/sei.ufpel.edu.br\/sei\/controlador.php?acao=protocolo_visualizar&amp;id_protocolo=1671229&amp;infra_sistema=100000100&amp;infra_unidade_atual=110000218&amp;infra_hash=a40d9baf86532995fc29f62160730a851ccff01dec91bf67ffa2b596a5da3660\" target=\"_blank\" rel=\"noopener\">1477472<\/a><\/span>);\u00a0<strong>CONSTITUI <\/strong>a composi\u00e7\u00e3o do Colegiado do Programa de P\u00f3s-Gradua\u00e7\u00e3o Multic\u00eantrico em Ci\u00eancias Fisiol\u00f3gicas.<\/p>\n<p style=\"text-align: justify;\"><a href=\"https:\/\/drive.google.com\/file\/d\/1mcy4_mLXY4uJyLEuFlpn815ekiYbg3A5\/view?usp=sharing\" target=\"_blank\" rel=\"noopener\">Portaria 84, de 26 de outubro de 2022<\/a> &#8211; <strong>R<\/strong><strong style=\"text-align: justify;\">EVOGA<\/strong><span style=\"text-align: justify;\">\u00a0a PORTARIA n\u00ba 24, de\u00a004 de Maio de\u00a02022\u00a0(<\/span><span style=\"text-align: justify;\" contenteditable=\"false\"><a class=\"ancoraSei\" href=\"https:\/\/sei.ufpel.edu.br\/sei\/controlador.php?acao=protocolo_visualizar&amp;id_protocolo=1904031&amp;infra_sistema=100000100&amp;infra_unidade_atual=110000218&amp;infra_hash=3fc00798eaf82f6ad4a2399f6bc9a05105b96c9f66b663ed4fa0fe8e376a999f\" target=\"_blank\" rel=\"noopener\">1686594<\/a><\/span><span style=\"text-align: justify;\">) que trata da composi\u00e7\u00e3o do Colegiado dos Cursos de Bacharelado e Licenciatura em Ci\u00eancias Biol\u00f3gicas, do Instituto de Biologia. <\/span><strong style=\"text-align: justify;\">CONSOLIDA<\/strong><span style=\"text-align: justify;\">\u00a0a nova composi\u00e7\u00e3o do Colegiado dos Cursos de Gradua\u00e7\u00e3o em Ci\u00eancias Biol\u00f3gicas Bacharelado e Licenciatura\u00a0composta por:<\/span><\/p>\n<p style=\"text-align: justify;\"><a href=\"https:\/\/drive.google.com\/file\/d\/12A9KaolIBsmYDz_FencxM-rW4q-Ogjvv\/view?usp=sharing\" target=\"_blank\" rel=\"noopener\">Portaria 83, de 25 de outubro de 2022<\/a> &#8211; <strong>CONSTITUI<\/strong> banca de\u00a0defesa da tese de Doutorado da discente<strong>\u00a0Bruna Evelyn Paschoal Silva\u00a0<\/strong>do PPG em Fisiologia Vegetal, o\u00a0projeto intitula-se: \u201c<b>Altera\u00e7\u00f5es metab\u00f3licas e nutricionais de pseudocereais submetidos ao elevado CO2 e alagamento<\/b>\u201d.<\/p>\n<p style=\"text-align: justify;\"><a href=\"https:\/\/drive.google.com\/file\/d\/1Ni4QQh-3e8hoHKyP-JtXnrLU7Mq6xFbs\/view?usp=sharing\" target=\"_blank\" rel=\"noopener\">Portaria 82, de 24 de outubro de 2022<\/a> &#8211; <strong>CONSTITUI <\/strong>a Comiss\u00e3o de Consulta Eleitoral para escolha da Chefia e Subchefia do Museu de Ci\u00eancias Naturais Carlos Ritter (MCR) do Instituto de Biologia.<\/p>\n<p style=\"text-align: justify;\"><a href=\"https:\/\/drive.google.com\/file\/d\/1ZtXqAnRPZ4j3HDcx8pJyviXX03396iBq\/view?usp=sharing\" target=\"_blank\" rel=\"noopener\">Portaria 81 de 21 de novembro de 2022<\/a> &#8211; <strong>CONSTITUI<\/strong>\u00a0a Banca Examinadora para a defesa de Trabalho de Conclus\u00e3o de Curso de Ci\u00eancias Biol\u00f3gicas \u2013 Bacharelado do acad\u00eamico\u00a0<strong>Lucas de Medeiros da Costa<\/strong>, intitulado \u201cA ordem\u00a0<strong>Poales\u00a0<\/strong>em um campo nativo no munic\u00edpio de Cap\u00e3o do Le\u00e3o, Rio Grande do Sul, Brasil\u201d (Orientadora Prof\u00aa. Dr\u00aa. \u00c9len Nunes Garcia) <strong>RETIFICADA<\/strong> pela <a href=\"https:\/\/drive.google.com\/file\/d\/1KQ2V_HPnd3FTDinp8HCiQ-f8dMXcdGDa\/view?usp=share_link\" target=\"_blank\" rel=\"noopener\">Portaria 88, de 31 de outubro de 2022<\/a> &#8211;<\/p>\n<p><a href=\"https:\/\/drive.google.com\/file\/d\/1a04wnBBSnFMItmkSeQBSU3H7rF6GkdcL\/view?usp=sharing\" target=\"_blank\" rel=\"noopener\">Portaria 80, de 21 de novembro de 2022<\/a> &#8211; <strong>CONSTITUI a <\/strong>Banca Examinadora para a defesa de Trabalho de Conclus\u00e3o de Curso de Ci\u00eancias Biol\u00f3gicas \u2013 Licenciatura do acad\u00eamico <strong>Fernando Fernandes de Oliveira Neto<\/strong>, intitulado \u201c<strong>Asterales<\/strong>\u00a0no Pontal da Barra do Laranjal, Pelotas, Rio Grande do Sul\u201d (Orientador Bi\u00f3l. Dr. Gustavo Heiden, \u00a0Coorientador Prof. Dr. Jo\u00e3o Ricardo Vieira Iganci)<\/p>\n<p style=\"text-align: justify;\"><a href=\"https:\/\/drive.google.com\/file\/d\/1P4e_ku3bLcGWAvCiEzHevCjz6SEqDgHl\/view?usp=sharing\" target=\"_blank\" rel=\"noopener\">Portaria 79, de 21 de novembro de 2022<\/a> &#8211; <strong>CONSTITUI<\/strong>\u00a0a Banca Examinadora para a defesa de Trabalho de Conclus\u00e3o de Curso de Ci\u00eancias Biol\u00f3gicas \u2013 Licenciatura da acad\u00eamica\u00a0<strong>Taciane Schroder Jorge<\/strong>, intitulado \u201cLevantamento flor\u00edstico de\u00a0<strong>Poaceae<\/strong>\u00a0no Pontal da Barra do Laranjal, Pelotas, Rio Grande do Sul\u201d (Orientador Prof. Dr. Jo\u00e3o Ricardo Vieira Iganci)<\/p>\n<p style=\"text-align: justify;\"><a href=\"https:\/\/drive.google.com\/file\/d\/1RGwRFkh-pB9GnK4mFZopNsW4lqpDDK51\/view?usp=sharing\" target=\"_blank\" rel=\"noopener\">Portaria 78, de 21 de novembro de 2022 &#8211;<\/a> <strong>CONSTITUI<\/strong>\u00a0a Banca Examinadora para a defesa de Trabalho de Conclus\u00e3o de Curso de Ci\u00eancias Biol\u00f3gicas \u2013 Licenciatura da acad\u00eamica\u00a0<strong>Caroline Gheller<\/strong>, intitulado \u201cDesmistificando a\u00a0<em>Cannabis<\/em>: uma revis\u00e3o narrativa\u201d (Orientadora Prof\u00aa. Dr\u00aa. Adriana Louren\u00e7o da Silv<\/p>\n<p style=\"text-align: justify;\"><a href=\"https:\/\/drive.google.com\/file\/d\/1LiG0ZqegMgFASszcRHQhIEdNFr0XGWkP\/view?usp=sharing\" target=\"_blank\" rel=\"noopener\">Portaria 77, de 21 de novembro de 2022<\/a> &#8211; <strong>CONSTITUIR<\/strong>\u00a0a Banca Examinadora para a defesa de Trabalho de Conclus\u00e3o de Curso de Ci\u00eancias Biol\u00f3gicas \u2013 Bacharelado da acad\u00eamica\u00a0<strong>Laura Luz Nunes<\/strong>, intitulado \u201c<strong>Lamiales<\/strong> na Sede da Embrapa Clima Temperado, Pelotas, Rio Grande do Sul\u201d (Orientador Bi\u00f3l. Dr. Gustavo Heiden, Coorientadora Prof\u00aa. Dr\u00aa. Raquel L\u00fcdtke) <strong>RETIFICADA<\/strong> pela <a href=\"https:\/\/drive.google.com\/file\/d\/1e5c6uN1Bty5uF3G0Eb7AQmR_MqIaucTj\/view?usp=share_link\" target=\"_blank\" rel=\"noopener\">Portaria 87, de 31 de outubro de 2022<\/a> &#8211;<\/p>\n<p style=\"text-align: justify;\"><a href=\"https:\/\/drive.google.com\/file\/d\/1zkU8tPFl5g-2rwvvasaYsLqnNE5_EA-k\/view?usp=sharing\" target=\"_blank\" rel=\"noopener\">Portaria 76, de 21 de novembro de 2022<\/a> &#8211;<strong>CONSTITUI<\/strong>\u00a0a Banca Examinadora para a defesa de Trabalho de Conclus\u00e3o de Curso de Ci\u00eancias Biol\u00f3gicas \u2013 Bacharelado do\u00a0acad\u00eamico\u00a0<strong>Vitor Medeiros Cruz<\/strong>, intitulado \u201cLevantamento flor\u00edstico de\u00a0<strong>Fabales<\/strong>\u00a0na Universidade Federal de Pelotas &#8211; campus urbano Cap\u00e3o do Le\u00e3o, RS, Brasil\u201d (Orientadora Prof\u00aa. Dr\u00aa. Raquel L\u00fcdtke)<\/p>\n<p style=\"text-align: justify;\"><a href=\"https:\/\/drive.google.com\/file\/d\/16J09s5im-YxSuHVzyHVMhyUjCDjYSw4d\/view?usp=sharing\" target=\"_blank\" rel=\"noopener\">Portaria 75, de 21 de novembro de 2022<\/a> &#8211; <strong>CONSTITUI<\/strong>\u00a0a Banca Examinadora para a defesa de Trabalho de Conclus\u00e3o de Curso de Ci\u00eancias Biol\u00f3gicas \u2013 Bacharelado da acad\u00eamica\u00a0<strong>Elisa Piccolo Werlang<\/strong>, intitulado \u201cLevantamento fotogr\u00e1fico de fungos macrosc\u00f3picos da ordem\u00a0<strong>Polyporales\u00a0<\/strong>na regi\u00e3o do Pontal da Barra (Pelotas\/RS)\u201d (Orientadora Bi\u00f3l\u00aa. MSc\u00aa. Luize Garcia de Melo, Coorientador Prof. Dr. Eduardo Bernardi) <strong>RETIFICADA<\/strong> pela <a href=\"https:\/\/drive.google.com\/file\/d\/18NrvLzOocmz2Nn636MpHhfe2tn8mHIWH\/view?usp=share_link\" target=\"_blank\" rel=\"noopener\">Portaria 86, de 31 de outubro de 2022<\/a><\/p>\n<p>Portaria 74, de 21 de novembro de 2022 <span style=\"background-color: #ffff00;\"><strong>&#8211; NULL<\/strong><\/span><\/p>\n<p style=\"text-align: justify;\"><a href=\"https:\/\/drive.google.com\/file\/d\/10YKL5UQDDzRcd8rzp8dlotaa1iUiNN7c\/view?usp=sharing\" target=\"_blank\" rel=\"noopener\">Portaria 73, de 21 de novembro de 2022<\/a> &#8211; <strong>\u00a0CONSTITUI<\/strong>\u00a0a Banca Examinadora para a defesa de Trabalho de Conclus\u00e3o de Curso de Ci\u00eancias Biol\u00f3gicas \u2013 Licenciatura da acad\u00eamica\u00a0<strong>Thais Gotuzzo de Menezes Medina<\/strong>, intitulado \u201cO estado atual da paleofauna do mesoz\u00f3ico do Rio Grande do Sul: revis\u00e3o das considera\u00e7\u00f5es sistem\u00e1ticas, evolutivas e paleobiol\u00f3gicas\u201d (Orientador Prof. Dr. Jos\u00e9 Eduardo Figueiredo Dornelles, Coorientador Prof. Dr. C\u00e9sar Jaeger Drehmer)<\/p>\n<p style=\"text-align: justify;\"><a href=\"https:\/\/drive.google.com\/file\/d\/1hx9SB18YKLIlLAeOaq4SUU7TEb8qyBsJ\/view?usp=sharing\" target=\"_blank\" rel=\"noopener\">Portaria 72, de 21 de novembro de 2022<\/a> &#8211; <strong>CONSTITUI<\/strong>\u00a0a Banca Examinadora para a defesa de Trabalho de Conclus\u00e3o de Curso de Ci\u00eancias Biol\u00f3gicas \u2013 Bacharelado da acad\u00eamica\u00a0<strong>Izadora Moraes da Silva<\/strong>, intitulado \u201cA utiliza\u00e7\u00e3o de plantas medicinais no aux\u00edlio do tratamento do TDAH\u201d (Orientadora Prof\u00aa. Dr\u00aa. \u00c9len Nunes Garcia)<\/p>\n<p style=\"text-align: justify;\"><a href=\"https:\/\/drive.google.com\/file\/d\/1RXcOTrXcDrDJa7lIHmzRpiZruN-25_6M\/view?usp=sharing\" target=\"_blank\" rel=\"noopener\">Portaria 71, de 21 de novembro de 2022<\/a> &#8211; <strong>CONSTITUI<\/strong>\u00a0a Banca Examinadora para a defesa de Trabalho de Conclus\u00e3o de Curso de Ci\u00eancias Biol\u00f3gicas \u2013 Licenciatura da acad\u00eamica\u00a0<strong>Juliene Lopes Costa<\/strong>, intitulado \u201cMorfometria sincraniana linear em\u00a0<em>Lycalopex gymnocercus<\/em>\u00a0e\u00a0<em>Cerdocyon thous<\/em>\u00a0(<strong>Carnivora, Canidae<\/strong>)\u201d (Orientador Prof. Dr. C\u00e9sar Jaeger Drehmer)<\/p>\n<p style=\"text-align: justify;\"><a href=\"https:\/\/drive.google.com\/file\/d\/1Dxd-Z7GOYlvN0tLUTDkph6cerNJ2c2uv\/view?usp=sharing\" target=\"_blank\" rel=\"noopener\">Portaria 70, de 21 de novembro de 2022<\/a> &#8211; <strong>CONSTITUI<\/strong>\u00a0a Banca Examinadora para a defesa de Trabalho de Conclus\u00e3o de Curso de Ci\u00eancias Biol\u00f3gicas \u2013 Bacharelado da acad\u00eamica\u00a0<strong>Mirian Elert da Silva<\/strong>, intitulado \u201cO papel da Educa\u00e7\u00e3o Ambiental na redu\u00e7\u00e3o dos impactos por atropelamentos na Fauna Silvestre\u201d (Orientadora Bi\u00f3l\u00aa. Dr\u00aa. Greici Maia Behling<\/p>\n<p style=\"text-align: justify;\"><a href=\"https:\/\/drive.google.com\/file\/d\/1LraQ6H53pWc3Ir2LEKL65WI0tVYPWSJV\/view?usp=sharing\" target=\"_blank\" rel=\"noopener\">Portaria 69, de 21 de novembro de 2022<\/a> &#8211; <strong>CONSTITUI<\/strong>\u00a0a Banca Examinadora para a defesa de Trabalho de Conclus\u00e3o de Curso de Ci\u00eancias Biol\u00f3gicas \u2013 Bacharelado da acad\u00eamica\u00a0<strong>Gabriela Medeiros Ferreira<\/strong>, intitulado \u201cContamina\u00e7\u00e3o ambiental de pra\u00e7as p\u00fablicas por parasitos com potencial zoon\u00f3tico em Pelotas, Rio Grande do Sul, Brasil\u201d (Orientador Prof. Dr. Marcos Marreiro Villela, Coorientador Bi\u00f3l. MSc. \u00cdtalo Ferreira de Leon)<\/p>\n<p style=\"text-align: justify;\"><a href=\"https:\/\/drive.google.com\/file\/d\/13sKjz8BOHwPIWDo8CRv9JTq3L5r3NgLt\/view?usp=sharing\" target=\"_blank\" rel=\"noopener\">Portaria 68, de 21 de novembro de 2022<\/a> &#8211; <strong>CONSTITUI<\/strong>\u00a0a Banca Examinadora para a defesa de Trabalho de Conclus\u00e3o de Curso de Ci\u00eancias Biol\u00f3gicas \u2013 Bacharelado do acad\u00eamico\u00a0<strong>Willian Machado dos Santos<\/strong>, intitulado \u201cLevantamento da avifauna no Campus Cap\u00e3o do Le\u00e3o &#8211; Universidade Federal de Pelotas e Esta\u00e7\u00e3o Experimental Terras Baixas &#8211; EMBRAPA Clima Temperado\u201d (Orientador Prof. Dr. Edison Zefa)<\/p>\n<p style=\"text-align: justify;\"><a href=\"https:\/\/drive.google.com\/file\/d\/1Dp1fgM8nGiFzf2bx-lEFmnS0c5Bsa6s_\/view?usp=sharing\" target=\"_blank\" rel=\"noopener\">Portaria 67, de 21 de novembro de 2022<\/a> &#8211; <strong>CONSTITUI <\/strong>a Banca Examinadora para a defesa de Trabalho de Conclus\u00e3o de Curso de Ci\u00eancias Biol\u00f3gicas \u2013 Bacharelado da acad\u00eamica\u00a0<strong>Francine Rodrigues Pedra<\/strong>, intitulado \u201cContamina\u00e7\u00e3o ambiental por amostras fecais caninas positivas para parasitos que apresentam potencial zoon\u00f3tico em pra\u00e7as p\u00fablicas da cidade de Pelotas, RS, Brasil\u201d (Orientador Prof. Dr. Marcos Marreiro Villela, Coorientador Bi\u00f3l. MSc. \u00cdtalo Ferreira de Leon)<\/p>\n<p style=\"text-align: justify;\"><a href=\"https:\/\/drive.google.com\/file\/d\/1TnK-dEvN5DwnlFr259jAu-_Qn77I-1TS\/view?usp=sharing\" target=\"_blank\" rel=\"noopener\">Portaria 66, de 21 de novembro de 2022<\/a> &#8211; <b>CONSTITUI<\/b>\u00a0a Banca Examinadora para a defesa de Trabalho de Conclus\u00e3o de Curso de Ci\u00eancias Biol\u00f3gicas \u2013 Bacharelado do acad\u00eamico\u00a0<b>Kaio Henrique Lima de Freitas<\/b>, intitulado \u201cComportamento agon\u00edstico entre machos do grilo\u00a0<i>Endecous onthophagus<\/i>\u00a0(<strong>Orthoptera, Phalangopsidae<\/strong>)\u201d (Orientador Prof. Dr. Edison Zefa)<\/p>\n<p style=\"text-align: justify;\"><a href=\"https:\/\/drive.google.com\/file\/d\/1WI8a4MIKRInlSvmQ1mhZs4WjHFSo0NvP\/view?usp=sharing\" target=\"_blank\" rel=\"noopener\">Portaria 65, de 18 de outubro de 2022<\/a> &#8211; <strong>\u00a0CONSTITUI<\/strong> a\u00a0Comiss\u00e3o Organizadora das Elei\u00e7\u00f5es para a Coordena\u00e7\u00e3o e Coordena\u00e7\u00e3o Adjunta\u00a0do Colegiado dos Cursos de Ci\u00eancias Biol\u00f3gicas.<\/p>\n<p style=\"text-align: justify;\"><a href=\"https:\/\/drive.google.com\/file\/d\/1fCxT-sZl1BxfcApPyjR3_sAzo1OFJaJe\/view?usp=sharing\" target=\"_blank\" rel=\"noopener\">Portaria 64, 26 de setembro de 2022<\/a> &#8211; <strong>CONSTITUI<\/strong>\u00a0a\u00a0Comiss\u00e3o respons\u00e1vel pela proposta de atualiza\u00e7\u00e3o do Regimento do Instituto de\u00a0Biologia<\/p>\n<p style=\"text-align: justify;\"><a href=\"https:\/\/drive.google.com\/file\/d\/1CRmYyc7oe1pqG122apMqAKfdCIDm5EKQ\/view?usp=sharing\" target=\"_blank\" rel=\"noopener\">Portaria 63, de 23 de setembro de 2022<\/a> &#8211; <strong>TORNA sem efeito<\/strong>\u00a0a Portaria Interna n\u00ba. 60 (<span contenteditable=\"false\"><a class=\"ancoraSei\" href=\"https:\/\/sei.ufpel.edu.br\/sei\/controlador.php?acao=protocolo_visualizar&amp;id_protocolo=2105572&amp;infra_sistema=100000100&amp;infra_unidade_atual=110000218&amp;infra_hash=566b157668d15625edd6ce05f54dbd2a5168acda56594e0ce74162dcf516c0b4\" target=\"_blank\" rel=\"noopener\">1867370<\/a><\/span>) e <strong>\u200bCONSTITUI <\/strong>\u00a0a banca de defesa de Exame de Qualifica\u00e7\u00e3o de Mestrado do discente<strong>\u00a0Luiz Evandro da Silva\u00a0<\/strong>do PPG em Fisiologia Vegetal, com o projeto intitulado\u00a0<em><strong>\u201cEstabelecimento e multiplica\u00e7\u00e3o in vitro de Prunus spp.: efeitos dos subcultivos, composi\u00e7\u00e3o do meio MS e combina\u00e7\u00f5es de reguladores de crescimento\u201d\u00a0<\/strong><\/em>.<\/p>\n<p style=\"text-align: justify;\"><a href=\"https:\/\/drive.google.com\/file\/d\/1dbXrcq9dnQkSGJQRCDuI8T5s9mkE8X7R\/view?usp=sharing\" target=\"_blank\" rel=\"noopener\">Portaria 62, de 15 de setembro de 2022 &#8211;<\/a> <strong>REVOGA\u00a0<\/strong>\u00a0as Portarias Internas 47\/2022, de 23 de junho de 2022 (<span contenteditable=\"false\"><a class=\"ancoraSei\" href=\"https:\/\/sei.ufpel.edu.br\/sei\/controlador.php?acao=protocolo_visualizar&amp;id_protocolo=1975714&amp;infra_sistema=100000100&amp;infra_unidade_atual=110000218&amp;infra_hash=0818ebad8c1a44c669c39c4004bcd927cda6d9a87cb6f83d5885767eec770dc4\" target=\"_blank\" rel=\"noopener\">1750775<\/a><\/span>) e\u00a0\u00a056\/2022, de 14 de setembro de 2022 (<span contenteditable=\"false\"><a class=\"ancoraSei\" href=\"https:\/\/sei.ufpel.edu.br\/sei\/controlador.php?acao=protocolo_visualizar&amp;id_protocolo=2102820&amp;infra_sistema=100000100&amp;infra_unidade_atual=110000218&amp;infra_hash=d56a2ff22a66d6bfc83021d265eff4ddcd80332fb4859736b66534064ea1d674\" target=\"_blank\" rel=\"noopener\">1864881<\/a><\/span>) e <strong>RECOMP\u00d5EM<\/strong>\u00a0a\u00a0<strong>Comiss\u00e3o\u00a0Tempor\u00e1ria\u00a0do Plano de Desenvolvimento Institucional (CPDU)\u00a0\u00a0<\/strong>do Conselho Departamental do Instituto de Biologia.<\/p>\n<p style=\"text-align: justify;\"><a href=\"https:\/\/drive.google.com\/file\/d\/1aPYiqbeFf06_r8bDQNIicltjZsB4sKPd\/view?usp=sharing\" target=\"_blank\" rel=\"noopener\">Portaria 61, de 15 de setembro de 2022<\/a> &#8211;\u00a0<strong> REVOGA\u00a0<\/strong>\u00a0as Portarias Internas 47\/2022, de 23 de junho de 2022 (<span contenteditable=\"false\"><a class=\"ancoraSei\" href=\"https:\/\/sei.ufpel.edu.br\/sei\/controlador.php?acao=protocolo_visualizar&amp;id_protocolo=1975714&amp;infra_sistema=100000100&amp;infra_unidade_atual=110000218&amp;infra_hash=0818ebad8c1a44c669c39c4004bcd927cda6d9a87cb6f83d5885767eec770dc4\" target=\"_blank\" rel=\"noopener\">1750775<\/a><\/span>) e\u00a0\u00a056\/2022, de 14 de setembro de 2022 (<span contenteditable=\"false\"><a class=\"ancoraSei\" href=\"https:\/\/sei.ufpel.edu.br\/sei\/controlador.php?acao=protocolo_visualizar&amp;id_protocolo=2102820&amp;infra_sistema=100000100&amp;infra_unidade_atual=110000218&amp;infra_hash=d56a2ff22a66d6bfc83021d265eff4ddcd80332fb4859736b66534064ea1d674\" target=\"_blank\" rel=\"noopener\">1864881<\/a><\/span>) e <strong>RATIFICA<\/strong>\u00a0a\u00a0<strong>Comiss\u00e3o\u00a0Tempor\u00e1ria de Espa\u00e7o F\u00edsico (CEF)\u00a0<\/strong>do Conselho Departamental do Instituto de Biologia.<\/p>\n<p style=\"text-align: justify;\"><a href=\"https:\/\/drive.google.com\/file\/d\/1An-0AFfvh7Y_mas4YN_AwVz5cC1a-wfd\/view?usp=sharing\" target=\"_blank\" rel=\"noopener\">Portaria 60, de 15 de setembro de 2022<\/a> &#8211; <strong>CONSTITUI<\/strong>\u00a0a banca de defesa de Exame de Qualifica\u00e7\u00e3o de Mestrado do discente<strong>\u00a0Luiz Evandro da Silva\u00a0<\/strong>do PPG em Fisiologia Vegetal, o projeto intitula-se: \u00a0\u201cUso de inibidor de metila\u00e7\u00e3o para &#8220;resetar&#8221; mem\u00f3rias mal-adaptativas ao estresse salino em plantas de arroz.\u201d <strong>REVOGADA<\/strong> pela <a href=\"https:\/\/drive.google.com\/file\/d\/1CRmYyc7oe1pqG122apMqAKfdCIDm5EKQ\/view?usp=sharing\">Portaria 63, de 23 de setembro de 2022<\/a> &#8211;<\/p>\n<p style=\"text-align: justify;\"><a href=\"https:\/\/drive.google.com\/file\/d\/1GB8PoqvqYIWSBU1yniU6_yxgzdzaTuix\/view?usp=sharing\" target=\"_blank\" rel=\"noopener\">Portaria 59, de 15 de setembro de 2022<\/a> &#8211; <strong>CONSTITUI<\/strong>\u00a0a banca de defesa de Exame de Qualifica\u00e7\u00e3o de Mestrado do discente\u00a0<strong>Thiago Francisco de Carvalho Oliveira\u00a0<\/strong>do PPG em Fisiologia Vegetal, o\u00a0projeto intitula-se: \u00a0\u201d Estudos de Eletrofisiologia em Plantas\u201d.<\/p>\n<p style=\"text-align: justify;\"><a href=\"https:\/\/drive.google.com\/file\/d\/1_1TpvqIbpZ_WWm99f6WGpW_dLx0_1u1_\/view?usp=sharing\" target=\"_blank\" rel=\"noopener\">Portaria 58, de 15 de setembro de 2022<\/a> &#8211; <strong>CONSTITUI<\/strong>\u00a0a banca de\u00a0<strong><em>Defesa\u00a0de Doutorado<\/em><\/strong>\u00a0da discente\u00a0<strong>Adrya Vanessa Lira Costa<\/strong>.do PPG em Fisiologia Vegetal, o\u00a0projeto intitula-se: \u201cINTEGRA\u00c7\u00c3O DE SINAIS SIST\u00caMICOS E RESPOSTAS EST\u00cdMULO-ESPEC\u00cdFICAS INDUZIDAS POR EST\u00cdMULOS ABI\u00d3TICOS SIMPLES E COMBINADOS EM PLANTAS DE FEIJ\u00c3O.\u201d<\/p>\n<p style=\"text-align: justify;\"><a href=\"https:\/\/drive.google.com\/file\/d\/1D7-zAYe_XU6UEDdpjGRdcYQY50SyEc37\/view?usp=sharing\" target=\"_blank\" rel=\"noopener\">Portaria 57, de 15 de setembro de 2022<\/a> &#8211; <strong>CONSTITUI<\/strong>\u00a0a banca de\u00a0<strong><em>Defesa\u00a0de Doutorado<\/em><\/strong>\u00a0da discente\u00a0<strong>Francine Saiosc Simmi<\/strong>.do PPG em Fisiologia Vegetal, o\u00a0projeto intitula-se: \u201cALTERA\u00c7\u00d5ES NO ELETROMA DURANTE A SINALIZA\u00c7\u00c3O SIST\u00caMICA E NO PROCESSO DE PRIMING EM PLANTAS DE CEVADA ESTIMULADAS POR FUNGOS PATOG\u00caNICOS\u201d.<\/p>\n<p style=\"text-align: justify;\"><a href=\"https:\/\/drive.google.com\/file\/d\/1N5y-K0IQ0d1BBbz6vhLofgt5nKeq564R\/view?usp=sharing\" target=\"_blank\" rel=\"noopener\">Portaria 56, de 14 de setembro de 2022<\/a> &#8211;\u00a0<strong> Altera<\/strong>\u00a0a Portaria Interna 23\/2022 (<span contenteditable=\"false\"><a class=\"ancoraSei\" href=\"https:\/\/sei.ufpel.edu.br\/sei\/controlador.php?acao=protocolo_visualizar&amp;id_protocolo=1894967&amp;infra_sistema=100000100&amp;infra_unidade_atual=110000218&amp;infra_hash=2727b0b8e0078a71dc6b03494ad51ab0d91daefd04743be8266439c9624fe82f\" target=\"_blank\" rel=\"noopener\">1678479<\/a><\/span>), <strong>RECOMP\u00d5E<\/strong> as Comiss\u00f5es Tempor\u00e1rias do Conselho Departamental do Instituto de Biologia <strong>Comiss\u00e3o de Espa\u00e7o F\u00edsico (CEF) e Comiss\u00e3o do Plano de Desenvolvimento Institucional (CPDU). REVOGADA pelas <a href=\"https:\/\/drive.google.com\/file\/d\/1aPYiqbeFf06_r8bDQNIicltjZsB4sKPd\/view?usp=sharing\" target=\"_blank\" rel=\"noopener\">Portaria 61, de 15 de setembro de 2022<\/a> e <a href=\"https:\/\/drive.google.com\/file\/d\/1dbXrcq9dnQkSGJQRCDuI8T5s9mkE8X7R\/view?usp=sharing\" target=\"_blank\" rel=\"noopener\">Portaria 62, de 15 de setembro de 2022<\/a><\/strong><\/p>\n<p style=\"text-align: justify;\"><a href=\"https:\/\/drive.google.com\/file\/d\/1ZoV-BqowVCvWPmzTFdyXPrlfvpWqfcUZ\/view?usp=sharing\" target=\"_blank\" rel=\"noopener\">Portaria 55, de 09 de setembro de 2022<\/a> &#8211; <strong>CONSTITUI<\/strong>\u00a0Banca Examinadora da\u00a0defesa de Disserta\u00e7\u00e3o da\u00a0discente\u00a0<strong>Viviane dos Santos Simpl\u00edcio\u200b<\/strong>, o trabalho intitula-se: \u201cAvalia\u00e7\u00e3o de iscas t\u00f3xicas no controle de\u00a0<i>Gryllus assimilis<\/i>\u00a0(Orthoptera: Gryllidae) em\u00a0laborat\u00f3rio\u201d, sob orienta\u00e7\u00e3o do Prof. Dr. Fl\u00e1vio Roberto Mello Garcia\u00a0e Coorienta\u00e7\u00e3o da\u00a0Prof\u00aa Dr\u00aa. Luiza Cristiane Fialho Zazycki<\/p>\n<p style=\"text-align: justify;\"><a href=\"https:\/\/drive.google.com\/file\/d\/1yAdAf-1nx2VPi3Ac0MWZh6ZfBvi85O02\/view?usp=sharing\" target=\"_blank\" rel=\"noopener\">Portaria 54, de 30 de agosto de 2022<\/a> &#8211; <strong>ATUALIZA <\/strong>a composi\u00e7\u00e3o do Colegiado do Programa de P\u00f3s-Gradua\u00e7\u00e3o em Biodiversidade<\/p>\n<p style=\"text-align: justify;\"><a href=\"https:\/\/drive.google.com\/file\/d\/1J_4TjfA4SLwsI1Sgq-SOe6vDrWPnhLZx\/view?usp=sharing\" target=\"_blank\" rel=\"noopener\">Portaria 53, de 17 de agosto de 2022<\/a> &#8211;\u00a0 <strong>CONSTITUI<\/strong>\u00a0banca de\u00a0exame de qualifica\u00e7\u00e3o de Mestrado do\u00a0discent<strong>e\u00a0Adriano Udich Bester\u00a0<\/strong>do PPG em Fisiologia Vegetal, o projeto intitula-se \u201c<strong>Mecanismos fisiol\u00f3gicos de mem\u00f3ria e estresse cruzado em plantas de soja submetidas a estresse h\u00eddrico por alagamento e d\u00e9ficit h\u00eddrico<\/strong>\u201d.<\/p>\n<p style=\"text-align: justify;\"><a href=\"https:\/\/drive.google.com\/file\/d\/12DQAMba6Gd79VjIDK2vImRrlgWVB7XVL\/view?usp=sharing\" target=\"_blank\" rel=\"noopener\">Portaria 52, de 22 de julho de 2022<\/a> &#8211; <strong>\u00a0CONSTITUI <\/strong>banca de\u00a0Exame de Defesa de Disserta\u00e7\u00e3o de Mestrado da discent<strong>e\u00a0Fernanda Maria Corr\u00eaa<\/strong>\u00a0do PPG em Fisiologia Vegetal, o projeto intitula-se \u201c<strong><em>Estudo de mecanismos de toler\u00e2ncia ao alagamento e submers\u00e3o total em trevo-vesiculoso por avalia\u00e7\u00e3o de altera\u00e7\u00f5es fisiol\u00f3gicas e anat\u00f4micas entre gen\u00f3tipos\u00a8.<\/em><\/strong><\/p>\n<p style=\"text-align: justify;\"><a href=\"https:\/\/drive.google.com\/file\/d\/1hmNenNB8EOp93R37vsnyN_v2VHGZglYa\/view?usp=sharing\" target=\"_blank\" rel=\"noopener\">Portaria 51, de 18 de julho de 2021<\/a> &#8211; <strong>RETIFICA <\/strong>a Portaria Interna n\u00b0. 46 (<span contenteditable=\"false\"><a class=\"ancoraSei\" href=\"https:\/\/sei.ufpel.edu.br\/sei\/controlador.php?acao=protocolo_visualizar&amp;id_protocolo=1975386&amp;infra_sistema=100000100&amp;infra_unidade_atual=110000218&amp;infra_hash=ecbd0fd173938de768464a645a216952876945cabc95b608ab11d2f34d19feee\" target=\"_blank\" rel=\"noopener\">1750482<\/a><\/span>) que passa a ter o seguinte teor: <strong>CONSTITUI<\/strong>\u00a0a banca de\u00a0<em><strong>Exame de Qualifica\u00e7\u00e3o de Doutorado<\/strong><\/em>\u00a0do discente<strong>\u00a0Maur\u00edcio Couto File\u00a0<\/strong>do PPG em Fisiologia Vegetal, o\u00a0projeto intitula-se: \u201cFitorremedia\u00e7\u00e3o de solo contaminado com imidazolinonas sob elevada concentra\u00e7\u00e3o de CO<sub>2<\/sub>\u00a0atmosf\u00e9rico\u201d.<\/p>\n<p style=\"text-align: justify;\"><a href=\"https:\/\/drive.google.com\/file\/d\/1xYqffWY_4wqAxuWGAucPgqljsGdDgd7-\/view?usp=sharing\" target=\"_blank\" rel=\"noopener\">Portaria 50, de 07 de julho de 2022<\/a> &#8211; <strong>CONSTITUI<\/strong>\u00a0banca do Exame de Qualifica\u00e7\u00e3o de Doutorado da\u00a0discente\u00a0<strong>Natalia da Silva Garcia<\/strong>\u00a0do PPG em Fisiologia Vegetal, o projeto intitula-se: \u201cGrapevine physiological responses to sub-doses of synthetic auxin herbicides\u201d.<\/p>\n<p style=\"text-align: justify;\"><a href=\"https:\/\/drive.google.com\/file\/d\/1z6_LaTqUA4BOS40Q3R1e8P0Nairazr7Q\/view?usp=sharing\" target=\"_blank\" rel=\"noopener\">Portaria 49, de 29 de junho de 2022<\/a> &#8211; <strong>CONSTITUI <\/strong>a\u00a0composi\u00e7\u00e3o do Colegiado do Programa de P\u00f3s-Gradua\u00e7\u00e3o em Microbiologia e Parasitologia (PPGMPar)<\/p>\n<p>Portaria 48, NULA<\/p>\n<p style=\"text-align: justify;\"><a href=\"https:\/\/drive.google.com\/file\/d\/1I0swT9jkyOd0J9G1LmqmPqvZawZTCUmZ\/view?usp=sharing\" target=\"_blank\" rel=\"noopener\">Portaria 47, de 23 de junho de 2022<\/a> &#8211; <strong>RETIFICA <\/strong>a Portaria no. 23 de 28 de abril de 2022 que trata das Comiss\u00f5es Tempor\u00e1rias do Conselho Departamental do Instituto de Biologia e\u00a0<strong>RECONSTITUI<\/strong> a Comiss\u00e3o Provis\u00f3ria do PDU\/CD-IB de acordo com a delibera\u00e7\u00e3o do CD em 15\/06\/2022 (Ata 09\/2022). <strong>REVOGADA<\/strong> pelas <a href=\"https:\/\/drive.google.com\/file\/d\/1aPYiqbeFf06_r8bDQNIicltjZsB4sKPd\/view?usp=sharing\" target=\"_blank\" rel=\"noopener\">Portaria 61, de 15 de setembro de 2022<\/a> e <a href=\"https:\/\/drive.google.com\/file\/d\/1dbXrcq9dnQkSGJQRCDuI8T5s9mkE8X7R\/view?usp=sharing\" target=\"_blank\" rel=\"noopener\">Portaria 62, de 15 de setembro de 2022 <\/a><\/p>\n<p style=\"text-align: justify;\"><a href=\"https:\/\/drive.google.com\/file\/d\/1U5gyD9InSbCSPQR_IqRurrHKh4EzdM4V\/view?usp=sharing\" target=\"_blank\" rel=\"noopener\">Portaria 46, de 23 de junho de 2022<\/a> &#8211; <strong>CONSTITUI<\/strong>\u00a0e defesa da tese de Doutorado do discente<strong>\u00a0Maur\u00edcio Couto File\u00a0<\/strong>do PPG em Fisiologia Vegetal, o\u00a0projeto intitula-se: \u201cFitorremedia\u00e7\u00e3o de solo contaminado com imidazolinonas sob elevada concentra\u00e7\u00e3o de CO<sub>2<\/sub> atmosf\u00e9rico\u201d. Retificada pela <a href=\"https:\/\/drive.google.com\/file\/d\/1hmNenNB8EOp93R37vsnyN_v2VHGZglYa\/view?usp=sharing\" target=\"_blank\" rel=\"noopener\">Portaria 51, de 18 de julho de 2021<\/a><\/p>\n<p style=\"text-align: justify;\"><a href=\"https:\/\/drive.google.com\/file\/d\/15xbHdwZn4a0IrijQs22s2vKn-uaJt0TH\/view?usp=sharing\" target=\"_blank\" rel=\"noopener\">Portaria 45, de 23 de junho de 2022<\/a> &#8211; <strong>CONSTITUI<\/strong>\u00a0banca de defesa da disserta\u00e7\u00e3o de Mestrado da discente\u00a0<strong>Nathalia Dalla Corte Bernardi<\/strong><strong>\u200b\u00a0<\/strong>do PPG em Fisiologia Vegetal, o\u00a0projeto intitula-se \u201cAdaptabilidade ecofisiol\u00f3gica do arroz ao sulco-camalh\u00e3o residual do cultivo de soja em terras baixas\u201d.<\/p>\n<p>Portaria 44, de &#8211; sistema pulou n\u00famero de portaria<\/p>\n<p><a href=\"https:\/\/drive.google.com\/file\/d\/15FxXFXvffbfQYqwxqcYtOeCWRZUl5o_i\/view?usp=sharing\" target=\"_blank\" rel=\"noopener\">Portaria 43, de 26 de maio de 2022<\/a> &#8211; Institui a COE para processo Eleitoral do IB<\/p>\n<p style=\"text-align: justify;\"><a href=\"https:\/\/drive.google.com\/file\/d\/1LAtHLBxevwQPyT4ihGU1j21ikOPSgZNf\/view?usp=sharing\" target=\"_blank\" rel=\"noopener\">Portaria 42, de 23 de maio de 2022<\/a> &#8211; <strong>MANTEM<\/strong>\u00a0a\u00a0Banca Examinadora para a defesa de Trabalho de Conclus\u00e3o de Curso de Ci\u00eancias Biol\u00f3gicas \u2013 Bacharelado da acad\u00eamica\u00a0<strong>Ingrid Paola Neves Tuchtenhagen\u00a0<\/strong>intitulado \u201cTranstorno de D\u00e9ficit de Aten\u00e7\u00e3o e Hiperatividade (TDAH) e alimenta\u00e7\u00e3o: genes do paladar associados a padr\u00f5es alimentares na susceptibilidade gen\u00e9tica do TDAH\u201d (<\/p>\n<p style=\"text-align: justify;\"><a href=\"https:\/\/drive.google.com\/file\/d\/1bggzdQlGKEtodO0sVpIkhqI0RqWRGgCl\/view?usp=sharing\" target=\"_blank\" rel=\"noopener\">Portaria 41, de 19 de maio de 2022<\/a> &#8211; <strong>REVOGA<\/strong>\u00a0a PORTARIA N\u00ba 84, de 15 de dezembro de 2021 (<span contenteditable=\"false\"><a class=\"ancoraSei\" href=\"https:\/\/sei.ufpel.edu.br\/sei\/controlador.php?acao=protocolo_visualizar&amp;id_protocolo=1741395&amp;infra_sistema=100000100&amp;infra_unidade_atual=110000218&amp;infra_hash=16ddbaefb28b80044174bc95644162e2246cb8333db16767204f4719d1cdea67\" target=\"_blank\" rel=\"noopener\">1540673<\/a><\/span>) e\u00a0 <strong>RECOMP\u00d5E <\/strong>o Colegiado do Curso em Especializa\u00e7\u00e3o em Educa\u00e7\u00e3o Ambiental com \u00eanfase em Espa\u00e7os Educadores Sustent\u00e1veis EaD, do Instituto de Biologia. <strong>ALTERA<\/strong> a data de 26 de maio de 2022, \u00e0s 09h00min, para 07 de junho de 2022 as 9h00min,.<\/p>\n<p style=\"text-align: justify;\"><a href=\"https:\/\/drive.google.com\/file\/d\/1ZZgTDKFSX-rbfQEMWLWNsEEg-szQrOkN\/view?usp=sharing\" target=\"_blank\" rel=\"noopener\">Portaria 40, de 18 de maio de 2022<\/a> &#8211; \u00a0\u00a0 \u00a0<strong>CONSTITUI <\/strong>a\u00a0composi\u00e7\u00e3o do Colegiado do Programa de P\u00f3s-Gradua\u00e7\u00e3o em Biodiversidade Animal<\/p>\n<p style=\"text-align: justify;\"><a href=\"https:\/\/drive.google.com\/file\/d\/1hF0drA4f5cqNVuJZHugv6EjX0A2Blt_0\/view?usp=sharing\" target=\"_blank\" rel=\"noopener\">Portaria 39, de 10\u00a0 \u00a0de maio\u00a0 \u00a0de 2022<\/a> &#8211; <strong>\u00a0 RETIFICA <\/strong>a Portaria Interna 37 (<span contenteditable=\"false\"><a class=\"ancoraSei\" href=\"https:\/\/sei.ufpel.edu.br\/sei\/controlador.php?acao=protocolo_visualizar&amp;id_protocolo=1909003&amp;infra_sistema=100000100&amp;infra_unidade_atual=110000218&amp;infra_hash=e24e148956ab01118f6fa00ac0ff853eab5e43fd6ae84e272c42aa2a144c0cf8\" target=\"_blank\" rel=\"noopener\">1691071<\/a><\/span>) q<a id=\"anchor1909003\" target=\"_blank\" rel=\"noopener\"><\/a>ue trata da\u00a0Banca Examinadora para a defesa de Trabalho de Conclus\u00e3o de Curso de Ci\u00eancias Biol\u00f3gicas \u2013 Licenciatura da acad\u00eamica\u00a0<strong>Marcelli de Lima Ferreira\u00a0<\/strong>intitulado\u00a0<em>\u201cEnsino remoto emergencial: O uso das tecnologias no processo de aprendizagem em sala de aula\u201d<\/em><strong>\u00a0onde se l\u00ea somente\u00a0<\/strong>Orientador Prof. Dr. Cristiano Agra Iserhard, Coorientador Prof. Dr. Robledo Lima Gil\u00a0<strong>leia-se Orientador\u00a0Prof. Dr. Robledo Lima Gil<\/strong>)<\/p>\n<p style=\"text-align: justify;\"><a href=\"https:\/\/drive.google.com\/file\/d\/1h6sc7NDJ5ly0SHAdpyCMIG_bTTE4Ibzr\/view?usp=sharing\" target=\"_blank\" rel=\"noopener\">Portaria 38, de 06 de maio de 2022<\/a> &#8211; <strong>CONSTITUI<\/strong>\u00a0Banca Examinadora para a defesa de Trabalho de Conclus\u00e3o de Curso de Ci\u00eancias Biol\u00f3gicas \u2013 Bacharelado da acad\u00eamica\u00a0<strong>Carolina Calegaro\u00a0<\/strong>intitulado\u00a0<strong>\u201cVozes do sil\u00eancio: Di\u00e1logos decoloniais e vis\u00f5es de mundo outras como um caminho para a pluriversidade\u201d\u00a0<\/strong>(Orientador Bi\u00f3l\u00aa. Dr\u00aa. Greici Maia Behling)<\/p>\n<p style=\"text-align: justify;\"><a href=\"https:\/\/drive.google.com\/file\/d\/1UuPbziwLd065LgjIBWqiOADf4iSSQjwn\/view?usp=sharing\" target=\"_blank\" rel=\"noopener\">Portaria 37, de 06 de maio de 2022<\/a> &#8211; <strong>CONSTITUI<\/strong>\u00a0Banca Examinadora para a defesa de Trabalho de Conclus\u00e3o de Curso de Ci\u00eancias Biol\u00f3gicas \u2013 Licenciatura da acad\u00eamica\u00a0<strong>Marcelli de Lima Ferreira\u00a0<\/strong>intitulado\u00a0<strong>\u201cEnsino remoto emergencial: O uso das tecnologias no processo de aprendizagem em sala de aula\u201d\u00a0<\/strong>(Orientador Prof. Dr. Cristiano Agra Iserhard, Coorientador Prof. Dr. Robledo Lima Gil)<\/p>\n<p style=\"text-align: justify;\"><a href=\"https:\/\/drive.google.com\/file\/d\/1AKi7P7wUS5U0zAPlryIU32e9VMY3C_1B\/view?usp=sharing\" target=\"_blank\" rel=\"noopener\">Portaria 36, de 06 de maio de 2022<\/a> &#8211; <strong>CONSTITUI<\/strong>\u00a0Banca Examinadora para a defesa de Trabalho de Conclus\u00e3o de Curso de Ci\u00eancias Biol\u00f3gicas \u2013 Bacharelado do acad\u00eamico\u00a0<strong>Andrei Morais Barbosa<\/strong>, intitulado \u201cAn\u00e1lise epidemiol\u00f3gica de acidentes com pe\u00e7onhentos na regi\u00e3o sul do Rio Grande do Sul\u201d (Orientador Prof. Dr. Marcos Marreiro Villela)<\/p>\n<p style=\"text-align: justify;\"><a href=\"https:\/\/drive.google.com\/file\/d\/1RNiszDCnVuxKBa1Q84gwtcGtotBx4SBB\/view?usp=sharing\" target=\"_blank\" rel=\"noopener\">Portaria 35, de 06 de maio de 2022<\/a> &#8211; <strong>CONSTITUI<\/strong>\u00a0Banca Examinadora para a defesa de Trabalho de Conclus\u00e3o de Curso de Ci\u00eancias Biol\u00f3gicas \u2013 Licenciatura da acad\u00eamica\u00a0<strong>Luciana Marin Fonseca\u00a0<\/strong>intitulado\u00a0<strong>\u201cIntera\u00e7\u00f5es hist\u00f3ricas de herbivoria e poliniza\u00e7\u00e3o entre esfing\u00eddeos e plantas no extremo sul do Brasil e Uruguai: s\u00edntese e padr\u00f5es\u201d<\/strong>\u00a0(Orientador Prof. Dr. Cristiano Agra Iserhard, Coorientador Prof. Dr. Jeferson Vizentin-Bugoni)<\/p>\n<p style=\"text-align: justify;\"><a href=\"https:\/\/drive.google.com\/file\/d\/1P2xKrc3OrzmpxabwNAojUTp1tniT8o7R\/view?usp=sharing\" target=\"_blank\" rel=\"noopener\">Portaria 34, de 06 de maio de 2022<\/a> &#8211; <strong>\u00a0CONSTITUI<\/strong>\u00a0Banca Examinadora para a defesa de Trabalho de Conclus\u00e3o de Curso de Ci\u00eancias Biol\u00f3gicas \u2013 Bacharelado do acad\u00eamico\u00a0<strong>Mathaus Camelatto Kr\u00fcger<\/strong>, intitulado \u201cTranstornos mentais e prote\u00ednas desordenadas: uma abordagem in-silico do receptor de dopamina D4\u201d (Orientador Prof. Dr. Robson da Silva Oliboni)<\/p>\n<p style=\"text-align: justify;\"><a href=\"https:\/\/drive.google.com\/file\/d\/1FBQ2chAR9HHknmPCplG0_t0WMqNE4XBm\/view?usp=sharing\" target=\"_blank\" rel=\"noopener\">Portaria 33, de 06 de maio de 2022<\/a> &#8211; <strong>CONSTITUI<\/strong>\u00a0Banca Examinadora para a defesa de Trabalho de Conclus\u00e3o de Curso de Ci\u00eancias Biol\u00f3gicas \u2013 Bacharelado da acad\u00eamica\u00a0<strong>Vict\u00f3ria Raupp Alves\u00a0<\/strong>intitulado<strong>\u00a0\u201cConsidera\u00e7\u00f5es gerais sobre cultura em\u00a0<\/strong><em><strong>great apes<\/strong><\/em><strong>\u00a0(<\/strong><em><strong>Pongo<\/strong><\/em><strong>,\u00a0<\/strong><em><strong>Gorilla<\/strong><\/em><strong>\u00a0e\u00a0<\/strong><em><strong>Pan<\/strong><\/em><strong>)\u201d<\/strong>\u00a0(Orientador Prof. Dr. C\u00e9sar Jaeger Drehmer)<\/p>\n<p style=\"text-align: justify;\"><a href=\"https:\/\/drive.google.com\/file\/d\/1QCynpXg-2tNRYyBSmmEbBPlrcXByHl4k\/view?usp=sharing\" target=\"_blank\" rel=\"noopener\">Portaria 32, de 06 de maio de 2022<\/a> &#8211; <strong>CONSTITUI<\/strong>\u00a0Banca Examinadora para a defesa de Trabalho de Conclus\u00e3o de Curso de Ci\u00eancias Biol\u00f3gicas \u2013 Bacharelado da acad\u00eamica\u00a0<strong>Maidana da Silva Idiarte\u00a0<\/strong>intitulado \u201cEfeitos do herbicida glifosato na express\u00e3o de genes associados ao eixo somatotr\u00f3fico em larvas do peixe-rei\u00a0<em>Odontesthes argentinensis<\/em>\u201d (Orientador\u00a0<a target=\"_blank\" rel=\"noopener\" name=\"_Hlk102987323\"><\/a>Prof. Dr. Ricardo Berteaux Robaldo, Coorientador Prof. Dr. Vinicius Farias Campos)<\/p>\n<p style=\"text-align: justify;\"><a href=\"https:\/\/drive.google.com\/file\/d\/1eGWHGxG6lzJ4x4XHS45ju4oQT1Y_OAi9\/view?usp=sharing\" target=\"_blank\" rel=\"noopener\">Portaria 31, de 06 de maio de 2022<\/a> &#8211; <strong>CONSTITUI<\/strong>\u00a0Banca Examinadora para a defesa de Trabalho de Conclus\u00e3o de Curso de Ci\u00eancias Biol\u00f3gicas \u2013 Bacharelado da acad\u00eamica\u00a0<strong>Thayn\u00e1 Laner Cardoso\u00a0<\/strong>intitulado \u201cAvalia\u00e7\u00e3o da imunogenicidade de quimeras recombinantes de Bartonella henselae\u201d (Orientador Prof\u00aa. Dr\u00aa. Daiane Drawanz Hartwig, Coorientador Dr. Amilton Clair Pinto Seixas Neto)<\/p>\n<p style=\"text-align: justify;\"><a href=\"https:\/\/drive.google.com\/file\/d\/1Ssk8kdvaTHz3SpAX4iPdvsLugL5S3X_l\/view?usp=sharing\" target=\"_blank\" rel=\"noopener\">Portaria 30, de 06 de maio de 2022<\/a> &#8211; <strong>CONSTITUI<\/strong>\u00a0Banca Examinadora para a defesa de Trabalho de Conclus\u00e3o de Curso de Ci\u00eancias Biol\u00f3gicas \u2013 Bacharelado da acad\u00eamica\u00a0<strong>Ingrid Paola Neves Tuchtenhagen\u00a0<\/strong>intitulado \u201cTranstorno de D\u00e9ficit de Aten\u00e7\u00e3o e Hiperatividade (TDAH) e alimenta\u00e7\u00e3o: genes do paladar associados a padr\u00f5es alimentares na susceptibilidade gen\u00e9tica do TDAH\u201d (Orientador Prof\u00aa. Dr\u00aa. Luciana Tovo Rodrigues, Coorientador Dr\u00aa. Thais Martins da Silva<\/p>\n<p style=\"text-align: justify;\"><a href=\"https:\/\/drive.google.com\/file\/d\/1ZjjSDZACwCemPT1X4k0hUSJvtJPZe3fb\/view?usp=sharing\" target=\"_blank\" rel=\"noopener\">Portaria 29, de 06 de maio de 2022<\/a> &#8211; <strong>CONSTITUI<\/strong>\u00a0Banca Examinadora para a defesa de Trabalho de Conclus\u00e3o de Curso de Ci\u00eancias Biol\u00f3gicas \u2013 Licenciatura da acad\u00eamica\u00a0<strong>Raphaela Alt M\u00fcller\u00a0<\/strong>intitulado \u201cAn\u00e1lise da abordagem sobre educa\u00e7\u00e3o sexual nos livros did\u00e1ticos de Ci\u00eancias no oitavo ano do Ensino Fundamental com as compet\u00eancias da Base Nacional Comum Curricular (BNCC)\u201d (Orientador Prof. Dr. Robledo Lima Gil)<\/p>\n<p style=\"text-align: justify;\"><a href=\"https:\/\/drive.google.com\/file\/d\/1VLpWZFMoF5RFqs0dKy0AilvBAAU7Aheu\/view?usp=sharing\" target=\"_blank\" rel=\"noopener\">Portaria 28, de 06 de maio de 2022<\/a> &#8211; <strong>CONSTITUI<\/strong>\u00a0Banca Examinadora para a defesa de Trabalho de Conclus\u00e3o de Curso de Ci\u00eancias Biol\u00f3gicas \u2013 Licenciatura do acad\u00eamico\u00a0<strong>Cleisson Schossler Garcia<\/strong>, intitulado \u201cEfeito do tipo antidepressivo de uma selenoindolizina em camundongos: evid\u00eancias in vivo e in silico para o envolvimento dos receptores serotonin\u00e9rgicos 5-HT2A\/C\u201d (Orientador Prof. Dr.\u00a0 C\u00e9sar Augusto Br\u00fcning, Coorientador Prof\u00aa. Dr\u00aa. Cristiani Folharini Bortolatto)<\/p>\n<p style=\"text-align: justify;\"><a href=\"https:\/\/drive.google.com\/file\/d\/1FTC8yRXxntMpPCVfYlEGPCCKsZw9QM-1\/view?usp=sharing\" target=\"_blank\" rel=\"noopener\">Portaria 27, de 06 de maio de 2022<\/a> &#8211; <strong>CONSTITUI<\/strong>\u00a0Banca Examinadora para a defesa de Trabalho de Conclus\u00e3o de Curso de Ci\u00eancias Biol\u00f3gicas \u2013 Licenciatura da acad\u00eamica\u00a0<strong>Amanda de Melo Jaques\u00a0<\/strong>intitulado \u201cContextualiza\u00e7\u00e3o do ensino de histologia em escolas p\u00fablicas de Pelotas a partir de experi\u00eancia do Resid\u00eancia Pedag\u00f3gica visando apontar fragilidades e propor jogos l\u00fadicos para sua supera\u00e7\u00e3o\u201d (Orientador Prof. Dr. Luiz Fernando Minello)<\/p>\n<p style=\"text-align: justify;\"><a href=\"https:\/\/drive.google.com\/file\/d\/1iUGOxftz0EFmp3_3g8YBv0M7YrIOBnhU\/view?usp=sharing\" target=\"_blank\" rel=\"noopener\">Portaria 26, de 06 de maio de 2022<\/a> &#8211; <strong>CONSTITUI<\/strong>\u00a0Banca Examinadora para a defesa de Trabalho de Conclus\u00e3o de Curso de Ci\u00eancias Biol\u00f3gicas \u2013 Bacharelado da acad\u00eamica\u00a0<strong>Gabrielli Fernandes Rodrigues<\/strong>\u00a0intitulado \u201cA ordem Solanales na Embrapa Clima Temperado, Pelotas, Rio Grande do Sul\u201d (Orientador Bi\u00f3logo Dr. Gustavo Heiden, Coorientador Prof. Dr. Jo\u00e3o Ricardo Vieira Iganci)<\/p>\n<p style=\"text-align: justify;\"><a href=\"https:\/\/drive.google.com\/file\/d\/1fNZH1dxCMZQxHJ1nyOVC89AXq0rE0n8K\/view?usp=sharing\" target=\"_blank\" rel=\"noopener\">Portaria 25, de 04 de maio de 2022<\/a> &#8211; <strong>REVOGA<\/strong>\u00a0a PORTARIA n\u00ba 10, de 04 de maio de 2020 (<span contenteditable=\"false\"><a class=\"ancoraSei\" href=\"https:\/\/sei.ufpel.edu.br\/sei\/controlador.php?acao=protocolo_visualizar&amp;id_protocolo=1074389&amp;infra_sistema=100000100&amp;infra_unidade_atual=110000518&amp;infra_hash=c32e25f5e6aff3c9b8435f03627c61381239235afc5520b857590bcd53156a8b\" target=\"_blank\" rel=\"noopener\">0938693<\/a><\/span>) que trata da composi\u00e7\u00e3o do Colegiado dos Cursos de Bacharelado e Licenciatura em Ci\u00eancias Biol\u00f3gicas, do Instituto de Biologia. <strong>CONSTITUI <\/strong>o N\u00facleo Docente Estruturante \u2013 NDE do Curso de Ci\u00eancias Biol\u00f3gicas<\/p>\n<p style=\"text-align: justify;\"><a href=\"https:\/\/drive.google.com\/file\/d\/1hWWmPFIqnSdYvwGwz3fiAT7QEjPzlQwV\/view?usp=sharing\" target=\"_blank\" rel=\"noopener\">Portaria 24, de 04 de maio de 2022<\/a> &#8211;\u00a0<strong>REVOGA<\/strong>\u00a0a PORTARIA n\u00ba 13, de 09 de mar\u00e7o de 2022 (<span contenteditable=\"false\"><a class=\"ancoraSei\" href=\"https:\/\/sei.ufpel.edu.br\/sei\/controlador.php?acao=protocolo_visualizar&amp;id_protocolo=1823936&amp;infra_sistema=100000100&amp;infra_unidade_atual=110000518&amp;infra_hash=17d1bcb725bc6bb3109eb93b4c16ea4fbf3baf9ca03396ad685487f7600e3262\" target=\"_blank\" rel=\"noopener\">1614875<\/a><\/span>) que trata da composi\u00e7\u00e3o do Colegiado dos Cursos de Bacharelado e Licenciatura em Ci\u00eancias Biol\u00f3gicas, do Instituto de Biologia. <strong>CONSOLIDA<\/strong> a nova composi\u00e7\u00e3o do Colegiado dos Cursos de Gradua\u00e7\u00e3o em Ci\u00eancias Biol\u00f3gicas Bacharelado e Licenciatura. <strong>R<\/strong><strong style=\"text-align: justify;\">EVOGADA pela <\/strong><a href=\"https:\/\/drive.google.com\/file\/d\/1mcy4_mLXY4uJyLEuFlpn815ekiYbg3A5\/view?usp=sharing\" target=\"_blank\" rel=\"noopener\">Portaria 84, de 26 de outubro de 2022<\/a><\/p>\n<p style=\"text-align: justify;\"><a href=\"https:\/\/drive.google.com\/file\/d\/19OwmVUEp07WAIjLa44tkhGJKTL4SFgrT\/view?usp=sharing\" target=\"_blank\" rel=\"noopener\">Portaria 23, de 28 de abril de 2022 &#8211;<\/a>\u00a0<strong>CONSTITUI<\/strong> as Comiss\u00f5es Tempor\u00e1rias do Conselho Departamental do Instituto de Biologia a saber: <strong>Comiss\u00e3o de Espa\u00e7o F\u00edsico (CEF) e \u00a0Comiss\u00e3o do Plano de Desenvolvimento Institucional (CPDU). REVOGADA <\/strong>pela <strong><a href=\"https:\/\/drive.google.com\/file\/d\/1N5y-K0IQ0d1BBbz6vhLofgt5nKeq564R\/view?usp=sharing\" target=\"_blank\" rel=\"noopener\">Portaria 56, de 14 de setembro de 2022<\/a><\/strong><\/p>\n<p style=\"text-align: justify;\"><a href=\"https:\/\/drive.google.com\/file\/d\/1eOH_RvtYQGgFlnSwEvmGOFl8ecwln1ie\/view?usp=sharing\" target=\"_blank\" rel=\"noopener\">Portaria 22, de 25 de abril de 2022 &#8211;<\/a> <strong>CONSTITUI<\/strong>\u00a0banca da defesa de tese de\u00a0Doutorado da\u00a0discente\u00a0<strong>Marisa Taniguchi\u200b\u00a0<\/strong>do PPG em Fisiologia Vegetal, o\u00a0projeto intitula-se: \u201cEstrat\u00e9gias para conserva\u00e7\u00e3o ex-situ de recursos gen\u00e9ticos da biodiversidade brasileira\u201d<\/p>\n<p style=\"text-align: justify;\"><a href=\"https:\/\/drive.google.com\/file\/d\/1vgOIr8xXjMMqlgJmXdcSKFhS6cUoV-8w\/view?usp=sharing\" target=\"_blank\" rel=\"noopener\">Portaria 21, de 14 de abril de 2022<\/a> &#8211; <strong>CONSTITUI<\/strong>\u00a0Banca\u00a0Examinadora\u00a0da\u00a0defesa\u00a0de Disserta\u00e7\u00e3o do Curso de Mestrado Acad\u00eamico\u00a0da discente\u00a0<strong>Juliana de Souza Chagas<\/strong><b>\u00a0<\/b>do PPG em Entomologia, o\u00a0projeto intitula-se:\u00a0<strong>\u201c<\/strong><b>Revis\u00e3o do conhecimento sobre diversidade e evolu\u00e7\u00e3o de esfing\u00eddeos (Lepidoptera: Sphingidae), incluindo registros de ocorr\u00eancia e mapas de distribui\u00e7\u00e3o para as esp\u00e9cies do Brasil<\/b><strong>\u201d\u00a0<\/strong>tendo como orientador o\u00a0Prof. Dr. Marco Antonio Tonus Marinho\u00a0e Coorientador o\u00a0Prof. Dr. Cristiano Agra Iserhard.<\/p>\n<p style=\"text-align: justify;\"><a href=\"https:\/\/drive.google.com\/file\/d\/135Nbc0-8RAtDU7qyrtWurwJMBEucNo3n\/view?usp=sharing\" target=\"_blank\" rel=\"noopener\">Portaria 20, de 14 de abril de 2022<\/a> &#8211; <strong>CONSTITUI<\/strong>\u00a0Banca\u00a0Examinadora\u00a0da\u00a0defesa\u00a0de Disserta\u00e7\u00e3o do Curso de Mestrado Acad\u00eamico\u00a0da discente\u00a0<b>Camila Furtado Dalmorra Barcelos\u00a0<\/b>do PPG em Entomologia, o\u00a0projeto intitula-se:\u00a0<strong>\u201c<\/strong><b>Esp\u00e9cies brasileiras do g\u00eanero\u00a0<em>Scaptomyza\u00a0<\/em>(Diptera: Drosophilidae): novas esp\u00e9cies e registros de ocorr\u00eancia<\/b><strong>\u201d\u00a0<\/strong>tendo como orientador o\u00a0Prof. Dr. Marco Silva Gottschalk.<\/p>\n<p style=\"text-align: justify;\"><a href=\"https:\/\/drive.google.com\/file\/d\/1PyzEOhx81VTcIs8fffGDBjIC1jM0dJLS\/view?usp=sharing\" target=\"_blank\" rel=\"noopener\">Portaria 19 de 06 de abril de 2022<\/a> &#8211; <strong>CONSTITUI<\/strong>\u00a0Banca\u00a0Examinadora\u00a0da\u00a0defesa\u00a0de Disserta\u00e7\u00e3o do Curso de Mestrado Acad\u00eamico\u00a0da discente\u00a0<strong>William De Togni<\/strong><strong>\u00a0<\/strong>do PPG em Entomologia, o\u00a0projeto intitula-se:\u00a0<strong>\u201c<\/strong><b>Efeitos da densidade e tamanho larval na intera\u00e7\u00e3o entre\u00a0<i>Hydrotaea albuquerquei<\/i>\u00a0(Lopes) (Muscidae: Azeliinae) e\u00a0<i>Musca domestica<\/i>\u00a0Linneaus (Muscidae: Muscinae)<\/b><strong>\u201d,\u00a0<\/strong>tendo como orientador o\u00a0Prof. Dr. Rodrigo Ferreira Kr\u00fcger.<\/p>\n<p style=\"text-align: justify;\"><a href=\"https:\/\/drive.google.com\/file\/d\/1bP0XsbAJZAV1rw3eKRT0A5N6v_XB2rBO\/view?usp=sharing\" target=\"_blank\" rel=\"noopener\">Portaria 18 de 06 de abril de 2022 <\/a>&#8211; <strong>CONSTITUI<\/strong>\u00a0Banca\u00a0Examinadora\u00a0da\u00a0defesa\u00a0de Disserta\u00e7\u00e3o do Curso de Mestrado Acad\u00eamico\u00a0da discente\u00a0<b>Monayra Sirlane da Silva Batista<\/b><strong>\u00a0<\/strong>do PPG em Entomologia, o\u00a0projeto intitula-se:\u00a0<strong>\u201c<\/strong><b>Borboletas como bioindicadoras frente ao impacto da minera\u00e7\u00e3o em Unidade de Conserva\u00e7\u00e3o na Amaz\u00f4nia Brasileira<\/b><strong>\u201d,\u00a0<\/strong>tendo como orientador o\u00a0Prof. Dr. Marco Silva Gottschalk\u00a0e coorientador o\u00a0Prof. Dr. Cristiano Agra Iserhard.<\/p>\n<p style=\"text-align: justify;\"><a href=\"https:\/\/drive.google.com\/file\/d\/1voSAjTESClrJK_FXzj3MH-VN27ToVLnl\/view?usp=sharing\" target=\"_blank\" rel=\"noopener\">Portaria 17, de 03 de abril de 2018<\/a> &#8211; <strong>DESIGNA<\/strong> o servidor<strong>\u00a0Fabio da Silva Iriart<\/strong>\u00a0(SIAPE\u00a01267336) como representante do Instituto de Biologia\u00a0para o preenchimento das informa\u00e7\u00f5es\u00a0do formul\u00e1rio\u00a0<strong>\u201cRelat\u00f3rio Anual do PDP\u201d<\/strong>\u00a0no ano de 2022.<\/p>\n<p style=\"text-align: justify;\"><a href=\"https:\/\/drive.google.com\/file\/d\/1Az7FVPGclSLuK5czW8LV5rww8JjknINb\/view?usp=sharing\" target=\"_blank\" rel=\"noopener\">Portaria 16, de 31 de mar\u00e7o de 2022<\/a> &#8211; <strong>CONSTITUI<\/strong>\u00a0banca do Exame de Qualifica\u00e7\u00e3o de Doutorado do\u00a0discente\u00a0<strong>Cleiton Brand\u00e3o\u200b\u00a0<\/strong>do PPG em Fisiologia Vegetal, o projeto intitula-se: \u201cVariabilidade das caracter\u00edsticas do solo e seus impactos sobre os par\u00e2metros fisiol\u00f3gicos, nutricionais e produ\u00e7\u00e3o de oliveiras no Rio Grande do Sul.\u201d Dr. Sidnei Deuner (presidente da banca \u2013 orientador)<\/p>\n<p style=\"text-align: justify;\"><a href=\"https:\/\/drive.google.com\/file\/d\/1Dg_QP-uliFHixbmODePMBpojYB0hP0Xd\/view?usp=sharing\" target=\"_blank\" rel=\"noopener\">Portaria 15, de 31 de mar\u00e7o de 2022<\/a> &#8211; <strong>\u00a0CONSTITUI<\/strong>\u00a0banca do Exame de Qualifica\u00e7\u00e3o de Doutorado da discente\u00a0<strong>Yutcelia Carolina Galviz Fajardo\u00a0<\/strong>do PPG em Fisiologia Vegetal, o\u00a0projeto intitula-se: : \u201cRespostas fisiol\u00f3gicas e mecanismos moleculares de mem\u00f3ria em plantas de arroz expostas a diferentes est\u00edmulos recorrentes e combinados\u201d.Dr. Gustavo Maia Souza (presidente da banca \u2013 orientador)<\/p>\n<p style=\"text-align: justify;\"><a href=\"https:\/\/drive.google.com\/file\/d\/1PkCuIfo8VZddY2tvpD5DMxkTn3DeN5Uz\/view?usp=sharing\" target=\"_blank\" rel=\"noopener\">Portaria 14, de 19 de mar\u00e7o de 2022<\/a><strong> -REVOGA<\/strong> a Portaria Interna 1 (1577545), DESIGNA o servidor Luiz Fernando Minello na Coordena\u00e7\u00e3o Geral do Colegiado Administrativo do NURFS-CETAS\/UFPEL e a servidora\u00a0Raqueli Treresinha Franca para responder como Coordenadora Adjunta, sem percep\u00e7\u00e3o de fun\u00e7\u00e3o gratificada.<\/p>\n<p style=\"text-align: justify;\"><a href=\"https:\/\/drive.google.com\/file\/d\/1ZuyKdeIGnevKmaLJvWh_hJ4x_QZg0CU7\/view?usp=sharing\" target=\"_blank\" rel=\"noopener\">Portaria 13, de 00 de mar\u00e7o de 2022<\/a> &#8211; <strong>REVOGA<\/strong> a Portaria 10, de 09 de mar\u00e7o de 2022 apresentando a composi\u00e7\u00e3o atual do Colegiado de Curso de Ci\u00eancias Biol\u00f3gicas &#8211; Bacharelado e Licenciatura.<\/p>\n<p style=\"text-align: justify;\"><a href=\"https:\/\/drive.google.com\/file\/d\/1FX5rkbFVzI_STPEa7pJILtuDjsw_8uR7\/view?usp=sharing\" target=\"_blank\" rel=\"noopener\">Portaria 12, de 09 de mar\u00e7o de 2022<\/a> &#8211; <strong>ALTERA<\/strong> a <a href=\"https:\/\/drive.google.com\/file\/d\/1eEafBx6n_7dpms-0cCQYcAZ8You99icW\/view?usp=sharing\" target=\"_blank\" rel=\"noopener\">Portaria 81, de 13 de dezembro de 2021<\/a> , apresentando novos componentes discentes.<\/p>\n<p style=\"text-align: justify;\"><a href=\"https:\/\/drive.google.com\/file\/d\/1uWgSp9f7Fb2YBibVJLDr0987lHsG4Yi5\/view?usp=sharing\" target=\"_blank\" rel=\"noopener\">Portaria 11, de 09 de mar\u00e7o de 2022<\/a> &#8211; <strong>ALTERA<\/strong>\u00a0a Portaria Interna 5, de 07 de mar\u00e7o de 2022\u00a0(<a class=\"ancoraSei\" href=\"https:\/\/sei.ufpel.edu.br\/sei\/controlador.php?acao=protocolo_visualizar&amp;id_protocolo=1819711&amp;infra_sistema=100000100&amp;infra_unidade_atual=110000218&amp;infra_hash=08a447fd489d2fff7451515df39c2c6a6e9cefbbd6bfc57347477aaa8a00b5e7\" target=\"_blank\" rel=\"noopener\">1611095<\/a>) mudando a data de realiza\u00e7\u00e3o da banca de defesa de tese de doutorado do discente Douglas Ant\u00f4nio Posso para o dia 17 de mar\u00e7o \u00e0s 8h e 30 min.<\/p>\n<p style=\"text-align: justify;\"><a href=\"https:\/\/drive.google.com\/file\/d\/1dHKQTcOJflAAIjfr4gpsgHTOT31ww8W8\/view?usp=sharing\" target=\"_blank\" rel=\"noopener\">Portaria 10, de 09 de mar\u00e7o de 2022<\/a> &#8211;\u00a0<strong>\u00a0 ALTERA<\/strong>\u00a0a PORTARIA N\u00ba 3, de 17 de fevereiro de 2022 (<a class=\"ancoraSei\" href=\"https:\/\/sei.ufpel.edu.br\/sei\/controlador.php?acao=protocolo_visualizar&amp;id_protocolo=1798425&amp;infra_sistema=100000100&amp;infra_unidade_atual=110000218&amp;infra_hash=a1389038e2a2fac5ee57740151bf3293832392a5fc5582721054c308cd00b62d\" target=\"_blank\" rel=\"noopener\">1591978<\/a>) que trata da composi\u00e7\u00e3o do Colegiado dos Cursos de Bacharelado e Licenciatura em Ci\u00eancias Biol\u00f3gicas, do Instituto de Biologia. <strong>CONSOLIDA<\/strong> a nova composi\u00e7\u00e3o do Colegiado dos Cursos de Ci\u00eancias Biol\u00f3gicas Bacharelado e Licenciatura. <strong>REVOGADA<\/strong> pela <a href=\"https:\/\/drive.google.com\/file\/d\/1ZuyKdeIGnevKmaLJvWh_hJ4x_QZg0CU7\/view?usp=sharing\" target=\"_blank\" rel=\"noopener\">Portaria 13, de 00 de mar\u00e7o de 2022<\/a><\/p>\n<p style=\"text-align: justify;\"><a href=\"https:\/\/drive.google.com\/file\/d\/1Vf4RtkDCOP1Mn7ahQ_-_jBZoQ-LQYNl9\/view?usp=sharing\" target=\"_blank\" rel=\"noopener\">Portaria 09, 08 de mar\u00e7o de 2022<\/a> &#8211;\u00a0 <strong>CONSTITUIR<\/strong>\u00a0banca do Exame de Qualifica\u00e7\u00e3o de Doutorado da discente<strong>\u00a0Stef\u00e2nia Nunes Pires<\/strong>\u00a0do PPG em Fisiologia\u00a0Vegetal, o projeto intitula-se: :\u00a0<strong>\u201cAspectos fisiol\u00f3gicos, componentes de rendimento, qualidade de gr\u00e3os e sementes de cultivares de arroz irrigado submetidas a restri\u00e7\u00e3o luminosa<\/strong>\u201d. &#8211; Dr. Sidnei Deuner \u2013 orientador<\/p>\n<p style=\"text-align: justify;\"><a href=\"https:\/\/drive.google.com\/file\/d\/1idtxH9LaoHaIY1mtZYz2VJtqrAR-m1Pe\/view?usp=sharing\" target=\"_blank\" rel=\"noopener\">Portaria 08, 08 de mar\u00e7o de 2022<\/a> &#8211;\u00a0 <strong>CONSTITUI<\/strong>\u00a0banca do Exame de Qualifica\u00e7\u00e3o de Doutorado da discente<strong>\u00a0Tha\u00eds Stradioto Melo<\/strong>\u00a0do PPG em Fisiologia\u00a0Vegetal, o projeto intitula-se: :\u00a0<strong>\u201cDesempenho de arroz e soja sob d\u00e9ficit h\u00eddrico em terras baixas\u201d. <\/strong>Dr. Germani Concen\u00e7o \u2013 orientador<\/p>\n<p style=\"text-align: justify;\"><a href=\"https:\/\/drive.google.com\/file\/d\/1O7uDMMIBgwaVZVnSSbzCpaZsW6RuN6z0\/view?usp=sharing\" target=\"_blank\" rel=\"noopener\">Portaria 07, 08 de mar\u00e7o de 2022<\/a> &#8211;\u00a0 <strong>CONSTITUI<\/strong>\u00a0banca do Exame de Qualifica\u00e7\u00e3o de Doutorado da discente<strong>\u00a0Caroline Hernke Thiel\u200b<\/strong>\u00a0do PPG em Fisiologia\u00a0Vegetal, o projeto intitula-se: : \u201c<strong>CARACTER\u00cdSTICAS FOTOSSINT\u00c9TICAS E MODULA\u00c7\u00c3O DO SISTEMA ANTIOXIDANTE DE DEFESA CELULAR EM RESPOSTA AO ESTRESSE POR ALTA LUMINOSIDADE EM PLANTAS DE TR\u00caS GEN\u00d3TIPOS DE ARABIDOPSIS<\/strong>\u201d. Dr. Marcos Antonio Bacarin\u00a0 \u2013 orientador<\/p>\n<p style=\"text-align: justify;\"><a href=\"https:\/\/drive.google.com\/file\/d\/1bm9rUA1g9_dd1u_GvGg-4EPlwCI57-Gw\/view?usp=sharing\" target=\"_blank\" rel=\"noopener\">Portaria 06, 08 de mar\u00e7o de 2022<\/a> &#8211; <strong>CONSTITUI<\/strong>\u00a0banca do Exame de Qualifica\u00e7\u00e3o de Doutorado da discente\u00a0<strong>Natalia da Silva Garcia<\/strong>\u00a0do PPG em Fisiologia\u00a0Vegetal, o projeto intitula-se: : \u201c<strong>Grapevine physiological responses to simulated auxin herbicide drift<\/strong>\u201d. PhD. Luis Antonio de Avila &#8211; orientador<\/p>\n<p style=\"text-align: justify;\"><a href=\"https:\/\/drive.google.com\/file\/d\/1eM9JhSxFP-Nok3ieLuLvPwRX2Sc0qdX9\/view?usp=sharing\" target=\"_blank\" rel=\"noopener\">Portaria 05, 07 de mar\u00e7o de 2022<\/a> &#8211; \u00a0<strong> 1. CONSTITUI<\/strong>\u00a0banca de defesa de tese de doutorado do discente\u00a0<strong>Douglas Ant\u00f4nio Posso<\/strong>, o trabalho intitula-se: \u201c<em>Root-flooding and recovery induced differentiated physiological responses in tolerant and sensitive soybean sister-line plant<\/em>s\u201d sob orienta\u00e7\u00e3o do professor Dr. Luciano do Amarante. <strong>Alterada<\/strong> pela <a href=\"https:\/\/drive.google.com\/file\/d\/1uWgSp9f7Fb2YBibVJLDr0987lHsG4Yi5\/view?usp=sharing\" target=\"_blank\" rel=\"noopener\">Portaria 11, de 09 de mar\u00e7o de 2022<\/a> mudan\u00e7a de data.<\/p>\n<p style=\"text-align: justify;\"><a href=\"https:\/\/drive.google.com\/file\/d\/1KTk0KqnJHI3iVmuCbMY1tF-MU7171Psu\/view?usp=sharing\" target=\"_blank\" rel=\"noopener\">Portaria 04, 23 de fevereiro de 2022<\/a> &#8211;<strong>\u00a0 CONSTITUI<\/strong> Banca Examinadora de Defesa de Disserta\u00e7\u00e3o do discente <strong>Jonatan Egewarth<\/strong> do PPG em Fisiologia Vegetal, cuja Disserta\u00e7\u00e3o intitula-se: <strong>&#8220;Respostas fisiol\u00f3gicas e bioqu\u00edmicas ao d\u00e9ficit h\u00eddrico em combina\u00e7\u00f5es de cultivares copa\/porta-enxertos de pessegueiro&#8221;<\/strong>, orientada pelo Prof. Dr. Valmor Jo\u00e3o Bianch.<\/p>\n<p style=\"text-align: justify;\"><a href=\"https:\/\/drive.google.com\/file\/d\/1BnUvtCrLbQrSCnYNbQ4cj1fg5qXgB_Lp\/view?usp=sharing\" target=\"_blank\" rel=\"noopener\">Portaria 03, 17 de fevereiro de 2022<\/a> &#8211;\u00a0 <strong>ALTERA<\/strong>\u00a0a Portaria Interna n\u00ba 80\u00a0(<a class=\"ancoraSei\" href=\"https:\/\/sei.ufpel.edu.br\/sei\/controlador.php?acao=protocolo_visualizar&amp;id_protocolo=1727345&amp;infra_sistema=100000100&amp;infra_unidade_atual=110000218&amp;infra_hash=0067b470916dfb67d15c68c3eb25385168a121380a8be3a84fc90bba2f40ca28\" target=\"_blank\" rel=\"noopener\">1527978<\/a>), de 06 de dezembro de 2021 que trata da composi\u00e7\u00e3o do Colegiado dos Cursos de Bacharelado e Licenciatura em Ci\u00eancias Biol\u00f3gicas, do Instituto de Biologia. <strong>\u00a0CONSOLIDA<\/strong> a nova composi\u00e7\u00e3o do Colegiado dos Cursos de Ci\u00eancias Biol\u00f3gicas Bacharelado e Licenciatura. Alterada pela <a href=\"https:\/\/drive.google.com\/file\/d\/1dHKQTcOJflAAIjfr4gpsgHTOT31ww8W8\/view?usp=sharing\" target=\"_blank\" rel=\"noopener\">Portaria 10, de 09 de mar\u00e7o de 2022<\/a> &#8211;\u00a0<strong>\u00a0 <\/strong><\/p>\n<p style=\"text-align: justify;\"><a href=\"https:\/\/drive.google.com\/file\/d\/1eonPWQ55UCI5RYPb20Hi2ybuTzm4O86-\/view?usp=sharing\" target=\"_blank\" rel=\"noopener\">Portaria 02, 11 de fevereiro de 2022<\/a> &#8211; <strong>\u00a0CONSTITUI<\/strong>\u00a0Banca Examinadora de Defesa de Disserta\u00e7\u00e3o da discente\u00a0<strong>Mayara Guelamann da Cunha Espinelli Greco<\/strong><strong>\u00a0<\/strong>do PPG em Entomologia, cuja\u00a0Disserta\u00e7\u00e3o intitula-se:\u00a0<strong>&#8220;Efici\u00eancia de p\u00f3s inertes e sais imidaz\u00f3licos no controle de\u00a0<em>Sitophilus zeamais<\/em>\u00a0(Coleoptera: Curculionidae) em laborat\u00f3rio&#8221;,<\/strong> orientada\u00a0pelo\u00a0Prof. Dr. Fl\u00e1vio Roberto Mello Garcia.<\/p>\n<p style=\"text-align: justify;\"><a href=\"https:\/\/drive.google.com\/file\/d\/1BNeOAjz0Ens165P_by4hYpYoBM_VxFoX\/view?usp=sharing\" target=\"_blank\" rel=\"noopener\">Portaria 01, 03 de fevereiro de 2022<\/a> &#8211; <strong>Designa<\/strong>r a Servidora Greici Maia Behling para responder pela Coordena\u00e7\u00e3o Geral do Colegiado Administrativo do NURFS-CETAS\/UFPEL, e o Servidor Paulo Mota Bandarra para responder como Coordenador Adjunto, pelo per\u00edodo de 03 de fevereiro de 2022 a 03 de mar\u00e7o de 2022 durante o goso de f\u00e9rias do professor Luiz Fernando Minello. <strong>Revogada<\/strong> pela <a href=\"https:\/\/drive.google.com\/file\/d\/1PkCuIfo8VZddY2tvpD5DMxkTn3DeN5Uz\/view?usp=sharing\" target=\"_blank\" rel=\"noopener\">Portaria 14, de 19 de mar\u00e7o de 2022<\/a><\/p>\n<p><span style=\"background-color: #ffff00;\"><strong>2021 &#8211;<\/strong><\/span><\/p>\n<p style=\"text-align: justify;\"><a href=\"https:\/\/drive.google.com\/file\/d\/1IBO41x-8gGlLDHq_08TqL_wZJ4uZswj7\/view?usp=sharing\" target=\"_blank\" rel=\"noopener\">Portaria 94, de 30 de dezembro de 2021<\/a> &#8211; ALTERA\u00a0a Portaria Interna 87 (<a class=\"ancoraSei\" href=\"https:\/\/sei.ufpel.edu.br\/sei\/controlador.php?acao=protocolo_visualizar&amp;id_protocolo=1743335&amp;infra_sistema=100000100&amp;infra_unidade_atual=110000218&amp;infra_hash=fa780cadadfd03a39317f7889b780c53d81ea8609fa2405b3eacd9fcffb1147d\" target=\"_blank\" rel=\"noopener\">1542447<\/a>);<strong> DESIGNA\u00a0<\/strong>como membros da Comiss\u00e3o de Avalia\u00e7\u00e3o do Est\u00e1gio Probat\u00f3rio da\u00a0docente\u00a0<strong>Bruna Ferrary Deniz\u00a0<\/strong>os professores Mabel Mascarenhas Wiegand (Presidente), Paulo Cavalheiro Schenkel e Marysabel Pinto Telis Silveira\u00a0 e MANTEM a professora Dr.\u00aa. <strong>Isabel Oliveira de Oliveira<\/strong>,\u00a0como\u00a0<strong>tutora<\/strong>\u00a0e a professora Dr.\u00aa.\u00a0<strong>Denise Calisto Bongalhardo<\/strong>\u00a0como\u00a0<strong>Chefia imediata\u00a0<\/strong>no acompanhamento do\u00a0Est\u00e1gio Probat\u00f3rio da\u00a0docente\u00a0<strong>Bruna Ferrary Deniz.<\/strong><\/p>\n<p style=\"text-align: justify;\"><a href=\"https:\/\/drive.google.com\/file\/d\/1AmS0_aXSko8UwsDGtD0pkXcpCTpUSN4C\/view?usp=sharing\" target=\"_blank\" rel=\"noopener\">Portaria 93, de 30 de dezembro de 2021 &#8211;<\/a>\u00a0ALTERA\u00a0a Portaria Interna 86 (<a class=\"ancoraSei\" href=\"https:\/\/sei.ufpel.edu.br\/sei\/controlador.php?acao=protocolo_visualizar&amp;id_protocolo=1743329&amp;infra_sistema=100000100&amp;infra_unidade_atual=110000218&amp;infra_hash=0d7ef88e95d8c0e9468caf826da484b8c72ddd7588d09a3e816ff13ad8f18355\" target=\"_blank\" rel=\"noopener\">1542441<\/a>); DESIGNA\u00a0como membros da Comiss\u00e3o de Avalia\u00e7\u00e3o do Est\u00e1gio Probat\u00f3rio da\u00a0docente\u00a0<strong>Fernanda Hernandes Figueira\u00a0<\/strong>os<strong>\u00a0<\/strong>professores Ni\u00e9di Hax Franz Zauk (Presidente), Gilson de Mendon\u00e7a e Adriana Louren\u00e7o da Silva e\u00a0 MANTEM\u00a0o\u00a0professor Dr.\u00a0<strong>Ricardo Berteaux Robaldo<\/strong>,\u00a0como\u00a0<strong>tutor<\/strong>\u00a0e a professora Dr.\u00aa.\u00a0<strong>Denise Calisto Bongalhardo<\/strong>\u00a0como\u00a0<strong>Chefia imediata\u00a0<\/strong>no acompanhamento do<strong>\u00a0<\/strong>Est\u00e1gio Probat\u00f3rio da\u00a0docente\u00a0<strong>Fernanda Hernandes Figueira.<\/strong><\/p>\n<p><a href=\"https:\/\/drive.google.com\/file\/d\/1ZwPAJq5W9vcWXXN3AxzcOVXufkeHlko5\/view?usp=sharing\" target=\"_blank\" rel=\"noopener\">Portaria 92, de 30 de dezembro de 2021<\/a> &#8211; CONSTITUI a composi\u00e7\u00e3o das Comiss\u00f5es Permanentes do Conselho Departamental do Instituto de Biologia &#8211; <strong>REVOGADA<\/strong> pelas <a href=\"https:\/\/drive.google.com\/file\/d\/1oN4DqCN51OZzwsS4JTXuxdLnIi6dOUun\/view?usp=sharing\" target=\"_blank\" rel=\"noopener\">Portaria 47, de 24 de julho de 2023<\/a>\u00a0 e <a href=\"https:\/\/drive.google.com\/file\/d\/1pbju4IJcSv1GRsGAwWxFCqII3zeivTB_\/view?usp=sharing\" target=\"_blank\" rel=\"noopener\">Portaria 48, de 26 de julho de 2023 <\/a><\/p>\n<p style=\"text-align: justify;\"><a href=\"https:\/\/drive.google.com\/file\/d\/1XQ5lPex_eK5_JqzAW013TmEajX46LHvU\/view?usp=sharing\" target=\"_blank\" rel=\"noopener\">Portaria 91, de 20 de dezembro de 2021 &#8211;<\/a> DESIGNA\u00a0o\u00a0professor\u00a0Dr.\u00a0Cristiano Agra Iserhard,\u00a0como\u00a0tutor\u00a0e o professor Dr.\u00a0F\u00e1bio Ricardo Pablos de Souza\u00a0como\u00a0Chefia imediata\u00a0no acompanhamento do\u00a0Est\u00e1gio Probat\u00f3rio do docente\u00a0<strong>Jeferson Bugoni <\/strong>e CONSTITUI a Comiss\u00e3o Especial de Avalia\u00e7\u00e3o de Est\u00e1gio Probat\u00f3rio do docente ;<strong> Alterada pela<\/strong> <a href=\"https:\/\/drive.google.com\/file\/d\/1XpjoZIVN5i8P-4UEJkuQ2v6HiD_Tc3Qq\/view?usp=sharing\" target=\"_blank\" rel=\"noopener\">Portaria 46, de 28 de mar\u00e7o de 2024 &#8211;<\/a><\/p>\n<p style=\"text-align: justify;\"><a href=\"https:\/\/drive.google.com\/file\/d\/1_5q0E6_GfE8z0It0hlHs7mprFm6AUJpH\/view?usp=sharing\" target=\"_blank\" rel=\"noopener\">Portaria 90, de 20 de dezembro de 2021 &#8211; <\/a>DESIGNA a professora Dra. Juliana Cordeiro, como tutora e o professor Dr. F\u00e1bio Ricardo Pablos de Souza como Chefia imediata no acompanhamento do Est\u00e1gio Probat\u00f3rio do docente <strong>Rafael Kretschmer<\/strong> e CONSTITUI a Comiss\u00e3o Especial de Avalia\u00e7\u00e3o de Est\u00e1gio Probat\u00f3rio do docente; <strong>Alterada<\/strong> pela <a href=\"https:\/\/drive.google.com\/file\/d\/1Uh3oYDo6dHb7SatgDIQ7e51XoT4HOdlN\/view?usp=sharing\" target=\"_blank\" rel=\"noopener\">Portaria 47, de 28 de mar\u00e7o de 2024 &#8211;<\/a><\/p>\n<p style=\"text-align: justify;\"><a href=\"https:\/\/drive.google.com\/file\/d\/1JQyoSJwjDGyokusBN-aQP6dkGayY_-rk\/view?usp=sharing\" target=\"_blank\" rel=\"noopener\">Portaria 89, de 17 de dezembro de 2021 &#8211;<\/a> <strong>DESIGNA<\/strong> a Professora Raqueli Teresinha Fran\u00e7a para responder pela Coordena\u00e7\u00e3o Geral do Colegiado Administrativo do NURFS-CETAS\/UFPEL, e o Servidor Marco Ant\u00f4nio Afonso Coimbra para responder como Coordenador Adjunto, sem percep\u00e7\u00e3o de fun\u00e7\u00e3o gratificada, pelo per\u00edodo de 12 a 29 de dezembro de 2021<\/p>\n<p style=\"text-align: justify;\"><a href=\"https:\/\/drive.google.com\/file\/d\/1qgG3FXPXFSe_zSoPL5v4cQIoHZQkDgka\/view?usp=sharing\" target=\"_blank\" rel=\"noopener\">Portaria 88, de 16 de dezembro de 2021<\/a> &#8211; <strong>DESIGNA<\/strong> a Tutoria, Chefia avaliadora e\u00a0 Comiss\u00e3o Especial de Avalia\u00e7\u00e3o de Est\u00e1gio Probat\u00f3rio do docente\u00a0<strong>Marcelo dos Santos Silva<\/strong> ;<\/p>\n<p style=\"text-align: justify;\"><a href=\"https:\/\/drive.google.com\/file\/d\/1cGMdLtvHCDHh19U-SXB2PioYm3s4uhv4\/view?usp=sharing\" target=\"_blank\" rel=\"noopener\">Portaria 87, de 16 de dezembro de 2021<\/a> &#8211; <strong>DESIGNA<\/strong> a Tutoria e Chefia avaliadora do Est\u00e1gio Probat\u00f3rio da\u00a0docente\u00a0<strong>Bruna Ferrary Deniz<\/strong>; ALTERADA pela <a href=\"https:\/\/drive.google.com\/file\/d\/1IBO41x-8gGlLDHq_08TqL_wZJ4uZswj7\/view?usp=sharing\" target=\"_blank\" rel=\"noopener\">Portaria 94<\/a><\/p>\n<p style=\"text-align: justify;\"><a href=\"https:\/\/drive.google.com\/file\/d\/1_anCwv3nrXLRqwxhK2xrWLu3fHfK_eJW\/view?usp=sharing\" target=\"_blank\" rel=\"noopener\">Portaria 86, de 16 de dezembro de 2021<\/a> &#8211; <strong>DESIGNA<\/strong> a Tutoria e Chefia avaliadora do Est\u00e1gio Probat\u00f3rio \u00a0da\u00a0docente\u00a0<strong>Fernanda Hernandes Figueira ALTERADA <\/strong>pela <a href=\"https:\/\/drive.google.com\/file\/d\/1AmS0_aXSko8UwsDGtD0pkXcpCTpUSN4C\/view?usp=sharing\" target=\"_blank\" rel=\"noopener\">Portaria 93<\/a><\/p>\n<p style=\"text-align: justify;\"><a href=\"https:\/\/drive.google.com\/file\/d\/13zMAf_hHYd5K3PRvT26Zkhv50gy1CMXw\/view?usp=sharing\" target=\"_blank\" rel=\"noopener\">Portaria 85, de 16 de dezembro de 2021<\/a> &#8211; <strong>DESIGNA<\/strong> a Tutoria, Chefia avaliadora e\u00a0 Comiss\u00e3o Especial de Avalia\u00e7\u00e3o de Est\u00e1gio Probat\u00f3rio do docente <strong>Luiz Ernesto Costa Schimidt. Alterada pela <a href=\"https:\/\/drive.google.com\/file\/d\/1-58SG0PDdJh_E0n6uRoeeQTULsIZ1Xth\/view?usp=sharing\" target=\"_blank\" rel=\"noopener\">Portaria 48, de 28 de mar\u00e7o de 2024 &#8211;<\/a><\/strong><\/p>\n<p style=\"text-align: justify;\"><a href=\"https:\/\/drive.google.com\/file\/d\/1m8gi3e0eey_UXVTMGQm03_O7xwvtolop\/view?usp=sharing\" target=\"_blank\" rel=\"noopener\">Portaria 84,\u00a0 de 15 de dezembro de 2021<\/a> &#8211;\u00a0<strong>REVOGA<\/strong> a PORTARIA N\u00ba 59, de 08 de novembro de 2019 (<a class=\"ancoraSei\" href=\"https:\/\/sei.ufpel.edu.br\/sei\/controlador.php?acao=protocolo_visualizar&amp;id_protocolo=890871&amp;infra_sistema=100000100&amp;infra_unidade_atual=110000218&amp;infra_hash=48b99e4506f2a2b2d42d78a2eb57fa7b88d2147849679f35ed47d4355310236e\" target=\"_blank\" rel=\"noopener\">0774486<\/a>)\u00a0 e <strong>CONSTITUI<\/strong> a nova composi\u00e7\u00e3o do Colegiado do Curso em Especializa\u00e7\u00e3o em Educa\u00e7\u00e3o Ambiental com \u00eanfase em Espa\u00e7os Educadores Sustent\u00e1veis EaD, do Instituto de Biologia<\/p>\n<p style=\"text-align: justify;\"><a href=\"https:\/\/drive.google.com\/file\/d\/1jORczQ8DZQgbN3h7kFsQ1j758CUm7hqt\/view?usp=sharing\" target=\"_blank\" rel=\"noopener\">Portaria 83, de 13 de dezembro de 2021<\/a> &#8211; <strong>DESIGNA <\/strong>os professores \u00a0Gustavo Maia Souza\u00a0(Titular) e Marla Piumbini Rocha\u00a0 (suplente) como\u00a0representantes da\u00a0Classe dos\u00a0 Professores Titulares\u00a0no Conselho Departamental do Instituto de Biologia.<\/p>\n<p style=\"text-align: justify;\"><a href=\"https:\/\/drive.google.com\/file\/d\/1PAa3fJLsBqDj4Fqgmt9acasOxboWvmve\/view?usp=sharing\" target=\"_blank\" rel=\"noopener\">Portaria 82, de 13 de dezembro de 2021<\/a> <strong>&#8211; DESIGNA<\/strong> Paulo Mota Bandarra (Veterin\u00e1rio)\u00a0 e Felipe Diehl (Bi\u00f3logo) (Titulares), Greci Maia Behling (Bi\u00f3loga) e Diego Moreira de Souza (T\u00e9cnico de Laborat\u00f3rio) (Suplentes). para representantes da Classe dos\u00a0 T\u00e9cnico-Administrativos em Educa\u00e7\u00e3o (TAEs) no Conselho Departamental do Instituto de Biologia.<\/p>\n<p style=\"text-align: justify;\"><a href=\"https:\/\/drive.google.com\/file\/d\/1eEafBx6n_7dpms-0cCQYcAZ8You99icW\/view?usp=sharing\" target=\"_blank\" rel=\"noopener\">Portaria 81, de 13 de dezembro de 2021<\/a> &#8211; <strong>\u00a0CONSTITUI<\/strong> a composi\u00e7\u00e3o do Conselho Departamental do Instituto de Biologia. Alterada pela Portaria 11, de 09 de mar\u00e7o de 2022. REVOGADA pela <a href=\"https:\/\/drive.google.com\/file\/d\/1FX5rkbFVzI_STPEa7pJILtuDjsw_8uR7\/view?usp=sharing\" target=\"_blank\" rel=\"noopener\">Portaria 12, de 09 de mar\u00e7o de 2022<\/a><\/p>\n<p style=\"text-align: justify;\"><a href=\"https:\/\/drive.google.com\/file\/d\/131BJDxsLspz8--Q9Nov96_K6igw5WzYg\/view?usp=sharing\" target=\"_blank\" rel=\"noopener\">Portaria 80, de 06 de novembro de 2021<\/a> &#8211; <strong>ALTERA<\/strong>\u00a0a Portaria Interna n\u00ba 74 (<a class=\"ancoraSei\" href=\"https:\/\/sei.ufpel.edu.br\/sei\/controlador.php?acao=protocolo_visualizar&amp;id_protocolo=1670787&amp;infra_sistema=100000100&amp;infra_unidade_atual=110000518&amp;infra_hash=e4d02030fde5254157b44ad25c56624d7597d5007e25d9d821df8f17dc064497\" target=\"_blank\" rel=\"noopener\">1477069<\/a>), de 26 de outubro de 2021 que trata da composi\u00e7\u00e3o do Colegiado dos Cursos de Bacharelado e Licenciatura em Ci\u00eancias Biol\u00f3gicas, do Instituto de Biologia. <strong>CONSOLIDAR<\/strong>\u00a0a nova composi\u00e7\u00e3o do Colegiado dos Cursos de Ci\u00eancias Biol\u00f3gicas Bacharelado e Licenciatura:<\/p>\n<p style=\"text-align: justify;\"><a href=\"https:\/\/drive.google.com\/file\/d\/1TW5WE7YghJP34jsq5bjd1NfCH4R1e2HZ\/view?usp=sharing\" target=\"_blank\" rel=\"noopener\">Portaria 79, de 29 de novembro de 2021<\/a> &#8211; <strong>CONSTITUI <\/strong>a\u00a0Comiss\u00e3o de Consulta Eleitoral para escolha da nova representa\u00e7\u00e3o dos Professores Titulares e dos \u00a0T\u00e9cnico-Administrativos em Educa\u00e7\u00e3o (TAEs) no Conselho Departamental do Instituto de Biologia<\/p>\n<p style=\"text-align: justify;\"><a href=\"https:\/\/drive.google.com\/file\/d\/1eos6qGY_sKTpdA-4bvC7IpabxBGMT5SS\/view?usp=sharing\" target=\"_blank\" rel=\"noopener\">Portaria 78, de 18 de novembro de 2021<\/a> &#8211; <strong>EMITI<\/strong> nova Portaria Interna para uma nova defesa de Trabalho de Conclus\u00e3o de Curso da discente Nathalia de Medeiros Cardoso, do curso de Ci\u00eancias Biol\u00f3gicas &#8211; Licenciatura; \u00a0<strong>CONSTITUI <\/strong>Banca Examinadora para a defesa de Trabalho de Conclus\u00e3o de Curso de Ci\u00eancias Biol\u00f3gicas &#8211; Licenciatura da acad\u00eamica Nathalia de Medeiros Cardoso<br \/>\n, intitulado &#8220;An\u00e1lise do desenvolvimento do ensino remoto para alunos com defici\u00eancia &#8220;<\/p>\n<p style=\"text-align: justify;\"><a href=\"https:\/\/drive.google.com\/file\/d\/1sgdx93FkRVqD1_ocgmlJKvTsO6excIoC\/view?usp=sharing\" target=\"_blank\" rel=\"noopener\">Portaria 77, de 03 de novembro de 2021<\/a> &#8211;<strong> CONSITUI<\/strong> a Comiss\u00e3o de Compras do Instituto de Biologia<\/p>\n<p style=\"text-align: justify;\"><a href=\"https:\/\/drive.google.com\/file\/d\/18NSnpJhQ7HrGe3Xvn0sd-GDG2GvncHD9\/view?usp=sharing\" target=\"_blank\" rel=\"noopener\">Portaria 76, de 29 de outubro de 2021<\/a> &#8211;\u00a0<strong>ALTERA <\/strong>a Portaria Interna 66 (<a class=\"ancoraSei\" href=\"https:\/\/sei.ufpel.edu.br\/sei\/controlador.php?acao=protocolo_visualizar&amp;id_protocolo=1642943&amp;infra_sistema=100000100&amp;infra_unidade_atual=110000218&amp;infra_hash=d55e42fdd5c79cdc9aa1af8a09e8408bb2c4aad3a97240e5312870564d7b2523\" target=\"_blank\" rel=\"noopener\">1451780<\/a>) no que se refere a data de defesa e <strong>\u00a0MANTEM <\/strong>\u00a0a Banca Examinadora para a defesa de Trabalho de Conclus\u00e3o de Curso de Ci\u00eancias Biol\u00f3gicas \u2013 Bacharelado da acad\u00eamica\u00a0<strong>Joyce Morais de Souza<\/strong>, intitulado \u201cExplorando os impactos de atividades antr\u00f3picas na estrutura taxon\u00f4mica e filogen\u00e9tica de borboletas na Mata Atl\u00e2ntica<\/p>\n<p style=\"text-align: justify;\"><a href=\"https:\/\/drive.google.com\/file\/d\/1WsiWvfNNuID9Zt9lp0zXscceyf__qDhf\/view?usp=sharing\" target=\"_blank\" rel=\"noopener\">Portaria 75, de 26 de outubro de 2021 &#8211; <\/a><strong>REVOGA<\/strong>\u00a0a Portaria n\u00ba 38 de\u00a0\u00a002 de Setembro de\u00a0\u00a02021\u00a0 (<a class=\"ancoraSei\" href=\"https:\/\/sei.ufpel.edu.br\/sei\/controlador.php?acao=protocolo_visualizar&amp;id_protocolo=1606813&amp;infra_sistema=100000100&amp;infra_unidade_atual=110000220&amp;infra_hash=6cc8001d93a825dced3aa9d50728da190b29431e51f61b904504176bf087f83f\" target=\"_blank\" rel=\"noopener\">1419166<\/a>) e <strong>CONSTITUI <\/strong>a composi\u00e7\u00e3o do Colegiado do Programa de P\u00f3s-Gradua\u00e7\u00e3o Multic\u00eantrico em Ci\u00eancias Fisiol\u00f3gicas. \u00a0<strong>REVOGADA pela <\/strong><a href=\"https:\/\/drive.google.com\/file\/d\/1GdL3ZnGFQssuI3SiL6FZz1KPMf28iOAN\/view?usp=sharing\" target=\"_blank\" rel=\"noopener\">Portaria 85, de 26 de 0uturbo de 2022<\/a><\/p>\n<p style=\"text-align: justify;\"><a href=\"https:\/\/drive.google.com\/file\/d\/1RR2x1BQUc0Ga0s3pC7R6j6iqjaLbHKqE\/view?usp=sharing\" target=\"_blank\" rel=\"noopener\">Portaria 74, de 26 de outubro de 2021<\/a> &#8211; <strong>ALTERA<\/strong>\u00a0a Portaria Interna n\u00ba 67 (<a class=\"ancoraSei\" href=\"https:\/\/sei.ufpel.edu.br\/sei\/controlador.php?acao=protocolo_visualizar&amp;id_protocolo=1644756&amp;infra_sistema=100000100&amp;infra_unidade_atual=110000518&amp;infra_hash=ef3092dc4b56ca4217b7cd378791c8ab8f83037800b5cd8421afa913bc6d747d\" target=\"_blank\" rel=\"noopener\">1453432<\/a>), de 05 de outubro de 2021 que trata da composi\u00e7\u00e3o do Colegiado dos Cursos de Bacharelado e Licenciatura em Ci\u00eancias Biol\u00f3gicas, do Instituto de Biologia e <strong>CONSOLIDA<\/strong> a nova composi\u00e7\u00e3o do Colegiado.<\/p>\n<p style=\"text-align: justify;\"><a href=\"https:\/\/drive.google.com\/file\/d\/1GBJ0G_VzYbXmM1Scyv0lOdiAJ2QjSlgJ\/view?usp=sharing\" target=\"_blank\" rel=\"noopener\">Portaria 73, de 25 outubro de 2021<\/a> &#8211;\u00a0<strong>ALTERA <\/strong>a Portaria Interna 62 (<a class=\"ancoraSei\" href=\"https:\/\/sei.ufpel.edu.br\/sei\/controlador.php?acao=protocolo_visualizar&amp;id_protocolo=1642930&amp;infra_sistema=100000100&amp;infra_unidade_atual=110000223&amp;infra_hash=f5b1c1afe76d6dc91a0b56dea302b36589cd86bdb234c5fd679381fb5f7af4fd\" target=\"_blank\" rel=\"noopener\">1451769<\/a>) no que se refere a data de defesa, <strong>MANTEM<\/strong>\u00a0a Banca Examinadora para a defesa de Trabalho de Conclus\u00e3o de Curso de Ci\u00eancias Biol\u00f3gicas \u2013 Bacharelado do acad\u00eamico\u00a0<strong>Talis Bas\u00edlio da Silva<\/strong>, intitulado \u201cCriopreserva\u00e7\u00e3o de batata silvestre (<em>Solanum malmeanum<\/em>)\u201d(1474611)<\/p>\n<p style=\"text-align: justify;\"><a href=\"https:\/\/drive.google.com\/file\/d\/1BWiEuwQeOm9NOkYz5QnbIyvIb2XL3tWZ\/view?usp=sharing\" target=\"_blank\" rel=\"noopener\">Portaria 72, de 21 de outubro de 2021<\/a> &#8211; <strong>TORNA <\/strong>sem efeito a<strong>\u00a0<\/strong>PORTARIA N\u00ba 42, DE 11 DE SETEMBRO DE 2021(<a class=\"ancoraSei\" href=\"https:\/\/sei.ufpel.edu.br\/sei\/controlador.php?acao=protocolo_visualizar&amp;id_protocolo=1615377&amp;infra_sistema=100000100&amp;infra_unidade_atual=110000218&amp;infra_hash=7b732ef944de211d747240f559d3a711b3b7d39c0f616537b415edfb64489b3e\" target=\"_blank\" rel=\"noopener\">1426858<\/a>) e <strong>CONSTITUI <\/strong>Banca do Exame de Qualifica\u00e7\u00e3o de Doutorado da discente\u00a0<strong>Francine Zaiosc Simm\u00a0<\/strong>do PPG em Fisiologia Vegetal, o projeto intitula-se: \u201c<strong>Altera\u00e7\u00f5es no eletroma durante a sinaliza\u00e7\u00e3o sist\u00eamica e no processo de\u00a0<em>priming<\/em>\u00a0em plantas de cevada<\/strong>\u201d<\/p>\n<p style=\"text-align: justify;\"><a href=\"https:\/\/drive.google.com\/file\/d\/1jcaiR_cyr9e7t1wV0A_-EHM-FbfXCCi5\/view?usp=sharing\" target=\"_blank\" rel=\"noopener\">Portaria 71, de 21 de outubro de 2021<\/a> &#8211;\u00a0<strong>TORNA <\/strong>sem efeito a<strong>\u00a0<\/strong>PORTARIA N\u00ba 41, DE 11 DE SETEMBRO DE 2021(<a class=\"ancoraSei\" href=\"https:\/\/sei.ufpel.edu.br\/sei\/controlador.php?acao=protocolo_visualizar&amp;id_protocolo=1615376&amp;infra_sistema=100000100&amp;infra_unidade_atual=110000218&amp;infra_hash=678e079048ff2ab133d4c84af0bb2dc98c82a548cc18c4f6fc6598b18960d555\" target=\"_blank\" rel=\"noopener\">1426857<\/a>) e <strong>CONSTITUI B<\/strong>anca do Exame de Qualifica\u00e7\u00e3o de Doutorado da discente\u00a0e\u00a0<strong>Adrya Vanessa Lira Costa\u200b\u00a0<\/strong>do PPG em Fisiologia Vegetal, o projeto intitula-se:\u00a0\u201c<strong>Integra\u00e7\u00e3o de sinais sist\u00eamicos em resposta a aplica\u00e7\u00e3o local de est\u00edmulos simples e combinados em plantas de feij\u00e3o preto<\/strong>\u201d<\/p>\n<p style=\"text-align: justify;\"><a href=\"https:\/\/drive.google.com\/file\/d\/1aMLBuIY2FEh-O2-BVaKE1o7E6jK5hnEy\/view?usp=sharing\" target=\"_blank\" rel=\"noopener\">Portaria 70, 14 de outubro de 2021 &#8211;<\/a> <strong>RETIFICA<\/strong> a Portaria 69\/21 corrigindo o nome da discentes que far\u00e1 a defesa de qualifica\u00e7\u00e3o do Mestrado<\/p>\n<p style=\"text-align: justify;\"><a href=\"https:\/\/drive.google.com\/file\/d\/1Sh-k1GfoYo3SGNqGDhXZzfeP-RKZqq47\/view?usp=sharing\" target=\"_blank\" rel=\"noopener\">Portaria 69, de 08 de outubro de 2021<\/a> &#8211;\u00a0 <strong>CONSTITUI <\/strong>banca do Exame de Qualifica\u00e7\u00e3o de Mestrado da\u00a0discente\u00a0<strong>Fernanda da Silva Corr\u00eaa\u00a0<\/strong>do PPG em Fisiologia Vegetal, o projeto intitula-se: \u201cEstudo de mecanismos de toler\u00e2ncia ao alagamento em gen\u00f3tipos de trevo-vesiculoso por avalia\u00e7\u00e3o de altera\u00e7\u00f5es fisiol\u00f3gicas\u201d &#8211; Retificada pela Portaria 70\/21 de 14\/10\/2021<\/p>\n<p style=\"text-align: justify;\"><a href=\"https:\/\/drive.google.com\/file\/d\/1vy02FaAVccxNyWAqZgifaOyjvGxCzQB_\/view?usp=sharing\" target=\"_blank\" rel=\"noopener\">Portaria 68, de 07 de outubro de 2021<\/a> &#8211; <strong>\u00a0RETIFICA <\/strong>a Portaria Interna IB n\u00ba 61\/2021 (doc. SEI n\u00ba\u00a0<a class=\"ancoraSei\" href=\"https:\/\/sei.ufpel.edu.br\/sei\/controlador.php?acao=protocolo_visualizar&amp;id_protocolo=1642929&amp;infra_sistema=100000100&amp;infra_unidade_atual=110000218&amp;infra_hash=55b60916b1e36ca3e94d92f9bfe8324f5871ba24a327f8611992815722e8e3df\" target=\"_blank\" rel=\"noopener\">1451768<\/a>) corrigindo o nome da orientadora;<\/p>\n<p style=\"text-align: justify;\"><a href=\"https:\/\/drive.google.com\/file\/d\/1c2rB3H33g0GiEGNBNHSUJi64Xsj_Be4t\/view?usp=sharing\" target=\"_blank\" rel=\"noopener\">Portaria 67, de 05 de outubro de 2021<\/a> &#8211; <strong>ALTERA<\/strong>\u00a0a Portaria Interna n\u00ba 43 (<a class=\"ancoraSei\" href=\"https:\/\/sei.ufpel.edu.br\/sei\/controlador.php?acao=protocolo_visualizar&amp;id_protocolo=1322081&amp;infra_sistema=100000100&amp;infra_unidade_atual=110000218&amp;infra_hash=f32c37c4b261a301087a37407899e7def576fbe9205f329a86a337239ef12a3e\" target=\"_blank\" rel=\"noopener\">1163159<\/a>), de 21 de dezembro de 2020 que trata da composi\u00e7\u00e3o do Colegiado dos Cursos de Bacharelado e Licenciatura em Ci\u00eancias Biol\u00f3gicas, do Instituto de Biologia e <strong>CONSOLIDA<\/strong> a nova composi\u00e7\u00e3o. <strong>ALTERADA\u00a0<\/strong>pela Portaria 74 de 26\/10\/2021 (<a id=\"anchor1670787\" href=\"https:\/\/sei.ufpel.edu.br\/sei\/controlador.php?acao=arvore_visualizar&amp;acao_origem=procedimento_visualizar&amp;id_procedimento=585608&amp;id_documento=1670787&amp;infra_sistema=100000100&amp;infra_unidade_atual=110000518&amp;infra_hash=02da6f325dce4f2915733be804a6f5cf031a2b2a155f56fd61f89d3a1c8e0d83\" target=\"ifrVisualizacao\" rel=\"noopener\"><span id=\"span1670787\" title=\"Portaria Interna 74 (1477069)\">(1477069)<\/span><\/a><\/p>\n<p style=\"text-align: justify;\"><a href=\"https:\/\/drive.google.com\/file\/d\/1-sYDogpSJFrm41zM60E3bvdHcqUnBKpq\/view?usp=sharing\" target=\"_blank\" rel=\"noopener\">Portaria 66, de 04 de outubro de 2021<\/a> &#8211; <strong>CONSTITUI<\/strong>\u00a0Banca Examinadora para a defesa de Trabalho de Conclus\u00e3o de Curso de Ci\u00eancias Biol\u00f3gicas \u2013 Bacharelado da acad\u00eamica\u00a0<strong>Joyce Morais de Souza<\/strong>, intitulado \u201cExplorando os impactos de atividades antr\u00f3picas na estrutura taxon\u00f4mica e filogen\u00e9tica de borboletas na Mata Atl\u00e2ntica\u201d. Alterada pela <a href=\"https:\/\/drive.google.com\/file\/d\/18NSnpJhQ7HrGe3Xvn0sd-GDG2GvncHD9\/view?usp=sharing\" target=\"_blank\" rel=\"noopener\">Portaria 76, de 29 de outubro de 2021<\/a><\/p>\n<p style=\"text-align: justify;\"><a href=\"https:\/\/drive.google.com\/file\/d\/16QF7Q_k38uLNlTfUSdMpro_uxU0AiFME\/view?usp=sharing\" target=\"_blank\" rel=\"noopener\">Portaria 65, de 04 de outubro de 2021<\/a> &#8211; <strong>CONSTITUI<\/strong>\u00a0Banca Examinadora para a defesa de Trabalho de Conclus\u00e3o de Curso de Ci\u00eancias Biol\u00f3gicas \u2013 Bacharelado da acad\u00eamica\u00a0<strong>Brenda Peres Dutra<\/strong>, intitulado \u201cA influ\u00eancia da variabilidade da cobertura de vegeta\u00e7\u00e3o sobre a densidade de ninhos de formigas\u201d<\/p>\n<p style=\"text-align: justify;\"><a href=\"https:\/\/drive.google.com\/file\/d\/1Bsx1CpEsavlA2vlrZ99sKCbhA_5csbBi\/view?usp=sharing\" target=\"_blank\" rel=\"noopener\">Portaria 64, de 04 de outubro de 2021<\/a> &#8211; <strong>CONSTITUI<\/strong>\u00a0Banca Examinadora para a defesa de Trabalho de Conclus\u00e3o de Curso de Ci\u00eancias Biol\u00f3gicas \u2013 Bacharelado da acad\u00eamica C\u00edntia Macedo Costa, intitulado \u201cAvalia\u00e7\u00e3o do ganho em peso m\u00e9dio di\u00e1rio de duas ra\u00e7as bovinas, Aberdeen Angus e Hereford, no Sul do Pa\u00eds\u201d<\/p>\n<p style=\"text-align: justify;\"><a href=\"https:\/\/drive.google.com\/file\/d\/19SiXORg9BVXu-2P7ix4sTObSG7An8rA_\/view?usp=sharing\" target=\"_blank\" rel=\"noopener\">Portaria 63, de 04 de outubro de 2021<\/a> &#8211; <strong>CONSTITUI<\/strong>\u00a0Banca Examinadora para a defesa de Trabalho de Conclus\u00e3o de Curso de Ci\u00eancias Biol\u00f3gicas &#8211; Licenciatura da acad\u00eamica\u00a0<strong>Luisa Victoria da Silva Vareira<\/strong>, intitulado \u201cEfeitos do tamanho da \u00e1rea, isolamento, e heterogeneidade ambiental sobre a diversidade de lib\u00e9lulas em um gradiente de corpos d\u2019\u00e1gua no Pampa\u201d<\/p>\n<p style=\"text-align: justify;\"><a href=\"https:\/\/drive.google.com\/file\/d\/14hiJaV-Dr5hJxsAKku7J__XxBq-TRN1e\/view?usp=sharing\" target=\"_blank\" rel=\"noopener\">Portaria 62, de 04 de outubro de 2021<\/a> &#8211; <strong>CONSTITUI<\/strong>\u00a0Banca Examinadora para a defesa de Trabalho de Conclus\u00e3o de Curso de Ci\u00eancias Biol\u00f3gicas \u2013 Bacharelado do acad\u00eamico\u00a0<strong>Talis Bas\u00edlio da Silva<\/strong>, intitulado \u201cCriopreserva\u00e7\u00e3o de batata silvestre (<em>Solanum malmeanum<\/em>)\u201d <strong>ALTERADA<\/strong> pela Portaria 73, de 25 de outubro de 2021 (1474611)<\/p>\n<p style=\"text-align: justify;\"><a href=\"https:\/\/drive.google.com\/file\/d\/1-11lbmxM8wA5KlCuHHdwNWnKRaOEqzFI\/view?usp=sharing\" target=\"_blank\" rel=\"noopener\">Portaria 61, de 04 de outubro de 2021<\/a> &#8211; <strong>CONSTITUI<\/strong>\u00a0Banca Examinadora para a defesa de Trabalho de Conclus\u00e3o de Curso de Ci\u00eancias Biol\u00f3gicas &#8211; Licenciatura da acad\u00eamica\u00a0<strong>Nathalia de Medeiros Cardoso<\/strong>, intitulado \u201cAn\u00e1lise do desenvolvimento do ensino remoto para alunos com defici\u00eancia\u201d &#8211; <strong>RETIFICADA<\/strong> pela Portaria 68, de 07\/10\/2021 &#8211; corrigida orienta\u00e7\u00e3o.<\/p>\n<p style=\"text-align: justify;\"><a style=\"text-align: justify;\" href=\"https:\/\/drive.google.com\/file\/d\/1hko2Mwj9VP7T_6_yhKCUfLzLYuXh2ZgK\/view?usp=sharing\" target=\"_blank\" rel=\"noopener\">Portaria 60, de 04 de outubro de 2021<\/a><span style=\"text-align: justify;\"> &#8211;\u00a0 <\/span><strong style=\"text-align: justify;\">CONSTITUI<\/strong><span style=\"text-align: justify;\">\u00a0Banca Examinadora para a defesa de Trabalho de Conclus\u00e3o de Curso de Ci\u00eancias Biol\u00f3gicas &#8211; Licenciatura da acad\u00eamica\u00a0<\/span><strong style=\"text-align: justify;\">Diuliani Fonseca Morales<\/strong><span style=\"text-align: justify;\">, intitulado \u201cFatores que determinam a presen\u00e7a de formigas em plantas de\u00a0<\/span><em style=\"text-align: justify;\">Eryngium pandanifolium<\/em><span style=\"text-align: justify;\">\u00a0(Cham. &amp; Schltdl.) (Apiaceae) em campos temperados no sul do Rio Grande do Sul\u201d<\/span><\/p>\n<p style=\"text-align: justify;\"><a href=\"https:\/\/drive.google.com\/file\/d\/1b7Ytto_UO0kcB1kfyj7okIHdPoX7kGBu\/view?usp=sharing\" target=\"_blank\" rel=\"noopener\">Portaria 59, de 04 de outubro de 2021<\/a> &#8211; <strong>CONSTITUI<\/strong>\u00a0Banca Examinadora para a defesa de Trabalho de Conclus\u00e3o de Curso de Ci\u00eancias Biol\u00f3gicas \u2013 Bacharelado do acad\u00eamico\u00a0<strong>Yan Wahast Islab\u00e3o<\/strong>, intitulado \u201cA utiliza\u00e7\u00e3o de \u00f3leos e extratos vegetais para o tratamento de Trichomonas vaginalis: Revis\u00e3o Sistem\u00e1tica e Metan\u00e1lise\u201d<\/p>\n<p style=\"text-align: justify;\"><a href=\"https:\/\/drive.google.com\/file\/d\/1q3gp81BNg81T07mSM4JPwY_b3pX3EI9w\/view?usp=sharing\" target=\"_blank\" rel=\"noopener\">Portaria 58, de 04 de outubro de 2021<\/a> &#8211; <strong>CONSTITUI<\/strong>\u00a0Banca Examinadora para a defesa de Trabalho de Conclus\u00e3o de Curso de Ci\u00eancias Biol\u00f3gicas \u2013 Bacharelado da acad\u00eamica\u00a0<strong>Victoria Amaral dos Santos<\/strong>, intitulado \u201cAn\u00e1lise espacial de alfa e beta diversidade de borboletas em diferentes ambientes ao longo de uma rodovia\u201d<\/p>\n<p style=\"text-align: justify;\"><a href=\"https:\/\/drive.google.com\/file\/d\/1eamFwHPoPOsYoyRvOoG88T7b2U6Hn_6l\/view?usp=sharing\" target=\"_blank\" rel=\"noopener\">Portaria 57, de 04 de outubro de 2021<\/a> &#8211; <strong>CONSTITUI<\/strong>\u00a0Banca Examinadora para a defesa de Trabalho de Conclus\u00e3o de Curso de Ci\u00eancias Biol\u00f3gicas \u2013 Bacharelado da acad\u00eamica\u00a0<strong>Carla Coelho Porto<\/strong>, intitulado \u201c\u00c1caros parasitos do sistema respirat\u00f3rio de aves\u00a0<strong>Columbidae<\/strong>\u00a0(Columbiformes) no extremo sul do Brasil: diversidade, \u00edndices parasitol\u00f3gicos e co-infec\u00e7\u00f5es\u201d<\/p>\n<p style=\"text-align: justify;\"><a href=\"https:\/\/drive.google.com\/file\/d\/1yDrlRBuNyAp4my8KeEDi5RYCYMHi-cHv\/view?usp=sharing\" target=\"_blank\" rel=\"noopener\">Portaria 56, de 04 de outubro de 202<\/a>1 &#8211; <strong>CONSTITUI<\/strong>\u00a0Banca Examinadora para a defesa de Trabalho de Conclus\u00e3o de Curso de Ci\u00eancias Biol\u00f3gicas \u2013 Bacharelado do acad\u00eamico\u00a0<strong>Daniel Andr\u00e9 de Carvalho<\/strong>, intitulado\u00a0\u201cDiversidade funcional de formigas (Hymenoptera: Formicidae) arbor\u00edcolas associadas a diferentes tipos de sistemas agr\u00edcolas no extremo sul do Rio Grande do Sul, Brasil\u201d<\/p>\n<p><a href=\"https:\/\/drive.google.com\/file\/d\/1cvOooVywC6Uo9fS3zP6ZwkkyTNp89urR\/view?usp=sharing\" target=\"_blank\" rel=\"noopener\">Portaria 55, de 04 de outubro de 2021<\/a> &#8211; <strong>CONSTITUI<\/strong>\u00a0Banca Examinadora para a defesa de Trabalho de Conclus\u00e3o de Curso de Ci\u00eancias Biol\u00f3gicas \u2013 Bacharelado do acad\u00eamico\u00a0<strong>Jo\u00e3o Vicente Silveira Savacinski<\/strong>, intitulado \u201cInvent\u00e1rio de borboletas em diferentes ambientes do Pontal da Barra, Laranjal, Pelotas, Rio Grande do Sul\u201d<\/p>\n<p style=\"text-align: justify;\"><a href=\"https:\/\/drive.google.com\/file\/d\/1VV9PHQC47ItptAr6gjcYsZrIw08H_b6H\/view?usp=sharing\" target=\"_blank\" rel=\"noopener\">Portaria 54, de 04 de outubro de 2021<\/a> &#8211; <strong>CONSTITUI<\/strong>\u00a0Banca Examinadora para a defesa de Trabalho de Conclus\u00e3o de Curso de Ci\u00eancias Biol\u00f3gicas \u2013 Bacharelado da acad\u00eamica\u00a0<strong>Juliana Hinz Wolter<\/strong>, intitulado \u201cDieta de\u00a0<em>Rhinella dorbignyi<\/em>\u00a0(Dum\u00e9ril &amp; Bibron, 1841) (Anura: Bufonidae) no Bioma Pampa, extremo sul do Brasil\u201d<\/p>\n<p style=\"text-align: justify;\"><a href=\"https:\/\/drive.google.com\/file\/d\/16e-K6_YS5Cr5lrDuY99C-ZZ3jo80uEyf\/view?usp=sharing\" target=\"_blank\" rel=\"noopener\">Portaria 53, de 04 de outubro de 2021<\/a> &#8211; <strong>CONSTITUI<\/strong>\u00a0Banca Examinadora para a defesa de Trabalho de Conclus\u00e3o de Curso de Ci\u00eancias Biol\u00f3gicas \u2013 Bacharelado da acad\u00eamica\u00a0<strong>Camila Abel da Costa<\/strong>,\u00a0intitulado\u00a0 \u201cA influ\u00eancia de pererecas e formigas na ocorr\u00eancia de diferentes guildas de aranhas em plantas de\u00a0<em>Eryngium pandanifolium<\/em>\u00a0Cham. &amp; Schltdl. (Apiaceae)\u201d<\/p>\n<p style=\"text-align: justify;\"><a href=\"https:\/\/drive.google.com\/file\/d\/17CfSokh2CAypJMWZ6AnZrcW6J0sLb-CE\/view?usp=sharing\" target=\"_blank\" rel=\"noopener\">Portaria 52, de 04 de outubro de 2021<\/a> &#8211; <strong>CONSTITUI<\/strong>\u00a0Banca Examinadora para a defesa de Trabalho de Conclus\u00e3o de Curso de Ci\u00eancias Biol\u00f3gicas \u2013 Bacharelado da acad\u00eamica\u00a0<strong>Shimene Torve Malta<\/strong>,\u00a0intitulado \u201cEstimativa de fatalidade de Lepidoptera por colis\u00e3o com ve\u00edculos considerando persist\u00eancia e detec\u00e7\u00e3o em uma rodovia do Bioma Pampa\u201d<\/p>\n<p style=\"text-align: justify;\"><a href=\"https:\/\/drive.google.com\/file\/d\/1pcjsRV0sGialE9SP_qe_gZHlGfOwvFco\/view?usp=sharing\" target=\"_blank\" rel=\"noopener\">Portaria 51, de 04 de outubro de 2021<\/a> &#8211; <strong>CONSTITUI<\/strong>\u00a0Banca Examinadora para a defesa de Trabalho de Conclus\u00e3o de Curso de Ci\u00eancias Biol\u00f3gicas \u2013 Bacharelado do acad\u00eamico\u00a0<strong>Ricardo Ribeiro Crochemore da Silva<\/strong>, intitulado \u201cCompara\u00e7\u00e3o da distribui\u00e7\u00e3o espacial e temporal de atropelamentos a n\u00edvel de esp\u00e9cies da herpetofauna no Bioma Pampa, extremo sul do Brasil\u201d<\/p>\n<p style=\"text-align: justify;\"><a href=\"https:\/\/drive.google.com\/file\/d\/18sWpdonjg51_OJktGMJ-YZ_tK8Q2_sL6\/view?usp=sharing\" target=\"_blank\" rel=\"noopener\">Portaria 50, de 04 de outubro de 2021<\/a> &#8211;<strong>CONSTITUI<\/strong>\u00a0Banca Examinadora para a defesa de Trabalho de Conclus\u00e3o de Curso de Ci\u00eancias Biol\u00f3gicas &#8211; Licenciatura da acad\u00eamica\u00a0<strong>Francieli Peter da Silveira<\/strong>, intitulado \u201cLevantamento flor\u00edstico de\u00a0<em>Myrtales<\/em>\u00a0na Universidade Federal de Pelotas &#8211; campus Cap\u00e3o do Le\u00e3o, RS\u201d<\/p>\n<p style=\"text-align: justify;\"><a href=\"https:\/\/drive.google.com\/file\/d\/1gIcddAO6z-rAe7LzM3FGuG6HR9OKeDwT\/view?usp=sharing\" target=\"_blank\" rel=\"noopener\">Portaria 49, de 04 de outubro de 2021<\/a> &#8211; <strong>CONSTITUI<\/strong>\u00a0Banca Examinadora para a defesa de Trabalho de Conclus\u00e3o de Curso de Ci\u00eancias Biol\u00f3gicas &#8211; Licenciatura da acad\u00eamica\u00a0<strong>Tain\u00e1 Guillante<\/strong>, intitulado \u201cAvaliando os efeitos do sexo em biomarcadores cl\u00e1ssicos de contamina\u00e7\u00e3o ambiental: insights do peixe\u00a0<em>Poecilia vivipara<\/em>\u00a0exposto ao cobre por 96h\u201d<\/p>\n<p style=\"text-align: justify;\"><a href=\"https:\/\/drive.google.com\/file\/d\/19FVtmUMvL1kXwWwl5wmCxcQBD6ORLH8E\/view?usp=sharing\" target=\"_blank\" rel=\"noopener\">Portaria 48, de 01 de outubro de 202<\/a>1 &#8211; <strong>ALTERA<\/strong>\u00a0a Portaria 43 (<a class=\"ancoraSei\" href=\"https:\/\/sei.ufpel.edu.br\/sei\/controlador.php?acao=protocolo_visualizar&amp;id_protocolo=1615380&amp;infra_sistema=100000100&amp;infra_unidade_atual=110000218&amp;infra_hash=fda0c05e40c62a781904ad47a8678788da493038c831264ceb27cea009e1fc2d\" target=\"_blank\" rel=\"noopener\">1426860<\/a>) referente e composi\u00e7\u00e3o da banca do Exame de Qualifica\u00e7\u00e3o de Mestrado do\u00a0discente\u00a0<strong>Jonatan Egewarth<\/strong><strong>\u00a0<\/strong>do PPG em Fisiologia Vegetal, o projeto intitula-se:\u00a0<em><strong>\u201cRespostas fisiol\u00f3gicas e bioqu\u00edmicas ao d\u00e9ficit h\u00eddrico em combina\u00e7\u00f5es de cultivares-copa\/porta-enxertos de pessegueiro [Prunus persica (L.) Batsch]\u201d<\/strong><\/em><\/p>\n<p style=\"text-align: justify;\"><a href=\"https:\/\/drive.google.com\/file\/d\/1bLiORfLbNAi04EoAu3fGsAB37iinPjq0\/view?usp=sharing\" target=\"_blank\" rel=\"noopener\">Portaria 47, de 17 de setembro de 2021<\/a> &#8211; <strong>CONSTITUI<\/strong>\u00a0banca examinadora da\u00a0defesa de Disserta\u00e7\u00e3o de Mestrado do discente\u00a0<strong>M\u00e1rcio Soares Ferreira<\/strong>\u00a0do Mestrado Acad\u00eamico &#8211; PPG em Entomologia, intitulado \u201cCARACTERIZA\u00c7\u00c3O DA ASSEMBLEIA DE\u00a0<em>Drosophila<\/em>\u00a0(DIPTERA: DROSOPHILIDAE) EM \u00c1REAS DE PRODU\u00c7\u00c3O DE PEQUENOS FRUTOS NO RIO GRANDE DO SUL, BRASIL&#8221;,<\/p>\n<p style=\"text-align: justify;\"><a href=\"https:\/\/drive.google.com\/file\/d\/1JKxXgkGTR20Lou23oO0VTWuuUyElLm7Y\/view?usp=sharing\" target=\"_blank\" rel=\"noopener\">Portaria 46, de 15 de setembro de 2021<\/a> &#8211; <strong>ALTERA<\/strong>\u00a0a Portaria n\u00ba 9, de 02 de abril de 2020 (<a class=\"ancoraSei\" href=\"https:\/\/sei.ufpel.edu.br\/sei\/controlador.php?acao=protocolo_visualizar&amp;id_protocolo=1052308&amp;infra_sistema=100000100&amp;infra_unidade_atual=110000218&amp;infra_hash=3bc538c7dbf229ee9ec6a60d00122a1f38144099909e395afddb7f69de8f16dd\" target=\"_blank\" rel=\"noopener\">0918602<\/a>) que constituiu a Comiss\u00e3o de Avalia\u00e7\u00e3o de Est\u00e1gio Probat\u00f3rio da docente JOSEANE JIM\u00c9NEZ ROJAS (SIAPE 1266163),<\/p>\n<p><a href=\"https:\/\/drive.google.com\/file\/d\/12KwIYKBdi0rz1hUSgV95VbSGZKvG5McD\/view?usp=sharing\" target=\"_blank\" rel=\"noopener\">Portaria 45, de 14 de setembro de 2021<\/a> &#8211;<strong> CONSTITUI<\/strong> a <strong>\u00a0<\/strong>Comiss\u00e3o de Consulta Eleitoral para escolha da nova Coordena\u00e7\u00e3o do Colegiado de Ci\u00eancias Biol\u00f3gicas 2021-2023.<\/p>\n<p style=\"text-align: justify;\"><a href=\"https:\/\/drive.google.com\/file\/d\/1A2y0bY8u_vL2A-iifxp3k866VZQaN_c2\/view?usp=sharing\" target=\"_blank\" rel=\"noopener\">Portaria 44, de 11 de setembro de 2021<\/a> &#8211; <strong>RETIFICA <\/strong>o enunciado das\u00a0Portarias\u00a039 (<a class=\"ancoraSei\" href=\"https:\/\/sei.ufpel.edu.br\/sei\/controlador.php?acao=protocolo_visualizar&amp;id_protocolo=1610813&amp;infra_sistema=100000100&amp;infra_unidade_atual=110000218&amp;infra_hash=c7cfb75e7274993f7a849ba7e1b1e5557db3cac1e51eb298a7d9239cc11fc4b9\" target=\"_blank\" rel=\"noopener\">1422767<\/a>) e 40 (<a class=\"ancoraSei\" href=\"https:\/\/sei.ufpel.edu.br\/sei\/controlador.php?acao=protocolo_visualizar&amp;id_protocolo=1610835&amp;infra_sistema=100000100&amp;infra_unidade_atual=110000218&amp;infra_hash=939fb8e38edb6d697ff194732ea1cd31591a9ab9aabb3a73a0127223fe823a85\" target=\"_blank\" rel=\"noopener\">1422787<\/a>) onde se l\u00ea: &#8220;Considerando a solicita\u00e7\u00e3o do Programa de P\u00f3s-Gradua\u00e7\u00e3o em\u00a0<strong>Entomologia<\/strong>&#8230;&#8221;; leia-se: &#8220;Considerando a solicita\u00e7\u00e3o do Programa de P\u00f3s-Gradua\u00e7\u00e3o\u00a0em<strong>\u00a0Fisiologia Vegetal<\/strong>&#8230;&#8221;<\/p>\n<p style=\"text-align: justify;\"><a href=\"https:\/\/drive.google.com\/file\/d\/1SidRJpVkzWNxI_8z9E2UF7i_IXWWjSZI\/view?usp=sharing\" target=\"_blank\" rel=\"noopener\">Portaria 43, de 11 de setembro de 2021<\/a> &#8211; <strong>CONSTITUI<\/strong>\u00a0banca do Exame de Qualifica\u00e7\u00e3o de Mestrado do\u00a0discente\u00a0<strong>Jonatan Egewarth<\/strong><strong>\u00a0<\/strong>do PPG em Fisiologia Vegetal, o projeto intitula-se:\u00a0<em><strong>\u201cRespostas fisiol\u00f3gicas e bioqu\u00edmicas ao d\u00e9ficit h\u00eddrico em combina\u00e7\u00f5es de cultivares-copa\/porta-enxertos de pessegueiro [Prunus persica (L.) Batsch]\u201d<\/strong><\/em><\/p>\n<p style=\"text-align: justify;\"><a href=\"https:\/\/drive.google.com\/file\/d\/1IV944bFn33H-k06hFOtdlA_Mj9S2yImz\/view?usp=sharing\" target=\"_blank\" rel=\"noopener\">Portaria 42, de 11 de setembro de 2021<\/a> &#8211; <strong>CONSTITUI<\/strong>\u00a0banca do Exame de Qualifica\u00e7\u00e3o de Doutorado da discente\u00a0<strong>Francine Zaiosc Simmi\u00a0<\/strong>do PPG em Fisiologia Vegetal, o projeto intitula-se:\u00a0<em><strong>\u201cIntegra\u00e7\u00e3o de sinais sist\u00eamicos em resposta a aplica\u00e7\u00e3o local de est\u00edmulos simples e combinados em plantas de feij\u00e3o preto\u201d\u00a0<\/strong><\/em> Sem efeito alterada <a href=\"https:\/\/drive.google.com\/file\/d\/1BWiEuwQeOm9NOkYz5QnbIyvIb2XL3tWZ\/view?usp=sharing\" target=\"_blank\" rel=\"noopener\">Portaria 72, de 21 de outubro de 2021<\/a><\/p>\n<p style=\"text-align: justify;\"><a href=\"https:\/\/drive.google.com\/file\/d\/1_bfXJAGeqXpHZRJXgGRaxL6a9CCiMM1A\/view?usp=sharing\" target=\"_blank\" rel=\"noopener\">Portaria 41, de 11 de setembro de 2021<\/a> &#8211; <strong>\u00a0CONSTITUI<\/strong>\u00a0banca do Exame de Qualifica\u00e7\u00e3o de Doutorado da discente\u00a0e\u00a0<strong>Adrya Vanessa Lira Costa\u00a0<\/strong>do PPG em Fisiologia Vegetal, o projeto intitula-se:\u00a0<em><strong>\u201cAltera\u00e7\u00f5es no eletroma durante a sinaliza\u00e7\u00e3o sist\u00eamica e no processo de priming em plantas de cevada<\/strong><\/em>\u201d sem efeito alterada<a href=\"https:\/\/drive.google.com\/file\/d\/1jcaiR_cyr9e7t1wV0A_-EHM-FbfXCCi5\/view?usp=sharing\" target=\"_blank\" rel=\"noopener\">Portaria 71, de 21 de outubro de 2021<\/a><\/p>\n<p><a href=\"https:\/\/drive.google.com\/file\/d\/1PH9WbEY1Tr0dIqaCUpJOkqka2ANV-auk\/view?usp=sharing\" target=\"_blank\" rel=\"noopener\">Portaria 40, de 08 de setembro de 2021<\/a> &#8211; <strong>CONSTITUI<\/strong>\u00a0banca do Exame de Qualifica\u00e7\u00e3o de Doutorado da discente\u00a0<strong>Bruna Evelyn Paschoal Silva<\/strong>\u00a0do PPG em Fisiologia Vegetal, o projeto intitula-se:\u00a0<em>\u201cAltera\u00e7\u00f5es metab\u00f3licas e nutricionais de pseudocereais submetidos ao elevado CO2 e alagamento\u201d<\/em>.<\/p>\n<p style=\"text-align: justify;\"><a href=\"https:\/\/drive.google.com\/file\/d\/1_8RvujVWwmBplHv1catUVp0YModEraMx\/view?usp=sharing\" target=\"_blank\" rel=\"noopener\">Portaria 39, de 08 de setembro de 2021<\/a> &#8211; <strong>\u00a0CONSTITUI<\/strong>\u00a0banca de disserta\u00e7\u00e3o de mestrado da\u00a0discente<strong>\u00a0Lu\u00edze Silva Mascarenhas<\/strong>\u00a0do PPG em Fisiologia Vegetal, a\u00a0disserta\u00e7\u00e3o intitula-se: \u201c<em>Uso de inoculantes microbiol\u00f3gicos no desenvolvimento de plantas de cana-de-a\u00e7\u00facar sob d\u00e9ficit h\u00eddrico<\/em>\u201d<\/p>\n<p style=\"text-align: justify;\"><a href=\"https:\/\/drive.google.com\/file\/d\/1nHAH3sk-iizjOHBOdTqAfJXrh-bDOeEs\/view?usp=sharing\" target=\"_blank\" rel=\"noopener\">Portaria 38, de 02 de setembro de 2021<\/a> &#8211; <strong>CONSTITUI<\/strong> a\u00a0\u00a0composi\u00e7\u00e3o do Colegiado do Programa de P\u00f3s-Gradua\u00e7\u00e3o Multic\u00eantrico em Ci\u00eancias Fisiol\u00f3gicas. <strong>Revogada<\/strong> pela Portaria 75 de 26 de outubro de 2021 (<a id=\"anchor1671229\" href=\"https:\/\/sei.ufpel.edu.br\/sei\/controlador.php?acao=arvore_visualizar&amp;acao_origem=procedimento_visualizar&amp;id_procedimento=1671094&amp;id_documento=1671229&amp;infra_sistema=100000100&amp;infra_unidade_atual=110000220&amp;infra_hash=1a656cf63c7845dfa47c5c6da2ba2cc72d753e5f47cff9bb2beb62ccb55ae03b\" target=\"ifrVisualizacao\" rel=\"noopener\"><span id=\"span1671229\" title=\"Portaria Interna 75 (1477472)\">1477472<\/span><\/a>).<\/p>\n<p><a href=\"https:\/\/drive.google.com\/file\/d\/17MXMFqRRcoRPCpyyrqyJEj5NiUfylWGT\/view?usp=sharing\" target=\"_blank\" rel=\"noopener\">Portaria 37, de 20 de julho de 202<\/a>1 &#8211; <strong>RETIFICA<\/strong>\u00a0a Portaria Interna 35 (<a class=\"ancoraSei\" href=\"https:\/\/sei.ufpel.edu.br\/sei\/controlador.php?acao=protocolo_visualizar&amp;id_protocolo=1548131&amp;infra_sistema=100000100&amp;infra_unidade_atual=110000218&amp;infra_hash=755539108a3759cf0cade77ce4e1ecd634441763434638dca83862ddce028bae\" target=\"_blank\" rel=\"noopener\">1366674<\/a>)<\/p>\n<p><strong>Portaria 36, Sistema saltou<span style=\"background-color: #ffff00;\"> (NULL)<\/span><\/strong><\/p>\n<p style=\"text-align: justify;\"><a href=\"https:\/\/drive.google.com\/file\/d\/18VZEYmzWBTfRyW8vJdGDmhNSItc0ExhS\/view?usp=sharing\" target=\"_blank\" rel=\"noopener\">Portaria n\u00b0 35, de 16 de julho de 2021<\/a> &#8211; <strong>\u00a0CONSTITUI <\/strong>banca de defesa de\u00a0disserta\u00e7\u00e3o de mestrado da\u00a0discente\u00a0<strong>Tamires da Silva Martins\u00a0<\/strong>do PPG em Fisiologia Vegetal, intitulada \u201cEfeito do nitrato na toler\u00e2ncia de plantas de soja submetidas a condi\u00e7\u00f5es de hip\u00f3xia e salinidade\u201d, orientado pelo professor Dr. Luciano Amarante<\/p>\n<p style=\"text-align: justify;\"><a href=\"https:\/\/drive.google.com\/file\/d\/12qOA9YQKNj0GcfeiXG0_Jvd5jYz2GNLF\/view?usp=sharing\" target=\"_blank\" rel=\"noopener\">Portaria n\u00ba 34, de 30 de junho de 2021<\/a> &#8211; <strong>DESIGNA<\/strong>\u00a0Banca Examinadora\u00a0para Concurso de Professor Substituto na \u00e1rea de Ecologia do Departamento de Ecologia, Zoologia e Gen\u00e9tica (DEZG)<\/p>\n<p style=\"text-align: justify;\"><a href=\"https:\/\/drive.google.com\/file\/d\/1uP5Pp_6zVgHewLc49IMkhjGDp1ub-Jcp\/view?usp=sharing\" target=\"_blank\" rel=\"noopener\">Portaria n\u00ba 33, de 30 de junho de 2021<\/a> &#8211; <strong>DESIGNA<\/strong> Banca Examinadora para Concurso de Professor Substituto na \u00e1rea de Anatomia Humana do Departamento de Morfologia<\/p>\n<p style=\"text-align: justify;\"><a href=\"https:\/\/drive.google.com\/file\/d\/1l-BJWepHqW7V4UkSTCsX8rin7RQrNUG0\/view?usp=sharing\" target=\"_blank\" rel=\"noopener\">Portaria n\u00ba 32, de 14 de junho de 2021<\/a> &#8211;<strong> DESIGNA<\/strong> a Professora\u00a0 IZABEL CRISTINA CUST\u00d3DIO DE SOUZA para Representante Titular e a Professora ANA PAULA NUNES para Representante Suplente,\u00a0 da Classe dos Professores Associados no Conselho Departamental do Instituto de Biologia.<\/p>\n<p style=\"text-align: justify;\"><a href=\"https:\/\/drive.google.com\/file\/d\/1_CJaSJXZlWpGvh6WGzQ1JoeN3rn0CCEg\/view?usp=sharing\" target=\"_blank\" rel=\"noopener\">Portaria n\u00ba 31, de 14 de junho de 2021<\/a> &#8211; <strong>DESIGNA<\/strong> a Professora\u00a0 FRANCELE DE ABREU CARLAN para Representante Titular e a Professora DAIANE DRAWANZ HARTWIG para Representante Suplente,\u00a0 da Classe dos Professores Adjuntos no Conselho Departamental do Instituto de Biologia<\/p>\n<p style=\"text-align: justify;\"><a href=\"https:\/\/drive.google.com\/file\/d\/1rd-zjHUXWiB9WgMqrE9lgTQBQ4Wjy5r8\/view?usp=sharing\" target=\"_blank\" rel=\"noopener\">Portaria n\u00ba 30, de 04 de junho de 2021<\/a> &#8211; <strong>TORNA SEM EFEITO<\/strong>\u00a0as Portarias 24 e 28\/2021\u00a0 e altera a composi\u00e7\u00e3o da\u00a0 banca de defesa de Trabalho de Conclus\u00e3o de Curso de Ci\u00eancias Biol\u00f3gicas &#8211; Licenciatura da Acad\u00eamica <strong>Januza Fontes Vasconcelos<\/strong>, intitulado \u201cAn\u00e1lise diagn\u00f3stica da realidade dos docentes de Ensino M\u00e9dio no Ensino Remoto Emergencial\u201d (Orientadora: Prof\u00aa. Dr\u00aa. Vera Lucia Bobrowski, Co-orientadora: Prof\u00aa. Dr\u00aa. Francele de Abreu Carlan)<\/p>\n<p style=\"text-align: justify;\"><a href=\"https:\/\/drive.google.com\/file\/d\/1-VP14WoSejKD_Cclipk5LjVH8p0p2rVs\/view?usp=sharing\" target=\"_blank\" rel=\"noopener\">Portaria n\u00ba 29, de 03 de junho de 2021<\/a> &#8211; <strong>ALTERA<\/strong>\u00a0a Portaria n\u00ba 14\/2021 no que se refere a data e hor\u00e1rio da defesa de tese para o dia 18\/06 as 9h30min<\/p>\n<p style=\"text-align: justify;\"><a href=\"https:\/\/drive.google.com\/file\/d\/1T3uDTFvvYkB7c6UFtsUYwRZ4Fyk0g0Vl\/view?usp=sharing\" target=\"_blank\" rel=\"noopener\">Portaria n\u00ba 28, de 02 de junho de 2021<\/a> &#8211; <strong>ALTERA<\/strong> a Portaria n\u00ba 24\/2021 no que se refere ao hor\u00e1rio da defesa que passa a ser das 19h30min. Tornada sem efeito pela Portaria Interna 30\/2021.<\/p>\n<p style=\"text-align: justify;\"><a href=\"https:\/\/drive.google.com\/file\/d\/1ym3UUMPzt1D-2SMxozTkqa0-2nvL54Ya\/view?usp=sharing\" target=\"_blank\" rel=\"noopener noreferrer\">Portaria n\u00ba 27, de 21 de maio de 2021<\/a> &#8211; <strong>CONSTITUI <\/strong>banca\u00a0de disserta\u00e7\u00e3o de mestrado do\u00a0discente\u00a0<strong>Marcelo Roberto Zakseski<\/strong>\u00a0do Mestrado Acad\u00eamico &#8211; PPG em Entomologia, intitulado\u00a0<strong>\u201cToxicidade do biopesticida \u00e0 base de m\u00faltiplos nucleopoliedrov\u00edrus\u00a0<em>Spodoptera frugiperda<\/em>\u00a0sobre a lagarta do cartucho em soja\u00a0<em>Bt<\/em>\u00a0contendo prote\u00edna\u00a0<em>Cry1Ac<\/em>\u00a0e soja n\u00e3o\u00a0<em>Bt<\/em>\u200b\u201d<\/strong>,\u00a0 orientado pelo\u00a0Prof. Dr. Daniel Bernardi e co-orientado\u00a0pela professora\u00a0Dr\u00aa. Ana Paula Schneid Afonso da Rosa,<\/p>\n<p style=\"text-align: justify;\"><a href=\"https:\/\/drive.google.com\/file\/d\/12VVsyx4LTPMc3Wg-jB0sXTb8t9Vk3SVa\/view?usp=sharing\" target=\"_blank\" rel=\"noopener noreferrer\">PORTARIA n\u00ba 26, de 10 de maio de 2021<\/a> &#8211; <strong>CONSTITUI<\/strong>\u00a0Banca Examinadora para a defesa de Trabalho de Conclus\u00e3o de Curso de Ci\u00eancias Biol\u00f3gicas &#8211; Bacharelado \u00a0da Acad\u00eamica\u00a0<strong>Amanda Marques<\/strong>, intitulado\u00a0<strong>\u201c<\/strong><b>Descri\u00e7\u00e3o osteol\u00f3gica do sincr\u00e2nio de Tamandu\u00e1-mirim (<i>Tamandua tetradactyla<\/i>)<\/b><strong>\u201d\u00a0<\/strong>(Orientadora: Prof\u00aa. Dr\u00aa. Ana Luisa Schifino Valente)<\/p>\n<p style=\"text-align: justify;\"><a href=\"https:\/\/drive.google.com\/file\/d\/1wtNYNxX7Qr1L4lkGrOEwUdq_btB-rcAO\/view?usp=sharing\" target=\"_blank\" rel=\"noopener noreferrer\">PORTARIA n\u00ba\u00a0 25, de\u00a0 de 2021<\/a> &#8211; <strong>REVOGA <\/strong>a Portaria<strong>\u00a0<\/strong>08\/2020<strong>\u00a0<\/strong>(<a class=\"ancoraSei\" href=\"https:\/\/sei.ufpel.edu.br\/sei\/controlador.php?acao=protocolo_visualizar&amp;id_protocolo=1046019&amp;infra_sistema=100000100&amp;infra_unidade_atual=110000218&amp;infra_hash=0acf90af1e191c3c51411b9e87e95c7083d40a3769a028994f2815a5fad211ef\" target=\"_blank\" rel=\"noopener noreferrer\">0912913<\/a>) e\u00a0<strong>ALTERA<\/strong>\u00a0a composi\u00e7\u00e3o do Colegiado do Programa de P\u00f3s-Gradua\u00e7\u00e3o em Biologia Animal<\/p>\n<p style=\"text-align: justify;\"><a href=\"https:\/\/drive.google.com\/file\/d\/19oVN-cBZkc36nOoJ7Nts4wCEP1t8kHIK\/view?usp=sharing\" target=\"_blank\" rel=\"noopener noreferrer\">PORTARIA n\u00ba 24, de 06 de maio de 2021<\/a> &#8211; <strong>CONSTITUI<\/strong>\u00a0Banca Examinadora para a defesa de Trabalho de Conclus\u00e3o de Curso de Ci\u00eancias Biol\u00f3gicas &#8211; Licenciatura da Acad\u00eamica\u00a0<strong>Januza Fontes Vasconcelos<\/strong>, intitulado \u201cAn\u00e1lise diagn\u00f3stica da realidade dos docentes de Ensino M\u00e9dio no Ensino Remoto Emergencial\u201d (Orientadora: Prof\u00aa. Dr\u00aa. Vera Lucia Bobrowski, Co-orientadora: Prof\u00aa. Dr\u00aa. Francele de Abreu Carlan)\u00a0 &#8211; Alterada pela Portaria n\u00ba 29\/2021. Tornada sem efeito pela Portaria Interna 30\/2021.<\/p>\n<p style=\"text-align: justify;\"><a href=\"https:\/\/drive.google.com\/file\/d\/1KOJ6yNB2MrmvLTOC8FRM_pb-DIedK4g-\/view?usp=sharing\" target=\"_blank\" rel=\"noopener noreferrer\">PORTARIA n\u00ba 23, de 06 de maio de 2021<\/a> &#8211; <strong>\u00a0CONSTITUI <\/strong>Banca Examinadora para a defesa de Trabalho de Conclus\u00e3o de Curso de Ci\u00eancias Biol\u00f3gicas &#8211; Licenciatura da Acad\u00eamica\u00a0<strong>Beatriz Timm Rutz<\/strong>, intitulado \u201cEnsino dos Artr\u00f3podes: proposta did\u00e1tica para al\u00e9m da cole\u00e7\u00e3o entomol\u00f3gica\u201d (Orientadora Prof\u00aa. Dr\u00aa. Francele de Abreu Carlan<\/p>\n<p style=\"text-align: justify;\"><a href=\"https:\/\/drive.google.com\/file\/d\/10xzPb8KjYefRB7t9-uy89ERoHjdznZMC\/view?usp=sharing\" target=\"_blank\" rel=\"noopener noreferrer\">PORTARIA n\u00ba 22, de 06 de maio de 2021<\/a> &#8211; <strong>CONSTITUI <\/strong>Banca Examinadora para a defesa de Trabalho de Conclus\u00e3o de Curso de Ci\u00eancias Biol\u00f3gicas &#8211; Bacharelado da Acad\u00eamica\u00a0<strong>J\u00falia Birkhan de Oliveira<\/strong>, intitulado \u201c<em>Schistocerca cancellata<\/em>\u00a0Serville, 1838 (<strong>Orthoptera<\/strong>,\u00a0<strong>Acrididae<\/strong>): biologia, ecologia e controle\u201d (Orientador Prof. Dr. Fl\u00e1vio Roberto Mello Garcia)<\/p>\n<p style=\"text-align: justify;\"><a href=\"https:\/\/drive.google.com\/file\/d\/19mlSL-nHqsDxhHU66Tt1Yn7Xgw-532uw\/view?usp=sharing\" target=\"_blank\" rel=\"noopener noreferrer\">PORTARIA n\u00ba 21, de 06 de maio de 2021<\/a> &#8211; <strong>CONSTITUI <\/strong>Banca Examinadora para a defesa de Trabalho de Conclus\u00e3o de Curso de Ci\u00eancias Biol\u00f3gicas &#8211; Licenciatura da Acad\u00eamica\u00a0<strong>Debora da Silva Rodrigues<\/strong>, intitulado \u201cDiagn\u00f3stico da gest\u00e3o de res\u00edduos na col\u00f4nia de pescadores Z-3 a partir das percep\u00e7\u00f5es de moradores\u201d (Orientadora Bi\u00f3l\u00aa. Dr\u00aa. Greici Maia Behling)<\/p>\n<p style=\"text-align: justify;\"><a href=\"https:\/\/drive.google.com\/file\/d\/1yDm4F_yP42S5fo2SOdnBlmIlY67HncKd\/view?usp=sharing\" target=\"_blank\" rel=\"noopener noreferrer\">PORTARIA n\u00ba 20, de 06 de maio de 2021<\/a> &#8211; <strong>CONSTITUI<\/strong>\u00a0Banca Examinadora para a defesa de Trabalho de Conclus\u00e3o de Curso de Ci\u00eancias Biol\u00f3gicas &#8211; Bacharelado da Acad\u00eamica\u00a0<strong>Gratchela Dutra Rodrigues<\/strong>, intitulado \u201cDetec\u00e7\u00e3o molecular de\u00a0<em>Trypanosoma sp<\/em>. em\u00a0<em>Tabanus triangulum<\/em>\u00a0(<strong>Diptera: Tabanidae<\/strong>) da Plan\u00edcie Costeira do Rio Grande do Sul, Brasil\u201d (Orientador Prof. Dr. Rodrigo Ferreira Kr\u00fcger, Co-orientador Bi\u00f3l. Me. William Borges Domingues)<\/p>\n<p style=\"text-align: justify;\"><a href=\"https:\/\/drive.google.com\/file\/d\/1kVvrm4pmzK1MJd7evCFWegysmQWc_JKv\/view?usp=sharing\" target=\"_blank\" rel=\"noopener noreferrer\">PORTARIA n\u00ba 19,\u00a0 de 06 de maio de 2021<\/a> &#8211; <strong>CONSTITUI<\/strong>\u00a0Banca Examinadora para a defesa de Trabalho de Conclus\u00e3o de Curso de Ci\u00eancias Biol\u00f3gicas &#8211; Licenciatura da Acad\u00eamica\u00a0<strong>Camila Salgado Lemke<\/strong>, intitulado \u201cEduca\u00e7\u00e3o Ambiental e a forma\u00e7\u00e3o de professores de Ci\u00eancias Biol\u00f3gicas da Universidade Federal de Pelotas\u201d (Orientadora Bi\u00f3l\u00aa. Dr\u00aa. Greici Maia Behling, Co-orientadora: Prof\u00aa. Dr\u00aa. Francele de Abreu Carlan)<\/p>\n<p style=\"text-align: justify;\"><a href=\"https:\/\/drive.google.com\/file\/d\/17vM2BYyosM94Tjp96VYCCzr6_H47_s1f\/view?usp=sharing\" target=\"_blank\" rel=\"noopener noreferrer\">PORTARIA n\u00ba 18, de 06 de maio de 2021<\/a> &#8211; <strong>CONSTITUI<\/strong>\u00a0Banca Examinadora para a defesa de Trabalho de Conclus\u00e3o de Curso de Ci\u00eancias Biol\u00f3gicas &#8211; Bacharelado da Acad\u00eamica\u00a0<strong>Alice Scheer Iepsen<\/strong>, intitulado \u201cPlantas utilizadas por beija-flores (Aves: Trochilidae) em \u00e1reas urbanizadas no extremo sul do Brasil\u201d (Orientadora: Prof\u00aa. Dr\u00aa. Ana Maria Rui)<\/p>\n<p style=\"text-align: justify;\"><a href=\"https:\/\/drive.google.com\/file\/d\/1Qjr2lcAHzVQfpFyqA1iMOtTjrNx5hUEV\/view?usp=sharing\" target=\"_blank\" rel=\"noopener noreferrer\">PORTARIA n\u00ba 17, de 06 de maio de 2021<\/a> &#8211;\u00a0 <strong>CONSTITUI<\/strong>\u00a0Banca Examinadora para a defesa de Trabalho de Conclus\u00e3o de Curso de Ci\u00eancias Biol\u00f3gicas &#8211; Bacharelado da Acad\u00eamica\u00a0<strong>Brenda Barbon Fraga<\/strong>, intitulado \u201cInvestiga\u00e7\u00e3o dos aspectos gen\u00e9ticos associados a dura\u00e7\u00e3o de sono, ins\u00f4nia e cronotipo na suscetibilidade ao Transtorno de D\u00e9ficit de Aten\u00e7\u00e3o e Hiperatividade em crian\u00e7as\u201d (Orientadora\u00a0Prof\u00aa. Dr\u00aa. Luciana Tovo Rodrigues e\u00a0Co-orientadora\u00a0Psicol\u00aa. Me\u00aa. Marina Xavier Carpena)<\/p>\n<p style=\"text-align: justify;\"><a href=\"https:\/\/drive.google.com\/file\/d\/1uX0Sm7wFGHXl26pV0C5G-3V3ORqV8QQ-\/view?usp=sharing\" target=\"_blank\" rel=\"noopener noreferrer\">PORTARIA n\u00ba 16, de 06 de maio de 2021<\/a> &#8211; <strong>CONSTITUI <\/strong>Banca Examinadora para a defesa de Trabalho de Conclus\u00e3o de Curso de Ci\u00eancias Biol\u00f3gicas &#8211; Licenciatura da Acad\u00eamica\u00a0<strong>Adriane Leites Strothmann<\/strong>, intitulado \u201cPotencial anti-helm\u00edntico de plantas condimentares e arom\u00e1ticas: uma revis\u00e3o de literatura\u201d (Orientadora\u00a0Prof\u00aa. Dr\u00aa. Maria Elisabeth Aires Berne)<\/p>\n<p style=\"text-align: justify;\"><a href=\"https:\/\/drive.google.com\/file\/d\/1i2EwdhTP7C1nrPPhtTpGMfouX7cVyG7t\/view?usp=sharing\" target=\"_blank\" rel=\"noopener noreferrer\">PORTARIA n\u00ba 15, de 06 de maio de 2021<\/a> &#8211; <strong>CONSTITUI<\/strong>\u00a0Banca Examinadora para a defesa de Trabalho de Conclus\u00e3o de Curso de Ci\u00eancias Biol\u00f3gicas &#8211; Bacharelado do Acad\u00eamico\u00a0<strong>Rodrigo Domingues Reis<\/strong>, intitulado \u201cTaxonomia de uma esp\u00e9cie de grilo\u00a0<strong>Nemobiinae<\/strong>\u00a0(<strong>Orthoptera<\/strong>,\u00a0<strong>Grylloidea<\/strong>) da Flona S\u00e3o Francisco de Paula, RS, com destaque \u00e0s t\u00e9gminas e escleritos f\u00e1licos\u201d (Orientador\u00a0Prof. Dr. Edison Zefa)<\/p>\n<p style=\"text-align: justify;\"><a href=\"https:\/\/drive.google.com\/file\/d\/1fKHTNq7ckUlZybHDEA0XJ3gDo3c8sZmv\/view?usp=sharing\" target=\"_blank\" rel=\"noopener noreferrer\">PORTARIA n\u00ba 14 de 06 de maio de 2021<\/a> &#8211; <strong>CONSTITUI<\/strong>\u00a0Banca Examinadora para a defesa de Trabalho de Conclus\u00e3o de Curso de Ci\u00eancias Biol\u00f3gicas &#8211; Licenciatura da Acad\u00eamica\u00a0<strong>\u00a0Nat\u00e1lia Castilhos Pioner<\/strong>, intitulado \u201cFlor\u00edstica do componente arbustivo-arb\u00f3reo da \u00e1rea do Grupo de Agroecologia da Universidade Federal de Pelotas (GAE\/UFPel &#8211; Orientadora:\u00a0Prof\u00aa. Dr\u00aa. Raquel L\u00fcdtke)\u201d<\/p>\n<p style=\"text-align: justify;\"><a href=\"https:\/\/drive.google.com\/file\/d\/15sM7x6pn-BJ0WoV_lk2MvsASvgEiJdvY\/view?usp=sharing\" target=\"_blank\" rel=\"noopener noreferrer\">PORTARIA n\u00ba 13, de 06 de maio de 2021<\/a> &#8211; <strong>CONSTITUI<\/strong> Banca Examinadora para a defesa de Trabalho de Conclus\u00e3o de Curso de Ci\u00eancias Biol\u00f3gicas &#8211; Bacharelado do Acad\u00eamico Diniz Lima Ferreira, intitulado \u201cAplica\u00e7\u00f5es da morfometria geom\u00e9trica e do DNA Barcode na taxonomia e sistem\u00e1tica de Mesembrinellidae (Diptera: Oestroidea), com \u00eanfase em linhagens evolutivas de Mesembrinella bellardiana Aldrich, 1922\u201d(Orientador Prof. Dr. Marco Antonio Tonus Marinho)<\/p>\n<p style=\"text-align: justify;\">P<a href=\"https:\/\/drive.google.com\/file\/d\/1qYNtjR8WFKtQFl4D2t4tx5T9C_5K4ob0\/view?usp=sharing\" target=\"_blank\" rel=\"noopener noreferrer\">ORTARIA N\u00ba 12, de 01 de maio de 2021<\/a> &#8211; <strong>CONSTITUI<\/strong> banca de Defesa de Tese da doutoranda Tatiana Rossatto, o projeto intitula-se: \u201cAltera\u00e7\u00f5es transcricionais, bioqu\u00edmicas e fisiol\u00f3gicas em resposta \u00e0 mem\u00f3ria do estresse em plantas de arroz submetidas a estresse recorrente (sal) e cruzado (sal e d\u00e9ficit h\u00eddrico)\u201d,<\/p>\n<p style=\"text-align: justify;\"><a href=\"https:\/\/drive.google.com\/file\/d\/1UhVmyd3jUotJsl2YGobKLNKtTdarpFEY\/view?usp=sharing\" target=\"_blank\" rel=\"noopener noreferrer\">PORTARIA N\u00ba 11, de 01 de maio de 2021<\/a> &#8211; <strong>REVOGA<\/strong> a Portaria Interna 10\/21 e <strong>CONSTITUI<\/strong>\u00a0 nova banca de Defesa de Tese do doutorando Anderson da Rosa Feij\u00f3, o projeto intitula-se: \u201cSele\u00e7\u00e3o de gen\u00f3tipos de arroz irrigado responsivos ao aumento da concentra\u00e7\u00e3o de di\u00f3xido de carbono atmosf\u00e9rico e a avalia\u00e7\u00e3o do fen\u00f4meno de toler\u00e2ncia<br \/>\ncruzada entre estresses abi\u00f3ticos na cultura do arroz\u201d,<\/p>\n<p style=\"text-align: justify;\"><a href=\"https:\/\/drive.google.com\/file\/d\/1l2hPwsD4VuV9GL039eFIu3rciifC7bWb\/view?usp=sharing\" target=\"_blank\" rel=\"noopener noreferrer\">Portaria N\u00ba 10, de 19 de abril de 2021<\/a> &#8211; <strong>\u00a0CONSTITUI <\/strong>a banca de Defesa de Tese do doutorando Anderson da Rosa Feij\u00f3, o projeto intitula-se: \u201cSele\u00e7\u00e3o de gen\u00f3tipos de arroz irrigado responsivos ao aumento da concentra\u00e7\u00e3o de di\u00f3xido de carbono atmosf\u00e9rico e a avalia\u00e7\u00e3o do fen\u00f4meno de toler\u00e2ncia cruzada entre estresses .abi\u00f3ticos na cultura do arroz\u201d<\/p>\n<p style=\"text-align: justify;\"><a href=\"https:\/\/drive.google.com\/file\/d\/1D4wQgruoiw5Ch6M1djQzqjT8D7-lDQur\/view?usp=sharing\" target=\"_blank\" rel=\"noopener noreferrer\">Portaria N\u00ba 9, de 19 de abril de 2021<\/a> &#8211; <strong>CONSTITUI <\/strong>Banca composi\u00e7\u00e3o da\u00a0banca\u00a0de disserta\u00e7\u00e3o de mestrado da discente Liliane Varnes\u00a0 do PPG em Fisiologia Vegetal, o projeto intitula-se: \u201cCultivo\u00a0<strong><em>in vitro\u00a0<\/em><\/strong>de\u00a0<em>Iresine erbistii\u00a0<\/em>na presen\u00e7a de diferentes elicitores para incremento de compostos bioativos\u201d.<\/p>\n<p style=\"text-align: justify;\"><a href=\"https:\/\/drive.google.com\/file\/d\/1vCT9Q5unQ6XWYYgKxflQw3mpI6x2qh9f\/view?usp=sharing\" target=\"_blank\" rel=\"noopener noreferrer\">Portaria N\u00ba 8, de 16 de abril de 2021 &#8211;<\/a> <strong>ALTERA <\/strong>a\u00a0<strong>Portaria 7\/2021- IB\u00a0<\/strong>(<a class=\"ancoraSei\" href=\"https:\/\/sei.ufpel.edu.br\/sei\/controlador.php?acao=protocolo_visualizar&amp;id_protocolo=1409700&amp;infra_sistema=100000100&amp;infra_unidade_atual=110000218&amp;infra_hash=f334e1fc24a4bf7c17d7f1231db343babd536eed77f3da3e73ad7d45a905584b\" target=\"_blank\" rel=\"noopener noreferrer\">1241989<\/a>)<strong>\u00a0e CONSTITUIR<\/strong>\u00a0novamente a Banca\u00a0de Qualifica\u00e7\u00e3o de doutorado\u00a0da discente\u00a0<strong>Roberta Bartz Kneibe<\/strong> do PPG em Fisiologia Vegetal,\u00a0 o projeto\u00a0intitula-se: \u201cSeletividade do herbicida profoxidim na cultura do arroz\u201d.<\/p>\n<p style=\"text-align: justify;\"><a href=\"https:\/\/drive.google.com\/file\/d\/1yV3RoVcfKBeP1AP0JEcZI2Pu6YzF5s8Z\/view?usp=sharing\" target=\"_blank\" rel=\"noopener noreferrer\">PORTARIA N\u00ba 7, de 19 de mar\u00e7o de 2021 &#8211;<\/a> <strong>CONSTITUI<\/strong>\u00a0Banca\u00a0de Qualifica\u00e7\u00e3o de doutorado\u00a0da discente\u00a0<strong>Roberta Bartz Kneibe<\/strong> do PPG em Fisiologia Vegetal,\u00a0 o projeto intitula-se: \u201cSeletividade do herbicida profoxidim na cultura do arroz\u201d. <a href=\"https:\/\/drive.google.com\/file\/d\/1vCT9Q5unQ6XWYYgKxflQw3mpI6x2qh9f\/view?usp=sharing\" target=\"_blank\" rel=\"noopener noreferrer\">Retificada pela Portaria 08\/2021<\/a>.<\/p>\n<p>PORTARIA N\u00ba 6 &#8211;<span style=\"background-color: #ffff00;\"> <strong>NULL<\/strong><\/span><\/p>\n<p style=\"text-align: justify;\"><a href=\"https:\/\/drive.google.com\/file\/d\/1oYo16gHFdGyvmwZbTyJM-An0e_HFxMoW\/view?usp=sharing\" target=\"_blank\" rel=\"noopener noreferrer\">PORTARIA N\u00ba 5, DE 23 DE FEVEREIRO DE 2021<\/a><strong> &#8211; CONSTITUI <\/strong>Banca Examinadora para a defesa de Disserta\u00e7\u00e3o de Mestrado da discente\u00a0Chrislaine Yonara Ritter\u00a0do Programa de P\u00f3s-Gradua\u00e7\u00e3o em Fisiologia Vegetal, intitulada\u00a0\u201cFitorremedia\u00e7\u00e3o de ambiente salino por <em>Alternanthera maritima<\/em> na cultura do arroz\u201d<\/p>\n<p style=\"text-align: justify;\"><a href=\"https:\/\/drive.google.com\/file\/d\/1q-1HOIIJIRRRXDbskhruhP1IpVfJj18Q\/view?usp=sharing\" target=\"_blank\" rel=\"noopener noreferrer\">PORTARIA N\u00ba 4, DE 17 DE FEVEREIRO DE 2021<\/a> &#8211; <strong>CONSTITUI <\/strong>Banca Examinadora para o Exame de Qualifica\u00e7\u00e3o de Doutorado\u00a0do\u00a0discente\u00a0<strong>Douglas Ant\u00f4nio Posso<\/strong>\u00a0do Programa de P\u00f3s-Gradua\u00e7\u00e3o em Fisiologia Vegetal, cujo projeto intitula-se\u00a0\u201cRespostas metab\u00f3licas e moleculares e plantas e soja submetidas ao alagamento: avalia\u00e7\u00e3o de mecanismos de toler\u00e2ncia ao estresse hip\u00f3xico entre gen\u00f3tipos\u201d<\/p>\n<p style=\"text-align: justify;\"><a href=\"https:\/\/drive.google.com\/file\/d\/146X9umiz3Ho1EOkfNUQJGPTODjCimDl5\/view?usp=sharing\" target=\"_blank\" rel=\"noopener noreferrer\">PORTARIA N\u00ba 3, DE 17 DE FEVEREIRO DE 2021<\/a> &#8211; <strong>CONSTITUI <\/strong>Banca Examinadora para o Exame de Qualifica\u00e7\u00e3o de Mestrado\u00a0da discente\u00a0<strong>Tamires da Silva Martins<\/strong>\u00a0do Programa de P\u00f3s-Gradua\u00e7\u00e3o em Fisiologia Vegetal, cujo projeto intitula-se\u00a0\u201cEfeito do nitrato na toler\u00e2ncia de plantas de soja submetidas a condi\u00e7\u00f5es de hip\u00f3xia e salinidade\u201d<\/p>\n<p style=\"text-align: justify;\"><a href=\"https:\/\/drive.google.com\/file\/d\/1qYBOWifMHeLS4hlb04WFaBCst52TDolW\/view?usp=sharing\" target=\"_blank\" rel=\"noopener noreferrer\">PORTARIA N\u00ba 2, DE 17 DE FEVEREIRO DE 2021<\/a> &#8211; <strong>CONSTITUI <\/strong>Banca Examinadora para a defesa de disserta\u00e7\u00e3o de mestrado da discente\u00a0<strong>Audrey Christina do Nascimento<\/strong>\u00a0do Programa de P\u00f3s-Gradua\u00e7\u00e3o em Fisiologia Vegetal, intitulada \u201cEfeitos de mem\u00f3ria e toler\u00e2ncia cruzada na homeostase redox de plantas de arroz (<em>Oryza sativa<\/em> cv. Nippombare) com duplo silenciamento para OsAPX7\/8 submetidas a estresse recorrente\u201d<\/p>\n<p style=\"text-align: justify;\"><a href=\"https:\/\/drive.google.com\/file\/d\/1mrYJ8viyd-nDlQAKH6RnzOo43iiqsQuf\/view?usp=sharing\" target=\"_blank\" rel=\"noopener noreferrer\">PORTARIA N\u00ba 1, DE 17 DE FEVEREIRO DE 2021<\/a> &#8211; <strong>CONSTITUI <\/strong>Banca Examinadora para a defesa de disserta\u00e7\u00e3o de mestrado da discente\u00a0<strong>Laryssa Barbosa Xavier da Silva<\/strong> do Programa de P\u00f3s-Gradua\u00e7\u00e3o em Fisiologia Vegetal, intitulada \u201cDesempenho fisiol\u00f3gico e produtivo de soja em fun\u00e7\u00e3o da dura\u00e7\u00e3o do estresse h\u00eddrico por alagamento em planossolo h\u00e1plico no sul do Brasil\u201d .<\/p>\n<p><span style=\"background-color: #ffff00;\">2020 &#8211;<\/span><\/p>\n<p style=\"text-align: justify;\"><a href=\"https:\/\/drive.google.com\/file\/d\/1eEYkoit6yCOp7_SzTpvAAVUAERGmC2IX\/view?usp=sharing\" target=\"_blank\" rel=\"noopener noreferrer\">PORTARIA N\u00ba 43, DE 21 DE DEZEMBRO DE 2020<\/a> &#8211; <strong>ALTERA<\/strong>\u00a0a Portaria Interna n\u00ba 41\u00a0(<a class=\"ancoraSei\" href=\"https:\/\/sei.ufpel.edu.br\/sei\/controlador.php?acao=protocolo_visualizar&amp;id_protocolo=1316408&amp;infra_sistema=100000100&amp;infra_unidade_atual=110000218&amp;infra_hash=100154cf50435e40359c42f3d39514c412e424713813f09239e7daeb517cdc17\" target=\"_blank\" rel=\"noopener noreferrer\">1157942<\/a>), de 16 de dezembro de 2020 que trata da composi\u00e7\u00e3o do Colegiado dos Cursos de Bacharelado e Licenciatura em Ci\u00eancias Biol\u00f3gicas, do Instituto de Biologia e <strong>CONSOLIDA<\/strong>\u00a0a nova composi\u00e7\u00e3o do Colegiado dos Cursos de Ci\u00eancias Biol\u00f3gicas\u00a0Bacharelado e Licenciatura:<\/p>\n<p style=\"text-align: justify;\"><a href=\"https:\/\/drive.google.com\/file\/d\/19KVItDjATNeOBUgfJ0FFRrEDpoiDl7kl\/view?usp=sharing\" target=\"_blank\" rel=\"noopener noreferrer\">PORTARIA N\u00ba 42, DE 17 DE DEZEMBRO DE 2020 &#8211;<\/a> <strong>\u00a0 CONSTITUI<\/strong>\u00a0Banca Examinadora\u00a0para a defesa de Tese do doutorando\u00a0<strong>Darwin Alexis Pomagualli Agualongo<\/strong> do Programa de P\u00f3s-Gradua\u00e7\u00e3o em Fisiologia Vegetal, intitulada \u201cAdapta\u00e7\u00f5es metab\u00f3licas de plantas de soja, submetidas a per\u00edodos recorrentes de hip\u00f3xia do sistema radicular e associados \u00e0 aplica\u00e7\u00e3o de nitrato\u201d.<\/p>\n<p style=\"text-align: justify;\"><a href=\"https:\/\/drive.google.com\/file\/d\/1mKrC_qKAQjm8jqj5v2IlR1CiIQfB1ZvY\/view?usp=sharing\" target=\"_blank\" rel=\"noopener noreferrer\">PORTARIA N\u00ba 41, DE 16 DE DEZEMBRO DE 2020<strong> &#8211; <\/strong><\/a> <strong>ALTERA<\/strong> a Portaria Interna n\u00ba 37 ( 1137558), de 30 de novembro de 2020 que trata da composi\u00e7\u00e3o do Colegiado dos Cursos de Bacharelado e Licenciatura em Ci\u00eancias Biol\u00f3gicas, do Instituto de Biologia.<\/p>\n<p style=\"text-align: justify;\"><a href=\"https:\/\/drive.google.com\/file\/d\/1NWkyF8KtoENUQNWdPGKbJbyxXTgRPQgd\/view?usp=sharing\" target=\"_blank\" rel=\"noopener noreferrer\">PORTARIA N\u00ba 40, DE 14 DE DEZEMBRO DE 2020<\/a> &#8211; <strong>CONSTITUI<\/strong>\u00a0Banca Examinadora para\u00a0Examinadora para a defesa de Tese do doutorando<strong>\u00a0Heliur Alves de Almeida Delevatti\u00a0<\/strong>do Programa de P\u00f3s-Gradua\u00e7\u00e3o em\u00a0Fisiologia Vegetal, intitulada \u201cEfeito de mem\u00f3ria da toler\u00e2ncia cruzada entre alta temperatura e d\u00e9ficit h\u00eddrico em plantas de arroz (Oryza sativa L. cv. Nipponbare) com duplo silenciamento de APX7\/8 cloroplast\u00eddica<\/p>\n<p style=\"text-align: justify;\"><a href=\"https:\/\/drive.google.com\/file\/d\/1X_3AYkjhMArRRZ1AtDxGMBKuE4G1pk0A\/view?usp=sharing\" target=\"_blank\" rel=\"noopener noreferrer\">PORTARIA N\u00ba 39, DE 14 DE DEZEMBRO DE 2020<\/a> &#8211; <strong>CONSTITUI<\/strong> Banca Examinadora para a defesa de Disserta\u00e7\u00e3o do mestrando Eduardo Pereira Shimoia do Programa de P\u00f3s-Gradua\u00e7\u00e3o em Fisiologia Vegetal, intitulada \u201cAvalia\u00e7\u00f5es fisiol\u00f3gicas e bioqu\u00edmicas em plantas de soja cultivadas em associa\u00e7\u00e3o com Bradyrhizobium e coinoculadas com Azospirillum e\/ou Rhizophagus, submetidas ao estresse por alagamento\u201d<\/p>\n<p style=\"text-align: justify;\"><a href=\"https:\/\/drive.google.com\/file\/d\/16aCGMmIMmG4eafzkuIweuvfN0rcqAVTf\/view?usp=sharing\" target=\"_blank\" rel=\"noopener noreferrer\">PORTARIA N\u00ba 38, DE 14 DE DEZEMBRO DE 2020<\/a> &#8211; <strong>CONSTITUI<\/strong> Banca Examinadora para a defesa de Disserta\u00e7\u00e3o do mestrando Darwin Alexis Pomagualli Agualongo do Programa de P\u00f3s-Gradua\u00e7\u00e3o em Fisiologia Vegetal, intitulada \u201cAdapta\u00e7\u00f5es metab\u00f3licas de plantas de soja, submetidas a per\u00edodos recorrentes de hip\u00f3xia do sistema radicular e associados \u00e0 aplica\u00e7\u00e3o de nitrato. Sem efeito substitu\u00edda pela <strong>Portaria 42\/12\/20020 de 17\/12\/2020.<\/strong><\/p>\n<p style=\"text-align: justify;\"><a href=\"https:\/\/drive.google.com\/file\/d\/1krxgbq4NgiF57B6r6hkwjHta5TrAMHVT\/view?usp=sharing\" target=\"_blank\" rel=\"noopener noreferrer\">PORTARIA N\u00ba 37, DE 30 DE NOVEMBRO DE 2020 &#8211;<\/a> <strong>ALTERA<\/strong>\u00a0a Portaria Interna n\u00ba 25\u00a0(<a class=\"ancoraSei\" href=\"https:\/\/sei.ufpel.edu.br\/sei\/controlador.php?acao=protocolo_visualizar&amp;id_protocolo=1177153&amp;infra_sistema=100000100&amp;infra_unidade_atual=110000218&amp;infra_hash=9847baa2ad45ac2e1ba5aa0ae425a318689c8a45cf59a308d3c7f38f9946ef53\" target=\"_blank\" rel=\"noopener noreferrer\">1031827<\/a>) e <strong>CONSOLIDA<\/strong>\u00a0a nova composi\u00e7\u00e3o do Colegiado dos Cursos de Ci\u00eancias Biol\u00f3gicas\u00a0Bacharelado e Licenciatura:<\/p>\n<p style=\"text-align: justify;\"><a href=\"https:\/\/drive.google.com\/file\/d\/1a2YgBN2bEAJrIpHeJGCpRM1Nv3swjQ_t\/view?usp=sharing\" target=\"_blank\" rel=\"noopener noreferrer\">PORTARIA N\u00ba 36, DE 25 DE NOVEMBRO DE 2020 &#8211;<\/a> <strong>CONSTITUI<\/strong>\u00a0Banca Examinadora para a defesa de Disserta\u00e7\u00e3o do mestrando\u00a0<strong>Gilberto Troyjack Junior\u00a0<\/strong>do\u00a0Programa de P\u00f3s-Gradua\u00e7\u00e3o em Fisiologia Vegetal, intitulada \u201cDesempenho fisiol\u00f3gico, bioqu\u00edmico e produtivo de cultivares de trigo com diferentes finalidades para a ind\u00fastria em resposta ao elevado CO2\u201d<\/p>\n<p style=\"text-align: justify;\"><a href=\"https:\/\/drive.google.com\/file\/d\/1RHdDqPJCYNwmO1KJ9RkaLXxYETOm-4Dg\/view?usp=sharing\" target=\"_blank\" rel=\"noopener noreferrer\">PORTARIA N\u00ba 35, DE 25 DE NOVEMBRO DE 2020<\/a> &#8211; <strong>CONSTITUI<\/strong>\u00a0Banca Examinadora para a defesa de Tese da doutoranda\u00a0<strong>Priscila Ariane Auler<\/strong>\u00a0do\u00a0Programa de P\u00f3s-Gradua\u00e7\u00e3o em Fisiologia Vegetal, intitulada \u201cEstudos fisiol\u00f3gicos e moleculares em resposta a mem\u00f3ria do estresse em gen\u00f3tipos de arroz cultivados sob d\u00e9ficit h\u00eddrico prolongado\u201d<\/p>\n<p><a href=\"https:\/\/drive.google.com\/file\/d\/10i5ESLhwaL0Kubzu6g_Uv9byM288pqb4\/view?usp=sharing\" target=\"_blank\" rel=\"noopener noreferrer\">PORTARIA N\u00ba 34, DE 24 DE NOVEMBRO DE 2020<\/a> &#8211; <strong>CONSTITUI<\/strong> a nova composi\u00e7\u00e3o do Colegiado do Programa de P\u00f3s-Gradua\u00e7\u00e3o do Curso de Especializa\u00e7\u00e3o em Servi\u00e7o de Atendimento Educacional Especializado (SAEE), modalidade a dist\u00e2ncia. <strong>Torna sem efeito<\/strong> a <a href=\"https:\/\/drive.google.com\/file\/d\/1XmYg5zEMK5bA5mUrWZWTgdWQIjhLHZtp\/view?usp=sharing\" target=\"_blank\" rel=\"noopener noreferrer\">PORTARIA N\u00ba 30, DE 29 DE SETEMBRO DE 2020<\/a> &#8211;<\/p>\n<p style=\"text-align: justify;\"><a href=\"https:\/\/drive.google.com\/file\/d\/1oB5k7mtoltg0iD2Q7Yhw52JVGNVBTT0p\/view?usp=sharing\" target=\"_blank\" rel=\"noopener noreferrer\">PORTARIA N\u00ba 33, DE 18 DE NOVEMBRO DE 2020<\/a> &#8211; CONSTITUI Banca Examinadora para a defesa de Trabalho de Conclus\u00e3o de Curso de Ci\u00eancias Biol\u00f3gicas &#8211; Bacharelado da Acad\u00eamica\u00a0<b>Mariana M\u00fchlenberg Soares<\/b><strong>,<\/strong>\u00a0intitulado\u00a0<strong>\u201c<\/strong><b>Autoecologia de uma \u00e1rvore ex\u00f3tica invasora em florestas do Bioma Pampa<\/b><b><strong>\u201d<\/strong><\/b><\/p>\n<p class=\"Texto_Centralizado_Maiusculas\" style=\"text-align: justify;\"><a href=\"https:\/\/drive.google.com\/file\/d\/110vZZhr8ytatpmUMV8aMWLRSqwVmhD_x\/view?usp=sharing\" target=\"_blank\" rel=\"noopener noreferrer\">PORTARIA N\u00ba 32, DE 18 DE NOVEMBRO DE 2020 &#8211;<\/a> CONSTITUI Banca Examinadora para a defesa de Trabalho de Conclus\u00e3o de Curso de Ci\u00eancias Biol\u00f3gicas &#8211; Licenciatura da Acad\u00eamica\u00a0<strong>Gabriele Maria da Silva Loss,<\/strong>\u00a0intitulado\u00a0<strong>\u201c<\/strong><b>Modelagem de distribui\u00e7\u00e3o potencial das esp\u00e9cies\u00a0<i>Pampasatyrus reticulata reticulata<\/i>\u00a0e\u00a0<i>Prenda clarissa<\/i>\u00a0(Lepidoptera: Nymphalidae: Satyrinae)<\/b><strong>\u201d<\/strong>,<\/p>\n<p style=\"text-align: justify;\"><a href=\"https:\/\/drive.google.com\/file\/d\/12DUVmPGHZx8QX6rcsmOBYPySsEx9Yfo9\/view?usp=sharing\" target=\"_blank\" rel=\"noopener noreferrer\">Portaria n\u00ba 31, de 21 DE SETEMBRO DE 2020<\/a> &#8211; <strong>CONSTITUI <\/strong>a composi\u00e7\u00e3o do Conselho do Museu de Ci\u00eancias Naturais Carlos Ritter (MCNCR), <strong>REVOGADA<\/strong> pela <a href=\"https:\/\/drive.google.com\/file\/d\/1MphprjbiYKnbqbxKDQSNzr6HK2oNwgFP\/view?usp=sharing\" target=\"_blank\" rel=\"noopener\">Portaria 62, de 05 de setembro de 2023<\/a><\/p>\n<p style=\"text-align: justify;\"><a href=\"https:\/\/drive.google.com\/file\/d\/1XmYg5zEMK5bA5mUrWZWTgdWQIjhLHZtp\/view?usp=sharing\" target=\"_blank\" rel=\"noopener noreferrer\">PORTARIA N\u00ba 30, DE 29 DE SETEMBRO DE 2020<\/a> &#8211; <strong>CONSTITUI<\/strong> a composi\u00e7\u00e3o do Colegiado do Programa de P\u00f3s-Gradua\u00e7\u00e3o do Curso de Especializa\u00e7\u00e3o em Servi\u00e7o de Atendimento Educacional Especializado (SAEE), modalidade a dist\u00e2ncia, do Instituto de Biologia<\/p>\n<p>PORTARIA N\u00ba 29, DE\u00a0 DE SETEMBRO DE 2020 &#8211;<span style=\"background-color: #ffff00;\"><strong> NULL<\/strong><\/span><\/p>\n<p style=\"text-align: justify;\"><a href=\"https:\/\/drive.google.com\/file\/d\/1c_jlqzFWVTygAL_8LwnVzWDi5qromgIE\/view?usp=sharing\">PORTARIA N\u00ba 28, DE 03 DE SETEMBRO DE 2020 &#8211;<\/a> <strong>TORNA SEM EFEITO<\/strong>\u00a0 a Portaria n\u00famero 27\/2020 (<a class=\"ancoraSei\" href=\"https:\/\/sei.ufpel.edu.br\/sei\/controlador.php?acao=protocolo_visualizar&amp;id_protocolo=1188769&amp;infra_sistema=100000100&amp;infra_unidade_atual=110000218&amp;infra_hash=c4f8c3ee7871e724cd1ad2fa95c3bff2bd7aa8a261a5cb3a0b388d021df20a23\" target=\"_blank\" rel=\"noopener noreferrer\">1042402<\/a>) que trata da composi\u00e7\u00e3o da Comiss\u00e3o de Est\u00e1gios\u00a0 do Projeto Pedag\u00f3gico do Curso (PPC) de Ci\u00eancias Biol\u00f3gicas \u2013 Bacharelado e faz sua <strong>RECOMPOSI\u00c7\u00c3O.<\/strong><\/p>\n<p style=\"text-align: justify;\"><a href=\"https:\/\/drive.google.com\/file\/d\/19uIpK5tDaLlWLhuvyec_Rk6V_2P_daqg\/view?usp=sharing\">PORTARIA N\u00ba 27, DE 03 DE SETEMBRO DE 2020<\/a> &#8211;\u00a0<strong>ALTERA<\/strong>\u00a0 a Portaria n\u00famero 24\/2020 (<a class=\"ancoraSei\" href=\"https:\/\/sei.ufpel.edu.br\/sei\/controlador.php?acao=protocolo_visualizar&amp;id_protocolo=1177142&amp;infra_sistema=100000100&amp;infra_unidade_atual=110000218&amp;infra_hash=4f68d8343d9519cbfd272a214bc8778a459acc6550997d168c54c45ba586c752\" target=\"_blank\" rel=\"noopener noreferrer\">1031817<\/a>) que trata da composi\u00e7\u00e3o da Comiss\u00e3o de Est\u00e1gios\u00a0 do Projeto Pedag\u00f3gico do Curso (PPC) de Ci\u00eancias Biol\u00f3gicas \u2013 Bacharelado <strong>INCLUINDO<\/strong> na Comiss\u00e3o a docente Daiane Drawanz Hartwig (DMP\/IB). SEM EFEITO <strong>substitu\u00edda pela Portaria 28\/2020.<\/strong><\/p>\n<p style=\"text-align: justify;\"><a href=\"https:\/\/drive.google.com\/file\/d\/1VW4SfqvyVor05Ffo0HCLnWIGje6ccAnF\/view?usp=sharing\" target=\"_blank\" rel=\"noopener noreferrer\">PORTARIA N\u00ba 26, DE 24 DE AGOSTO DE 2020 &#8211;<\/a> <strong>CONSTITUI<\/strong>\u00a0Banca Examinadora para Exame Geral de Qualifica\u00e7\u00e3o da mestranda do PPGFV\u00a0<strong>Luize Silva\u00a0 Mascarenhas<\/strong>\u00a0cujo projeto intitula-se\u00a0\u201cUso de inoculantes microbiol\u00f3gicos no desenvolvimento de plantas de cana-de-a\u00e7\u00facar sob d\u00e9ficit h\u00eddrico\u201d.<\/p>\n<p style=\"text-align: justify;\"><a href=\"https:\/\/drive.google.com\/file\/d\/1Y04THJfuLvIMfVKYXFs56FVi78Pzlly4\/view?usp=sharing\" target=\"_blank\" rel=\"noopener noreferrer\">PORTARIA n\u00b0 25, de 21 DE agosto DE 2020<\/a> &#8211; <strong>ALTERA<\/strong>\u00a0a Portaria Interna n\u00ba 14 (<a class=\"ancoraSei\" href=\"https:\/\/sei.ufpel.edu.br\/sei\/controlador.php?acao=protocolo_visualizar&amp;id_protocolo=1124572&amp;infra_sistema=100000100&amp;infra_unidade_atual=110000218&amp;infra_hash=c8d02fe2a83b76b54396776bae74dcb1b6da82939a608fbd6f280ee641ab0c4f\" target=\"_blank\" rel=\"noopener noreferrer\">0984155<\/a>), de 25 de junho de 2020 e <strong>CONSOLIDA<\/strong> a nova composi\u00e7\u00e3o do Colegiado dos Cursos de Ci\u00eancias Biol\u00f3gicas Bacharelado e Licenciatura.<\/p>\n<p style=\"text-align: justify;\"><a href=\"https:\/\/drive.google.com\/file\/d\/1siXHgLiN1uHICYkXQs2Q0h49lCXx2g3N\/view?usp=sharing\" target=\"_blank\" rel=\"noopener noreferrer\">PORTARIA N\u00ba 24, DE 21 DE AGOSTO DE 2020<\/a> &#8211; <strong>ALTERA<\/strong>\u00a0 a Portaria n\u00famero 20\/2020 (<a class=\"ancoraSei\" href=\"https:\/\/sei.ufpel.edu.br\/sei\/controlador.php?acao=protocolo_visualizar&amp;id_protocolo=1154059&amp;infra_sistema=100000100&amp;infra_unidade_atual=110000218&amp;infra_hash=710ebc3fd0f7bb13ac9e35f8bd0264b26fb08d822838064d5c1b480aa7043749\" target=\"_blank\" rel=\"noopener noreferrer\">1010874<\/a>)que trata da composi\u00e7\u00e3o da Comiss\u00e3o de Est\u00e1gios atendendo o novo regramento do Projeto Pedag\u00f3gico do Curso (PPC) de Ci\u00eancias Biol\u00f3gicas \u2013 Bacharelado.<\/p>\n<p style=\"text-align: justify;\"><a href=\"https:\/\/drive.google.com\/file\/d\/1rI0B2JFtjEZN2-no4xG5O_J3MvGM3EQz\/view?usp=sharing\" target=\"_blank\" rel=\"noopener noreferrer\">PORTARIA N\u00ba 23, DE 21 DE AGOSTO DE 2020 &#8211;<\/a> <strong>CONSTITUI <\/strong>Banca Examinadora para a defesa de disserta\u00e7\u00e3o de mestrado da discente\u00a0<strong>Laura Viana Vargas<\/strong>\u00a0do Programa de P\u00f3s-Gradua\u00e7\u00e3o em Entomologia,, intitulada \u201cEstudo faun\u00edstico de\u00a0<strong>Calliphoridae<\/strong>\u00a0e\u00a0<strong>Mesembrinellidae\u00a0<\/strong>(Diptera: Oestroidea) em localidades do Rio Grande do Sul, Brasil, com contribui\u00e7\u00f5es ao conhecimento biogeogr\u00e1fico de\u00a0<strong>Mesembrinellidae<\/strong>.\u201d<\/p>\n<p style=\"text-align: justify;\"><a href=\"https:\/\/drive.google.com\/file\/d\/1h8qQ8-sbElYxPOmlU4YTG8qVmCw2lOr5\/view?usp=sharing\" target=\"_blank\" rel=\"noopener noreferrer\">PORTARIA N\u00ba 22, DE 10 DE AGOSTO DE 2020 &#8211;<\/a> <strong>CONSTITUI<\/strong>\u00a0Banca Examinadora para Exame Geral de Qualifica\u00e7\u00e3o do mestrando do PPGFV\u00a0<strong>Heliur Alves de Almeida Delevatti\u00a0<\/strong>cujo projeto intitula-se \u201cEfeito de mem\u00f3ria da toler\u00e2ncia cruzada entre alta temperatura e d\u00e9ficit h\u00eddrico em plantas de arroz (<em>Oryza sativa<\/em>\u00a0L. cv. Nipponbare) com duplo silenciamento de APX7\/8 cloroplast\u00eddica\u201d<\/p>\n<p style=\"text-align: justify;\"><a href=\"https:\/\/drive.google.com\/file\/d\/1yx-H6Xm377_0A0uLrEBhq_xEqjcR_S07\/view?usp=sharing\" target=\"_blank\" rel=\"noopener noreferrer\">PORTARIA N\u00ba 21, DE 03 DE AGOSTO DE 2020<\/a> &#8211; <strong>CONSTITUI <\/strong>Banca Examinadora para Exame Geral de Qualifica\u00e7\u00e3o da mestranda do PPGFV\u00a0<strong>Liliane Varnes\u00a0<\/strong>cujo projeto intitula-se \u201cCultivo\u00a0<em>in vitro<\/em>\u00a0de\u00a0<em>Iresine herbstii\u00a0<\/em>na presen\u00e7a de diferentes elicitores para o incremento de compostos bioativos\u201d.<\/p>\n<p style=\"text-align: justify;\"><a href=\"https:\/\/drive.google.com\/file\/d\/1ecE_ok7nm-M0h4faQErTiQ-i-9Ze-vPv\/view?usp=sharing\" target=\"_blank\" rel=\"noopener noreferrer\">PORTARIA N\u00ba 20, DE 29 DE JULHO DE 2020<\/a> &#8211; <strong>CONSTITUI<\/strong> a Comiss\u00e3o de Est\u00e1gios atendendo o novo regramento do Projeto Pedag\u00f3gico do Curso (PPC) de Ci\u00eancias Biol\u00f3gicas \u2013 Bacharelado. <strong>Alterada pela Portaria 24\/2020. Alterada pela Portaria 27\/2020.<\/strong><\/p>\n<p style=\"text-align: justify;\"><a href=\"https:\/\/drive.google.com\/file\/d\/1VkPT12z49r8iyBhAFd3PRKAU_mkrIbmV\/view?usp=sharing\" target=\"_blank\" rel=\"noopener noreferrer\">PORTARIA N\u00ba 19, DE 23 DE JULHO DE 2020 &#8211;<\/a> <strong>CONSTITUI<\/strong> Banca Examinadora para a defesa de Tese da doutoranda<strong> Renata Diane Menegatti<\/strong> do Programa de P\u00f3s-Gradua\u00e7\u00e3o em Fisiologia Vegetal, intitulada \u201cProdu\u00e7\u00e3o de porta-enxertos de pessegueiro: respostas ao manejo nutricional caracterizadas pela avalia\u00e7\u00e3o de par\u00e2metros fisiol\u00f3gicos, nutricionais e de crescimento.&#8221;<\/p>\n<p style=\"text-align: justify;\"><a href=\"https:\/\/drive.google.com\/file\/d\/1B88h6Jcu-33Z_vQ-vXsuxMhRZ7ykGkRj\/view?usp=sharing\" target=\"_blank\" rel=\"noopener noreferrer\">PORTARIA N\u00ba 18, DE 17 DE JULHO DE 2020<\/a> &#8211; <strong>CONSTITUI<\/strong>\u00a0Banca Examinadora para Exame Geral de Qualifica\u00e7\u00e3o da mestranda\u00a0<strong>Chrislaine Yonara Schoenhals Ritter\u00a0<\/strong>do Programa de P\u00f3s-Gradua\u00e7\u00e3o em Fisiologia Vegetal.<\/p>\n<p style=\"text-align: justify;\"><a href=\"https:\/\/drive.google.com\/file\/d\/1fInYZ0hON97rWCQF7FeWjoPty1SuGom9\/view?usp=sharing\" target=\"_blank\" rel=\"noopener noreferrer\">PORTARIA N\u00ba 17, DE 17 DE JULHO DE 2020 &#8211;<\/a> <strong>CONSTITUI<\/strong>\u00a0Banca Examinadora para Exame Geral de Qualifica\u00e7\u00e3o da mestranda\u00a0<strong>Audrey Christina do Nascimento<\/strong> do Programa de P\u00f3s-Gradua\u00e7\u00e3o em Fisiologia Vegetal.<\/p>\n<p style=\"text-align: justify;\"><a href=\"https:\/\/drive.google.com\/file\/d\/10wnXvAs4ED2jlux5F2RRgVncbFCVaxai\/view?usp=sharing\" target=\"_blank\" rel=\"noopener noreferrer\">PORTARIA N\u00ba 16, DE 13 DE JULHO DE 2020<\/a> &#8211;\u00a0<strong>TORNA sem efeito<\/strong> a Portaria n\u00ba 13 de 24 de junho de 2020 (<a class=\"ancoraSei\" href=\"https:\/\/sei.ufpel.edu.br\/sei\/controlador.php?acao=protocolo_visualizar&amp;id_protocolo=1123463&amp;infra_sistema=100000100&amp;infra_unidade_atual=110000218&amp;infra_hash=d035a97a314ef88f3668a0f24e20118f8fc5c35e2dcd30eaa98760579faec007\" target=\"_blank\" rel=\"noopener noreferrer\">0983161<\/a>) e\u00a0 CONSTITUI a Banca Examinadora para Exame Geral de Qualifica\u00e7\u00e3o da mestranda <strong>Laryssa\u00a0Barbosa Xavier da Silva<\/strong>\u00a0do Programa de P\u00f3s-Gradua\u00e7\u00e3o em Fisiologia Vegetal<\/p>\n<p style=\"text-align: justify;\"><a href=\"https:\/\/drive.google.com\/file\/d\/1v5-sD7ypger7h42OBzIqHg2iitC2WHg7\/view?usp=sharing\" target=\"_blank\" rel=\"noopener noreferrer\">PORTARIA N\u00ba 15, DE 30 DE JUNHO DE 2020 &#8211;<\/a> <strong>RECOMP\u00d5E <\/strong>a Comiss\u00e3o de Aloca\u00e7\u00e3o de Vagas\u00a0Docentes do Conselho Departamental do Instituto de Biologia (CAVD\/IB)<\/p>\n<p style=\"text-align: justify;\"><a href=\"https:\/\/drive.google.com\/file\/d\/1hAESaQYJVwjIrZ-Cj8V10GGYpr1Ywzlv\/view?usp=sharing\" target=\"_blank\" rel=\"noopener noreferrer\">PORTARIA N\u00ba 14<strong>,<\/strong> DE 25 DE JUNHO DE 2020<\/a> &#8211; <strong>CONSOLIDA<\/strong> a nova composi\u00e7\u00e3o do Colegiado dos Cursos de Ci\u00eancias Biol\u00f3gicas Bacharelado e Licenciatura. <strong>Alterada pela Portaria 25\/2020 de 21 de agosto de 2020.<\/strong><\/p>\n<p style=\"text-align: justify;\"><a href=\"https:\/\/drive.google.com\/file\/d\/1YheX73xkzl1KzVIYukPWkLpNjMqrcaZt\/view?usp=sharing\" target=\"_blank\" rel=\"noopener noreferrer\">PORTARIA N\u00ba 13, DE 24 DE JUNHO DE 2020<\/a> &#8211; <strong>CONSTITUI <\/strong>Banca Examinadora para Exame Geral de Qualifica\u00e7\u00e3o da mestranda\u00a0<b>Laryssa Barbosa Xavier da Silva<\/b> do Programa de P\u00f3s-Gradua\u00e7\u00e3o em Fisiologia Vegetal cujo projeto intitula-se \u201cDesempenho fisiol\u00f3gico e produtivo de soja em fun\u00e7\u00e3o da dura\u00e7\u00e3o do estresse h\u00eddrico por alagamento em planossolo h\u00e1plico no sul do Brasil\u201d &#8211; Sem efeito &#8211; ver Portaria 16\/2020.<\/p>\n<p style=\"text-align: justify;\"><a href=\"https:\/\/drive.google.com\/file\/d\/1NA1cqGLbb4FLgl-EaeGUvrzvPwreE6M8\/view?usp=sharing\" target=\"_blank\" rel=\"noopener noreferrer\">Portaria N\u00ba 12, de 22 de junho de 2020 <\/a>&#8211; <strong>CONSTITUI<\/strong>\u00a0Banca\u00a0 Examinadora para\u00a0 a\u00a0 defesa de\u00a0 Tese\u00a0 da\u00a0discente\u00a0<strong>Cristini Milech<\/strong>\u00a0do Programa de P\u00f3s-Gradua\u00e7\u00e3o em\u00a0Fisiologia Vegetal, intitulada &#8220;Express\u00e3o de genes da bioss\u00edntese de betala\u00ednas e altera\u00e7\u00f5es metab\u00f3licas em resposta a a\u00e7\u00e3o do metil jasmonato em esp\u00e9cies do g\u00eanero\u00a0<em>A\u00cdtemanthera<\/em>\u00a0(Amarantaceae)&#8221;<\/p>\n<p style=\"text-align: justify;\"><a href=\"https:\/\/drive.google.com\/open?id=1neS12gz6gJfxhKATnIN5QcMHtH15FQJv\" target=\"_blank\" rel=\"noopener noreferrer\">Portaria N\u00b0 11, de 01 de junho de 2020 &#8211;<\/a> <strong>CONSTITUI<\/strong> a composi\u00e7\u00e3o do Colegiado do Programa de P\u00f3s-Gradua\u00e7\u00e3o em Entomologia<\/p>\n<p style=\"text-align: justify;\"><a href=\"https:\/\/drive.google.com\/open?id=1ddRXh7y78BrttBJn5DjjLLT8O_WzrrY-\" target=\"_blank\" rel=\"noopener noreferrer\">PORTARIA N\u00ba 10, DE 04 DE MAIO DE 2020<\/a> &#8211; <strong>CONSTITUI<\/strong> o N\u00facleo Docente Estruturante \u2013 NDE do Curso de Ci\u00eancias Biol\u00f3gicas \u2013 Bacharelado e Licenciatura<\/p>\n<p style=\"text-align: justify;\"><a href=\"https:\/\/drive.google.com\/open?id=106CVMYSRvlSNaE49YGrxtJeakTLGqfs5\" target=\"_blank\" rel=\"noopener noreferrer\">PORTARIA N\u00ba 9, DE 02 DE ABRIL DE 2020<\/a> &#8211;\u00a0 <strong>CONSTITUI<\/strong> a Comiss\u00e3o de Avalia\u00e7\u00e3o de Est\u00e1gio Probat\u00f3rio da docente JOSEANE JIM\u00c9NEZ ROJAS (SIAPE 1266163)<\/p>\n<p style=\"text-align: justify;\"><a href=\"https:\/\/drive.google.com\/open?id=1nEcZbr0H5AQ--4on6SpNg6RmxWNvhaYe\" target=\"_blank\" rel=\"noopener noreferrer\">PORTARIA N\u00ba 8, DE 26 DE MAR\u00c7O DE 2020<\/a> &#8211; <strong>CONSTITUI<\/strong> a composi\u00e7\u00e3o do Colegiado do Programa de P\u00f3s-Gradua\u00e7\u00e3o em Biologia Animal. <strong>Revogada<\/strong> pela <a href=\"https:\/\/drive.google.com\/file\/d\/1wtNYNxX7Qr1L4lkGrOEwUdq_btB-rcAO\/view?usp=sharing\" target=\"_blank\" rel=\"noopener noreferrer\">PORTARIA n\u00ba\u00a0 25, de\u00a0 de 2021<\/a><\/p>\n<p class=\"Texto_Centralizado_Maiusculas\" style=\"text-align: justify;\"><a href=\"https:\/\/drive.google.com\/open?id=11I4w0H7T38RZE16BmdKkMGBcpKV9bUTV\" target=\"_blank\" rel=\"noopener noreferrer\">PORTARIA N\u00ba 7, DE 24 DE MAR\u00c7O DE 2020<\/a> &#8211; <strong>CONSTITUI<\/strong>\u00a0Banca Examinadora para a defesa de Tese da\u00a0discente\u00a0Gabriele Espinel \u00c1vila\u00a0do Programa de P\u00f3s-Gradua\u00e7\u00e3o em\u00a0Fisiologia Vegetal, intitulada \u201cEstudos fisiol\u00f3gicos em plantas de\u00a0<em>Amaranthus cruentus<\/em>\u00a0L. (<strong>Amaranthaceae<\/strong>) submetidas \u00e0 elicita\u00e7\u00e3o\u201d<\/p>\n<p class=\"Texto_Centralizado_Maiusculas\" style=\"text-align: justify;\"><a href=\"https:\/\/drive.google.com\/open?id=1c5I-b-2DGo6FaOGA-adG_fAoka40OoHs\" target=\"_blank\" rel=\"noopener noreferrer\">PORTARIA N\u00ba 6, DE 19 DE MAR\u00c7O DE 2020 &#8211;<\/a> <strong>RECONSTITUI<\/strong>\u00a0a Comiss\u00e3o de Avalia\u00e7\u00e3o de Est\u00e1gio Probat\u00f3rio de CAMILA BELMONTE OLIVEIRA<\/p>\n<p style=\"text-align: justify;\"><a href=\"https:\/\/drive.google.com\/open?id=1-nQfVuURHtAjj6jmmefXuGC1IM7OZsrF\" target=\"_blank\" rel=\"noopener noreferrer\">PORTARIA N\u00ba 5, DE 05 DE MAR\u00c7O DE 2020<\/a> &#8211; <strong>CONSTITUI<\/strong>\u00a0a composi\u00e7\u00e3o do Colegiado do Programa de P\u00f3s-Gradua\u00e7\u00e3o em Entomologia<\/p>\n<p style=\"text-align: justify;\"><a href=\"https:\/\/drive.google.com\/open?id=1nrKjsMEmtqx7kZS-t8rL-_8TMw4fDXz7\" target=\"_blank\" rel=\"noopener noreferrer\">PORTARIA N\u00ba 4, DE 27 DE FEVEREIRO DE 2020<\/a>\u00a0&#8211; <strong>CONSTITUI<\/strong> Banca Examinadora para a defesa de Disserta\u00e7\u00e3o da Mestranda\u00a0 CAMILA MULLER DALLMANN, para o trabalho intitulado \u201cConserva\u00e7\u00e3o de recursos gen\u00e9ticos de mandioca (<em>Manihot esculent<\/em>a Crantz)\u201d<\/p>\n<p style=\"text-align: justify;\"><a href=\"https:\/\/drive.google.com\/open?id=1qO_EoDa45985DbYOT4aZDE-nczzxP44T\" target=\"_blank\" rel=\"noopener noreferrer\">PORTARIA N\u00ba 3, DE 11 DE FEVEREIRO DE 2020<\/a> &#8211;\u00a0<strong> CONSTITUI<\/strong> Banca Examinadora para a defesa de Disserta\u00e7\u00e3o do discente <strong>Andr\u00e9 Geremia Parise<\/strong>\u00a0do Programa de P\u00f3s-Gradua\u00e7\u00e3o em Fisiologia Vegetal,\u00a0intitulada\u00a0 \u00a0\u00a0<strong>\u201cPercep\u00e7\u00e3o el\u00e9trica: a detec\u00e7\u00e3o a dist\u00e2ncia de um hospedeiro e sua identidade alteram a sinaliza\u00e7\u00e3o el\u00e9trica de Cuscuta racemosa Mart. (Convolvulaceae)<\/strong><strong>\u201d<\/strong><\/p>\n<p style=\"text-align: justify;\"><a href=\"https:\/\/drive.google.com\/open?id=1zKCVE1kh5Ua73vfWNlPyLNLKBODnvA5s\" target=\"_blank\" rel=\"noopener noreferrer\">PORTARIA N\u00ba 2, DE 11 DE FEVEREIRO DE 2020<\/a> &#8211; <strong>CONSTITUI<\/strong> Banca Examinadora para a defesa de Tese do discente\u00a0<strong>Athos Odin Severo Dorneles<\/strong>\u00a0do Programa de P\u00f3s-Gradua\u00e7\u00e3o em Fisiologia Vegetal,\u00a0intitulada\u00a0 \u00a0<strong>\u201cRespostas fisiol\u00f3gicas de gen\u00f3tipos de batata sob estresse osm\u00f3tico e seca<\/strong><strong>\u201d<\/strong><\/p>\n<p style=\"text-align: justify;\"><a href=\"https:\/\/drive.google.com\/open?id=1JHGzlJUuNnOASFLwwW8bSwY6NCBe0_nw\" target=\"_blank\" rel=\"noopener noreferrer\">PORTARIA N\u00ba 1, DE 03 DE FEVEREIRO DE 2020<\/a> &#8211;<strong> CONSTITUI<\/strong> Banca Examinadora para a defesa de Disserta\u00e7\u00e3o de Mestrado Acad\u00eamico do discente <strong>S\u00e9rgio da Costa Dias<\/strong>\u00a0do Programa de P\u00f3s-Gradua\u00e7\u00e3o em Entomologia,\u00a0intitulada\u00a0 \u00a0<strong>\u201c<\/strong><b>Nematoides entomopatog\u00eanicos e sua compatibilidade com inseticidas qu\u00edmicos no manejo de\u00a0<i>Drosophila suzukii<\/i>\u00a0(Matsumura, 1931) (Diptera: Drosophilidae)<\/b><strong>\u201d<\/strong><\/p>\n<p><span style=\"background-color: #ffff00;\"><strong>2019 &#8211;<\/strong><\/span><\/p>\n<p style=\"text-align: justify;\"><a href=\"https:\/\/drive.google.com\/open?id=1-dgWHKVdhfd5Bsvyi0tcwIWbXAQysGq6\" target=\"_blank\" rel=\"noopener noreferrer\">PORTARIA N\u00ba 107, DE 13 DE DEZEMBRO DE 2019<\/a> &#8211;<strong> CONSTITUI<\/strong> Banca Examinadora para a defesa de Trabalho de Conclus\u00e3o de Curso de Ci\u00eancias Biol\u00f3gicas\u00a0 &#8211; Bacharelado do Acad\u00eamico\u00a0\u00a0WILLIAN DOS SANTOS NASCIMENTO<strong>,\u00a0<\/strong>\u00a0intitulado\u00a0\u00a0\u00a0<strong>\u201cCompara\u00e7\u00e3o de modelos biol\u00f3gicos para defini\u00e7\u00e3o de metodologia em entomologia forense\u201d<\/strong><\/p>\n<p style=\"text-align: justify;\"><a href=\"https:\/\/drive.google.com\/open?id=1pSjcKLi8cUFNZgxvHL20QcE2ZU5pciTx\" target=\"_blank\" rel=\"noopener noreferrer\">PORTARIA N\u00ba 106, DE 12 DE DEZEMBRO DE 2019 &#8211;<\/a><strong> ALTERA\u00a0<\/strong> a Portaria Interna 105 (<a class=\"ancoraSei\" href=\"https:\/\/sei.ufpel.edu.br\/sei\/controlador.php?acao=protocolo_visualizar&amp;id_protocolo=937723&amp;infra_sistema=100000100&amp;infra_unidade_atual=110000218&amp;infra_hash=e12e342adcb078c8ac34700074b4b8c68765548d8d03c7f0a238ac75fee77537\" target=\"_blank\" rel=\"noopener noreferrer\">0816315<\/a>), onde l\u00ea-se &#8220;novembro&#8221;, leia-se &#8220;dezembro&#8221;<\/p>\n<p style=\"text-align: justify;\"><a href=\"https:\/\/drive.google.com\/open?id=1ONa6zHERmGseUQ4DI4qsjP2T7uo0P0xi\" target=\"_blank\" rel=\"noopener noreferrer\">PORTARIA N\u00ba 105, DE 10 DE DEZEMBRO DE 2019<\/a> &#8211; <strong>CONSTITUI<\/strong> Banca Examinadora para a defesa de Tese\u00a0\u00a0de \u00cdTALO LUCAS DE MORAES, para o trabalho intitulado\u00a0<strong>\u201cFenotipagem fisiol\u00f3gica n\u00e3o-invasiva em gen\u00f3tipos de arroz submetidos a amplitude t\u00e9rmica\u201d<\/strong>,<\/p>\n<p style=\"text-align: justify;\"><a href=\"https:\/\/drive.google.com\/open?id=1lPIHgCrOEtlABHci-CiSLObmr95tvdTd\" target=\"_blank\" rel=\"noopener noreferrer\">PORTARIA N\u00ba 104, DE 29 DE NOVEMBRO DE 2019 &#8211;<\/a> \u00a0<strong>ALTERA<\/strong> a Portaria 103, onde l\u00ea-se Professor\u00a0 MARCO ANTONIO BACCARIN , leia-se <strong>Professor\u00a0 MARCOS ANTONIO BACCARIN.<\/strong><\/p>\n<p style=\"text-align: justify;\"><a href=\"https:\/\/drive.google.com\/open?id=1y2WXmB8sSvCcaancRYHxtRw5Oxbp6L05\" target=\"_blank\" rel=\"noopener noreferrer\">PORTARIA N\u00ba 103, DE 28 DE NOVEMBRO DE 2019<\/a> &#8211; \u00a0<strong>DESIGNA<\/strong> a \u00a0T\u00e9cnica de Laborat\u00f3rio ESTEFANI TAVARES JANSEN\u00a0 e o M\u00e9dico Veterin\u00e1rio PAULO MOTA BANDARRA para Representantes Titulares e a\u00a0 T\u00e9cnica de Laborat\u00f3rio MICHELE PEPE CERQUEIRA e o T\u00e9cnico de Laborat\u00f3rio LUIS AUGUSTO XAVIER CRUS para Representantes Suplentes, dos T\u00e9cnicos-Administrativos no Conselho Departamental do Instituto de Biologi<\/p>\n<p style=\"text-align: justify;\"><a href=\"https:\/\/drive.google.com\/open?id=1YPXvBxZCjQ-_CHK41nvgL1kee2b05v6z\">PORTARIA N\u00ba 102, DE 28 DE NOVEMBRO DE 2019<\/a> &#8211;<strong> DESIGN<\/strong>A o Professor\u00a0 MARCO ANTONIO BACCARIN para Representante Titular e a Professora LEILA DE F\u00c1TIMA NOGUEIRA MACIAS para Representante Suplente,\u00a0 da Classe dos Professores Titulares no Conselho Departamental do Instituto de Biologia.<\/p>\n<p style=\"text-align: justify;\"><a href=\"https:\/\/drive.google.com\/open?id=1tlydfUJC5qr9_5s05qNHZfkqCFYiM7ns\">PORTARIA N\u00ba 101, DE 27 DE NOVEMBRO DE 2019<\/a> &#8211;<strong> CONSTITUI<\/strong> Banca \u00a0de Defesa de Tese de GABRIEL RICARDO AGUILERA DE TOLEDO<strong>,\u00a0\u00a0<\/strong>tese\u00a0intitulada\u00a0 \u00a0\u00a0\u201cCaracteriza\u00e7\u00e3o eletrofisiol\u00f3gica de plantas de feijoeiro sob diferentes disponibilidades h\u00eddricas\u201d<\/p>\n<p style=\"text-align: justify;\"><a href=\"https:\/\/drive.google.com\/open?id=12UhxLD4AIYOFqa54O_L9PG_X7R5m9AKi\" target=\"_blank\" rel=\"noopener noreferrer\">PORTARIA N\u00ba 100, DE 25 DE NOVEMBRO DE 2019<\/a> &#8211; <strong>CONSTITUI<\/strong> Banca Examinadora para a defesa de Trabalho de Conclus\u00e3o de Curso de Ci\u00eancias Biol\u00f3gicas\u00a0 &#8211; Bacharelado da Acad\u00eamica BRUNA BATISTA KAPPES<strong>,\u00a0<\/strong>\u00a0intitulado\u00a0\u00a0\u00a0\u00a0<strong>\u201cInflu\u00eancia do habitat em diferentes escalas espaciais na diversidade de aves lim\u00edcolas em campos do sul do Brasil\u201d,<\/strong><\/p>\n<p style=\"text-align: justify;\"><a href=\"https:\/\/drive.google.com\/open?id=13dfV2X0QMnJEfTp2VrR94-ElyQwC5UlM\" target=\"_blank\" rel=\"noopener noreferrer\">PORTARIA N\u00ba 99, DE 25 DE NOVEMBRO DE 2019 &#8211;<\/a><strong> CONSTITUI<\/strong>\u00a0Banca Examinadora para a defesa de Trabalho de Conclus\u00e3o de Curso\u00a0de Ci\u00eancias Biol\u00f3gicas\u00a0 &#8211; Licenciatura da\u00a0Acad\u00eamica\u00a0 ALESSANDRA TALASKA SOARES<strong>,\u00a0<\/strong>\u00a0intitulado\u00a0\u00a0\u00a0\u00a0\u00a0<strong>\u201cDetermina\u00e7\u00e3o de g\u00eanero de uma esp\u00e9cie nova de Drosophilidae a partir de sequ\u00eancias dos genes mitocondriais COI e COII\u201d<\/strong><\/p>\n<p style=\"text-align: justify;\"><a href=\"https:\/\/drive.google.com\/open?id=16SvC0MJNZH38zIDSBYIJiyXKUoZiRnib\" target=\"_blank\" rel=\"noopener noreferrer\">PORTARIA N\u00ba 98, DE 25 DE NOVEMBRO DE 2019 &#8211;<\/a><strong> CONSTITUI<\/strong> Banca Examinadora para a defesa de Trabalho de Conclus\u00e3o de Curso de Ci\u00eancias Biol\u00f3gicas\u00a0 &#8211; Bacharelado do Acad\u00eamico\u00a0\u00a0PEDRO OLIVEIRA MOLINA<strong>,\u00a0<\/strong>\u00a0intitulado\u00a0\u00a0\u00a0\u00a0<strong>\u201cDieta de\u00a0<em>Leptodactylus latrans<\/em>\u00a0(Steffen, 1815) (Anura: Leptodactylidae) em uma \u00e1rea periurbana da regi\u00e3o sul do Rio Grande do Sul, Brasil\u201d,<\/strong><\/p>\n<p style=\"text-align: justify;\"><a href=\"https:\/\/drive.google.com\/open?id=1TwWTMtGAFAOh__6wnGlGZVOHer0WcEJQ\" target=\"_blank\" rel=\"noopener noreferrer\">PORTARIA N\u00ba 97, DE 25 DE NOVEMBRO DE 2019<\/a> &#8211;<strong> CONSTITUI<\/strong> Banca Examinadora para a defesa de Trabalho de Conclus\u00e3o de Curso de Ci\u00eancias Biol\u00f3gicas\u00a0 &#8211; Bacharelado do Acad\u00eamico\u00a0\u00a0GABRIEL GON\u00c7ALVES BARBOSA<strong>,\u00a0<\/strong>\u00a0intitulado\u00a0\u00a0\u00a0\u00a0<strong>\u201cEstrutura de comunidades de formigas (Hymenoptera: Formicidae) arbor\u00edcolas: diversidade, composi\u00e7\u00e3o e intera\u00e7\u00f5es em sistemas de cultivo convencionais e org\u00e2nicos\u201d<\/strong><\/p>\n<p style=\"text-align: justify;\"><a href=\"https:\/\/drive.google.com\/open?id=1T7iK6QL2ODgSN6wmAbZ9q4vxOUMpEqbE\" target=\"_blank\" rel=\"noopener noreferrer\">PORTARIA N\u00ba 96, DE 25 DE NOVEMBRO DE 2019<\/a> &#8211; \u00a0<strong>CONSTITUI<\/strong> Banca Examinadora para a defesa de Trabalho de Conclus\u00e3o de Curso de Ci\u00eancias Biol\u00f3gicas\u00a0 &#8211; Bacharelado da Acad\u00eamica EDUARDA NACHTIGALL DOS SANTOS<strong>,\u00a0<\/strong>\u00a0intitulado\u00a0\u00a0\u00a0\u00a0<strong>\u201cViv\u00eancia de alunos deficientes visuais nas disciplinas de Ci\u00eancias Micromorfol\u00f3gicas, um estudo de caso\u201d<\/strong><\/p>\n<p style=\"text-align: justify;\"><a href=\"https:\/\/drive.google.com\/open?id=1FbSN9twZlc5RXhRg8vWLGNkTTTmAid7W\" target=\"_blank\" rel=\"noopener noreferrer\">PORTARIA N\u00ba 95, DE 25 DE NOVEMBRO DE 2019 &#8211;<\/a> <strong>CONSTITUI<\/strong> Banca Examinadora para a defesa de Trabalho de Conclus\u00e3o de Curso de Ci\u00eancias Biol\u00f3gicas\u00a0 &#8211; Licenciatura da Acad\u00eamica ISADORA MOREIRA DA LUZ REAL<strong>,\u00a0<\/strong>\u00a0intitulado\u00a0\u00a0\u00a0<strong>\u201cEstrutura populacional de\u00a0<em>Araucaria angustifolia\u00a0<\/em>(Bertol.) Kuntze em florestas nativas do Extremo Sul do Brasil\u201d<\/strong><\/p>\n<p style=\"text-align: justify;\"><a href=\"https:\/\/drive.google.com\/open?id=1OCp2V9w-y_sSdA8VLffXK1ErjS8UNlVK\" target=\"_blank\" rel=\"noopener noreferrer\">PORTARIA N\u00ba 94, DE 25 DE NOVEMBRO DE 2019<\/a> &#8211; \u00a0<strong>CONSTITUI<\/strong> Banca Examinadora para a defesa de Trabalho de Conclus\u00e3o de Curso de Ci\u00eancias Biol\u00f3gicas\u00a0 &#8211; Licenciatura da Acad\u00eamica\u00a0\u00a0LUIZE GARCIA DE MELO<strong>,\u00a0<\/strong>\u00a0intitulado\u00a0\u00a0\u00a0<strong>\u201cProdutividade, efici\u00eancia biol\u00f3gica e propriedades antioxidantes da esp\u00e9cie de cogumelo cultivado\u00a0<em>Psilocybe cubensis<\/em>\u201d<\/strong><\/p>\n<p style=\"text-align: justify;\"><a href=\"https:\/\/drive.google.com\/open?id=1lSX75kjaNJEoQ8_yc5Hj2O2qU2DYtqqY\" target=\"_blank\" rel=\"noopener noreferrer\">PORTARIA N\u00ba 93, DE 25 DE NOVEMBRO DE 2019 &#8211;<\/a> <strong>CONSTITUI<\/strong> Banca Examinadora para a defesa de Trabalho de Conclus\u00e3o de Curso de Ci\u00eancias Biol\u00f3gicas\u00a0 &#8211; Licenciatura do Acad\u00eamico\u00a0\u00a0LUCAS SCHNEIDER LOPES<strong>,\u00a0<\/strong>\u00a0intitulado\u00a0\u00a0<strong>\u201cReflex\u00e3o da pr\u00e1tica pedag\u00f3gica no ensino de histologia no Departamento de Morfologia da Universidade Federal de Pelotas\u201d<\/strong><strong>,<\/strong><\/p>\n<p style=\"text-align: justify;\"><a href=\"https:\/\/drive.google.com\/open?id=1hPhzqS8eiHrVEV5hQG5m-KmRdMAUACk2\" target=\"_blank\" rel=\"noopener noreferrer\">PORTARIA N\u00ba 92, DE 25 DE NOVEMBRO DE 2019<\/a> &#8211;<strong> CONSTITUI<\/strong> Banca Examinadora para a defesa de Trabalho de Conclus\u00e3o de Curso de Ci\u00eancias Biol\u00f3gicas\u00a0 &#8211; Bacharelado da Acad\u00eamica DANIELA PIRES FELIX<strong>,\u00a0<\/strong>\u00a0intitulado\u00a0<strong>\u201cGuia de identifica\u00e7\u00e3o para esp\u00e9cies de Drosophilidae (Diptera) do sul do Rio Grande do Sul, Brasil\u201d,<\/strong><\/p>\n<p style=\"text-align: justify;\"><a href=\"https:\/\/drive.google.com\/open?id=1W-qGSjlDZpWTq1qyCQpgbzlpniJZGFze\" target=\"_blank\" rel=\"noopener noreferrer\">PORTARIA N\u00ba 91, DE 25 DE NOVEMBRO DE 2019<\/a> &#8211; <strong>CONSTITUI<\/strong> Banca Examinadora para a defesa de Trabalho de Conclus\u00e3o de Curso de Ci\u00eancias Biol\u00f3gicas\u00a0 &#8211; Licenciatura da Acad\u00eamica JESSICA DA CUNHA RAMOS<strong>,\u00a0<\/strong>\u00a0intitulado\u00a0\u00a0<strong>\u201cDiversidade de macr\u00f3fitas aqu\u00e1ticas em uma \u00e1rea \u00famida no munic\u00edpio de Cap\u00e3o do Le\u00e3o, RS\u201d<\/strong><\/p>\n<p style=\"text-align: justify;\"><a href=\"https:\/\/drive.google.com\/open?id=1kV23uCOa7Nas3eqd33bLWZDakFMWuM_P\" target=\"_blank\" rel=\"noopener noreferrer\">PORTARIA N\u00ba 90, DE 25 DE NOVEMBRO DE 2019 &#8211;<\/a> <strong>CONSTITUI<\/strong> Banca Examinadora para a defesa de Trabalho de Conclus\u00e3o de Curso de Ci\u00eancias Biol\u00f3gicas\u00a0 -Bacharelado da Acad\u00eamica VIOLETA DE PINHO BEZERRA CAVALCANTI<strong>,\u00a0<\/strong>\u00a0intitulado\u00a0 \u00a0<strong>\u201cMacrofungos comest\u00edveis da regi\u00e3o sul do Rio Grande do Sul\u201d<\/strong><\/p>\n<p style=\"text-align: justify;\"><a href=\"https:\/\/drive.google.com\/open?id=1hLW9t60eKEinZkQi6RnQGsQs38JvQCzz\" target=\"_blank\" rel=\"noopener noreferrer\">PORTARIA N\u00ba 89, DE 22 DE NOVEMBRO DE 2019 &#8211;<\/a> <strong>CONSTITUI<\/strong> Banca Examinadora para a defesa de Trabalho de Conclus\u00e3o de Curso de Ci\u00eancias Biol\u00f3gicas\u00a0 &#8211; Licenciatura da Acad\u00eamica ELIZABETH MOREIRA RODRIGUES<strong>,<\/strong>\u00a0intitulado\u00a0 \u00a0\u00a0<strong>\u201cLevantamento de insetos aqu\u00e1ticos bioindicadores em propriedades rurais de cultivo org\u00e2nico na bacia hidrogr\u00e1fica do Arroio Pelotas\u201d<\/strong><\/p>\n<p><a href=\"https:\/\/drive.google.com\/open?id=1NWle3zltF555ZREiuv-kZ0y3-H6xWrdh\" target=\"_blank\" rel=\"noopener noreferrer\">PORTARIA N\u00ba 88, DE 22 DE NOVEMBRO DE 2019 &#8211;<\/a> <strong>CONSTITUI<\/strong> Banca Examinadora para a defesa de Trabalho de Conclus\u00e3o de Curso de Ci\u00eancias Biol\u00f3gicas\u00a0 &#8211; Bacharelado da Acad\u00eamica JULIA VEIGA PEREIRA<strong>,<\/strong>\u00a0intitulado\u00a0 \u00a0<strong>\u201cHelmintos parasitos de serpentes no Rio Grande do Sul, Brasil\u201d<\/strong><\/p>\n<p style=\"text-align: justify;\"><a href=\"https:\/\/drive.google.com\/open?id=1JGLfWuyvFN3tnTQBoZZvQZ3zzUhhQXCP\" target=\"_blank\" rel=\"noopener noreferrer\">PORTARIA N\u00ba 87, DE 22 DE NOVEMBRO DE 2019 &#8211;<\/a> <strong>CONSTITUI<\/strong> Banca Examinadora para a defesa de Trabalho de Conclus\u00e3o de Curso de Ci\u00eancias Biol\u00f3gicas\u00a0 &#8211; Bacharelado da Acad\u00eamica BIANCA DA CRUZ I\u00c9CK<strong>,<\/strong>\u00a0intitulado<strong>\u201c Diversidade de formigas epig\u00e9icas (Hymenoptera: Formicidae) em sistemas agr\u00edcolas: comparando sistemas org\u00e2nicos e convencionais na regi\u00e3o Subtropical\u201d<\/strong><\/p>\n<p style=\"text-align: justify;\"><a href=\"https:\/\/drive.google.com\/open?id=1GBXnjzlA5RzWGlNrklaAakrUetUG3u-2\" target=\"_blank\" rel=\"noopener noreferrer\">PORTARIA N\u00ba 86, DE 21 DE NOVEMBRO DE 2019 &#8211;<\/a> <strong>CONSTITUI<\/strong> Banca Examinadora para a defesa de Trabalho de Conclus\u00e3o de Curso de Ci\u00eancias Biol\u00f3gicas\u00a0 &#8211; Licenciatura da Acad\u00eamica MARIANNI CHAVES NICOLETTI<strong>,<\/strong>\u00a0intitulado\u00a0<strong>\u201cQuem sou eu na natureza? Projeto de educa\u00e7\u00e3o ambiental nas comunidades do entorno da Esta\u00e7\u00e3o Ecol\u00f3gica do Taim \u2013 Sul do Brasil\u201d<\/strong><\/p>\n<p style=\"text-align: justify;\"><a href=\"https:\/\/drive.google.com\/open?id=13AayV87ZISMYBG24Kd3YY4a2Ovf0eZph\" target=\"_blank\" rel=\"noopener noreferrer\">PORTARIA N\u00ba 85, DE 21 DE NOVEMBRO DE 2019 &#8211;<\/a> <strong>CONSTITUI<\/strong> Banca Examinadora para a defesa de Trabalho de Conclus\u00e3o de Curso de Ci\u00eancias Biol\u00f3gicas\u00a0 &#8211; Licenciatura da Acad\u00eamica MAYARA DA SILVA GARCIA<strong>,<\/strong>\u00a0intitulado\u00a0<strong>\u201cAn\u00e1lise da helmintofauna de tartarugas marinhas do litoral sul do Rio Grande do Sul\u201d<\/strong><\/p>\n<p style=\"text-align: justify;\"><a href=\"https:\/\/drive.google.com\/open?id=1Gan9f6sQPaJNRRJpDq3nlTV9BXdxbmsC\" target=\"_blank\" rel=\"noopener noreferrer\">PORTARIA N\u00ba 84, DE 21 DE NOVEMBRO DE 2019 &#8211;<\/a> <strong>CONSTITUI<\/strong> Banca Examinadora para a defesa de Trabalho de Conclus\u00e3o de Curso de Ci\u00eancias Biol\u00f3gicas\u00a0 &#8211; Bacharelado da Acad\u00eamica MAYARA GUELAMANN DA CUNHA ESPINELLI GRECO<strong>,<\/strong>\u00a0intitulado\u00a0<strong>\u201cPesquisa de parasitos em morangos (Rosaceae:\u00a0<em>Fragaria grandiflora<\/em>) e tomates (Solanaceae:\u00a0<em>Solanum lycopersicum<\/em>) comercializados no munic\u00edpio de Pelotas, RS, Brasil.\u201d<\/strong><\/p>\n<p style=\"text-align: justify;\"><a href=\"https:\/\/drive.google.com\/open?id=1BQPd8zdMYyb4ToyP4rp1MmF1Ob5sPRnT\" target=\"_blank\" rel=\"noopener noreferrer\">PORTARIA N\u00ba 83, DE 20 DE NOVEMBRO DE 2019 &#8211;<\/a> <strong>\u00a0CONSTITUI<\/strong> Banca Examinadora para a defesa de Trabalho de Conclus\u00e3o de Curso de Ci\u00eancias Biol\u00f3gicas\u00a0 &#8211; Bacharelado da Acad\u00eamica\u00a0\u00a0YASMIN ABELAIRA SILVEIRA<strong>,<\/strong>\u00a0intitulado\u00a0<strong>\u201cInvestiga\u00e7\u00e3o de elemento de transposi\u00e7\u00e3o\u00a0<em>P\u00a0<\/em>em linhagens de\u00a0<em>Drosophila simulans\u00a0<\/em>(Sturtevant, 1919) (Diptera, Drosophilidae) do Brasil\u201d<\/strong><\/p>\n<p style=\"text-align: justify;\"><a href=\"https:\/\/drive.google.com\/open?id=1N021iF_mAzgaBoHrja4tK8Y8NVT1g5VF\" target=\"_blank\" rel=\"noopener noreferrer\">PORTARIA N\u00ba 82, DE 20 DE NOVEMBRO DE 2019 &#8211;<\/a> <strong>CONSTITUI<\/strong> Banca Examinadora para a defesa de Trabalho de Conclus\u00e3o de Curso de Ci\u00eancias Biol\u00f3gicas\u00a0 &#8211; Licenciatura do\u00a0 Acad\u00eamico\u00a0 THIAGO DE ALMEIDA OLL\u00c9<strong>,<\/strong>\u00a0intitulado\u00a0\u00a0\u00a0<strong>\u201cM\u00e9todos simplificados de derretimento de favos e reciclagem da cera de abelhas\u201d<\/strong><\/p>\n<p style=\"text-align: justify;\"><a href=\"https:\/\/drive.google.com\/open?id=1j_fCD3UWhmMEUFnz7Co0e7azpfzopfvR\" target=\"_blank\" rel=\"noopener noreferrer\">PORTARIA N\u00ba 81, DE 20 DE NOVEMBRO DE 2019 &#8211;<\/a> <strong>CONSTITUI<\/strong> Banca Examinadora para a defesa de Trabalho de Conclus\u00e3o de Curso de Ci\u00eancias Biol\u00f3gicas\u00a0 &#8211; Licenciatura do\u00a0 Acad\u00eamico\u00a0 \u00a0FABR\u00cdCIO SANCHES MEDEIROS<strong>,<\/strong>\u00a0intitulado<strong>\u201cJuventude em luta: a experi\u00eancia de ser e construir um grupo de agroecologia\u201d<\/strong><\/p>\n<p style=\"text-align: justify;\"><a href=\"https:\/\/drive.google.com\/open?id=1c6qWBTu5DoxKNJYp71lb9mmVcOepVqTF\" target=\"_blank\" rel=\"noopener noreferrer\">PORTARIA N\u00ba 80, DE 20 DE NOVEMBRO DE 2019 &#8211;<\/a> <strong>CONSTITUI<\/strong> Banca Examinadora para a defesa de Trabalho de Conclus\u00e3o de Curso de Ci\u00eancias Biol\u00f3gicas\u00a0 &#8211; Bacharelado do\u00a0 Acad\u00eamico\u00a0\u00a0MARCOS HENRIQUE FRECH TELLES, intitulado\u00a0<strong>\u201cEvid\u00eancia de conservadorismo de nicho em Drosophilidae (Diptera) invasores\u201d<\/strong><\/p>\n<p style=\"text-align: justify;\"><a href=\"https:\/\/drive.google.com\/open?id=1Q4alN7TRcCDwSArq6FHrTtBaCc1cvkRD\" target=\"_blank\" rel=\"noopener noreferrer\">PORTARIA N\u00ba 79, DE 20 DE NOVEMBRO DE 2019 &#8211;<\/a> <strong>ALTERA<\/strong> a Portaria n\u00ba 56, de 05 de novembro de 2019 que trata da composi\u00e7\u00e3o do Colegiado de Curso de Ci\u00eancias Biol\u00f3gicas<\/p>\n<p style=\"text-align: justify;\"><a href=\"https:\/\/drive.google.com\/open?id=1Nj5xYQfHKVnh2bMJdGMkTxI2UncQgrB3\" target=\"_blank\" rel=\"noopener noreferrer\">PORTARIA N\u00ba 78, DE 18 DE NOVEMBRO DE 2019<\/a> &#8211; <strong>CONSTITUI<\/strong> Banca Examinadora para a defesa de Trabalho de Conclus\u00e3o de Curso de Ci\u00eancias Biol\u00f3gicas\u00a0 &#8211; Licenciatura da\u00a0\u00a0Acad\u00eamica NILSEIA FEIJ\u00d3 DA SILVA, intitulado\u00a0<strong>\u201cO Ensino de Parasitologia no Ensino Fundamental: a realidade de uma escola rural do munic\u00edpio do Cap\u00e3o do Le\u00e3o \u2013 RS\u201d<\/strong><\/p>\n<p style=\"text-align: justify;\"><a href=\"https:\/\/drive.google.com\/open?id=1awH9m1Lc9f8rdDkYPoMv0FEnZtfDFVzt\" target=\"_blank\" rel=\"noopener noreferrer\">PORTARIA N\u00ba 77, DE 14 DE NOVEMBRO DE 2019 &#8211;<\/a> <strong>CONSTITUI<\/strong> Banca Examinadora para a defesa de Trabalho de Conclus\u00e3o de Curso de Ci\u00eancias Biol\u00f3gicas\u00a0 &#8211; Licenciatura da\u00a0\u00a0Acad\u00eamica ALINE ALVES ROSENDO, intitulado\u00a0<strong>\u201cCaracteriza\u00e7\u00e3o da regi\u00e3o Carbamoil-Fosfato Sintase (CPS) do gene CAD como um marcador molecular para infer\u00eancias filogen\u00e9ticas em Oestroidea (Diptera: Calyptratae)\u201d<\/strong><\/p>\n<p style=\"text-align: justify;\"><a href=\"https:\/\/drive.google.com\/open?id=1C7aigcFCPl-w8qvly6U-L9TYQ4KlPXWf\" target=\"_blank\" rel=\"noopener noreferrer\">PORTARIA N\u00ba 76, DE 14 DE NOVEMBRO DE 2019 &#8211;<\/a> <strong>CONSTITUI<\/strong> Banca Examinadora para a defesa de Trabalho de Conclus\u00e3o de Curso de Ci\u00eancias Biol\u00f3gicas\u00a0 &#8211; Licenciatura, da\u00a0\u00a0Acad\u00eamica MARIA OT\u00cdLIA FARIAS LOPES DE MOURA , intitulado\u00a0<strong>\u201cInvestiga\u00e7\u00e3o de helmintos em aves de rapina\u201d<\/strong><\/p>\n<p style=\"text-align: justify;\"><a href=\"https:\/\/drive.google.com\/open?id=1Vd_ZbbeT2YHWUX_06RW4hy9pCqlJSwNr\" target=\"_blank\" rel=\"noopener noreferrer\">PORTARIA N\u00ba 75, DE 14 DE NOVEMBRO DE 2019 &#8211; <\/a><strong>ACRESCENTA<\/strong>\u00a0na <strong>Portaria 68 <\/strong>a informa\u00e7\u00e3o referente a localiza\u00e7\u00e3o do pr\u00e9dio onde est\u00e1 situada\u00a0a sala 3, a saber:<strong> sala 03\u00a0do pr\u00e9dio\u00a0 17, do Instituto de Biologia&#8221; .\u00a0<\/strong><\/p>\n<p style=\"text-align: justify;\"><a href=\"https:\/\/drive.google.com\/open?id=1_I8GQy1Psdhk7zulW9teHbINxYPtVEKm\" target=\"_blank\" rel=\"noopener noreferrer\">PORTARIA N\u00ba 74, DE 14 DE NOVEMBRO DE 2019 &#8211;<\/a> <strong>ALTERA<\/strong> Portaria 66, onde l\u00ea-se\u00a0 \u201cEstrutura\u00e7\u00e3o da comunidade de borboletas (Lepidoptera: Papilionoidea) em sistemas agr\u00edcolas convencionais e org\u00e2nicos\u201d, leia-se\u00a0 <strong>\u201cLeguminosae na \u00e1rea de conserva\u00e7\u00e3o\u00a0<i>in situ<\/i>\u00a0da Fazenda S\u00e3o Miguel, Tapes, Rio Grande do Sul: subs\u00eddios para o manejo conservativo\u201d.<\/strong><\/p>\n<p style=\"text-align: justify;\"><a href=\"https:\/\/drive.google.com\/open?id=1hv7Gd7l3w0uaGxiw6PcD9JrF06kj5Q39\" target=\"_blank\" rel=\"noopener noreferrer\">PORTARIA N\u00ba 73, DE 14 DE NOVEMBRO DE 2019<\/a> &#8211; <strong>ALTER<\/strong>A Portaria 60, onde l\u00ea-se data de 18 de novembro de 2019, \u00e0s 10h00min, na sala\u00a0<b>\u00a0<\/b>05 do pr\u00e9dio 21, do Instituto de Biologia, leia-se\u00a0\u00a0<strong>data de 18\u00a0de novembro\u00a0de 2019, \u00e0s 14h00min, no Laborat\u00f3rio de Inform\u00e1tica da Gradua\u00e7\u00e3o do pr\u00e9dio 17, do Instituto de Biologia.\u00a0<\/strong><\/p>\n<p><a href=\"https:\/\/drive.google.com\/open?id=10FD6SfOgfZ_255f_lvH6TwW-f6iG-aBl\" target=\"_blank\" rel=\"noopener noreferrer\">PORTARIA N\u00ba 72, DE 14 DE NOVEMBRO DE 2019 &#8211;<\/a> <strong>CONSTITUI\u00a0<\/strong> Comiss\u00e3o Examinadora referente ao Edital n\u00ba 25\/2019, Processo Seletivo para professor Substituto, para a \u00e1rea de Microbiologia do Departamento de Microbiologia e Parasitologia<\/p>\n<p><a href=\"https:\/\/drive.google.com\/open?id=1a82qpLhix8DsCF3ylYiuOL1ABmJQHNu1\" target=\"_blank\" rel=\"noopener noreferrer\">PORTARIA N\u00ba 71, DE 11 DE NOVEMBRO DE 2019 &#8211; <strong>\u00a0<\/strong><\/a><strong>CONSTITUI<\/strong> o N\u00facleo Docente Estruturante \u2013 NDE do Curso de Ci\u00eancias Biol\u00f3gicas \u2013 Bacharelado e Licenciatura<\/p>\n<p style=\"text-align: justify;\"><a href=\"https:\/\/drive.google.com\/open?id=1GThD9bmEjgwD2QX3VPYBMFwLtRDtyogD\" target=\"_blank\" rel=\"noopener noreferrer\">PORTARIA N\u00ba 70, DE 08 DE NOVEMBRO DE 2019<\/a> &#8211; <strong>CONSTITUI<\/strong> Banca Examinadora para a defesa de Trabalho de Conclus\u00e3o de Curso de Ci\u00eancias Biol\u00f3gicas\u00a0 &#8211; Licenciatura do\u00a0 Acad\u00eamico\u00a0 \u00a0VICTOR RIBEIRO ACOSTA, intitulado\u00a0<strong>\u201cDiversidade de Moscas-das-Flores (Diptera: Syrphidae) em \u00c1reas de Restinga do Extremo Sul do Brasil\u201d<\/strong><\/p>\n<p style=\"text-align: justify;\"><a href=\"https:\/\/drive.google.com\/open?id=1S3dwfuOAHNs0nBsJZAEHC264U3fucIGi\" target=\"_blank\" rel=\"noopener noreferrer\">PORTARIA N\u00ba 69, DE 08 DE NOVEMBRO DE 2019 &#8211;<\/a> <strong>CONSTITUI<\/strong> Banca Examinadora para a defesa de Trabalho de Conclus\u00e3o de Curso de Ci\u00eancias Biol\u00f3gicas\u00a0 &#8211; Bacharelado do\u00a0 Acad\u00eamico\u00a0 \u00a0LUCAS VIEIRA CORTEZ, intitulado\u00a0<strong>\u201cInflu\u00eancia de n\u00edveis de perturba\u00e7\u00e3o antr\u00f3pica sobre a diversidade de borboletas frug\u00edvoras em florestas tropicais e subtropicais\u201d<\/strong><strong>,<\/strong><\/p>\n<p style=\"text-align: justify;\"><a href=\"https:\/\/drive.google.com\/open?id=1d9BEICkJrB531dg1fpjH_MpbHBA5lJlJ\" target=\"_blank\" rel=\"noopener noreferrer\">PORTARIA N\u00ba 68, DE 08 DE NOVEMBRO DE 2019 &#8211;<\/a> <strong>CONSTITUI<\/strong> Banca Examinadora para a defesa de Trabalho de Conclus\u00e3o de Curso de Ci\u00eancias Biol\u00f3gicas\u00a0 &#8211; Bacharelado da\u00a0\u00a0Acad\u00eamica\u00a0 MARIA J\u00daLIA BELE DO NASCIMENTO, intitulado\u00a0<strong>,\u00a0\u201cMultiplica\u00e7\u00e3o e aclimatiza\u00e7\u00e3o de\u00a0<i>Pterocaulon polystachyum<\/i>, uma planta com potencial medicinal\u201d<\/strong><\/p>\n<p style=\"text-align: justify;\"><a href=\"https:\/\/drive.google.com\/open?id=1AuLyWMtyYrrQz9Quqe2J7KgOy7pumR81\" target=\"_blank\" rel=\"noopener noreferrer\">PORTARIA N\u00ba 67, DE 08 DE NOVEMBRO DE 2019<\/a> &#8211; <strong>CONSTITUI<\/strong> Banca Examinadora para a defesa de Trabalho de Conclus\u00e3o de Curso de Ci\u00eancias Biol\u00f3gicas\u00a0 &#8211; Bacharelado da\u00a0\u00a0Acad\u00eamica\u00a0\u00a0JESSICA EL KOURY SANTOS , intitulado\u00a0<strong>\u201cAvalia\u00e7\u00e3o do potencial antiproliferativo e alelopa\u0301tico do \u00f3leo essencial de alecrim sobre bioindicador vegetal\u201d<\/strong><\/p>\n<p style=\"text-align: justify;\"><a href=\"https:\/\/drive.google.com\/open?id=1qTwOD-Ye_sPJh9zxnwLjm9eL7OPIFaKL\">PORTARIA N\u00ba 66, DE 08 DE NOVEMBRO DE 2019<\/a> &#8211; <strong>CONSTITUI<\/strong> Banca Examinadora para a defesa de Trabalho de Conclus\u00e3o de Curso de Ci\u00eancias Biol\u00f3gicas\u00a0 &#8211; Bacharelado da\u00a0\u00a0Acad\u00eamica Daiane Rodeghiero Vahl, intitulado\u00a0\u00a0<strong>\u201cEstrutura\u00e7\u00e3o da comunidade de borboletas (Lepidoptera: Papilionoidea) em sistemas agr\u00edcolas convencionais e org\u00e2nicos\u201d<\/strong><\/p>\n<p style=\"text-align: justify;\"><a href=\"https:\/\/drive.google.com\/open?id=1yl8ZO7123EUVdCFq4LFOpEpPMEoosa-r\">PORTARIA N\u00ba 65, DE 08 DE NOVEMBRO DE 2019<\/a> &#8211; <strong>CONSTITUI<\/strong> Banca Examinadora para a defesa de Trabalho de Conclus\u00e3o de Curso de Ci\u00eancias Biol\u00f3gicas\u00a0 &#8211; Bacharelado do\u00a0\u00a0Acad\u00eamico\u00a0\u00a0NICHOLAS FARIAS DA ROSA, intitulado\u00a0\u00a0<strong>\u201cCitogenotoxicidade de extratos de aroeira mansa sobre bioindicador vegetal\u201d<\/strong><\/p>\n<p style=\"text-align: justify;\"><a href=\"https:\/\/drive.google.com\/open?id=1MUI7ojdi-QkTmHR_tm8ZozO-ybxYn-3U\">PORTARIA N\u00ba 64, DE 08 DE NOVEMBRO DE 2019 &#8211;<\/a> \u00a0<strong>CONSTITU<\/strong>I Banca Examinadora para a defesa de Trabalho de Conclus\u00e3o de Curso de Ci\u00eancias Biol\u00f3gicas\u00a0 &#8211; Bacharelado da\u00a0\u00a0Acad\u00eamica\u00a0 NATALIA VICENZI, intitulado\u00a0\u00a0<strong>\u201cEstrutura\u00e7\u00e3o da comunidade de borboletas (Lepidoptera: Papilionoidea) em sistemas agr\u00edcolas convencionais e org\u00e2nicos\u201d<\/strong><\/p>\n<p style=\"text-align: justify;\"><a href=\"https:\/\/drive.google.com\/open?id=1YEuBcYp47uq3JbAL5K94hDd0FtF7ujf3\">PORTARIA N\u00ba 63, DE 08 DE NOVEMBRO DE 2019 &#8211;<\/a> <strong>CONSTITU<\/strong>I Banca Examinadora para a defesa de Trabalho de Conclus\u00e3o de Curso de Ci\u00eancias Biol\u00f3gicas\u00a0 &#8211; Licenciatura da\u00a0\u00a0Acad\u00eamica\u00a0 LARISSA BARRETO MATOS, intitulado\u00a0\u00a0<strong>\u201cAvalia\u00e7\u00e3o indireta da influ\u00eancia de produtos fitossanit\u00e1rios na fauna de insetos aqu\u00e1ticos no munic\u00edpio de Cangu\u00e7u, Rio Grande do Sul\u201d,<\/strong><\/p>\n<p style=\"text-align: justify;\"><a href=\"https:\/\/drive.google.com\/open?id=1bk7QuBDeumxAKHpCxQKZG9H05GBzq1qf\">PORTARIA N\u00ba 62, DE 08 DE NOVEMBRO DE 2019 &#8211; <\/a><strong>CONSTITUI<\/strong> Banca Examinadora para a defesa de Trabalho de Conclus\u00e3o de Curso de Ci\u00eancias Biol\u00f3gicas\u00a0 &#8211; Licenciatura da\u00a0\u00a0Acad\u00eamica ALEXIA BRAUNER DE MELLO , intitulado\u00a0<strong>\u201cAvalia\u00e7\u00e3o\u00a0<i>in vitro<\/i>\u00a0da atividade antiparasit\u00e1ria de \u00f3leos essenciais livres em ovos e adultos de\u00a0<i>Fasciola hepatica<\/i>\u00a0(Linnaeus, 1758)\u201d<\/strong><\/p>\n<p style=\"text-align: justify;\"><a href=\"https:\/\/drive.google.com\/open?id=1Py271Tp61vdj7iZKjI3oD8FoeLcLRFM9\">PORTARIA N\u00ba 61, DE 08 DE NOVEMBRO DE 2019 &#8211;<\/a> <strong>CONSTITUI<\/strong> Banca Examinadora para a defesa de Trabalho de Conclus\u00e3o de Curso de Ci\u00eancias Biol\u00f3gicas\u00a0 &#8211; Licenciatura da\u00a0\u00a0Acad\u00eamica CASSIANE BORGES DE SOUZA , intitulado\u00a0<strong>\u201c<\/strong><strong>Doen\u00e7as\u00a0<\/strong><strong>parasitarias\u00a0negligenciadas no Brasil: com\u00a0<\/strong><strong>\u00eanfase\u00a0na\u00a0<\/strong><strong>doen\u00e7a\u00a0de Chagas<\/strong><strong>\u201d<\/strong><\/p>\n<p style=\"text-align: justify;\"><a href=\"https:\/\/drive.google.com\/open?id=1uzbe-eTvjb-AOVT3aqvYE7hjt3HV7rwL\">PORTARIA N\u00ba 60, DE 08 DE NOVEMBRO DE 2019 &#8211;<\/a> <strong>CONSTITUI<\/strong> Banca Examinadora para a defesa de Trabalho de Conclus\u00e3o de Curso de Ci\u00eancias Biol\u00f3gicas &#8211; Bacharelado do Acad\u00eamico\u00a0 WILLIAN DOS SANTOS NASCIMENTO, intitulado\u00a0<strong>Compara\u00e7\u00e3o de modelos biol\u00f3gicos para defini\u00e7\u00e3o de metodologia em entomologia forense\u201d<\/strong><\/p>\n<p style=\"text-align: justify;\"><a href=\"https:\/\/drive.google.com\/open?id=13pp4DpiU9CYOzF8H5RY5cj2PQmHdZ3Oo\">PORTARIA N\u00ba 59, DE 08 DE NOVEMBRO DE 2019<\/a> &#8211; <strong>CONSOLIDA<\/strong> a nova composi\u00e7\u00e3o do Colegiado do Curso em Especializa\u00e7\u00e3o em Educa\u00e7\u00e3o Ambiental, do Instituto de Biologia, composta por:<\/p>\n<p style=\"text-align: justify;\"><a href=\"https:\/\/drive.google.com\/open?id=1rSPoGK8czSmMxp44iPVWF4_kuHFvujCy\">PORTARIA N\u00ba 58, DE 07 DE NOVEMBRO DE 2019 &#8211;<\/a> <strong>CONSTITUI<\/strong> Banca Examinadora para a defesa de Trabalho de Conclus\u00e3o de Curso de Ci\u00eancias Biol\u00f3gicas &#8211; Licenciatura da Acad\u00eamica\u00a0 J\u00c9SSICA MARQUES OBELAR RAMOS, intitulado\u00a0\u00a0\u00a0<strong>\u201c<\/strong><b>Protocolo de administra\u00e7\u00e3o via intranasal de Material Particulado 2,5 em ratas Wistar<strong>\u201d<\/strong><\/b><\/p>\n<p style=\"text-align: justify;\"><a href=\"https:\/\/drive.google.com\/open?id=1hCAcTKmXgi1bViLzwiU_2TnWekxHvsV0\">PORTARIA N\u00ba 57, DE 06 DE NOVEMBRO DE 2019 &#8211;<\/a> <strong>CONSTITUI<\/strong> Banca Examinadora para a defesa de Trabalho de Conclus\u00e3o de Curso de Ci\u00eancias Biol\u00f3gicas Bacharelado da Acad\u00eamica\u00a0\u00a0THA\u00cdSA PAPARAZZO, intitulado\u00a0\u00a0<strong>\u201cEcologia alimentar da coruja\u00a0<i>Tyto furcata<\/i>: ha\u0301 varia\u00e7\u00f5es temporais sincr\u00f4nicas na frequ\u00eancia e abund\u00e2ncia de preda\u00e7\u00e3o?\u201d<\/strong><\/p>\n<p style=\"text-align: justify;\"><a href=\"https:\/\/drive.google.com\/open?id=1oQ66TItt3qmGjBEPVnMfI438bVgBuh4X\">PORTARIA N\u00ba 56, DE 05 DE NOVEMBRO DE 2019 &#8211;<\/a> <strong>ALTERA<\/strong> a Portaria n\u00ba 54, de 04 de novembro de 2019, substituindo o servidor Rosangela Ferreira Rodrigues\u00a0 pelo servidor Marla Piumbini Rocha\u00a0 \u00a0como representante\u00a0 do Departamento de Morfologia na composi\u00e7\u00e3o do Colegiado dos Cursos de Ci\u00eancias Biol\u00f3gicas, do Instituto de Biologia.<\/p>\n<p style=\"text-align: justify;\"><a href=\"https:\/\/drive.google.com\/open?id=102oPNutx-CTG03j-rVzEML1A0ieidyqc\">PORTARIA N\u00ba 55, DE 04 DE NOVEMBRO DE 2019 &#8211;<\/a> <strong>CONSTITUI<\/strong> Comiss\u00e3o consultiva para avaliar os requerimentos de transfer\u00eancia, reop\u00e7\u00e3o, reingresso e portador de t\u00edtulo nos Cursos de Ci\u00eancias Biol\u00f3gicas Bacharelado (4110)\u00a0 e Licenciatura (4120),<\/p>\n<p style=\"text-align: justify;\"><a href=\"https:\/\/drive.google.com\/open?id=12crhJJzkfWfYFrulDXhAaQF5F2ieZmf9\">PORTARIA N\u00ba 54, DE 04 DE NOVEMBRO DE 2019 &#8211;<\/a> <strong>CONSOLIDA<\/strong> a nova composi\u00e7\u00e3o do Colegiado dos Cursos de Ci\u00eancias Biol\u00f3gicas, do Instituto de Biologia<\/p>\n<p style=\"text-align: justify;\"><a href=\"https:\/\/drive.google.com\/open?id=1GGKAl2i6oV85TbmbMCdOhM3UpDmqiA83\">PORTARIA N\u00ba 53, DE 31 DE OUTUBRO DE 2019 &#8211;<\/a> <strong>ALTERA<\/strong> Portaria Interna n\u00ba 51, onde l\u00ea-se\u00a0 &#8220;Dr\u00aa. Am\u00e1lia \u00c1vila Cardoso&#8221;, leia-se &#8220;Dr\u00aa. Amanda \u00c1vila Cardoso&#8221;<\/p>\n<p style=\"text-align: justify;\"><a href=\"https:\/\/drive.google.com\/open?id=1mEdm4ddzScdyY8JzMuHxbw_w5mDqqTrK\">PORTARIA N\u00ba 52, DE 30 DE OUTUBRO DE 2019<\/a> &#8211;\u00a0 <strong>CONSTITUI<\/strong> Banca\u00a0\u00a0do Exame de Qualifica\u00e7\u00e3o do Doutorando RENAN SOUZA SILVA, o projeto intitula-se: \u201cToler\u00e2ncia de E. colona e E. crus-galli ao d\u00e9ficit h\u00eddrico e efeito do LoyantTM no controle das esp\u00e9cies\u201d<\/p>\n<p style=\"text-align: justify;\"><a href=\"https:\/\/drive.google.com\/open?id=1ljHaotbR9TE3HLGYxrik-CMKHZJnGW8F\">PORTARIA N\u00ba 51, DE 30 DE OUTUBRO DE 2019 &#8211;<\/a> CONSTITUI Banca\u00a0\u00a0do Exame de Qualifica\u00e7\u00e3o do Doutorando DARWIN ALEXIS POMAGUALLI AGUALONGO, o projeto intitula-se: \u201cUma Vis\u00e3o Geral do Metabolismo de ROS e RNS em Plantas de Tomateiro Submetidas a Condi\u00e7\u00f5es de Estresse por Baixa Temperatura\u201d<\/p>\n<p style=\"text-align: justify;\"><a href=\"https:\/\/drive.google.com\/open?id=1OeNRP0nzbsO9gdHsezEiRmgp6Z8Umw21\">PORTARIA N\u00ba 50, DE 26 DE SETEMBRO DE 2019 &#8211;<\/a><strong> CONSTITUI<\/strong> Comiss\u00e3o de Avalia\u00e7\u00e3o de Est\u00e1gio Probat\u00f3rio de <strong>SEBASTIAN FELIPE SENDOYA ECHEVERRY\u200b<\/strong><\/p>\n<p style=\"text-align: justify;\"><a href=\"https:\/\/drive.google.com\/open?id=1LUzES9txESx3i1Z3815GJaztarHU5qkH\">PORTARIA N\u00ba 49, DE 14 DE AGOSTO DE 2019 &#8211;<\/a> <strong>CONSTITUI<\/strong> Banca Examinadora para a defesa de Disserta\u00e7\u00e3o da Mestranda ANGEL LARROZA DE SOUZA, para o trabalho intitulado \u201c<b>Diversidade gen\u00e9tica de popula\u00e7\u00f5es da Am\u00e9rica do Norte e do Sul de\u00a0<\/b><i>Tadarida brasiliensis<\/i><b>\u00a0(Chiroptera: Molossidae) baseado nos marcadores mitocondriais COI e D-loop<\/b>\u201d<\/p>\n<p style=\"text-align: justify;\"><a href=\"https:\/\/drive.google.com\/open?id=1uxgNySz_GMnQ8TCNvu1pRzaHj1Iy_W2c\">PORTARIA N\u00ba 48, DE 14 DE AGOSTO DE 2019 &#8211;<\/a> <strong>CONSTITU<\/strong>I Banca Examinadora para a defesa de Disserta\u00e7\u00e3o da Mestranda DAIANA DA COSTA OLIVEIRA, para o trabalho intitulado \u201c<b>Competi\u00e7\u00e3o interespec\u00edfica entre\u00a0<i>Trichopria anastrephae<\/i>\u00a0Lima, 1940 e\u00a0<i>Pachycrepoideus vindemmiae<\/i>\u00a0(Rondani, 1875) em pup\u00e1rios de\u00a0<i>Drosophila suzukii<\/i>\u00a0(Matsumura, 1931)<\/b>\u201d<\/p>\n<p class=\"Texto_Centralizado_Maiusculas\" style=\"text-align: justify;\"><a href=\"https:\/\/drive.google.com\/open?id=1B5gVymCGy33OOq43eFsfKpMw-GaaH2uf\">PORTARIA N\u00ba 47, DE 19 DE JULHO DE 2019 &#8211;<\/a>\u00a0 <strong>DESIGNA<\/strong> a Bi\u00f3loga GREICE MAIA BEHLING como Coordenadora Substituta do N\u00facleo de Reabilita\u00e7\u00e3o da Fauna Silvestre, no per\u00edodo de f\u00e9rias do Coordenador, Professor Luiz Fernando<\/p>\n<p style=\"text-align: justify;\"><a href=\"https:\/\/drive.google.com\/open?id=1D-_o1bQs1pNbKpcrryeSzCzD-Su0EGIm\">PORTARIA N\u00ba 46, DE 09 DE JULHO DE 2019 &#8211;<\/a> <strong>RATIFICA<\/strong> a Portaria 98\/2017 que trata da composi\u00e7\u00e3o da Comiss\u00e3o Especial de Avalia\u00e7\u00e3o de Est\u00e1gio Probat\u00f3rio docente de MARCO ANTONIO TONUS MARINHO e a Portaria 04\/2018 que trata da tutoria do referido est\u00e1gio determinando o prazo de cinco (5) dias para conclus\u00e3o dos trabalhos.<\/p>\n<p style=\"text-align: justify;\"><a href=\"https:\/\/drive.google.com\/open?id=1wvlew4ZUDif2BSbjBYLdx2nJrKOtCntZ\">Portaria N\u00ba DE 45, DE 28 DE JUNHO DE 2019 &#8211;\u00a0\u00a0<\/a> <strong>CONSTITUI<\/strong> Banca de Defesa de Disserta\u00e7\u00e3o de Mestrado\u00a0 (PPGBA) \u00a0JOS\u00c9 J\u00daNIOR DOS SANTOS<\/p>\n<p style=\"text-align: justify;\"><a href=\"https:\/\/drive.google.com\/open?id=15I6diqew9vq3kcQAkheNn5ll06NUNrD8\">Portaria N\u00ba DE 44, \u00a0DE 13 DE JUNHO DE 2019 &#8211; <\/a>\u00a0<strong>CONSTITUI\u00a0<\/strong> comiss\u00e3o consultiva para avaliar os requerimentos de transfer\u00eancia, reop\u00e7\u00e3o, reingresso e portador de diploma nos Cursos de Ci\u00eancias Biol\u00f3gicas Bacharelado (4110) e Licenciatura (4120) do EDITAL N\u00ba 07\/2019<\/p>\n<p style=\"text-align: justify;\"><a href=\"https:\/\/drive.google.com\/open?id=1AbMumAmd-KGuqsCvONuqa6OQe94mi4-m\">Portaria N\u00ba DE 43, DE 07 DE JUNHO DE 2019\u00a0<\/a> &#8211;<strong> DESIGNA<\/strong>\u00a0como componentes da Comiss\u00e3o de Aloca\u00e7\u00e3o de Vagas Docentes\u00a0do Instituto de Biologia (CAVD\/IB) de acordo com a delibera\u00e7\u00e3o do Conselho Departamental em 22.05.2019<\/p>\n<p style=\"text-align: justify;\"><a href=\"https:\/\/drive.google.com\/open?id=1xC8VL9qKcFxkuExLEyorI8wAOUwDtlv2\">Portaria N\u00ba DE 42, DE 22 DE MAIO DE 2019 &#8211;<\/a> <strong>CONSTITUI<\/strong> Banca de Defesa de Tese da Acad\u00eamica (PPG &#8211; Entomologia)\u00a0 KEZIA APARECIDA GUIDORIZI<\/p>\n<p style=\"text-align: justify;\"><a href=\"https:\/\/drive.google.com\/open?id=1IHJxqTzgCdi5o8SWjeM5guo-SA_PvaUJ\">Portaria N\u00ba DE 41, DE 17 DE MAIO DE 2019 &#8211;<\/a> <strong>CONSTITUI<\/strong> o N\u00facleo Docente Estruturante \u2013 NDE do Curso de Ci\u00eancias Biol\u00f3gicas \u2013 Bacharelado e Licenciatura<\/p>\n<p style=\"text-align: justify;\"><a href=\"https:\/\/drive.google.com\/open?id=1Rznm4YH4rOqTgTcfkmm6sDAp3KzxP8Yz\">Portaria N\u00ba DE 40, DE 14 DE MAIO DE 2019<\/a> &#8211; <strong>DESIGNA<\/strong> Banca para Concurso de Professor Substituto, Departamento de Ecologia, Zoologia e Gen\u00e9tica<\/p>\n<p style=\"text-align: justify;\"><a href=\"https:\/\/drive.google.com\/open?id=1DtUFXZNjz_bKxZOFOzP6wwytEN1Xeeit\">Portaria N\u00ba DE 39, DE 08 DE MAIO DE 2019<\/a> &#8211; <strong>\u00a0DESIGNA<\/strong> o Professor MARCO ANTONIO TONUS MARINHO para Representante Titular e a Professora GERTRUD M\u00dcLLER ANTUNES para Representante Suplente dos Coordenadores dos Programas de P\u00f3s-gradua\u00e7\u00e3o no Conselho Departamental do Instituto de Biologia.<\/p>\n<p style=\"text-align: justify;\"><a href=\"https:\/\/drive.google.com\/open?id=1blUTgq4XzepnxbBi6me7BA2dnZhHfymV\">Portaria N\u00ba DE 38, DE \u00a0DE 30 DE ABRIL DE 2019\u00a0<\/a> <strong>DESIGNA<\/strong>\u00a0 Professor\u00a0CRISTIANO AGRA ISERHARD\u00a0para Representante Titular e o Professor RAFAEL ANTUNES DIAS\u00a0para Representante Suplente dos Professores Adjuntos\u00a0no Conselho Departamental do Instituto de Biologia.<\/p>\n<p style=\"text-align: justify;\"><a href=\"https:\/\/drive.google.com\/open?id=1zsDsh-6HO6bS_A76a_wDK5dpCoOl35H-\">Portaria N\u00ba DE 37, DE 30 ABRIL DE 2019\u00a0 &#8211;\u00a0<\/a> <strong>DESIGNA<\/strong>\u00a0a\u00a0Professora ANA MARIA RUI para Representante Titular e o Professor C\u00c9SAR JAEGER DREHMER para Representante Suplente dos Professores Associados no Conselho Departamental do Instituto de Biologia.<\/p>\n<p style=\"text-align: justify;\"><a href=\"https:\/\/drive.google.com\/open?id=1dxyzquQxoji5qRdj70cznCKGlfzncVGB\">Portaria N\u00ba DE 36, DE 18 DE ABRIL DE 2 019 &#8211;<\/a> <strong>RETIFICA<\/strong>\u00a0a PORTARIA N\u00ba. 1, DE 11\u00a0DE JANEIRO\u00a0DE 2019 referente a\u00a0Comiss\u00e3o para elaborar o PDU (fase propositiva) do Instituto de Biologia<\/p>\n<p style=\"text-align: justify;\"><a href=\"https:\/\/drive.google.com\/open?id=1DRbHe8FURcc8lyzpVbpzKHzMwguLvC2I\">Portaria N\u00ba DE 35, DE 13 DE MAR\u00c7O DE 2019 &#8211;\u00a0<\/a><strong>CONSTITUI<\/strong> Banca de Exame de Qualifica\u00e7\u00e3o do Acad\u00eamico MARCELO NOGUEIRA DO AMARAL (PPGFV)<\/p>\n<p style=\"text-align: justify;\"><a href=\"https:\/\/drive.google.com\/open?id=148G0Tl2crnYmdvFHraJyA4hr4tGpRAje\">Portaria N\u00ba DE 34, DE 13 DE MAR\u00c7O DE 2019 &#8211;<\/a>\u00a0 <strong>CONSTITUI <\/strong>Banca de Exame de Qualifica\u00e7\u00e3o da Acad\u00eamica PRISCILA ARIANE AULER (PPGFV)<\/p>\n<p style=\"text-align: justify;\"><a href=\"https:\/\/drive.google.com\/open?id=1mJU6WSzER5xkcXZPrzxEkX7qJVDObGg4\">Portaria N\u00ba DE 33, DE \u00a013 DE MAR\u00c7O DE 2019 &#8211;<\/a> <strong>CONSTITUI <\/strong>Banca de Exame de Qualifica\u00e7\u00e3o da Acad\u00eamica RENATA DIANE MENEGATTI (PPGFV)<\/p>\n<p style=\"text-align: justify;\"><a href=\"https:\/\/drive.google.com\/open?id=1YM9JW0LldzYIXaIcX367mDe07A1eB8xZ\">Portaria N\u00ba DE 32, DE 08 DE MAR\u00c7O DE 2019 &#8211;<\/a> <strong>RETIFICA<\/strong> a PORTARIA N\u00ba. 23, DE 19 DE FEVEREIRO DE 2019 que trata da Banca de Defesa de Monografia do Curso de Especializa\u00e7\u00e3o em Educa\u00e7\u00e3o Ambiental <strong>LENON MORALES ABEIJO<\/strong><\/p>\n<p style=\"text-align: justify;\"><a href=\"https:\/\/drive.google.com\/open?id=1WUUP2P3a6-_BxsQM2lMU56ZncTCVClcr\">PORTARIA N\u00ba 31, DE 08 DE MAR\u00c7O DE 2019 &#8211;\u00a0<\/a> <strong>CONSTITUI <\/strong>Banca de Defesa de Disserta\u00e7\u00e3o de Mestrado (PPGFV) &#8211; FABIANE KLETKE DE OLIVEIRA<\/p>\n<p>PORTARIA N\u00ba 30, <span style=\"background-color: #ffff00;\"><strong>NULL<\/strong><\/span><\/p>\n<p style=\"text-align: justify;\"><a href=\"https:\/\/drive.google.com\/open?id=1fO8dZgvTQTW5uc4HxLaVrbydL94Pyz8n\">PORTARIA N\u00ba 29, DE 21 DE FEVEREIRO DE 2019 &#8211;\u00a0<\/a> <strong>RETIFICA<\/strong>\u00a0a PORTARIA N\u00ba.\u00a03, DE 29 DE JANEIRO\u00a0DE 2019<\/p>\n<p style=\"text-align: justify;\"><a href=\"https:\/\/drive.google.com\/open?id=1uLJflxc9TBpq0HZH5Tksp5FyojaKzxU6\">PORTARIA N\u00ba 28, DE 20 DE FEVEREIRO DE 2019 &#8211;\u00a0<\/a> <strong>CONSTITUI <\/strong>Banca de Defesa de Monografia do\u00a0Curso de Especializa\u00e7\u00e3o em Educa\u00e7\u00e3o Ambiental\u00a0 de\u00a0CAMILA RAMIRES SILVEIRA<\/p>\n<p style=\"text-align: justify;\"><a href=\"https:\/\/drive.google.com\/open?id=1OFVqxPxevI2QRDYjTJ3KP32a7YbCJ89L\">PORTARIA N\u00ba 27, DE 20 DE FEVEREIRO DE 2019 &#8211;\u00a0<\/a> <strong>CONSTITUI <\/strong>Banca de Defesa de Disserta\u00e7\u00e3o de Mestrado (PPGBA) PRISCILA ROCKENBACH PORTELA;<\/p>\n<p style=\"text-align: justify;\"><a href=\"https:\/\/drive.google.com\/open?id=1vKvfDREvtViizixonMgjxRUOvNRg0JYX\">PORTARIA N\u00ba 26, DE 19 DE FEVEREIRO DE 2019 &#8211;\u00a0<\/a> <strong>CONSTITUI <\/strong>Banca de Defesa de Monografia do\u00a0Curso de Especializa\u00e7\u00e3o em Educa\u00e7\u00e3o Ambiental\u00a0 de\u00a0TAYNARA DOMINGUES DE ALMEIDA<\/p>\n<p style=\"text-align: justify;\"><a href=\"https:\/\/drive.google.com\/open?id=1X8qRHOu3yxngTz-CY1OTLBeJu9V118SS\">PORTARIA N\u00ba 25, DE 19 DE FEVEREIRO DE 2019-\u00a0<\/a> <strong>CONSTITUI <\/strong>Banca de Defesa de Monografia do\u00a0Curso de Especializa\u00e7\u00e3o em Educa\u00e7\u00e3o Ambiental\u00a0 de\u00a0SIMONE BARRETO DA SILVA<\/p>\n<p style=\"text-align: justify;\"><a href=\"https:\/\/drive.google.com\/open?id=1fkfUuIJn8PKVSiFqEoXAksuGBime2u2N\">PORTARIA N\u00ba 24, DE 19 DE FEVEREIRO DE 2019 &#8211;<\/a> <strong>CONSTITUI <\/strong>Banca de Defesa de Monografia do\u00a0Curso de Especializa\u00e7\u00e3o em Educa\u00e7\u00e3o Ambiental\u00a0 de\u00a0ROSANA DIAS DA SILVEIRA LAPUENTE<\/p>\n<p style=\"text-align: justify;\"><a href=\"https:\/\/drive.google.com\/open?id=1iMk8sBXShI0JFqqnSBUdb-dHODsQrDnK\">PORTARIA N\u00ba 23, DE 19 DE FEVEREIRO DE 2019 &#8211;<\/a> <strong>CONSTITUI <\/strong>Banca de Defesa de Monografia do\u00a0Curso de Especializa\u00e7\u00e3o em Educa\u00e7\u00e3o Ambiental\u00a0 de\u00a0LENON MORALES ABEIJON<\/p>\n<p style=\"text-align: justify;\"><a href=\"https:\/\/drive.google.com\/open?id=1IoXXeAjzZfnTd_LKu1qjA4bScXsz21ow\">PORTARIA N\u00ba 22, DE 19 DE FEVEREIRO DE 2019 &#8211;\u00a0<\/a> <strong>CONSTITUI <\/strong>Banca de\u00a0 Defesa de Monografia do\u00a0Curso de Especializa\u00e7\u00e3o em Educa\u00e7\u00e3o Ambiental\u00a0 de\u00a0KAUANA SILVEIRA CARDOSO<\/p>\n<p style=\"text-align: justify;\"><a href=\"https:\/\/drive.google.com\/open?id=1lZP5DOQmlSlwE8OJK1-g3A9FTQ_JKxKH\">PORTARIA N\u00ba 21, DE 14 DE FEVEREIRO DE 2019 &#8211;\u00a0<\/a> <strong>RETIFICA<\/strong>\u00a0a PORTARIA No 6, DE 11 DE FEVEREIRO DE 2019<\/p>\n<p style=\"text-align: justify;\"><a href=\"https:\/\/drive.google.com\/open?id=1u_cg9zn7Dcb7YlIVtPuLQA-Sef9PPEP9\">PORTARIA N\u00ba 20, DE 14 DE FEVEREIRO DE 2019 &#8211;\u00a0<\/a> <strong>CONSTITUI <\/strong>Banca de Defesa de MONOGRAFIA DE ESPECIALIZA\u00c7\u00c3O do Curso de Especializa\u00e7\u00e3o em Educa\u00e7\u00e3o Ambiental\u00a0de EZILIA MARIA OLIVEIRA SCHAUN<\/p>\n<p style=\"text-align: justify;\"><a href=\"https:\/\/drive.google.com\/open?id=1tmNxFcbMC72ojyy4h6iigcX128jKTZHq\">PORTARIA N\u00ba 19, DE 14 DE FEVEREIRO DE 2019 &#8211;<\/a> <strong>CONSTITUI <\/strong>Banca de Defesa de\u00a0MONOGRAFIA DE ESPECIALIZA\u00c7\u00c3O do Curso de Especializa\u00e7\u00e3o em Educa\u00e7\u00e3o Ambiental\u00a0 de\u00a0 DANIELLE FARIAS DA SILVEIRA<\/p>\n<p style=\"text-align: justify;\"><a href=\"https:\/\/drive.google.com\/open?id=15zqEO33aS2a0GLG1a17GpfheEHyYNTgS\">PORTARIA N\u00ba 18, DE 14 DE FEVEREIRO DE 2019 &#8211;\u00a0<\/a> <strong>CONSTITUI <\/strong>Banca de<strong>\u00a0<\/strong>Banca de Defesa de MONOGRAFIA DE ESPECIALIZA\u00c7\u00c3O do Curso de Especializa\u00e7\u00e3o em Educa\u00e7\u00e3o Ambiental\u00a0 de\u00a0 CATIUSCIA WEINERT MIZUCHIMA<\/p>\n<p style=\"text-align: justify;\"><a href=\"https:\/\/drive.google.com\/open?id=1Nt-rbi0mb1B-pLKGTZk7QOkbO33etU9k\">PORTARIA No 17, DE 14 DE FEVEREIRO DE 2019 &#8211;\u00a0<\/a> <strong>CONSTITUI <\/strong>Banca de Defesa de Disserta\u00e7\u00e3o\u00a0de Mestrado (PPG Entomologia) de \u00c9RICMAR \u00c1VILA DOS\u00a0SANTOS<\/p>\n<p style=\"text-align: justify;\"><a href=\"https:\/\/drive.google.com\/open?id=131Ty3V2E3DlNos51FHYdE9ZUJGgn3Ag7\">PORTARIA No 16, DE 14 DE FEVEREIRO DE 2019 &#8211;\u00a0<\/a> <strong>CONSTITUI <\/strong>Banca de DEFESA DE MONOGRAFIA DE ESPECIALIZA\u00c7\u00c3O pelo Curso de Especializa\u00e7\u00e3o em Educa\u00e7\u00e3o Ambiental\u00a0 Espa\u00e7os Educadores Sustent\u00e1veis\u00a0 de ANDREA MAGELA DA SILVEIRA<\/p>\n<p style=\"text-align: justify;\"><a href=\"https:\/\/drive.google.com\/open?id=18RvM7bqHJMVugF4B-wY4lwMBqviqOcSi\">PORTARIA No 15, DE 14 DE FEVEREIRO DE 201 &#8211;\u00a0\u00a0<\/a> <strong>CONSTITUI <\/strong>Banca de DEFESA DE MONOGRAFIA DE ESPECIALIZA\u00c7\u00c3O pelo Curso de Especializa\u00e7\u00e3o em Educa\u00e7\u00e3o Ambiental\u00a0 Espa\u00e7os Educadores Sustent\u00e1veis\u00a0 de CAMILA RAMIRES SILVEIRA<\/p>\n<p style=\"text-align: justify;\"><a href=\"https:\/\/drive.google.com\/open?id=1TmHrlf-d_R9v8G3IFG8fpoLdUQecECqG\">PORTARIA No 14, DE 13 DE FEVEREIRO DE 2019 &#8211;\u00a0<\/a> <strong>RETIFICA<\/strong> a PORTARIA No 4, DE 01 DE FEVEREIRO DE 2019<\/p>\n<p style=\"text-align: justify;\"><a href=\"https:\/\/drive.google.com\/open?id=1mNTJMlZ3Nstut5a3Qj0k9_HHA498pJj-\">PORTARIA No 13, DE 12 DE FEVEREIRO DE 2019 &#8211;\u00a0<\/a> <strong>CONSTITUI <\/strong>Banca de Defesa de Mestrado (PPG Entomologia) de RIULER CORR\u00caA ACOSTA<\/p>\n<p style=\"text-align: justify;\"><a href=\"https:\/\/drive.google.com\/open?id=1PMJO2FesvOBXqb31WlbOk6Rclc81f_Fa\">PORTARIA No 12, DE 12 DE FEVEREIRO DE 2019 &#8211;\u00a0<\/a> <strong>CONSTITUI <\/strong>Banca de Defesa de Mestrado (PPG Entomologia) de FERNANDA CARLA SANTOS GEISLER<\/p>\n<p style=\"text-align: justify;\"><a href=\"https:\/\/drive.google.com\/open?id=18xWNdH3GwS6RmNQMwKH9vVAJVQYgqtvL\">PORTARIA No 11, DE 12 DE FEVEREIRO DE 2019 &#8211;\u00a0\u00a0<\/a> <strong>CONSTITUI <\/strong>Banca de Defesa de Mestrado (PPG Entomologia) de INDYRA FARIA DE CARVALHO<\/p>\n<p style=\"text-align: justify;\"><a href=\"https:\/\/drive.google.com\/open?id=1TO1SVjIKI8gI8a5wBWAiFMO5eB3yROXM\">PORTARIA No 10, DE 12 DE FEVEREIRO DE 2019 &#8211;\u00a0<\/a> <strong>CONSTITUI <\/strong>Banca de Defesa de Mestrado (PPGBA) de V\u00cdTOR FALCHI TIMM<\/p>\n<p style=\"text-align: justify;\"><a href=\"https:\/\/drive.google.com\/open?id=19RliVH6seWIi-wvhhaQT1ozs1PsoeCF0\">PORTARIA No 9, DE 12 DE FEVEREIRO DE 2019 &#8211;\u00a0<\/a> <strong>CONSTITUI <\/strong>Banca de Defesa de Mestrado (PPGBA) de PRISCILA ROCKENBACH PORTELA<\/p>\n<p style=\"text-align: justify;\"><a href=\"https:\/\/drive.google.com\/open?id=102dIgPVkbJcFrokTCWvH18b7vt8dxkhB\">PORTARIA No 8, DE 12 DE FEVEREIRO DE 2019 &#8211;\u00a0<\/a> <strong>CONSTITUI <\/strong>Banca de Defesa de Mestrado (PPGBA) R\u00d3GER JEAN OLIVEIRA<\/p>\n<p style=\"text-align: justify;\"><a href=\"https:\/\/drive.google.com\/open?id=1GfkuIYkhbCq_IKyUijMwW0cKnmTliuo8\">PORTARIA No 7, DE 12 DE FEVEREIRO DE 2019 &#8211;\u00a0<\/a> <strong>CONSTITUI <\/strong>Banca de Defesa de Mestrado (PPGBA) de FABIO PEREIRA MACHADO<\/p>\n<p style=\"text-align: justify;\"><a href=\"https:\/\/drive.google.com\/open?id=1e1F3L2Oafj9qS7AzRyofA3WNaRN20_JL\">PORTARIA No 6, DE 11 DE FEVEREIRO DE 2019 &#8211;\u00a0<\/a> <strong>CONSTITUI <\/strong>Banca de Defesa de MONOGRAFIA DE ESPECIALIZA\u00c7\u00c3O pelo Curso de Especializa\u00e7\u00e3o em Educa\u00e7\u00e3o Ambiental &#8211; Espa\u00e7os Educadores Sustent\u00e1veis, do Instituto de Biologia,\u00a0 ANA LORE SCHEUNEMANN<\/p>\n<p style=\"text-align: justify;\"><a href=\"https:\/\/drive.google.com\/open?id=1K7R6u16TILTB3UoFY6ZsRsY7tXAruLXN\">PORTARIA No 5, DE 08 DE FEVEREIRO DE 2019 &#8211;<\/a><strong> CONSTITUI<\/strong> a Comiss\u00e3o Examinadora\u00a0 Concurso para Professor BIOLOGIA CELULAR, HISTOLOGIA E ANATOMIA DO DESENVOLVIMENTO (EMBRIOLOGIA) do DM<\/p>\n<p style=\"text-align: justify;\"><a href=\"https:\/\/drive.google.com\/open?id=1g4gdTtWT91n328vj14lXxl24qKjU0Y7S\">PORTARIA No 4, DE 01 DE FEVEREIRO DE 2019 &#8211;<\/a> <strong>CONSTITUI <\/strong>Banca de Defesa de Doutorado (PPGFV) de ELSA KUHN KLUMB<\/p>\n<p style=\"text-align: justify;\"><a href=\"https:\/\/drive.google.com\/open?id=1U8Vg3E8ONbsoR8NGwcwdjb2ChviWEtxT\">PORTARIA No 3, DE 29 DE JANEIRO DE 2019 &#8211;\u00a0<\/a> <strong>CONSTITUI <\/strong>Banca de Defesa de Mestrado (PPGFV) de YUTCELIA CAROLINA GALVIZ FAJARDO<\/p>\n<p style=\"text-align: justify;\"><a href=\"https:\/\/drive.google.com\/open?id=19htScJ5AZ8evs-EODK8Aeci9dNbqbaag\">PORTARIA No 2, DE 29 DE JANEIRO DE 2019 &#8211;\u00a0<\/a> <strong>CONSTITUI <\/strong>Banca de Defesa de Mestrado (PPGFV) de CAROLINE HERNKE THIEL<\/p>\n<p style=\"text-align: justify;\"><a href=\"https:\/\/drive.google.com\/open?id=18VG-puFNU8qFwYS9ilacNmxuMeF8DwMN\">PORTARIA No 1, DE 11 DE JANEIRO DE 2019\u00a0 &#8211;\u00a0<\/a> <strong>CONSTITUI<\/strong> Comiss\u00e3o para elaborar o PDU<\/p>\n<p><span style=\"background-color: #ffff00;\"><strong>2018<\/strong><\/span><\/p>\n<p style=\"text-align: justify;\"><a href=\"https:\/\/drive.google.com\/open?id=1oqYQbUlz6q5ZxLb9HgLNJynsiAeUH8Pv\">PORTARIA N\u00ba 65, DE 14 DE DEZEMBRO DE 2018 &#8211;<\/a> \u00a0<strong>CONSTITUI<\/strong> Comiss\u00e3o consultiva para avaliar os requerimentos de transfer\u00eancia, reop\u00e7\u00e3o, reingresso e portador de t\u00edtulo nos Cursos de Ci\u00eancias Biol\u00f3gicas Bacharelado (4110)\u00a0 e Licenciatura (4120)<\/p>\n<p style=\"text-align: justify;\"><a href=\"https:\/\/drive.google.com\/open?id=1y_NdQTeizdXBmsh0irbmE2IRaNtkjjw8\">PORTARIA N\u00ba 64, DE 13 DE DEZEMBRO DE 2018 &#8211;<\/a> \u00a0<strong>CONSTITUI<\/strong> Comiss\u00e3o para instalar o F\u00f3rum de Programas de P\u00f3s-Gradua\u00e7\u00e3o do Instituto de Biologia<\/p>\n<p style=\"text-align: justify;\"><a href=\"https:\/\/drive.google.com\/open?id=1hUwwQ84K4rw6IhQkBYMtUIGkT7hPINoh\">PORTARIA N\u00ba 63, DE 10 DE DEZEMBRO DE 2018 &#8211;<\/a> \u00a0<strong>CONSTITUI<\/strong> Banca Examinadora para Defesa de Disserta\u00e7\u00e3o de ANGELITA CELENTE MARTINS, intitulada &#8220;ALTERA\u00c7\u00d5ES FISIOL\u00d3GICAS E BIOQU\u00cdMICAS EM PLANTAS DE <em>MACROPTILIUM LATHYROIDES<\/em> L. SUBMETIDAS AO ESTRESSE H\u00cdDRICO E DIERENTES FONTES DE NITROG\u00caNIO<\/p>\n<p style=\"text-align: justify;\"><a href=\"https:\/\/drive.google.com\/open?id=1J79xkGnWPYyAMabCJj4Su48_qRjoaBkN\">PORTARIA N\u00ba 62, DE 22 DE NOVEMBRO DE 2018 &#8211;<\/a> <strong>CONSTITUI<\/strong> Banca para Avalia\u00e7\u00e3o do Trabalho de Conclus\u00e3o do Curso de Ci\u00eancias Biol\u00f3gicas &#8211; Licenciatura, da Acad\u00eamica\u00a0 \u00a0<strong>Pamela Marques da Silva,\u00a0<\/strong> intitulado\u00a0 \u00a0\u00a0<strong>Levantamento da mastofauna silvestre atendida em um centro de triagem de animais silvestres no extremo sul do Brasil<\/strong><\/p>\n<p style=\"text-align: justify;\"><a href=\"https:\/\/drive.google.com\/open?id=1Qvqg9z5j9SDMJdjlfyrXKf1n-mkYsBUF\">PORTARIA N\u00ba 61, DE 22 DE NOVEMBRO DE 2018 &#8211;<\/a> <strong>CONSTITUI<\/strong> Banca para Avalia\u00e7\u00e3o do Trabalho de Conclus\u00e3o do Curso de Ci\u00eancias Biol\u00f3gicas &#8211; Licenciatura, da Acad\u00eamica\u00a0\u00a0<strong>Adri\u00e9le da Silva,\u00a0<\/strong> intitulado\u00a0 \u00a0\u00a0<strong>Adequa\u00e7\u00e3o na composi\u00e7\u00e3o do meio de cultura de c\u00e9lulas da linhagem DU145 de c\u00e2ncer de pr\u00f3stata<\/strong><\/p>\n<p style=\"text-align: justify;\"><a href=\"https:\/\/drive.google.com\/open?id=1w5lHXliIgTCeEUE39K7mCcMEMlNi1Sbq\">PORTARIA N\u00ba 60, DE 22 DE NOVEMBRO DE 2018 &#8211;<\/a> <strong>CONSTITUI<\/strong> Banca para Avalia\u00e7\u00e3o do Trabalho de Conclus\u00e3o do Curso de Ci\u00eancias Biol\u00f3gicas &#8211; Licenciatura, do Acad\u00eamico\u00a0<strong>Cloviane Leal Islab\u00e3o,\u00a0<\/strong> intitulado\u00a0 \u00a0<strong>As percep\u00e7\u00f5es dos professores de ci\u00eancias da Rede Municipal de Pelotas diante da inclus\u00e3o de alunos autistas<\/strong><\/p>\n<p style=\"text-align: justify;\"><a href=\"https:\/\/drive.google.com\/open?id=1SOFxaIm8fv5mBrZSrJ4ZYwY1kX71fqcC\">PORTARIA N\u00ba 59, DE 22 DE NOVEMBRO DE 2018 &#8211;<\/a> <strong>CONSTITUI<\/strong> Banca para Avalia\u00e7\u00e3o do Trabalho de Conclus\u00e3o do Curso de Ci\u00eancias Biol\u00f3gicas &#8211; Licenciatura, da Acad\u00eamica\u00a0<strong>Laura Giroletti Barreto<\/strong><strong>,<\/strong> intitulado\u00a0 \u00a0<strong>An\u00e1lise da a\u00e7\u00e3o de dois compostos de tiazolidinonas sobre a ansiedade, aquisi\u00e7\u00e3o e evoca\u00e7\u00e3o da mem\u00f3ria em camundongos<\/strong><\/p>\n<p style=\"text-align: justify;\"><a href=\"https:\/\/drive.google.com\/open?id=1KTgFg5St-CSW2l1lp-niExvd6grAartQ\">PORTARIA N\u00ba 58, DE 22 DE NOVEMBRO DE 2018 &#8211;<\/a> <strong>CONSTITUI<\/strong> Banca para Avalia\u00e7\u00e3o do Trabalho de Conclus\u00e3o do Curso de Ci\u00eancias Biol\u00f3gicas &#8211; Bacharelado, da Acad\u00eamica\u00a0<strong>Andressa Marques Carvalho<\/strong><strong>,<\/strong> intitulado\u00a0 \u00a0<strong>O papel de polimorfismos gen\u00e9ticos na regula\u00e7\u00e3o da express\u00e3o g\u00eanica por microRNAs e susceptibilidade gen\u00e9tica ao Transtorno de D\u00e9ficit de Aten\u00e7\u00e3o e Hiperatividade (TDAH)<\/strong><\/p>\n<p style=\"text-align: justify;\"><a href=\"https:\/\/drive.google.com\/open?id=1bGsZF5ejTNUCpuajNGrJ8SoFcsqb9Hr4\">PORTARIA N\u00ba 57, DE 22 DE NOVEMBRO DE 2018 &#8211;<\/a> <strong>\u00a0CONSTITUI<\/strong> Banca para Avalia\u00e7\u00e3o do Trabalho de Conclus\u00e3o do Curso de Ci\u00eancias Biol\u00f3gicas &#8211; Bacharelado, da Acad\u00eamica\u00a0\u00a0<strong>Bruna Medeiros Chaviel,<\/strong> intitulado ,\u00a0<strong>Helmintos gastrintestinais parasitos de quel\u00f4nios de \u00e1gua doce (Testudines: Chelidae) no extremo sul do Brasil<\/strong><\/p>\n<p style=\"text-align: justify;\"><a href=\"https:\/\/drive.google.com\/open?id=1IPslOyu8VOr9E6mZS_KMystWjpaalz4S\">PORTARIA N\u00ba 56, DE 22 DE NOVEMBRO DE 2018 &#8211;<\/a> <strong>CONSTITUI<\/strong>\u00a0Banca para Avalia\u00e7\u00e3o do Trabalho de Conclus\u00e3o do Curso de Ci\u00eancias Biol\u00f3gicas &#8211; Bacharelado, da\u00a0Acad\u00eamica\u00a0<strong>Ariane Frey Machado<\/strong>\u00a0<strong>,<\/strong> intitulado\u00a0<strong>Varia\u00e7\u00e3o temporal na composi\u00e7\u00e3o da dieta de\u00a0<em>Tyto furcata\u00a0<\/em>no sul da plan\u00edcie costeira do Rio Grande do Sul, Brasil<\/strong><\/p>\n<p style=\"text-align: justify;\"><a href=\"https:\/\/drive.google.com\/open?id=1O2Wmdh0jgpKvdLqMmy1HqrGwFv4LDhq6\">PORTARIA N\u00ba 55, DE 22 DE NOVEMBRO DE 2018 &#8211;<\/a> <strong>CONSTITUI<\/strong>\u00a0Banca para Avalia\u00e7\u00e3o do Trabalho de Conclus\u00e3o do Curso de Ci\u00eancias Biol\u00f3gicas &#8211; Bacharelado, do\u00a0Acad\u00eamico\u00a0\u00a0<strong>Julieser Botelho Machado,<\/strong> intitulado\u00a0<strong>Controle de\u00a0<em>Armadillidium vulgare\u00a0<\/em>(Isopoda: Armadillidae) em feijoeiro, com nemat\u00f3ides entomopatog\u00eanicos<\/strong><\/p>\n<p style=\"text-align: justify;\"><a href=\"https:\/\/drive.google.com\/open?id=15tfecfqESIT1hpMevlcYL2s-pRQryinD\">PORTARIA N\u00ba 54, DE 22 DE NOVEMBRO DE 2018 &#8211;<\/a> <strong>CONSTITUI<\/strong> Banca para Avalia\u00e7\u00e3o do Trabalho de Conclus\u00e3o do Curso de Ci\u00eancias Biol\u00f3gicas &#8211; Bacharelado, da Acad\u00eamica\u00a0\u00a0<strong>Juliana de Souza Chagas,<\/strong> intitulado\u00a0<strong>An\u00e1lise e identifica\u00e7\u00e3o de gr\u00e3os de p\u00f3lens coletados em mariposas (Lepidoptera: Sphingidae) para aplica\u00e7\u00e3o em redes de intera\u00e7\u00f5es<\/strong><\/p>\n<p style=\"text-align: justify;\"><a href=\"https:\/\/drive.google.com\/open?id=1aaJAsvxXJbwJayf7pzOupoVq4BVvKXEF\">PORTARIA N\u00ba 53, DE 22 DE NOVEMBRO DE 2018 &#8211;<\/a> \u00a0<strong>CONSTITUI<\/strong> Banca para Avalia\u00e7\u00e3o do Trabalho de Conclus\u00e3o do Curso de Ci\u00eancias Biol\u00f3gicas &#8211; Licenciatura, do Acad\u00eamico\u00a0\u00a0<strong>Stevan Mendes Pinheiro<\/strong><strong>,<\/strong>\u00a0intitulado\u00a0\u00a0<strong>\u201cUtiliza\u00e7\u00e3o da cromatografia circular de Pfeiffer em propriedades rurais do Rio Grande do Sul como indicador de sa\u00fade e qualidade de vida<\/strong><\/p>\n<p style=\"text-align: justify;\"><a href=\"https:\/\/drive.google.com\/open?id=1c8ugcbwH7RnGLnzPbDrk3qyCUPiyfihD\">PORTARIA N\u00ba 52, DE 22 DE NOVEMBRO DE 2018 &#8211;<\/a> \u00a0<strong>CONSTITUI<\/strong> Banca para Avalia\u00e7\u00e3o do Trabalho de Conclus\u00e3o do Curso de Ci\u00eancias Biol\u00f3gicas &#8211; Bacharelado, da Acad\u00eamica\u00a0\u00a0<strong>Aline\u00a0<\/strong><strong>Sitowski,<\/strong> intitulado\u00a0\u00a0<strong>Atividade antibacteriana de \u00f3leos essenciais frente a bact\u00e9rias isoladas de alimentos minimamente processados<\/strong><\/p>\n<p style=\"text-align: justify;\"><a href=\"https:\/\/drive.google.com\/open?id=1XuVLSEWM28__VN8TuZTUD9XHFhYkGj_w\">PORTARIA N\u00ba 51, DE 22 DE NOVEMBRO DE 2018 &#8211;<\/a> <strong>CONSTITUI<\/strong> Banca para Avalia\u00e7\u00e3o do Trabalho de Conclus\u00e3o do Curso de Ci\u00eancias Biol\u00f3gicas &#8211; Bacharelado, do Acad\u00eamico\u00a0\u00a0<strong>Thales Castilhos de Freitas,<\/strong> intitulado\u00a0\u00a0<strong>Influ\u00eancia de poleiros artificiais no incremento de chuva de sementes em diferentes dist\u00e2ncias do fragmento florestal<\/strong><\/p>\n<p style=\"text-align: justify;\"><a href=\"https:\/\/drive.google.com\/open?id=1IzA0RG5RfcgOfowk-52AQ9xhvpxjNYq-\">PORTARIA N\u00ba 50, DE 22 DE NOVEMBRO DE 2018 &#8211;<\/a> <strong>CONSTITUI<\/strong> Banca para Avalia\u00e7\u00e3o do Trabalho de Conclus\u00e3o do Curso de Ci\u00eancias Biol\u00f3gicas &#8211; Bacharelado, da Acad\u00eamica\u00a0\u00a0<strong>Ana Beatriz Devantier Henzel,\u00a0 \u00a0<\/strong> intitulado\u00a0\u00a0<strong>Helmintos digen\u00e9ticos parasitos de\u00a0<em>Leptodactylus latrans\u00a0<\/em>(Steffen, 1815) (Anura: Leptodactylidae) e\u00a0<em>Rhinella dorbignyi\u00a0<\/em>(Dum\u00e9ril &amp; Bibron, 1841) (Anura: Bufonidae) no sul do Rio Grande do Sul, Brasil<\/strong><\/p>\n<p style=\"text-align: justify;\"><a href=\"https:\/\/drive.google.com\/open?id=1n9fiqiCfHtb-m95fwurQD-dnI9U7Dgn0\">PORTARIA N\u00ba 49, DE 21 DE NOVEMBRO DE 2018 &#8211;<\/a> <strong>CONSTITUI<\/strong> Banca para Avalia\u00e7\u00e3o do Trabalho de Conclus\u00e3o do Curso de Ci\u00eancias Biol\u00f3gicas &#8211; Bacharelado, da Acad\u00eamica\u00a0\u00a0<strong>Bibiana Hahn Meira,<\/strong>\u00a0 intitulado\u00a0 <strong>Efeito da temperatura no comportamento de nematoides entomopatog\u00eanicos<\/strong><\/p>\n<p style=\"text-align: justify;\"><a href=\"https:\/\/drive.google.com\/open?id=1boZEIzqpwTW-QhgkVahpHGAW1Yt0wxMb\">PORTARIA N\u00ba 48, DE 21 DE NOVEMBRO DE 2018 &#8211;<\/a> <strong>CONSTITUI<\/strong> Banca para Avalia\u00e7\u00e3o do Trabalho de Conclus\u00e3o do Curso de Ci\u00eancias Biol\u00f3gicas &#8211; Bacharelado, da Acad\u00eamica\u00a0\u00a0<strong>Bibiana Hahn Meira,<\/strong>\u00a0 intitulado\u00a0 <strong>Efeito da temperatura no comportamento de nematoides entomopatog\u00eanicos<\/strong><\/p>\n<p class=\"Texto_Centralizado_Maiusculas\" style=\"text-align: justify;\"><a href=\"https:\/\/drive.google.com\/open?id=1u_idyl3lOv5_OSsqgPgkoXWHlo-uBbh2\">PORTARIA N\u00ba 47, DE 21 DE NOVEMBRO DE 2018 &#8211;<\/a> <strong>CONSTITUI<\/strong> Banca para Avalia\u00e7\u00e3o do Trabalho de Conclus\u00e3o do Curso de Ci\u00eancias Biol\u00f3gicas &#8211; Bacharelado, da Acad\u00eamica\u00a0\u00a0<strong>Mara Patr\u00edcia Verman Zurschimiten,<\/strong>\u00a0 intitulado <strong>Osteometria comparada de f\u00edbula em aves: analisando o grau de vestigializa\u00e7\u00e3o<\/strong><\/p>\n<p>PORTARIA N\u00ba 46, NULL<\/p>\n<p style=\"text-align: justify;\"><a href=\"https:\/\/drive.google.com\/open?id=1cWhYzvo31s_b7kPMRf1p1pvw6MShpXFc\">PORTARIA N\u00ba 45, DE 20 DE NOVEMBRO DE 2018 &#8211;<\/a> <strong>CONSTITUI<\/strong> Banca para Avalia\u00e7\u00e3o do Trabalho de Conclus\u00e3o do Curso de Ci\u00eancias Biol\u00f3gicas &#8211; Bacharelado, da Acad\u00eamica\u00a0<strong>Daniela Rodriguero Wozeak<\/strong><strong>,<\/strong> intitulado <strong>Produ\u00e7\u00e3o de biofilme\u00a0<em>in vitro\u00a0<\/em>por bact\u00e9rias isoladas de carne mo\u00edda bovina comercializada na cidade de Pelotas \u2013 RS<\/strong><\/p>\n<p style=\"text-align: justify;\"><a href=\"https:\/\/drive.google.com\/open?id=14GWwtHkvppQD7bDB0Ohbw086wX1P4OGR\">PORTARIA N\u00ba 44, DE 20 DE NOVEMBRO DE 2018 &#8211;<\/a> <strong>CONSTITUI<\/strong>\u00a0Banca para Avalia\u00e7\u00e3o do Trabalho de Conclus\u00e3o do Curso de Ci\u00eancias Biol\u00f3gicas &#8211; Bacharelado, do\u00a0Acad\u00eamico\u00a0\u00a0<strong>Antonio Luiz Govea Silveira Junior,<\/strong>\u00a0 intitulado <strong>Osteologia comparada dos ap\u00eandices locomotores de duas esp\u00e9cies de felinos do Rio Grande do Sul, Brasil<\/strong><\/p>\n<p style=\"text-align: justify;\"><a href=\"https:\/\/drive.google.com\/open?id=1JF2XerwJ5Asaf28yxgmvU9ZRaEUHn94r\">PORTARIA N\u00ba 43, DE 20 DE NOVEMBRO DE 2018 &#8211;<\/a> <strong>CONSTITUI<\/strong> Banca para Avalia\u00e7\u00e3o do Trabalho de Conclus\u00e3o do Curso de Ci\u00eancias Biol\u00f3gicas &#8211; Licenciatura, da Acad\u00eamica\u00a0\u00a0<strong>Sabrina Lorandi,<\/strong>\u00a0 intitulado\u00a0 <strong>Estrutura\u00e7\u00e3o da comunidade de abelhas associadas a agroecossistemas org\u00e2nico e convencional<\/strong><\/p>\n<p style=\"text-align: justify;\"><a href=\"https:\/\/drive.google.com\/open?id=1-OA7iiFSZCPDKeeCfl9t220YnMXW3_LL\">PORTARIA N\u00ba 42, DE 20 DE NOVEMBRO DE 2018 &#8211;<\/a> <strong>CONSTITUI<\/strong> Banca para Avalia\u00e7\u00e3o do Trabalho de Conclus\u00e3o do Curso de Ci\u00eancias Biol\u00f3gicas &#8211; Bacharelado, do Acad\u00eamico\u00a0\u00a0<strong>Vinicius Schmalfuss Espindola,<\/strong>\u00a0 intitulado <strong>Morfometria de sincr\u00e2nio e denti\u00e7\u00e3o em tr\u00eas esp\u00e9cies do g\u00eanero\u00a0<em>Leopardus\u00a0<\/em>(Carnivora, Felidae) do Rio Grande do Sul, Brasil<\/strong><\/p>\n<p style=\"text-align: justify;\"><a href=\"https:\/\/drive.google.com\/open?id=1w2ZnznIcg-V1Vq2RYfK-t3AppEAG2_mY\">PORTARIA N\u00ba 41, DE 20 DE NOVEMBRO DE 2018 &#8211;<\/a> <strong>CONSTITUI<\/strong> Banca para Avalia\u00e7\u00e3o do Trabalho de Conclus\u00e3o do Curso de Ci\u00eancias Biol\u00f3gicas &#8211; Licenciatura, da Acad\u00eamica, <strong>Taiane Schwantz de Moraes<\/strong> intitulado\u00a0\u00a0<strong>Varia\u00e7\u00e3o sazonal na estrutura da assembleia de borboletas frug\u00edvoras (Lepidoptera: Nymphalidae) em matas de Restinga no extremo sul do Brasil<\/strong><\/p>\n<p style=\"text-align: justify;\"><a href=\"https:\/\/drive.google.com\/open?id=1oAak7JgN5DuCeNQrhmkCPBPK3t7fB9ga\">PORTARIA N\u00ba 40, DE 20 DE NOVEMBRO DE 2018 &#8211;<\/a> <strong>CONSTITUI<\/strong> Banca para Avalia\u00e7\u00e3o do Trabalho de Conclus\u00e3o do Curso de Ci\u00eancias Biol\u00f3gicas &#8211; Licenciatura, da Acad\u00eamica\u00a0\u00a0<strong>Ver\u00f4nica Porto Gayer<\/strong>, intitulado A Universidade e a Epistemologia do Professor<\/p>\n<p style=\"text-align: justify;\"><a href=\"https:\/\/drive.google.com\/open?id=1U29w-uHA8xHYP0Xtt7Q2THnGWy4JBZdj\">PORTARIA N\u00ba 39, DE 20 DE NOVEMBRO DE 2018 &#8211;<\/a><strong> CONSTITUI<\/strong> Banca para Avalia\u00e7\u00e3o do Trabalho de Conclus\u00e3o do Curso de Ci\u00eancias Biol\u00f3gicas &#8211; Bacharelado, do Acad\u00eamico\u00a0<strong>Antonio Carlos Borges\u00a0 Neto<\/strong>, intitulado\u00a0\u00a0<strong>Compara\u00e7\u00e3o osteol\u00f3gica do membro locomotor anterior entre Anhimidae e Anatidae (Anseriformes) com base em esp\u00e9cimes da regi\u00e3o sul do Rio Grande do Sul<\/strong><\/p>\n<p style=\"text-align: justify;\"><a href=\"https:\/\/drive.google.com\/open?id=1zVmz0zEpG49hE1EK_03q3wKIAyP6xOCg\">PORTARIA N\u00ba 38, DE 20 DE NOVEMBRO DE 2018 &#8211;<\/a> <strong>CONSTITUI<\/strong> Banca para Avalia\u00e7\u00e3o do Trabalho de Conclus\u00e3o do Curso de Ci\u00eancias Biol\u00f3gicas &#8211; Licenciatura, da Acad\u00eamica\u00a0<strong>Priscila Kruger Voigt<\/strong>,\u00a0intitulado\u00a0\u00a0<strong>Investiga\u00e7\u00e3o da pr\u00e1tica pedag\u00f3gica de professores de ci\u00eancias no 9\u00ba ano do ensino fundamental<\/strong><\/p>\n<p style=\"text-align: justify;\"><a href=\"https:\/\/drive.google.com\/open?id=1H-iuo4QMgJStBR8YZhp-U957WZf4Ngbe\">PORTARIA N\u00ba 37, DE 20 DE NOVEMBRO DE 2018 &#8211;<\/a> <strong>CONSTITUI<\/strong>\u00a0Banca para Avalia\u00e7\u00e3o do Trabalho de Conclus\u00e3o do Curso de Ci\u00eancias Biol\u00f3gicas &#8211; Licenciatura, do\u00a0Acad\u00eamico\u00a0<strong>Lucas Reinaldo Wachholz Romano<\/strong>, intitulado\u00a0\u00a0<strong>Investiga\u00e7\u00e3o de Elementos de Transposi\u00e7\u00e3o em\u00a0<em>Drosophila suzukii\u00a0<\/em>(MATSUMURA, 1931) (Diptera, Drosophilidae) e\u00a0<em>Drosophila malerkotliana\u00a0<\/em>(PARSHAD &amp; PAIKA, 1964) (Diptera, Drosophilidae)<\/strong><\/p>\n<p style=\"text-align: justify;\"><a href=\"https:\/\/drive.google.com\/open?id=1ZNdSBPLkIk8jy56_grtUgefgzwq1BLiA\">PORTARIA N\u00ba 36, DE 19 DE NOVEMBRO DE 2018 &#8211;<\/a> <strong>CONSTITUI<\/strong> Banca para Avalia\u00e7\u00e3o do Trabalho de Conclus\u00e3o do Curso de Ci\u00eancias Biol\u00f3gicas &#8211; Bacharelado, da Acad\u00eamica\u00a0<strong>Larissa Falkemberg de Melo<\/strong><b>\u00a0<\/b>, intitulado\u00a0<strong>Influ\u00eancia das mudan\u00e7as clim\u00e1ticas na adequabilidade ambiental e distribui\u00e7\u00e3o geogr\u00e1fica de\u00a0<em>Anopheles aquasalis\u00a0<\/em>(Diptera: Culicidae) na regi\u00e3o Neotropical<\/strong><\/p>\n<p style=\"text-align: justify;\"><a href=\"https:\/\/drive.google.com\/open?id=1mXLuUns7wc6Gisk_oTYpWFK4-FaxnxTc\">PORTARIA N\u00ba 35, DE 19 DE NOVEMBRO DE 2018 &#8211;<\/a> <strong>CONSTITUI<\/strong>\u00a0Banca para Avalia\u00e7\u00e3o do Trabalho de Conclus\u00e3o do Curso de Ci\u00eancias Biol\u00f3gicas &#8211; Bacharelado, do\u00a0Acad\u00eamico\u00a0<strong>Artur Ramos Molina<\/strong>, intitulado\u00a0\u00a0<strong>Distribui\u00e7\u00e3o potencial de\u00a0<em>Habenaria dutrae\u00a0<\/em>Schltr. (Orchidaceae), uma esp\u00e9cie end\u00eamica do Rio Grande do Sul<\/strong><\/p>\n<p style=\"text-align: justify;\"><a href=\"https:\/\/drive.google.com\/open?id=1-bcdwr9BYNgnYX2zJPqjTlItIg-AsmU-\">PORTARIA N\u00ba 34, DE 19 DE NOVEMBRO DE 2018 &#8211;<\/a> <strong>CONSTITUI<\/strong> Banca para Avalia\u00e7\u00e3o do Trabalho de Conclus\u00e3o do Curso de Ci\u00eancias Biol\u00f3gicas &#8211; Licenciatura, da Acad\u00eamica <strong>Camila Furtado Dalmorra Barcelos<\/strong>, intitulado\u00a0\u00a0\u00a0<strong>Descri\u00e7\u00e3o de duas novas esp\u00e9cies brasileiras de\u00a0<em>Scaptomyza Hardy<\/em>, 1850 (Diptera: Drosophilidae)<\/strong><\/p>\n<p style=\"text-align: justify;\"><a href=\"https:\/\/drive.google.com\/open?id=1VWGYd6Hjgc9H8YoVE1hwMtBCq7xY-fS4\">PORTARIA N\u00ba 33, DE 19 DE NOVEMBRO DE 2018 &#8211;<\/a> <strong>CONSTITUI<\/strong> Banca para Avalia\u00e7\u00e3o do Trabalho de Conclus\u00e3o do Curso de Ci\u00eancias Biol\u00f3gicas &#8211; Licenciatura, da Acad\u00eamica <strong>Andreza de \u00c1vila Lautenschleger<\/strong>, intitulado\u00a0\u00a0<strong>Fatores estruturadores de uma rede de intera\u00e7\u00f5es mutual\u00edsticas Sphingidae-planta no extremo sul do Brasil<\/strong><\/p>\n<p style=\"text-align: justify;\"><a href=\"https:\/\/drive.google.com\/open?id=1Sjb6wrX_yxakFVC2AJjfWYI3H26wJ-jv\">PORTARIA N\u00ba 32, DE 14 DE NOVEMBRO DE 2018 &#8211;<\/a> \u00a0<strong>CONSTITUI<\/strong> Banca para Avalia\u00e7\u00e3o do Trabalho de Conclus\u00e3o do Curso de Ci\u00eancias Biol\u00f3gicas &#8211; Bacharelado, da Acad\u00eamica\u00a0\u00a0Isis Paglia Vital Chaves, intitulado <strong>Biologia da Poliniza\u00e7\u00e3o de\u00a0<em>Dicliptera squarrosa\u00a0<\/em>Ness (Acanthaceae) no Sul do Brasil<\/strong><\/p>\n<p style=\"text-align: justify;\"><a href=\"https:\/\/drive.google.com\/open?id=15oZAxBwarzoiJgC18vqVlBai-vaicVGk\">PORTARIA N\u00ba 31, DE 14 DE NOVEMBRO DE 2018 &#8211;<\/a><strong> CONSTITUI<\/strong> Banca para Avalia\u00e7\u00e3o do Trabalho de Conclus\u00e3o do Curso de Ci\u00eancias Biol\u00f3gicas &#8211; Bacharelado, da Acad\u00eamica <strong>Ingrid Medeiros Lessa,<\/strong>\u00a0\u00a0<strong>\u00a0<\/strong>intitulado <strong>Padr\u00e3o de distribui\u00e7\u00e3o anfitropical na flora do Rio Grande do Sul<\/strong><\/p>\n<p style=\"text-align: justify;\"><a href=\"https:\/\/drive.google.com\/open?id=1h2jDac_QSVuY4rcjJm8vpAhYpD98LcqF\">PORTARIA N\u00ba 30, DE 14 DE NOVEMBRO DE 2018 &#8211;<\/a> <strong>CONSTITUI<\/strong> Banca para Avalia\u00e7\u00e3o do Trabalho de Conclus\u00e3o do Curso de Ci\u00eancias Biol\u00f3gicas &#8211; Licenciatura, do Acad\u00eamico\u00a0<a target=\"_blank\" rel=\"noopener noreferrer\" name=\"_GoBack\"><\/a><strong>Eduardo Neitzel Uecker,<\/strong> intitulado\u00a0<strong>Recursos did\u00e1ticos utilizados para o ensino de gen\u00e9tica no Brasil (2008-2018): Uma revis\u00e3o sistem\u00e1tica<\/strong><\/p>\n<p style=\"text-align: justify;\"><a href=\"https:\/\/drive.google.com\/open?id=1FzepQf6Gi0_PIHdUwQkq-oo9dhDut2I-\">PORTARIA N\u00ba 29, DE 14 DE NOVEMBRO DE 2018 &#8211;<\/a> <strong>CONSTITUI<\/strong> Banca para Avalia\u00e7\u00e3o do Trabalho de Conclus\u00e3o do Curso de Ci\u00eancias Biol\u00f3gicas &#8211; Bacharelado, da Acad\u00eamica <strong>Fernanda M\u00fcller do Prado,\u00a0<\/strong>intitulado <strong>Banco de sementes do solo em mata de restinga no sul do Brasil<\/strong><\/p>\n<p style=\"text-align: justify;\"><a href=\"https:\/\/drive.google.com\/open?id=1LFilQBtPt_C7Y5z0vXbT7L9EMWBuyUgM\">PORTARIA N\u00ba 28, DE 25 DE SETEMBRO DE 2018 &#8211;<\/a> \u00a0<strong>CONSTITU<\/strong>I Banca Examinadora para a defesa de Disserta\u00e7\u00e3o da Mestranda \u00a0STEF\u00c2NIA NUNES PIRES, para o trabalho intitulado Metabolismo do carbono e nitrog\u00eanio em plantas de arroz irrigado sob atmosfera enriquecida com CO2<\/p>\n<p style=\"text-align: justify;\"><a href=\"https:\/\/drive.google.com\/open?id=1OPcS-SDVbuB1aciILcqpSZoPy8tOVrjt\">PORTARIA N\u00ba 27, DE 25 DE SETEMBRO DE 2018 &#8211;<\/a> <strong>CONSTITUI<\/strong> o N\u00facleo Docente Estruturante \u2013 NDE do Curso de Ci\u00eancias Biol\u00f3gicas \u2013 Bacharelado e Licenciatura<\/p>\n<p style=\"text-align: justify;\"><a href=\"https:\/\/drive.google.com\/open?id=1JaypC8xjkaqF0mRWNcqHQINhgBxPTB-o\">PORTARIA N\u00ba 26, DE 17 DE SETEMBRO DE 2018 &#8211;<\/a> \u00a0\u00a0<strong>CONSTITUI<\/strong> Banca Examinadora para Defesa de Disserta\u00e7\u00e3o de NAT\u00c1LIA DA SILVA GARCIA, intitulada Efeitos do Alagamento sobre Par\u00e2metros Fisiol\u00f3gicos e Bioqu\u00edmicos em Gen\u00f3tipos de Soja<\/p>\n<p style=\"text-align: justify;\"><a href=\"https:\/\/drive.google.com\/open?id=1ci_Q5l9YeCbtF2kIwyNqtc91T78uVbmU\">PORTARIA N\u00ba 25, DE 05 DE SETEMBRO DE 2018 &#8211;<\/a> <strong>CONSTITUI<\/strong> o N\u00facleo Docente Estruturante \u2013 NDE do Curso de Ci\u00eancias Biol\u00f3gicas \u2013 Bacharelado e Licenciatura<\/p>\n<p style=\"text-align: justify;\"><a href=\"https:\/\/drive.google.com\/open?id=1XxG1o2jS2QF3CaIDPfChN9Z4FoBgoIQL\">PORTARIA N\u00ba 24, DE 04 DE SETEMBRO DE 2018 &#8211;<\/a> <strong>CONSTITU<\/strong>I o N\u00facleo Docente Estruturante \u2013 NDE do Curso de Ci\u00eancias Biol\u00f3gicas \u2013 Bacharelado e Licenciatura<\/p>\n<p style=\"text-align: justify;\"><a href=\"https:\/\/drive.google.com\/open?id=1Z2ThmU9LCe64EaZC3iOGmIjehFOLJhIc\">PORTARIA N\u00ba 23, DE 30 DE AGOSTO DE 2018 &#8211;<\/a> <strong>CONSTITUI<\/strong> Banca Examinadora para Exame de Qualifica\u00e7\u00e3o do doutorando \u00cdTALO LUCAS DE MORAES,\u00a0o trabalho intitulado \u201cCaracteriza\u00e7\u00e3o dos mecanismos fisiol\u00f3gicos envolvidos na toler\u00e2ncia do algod\u00e3o (<em>Gossypium hirsutum<\/em> L.) a varia\u00e7\u00e3o de temperatura e radia\u00e7\u00e3o solar<\/p>\n<p style=\"text-align: justify;\"><a href=\"https:\/\/drive.google.com\/open?id=122ltiOSo6Gp_jMc4XMq40H_pZP4H2B0W\">PORTARIA N\u00ba 22, DE 29 DE AGOSTO DE 2018 &#8211;<\/a> <strong>CONSTITUI<\/strong> Banca Examinadora para o Exame de Qualifica\u00e7\u00e3o da doutoranda Cristini Milech. para o trabalho intitulado Efeito do priming na din\u00e2mica de distribui\u00e7\u00e3o de assimilados nitrogenados sob d\u00e9ficit h\u00eddrico e o impacto nos teores proteicos de gr\u00e3o de soja<\/p>\n<p style=\"text-align: justify;\"><a href=\"https:\/\/drive.google.com\/open?id=1jp4IHrHn-LMcnEGDi7nrdkwOi9xE0unv\">PORTARIA N\u00ba 21, DE 29 DE AGOSTO DE 2018 &#8211;<\/a> \u00a0<strong>CONSTITUI<\/strong> Banca Examinadora para a defesa de Tese de GABRIELA GERHARDT DA ROSA, para o trabalho intitulado Propaga\u00e7\u00e3o e criopreserva\u00e7\u00e3o de porta-enxertos de Prunus spp.<\/p>\n<p style=\"text-align: justify;\"><a href=\"https:\/\/drive.google.com\/open?id=136DeDXHBOVWYFJBpif-IqHSf2lJ1g5um\">PORTARIA N\u00ba 20, DE 28 DE AGOSTO DE 2018 &#8211;<\/a> <strong>CONSTITUI<\/strong> Banca Examinadora para a defesa de Disserta\u00e7\u00e3o de\u00a0 KARINA JOBIM PINTO, para o trabalho intitulado <strong>E<\/strong>strat\u00e9gias reprodutivas de\u00a0<em>Doryctobracon areolatus\u00a0<\/em>(Sz\u00e9pligeti, 1911) (Hymenoptera: Braconidae) relacionadas a c\u00f3pula e a oviposi\u00e7\u00e3o<\/p>\n<p style=\"text-align: justify;\"><a href=\"https:\/\/drive.google.com\/open?id=1UjKWOQm4qv8zCD3GYC2X0vQzAAuBXa8_\">PORTARIA N\u00ba 19, DE 28 DE AGOSTO DE 2018 &#8211;<\/a> <strong>CONSTITUI<\/strong> Banca Examinadora para a defesa de Disserta\u00e7\u00e3o \u00a0de Ruth Elena Guzm\u00e1n Ardiles , para o trabalho intitulado Efeito do pH do meio de cultivo na multiplica\u00e7\u00e3o &#8216;in vitro&#8217; e avalia\u00e7\u00f5es morfofisiol\u00f3gicas e bioqu\u00edmicas na fase de repouso de gemas em cultivares de mirtilo<\/p>\n<p style=\"text-align: justify;\"><a href=\"https:\/\/drive.google.com\/open?id=1vaLqp2x-0bPrkcTk69M0tx7odlLBm3oY\">PORTARIA N\u00ba 18, DE 24 DE JULHO DE 2018<\/a> &#8211; <strong>CONSTITUI<\/strong> Banca Examinadora para Defesa de Disserta\u00e7\u00e3o de MAURO MESKO ROSA , intitulada Toler\u00e2ncia cruzada ao estresse na cultura da soja<\/p>\n<p style=\"text-align: justify;\"><a href=\"https:\/\/drive.google.com\/open?id=1tNFjJvEx9QIICbzZCTSUBaFkljBRmMTy\">PORTARIA N\u00ba 17, DE 24 DE JULHO DE 2018 &#8211;<\/a> \u00a0<strong>CONSTITUI<\/strong> Banca Examinadora para Defesa de Disserta\u00e7\u00e3o de \u00a0JULIANA OLIVEIRA DE CARVALHO, intitulada Transforma\u00e7\u00e3o gen\u00e9tica de arroz com o gene da lectina bvl de <em>Bauhinia variegata<\/em> por diferentes m\u00e9todos<\/p>\n<p style=\"text-align: justify;\"><a href=\"https:\/\/drive.google.com\/open?id=1XOtk8-PIOcgcGZfPKijh-v8OBWp5sChG\">PORTARIA N\u00ba 16, DE 24 DE JULHO DE 2018 &#8211;<\/a> \u00a0\u00a0<strong>CONSTITUI<\/strong> Banca Examinadora para Defesa de Disserta\u00e7\u00e3o de ADRYA VANESSA LIRA COSTA, intitulada Interfer\u00eancia magn\u00e9tica na sinaliza\u00e7\u00e3o el\u00e9trica e no desenvolvimento em plantas de feij\u00e3o preto (<em>Phaseolus vulgaris<\/em> L.)<\/p>\n<p style=\"text-align: justify;\"><a href=\"https:\/\/drive.google.com\/open?id=1_mhn_Qxw2B4sIdnwnPGBQrxCxrbqUCR2\">PORTARIA N\u00ba 15, DE 24 DE JULHO DE 2018 &#8211;<\/a> \u00a0<strong> CONSTITUI<\/strong> Banca Examinadora para Defesa de Disserta\u00e7\u00e3o de FRANCINE ZAIOSC SIMMI, intitulada Altera\u00e7\u00f5es na din\u00e2mica eletrofisiol\u00f3gica em tomateiro induzidas por<em> Oidium<\/em> sp<\/p>\n<p style=\"text-align: justify;\"><a href=\"https:\/\/drive.google.com\/open?id=1uG9vpkeQL7hW-TlPIUChGDvprCKWfQyr\">PORTARIA N\u00ba 14, DE 24 DE JULHO DE 2018 &#8211;<\/a> <strong>CONSTITUI<\/strong> Banca Examinadora para Defesa de Disserta\u00e7\u00e3o de\u00a0\u00a0BRUNA EVELYN PASCHOAL SILVA , intitulada Altera\u00e7\u00f5es fisiol\u00f3gicas em sementes e plantas de <em>Phaseolus vulgaris<\/em> L. resultantes da contamina\u00e7\u00e3o por rejeitos de minera\u00e7\u00e3o<\/p>\n<p style=\"text-align: justify;\"><a href=\"https:\/\/drive.google.com\/open?id=1s7PdTUw6CK4FPsSvgHe02yFPoY7VcWZT\">PORTARIA N\u00ba 13, DE 23 DE JULHO DE 2018 &#8211;<\/a> <strong>CONSTITUI<\/strong>, comiss\u00e3o consultiva, constitu\u00edda pelos professores abaixo relacionados<\/p>\n<p style=\"text-align: justify;\"><a href=\"https:\/\/drive.google.com\/open?id=1sNYRP-1C1sc5evYKrvnh07fwVBSfDmE3\">PORTARIA N\u00ba 12, DE 19 DE JULHO DE 2018 &#8211;<\/a> <strong>CONSTITUI<\/strong> Banca Examinadora para Defesa de Tese de Rauny Oliveira de Souza, intitulada Estudos fisiol\u00f3gicos e moleculares da autoincompatibilidade reprodutiva em <em>Prunus salicina<\/em> Lindl<\/p>\n<p style=\"text-align: justify;\"><a href=\"https:\/\/drive.google.com\/open?id=1vaLqp2x-0bPrkcTk69M0tx7odlLBm3oY\">PORTARIA N\u00ba 18, DE 24 DE JULHO DE 2018 &#8211;<\/a> <strong>\u00a0CONSTITUI<\/strong> Banca Examinadora para Defesa de Disserta\u00e7\u00e3o de MAURO MESKO ROSA , intitulada Toler\u00e2ncia cruzada ao estresse na cultura da soja<\/p>\n<p style=\"text-align: justify;\"><a href=\"https:\/\/drive.google.com\/open?id=1tNFjJvEx9QIICbzZCTSUBaFkljBRmMTy\">PORTARIA N\u00ba 17, DE 24 DE JULHO DE 2018 &#8211; \u00a0<\/a><strong>CONSTITUI<\/strong> Banca Examinadora para Defesa de Disserta\u00e7\u00e3o de \u00a0JULIANA OLIVEIRA DE CARVALHO, intitulada Transforma\u00e7\u00e3o gen\u00e9tica de arroz com o gene da lectina bvl de <em>Bauhinia variegata<\/em> por diferentes m\u00e9todos<\/p>\n<p><a href=\"https:\/\/drive.google.com\/open?id=1XOtk8-PIOcgcGZfPKijh-v8OBWp5sChG\">PORTARIA N\u00ba 16, DE 24 DE JULHO DE 2018 &#8211;<\/a> <strong>CONSTITUI<\/strong> Banca Examinadora para Defesa de Disserta\u00e7\u00e3o de ADRYA VANESSA LIRA COSTA, intitulada Interfer\u00eancia magn\u00e9tica na sinaliza\u00e7\u00e3o el\u00e9trica e no desenvolvimento em plantas de feij\u00e3o preto (<em>Phaseolus vulgaris<\/em> L.)<\/p>\n<p style=\"text-align: justify;\"><a href=\"https:\/\/drive.google.com\/open?id=1_mhn_Qxw2B4sIdnwnPGBQrxCxrbqUCR2\">PORTARIA N\u00ba 15, DE 24 DE JULHO DE 2018 &#8211;<\/a> \u00a0 <strong>CONSTITUI<\/strong> Banca Examinadora para Defesa de Disserta\u00e7\u00e3o de FRANCINE ZAIOSC SIMMI, intitulada Altera\u00e7\u00f5es na din\u00e2mica eletrofisiol\u00f3gica em tomateiro induzidas por <em>Oidium sp<\/em><\/p>\n<p style=\"text-align: justify;\"><a href=\"https:\/\/drive.google.com\/open?id=1uG9vpkeQL7hW-TlPIUChGDvprCKWfQyr\">PORTARIA N\u00ba 14, DE 24 DE JULHO DE 2018 &#8211;<\/a> <strong>CONSTITUI<\/strong> Banca Examinadora para Defesa de Disserta\u00e7\u00e3o de\u00a0\u00a0BRUNA EVELYN PASCHOAL SILVA , intitulada Altera\u00e7\u00f5es fisiol\u00f3gicas em sementes e plantas de Phaseolus vulgaris L. resultantes da contamina\u00e7\u00e3o por rejeitos de minera\u00e7\u00e3o<\/p>\n<p style=\"text-align: justify;\"><a href=\"https:\/\/drive.google.com\/open?id=1s7PdTUw6CK4FPsSvgHe02yFPoY7VcWZT\">PORTARIA N\u00ba 13, DE 23 DE JULHO DE 2018 &#8211;<\/a> <strong>CONSTITUI<\/strong>, comiss\u00e3o consultiva de avaliar os alunos do Curso de Ci\u00eancias Biol\u00f3gicas Licenciatura inscritos no EDITAL PRE No. 8\/2018 PIBID, constitu\u00edda pelos professores abaixo relacionados<\/p>\n<p style=\"text-align: justify;\"><a href=\"https:\/\/drive.google.com\/open?id=13lrbW2iVvNOvC_a4Sf1Lmm1cgs40PsYY\">PORTARIA N\u00ba 12, DE 19 DE JULHO DE 2018 &#8211;<\/a> <strong>CONSTITUI<\/strong> Banca Examinadora para Defesa de Tese de Rauny Oliveira de Souza, intitulada Estudos fisiol\u00f3gicos e moleculares da autoincompatibilidade reprodutiva em Prunus salicina Lindl&#8221;<\/p>\n<p style=\"text-align: justify;\"><a href=\"https:\/\/drive.google.com\/open?id=1CHhD_Hztj9yV31T9p35z0ZZU6vIAxJH1\">PORTARIA N\u00ba 11, DE 25 DE JUNHO DE 2018 &#8211;<\/a> <strong>\u00a0DESIGNA<\/strong>\u00a0 o\u00a0 Professor\u00a0\u00a0\u00a0GUSTAVO MAIA\u00a0 SOUZA\u00a0 e\u00a0 para\u00a0 \u00a0Representante\u00a0 \u00a0Titular\u00a0 \u00a0e\u00a0 \u00a0Professor\u00a0 \u00a0MARCO\u00a0 \u00a0ANTONIO\u00a0 \u00a0TONUS MARINHO para Representante Suplente para Representante dos Programas de P\u00f3s-Gradua\u00e7\u00e3o do Instituto de Biologia,\u00a0 no Conselho Departamental deste Instituto<\/p>\n<p style=\"text-align: justify;\"><a href=\"https:\/\/drive.google.com\/open?id=1uY5_d1tN826gJvJi32X5j0xR6V94D7jV\">PORTARIA N\u00ba 10, DE 19 DE JUNHO DE 2018 &#8211;<\/a> \u00a0<strong>CONSTITUI<\/strong> Comiss\u00e3o consultiva para avaliar os requerimentos de transfer\u00eancia, reop\u00e7\u00e3o, reingresso e portador de t\u00edtulo nos Cursos de Ci\u00eancias Biol\u00f3gicas Bacharelado (4110)\u00a0 e Licenciatura (4120)<\/p>\n<p style=\"text-align: justify;\"><a href=\"https:\/\/drive.google.com\/open?id=1RR5IR_mHpffl9T_YGaM7vTG6TBFIysGB\">PORTARIA DE LOCALIZA\u00c7\u00c3O DE SERVIDOR N\u00ba 10 DE 19\/06\/2018 &#8211; <\/a><strong>LOCALIZA<\/strong> o servidor Izabel Cristina Cust\u00f3dio de Souza<\/p>\n<p style=\"text-align: justify;\"><a href=\"https:\/\/drive.google.com\/open?id=12ugPc1OhaYbplwBVUX6DsIEAytCP0POX\">PORTARIA DE LOCALIZA\u00c7\u00c3O DE SERVIDOR N\u00ba 9 DE 18\/06\/2018 &#8211;<\/a> <strong>LOCALIZA<\/strong> o servidor Izabel Cristina Cust\u00f3dio de Souza<\/p>\n<p style=\"text-align: justify;\"><a href=\"https:\/\/drive.google.com\/open?id=16JxEXB2xpIyQVEV14d2aSzE6uAOfFkbM\">PORTARIA DE LOCALIZA\u00c7\u00c3O DE SERVIDOR N\u00ba 8 DE 11\/06\/2018 &#8211;<\/a> <strong>LOCALIZA<\/strong> o servidor Valmor Jo\u00e3o Bianchi<\/p>\n<p style=\"text-align: justify;\"><a href=\"https:\/\/drive.google.com\/open?id=1KWH06v6lATxtCtxrmY4jW_m6f_8zOXK4\">PORTARIA DE LOCALIZA\u00c7\u00c3O DE SERVIDOR N\u00ba 7 DE 11\/06\/2018 &#8211;<\/a><strong> LOCALIZA<\/strong> o servidor Rita de C\u00e1ssia Norem C\u00f3ssio Rodriguez<\/p>\n<p style=\"text-align: justify;\"><a href=\"https:\/\/drive.google.com\/open?id=1zMvwDLTSOqk9wqEF9VqIG58q_tR4O2fT\">PORTARIA N\u00ba 7, DE 02 DE ABRIL DE 2018 &#8211; <\/a><strong>CONSTITUI<\/strong> Banca para Exame de Qualifica\u00e7\u00e3o do Doutorando\u00a0 \u00a0ATHOS ODIN SEVERO DORNELES, intitulada &#8220;Sil\u00edcio como amenizador da toxidez por alum\u00ednio e zinco em plantas de feij\u00e3o comum<\/p>\n<p style=\"text-align: justify;\"><a href=\"https:\/\/drive.google.com\/open?id=1iKIY7Xlbn1yZGeZZsqFxr9H_BWzJF5QT\">PORTARIA DE LOCALIZA\u00c7\u00c3O DE SERVIDOR N\u00ba 6 DE 08\/06\/2018 &#8211;<\/a> <strong>LOCALIZA<\/strong> o servidor Gustavo Maia Souza<\/p>\n<p style=\"text-align: justify;\"><a href=\"https:\/\/drive.google.com\/open?id=13rlcZJI3zwd8h-0e8fHi7UjBWYQvqYdG\">PORTARIA N\u00ba 5, DE 02 DE ABRIL DE 2018 &#8211;<\/a> \u00a0 \u00a0 \u00a0<strong>CONSOLIDA<\/strong> N\u00facleo Docente Estruturante dos Cursos de Ci\u00eancias Biol\u00f3gicas Bacharelado e Licenciatura<\/p>\n<p style=\"text-align: justify;\"><a href=\"https:\/\/drive.google.com\/open?id=18Z74J2V5Ar3UJPcOGQAjfGmf9UL3kl3N\">PORTARIA DE LOCALIZA\u00c7\u00c3O DE SERVIDOR N\u00ba 4 DE 08\/05\/2018 &#8211;<\/a> <strong>LOCALIZA<\/strong> o servidor\u00a0Sabrine de Araujo Aquino<\/p>\n<p style=\"text-align: justify;\"><a href=\"https:\/\/drive.google.com\/open?id=1jA_oLiZxDL1bsZmmg3rZSBM2dgvg4oUZ\">PORTARIA DE LOCALIZA\u00c7\u00c3O DE SERVIDOR N\u00ba 3 DE 17\/04\/2018 &#8211;<\/a> <strong>LOCALIZA<\/strong> o servidor Patricia da Silva Nascente<\/p>\n<p style=\"text-align: justify;\">P<a href=\"https:\/\/drive.google.com\/open?id=1wSKy5I2RRrEBOBTDrFCDohuNH6uKpUM2\">ORTARIA N\u00ba 3, DE 27 DE MAR\u00c7O DE 2018 &#8211;<\/a> <strong>CONSTITUI<\/strong>\u00a0Banca Exame de Qualifica\u00e7\u00e3o da Doutoranda GABRIELE ESPINEL \u00c1VILA,\u00a0\u00a0para o trabalho intitulado Adapta\u00e7\u00f5es metab\u00f3licas de cultivares de quinoa submetidas ao estresse por alamento<\/p>\n<p style=\"text-align: justify;\"><a href=\"https:\/\/drive.google.com\/open?id=1qDCelpQqEA0FN5Pah42zAND3X1rdGdw4\">PORTARIA DE LOCALIZA\u00c7\u00c3O DE SERVIDOR N\u00ba 2 DE 12\/04\/2018 &#8211;\u00a0<\/a> <strong>LOCALIZA<\/strong> o servidor\u00a0\u00a0Dulcin\u00e9a Blum Menezes<\/p>\n<p style=\"text-align: justify;\"><a href=\"https:\/\/drive.google.com\/open?id=1OqP1xo-cXgexgbAVF2m4DGb8SnZ4gWOH\">PORTARIA DE LOCALIZA\u00c7\u00c3O DE SERVIDOR N\u00ba 1 DE 26\/03\/2018 &#8211;<\/a> <strong>LOCALIZA<\/strong> o servidor\u00a0Isabel Oliveira de Oliveira<\/p>\n<p><a href=\"https:\/\/drive.google.com\/open?id=1ErritWQgYiIzHXeEQngiHYOBrW5QfX8s\">PORTARIA N\u00ba 1, DE 14 DE MAR\u00c7O DE 2018 &#8211;<\/a><strong> NULL<\/strong><\/p>\n<p><span style=\"background-color: #ffff00;\">2017 &#8211;<\/span><\/p>\n<p><span style=\"background-color: #ffff00;\">2016 &#8211;<\/span><\/p>\n<p><span style=\"background-color: #ffff00;\"><a style=\"background-color: #ffff00;\" href=\"https:\/\/drive.google.com\/open?id=0Bxg5A28PhWRwcHVMYllYUGZiUW8\" target=\"_blank\" rel=\"noopener noreferrer\">2015<\/a><\/span><\/p>\n<p><a href=\"https:\/\/drive.google.com\/open?id=0Bxg5A28PhWRwcHVMYllYUGZiUW8\" target=\"_blank\" rel=\"noopener noreferrer\">2015<\/a><\/p>\n<p style=\"text-align: justify;\"><a href=\"https:\/\/drive.google.com\/file\/d\/1B-YVPwOYsRlV85IwHdw9DsTALnjreW0o\/view?usp=share_link\" target=\"_blank\" rel=\"noopener\">Portaria 112, 09 de dezembro de 2015<\/a> &#8211; <strong>CONSTITUI<\/strong> Banca Examinadora para exame de qualifica\u00e7\u00e3o\u00a0 do Doutorando Victor Mouzinho Spinelli &#8211; Efeito de diferentes concentra\u00e7\u00f5es de solu\u00e7\u00e3o nutritiva no desenvolvimento de porta enxertos de <em>Prumus spp<\/em> e respostas metab\u00f3licas e moleculares de mudas de ameixeira \u00e0 defici\u00eancia de oxig\u00eanio na presen\u00e7a de diferentes fontes de nitrog\u00eanio.<\/p>\n<p style=\"text-align: justify;\"><a href=\"https:\/\/drive.google.com\/file\/d\/1gP_DqVFRs4K0apkwaD0Wr5nkqH6BYjqU\/view?usp=share_link\" target=\"_blank\" rel=\"noopener\">Portaria 111, 03 de dezembro de 2015<\/a> &#8211;<strong> RETIFICA<\/strong> a composi\u00e7\u00e3o da Portaria 72\/2015 sobre a Composi\u00e7\u00e3o da Comiss\u00e3o de Espa\u00e7o F\u00edsico do IB.<\/p>\n<p><a href=\"https:\/\/drive.google.com\/file\/d\/1CqGo6nIxggnfuL6BcoSgYl0vBYjxiydg\/view?usp=share_link\" target=\"_blank\" rel=\"noopener\">Portaria 110, 27 de novembro de 2015<\/a> &#8211;<\/p>\n<p><a href=\"https:\/\/drive.google.com\/file\/d\/1c9AYGHM7ILMvKwG-KdqUZf7k2nrSXAlg\/view?usp=share_link\" target=\"_blank\" rel=\"noopener\">Portaria 109, 26 de novembro de 2015<\/a> &#8211;<\/p>\n<p><a href=\"https:\/\/drive.google.com\/file\/d\/1H881ccMY8zLIamF3NAKpMkv19uNVQLxl\/view?usp=share_link\" target=\"_blank\" rel=\"noopener\">Portaria 108, 26 de novembro de 2015<\/a> &#8211;<\/p>\n<p><a href=\"https:\/\/drive.google.com\/file\/d\/1fVqwZAYfb6DDGsTc12CZ4Syxl4rjhkVn\/view?usp=share_link\" target=\"_blank\" rel=\"noopener\">Portaria 107, 16 de novembro de 2015<\/a> &#8211;<\/p>\n<p><a href=\"https:\/\/drive.google.com\/file\/d\/1JvfslgJUghcVOR_h0wkZplURW-C2gLbH\/view?usp=share_link\" target=\"_blank\" rel=\"noopener\">Portaria 106, 16 de novembro de 2015<\/a> &#8211;<\/p>\n<p style=\"text-align: justify;\"><a href=\"https:\/\/drive.google.com\/file\/d\/1Cd3kjpBwmoMMQz-hBG6TGVeR2iZGWwER\/view?usp=share_link\" target=\"_blank\" rel=\"noopener\">Portaria 105, 16 de novembro de 2015<\/a> &#8211;<\/p>\n<p style=\"text-align: justify;\"><a href=\"https:\/\/drive.google.com\/file\/d\/17rYE72gX7Ees1-yCQtuGD58kJIyC5sFj\/view?usp=share_link\" target=\"_blank\" rel=\"noopener\">Portaria 104, 16 de novembro de 2015<\/a> &#8211;<\/p>\n<p><a href=\"https:\/\/drive.google.com\/file\/d\/1x_jcS_Zwz_qyrrfRlSt5zH6SpfMAGJcg\/view?usp=share_link\" target=\"_blank\" rel=\"noopener\">Portaria 103, 16 de novembro de 2015<\/a> &#8211;<\/p>\n<p><a href=\"https:\/\/drive.google.com\/file\/d\/1WwusSCXwCJ7vUzh0YSR-Na6r1t3Olo_k\/view?usp=share_link\" target=\"_blank\" rel=\"noopener\">Portaria 102, 16 de maio de 2015<\/a> &#8211;<\/p>\n<p><a href=\"https:\/\/drive.google.com\/file\/d\/112MgPC1GjUpa1JfupdpVbhyUwHfiXnjs\/view?usp=share_link\" target=\"_blank\" rel=\"noopener\">Portaria 101, 16 de maio de 2015<\/a> &#8211;<\/p>\n<p><a href=\"https:\/\/drive.google.com\/file\/d\/1_prbQ0xwDJrenQbkzxThVKN6E6ZAf4Th\/view?usp=share_link\" target=\"_blank\" rel=\"noopener\">Portaria 100, 11 de novembro de 2015<\/a> &#8211;<\/p>\n<p><a href=\"https:\/\/drive.google.com\/file\/d\/1NnG7-IFMXx8CVzlcvu-O3rtzBPYfb30Y\/view?usp=share_link\" target=\"_blank\" rel=\"noopener\">Portaria 99, 11 de novembro de 2015<\/a> &#8211;<\/p>\n<p><a href=\"https:\/\/drive.google.com\/file\/d\/168M4c7QbP7eJ9JhDYJ_EHhJriBe0tJhM\/view?usp=share_link\" target=\"_blank\" rel=\"noopener\">Portaria 98, 29 de outubro de 2015<\/a> &#8211;<\/p>\n<p><a href=\"https:\/\/drive.google.com\/file\/d\/1YP55mtHZmjHhYvBqgXicwxF5G5bUlLXN\/view?usp=share_link\" target=\"_blank\" rel=\"noopener\">Portaria 97, 29 de outubro de 2015<\/a> &#8211;<\/p>\n<p><a href=\"https:\/\/drive.google.com\/file\/d\/1g3YdDMHIbOAI-R7_57dBuSwYgCs6sOmI\/view?usp=share_link\" target=\"_blank\" rel=\"noopener\">Portaria 96, 29 de outubro de 2015<\/a> &#8211;<\/p>\n<p><a href=\"https:\/\/drive.google.com\/file\/d\/1z9xp3km8rjBs2s6sWUcl5COfOS-R0yrc\/view?usp=share_link\" target=\"_blank\" rel=\"noopener\">Portaria 95, 29 de outubro de 2015<\/a> &#8211;<\/p>\n<p><a href=\"https:\/\/drive.google.com\/file\/d\/1AkNUpal1neRjvBCwXL7dkKh3wAPzqVXN\/view?usp=share_link\" target=\"_blank\" rel=\"noopener\">Portaria 94, 29 de outubro de 2015<\/a> &#8211;<\/p>\n<p><a href=\"https:\/\/drive.google.com\/file\/d\/1U3V3e11STDoJIg4cdTwdPmJhu0HrYA3A\/view?usp=share_link\" target=\"_blank\" rel=\"noopener\">Portaria 93, 29 de outubro de 2015<\/a> &#8211;<\/p>\n<p><a href=\"https:\/\/drive.google.com\/file\/d\/1mo-VaLmhJKWUevE9HdX9vPLbZwt9_eGE\/view?usp=share_link\" target=\"_blank\" rel=\"noopener\">Portaria 92, 29 de outubro de 2015<\/a> &#8211;<\/p>\n<p><a href=\"https:\/\/drive.google.com\/file\/d\/1cWLpBApn41ExdMpxehKeMhTKZxpPag0V\/view?usp=share_link\">Portaria 91, 29 de outubro de 2015<\/a> &#8211;<\/p>\n<p><a href=\"https:\/\/drive.google.com\/file\/d\/1Y_8QBnXu8IzZXMrVzniNyGSJFvwd_qMq\/view?usp=share_link\" target=\"_blank\" rel=\"noopener\">Portaria 90, 29 de outubro de 2015<\/a> &#8211;<\/p>\n<p><a href=\"https:\/\/drive.google.com\/file\/d\/1aoSRlXbtg_uYsW4aQZXhW-JP2iJXNCtN\/view?usp=share_link\" target=\"_blank\" rel=\"noopener\">Portaria 89, 29 de outubro de 2015<\/a> &#8211;<\/p>\n<p><a href=\"https:\/\/drive.google.com\/file\/d\/1viXW8QRBwQ9jf8_HsnHbC7Mq0CSdAxFi\/view?usp=share_link\">Portaria 88, 29 de outubro de 2015<\/a> &#8211;<\/p>\n<p><a href=\"https:\/\/drive.google.com\/file\/d\/1CeMrI_7zo6LZBrHeVqxVM0m4ARZoCqG5\/view?usp=share_link\" target=\"_blank\" rel=\"noopener\">Portaria 87, 29 de outubro de 2015<\/a> &#8211;<\/p>\n<p><a href=\"https:\/\/drive.google.com\/file\/d\/1Y5HCbj1CD2LBYdhlvce5xRCuW-NvW4Ey\/view?usp=share_link\" target=\"_blank\" rel=\"noopener\">Portaria 86, 29 de outubro de 2015<\/a> &#8211;<\/p>\n<p><a href=\"https:\/\/drive.google.com\/file\/d\/1OkVcvVTdJe6B0_XQYhBQZw_Neov7fbpa\/view?usp=share_link\" target=\"_blank\" rel=\"noopener\">Portaria 85, 29 de outubro de 2015<\/a> &#8211;<\/p>\n<p><a href=\"https:\/\/drive.google.com\/file\/d\/1MYv6FK_glhDBZcR014tvEX3EybyMIvxc\/view?usp=share_link\">Portaria 84, 29 de outubro de 2015<\/a> &#8211;<\/p>\n<p><a href=\"https:\/\/drive.google.com\/file\/d\/1OnLRioP2hSvFZt4dZZiLms2_Jj45OQ7v\/view?usp=share_link\">Portaria 83, 29 de outubro de 2015<\/a> &#8211;<\/p>\n<p><a href=\"https:\/\/drive.google.com\/file\/d\/1KL5zMugY9RRKP7nlRZ_CuWroaLRGV3DL\/view?usp=share_link\" target=\"_blank\" rel=\"noopener\">Portaria 82, 29 de outubro de 2015<\/a> &#8211;<\/p>\n<p><a href=\"https:\/\/drive.google.com\/file\/d\/1M2klh9g8cXtCoPLARnjipmxYET5io7q1\/view?usp=share_link\" target=\"_blank\" rel=\"noopener\">Portaria 81, 29 de utubro de 2015<\/a> &#8211;<\/p>\n<p><a href=\"https:\/\/drive.google.com\/file\/d\/1MLNSg2LIk6AKG8E56yx7EW8ZqSvRTGL4\/view?usp=share_link\" target=\"_blank\" rel=\"noopener\">Portaria 80, 29 de outubro de 2015<\/a> &#8211;<\/p>\n<p><a href=\"https:\/\/drive.google.com\/file\/d\/19Rtfq7SL1quXJgvjRXERVbzaM-G-pVZ3\/view?usp=share_link\" target=\"_blank\" rel=\"noopener\">Portaria 79, 29 de outubro de 2015<\/a> &#8211;<\/p>\n<p><a href=\"https:\/\/drive.google.com\/file\/d\/1DRCvgLZ-YgfvqWEYPWGosQ6tY8DKEkJl\/view?usp=share_link\" target=\"_blank\" rel=\"noopener\">Portaria 78, 29 de outubro de 2015<\/a> &#8211;<\/p>\n<p><a href=\"https:\/\/drive.google.com\/file\/d\/1uh8JvJ4CIY3AiDA5MmC5DyvEsEqHiQTb\/view?usp=share_link\" target=\"_blank\" rel=\"noopener\">Portaria 77, 29 de outubro de 2015<\/a> &#8211;<\/p>\n<p><a href=\"https:\/\/drive.google.com\/file\/d\/1Qpug406z5oslqx-QUH5i7EZnaZ1R3BWg\/view?usp=share_link\" target=\"_blank\" rel=\"noopener\">Portaria 76, 29 de outubro de 2015<\/a> &#8211;<\/p>\n<p><a href=\"https:\/\/drive.google.com\/file\/d\/1ERIUJJ3BCojE9B5jmrsbHHxR2cxCr3Hs\/view?usp=share_link\" target=\"_blank\" rel=\"noopener\">Portaria 75, 29 de novembro\u00a0 de 2015<\/a> &#8211;<\/p>\n<p><a href=\"https:\/\/drive.google.com\/file\/d\/1GXlpbUWzsLhUw2jW_Q9LToJjcfc-bvjw\/view?usp=share_link\" target=\"_blank\" rel=\"noopener\">Portaria 74, 29 de novembro de 2015<\/a> &#8211; (refazer torta)<\/p>\n<p><a href=\"https:\/\/drive.google.com\/file\/d\/1qpPY4QP-mdvhIpr4URR3-31gpJ9TiKeS\/view?usp=share_link\" target=\"_blank\" rel=\"noopener\">Portaria 73, 29 de\u00a0 novembro de 2015<\/a> &#8211;<\/p>\n<p><a href=\"https:\/\/drive.google.com\/file\/d\/1OlqhpaToqsOKuMgdbEQJrjh13DEQE1QO\/view?usp=share_link\" target=\"_blank\" rel=\"noopener\">Portaria 72, 14 de outubro de 2015<\/a> &#8211;<\/p>\n<p><a href=\"https:\/\/drive.google.com\/file\/d\/1KU45zdegEfY-3Th4SJhxJKgvkRJqpvBM\/view?usp=share_link\" target=\"_blank\" rel=\"noopener\">Portaria 71, 13 de outubro de 2015<\/a> &#8211;<\/p>\n<p><a href=\"https:\/\/drive.google.com\/file\/d\/1vQ5XQd_5ZVptwlhWF31JAINrgwxglRex\/view?usp=share_link\" target=\"_blank\" rel=\"noopener\">Portaria 70, 13 de outubro de 2015<\/a> &#8211;<\/p>\n<p><a href=\"https:\/\/drive.google.com\/file\/d\/1OBZE16keVfPxBjaG4fy9BYN7zPkanmk9\/view?usp=share_link\" target=\"_blank\" rel=\"noopener\">Portaria 69, 24 de setembro de 2015<\/a> &#8211;<\/p>\n<p><a href=\"https:\/\/drive.google.com\/file\/d\/1xOcIO0G8lnjsFx-MY3gJesgOpZY7KVQ_\/view?usp=share_link\" target=\"_blank\" rel=\"noopener\">Portaria 68, 15 de setembro de 2015<\/a> &#8211;<\/p>\n<p><a href=\"https:\/\/drive.google.com\/file\/d\/1mVCnrfyTq5wpsogh6PR8sb-IgN_QpI7G\/view?usp=share_link\" target=\"_blank\" rel=\"noopener\">Portaria 67, 15 de setembro de 2015<\/a> &#8211;<\/p>\n<p><a href=\"https:\/\/drive.google.com\/file\/d\/14OHRl-RAEDnh2k5tp9mJNFgGcrCjEFGE\/view?usp=share_link\" target=\"_blank\" rel=\"noopener\">Portaria 66, 15 de setembro de 2015<\/a> &#8211;<\/p>\n<p><a href=\"https:\/\/drive.google.com\/file\/d\/1WhPUUFYOjcUFaaAwrBbsz26DzAdZEEmz\/view?usp=share_link\" target=\"_blank\" rel=\"noopener\">Portaria 65, 31 de agosto de 2015<\/a> &#8211;<\/p>\n<p><a href=\"https:\/\/drive.google.com\/file\/d\/1hyAWD_L2JPsym1ouu6b5X9U4zhjVr-SQ\/view?usp=share_link\" target=\"_blank\" rel=\"noopener\">Portaria 64, 26 de agosto de 2015<\/a> &#8211;<\/p>\n<p><a href=\"https:\/\/drive.google.com\/file\/d\/1F-FiMPXSJV1POoGeQobUmsLTF_7tPcSE\/view?usp=share_link\" target=\"_blank\" rel=\"noopener\">Portaria 63, 31 de agosto de 2015<\/a> &#8211;<\/p>\n<p><a href=\"https:\/\/drive.google.com\/file\/d\/1kEsCijWjmoGZwOaqkYFxfY6_9LUElsko\/view?usp=share_link\" target=\"_blank\" rel=\"noopener\">Portaria 62, 30 de agosto de 2015<\/a> &#8211;<\/p>\n<p><a href=\"https:\/\/drive.google.com\/file\/d\/1rlE8swCBYJFKu3_ZBvToFOsCdjnd_jyo\/view?usp=share_link\" target=\"_blank\" rel=\"noopener\">Portaria 61, 25 de agosto de 2015<\/a> &#8211;<\/p>\n<p><a href=\"https:\/\/drive.google.com\/file\/d\/1wL3VIkf5XKpEXTJqMVEnVtkccKzKTsbA\/view?usp=share_link\" target=\"_blank\" rel=\"noopener\">Portaria 60, 10 de julho de 2015<\/a> &#8211;<\/p>\n<p><a href=\"https:\/\/drive.google.com\/file\/d\/13OmDvVX9Pyc5J_oP7Vj5INWdeIwy9TvS\/view?usp=share_link\" target=\"_blank\" rel=\"noopener\">Portaria 59, 07 de julho de 2015<\/a> &#8211;<\/p>\n<p><a href=\"https:\/\/drive.google.com\/file\/d\/16RW5WI-3ThDNsWMHDLlSGrESRekzK2k3\/view?usp=share_link\" target=\"_blank\" rel=\"noopener\">Portaria 58, 08 de julho de 2015<\/a> &#8211;<\/p>\n<p><a href=\"https:\/\/drive.google.com\/file\/d\/1Qo08xTBmzziP6GKL7gUL8j1SSzFk1v8e\/view?usp=share_link\" target=\"_blank\" rel=\"noopener\">Portaria 57, 22 de junho de 2015<\/a> &#8211;<\/p>\n<p><a href=\"https:\/\/drive.google.com\/file\/d\/1XhLohhpjjWmwQTQS8p2P75RFjGLWgKLB\/view?usp=share_link\" target=\"_blank\" rel=\"noopener\">Portaria 56, 22 de junho de 2015<\/a> &#8211;<\/p>\n<p><a href=\"https:\/\/drive.google.com\/file\/d\/1Np6eBVCXPg66nDD_Dk9DSQu6QsS2Elat\/view?usp=share_link\" target=\"_blank\" rel=\"noopener\">Portaria 55, 22 de\u00a0 junho de 2015<\/a> &#8211;<\/p>\n<p><a href=\"https:\/\/drive.google.com\/file\/d\/13g0a_UCPiJexUnLFhzSm_FhLnwJkjFnc\/view?usp=share_link\" target=\"_blank\" rel=\"noopener\">Portaria 54, 08 de junho de 2015<\/a> &#8211;<\/p>\n<p><a href=\"https:\/\/drive.google.com\/file\/d\/1-haSnLVyx1bwpMoOMtqFqNcRJpiIC8sF\/view?usp=share_link\" target=\"_blank\" rel=\"noopener\">Portaria 53, 15 de maio de 2015<\/a> &#8211;<\/p>\n<p><a href=\"https:\/\/drive.google.com\/file\/d\/1iCeVh7HXDMKm_h5Jg_6HKlsmqvHIIgQX\/view?usp=share_link\" target=\"_blank\" rel=\"noopener\">Portaria 52, 15 de junho de 2015<\/a> &#8211;<\/p>\n<p><a href=\"https:\/\/drive.google.com\/file\/d\/1nCMJuo98ULYMS_Mg-vJetjdRG4xd7Xgy\/view?usp=share_link\" target=\"_blank\" rel=\"noopener\">Portaria 52, 02 de junho de 2015<\/a> &#8211;<\/p>\n<p><a href=\"https:\/\/drive.google.com\/file\/d\/1NCkX_cJdYj5SP5tjqdrayo0nLWzUM4ZH\/view?usp=share_link\" target=\"_blank\" rel=\"noopener\">Portaria 51, 27 de maio de 2015<\/a> &#8211;<\/p>\n<p><a href=\"https:\/\/drive.google.com\/file\/d\/1Z59WTw9aA2zBZvz_Gne4EkDmUWPTmux9\/view?usp=share_link\" target=\"_blank\" rel=\"noopener\">Portaria 50, 26 de maio de 2015<\/a> &#8211;<\/p>\n<p><a href=\"https:\/\/drive.google.com\/file\/d\/1OnNvNOB3ijmn49MbG_wSrPcyb7_hHVwu\/view?usp=share_link\" target=\"_blank\" rel=\"noopener\">Portaria 49, 26 de maio de 2015<\/a> &#8211;<\/p>\n<p>Portaria 48, de de 2015 &#8211;<span style=\"background-color: #ffff00;\"><strong> NULL<\/strong><\/span><\/p>\n<p><a href=\"https:\/\/drive.google.com\/file\/d\/1zX4uTmtOowLAFZBLCp7szzB3vwvfv_rx\/view?usp=share_link\" target=\"_blank\" rel=\"noopener\">Portaria 47, 26 de maio de 2015<\/a> &#8211;<\/p>\n<p><a href=\"https:\/\/drive.google.com\/file\/d\/1fnxq62UhuE-4I5KCFVNu_DBEpV6nwCmc\/view?usp=share_link\" target=\"_blank\" rel=\"noopener\">Portaria 46, 20 de maio de 2015<\/a> &#8211;<\/p>\n<p><a href=\"https:\/\/drive.google.com\/file\/d\/1T7lWGHZRysC5AG1sT_htRCLNcx555Tz-\/view?usp=share_link\" target=\"_blank\" rel=\"noopener\">Portaria 45, 13 de maio de 2015<\/a> &#8211;<\/p>\n<p><a href=\"https:\/\/drive.google.com\/file\/d\/14-1hXbha13gk7q0OuaY55RtUz7ZtSysi\/view?usp=share_link\" target=\"_blank\" rel=\"noopener\">Portaria 44, 11 de maio de 2015<\/a> &#8211;<\/p>\n<p><a href=\"https:\/\/drive.google.com\/file\/d\/1xcE0-48HjPC9ypadKofQ61A_G6Ddi8o7\/view?usp=share_link\" target=\"_blank\" rel=\"noopener\">Portaria 43, 08 de maio de 2015<\/a> &#8211;<\/p>\n<p>Portaria 42, de de 2015 &#8211;<span style=\"background-color: #ffff00;\"><strong> NULL<\/strong><\/span><\/p>\n<p><a href=\"https:\/\/drive.google.com\/file\/d\/1QOvUL47SGXtJ-Eoio4QMdoeuS1pPBOCs\/view?usp=share_link\" target=\"_blank\" rel=\"noopener\">Portaria 41, 07 de maio de 2015<\/a> &#8211;<\/p>\n<p>Portaria 40, de de 2015 &#8211;<span style=\"background-color: #ffff00;\"><strong> NULL<\/strong><\/span><\/p>\n<p><a href=\"https:\/\/drive.google.com\/file\/d\/1MWUkIo6j7VsQV78yi7VVUw0XwIIDBFSp\/view?usp=share_link\" target=\"_blank\" rel=\"noopener\">Portaria 39, 30 de abril de 2015<\/a> &#8211;<\/p>\n<p><a href=\"https:\/\/drive.google.com\/file\/d\/1xnqZYk6rW4w-A66SOs9ZpHDkcIxqdkwz\/view?usp=share_link\" target=\"_blank\" rel=\"noopener\">Portaria 38, 30 de abril de 2015<\/a> &#8211;<\/p>\n<p><a href=\"https:\/\/drive.google.com\/file\/d\/1hyIEKROKFZziHUaovW-m364dlVfLoTCf\/view?usp=share_link\" target=\"_blank\" rel=\"noopener\">Portaria 37, 29 de abril de 2015<\/a> &#8211;<\/p>\n<p><a href=\"https:\/\/drive.google.com\/file\/d\/1dLR8O4R0_dsTUl9KPgpXzYSrPJa0jih_\/view?usp=share_link\" target=\"_blank\" rel=\"noopener\">Portaria 37, 29 de abril de 2015 &#8211;\u00a0<\/a><\/p>\n<p><a href=\"https:\/\/drive.google.com\/file\/d\/1tmCt9a1yzxxrSaGdfLbJw2AFRofoTeUE\/view?usp=share_link\" target=\"_blank\" rel=\"noopener\">Portaria 36, 27 de abril de 2015<\/a> &#8211;<\/p>\n<p><a href=\"https:\/\/drive.google.com\/file\/d\/1GEIx38oVLC0t3ZT0PRqZrY_dpHVql8nu\/view?usp=share_link\" target=\"_blank\" rel=\"noopener\">Portaria 35, 27 de abril de 2015<\/a> &#8211;<\/p>\n<p><a href=\"https:\/\/drive.google.com\/file\/d\/1QprESDVJPMFdxx85lqFWIMvfoqqsCfxu\/view?usp=share_link\" target=\"_blank\" rel=\"noopener\">Portaria 34, 24 de abril de 2015<\/a> &#8211;<\/p>\n<p><a href=\"https:\/\/drive.google.com\/file\/d\/1SVumbl-0_AGNTV_mU-YHd_WVa6txopU1\/view?usp=share_link\" target=\"_blank\" rel=\"noopener\">Portaria 33, 22 de abril de 2015<\/a> &#8211;<\/p>\n<p><a href=\"https:\/\/drive.google.com\/file\/d\/1urAnRoM4mT0RY9fomPHGSTOFGot3lLqd\/view?usp=share_link\" target=\"_blank\" rel=\"noopener\">Portaria 32, 16 de abril de 2015<\/a> &#8211;<\/p>\n<p><a href=\"https:\/\/drive.google.com\/file\/d\/1ZzvQ52yj548ZAdEtuCr2aXzVvLSHX9BY\/view?usp=share_link\" target=\"_blank\" rel=\"noopener\">Portaria 31, 16 de abril de 2015<\/a> &#8211;<\/p>\n<p><a href=\"https:\/\/drive.google.com\/file\/d\/1ukMkPjw7wj0uQqpRFvJwZuWRNquQk5ZQ\/view?usp=share_link\" target=\"_blank\" rel=\"noopener\">Portaria 30, 09 de abril de 2015<\/a> &#8211;<\/p>\n<p><a href=\"https:\/\/drive.google.com\/file\/d\/1Y_4Qt2nQ3ofbY45kEWQ-SzawB0z69aBs\/view?usp=share_link\" target=\"_blank\" rel=\"noopener\">Portaria 29, 02 de abril de 2015<\/a> &#8211;<\/p>\n<p><a href=\"https:\/\/drive.google.com\/file\/d\/1DeoHpnCOdQNmDAwipDWySl4F4d4ph0Rt\/view?usp=share_link\" target=\"_blank\" rel=\"noopener\">Portaria 28, 29 de mar\u00e7o de 2015<\/a> &#8211;<\/p>\n<p><a href=\"https:\/\/drive.google.com\/file\/d\/1cIALShbg7Eqs7Ilqm2twZ7KRk6oF0Yqd\/view?usp=share_link\" target=\"_blank\" rel=\"noopener\">Portaria 27, 29 de mar\u00e7o de 2015<\/a> &#8211;<\/p>\n<p><a href=\"https:\/\/drive.google.com\/file\/d\/19hhpp2bLIZrSJSOQ_FfmCWvXt7QhIRRx\/view?usp=share_link\" target=\"_blank\" rel=\"noopener\">Portaria 26, 23 de mar\u00e7o de 2015<\/a> &#8211;<\/p>\n<p><a href=\"https:\/\/drive.google.com\/file\/d\/19dflNIFCylzELT8DlUxPn88M0R14231H\/view?usp=share_link\" target=\"_blank\" rel=\"noopener\">Portaria 25, 19 de mar\u00e7o\u00a0 de 2015<\/a> &#8211;<\/p>\n<p><a href=\"https:\/\/drive.google.com\/file\/d\/1dwM2pCkqtlakddOYa7FSH4QSmqDnZ9wF\/view?usp=share_link\" target=\"_blank\" rel=\"noopener\">Portaria 24, 18 de mar\u00e7o de 2015<\/a> &#8211;<\/p>\n<p><a href=\"https:\/\/drive.google.com\/file\/d\/1Zczn8KFpMiKrqeBc2tI3zvsNiWx29od8\/view?usp=share_link\" target=\"_blank\" rel=\"noopener\">Portaria 23, 19 de mar\u00e7o\u00a0 de 2015<\/a> &#8211;<\/p>\n<p><a href=\"https:\/\/drive.google.com\/file\/d\/1KEouY6nhL9obmquP8R73ZemPJxHmYdU3\/view?usp=share_link\" target=\"_blank\" rel=\"noopener\">Portaria 22, 18 de mar\u00e7o de 2015\u00a0<\/a> &#8211;<\/p>\n<p><a href=\"https:\/\/drive.google.com\/file\/d\/1NUKXIDpflbdLH4sF_4o_FJS6wVoxUncF\/view?usp=share_link\" target=\"_blank\" rel=\"noopener\">Portaria 21, 16 de mar\u00e7o de 2015<\/a> &#8211;<\/p>\n<p><a href=\"https:\/\/drive.google.com\/file\/d\/1zU40FZJjJ7MRmbBuNbu-Cav69toPHAy8\/view?usp=share_link\" target=\"_blank\" rel=\"noopener\">Portaria 20, 13 de\u00a0 mar\u00e7o de 2015<\/a> &#8211;<\/p>\n<p><a href=\"https:\/\/drive.google.com\/file\/d\/1LsiWLe4dM820KYT6cU2Ayp_mdw0ZM2-v\/view?usp=share_link\" target=\"_blank\" rel=\"noopener\">Portaria 19, de 05 de mar\u00e7o de 2015<\/a> &#8211;<\/p>\n<p><a href=\"https:\/\/drive.google.com\/file\/d\/1d2jgvyVJf0d9QuVNsFc5-vZbx_6Uasgn\/view?usp=share_link\" target=\"_blank\" rel=\"noopener\">Portaria 18, de 05 de mar\u00e7o 2015<\/a> &#8211;<\/p>\n<p><a href=\"https:\/\/drive.google.com\/file\/d\/1q1PUcZzYBDrkfYwl7Tm-7TDGb8jco-a9\/view?usp=share_link\" target=\"_blank\" rel=\"noopener\">Portaria 17, de 23 de fevereiro de 2015<\/a> &#8211;<\/p>\n<p><a href=\"https:\/\/drive.google.com\/file\/d\/11O4facsTokq6Sm4U6T-bU8ZWoLNZE5b2\/view?usp=share_link\" target=\"_blank\" rel=\"noopener\">Portaria 16, de 20 de fevereiro 2015<\/a> &#8211;<\/p>\n<p><a href=\"https:\/\/drive.google.com\/file\/d\/1fXfsclhgXQgEx8IlyXPvpa8BuHAp0Dq6\/view?usp=share_link\" target=\"_blank\" rel=\"noopener\">Portaria 15, 20 de fevereiro de 2015<\/a> &#8211;<\/p>\n<p>Portaria 14, de\u00a0 de 2015 &#8211; <span style=\"background-color: #ffff00;\"><strong>NULL<\/strong><\/span><\/p>\n<p>Portaria 13, de\u00a0 de 2015 &#8211; <span style=\"background-color: #ffff00;\"><strong>NULL<\/strong><\/span><\/p>\n<p><a href=\"https:\/\/drive.google.com\/file\/d\/1LWCUAM2wA8khZybQU4j7GYEoOm3ITyU-\/view?usp=share_link\" target=\"_blank\" rel=\"noopener\">Portaria 12, 23 de fevereiro\u00a0 de 2015<\/a> &#8211;<\/p>\n<p>Portaria 11, de\u00a0 de 2015<span style=\"background-color: #ffff00;\"><strong> &#8211; NULL<\/strong><\/span><\/p>\n<p style=\"text-align: justify;\"><a href=\"https:\/\/drive.google.com\/file\/d\/1tJI0W4Yb8u2lsMsYzEKlr9QZXXfOMS5u\/view?usp=sharing\">Portaria n\u00b0 10, 09 de fevereiro de 2015 &#8211;<\/a> <strong>CONSTITUI<\/strong> Banca Examinadora da\u00a0 Tese do Doutorando Anderson Augusto Schock &#8211; Respostas fisiol\u00f3gicas em plantas jovens da <em>Jatropha\u00a0 curcas<\/em> L. ao alagamento e poss\u00edvel intera\u00e7\u00e3o com de estrobilurina.<\/p>\n<p style=\"text-align: justify;\"><a href=\"https:\/\/drive.google.com\/file\/d\/199YsqaVGWBwV13_wCFAPpOfzOMD90yqT\/view?usp=sharing\">Portaria n\u00b0 09, de<\/a><a href=\"https:\/\/drive.google.com\/file\/d\/199YsqaVGWBwV13_wCFAPpOfzOMD90yqT\/view?usp=sharing\">\u00a0<\/a><a href=\"https:\/\/drive.google.com\/file\/d\/159eBqdYPijf3ghfZ1xaVP7CcZ4BgCO3y\/view?usp=share_link\" target=\"_blank\" rel=\"noopener\"> 28 de agosto de 2014 (data errada na Portaria &#8211;<\/a> <strong>CONSTITUI<\/strong> Banca Examinadora da Disserta\u00e7\u00e3o do Mestrando Leticia Hellwig &#8211; Reavalia\u00e7\u00e3o do n\u00edvel de dano de<em> Spodoptera frugiperda<\/em> (J.E. Smith, 1797) (<strong>Lepidoptera: Noctuidae<\/strong>) em milho convencional e avalia\u00e7\u00e3o do ref\u00fagio no saco em terras baixas. <strong>Data errada mas Portaria de 2015<\/strong><\/p>\n<p style=\"text-align: justify;\"><a href=\"https:\/\/drive.google.com\/file\/d\/1Et9iNWmm15V-8mSsx6LoN0UxdFBl6nL6\/view?usp=share_link\" target=\"_blank\" rel=\"noopener\">Portaria n\u00b0 08, 09 dias do m\u00eas de fevereiro de 2015<\/a> &#8211; <strong>CONSTITUI<\/strong>\u00a0Banca Examinadora da Disserta\u00e7\u00e3o do Mestrando Cristiano Machado Teixeira\u00a0 &#8211; Chave taxon\u00f4mica interativa para formas imaturas das principais esp\u00e9cies de cole\u00f3pteros (Insecta) encontradas em gr\u00e3os armazenados.<\/p>\n<p style=\"text-align: justify;\"><a href=\"https:\/\/drive.google.com\/file\/d\/1yxZVFgu8lgGi1qo6YWFxl1i6pv6P45Ez\/view?usp=share_link\" target=\"_blank\" rel=\"noopener\">Portaria n\u00ba 07, de 09 de fevereiro de 2015<\/a> <strong>&#8211; CONSTITUI<\/strong> banca examinadora para o exame de qualifica\u00e7\u00e3o de Gabriela Peres Moraes &#8211; An\u00e1lise transcript\u00f4nica e prote\u00f4nica do perfil fisiol\u00f3gico da Sppatina altermiflora em busca de genes de toler\u00e2ncia \u00e0 salinidade.<\/p>\n<p>&nbsp;<\/p>\n<p style=\"text-align: justify;\"><a href=\"https:\/\/drive.google.com\/file\/d\/1AqEDtfcattYuYnedhfr7alPA9aNZE7te\/view?usp=share_link\" target=\"_blank\" rel=\"noopener\">Portaria n\u00b0 06, de 09 de fevereiro de 2015 &#8211;<\/a> <strong>CONSTITUI<\/strong> Banca Examinadora da\u00a0 Tese do Doutorando Davi Silva Dalberto &#8211; Estresses abi\u00f3ticos em plantas de<em> Ricinus communis<\/em> L.<\/p>\n<p style=\"text-align: justify;\"><a href=\"https:\/\/drive.google.com\/file\/d\/1Dts6c1-89QFi2KUd-5zdZbIqH6uE4rgW\/view?usp=share_link\" target=\"_blank\" rel=\"noopener\">Portaria n\u00b0 06, de 03 de fevereiro de 2015 &#8211;<\/a> <strong>AUTORIZA<\/strong> o afastamento do professos Marcos Antonio Baccarin para participar de Bancas de Defesas de Teses e\u00a0 Disserta\u00e7\u00f5es, reuni\u00f5es e semin\u00e1rios na Universidade Federal do Esp\u00edrito Santo.<\/p>\n<p style=\"text-align: justify;\"><a href=\"https:\/\/drive.google.com\/file\/d\/1dGY62487wxlpvhq13lpKh9KDTSbj4zOH\/view?usp=share_link\" target=\"_blank\" rel=\"noopener\">Portaria n\u00b0 05, de 28 de janeiro de 2015 &#8211;<\/a> <strong>CONSTITUI<\/strong> Banca Examinadora para a Defesa de Tese Doutorado de Alitcia Moraes Kreinowski\u00a0 Estudos Fisiol\u00f3gicos e Bioqu\u00edmicos e purifica\u00e7\u00e3o de Amarantina para aproveitamento de recursos biol\u00f3gicos de plantas do g\u00eanero <em>Alternanthera<\/em>.<\/p>\n<p style=\"text-align: justify;\"><a href=\"https:\/\/drive.google.com\/file\/d\/1Yp9R4Ri1cbk5ElFuf37cw3AJD1E8XV29\/view?usp=share_link\" target=\"_blank\" rel=\"noopener\">Portaria n\u00b0 04, 26 de janeiro de 2015 &#8211;<\/a><strong> CONSTITUI<\/strong> Banca Examinadora de Concurso P\u00fablico de Professor Substituto \u00e1rea de Fisiologia<\/p>\n<p style=\"text-align: justify;\">P<a href=\"https:\/\/drive.google.com\/file\/d\/1GOuFpUJfzopXypn1A0wkmIUj-T4Gqp5N\/view?usp=sharing\">ortaria n\u00b0 03, de 20 de janeiro de 2015 &#8211;<\/a> <strong>AUTORIZA<\/strong> afastamento de Francele Abreu Carlan para participar do XVII Curso de Ver\u00e3o em Biologia Celular e Molecular em Ribeir\u00e3o Preto.<\/p>\n<p style=\"text-align: justify;\"><a href=\"https:\/\/drive.google.com\/file\/d\/1g69TDNGZjWdctmT8v-tIJ1SqDc43FIB1\/view?usp=sharing\">Portaria n\u00b0 02, de o7 de janeiro de 2015 &#8211;<\/a> <strong>CONSTITUI<\/strong> Banca de Revis\u00e3o de Exame da disciplina de Gen\u00e9tica e Evolu\u00e7\u00e3o acad\u00eamica Carin Weiss<\/p>\n<p style=\"text-align: justify;\"><a href=\"https:\/\/drive.google.com\/file\/d\/1gYfj0Ofdklf9DPVOtX56EAuwAS7HULoP\/view?usp=sharing\">Portaria n\u00b0 01, de o6 de janeiro de 2015 &#8211;<\/a> <strong>AUTORIZA<\/strong> afastamento F\u00e1tima Tereza Alves Beira visita FURG<\/p>\n<p><span style=\"background-color: #ffff00;\"><a style=\"background-color: #ffff00;\" href=\"https:\/\/drive.google.com\/open?id=0Bxg5A28PhWRwcHVMYllYUGZiUW8\" target=\"_blank\" rel=\"noopener noreferrer\">2014<\/a><\/span><\/p>\n<p>&nbsp;<\/p>\n<p>&nbsp;<\/p>\n<p>&nbsp;<\/p>\n<p>&nbsp;<\/p>\n<p>&nbsp;<\/p>\n","protected":false},"excerpt":{"rendered":"<p>2026 &#8211;\u00a0 Portaria 65, de Portaria 64, de 23 de abril de 2026 &#8211; REVOGA a Portaria n\u00ba. 43, de\u00a019 de mar\u00e7o 2024\u00a0(2562694) e DESIGNA as professoras Raquel L\u00fcdtke (Titular) e Eugenia Jacira Bolacel Braga (suplente) como representantes da Classe dos Professores Titulares no Conselho Departamental do Instituto de Biologia. Portaria 63, de 23 de [&hellip;]<\/p>\n","protected":false},"author":488,"featured_media":0,"parent":0,"menu_order":0,"comment_status":"closed","ping_status":"closed","template":"","meta":{"jetpack_post_was_ever_published":false,"footnotes":""},"class_list":["post-502","page","type-page","status-publish","hentry"],"jetpack_sharing_enabled":true,"jetpack_shortlink":"https:\/\/wp.me\/P6S2gY-86","_links":{"self":[{"href":"https:\/\/wp.ufpel.edu.br\/ib\/wp-json\/wp\/v2\/pages\/502","targetHints":{"allow":["GET"]}}],"collection":[{"href":"https:\/\/wp.ufpel.edu.br\/ib\/wp-json\/wp\/v2\/pages"}],"about":[{"href":"https:\/\/wp.ufpel.edu.br\/ib\/wp-json\/wp\/v2\/types\/page"}],"author":[{"embeddable":true,"href":"https:\/\/wp.ufpel.edu.br\/ib\/wp-json\/wp\/v2\/users\/488"}],"replies":[{"embeddable":true,"href":"https:\/\/wp.ufpel.edu.br\/ib\/wp-json\/wp\/v2\/comments?post=502"}],"version-history":[{"count":4,"href":"https:\/\/wp.ufpel.edu.br\/ib\/wp-json\/wp\/v2\/pages\/502\/revisions"}],"predecessor-version":[{"id":6078,"href":"https:\/\/wp.ufpel.edu.br\/ib\/wp-json\/wp\/v2\/pages\/502\/revisions\/6078"}],"wp:attachment":[{"href":"https:\/\/wp.ufpel.edu.br\/ib\/wp-json\/wp\/v2\/media?parent=502"}],"curies":[{"name":"wp","href":"https:\/\/api.w.org\/{rel}","templated":true}]}}