{"id":5004,"date":"2024-04-24T15:34:36","date_gmt":"2024-04-24T18:34:36","guid":{"rendered":"https:\/\/wp.ufpel.edu.br\/ib\/?page_id=5004"},"modified":"2024-04-24T15:34:36","modified_gmt":"2024-04-24T18:34:36","slug":"laboratorio-de-dissecacao-de-grandes-animais-e-camara-fria-predio-20-ib","status":"publish","type":"page","link":"https:\/\/wp.ufpel.edu.br\/ib\/laboratorio-de-dissecacao-de-grandes-animais-e-camara-fria-predio-20-ib\/","title":{"rendered":"Laborat\u00f3rio de Disseca\u00e7\u00e3o de Grandes Animais e C\u00e2mara-Fria, pr\u00e9dio 20 \/IB"},"content":{"rendered":"<p>Respons\u00e1veis: Profa Ana Luisa Valente<br \/>\nAtuam tamb\u00e9m Prof. Tony Silveira, Prof. Althen Teixeira Filho, Tecn Wanderley Ara\u00fajo<br \/>\nDescri\u00e7\u00e3o:<br \/>\nLaborat\u00f3rio destinado a disseca\u00e7\u00e3o de animais de grande porte, apresenta f\u00e1cil acesso \u00e0 entrada desse tipo de animal devido amplo port\u00e3o. Conta com uma c\u00e2mara-fria para estocagem de material que aguarda processamento e bancadas laterais em granito para manuseio dos mesmos. Tamb\u00e9m possui uma mesa com ajuste de altura para disseca\u00e7\u00e3o de partes anatomicas in situ e cavalete met\u00e1lico para sustenta\u00e7\u00e3o de equino e bovinos na posi\u00e7\u00e3o de esta\u00e7\u00e3o. Apresenta alguns tanques com formol para fixa\u00e7\u00e3o de partes anat\u00f4micas e bombona de 50litros suspensa para inje\u00e7\u00e3o de formol nos casos de fixa\u00e7\u00e3o via vascular. Realiza-se nestes laborat\u00f3rios limpeza de ossos macerados biologicamente para montagem de esqueletos. Este laborat\u00f3rio \u00e9 de uso frequente e multidisciplinar contando com a c\u00e2mara-fria onde s\u00e3o estocados os cad\u00e1veres ou partes deles, mesmo quando o destino \u00e9 o descarte especializado.<\/p>\n<p style=\"text-align: center;\"><a href=\"https:\/\/wp.ufpel.edu.br\/ib\/files\/2024\/04\/disseccao-de-grandes-e-camara.jpg\"><img class=\"alignnone size-medium wp-image-5006\" src=\"https:\/\/wp.ufpel.edu.br\/ib\/files\/2024\/04\/disseccao-de-grandes-e-camara-400x310.jpg\" alt=\"\" width=\"400\" height=\"310\" srcset=\"https:\/\/wp.ufpel.edu.br\/ib\/files\/2024\/04\/disseccao-de-grandes-e-camara-400x310.jpg 400w, https:\/\/wp.ufpel.edu.br\/ib\/files\/2024\/04\/disseccao-de-grandes-e-camara-1024x795.jpg 1024w, https:\/\/wp.ufpel.edu.br\/ib\/files\/2024\/04\/disseccao-de-grandes-e-camara-768x596.jpg 768w, https:\/\/wp.ufpel.edu.br\/ib\/files\/2024\/04\/disseccao-de-grandes-e-camara.jpg 1336w\" sizes=\"(max-width: 400px) 100vw, 400px\" \/><\/a><\/p>\n","protected":false},"excerpt":{"rendered":"<p>Respons\u00e1veis: Profa Ana Luisa Valente Atuam tamb\u00e9m Prof. Tony Silveira, Prof. Althen Teixeira Filho, Tecn Wanderley Ara\u00fajo Descri\u00e7\u00e3o: Laborat\u00f3rio destinado a disseca\u00e7\u00e3o de animais de grande porte, apresenta f\u00e1cil acesso \u00e0 entrada desse tipo de animal devido amplo port\u00e3o. Conta com uma c\u00e2mara-fria para estocagem de material que aguarda processamento e bancadas laterais em granito [&hellip;]<\/p>\n","protected":false},"author":488,"featured_media":0,"parent":0,"menu_order":0,"comment_status":"closed","ping_status":"closed","template":"","meta":{"jetpack_post_was_ever_published":false,"footnotes":""},"class_list":["post-5004","page","type-page","status-publish","hentry"],"jetpack_sharing_enabled":true,"jetpack_shortlink":"https:\/\/wp.me\/P6S2gY-1iI","_links":{"self":[{"href":"https:\/\/wp.ufpel.edu.br\/ib\/wp-json\/wp\/v2\/pages\/5004","targetHints":{"allow":["GET"]}}],"collection":[{"href":"https:\/\/wp.ufpel.edu.br\/ib\/wp-json\/wp\/v2\/pages"}],"about":[{"href":"https:\/\/wp.ufpel.edu.br\/ib\/wp-json\/wp\/v2\/types\/page"}],"author":[{"embeddable":true,"href":"https:\/\/wp.ufpel.edu.br\/ib\/wp-json\/wp\/v2\/users\/488"}],"replies":[{"embeddable":true,"href":"https:\/\/wp.ufpel.edu.br\/ib\/wp-json\/wp\/v2\/comments?post=5004"}],"version-history":[{"count":1,"href":"https:\/\/wp.ufpel.edu.br\/ib\/wp-json\/wp\/v2\/pages\/5004\/revisions"}],"predecessor-version":[{"id":5007,"href":"https:\/\/wp.ufpel.edu.br\/ib\/wp-json\/wp\/v2\/pages\/5004\/revisions\/5007"}],"wp:attachment":[{"href":"https:\/\/wp.ufpel.edu.br\/ib\/wp-json\/wp\/v2\/media?parent=5004"}],"curies":[{"name":"wp","href":"https:\/\/api.w.org\/{rel}","templated":true}]}}