{"id":4669,"date":"2023-10-05T15:10:40","date_gmt":"2023-10-05T18:10:40","guid":{"rendered":"https:\/\/wp.ufpel.edu.br\/ib\/?page_id=4669"},"modified":"2023-10-05T15:10:43","modified_gmt":"2023-10-05T18:10:43","slug":"laboratorio-de-biologia-celular","status":"publish","type":"page","link":"https:\/\/wp.ufpel.edu.br\/ib\/laboratorios-didaticos\/laboratorio-de-biologia-celular\/","title":{"rendered":"Laborat\u00f3rio de Biologia Celular"},"content":{"rendered":"<p><a href=\"https:\/\/wp.ufpel.edu.br\/nulab\/files\/2016\/12\/P1010628.jpg\" target=\"_blank\" rel=\"noopener noreferrer\"><img class=\"alignnone wp-image-3403 size-thumbnail\" src=\"https:\/\/wp.ufpel.edu.br\/nulab\/files\/2016\/12\/P1010628-212x159.jpg\" sizes=\"(max-width: 200px) 100vw, 200px\" srcset=\"https:\/\/wp.ufpel.edu.br\/nulab\/files\/2016\/12\/P1010628-212x159.jpg 212w, https:\/\/wp.ufpel.edu.br\/nulab\/files\/2016\/12\/P1010628-424x318.jpg 424w, https:\/\/wp.ufpel.edu.br\/nulab\/files\/2016\/12\/P1010628-768x576.jpg 768w\" alt=\"p1010628\" width=\"200\" height=\"150\" \/><\/a><\/p>\n<p><strong>Unidade:<\/strong>\u00a0Instituto de Biologia (IB)<br \/>\n<strong>Curso:<\/strong>\u00a0Ci\u00eancias Biol\u00f3gicas \u2013 Licenciatura e Bacharelado, Farm\u00e1cia.<br \/>\n<strong>Website:<\/strong>\u00a0N\/D<br \/>\n<strong>C\u00f3digo NULAB:<\/strong>\u00a090285<\/p>\n<p><strong>Descri\u00e7\u00e3o\u00a0<\/strong><\/p>\n<p>No laborat\u00f3rio de Biologia celular s\u00e3o realizadas as aulas pr\u00e1ticas para os alunos dos cursos de gradua\u00e7\u00e3o da UFPel e alunos dos projetos de extens\u00e3o do Departamento de Morfologia. Propicia tamb\u00e9m suporte para os alunos do curso de Ci\u00eancias Biol\u00f3gicas desenvolverem pesquisas relacionadas a monografias e disserta\u00e7\u00f5es.<\/p>\n<p><strong>Localiza\u00e7\u00e3o<\/strong><br \/>\n<strong>Campus:<\/strong>\u00a0Fragata (Leiga)<br \/>\n<strong>Pr\u00e9dio\/Bloco:<\/strong>\u00a0Pr\u00e9dio da\u00a0Morfologia<br \/>\n<strong>Sala:<\/strong>\u00a04<\/p>\n<p><strong>Contato<\/strong><br \/>\n<strong>Nome:<\/strong>\u00a0Prof\u00aa.\u00a0Rosangela Ferreira Rodrigues<br \/>\n<strong>E-mail<\/strong>:\u00a0rosangelaferreirarodrigues@gmail.com, rfrf@ufpel.edu.br<\/p>\n<p><strong>Equipamentos<br \/>\n<\/strong>Micr\u00f3tonos<br \/>\nBanho-Maria<br \/>\nGeladeira<\/p>\n","protected":false},"excerpt":{"rendered":"<p>Unidade:\u00a0Instituto de Biologia (IB) Curso:\u00a0Ci\u00eancias Biol\u00f3gicas \u2013 Licenciatura e Bacharelado, Farm\u00e1cia. Website:\u00a0N\/D C\u00f3digo NULAB:\u00a090285 Descri\u00e7\u00e3o\u00a0 No laborat\u00f3rio de Biologia celular s\u00e3o realizadas as aulas pr\u00e1ticas para os alunos dos cursos de gradua\u00e7\u00e3o da UFPel e alunos dos projetos de extens\u00e3o do Departamento de Morfologia. Propicia tamb\u00e9m suporte para os alunos do curso de Ci\u00eancias Biol\u00f3gicas [&hellip;]<\/p>\n","protected":false},"author":488,"featured_media":0,"parent":516,"menu_order":0,"comment_status":"closed","ping_status":"closed","template":"","meta":{"jetpack_post_was_ever_published":false,"footnotes":""},"class_list":["post-4669","page","type-page","status-publish","hentry"],"jetpack_sharing_enabled":true,"jetpack_shortlink":"https:\/\/wp.me\/P6S2gY-1dj","_links":{"self":[{"href":"https:\/\/wp.ufpel.edu.br\/ib\/wp-json\/wp\/v2\/pages\/4669","targetHints":{"allow":["GET"]}}],"collection":[{"href":"https:\/\/wp.ufpel.edu.br\/ib\/wp-json\/wp\/v2\/pages"}],"about":[{"href":"https:\/\/wp.ufpel.edu.br\/ib\/wp-json\/wp\/v2\/types\/page"}],"author":[{"embeddable":true,"href":"https:\/\/wp.ufpel.edu.br\/ib\/wp-json\/wp\/v2\/users\/488"}],"replies":[{"embeddable":true,"href":"https:\/\/wp.ufpel.edu.br\/ib\/wp-json\/wp\/v2\/comments?post=4669"}],"version-history":[{"count":1,"href":"https:\/\/wp.ufpel.edu.br\/ib\/wp-json\/wp\/v2\/pages\/4669\/revisions"}],"predecessor-version":[{"id":4671,"href":"https:\/\/wp.ufpel.edu.br\/ib\/wp-json\/wp\/v2\/pages\/4669\/revisions\/4671"}],"up":[{"embeddable":true,"href":"https:\/\/wp.ufpel.edu.br\/ib\/wp-json\/wp\/v2\/pages\/516"}],"wp:attachment":[{"href":"https:\/\/wp.ufpel.edu.br\/ib\/wp-json\/wp\/v2\/media?parent=4669"}],"curies":[{"name":"wp","href":"https:\/\/api.w.org\/{rel}","templated":true}]}}