{"id":4534,"date":"2023-10-05T12:50:08","date_gmt":"2023-10-05T15:50:08","guid":{"rendered":"https:\/\/wp.ufpel.edu.br\/ib\/?page_id=4534"},"modified":"2023-10-05T12:50:11","modified_gmt":"2023-10-05T15:50:11","slug":"laboratorio-de-sistematica-de-fanerogamas","status":"publish","type":"page","link":"https:\/\/wp.ufpel.edu.br\/ib\/laboratorios-didaticos\/laboratorio-de-sistematica-de-fanerogamas\/","title":{"rendered":"Laborat\u00f3rio de Sistem\u00e1tica de Faner\u00f3gamas"},"content":{"rendered":"<p><strong><u>Unidade<\/u><\/strong><strong>:<\/strong>\u00a0Instituto de Biologia<\/p>\n<p><strong><u>Curso<\/u><\/strong>: Ci\u00eancias Biol\u00f3gicas (Licenciatura e Bacharelado) e Agronomia.<\/p>\n<p><strong><u>Website<\/u><\/strong>: \u2014<\/p>\n<p><strong><u>C\u00f3digo NULAB<\/u><\/strong><strong>:\u00a0<\/strong>\u2014<\/p>\n<p>&nbsp;<\/p>\n<p><strong><u>Descri\u00e7\u00e3o do laborat\u00f3rio<\/u><\/strong><strong>:\u00a0<\/strong>O Laborat\u00f3rio Sistem\u00e1tica de Faner\u00f3gamas (LANFAN) \u00e9 localizado junto \u00e0 sala de perman\u00eancia das Professoras Raquel L\u00fcdtke e Leila Macias e desenvolve atividades de ensino, pesquisa e extens\u00e3o nas seguintes linhas: Taxonomia de Faner\u00f3gamas, Levantamento Flor\u00edstico, Biologia Floral, e Ensino de Bot\u00e2nica.<\/p>\n<p><strong><u>\u00a0<\/u><\/strong><\/p>\n<p><strong><u>Localiza\u00e7\u00e3o<\/u><\/strong><\/p>\n<p>\u2013 Campus:Cap\u00e3o do Le\u00e3o<\/p>\n<p>\u2013 Pr\u00e9dio\/Bloco: 22<\/p>\n<p>&nbsp;<\/p>\n<p><strong><u>Contato<\/u><\/strong><\/p>\n<p>Nome do respons\u00e1vel: Prof\u00aa Raquel L\u00fcdtke<\/p>\n<p>Email: raquelludtke28@gmail.com<\/p>\n<p>&nbsp;<\/p>\n<p><strong><u>Equipamentos<\/u><\/strong><\/p>\n<p>Computadores e Impressoras<\/p>\n<p>Geladeira<\/p>\n<p>Paqu\u00edmetro<\/p>\n<p>M\u00e1quina fotogr\u00e1fica<\/p>\n<p>GPS<\/p>\n<p>Equipamentos de coleta de material bot\u00e2nico<\/p>\n<p><a href=\"https:\/\/wp.ufpel.edu.br\/nulab\/files\/2020\/09\/Plano-de-gerenciamento-de-residuos-LABFAN.pdf\">Plano de gerenciamento de res\u00edduos LABFAN<\/a>\u00a0<a href=\"https:\/\/wp.ufpel.edu.br\/nulab\/files\/2020\/09\/REGIMENTO-INTERNO-DO-LABORATORIO-DE-SISTEMATICA-DE-FANEROGAMAS.pdf\">REGIMENTO INTERNO DO LABORAT\u00d3RIO DE SISTEM\u00c1TICA DE FANER\u00d3GAMAS<\/a><\/p>\n","protected":false},"excerpt":{"rendered":"<p>Unidade:\u00a0Instituto de Biologia Curso: Ci\u00eancias Biol\u00f3gicas (Licenciatura e Bacharelado) e Agronomia. Website: \u2014 C\u00f3digo NULAB:\u00a0\u2014 &nbsp; Descri\u00e7\u00e3o do laborat\u00f3rio:\u00a0O Laborat\u00f3rio Sistem\u00e1tica de Faner\u00f3gamas (LANFAN) \u00e9 localizado junto \u00e0 sala de perman\u00eancia das Professoras Raquel L\u00fcdtke e Leila Macias e desenvolve atividades de ensino, pesquisa e extens\u00e3o nas seguintes linhas: Taxonomia de Faner\u00f3gamas, Levantamento Flor\u00edstico, Biologia [&hellip;]<\/p>\n","protected":false},"author":488,"featured_media":0,"parent":516,"menu_order":0,"comment_status":"closed","ping_status":"closed","template":"","meta":{"jetpack_post_was_ever_published":false,"footnotes":""},"class_list":["post-4534","page","type-page","status-publish","hentry"],"jetpack_sharing_enabled":true,"jetpack_shortlink":"https:\/\/wp.me\/P6S2gY-1b8","_links":{"self":[{"href":"https:\/\/wp.ufpel.edu.br\/ib\/wp-json\/wp\/v2\/pages\/4534","targetHints":{"allow":["GET"]}}],"collection":[{"href":"https:\/\/wp.ufpel.edu.br\/ib\/wp-json\/wp\/v2\/pages"}],"about":[{"href":"https:\/\/wp.ufpel.edu.br\/ib\/wp-json\/wp\/v2\/types\/page"}],"author":[{"embeddable":true,"href":"https:\/\/wp.ufpel.edu.br\/ib\/wp-json\/wp\/v2\/users\/488"}],"replies":[{"embeddable":true,"href":"https:\/\/wp.ufpel.edu.br\/ib\/wp-json\/wp\/v2\/comments?post=4534"}],"version-history":[{"count":1,"href":"https:\/\/wp.ufpel.edu.br\/ib\/wp-json\/wp\/v2\/pages\/4534\/revisions"}],"predecessor-version":[{"id":4536,"href":"https:\/\/wp.ufpel.edu.br\/ib\/wp-json\/wp\/v2\/pages\/4534\/revisions\/4536"}],"up":[{"embeddable":true,"href":"https:\/\/wp.ufpel.edu.br\/ib\/wp-json\/wp\/v2\/pages\/516"}],"wp:attachment":[{"href":"https:\/\/wp.ufpel.edu.br\/ib\/wp-json\/wp\/v2\/media?parent=4534"}],"curies":[{"name":"wp","href":"https:\/\/api.w.org\/{rel}","templated":true}]}}