{"id":33,"date":"2015-03-14T00:56:49","date_gmt":"2015-03-14T03:56:49","guid":{"rendered":"https:\/\/wp.ufpel.edu.br\/ib\/?page_id=33"},"modified":"2024-10-31T09:34:55","modified_gmt":"2024-10-31T12:34:55","slug":"comissoes-permanentes","status":"publish","type":"page","link":"https:\/\/wp.ufpel.edu.br\/ib\/comissoes-permanentes\/","title":{"rendered":"Comiss\u00f5es Permanentes"},"content":{"rendered":"<div id=\"yiv5596298873ecxyui_3_16_0_1_1450434740488_7479\">\n<p class=\"Texto_Justificado\"><strong>Comiss\u00e3o de Finan\u00e7as, Legisla\u00e7\u00e3o e Normas (CFLN) &#8211; (PORTARIA N\u00ba 59, DE 15 DE AGOSTO DE 2024 <a id=\"anchor3036555\" href=\"https:\/\/sei.ufpel.edu.br\/sei\/controlador.php?acao=arvore_visualizar&amp;acao_origem=procedimento_visualizar&amp;id_procedimento=1859480&amp;id_documento=3036555&amp;infra_sistema=100000100&amp;infra_unidade_atual=110000218&amp;infra_hash=d4bc027300415ff1b001da6c1c016fe0687c7b398f03b46c0340269e8279230f\" target=\"ifrVisualizacao\" rel=\"noopener\"><span id=\"span3036555\" class=\"infraArvoreNoSelecionado\" title=\"Portaria Interna 59 (2708167)\">270816<\/span><\/a>7, revogada pela PORTARIA N\u00ba 68, de 30 de outubro DE 2024 &#8211;<b>2809744<\/b>)<\/strong><\/p>\n<p class=\"Texto_Justificado\" style=\"text-align: left;\">\u00a0 \u00a0 \u00a0 \u00a0 \u00a0 \u00a0 \u00a0 \u00a0 \u00a0 \u00a0 \u00a0 \u00a0 \u00a0 \u00a0 \u00a0 \u00a0 \u00a0 \u00a0 \u00a0 \u00a0 \u00a0 \u00a0 \u00a0 \u00a0 \u00a0 \u00a0 \u00a0 \u00a0 \u00a0 \u00a0 \u00a0 \u00a0&#8211; Prof. Gilson de Mendon\u00e7a (Presidente &#8211; DFF)<\/p>\n<p class=\"Texto_Justificado\" style=\"text-align: left;\">\u00a0 \u00a0 \u00a0 \u00a0 \u00a0 \u00a0 \u00a0 \u00a0 \u00a0 \u00a0 \u00a0 \u00a0 \u00a0 \u00a0 \u00a0 \u00a0 \u00a0 \u00a0 \u00a0 \u00a0 \u00a0 \u00a0 \u00a0 \u00a0 \u00a0 \u00a0 \u00a0 \u00a0 \u00a0 \u00a0 \u00a0 \u00a0 &#8211; Prof.a. Raquel L\u00fcdtke (DB)<\/p>\n<p class=\"Texto_Justificado\" style=\"text-align: left;\">\u00a0 \u00a0 \u00a0 \u00a0 \u00a0 \u00a0 \u00a0 \u00a0 \u00a0 \u00a0 \u00a0 \u00a0 \u00a0 \u00a0 \u00a0 \u00a0 \u00a0 \u00a0 \u00a0 \u00a0 \u00a0 \u00a0 \u00a0 \u00a0 \u00a0 \u00a0 \u00a0 \u00a0 \u00a0 \u00a0 \u00a0 \u00a0 \u00a0&#8211; T\u00e9c. Lab. Luis Augusto Xavier Cruz\u00a0 (TAE &#8211; NURFS)<\/p>\n<p class=\"Texto_Justificado\"><strong>Comiss\u00e3o de Ensino e Extens\u00e3o (CEE) &#8211; (PORTARIA N\u00ba 59, DE 15 DE AGOSTO DE 2024, <a id=\"anchor3036555\" href=\"https:\/\/sei.ufpel.edu.br\/sei\/controlador.php?acao=arvore_visualizar&amp;acao_origem=procedimento_visualizar&amp;id_procedimento=1859480&amp;id_documento=3036555&amp;infra_sistema=100000100&amp;infra_unidade_atual=110000218&amp;infra_hash=d4bc027300415ff1b001da6c1c016fe0687c7b398f03b46c0340269e8279230f\" target=\"ifrVisualizacao\" rel=\"noopener\"><span id=\"span3036555\" class=\"infraArvoreNoSelecionado\" title=\"Portaria Interna 59 (2708167)\">270816<\/span><\/a>7, revogada pela PORTARIA N\u00ba 68, de 30 de outubro DE 2024 &#8211;<b>2809744<\/b>))<\/strong><\/p>\n<p class=\"Texto_Justificado\">\u00a0 \u00a0 \u00a0 \u00a0 \u00a0 \u00a0 \u00a0 \u00a0 \u00a0 \u00a0 \u00a0 \u00a0 \u00a0 \u00a0 \u00a0 \u00a0 \u00a0 \u00a0 \u00a0 \u00a0 \u00a0 \u00a0 \u00a0 \u00a0 \u00a0 \u00a0 \u00a0 \u00a0 \u00a0 \u00a0 \u00a0 &#8211; Prof. Monica Laner Blauth Presidente &#8211; DEZG)<\/p>\n<p class=\"Texto_Justificado\">\u00a0 \u00a0 \u00a0 \u00a0 \u00a0 \u00a0 \u00a0 \u00a0 \u00a0 \u00a0 \u00a0 \u00a0 \u00a0 \u00a0 \u00a0 \u00a0 \u00a0 \u00a0 \u00a0 \u00a0 \u00a0 \u00a0 \u00a0 \u00a0 \u00a0 \u00a0 \u00a0 \u00a0 \u00a0 \u00a0 \u00a0 &#8211; Prof. Cristiano Agra Iserhard (Presidente -(DEZG)<\/p>\n<p class=\"Texto_Justificado\">\u00a0 \u00a0 \u00a0 \u00a0 \u00a0 \u00a0 \u00a0 \u00a0 \u00a0 \u00a0 \u00a0 \u00a0 \u00a0 \u00a0 \u00a0 \u00a0 \u00a0 \u00a0 \u00a0 \u00a0 \u00a0 \u00a0 \u00a0 \u00a0 \u00a0 \u00a0 \u00a0 \u00a0 \u00a0 \u00a0 \u00a0\u00a0&#8211;\u00a0Prof. Albino Magalh\u00e3es Neto\u00a0(DMP)<\/p>\n<p class=\"Texto_Justificado\"><strong>Comiss\u00e3o de Pesquisa (CP) &#8211; (PORTARIA N\u00ba 59, DE 15 DE AGOSTO DE 2024, <a id=\"anchor3036555\" href=\"https:\/\/sei.ufpel.edu.br\/sei\/controlador.php?acao=arvore_visualizar&amp;acao_origem=procedimento_visualizar&amp;id_procedimento=1859480&amp;id_documento=3036555&amp;infra_sistema=100000100&amp;infra_unidade_atual=110000218&amp;infra_hash=d4bc027300415ff1b001da6c1c016fe0687c7b398f03b46c0340269e8279230f\" target=\"ifrVisualizacao\" rel=\"noopener\"><span id=\"span3036555\" class=\"infraArvoreNoSelecionado\" title=\"Portaria Interna 59 (2708167)\">270816<\/span><\/a>7, revogada pela PORTARIA N\u00ba 68, de 30 de outubro DE 2024 &#8211;<b>2809744<\/b>))<\/strong><\/p>\n<p class=\"Texto_Justificado\">\u00a0 \u00a0 \u00a0 \u00a0 \u00a0 \u00a0 \u00a0 \u00a0 \u00a0 \u00a0 \u00a0 \u00a0 \u00a0 \u00a0 \u00a0 \u00a0 \u00a0 \u00a0 \u00a0 \u00a0 \u00a0 \u00a0 \u00a0 \u00a0 \u00a0 \u00a0 \u00a0 \u00a0 \u00a0 \u00a0\u00a0 &#8211; Prof.\u00aa.Bruna Ferrary Deniz (Presidente &#8211; DFF)<\/p>\n<p class=\"Texto_Justificado\">\u00a0 \u00a0 \u00a0 \u00a0 \u00a0 \u00a0 \u00a0 \u00a0 \u00a0 \u00a0 \u00a0 \u00a0 \u00a0 \u00a0 \u00a0 \u00a0 \u00a0 \u00a0 \u00a0 \u00a0 \u00a0 \u00a0 \u00a0 \u00a0 \u00a0 \u00a0 \u00a0 \u00a0 \u00a0 \u00a0 \u00a0&#8211; Prof.a. Ana Paula Nunes (DM)<\/p>\n<p class=\"Texto_Justificado\">\u00a0 \u00a0 \u00a0 \u00a0 \u00a0 \u00a0 \u00a0 \u00a0 \u00a0 \u00a0 \u00a0 \u00a0 \u00a0 \u00a0 \u00a0 \u00a0 \u00a0 \u00a0 \u00a0 \u00a0 \u00a0 \u00a0 \u00a0 \u00a0 \u00a0 \u00a0 \u00a0 \u00a0 \u00a0 \u00a0 \u00a0&#8211; Bi\u00f3logo Felipe Diehl (TAE &#8211; DEZG)<\/p>\n<p class=\"Texto_Justificado\"><strong>Comiss\u00e3o de Aloca\u00e7\u00e3o de Vagas Docentes (CAVD) &#8211; (PORTARIA N\u00ba 59, DE 15 DE AGOSTO DE 2024, <a id=\"anchor3036555\" href=\"https:\/\/sei.ufpel.edu.br\/sei\/controlador.php?acao=arvore_visualizar&amp;acao_origem=procedimento_visualizar&amp;id_procedimento=1859480&amp;id_documento=3036555&amp;infra_sistema=100000100&amp;infra_unidade_atual=110000218&amp;infra_hash=d4bc027300415ff1b001da6c1c016fe0687c7b398f03b46c0340269e8279230f\" target=\"ifrVisualizacao\" rel=\"noopener\"><span id=\"span3036555\" class=\"infraArvoreNoSelecionado\" title=\"Portaria Interna 59 (2708167)\">270816<\/span><\/a>7, revogada pela PORTARIA N\u00ba 68, de 30 de outubro DE 2024 &#8211;<b>2809744<\/b>))<\/strong><\/p>\n<p class=\"Texto_Justificado\">\u00a0 \u00a0 \u00a0 \u00a0 \u00a0 \u00a0 \u00a0 \u00a0 \u00a0 \u00a0 \u00a0 \u00a0 \u00a0 \u00a0 \u00a0 \u00a0 \u00a0 \u00a0 \u00a0 \u00a0 \u00a0 \u00a0 \u00a0 \u00a0 \u00a0 \u00a0 \u00a0 \u00a0 \u00a0 \u00a0 \u00a0 &#8211; Prof. Gilson de Mendon\u00e7a (Presidente &#8211; DFF)<\/p>\n<p class=\"Texto_Justificado\">\u00a0 \u00a0 \u00a0 \u00a0 \u00a0 \u00a0 \u00a0 \u00a0 \u00a0 \u00a0 \u00a0 \u00a0 \u00a0 \u00a0 \u00a0 \u00a0 \u00a0 \u00a0 \u00a0 \u00a0 \u00a0 \u00a0 \u00a0 \u00a0 \u00a0 \u00a0 \u00a0 \u00a0 \u00a0 \u00a0 \u00a0\u00a0 &#8211;\u00a0Prof.<sup>a<\/sup>\u00a0Laura Beatriz Botafogo de Oliveira\u00a0(DM)<\/p>\n<p class=\"Texto_Justificado\">\u00a0 \u00a0 \u00a0 \u00a0 \u00a0 \u00a0 \u00a0 \u00a0 \u00a0 \u00a0 \u00a0 \u00a0 \u00a0 \u00a0 \u00a0 \u00a0 \u00a0 \u00a0 \u00a0 \u00a0 \u00a0 \u00a0 \u00a0 \u00a0 \u00a0 \u00a0 \u00a0 \u00a0 \u00a0 \u00a0 \u00a0 \u00a0&#8211; Prof. Albino Magalh\u00e3es Neto (DMP)<\/p>\n<p class=\"Texto_Justificado\">\u00a0 \u00a0 \u00a0 \u00a0 \u00a0 \u00a0 \u00a0 \u00a0 \u00a0 \u00a0 \u00a0 \u00a0 \u00a0 \u00a0 \u00a0 \u00a0 \u00a0 \u00a0 \u00a0 \u00a0 \u00a0 \u00a0 \u00a0 \u00a0 \u00a0 \u00a0 \u00a0 \u00a0 \u00a0 \u00a0 \u00a0 \u00a0&#8211; Prof.a. Francele de Abreu Carlan (DMP)<\/p>\n<p class=\"Texto_Justificado\">\u00a0 \u00a0 \u00a0 \u00a0 \u00a0 \u00a0 \u00a0 \u00a0 \u00a0 \u00a0 \u00a0 \u00a0 \u00a0 \u00a0 \u00a0 \u00a0 \u00a0 \u00a0 \u00a0 \u00a0 \u00a0 \u00a0 \u00a0 \u00a0 \u00a0 \u00a0 \u00a0 \u00a0 \u00a0 \u00a0 \u00a0\u00a0 &#8211; Prof.<sup>a<\/sup>\u00a0Monica Laner Blauth (DEZG)<\/p>\n<p class=\"Texto_Justificado\">\u00a0 \u00a0 \u00a0 \u00a0 \u00a0 \u00a0 \u00a0 \u00a0 \u00a0 \u00a0 \u00a0 \u00a0 \u00a0 \u00a0 \u00a0 \u00a0 \u00a0 \u00a0 \u00a0 \u00a0 \u00a0 \u00a0 \u00a0 \u00a0 \u00a0 \u00a0 \u00a0 \u00a0 \u00a0 \u00a0 \u00a0 \u00a0&#8211; Prof.a. Raquel L\u00fcdtke (DB)<\/p>\n<p class=\"Texto_Justificado\">\u00a0 \u00a0 \u00a0 \u00a0 \u00a0 \u00a0 \u00a0 \u00a0 \u00a0 \u00a0 \u00a0 \u00a0 \u00a0 \u00a0 \u00a0 \u00a0 \u00a0 \u00a0 \u00a0 \u00a0 \u00a0 \u00a0 \u00a0 \u00a0 \u00a0 \u00a0 \u00a0 \u00a0 \u00a0 \u00a0 \u00a0 \u00a0 &#8211; Ass. Adm. Rosane Schubert (TAE &#8211; Chefe NAdm\/IB<\/p>\n<p><strong>Comiss\u00e3o Tempor\u00e1ria de Acompanhamento do Plano de Desenvolvimento Institucional (CTAPDU)\u00a0 &#8211; (PORTARIA N\u00ba 59, DE 15 DE AGOSTO DE 2024,, <a id=\"anchor3036555\" href=\"https:\/\/sei.ufpel.edu.br\/sei\/controlador.php?acao=arvore_visualizar&amp;acao_origem=procedimento_visualizar&amp;id_procedimento=1859480&amp;id_documento=3036555&amp;infra_sistema=100000100&amp;infra_unidade_atual=110000218&amp;infra_hash=d4bc027300415ff1b001da6c1c016fe0687c7b398f03b46c0340269e8279230f\" target=\"ifrVisualizacao\" rel=\"noopener\"><span id=\"span3036555\" class=\"infraArvoreNoSelecionado\" title=\"Portaria Interna 59 (2708167)\">270816<\/span><\/a>7, revogada pela PORTARIA N\u00ba 68, de 30 de outubro DE 2024 &#8211;<b>2809744<\/b>))<\/strong><\/p>\n<p style=\"text-align: justify;\">\u00a0 \u00a0 \u00a0 \u00a0 \u00a0 \u00a0 \u00a0 \u00a0 \u00a0 \u00a0 \u00a0 \u00a0 \u00a0 \u00a0 \u00a0 \u00a0 \u00a0 \u00a0 \u00a0&#8211; Prof. Gustavo Maia Souza (Presidente &#8211; DB)<\/p>\n<p style=\"text-align: justify;\">\u00a0 \u00a0 \u00a0 \u00a0 \u00a0 \u00a0 \u00a0 \u00a0 \u00a0 \u00a0 \u00a0 \u00a0 \u00a0 \u00a0 \u00a0 \u00a0 \u00a0 \u00a0 \u00a0&#8211; Prof.a. Beatriz Helena Gomes Rocha (Coordenadora do Colegiado de Cursos de Gradua\u00e7\u00e3o Ci\u00eancias Biol\u00f3gicas)<\/p>\n<p style=\"text-align: justify;\">\u00a0 \u00a0 \u00a0 \u00a0 \u00a0 \u00a0 \u00a0 \u00a0 \u00a0 \u00a0 \u00a0 \u00a0 \u00a0 \u00a0 \u00a0 \u00a0 \u00a0 \u00a0 \u00a0 &#8211; Prof. Gilson de Mendon\u00e7a (Vice-Diretor)<\/p>\n<p style=\"text-align: justify;\">\u00a0 \u00a0 \u00a0 \u00a0 \u00a0 \u00a0 \u00a0 \u00a0 \u00a0 \u00a0 \u00a0 \u00a0 \u00a0 \u00a0 \u00a0 \u00a0 \u00a0 \u00a0 \u00a0 &#8211; TAE Diego Moreira de Souza (DFF)<\/p>\n<p style=\"text-align: justify;\">\u00a0 \u00a0 \u00a0 \u00a0 \u00a0 \u00a0 \u00a0 \u00a0 \u00a0 \u00a0 \u00a0 \u00a0 \u00a0 \u00a0 \u00a0 \u00a0 \u00a0 \u00a0 \u00a0 &#8211; Acad\u00eamico Victor Kenzo Fernandes Tanaka (Titular, CABio)<\/p>\n<p style=\"text-align: justify;\">\u00a0 \u00a0 \u00a0 \u00a0 \u00a0 \u00a0 \u00a0 \u00a0 \u00a0 \u00a0 \u00a0 \u00a0 \u00a0 \u00a0 \u00a0 \u00a0 \u00a0 \u00a0 \u00a0 &#8211; Acad\u00eamica Amanda Vict\u00f3ria Neumann (Suplente, CABio)<\/p>\n<p style=\"text-align: justify;\">\u00a0 \u00a0 \u00a0 \u00a0 \u00a0 \u00a0 \u00a0 \u00a0 \u00a0 \u00a0 \u00a0 \u00a0 \u00a0 \u00a0 \u00a0 \u00a0 \u00a0 \u00a0 \u00a0 &#8211; Acad\u00eamico Vin\u00edcius da Costa Rodrigues (Suplente, CABio)<\/p>\n<\/div>\n","protected":false},"excerpt":{"rendered":"<p>Comiss\u00e3o de Finan\u00e7as, Legisla\u00e7\u00e3o e Normas (CFLN) &#8211; (PORTARIA N\u00ba 59, DE 15 DE AGOSTO DE 2024 2708167, revogada pela PORTARIA N\u00ba 68, de 30 de outubro DE 2024 &#8211;2809744) \u00a0 \u00a0 \u00a0 \u00a0 \u00a0 \u00a0 \u00a0 \u00a0 \u00a0 \u00a0 \u00a0 \u00a0 \u00a0 \u00a0 \u00a0 \u00a0 \u00a0 \u00a0 \u00a0 \u00a0 \u00a0 \u00a0 \u00a0 \u00a0 \u00a0 [&hellip;]<\/p>\n","protected":false},"author":488,"featured_media":0,"parent":0,"menu_order":0,"comment_status":"closed","ping_status":"closed","template":"","meta":{"jetpack_post_was_ever_published":false,"footnotes":""},"class_list":["post-33","page","type-page","status-publish","hentry"],"jetpack_sharing_enabled":true,"jetpack_shortlink":"https:\/\/wp.me\/P6S2gY-x","_links":{"self":[{"href":"https:\/\/wp.ufpel.edu.br\/ib\/wp-json\/wp\/v2\/pages\/33","targetHints":{"allow":["GET"]}}],"collection":[{"href":"https:\/\/wp.ufpel.edu.br\/ib\/wp-json\/wp\/v2\/pages"}],"about":[{"href":"https:\/\/wp.ufpel.edu.br\/ib\/wp-json\/wp\/v2\/types\/page"}],"author":[{"embeddable":true,"href":"https:\/\/wp.ufpel.edu.br\/ib\/wp-json\/wp\/v2\/users\/488"}],"replies":[{"embeddable":true,"href":"https:\/\/wp.ufpel.edu.br\/ib\/wp-json\/wp\/v2\/comments?post=33"}],"version-history":[{"count":40,"href":"https:\/\/wp.ufpel.edu.br\/ib\/wp-json\/wp\/v2\/pages\/33\/revisions"}],"predecessor-version":[{"id":5370,"href":"https:\/\/wp.ufpel.edu.br\/ib\/wp-json\/wp\/v2\/pages\/33\/revisions\/5370"}],"wp:attachment":[{"href":"https:\/\/wp.ufpel.edu.br\/ib\/wp-json\/wp\/v2\/media?parent=33"}],"curies":[{"name":"wp","href":"https:\/\/api.w.org\/{rel}","templated":true}]}}