{"id":202,"date":"2015-08-15T22:19:27","date_gmt":"2015-08-16T01:19:27","guid":{"rendered":"https:\/\/wp.ufpel.edu.br\/ib\/?page_id=202"},"modified":"2016-02-07T02:52:00","modified_gmt":"2016-02-07T04:52:00","slug":"ana-luisa-schifino-valente","status":"publish","type":"page","link":"https:\/\/wp.ufpel.edu.br\/ib\/ana-luisa-schifino-valente\/","title":{"rendered":"Ana Luisa Schifino Valente"},"content":{"rendered":"<p style=\"line-height: 18.0pt\"><strong><span style=\"font-family: 'Georgia',serif;color: #333333\">Ana Luisa Schifino Valente &#8211;<\/span><\/strong><span class=\"apple-converted-space\"><span style=\"font-family: 'Georgia',serif;color: #333333\">\u00a0<\/span><\/span><span style=\"font-family: 'Georgia',serif;color: #333333\">Professor\u00a0Associado<\/span><\/p>\n<p><strong>Pr\u00e9dio:<\/strong> 20 (<em>Campus<\/em> Cap\u00e3o do Le\u00e3o)<\/p>\n<p style=\"line-height: 18.0pt;text-align: start\"><strong><span style=\"font-family: 'Georgia',serif;color: #333333\">Sala:<\/span><\/strong><span class=\"apple-converted-space\"><span style=\"font-family: 'Georgia',serif;color: #333333\">\u00a0Identifica\u00e7\u00e3o na porta<\/span><\/span><\/p>\n<p style=\"line-height: 18.0pt;text-align: start\"><strong><span style=\"font-family: 'Georgia',serif;color: #333333\">Endere\u00e7os eletr\u00f4nicos: <\/span><\/strong><span style=\"font-family: 'Georgia',serif;color: #333333\">schifinoval@hotmail.com<\/span><\/p>\n<p style=\"line-height: 18.0pt;text-align: start\"><strong><span style=\"font-family: 'Georgia',serif;color: #333333\"><a href=\"http:\/\/lattes.cnpq.br\/6364339737843541\" target=\"_blank\">Lattes<\/a><\/span><\/strong><\/p>\n<p style=\"line-height: 18.0pt;text-align: start\">\n<p style=\"line-height: 18.0pt;text-align: start\"><strong><span style=\"font-family: 'Georgia',serif;color: #333333\">Disciplinas:<\/span><\/strong><span style=\"font-family: 'Georgia',serif;color: #333333\"><br \/>\n<\/span><\/p>\n<p style=\"line-height: 18.0pt;text-align: start\"><span style=\"font-family: 'Georgia',serif;color: #333333\"><em>Gradua\u00e7\u00e3o<\/em><br \/>\n<\/span><\/p>\n<p style=\"line-height: 18.0pt;text-align: start\"><span style=\"font-family: 'Georgia',serif;color: #333333\">&#8211; Anatomia dos Animais Dom\u00e9sticos I<br \/>\n<\/span><\/p>\n<p style=\"line-height: 18.0pt;text-align: start\"><span style=\"font-family: 'Georgia',serif;color: #333333\">&#8211; Forma\u00e7\u00e3o Complementar em Anatomia Animal<br \/>\n<\/span><\/p>\n<p style=\"line-height: 18.0pt;text-align: start\"><span style=\"font-family: 'Georgia',serif;color: #333333\">&#8211; Anatomia dos Animais Dom\u00e9sticos II<br \/>\n<\/span><\/p>\n<p style=\"line-height: 18.0pt;text-align: start\"><span style=\"font-family: 'Georgia',serif;color: #333333\">&#8211; Anatomia dos Animais de Produ\u00e7\u00e3o I<br \/>\n<\/span><\/p>\n<p style=\"line-height: 18.0pt;text-align: start\"><span style=\"font-family: 'Georgia',serif;color: #333333\">&#8211; Anatomia dos Animais de Produ\u00e7\u00e3o II<br \/>\n<\/span><\/p>\n<p style=\"line-height: 18.0pt;text-align: start\"><span style=\"font-family: 'Georgia',serif;color: #333333\">&#8211; Anatomia Animal Comparada<\/span><\/p>\n<p style=\"line-height: 18.0pt;text-align: start\">\n<p style=\"line-height: 18.0pt;text-align: start\"><strong><span style=\"font-family: 'Georgia',serif;color: #333333\">Linhas de pesquisa:<\/span><\/strong><span style=\"font-family: 'Georgia',serif;color: #333333\"><br \/>\n<\/span><\/p>\n<p style=\"line-height: 18.0pt;text-align: start\"><span style=\"font-family: 'Georgia',serif;color: #333333\">&#8211; Morfologia de animais silvestres e marinhos<br \/>\n<\/span><\/p>\n<p style=\"line-height: 18.0pt;text-align: start\"><span style=\"font-family: 'Georgia',serif;color: #333333\">&#8211; Diagn\u00f3stico por imagem em animais silvestres e marinhos<br \/>\n<\/span><\/p>\n<p style=\"line-height: 18.0pt;text-align: start\"><span style=\"font-family: 'Georgia',serif;color: #333333\">&#8211; Parasitologia de animais marinhos<\/span><\/p>\n","protected":false},"excerpt":{"rendered":"<p>Ana Luisa Schifino Valente &#8211;\u00a0Professor\u00a0Associado Pr\u00e9dio: 20 (Campus Cap\u00e3o do Le\u00e3o) Sala:\u00a0Identifica\u00e7\u00e3o na porta Endere\u00e7os eletr\u00f4nicos: schifinoval@hotmail.com Lattes Disciplinas: Gradua\u00e7\u00e3o &#8211; Anatomia dos Animais Dom\u00e9sticos I &#8211; Forma\u00e7\u00e3o Complementar em Anatomia Animal &#8211; Anatomia dos Animais Dom\u00e9sticos II &#8211; Anatomia dos Animais de Produ\u00e7\u00e3o I &#8211; Anatomia dos Animais de Produ\u00e7\u00e3o II &#8211; Anatomia Animal [&hellip;]<\/p>\n","protected":false},"author":488,"featured_media":0,"parent":0,"menu_order":0,"comment_status":"closed","ping_status":"closed","template":"","meta":{"jetpack_post_was_ever_published":false,"footnotes":""},"class_list":["post-202","page","type-page","status-publish","hentry"],"jetpack_sharing_enabled":true,"jetpack_shortlink":"https:\/\/wp.me\/P6S2gY-3g","_links":{"self":[{"href":"https:\/\/wp.ufpel.edu.br\/ib\/wp-json\/wp\/v2\/pages\/202","targetHints":{"allow":["GET"]}}],"collection":[{"href":"https:\/\/wp.ufpel.edu.br\/ib\/wp-json\/wp\/v2\/pages"}],"about":[{"href":"https:\/\/wp.ufpel.edu.br\/ib\/wp-json\/wp\/v2\/types\/page"}],"author":[{"embeddable":true,"href":"https:\/\/wp.ufpel.edu.br\/ib\/wp-json\/wp\/v2\/users\/488"}],"replies":[{"embeddable":true,"href":"https:\/\/wp.ufpel.edu.br\/ib\/wp-json\/wp\/v2\/comments?post=202"}],"version-history":[{"count":4,"href":"https:\/\/wp.ufpel.edu.br\/ib\/wp-json\/wp\/v2\/pages\/202\/revisions"}],"predecessor-version":[{"id":844,"href":"https:\/\/wp.ufpel.edu.br\/ib\/wp-json\/wp\/v2\/pages\/202\/revisions\/844"}],"wp:attachment":[{"href":"https:\/\/wp.ufpel.edu.br\/ib\/wp-json\/wp\/v2\/media?parent=202"}],"curies":[{"name":"wp","href":"https:\/\/api.w.org\/{rel}","templated":true}]}}