{"id":1519,"date":"2019-04-30T12:05:25","date_gmt":"2019-04-30T15:05:25","guid":{"rendered":"https:\/\/wp.ufpel.edu.br\/ib\/?page_id=1519"},"modified":"2025-12-01T09:37:12","modified_gmt":"2025-12-01T12:37:12","slug":"nucleo-administrativo-do-instituto-de-biologia","status":"publish","type":"page","link":"https:\/\/wp.ufpel.edu.br\/ib\/nucleo-administrativo-do-instituto-de-biologia\/","title":{"rendered":"N\u00facleo Administrativo do Instituto de Biologia"},"content":{"rendered":"<p><span style=\"font-size: 18pt;\">Dire\u00e7\u00e3o do IB &#8211;<\/span><\/p>\n<p><a href=\"http:\/\/lattes.cnpq.br\/7956000492760191\">Prof. Dr. Luiz Fernando Minello<\/a> &#8211;\u00a0Diretor<\/p>\n<p>Prof. Dr. <a href=\"http:\/\/lattes.cnpq.br\/6921427427201791\">Gilson de Mendon\u00e7a<\/a> &#8211;\u00a0Vice-diretor<\/p>\n<p>Assistente Administrativo <a href=\"http:\/\/lattes.cnpq.br\/6591450143675198\">Rosane Schubert<\/a> &#8211;\u00a0Chefe do N\u00facleo Administrativo<\/p>\n<p><strong>Endere\u00e7o<\/strong><\/p>\n<p>Pr\u00e9dio 14, Campus Universit\u00e1rio Cap\u00e3o do Le\u00e3o, S\/N, Travessa Andr\u00e9 Dreyfuss, s\/n.<\/p>\n<p>CEP 96160-000 &#8211; Cap\u00e3o do Le\u00e3o &#8211; RS &#8211; Brasil &#8211; Fone: (53) 3275-7335<\/p>\n<p><strong>E-mails:\u00a0<\/strong>institutodebiologia@hotmail.com,\u00a0biologia@ufpel.edu.br<\/p>\n<p>&nbsp;<\/p>\n<p><span style=\"font-size: 18pt;\"><strong>N\u00facleo Administrativo -IB<\/strong><\/span><\/p>\n<p><a href=\"http:\/\/lattes.cnpq.br\/6591450143675198\">Rosane Schubert<\/a> &#8211;\u00a0Chefe do N\u00facleo Administrativo<\/p>\n<p><a href=\"http:\/\/buscatextual.cnpq.br\/buscatextual\/visualizacv.do?metodo=apresentar&amp;id=K8690030H6\">Fabio da Silva Iriart\u00a0<\/a> &#8211; NADM-IB \/DB (Chefe substituto do N\u00facleo Administrativo 2025, Portaria 1228, de 03 de abril de 2025, SEI 3013490)<\/p>\n<p><a href=\"https:\/\/institucional.ufpel.edu.br\/servidores\/siape\/2547904\" target=\"_blank\" rel=\"noopener noreferrer\">Michele Pepe Cerqueira<\/a> &#8211; DFF &#8211; Chefe substituto do N\u00facleo Administrativo (Portaria N\u00ba 927, de 22 de maio de 2020, 0955003 e PORTARIA N\u00ba 190, de 24 de janeiro de 2020, 0853890) (Sa\u00edda PORTARIA DE PESSOAL N\u00ba 1227\/UFPEL, DE 03 DE ABRIL DE 2025, 3013491)<\/p>\n<p><strong>Servidores &#8211;<\/strong><\/p>\n<p><span style=\"font-size: 12pt;\"><a href=\"http:\/\/lattes.cnpq.br\/7595654994439371\" target=\"_blank\" rel=\"noopener noreferrer\">Josiane Nunes dos Santos<\/a><\/span> &#8211; NADM-IB<\/p>\n<p><a href=\"http:\/\/lattes.cnpq.br\/8131176137116466\" target=\"_blank\" rel=\"noopener noreferrer\">Cristina Ferreira Larre<\/a> &#8211; DB<\/p>\n<p><a href=\"http:\/\/buscatextual.cnpq.br\/buscatextual\/visualizacv.do?metodo=apresentar&amp;id=K8690030H6\">Fabio da Silva Iriart\u00a0<\/a> &#8211; NADM-IB \/DB (Chefe substituto do N\u00facleo Administrativo 2025, Portaria 1228, de 03 de abril de 2025, SEI 3013490)<\/p>\n<p><a href=\"http:\/\/lattes.cnpq.br\/6940279159667360\">Laura Borba Vilanova &#8211;\u00a0<\/a> &#8211; DB<\/p>\n<p><a href=\"https:\/\/institucional.ufpel.edu.br\/servidores\/siape\/421752\" target=\"_blank\" rel=\"noopener noreferrer\">Rudinei da Silva Teixeira<\/a> &#8211; DB <a href=\"https:\/\/institucional.ufpel.edu.br\/servidores\/siape\/421752\">Rudinei da Silva Teixeira<\/a><strong> (Relota\u00e7\u00e3o FAEM\/Palma)<\/strong><\/p>\n<p><a href=\"https:\/\/institucional.ufpel.edu.br\/servidores\/siape\/421751\" target=\"_blank\" rel=\"noopener noreferrer\">S\u00e9rgio Roberto Nolasco da Luz<\/a> &#8211; DB <a href=\"https:\/\/institucional.ufpel.edu.br\/servidores\/siape\/421752\">Rudinei da Silva Teixeira<\/a><strong> (Relota\u00e7\u00e3o FAEM\/Palma)<\/strong><\/p>\n<p><a href=\"https:\/\/wp.ufpel.edu.br\/ib\/thaize-debatin-wehrmeister\/\" target=\"_blank\" rel=\"noopener noreferrer\">Thaize Debatin Wehrmeister<\/a> \u00a0&#8211; DB <a href=\"https:\/\/wp.ufpel.edu.br\/ib\/thaize-debatin-wehrmeister\/\" target=\"_blank\" rel=\"noopener noreferrer\">Thaize Debatin Wehrmeister<\/a><a href=\"https:\/\/wp.ufpel.edu.br\/ib\/thaize-debatin-wehrmeister\/\"> \u00a0&#8211; <strong>(Relotada <\/strong><\/a><strong><a href=\"https:\/\/institucional.ufpel.edu.br\/unidades\/id\/302\">Faculdade de Medicina<\/a>\u00a0\/\u00a0<a href=\"https:\/\/institucional.ufpel.edu.br\/unidades\/id\/316\">Programa de P\u00f3s-Gradua\u00e7\u00e3o em Epidemiologia<\/a>)<\/strong><\/p>\n<p><a href=\"https:\/\/institucional.ufpel.edu.br\/servidores\/siape\/419864\" target=\"_blank\" rel=\"noopener noreferrer\">\u00c1lvaro Miguel Moreira Martins<\/a> &#8211; DEZG<\/p>\n<p><a href=\"http:\/\/lattes.cnpq.br\/0800690963056514\" target=\"_blank\" rel=\"noopener\">Felipe Dihel<\/a> <strong>(posse 16\/08\/2021, PORTARIA N\u00ba 1243, DE 22 DE JULHO DE 2021)<\/strong><\/p>\n<p><a href=\"http:\/\/lattes.cnpq.br\/4367503148550487\">Gabriel Raubach Dias<\/a> <strong>(Redistribui\u00e7\u00e3o FURG)<\/strong><\/p>\n<p><a href=\"http:\/\/lattes.cnpq.br\/3272913990369469\" target=\"_blank\" rel=\"noopener noreferrer\">Iara Valquide Gomes de Oliveira (cedida PALMA)<\/a> &#8211; DEZG <a href=\"http:\/\/lattes.cnpq.br\/3272913990369469\" target=\"_blank\" rel=\"noopener noreferrer\">Iara Valquide Gomes de Oliveira<\/a>\u00a0 &#8211;<strong> (Aposentada PORTARIA N\u00ba 385, DE 26 DE FEVEREIRO DE 2020)<\/strong><\/p>\n<p><a href=\"http:\/\/lattes.cnpq.br\/6143354399822481\">Renan Caldeira Furtado<\/a> &#8211; DEZG \u00a0<strong>(Relota\u00e7\u00e3o IFSP)<\/strong><\/p>\n<p><a href=\"http:\/\/lattes.cnpq.br\/4654515983518921\">Taiguer Henrique Silva Saraiva<\/a> &#8211; NADM-IB\/DEZG<\/p>\n<p><a href=\"https:\/\/institucional.ufpel.edu.br\/servidores\/siape\/419178\" target=\"_blank\" rel=\"noopener noreferrer\">Carmen Figueredo Alves<\/a> &#8211; NADM-IB\/DFF<\/p>\n<p><a href=\"https:\/\/institucional.ufpel.edu.br\/servidores\/siape\/2547904\" target=\"_blank\" rel=\"noopener noreferrer\">Michele Pepe Cerqueira<\/a> &#8211; DFF<\/p>\n<p><a href=\"http:\/\/lattes.cnpq.br\/5711292054041106\">Diego Moreira de Souza<\/a> &#8211; DFF<\/p>\n<p><a href=\"https:\/\/institucional.ufpel.edu.br\/servidores\/siape\/1101128\" target=\"_blank\" rel=\"noopener noreferrer\">Enilton Bonemann Brahm<\/a> &#8211; DMP<strong> (Aposentado PORTARIA N\u00ba 395, DE 26 DE FEVEREIRO DE 2019)<\/strong><\/p>\n<p><a href=\"https:\/\/institucional.ufpel.edu.br\/servidores\/siape\/1279309\">Estefani Tavares Jansen<\/a> &#8211; DMP\u00a0 <strong>relotada IFSUl_Pelotas)<\/strong><\/p>\n<p><a href=\"http:\/\/lattes.cnpq.br\/1589938422855214\">F\u00e1bio Leonardi Recuero Garcia\u00a0<\/a> &#8211; DMP <strong> (relocado para NF- PROGEP)<\/strong><\/p>\n<p><a href=\"https:\/\/institucional.ufpel.edu.br\/servidores\/siape\/3211267\" target=\"_blank\" rel=\"noopener noreferrer\">Janaina Viana da Rosa<\/a> <strong>(relotada <a href=\"https:\/\/institucional.ufpel.edu.br\/unidades\/id\/444\">Centro de Engenharias<\/a>\u00a0\/\u00a0<a href=\"https:\/\/institucional.ufpel.edu.br\/unidades\/id\/1067\">N\u00facleo Administrativo &#8211; CEng<\/a>)<\/strong><\/p>\n<p><a href=\"http:\/\/lattes.cnpq.br\/2879333778197266\" target=\"_blank\" rel=\"noopener\">Jean Piraine Souza<\/a> &#8211;<\/p>\n<p><a href=\"http:\/\/lattes.cnpq.br\/9857393831151014\">Karine Massia Pereir<\/a>a<strong> (Concursada FURG)<\/strong><\/p>\n<p><a href=\"http:\/\/lattes.cnpq.br\/8434877586019417\" target=\"_blank\" rel=\"noopener noreferrer\">Luiz Carlos Boemeke Junior<\/a> &#8211; DMP<\/p>\n<p><a href=\"http:\/\/lattes.cnpq.br\/4206156257342544\" target=\"_blank\" rel=\"noopener noreferrer\">Maria Antonieta Machado Pereira da Silva<\/a> &#8211; DMP <strong>(Aposentada 31\/10\/2019)<\/strong><\/p>\n<p><a href=\"http:\/\/lattes.cnpq.br\/6774602245215692\" target=\"_blank\" rel=\"noopener\">Mauro Francisco Buss Filho<\/a> &#8211; NADM-IB\/DMP<\/p>\n<p><a href=\"https:\/\/institucional.ufpel.edu.br\/servidores\/siape\/1099582\" target=\"_blank\" rel=\"noopener noreferrer\">Eduardo Pereira Alves<\/a> &#8211; DM <strong>(falecido)<\/strong><\/p>\n<p><a href=\"http:\/\/lattes.cnpq.br\/0014282848312979\">Eliane Freire Anthonisen<\/a> &#8211; DM<\/p>\n<p><a href=\"http:\/\/lattes.cnpq.br\/4189011953825514\" target=\"_blank\" rel=\"noopener noreferrer\">Fabiane Knepper Zehetmeyr Fernandes\u00a0<\/a> &#8211; DM<\/p>\n<p><a href=\"http:\/\/lattes.cnpq.br\/3530115808379184\" target=\"_blank\" rel=\"noopener noreferrer\">Luis Augusto Xavier Cruz<\/a> &#8211; DM<\/p>\n<p><a href=\"http:\/\/lattes.cnpq.br\/1711694887699257\" target=\"_blank\" rel=\"noopener noreferrer\">Luis Ot\u00e1vio Lobo Centeno<\/a> &#8211; DM<\/p>\n<p><a href=\"https:\/\/institucional.ufpel.edu.br\/servidores\/siape\/1090404\" target=\"_blank\" rel=\"noopener noreferrer\">Luiz Fernando Schenque Tavares<\/a> &#8211; DM<\/p>\n<p><a href=\"https:\/\/institucional.ufpel.edu.br\/servidores\/siape\/419530\" target=\"_blank\" rel=\"noopener noreferrer\">Manoel Ad\u00e3o Lemes<\/a> &#8211; DM Di\u00e1rio Oficial da Uni\u00e3o &#8211; Se\u00e7\u00e3o 2 (<span contenteditable=\"false\"><a id=\"lnkSei3625325\" class=\"ancora_sei\" href=\"https:\/\/sei.ufpel.edu.br\/sei\/controlador.php?acao=protocolo_visualizar&amp;id_protocolo=3625325&amp;id_procedimento_atual=3625309&amp;infra_sistema=100000100&amp;infra_unidade_atual=110000218&amp;infra_hash=ae1531ca82972caa4ba9a33093bfd85be44051d2b77d5f81900827352ceca725565b578d026a82c4658bd1e7d788924f25ecda8eae382c635f61e91da1f0f45cc26dc37cd78a6adacd4b5091f46fa051fd33ff822334105403e95dc46ee0a7df\" target=\"_blank\" rel=\"noopener\">3242229<\/a><\/span>) &#8211; com a Portaria do Servidor Aposentado em\u00a0<u><strong>29<\/strong><\/u><b><u><strong>\u00a0d<\/strong>e agosto de 2025)<\/u><\/b><\/p>\n<p><a href=\"https:\/\/institucional.ufpel.edu.br\/servidores\/siape\/419270\" target=\"_blank\" rel=\"noopener noreferrer\">Maria Luiza Pereira Peres<\/a> &#8211; DM<\/p>\n<p><a href=\"https:\/\/institucional.ufpel.edu.br\/servidores\/siape\/419847\" target=\"_blank\" rel=\"noopener noreferrer\">Wanderley Bandeira de Ara\u00fajo<\/a> &#8211; DM<\/p>\n<p><a href=\"http:\/\/lattes.cnpq.br\/3696200456912656\">Greici Maia Behling<\/a> &#8211; NURFS<\/p>\n<p><a href=\"http:\/\/lattes.cnpq.br\/8201265397369670\" target=\"_blank\" rel=\"noopener noreferrer\">Marco Antonio Afonso Coimbra<\/a> &#8211; NURFS<\/p>\n<p><a href=\"http:\/\/lattes.cnpq.br\/2646845825988863\" target=\"_blank\" rel=\"noopener noreferrer\">Paulo Mota Bandarra<\/a> &#8211; NURFS<\/p>\n<p><a href=\"http:\/\/lattes.cnpq.br\/5871076411658227\" target=\"_blank\" rel=\"noopener noreferrer\">Rodrigo Kegles Brauner<\/a> &#8211; DM <strong>(exonerado a pedido)<\/strong><\/p>\n<p><a href=\"http:\/\/lattes.cnpq.br\/8813831577910322\" target=\"_blank\" rel=\"noopener\">Rog\u00e9rio Scolari<\/a><\/p>\n<p><a href=\"https:\/\/institucional.ufpel.edu.br\/servidores\/siape\/2221536\" target=\"_blank\" rel=\"noopener noreferrer\">Carolina Silveira Regis<\/a> &#8211; MCR<\/p>\n<p><a href=\"http:\/\/lattes.cnpq.br\/1627677278021815\" target=\"_blank\" rel=\"noopener noreferrer\">Heloisa Helena Campelo Rodrigues da Rocha<\/a> &#8211; MCR<\/p>\n<p><a href=\"https:\/\/institucional.ufpel.edu.br\/servidores\/id\/14783\" target=\"_blank\" rel=\"noopener\">Lisiane Gastal Pereira<\/a> &#8211; MCR<\/p>\n<p><a href=\"https:\/\/institucional.ufpel.edu.br\/servidores\/siape\/1759474\">Mauro Mascarenhas<\/a> &#8211; MCR<\/p>\n<p><strong>Atribui\u00e7\u00f5es do Chefe do N\u00facleo &#8211;<\/strong><\/p>\n<p>Art. 6\u00ba S\u00e3o atribui\u00e7\u00f5es do Chefe do N\u00facleo Administrativo:<br \/>\nI \u2013 Assessoramento \u00e0 Dire\u00e7\u00e3o da Unidade Acad\u00eamica no manejo do or\u00e7amento;<br \/>\nII \u2013 Acompanhamento das escalas e regimes de trabalho dos Servidores T\u00e9cnico-<br \/>\nAdministrativos lotados n a Unidade Acad\u00eamica;<br \/>\nIII \u2013 Expedi\u00e7\u00e3o de ordens de servi\u00e7o, avisos e instru\u00e7\u00f5es no \u00e2mbito da Unidade Acad\u00eamica;<br \/>\nIV \u2013 Controle, manuten\u00e7\u00e3o e atualiza\u00e7\u00e3o do invent\u00e1rio de bens de consumo, permanente e<br \/>\npatrimoniais da Unidade Acad\u00eamica;<br \/>\nV \u2013 Acompanhamento do trabalho das empresas terceirizadas no \u00e2mbito da Unidade<br \/>\nAcad\u00eamica;<br \/>\nVI \u2013 Colabora\u00e7\u00e3o na elabora\u00e7\u00e3o do planejamento administrativo da Unidade, em sintonia<br \/>\ncom o Plano de Desenvolvimento Institucional da UFPel;<br \/>\nVII \u2013 Exerc\u00edcio de outras atividades compat\u00edveis com a natureza da fun\u00e7\u00e3o, definidas<\/p>\n<p><a href=\"https:\/\/wp.ufpel.edu.br\/ib\/files\/2019\/04\/SEI_UFPel-0521802-Resolu\u00e7\u00e3o-CONSUN-02.2019.pdf\">SEI_UFPel-0521802-Resolu\u00e7\u00e3o-CONSUN-02.2019<\/a><\/p>\n<p>&nbsp;<\/p>\n<p>PGD &#8211; <a href=\"https:\/\/docs.ufpel.edu.br\/index.php\/s\/bH3qbBW277sxzz0\" target=\"_blank\" rel=\"noopener\">Edital 2026<\/a> &#8211; IB<\/p>\n<p>PGD &#8211; <a href=\"https:\/\/docs.ufpel.edu.br\/index.php\/s\/z844cHDACQqFPXe\" target=\"_blank\" rel=\"noopener\">Novo Manual 2025<\/a> (SEI 2932276)<\/p>\n<p>PGD 2025 &#8211; <a href=\"https:\/\/docs.ufpel.edu.br\/index.php\/s\/csjXaCTNgCE1wRY\" target=\"_blank\" rel=\"noopener\">Portaria N\u00ba 220, DE 18 DE novembro DE 2025<\/a> &#8211; INSTITUIR e REGULAMENTAR o Programa de Gest\u00e3o e Desempenho (PGD) para servidores(as) T\u00e9cnico-Administrativos(as) em Educa\u00e7\u00e3o no \u00e2mbito da Universidade Federal de Pelotas.<\/p>\n<p>PGD 2025 &#8211; <a href=\"https:\/\/docs.ufpel.edu.br\/index.php\/s\/YVi7MaVSEcmnqVi\" target=\"_blank\" rel=\"noopener\">PORTARIA DE PESSOAL N\u00ba 6422\/UFPEL, DE 16 DE OUTUBRO DE 2025<\/a> &#8211; Atualizar a Portaria 1208\/2025, referente ao Programa de Gest\u00e3o e Desempenho do Instituto de Biologia, excluindo o servidor Jean Piraine Souza, a contar de 01 de outubro de 2025.<\/p>\n<p><a href=\"https:\/\/docs.ufpel.edu.br\/index.php\/s\/TWx0KsdW2qO3CDT\" target=\"_blank\" rel=\"noopener\">PORTARIA N\u00ba 1, DE 10 DE OUTUBRO DE 2025<\/a> &#8211; Instituir, no \u00e2mbito do Instituto de Biologia, o Programa de Gest\u00e3o e Desempenho (PGD-IB).<\/p>\n<p>PGD 2025 &#8211;\u00a0 <a href=\"https:\/\/docs.ufpel.edu.br\/index.php\/s\/KT7U1FMHhsAoeT1\" target=\"_blank\" rel=\"noopener\">PORTARIA DE PESSOAL N\u00ba 1208\/UFPEL, DE 02 DE ABRIL DE 2025<\/a> &#8211;\u00a0 Art. 1\u00ba Atualizar a Portaria 4922\/2025, referente ao Programa de Gest\u00e3o e Desempenho do Instituto de Biologia, alterando a modalidade em regime de execu\u00e7\u00e3o presencial para teletrabalho em regime de execu\u00e7\u00e3o parcial, do servidor Sydney Dias Ferreira J\u00fanior a contar de 29 de abril de 2025<\/p>\n<p>PGD 2025- Implanta\u00e7\u00e3o <a href=\"https:\/\/docs.ufpel.edu.br\/index.php\/s\/up69VqBmXKIf5vT\" target=\"_blank\" rel=\"noopener\">Portaria 135\/2024<\/a> (SEI 2814133)<\/p>\n<p>PGD 2023 -ano de 2023 <a href=\"https:\/\/docs.ufpel.edu.br\/index.php\/s\/ieW7F8wproc2TU2\" target=\"_blank\" rel=\"noopener\">Portaria 1600\/2022<\/a> (SEI 1812290)<\/p>\n","protected":false},"excerpt":{"rendered":"<p>Dire\u00e7\u00e3o do IB &#8211; Prof. Dr. Luiz Fernando Minello &#8211;\u00a0Diretor Prof. Dr. Gilson de Mendon\u00e7a &#8211;\u00a0Vice-diretor Assistente Administrativo Rosane Schubert &#8211;\u00a0Chefe do N\u00facleo Administrativo Endere\u00e7o Pr\u00e9dio 14, Campus Universit\u00e1rio Cap\u00e3o do Le\u00e3o, S\/N, Travessa Andr\u00e9 Dreyfuss, s\/n. CEP 96160-000 &#8211; Cap\u00e3o do Le\u00e3o &#8211; RS &#8211; Brasil &#8211; Fone: (53) 3275-7335 E-mails:\u00a0institutodebiologia@hotmail.com,\u00a0biologia@ufpel.edu.br &nbsp; N\u00facleo Administrativo [&hellip;]<\/p>\n","protected":false},"author":488,"featured_media":0,"parent":0,"menu_order":0,"comment_status":"closed","ping_status":"closed","template":"","meta":{"jetpack_post_was_ever_published":false,"footnotes":""},"class_list":["post-1519","page","type-page","status-publish","hentry"],"jetpack_sharing_enabled":true,"jetpack_shortlink":"https:\/\/wp.me\/P6S2gY-ov","_links":{"self":[{"href":"https:\/\/wp.ufpel.edu.br\/ib\/wp-json\/wp\/v2\/pages\/1519","targetHints":{"allow":["GET"]}}],"collection":[{"href":"https:\/\/wp.ufpel.edu.br\/ib\/wp-json\/wp\/v2\/pages"}],"about":[{"href":"https:\/\/wp.ufpel.edu.br\/ib\/wp-json\/wp\/v2\/types\/page"}],"author":[{"embeddable":true,"href":"https:\/\/wp.ufpel.edu.br\/ib\/wp-json\/wp\/v2\/users\/488"}],"replies":[{"embeddable":true,"href":"https:\/\/wp.ufpel.edu.br\/ib\/wp-json\/wp\/v2\/comments?post=1519"}],"version-history":[{"count":4,"href":"https:\/\/wp.ufpel.edu.br\/ib\/wp-json\/wp\/v2\/pages\/1519\/revisions"}],"predecessor-version":[{"id":5897,"href":"https:\/\/wp.ufpel.edu.br\/ib\/wp-json\/wp\/v2\/pages\/1519\/revisions\/5897"}],"wp:attachment":[{"href":"https:\/\/wp.ufpel.edu.br\/ib\/wp-json\/wp\/v2\/media?parent=1519"}],"curies":[{"name":"wp","href":"https:\/\/api.w.org\/{rel}","templated":true}]}}