{"id":12,"date":"2015-03-14T00:48:07","date_gmt":"2015-03-14T03:48:07","guid":{"rendered":"https:\/\/wp.ufpel.edu.br\/ib\/?page_id=12"},"modified":"2026-02-05T11:04:23","modified_gmt":"2026-02-05T14:04:23","slug":"graduacao-em-ciencias-biologicas","status":"publish","type":"page","link":"https:\/\/wp.ufpel.edu.br\/ib\/graduacao-em-ciencias-biologicas\/","title":{"rendered":"Cursos de Gradua\u00e7\u00e3o em Ci\u00eancias Biol\u00f3gicas &#8211; Licenciatura e Bacharelado e Licenciatura em Educa\u00e7\u00e3o Especial Inclusiva"},"content":{"rendered":"<p align=\"center\"><span style=\"font-size: 24pt;\"><strong>Cursos Gradua\u00e7\u00e3o em Ci\u00eancias Biol\u00f3gicas &#8211; Bacharelado e Licenciatura<\/strong><\/span><\/p>\n<p style=\"text-align: justify;\" align=\"center\">O curso de <a href=\"https:\/\/wp.ufpel.edu.br\/cienciasbiologicas\/\" target=\"_blank\" rel=\"noopener\">Ci\u00eancias Biol\u00f3gicas <\/a>foi criado em agosto de 1994 pela Portaria 006 do Conselho Universit\u00e1rio da UFPel, tendo as atividades iniciadas em 10 de mar\u00e7o de 1995 com o apoio dos departamentos do Instituto de Biologia. O curso foi reconhecido pelo Minist\u00e9rio da Educa\u00e7\u00e3o em outubro de 2000, de acordo com a portaria n\u00ba 1739. Com a nova lei de diretrizes e bases da educa\u00e7\u00e3o, em 30 de junho de 2003, foi aprovada a divis\u00e3o do curso em bacharelado e licenciatura, com ingresso independente e projeto pedag\u00f3gico pr\u00f3prio.<\/p>\n<p style=\"text-align: left;\"><strong>Coordenadora &#8211;<\/strong><\/p>\n<p><a href=\"http:\/\/lattes.cnpq.br\/5989815154650062\" target=\"_blank\" rel=\"noopener\">Profa. Beatriz Helena Gomes Rocha\u00a0<\/a> &#8211; \u00a0Coordenadora dos Cursos de Gradua\u00e7\u00e3o em Ci\u00eancias Biol\u00f3gicas (PORTARIA DE PESSOAL N\u00ba 309\/UFPEL, DE 30 DE JANEIRO DE 2026, <a id=\"anchor4050690\" class=\"infraArvoreNo\" href=\"https:\/\/sei.ufpel.edu.br\/sei\/controlador.php?acao=arvore_visualizar&amp;acao_origem=procedimento_visualizar&amp;id_procedimento=3918282&amp;id_documento=4050690&amp;infra_sistema=100000100&amp;infra_unidade_atual=110000218&amp;infra_hash=204506c3b6bf1a8b4d3a79302f608ef06ccfb77bade8ac68dc0209948320c605\" target=\"ifrConteudoVisualizacao\"><span id=\"span4050690\" class=\"infraArvoreNoSelecionado\">3629802<\/span><\/a>; <a href=\"https:\/\/docs.ufpel.edu.br\/index.php\/s\/T5WctQHAmP5aqqa\" target=\"_blank\" rel=\"noopener\">Portaria 2479<\/a>, de 24 de novembro de 2022, SEI <a class=\"ancoraPadraoAzul\" title=\"Portaria\" href=\"https:\/\/sei.ufpel.edu.br\/sei\/publicacoes\/controlador_publicacoes.php?acao=publicacao_visualizar&amp;id_documento=2205596&amp;id_orgao_publicacao=0\" target=\"_blank\" rel=\"noopener\">1957039<\/a>)\u00a0 Mandato de 14\/12\/2023 a nov\/2025, <a id=\"anchor2768930\" href=\"https:\/\/docs.ufpel.edu.br\/index.php\/s\/XfbIlDIhPLZ8bU5\" target=\"_blank\" rel=\"noopener\"><span id=\"span2768930\" title=\"Portaria 4622 (2465712)\">Portaria 46<\/span><\/a><a id=\"anchor2768930\" style=\"font-family: var(--fonte-corpo);\" href=\"https:\/\/sei.ufpel.edu.br\/sei\/controlador.php?acao=arvore_visualizar&amp;acao_origem=procedimento_visualizar&amp;id_procedimento=2764583&amp;id_documento=2768930&amp;infra_sistema=100000100&amp;infra_unidade_atual=110000218&amp;infra_hash=60fa0c1c8257bbc852f85b854459707c84a87a8ed19b00c6c010255d14a480b9\" target=\"ifrVisualizacao\" rel=\"noopener\"><span id=\"span2768930\" title=\"Portaria 4622 (2465712)\">\u00a0<\/span><\/a><a style=\"font-family: var(--fonte-corpo);\" href=\"https:\/\/sei.ufpel.edu.br\/sei\/controlador.php?acao=arvore_visualizar&amp;acao_origem=procedimento_visualizar&amp;id_procedimento=2764583&amp;id_documento=2768930&amp;infra_sistema=100000100&amp;infra_unidade_atual=110000218&amp;infra_hash=60fa0c1c8257bbc852f85b854459707c84a87a8ed19b00c6c010255d14a480b9\" target=\"ifrVisualizacao\" rel=\"noopener\"><span title=\"Portaria 4622 (2465712)\">22 DOU (2467074)<\/span><\/a> e <a id=\"anchor2770401\" style=\"font-family: var(--fonte-corpo);\" href=\"https:\/\/docs.ufpel.edu.br\/index.php\/s\/kreoHJJh3hDzrhT\" target=\"_blank\" rel=\"noopener\">\u00a0<span id=\"span2770401\" title=\"Portaria 4622 DOU (2467074)\">Portaria 4622 (2465712)<\/span><\/a>.<\/p>\n<p><strong>Coordenadora Adjunta &#8211;<\/strong><\/p>\n<p><a href=\"http:\/\/lattes.cnpq.br\/3945403130131807\" target=\"_blank\" rel=\"noopener\">Profa. Raquel L\u00fcdtke<\/a>\u00a0 \u2013 \u00a0Coordenadora Adjunta dos Cursos de Gradua\u00e7\u00e3o em Ci\u00eancias Biol\u00f3gicas (PORTARIA DE PESSOAL N\u00ba 0327\/UFPEL, DE 03 DE FEVEREIRO DE 2026, <a id=\"anchor4054364\" class=\"infraArvoreNo\" href=\"https:\/\/sei.ufpel.edu.br\/sei\/controlador.php?acao=arvore_visualizar&amp;acao_origem=procedimento_visualizar&amp;id_procedimento=3918282&amp;id_documento=4054364&amp;infra_sistema=100000100&amp;infra_unidade_atual=110000218&amp;infra_hash=4e7b7337e122e160fb2ccf5c385b71bf6491c3f3ad8fbcb717f6b3ee4cc860fe\" target=\"ifrConteudoVisualizacao\"><span id=\"span4054364\" class=\"infraArvoreNoSelecionado\">3633068)<\/span><\/a><\/p>\n<p><strong>Secret\u00e1rio do Colegiado &#8211;<\/strong><\/p>\n<p><a href=\"https:\/\/institucional.ufpel.edu.br\/servidores\/siape\/1293328\" target=\"_blank\" rel=\"noopener\">Sydney Dias Ferreira Junior\u00a0<\/a><\/p>\n<p><strong>Contato<\/strong><\/p>\n<p>Telefone: (53) 3275-7138<\/p>\n<p>e-mail:\u00a0colegiadodabiologia@gmail.com<\/p>\n<p>&nbsp;<\/p>\n<p><strong>Plano de Gest\u00e3o Coordena\u00e7\u00e3o 2023 -2025<\/strong><\/p>\n<p><a href=\"https:\/\/drive.google.com\/file\/d\/1usNoIfUumqHotcZop65-aw3HA1_06Y2w\/view?usp=sharing\" target=\"_blank\" rel=\"noopener\">Plano de Gest\u00e3o 2023 &#8211; 2025 Beatriz Rocha e Mabel Wiegand<\/a><\/p>\n<p>&nbsp;<\/p>\n<p><strong>Documentos dos Cursos:<\/strong><\/p>\n<p><a href=\"https:\/\/drive.google.com\/file\/d\/1qPQvqwyogfX2ojtp83is7q3fO9uMdA8N\/view?usp=sharing\" target=\"_blank\" rel=\"noopener\">Projeto Pedag\u00f3gico do Curso de Bacharelado em Ci\u00eancias Biol\u00f3gicas Vers\u00e3o 4 (atual)<\/a><\/p>\n<p><a href=\"https:\/\/wp.ufpel.edu.br\/cienciasbiologicas\/files\/2022\/09\/MATRIZ-BACHARELADO-VERSAO-4.pdf\" target=\"_blank\" rel=\"noopener noreferrer\">Matriz Bacharelado em Ci\u00eancias Biol\u00f3gicas vers\u00e3o 4<\/a><\/p>\n<p><a href=\"https:\/\/drive.google.com\/file\/d\/1LHL4uUl6WEZ-4w_qMfWnfRE94ZixH9UQ\/view?usp=sharing\" target=\"_blank\" rel=\"noopener\">PPC &#8211; Curso Ci\u00eancias Biol\u00f3gicas Licenciatura 4120<\/a> &#8211; Curr\u00edculo 4 &#8211; 4.998horas<\/p>\n<p><a href=\"https:\/\/wp.ufpel.edu.br\/cienciasbiologicas\/files\/2022\/08\/MATRIZ-LICENCIATURA-VERSAO-4.pdf\" target=\"_blank\" rel=\"noopener noreferrer\">Matriz Curso de Licenciatura em Ci\u00eancias Biol\u00f3gicas vers\u00e3o 4<\/a>\u00a0 (Projeto em extin\u00e7\u00e3o)<\/p>\n<p><a href=\"https:\/\/docs.ufpel.edu.br\/index.php\/s\/5eXlHIqpMGcAnWG\" target=\"_blank\" rel=\"noopener\">Novo Projeto Pedag\u00f3gico implantado a partir de Mar\u00e7o de 2020 Licenciatura<\/a><\/p>\n<p><a href=\"https:\/\/wp.ufpel.edu.br\/cienciasbiologicas\/files\/2022\/08\/MATRIZ-LICENCIATURA-VERSAO-5.pdf\" target=\"_blank\" rel=\"noopener\">Clique aqui para acessar a Matriz do Curso de Licenciatura Vers\u00e3o-5.pdf<\/a><\/p>\n<p>&nbsp;<\/p>\n<p><span style=\"font-size: 24pt;\"><strong>Cursos Gradua\u00e7\u00e3o Licenciatura em Educa\u00e7\u00e3o Especial Inclusiva<\/strong><\/span><\/p>\n<p>O Curso de Gradua\u00e7\u00e3o Licenciatura em Educa\u00e7\u00e3o Especial Inclusiva tem sua modalidade presencial, de f\u00e9rias e em servi\u00e7o com uma carga hor\u00e1ria total de 3200 horas e tempo de integraliza\u00e7\u00e3o m\u00ednimo de 08 semestres e m\u00e1ximo de 14 semestres. O Curso foi criado pela <strong>Resolu\u00e7\u00e3o N\u00ba 132, DE 1\u00b0 de julho de 2025\u00a0<\/strong>e est\u00e1 em fase de implanta\u00e7\u00e3o. A oferta do Curso \u00e9 espec\u00edfica via Programa Nacional de Forma\u00e7\u00e3o de Professores da Educa\u00e7\u00e3o B\u00e1sica (PARFOR Equidade), conforme aprovado pelo Gabinete da Reitoria da UFPel no Edital PARFOR\/MEC (SEI <span contenteditable=\"false\"><a id=\"lnkSei2771405\" class=\"ancora_sei\" href=\"https:\/\/sei.ufpel.edu.br\/sei\/controlador.php?acao=protocolo_visualizar&amp;id_protocolo=2771405&amp;id_procedimento_atual=2777312&amp;infra_sistema=100000100&amp;infra_unidade_atual=110000218&amp;infra_hash=fe39cd95c63394065e8c4128193ba260a3a0a4694ec8c65ac19e5c4adf1b396713677ae43120fb3cc0660175eeff43412de01d3e532a6ed5dc22779a5e94e070d15ed1b5d37953018bf6aa94b68d744bc51b6fe1db4ebfabce14473c836c7e6a\" target=\"_blank\" rel=\"noopener\">2467998<\/a><\/span>),<\/p>\n<p dir=\"ltr\">A\u00a0 forma\u00e7\u00e3o em Educa\u00e7\u00e3o Especial, ao longo do tempo,\u00a0 se d\u00e1 prioritariamente\u00a0 na p\u00f3s-gradua\u00e7\u00e3o, por\u00e9m de forma massiva e evidente nas institui\u00e7\u00f5es privadas de ensino, sendo que nos \u00faltimos anos, prioritariamente na modalidade de Educa\u00e7\u00e3o a dist\u00e2ncia. Desta forma, a UFPEL atrav\u00e9s do Instituto de Biologia busca ampliar os espa\u00e7os de forma\u00e7\u00e3o tamb\u00e9m na e para Educa\u00e7\u00e3o Especial, tendo como princ\u00edpio e fundamento a perspectiva da Educa\u00e7\u00e3o Inclusiva, estabelecida pela Pol\u00edtica Nacional de Educa\u00e7\u00e3o Especial na perspectiva da Educa\u00e7\u00e3o Inclusiva &#8211; PNEEPEI e na Lei Brasileira de Inclus\u00e3o \u2013 LBI, al\u00e9m dos demais conceitos e ordenamentos legais do campo, ainda mais considerando o avan\u00e7o das matr\u00edculas de alunos com defici\u00eancia na educa\u00e7\u00e3o b\u00e1sica e a crescente demanda por forma\u00e7\u00e3o, tanto para os professores especializados quanto e, principalmente, para professores das classes comuns em todas as \u00e1reas do curr\u00edculo educacional.<\/p>\n<p dir=\"ltr\">Cabe ressaltar que o Curso encontra-se em fase de implanta\u00e7\u00e3o para a oferta de sua primeira turma, raz\u00e3o pela qual essa p\u00e1gina encontra-se em constru\u00e7\u00e3o.<\/p>\n<p><strong>Coordenador Pro-tempore<\/strong><\/p>\n<p><a href=\"http:\/\/lattes.cnpq.br\/6299048479090041\" target=\"_blank\" rel=\"noopener\">Professor Dr Rodrigo da Silva Vital<\/a> &#8211; DFE\/FAE<\/p>\n<p><strong>Contato<\/strong><\/p>\n<p>Telefone: (53) 3275-7138<\/p>\n<p>e-mail provis\u00f3rio: institutodebiologia@hotmail.com<\/p>\n<p><strong>Documentos dos Cursos:<\/strong><\/p>\n<p><a href=\"https:\/\/drive.google.com\/file\/d\/1eWcnOLW4gQD-GraPfgj4jaMYDIHlw-A6\/view?usp=sharing\" target=\"_blank\" rel=\"noopener\">Projeto Pedag\u00f3gico Curso de Educa\u00e7\u00e3o Especial Inclusiva &#8211; Licenciatura<\/a><\/p>\n<p><a href=\"https:\/\/drive.google.com\/file\/d\/1fanyX_Wme39EGZwBVIfqDEbuezzCJExj\/view?usp=sharing\" target=\"_blank\" rel=\"noopener\">Resolu\u00e7\u00e3o N\u00ba 132, DE 1\u00b0 de julho de 2025<\/a><\/p>\n<p><a href=\"https:\/\/drive.google.com\/file\/d\/1ei-xab9GWCxxIqHdRggoM5nr4jKadyLO\/view?usp=sharing\" target=\"_blank\" rel=\"noopener\">PORTARIA DE PESSOAL N\u00ba 4489\/<\/a>UFPEL, DE 13 DE JUNHO DE 2025 nomea\u00e7\u00e3o Coordena\u00e7\u00e3o Pro-tempore<\/p>\n<p>&nbsp;<\/p>\n<p>&nbsp;<\/p>\n<p>&nbsp;<\/p>\n","protected":false},"excerpt":{"rendered":"<p>Cursos Gradua\u00e7\u00e3o em Ci\u00eancias Biol\u00f3gicas &#8211; Bacharelado e Licenciatura O curso de Ci\u00eancias Biol\u00f3gicas foi criado em agosto de 1994 pela Portaria 006 do Conselho Universit\u00e1rio da UFPel, tendo as atividades iniciadas em 10 de mar\u00e7o de 1995 com o apoio dos departamentos do Instituto de Biologia. O curso foi reconhecido pelo Minist\u00e9rio da Educa\u00e7\u00e3o [&hellip;]<\/p>\n","protected":false},"author":488,"featured_media":0,"parent":0,"menu_order":0,"comment_status":"closed","ping_status":"closed","template":"","meta":{"jetpack_post_was_ever_published":false,"footnotes":""},"class_list":["post-12","page","type-page","status-publish","hentry"],"jetpack_sharing_enabled":true,"jetpack_shortlink":"https:\/\/wp.me\/P6S2gY-c","_links":{"self":[{"href":"https:\/\/wp.ufpel.edu.br\/ib\/wp-json\/wp\/v2\/pages\/12","targetHints":{"allow":["GET"]}}],"collection":[{"href":"https:\/\/wp.ufpel.edu.br\/ib\/wp-json\/wp\/v2\/pages"}],"about":[{"href":"https:\/\/wp.ufpel.edu.br\/ib\/wp-json\/wp\/v2\/types\/page"}],"author":[{"embeddable":true,"href":"https:\/\/wp.ufpel.edu.br\/ib\/wp-json\/wp\/v2\/users\/488"}],"replies":[{"embeddable":true,"href":"https:\/\/wp.ufpel.edu.br\/ib\/wp-json\/wp\/v2\/comments?post=12"}],"version-history":[{"count":4,"href":"https:\/\/wp.ufpel.edu.br\/ib\/wp-json\/wp\/v2\/pages\/12\/revisions"}],"predecessor-version":[{"id":5988,"href":"https:\/\/wp.ufpel.edu.br\/ib\/wp-json\/wp\/v2\/pages\/12\/revisions\/5988"}],"wp:attachment":[{"href":"https:\/\/wp.ufpel.edu.br\/ib\/wp-json\/wp\/v2\/media?parent=12"}],"curies":[{"name":"wp","href":"https:\/\/api.w.org\/{rel}","templated":true}]}}