{"id":78,"date":"2013-05-21T23:53:01","date_gmt":"2013-05-22T02:53:01","guid":{"rendered":"https:\/\/wp.ufpel.edu.br\/grupoicaro\/?page_id=78"},"modified":"2025-05-12T18:00:01","modified_gmt":"2025-05-12T21:00:01","slug":"publicacoes-do-grupo","status":"publish","type":"page","link":"https:\/\/wp.ufpel.edu.br\/grupoicaro\/projetos-e-eventos\/publicacoes-do-grupo\/","title":{"rendered":"Livros"},"content":{"rendered":"<p><a href=\"http:\/\/https:\/\/wp.ufpel.edu.br\/grupoicaro\/files\/2025\/05\/Literatura-Comparatismo-e-Critica-Social.pdf\"><img data-recalc-dims=\"1\" loading=\"lazy\" decoding=\"async\" data-attachment-id=\"1399\" data-permalink=\"https:\/\/wp.ufpel.edu.br\/grupoicaro\/bibliotecadigital\/literatura-comparatismo-e-critica-social-2\/\" data-orig-file=\"https:\/\/i0.wp.com\/wp.ufpel.edu.br\/grupoicaro\/files\/2025\/05\/Literatura-Comparatismo-e-Critica-Social.jpeg?fit=463%2C675&amp;ssl=1\" data-orig-size=\"463,675\" data-comments-opened=\"0\" data-image-meta=\"{&quot;aperture&quot;:&quot;0&quot;,&quot;credit&quot;:&quot;&quot;,&quot;camera&quot;:&quot;&quot;,&quot;caption&quot;:&quot;&quot;,&quot;created_timestamp&quot;:&quot;0&quot;,&quot;copyright&quot;:&quot;&quot;,&quot;focal_length&quot;:&quot;0&quot;,&quot;iso&quot;:&quot;0&quot;,&quot;shutter_speed&quot;:&quot;0&quot;,&quot;title&quot;:&quot;&quot;,&quot;orientation&quot;:&quot;0&quot;}\" data-image-title=\"Literatura, Comparatismo e Cr\u00edtica Social\" data-image-description=\"\" data-image-caption=\"&lt;p&gt;CALEGARI, L. C. &amp;#038; SANTOS, P. B. (orgs). Literatura, comparatismo e cr\u00edtica social.&lt;\/p&gt;\n\" data-medium-file=\"https:\/\/i0.wp.com\/wp.ufpel.edu.br\/grupoicaro\/files\/2025\/05\/Literatura-Comparatismo-e-Critica-Social.jpeg?fit=218%2C318&amp;ssl=1\" data-large-file=\"https:\/\/i0.wp.com\/wp.ufpel.edu.br\/grupoicaro\/files\/2025\/05\/Literatura-Comparatismo-e-Critica-Social.jpeg?fit=463%2C220&amp;ssl=1\" class=\"aligncenter wp-image-1399\" src=\"https:\/\/i0.wp.com\/wp.ufpel.edu.br\/grupoicaro\/files\/2025\/05\/Literatura-Comparatismo-e-Critica-Social.jpeg?resize=276%2C402&#038;ssl=1\" alt=\"\" width=\"276\" height=\"402\" srcset=\"https:\/\/i0.wp.com\/wp.ufpel.edu.br\/grupoicaro\/files\/2025\/05\/Literatura-Comparatismo-e-Critica-Social.jpeg?resize=218%2C318&amp;ssl=1 218w, https:\/\/i0.wp.com\/wp.ufpel.edu.br\/grupoicaro\/files\/2025\/05\/Literatura-Comparatismo-e-Critica-Social.jpeg?resize=109%2C159&amp;ssl=1 109w, https:\/\/i0.wp.com\/wp.ufpel.edu.br\/grupoicaro\/files\/2025\/05\/Literatura-Comparatismo-e-Critica-Social.jpeg?w=463&amp;ssl=1 463w\" sizes=\"auto, (max-width: 276px) 100vw, 276px\" \/><\/a><\/p>\n<h6 style=\"text-align: center;\"><a href=\"https:\/\/wp.ufpel.edu.br\/grupoicaro\/files\/2025\/05\/Literatura-Comparatismo-e-Critica-Social.pdf\">Clique aqui para acessar a \u00edntegra da obra Literatura, comparatismo e cr\u00edtica social<\/a><\/h6>\n<p><img data-recalc-dims=\"1\" loading=\"lazy\" decoding=\"async\" data-attachment-id=\"1380\" data-permalink=\"https:\/\/wp.ufpel.edu.br\/grupoicaro\/bibliotecadigital\/capa1_dramaturgias\/\" data-orig-file=\"https:\/\/i0.wp.com\/wp.ufpel.edu.br\/grupoicaro\/files\/2025\/03\/Capa1_Dramaturgias.png?fit=1429%2C2000&amp;ssl=1\" data-orig-size=\"1429,2000\" data-comments-opened=\"0\" data-image-meta=\"{&quot;aperture&quot;:&quot;0&quot;,&quot;credit&quot;:&quot;&quot;,&quot;camera&quot;:&quot;&quot;,&quot;caption&quot;:&quot;&quot;,&quot;created_timestamp&quot;:&quot;0&quot;,&quot;copyright&quot;:&quot;&quot;,&quot;focal_length&quot;:&quot;0&quot;,&quot;iso&quot;:&quot;0&quot;,&quot;shutter_speed&quot;:&quot;0&quot;,&quot;title&quot;:&quot;&quot;,&quot;orientation&quot;:&quot;0&quot;}\" data-image-title=\"Capa1_Dramaturgias\" data-image-description=\"\" data-image-caption=\"&lt;p&gt;DIAS, ANdr\u00e9; CIANCONI, Vanessa; CORSINO, Wagner. Dramaturgias Inquietas: o teatro nos livros e nos palcos&lt;\/p&gt;\n\" data-medium-file=\"https:\/\/i0.wp.com\/wp.ufpel.edu.br\/grupoicaro\/files\/2025\/03\/Capa1_Dramaturgias.png?fit=227%2C318&amp;ssl=1\" data-large-file=\"https:\/\/i0.wp.com\/wp.ufpel.edu.br\/grupoicaro\/files\/2025\/03\/Capa1_Dramaturgias.png?fit=474%2C106&amp;ssl=1\" class=\"aligncenter wp-image-1380\" src=\"https:\/\/i0.wp.com\/wp.ufpel.edu.br\/grupoicaro\/files\/2025\/03\/Capa1_Dramaturgias.png?resize=284%2C402&#038;ssl=1\" alt=\"\" width=\"284\" height=\"402\" \/><\/p>\n<h6 style=\"text-align: center;\"><a href=\"https:\/\/wp.ufpel.edu.br\/grupoicaro\/files\/2025\/03\/LIVRO_DRAMATURGIAS-INQUIETAS_2024.pdf\" target=\"_blank\" rel=\"noopener\">Clique aqui para acessar a \u00edntegra da obra\u00a0<em>Dramaturgias Inquietas: o teatro nos livros e nos palcos<\/em><\/a><\/h6>\n<h2><img data-recalc-dims=\"1\" loading=\"lazy\" decoding=\"async\" data-attachment-id=\"1373\" data-permalink=\"https:\/\/wp.ufpel.edu.br\/grupoicaro\/2025\/03\/16\/lancamento-entre-margens-e-silencios\/capa_entre_margens\/\" data-orig-file=\"https:\/\/i0.wp.com\/wp.ufpel.edu.br\/grupoicaro\/files\/2025\/03\/Capa_Entre_Margens.jpg?fit=1728%2C2443&amp;ssl=1\" data-orig-size=\"1728,2443\" data-comments-opened=\"0\" data-image-meta=\"{&quot;aperture&quot;:&quot;0&quot;,&quot;credit&quot;:&quot;&quot;,&quot;camera&quot;:&quot;&quot;,&quot;caption&quot;:&quot;&quot;,&quot;created_timestamp&quot;:&quot;0&quot;,&quot;copyright&quot;:&quot;&quot;,&quot;focal_length&quot;:&quot;0&quot;,&quot;iso&quot;:&quot;0&quot;,&quot;shutter_speed&quot;:&quot;0&quot;,&quot;title&quot;:&quot;&quot;,&quot;orientation&quot;:&quot;0&quot;}\" data-image-title=\"Capa_Entre_Margens\" data-image-description=\"\" data-image-caption=\"\" data-medium-file=\"https:\/\/i0.wp.com\/wp.ufpel.edu.br\/grupoicaro\/files\/2025\/03\/Capa_Entre_Margens.jpg?fit=225%2C318&amp;ssl=1\" data-large-file=\"https:\/\/i0.wp.com\/wp.ufpel.edu.br\/grupoicaro\/files\/2025\/03\/Capa_Entre_Margens.jpg?fit=474%2C106&amp;ssl=1\" class=\"aligncenter wp-image-1373\" src=\"https:\/\/i0.wp.com\/wp.ufpel.edu.br\/grupoicaro\/files\/2025\/03\/Capa_Entre_Margens.jpg?resize=283%2C400&#038;ssl=1\" alt=\"\" width=\"283\" height=\"400\" srcset=\"https:\/\/i0.wp.com\/wp.ufpel.edu.br\/grupoicaro\/files\/2025\/03\/Capa_Entre_Margens.jpg?resize=225%2C318&amp;ssl=1 225w, https:\/\/i0.wp.com\/wp.ufpel.edu.br\/grupoicaro\/files\/2025\/03\/Capa_Entre_Margens.jpg?resize=112%2C159&amp;ssl=1 112w, https:\/\/i0.wp.com\/wp.ufpel.edu.br\/grupoicaro\/files\/2025\/03\/Capa_Entre_Margens.jpg?resize=768%2C1086&amp;ssl=1 768w, https:\/\/i0.wp.com\/wp.ufpel.edu.br\/grupoicaro\/files\/2025\/03\/Capa_Entre_Margens.jpg?resize=1086%2C1536&amp;ssl=1 1086w, https:\/\/i0.wp.com\/wp.ufpel.edu.br\/grupoicaro\/files\/2025\/03\/Capa_Entre_Margens.jpg?resize=1449%2C2048&amp;ssl=1 1449w, https:\/\/i0.wp.com\/wp.ufpel.edu.br\/grupoicaro\/files\/2025\/03\/Capa_Entre_Margens.jpg?w=1728&amp;ssl=1 1728w, https:\/\/i0.wp.com\/wp.ufpel.edu.br\/grupoicaro\/files\/2025\/03\/Capa_Entre_Margens.jpg?w=948&amp;ssl=1 948w\" sizes=\"auto, (max-width: 283px) 100vw, 283px\" \/><\/h2>\n<p style=\"text-align: center;\"><a href=\"https:\/\/ponteseditores.com.br\/loja3\/pontes-editores-home-2__trashed\/linguistica\/entre-margens-e-silencios\/\"><strong>Clique aqui para acessar a p\u00e1gina do livro <em>Entre Margens e Sil\u00eancios<\/em> no site da Pontes Editora<\/strong><\/a><\/p>\n<h2><img data-recalc-dims=\"1\" loading=\"lazy\" decoding=\"async\" data-attachment-id=\"1234\" data-permalink=\"https:\/\/wp.ufpel.edu.br\/grupoicaro\/projetos-e-eventos\/publicacoes-do-grupo\/plinio-marcos_page-0001\/\" data-orig-file=\"https:\/\/i0.wp.com\/wp.ufpel.edu.br\/grupoicaro\/files\/2022\/02\/Plinio-Marcos_page-0001-scaled.jpg?fit=2560%2C1367&amp;ssl=1\" data-orig-size=\"2560,1367\" data-comments-opened=\"0\" data-image-meta=\"{&quot;aperture&quot;:&quot;0&quot;,&quot;credit&quot;:&quot;&quot;,&quot;camera&quot;:&quot;&quot;,&quot;caption&quot;:&quot;&quot;,&quot;created_timestamp&quot;:&quot;0&quot;,&quot;copyright&quot;:&quot;&quot;,&quot;focal_length&quot;:&quot;0&quot;,&quot;iso&quot;:&quot;0&quot;,&quot;shutter_speed&quot;:&quot;0&quot;,&quot;title&quot;:&quot;&quot;,&quot;orientation&quot;:&quot;0&quot;}\" data-image-title=\"Pl\u00ednio Marcos_page-0001\" data-image-description=\"\" data-image-caption=\"\" data-medium-file=\"https:\/\/i0.wp.com\/wp.ufpel.edu.br\/grupoicaro\/files\/2022\/02\/Plinio-Marcos_page-0001-scaled.jpg?fit=424%2C226&amp;ssl=1\" data-large-file=\"https:\/\/i0.wp.com\/wp.ufpel.edu.br\/grupoicaro\/files\/2022\/02\/Plinio-Marcos_page-0001-scaled.jpg?fit=474%2C106&amp;ssl=1\" class=\"size-full wp-image-1234 aligncenter\" src=\"https:\/\/i0.wp.com\/wp.ufpel.edu.br\/grupoicaro\/files\/2022\/02\/Plinio-Marcos_page-0001-scaled.jpg?resize=474%2C253&#038;ssl=1\" alt=\"\" width=\"474\" height=\"253\" srcset=\"https:\/\/i0.wp.com\/wp.ufpel.edu.br\/grupoicaro\/files\/2022\/02\/Plinio-Marcos_page-0001-scaled.jpg?w=2560&amp;ssl=1 2560w, https:\/\/i0.wp.com\/wp.ufpel.edu.br\/grupoicaro\/files\/2022\/02\/Plinio-Marcos_page-0001-scaled.jpg?resize=424%2C226&amp;ssl=1 424w, https:\/\/i0.wp.com\/wp.ufpel.edu.br\/grupoicaro\/files\/2022\/02\/Plinio-Marcos_page-0001-scaled.jpg?resize=212%2C113&amp;ssl=1 212w, https:\/\/i0.wp.com\/wp.ufpel.edu.br\/grupoicaro\/files\/2022\/02\/Plinio-Marcos_page-0001-scaled.jpg?resize=768%2C410&amp;ssl=1 768w, https:\/\/i0.wp.com\/wp.ufpel.edu.br\/grupoicaro\/files\/2022\/02\/Plinio-Marcos_page-0001-scaled.jpg?resize=1536%2C820&amp;ssl=1 1536w, https:\/\/i0.wp.com\/wp.ufpel.edu.br\/grupoicaro\/files\/2022\/02\/Plinio-Marcos_page-0001-scaled.jpg?resize=2048%2C1093&amp;ssl=1 2048w, https:\/\/i0.wp.com\/wp.ufpel.edu.br\/grupoicaro\/files\/2022\/02\/Plinio-Marcos_page-0001-scaled.jpg?w=948&amp;ssl=1 948w, https:\/\/i0.wp.com\/wp.ufpel.edu.br\/grupoicaro\/files\/2022\/02\/Plinio-Marcos_page-0001-scaled.jpg?w=1422&amp;ssl=1 1422w\" sizes=\"auto, (max-width: 474px) 100vw, 474px\" \/><\/h2>\n<h6 style=\"text-align: center;\"><a href=\"http:\/\/ponteseditores.com.br\/loja\/index.php?route=product\/product&amp;product_id=1583&amp;search=&amp;sort=pd.name&amp;order=ASC&amp;page=4\" target=\"_blank\" rel=\"noopener\">Clique aqui para acessar a p\u00e1gina do livro<em> A presen\u00e7a da aus\u00eancia: a subalternidade da dramaturgia (bem) dita de Pl\u00ednio Marcos<\/em> na p\u00e1gina da Pontes Editora.<\/a><\/h6>\n<p>&nbsp;<\/p>\n<p><img data-recalc-dims=\"1\" loading=\"lazy\" decoding=\"async\" data-attachment-id=\"1249\" data-permalink=\"https:\/\/wp.ufpel.edu.br\/grupoicaro\/projetos-e-eventos\/publicacoes-do-grupo\/img_20211208_083021\/\" data-orig-file=\"https:\/\/i0.wp.com\/wp.ufpel.edu.br\/grupoicaro\/files\/2022\/02\/IMG_20211208_083021-scaled-e1644844601347.jpg?fit=1414%2C2246&amp;ssl=1\" data-orig-size=\"1414,2246\" data-comments-opened=\"0\" data-image-meta=\"{&quot;aperture&quot;:&quot;1.89&quot;,&quot;credit&quot;:&quot;&quot;,&quot;camera&quot;:&quot;Redmi Note 8 Pro&quot;,&quot;caption&quot;:&quot;&quot;,&quot;created_timestamp&quot;:&quot;1638952221&quot;,&quot;copyright&quot;:&quot;&quot;,&quot;focal_length&quot;:&quot;5.43&quot;,&quot;iso&quot;:&quot;176&quot;,&quot;shutter_speed&quot;:&quot;0.016665&quot;,&quot;title&quot;:&quot;&quot;,&quot;orientation&quot;:&quot;1&quot;}\" data-image-title=\"IMG_20211208_083021\" data-image-description=\"\" data-image-caption=\"\" data-medium-file=\"https:\/\/i0.wp.com\/wp.ufpel.edu.br\/grupoicaro\/files\/2022\/02\/IMG_20211208_083021-scaled-e1644844601347.jpg?fit=200%2C318&amp;ssl=1\" data-large-file=\"https:\/\/i0.wp.com\/wp.ufpel.edu.br\/grupoicaro\/files\/2022\/02\/IMG_20211208_083021-scaled-e1644844601347.jpg?fit=474%2C106&amp;ssl=1\" class=\"wp-image-1249 aligncenter\" src=\"https:\/\/i0.wp.com\/wp.ufpel.edu.br\/grupoicaro\/files\/2022\/02\/IMG_20211208_083021-scaled-e1644844601347-200x318.jpg?resize=296%2C471&#038;ssl=1\" alt=\"\" width=\"296\" height=\"471\" srcset=\"https:\/\/i0.wp.com\/wp.ufpel.edu.br\/grupoicaro\/files\/2022\/02\/IMG_20211208_083021-scaled-e1644844601347.jpg?resize=200%2C318&amp;ssl=1 200w, https:\/\/i0.wp.com\/wp.ufpel.edu.br\/grupoicaro\/files\/2022\/02\/IMG_20211208_083021-scaled-e1644844601347.jpg?resize=100%2C159&amp;ssl=1 100w, https:\/\/i0.wp.com\/wp.ufpel.edu.br\/grupoicaro\/files\/2022\/02\/IMG_20211208_083021-scaled-e1644844601347.jpg?resize=768%2C1220&amp;ssl=1 768w, https:\/\/i0.wp.com\/wp.ufpel.edu.br\/grupoicaro\/files\/2022\/02\/IMG_20211208_083021-scaled-e1644844601347.jpg?resize=967%2C1536&amp;ssl=1 967w, https:\/\/i0.wp.com\/wp.ufpel.edu.br\/grupoicaro\/files\/2022\/02\/IMG_20211208_083021-scaled-e1644844601347.jpg?resize=1289%2C2048&amp;ssl=1 1289w, https:\/\/i0.wp.com\/wp.ufpel.edu.br\/grupoicaro\/files\/2022\/02\/IMG_20211208_083021-scaled-e1644844601347.jpg?w=1414&amp;ssl=1 1414w\" sizes=\"auto, (max-width: 296px) 100vw, 296px\" \/><\/p>\n<p style=\"text-align: center;\"><a href=\"https:\/\/wp.ufpel.edu.br\/grupoicaro\/files\/2022\/02\/A_Insustentavel_Leveza.pdf\" target=\"_blank\" rel=\"noopener\">Clique aqui para acessar a \u00edntegra da obra <em>A insustent\u00e1vel leveza: a Literatura e sua an\u00e1lise<\/em> em PDF.<\/a><\/p>\n<h2><img data-recalc-dims=\"1\" loading=\"lazy\" decoding=\"async\" data-attachment-id=\"1210\" data-permalink=\"https:\/\/wp.ufpel.edu.br\/grupoicaro\/projetos-e-eventos\/publicacoes-do-grupo\/612hb4f4mml\/\" data-orig-file=\"https:\/\/i0.wp.com\/wp.ufpel.edu.br\/grupoicaro\/files\/2021\/12\/612Hb4F4mML.jpg?fit=800%2C1200&amp;ssl=1\" data-orig-size=\"800,1200\" data-comments-opened=\"0\" data-image-meta=\"{&quot;aperture&quot;:&quot;0&quot;,&quot;credit&quot;:&quot;&quot;,&quot;camera&quot;:&quot;&quot;,&quot;caption&quot;:&quot;&quot;,&quot;created_timestamp&quot;:&quot;0&quot;,&quot;copyright&quot;:&quot;&quot;,&quot;focal_length&quot;:&quot;0&quot;,&quot;iso&quot;:&quot;0&quot;,&quot;shutter_speed&quot;:&quot;0&quot;,&quot;title&quot;:&quot;&quot;,&quot;orientation&quot;:&quot;0&quot;}\" data-image-title=\"A Fal\u00eancia do Narrador\" data-image-description=\"\" data-image-caption=\"\" data-medium-file=\"https:\/\/i0.wp.com\/wp.ufpel.edu.br\/grupoicaro\/files\/2021\/12\/612Hb4F4mML.jpg?fit=212%2C318&amp;ssl=1\" data-large-file=\"https:\/\/i0.wp.com\/wp.ufpel.edu.br\/grupoicaro\/files\/2021\/12\/612Hb4F4mML.jpg?fit=474%2C130&amp;ssl=1\" class=\"aligncenter wp-image-1210 \" src=\"https:\/\/i0.wp.com\/wp.ufpel.edu.br\/grupoicaro\/files\/2021\/12\/612Hb4F4mML.jpg?resize=298%2C447&#038;ssl=1\" alt=\"\" width=\"298\" height=\"447\" srcset=\"https:\/\/i0.wp.com\/wp.ufpel.edu.br\/grupoicaro\/files\/2021\/12\/612Hb4F4mML.jpg?w=800&amp;ssl=1 800w, https:\/\/i0.wp.com\/wp.ufpel.edu.br\/grupoicaro\/files\/2021\/12\/612Hb4F4mML.jpg?resize=212%2C318&amp;ssl=1 212w, https:\/\/i0.wp.com\/wp.ufpel.edu.br\/grupoicaro\/files\/2021\/12\/612Hb4F4mML.jpg?resize=106%2C159&amp;ssl=1 106w, https:\/\/i0.wp.com\/wp.ufpel.edu.br\/grupoicaro\/files\/2021\/12\/612Hb4F4mML.jpg?resize=768%2C1152&amp;ssl=1 768w\" sizes=\"auto, (max-width: 298px) 100vw, 298px\" \/><\/h2>\n<h6 style=\"text-align: center;\"><a href=\"https:\/\/www.eviseu.com\/pt\/livros\/1315\/a-falencia-do-narrador\/\" target=\"_blank\" rel=\"noopener\">Clique aqui para acessar a p\u00e1gina do livro <em>A Fal\u00eancia do Narrador<\/em> na Editora Viseu<\/a><\/h6>\n<h2><img data-recalc-dims=\"1\" loading=\"lazy\" decoding=\"async\" data-attachment-id=\"1247\" data-permalink=\"https:\/\/wp.ufpel.edu.br\/grupoicaro\/projetos-e-eventos\/publicacoes-do-grupo\/450xn\/\" data-orig-file=\"https:\/\/i0.wp.com\/wp.ufpel.edu.br\/grupoicaro\/files\/2022\/02\/450xN.jpg?fit=450%2C647&amp;ssl=1\" data-orig-size=\"450,647\" data-comments-opened=\"0\" data-image-meta=\"{&quot;aperture&quot;:&quot;0&quot;,&quot;credit&quot;:&quot;&quot;,&quot;camera&quot;:&quot;&quot;,&quot;caption&quot;:&quot;&quot;,&quot;created_timestamp&quot;:&quot;0&quot;,&quot;copyright&quot;:&quot;&quot;,&quot;focal_length&quot;:&quot;0&quot;,&quot;iso&quot;:&quot;0&quot;,&quot;shutter_speed&quot;:&quot;0&quot;,&quot;title&quot;:&quot;&quot;,&quot;orientation&quot;:&quot;0&quot;}\" data-image-title=\"450xN\" data-image-description=\"\" data-image-caption=\"\" data-medium-file=\"https:\/\/i0.wp.com\/wp.ufpel.edu.br\/grupoicaro\/files\/2022\/02\/450xN.jpg?fit=221%2C318&amp;ssl=1\" data-large-file=\"https:\/\/i0.wp.com\/wp.ufpel.edu.br\/grupoicaro\/files\/2022\/02\/450xN.jpg?fit=450%2C220&amp;ssl=1\" class=\"wp-image-1247 aligncenter\" src=\"https:\/\/i0.wp.com\/wp.ufpel.edu.br\/grupoicaro\/files\/2022\/02\/450xN.jpg?resize=290%2C417&#038;ssl=1\" alt=\"\" width=\"290\" height=\"417\" srcset=\"https:\/\/i0.wp.com\/wp.ufpel.edu.br\/grupoicaro\/files\/2022\/02\/450xN.jpg?resize=221%2C318&amp;ssl=1 221w, https:\/\/i0.wp.com\/wp.ufpel.edu.br\/grupoicaro\/files\/2022\/02\/450xN.jpg?resize=111%2C159&amp;ssl=1 111w, https:\/\/i0.wp.com\/wp.ufpel.edu.br\/grupoicaro\/files\/2022\/02\/450xN.jpg?w=450&amp;ssl=1 450w\" sizes=\"auto, (max-width: 290px) 100vw, 290px\" \/><\/h2>\n<h6 style=\"text-align: center;\"><a href=\"https:\/\/www.editorazouk.com.br\/pd-509efd-teatro-seculo-xix.html?ct=&amp;p=1&amp;s=1\" target=\"_blank\" rel=\"noopener\">Clique aqui para acessar a p\u00e1gina do livro <em>Teatro: s\u00e9culo XIX<\/em> no site da Editora ZOUK.<\/a><\/h6>\n<h2><img data-recalc-dims=\"1\" loading=\"lazy\" decoding=\"async\" data-attachment-id=\"1235\" data-permalink=\"https:\/\/wp.ufpel.edu.br\/grupoicaro\/projetos-e-eventos\/publicacoes-do-grupo\/por-um-sopro-de-liberdade_page-0001\/\" data-orig-file=\"https:\/\/i0.wp.com\/wp.ufpel.edu.br\/grupoicaro\/files\/2022\/02\/Por-um-sopro-de-liberdade_page-0001.jpg?fit=1756%2C856&amp;ssl=1\" data-orig-size=\"1756,856\" data-comments-opened=\"0\" data-image-meta=\"{&quot;aperture&quot;:&quot;0&quot;,&quot;credit&quot;:&quot;&quot;,&quot;camera&quot;:&quot;&quot;,&quot;caption&quot;:&quot;&quot;,&quot;created_timestamp&quot;:&quot;0&quot;,&quot;copyright&quot;:&quot;&quot;,&quot;focal_length&quot;:&quot;0&quot;,&quot;iso&quot;:&quot;0&quot;,&quot;shutter_speed&quot;:&quot;0&quot;,&quot;title&quot;:&quot;&quot;,&quot;orientation&quot;:&quot;0&quot;}\" data-image-title=\"Por um sopro de liberdade_page-0001\" data-image-description=\"\" data-image-caption=\"\" data-medium-file=\"https:\/\/i0.wp.com\/wp.ufpel.edu.br\/grupoicaro\/files\/2022\/02\/Por-um-sopro-de-liberdade_page-0001.jpg?fit=424%2C207&amp;ssl=1\" data-large-file=\"https:\/\/i0.wp.com\/wp.ufpel.edu.br\/grupoicaro\/files\/2022\/02\/Por-um-sopro-de-liberdade_page-0001.jpg?fit=474%2C106&amp;ssl=1\" class=\"size-full wp-image-1235 aligncenter\" src=\"https:\/\/i0.wp.com\/wp.ufpel.edu.br\/grupoicaro\/files\/2022\/02\/Por-um-sopro-de-liberdade_page-0001.jpg?resize=474%2C231&#038;ssl=1\" alt=\"\" width=\"474\" height=\"231\" srcset=\"https:\/\/i0.wp.com\/wp.ufpel.edu.br\/grupoicaro\/files\/2022\/02\/Por-um-sopro-de-liberdade_page-0001.jpg?w=1756&amp;ssl=1 1756w, https:\/\/i0.wp.com\/wp.ufpel.edu.br\/grupoicaro\/files\/2022\/02\/Por-um-sopro-de-liberdade_page-0001.jpg?resize=424%2C207&amp;ssl=1 424w, https:\/\/i0.wp.com\/wp.ufpel.edu.br\/grupoicaro\/files\/2022\/02\/Por-um-sopro-de-liberdade_page-0001.jpg?resize=212%2C103&amp;ssl=1 212w, https:\/\/i0.wp.com\/wp.ufpel.edu.br\/grupoicaro\/files\/2022\/02\/Por-um-sopro-de-liberdade_page-0001.jpg?resize=768%2C374&amp;ssl=1 768w, https:\/\/i0.wp.com\/wp.ufpel.edu.br\/grupoicaro\/files\/2022\/02\/Por-um-sopro-de-liberdade_page-0001.jpg?resize=1536%2C749&amp;ssl=1 1536w, https:\/\/i0.wp.com\/wp.ufpel.edu.br\/grupoicaro\/files\/2022\/02\/Por-um-sopro-de-liberdade_page-0001.jpg?w=948&amp;ssl=1 948w, https:\/\/i0.wp.com\/wp.ufpel.edu.br\/grupoicaro\/files\/2022\/02\/Por-um-sopro-de-liberdade_page-0001.jpg?w=1422&amp;ssl=1 1422w\" sizes=\"auto, (max-width: 474px) 100vw, 474px\" \/><\/h2>\n<h6 style=\"text-align: center;\"><a href=\"https:\/\/www.scortecci.com.br\/lermais_materias.php?cd_materias=12856&amp;friurl=_-POR-UM-SOPRO-DE-LIBERDADE--Hayde-Costa-Vieira--Wagner-Corsino-Enedino-_\" target=\"_blank\" rel=\"noopener\">Clique aqui para acessar a p\u00e1gina do livro <em>Por um sopro de liberdade: teatro e resist\u00eancia no palco brasileiro<\/em> na p\u00e1gina do Grupo Editorial Scortecci.<\/a><\/h6>\n<h2><img data-recalc-dims=\"1\" loading=\"lazy\" decoding=\"async\" data-attachment-id=\"1233\" data-permalink=\"https:\/\/wp.ufpel.edu.br\/grupoicaro\/projetos-e-eventos\/publicacoes-do-grupo\/a-presenca-da-ausencia_page-0001\/\" data-orig-file=\"https:\/\/i0.wp.com\/wp.ufpel.edu.br\/grupoicaro\/files\/2022\/02\/A-presenca-da-ausencia_page-0001-scaled.jpg?fit=2560%2C1404&amp;ssl=1\" data-orig-size=\"2560,1404\" data-comments-opened=\"0\" data-image-meta=\"{&quot;aperture&quot;:&quot;0&quot;,&quot;credit&quot;:&quot;&quot;,&quot;camera&quot;:&quot;&quot;,&quot;caption&quot;:&quot;&quot;,&quot;created_timestamp&quot;:&quot;0&quot;,&quot;copyright&quot;:&quot;&quot;,&quot;focal_length&quot;:&quot;0&quot;,&quot;iso&quot;:&quot;0&quot;,&quot;shutter_speed&quot;:&quot;0&quot;,&quot;title&quot;:&quot;&quot;,&quot;orientation&quot;:&quot;0&quot;}\" data-image-title=\"A presen\u00e7a da aus\u00eancia_page-0001\" data-image-description=\"\" data-image-caption=\"\" data-medium-file=\"https:\/\/i0.wp.com\/wp.ufpel.edu.br\/grupoicaro\/files\/2022\/02\/A-presenca-da-ausencia_page-0001-scaled.jpg?fit=424%2C233&amp;ssl=1\" data-large-file=\"https:\/\/i0.wp.com\/wp.ufpel.edu.br\/grupoicaro\/files\/2022\/02\/A-presenca-da-ausencia_page-0001-scaled.jpg?fit=474%2C106&amp;ssl=1\" class=\"size-full wp-image-1233 aligncenter\" src=\"https:\/\/i0.wp.com\/wp.ufpel.edu.br\/grupoicaro\/files\/2022\/02\/A-presenca-da-ausencia_page-0001-scaled.jpg?resize=474%2C260&#038;ssl=1\" alt=\"\" width=\"474\" height=\"260\" srcset=\"https:\/\/i0.wp.com\/wp.ufpel.edu.br\/grupoicaro\/files\/2022\/02\/A-presenca-da-ausencia_page-0001-scaled.jpg?w=2560&amp;ssl=1 2560w, https:\/\/i0.wp.com\/wp.ufpel.edu.br\/grupoicaro\/files\/2022\/02\/A-presenca-da-ausencia_page-0001-scaled.jpg?resize=424%2C233&amp;ssl=1 424w, https:\/\/i0.wp.com\/wp.ufpel.edu.br\/grupoicaro\/files\/2022\/02\/A-presenca-da-ausencia_page-0001-scaled.jpg?resize=212%2C116&amp;ssl=1 212w, https:\/\/i0.wp.com\/wp.ufpel.edu.br\/grupoicaro\/files\/2022\/02\/A-presenca-da-ausencia_page-0001-scaled.jpg?resize=768%2C421&amp;ssl=1 768w, https:\/\/i0.wp.com\/wp.ufpel.edu.br\/grupoicaro\/files\/2022\/02\/A-presenca-da-ausencia_page-0001-scaled.jpg?resize=1536%2C842&amp;ssl=1 1536w, https:\/\/i0.wp.com\/wp.ufpel.edu.br\/grupoicaro\/files\/2022\/02\/A-presenca-da-ausencia_page-0001-scaled.jpg?resize=2048%2C1123&amp;ssl=1 2048w, https:\/\/i0.wp.com\/wp.ufpel.edu.br\/grupoicaro\/files\/2022\/02\/A-presenca-da-ausencia_page-0001-scaled.jpg?w=948&amp;ssl=1 948w, https:\/\/i0.wp.com\/wp.ufpel.edu.br\/grupoicaro\/files\/2022\/02\/A-presenca-da-ausencia_page-0001-scaled.jpg?w=1422&amp;ssl=1 1422w\" sizes=\"auto, (max-width: 474px) 100vw, 474px\" \/><\/h2>\n<h6 style=\"text-align: center;\"><a href=\"http:\/\/ponteseditores.com.br\/loja\/index.php?route=product\/product&amp;product_id=884&amp;search=pl%C3%ADnio+marcos\" target=\"_blank\" rel=\"noopener\">Clique aqui para acessar a p\u00e1gina do livro <em>Pl\u00ednio Marcos: o signo do mau tempo<\/em> na p\u00e1gina da Pontes Editora.<\/a><\/h6>\n<h2><img data-recalc-dims=\"1\" loading=\"lazy\" decoding=\"async\" data-attachment-id=\"1145\" data-permalink=\"https:\/\/wp.ufpel.edu.br\/grupoicaro\/projetos-e-eventos\/publicacoes-do-grupo\/sexualidades-identidades-culturais\/\" data-orig-file=\"https:\/\/i0.wp.com\/wp.ufpel.edu.br\/grupoicaro\/files\/2020\/08\/Sexualidades-Identidades-Culturais.jpg?fit=630%2C726&amp;ssl=1\" data-orig-size=\"630,726\" data-comments-opened=\"0\" data-image-meta=\"{&quot;aperture&quot;:&quot;0&quot;,&quot;credit&quot;:&quot;&quot;,&quot;camera&quot;:&quot;&quot;,&quot;caption&quot;:&quot;&quot;,&quot;created_timestamp&quot;:&quot;0&quot;,&quot;copyright&quot;:&quot;&quot;,&quot;focal_length&quot;:&quot;0&quot;,&quot;iso&quot;:&quot;0&quot;,&quot;shutter_speed&quot;:&quot;0&quot;,&quot;title&quot;:&quot;&quot;,&quot;orientation&quot;:&quot;0&quot;}\" data-image-title=\"Sexualidades Identidades Culturais\" data-image-description=\"\" data-image-caption=\"\" data-medium-file=\"https:\/\/i0.wp.com\/wp.ufpel.edu.br\/grupoicaro\/files\/2020\/08\/Sexualidades-Identidades-Culturais.jpg?fit=276%2C318&amp;ssl=1\" data-large-file=\"https:\/\/i0.wp.com\/wp.ufpel.edu.br\/grupoicaro\/files\/2020\/08\/Sexualidades-Identidades-Culturais.jpg?fit=474%2C166&amp;ssl=1\" class=\" wp-image-1145 aligncenter\" src=\"https:\/\/i0.wp.com\/wp.ufpel.edu.br\/grupoicaro\/files\/2020\/08\/Sexualidades-Identidades-Culturais.jpg?resize=301%2C347&#038;ssl=1\" alt=\"\" width=\"301\" height=\"347\" srcset=\"https:\/\/i0.wp.com\/wp.ufpel.edu.br\/grupoicaro\/files\/2020\/08\/Sexualidades-Identidades-Culturais.jpg?w=630&amp;ssl=1 630w, https:\/\/i0.wp.com\/wp.ufpel.edu.br\/grupoicaro\/files\/2020\/08\/Sexualidades-Identidades-Culturais.jpg?resize=276%2C318&amp;ssl=1 276w, https:\/\/i0.wp.com\/wp.ufpel.edu.br\/grupoicaro\/files\/2020\/08\/Sexualidades-Identidades-Culturais.jpg?resize=138%2C159&amp;ssl=1 138w\" sizes=\"auto, (max-width: 301px) 100vw, 301px\" \/><\/h2>\n<h6 style=\"text-align: center;\"><a href=\"http:\/\/guaiaca.ufpel.edu.br:8080\/bitstream\/prefix\/6478\/1\/Sexualidades%20e%20identidades%20culturais_ebook.pdf\" target=\"_blank\" rel=\"noopener\">Acesse o <em>e-book<\/em> da obra <em>Sexualidades e Identidades Culturais<\/em> clicando aqui<\/a><\/h6>\n<h2><a style=\"font-size: 13px; line-height: 18px;\" href=\"https:\/\/i0.wp.com\/wp.ufpel.edu.br\/grupoicaro\/files\/2013\/05\/violencia_e_memoria_capa.jpg?ssl=1\"><img data-recalc-dims=\"1\" loading=\"lazy\" decoding=\"async\" data-attachment-id=\"1099\" data-permalink=\"https:\/\/wp.ufpel.edu.br\/grupoicaro\/projetos-e-eventos\/publicacoes-do-grupo\/o-lugar\/\" data-orig-file=\"https:\/\/i0.wp.com\/wp.ufpel.edu.br\/grupoicaro\/files\/2020\/06\/o-lugar.png?fit=336%2C449&amp;ssl=1\" data-orig-size=\"336,449\" data-comments-opened=\"0\" data-image-meta=\"{&quot;aperture&quot;:&quot;0&quot;,&quot;credit&quot;:&quot;&quot;,&quot;camera&quot;:&quot;&quot;,&quot;caption&quot;:&quot;&quot;,&quot;created_timestamp&quot;:&quot;0&quot;,&quot;copyright&quot;:&quot;&quot;,&quot;focal_length&quot;:&quot;0&quot;,&quot;iso&quot;:&quot;0&quot;,&quot;shutter_speed&quot;:&quot;0&quot;,&quot;title&quot;:&quot;&quot;,&quot;orientation&quot;:&quot;0&quot;}\" data-image-title=\"o lugar\" data-image-description=\"\" data-image-caption=\"\" data-medium-file=\"https:\/\/i0.wp.com\/wp.ufpel.edu.br\/grupoicaro\/files\/2020\/06\/o-lugar.png?fit=238%2C318&amp;ssl=1\" data-large-file=\"https:\/\/i0.wp.com\/wp.ufpel.edu.br\/grupoicaro\/files\/2020\/06\/o-lugar.png?fit=336%2C220&amp;ssl=1\" class=\" wp-image-1099 aligncenter\" src=\"https:\/\/i0.wp.com\/wp.ufpel.edu.br\/grupoicaro\/files\/2020\/06\/o-lugar.png?resize=290%2C388&#038;ssl=1\" alt=\"\" width=\"290\" height=\"388\" srcset=\"https:\/\/i0.wp.com\/wp.ufpel.edu.br\/grupoicaro\/files\/2020\/06\/o-lugar.png?w=336&amp;ssl=1 336w, https:\/\/i0.wp.com\/wp.ufpel.edu.br\/grupoicaro\/files\/2020\/06\/o-lugar.png?resize=238%2C318&amp;ssl=1 238w, https:\/\/i0.wp.com\/wp.ufpel.edu.br\/grupoicaro\/files\/2020\/06\/o-lugar.png?resize=119%2C159&amp;ssl=1 119w\" sizes=\"auto, (max-width: 290px) 100vw, 290px\" \/><\/a><\/h2>\n<h6 style=\"text-align: center;\"><a href=\"http:\/\/guaiaca.ufpel.edu.br:8080\/bitstream\/prefix\/4701\/1\/O_lugar_do_abjeto.pdf\" target=\"_blank\" rel=\"noopener noreferrer\">Clique aqui para acessar o livro &#8220;O Lugar do Abjeto&#8221; <\/a><\/h6>\n<h2><a style=\"font-size: 13px; line-height: 18px;\" href=\"https:\/\/i0.wp.com\/wp.ufpel.edu.br\/grupoicaro\/files\/2013\/05\/violencia_e_memoria_capa.jpg?ssl=1\"><img data-recalc-dims=\"1\" loading=\"lazy\" decoding=\"async\" data-attachment-id=\"171\" data-permalink=\"https:\/\/wp.ufpel.edu.br\/grupoicaro\/projetos-e-eventos\/publicacoes-do-grupo\/violencia_e_memoria_capa\/\" data-orig-file=\"https:\/\/i0.wp.com\/wp.ufpel.edu.br\/grupoicaro\/files\/2013\/05\/violencia_e_memoria_capa.jpg?fit=490%2C234&amp;ssl=1\" data-orig-size=\"490,234\" data-comments-opened=\"0\" data-image-meta=\"{&quot;aperture&quot;:&quot;0&quot;,&quot;credit&quot;:&quot;&quot;,&quot;camera&quot;:&quot;&quot;,&quot;caption&quot;:&quot;&quot;,&quot;created_timestamp&quot;:&quot;0&quot;,&quot;copyright&quot;:&quot;&quot;,&quot;focal_length&quot;:&quot;0&quot;,&quot;iso&quot;:&quot;0&quot;,&quot;shutter_speed&quot;:&quot;0&quot;,&quot;title&quot;:&quot;&quot;}\" data-image-title=\"violencia_e_memoria_capa\" data-image-description=\"\" data-image-caption=\"\" data-medium-file=\"https:\/\/i0.wp.com\/wp.ufpel.edu.br\/grupoicaro\/files\/2013\/05\/violencia_e_memoria_capa.jpg?fit=300%2C143&amp;ssl=1\" data-large-file=\"https:\/\/i0.wp.com\/wp.ufpel.edu.br\/grupoicaro\/files\/2013\/05\/violencia_e_memoria_capa.jpg?fit=461%2C220&amp;ssl=1\" class=\"size-medium wp-image-171 aligncenter\" src=\"https:\/\/i0.wp.com\/wp.ufpel.edu.br\/grupoicaro\/files\/2013\/05\/violencia_e_memoria_capa.jpg?resize=300%2C143&#038;ssl=1\" alt=\"\" width=\"300\" height=\"143\" srcset=\"https:\/\/i0.wp.com\/wp.ufpel.edu.br\/grupoicaro\/files\/2013\/05\/violencia_e_memoria_capa.jpg?resize=300%2C143&amp;ssl=1 300w, https:\/\/i0.wp.com\/wp.ufpel.edu.br\/grupoicaro\/files\/2013\/05\/violencia_e_memoria_capa.jpg?w=490&amp;ssl=1 490w\" sizes=\"auto, (max-width: 300px) 100vw, 300px\" \/><\/a><\/h2>\n<h6 style=\"text-align: center;\"><a href=\"https:\/\/wp.ufpel.edu.br\/grupoicaro\/files\/2013\/05\/Livro-\u201cViol\u00eancia-e-Mem\u00f3ria-na-produ\u00e7\u00e3o-cultural-o-autoritarismo-na-Alemanha-e-no-Brasil\u201d.pdf\">Clique aqui para ler o livro \u201cViol\u00eancia e Mem\u00f3ria na produ\u00e7\u00e3o cultural o autoritarismo na Alemanha e no Brasil\u201d<\/a><\/h6>\n<h2 style=\"text-align: center;\"><a style=\"font-size: 13px; line-height: 18px;\" href=\"https:\/\/i0.wp.com\/wp.ufpel.edu.br\/grupoicaro\/files\/2013\/05\/capa.png?ssl=1\"><img data-recalc-dims=\"1\" loading=\"lazy\" decoding=\"async\" data-attachment-id=\"178\" data-permalink=\"https:\/\/wp.ufpel.edu.br\/grupoicaro\/projetos-e-eventos\/publicacoes-do-grupo\/capa\/\" data-orig-file=\"https:\/\/i0.wp.com\/wp.ufpel.edu.br\/grupoicaro\/files\/2013\/05\/capa.png?fit=300%2C150&amp;ssl=1\" data-orig-size=\"300,150\" data-comments-opened=\"0\" data-image-meta=\"{&quot;aperture&quot;:&quot;0&quot;,&quot;credit&quot;:&quot;&quot;,&quot;camera&quot;:&quot;&quot;,&quot;caption&quot;:&quot;&quot;,&quot;created_timestamp&quot;:&quot;0&quot;,&quot;copyright&quot;:&quot;&quot;,&quot;focal_length&quot;:&quot;0&quot;,&quot;iso&quot;:&quot;0&quot;,&quot;shutter_speed&quot;:&quot;0&quot;,&quot;title&quot;:&quot;&quot;}\" data-image-title=\"capa\" data-image-description=\"\" data-image-caption=\"\" data-medium-file=\"https:\/\/i0.wp.com\/wp.ufpel.edu.br\/grupoicaro\/files\/2013\/05\/capa.png?fit=300%2C150&amp;ssl=1\" data-large-file=\"https:\/\/i0.wp.com\/wp.ufpel.edu.br\/grupoicaro\/files\/2013\/05\/capa.png?fit=300%2C150&amp;ssl=1\" class=\"size-full wp-image-178 alignnone\" src=\"https:\/\/i0.wp.com\/wp.ufpel.edu.br\/grupoicaro\/files\/2013\/05\/capa.png?resize=300%2C150&#038;ssl=1\" alt=\"\" width=\"300\" height=\"150\" \/><\/a><\/h2>\n<h6 style=\"text-align: center;\"><a href=\"https:\/\/wp.ufpel.edu.br\/grupoicaro\/files\/2013\/05\/Livro-\u201cLiteratura-Cr\u00edtica-Comparada\u201d.pdf\">Clique aqui para ler o livro \u201cLiteratura Cr\u00edtica Comparada\u201d<\/a><\/h6>\n<h3 style=\"text-align: center;\"><a href=\"https:\/\/i0.wp.com\/wp.ufpel.edu.br\/grupoicaro\/files\/2013\/05\/Ourique.png?ssl=1\"><img data-recalc-dims=\"1\" loading=\"lazy\" decoding=\"async\" data-attachment-id=\"623\" data-permalink=\"https:\/\/wp.ufpel.edu.br\/grupoicaro\/projetos-e-eventos\/publicacoes-do-grupo\/ourique\/\" data-orig-file=\"https:\/\/i0.wp.com\/wp.ufpel.edu.br\/grupoicaro\/files\/2013\/05\/Ourique.png?fit=600%2C800&amp;ssl=1\" data-orig-size=\"600,800\" data-comments-opened=\"0\" data-image-meta=\"{&quot;aperture&quot;:&quot;0&quot;,&quot;credit&quot;:&quot;&quot;,&quot;camera&quot;:&quot;&quot;,&quot;caption&quot;:&quot;&quot;,&quot;created_timestamp&quot;:&quot;0&quot;,&quot;copyright&quot;:&quot;&quot;,&quot;focal_length&quot;:&quot;0&quot;,&quot;iso&quot;:&quot;0&quot;,&quot;shutter_speed&quot;:&quot;0&quot;,&quot;title&quot;:&quot;&quot;,&quot;orientation&quot;:&quot;0&quot;}\" data-image-title=\"Ourique\" data-image-description=\"\" data-image-caption=\"\" data-medium-file=\"https:\/\/i0.wp.com\/wp.ufpel.edu.br\/grupoicaro\/files\/2013\/05\/Ourique.png?fit=239%2C318&amp;ssl=1\" data-large-file=\"https:\/\/i0.wp.com\/wp.ufpel.edu.br\/grupoicaro\/files\/2013\/05\/Ourique.png?fit=474%2C174&amp;ssl=1\" class=\"wp-image-623 alignnone\" src=\"https:\/\/i0.wp.com\/wp.ufpel.edu.br\/grupoicaro\/files\/2013\/05\/Ourique.png?resize=233%2C311&#038;ssl=1\" alt=\"Ourique\" width=\"233\" height=\"311\" srcset=\"https:\/\/i0.wp.com\/wp.ufpel.edu.br\/grupoicaro\/files\/2013\/05\/Ourique.png?w=600&amp;ssl=1 600w, https:\/\/i0.wp.com\/wp.ufpel.edu.br\/grupoicaro\/files\/2013\/05\/Ourique.png?resize=119%2C159&amp;ssl=1 119w, https:\/\/i0.wp.com\/wp.ufpel.edu.br\/grupoicaro\/files\/2013\/05\/Ourique.png?resize=239%2C318&amp;ssl=1 239w\" sizes=\"auto, (max-width: 233px) 100vw, 233px\" \/><\/a><\/h3>\n<h6 style=\"text-align: center;\"><a href=\"https:\/\/www.unijui.edu.br\/Portal\/Modulos\/editora\/?uBJ07wW1UARC__PLS__zgHQM4MiakQox3Ny__SLA__5YxZnU__PLS__bNnUTondNwtSoRV__SLA__zzgaUjv02p9vHXOsXRNU__SLA__4XeOKG30WXmw__IGL__=\" target=\"_blank\" rel=\"noopener noreferrer\">Clique aqui para acessar a p\u00e1gina do livro &#8220;Literatura e Forma\u00e7\u00e3o do Leitor: Escola e sociedade, ensino e educa\u00e7\u00e3o&#8221;, na Editora UNIJU\u00cd<\/a><\/h6>\n<p>&nbsp;<\/p>\n<p><img data-recalc-dims=\"1\" loading=\"lazy\" decoding=\"async\" data-attachment-id=\"909\" data-permalink=\"https:\/\/wp.ufpel.edu.br\/grupoicaro\/projetos-e-eventos\/publicacoes-do-grupo\/capa-2\/\" data-orig-file=\"https:\/\/i0.wp.com\/wp.ufpel.edu.br\/grupoicaro\/files\/2013\/05\/capa-1.png?fit=688%2C1053&amp;ssl=1\" data-orig-size=\"688,1053\" data-comments-opened=\"0\" data-image-meta=\"{&quot;aperture&quot;:&quot;0&quot;,&quot;credit&quot;:&quot;&quot;,&quot;camera&quot;:&quot;&quot;,&quot;caption&quot;:&quot;&quot;,&quot;created_timestamp&quot;:&quot;0&quot;,&quot;copyright&quot;:&quot;&quot;,&quot;focal_length&quot;:&quot;0&quot;,&quot;iso&quot;:&quot;0&quot;,&quot;shutter_speed&quot;:&quot;0&quot;,&quot;title&quot;:&quot;&quot;,&quot;orientation&quot;:&quot;0&quot;}\" data-image-title=\"capa\" data-image-description=\"\" data-image-caption=\"\" data-medium-file=\"https:\/\/i0.wp.com\/wp.ufpel.edu.br\/grupoicaro\/files\/2013\/05\/capa-1.png?fit=208%2C318&amp;ssl=1\" data-large-file=\"https:\/\/i0.wp.com\/wp.ufpel.edu.br\/grupoicaro\/files\/2013\/05\/capa-1.png?fit=474%2C152&amp;ssl=1\" class=\"aligncenter wp-image-909 size-medium\" src=\"https:\/\/i0.wp.com\/wp.ufpel.edu.br\/grupoicaro\/files\/2013\/05\/capa-1.png?resize=208%2C318&#038;ssl=1\" width=\"208\" height=\"318\" srcset=\"https:\/\/i0.wp.com\/wp.ufpel.edu.br\/grupoicaro\/files\/2013\/05\/capa-1.png?resize=208%2C318&amp;ssl=1 208w, https:\/\/i0.wp.com\/wp.ufpel.edu.br\/grupoicaro\/files\/2013\/05\/capa-1.png?resize=104%2C159&amp;ssl=1 104w, https:\/\/i0.wp.com\/wp.ufpel.edu.br\/grupoicaro\/files\/2013\/05\/capa-1.png?w=688&amp;ssl=1 688w\" sizes=\"auto, (max-width: 208px) 100vw, 208px\" \/><\/p>\n<h6 style=\"text-align: center;\"><a href=\"https:\/\/wp.ufpel.edu.br\/grupoicaro\/files\/2013\/05\/Po\u00e9ticas-da-masculinidade-em-ru\u00ednas-2017.pdf\" target=\"_blank\" rel=\"noopener noreferrer\">Clique aqui para acessar o livro &#8220;Po\u00e9ticas da masculinidade em ru\u00ednas&#8221;<\/a><\/h6>\n<p>&nbsp;<\/p>\n<p>&nbsp;<\/p>\n<p>&nbsp;<\/p>\n<p>&nbsp;<\/p>\n","protected":false},"excerpt":{"rendered":"<p>Clique aqui para acessar a \u00edntegra da obra Literatura, comparatismo e cr\u00edtica social Clique aqui para acessar a \u00edntegra da obra\u00a0Dramaturgias Inquietas: o teatro nos livros e nos palcos Clique aqui para acessar a p\u00e1gina do livro Entre Margens e Sil\u00eancios no site da Pontes Editora Clique aqui para acessar a p\u00e1gina do livro A &hellip; <a href=\"https:\/\/wp.ufpel.edu.br\/grupoicaro\/projetos-e-eventos\/publicacoes-do-grupo\/\" class=\"more-link\">Continue lendo <span class=\"screen-reader-text\">Livros<\/span> <span class=\"meta-nav\">&rarr;<\/span><\/a><\/p>\n","protected":false},"author":267,"featured_media":0,"parent":34,"menu_order":0,"comment_status":"closed","ping_status":"closed","template":"","meta":{"jetpack_post_was_ever_published":false,"footnotes":""},"class_list":["post-78","page","type-page","status-publish","hentry"],"jetpack_sharing_enabled":true,"_links":{"self":[{"href":"https:\/\/wp.ufpel.edu.br\/grupoicaro\/wp-json\/wp\/v2\/pages\/78","targetHints":{"allow":["GET"]}}],"collection":[{"href":"https:\/\/wp.ufpel.edu.br\/grupoicaro\/wp-json\/wp\/v2\/pages"}],"about":[{"href":"https:\/\/wp.ufpel.edu.br\/grupoicaro\/wp-json\/wp\/v2\/types\/page"}],"author":[{"embeddable":true,"href":"https:\/\/wp.ufpel.edu.br\/grupoicaro\/wp-json\/wp\/v2\/users\/267"}],"replies":[{"embeddable":true,"href":"https:\/\/wp.ufpel.edu.br\/grupoicaro\/wp-json\/wp\/v2\/comments?post=78"}],"version-history":[{"count":36,"href":"https:\/\/wp.ufpel.edu.br\/grupoicaro\/wp-json\/wp\/v2\/pages\/78\/revisions"}],"predecessor-version":[{"id":1402,"href":"https:\/\/wp.ufpel.edu.br\/grupoicaro\/wp-json\/wp\/v2\/pages\/78\/revisions\/1402"}],"up":[{"embeddable":true,"href":"https:\/\/wp.ufpel.edu.br\/grupoicaro\/wp-json\/wp\/v2\/pages\/34"}],"wp:attachment":[{"href":"https:\/\/wp.ufpel.edu.br\/grupoicaro\/wp-json\/wp\/v2\/media?parent=78"}],"curies":[{"name":"wp","href":"https:\/\/api.w.org\/{rel}","templated":true}]}}