{"id":610,"date":"2022-08-07T18:15:29","date_gmt":"2022-08-07T21:15:29","guid":{"rendered":"https:\/\/wp.ufpel.edu.br\/godec\/?page_id=610"},"modified":"2025-07-03T18:42:32","modified_gmt":"2025-07-03T21:42:32","slug":"apendices-pacientes-oncologicos","status":"publish","type":"page","link":"https:\/\/wp.ufpel.edu.br\/godec\/apendices-pacientes-oncologicos\/","title":{"rendered":"Tratamento odontol\u00f3gico em pacientes oncol\u00f3gicos submetidos a radioterapia de cabe\u00e7a e pesco\u00e7o e\/ou quimioterapia"},"content":{"rendered":"\n<p>Ap\u00eandice 1:<\/p>\n\n\n\n<div data-wp-interactive=\"core\/file\" class=\"wp-block-file\"><object data-wp-bind--hidden=\"!state.hasPdfPreview\" hidden class=\"wp-block-file__embed\" data=\"https:\/\/wp.ufpel.edu.br\/godec\/files\/2022\/08\/Apendices.pdf\" type=\"application\/pdf\" style=\"width:100%;height:600px\" aria-label=\"Incorporado de Apendices.\"><\/object><a id=\"wp-block-file--media-976f578b-dcdc-413a-a2b3-933e96087bc9\" href=\"https:\/\/wp.ufpel.edu.br\/godec\/files\/2022\/08\/Apendices.pdf\">Apendices<\/a><a href=\"https:\/\/wp.ufpel.edu.br\/godec\/files\/2022\/08\/Apendices.pdf\" class=\"wp-block-file__button wp-element-button\" download aria-describedby=\"wp-block-file--media-976f578b-dcdc-413a-a2b3-933e96087bc9\">Baixar<\/a><\/div>\n","protected":false},"excerpt":{"rendered":"<p>Ap\u00eandice 1:<\/p>\n","protected":false},"author":995,"featured_media":0,"parent":0,"menu_order":0,"comment_status":"closed","ping_status":"closed","template":"","meta":{"footnotes":""},"class_list":["post-610","page","type-page","status-publish","hentry","nodate","item-wrap"],"jetpack_sharing_enabled":true,"jetpack-related-posts":[{"id":551,"url":"https:\/\/wp.ufpel.edu.br\/godec\/tratamento-odontologico-em-pacientes-oncologicos\/","url_meta":{"origin":610,"position":0},"title":"Tratamento em pacientes oncol\u00f3gicos submetidos \u00e0 radioterapia de cabe\u00e7a e pesco\u00e7o e\/ou \u00e0 quimioterapia","author":"godec","date":"30\/05\/2022","format":false,"excerpt":"Coordenador: Prof. Dra. Tamires Timm Maske. Painel de especialistas: H\u00e9liton Sp\u00edndola Antunes, Jos\u00e9 Ricardo Sousa Costa, Letycia Barros Gon\u00e7alves, Maur\u00edcio Moraes, Morgana Favetti, Nicole Aim\u00e9e Rodrigues Jos\u00e9, Nilce Santos de Melo, Paulo S\u00e9rgio da Silva Santos, Paulo Tadeu de Souza Figueiredo, Priscila Stona e Sandra Cec\u00edlia Aires Cartaxo. INTRODU\u00c7\u00c3O: A\u2026","rel":"","context":"Post similar","block_context":{"text":"Post similar","link":""},"img":{"alt_text":"","src":"","width":0,"height":0},"classes":[]},{"id":213,"url":"https:\/\/wp.ufpel.edu.br\/godec\/diretrizes\/","url_meta":{"origin":610,"position":1},"title":"Diretrizes","author":"godec","date":"01\/09\/2020","format":false,"excerpt":"Um dos objetivos principais do GODeC \u00e9 desenvolver, disseminar e proporcionar acesso gratuito a recomenda\u00e7\u00f5es baseadas em evid\u00eancia para promover as melhores decis\u00f5es de tratamento aos dentistas, por meio de\u00a0 diretrizes para a pr\u00e1tica cl\u00ednica Odontol\u00f3gica, assim como fornecer informa\u00e7\u00e3o de qualidade aos pacientes. Nesse contexto, um dos principais eixos\u2026","rel":"","context":"Post similar","block_context":{"text":"Post similar","link":""},"img":{"alt_text":"","src":"","width":0,"height":0},"classes":[]},{"id":615,"url":"https:\/\/wp.ufpel.edu.br\/godec\/tratamentos-conservadores-da-polpa-em-dentes-deciduos\/","url_meta":{"origin":610,"position":2},"title":"Tratamentos conservadores da polpa em dentes dec\u00edduos","author":"godec","date":"30\/05\/2022","format":false,"excerpt":"Coordenadora: Profa. Dra. Fran\u00e7oise H\u00e9l\u00e8ne van de Sande Leite\u00a0. Painel de especialistas: Carine Weber Pires, Mariana Minatel Braga, Marina Sousa Azevedo, Nicole Aim\u00e9e Rodrigues Jos\u00e9, Rachel de Oliveira Rocha, Soraya Coelho Leal, Tatiana Albuquerque Porsella Flores Padula, Tathiane Larissa Lenzi. INTRODU\u00c7\u00c3O: O objetivo da remo\u00e7\u00e3o seletiva do tecido cariado em\u2026","rel":"","context":"Post similar","block_context":{"text":"Post similar","link":""},"img":{"alt_text":"","src":"","width":0,"height":0},"classes":[]},{"id":250,"url":"https:\/\/wp.ufpel.edu.br\/godec\/sobre\/","url_meta":{"origin":610,"position":3},"title":"Sobre","author":"godec","date":"09\/11\/2020","format":false,"excerpt":"O GODeC (Global Observatory for Dental Care) \u00e9 uma iniciativa de um grupo de pesquisadores latino-americanos preocupados com a s\u00edntese e dissemina\u00e7\u00e3o do conhecimento em Odontologia. Um dos objetivos principais do GODeC \u00e9 desenvolver, disseminar e proporcionar acesso gratuito a recomenda\u00e7\u00f5es baseadas em evid\u00eancia para promover as melhores decis\u00f5es de\u2026","rel":"","context":"Post similar","block_context":{"text":"Post similar","link":""},"img":{"alt_text":"","src":"","width":0,"height":0},"classes":[]},{"id":2906,"url":"https:\/\/wp.ufpel.edu.br\/godec\/apendices-gengivite-induzida-por-biofilme-em-adultos\/","url_meta":{"origin":610,"position":4},"title":"Tratamento da gengivite induzida por biofilme em adultos","author":"micheleneumann","date":"03\/07\/2025","format":false,"excerpt":"Ap\u00eandice 1: Material suplementar - Guia gengiviteBaixar","rel":"","context":"Post similar","block_context":{"text":"Post similar","link":""},"img":{"alt_text":"","src":"","width":0,"height":0},"classes":[]},{"id":617,"url":"https:\/\/wp.ufpel.edu.br\/godec\/apendices-de-tratamentos-conservadores-da-polpa\/","url_meta":{"origin":610,"position":5},"title":"Ap\u00eandices de tratamentos conservadores da polpa.","author":"godec","date":"07\/08\/2022","format":false,"excerpt":"Apendices-tratamentos-conservadores-da-polpa-em-deciduosBaixar","rel":"","context":"Post similar","block_context":{"text":"Post similar","link":""},"img":{"alt_text":"","src":"","width":0,"height":0},"classes":[]}],"_links":{"self":[{"href":"https:\/\/wp.ufpel.edu.br\/godec\/wp-json\/wp\/v2\/pages\/610","targetHints":{"allow":["GET"]}}],"collection":[{"href":"https:\/\/wp.ufpel.edu.br\/godec\/wp-json\/wp\/v2\/pages"}],"about":[{"href":"https:\/\/wp.ufpel.edu.br\/godec\/wp-json\/wp\/v2\/types\/page"}],"author":[{"embeddable":true,"href":"https:\/\/wp.ufpel.edu.br\/godec\/wp-json\/wp\/v2\/users\/995"}],"replies":[{"embeddable":true,"href":"https:\/\/wp.ufpel.edu.br\/godec\/wp-json\/wp\/v2\/comments?post=610"}],"version-history":[{"count":3,"href":"https:\/\/wp.ufpel.edu.br\/godec\/wp-json\/wp\/v2\/pages\/610\/revisions"}],"predecessor-version":[{"id":2915,"href":"https:\/\/wp.ufpel.edu.br\/godec\/wp-json\/wp\/v2\/pages\/610\/revisions\/2915"}],"wp:attachment":[{"href":"https:\/\/wp.ufpel.edu.br\/godec\/wp-json\/wp\/v2\/media?parent=610"}],"curies":[{"name":"wp","href":"https:\/\/api.w.org\/{rel}","templated":true}]}}