{"id":551,"date":"2022-05-30T17:42:34","date_gmt":"2022-05-30T20:42:34","guid":{"rendered":"https:\/\/wp.ufpel.edu.br\/godec\/?page_id=551"},"modified":"2025-07-03T18:26:04","modified_gmt":"2025-07-03T21:26:04","slug":"tratamento-odontologico-em-pacientes-oncologicos","status":"publish","type":"page","link":"https:\/\/wp.ufpel.edu.br\/godec\/tratamento-odontologico-em-pacientes-oncologicos\/","title":{"rendered":"Tratamento em pacientes oncol\u00f3gicos submetidos \u00e0 radioterapia de cabe\u00e7a e pesco\u00e7o e\/ou \u00e0 quimioterapia"},"content":{"rendered":"\n<p>Coordenador: Prof. Dra. Tamires Timm Maske. <\/p>\n\n\n\n<p>Painel de especialistas:  H\u00e9liton Sp\u00edndola Antunes, Jos\u00e9 Ricardo Sousa Costa, Letycia Barros Gon\u00e7alves, Maur\u00edcio Moraes, Morgana Favetti, Nicole Aim\u00e9e Rodrigues Jos\u00e9, Nilce Santos de Melo, Paulo S\u00e9rgio da Silva Santos, Paulo Tadeu de Souza Figueiredo, Priscila Stona e Sandra Cec\u00edlia Aires Cartaxo.<\/p>\n\n\n\n<p>INTRODU\u00c7\u00c3O:<\/p>\n\n\n\n<p class=\"has-text-align-left\">A sa\u00fade bucal de pacientes oncol\u00f3gicos requer um cuidado diferenciado, devido as caracter\u00edsticas determinadas pela doen\u00e7a e\/ou tratamento (radioterapia\/ quimioterapia). Al\u00e9m disso, muitos profissionais t\u00eam d\u00favidas e receios a respeito do manejo odontol\u00f3gico de pacientes oncol\u00f3gicos, seja previamente, durante ou ap\u00f3s o tratamento. Nesse sentido, diretrizes para o manejo odontol\u00f3gico de pacientes oncol\u00f3gicos s\u00e3o importantes para assegurar a conduta adequada do cirurgi\u00e3o dentista de acordo com evid\u00eancias de cunho cient\u00edfico.<br>A disponibilidade de diretrizes para a pr\u00e1tica cl\u00ednica odontol\u00f3gica para o cirurgi\u00e3o-dentista da Aten\u00e7\u00e3o Prim\u00e1ria em Sa\u00fade (APS) do Sistema \u00danico de Sa\u00fade (SUS) deve simplificar o manejo destes pacientes e diminuir a necessidade de encaminhamentos para especialistas da aten\u00e7\u00e3o secund\u00e1ria. Portanto, a partir das recomenda\u00e7\u00f5es presentes neste documento, haver\u00e1 a resolu\u00e7\u00e3o de d\u00favidas comuns, como o momento para realiza\u00e7\u00e3o de tratamentos odontol\u00f3gicos, os tratamentos poss\u00edveis, preven\u00e7\u00e3o de condi\u00e7\u00f5es bucais que possam acometer o paciente oncol\u00f3gico, recomenda\u00e7\u00f5es de higiene bucal e quando realizar procedimentos ap\u00f3s tratamento oncol\u00f3gico.<\/p>\n\n\n\n<p><a href=\"https:\/\/wp.ufpel.edu.br\/godec\/?page_id=610\" data-type=\"page\" data-id=\"610\">Acesse aqui os ap\u00eandices<\/a><\/p>\n\n\n\n<p><a href=\"https:\/\/www.gov.br\/saude\/pt-br\/acesso-a-informacao\/participacao-social\/consultas-publicas\/2022\/consulta-publica-diretriz-para-pratica-clinica-odontologica-na-aps-tratamento-em-pacientes-oncologicos-submetidos-a-radioterapia-de-cabeca-e-pescoco-e-ou-quimioterapia\/diretriz_cancer-validado-desf-docx.pdf\">Acesse aqui a vers\u00e3o preliminar<\/a><\/p>\n","protected":false},"excerpt":{"rendered":"<p>Coordenador: Prof. Dra. Tamires Timm Maske. Painel de especialistas: H\u00e9liton Sp\u00edndola Antunes, Jos\u00e9 Ricardo Sousa Costa, Letycia Barros Gon\u00e7alves, Maur\u00edcio Moraes, Morgana Favetti, Nicole Aim\u00e9e Rodrigues Jos\u00e9, Nilce Santos de Melo, Paulo S\u00e9rgio da Silva Santos, Paulo Tadeu de Souza Figueiredo, Priscila Stona e Sandra Cec\u00edlia Aires Cartaxo. INTRODU\u00c7\u00c3O: A sa\u00fade bucal de pacientes oncol\u00f3gicos &hellip; <\/p>\n<p><a class=\"more-link btn\" href=\"https:\/\/wp.ufpel.edu.br\/godec\/tratamento-odontologico-em-pacientes-oncologicos\/\">Continue lendo<\/a><\/p>\n","protected":false},"author":995,"featured_media":0,"parent":0,"menu_order":0,"comment_status":"closed","ping_status":"closed","template":"","meta":{"footnotes":""},"class_list":["post-551","page","type-page","status-publish","hentry","nodate","item-wrap"],"jetpack_sharing_enabled":true,"jetpack-related-posts":[{"id":610,"url":"https:\/\/wp.ufpel.edu.br\/godec\/apendices-pacientes-oncologicos\/","url_meta":{"origin":551,"position":0},"title":"Tratamento odontol\u00f3gico em pacientes oncol\u00f3gicos submetidos a radioterapia de cabe\u00e7a e pesco\u00e7o e\/ou quimioterapia","author":"godec","date":"07\/08\/2022","format":false,"excerpt":"Ap\u00eandice 1: ApendicesBaixar","rel":"","context":"Post similar","block_context":{"text":"Post similar","link":""},"img":{"alt_text":"","src":"","width":0,"height":0},"classes":[]},{"id":213,"url":"https:\/\/wp.ufpel.edu.br\/godec\/diretrizes\/","url_meta":{"origin":551,"position":1},"title":"Diretrizes","author":"godec","date":"01\/09\/2020","format":false,"excerpt":"Um dos objetivos principais do GODeC \u00e9 desenvolver, disseminar e proporcionar acesso gratuito a recomenda\u00e7\u00f5es baseadas em evid\u00eancia para promover as melhores decis\u00f5es de tratamento aos dentistas, por meio de\u00a0 diretrizes para a pr\u00e1tica cl\u00ednica Odontol\u00f3gica, assim como fornecer informa\u00e7\u00e3o de qualidade aos pacientes. Nesse contexto, um dos principais eixos\u2026","rel":"","context":"Post similar","block_context":{"text":"Post similar","link":""},"img":{"alt_text":"","src":"","width":0,"height":0},"classes":[]},{"id":560,"url":"https:\/\/wp.ufpel.edu.br\/godec\/manejo-de-pacientes-com-ausencias-dentarias-posteriores\/","url_meta":{"origin":551,"position":2},"title":"Manejo de pacientes com aus\u00eancias dent\u00e1rias posteriores","author":"godec","date":"26\/04\/2025","format":false,"excerpt":"Coordenadora: Prof(a). Dr(a). Tatiana Pereira Cenci Painel de especialistas: Amanda Pinto Bandeira de Sousa Marques, \u00c2ndrea Daneris, Betina Suziellen Gomes da Silva, Bruna Muhlinberg Vetromilla, Gabriel C\u00f4rtes, Lucas Brum Cleff, Luciano Jos\u00e9 Pereira, Maximiliano S\u00e9rgio Cenci, Maysa Helena de Aguiar Toloni, Milena Serenini, Nicole Aim\u00e9e Rodrigues Jos\u00e9, Sumaia Cristina Coser,\u2026","rel":"","context":"Post similar","block_context":{"text":"Post similar","link":""},"img":{"alt_text":"","src":"","width":0,"height":0},"classes":[]},{"id":536,"url":"https:\/\/wp.ufpel.edu.br\/godec\/manejo-de-dor-crise-aguda-para-pacientes-com-dtm-qual-melhor-tratamento-para-servico-publico\/","url_meta":{"origin":551,"position":3},"title":"Manejo de dor (crise aguda) para pacientes com DTM: qual melhor tratamento para servi\u00e7o p\u00fablico.","author":"godec","date":"28\/04\/2025","format":false,"excerpt":"Em breve mais informa\u00e7\u00f5es.","rel":"","context":"Post similar","block_context":{"text":"Post similar","link":""},"img":{"alt_text":"","src":"","width":0,"height":0},"classes":[]},{"id":250,"url":"https:\/\/wp.ufpel.edu.br\/godec\/sobre\/","url_meta":{"origin":551,"position":4},"title":"Sobre","author":"godec","date":"09\/11\/2020","format":false,"excerpt":"O GODeC (Global Observatory for Dental Care) \u00e9 uma iniciativa de um grupo de pesquisadores latino-americanos preocupados com a s\u00edntese e dissemina\u00e7\u00e3o do conhecimento em Odontologia. Um dos objetivos principais do GODeC \u00e9 desenvolver, disseminar e proporcionar acesso gratuito a recomenda\u00e7\u00f5es baseadas em evid\u00eancia para promover as melhores decis\u00f5es de\u2026","rel":"","context":"Post similar","block_context":{"text":"Post similar","link":""},"img":{"alt_text":"","src":"","width":0,"height":0},"classes":[]},{"id":538,"url":"https:\/\/wp.ufpel.edu.br\/godec\/manejo-de-lesoes-de-carie-radicular-diretriz-para-a-pratica-clinica\/","url_meta":{"origin":551,"position":5},"title":"Manejo de les\u00f5es de c\u00e1rie radicular: diretriz para a pr\u00e1tica cl\u00ednica.","author":"godec","date":"25\/05\/2025","format":false,"excerpt":"Coordenadora: Prof(a). Dr(a). Giana da Silveira Lima Painel de especialistas: Cec\u00edlia de Brito Barbosa, Cinthia Studzinski dos Santos, Eduardo Dickie de Castilhos, Fran\u00e7oise H\u00e9l\u00e8ne van der Sande, Giana da Silveira Lima, Juliana Jobim, Julianne Bartz Maass, Maximiliano Sergio Cenci, Nail\u00ea Dam\u00e9 Teixeira, Nicole Aime\u0301e Rodrigues Jos\u00e9 e Sinval Adalberto Rodrigues\u2026","rel":"","context":"Post similar","block_context":{"text":"Post similar","link":""},"img":{"alt_text":"","src":"","width":0,"height":0},"classes":[]}],"_links":{"self":[{"href":"https:\/\/wp.ufpel.edu.br\/godec\/wp-json\/wp\/v2\/pages\/551","targetHints":{"allow":["GET"]}}],"collection":[{"href":"https:\/\/wp.ufpel.edu.br\/godec\/wp-json\/wp\/v2\/pages"}],"about":[{"href":"https:\/\/wp.ufpel.edu.br\/godec\/wp-json\/wp\/v2\/types\/page"}],"author":[{"embeddable":true,"href":"https:\/\/wp.ufpel.edu.br\/godec\/wp-json\/wp\/v2\/users\/995"}],"replies":[{"embeddable":true,"href":"https:\/\/wp.ufpel.edu.br\/godec\/wp-json\/wp\/v2\/comments?post=551"}],"version-history":[{"count":6,"href":"https:\/\/wp.ufpel.edu.br\/godec\/wp-json\/wp\/v2\/pages\/551\/revisions"}],"predecessor-version":[{"id":2905,"href":"https:\/\/wp.ufpel.edu.br\/godec\/wp-json\/wp\/v2\/pages\/551\/revisions\/2905"}],"wp:attachment":[{"href":"https:\/\/wp.ufpel.edu.br\/godec\/wp-json\/wp\/v2\/media?parent=551"}],"curies":[{"name":"wp","href":"https:\/\/api.w.org\/{rel}","templated":true}]}}