{"id":668,"date":"2016-05-05T14:14:08","date_gmt":"2016-05-05T17:14:08","guid":{"rendered":"https:\/\/wp.ufpel.edu.br\/gip\/?page_id=668"},"modified":"2016-05-12T20:40:16","modified_gmt":"2016-05-12T23:40:16","slug":"ciclo-anual-de-oficinas","status":"publish","type":"page","link":"https:\/\/wp.ufpel.edu.br\/gip\/ciclo-anual-de-oficinas\/","title":{"rendered":"Ciclo Anual de Oficinas"},"content":{"rendered":"<p><span style=\"font-family: arial, helvetica, sans-serif;font-size: 12pt;color: #000000\">Est\u00e3o abertas as inscri\u00e7\u00f5es para o <strong>VI CICLO ANUAL DE OFICINAS DO GRUPO DE INICIA\u00c7\u00c3O \u00c0 PESQUISA (GIP).<\/strong><\/span><\/p>\n<p>&nbsp;<\/p>\n<p><span style=\"font-family: arial, helvetica, sans-serif;font-size: 12pt;color: #000000\"><strong>O PROJETO GRUPO DE INICIA\u00c7\u00c3O \u00c0 PESQUISA (GIP)<\/strong> estar\u00e1 promovendo, de <strong>13\/05\/2016 a 01\/07\/2016<\/strong>, as oficinas para capacita\u00e7\u00e3o sobre quest\u00f5es gerais da pesquisa cient\u00edfica para alunos de gradua\u00e7\u00e3o da UFPEL. O GIP est\u00e1 cadastrado como projeto de ensino. O Ciclo conta com oficinas tem\u00e1ticas semanais sobre a Pesquisa Cient\u00edfica no Brasil e na UFPEL, com turmas de, no m\u00e1ximo, 60 estudantes, previamente inscritos e selecionados. As oficinas ser\u00e3o ministradas pelos professores coordenador e participantes deste projeto, sendo realizadas nos per\u00edodos da tarde, uma vez por semana, nas salas de aula da Faculdade de Direito. As oficinas versar\u00e3o sobre os temas e nos dias e hor\u00e1rios constantes na tabela abaixo, e gerar\u00e3o direito de certificado pela PRG aos que obtiverem 75% de frequ\u00eancia nessas oficinas. A \u00faltima oficina ser\u00e1 destinada \u00e0 apresenta\u00e7\u00e3o dos projetos de pesquisa pelos professores participantes e colaboradores. A participa\u00e7\u00e3o dos alunos interessados em um Projeto de Pesquisa e\/ou Grupo de Estudos n\u00e3o \u00e9 obrigat\u00f3ria, e se dar\u00e1 por escolha do acad\u00eamico, caso n\u00e3o esteja participando, de fazer parte de um dos projetos de pesquisa e\/ou grupo de estudos coordenado por um dos professores participante do GIP. As inscri\u00e7\u00f5es em cada projeto de pesquisa e\/ou grupo de estudos se dar\u00e1 de acordo com o n\u00famero de vagas oferecido por cada professor, por convocat\u00f3ria ou sele\u00e7\u00e3o.<\/span><\/p>\n<p>&nbsp;<\/p>\n<p><span style=\"font-family: arial, helvetica, sans-serif;font-size: 12pt;color: #000000\">RESULTADO:\u00a0<a href=\"https:\/\/wp.ufpel.edu.br\/gip\/files\/2016\/05\/Edital-resultado-GIP.pdf\">Edital resultado GIP<\/a><\/span><\/p>\n<p><span style=\"font-family: arial, helvetica, sans-serif;font-size: 12pt;color: #000000\"><strong>\u00a0<\/strong><\/span><\/p>\n<p><span style=\"font-family: arial, helvetica, sans-serif;font-size: 12pt;color: #000000\"><strong>As oficinas iniciam em 13\/05\/16, \u00e0s 14h.<\/strong><\/span><\/p>\n<p>&nbsp;<\/p>\n<p style=\"text-align: center\"><span style=\"color: #000000\"><strong>VI CICLO ANUAL DE OFICINAS &#8211; CALEND\u00c1RIO<\/strong><\/span><\/p>\n<table>\n<tbody>\n<tr>\n<td width=\"243\"><span style=\"font-family: arial, helvetica, sans-serif;font-size: 12pt;color: #000000\"><strong>Data\/local<\/strong><\/span><\/td>\n<td width=\"104\"><span style=\"font-family: arial, helvetica, sans-serif;font-size: 12pt;color: #000000\"><strong>Hora<\/strong><\/span><\/td>\n<td width=\"350\"><span style=\"font-family: arial, helvetica, sans-serif;font-size: 12pt;color: #000000\"><strong>Tema<\/strong><\/span><\/td>\n<td width=\"359\"><span style=\"font-family: arial, helvetica, sans-serif;font-size: 12pt;color: #000000\"><strong>Prof. Respons\u00e1vel<\/strong><\/span><\/td>\n<\/tr>\n<tr>\n<td width=\"243\">\n<p><span style=\"font-family: arial, helvetica, sans-serif;font-size: 12pt;color: #000000\">13\/05 \u2013 sexta-feira\u00a0<\/span><\/p>\n<p><span style=\"font-family: arial, helvetica, sans-serif;font-size: 12pt;color: #000000\">Sala 1 da FD<\/span><\/td>\n<td width=\"104\"><span style=\"font-family: arial, helvetica, sans-serif;font-size: 12pt;color: #000000\">14h-15h<\/span><\/td>\n<td width=\"350\"><span style=\"font-family: arial, helvetica, sans-serif;font-size: 12pt;color: #000000\">A pesquisa no Brasil e na UFPEL: Institui\u00e7\u00f5es e organiza\u00e7\u00e3o<\/span><\/td>\n<td width=\"359\"><span style=\"font-family: arial, helvetica, sans-serif;font-size: 12pt;color: #000000\">Profa. Dra. M\u00e1rcia Rodrigues Bertoldi<\/span><\/td>\n<\/tr>\n<tr>\n<td width=\"243\">\n<p><span style=\"font-family: arial, helvetica, sans-serif;font-size: 12pt;color: #000000\">20\/05 \u2013 sexta-feira \u00a0<\/span><\/p>\n<p><span style=\"font-family: arial, helvetica, sans-serif;font-size: 12pt;color: #000000\">Sala 1 da FD<\/span><\/td>\n<td width=\"104\"><span style=\"font-family: arial, helvetica, sans-serif;font-size: 12pt;color: #000000\">14h-15h<\/span><\/td>\n<td width=\"350\"><span style=\"font-family: arial, helvetica, sans-serif;font-size: 12pt;color: #000000\">Projeto de Pesquisa<\/span><\/td>\n<td width=\"359\"><span style=\"font-family: arial, helvetica, sans-serif;font-size: 12pt;color: #000000\">Prof. Dr. Marcelo Nunes Apolin\u00e1rio<\/span><\/td>\n<\/tr>\n<tr>\n<td width=\"243\">\n<p><span style=\"font-family: arial, helvetica, sans-serif;font-size: 12pt;color: #000000\">25\/05 \u2013 quarta-feira<\/span><\/p>\n<p><span style=\"font-family: arial, helvetica, sans-serif;font-size: 12pt;color: #000000\">Sala 1 da FD<\/span><\/td>\n<td width=\"104\"><span style=\"font-family: arial, helvetica, sans-serif;font-size: 12pt;color: #000000\">14h-15h<\/span><\/td>\n<td width=\"350\"><span style=\"font-family: arial, helvetica, sans-serif;font-size: 12pt;color: #000000\">Fontes de informa\u00e7\u00e3o para pesquisa<\/span><\/td>\n<td width=\"359\"><span style=\"font-family: arial, helvetica, sans-serif;font-size: 12pt;color: #000000\">Prof. Dr. Valmor Scott Jr.<\/span><\/td>\n<\/tr>\n<tr>\n<td width=\"243\">\n<p><span style=\"font-family: arial, helvetica, sans-serif;font-size: 12pt;color: #000000\">01\/06 \u2013 quarta-feira<\/span><\/p>\n<p><span style=\"font-family: arial, helvetica, sans-serif;font-size: 12pt;color: #000000\">Sala 1 da FD<\/span><\/td>\n<td width=\"104\"><span style=\"font-family: arial, helvetica, sans-serif;font-size: 12pt;color: #000000\">16h-17h<\/span><\/td>\n<td width=\"350\"><span style=\"font-family: arial, helvetica, sans-serif;font-size: 12pt;color: #000000\">Hist\u00f3ria e Direito<\/span><\/td>\n<td width=\"359\">\n<p><span style=\"font-family: arial, helvetica, sans-serif;font-size: 12pt;color: #000000\">Prof. Dr. Marcos Luis Bretas da Fonseca (UFRJ \u2013 convidado)<\/span><\/p>\n<p><span style=\"font-family: arial, helvetica, sans-serif;font-size: 12pt;color: #000000\">Prof. Me. Bruno Rotta Almeida<\/span><\/td>\n<\/tr>\n<tr>\n<td rowspan=\"2\" width=\"243\">\n<p><span style=\"font-family: arial, helvetica, sans-serif;font-size: 12pt;color: #000000\">10\/06 \u2013 sexta-feira<\/span><\/p>\n<p><span style=\"font-family: arial, helvetica, sans-serif;font-size: 12pt;color: #000000\">Sala 1 da FD<\/span><\/td>\n<td width=\"104\"><span style=\"font-family: arial, helvetica, sans-serif;font-size: 12pt;color: #000000\">14h-15h<\/span><\/td>\n<td width=\"350\"><span style=\"font-family: arial, helvetica, sans-serif;font-size: 12pt;color: #000000\">Di\u00e1logo e Inclus\u00e3o Social<\/span><\/td>\n<td width=\"359\"><span style=\"font-family: arial, helvetica, sans-serif;font-size: 12pt;color: #000000\">Profa. Dra. Jane Gombar<\/span><\/td>\n<\/tr>\n<tr>\n<td width=\"104\"><span style=\"font-family: arial, helvetica, sans-serif;font-size: 12pt;color: #000000\">15h-16h<\/span><\/td>\n<td width=\"350\"><span style=\"font-family: arial, helvetica, sans-serif;font-size: 12pt;color: #000000\">Direito e Interdisciplinaridade<\/span><\/td>\n<td width=\"359\"><span style=\"font-family: arial, helvetica, sans-serif;font-size: 12pt;color: #000000\">Profa. Dra. Maria das Gra\u00e7as\u00a0Pinto de\u00a0Britto<\/span><\/td>\n<\/tr>\n<tr>\n<td width=\"243\">\n<p><span style=\"font-family: arial, helvetica, sans-serif;font-size: 12pt;color: #000000\">17\/06 \u2013 sexta-feira<\/span><\/p>\n<p><span style=\"font-family: arial, helvetica, sans-serif;font-size: 12pt;color: #000000\">Sala 1 da FD<\/span><\/td>\n<td width=\"104\"><span style=\"font-family: arial, helvetica, sans-serif;font-size: 12pt;color: #000000\">14h-16h<\/span><\/td>\n<td width=\"350\"><span style=\"font-family: arial, helvetica, sans-serif;font-size: 12pt;color: #000000\">Pesquisa em Ci\u00eancias Sociais<\/span><\/td>\n<td width=\"359\">\n<p><span style=\"font-family: arial, helvetica, sans-serif;font-size: 12pt;color: #000000\">Profa. Dra. Fernanda Bestetti de Vasconselos<\/span><\/p>\n<p><span style=\"font-family: arial, helvetica, sans-serif;font-size: 12pt;color: #000000\">Prof. Dr. Marcos C\u00e1prio Fonseca Soares<\/span><\/td>\n<\/tr>\n<tr>\n<td width=\"243\">\n<p><span style=\"font-family: arial, helvetica, sans-serif;font-size: 12pt;color: #000000\">24\/06 \u2013 sexta feira<\/span><\/p>\n<p><span style=\"font-family: arial, helvetica, sans-serif;font-size: 12pt;color: #000000\">Sala 1 da FD<\/span><\/td>\n<td width=\"104\"><span style=\"font-family: arial, helvetica, sans-serif;font-size: 12pt;color: #000000\">14h-15h<\/span><\/td>\n<td width=\"350\"><span style=\"font-family: arial, helvetica, sans-serif;font-size: 12pt;color: #000000\">Interface entre Antropologia e Direito na \u00e1rea da Pesquisa<\/span><\/td>\n<td width=\"359\"><span style=\"font-family: arial, helvetica, sans-serif;font-size: 12pt;color: #000000\">Profa. Dra. Rosane Aparecida Rubert<\/span><\/td>\n<\/tr>\n<tr>\n<td width=\"243\">\n<p><span style=\"font-family: arial, helvetica, sans-serif;font-size: 12pt;color: #000000\">01\/07 \u2013 sexta feira<\/span><\/p>\n<p><span style=\"font-family: arial, helvetica, sans-serif;font-size: 12pt;color: #000000\">Sala 1 da FD<\/span><\/td>\n<td width=\"104\"><span style=\"font-family: arial, helvetica, sans-serif;font-size: 12pt;color: #000000\">14h-15h<\/span><\/td>\n<td width=\"350\"><span style=\"font-family: arial, helvetica, sans-serif;font-size: 12pt;color: #000000\">Apresenta\u00e7\u00e3o dos Projetos de Pesquisa dos Professores Envolvidos no GIP.<\/span><\/td>\n<td width=\"359\"><span style=\"font-family: arial, helvetica, sans-serif;font-size: 12pt;color: #000000\">Todos os professores do GIP<\/span><\/td>\n<\/tr>\n<\/tbody>\n<\/table>\n<p>&nbsp;<\/p>\n<p><span style=\"color: #000000\">EDITAL DE\u00a0INSCRI\u00c7\u00c3O:\u00a0<span style=\"color: #0000ff\"><a style=\"color: #0000ff\" href=\"https:\/\/wp.ufpel.edu.br\/gip\/files\/2016\/05\/Edital-GIP-2016.pdf\">Edital GIP 2016<\/a><\/span><\/span><\/p>\n","protected":false},"excerpt":{"rendered":"<p>Est\u00e3o abertas as inscri\u00e7\u00f5es para o VI CICLO ANUAL DE OFICINAS DO GRUPO DE INICIA\u00c7\u00c3O \u00c0 PESQUISA (GIP). &nbsp; O PROJETO GRUPO DE INICIA\u00c7\u00c3O \u00c0 PESQUISA (GIP) estar\u00e1 promovendo, de 13\/05\/2016 a 01\/07\/2016, as oficinas para capacita\u00e7\u00e3o sobre quest\u00f5es gerais da pesquisa cient\u00edfica para alunos de gradua\u00e7\u00e3o da UFPEL. O GIP est\u00e1 cadastrado como projeto [&hellip;]<\/p>\n","protected":false},"author":97,"featured_media":0,"parent":0,"menu_order":0,"comment_status":"closed","ping_status":"closed","template":"","meta":{"footnotes":""},"class_list":["post-668","page","type-page","status-publish","hentry"],"_links":{"self":[{"href":"https:\/\/wp.ufpel.edu.br\/gip\/wp-json\/wp\/v2\/pages\/668","targetHints":{"allow":["GET"]}}],"collection":[{"href":"https:\/\/wp.ufpel.edu.br\/gip\/wp-json\/wp\/v2\/pages"}],"about":[{"href":"https:\/\/wp.ufpel.edu.br\/gip\/wp-json\/wp\/v2\/types\/page"}],"author":[{"embeddable":true,"href":"https:\/\/wp.ufpel.edu.br\/gip\/wp-json\/wp\/v2\/users\/97"}],"replies":[{"embeddable":true,"href":"https:\/\/wp.ufpel.edu.br\/gip\/wp-json\/wp\/v2\/comments?post=668"}],"version-history":[{"count":5,"href":"https:\/\/wp.ufpel.edu.br\/gip\/wp-json\/wp\/v2\/pages\/668\/revisions"}],"predecessor-version":[{"id":693,"href":"https:\/\/wp.ufpel.edu.br\/gip\/wp-json\/wp\/v2\/pages\/668\/revisions\/693"}],"wp:attachment":[{"href":"https:\/\/wp.ufpel.edu.br\/gip\/wp-json\/wp\/v2\/media?parent=668"}],"curies":[{"name":"wp","href":"https:\/\/api.w.org\/{rel}","templated":true}]}}