{"id":44,"date":"2025-05-07T22:16:24","date_gmt":"2025-05-08T01:16:24","guid":{"rendered":"https:\/\/wp.ufpel.edu.br\/geteal\/?page_id=44"},"modified":"2025-11-18T20:18:36","modified_gmt":"2025-11-18T23:18:36","slug":"equipe","status":"publish","type":"page","link":"https:\/\/wp.ufpel.edu.br\/geteal\/equipe\/","title":{"rendered":"Equipe"},"content":{"rendered":"<h3 style=\"text-align: justify;\"><span style=\"color: #000000;\"><em><strong>Coordena\u00e7\u00e3o:<\/strong><\/em><\/span><\/h3>\n<ul>\n<li style=\"text-align: justify;\"><span style=\"color: #000000;\"><strong>Gabriela Bohlmann Duarte &#8211;\u00a0<\/strong>Coordenadora<\/span><\/li>\n<\/ul>\n<p style=\"text-align: justify;\"><span style=\"color: #000000;\"><img loading=\"lazy\" decoding=\"async\" class=\"size-thumbnail wp-image-61 alignnone alignleft\" src=\"https:\/\/wp.ufpel.edu.br\/geteal\/files\/2025\/05\/Gabriela-Bohlmann-Duarte-200x200.jpg\" alt=\"\" width=\"200\" height=\"200\" srcset=\"https:\/\/wp.ufpel.edu.br\/geteal\/files\/2025\/05\/Gabriela-Bohlmann-Duarte-200x200.jpg 200w, https:\/\/wp.ufpel.edu.br\/geteal\/files\/2025\/05\/Gabriela-Bohlmann-Duarte-400x400.jpg 400w, https:\/\/wp.ufpel.edu.br\/geteal\/files\/2025\/05\/Gabriela-Bohlmann-Duarte-768x768.jpg 768w, https:\/\/wp.ufpel.edu.br\/geteal\/files\/2025\/05\/Gabriela-Bohlmann-Duarte-300x300.jpg 300w, https:\/\/wp.ufpel.edu.br\/geteal\/files\/2025\/05\/Gabriela-Bohlmann-Duarte.jpg 914w\" sizes=\"auto, (max-width: 200px) 100vw, 200px\" \/>Graduada em Letras &#8211; Licenciatura em Portugu\u00eas\/Ingl\u00eas e respectivas Literaturas (UFPel) e Bacharelado em Reda\u00e7\u00e3o em Revis\u00e3o de Textos (UFPel), Mestre em Letras pela Universidade Federal de Pelotas (UFPel) e Doutora em Letras pela Universidade Cat\u00f3lica de Pelotas (UCPel), na \u00e1rea de Lingu\u00edstica Aplicada. \u00c9 Professora Adjunta da Universidade Federal de Pelotas (UFPel), atuando no Centro de Letras e Comunica\u00e7\u00e3o, na \u00e1rea de Ensino de L\u00edngua Inglesa, e no Programa de P\u00f3s-Gradua\u00e7\u00e3o em Letras (PPGL) da UFPel. Como pesquisadora, tem interesse nas \u00e1reas de ensino e aprendizagem de l\u00ednguas mediadas pelas tecnologias e por metodologias ativas, ensino online e Educa\u00e7\u00e3o a Dist\u00e2ncia (EaD), bem como pela motiva\u00e7\u00e3o e autonomia nesses processos, a partir de uma perspectiva complexa. <a style=\"color: #000000;\" href=\"http:\/\/lattes.cnpq.br\/3587011956729629\">[Curr\u00edculo Lattes]<\/a><\/span><\/p>\n<p>&nbsp;<\/p>\n<p>&nbsp;<\/p>\n<p>&nbsp;<\/p>\n<hr \/>\n<h3 style=\"text-align: justify;\"><span style=\"color: #000000;\"><em><strong>Inicia\u00e7\u00e3o Cient\u00edfica:<\/strong><\/em><\/span><\/h3>\n<ul>\n<li style=\"text-align: justify;\"><span style=\"color: #000000;\"><strong>J\u00falia Moreira Gomes &#8211; <\/strong>PROBIC\/FAPERGS<\/span><\/li>\n<\/ul>\n<p style=\"text-align: justify;\"><span style=\"color: #000000;\"><img loading=\"lazy\" decoding=\"async\" class=\"alignnone size-thumbnail wp-image-74 alignleft\" src=\"https:\/\/wp.ufpel.edu.br\/geteal\/files\/2025\/05\/Julia-Moreira-Gomes-200x200.jpg\" alt=\"\" width=\"200\" height=\"200\" srcset=\"https:\/\/wp.ufpel.edu.br\/geteal\/files\/2025\/05\/Julia-Moreira-Gomes-200x200.jpg 200w, https:\/\/wp.ufpel.edu.br\/geteal\/files\/2025\/05\/Julia-Moreira-Gomes-400x400.jpg 400w, https:\/\/wp.ufpel.edu.br\/geteal\/files\/2025\/05\/Julia-Moreira-Gomes-1024x1024.jpg 1024w, https:\/\/wp.ufpel.edu.br\/geteal\/files\/2025\/05\/Julia-Moreira-Gomes-768x768.jpg 768w, https:\/\/wp.ufpel.edu.br\/geteal\/files\/2025\/05\/Julia-Moreira-Gomes.jpg 1200w\" sizes=\"auto, (max-width: 200px) 100vw, 200px\" \/>Acad\u00eamica do 8\u00ba semestre do curso de Licenciatura em Letras Portugu\u00eas\/Ingl\u00eas da Universidade Federal de Pelotas (UFPel). Bolsista de Inicia\u00e7\u00e3o Cient\u00edfica do Laborat\u00f3rio de Ensino e Aprendizagem de L\u00ednguas Online: pr\u00e1ticas h\u00edbridas e a dist\u00e2ncia. Atua como professora ministrante do curso \u201cHabilidades de Compreens\u00e3o Leitora e Oral em Ingl\u00eas\u201d. Desde novembro de 2024 integra o Grupo de Estudos sobre Tecnologias e Ensino e aprendizagem de L\u00ednguas (GETEAL). <a style=\"color: #000000;\" href=\"http:\/\/lattes.cnpq.br\/2491374598791780\">[Curr\u00edculo Lattes]<\/a><\/span><\/p>\n<p>&nbsp;<\/p>\n<p>&nbsp;<\/p>\n<p>&nbsp;<\/p>\n<p>&nbsp;<\/p>\n<p>&nbsp;<\/p>\n<hr \/>\n<ul>\n<li style=\"text-align: justify;\"><span style=\"color: #000000;\"><strong>Gustavo Gabriel Coelho &#8211;\u00a0<\/strong>Bolsista Volunt\u00e1rio<\/span><\/li>\n<\/ul>\n<p style=\"text-align: justify;\"><span style=\"color: #000000;\"><img loading=\"lazy\" decoding=\"async\" class=\"size-thumbnail wp-image-73 alignnone alignleft\" src=\"https:\/\/wp.ufpel.edu.br\/geteal\/files\/2025\/05\/Gustavo-Gabriel-Coelho-200x200.jpg\" alt=\"\" width=\"200\" height=\"200\" srcset=\"https:\/\/wp.ufpel.edu.br\/geteal\/files\/2025\/05\/Gustavo-Gabriel-Coelho-200x200.jpg 200w, https:\/\/wp.ufpel.edu.br\/geteal\/files\/2025\/05\/Gustavo-Gabriel-Coelho-400x400.jpg 400w, https:\/\/wp.ufpel.edu.br\/geteal\/files\/2025\/05\/Gustavo-Gabriel-Coelho-1024x1024.jpg 1024w, https:\/\/wp.ufpel.edu.br\/geteal\/files\/2025\/05\/Gustavo-Gabriel-Coelho-768x768.jpg 768w, https:\/\/wp.ufpel.edu.br\/geteal\/files\/2025\/05\/Gustavo-Gabriel-Coelho.jpg 1222w\" sizes=\"auto, (max-width: 200px) 100vw, 200px\" \/>Acad\u00eamico do 7\u00ba semestre do curso de Licenciatura em Letras Portugu\u00eas\/Ingl\u00eas da Universidade Federal de Pelotas (UFPel). Bolsista CAPES de Inicia\u00e7\u00e3o \u00e0 Doc\u00eancia no PIBID &#8211; N\u00facleo de L\u00edngua Inglesa, representante discente na composi\u00e7\u00e3o do Colegiado do Curso de Letras &#8211; Portugu\u00eas\/Ingl\u00eas (CLC\/UFPel), integrante do grupo Letras de Lei e respons\u00e1vel pela cria\u00e7\u00e3o e manuten\u00e7\u00e3o deste site. Desde novembro de 2024 integra o Grupo de Estudos sobre Tecnologias e Ensino e Aprendizagem de L\u00ednguas (GETEAL) como Bolsista Volunt\u00e1rio de Inicia\u00e7\u00e3o Cient\u00edfica. <a style=\"color: #000000;\" href=\"http:\/\/lattes.cnpq.br\/4143116761685515\">[Curr\u00edculo Lattes]<\/a><\/span><\/p>\n<p>&nbsp;<\/p>\n<p>&nbsp;<\/p>\n<p>&nbsp;<\/p>\n<p>&nbsp;<\/p>\n<hr \/>\n<ul>\n<li style=\"text-align: justify;\"><span style=\"color: #000000;\"><strong>Marcela Oliveira Perez &#8211;\u00a0<\/strong>Bolsista Volunt\u00e1ria<\/span><\/li>\n<\/ul>\n<p style=\"text-align: justify;\"><span style=\"color: #000000;\"><img loading=\"lazy\" decoding=\"async\" class=\"alignnone size-thumbnail wp-image-75 alignleft\" src=\"https:\/\/wp.ufpel.edu.br\/geteal\/files\/2025\/05\/Marcela-Oliveira-Perez-200x200.jpg\" alt=\"\" width=\"200\" height=\"200\" srcset=\"https:\/\/wp.ufpel.edu.br\/geteal\/files\/2025\/05\/Marcela-Oliveira-Perez-200x200.jpg 200w, https:\/\/wp.ufpel.edu.br\/geteal\/files\/2025\/05\/Marcela-Oliveira-Perez-400x400.jpg 400w, https:\/\/wp.ufpel.edu.br\/geteal\/files\/2025\/05\/Marcela-Oliveira-Perez-768x768.jpg 768w, https:\/\/wp.ufpel.edu.br\/geteal\/files\/2025\/05\/Marcela-Oliveira-Perez.jpg 958w\" sizes=\"auto, (max-width: 200px) 100vw, 200px\" \/>Acad\u00eamica do 7\u00ba semestre do curso de Licenciatura em Letras Portugu\u00eas\/Ingl\u00eas da Universidade Federal de Pelotas (UFPel). Integrante do projeto de ensino \u201cEnglish Before Class\u201d. Desde novembro de 2024 integra o Grupo de Estudos sobre Tecnologias e Ensino e aprendizagem de L\u00ednguas (GETEAL) como Bolsista Volunt\u00e1ria de Inicia\u00e7\u00e3o Cient\u00edfica. [Curr\u00edculo Lattes]<\/span><\/p>\n<p>&nbsp;<\/p>\n<p>&nbsp;<\/p>\n<p>&nbsp;<\/p>\n<p>&nbsp;<\/p>\n<p>&nbsp;<\/p>\n<hr \/>\n<ul>\n<li><span style=\"color: #000000;\"><strong>Laura dos Santos Ferreira &#8211;\u00a0<\/strong>Bolsista Volunt\u00e1ria<\/span><\/li>\n<\/ul>\n<p style=\"text-align: justify;\"><span style=\"color: #000000;\"><img loading=\"lazy\" decoding=\"async\" class=\"size-thumbnail wp-image-98 alignleft\" src=\"https:\/\/wp.ufpel.edu.br\/geteal\/files\/2025\/05\/Laura-dos-Santos-Ferreira-200x200.jpg\" alt=\"\" width=\"200\" height=\"200\" srcset=\"https:\/\/wp.ufpel.edu.br\/geteal\/files\/2025\/05\/Laura-dos-Santos-Ferreira-200x200.jpg 200w, https:\/\/wp.ufpel.edu.br\/geteal\/files\/2025\/05\/Laura-dos-Santos-Ferreira-400x400.jpg 400w, https:\/\/wp.ufpel.edu.br\/geteal\/files\/2025\/05\/Laura-dos-Santos-Ferreira-1024x1024.jpg 1024w, https:\/\/wp.ufpel.edu.br\/geteal\/files\/2025\/05\/Laura-dos-Santos-Ferreira-768x768.jpg 768w, https:\/\/wp.ufpel.edu.br\/geteal\/files\/2025\/05\/Laura-dos-Santos-Ferreira.jpg 1200w\" sizes=\"auto, (max-width: 200px) 100vw, 200px\" \/>Acad\u00eamica do 5\u00ba semestre do curso de Licenciatura em Letras Portugu\u00eas\/Ingl\u00eas da Universidade Federal de Pelotas (UFPel). Visitadora do Programa Primeira Inf\u00e2ncia Melhor e Programa Crian\u00e7a Feliz. Desde novembro de 2024 integra o Grupo de Estudos sobre Tecnologias e Ensino e aprendizagem de L\u00ednguas (GETEAL) como Bolsista Volunt\u00e1ria. [Curr\u00edculo Lattes]<\/span><\/p>\n<p>&nbsp;<\/p>\n<p>&nbsp;<\/p>\n<p>&nbsp;<\/p>\n<p>&nbsp;<\/p>\n<p>&nbsp;<\/p>\n<hr \/>\n<ul>\n<li style=\"text-align: justify;\"><span style=\"color: #000000;\"><strong>Samira Nogueira Brayer &#8211;\u00a0<\/strong>Bolsista Volunt\u00e1ria<\/span><\/li>\n<\/ul>\n<p style=\"text-align: justify;\"><span style=\"color: #000000;\"><img loading=\"lazy\" decoding=\"async\" class=\"alignnone size-thumbnail wp-image-76 alignleft\" src=\"https:\/\/wp.ufpel.edu.br\/geteal\/files\/2025\/05\/Samira-Nogueira-Brayer-200x200.jpg\" alt=\"\" width=\"200\" height=\"200\" srcset=\"https:\/\/wp.ufpel.edu.br\/geteal\/files\/2025\/05\/Samira-Nogueira-Brayer-200x200.jpg 200w, https:\/\/wp.ufpel.edu.br\/geteal\/files\/2025\/05\/Samira-Nogueira-Brayer-400x400.jpg 400w, https:\/\/wp.ufpel.edu.br\/geteal\/files\/2025\/05\/Samira-Nogueira-Brayer-1024x1024.jpg 1024w, https:\/\/wp.ufpel.edu.br\/geteal\/files\/2025\/05\/Samira-Nogueira-Brayer-768x768.jpg 768w, https:\/\/wp.ufpel.edu.br\/geteal\/files\/2025\/05\/Samira-Nogueira-Brayer.jpg 1200w\" sizes=\"auto, (max-width: 200px) 100vw, 200px\" \/>Acad\u00eamica do 7\u00ba semestre do curso de Licenciatura em Letras Portugu\u00eas\/Ingl\u00eas da Universidade Federal de Pelotas (UFPel). Bolsista CAPES de Inicia\u00e7\u00e3o \u00e0 Doc\u00eancia no PIBID &#8211; N\u00facleo de L\u00edngua Inglesa. Desde mar\u00e7o de 2025 integra o Grupo de Estudos sobre Tecnologias e Ensino e aprendizagem de L\u00ednguas (GETEAL) como Bolsista Volunt\u00e1ria. <a style=\"color: #000000;\" href=\"http:\/\/lattes.cnpq.br\/3263858689504061\">[Curr\u00edculo Lattes]<\/a><\/span><\/p>\n<p>&nbsp;<\/p>\n<p>&nbsp;<\/p>\n<p>&nbsp;<\/p>\n<p>&nbsp;<\/p>\n<hr \/>\n<ul>\n<li><span style=\"color: #000000;\"><strong>Rafaela Anacker Hermes &#8211;<\/strong> Bolsista Volunt\u00e1ria<\/span><\/li>\n<\/ul>\n<p style=\"text-align: justify;\"><span style=\"color: #000000;\"><img loading=\"lazy\" decoding=\"async\" class=\"wp-image-105 size-thumbnail alignleft\" src=\"https:\/\/wp.ufpel.edu.br\/geteal\/files\/2025\/05\/Rafaela-Anacker-Hermes-1-200x200.jpg\" alt=\"\" width=\"200\" height=\"200\" srcset=\"https:\/\/wp.ufpel.edu.br\/geteal\/files\/2025\/05\/Rafaela-Anacker-Hermes-1-200x200.jpg 200w, https:\/\/wp.ufpel.edu.br\/geteal\/files\/2025\/05\/Rafaela-Anacker-Hermes-1-400x400.jpg 400w, https:\/\/wp.ufpel.edu.br\/geteal\/files\/2025\/05\/Rafaela-Anacker-Hermes-1-1024x1024.jpg 1024w, https:\/\/wp.ufpel.edu.br\/geteal\/files\/2025\/05\/Rafaela-Anacker-Hermes-1-768x768.jpg 768w, https:\/\/wp.ufpel.edu.br\/geteal\/files\/2025\/05\/Rafaela-Anacker-Hermes-1.jpg 1104w\" sizes=\"auto, (max-width: 200px) 100vw, 200px\" \/>Acad\u00eamica do 7\u00ba semestre do curso de Licenciatura em Letras Portugu\u00eas\/Ingl\u00eas da Universidade Federal de Pelotas (UFPel). Bolsista CAPES de Inicia\u00e7\u00e3o \u00e0 Doc\u00eancia no PIBID \u2013 N\u00facleo de L\u00edngua Inglesa, e participante dos grupos POLEN &#8211; Poesia, Leitura e Ensino e Voices Beyond Borders: Advancing EAL Research. Desde mar\u00e7o de 2025 integra o Grupo de Estudos sobre Tecnologias e Ensino e aprendizagem de L\u00ednguas (GETEAL) como Bolsista Volunt\u00e1ria. [<a style=\"color: #000000;\" href=\"http:\/\/lattes.cnpq.br\/8373813354326110\">Curr\u00edculo Lattes<\/a>]<\/span><\/p>\n<p>&nbsp;<\/p>\n<p>&nbsp;<\/p>\n<hr \/>\n<ul>\n<li><span style=\"color: #000000;\"><strong>Ricardo Trampuscki Cruz &#8211; <\/strong>Bolsista Volunt\u00e1rio<\/span><\/li>\n<\/ul>\n<p style=\"text-align: justify;\"><span style=\"color: #000000;\"><img loading=\"lazy\" decoding=\"async\" class=\"wp-image-124 size-thumbnail alignleft\" src=\"https:\/\/wp.ufpel.edu.br\/geteal\/files\/2025\/11\/IMG-20251010-WA0019-200x200.jpg\" alt=\"\" width=\"200\" height=\"200\" srcset=\"https:\/\/wp.ufpel.edu.br\/geteal\/files\/2025\/11\/IMG-20251010-WA0019-200x200.jpg 200w, https:\/\/wp.ufpel.edu.br\/geteal\/files\/2025\/11\/IMG-20251010-WA0019-400x400.jpg 400w, https:\/\/wp.ufpel.edu.br\/geteal\/files\/2025\/11\/IMG-20251010-WA0019.jpg 640w\" sizes=\"auto, (max-width: 200px) 100vw, 200px\" \/>Acad\u00eamico do 7\u00ba semestre do curso de Licenciatura em Letras Portugu\u00eas\/Ingl\u00eas da Universidade Federal de Pelotas (UFPel). Bolsista CAPES de Inicia\u00e7\u00e3o \u00e0 Doc\u00eancia no PIBID \u2013 N\u00facleo de L\u00edngua Inglesa. Desde mar\u00e7o de 2025 integra o Grupo de Estudos sobre Tecnologias e Ensino e aprendizagem de L\u00ednguas (GETEAL) como Bolsista Volunt\u00e1rio. [<a style=\"color: #000000;\" href=\"http:\/\/lattes.cnpq.br\/9015164090723166\">Curr\u00edculo Lattes<\/a>]<\/span><\/p>\n","protected":false},"excerpt":{"rendered":"<p>Coordena\u00e7\u00e3o: Gabriela Bohlmann Duarte &#8211;\u00a0Coordenadora Graduada em Letras &#8211; Licenciatura em Portugu\u00eas\/Ingl\u00eas e respectivas Literaturas (UFPel) e Bacharelado em Reda\u00e7\u00e3o em Revis\u00e3o de Textos (UFPel), Mestre em Letras pela Universidade Federal de Pelotas (UFPel) e Doutora em Letras pela Universidade Cat\u00f3lica de Pelotas (UCPel), na \u00e1rea de Lingu\u00edstica Aplicada. \u00c9 Professora Adjunta da Universidade Federal [&hellip;]<\/p>\n","protected":false},"author":1449,"featured_media":0,"parent":0,"menu_order":0,"comment_status":"closed","ping_status":"closed","template":"","meta":{"footnotes":""},"class_list":["post-44","page","type-page","status-publish","hentry","post"],"_links":{"self":[{"href":"https:\/\/wp.ufpel.edu.br\/geteal\/wp-json\/wp\/v2\/pages\/44","targetHints":{"allow":["GET"]}}],"collection":[{"href":"https:\/\/wp.ufpel.edu.br\/geteal\/wp-json\/wp\/v2\/pages"}],"about":[{"href":"https:\/\/wp.ufpel.edu.br\/geteal\/wp-json\/wp\/v2\/types\/page"}],"author":[{"embeddable":true,"href":"https:\/\/wp.ufpel.edu.br\/geteal\/wp-json\/wp\/v2\/users\/1449"}],"replies":[{"embeddable":true,"href":"https:\/\/wp.ufpel.edu.br\/geteal\/wp-json\/wp\/v2\/comments?post=44"}],"version-history":[{"count":4,"href":"https:\/\/wp.ufpel.edu.br\/geteal\/wp-json\/wp\/v2\/pages\/44\/revisions"}],"predecessor-version":[{"id":131,"href":"https:\/\/wp.ufpel.edu.br\/geteal\/wp-json\/wp\/v2\/pages\/44\/revisions\/131"}],"wp:attachment":[{"href":"https:\/\/wp.ufpel.edu.br\/geteal\/wp-json\/wp\/v2\/media?parent=44"}],"curies":[{"name":"wp","href":"https:\/\/api.w.org\/{rel}","templated":true}]}}