{"id":58,"date":"2020-09-28T16:15:32","date_gmt":"2020-09-28T19:15:32","guid":{"rendered":"https:\/\/wp.ufpel.edu.br\/geseee\/?page_id=58"},"modified":"2025-03-17T11:31:22","modified_gmt":"2025-03-17T14:31:22","slug":"publicacoes","status":"publish","type":"page","link":"https:\/\/wp.ufpel.edu.br\/geseee\/publicacoes\/","title":{"rendered":"Publica\u00e7\u00f5es"},"content":{"rendered":"<p><span style=\"font-size: 14pt;\"><strong><span style=\"font-family: helvetica, arial, sans-serif;\">Artigos em peri\u00f3dicos<\/span><\/strong><\/span><\/p>\n<p>&nbsp;<\/p>\n<p><span style=\"font-size: 14pt;\"><strong><span style=\"font-family: helvetica, arial, sans-serif;\">Arquivos clim\u00e1ticos<\/span><\/strong><\/span><\/p>\n<p><span style=\"font-family: helvetica, arial, sans-serif; font-size: 14pt;\">LEITZKE, R. K. ; BELTRAME, C. ; FREITAS, J. M. R. ; SEIXAS, J. N. ; MACIEL, T. S. ;\u00a0<a class=\"tooltip\" title=\"Clique para visualizar o curr\u00edculo\" href=\"http:\/\/lattes.cnpq.br\/0959256350186452\" target=\"_blank\" rel=\"noopener noreferrer\">CUNHA, E. G.<\/a>\u00a0;\u00a0<a class=\"tooltip\" href=\"http:\/\/lattes.cnpq.br\/7765118835668681\" target=\"_blank\" rel=\"noopener noreferrer\">RHEINGANTZ, P. A.<\/a>\u00a0. Optimization of the Traditional Method for Creating a Weather Simulation File: The Pelotas.epw Case. JOURNAL OF CIVIL ENGINEERING AND ARCHITECTURE (ONLINE), v. 12, p. 741-756, 2018.<\/span><\/p>\n<p>&nbsp;<\/p>\n<p><span style=\"font-size: 14pt;\"><strong><span style=\"font-family: helvetica, arial, sans-serif;\">Desempenho termoenerg\u00e9tico<\/span><\/strong><\/span><\/p>\n<p><span style=\"font-size: 14pt; font-family: helvetica, arial, sans-serif;\">da Rocha Macarthy, M., Mesquita Duarte, C., Rosa, M., Marini Brandelli, T., Carvalho Rodrigues, T., da Cruz Lopes, J., &amp; Wrege Parra, G. (2023). AN\u00c1LISE DE 12 HABITA\u00c7\u00d5ES DE INTERESSE SOCIAL QUANTO A FORMA\u00c7\u00c3O DE FUNGOS FILAMENTOSOS.\u00a0<i>SIMP\u00d3SIO BRASILEIRO DE QUALIDADE DE PROJETO DO AMBIENTE CONSTRU\u00cdDO<\/i>,\u00a0<i>8<\/i>(1).<\/span><\/p>\n<p><span style=\"font-size: 14pt; font-family: helvetica, arial, sans-serif;\">VIDMAR, Rangel Girardelo; CUNHA, Eduardo Grala da; SILVA, Tha\u00edsa Leal da. A Influ\u00eancia de Brises e Cortinas na Efici\u00eancia Energ\u00e9tica de Edif\u00edcios de Escrit\u00f3rio.\u00a0Peri\u00f3dico T\u00e9cnico e Cient\u00edfico Cidades Verdes,\u00a0<i>[S. l.]<\/i>, v. 12, n. 37, 2024.<\/span><\/p>\n<p><span style=\"font-size: 14pt; font-family: helvetica, arial, sans-serif;\">PILENGHI, Caroline; CUNHA, Eduardo da. Estudo do desempenho de brise fotovoltaico em edifica\u00e7\u00e3o institucional. In: ENCONTRO NACIONAL DE TECNOLOGIA DO AMBIENTE CONSTRU\u00cdDO, 20., 2024.\u00a0<b>Anais [&#8230;].<\/b>\u00a0Porto Alegre: ANTAC, 2024. <\/span><\/p>\n<p><span style=\"font-size: 14pt; font-family: helvetica, arial, sans-serif;\">BRANDELLI, T. M. et. al. M\u00e9todo de An\u00e1lise da Resili\u00eancia T\u00e9rmica do Usu\u00e1rio: Estudo de caso em HIS. In: ENCONTRO NACIONAL DE TECNOLOGIA DO AMBIENTE CONSTRU\u00cdDO, 20., 2024, Macei\u00f3. Anais&#8230; Macei\u00f3:ANTAC, 2024<\/span><\/p>\n<p><span style=\"font-size: 14pt; font-family: helvetica, arial, sans-serif;\">BEBER, L. A.; CUNHA E. G. da; BERNARDES, L. C.; BERSCH, J. D.; MASUERO, A. G.; BULINGON, I. B.; MENDES, N. Hydrothermal behavior of hollow ceramic bricks form southern Brazil brickyard.\u00a0Ambiente Constru\u00eddo, Porto Alegre, v. 24 e138174, jan.\/dez. 2024.<\/span><\/p>\n<p><span style=\"font-size: 14pt; font-family: helvetica, arial, sans-serif;\">DA CRUZ LOPES, Julia; DE MESQUITA DUARTE, Carolina; MELLER, Gabriela; MULAZZANI DOLEYS SOARES, Roberta; SARTORI ZIEBELL , Clarissa; GRALA DA CUNHA, Eduardo. An\u00e1lise comparativa do desempenho de uma habita\u00e7\u00e3o segundo os limites da NBR 15575 e da Passive House Standard . In: ENCONTRO NACIONAL DE TECNOLOGIA DO AMBIENTE CONSTRU\u00cdDO, 20., 2024.\u00a0Anais [&#8230;]. Porto Alegre: ANTAC, 2024. DOI: 10.46421\/entac.v20i1.5928. Dispon\u00edvel em: https:\/\/eventos.antac.org.br\/index.php\/entac\/article\/view\/5928.<\/span><\/p>\n<p><span style=\"font-size: 14pt;\"><span style=\"font-family: helvetica, arial, sans-serif;\">PORTO, J. da S. ; FREITAS, J. M. R. ; BALBONI, R. D. C. ; TREICHEL, S. ; <\/span>CUNHA, Eduardo G. da<span style=\"font-family: helvetica, arial, sans-serif;\"> ; MATTOS, R. S. ; LEITZKE, R. K. ; Cholant, C. M. ; AVELLANEDA, C. A. O. . Desempenho termoenerg\u00e9tico e luminoso de uma edifica\u00e7\u00e3o de escri-t\u00f3rio com a utiliza\u00e7\u00e3o de vidros eletrocr\u00f4micos. Materia-Rio de Janeiro<\/span><span style=\"font-family: helvetica, arial, sans-serif;\">, v. 25, p. e-12806&#8211;, 2020.<\/span><\/span><\/p>\n<p><span style=\"font-family: helvetica, arial, sans-serif; font-size: 14pt;\">Kr\u00fcger, Eduardo ; SILVA, T. J. V. ; HIRASHIMA, S. Q. da S. ;\u00a0CUNHA, Eduardo G. da ; ROSA, L. A. . Calibrating UTCI\u2019S comfort assessment scale for three Brazilian cities with different climatic conditions. INTERNATIONAL JOURNAL OF BIOMETEOROLOGY, p. 1-10, 2020.<\/span><\/p>\n<p><span style=\"font-family: helvetica, arial, sans-serif; font-size: 14pt;\">OLIVEIRA, Wagner Costa ; LEITZKE, R. K. ;\u00a0CUNHA, Eduardo G. da\u00a0. EFICI\u00caNCIA ENERG\u00c9TICA EM PR\u00c9DIOS DE SALAS DE AULA NATURALMENTE VENTILADOS. PARC : PESQUISA EM ARQUITETURA E CONSTRU\u00c7\u00c3O, v. 11, p. e020015&#8211;, 2020.<\/span><\/p>\n<p><span style=\"font-family: helvetica, arial, sans-serif; font-size: 14pt;\">MACIEL, T. S. ;\u00a0<a class=\"tooltip\" title=\"Clique para visualizar o curr\u00edculo\" href=\"http:\/\/lattes.cnpq.br\/7765118835668681\" target=\"_blank\" rel=\"noopener noreferrer\">RHEINGANTZ, P. A.<\/a>\u00a0; FREITAS, F. P. de ;\u00a0CUNHA, Eduardo G. da\u00a0. An\u00e1lise Termoenerg\u00e9tica e do N\u00edvel de Conforto T\u00e9rmico de Projetos-padr\u00e3o de Unidades Proinf\u00e2ncia. CADERNOS DO PROARQ (UFRJ), v. 33, p. 203-221, 2019.<\/span><\/p>\n<p><span style=\"font-family: helvetica, arial, sans-serif; font-size: 14pt;\"><a class=\"tooltip\" title=\"Clique para visualizar o curr\u00edculo\" href=\"http:\/\/lattes.cnpq.br\/0959256350186452\" target=\"_blank\" rel=\"noopener noreferrer\">CUNHA, Eduardo G. da<\/a>; CORREA, Celina M. B. ; PEIL, R. M. N. ; SILVA, Mariana Estima ; H\u00d6HN, Daniela ; MAIEVES, H. A. ; RITTER, V. ;\u00a0<a class=\"tooltip\" title=\"Clique para visualizar o curr\u00edculo\" href=\"http:\/\/lattes.cnpq.br\/0151938224186824\" target=\"_blank\" rel=\"noopener noreferrer\">KREBS, Lisandra Fachinello<\/a>\u00a0. Growing food on green roof: the first step of an interdisciplinary approach. Journal of Civil Engineering and Architecture, v. 13, p. 694-703, 2019.<\/span><\/p>\n<p><span style=\"font-family: helvetica, arial, sans-serif; font-size: 14pt;\">MOURA, P. W. ; CORREA, Celina M. B. ;\u00a0CUNHA, E. G.\u00a0; LEITZKE, R. K. . Evaluation of Daylighting and Thermo-Energetic Performance in Administrative Building in the South of Brazil. Journal of Civil Engineering and Architecture, v. 14, p. 20-36, 2019.<\/span><\/p>\n<p><span style=\"font-family: helvetica, arial, sans-serif; font-size: 14pt;\"><a class=\"tooltip\" title=\"Clique para visualizar o curr\u00edculo\" href=\"http:\/\/lattes.cnpq.br\/0653000343473697\" target=\"_blank\" rel=\"noopener noreferrer\">FERNANDES, Tatiane Ballerini<\/a>\u00a0; RUIVO, R. B. ;\u00a0CUNHA, Eduardo Grala da\u00a0;\u00a0<a class=\"tooltip\" title=\"Clique para visualizar o curr\u00edculo\" href=\"http:\/\/lattes.cnpq.br\/0151938224186824\" target=\"_blank\" rel=\"noopener noreferrer\">KREBS, Lisandra Fachinello<\/a> . DESEMPENHO TERMOENERG\u00c9TICO DE COBERTURAS VEGETADAS EM CLIMA SUBTROPICAL. PARC : PESQUISA EM ARQUITETURA E CONSTRU\u00c7\u00c3O, v. 9, p. 262-275, 2018.<\/span><\/p>\n<p><span style=\"font-family: helvetica, arial, sans-serif; font-size: 14pt;\">SILVA, Mariana Estima ; CUNHA, Eduardo Grala da ; TORRES, A. S. ; SALAMONI, I. T. . An\u00e1lise do microclima interno para os limites de conforto ambiental em pr\u00e9dios hist\u00f3ricos com novos usos na cidade de Pelotas\/RS, Brasil. REVISTA DE ENGENHARIA CIVIL IMED, v. 4, p. 63, 2017.<\/span><\/p>\n<p><span style=\"font-size: 14pt;\"><span style=\"font-family: helvetica, arial, sans-serif;\">RHEIGANTZ, P. A. ;\u00a0<\/span><a class=\"tooltip\" style=\"font-family: helvetica, arial, sans-serif; background-color: #ffffff;\" title=\"Clique para visualizar o curr\u00edculo\" href=\"http:\/\/lattes.cnpq.br\/0959256350186452\" target=\"_blank\" rel=\"noopener noreferrer\">CUNHA, E. G.<\/a><span style=\"font-family: helvetica, arial, sans-serif;\">\u00a0; PEGLOW, J. ; RITTER, V. ; QUINTANA, L. C. ; MACIEL, T. S. ; BELTRAME, C. ; DUARTE, C. M. ; SILVA, A. C. S. B. . Place, Architecture Design and Thermal Comfort: A Municipal Day Care Childhood Center in Col\u00f4nia Z3, Pelotas\/RS, Brazil. Journal of Civil Engineering and Architecture, v. 11, p. 364-379, 2017.<\/span><\/span><\/p>\n<p><span style=\"font-family: helvetica, arial, sans-serif; font-size: 14pt;\">DALBEM, Renata ;\u00a0CUNHA, Eduardo Grala da\u00a0; MEDEVEDOVSKI, Nirce ; Duarte, Carolina de Mesquita . INFLU\u00caNCIA DO USU\u00c1RIO NO CONFORTO T\u00c9RMICO DE UM EDIF\u00cdCIO DEVIDO \u00c0 OPERA\u00c7\u00c3O DE JANELAS. Revista de Arquitetura IMED, v. 5, p. 104-119, 2016.<\/span><\/p>\n<p><span style=\"font-family: helvetica, arial, sans-serif; font-size: 14pt;\">PEREIRA, Silvia Ruzicki ; Duarte, Carolina de Mesquita ;\u00a0CUNHA, Eduardo G. da\u00a0;\u00a0<a class=\"tooltip\" title=\"Clique para visualizar o curr\u00edculo\" href=\"http:\/\/lattes.cnpq.br\/0151938224186824\" target=\"_blank\" rel=\"noopener noreferrer\">KREBS, Lisandra Fachinello<\/a>\u00a0; EITZKE, R. K. ; BENINCA, L. ; SILVA, A. C. S. B. da . Efeitos do sombreamento no desempenho de edifica\u00e7\u00e3o com envelope isolado na ZB2. PARC : PESQUISA EM ARQUITETURA E CONSTRU\u00c7\u00c3O, v. 7, p. 145, 2016.<\/span><\/p>\n<p><span style=\"font-family: helvetica, arial, sans-serif; font-size: 14pt;\">PEGLOW, Jaqueline ;\u00a0<a class=\"tooltip\" title=\"Clique para visualizar o curr\u00edculo\" href=\"http:\/\/lattes.cnpq.br\/0959256350186452\" target=\"_blank\" rel=\"noopener noreferrer\">CUNHA, E. G.<\/a>\u00a0;\u00a0<a class=\"tooltip\" title=\"Clique para visualizar o curr\u00edculo\" href=\"http:\/\/lattes.cnpq.br\/0653000343473697\" target=\"_blank\" rel=\"noopener noreferrer\">FERNANDES, Tatiane Ballerini<\/a>\u00a0; RIBEIRO. Gabriela Beraldi . Consumo energ\u00e9tico de edifica\u00e7\u00f5es comerciais constru\u00eddas no S\u00e9culo XX e XXI na cidade de Pelotas, RS. Projectare (Pelotas), v. 1, p. 143-154, 2015.<\/span><\/p>\n<p><span style=\"font-family: helvetica, arial, sans-serif; font-size: 14pt;\"><a class=\"tooltip\" title=\"Clique para visualizar o curr\u00edculo\" href=\"http:\/\/lattes.cnpq.br\/2024373379000785\" target=\"_blank\" rel=\"noopener noreferrer\">Brandalise, Mariane<\/a>\u00a0;\u00a0GRALA DA CUNHA, EDUARDO\u00a0;\u00a0<a class=\"tooltip\" title=\"Clique para visualizar o curr\u00edculo\" href=\"http:\/\/lattes.cnpq.br\/7108672267371843\" target=\"_blank\" rel=\"noopener noreferrer\">OLIVEIRA, Larissa Cristina<\/a>\u00a0. Sensibility Analysis of the Brazilian Standards for Energy Efficiency Regarding the Variation of Internal Load Density in Office Buildings in Brazilian Bioclimatic Zones 1 and 7. Journal of Civil Engineering and Architecture (Print), v. 10, p. 22-36, 2015.<\/span><\/p>\n<p><span style=\"font-family: helvetica, arial, sans-serif; font-size: 14pt;\"><a class=\"tooltip\" title=\"Clique para visualizar o curr\u00edculo\" href=\"http:\/\/lattes.cnpq.br\/0151938224186824\" target=\"_blank\" rel=\"noopener noreferrer\">KREBS, Lisandra Fachinello<\/a>\u00a0;\u00a0<a class=\"tooltip\" title=\"Clique para visualizar o curr\u00edculo\" href=\"http:\/\/lattes.cnpq.br\/5643241688305160\" target=\"_blank\" rel=\"noopener noreferrer\">MOURA, Paula Wrague<\/a> ; VIEIRA, S. V. ;\u00a0GRALA DA CUNHA, EDUARDO\u00a0. HABITA\u00c7\u00c3O EM CONTAINER: UM ESTUDO PARAM\u00c9TRICO PARA A ZONA BIOCLIM\u00c1TICA 3. Revista Gest\u00e3o &amp; Sustentabilidade Ambiental, v. 4, p. 90-101, 2015.<\/span><\/p>\n<p><span style=\"font-size: 14pt;\"><span style=\"font-family: helvetica, arial, sans-serif;\">MOTA, R. R. S. ; <\/span><a class=\"tooltip\" style=\"font-family: helvetica, arial, sans-serif; background-color: #ffffff;\" title=\"Clique para visualizar o curr\u00edculo\" href=\"http:\/\/lattes.cnpq.br\/0959256350186452\" target=\"_blank\" rel=\"noopener noreferrer\">CUNHA, E. G.<\/a><span style=\"font-family: helvetica, arial, sans-serif;\"> ; FERNANDES, L. W. ; BAPTISTA, G. O. V. . Evaluation of Thermal Comfort Level in Social Interest Housing with Earth Tubes for the Brazilian Bioclimatic Zones 1, 2 and 7. Journal of Civil Engineering and Architecture, v. 9, p. 1244, 2015.<\/span><\/span><\/p>\n<p><span style=\"font-size: 14pt;\"><a class=\"tooltip\" style=\"font-family: helvetica, arial, sans-serif; background-color: #ffffff;\" href=\"http:\/\/lattes.cnpq.br\/0959256350186452\" target=\"_blank\" rel=\"noopener noreferrer\">CUNHA, E. G.<\/a><span style=\"font-family: helvetica, arial, sans-serif;\">. A abordagem est\u00e9tica no projeto de estruturas de edifica\u00e7\u00f5es &#8211; do ensino \u00e0 concep\u00e7\u00e3o de sistemas. Arquitextos (S\u00e3o Paulo), v. 11, p. 3870, 2011.<\/span><\/span><\/p>\n<p><span style=\"font-size: 14pt;\"><a class=\"tooltip\" style=\"font-family: helvetica, arial, sans-serif; background-color: #ffffff;\" href=\"http:\/\/lattes.cnpq.br\/0959256350186452\" target=\"_blank\" rel=\"noopener noreferrer\">CUNHA, E. G.<\/a><span style=\"font-family: helvetica, arial, sans-serif;\">. Brise-soleil: da Est\u00e9tica \u00e0 Efici\u00eancia Energ\u00e9tica. Arquitextos (S\u00e3o Paulo), v. 131, p. 131.07, 2011.<\/span><\/span><\/p>\n<p><span style=\"font-size: 14pt;\"><a class=\"tooltip\" style=\"font-family: helvetica, arial, sans-serif; background-color: #ffffff;\" title=\"Clique para visualizar o curr\u00edculo\" href=\"http:\/\/lattes.cnpq.br\/0959256350186452\" target=\"_blank\" rel=\"noopener noreferrer\">CUNHA, E. G.<\/a><span style=\"font-family: helvetica, arial, sans-serif;\">. Mitos e verdades sobre o brise-soleil: da est\u00e9tica \u00e0 efici\u00eancia energ\u00e9tica. ARQUITETURAREVISTA (UNISINOS), v. 7, p. 73-80, 2011.<\/span><\/span><\/p>\n<p><span style=\"font-size: 14pt;\"><a class=\"tooltip\" style=\"font-family: helvetica, arial, sans-serif; background-color: #ffffff;\" title=\"Clique para visualizar o curr\u00edculo\" href=\"http:\/\/lattes.cnpq.br\/0959256350186452\" target=\"_blank\" rel=\"noopener noreferrer\">CUNHA, E. G.<\/a><span style=\"font-family: helvetica, arial, sans-serif;\">. A est\u00e9tica da sustentabilidade: do r\u00fastico ao tecnol\u00f3gico. Projectare (Pelotas), v. 1, p. 30-40, 2011.<\/span><\/span><\/p>\n<p><span style=\"font-size: 14pt;\"><a class=\"tooltip\" style=\"font-family: helvetica, arial, sans-serif; background-color: #ffffff;\" href=\"http:\/\/lattes.cnpq.br\/0959256350186452\" target=\"_blank\" rel=\"noopener noreferrer\">CUNHA, E. G.<\/a><span style=\"font-family: helvetica, arial, sans-serif;\">. Discuss\u00e3o sobre o papel da tecnologia no processo de concep\u00e7\u00e3o arquitet\u00f4nica contempor\u00e2nea: o caso Norman Foster. ARQUITEXTOS (S\u00c3O PAULO), v. 118, p. 118, 2010.<\/span><\/span><\/p>\n<p><span style=\"font-size: 14pt;\"><a class=\"tooltip\" style=\"font-family: helvetica, arial, sans-serif; background-color: #ffffff;\" href=\"http:\/\/lattes.cnpq.br\/0959256350186452\" target=\"_blank\" rel=\"noopener noreferrer\">CUNHA, E. G.<\/a><span style=\"font-family: helvetica, arial, sans-serif;\">. A tecnologia no processo de concep\u00e7\u00e3o arquitet\u00f4nica contempor\u00e2nea: an\u00e1lise de tr\u00eas obras de Norman Foster. Arquiteturarevista (UNISINOS), v. 4, p. 49-65, 2008.<\/span><\/span><\/p>\n<p><span style=\"font-size: 14pt;\"><a class=\"tooltip\" style=\"font-family: helvetica, arial, sans-serif; background-color: #ffffff;\" href=\"http:\/\/lattes.cnpq.br\/0959256350186452\" target=\"_blank\" rel=\"noopener noreferrer\">CUNHA, E. G.<\/a><span style=\"font-family: helvetica, arial, sans-serif;\">; PRAVIA, Zacarias Chamberlian . Modelo de apoio \u00e0 escolha de coberturas de edif\u00edcios industriais. Constru\u00e7\u00e3o Met\u00e1lica, v. 89, p. 56-60, 2008.<\/span><\/span><\/p>\n<p><span style=\"font-size: 14pt;\"><a class=\"tooltip\" style=\"font-family: helvetica, arial, sans-serif; background-color: #ffffff;\" href=\"http:\/\/lattes.cnpq.br\/5782024822288028\" target=\"_blank\" rel=\"noopener noreferrer\">FRITSCH, Rodrigo Carlos<\/a><span style=\"font-family: helvetica, arial, sans-serif;\">\u00a0; KALIL, Rosa Locateli ;\u00a0<\/span><a class=\"tooltip\" style=\"font-family: helvetica, arial, sans-serif; background-color: #ffffff;\" title=\"Clique para visualizar o curr\u00edculo\" href=\"http:\/\/lattes.cnpq.br\/0959256350186452\" target=\"_blank\" rel=\"noopener noreferrer\">CUNHA, E. G.<\/a><span style=\"font-family: helvetica, arial, sans-serif;\">\u00a0. Evaluaci\u00f3n de ruido urbano: el caso de la zona centro de Passo Fundo. Revista Urbanismo (Online), v. Junho, p. 16, 2007.<\/span><\/span><\/p>\n<div>\n<div class=\"layout-cell layout-cell-11\">\n<div><\/div>\n<\/div>\n<\/div>\n<div class=\"layout-cell layout-cell-11\">\n<div><\/div>\n<\/div>\n<p><span style=\"font-size: 14pt;\"><strong><span style=\"font-family: helvetica, arial, sans-serif;\">Otimiza\u00e7\u00e3o e IA<\/span><\/strong><\/span><\/p>\n<p><span style=\"font-family: helvetica, arial, sans-serif; font-size: 14pt;\">FREITAS, J. M. R. ;\u00a0CUNHA, Eduardo G. da\u00a0; LEITZKE, R. K. . Modelagem de Pontes T\u00e9rmicas em edifica\u00e7\u00f5es: cinco diferentes abordagens. ARQUITETURAREVISTA (UNISINOS), v. 16, p. 315-343, 2020.<\/span><\/p>\n<p><span style=\"font-family: helvetica, arial, sans-serif; font-size: 14pt;\">\u00a0FREITAS, J.R. ; CUNHA, Eduardo G. da\u00a0. Thermal bridges modeling in South Brazil climate: Three different approaches. ENERGY AND BUILDINGS<sup><img decoding=\"async\" id=\"03787788_10\" class=\"ajaxJCR jcrTip\" style=\"background: none 0px 0px repeat scroll transparent; border: 0px none; margin: 0px; padding: 0px; vertical-align: baseline; text-align: left;\" src=\"http:\/\/buscatextual.cnpq.br\/buscatextual\/images\/curriculo\/jcr.gif\" data-issn=\"03787788\" \/><\/sup>, v. 169, p. 271-282, 2018.<\/span><\/p>\n<p><span style=\"font-family: helvetica, arial, sans-serif; font-size: 14pt;\">BENDER, L. V. ; SALAMONI, I. T. ;\u00a0<a class=\"tooltip\" title=\"Clique para visualizar o curr\u00edculo\" href=\"http:\/\/lattes.cnpq.br\/0959256350186452\" target=\"_blank\" rel=\"noopener noreferrer\">CUNHA, E. G.<\/a>\u00a0; KREBS, C. L. M. ; GON\u00c7ALVES, I. P. . Fachadas fotovoltaicas. Sonho ou realidade?. ARQUITEXTOS (S\u00c3O PAULO), v. ano 18, p. 215.03, 2018.<\/span><\/p>\n<p><span style=\"font-size: 14pt;\"><span style=\"font-family: helvetica, arial, sans-serif;\"><a class=\"tooltip\" title=\"Clique para visualizar o curr\u00edculo\" href=\"http:\/\/lattes.cnpq.br\/0959256350186452\" target=\"_blank\" rel=\"noopener noreferrer\">CUNHA, E. G.<\/a>; DUARTE, CAROLINA MESQUITA ; KREBS,L,F. ; LEITZKE, R. K. . Analysis of urban surroundings shading in insulated building in hot and cold climates in Brazil. CADERNOS DO PRO<\/span><span style=\"font-family: helvetica, arial, sans-serif;\">ARQ (UFRJ), v. 30, p. 74-96-96, 2018.<\/span><\/span><\/p>\n<p><span style=\"font-family: helvetica, arial, sans-serif; font-size: 14pt;\">SILVA, Mariana Estima ; TORRES, A. S. ;\u00a0CUNHA, Eduardo G. da\u00a0; SALAMONI, I. T. . Analysis of the influence of new usages on the state of conservation of historical buildings through microclimate characterization. JOURNAL OF CIVIL ENGINEERING AND ARCHITECTURE (ONLINE), v. 11, p. 159-174, 2017.<\/span><\/p>\n<p><span style=\"font-family: helvetica, arial, sans-serif; font-size: 14pt;\">KREBS, Carlos Leod\u00e1rio Monteiro ; SALAMONI, I. T. ;\u00a0CUNHA, Eduardo G. da\u00a0. Potencialidades da microgera\u00e7\u00e3o de energia com pain\u00e9is fotovoltaicos em pr\u00e9dio hist\u00f3rico. CADERNOS DO PROARQ (UFRJ), v. 27, p. 156-174, 2017.<\/span><\/p>\n<p><span style=\"font-family: helvetica, arial, sans-serif; font-size: 14pt;\">LEITZKE, R. K. ;\u00a0CUNHA, Eduardo Grala da\u00a0; SILVA, O. M. ; SILVA, A. C. S. B. da ; BELTRAME, C. . Avalia\u00e7\u00e3o de dispositivos de prote\u00e7\u00e3o solar fixos e automatizados para edif\u00edcio residencial. PARC : PESQUISA EM ARQUITETURA E CONSTRU\u00c7\u00c3O, v. 8, p. 59, 2017.<\/span><\/p>\n<p><span style=\"font-family: helvetica, arial, sans-serif; font-size: 14pt;\"><a class=\"tooltip\" href=\"http:\/\/lattes.cnpq.br\/0959256350186452\" target=\"_blank\" rel=\"noopener noreferrer\">GRALA DA CUNHA, EDUARDO<\/a>. A dimens\u00e3o tecnol\u00f3gica no projeto: os desafios do ensino e da gest\u00e3o. Arquitextos (S\u00e3o Paulo), v. 1, p. 188.05, 2016.<\/span><\/p>\n<p><span style=\"font-family: helvetica, arial, sans-serif; font-size: 14pt;\"><a class=\"tooltip\" title=\"Clique para visualizar o curr\u00edculo\" href=\"http:\/\/lattes.cnpq.br\/0959256350186452\" target=\"_blank\" rel=\"noopener noreferrer\">GRALA DA CUNHA, EDUARDO<\/a>; FREITAS, J.R. ; ECHENIQUE GIOIELLI, BEATRIZ ; LEITZKE, R. K. . Thermal Bridges Impact on Energy Consumption in Residential Buildings Considering the Brazilian Bioclimatic Zoning. Journal of Civil Engineering and Architecture (Print), v. 10, p. 1114-1130, 2016.<\/span><\/p>\n<p><span style=\"font-family: helvetica, arial, sans-serif; font-size: 14pt;\">FREITAS, J.R. ; LEITZKE, R. K. ; ECHENIQUE GIOIELLI, BEATRIZ ; GRALA DA CUNHA, EDUARDO\u00a0. AN\u00c1LISE DA INFLU\u00caNCIA DAS PONTES T\u00c9RMICAS NA SIMULA\u00c7\u00c3O DE EFICI\u00caNCIA ENERG\u00c9TICA NAS PAREDES DE EDIFICA\u00c7\u00d5ES RESIDENCIAIS. Revista de Arquitetura IMED, v. 5, p. 24-41, 2016.<\/span><\/p>\n<p><span style=\"font-family: helvetica, arial, sans-serif; font-size: 14pt;\"><a class=\"tooltip\" title=\"Clique para visualizar o curr\u00edculo\" href=\"http:\/\/lattes.cnpq.br\/0959256350186452\" target=\"_blank\" rel=\"noopener noreferrer\">CUNHA, E. G.<\/a>; ECHENIQUE, Beatriz . Analysis of Thermal Bridge Impact in a Hotel Building for the 8 Brazilian Bioclimatic Zones. Journal of Civil Engineering and Architecture (Online), v. 9, p. 393-400, 2015.<\/span><\/p>\n<p><span style=\"font-family: helvetica, arial, sans-serif; font-size: 14pt;\"><a class=\"tooltip\" title=\"Clique para visualizar o curr\u00edculo\" href=\"http:\/\/lattes.cnpq.br\/1620654387924487\" target=\"_blank\" rel=\"noopener noreferrer\">MOTA, Raquel Ramos<\/a>\u00a0; BAPTISTA, Gi\u00e1como Orlando Veiga ; FERNANDES, Livi Wankel ;\u00a0GRALA DA CUNHA, EDUARDO\u00a0. Evaluation of Thermal Comfort Level in Social Interest Housing with Earth Tubes for the Brazilian Bioclimatic Zones 1, 2 and 7. Journal of Civil Engineering and Architecture (Print), v. 9, p. 1244-1251, 2015.<\/span><\/p>\n<p><span style=\"font-family: helvetica, arial, sans-serif; font-size: 14pt;\"><a class=\"tooltip\" href=\"http:\/\/lattes.cnpq.br\/7765118835668681\" target=\"_blank\" rel=\"noopener noreferrer\">RHEINGANTZ, P. A.<\/a>\u00a0;\u00a0<a class=\"tooltip\" title=\"Clique para visualizar o curr\u00edculo\" href=\"http:\/\/lattes.cnpq.br\/0959256350186452\" target=\"_blank\" rel=\"noopener noreferrer\">CUNHA, E. G.<\/a>\u00a0; KREBS, C. L. M. . Ensino de Projeto de Arquitetura no Limiar do S\u00e9culo XXI: desafios frente \u00e0 dimens\u00e3o ambiental e tecnol\u00f3gica. Revista PROJETAR &#8211; Projeto e Percep\u00e7\u00e3o do Ambiente, v. 1, p. 12-25, 2015.<\/span><\/p>\n<p><span style=\"font-family: helvetica, arial, sans-serif; font-size: 14pt;\">GUERRA, F. L. ;\u00a0<a class=\"tooltip\" title=\"Clique para visualizar o curr\u00edculo\" href=\"http:\/\/lattes.cnpq.br\/0959256350186452\" target=\"_blank\" rel=\"noopener noreferrer\">CUNHA, E. G.<\/a>\u00a0;\u00a0<a class=\"tooltip\" title=\"Clique para visualizar o curr\u00edculo\" href=\"http:\/\/lattes.cnpq.br\/8150819629082409\" target=\"_blank\" rel=\"noopener noreferrer\">SILVA, Ant\u00f4nio C\u00e9sar Baptista da<\/a>\u00a0;\u00a0<a class=\"tooltip\" title=\"Clique para visualizar o curr\u00edculo\" href=\"http:\/\/lattes.cnpq.br\/7544919517623986\" target=\"_blank\" rel=\"noopener noreferrer\">KNOP, Stifany<\/a>\u00a0. AN\u00c1LISE DAS CONDI\u00c7\u00d5ES FAVOR\u00c1VEIS \u00c0 FORMA\u00c7\u00c3O DE BOLOR EM EDIFICA\u00c7\u00c3O HIST\u00d3RICA DE PELOTAS \u2013 RS &#8211; BRASIL. Ambiente Constru\u00eddo (Online), v. 12, p. 7-23, 2012.<\/span><\/p>\n<p>&nbsp;<\/p>\n<p><span style=\"font-size: 14pt;\"><strong><span style=\"font-family: helvetica, arial, sans-serif;\">An\u00e1lise de Regulamentos e Normas<\/span><\/strong><\/span><\/p>\n<p><span style=\"font-family: helvetica, arial, sans-serif; font-size: 14pt;\">CRUZ, A. S. ; CARVALHO, R. S. ;\u00a0CUNHA, Eduardo G. da\u00a0. Passive House Alternative Proposal for the Brazilian Bioclimatic Zone 8. INTERNATIONAL JOURNAL OF SUSTAINABLE DEVELOPMENT AND PLANNING: ENCOURAGING THE UNIFIED APPROACH TO ACHIEVE SUSTAINABILITY, v. 15, p. 827-833, 2020.<\/span><\/p>\n<div class=\"layout-cell layout-cell-1 text-align-right\">\n<div class=\"layout-cell-pad-5 text-align-right\"><span style=\"font-family: helvetica, arial, sans-serif; font-size: 14pt;\">DALBEM, Renata ;\u00a0CUNHA, Eduardo G. da ; VICENTE, R. ; FIGUEIREDO, Ant\u00f4nio ; OLIVEIRA, Rui ; SILVA, A. C. S. B. . Optimisation of a social housing for south of Brazil: From basic performance standard to passive house concept. ENERGY, v. 167, p. 1278-1296, 2019.<\/span><\/div>\n<\/div>\n<div class=\"layout-cell layout-cell-11\">\n<div class=\"layout-cell-pad-5\">\n<div class=\"citado\"><\/div>\n<\/div>\n<\/div>\n<div class=\"layout-cell layout-cell-11\">\n<div class=\"layout-cell-pad-5\">\n<p><span style=\"font-family: helvetica, arial, sans-serif; font-size: 14pt;\">\u00a0DALBEM, Renata ; GRALA DA CUNHA, EDUARDO ;\u00a0<a class=\"tooltip\" title=\"Clique para visualizar o curr\u00edculo\" href=\"http:\/\/lattes.cnpq.br\/8150819629082409\" target=\"_blank\" rel=\"noopener noreferrer\">SILVA, Ant\u00f4nio C\u00e9sar Baptista da<\/a>\u00a0; ROMEU, Vicente ; FIGUEIREDO, Ant\u00f4nio . Discuss\u00e3o do desempenho da envolt\u00f3ria de uma passive house adaptada \u00e0 zona bioclim\u00e1tica 2 em acordo com o RTQ-R. AMBIENTE CONSTRU\u00cdDO (ONLINE), v. 17, p. 201-222, 2017.<\/span><\/p>\n<\/div>\n<\/div>\n<div class=\"layout-cell layout-cell-11\">\n<div class=\"layout-cell-pad-5\">\n<p><span style=\"font-family: helvetica, arial, sans-serif; font-size: 14pt;\"><a class=\"tooltip\" href=\"http:\/\/lattes.cnpq.br\/2024373379000785\" target=\"_blank\" rel=\"noopener noreferrer\">BRANDALISE, M. P.<\/a> ; PEREIRA, Silvia Ruzicki ;\u00a0CUNHA, Eduardo Grala da\u00a0. Efici\u00eancia energ\u00e9tica em edif\u00edcios de escrit\u00f3rios: An\u00e1lise da sensibilidade do RTQ-C quanto \u00e0 varia\u00e7\u00e3o das condi\u00e7\u00f5es de uso e ocupa\u00e7\u00e3o. CADERNOS DO PROARQ (UFRJ), v. 27, p. 124-142, 2017<\/span><\/p>\n<\/div>\n<\/div>\n<div class=\"layout-cell layout-cell-11\">\n<div class=\"layout-cell-pad-5\">\n<p><span style=\"font-family: helvetica, arial, sans-serif; font-size: 14pt;\">MOTA, R. R. S. ;\u00a0CUNHA, Eduardo Grala da\u00a0. DISCUSS\u00c3O DA SENSIBILIDADE DO RTQ-R QUANTO \u00c0 VARIA\u00c7\u00c3O DAS CONDI\u00c7\u00d5ES DE USO E OCUPA\u00c7\u00c3O DE HIS: ESTUDO DE CASO NA ZONA BIOCLIM\u00c1TICA 2. CADERNOS DO PROARQ (UFRJ), v. 1, p. 103-121, 2017.<\/span><\/p>\n<\/div>\n<\/div>\n<div class=\"layout-cell layout-cell-11\">\n<div class=\"layout-cell-pad-5\">\n<p><span style=\"font-family: helvetica, arial, sans-serif; font-size: 14pt;\">DALBEM, Renata ;\u00a0<a class=\"tooltip\" title=\"Clique para visualizar o curr\u00edculo\" href=\"http:\/\/lattes.cnpq.br\/0959256350186452\" target=\"_blank\" rel=\"noopener noreferrer\">CUNHA, E. G.<\/a>\u00a0;\u00a0<a class=\"tooltip\" title=\"Clique para visualizar o curr\u00edculo\" href=\"http:\/\/lattes.cnpq.br\/7765118835668681\" target=\"_blank\" rel=\"noopener noreferrer\">RHEINGANTZ, P. A.<\/a> ; VICENTE, R. ; ANTONIO C. B. DA SILVA . Atender \u00e0s normas de desempenho \u00e9 indicativo de conforto t\u00e9rmico na edifica\u00e7\u00e3o de uso habitacional?. ARQUITEXTOS (S\u00c3O PAULO), v. 1, p. 1-10, 2017.<\/span><\/p>\n<\/div>\n<\/div>\n<p><span style=\"font-family: helvetica, arial, sans-serif; font-size: 14pt;\"><a class=\"tooltip\" href=\"http:\/\/lattes.cnpq.br\/1620654387924487\" target=\"_blank\" rel=\"noopener noreferrer\">MOTA, Raquel Ramos<\/a>\u00a0;\u00a0GRALA DA CUNHA, EDUARDO\u00a0; ECHENIQUE GIOIELLI, BEATRIZ ; SIGNORINI, Rafael ; DALBEM, Renata ;\u00a0<a class=\"tooltip\" title=\"Clique para visualizar o curr\u00edculo\" href=\"http:\/\/lattes.cnpq.br\/2024373379000785\" target=\"_blank\" rel=\"noopener noreferrer\">Brandalise, Mariane<\/a>\u00a0; PEREIRA, Renata P. ; REIS, Pauline . EFICI\u00caNCIA ENERG\u00c9TICA EM RESID\u00caNCIAS: ADEQUA\u00c7\u00c3O DOS PAR\u00c2METROS DE USO E OCUPA\u00c7\u00c3O PRECONIZADOS NO RTQ-R \u00c0 REALIDADE DE UMA HIS EM PELOTAS \u2013 ZB2. Destaques Acad\u00eamicos, v. 7, p. 211-229, 2016.<\/span><\/p>\n<div class=\"layout-cell layout-cell-1 text-align-right\">\n<div class=\"layout-cell-pad-5 text-align-right\">\n<p><span style=\"font-family: helvetica, arial, sans-serif; font-size: 14pt;\">DALBEM, Renata ;\u00a0<a class=\"tooltip\" title=\"Clique para visualizar o curr\u00edculo\" href=\"http:\/\/lattes.cnpq.br\/7544919517623986\" target=\"_blank\" rel=\"noopener noreferrer\">KNOP, Stifany<\/a>\u00a0;\u00a0GRALA DA CUNHA, EDUARDO\u00a0; OLIVEIRA, Rui ; RODRIGUES, M. F. ; ROMEU, Vicente . Verification of the Passive House Concept to the South of Brazil Climate. Journal of Civil Engineering and Architecture (Print), v. 10, p. 937-945, 2016.<\/span><\/p>\n<\/div>\n<\/div>\n<div class=\"layout-cell layout-cell-11\">\n<div class=\"layout-cell-pad-5\">\n<p><span style=\"font-family: helvetica, arial, sans-serif; font-size: 14pt;\"><a class=\"tooltip\" title=\"Clique para visualizar o curr\u00edculo\" href=\"http:\/\/lattes.cnpq.br\/1620654387924487\" target=\"_blank\" rel=\"noopener noreferrer\">MOTA, Raquel Ramos<\/a> ;\u00a0GRALA DA CUNHA, EDUARDO\u00a0. AN\u00c1LISE DAS CONDI\u00c7\u00d5ES DE USO E OCUPA\u00c7\u00c3O DE HIS, LOCALIZADAS NA CIDADE DE PELOTAS \u2013 ZB2, PRECONIZADAS NO RTQ-R NO M\u00c9TODO DE SIMULA\u00c7\u00c3O COMPUTACIONAL. Cadernos de P\u00f3s Gradua\u00e7\u00e3o em Arquitetura e Urbanismo (Mackenzie. Online), v. 16, p. 2016.2 109, 2016.<\/span><\/p>\n<p><span style=\"font-family: helvetica, arial, sans-serif; font-size: 14pt;\">DALBEM, Renata ; FREITAS, J.R. ; GRALA DA CUNHA, EDUARDO . Conceito Passivhaus Aplicado ao Clima Brasileiro. Revista de Arquitetura IMED, v. 4, p. 26-36, 2015.<\/span><\/p>\n<p><span style=\"font-size: 14pt;\"><a class=\"tooltip\" style=\"font-family: helvetica, arial, sans-serif; background-color: #ffffff;\" title=\"Clique para visualizar o curr\u00edculo\" href=\"http:\/\/lattes.cnpq.br\/2024373379000785\" target=\"_blank\" rel=\"noopener noreferrer\">BRANDALISE, M. P.<\/a><span style=\"font-family: helvetica, arial, sans-serif;\"> ;\u00a0GRALA DA CUNHA, EDUARDO\u00a0. AN\u00c1LISE DA SENSIBILIDADE DO RTQ-C QUANTO \u00c0 VARIA\u00c7\u00c3O DA DENSIDADE DE CARGA INTERNA NAS ZONAS BIOCLIM\u00c1TICAS BRASILEIRAS 1, 4 E 7. Revista Gest\u00e3o &amp; Sustentabilidade Ambiental, v. 4, p. 542-555, 2015.<\/span><\/span><\/p>\n<p><span style=\"font-size: 14pt;\"><span style=\"font-family: helvetica, arial, sans-serif;\">BENINCA, L. ; <\/span><a class=\"tooltip\" style=\"font-family: helvetica, arial, sans-serif; background-color: #ffffff;\" title=\"Clique para visualizar o curr\u00edculo\" href=\"http:\/\/lattes.cnpq.br\/0959256350186452\" target=\"_blank\" rel=\"noopener noreferrer\">CUNHA, E. G.<\/a><span style=\"font-family: helvetica, arial, sans-serif;\"> ; SANCHEZ, Alexis Aguilar . Prescriptivo y Simulaci\u00f3n. Etiquetaje de la eficiencia energ\u00e9tica del edif\u00edcio comercial \u201cTorre Plaza Shopping\u201d, Passo Fundo, RS, Brasil en funci\u00f3n de las dos metodolog\u00edas de la reglamentaci\u00f3n brasile\u00f1a \u2013 RTQ \u2013 C. Revista de Arquitetura da IMED, v. 3, p. 76-87, 2014.<\/span><\/span><\/p>\n<\/div>\n<\/div>\n<div class=\"layout-cell layout-cell-11\">\n<div class=\"layout-cell-pad-5\">\n<div class=\"citado\"><\/div>\n<\/div>\n<\/div>\n<div class=\"layout-cell layout-cell-1 text-align-right\">\n<div class=\"layout-cell-pad-5 text-align-right\"><span style=\"font-size: 14pt;\"><strong><span style=\"font-family: helvetica, arial, sans-serif;\">Livros publicados\/organizados ou edi\u00e7\u00f5es<\/span><\/strong><\/span><\/div>\n<div><\/div>\n<\/div>\n<p><span style=\"font-family: helvetica, arial, sans-serif; font-size: 14pt;\"><a class=\"tooltip\" title=\"Clique para visualizar o curr\u00edculo\" href=\"http:\/\/lattes.cnpq.br\/3940553207330826\" target=\"_blank\" rel=\"noopener noreferrer\">GON\u00c7ALVES, Isabel Pi\u00fama.<\/a>\u00a0;\u00a0CUNHA, Eduardo G. da\u00a0. Retrofit Energ\u00e9tico de Edif\u00edcios de Escrit\u00f3rios. 1. ed. Saarbr\u00fccken: Novas Edi\u00e7\u00f5es Acad\u00eamicas, 2017. v. 1. 173p .<\/span><\/p>\n<p><span style=\"font-family: helvetica, arial, sans-serif; font-size: 14pt;\"><a class=\"tooltip\" href=\"http:\/\/lattes.cnpq.br\/0959256350186452\" target=\"_blank\" rel=\"noopener noreferrer\">GRALA DA CUNHA, EDUARDO<\/a>. Situando a dimens\u00e3o t\u00e9cnica no projeto de arquitetura: Ferramenta de apoio \u00e0 escolha de coberturas industriais. 1. ed. Saarbr\u00fccken: Novas Edi\u00e7\u00f5es Acad\u00eamicas, 2016. v. 1. 151p.<\/span><\/p>\n<p><span style=\"font-family: helvetica, arial, sans-serif; font-size: 14pt;\">MINIST\u00c9RIO DO MEIO AMBIENTE (Org.) ;\u00a0<a class=\"tooltip\" title=\"Clique para visualizar o curr\u00edculo\" href=\"http:\/\/lattes.cnpq.br\/8150819629082409\" target=\"_blank\" rel=\"noopener noreferrer\">SILVA, Ant\u00f4nio C\u00e9sar Baptista da<\/a>\u00a0(Org.) ;\u00a0<a class=\"tooltip\" title=\"Clique para visualizar o curr\u00edculo\" href=\"http:\/\/lattes.cnpq.br\/0959256350186452\" target=\"_blank\" rel=\"noopener noreferrer\">CUNHA, E. G.<\/a>\u00a0(Org.) ; POUEY, Juliana (Org.) ;\u00a0<a class=\"tooltip\" title=\"Clique para visualizar o curr\u00edculo\" href=\"http:\/\/lattes.cnpq.br\/6262933699781229\" target=\"_blank\" rel=\"noopener noreferrer\">OLIVEIRA, Liader<\/a>\u00a0(Org.) ;\u00a0<a class=\"tooltip\" title=\"Clique para visualizar o curr\u00edculo\" href=\"http:\/\/lattes.cnpq.br\/7544919517623986\" target=\"_blank\" rel=\"noopener noreferrer\">KNOP, Stifany<\/a>\u00a0(Org.) ;\u00a0<a class=\"tooltip\" title=\"Clique para visualizar o curr\u00edculo\" href=\"http:\/\/lattes.cnpq.br\/2024373379000785\" target=\"_blank\" rel=\"noopener noreferrer\">Brandalise, Mariane<\/a>\u00a0(Org.) . Reunindo a experi\u00eancia pr\u00e1tica do projeto de etiquetagem: Minist\u00e9rio do Meio Ambiente e Minist\u00e9rio da Cultura. 1. ed. Bras\u00edlia: Minist\u00e9rio do Meio Ambiente, 2014. v. 1. 93p .<\/span><\/p>\n<p><span style=\"font-family: helvetica, arial, sans-serif; font-size: 14pt;\">\u00a0<a class=\"tooltip\" title=\"Clique para visualizar o curr\u00edculo\" href=\"http:\/\/lattes.cnpq.br\/0959256350186452\" target=\"_blank\" rel=\"noopener noreferrer\">CUNHA, E. G.<\/a>; MELLO, Evaniza Fatima Quevedo de (Org.) ;\u00a0<a class=\"tooltip\" title=\"Clique para visualizar o curr\u00edculo\" href=\"http:\/\/lattes.cnpq.br\/7110201454310850\" target=\"_blank\" rel=\"noopener noreferrer\">MASCARO, Juan Jose<\/a>\u00a0(Org.) ; VASCONCELLOS, Luciano de (Org.) ; ZECHMEISTER, D\u00f3ris (Org.) ; FRANDOLOSO, Marcos Ant\u00f4nio (Org.) . Elementos de Arquitetura de Climatiza\u00e7\u00e3o Natural. 2. ed. Porto Alegre: Masquatro, 2006. v. 1. 187p .<\/span><\/p>\n<p><span style=\"font-family: helvetica, arial, sans-serif; font-size: 14pt;\">\u00a0<a class=\"tooltip\" href=\"http:\/\/lattes.cnpq.br\/0959256350186452\" target=\"_blank\" rel=\"noopener noreferrer\">CUNHA, E. G.<\/a>;\u00a0<a class=\"tooltip\" title=\"Clique para visualizar o curr\u00edculo\" href=\"http:\/\/lattes.cnpq.br\/7110201454310850\" target=\"_blank\" rel=\"noopener noreferrer\">MASCAR\u00d3, Juan Jos\u00e9<\/a>\u00a0(Org.) ; FRANDOLOSO, Marcos Ant\u00f4nio (Org.) ; VASCONCELLOS, Luciano de (Org.) ; ZECHMEISTER, D\u00f3ris (Org.) ; QUEVEDO, Evaniza (Org.) . Elementos de Arquitetura de Climatiza\u00e7\u00e3o Natural.. 01. ed. Passo Fundo: Universidade de Passo Fundo, 2003. v. 1. 145p .<\/span><\/p>\n<p>&nbsp;<\/p>\n<p><span style=\"font-family: helvetica, arial, sans-serif; font-size: 14pt;\"><strong>Cap\u00edtulos de livros publicados<\/strong><\/span><\/p>\n<p><span style=\"font-family: helvetica, arial, sans-serif; font-size: 14pt;\"><a class=\"tooltip\" title=\"Clique para visualizar o curr\u00edculo\" href=\"http:\/\/lattes.cnpq.br\/0868797216051044\" target=\"_blank\" rel=\"noopener noreferrer\">FRANDOLOSO, Marcos Antonio Leite<\/a>\u00a0; Cuch\u00ed i Burgos, Albert ;\u00a0DA CUNHA, Eduardo Grala\u00a0. The Application of Eco-efficiency in University Buildings: Policies and Decision-Making Processes. World Sustainability Series. 1ed.: Springer International Publishing, 2018, v. , p. 141-158.<\/span><\/p>\n<p><span style=\"font-family: helvetica, arial, sans-serif; font-size: 14pt;\">GUERRA, F. L. ;\u00a0GRALA DA CUNHA, EDUARDO\u00a0; ALVES, F\u00e1bio G. . Analysis of microclimate in a historical building to as-sess the probability of recurrence of filamentous Fungi. In: Jo\u00e3o Delgado. (Org.). Building Pathology and Rehabilitation. 1ed.Singapura: Springer, 2016, v. 5, p. 195-213.<\/span><\/p>\n<p><span style=\"font-family: helvetica, arial, sans-serif; font-size: 14pt;\"><a class=\"tooltip\" href=\"http:\/\/lattes.cnpq.br\/6262933699781229\" target=\"_blank\" rel=\"noopener noreferrer\">OLIVEIRA, Liader<\/a>\u00a0;\u00a0<a class=\"tooltip\" title=\"Clique para visualizar o curr\u00edculo\" href=\"http:\/\/lattes.cnpq.br\/0959256350186452\" target=\"_blank\" rel=\"noopener noreferrer\">CUNHA, E. G.<\/a>\u00a0;\u00a0<a class=\"tooltip\" title=\"Clique para visualizar o curr\u00edculo\" href=\"http:\/\/lattes.cnpq.br\/8150819629082409\" target=\"_blank\" rel=\"noopener noreferrer\">SILVA, Ant\u00f4nio C\u00e9sar Baptista da<\/a>\u00a0;\u00a0<a class=\"tooltip\" title=\"Clique para visualizar o curr\u00edculo\" href=\"http:\/\/lattes.cnpq.br\/3094467114091599\" target=\"_blank\" rel=\"noopener noreferrer\">PINTO, M\u00f4nica Martins<\/a>\u00a0. A Influ\u00eancia da Temperatura do Solo no Processo de Simula\u00e7\u00e3o Termoenerg\u00e9tica de Edifica\u00e7\u00f5es. In: Silva, Gabriel Francisco da. Leite, Nadjma Souza.. (Org.). Workshop Rede de Pesquisa\/Uso Racional de \u00c1gua e Efici\u00eancia Energ\u00e9tica em Habita\u00e7\u00f5es de Interesse Social. 1ed.S\u00e3o Cristov\u00e3o: Editora UFS, 2014, v. , p. 281-298.<\/span><\/p>\n<p><span style=\"font-family: helvetica, arial, sans-serif; font-size: 14pt;\">KREBS, Carlos Leod\u00e1rio Monteiro ;\u00a0GRALA DA CUNHA, EDUARDO\u00a0. COMPARA\u00c7\u00c3O DO DESEMPENHO TERMOENERG\u00c9- TICO DE FACHADA DE ALVENARIA TRADICIONAL COM FACHADA VENTILADA. In: Jos\u00e9 Baltazar Salgueirinho Os\u00f3rio de Andrade Guerra. (Org.). Arquitetura e urbanismo sustent\u00e1vel: estrat\u00e9gias e projetos para a promo\u00e7\u00e3o da efici\u00eancia energ\u00e9tica e do conforto ambiental. 1ed.florian\u00f3polis: Cons\u00f3rcio Projeto REGSA, 2014, v. 1, p. 41-63.<\/span><\/p>\n<p><span style=\"font-family: helvetica, arial, sans-serif; font-size: 14pt;\"><a class=\"tooltip\" href=\"http:\/\/lattes.cnpq.br\/0959256350186452\" target=\"_blank\" rel=\"noopener noreferrer\">GRALA DA CUNHA, EDUARDO<\/a>;\u00a0<a class=\"tooltip\" title=\"Clique para visualizar o curr\u00edculo\" href=\"http:\/\/lattes.cnpq.br\/2759901116081460\" target=\"_blank\" rel=\"noopener noreferrer\">RODRIGUES, Aretusa Oliveira<\/a>\u00a0; GUERRA, Fernanda Lamego ; CARVALHO, M. L. F. . ESTUDO DE EDIFICA\u00c7\u00c3O PATRIMONIAL RESTAURA- DA: UMA AN\u00c1LISE MICROCLIM\u00c1TICA PARA AVA- LIA\u00c7\u00c3O DA PROBABILIDADE DE REINCID\u00caNCIA DE FUNGOS FILAMENTOSOS (BOLOR). In: Jos\u00e9 Baltazar Salgueirinho Os\u00f3rio de Andrade Guerra. (Org.). ESTUDO DE EDIFICA\u00c7\u00c3O PATRIMONIAL RESTAURA- DA: UMA AN\u00c1LISE MICROCLIM\u00c1TICA PARA AVA- LIA\u00c7\u00c3O DA PROBABILIDADE DE REINCID\u00caNCIA DE FUNGOS FILAMENTOSOS (BOLOR). 1ed.Florian\u00f3polis: Cons\u00f3rcio Projeto REGSA, 2014, v. 1, p. 131-145.<\/span><\/p>\n<p><span style=\"font-family: helvetica, arial, sans-serif; font-size: 14pt;\"><a class=\"tooltip\" title=\"Clique para visualizar o curr\u00edculo\" href=\"http:\/\/lattes.cnpq.br\/2024373379000785\" target=\"_blank\" rel=\"noopener noreferrer\">Brandalise, Mariane<\/a>\u00a0;\u00a0<a class=\"tooltip\" title=\"Clique para visualizar o curr\u00edculo\" href=\"http:\/\/lattes.cnpq.br\/7544919517623986\" target=\"_blank\" rel=\"noopener noreferrer\">KNOP, Stifany<\/a>\u00a0;\u00a0GRALA DA CUNHA, EDUARDO\u00a0. UTILIZA\u00c7\u00c3O DA FERRAMENTA DOMUS PARA IN- VESTIGA\u00c7\u00c3O DA DENSIDADE DE CARGA INTERNA DE EDIF\u00cdCIO DE ESCRIT\u00d3RIO \u2013 RTQ-C. In: Jos\u00e9 Baltazar Salgueirinho Os\u00f3rio de Andrade Guerra. (Org.). Arquitetura e urbanismo sustent\u00e1vel: estrat\u00e9gias e projetos para a promo\u00e7\u00e3o da efici\u00eancia energ\u00e9tica e do conforto ambiental. 1ed.Florian\u00f3polis: Cons\u00f3rcio Projeto REGSA, 2014, v. 1, p. 225-241.<\/span><\/p>\n<p><span style=\"font-family: helvetica, arial, sans-serif; font-size: 14pt;\"><a class=\"tooltip\" title=\"Clique para visualizar o curr\u00edculo\" href=\"http:\/\/lattes.cnpq.br\/0959256350186452\" target=\"_blank\" rel=\"noopener noreferrer\">CUNHA, E. G.<\/a>;\u00a0<a class=\"tooltip\" title=\"Clique para visualizar o curr\u00edculo\" href=\"http:\/\/lattes.cnpq.br\/0092514602298549\" target=\"_blank\" rel=\"noopener noreferrer\">MACHADO, Nino Roberto Schleder<\/a>\u00a0;\u00a0<a class=\"tooltip\" href=\"http:\/\/lattes.cnpq.br\/5782024822288028\" target=\"_blank\" rel=\"noopener noreferrer\">FRITSCH, Rodrigo Carlos<\/a>\u00a0. Aquecedor Solar Passivo para a cidade de Passo Fundo, RS: Caracteriza\u00e7\u00e3o do desempenho com funcionamento em ciclo aberto e fechado. In: Jos\u00e9 J\u00e9ferson do R\u00eago; Miguel Aloysio Sattler. (Org.). Sustentabilidade do ambiente cosntru\u00eddo. O que voc\u00ea tem com isso?. Recife: ANTAC, 2010, v. II, p. 305-316.<\/span><\/p>\n<p><span style=\"font-family: helvetica, arial, sans-serif; font-size: 14pt;\"><a class=\"tooltip\" href=\"http:\/\/lattes.cnpq.br\/0959256350186452\" target=\"_blank\" rel=\"noopener noreferrer\">CUNHA, E. G.<\/a>; WICKERT, Ana Paula ;\u00a0<a class=\"tooltip\" title=\"Clique para visualizar o curr\u00edculo\" href=\"http:\/\/lattes.cnpq.br\/9041308250400732\" target=\"_blank\" rel=\"noopener noreferrer\">GELPI, Adriana<\/a>\u00a0; KALIL, Rosa Maria Locatelli ; MELLO, Evaniza Fatima Quevedo de ; SILVA, Nery Auler da ; GOSCH, Luiz Roberto ; WAIIRICH, Lorena ;\u00a0<a class=\"tooltip\" title=\"Clique para visualizar o curr\u00edculo\" href=\"http:\/\/lattes.cnpq.br\/7110201454310850\" target=\"_blank\" rel=\"noopener noreferrer\">MASCAR\u00d3, Juan Jos\u00e9<\/a>\u00a0; VASCONCELLOS, Carla Postal ; FIORI, Renato Holmer ; ROSSETTO, Carlos Ricardo ;\u00a0<a class=\"tooltip\" title=\"Clique para visualizar o curr\u00edculo\" href=\"http:\/\/lattes.cnpq.br\/3802510077342121\" target=\"_blank\" rel=\"noopener noreferrer\">ROSSETTO, Adriana Marques<\/a>\u00a0;\u00a0<a class=\"tooltip\" href=\"http:\/\/lattes.cnpq.br\/0868797216051044\" target=\"_blank\" rel=\"noopener noreferrer\">FRANDOLOSO, Marcos Antonio Leite<\/a>\u00a0; PRAVIA, Zacarias Chamberlian ;\u00a0<a class=\"tooltip\" title=\"Clique para visualizar o curr\u00edculo\" href=\"http:\/\/lattes.cnpq.br\/9692479842063012\" target=\"_blank\" rel=\"noopener noreferrer\">ORTH, Dora Maria<\/a>\u00a0;\u00a0<a class=\"tooltip\" title=\"Clique para visualizar o curr\u00edculo\" href=\"http:\/\/lattes.cnpq.br\/7110201454310850\" target=\"_blank\" rel=\"noopener noreferrer\">MASCARO, Juan Jose<\/a>\u00a0; NORRO, Julio Ariel Guigou . A projetualidade dos edif\u00edcios industriais no s\u00e9culo XIX. In: Ana Paula Wickert. (Org.). Arquitetura e Urbanismo em debate. 1ed.Passo Fundo: Editora Universit\u00e1ria, 2005, v. 1, p. 308-325.<\/span><\/p>\n<p>&nbsp;<\/p>\n<p><span style=\"font-size: 14pt;\"><strong><span style=\"font-family: helvetica, arial, sans-serif;\">Textos em jornais de not\u00edcias\/revistas<\/span><\/strong><\/span><\/p>\n<p><span style=\"font-family: helvetica, arial, sans-serif; font-size: 14pt;\"><a class=\"tooltip\" title=\"Clique para visualizar o curr\u00edculo\" href=\"http:\/\/lattes.cnpq.br\/0959256350186452\" target=\"_blank\" rel=\"noopener noreferrer\">CUNHA, Eduardo Grala da<\/a>; SILVA, A. C. S. B. da ; DALBEM, Renata . Ventila\u00e7\u00e3o Mec\u00e2nica com recupera\u00e7\u00e3o de calor. Revista Toda Casa, Pelotas, p. 26 &#8211; 27, 02 out. 2017.<\/span><\/p>\n<p><span style=\"font-family: helvetica, arial, sans-serif; font-size: 14pt;\"><a class=\"tooltip\" title=\"Clique para visualizar o curr\u00edculo\" href=\"http:\/\/lattes.cnpq.br\/0959256350186452\" target=\"_blank\" rel=\"noopener noreferrer\">CUNHA, Eduardo Grala da<\/a>; SILVA, A. C. S. B. da ; DALBEM, Renata . Esquadrias de alto desempenho. Revista Toda Casa, Pelotas, p. 28 &#8211; 29, 01 ago. 2017.<\/span><\/p>\n<p><span style=\"font-family: helvetica, arial, sans-serif; font-size: 14pt;\"><a class=\"tooltip\" title=\"Clique para visualizar o curr\u00edculo\" href=\"http:\/\/lattes.cnpq.br\/0959256350186452\" target=\"_blank\" rel=\"noopener noreferrer\">CUNHA, Eduardo Grala da<\/a>; DALBEM, Renata ; SILVA, A. C. S. B. da . Estanqueidade do edif\u00edcio Casa Passiva. Toda Casa, Pelotas, p. 28 &#8211; 29, 05 jun. 2017.<\/span><\/p>\n<p><span style=\"font-family: helvetica, arial, sans-serif; font-size: 14pt;\"><a class=\"tooltip\" title=\"Clique para visualizar o curr\u00edculo\" href=\"http:\/\/lattes.cnpq.br\/0959256350186452\" target=\"_blank\" rel=\"noopener noreferrer\">CUNHA, Eduardo Grala da<\/a>; SILVA, A. C. S. B. da ; DALBEM, Renata . Pontes T\u00e9rmicas na Casa Passiva. Toda Casa, Pelotas, p. 28 &#8211; 29, 01 abr. 2017.<\/span><\/p>\n<p><span style=\"font-family: helvetica, arial, sans-serif; font-size: 14pt;\"><a class=\"tooltip\" href=\"http:\/\/lattes.cnpq.br\/0959256350186452\" target=\"_blank\" rel=\"noopener noreferrer\">CUNHA, Eduardo Grala da<\/a>;\u00a0<a class=\"tooltip\" title=\"Clique para visualizar o curr\u00edculo\" href=\"http:\/\/lattes.cnpq.br\/8150819629082409\" target=\"_blank\" rel=\"noopener noreferrer\">SILVA, Ant\u00f4nio C\u00e9sar Baptista da<\/a>\u00a0; DALBEM, Renata . Isolamento T\u00e9rmico na Casa Passiva. Revista de Arquitetura Toda Casa, Pelotas, p. 24 &#8211; 25, 15 fev. 2017.<\/span><\/p>\n<p><span style=\"font-family: helvetica, arial, sans-serif; font-size: 14pt;\"><a class=\"tooltip\" title=\"Clique para visualizar o curr\u00edculo\" href=\"http:\/\/lattes.cnpq.br\/0959256350186452\" target=\"_blank\" rel=\"noopener noreferrer\">CUNHA, Eduardo Grala da<\/a>;\u00a0<a class=\"tooltip\" title=\"Clique para visualizar o curr\u00edculo\" href=\"http:\/\/lattes.cnpq.br\/8150819629082409\" target=\"_blank\" rel=\"noopener noreferrer\">SILVA, Ant\u00f4nio C\u00e9sar Baptista da<\/a>\u00a0; DALBEM, Renata . Passive House ou Casa Passiva. Revista Toda Casa, Pelotas, 02 dez. 2016.<\/span><\/p>\n<p><span style=\"font-family: helvetica, arial, sans-serif; font-size: 14pt;\"><a class=\"tooltip\" href=\"http:\/\/lattes.cnpq.br\/0959256350186452\" target=\"_blank\" rel=\"noopener noreferrer\">GRALA DA CUNHA, EDUARDO<\/a>. Efici\u00eancia Energ\u00e9tica na Arquitetura: Novos Desafios na Pr\u00e1tica Profissional. Revista Espa\u00e7oDesign, Passo Fundo, 01 out. 2015.<\/span><\/p>\n<p><span style=\"font-family: helvetica, arial, sans-serif; font-size: 14pt;\"><a class=\"tooltip\" title=\"Clique para visualizar o curr\u00edculo\" href=\"http:\/\/lattes.cnpq.br\/5782024822288028\" target=\"_blank\" rel=\"noopener noreferrer\">FRITSCH, Rodrigo Carlos<\/a>\u00a0;\u00a0<a class=\"tooltip\" title=\"Clique para visualizar o curr\u00edculo\" href=\"http:\/\/lattes.cnpq.br\/0959256350186452\" target=\"_blank\" rel=\"noopener noreferrer\">CUNHA, E. G.<\/a>\u00a0. O ru\u00eddo nas edifica\u00e7\u00f5es. Espa\u00e7odesign, Passo Fundo, p. 11 &#8211; 11, 01 ago. 2009.<\/span><\/p>\n<p><span style=\"font-family: helvetica, arial, sans-serif; font-size: 14pt;\"><a class=\"tooltip\" title=\"Clique para visualizar o curr\u00edculo\" href=\"http:\/\/lattes.cnpq.br\/0959256350186452\" target=\"_blank\" rel=\"noopener noreferrer\">CUNHA, E. G.<\/a>. Efici\u00eancia Energ\u00e9tica: Nova regulamenta\u00e7\u00e3o para edifica\u00e7\u00f5es. Revista Espa\u00e7o Design, Passo Fundo, p. 28 &#8211; 28, 01 dez. 2008.<\/span><\/p>\n<p><span style=\"font-family: helvetica, arial, sans-serif; font-size: 14pt;\"><a class=\"tooltip\" href=\"http:\/\/lattes.cnpq.br\/0959256350186452\" target=\"_blank\" rel=\"noopener noreferrer\">CUNHA, E. G.<\/a>. Aspectos relevantes na concep\u00e7\u00e3o de sistemas de esquadrias na regi\u00e3o norte do RS. Brasindoor, Sociedade Brasileira de Meio Ambiente e Controle da Qualidade do Ar de Interiores, Rio de Janeiro, 01 out. 2007.<\/span><\/p>\n<p><span style=\"font-family: helvetica, arial, sans-serif; font-size: 14pt;\"><a class=\"tooltip\" href=\"http:\/\/lattes.cnpq.br\/5782024822288028\" target=\"_blank\" rel=\"noopener noreferrer\">FRITSCH, Rodrigo Carlos<\/a>\u00a0;\u00a0<a class=\"tooltip\" title=\"Clique para visualizar o curr\u00edculo\" href=\"http:\/\/lattes.cnpq.br\/8565025033562422\" target=\"_blank\" rel=\"noopener noreferrer\">KALIL, Rosa Maria Locatelli<\/a>\u00a0;\u00a0<a class=\"tooltip\" title=\"Clique para visualizar o curr\u00edculo\" href=\"http:\/\/lattes.cnpq.br\/0959256350186452\" target=\"_blank\" rel=\"noopener noreferrer\">CUNHA, E. G.<\/a>\u00a0. Evaluation del ruido urbano: el caso de zona de centro de Passo Fundo, RS. Revista Lima, Lima, Peru, p. 12 &#8211; 15, 10 jan. 2007.<\/span><\/p>\n<p><span style=\"font-family: helvetica, arial, sans-serif; font-size: 14pt;\"><a class=\"tooltip\" href=\"http:\/\/lattes.cnpq.br\/0959256350186452\" target=\"_blank\" rel=\"noopener noreferrer\">CUNHA, E. G.<\/a>. A projetualidade dos edif\u00edcios industriais no s\u00e9culo XVIII. Revista Educa\u00e7\u00e3o Patrimonial, Rio de Janeiro, 20 nov. 2006.<\/span><\/p>\n<p><span style=\"font-family: helvetica, arial, sans-serif; font-size: 14pt;\"><a class=\"tooltip\" title=\"Clique para visualizar o curr\u00edculo\" href=\"http:\/\/lattes.cnpq.br\/0959256350186452\" target=\"_blank\" rel=\"noopener noreferrer\">CUNHA, E. G.<\/a>. A projetualidade dos edif\u00edcios industriais no s\u00e9culo XIX. Revista Educa\u00e7\u00e3o Patrimonial, Rio de Janeiro, 20 nov. 2006.<\/span><\/p>\n<p><span style=\"font-family: helvetica, arial, sans-serif; font-size: 14pt;\"><a class=\"tooltip\" title=\"Clique para visualizar o curr\u00edculo\" href=\"http:\/\/lattes.cnpq.br\/0959256350186452\" target=\"_blank\" rel=\"noopener noreferrer\">CUNHA, E. G.<\/a>. Permeabilidade da edifica\u00e7\u00e3o a partir das esquadrias internas. Revista Brasindoor, S\u00e3o Paulo, , v. 06, p. 8 &#8211; 11, 20 fev. 2006.<\/span><\/p>\n<p><span style=\"font-family: helvetica, arial, sans-serif; font-size: 14pt;\"><a class=\"tooltip\" title=\"Clique para visualizar o curr\u00edculo\" href=\"http:\/\/lattes.cnpq.br\/0959256350186452\" target=\"_blank\" rel=\"noopener noreferrer\">CUNHA, E. G.<\/a>. Os Sistemas CAD e a Metodologia Projetual. CAdesign, 05 nov. 1999.<\/span><\/p>\n<p><span style=\"font-family: helvetica, arial, sans-serif; font-size: 14pt;\"><a class=\"tooltip\" title=\"Clique para visualizar o curr\u00edculo\" href=\"http:\/\/lattes.cnpq.br\/0959256350186452\" target=\"_blank\" rel=\"noopener noreferrer\">CUNHA, E. G.<\/a>. Tendencias dos Sistemas CAD. Cadesig, 04 set. 1998.<\/span><\/p>\n<p><span style=\"font-family: helvetica, arial, sans-serif; font-size: 14pt;\"><a class=\"tooltip\" href=\"http:\/\/lattes.cnpq.br\/0959256350186452\" target=\"_blank\" rel=\"noopener noreferrer\">CUNHA, E. G.<\/a>. Ar Condicionado \u00e9 Segunda Op\u00e7\u00e3o. Cadesign, S\u00e3o Paulo, , v. 01.<\/span><\/p>\n<p><span style=\"font-family: helvetica, arial, sans-serif; font-size: 14pt;\"><a class=\"tooltip\" href=\"http:\/\/lattes.cnpq.br\/0959256350186452\" target=\"_blank\" rel=\"noopener noreferrer\">CUNHA, E. G.<\/a>. As Ferramentas CAD e o Conforto Ambiental. Arquitetura, S\u00e3o Paulo.<\/span><\/p>\n<p>&nbsp;<\/p>\n<p><span style=\"font-size: 14pt;\"><strong><span style=\"font-family: helvetica, arial, sans-serif;\">Trabalhos completos publicados em anais de congressos<\/span><\/strong><\/span><\/p>\n<p><span style=\"font-family: helvetica, arial, sans-serif; font-size: 14pt;\">Kr\u00fcger, Eduardo ; SILVA, T. J. V. ; HIRASHIMA, S. Q. da S. ;\u00a0CUNHA, Eduardo G. da\u00a0; ROSA, L. A. . ESTUDO COMPARATIVO DE FAIXAS DE CONFORTO OBTIDAS PARA O \u00cdNDICE T\u00c9RMICO UTCI PARA DUAS CIDADES BRASILEIRAS. In: XV Encontro Nacional de conforto do Ambinte Constru\u00eddo e XI Encontro Latino-Americano de conforto no ambiente Constru\u00eddo, 2019, Jo\u00e3o Pessoa. Anais do XV Encontro Nacional de conforto do Ambinte Constru\u00eddo e XI Encontro Latino-Americano de conforto no ambiente Constru\u00eddo. Porto Alegre: ANTAC, 2019. v. 1. p. 603-612.<\/span><\/p>\n<p><span style=\"font-family: helvetica, arial, sans-serif; font-size: 14pt;\">BALBONI, M. D. C. ; LEITZKE, R. K. ; MACIEL, T. S. ;\u00a0CUNHA, Eduardo Grala da\u00a0; RHEIGANTZ, P. A. . Gera\u00e7\u00e3o de uma popula\u00e7\u00e3o inicial para an\u00e1lise multiobjetivo de simula\u00e7\u00f5es termoenerg\u00e9ticas em HIS. In: XV Encontro Nacional de conforto do Ambinte Constru\u00eddo e XI Encontro Latino-Americano de conforto no ambiente Constru\u00eddo, 2019, Jo\u00e3o Pessoa. Anais do XV Encontro Nacional de conforto do Ambinte Constru\u00eddo e XI Encontro Latino-Americano de conforto no ambiente Constru\u00eddo. Porto Alegre: ANTAC, 2019. v. 1. p. 1874-1883.<\/span><\/p>\n<p><span style=\"font-family: helvetica, arial, sans-serif; font-size: 14pt;\">CARVALHO, A. R. de ; KREBS,L,F. ; Oliveira, A. L. C. de ; SILVA, A. C. S. B. ;\u00a0CUNHA, Eduardo G. da\u00a0. Estudo Piloto sobre aplica\u00e7\u00e3o da normativa Enerphit em um edif\u00edcio hist\u00f3rico de Pelotas, RS. In: XV Encontro Nacional de conforto do Ambinte Constru\u00eddo e XI Encontro Latino-Americano de conforto no ambiente Constru\u00eddo, 2019, Jo\u00e3o Pessoa. Anais do XV Encontro Nacional de conforto do Ambinte Constru\u00eddo e XI Encontro Latino-Americano de conforto no ambiente Constru\u00eddo. Jo\u00e3o Pessoa: ANTAC, 2019. v. 1. p. 2343-2352.<\/span><\/p>\n<p><span style=\"font-family: helvetica, arial, sans-serif; font-size: 14pt;\">DUTRA, L. P. ; SALAMONI, I. T. ;\u00a0CUNHA, Eduardo G. da\u00a0. A aplica\u00e7\u00e3o de metas NZEB a edifica\u00e7\u00e3o residencial na Zona Bioclim\u00e1tica Brasileira n. 2. In: XV Encontro Nacional de conforto do Ambinte Constru\u00eddo e XI Encontro Latino-Americano de conforto no ambiente Constru\u00eddo, 2019, Jo\u00e3o PEssoa. Anais do XV Encontro Nacional de conforto do Ambinte Constru\u00eddo e XI Encontro Latino-Americano de conforto no ambiente Constru\u00eddo. Jo\u00e3o Pessoa: ANTAC, 2019. v. 1. p. 2065-2074.<\/span><\/p>\n<p><span style=\"font-family: helvetica, arial, sans-serif; font-size: 14pt;\"><a class=\"tooltip\" title=\"Clique para visualizar o curr\u00edculo\" href=\"http:\/\/lattes.cnpq.br\/7544919517623986\" target=\"_blank\" rel=\"noopener noreferrer\">KNOP, Stifany<\/a>\u00a0; FREITAS, F. P. de ; RODRIGUES, T. C. ;\u00a0CUNHA, Eduardo Grala da\u00a0. Otimiza\u00e7\u00e3o Simplificada do desempenho de uma resid\u00eancia unifamiliar localizada na ZB2. In: XV Encontro Nacional de conforto do Ambinte Constru\u00eddo e XI Encontro Latino-Americano de conforto no ambiente Constru\u00eddo, 2019, Jo\u00e3o Pessoa. Anais do XV Encontro Nacional de conforto do Ambinte Constru\u00eddo e XI Encontro Latino-Americano de conforto no ambiente Constru\u00eddo. Porto Alegre: ANTAC, 2019. v. 1. p. 2436-2445.<\/span><\/p>\n<p><span style=\"font-family: helvetica, arial, sans-serif; font-size: 14pt;\">RODRIGUES, T. C. ; AIRES, K. F. ; GUTIERREZ, M. A. U. ; KREBS, L. F. ;\u00a0CUNHA, Eduardo G. da\u00a0. A influ\u00eancia do sombreamento de paredes e cobertura em edifica\u00e7\u00e3o residencial. In: XV Encontro Nacional de conforto do Ambinte Constru\u00eddo e XI Encontro Latino-Americano de conforto no ambiente Constru\u00eddo, 2019, Jo\u00e3o Pessoa. Anais do XV Encontro Nacional de conforto do Ambinte Constru\u00eddo e XI Encontro Latino-Americano de conforto no ambiente Constru\u00eddo. Poro Alegre: ANTAC, 2019. v. 1. p. 1435-1444.<\/span><\/p>\n<p><span style=\"font-family: helvetica, arial, sans-serif; font-size: 14pt;\">RHEIGANTZ, P. A. ; ANGOTTI, F. B. ;\u00a0CUNHA, Eduardo G. da\u00a0. INTERFACES, ENTRELA\u00c7AMENTOS E EFEITOS DAS POL\u00cdTICAS ONTOL\u00d3GICAS NAS RELA\u00c7\u00d5ES ARQUITETOS-ACTANTES .878. In: V Encontro da Associa\u00e7\u00e3o Nacional de Pesquisa e P\u00f3s-Gradua\u00e7\u00e3o em Arquitetura e Urbanismo, 2018, Salvador. Anais do V Encontro da Associa\u00e7\u00e3o Nacional de Pesquisa e P\u00f3s-Gradua\u00e7\u00e3o em Arquitetura e Urbanismo. Salvador: EDUFBA, 2018. v. 1. p. 878-892.<\/span><\/p>\n<p><span style=\"font-family: helvetica, arial, sans-serif; font-size: 14pt;\">LEITZKE, R. K. ;\u00a0CUNHA, Eduardo G. da\u00a0; FREITAS, J.R. . AN\u00c1LISE DAS CONDI\u00c7\u00d5ES DE CONTORNO PARA SIMULA\u00c7\u00c3O E CONFIGURA\u00c7\u00c3O DE VENTILA\u00c7\u00c3O NATURAL EM PR\u00c9DIO ESCOLAR. In: XVII ENCONTRO NACIONAL DE TECNOLOGIA DO AMBIENTE CONSTRU\u00cdDO, 2018, Foz do Igua\u00e7u. Anais do XVII ENCONTRO NACIONAL DE TECNOLOGIA DO AMBIENTE CONSTRU\u00cdDO. Porto Alegre: ENTACV, 2018. v. 1. p. 781-789.<\/span><\/p>\n<p><span style=\"font-family: helvetica, arial, sans-serif; font-size: 14pt;\">ZIEBELL, C. S. ; AYMONE, J. L. F. ;\u00a0CUNHA, Eduardo G. da\u00a0. AN\u00c1LISE COMPARATIVA DE DUAS DIFERENTES ABORDAGENS NA SIMULA\u00c7\u00c3O DE PAREDES TROMBE NO ENERGYPLUS. In: XV ENCONTRO NACIONAL DE TECNOLOGIA DO AMBIENTE CONSTRU\u00cdDO, 2018, Foz do Igua\u00e7u. Anais do XV ENCONTRO NACIONAL DE TECNOLOGIA DO AMBIENTE CONSTRU\u00cdDO. Porto Alegre: ANTAC, 2018. v. 1. p. 1131-1139.<\/span><\/p>\n<p><span style=\"font-family: helvetica, arial, sans-serif; font-size: 14pt;\">CLEFF, V. ; TEIXEIRA, B. ; HAX, D. ;\u00a0CUNHA, Eduardo G. da\u00a0; SCHRAMM, F. K. . UMA PROPOSTA PARA INSER\u00c7\u00c3O DE REQUISITOS DE EFICI\u00caNCIA ENERG\u00c9TICA NO PROCESSO DE PROJETO DE EDIFICA\u00c7\u00d5ES P\u00daBLICAS. In: XVII ENCONTRO NACIONAL DE TECNOLOGIA DO AMBIENTE CONSTRU\u00cdDO, 2018, Foz do Igua\u00e7u. Anais do XVII ENCONTRO NACIONAL DE TECNOLOGIA DO AMBIENTE CONSTRU\u00cdDO. Porto Alegre: ANTAC, 2018. v. 1. p. 1273-1281.<\/span><\/p>\n<p><span style=\"font-family: helvetica, arial, sans-serif; font-size: 14pt;\">LEITZKE, R. K. ; FREITAS, J.R. ; CUNHA, Eduardo G. da . DESENVOLVIMENTO DE UMA FERRAMENTA COMPUTACIONAL PARA AN\u00c1LISE DE FLUXOS T\u00c9RMICOS EM EDIFICA\u00c7\u00d5ES. In: XVII ENCONTRO NACIONAL DE TECNOLOGIA DO AMBIENTE CONSTRU\u00cdDO, 2018, Foz do Igua\u00e7u. Anais do XVII ENCONTRO NACIONAL DE TECNOLOGIA DO AMBIENTE CONSTRU\u00cdDO. Porto Alegre: ANTAC, 2018. v. 1. p. 781-789.<\/span><\/p>\n<p><span style=\"font-family: helvetica, arial, sans-serif; font-size: 14pt;\"><a class=\"tooltip\" href=\"http:\/\/lattes.cnpq.br\/0151938224186824\" target=\"_blank\" rel=\"noopener noreferrer\">KREBS, Lisandra Fachinello<\/a>\u00a0; JOHANSSON, Erik ; FEDRIZZI, Beatriz Maria ; KREBS, Carlos Leod\u00e1rio Monteiro ;\u00a0CUNHA, Eduardo Grala da\u00a0. Influence of Extensive Green Roofs to the Local Microclimate: cooling assessment for a social housing project in the South of Brazil. In: PLEA 2017, 2017, Edinburgo. Proceedings of 33rd PLEA International Conference Design to Thrive Edinburgh, 2017. v. II.<\/span><\/p>\n<p><span style=\"font-family: helvetica, arial, sans-serif; font-size: 14pt;\"><a class=\"tooltip\" title=\"Clique para visualizar o curr\u00edculo\" href=\"http:\/\/lattes.cnpq.br\/1767753814935628\" target=\"_blank\" rel=\"noopener noreferrer\">SOARES, M. M.<\/a>\u00a0; SILVA, A. C. S. B. ;\u00a0CUNHA, Eduardo Grala da\u00a0. A COMPATIBILIZA\u00c7\u00c3O DOS M\u00c9TODOS SIMPLIFICADO E POR SIMULA\u00c7\u00c3O DA NBR 15575, SOB AN\u00c1LISE DO RTQ-R: ZONA BIOCLIM\u00c1TICA 2. In: XIV ENCAC X ELACAC, 2017, Camburi\u00fa. Habitat Humano: em busca de conforto ambiental, efici\u00eancia energ\u00e9tica e sustentabilidade no s\u00e9culo XXI, 2017. p. 1084-1093.<\/span><\/p>\n<p><span style=\"font-family: helvetica, arial, sans-serif; font-size: 14pt;\">FREITAS, J.R. ;\u00a0CUNHA, Eduardo Grala da\u00a0;\u00a0<a class=\"tooltip\" title=\"Clique para visualizar o curr\u00edculo\" href=\"http:\/\/lattes.cnpq.br\/8150819629082409\" target=\"_blank\" rel=\"noopener noreferrer\">SILVA, Ant\u00f4nio C\u00e9sar Baptista da<\/a>\u00a0; LEITZKE, R. K. . PONTES T\u00c9RMICAS EM ESTRUTURAS DE CONCRETO ARMADO: AN\u00c1LISE DAS CONDI\u00c7\u00d5ES PARA FORMA\u00c7\u00c3O DE FUNGOS FILAMENTOSOS PARA ZONA BIOCLIM\u00c1TICA BRASILEIRA 2. In: XIV ENCAC X ELACAC, 2017, Camburi\u00fa. Habitat Humano: em busca de conforto ambiental, efici\u00eancia energ\u00e9tica e sustentabilidade no s\u00e9culo XXI, 2017. p. 1104-1113.<\/span><\/p>\n<p><span style=\"font-family: helvetica, arial, sans-serif; font-size: 14pt;\">LEITZKE, R. K. ; SILVA, O. M. ;\u00a0CUNHA, Eduardo Grala da\u00a0; SILVA, A. C. S. B. da . OTIMIZA\u00c7\u00c3O DE DISPOSITIVOS DE PROTE\u00c7\u00c3O SOLAR COM BASE EM SIMULA\u00c7\u00c3O COMPUTACIONAL: USO DA FERRAMENTA EMS DO ENERGYPLUS. In: XIV ENCAC X ELACAC, 2017, Camburi\u00fa. Habitat Humano: em busca de conforto ambiental, efici\u00eancia energ\u00e9tica e sustentabilidade no s\u00e9culo XXI, 2017. p. 1378-1387.<\/span><\/p>\n<p><span style=\"font-family: helvetica, arial, sans-serif; font-size: 14pt;\"><a class=\"tooltip\" title=\"Clique para visualizar o curr\u00edculo\" href=\"http:\/\/lattes.cnpq.br\/3940553207330826\" target=\"_blank\" rel=\"noopener noreferrer\">GON\u00c7ALVES, Isabel Pi\u00fama.<\/a>\u00a0;\u00a0CUNHA, Eduardo Grala da\u00a0; RHEIGANTZ, P. A. . ESTUDO DA RELA\u00c7\u00c3O CUSTO-BENEF\u00cdCIO NA IMPLANTA\u00c7\u00c3O DE DIFERENTES SISTEMAS FOTOVOLTAICOS EM UM EDIF\u00cdCIO DE ESCRIT\u00d3RIOS NA ZB 2 Isabel Pi\u00fama. In: XIV ENCAC e X ELACAC, 2017, Camburi\u00fa. Habitat Humano: em busca de conforto ambiental, efici\u00eancia energ\u00e9tica e sustentabilidade no s\u00e9culo XXI, 2017. p. 1388-1397.<\/span><\/p>\n<p><span style=\"font-family: helvetica, arial, sans-serif; font-size: 14pt;\">DALBEM, Renata ;\u00a0CUNHA, Eduardo Grala da\u00a0; ROMEU, Vicente ; OLIVEIRA, Rui ; FIGUEIREDO, Ant\u00f4nio . AN\u00c1LISE DE SENSIBILIDADE PARA ELEVAR O N\u00cdVEL DE EFICI\u00caNCIA ENERG\u00c9TICA DE UMA HABITA\u00c7\u00c3O DE INTERESSE SOCIAL NA ZONA BIOCLIM\u00c1TICA 1. In: XIV ENCAC e X ELACAC, 2017, Camburi\u00fa. Habitat Humano: em busca de conforto ambiental, efici\u00eancia energ\u00e9tica e sustentabilidade no s\u00e9culo XXI, 2017. p. 1398-1407.<\/span><\/p>\n<p><span style=\"font-family: helvetica, arial, sans-serif; font-size: 14pt;\">RUIVO, R. B. ;\u00a0<a class=\"tooltip\" href=\"http:\/\/lattes.cnpq.br\/0653000343473697\" target=\"_blank\" rel=\"noopener noreferrer\">FERNANDES, Tatiane Ballerini<\/a>\u00a0;\u00a0<a class=\"tooltip\" title=\"Clique para visualizar o curr\u00edculo\" href=\"http:\/\/lattes.cnpq.br\/0151938224186824\" target=\"_blank\" rel=\"noopener noreferrer\">KREBS, Lisandra Fachinello<\/a>\u00a0;\u00a0CUNHA, Eduardo Grala da\u00a0. SIMULA\u00c7\u00c3O COMPUTACIONAL E COMPARA\u00c7\u00c3O ENTRE DIFERENTES TIPOLOGIAS DE COBERTURAS VEGETADAS DE UM N\u00daCLEO DE ESCRIT\u00d3RIOS LOCALIZADO EM PELOTAS-RS. In: XIV ENCAC X ELACAC, 2017, Camburi\u00fa. Habitat Humano: em busca de conforto ambiental, efici\u00eancia energ\u00e9tica e sustentabilidade no s\u00e9culo XXI, 2017. p. 1435-1444.<\/span><\/p>\n<p><span style=\"font-family: helvetica, arial, sans-serif; font-size: 14pt;\">BENDER, L\u00edvia ; KREBS, Carlos Leod\u00e1rio Monteiro ;\u00a0CUNHA, Eduardo Grala da\u00a0; SALLOMONI, Isabel . ESTUDO COMPARATIVO DE DESEMPENHO TERMOENERG\u00c9TICO ENTRE FACHADA SOLAR FOTOVOLTAICA E FACHADA REVESTIDA COM ALUM\u00cdNIO COMPOSTO MODIFICADO (ACM). In: XIV ENCAC X ELACAC, 2017, Camburi\u00fa. Habitat Humano: em busca de conforto ambiental, efici\u00eancia energ\u00e9tica e sustentabilidade no s\u00e9culo XXI, 2017. p. 1538-1547.<\/span><\/p>\n<p><span style=\"font-family: helvetica, arial, sans-serif; font-size: 14pt;\">QUINTANA, L. C. ; MACIEL, T. S. ; DUARTE, C. M. ; BELTRAME, C. ; LEITZKE, R. K. ; PEGLOW, J. ; RHEIGANTZ, P. A. ; CUNHA, Eduardo Grala da . AVALIA\u00c7\u00c3O DO N\u00cdVEL DE CONFORTO T\u00c9RMICO DE DOIS PROJETOS DE EMEIS A SEREM CONSTRU\u00cdDAS NA CIDADE DE PELOTAS\/RS \u2013 ZB2. In: XIV ENCAC e X ELACAC, 2017, Camburi\u00fa. Habitat Humano: em busca de conforto ambiental, efici\u00eancia energ\u00e9tica e sustentabilidade no s\u00e9culo XXI, 2017. p. 594-603.<\/span><\/p>\n<p><span style=\"font-family: helvetica, arial, sans-serif; font-size: 14pt;\">PEREIRA, Silvia Ruzicki ; Duarte, Carolina de Mesquita ;\u00a0<a class=\"tooltip\" title=\"Clique para visualizar o curr\u00edculo\" href=\"http:\/\/lattes.cnpq.br\/2024373379000785\" target=\"_blank\" rel=\"noopener noreferrer\">Brandalise, Mariane<\/a>\u00a0;\u00a0GRALA DA CUNHA, EDUARDO\u00a0. AN\u00c1LISE DA SENSIBILIDADE DO RTQ-C QUANTO A VARIA\u00c7\u00c3O DA DENSIDADE DE CARGA INTERNA DE EDIFICA\u00c7\u00d5ES DE ESCRIT\u00d3RIOS NAS ZONAS BIOCLIM\u00c1TICAS BRASILEIRAS 1, 2 E 3. In: ENCONTRO NACIONAL DE TECNOLOGIA DO AMBIENTE CONSTRU\u00cdDO, 2016, S\u00e3o Paulo. ENTAC 2016: Desafios e Perspectivas da Internacionaliza\u00e7\u00e3o da Constru\u00e7\u00e3o. Porto Alegre: ANTAC, 2016. p. 0552-0567.<\/span><\/p>\n<p><span style=\"font-family: helvetica, arial, sans-serif; font-size: 14pt;\">OLIVEIRA, Wagner Costa ;\u00a0GRALA DA CUNHA, EDUARDO\u00a0. USO DA SIMULA\u00c7\u00c3O COMPUTACIONAL NA GEST\u00c3O P\u00daBLICA COMO FERRAMENTA AUXILIAR PARA CONTRATA\u00c7\u00c3O DE TARIFAS DE ENERGIA EL\u00c9TRICA. In: XVI ENCONTRO NACIONAL DE TECNOLOGIA DO AMBIENTE CONSTRU\u00cdDOXVI ENCONTRO NACIONAL DE TECNOLOGIA DO AMBIENTE CONSTRU\u00cdDO, 2016, S\u00e3o Paulo. Desafios e Perspectivas da Internacionaliza\u00e7\u00e3o da Constru\u00e7\u00e3o S\u00e3o Paulo, 21 a 23 de Setembro de 2016. Porto Alegre: ENTAC, 2016. p. 0743-0754.<\/span><\/p>\n<p><span style=\"font-family: helvetica, arial, sans-serif; font-size: 14pt;\">FREITAS, J.R. ; EITZKE, R. K. ; ECHENIQUE, Beatriz ; GRALA DA CUNHA, EDUARDO . AN\u00c1LISE DO IMPACTO DE PONTES T\u00c9RMICAS NO CONSUMO DE ENERGIA EM EDIFICA\u00c7\u00d5ES RESIDENCIAIS NAS ZONAS BIOCLIM\u00c1TICAS 1, 2 E 3. In: XVI ENCONTRO NACIONAL DE TECNOLOGIA DO AMBIENTE CONSTRU\u00cdDO, 2016, S\u00e3o Paulo. Desafios e Perspectivas da Internacionaliza\u00e7\u00e3o da Constru\u00e7\u00e3o S\u00e3o Paulo, 21 a 23 de Setembro de 2016. Porto Alegre: ANTAC, 2016. v. 1. p. 0931-0946.<\/span><\/p>\n<p><span style=\"font-family: helvetica, arial, sans-serif; font-size: 14pt;\">FREITAS, J.R. ; TREICEHL, Suzana ; DALBEM, Renata ; BELTRAME, Carolina ;\u00a0GRALA DA CUNHA, EDUARDO\u00a0. ESTUDO DO DESEMPENHO DE SISTEMA DE RESFRIAMENTO COM TUBOS ENTERRADOS EM AMBIENTE NA ZONA BIOCLIM\u00c1TICA 2. In: XVI ENCONTRO NACIONAL DE TECNOLOGIA DO AMBIENTE CONSTRU\u00cdDO, 2016, S\u00e3o Paulo. Desafios e Perspectivas da Internacionaliza\u00e7\u00e3o da Constru\u00e7\u00e3o S\u00e3o Paulo, 21 a 23 de Setembro de 2016. Porto Alegre: Antac, 2016. v. 1. p. 0947-0958.<\/span><\/p>\n<p><span style=\"font-family: helvetica, arial, sans-serif; font-size: 14pt;\">GARLET, Li\u00e9ge ;\u00a0GRALA DA CUNHA, EDUARDO\u00a0; SANTOS, Joaquim Cesar Pizzutti dos . USO DO RESFRIAMENTO EVAPORATIVO EM CLIMAS \u00daMIDOS: ESTUDO DE CASO EM PAVILH\u00c3O INDUSTRIAL NA CIDADE DE SANTA MARIA\/RS. In: ENCONTRO NACIONAL DE TECNOLOGIA DO AMBIENTE CONSTRU\u00cdDO, 2016, Sao Paulo. Desafios e Perspectivas da Internacionaliza\u00e7\u00e3o da Constru\u00e7\u00e3o. Porto Alegre: ANTAC, 2016. v. 1. p. 0961-0986.<\/span><\/p>\n<p><span style=\"font-family: helvetica, arial, sans-serif; font-size: 14pt;\">PEGLOW, Jaqueline ; RITTER, Viviane ; RONCA, Amanda Viveiros ; PEREIRA, Renata ;\u00a0GRALA DA CUNHA, EDUARDO\u00a0;\u00a0<a class=\"tooltip\" title=\"Clique para visualizar o curr\u00edculo\" href=\"http:\/\/lattes.cnpq.br\/7765118835668681\" target=\"_blank\" rel=\"noopener noreferrer\">RHEINGANTZ, P. A.<\/a>\u00a0. AVALIA\u00c7\u00c3O DO CONFORTO T\u00c9RMICO DE ESCOLA MUNICIPAL DE EDUCA\u00c7\u00c3O INFANTIL EM PELOTAS\/RS \u2013 ZB2. In: XVI ENCONTRO NACIONAL DE TECNOLOGIA DO AMBIENTE CONSTRU\u00cdDO, 2016, S\u00e3o Paulo. Desafios e Perspectivas da Internacionaliza\u00e7\u00e3o da Constru\u00e7\u00e3o. Porto Alegre: ANTAC, 2016. v. 1. p. 1354-1369.<\/span><\/p>\n<p><span style=\"font-family: helvetica, arial, sans-serif; font-size: 14pt;\"><a class=\"tooltip\" href=\"http:\/\/lattes.cnpq.br\/3940553207330826\" target=\"_blank\" rel=\"noopener noreferrer\">GON\u00c7ALVES, Isabel Pi\u00fama.<\/a>\u00a0; TREICEHL, Suzana ;\u00a0GRALA DA CUNHA, EDUARDO\u00a0. CONTRIBUI\u00c7\u00c3O PARA O PROCESSO DE RETROFIT DE EDIF\u00cdCIO DE ESCRIT\u00d3RIOS: EFICI\u00caNCIA DE SISTEMA DE PROTE\u00c7\u00c3O SOLAR. In: XVI ENCONTRO NACIONAL DE TECNOLOGIA DO AMBIENTE CONSTRU\u00cdDO, 2016, S\u00e3o Paulo. Desafios e Perspectivas da Internacionaliza\u00e7\u00e3o da Constru\u00e7\u00e3o. Porto Alegre: ANTAC, 2016. v. 1. p. 1415-1428.<\/span><\/p>\n<p><span style=\"font-family: helvetica, arial, sans-serif; font-size: 14pt;\">TREICHEL, Suzana ; FREITAS, J.R. ; DALBEM, Renata ; BELTRAME, Carolina ; GRALA DA CUNHA, EDUARDO . DISCUSS\u00c3O DO DESEMPENHO DA CHAMIN\u00c9 T\u00c9RMICA COMO ESTRAT\u00c9GIA DE VENTILA\u00c7\u00c3O NATURAL. In: XVI ENCONTRO NACIONAL DE TECNOLOGIA DO AMBIENTE CONSTRU\u00cdDO, 2016, S\u00e3o Paulo. Desafios e Perspectivas da Internacionaliza\u00e7\u00e3o da Constru\u00e7\u00e3o. Porto Alegre: ANTAC, 2016. v. 1. p. 1898-1909.<\/span><\/p>\n<p><span style=\"font-family: helvetica, arial, sans-serif; font-size: 14pt;\"><a class=\"tooltip\" href=\"http:\/\/lattes.cnpq.br\/5782024822288028\" target=\"_blank\" rel=\"noopener noreferrer\">FRITSCH, Rodrigo Carlos<\/a>\u00a0;\u00a0<a class=\"tooltip\" title=\"Clique para visualizar o curr\u00edculo\" href=\"http:\/\/lattes.cnpq.br\/8565025033562422\" target=\"_blank\" rel=\"noopener noreferrer\">KALIL, Rosa Maria Locatelli<\/a>\u00a0;\u00a0GRALA DA CUNHA, EDUARDO\u00a0; PEGLOW, Jaqueline ;\u00a0<a class=\"tooltip\" title=\"Clique para visualizar o curr\u00edculo\" href=\"http:\/\/lattes.cnpq.br\/9041308250400732\" target=\"_blank\" rel=\"noopener noreferrer\">GELPI, Adriana<\/a>\u00a0. Identifica\u00e7\u00e3o do Padr\u00e3o de Efici\u00eancia Energ\u00e9tica de Edifica\u00e7\u00f5es Comerciais, P\u00fablicas e de Servi\u00e7os em Cidade M\u00e9dia da Zona Bioclim\u00e1tica 2. In: Euro-ELECS 2015, 2015, Guimar\u00e3es. livro de anais, 2015.<\/span><\/p>\n<p><span style=\"font-family: helvetica, arial, sans-serif; font-size: 14pt;\"><a class=\"tooltip\" href=\"http:\/\/lattes.cnpq.br\/3940553207330826\" target=\"_blank\" rel=\"noopener noreferrer\">GON\u00c7ALVES, Isabel Pi\u00fama.<\/a>\u00a0; POULSEN, Alan Sejer ;\u00a0GRALA DA CUNHA, EDUARDO\u00a0. AN\u00c1LISE DOS PADR\u00d5ES DE USO E OCUPA\u00c7\u00c3O DE UMA ESCOLA DE EDUCA\u00c7\u00c3O INFANTIL PARA SIMULA\u00c7\u00c3O COMPUTACIONAL DE EFICI\u00caNCIA ENERG\u00c9TICA. In: Confer\u00eancia Internacional Links 2015., 2015, Florian\u00f3polis. Confer\u00eancia Internacional Links 2015. Florian\u00f3polis: Links 2015, 2015.<\/span><\/p>\n<p><span style=\"font-family: helvetica, arial, sans-serif; font-size: 14pt;\"><a class=\"tooltip\" title=\"Clique para visualizar o curr\u00edculo\" href=\"http:\/\/lattes.cnpq.br\/2024373379000785\" target=\"_blank\" rel=\"noopener noreferrer\">Brandalise, Mariane<\/a>\u00a0;\u00a0CUNHA, E. G.\u00a0. An\u00e1lise da sensibilidade do RTQ-C quanto a varia\u00e7\u00e3o da densidade de carga interna nas zonas bioclim\u00e1ticas brasileiras 1, 4 e 7. In: Confer\u00eancia Internacional LINKS 2015., 2015, Florian\u00f3polis. Confer\u00eancia Internacional LINKS 2015.. Florian\u00f3polis: LINKS 2015, 2015.<\/span><\/p>\n<p><span style=\"font-family: helvetica, arial, sans-serif; font-size: 14pt;\"><a class=\"tooltip\" title=\"Clique para visualizar o curr\u00edculo\" href=\"http:\/\/lattes.cnpq.br\/0151938224186824\" target=\"_blank\" rel=\"noopener noreferrer\">KREBS, Lisandra Fachinello<\/a>\u00a0;\u00a0<a class=\"tooltip\" title=\"Clique para visualizar o curr\u00edculo\" href=\"http:\/\/lattes.cnpq.br\/5643241688305160\" target=\"_blank\" rel=\"noopener noreferrer\">MOURA, Paula Wrague<\/a>\u00a0; VIEIRA, S. V. ;\u00a0GRALA DA CUNHA, EDUARDO\u00a0. Habita\u00e7\u00e3o em container: um estudo param\u00e9trico para a Zona Bioclim\u00e1tica 3. In: Confer\u00eancia Internacional LINKS 2015, 2015, Florian\u00f3polis. Confer\u00eancia Internacional Links 2015. Florian\u00f3polis: LINKS 2015, 2015.<\/span><\/p>\n<p><span style=\"font-family: helvetica, arial, sans-serif; font-size: 14pt;\"><a class=\"tooltip\" title=\"Clique para visualizar o curr\u00edculo\" href=\"http:\/\/lattes.cnpq.br\/7765118835668681\" target=\"_blank\" rel=\"noopener noreferrer\">RHEINGANTZ, P. A.<\/a>\u00a0;\u00a0GRALA DA CUNHA, EDUARDO\u00a0; KREBS, Carlos Leod\u00e1rio Monteiro . ENSINO DO PROJETO DE ARQUITETURA NO LIMIAR DO S\u00c9CULO XXI: Desafios frente \u00e0 dimens\u00e3o ambiental e tecnol\u00f3gica. In: 7\u00ba Projetar 2015 &#8211; Originalidade, criatividade e inova\u00e7\u00e3o no projeto contempor\u00e2neo: ensino, pesquisa e pr\u00e1tica, 2015, Natal. Anais em CD &#8211; 7\u00ba Projetar 2015 &#8211; Originalidade, criatividade e inova\u00e7\u00e3o no projeto contempor\u00e2neo: ensino, pesquisa e pr\u00e1tica. Natal, 2015.<\/span><\/p>\n<p><span style=\"font-family: helvetica, arial, sans-serif; font-size: 14pt;\"><a class=\"tooltip\" title=\"Clique para visualizar o curr\u00edculo\" href=\"http:\/\/lattes.cnpq.br\/5782024822288028\" target=\"_blank\" rel=\"noopener noreferrer\">FRITSCH, Rodrigo Carlos<\/a>\u00a0;\u00a0<a class=\"tooltip\" title=\"Clique para visualizar o curr\u00edculo\" href=\"http:\/\/lattes.cnpq.br\/8565025033562422\" target=\"_blank\" rel=\"noopener noreferrer\">KALIL, Rosa<\/a>\u00a0;\u00a0<a class=\"tooltip\" title=\"Clique para visualizar o curr\u00edculo\" href=\"http:\/\/lattes.cnpq.br\/9041308250400732\" target=\"_blank\" rel=\"noopener noreferrer\">GELPI, Adriana<\/a>\u00a0; PEGLOW, Jaqueline ;\u00a0GRALA DA CUNHA, EDUARDO\u00a0. Identifica\u00e7\u00e3o do Padr\u00e3o de Efici\u00eancia Energ\u00e9tica de Edifica\u00e7\u00f5es Comerciais, P\u00fablicas e de Servi\u00e7os em Cidade M\u00e9dia da Zona Bioclim\u00e1tica 2\u00e3o do Padr\u00e3o de Efici\u00eancia Energ\u00e9tica de Edifica\u00e7\u00f5es Comerciais, P\u00fablicas e de Servi\u00e7os em Cidade M\u00e9dia da Zona Bioclim\u00e1tica 2. In: II Encontro Nacional de Tecnologia Urbana, 2015, Passo Fundo. II Encontro Nacional de Tecnologia Urbana. Passo Fundo: Editora da UPF, 2015.<\/span><\/p>\n<p><span style=\"font-family: helvetica, arial, sans-serif; font-size: 14pt;\">DALBEM, Renata ; FREITAS, J.R. ;\u00a0GRALA DA CUNHA, EDUARDO\u00a0. APLICABILIDADE DO CONCEITO PASSIVHAUS NO CONTEXTO BRASILEIRO. In: II ENURB, 2015, Passo Fundo. Anais do II ENURB. Passo Fundo: Editora da UPF, 2015.<\/span><\/p>\n<p><span style=\"font-family: helvetica, arial, sans-serif; font-size: 14pt;\"><a class=\"tooltip\" title=\"Clique para visualizar o curr\u00edculo\" href=\"http:\/\/lattes.cnpq.br\/2024373379000785\" target=\"_blank\" rel=\"noopener noreferrer\">Brandalise, Mariane<\/a>\u00a0;\u00a0<a class=\"tooltip\" href=\"http:\/\/lattes.cnpq.br\/7544919517623986\" target=\"_blank\" rel=\"noopener noreferrer\">KNOP, Stifany<\/a>\u00a0;\u00a0<a class=\"tooltip\" title=\"Clique para visualizar o curr\u00edculo\" href=\"http:\/\/lattes.cnpq.br\/0959256350186452\" target=\"_blank\" rel=\"noopener noreferrer\">CUNHA, E. G.<\/a>\u00a0. Utiliza\u00e7\u00e3o da Ferramenta Domus para Investiga\u00e7\u00e3o da Densidade de Carga Interna de Edif\u00edcio de Escrit\u00f3rio &#8211; RTQ-C. In: Confer\u00eancia Internacional REGSA 2014: Energias Renov\u00e1veis, Efici\u00eancia Energ\u00e9tica e Desenvolvimento Sustent\u00e1vel, 2014, Florian\u00f3polis. Anais da Confer\u00eancia Internacional REGSA 2014: Energias Renov\u00e1veis, Efici\u00eancia Energ\u00e9tica e Desenvolvimento Sustent\u00e1vel, 2014.<\/span><\/p>\n<p><span style=\"font-family: helvetica, arial, sans-serif; font-size: 14pt;\"><a class=\"tooltip\" title=\"Clique para visualizar o curr\u00edculo\" href=\"http:\/\/lattes.cnpq.br\/0959256350186452\" target=\"_blank\" rel=\"noopener noreferrer\">CUNHA, E. G.<\/a>;\u00a0<a class=\"tooltip\" title=\"Clique para visualizar o curr\u00edculo\" href=\"http:\/\/lattes.cnpq.br\/2759901116081460\" target=\"_blank\" rel=\"noopener noreferrer\">RODRIGUES, Aretusa Oliveira<\/a>\u00a0; GUERRA, Fernanda Lamego ; CARVALHO, M. L. F. . Estudo de edifica\u00e7\u00e3o patrimonial restaurada: uma an\u00e1lise microclim\u00e1tica para avalia\u00e7\u00e3o da probabilidade de reincid\u00eancia de fungos filamentosos (bolor). In: Confer\u00eancia Internacional REGSA 2014: Energias Renov\u00e1veis, Efici\u00eancia Energ\u00e9tica e Desenvolvimento Sustent\u00e1vel, 2014, Florian\u00f3polis. Anais da Confer\u00eancia Internacional REGSA 2014: Energias Renov\u00e1veis, Efici\u00eancia Energ\u00e9tica e Desenvolvimento Sustent\u00e1vel, 2014.<\/span><\/p>\n<p><span style=\"font-family: helvetica, arial, sans-serif; font-size: 14pt;\">KREBS, Carlos Leod\u00e1rio Monteiro ;\u00a0<a class=\"tooltip\" title=\"Clique para visualizar o curr\u00edculo\" href=\"http:\/\/lattes.cnpq.br\/0959256350186452\" target=\"_blank\" rel=\"noopener noreferrer\">CUNHA, E. G.<\/a>\u00a0. Compara\u00e7\u00e3o do Desempenho Termoenerg\u00e9tico de Fachada de Alvenaria Tradicional com Fachada Ventilada. In: REGSA 2014 &#8211; Energias Renov\u00e1veis, Efici\u00eancia Energ\u00e9tica e Desenvolvimento Sustent\u00e1vel, 2014, Florian\u00f3polis. REGSA 2014 &#8211; Energias Renov\u00e1veis, Efici\u00eancia Energ\u00e9tica e Desenvolvimento Sustent\u00e1vel, 2014.<\/span><\/p>\n<p><span style=\"font-family: helvetica, arial, sans-serif; font-size: 14pt;\">BASSO DE ALMEIDA, ANDR\u00c9 ;\u00a0GRALA DA CUNHA, EDUARDO\u00a0; ECHENIQUE GIOIELLI, BEATRIZ ; PRIEBE FERRUGEM, ANDERSON . Automatiza\u00e7\u00e3o do processo de simula\u00e7\u00e3o energ\u00e9tica de uma edifica\u00e7\u00e3o hoteleira em 8 zonas bioclim\u00e1ticas brasileiras. In: Encontro Nacional de Tecnologia do Ambiente Constru\u00eddo, 2014. p. 399-408.<\/span><\/p>\n<p><span style=\"font-family: helvetica, arial, sans-serif; font-size: 14pt;\">ECHENIQUE, Beatriz ;\u00a0<a class=\"tooltip\" title=\"Clique para visualizar o curr\u00edculo\" href=\"http:\/\/lattes.cnpq.br\/0959256350186452\" target=\"_blank\" rel=\"noopener noreferrer\">CUNHA, E. G.<\/a>\u00a0. Estudo do efeito de pontes t\u00e9rmicas em estruturas de concreto armado no desempenho energ\u00e9tico de edif\u00edcio hoteleiro para 6 zonas bioclim\u00e1ticas brasileiras. In: XV Encontro Nacional de Tecnologia do Ambiente Constru\u00eddo, 2014, Macei\u00f3. Anais do XV Encontro Nacional de Tecnologia do Ambiente Constru\u00eddo, 2014. p. 439-448.<\/span><\/p>\n<p><span style=\"font-family: helvetica, arial, sans-serif; font-size: 14pt;\"><a class=\"tooltip\" title=\"Clique para visualizar o curr\u00edculo\" href=\"http:\/\/lattes.cnpq.br\/2024373379000785\" target=\"_blank\" rel=\"noopener noreferrer\">Brandalise, Mariane<\/a>\u00a0; AVILA, V. ;\u00a0<a class=\"tooltip\" title=\"Clique para visualizar o curr\u00edculo\" href=\"http:\/\/lattes.cnpq.br\/7108672267371843\" target=\"_blank\" rel=\"noopener noreferrer\">OLIVEIRA, Larissa Cristina<\/a>\u00a0;\u00a0<a class=\"tooltip\" title=\"Clique para visualizar o curr\u00edculo\" href=\"http:\/\/lattes.cnpq.br\/0959256350186452\" target=\"_blank\" rel=\"noopener noreferrer\">CUNHA, E. G.<\/a>\u00a0. An\u00e1lise da sensibilidade do m\u00e9todo prescritivo do RTQ-C quanto \u00e0 varia\u00e7\u00e3o de densidade de carga interna. In: XV Encontro Nacional de Tecnologia do Ambiente Constru\u00eddo, 2014, Macei\u00f3. Anais do XV Encontro Nacional de Tecnologia do Ambiente Constru\u00eddo, 2014. p. 223-232.<\/span><\/p>\n<p><span style=\"font-family: helvetica, arial, sans-serif; font-size: 14pt;\"><a class=\"tooltip\" href=\"http:\/\/lattes.cnpq.br\/0151938224186824\" target=\"_blank\" rel=\"noopener noreferrer\">KREBS, Lisandra Fachinello<\/a>\u00a0; RODRIGUES, M. F. ;\u00a0GRALA DA CUNHA, EDUARDO\u00a0;\u00a0<a class=\"tooltip\" title=\"Clique para visualizar o curr\u00edculo\" href=\"http:\/\/lattes.cnpq.br\/2024373379000785\" target=\"_blank\" rel=\"noopener noreferrer\">Brandalise, Mariane<\/a>\u00a0; PEGLOW, Jaqueline ; FEDRIZZI, Beatriz Maria ;\u00a0<a class=\"tooltip\" title=\"Clique para visualizar o curr\u00edculo\" href=\"http:\/\/lattes.cnpq.br\/8150819629082409\" target=\"_blank\" rel=\"noopener noreferrer\">SILVA, Ant\u00f4nio C\u00e9sar Baptista da<\/a>\u00a0. BUILDING ENERGY EFFICIENCY: REVIEW OF BRAZILIAN AND PORTUGUESE REGULATIONS. In: 40th IAHS World Congress &#8211; Funchal, 2014, Funchal. 40th IAHS World Congress &#8211; Funchal, 2014.<\/span><\/p>\n<p><span style=\"font-family: helvetica, arial, sans-serif; font-size: 14pt;\"><a class=\"tooltip\" title=\"Clique para visualizar o curr\u00edculo\" href=\"http:\/\/lattes.cnpq.br\/2024373379000785\" target=\"_blank\" rel=\"noopener noreferrer\">Brandalise, Mariane<\/a>\u00a0;\u00a0GRALA DA CUNHA, EDUARDO\u00a0;\u00a0<a class=\"tooltip\" title=\"Clique para visualizar o curr\u00edculo\" href=\"http:\/\/lattes.cnpq.br\/7108672267371843\" target=\"_blank\" rel=\"noopener noreferrer\">OLIVEIRA, Larissa Cristina<\/a>\u00a0. SENSITIVITY ANALYSIS OF RTQ-C HOW TO VARIATION THE OFFICE EQUIPMENT LOAD DENSITY AND ABSORPTANCE. In: 40th IAHS World Congress &#8211; Funchal, 2014, Funchal. Portugal. 40th IAHS World Congress &#8211; Funchal, 2014.<\/span><\/p>\n<p><span style=\"font-family: helvetica, arial, sans-serif; font-size: 14pt;\">ECHENIQUE, Beatriz ; ALMEIDA, Andr\u00e9 Basso de ;\u00a0GRALA DA CUNHA, EDUARDO\u00a0; FERRUGEM, A. P. . ESTUDO DO EFEITO DE PONTES T\u00c9RMICAS EM ESTRUTURAS DE CONCRETO ARMADO NO DESEMPENHO ENERG\u00c9TICO DE EDIF\u00cdCIO HOTELEIRO PARA 4 ZONAS BIOCLIM\u00c1TICAS BRASILEIRAS. In: 10 Semin\u00e1rio Internacional NUTAU 2014, 2014, S\u00e3o Paulo. Anais do 10 Semin\u00e1rio Internacional NUTAU 2014. S\u00e3o Paulo, 2014.<\/span><\/p>\n<p><span style=\"font-family: helvetica, arial, sans-serif; font-size: 14pt;\"><a class=\"tooltip\" title=\"Clique para visualizar o curr\u00edculo\" href=\"http:\/\/lattes.cnpq.br\/0318536374982599\" target=\"_blank\" rel=\"noopener noreferrer\">ONGARATTO, B.<\/a>\u00a0; SILVA, G. G. ;\u00a0<a class=\"tooltip\" title=\"Clique para visualizar o curr\u00edculo\" href=\"http:\/\/lattes.cnpq.br\/1767753814935628\" target=\"_blank\" rel=\"noopener noreferrer\">SOARES, M. M.<\/a>\u00a0;\u00a0<a class=\"tooltip\" title=\"Clique para visualizar o curr\u00edculo\" href=\"http:\/\/lattes.cnpq.br\/7643651198705918\" target=\"_blank\" rel=\"noopener noreferrer\">SARAIVA, M.<\/a>\u00a0;\u00a0<a class=\"tooltip\" title=\"Clique para visualizar o curr\u00edculo\" href=\"http:\/\/lattes.cnpq.br\/0959256350186452\" target=\"_blank\" rel=\"noopener noreferrer\">CUNHA, E. G.<\/a>\u00a0;\u00a0<a class=\"tooltip\" href=\"http:\/\/lattes.cnpq.br\/6262933699781229\" target=\"_blank\" rel=\"noopener noreferrer\">OLIVEIRA, Liader<\/a>\u00a0. EVALUATION OF THERMAL COMFORT CONDITIONS IN COMMUNITY CENTER IN PELOTAS, RS: SIMULATION OF CHANGES IN WINDOWS CHARACTERISTICS. In: Building Simulation 2013, 2013, Chambery. 13th International Conference of the International Building Performance Simulation Association.. Chambery: INES, 2013. p. 2297-2304.<\/span><\/p>\n<p><span style=\"font-family: helvetica, arial, sans-serif; font-size: 14pt;\">PEGLOW, Jaqueline ;\u00a0<a class=\"tooltip\" title=\"Clique para visualizar o curr\u00edculo\" href=\"http:\/\/lattes.cnpq.br\/0959256350186452\" target=\"_blank\" rel=\"noopener noreferrer\">CUNHA, E. G.<\/a>\u00a0;\u00a0<a class=\"tooltip\" title=\"Clique para visualizar o curr\u00edculo\" href=\"http:\/\/lattes.cnpq.br\/0653000343473697\" target=\"_blank\" rel=\"noopener noreferrer\">FERNANDES, Tatiane Ballerini<\/a>\u00a0; RIBEIRO. Gabriela Beraldi ; SILVA, Oberdan Mendon\u00e7a ; KOZLOSKI, C\u00e1ssia Laire ; ROBALDO, J. ; AVILA, V. ; PINHEIRO, Kimberly ; RUGOVSKI, B. . ANALYSIS AND SIMULATION OF ENERGY EFFICIENCY OF COMMERCIAL ? BUILDINGS ENVELOPE IN CENTRAL ZONE OF THE CITY OF PELOTAS-RS. In: Building Simulation 2013, 2013, Chambery. 13th International Conference of the International Building Performance Simulation Association.. Chambery: INES, 2013. p. 710-717.<\/span><\/p>\n<p><span style=\"font-family: helvetica, arial, sans-serif; font-size: 14pt;\">SANTOS, Guilherme ;\u00a0<a class=\"tooltip\" title=\"Clique para visualizar o curr\u00edculo\" href=\"http:\/\/lattes.cnpq.br\/2218592371500407\" target=\"_blank\" rel=\"noopener noreferrer\">BERGER, Jaqueline<\/a>\u00a0; HILLER, Raquel ;\u00a0<a class=\"tooltip\" title=\"Clique para visualizar o curr\u00edculo\" href=\"http:\/\/lattes.cnpq.br\/9984544224684357\" target=\"_blank\" rel=\"noopener noreferrer\">SIGNORINI, Vanessa<\/a>\u00a0;\u00a0<a class=\"tooltip\" title=\"Clique para visualizar o curr\u00edculo\" href=\"http:\/\/lattes.cnpq.br\/0959256350186452\" target=\"_blank\" rel=\"noopener noreferrer\">CUNHA, E. G.<\/a>\u00a0;\u00a0<a class=\"tooltip\" title=\"Clique para visualizar o curr\u00edculo\" href=\"http:\/\/lattes.cnpq.br\/6262933699781229\" target=\"_blank\" rel=\"noopener noreferrer\">OLIVEIRA, Liader<\/a>\u00a0. AVALIA\u00c7\u00c3O DA INFLU\u00caNCIA DE DIFERENTES FECHAMENTOS HORIZONTAIS E VERTICAIS NO DESEMPENHO TERMO\u2010ENERG\u00c9TICO DE UM EDIFICIO EDUCACIONAL NA CIDADE DE PELOTAS, RS. In: XII Encontro Nacional de Conforto no Ambiente Constru\u00eddo, 2013, Bras\u00edlia. XII Encontro Nacional de Conforto no Ambiente Constru\u00eddo, 2013.<\/span><\/p>\n<p><span style=\"font-family: helvetica, arial, sans-serif; font-size: 14pt;\">RICARDI, Aline ;\u00a0<a class=\"tooltip\" title=\"Clique para visualizar o curr\u00edculo\" href=\"http:\/\/lattes.cnpq.br\/2024373379000785\" target=\"_blank\" rel=\"noopener noreferrer\">Brandalise, Mariane<\/a>\u00a0; VIANA, Saionara ; CAMARGO, Thelma ;\u00a0<a class=\"tooltip\" title=\"Clique para visualizar o curr\u00edculo\" href=\"http:\/\/lattes.cnpq.br\/0959256350186452\" target=\"_blank\" rel=\"noopener noreferrer\">CUNHA, E. G.<\/a>\u00a0. AN\u00c1LISE DO N\u00cdVEL DE EFICI\u00caNCIA ENERG\u00c9TICA DE ACORDO COM O RTQ\u2010C \u2010 ESTUDO DE CASO: EDIF\u00cdCIO INSTITUCIONAL NA CIDADE DE PELOTAS\u2010RS. In: XII Encontro Nacional de Conforto do Ambiente Constru\u00eddo e VIII Encontro Latinoamericano de Conforto no ambiente Constru\u00eddo, 2013, Bras\u00edlia. XII Encontro Nacional de Conforto no Ambiente Constru\u00eddo, 2013.<\/span><\/p>\n<p><span style=\"font-family: helvetica, arial, sans-serif; font-size: 14pt;\">ECHENIQUE, Beatriz ;\u00a0<a class=\"tooltip\" title=\"Clique para visualizar o curr\u00edculo\" href=\"http:\/\/lattes.cnpq.br\/0959256350186452\" target=\"_blank\" rel=\"noopener noreferrer\">CUNHA, E. G.<\/a>\u00a0;\u00a0<a class=\"tooltip\" title=\"Clique para visualizar o curr\u00edculo\" href=\"http:\/\/lattes.cnpq.br\/8150819629082409\" target=\"_blank\" rel=\"noopener noreferrer\">SILVA, Ant\u00f4nio C\u00e9sar Baptista da<\/a> ; SILVA, G. G. . ESTUDO DO EFEITO DE PONTES T\u00c9RMICAS DE ESTRUTURA EM CONCRETO ARMADO NO DESEMPENHO ENERG\u00c9TICO DE EDIF\u00cdCIO HOTELEIRO NA ZONA BIOCLIM\u00c1TICA 2. In: XII Encontro Nacional de Conforto do Ambiente Constru\u00eddo e VIII Encontro Latinoamericano de Conforto no ambiente Constru\u00eddo, 2013, Bras\u00edlia. II Encontro Nacional de Conforto do Ambiente Constru\u00eddo e VIII Encontro Latinoamericano de Conforto no ambiente Constru\u00eddo, 2013.<\/span><\/p>\n<p><span style=\"font-family: helvetica, arial, sans-serif; font-size: 14pt;\"><a class=\"tooltip\" title=\"Clique para visualizar o curr\u00edculo\" href=\"http:\/\/lattes.cnpq.br\/0653000343473697\" target=\"_blank\" rel=\"noopener noreferrer\">FERNANDES, Tatiane Ballerini<\/a>\u00a0; PEGLOW, Jaqueline ;\u00a0<a class=\"tooltip\" title=\"Clique para visualizar o curr\u00edculo\" href=\"http:\/\/lattes.cnpq.br\/0959256350186452\" target=\"_blank\" rel=\"noopener noreferrer\">CUNHA, E. G.<\/a>\u00a0. INFLU\u00caNCIA DA VARIA\u00c7\u00c3O DE ABSORT\u00c2NCIA SOLAR E TRANSMIT\u00c2NCIA T\u00c9RMICA EM COBERTURAS DE DUAS EDIFICA\u00c7\u00d5ES COMERCIAIS REPRESENTATIVAS DO CENTRO COMERCIAL DA CIDADE DE PELOTAS &#8211; RS. In: ENCONTRO LATINOAMERICANO DE EDIFICA\u00c7\u00d5ES E COMUNIDADES SUSTENT\u00c1VEIS, 2013, Curitiba. ENCONTRO LATINOAMERICANO DE EDIFICA\u00c7\u00d5ES E COMUNIDADES SUSTENT\u00c1VEIS, 2013.<\/span><\/p>\n<p><span style=\"font-family: helvetica, arial, sans-serif; font-size: 14pt;\">FELIPPE, Alexandre Espindola de ; PEGLOW, Jaqueline ;\u00a0<a class=\"tooltip\" title=\"Clique para visualizar o curr\u00edculo\" href=\"http:\/\/lattes.cnpq.br\/7544919517623986\" target=\"_blank\" rel=\"noopener noreferrer\">KNOP, Stifany<\/a>\u00a0; RITTER, Viviane ;\u00a0<a class=\"tooltip\" title=\"Clique para visualizar o curr\u00edculo\" href=\"http:\/\/lattes.cnpq.br\/0959256350186452\" target=\"_blank\" rel=\"noopener noreferrer\">CUNHA, E. G.<\/a>\u00a0. Evaluation of Thermal Performance ofthe Dunas Community Hall in the Cityof Pelotas, RS, Brazil: Verification of the Building Envelope Performance. In: BSO12.ORG Building Simulation and Optimization, 2012, Loughborough. BSO12.ORG Building Simulation and Optimization. Loughborough, 2012.<\/span><\/p>\n<p><span style=\"font-family: helvetica, arial, sans-serif; font-size: 14pt;\">PEGLOW, Jaqueline ;\u00a0<a class=\"tooltip\" title=\"Clique para visualizar o curr\u00edculo\" href=\"http:\/\/lattes.cnpq.br\/0959256350186452\" target=\"_blank\" rel=\"noopener noreferrer\">CUNHA, E. G.<\/a>\u00a0. Analysis, Classification and Simulation of Energy Efficiency of Commercial Typologies Downtown Pelotas City. In: BSO12.ORG Building Simulation and Optimization, 2012, Loughborough. BSO12.ORG Building Simulation and Optimization. Loughborough, 2012.<\/span><\/p>\n<p><span style=\"font-family: helvetica, arial, sans-serif; font-size: 14pt;\"><a class=\"tooltip\" title=\"Clique para visualizar o curr\u00edculo\" href=\"http:\/\/lattes.cnpq.br\/7544919517623986\" target=\"_blank\" rel=\"noopener noreferrer\">KNOP, Stifany<\/a>\u00a0;\u00a0<a class=\"tooltip\" href=\"http:\/\/lattes.cnpq.br\/0959256350186452\" target=\"_blank\" rel=\"noopener noreferrer\">CUNHA, E. G.<\/a>\u00a0. Evaluation of the Thermal Performance of Historic Building with New Use in the City of Pelotas. In: BSO12.ORG Building Simulation and Optimization, 2012, Loughborough. BSO12.ORG Building Simulation and Optimization. Loughborough, 2012.<\/span><\/p>\n<p><span style=\"font-family: helvetica, arial, sans-serif; font-size: 14pt;\"><a class=\"tooltip\" title=\"Clique para visualizar o curr\u00edculo\" href=\"http:\/\/lattes.cnpq.br\/7544919517623986\" target=\"_blank\" rel=\"noopener noreferrer\">KNOP, Stifany<\/a>\u00a0;\u00a0<a class=\"tooltip\" title=\"Clique para visualizar o curr\u00edculo\" href=\"http:\/\/lattes.cnpq.br\/0959256350186452\" target=\"_blank\" rel=\"noopener noreferrer\">CUNHA, E. G.<\/a>\u00a0. AN\u00c1LISE COMPARATIVA DO DESEMPENHO T\u00c9RMICO DE EDIFICA\u00c7\u00c3O HIST\u00d3RICA COM BASE EM SIMULA\u00c7\u00c3O COMPUTACIONAL: Casar\u00e3o 02, Pelotas, RS. In: 9\u00b0 Semin\u00e1rio Internacional NUTAU 2012, 2012, S\u00e3o Paulo. 9\u00b0 Semin\u00e1rio Internacional NUTAU 2012. S\u00e3o Paulo: NUTAU, 2012.<\/span><\/p>\n<p><span style=\"font-family: helvetica, arial, sans-serif; font-size: 14pt;\">PEGLOW, Jaqueline ;\u00a0<a class=\"tooltip\" title=\"Clique para visualizar o curr\u00edculo\" href=\"http:\/\/lattes.cnpq.br\/0959256350186452\" target=\"_blank\" rel=\"noopener noreferrer\">CUNHA, E. G.<\/a>\u00a0;\u00a0<a class=\"tooltip\" title=\"Clique para visualizar o curr\u00edculo\" href=\"http:\/\/lattes.cnpq.br\/8150819629082409\" target=\"_blank\" rel=\"noopener noreferrer\">SILVA, Ant\u00f4nio C\u00e9sar Baptista da<\/a>\u00a0. AN\u00c1LISE E SIMULA\u00c7\u00c3O DE EFICI\u00caNCIA ENERG\u00c9TICAEM PR\u00c9DIOS COMERCIAIS NA ZONA CENTRAL DA CIDADE DE PELOTAS-RS. In: 9\u00b0 Semin\u00e1rio Internacional NUTAU 2012, 2012, S\u00e3o Paulo. 9\u00b0 Semin\u00e1rio Internacional NUTAU 2012. S\u00e3o Paulo: NUTAU, 2012.<\/span><\/p>\n<p><span style=\"font-family: helvetica, arial, sans-serif; font-size: 14pt;\"><a class=\"tooltip\" title=\"Clique para visualizar o curr\u00edculo\" href=\"http:\/\/lattes.cnpq.br\/6262933699781229\" target=\"_blank\" rel=\"noopener noreferrer\">OLIVEIRA, Liader<\/a>\u00a0;\u00a0<a class=\"tooltip\" title=\"Clique para visualizar o curr\u00edculo\" href=\"http:\/\/lattes.cnpq.br\/0959256350186452\" target=\"_blank\" rel=\"noopener noreferrer\">CUNHA, E. G.<\/a>\u00a0;\u00a0<a class=\"tooltip\" title=\"Clique para visualizar o curr\u00edculo\" href=\"http:\/\/lattes.cnpq.br\/3094467114091599\" target=\"_blank\" rel=\"noopener noreferrer\">PINTO, M\u00f4nica Martins<\/a>\u00a0. DEFINI\u00c7\u00c3O DAS CONDI\u00c7\u00d5ES DE CONTORNO E CRIT\u00c9RIOS DE AVALIA\u00c7\u00c3O DE DESEMPENHO TERMO-ENERG\u00c9TICO DE HIS. In: 9\u00b0 Semin\u00e1rio Interncional NUTAU 2012, 2012, S\u00e3o Paulo. 9\u00b0 Semin\u00e1rio Interncional NUTAU 2012. S\u00e3o Paulo: NUTAU, 2012.<\/span><\/p>\n<p><span style=\"font-family: helvetica, arial, sans-serif; font-size: 14pt;\"><a class=\"tooltip\" title=\"Clique para visualizar o curr\u00edculo\" href=\"http:\/\/lattes.cnpq.br\/6262933699781229\" target=\"_blank\" rel=\"noopener noreferrer\">OLIVEIRA, Liader<\/a>\u00a0;\u00a0<a class=\"tooltip\" href=\"http:\/\/lattes.cnpq.br\/8150819629082409\" target=\"_blank\" rel=\"noopener noreferrer\">SILVA, Ant\u00f4nio C\u00e9sar Baptista da<\/a>\u00a0;\u00a0<a class=\"tooltip\" title=\"Clique para visualizar o curr\u00edculo\" href=\"http:\/\/lattes.cnpq.br\/0959256350186452\" target=\"_blank\" rel=\"noopener noreferrer\">CUNHA, E. G.<\/a>\u00a0;\u00a0<a class=\"tooltip\" title=\"Clique para visualizar o curr\u00edculo\" href=\"http:\/\/lattes.cnpq.br\/3094467114091599\" target=\"_blank\" rel=\"noopener noreferrer\">PINTO, M\u00f4nica Martins<\/a>\u00a0. IMPORT\u00c2NCIA DA DEFINI\u00c7\u00c3O DA TEMPERATURA DO SOLO PARA O PROCESSO DE SIMULA\u00c7\u00c3O TERMOENERG\u00c9TICA DE EDIFICA\u00c7\u00d5ES. In: XIV Encontro Nacional do Ambiente Constru\u00eddo, 2012, Juiz de Fora. XIV Encontro Nacional do Ambiente Constru\u00eddo, 2012.<\/span><\/p>\n<p><span style=\"font-family: helvetica, arial, sans-serif; font-size: 14pt;\"><a class=\"tooltip\" title=\"Clique para visualizar o curr\u00edculo\" href=\"http:\/\/lattes.cnpq.br\/7544919517623986\" target=\"_blank\" rel=\"noopener noreferrer\">KNOP, Stifany<\/a>\u00a0;\u00a0<a class=\"tooltip\" title=\"Clique para visualizar o curr\u00edculo\" href=\"http:\/\/lattes.cnpq.br\/6262933699781229\" target=\"_blank\" rel=\"noopener noreferrer\">OLIVEIRA, Liader<\/a>\u00a0;\u00a0<a class=\"tooltip\" title=\"Clique para visualizar o curr\u00edculo\" href=\"http:\/\/lattes.cnpq.br\/0959256350186452\" target=\"_blank\" rel=\"noopener noreferrer\">CUNHA, E. G.<\/a> . AN\u00c1LISE DO N\u00cdVEL DE EFICI\u00caNCIA ENERG\u00c9TICA DE UM EDIF\u00cdCIO VENTILADO NATURALMENTE PELO M\u00c9TODO DE SIMULA\u00c7\u00c3O DO RTQ-C. In: XIV Encontro Nacional de Tecologia do Ambiente Constru\u00eddo, 2012, Juiz de Fora. ENTAC: Encontro Nacional de Tecnologia do Ambiente Constru\u00eddo, 2012.<\/span><\/p>\n<p><span style=\"font-family: helvetica, arial, sans-serif; font-size: 14pt;\"><a class=\"tooltip\" title=\"Clique para visualizar o curr\u00edculo\" href=\"http:\/\/lattes.cnpq.br\/0318536374982599\" target=\"_blank\" rel=\"noopener noreferrer\">ONGARATTO, B.<\/a>\u00a0; SILVA, G. G. ;\u00a0<a class=\"tooltip\" title=\"Clique para visualizar o curr\u00edculo\" href=\"http:\/\/lattes.cnpq.br\/1767753814935628\" target=\"_blank\" rel=\"noopener noreferrer\">SOARES, M. M.<\/a>\u00a0;\u00a0<a class=\"tooltip\" title=\"Clique para visualizar o curr\u00edculo\" href=\"http:\/\/lattes.cnpq.br\/7643651198705918\" target=\"_blank\" rel=\"noopener noreferrer\">SARAIVA, M.<\/a>\u00a0;\u00a0<a class=\"tooltip\" title=\"Clique para visualizar o curr\u00edculo\" href=\"http:\/\/lattes.cnpq.br\/0959256350186452\" target=\"_blank\" rel=\"noopener noreferrer\">CUNHA, E. G.<\/a>\u00a0;\u00a0<a class=\"tooltip\" title=\"Clique para visualizar o curr\u00edculo\" href=\"http:\/\/lattes.cnpq.br\/6262933699781229\" target=\"_blank\" rel=\"noopener noreferrer\">OLIVEIRA, Liader<\/a>\u00a0. AN\u00c1LISE DAS CONDI\u00c7\u00d5ES DE CONFORTO T\u00c9RMICO EM CENTRO COMUNIT\u00c1RIO EM PELOTAS, RS: SIMULA\u00c7\u00c3O DE VARIA\u00c7\u00d5ES NO FECHAMENTO TRANSPARENTE. In: XIV Encontro Nacional do Ambiente Constru\u00eddo, 2012, Juiz de Fora. ENTAC: Encontro Nacional de Tecnologia do Ambiente Constru\u00eddo, 2012.<\/span><\/p>\n<p><span style=\"font-family: helvetica, arial, sans-serif; font-size: 14pt;\">PEGLOW, Jaqueline ;\u00a0<a class=\"tooltip\" title=\"Clique para visualizar o curr\u00edculo\" href=\"http:\/\/lattes.cnpq.br\/0959256350186452\" target=\"_blank\" rel=\"noopener noreferrer\">CUNHA, E. G.<\/a>\u00a0. MAPEAMENTO E CLASSIFICA\u00c7\u00c3O DAS EDIFICA\u00c7\u00d5ES DA ZONA CENTRAL DA CIDADE DE PELOTAS-RS. In: XIV Encontro Nacional de Tecnologia do Ambiente Constru\u00eddo, 2012, Juiz de Fora. XIV Encontro Nacional de Tecnologia do Ambiente Constru\u00eddo, 2012.<\/span><\/p>\n<p><span style=\"font-family: helvetica, arial, sans-serif; font-size: 14pt;\"><a class=\"tooltip\" title=\"Clique para visualizar o curr\u00edculo\" href=\"http:\/\/lattes.cnpq.br\/7544919517623986\" target=\"_blank\" rel=\"noopener noreferrer\">KNOP, Stifany<\/a>\u00a0;\u00a0<a class=\"tooltip\" href=\"http:\/\/lattes.cnpq.br\/0959256350186452\" target=\"_blank\" rel=\"noopener noreferrer\">CUNHA, E. G.<\/a>\u00a0. Avalia\u00e7\u00e3o por simula\u00e7\u00e3o de desempenho t\u00e9rmico de edifica\u00e7\u00e3o hist\u00f3rica tombada na cidade de Pelotas: Secretaria Municipal de Cultura. In: II Semin\u00e1rio Nacional de Documenta\u00e7\u00e3o do Patrim\u00f4nio Arquitet\u00f4nico com o Uso de Tecnologias Digitais, 2012, Bel\u00e9m. II Semin\u00e1rio Nacional de Documenta\u00e7\u00e3o do Patrim\u00f4nio Arquitet\u00f4nico com o Uso de Tecnologias Digitais. Bel\u00e9m, 2012.<\/span><\/p>\n<p><span style=\"font-family: helvetica, arial, sans-serif; font-size: 14pt;\"><a class=\"tooltip\" title=\"Clique para visualizar o curr\u00edculo\" href=\"http:\/\/lattes.cnpq.br\/7544919517623986\" target=\"_blank\" rel=\"noopener noreferrer\">KNOP, Stifany<\/a>\u00a0; VAN DER LAN, Bruna ;\u00a0<a class=\"tooltip\" title=\"Clique para visualizar o curr\u00edculo\" href=\"http:\/\/lattes.cnpq.br\/0959256350186452\" target=\"_blank\" rel=\"noopener noreferrer\">CUNHA, E. G.<\/a> ; GON\u00c7ALVES, Margarete . Avalia\u00e7\u00e3o de Desempenho T\u00e9rmico de um sistema construtivo modular simulado no projeto de reforma de uma escola p\u00fablica da cidade de Pelotas, RS. In: XI ENCAC (Encontro Nacional de Conforto do Ambiente Constru\u00eddo) e o VII ELACAC (Encontro Latinoamericano de Conforto no Ambiente Constru\u00eddo), 2011, Buzios. Anais do &#8230; Encontro Nacional e &#8230; Encontro Latino-Americano de Conforto no Ambiente Constru\u00eddo. Rio de Janeiro: Universidade Federal do Rio de Janeiro, 2011.<\/span><\/p>\n<p><span style=\"font-family: helvetica, arial, sans-serif; font-size: 14pt;\"><a class=\"tooltip\" title=\"Clique para visualizar o curr\u00edculo\" href=\"http:\/\/lattes.cnpq.br\/7544919517623986\" target=\"_blank\" rel=\"noopener noreferrer\">KNOP, Stifany<\/a>\u00a0;\u00a0<a class=\"tooltip\" title=\"Clique para visualizar o curr\u00edculo\" href=\"http:\/\/lattes.cnpq.br\/0959256350186452\" target=\"_blank\" rel=\"noopener noreferrer\">CUNHA, E. G.<\/a>\u00a0;\u00a0<a class=\"tooltip\" title=\"Clique para visualizar o curr\u00edculo\" href=\"http:\/\/lattes.cnpq.br\/8150819629082409\" target=\"_blank\" rel=\"noopener noreferrer\">SILVA, Ant\u00f4nio C\u00e9sar Baptista da<\/a>\u00a0. Avalia\u00e7\u00e3o de Desempenho T\u00e9rmico de edifica\u00e7\u00e3o hist\u00f3rica de uso p\u00fablico. In: XI ENCAC (Encontro Nacional de Conforto do Ambiente Constru\u00eddo) e o VII ELACAC (Encontro Latinoamericano de Conforto no Ambiente Constru\u00eddo), 2011, Buzios. Anais do &#8230; Encontro Nacional e &#8230; Encontro Latino-Americano de Conforto no Ambiente Constru\u00eddo. Rio de Janeiro: Universidade Federal do Rio de Janeiro, 2011.<\/span><\/p>\n<p><span style=\"font-family: helvetica, arial, sans-serif; font-size: 14pt;\"><a class=\"tooltip\" title=\"Clique para visualizar o curr\u00edculo\" href=\"http:\/\/lattes.cnpq.br\/6262933699781229\" target=\"_blank\" rel=\"noopener noreferrer\">OLIVEIRA, Liader<\/a>\u00a0;\u00a0<a class=\"tooltip\" href=\"http:\/\/lattes.cnpq.br\/8150819629082409\" target=\"_blank\" rel=\"noopener noreferrer\">SILVA, Ant\u00f4nio C\u00e9sar Baptista da<\/a>\u00a0;\u00a0<a class=\"tooltip\" title=\"Clique para visualizar o curr\u00edculo\" href=\"http:\/\/lattes.cnpq.br\/0959256350186452\" target=\"_blank\" rel=\"noopener noreferrer\">CUNHA, E. G.<\/a>\u00a0. An\u00e1lise das condi\u00e7\u00f5es de conforto t\u00e9rmico em habita\u00e7\u00f5es de interesse social em Pelotas, RS. In: O XI ENCAC (Encontro Nacional de Conforto do Ambiente Constru\u00eddo) e o VII ELACAC (Encontro Latinoamericano de Conforto no Ambiente Constru\u00eddo), 2011, Buzios. O XI Encontro Nacional de Conforto do Ambiente Constru\u00eddo e o VII Encontro Latinoamericano de Conforto no Ambiente Constru\u00eddo). Rio de Janeiro: Universidade Federal do Rio de Janeiro, 2011.<\/span><\/p>\n<p><span style=\"font-family: helvetica, arial, sans-serif; font-size: 14pt;\">SCHWONKE, Denise ; ROTTA, M\u00e1rcia ; PINHO, Raquel ;\u00a0<a class=\"tooltip\" title=\"Clique para visualizar o curr\u00edculo\" href=\"http:\/\/lattes.cnpq.br\/0959256350186452\" target=\"_blank\" rel=\"noopener noreferrer\">CUNHA, E. G.<\/a>\u00a0;\u00a0<a class=\"tooltip\" title=\"Clique para visualizar o curr\u00edculo\" href=\"http:\/\/lattes.cnpq.br\/8150819629082409\" target=\"_blank\" rel=\"noopener noreferrer\">SILVA, Ant\u00f4nio C\u00e9sar Baptista da<\/a>\u00a0. SIMULA\u00c7\u00c3O COMPUTACIONAL DE HABITA\u00c7\u00c3O DE INTERESSE SOCIAL EM PELOTAS, RS, BRASIL: AN\u00c1LISE DO DESEMPENHO T\u00c9RMICO E DA EFICI\u00caNCIA ENERG\u00c9TICA DE COBERTURAS. In: O XI ENCAC (Encontro Nacional de Conforto do Ambiente Constru\u00eddo) e o VII ELACAC (Encontro Latinoamericano de Conforto no Ambiente Constru\u00eddo), 2011, Buzios. Anais do &#8230; Encontro Nacional e &#8230; Encontro Latino-Americano de Conforto no Ambiente Constru\u00eddo. Rio de Janeiro: Universidade Federal do Rio de Janeiro, 2011.<\/span><\/p>\n<p><span style=\"font-family: helvetica, arial, sans-serif; font-size: 14pt;\"><a class=\"tooltip\" title=\"Clique para visualizar o curr\u00edculo\" href=\"http:\/\/lattes.cnpq.br\/4611456016298388\" target=\"_blank\" rel=\"noopener noreferrer\">FERNANDES, Leandro Carlos<\/a>\u00a0;\u00a0<a class=\"tooltip\" title=\"Clique para visualizar o curr\u00edculo\" href=\"http:\/\/lattes.cnpq.br\/0959256350186452\" target=\"_blank\" rel=\"noopener noreferrer\">CUNHA, E. G.<\/a>\u00a0. Ensino de Geometria Solar: Proposta de Heliodon Alternativo. In: O XI ENCAC (Encontro Nacional de Conforto do Ambiente Constru\u00eddo) e o VII ELACAC (Encontro Latinoamericano de Conforto no Ambiente Constru\u00eddo), 2011, Buzios. Anais do &#8230; Encontro Nacional e &#8230; Encontro Latino-Americano de Conforto no Ambiente Constru\u00eddo. Rio de Janeiro: Universidade Federal do Rio de Janeiro, 2011.<\/span><\/p>\n<p><span style=\"font-family: helvetica, arial, sans-serif; font-size: 14pt;\"><a class=\"tooltip\" title=\"Clique para visualizar o curr\u00edculo\" href=\"http:\/\/lattes.cnpq.br\/3650806868877538\" target=\"_blank\" rel=\"noopener noreferrer\">TEIXEIRA, Daniele<\/a>\u00a0;\u00a0<a class=\"tooltip\" title=\"Clique para visualizar o curr\u00edculo\" href=\"http:\/\/lattes.cnpq.br\/0959256350186452\" target=\"_blank\" rel=\"noopener noreferrer\">CUNHA, E. G.<\/a>\u00a0. ANALISE DOS N\u00cdVEIS DE EFICI\u00caNCIA ENERG\u00c9TICA DO PR\u00c9DIO G1 DA FEAR\/UPF: INSTRUMENTALIZA\u00c7\u00c3O DO CORPO T\u00c9CNICO DA UNIVERSIDADE. In: O XI ENCAC (Encontro Nacional de Conforto do Ambiente Constru\u00eddo) e o VII ELACAC (Encontro Latinoamericano de Conforto no Ambiente Constru\u00eddo), 2011, Buzios. Anais do &#8230; Encontro Nacional e &#8230; Encontro Latino-Americano de Conforto no Ambiente Constru\u00eddo. Rio de Janeiro: Universidade Federal do Rio de Janeiro, 2011.<\/span><\/p>\n<p><span style=\"font-family: helvetica, arial, sans-serif; font-size: 14pt;\">VIZOTTO, Laisy Reis ; NICOLETTI, Liliani ; ARAG\u00c2O, Lucas Ara\u00fajo ; QUINTANA, Luiza Coelho ; MAIA, Lorena Resende ; MARQUES, Paulo Em\u00edlio de Oliveira ;\u00a0<a class=\"tooltip\" title=\"Clique para visualizar o curr\u00edculo\" href=\"http:\/\/lattes.cnpq.br\/0653000343473697\" target=\"_blank\" rel=\"noopener noreferrer\">FERNANDES, Tatiane Ballerini<\/a>\u00a0; SCH\u00d6FFEL, D\u00e9bora ;\u00a0<a class=\"tooltip\" title=\"Clique para visualizar o curr\u00edculo\" href=\"http:\/\/lattes.cnpq.br\/0959256350186452\" target=\"_blank\" rel=\"noopener noreferrer\">CUNHA, E. G.<\/a>\u00a0;\u00a0<a class=\"tooltip\" title=\"Clique para visualizar o curr\u00edculo\" href=\"http:\/\/lattes.cnpq.br\/8150819629082409\" target=\"_blank\" rel=\"noopener noreferrer\">SILVA, Ant\u00f4nio C\u00e9sar Baptista da<\/a>\u00a0. ETIQUETAGEM DE EFICI\u00caNCIA ENERG\u00c9TICA NA REGI\u00c3O SUL DO BRASIL: PROPOSTA DE DIVULGA\u00c7\u00c3O PARA A COMUNIDADE PROFISSIONAL. In: O XI ENCAC (Encontro Nacional de Conforto do Ambiente Constru\u00eddo) e o VII ELACAC (Encontro Latinoamericano de Conforto no Ambiente Constru\u00eddo), 2011, Buzios. Anais do &#8230; Encontro Nacional e &#8230; Encontro Latino-Americano de Conforto no Ambiente Constru\u00eddo. Rio de Janeiro: Universidade Federal do Rio de Janeiro, 2011.<\/span><\/p>\n<p><span style=\"font-family: helvetica, arial, sans-serif; font-size: 14pt;\">GUERRA, Fernanda Lamego ;\u00a0<a class=\"tooltip\" title=\"Clique para visualizar o curr\u00edculo\" href=\"http:\/\/lattes.cnpq.br\/0959256350186452\" target=\"_blank\" rel=\"noopener noreferrer\">CUNHA, E. G.<\/a>\u00a0;\u00a0<a class=\"tooltip\" title=\"Clique para visualizar o curr\u00edculo\" href=\"http:\/\/lattes.cnpq.br\/8150819629082409\" target=\"_blank\" rel=\"noopener noreferrer\">SILVA, Ant\u00f4nio C\u00e9sar Baptista da<\/a> . AN\u00c1LISE DAS CONDI\u00c7\u00d5ES FAVOR\u00c1VEIS \u00c0 FORMA\u00c7\u00c3O DE MOFO OU BOLOR EM EDIFICA\u00c7\u00c3O HIST\u00d3RICA DE PELOTAS. In: O XI ENCAC (Encontro Nacional de Conforto do Ambiente Constru\u00eddo) e o VII ELACAC (Encontro Latinoamericano de Conforto no Ambiente Constru\u00eddo), 2011, Buzios. Anais do &#8230; Encontro Nacional e &#8230; Encontro Latino-Americano de Conforto no Ambiente Constru\u00eddo. Rio de Janeiro: Universidade Federal do Rio de Janeiro, 2011.<\/span><\/p>\n<p><span style=\"font-family: helvetica, arial, sans-serif; font-size: 14pt;\"><a class=\"tooltip\" title=\"Clique para visualizar o curr\u00edculo\" href=\"http:\/\/lattes.cnpq.br\/1392891678569099\" target=\"_blank\" rel=\"noopener noreferrer\">TERRES, Marcelo<\/a>\u00a0; LUCAS, Francisco ;\u00a0<a class=\"tooltip\" title=\"Clique para visualizar o curr\u00edculo\" href=\"http:\/\/lattes.cnpq.br\/0848427582129097\" target=\"_blank\" rel=\"noopener noreferrer\">SALABERRY, Jeferson<\/a>\u00a0; POTTER, Marisa ;\u00a0<a class=\"tooltip\" title=\"Clique para visualizar o curr\u00edculo\" href=\"http:\/\/lattes.cnpq.br\/0959256350186452\" target=\"_blank\" rel=\"noopener noreferrer\">CUNHA, E. G.<\/a>\u00a0;\u00a0<a class=\"tooltip\" title=\"Clique para visualizar o curr\u00edculo\" href=\"http:\/\/lattes.cnpq.br\/8150819629082409\" target=\"_blank\" rel=\"noopener noreferrer\">SILVA, Ant\u00f4nio C\u00e9sar Baptista da<\/a>\u00a0. AVALIA\u00c7\u00c3O DO DESEMPENHO T\u00c9RMICO DE HABITA\u00c7\u00c3O DE INTERESSE SOCIAL EM PELOTAS\/RS: SIMULA\u00c7\u00c3O COMPUTACIONAL DE DIFERENTES SISTEMAS DE FECHAMENTOS VERTICAIS. In: O XI ENCAC (Encontro Nacional de Conforto do Ambiente Constru\u00eddo) e o VII ELACAC (Encontro Latinoamericano de Conforto no Ambiente Constru\u00eddo), 2011. Anais do &#8230; Encontro Nacional e &#8230; Encontro Latino-Americano de Conforto no Ambiente Constru\u00eddo. Rio de Janeiro: Universidade Federal do Rio de Janeiro.<\/span><\/p>\n<p><span style=\"font-family: helvetica, arial, sans-serif; font-size: 14pt;\"><a class=\"tooltip\" title=\"Clique para visualizar o curr\u00edculo\" href=\"http:\/\/lattes.cnpq.br\/1392891678569099\" target=\"_blank\" rel=\"noopener noreferrer\">TERRES, Marcelo<\/a>\u00a0;\u00a0<a class=\"tooltip\" title=\"Clique para visualizar o curr\u00edculo\" href=\"http:\/\/lattes.cnpq.br\/6262933699781229\" target=\"_blank\" rel=\"noopener noreferrer\">OLIVEIRA, Liader<\/a>\u00a0;\u00a0<a class=\"tooltip\" title=\"Clique para visualizar o curr\u00edculo\" href=\"http:\/\/lattes.cnpq.br\/8150819629082409\" target=\"_blank\" rel=\"noopener noreferrer\">SILVA, Ant\u00f4nio C\u00e9sar Baptista da<\/a>\u00a0;\u00a0<a class=\"tooltip\" title=\"Clique para visualizar o curr\u00edculo\" href=\"http:\/\/lattes.cnpq.br\/0959256350186452\" target=\"_blank\" rel=\"noopener noreferrer\">CUNHA, E. G.<\/a>\u00a0. POTENCIALIDADES DO USO DE ALVENARIAS DE FARDO DE PALHA DE ARROZ NO RIO GRANDE DO SUL. In: Entac 2010 &#8211; Encontro Nacional de Tecnologia do Ambiente Constru\u00eddo, 2010, Canela. ENTAC: Encontro Nacional de Tecnologia do Ambiente Constru\u00eddo, 2010.<\/span><\/p>\n<p><span style=\"font-family: helvetica, arial, sans-serif; font-size: 14pt;\"><a class=\"tooltip\" title=\"Clique para visualizar o curr\u00edculo\" href=\"http:\/\/lattes.cnpq.br\/6262933699781229\" target=\"_blank\" rel=\"noopener noreferrer\">OLIVEIRA, Liader<\/a>\u00a0;\u00a0<a class=\"tooltip\" title=\"Clique para visualizar o curr\u00edculo\" href=\"http:\/\/lattes.cnpq.br\/8150819629082409\" target=\"_blank\" rel=\"noopener noreferrer\">SILVA, Ant\u00f4nio C\u00e9sar Baptista da<\/a>\u00a0;\u00a0<a class=\"tooltip\" title=\"Clique para visualizar o curr\u00edculo\" href=\"http:\/\/lattes.cnpq.br\/0959256350186452\" target=\"_blank\" rel=\"noopener noreferrer\">CUNHA, E. G.<\/a>\u00a0. AN\u00c1LISE DAS CONDI\u00c7\u00d5ES DE CONFORTO T\u00c9RMICO EM HABITA\u00c7\u00d5ES DE INTERESSE SOCIAL NA REGI\u00c2O SUL DO RS. In: Entac 2010 &#8211; Encontro Nacional de Tecnologia do Ambiente Constru\u00eddo, 2010, Canela. ENTAC: Encontro Nacional de Tecnologia do Ambiente Constru\u00eddo, 2010.<\/span><\/p>\n<p><span style=\"font-family: helvetica, arial, sans-serif; font-size: 14pt;\"><a class=\"tooltip\" title=\"Clique para visualizar o curr\u00edculo\" href=\"http:\/\/lattes.cnpq.br\/3650806868877538\" target=\"_blank\" rel=\"noopener noreferrer\">TEIXEIRA, Daniele<\/a>\u00a0;\u00a0<a class=\"tooltip\" href=\"http:\/\/lattes.cnpq.br\/0959256350186452\" target=\"_blank\" rel=\"noopener noreferrer\">CUNHA, E. G.<\/a>\u00a0. ANALISE DOS N\u00cdVEIS DE EFICI\u00caNCIA ENERG\u00c9TICA DO PR\u00c9DIO G1 DA FEAR\/UPF: INSTRUMENTALIZA\u00c7\u00c3O DO CORPO T\u00c9CNICO DA UNIVERSIDADE. In: Entac 2010 &#8211; Encontro Nacional de Tecnologia do Ambiente Constru\u00eddo, 2010, Canela. ENTAC: Encontro Nacional de Tecnologia do Ambiente Constru\u00eddo, 2010.<\/span><\/p>\n<p><span style=\"font-family: helvetica, arial, sans-serif; font-size: 14pt;\">VEGA, No\u00e9 ;\u00a0<a class=\"tooltip\" href=\"http:\/\/lattes.cnpq.br\/0959256350186452\" target=\"_blank\" rel=\"noopener noreferrer\">CUNHA, E. G.<\/a>\u00a0;\u00a0<a class=\"tooltip\" title=\"Clique para visualizar o curr\u00edculo\" href=\"http:\/\/lattes.cnpq.br\/8150819629082409\" target=\"_blank\" rel=\"noopener noreferrer\">SILVA, Ant\u00f4nio C\u00e9sar Baptista da<\/a>\u00a0. VIABILIDADE DO USO DE PROTETORES SOLAR NA FACHADA OESTE DO HOTEL JACQUES GEORGE TOWER EM PELOTAS, RS. In: Entac 2010 &#8211; Encontro Nacional de Tecnologia do Ambiente Constru\u00eddo, 2010, Canela. ENTAC: Encontro Nacional de Tecnologia do Ambiente Constru\u00eddo, 2010.<\/span><\/p>\n<p><span style=\"font-family: helvetica, arial, sans-serif; font-size: 14pt;\"><a class=\"tooltip\" title=\"Clique para visualizar o curr\u00edculo\" href=\"http:\/\/lattes.cnpq.br\/0959256350186452\" target=\"_blank\" rel=\"noopener noreferrer\">CUNHA, E. G.<\/a>. AN\u00c1LISE DO MODELO DE ADAPTA\u00c7\u00c3O DA NORMA ALEM\u00c3 ENEV 2007 PARA O C\u00c1LCULO DE CARGA T\u00c9RMICA DE AQUECIMENTO PARA A CIDADE DE PORTO ALEGRE, RS, COM BASE EM SIMULA\u00c7\u00c3O COMPUTACIONAL COM O SOFTWARE ENERGY PLUS. In: ENTAC 2010 &#8211; XIII Encontro Nscional de Tecnologia no Ambiente Constru\u00eddo, 2010, Canela. ENTAC: Encontro Nacional de Tecnologia do Ambiente Constru\u00eddo, 2010.<\/span><\/p>\n<p><span style=\"font-family: helvetica, arial, sans-serif; font-size: 14pt;\"><a class=\"tooltip\" title=\"Clique para visualizar o curr\u00edculo\" href=\"http:\/\/lattes.cnpq.br\/8150819629082409\" target=\"_blank\" rel=\"noopener noreferrer\">SILVA, Ant\u00f4nio C\u00e9sar Baptista da<\/a>\u00a0;\u00a0<a class=\"tooltip\" title=\"Clique para visualizar o curr\u00edculo\" href=\"http:\/\/lattes.cnpq.br\/6262933699781229\" target=\"_blank\" rel=\"noopener noreferrer\">OLIVEIRA, Liader<\/a>\u00a0;\u00a0<a class=\"tooltip\" title=\"Clique para visualizar o curr\u00edculo\" href=\"http:\/\/lattes.cnpq.br\/0959256350186452\" target=\"_blank\" rel=\"noopener noreferrer\">CUNHA, E. G.<\/a> . An\u00e1lise das condi\u00e7\u00f5es de conforto t\u00e9rmico em habita\u00e7\u00f5es de interesse social na regi\u00e3o sul do RS. In: 8\u00ba Semin\u00e1rio Internacional Arquitetura, Urbanismo e Design: produtos e mensagens para ambientes sustent\u00e1veis, 2010, S\u00e3o Paulo. 8\u00ba Semin\u00e1rio Internacional Arquitetura, Urbanismo e Design: produtos e mensagens para ambientes sustent\u00e1veis, 2010.<\/span><\/p>\n<p><span style=\"font-family: helvetica, arial, sans-serif; font-size: 14pt;\"><a class=\"tooltip\" title=\"Clique para visualizar o curr\u00edculo\" href=\"http:\/\/lattes.cnpq.br\/0959256350186452\" target=\"_blank\" rel=\"noopener noreferrer\">CUNHA, E. G.<\/a>. An\u00e1lise do modelo de adapta\u00e7\u00e3o da norma alem\u00e3 ENEV 2007 para a cidade de Porto Alegre RS, com base em simula\u00e7\u00e3o computacional com o software Energy Plus. In: 8\u00ba Semin\u00e1rio Internacional Arquitetura, Urbanismo e Design: produtos e mensagens para ambientes sustent\u00e1veis, 2010, S\u00e3o Paulo. 8\u00ba Semin\u00e1rio Internacional Arquitetura, Urbanismo e Design: produtos e mensagens para ambientes sustent\u00e1veis, 2010.<\/span><\/p>\n<p><span style=\"font-family: helvetica, arial, sans-serif; font-size: 14pt;\"><a class=\"tooltip\" title=\"Clique para visualizar o curr\u00edculo\" href=\"http:\/\/lattes.cnpq.br\/0959256350186452\" target=\"_blank\" rel=\"noopener noreferrer\">CUNHA, E. G.<\/a>;\u00a0<a class=\"tooltip\" title=\"Clique para visualizar o curr\u00edculo\" href=\"http:\/\/lattes.cnpq.br\/3650806868877538\" target=\"_blank\" rel=\"noopener noreferrer\">TEIXEIRA, Daniele<\/a> . An\u00e1lise dos n\u00edveis de efici\u00eancia energ\u00e9tica do pr\u00e9dio G1 da FEAR\/UPF: instrumentaliza\u00e7\u00e3o do corpo t\u00e9cnico da universidade. In: 8\u00ba Semin\u00e1rio Internacional Arquitetura, Urbanismo e Design: produtos e mensagens para ambientes sustent\u00e1veis, 2010, S\u00e3o Paulo. 8\u00ba Semin\u00e1rio Internacional Arquitetura, Urbanismo e Design: produtos e mensagens para ambientes sustent\u00e1veis, 2010.<\/span><\/p>\n<p><span style=\"font-family: helvetica, arial, sans-serif; font-size: 14pt;\">VEGA, No\u00e9 ;\u00a0<a class=\"tooltip\" href=\"http:\/\/lattes.cnpq.br\/8150819629082409\" target=\"_blank\" rel=\"noopener noreferrer\">SILVA, Ant\u00f4nio C\u00e9sar Baptista da<\/a>\u00a0;\u00a0<a class=\"tooltip\" title=\"Clique para visualizar o curr\u00edculo\" href=\"http:\/\/lattes.cnpq.br\/0959256350186452\" target=\"_blank\" rel=\"noopener noreferrer\">CUNHA, E. G.<\/a>\u00a0. An\u00e1lise termo-energ\u00e9tica da implementa\u00e7\u00e3o de sistemas de prote\u00e7\u00e3o solar para hotel na cidade de Pelotas RS. In: 8\u00ba Semin\u00e1rio Internacional Arquitetura, Urbanismo e Design: produtos e mensagens para ambientes sustent\u00e1veis, 2010, S\u00e3o Paulo. 8\u00ba Semin\u00e1rio Internacional Arquitetura, Urbanismo e Design: produtos e mensagens para ambientes sustent\u00e1veis, 2010.<\/span><\/p>\n<p><span style=\"font-family: helvetica, arial, sans-serif; font-size: 14pt;\"><a class=\"tooltip\" title=\"Clique para visualizar o curr\u00edculo\" href=\"http:\/\/lattes.cnpq.br\/7544919517623986\" target=\"_blank\" rel=\"noopener noreferrer\">KNOP, Stifany<\/a>\u00a0; VASCONCELLOS, Luciano de ;\u00a0<a class=\"tooltip\" title=\"Clique para visualizar o curr\u00edculo\" href=\"http:\/\/lattes.cnpq.br\/0959256350186452\" target=\"_blank\" rel=\"noopener noreferrer\">CUNHA, E. G.<\/a> . Condom\u00ednios sustent\u00e1veis de baixo impacto ambiental. In: 8\u00ba Semin\u00e1rio Internacional Arquitetura, Urbanismo e Design: produtos e mensagens para ambientes sustent\u00e1veis, 2010, S\u00e3o Paulo. 8\u00ba Semin\u00e1rio Internacional Arquitetura, Urbanismo e Design: produtos e mensagens para ambientes sustent\u00e1veis, 2010.<\/span><\/p>\n<p><span style=\"font-family: helvetica, arial, sans-serif; font-size: 14pt;\"><a class=\"tooltip\" title=\"Clique para visualizar o curr\u00edculo\" href=\"http:\/\/lattes.cnpq.br\/1392891678569099\" target=\"_blank\" rel=\"noopener noreferrer\">TERRES, Marcelo<\/a>\u00a0;\u00a0<a class=\"tooltip\" title=\"Clique para visualizar o curr\u00edculo\" href=\"http:\/\/lattes.cnpq.br\/6262933699781229\" target=\"_blank\" rel=\"noopener noreferrer\">OLIVEIRA, Liader<\/a>\u00a0;\u00a0<a class=\"tooltip\" title=\"Clique para visualizar o curr\u00edculo\" href=\"http:\/\/lattes.cnpq.br\/8150819629082409\" target=\"_blank\" rel=\"noopener noreferrer\">SILVA, Ant\u00f4nio C\u00e9sar Baptista da<\/a>\u00a0;\u00a0<a class=\"tooltip\" title=\"Clique para visualizar o curr\u00edculo\" href=\"http:\/\/lattes.cnpq.br\/0959256350186452\" target=\"_blank\" rel=\"noopener noreferrer\">CUNHA, E. G.<\/a>\u00a0. POTENCIALIDADES DO USO DE ALVENARIAS DE FARDO DE PALHA DE ARROZ NO RIO GRANDE DO SUL. In: XIV Congreso 2010 Arquisur, 2010, Tarija. XIV Congreso 2010 Arquisur, 2010.<\/span><\/p>\n<p><span style=\"font-family: helvetica, arial, sans-serif; font-size: 14pt;\"><a class=\"tooltip\" title=\"Clique para visualizar o curr\u00edculo\" href=\"http:\/\/lattes.cnpq.br\/0959256350186452\" target=\"_blank\" rel=\"noopener noreferrer\">CUNHA, E. G.<\/a>;\u00a0<a class=\"tooltip\" title=\"Clique para visualizar o curr\u00edculo\" href=\"http:\/\/lattes.cnpq.br\/5782024822288028\" target=\"_blank\" rel=\"noopener noreferrer\">FRITSCH, Rodrigo Carlos<\/a>\u00a0. Estimativa de carga t\u00e9rmica de aquecimento de edifica\u00e7\u00f5es residenciais na cidade de PoA, RS, com base no processo simplificado na norma alem\u00e3 EnEV 2007. In: III Congresso Brasileiro de Efici\u00eancia Energ\u00e9tica, 2009, Bel\u00e9m. Anais do III Congresso Brasileiro de Efici\u00eancia Energ\u00e9tica, 2009.<\/span><\/p>\n<p><span style=\"font-family: helvetica, arial, sans-serif; font-size: 14pt;\"><a class=\"tooltip\" title=\"Clique para visualizar o curr\u00edculo\" href=\"http:\/\/lattes.cnpq.br\/0959256350186452\" target=\"_blank\" rel=\"noopener noreferrer\">CUNHA, E. G.<\/a>;\u00a0<a class=\"tooltip\" title=\"Clique para visualizar o curr\u00edculo\" href=\"http:\/\/lattes.cnpq.br\/5782024822288028\" target=\"_blank\" rel=\"noopener noreferrer\">FRITSCH, Rodrigo Carlos<\/a> . Aspectos relevantes da norma de efici\u00eancia energ\u00e9tica alem\u00e3 EnEV 2007: poss\u00edveis contribui\u00e7\u00f5es para o caso brasileiro. In: III Congresso Brasileiro de Efici\u00eancia Energ\u00e9tica, 2009, Bel\u00e9m. Anais do III Congresso Brasileiro de Efici\u00eancia Energ\u00e9tica, 2009.<\/span><\/p>\n<p><span style=\"font-family: helvetica, arial, sans-serif; font-size: 14pt;\">LUCIANO, Vasconcellos ; SEIDLER, J\u00falio ;\u00a0<a class=\"tooltip\" title=\"Clique para visualizar o curr\u00edculo\" href=\"http:\/\/lattes.cnpq.br\/0959256350186452\" target=\"_blank\" rel=\"noopener noreferrer\">CUNHA, E. G.<\/a>\u00a0. USO DE FERRAMENTAS TRADICIONAIS COM AUX\u00cdLIO DIGITAL PARA O DESENVOLVIMENTO DE PROJETOS: UMA EXPERI\u00caNCIA DID\u00c1TICA. In: Graphica 2009 XIX Simp\u00f3sio Nacional de Geometria Descritiva e Desenho T\u00e9cnico VIII International Conference on Graphics Engineering for Arts and Design, 2009, Baur\u00fa. Graphica 2009 Linguagens e estrat\u00e9gias da express\u00e3o gr\u00e1fica: comunica\u00e7\u00e3o e conhecimento, 2009.<\/span><\/p>\n<p><span style=\"font-family: helvetica, arial, sans-serif; font-size: 14pt;\"><a class=\"tooltip\" title=\"Clique para visualizar o curr\u00edculo\" href=\"http:\/\/lattes.cnpq.br\/0959256350186452\" target=\"_blank\" rel=\"noopener noreferrer\">CUNHA, E. G.<\/a>; MACHADO, Nino Roberto Schreder ;\u00a0<a class=\"tooltip\" title=\"Clique para visualizar o curr\u00edculo\" href=\"http:\/\/lattes.cnpq.br\/5782024822288028\" target=\"_blank\" rel=\"noopener noreferrer\">FRITSCH, Rodrigo Carlos<\/a>\u00a0. AN\u00c1LISE DO DESEMPENHO DE PROT\u00d3TIPO DE AQUECIMENTO SOLAR PARA A CIDADE DE PASSO FUNDO,RS,COM FUNCIONAMENTO EM CICLO ABERTO E FECHADO. In: X Encontro Nacional e VI Encontro Latino Americano de Conforto no ambiente constru\u00eddo, 2009, Natal. X Encontro Nacional e VI Encontro Latino Americano de Conforto no ambiente constru\u00eddo, 2009.<\/span><\/p>\n<p><span style=\"font-family: helvetica, arial, sans-serif; font-size: 14pt;\"><a class=\"tooltip\" title=\"Clique para visualizar o curr\u00edculo\" href=\"http:\/\/lattes.cnpq.br\/0959256350186452\" target=\"_blank\" rel=\"noopener noreferrer\">CUNHA, E. G.<\/a>;\u00a0<a class=\"tooltip\" title=\"Clique para visualizar o curr\u00edculo\" href=\"http:\/\/lattes.cnpq.br\/5782024822288028\" target=\"_blank\" rel=\"noopener noreferrer\">FRITSCH, Rodrigo Carlos<\/a>\u00a0. VERIFICA\u00c7\u00c3O DA FORMA\u00c7\u00c3O DE MOFO E BOLOR EM SUPERF\u00cdCIES INTERIORES DE PAREDES EXTERIORES SITUADAS NA ZONA BIOCLIM\u00c1TICA 3 DE ACORDO COM A NBR 15220 E NBR 15575. In: X Encontro Nacional e VI Encontro Latino-Americano de Conforto no ambiente Constru\u00eddo, 2009, Natal. X Encontro Nacional e VI Encontro Latino-Americano de Conforto no ambiente Constru\u00eddo, 2009.<\/span><\/p>\n<p><span style=\"font-family: helvetica, arial, sans-serif; font-size: 14pt;\"><a class=\"tooltip\" title=\"Clique para visualizar o curr\u00edculo\" href=\"http:\/\/lattes.cnpq.br\/0959256350186452\" target=\"_blank\" rel=\"noopener noreferrer\">CUNHA, E. G.<\/a>;\u00a0<a class=\"tooltip\" href=\"http:\/\/lattes.cnpq.br\/5782024822288028\" target=\"_blank\" rel=\"noopener noreferrer\">FRITSCH, Rodrigo Carlos<\/a> . DETERMINA\u00c7\u00c3O DA NECESSIDADE DE AQUECIMENTO DE EDIFICA\u00c7\u00d5ES RESIDENCIAIS NA CIDADE DE PORTO ALEGRE, RS, COM BASE NO PROCESSO SIMPLIFICADO DE ESTIMATIVA DA NORMA ALEM\u00c3 ENEV 2007. In: X Encontro Nacional e VI Encontro Latino-Americano de Conforto no Ambiente Constru\u00eddo, 2009, Natal. X Encontro Nacional e VI Encontro Latino-Americano de Conforto no Ambiente Constru\u00eddo, 2009.<\/span><\/p>\n<p><span style=\"font-family: helvetica, arial, sans-serif; font-size: 14pt;\"><a class=\"tooltip\" title=\"Clique para visualizar o curr\u00edculo\" href=\"http:\/\/lattes.cnpq.br\/0959256350186452\" target=\"_blank\" rel=\"noopener noreferrer\">CUNHA, E. G.<\/a>;\u00a0<a class=\"tooltip\" title=\"Clique para visualizar o curr\u00edculo\" href=\"http:\/\/lattes.cnpq.br\/5782024822288028\" target=\"_blank\" rel=\"noopener noreferrer\">FRITSCH, Rodrigo Carlos<\/a>\u00a0. AN\u00c1LISE DA NORMA DE EFICI\u00caNCIA ENERG\u00c9TICA ALEM\u00c3 ENEV 2007 E DISCUSS\u00c3O DE POSS\u00cdVEIS CONTRIBUI\u00c7\u00d5ES PARA O CASO BRASILEIRO. In: X Encontro Nacional e VI Encontro Latino-Americano de Conforto no ambiente Constru\u00eddo, 2009, Natal. X Encontro Nacional e VI Encontro Latino-Americano de Conforto no ambiente Constru\u00eddo, 2009.<\/span><\/p>\n<p><span style=\"font-family: helvetica, arial, sans-serif; font-size: 14pt;\"><a class=\"tooltip\" title=\"Clique para visualizar o curr\u00edculo\" href=\"http:\/\/lattes.cnpq.br\/0868797216051044\" target=\"_blank\" rel=\"noopener noreferrer\">FRANDOLOSO, Marcos Antonio Leite<\/a>\u00a0;\u00a0<a class=\"tooltip\" title=\"Clique para visualizar o curr\u00edculo\" href=\"http:\/\/lattes.cnpq.br\/4109261310326480\" target=\"_blank\" rel=\"noopener noreferrer\">BRANDLI, Luciana Londero<\/a>\u00a0;\u00a0<a class=\"tooltip\" title=\"Clique para visualizar o curr\u00edculo\" href=\"http:\/\/lattes.cnpq.br\/0959256350186452\" target=\"_blank\" rel=\"noopener noreferrer\">CUNHA, E. G.<\/a>\u00a0; Vanessa Cecconello ; ALVES, F. ; Luciano Oliveira . An\u00e1lise da Efici\u00eancia Energ\u00e9tica e do Desempenho T\u00e9rmico em dois edif\u00edcios universit\u00e1rios da Universidade de Passo Fundo. In: Encontro Latino Americano de Universidades Sustent\u00e1veis, 2008, Passo Fundo. ELAUS &#8211; Encontro Latino Americano de Universidades Sustent\u00e1veis, 2008.<\/span><\/p>\n<p><span style=\"font-family: helvetica, arial, sans-serif; font-size: 14pt;\"><a class=\"tooltip\" title=\"Clique para visualizar o curr\u00edculo\" href=\"http:\/\/lattes.cnpq.br\/0959256350186452\" target=\"_blank\" rel=\"noopener noreferrer\">CUNHA, E. G.<\/a>; Luecking, Rolk-Michael ; VAUPEL, Karin . An\u00e1lise da Norma de Efici\u00eancia Energ\u00e9tica Alem\u00e3 ENEV 2007 e a Apresenta\u00e7\u00e3o de Poss\u00edveis Contribui\u00e7\u00f5es para o caso Brasileiro. In: NUTAU 2008 &#8211; Espa\u00e7o Sustent\u00e1vel, Inova\u00e7\u00f5es em Edif\u00edcios e Cidades, 2008, S\u00e3o Paulo. 7\u00ba Semin\u00e1rio Internacional Espa\u00e7o Sustent\u00e1vel, Inova\u00e7\u00f5es em Edif\u00edcios e Cidades. S\u00e3o Paulo: NUTAU USP, 2008.<\/span><\/p>\n<p><span style=\"font-family: helvetica, arial, sans-serif; font-size: 14pt;\"><a class=\"tooltip\" title=\"Clique para visualizar o curr\u00edculo\" href=\"http:\/\/lattes.cnpq.br\/0959256350186452\" target=\"_blank\" rel=\"noopener noreferrer\">CUNHA, E. G.<\/a>; Luecking, Rolk-Michael ; VAUPEL, Karin . Determina\u00e7\u00e3o da Necessidade de Aquecimento de Edifica\u00e7\u00f5es Residenciais na Cidade de Porto Alegre, RS, com Base no Processo Simplificado da Norma Alem\u00e3 ENEV 2007. In: NUTAU 2008 &#8211; 7\u00ba Semin\u00e1rio Internacional Espa\u00e7o Sustent\u00e1vel Inova\u00e7\u00f5es em Edif\u00edcios e Cidades, 2008, S\u00e3o Paulo. 7\u00ba Semin\u00e1rio Internacional Espa\u00e7o Sustent\u00e1vel Inova\u00e7\u00f5es em Edif\u00edcios e Cidades. S\u00e3o Paulo: NUTAU USP, 2008.<\/span><\/p>\n<p><span style=\"font-family: helvetica, arial, sans-serif; font-size: 14pt;\"><a class=\"tooltip\" title=\"Clique para visualizar o curr\u00edculo\" href=\"http:\/\/lattes.cnpq.br\/0959256350186452\" target=\"_blank\" rel=\"noopener noreferrer\">CUNHA, E. G.<\/a>; MACHADO, Nino Roberto Schreder . Prot\u00f3tipo de Aquecedor Solar para a Cidade de Passo Fundo, RS:. In: NUTAU 2008 &#8211; Espa\u00e7o Sustent\u00e1vel, Inova\u00e7\u00f5es em Edif\u00edcios e Cidades, 2008, S\u00e3o Paulo. 7\u00ba Semin\u00e1rio Internacional Espa\u00e7o Sustent\u00e1vel, Inova\u00e7\u00f5es em Edif\u00edcios e Cidades. S\u00e3o Paulo: NUTAU USP, 2008.<\/span><\/p>\n<p><span style=\"font-family: helvetica, arial, sans-serif; font-size: 14pt;\"><a class=\"tooltip\" title=\"Clique para visualizar o curr\u00edculo\" href=\"http:\/\/lattes.cnpq.br\/0959256350186452\" target=\"_blank\" rel=\"noopener noreferrer\">CUNHA, E. G.<\/a>; Luecking, Rolk-Michael ; VAUPEL, Karin . Verifica\u00e7\u00e3o da Forma\u00e7\u00e3o de Mofo e Bolor em Superf\u00edcies Interiores de Paredes. In: NUTAU 2008 &#8211; Espa\u00e7o Sustent\u00e1vel, Inova\u00e7\u00f5es em Edif\u00edcios e Cidades, 2008, S\u00e3o Paulo. 7\u00ba Semin\u00e1rio Internacional Espa\u00e7o Sustent\u00e1vel, Inova\u00e7\u00f5es em Edif\u00edcios e Cidades. S\u00e3o Paulo: NUTAU USP, 2008.<\/span><\/p>\n<p><span style=\"font-family: helvetica, arial, sans-serif; font-size: 14pt;\"><a class=\"tooltip\" title=\"Clique para visualizar o curr\u00edculo\" href=\"http:\/\/lattes.cnpq.br\/0959256350186452\" target=\"_blank\" rel=\"noopener noreferrer\">CUNHA, E. G.<\/a>. APRESENTA\u00c7\u00c3O DA NORMA DE EFICI\u00caNCIA ENERG\u00c9TICA ALEM\u00c3 ENEV 2007 E DISCUSS\u00c3O DAS POSS\u00cdVEIS CONTRIBUI\u00c7\u00d5ES PARA O CASO BRASILEIRO. In: XII Encontro Nacional de Tecnologia do Ambiente Constru\u00eddo, 2008, Fortaleza. XII Encontro Nacional de Tecnologia do Ambiente Constru\u00eddo Gera\u00e7\u00e3o de Valor no Ambiente Constru\u00eddo: Inova\u00e7\u00e3o e Sustentabilidade, 2008.<\/span><\/p>\n<p><span style=\"font-family: helvetica, arial, sans-serif; font-size: 14pt;\"><a class=\"tooltip\" title=\"Clique para visualizar o curr\u00edculo\" href=\"http:\/\/lattes.cnpq.br\/0959256350186452\" target=\"_blank\" rel=\"noopener noreferrer\">CUNHA, E. G.<\/a>;\u00a0<a class=\"tooltip\" title=\"Clique para visualizar o curr\u00edculo\" href=\"http:\/\/lattes.cnpq.br\/0092514602298549\" target=\"_blank\" rel=\"noopener noreferrer\">MACHADO, Nino<\/a>\u00a0; TURELLA, Lais ; NEGRI, Lisiane de ; MENEZES, Milton Serpa ; Marroquin, Adans ;\u00a0<a class=\"tooltip\" title=\"Clique para visualizar o curr\u00edculo\" href=\"http:\/\/lattes.cnpq.br\/0492486046286023\" target=\"_blank\" rel=\"noopener noreferrer\">Paluch, M\u00e1rio<\/a>\u00a0. Entwicklung einer nat\u00fcrlichen Heizanlage. In: 12. Bauklimatisches Symposium, 2007, Dresden. Tagungsband 1. Dresden: Technische Universit\u00e4t Dresden, 2007. v. 1. p. 48-57.<\/span><\/p>\n<p><span style=\"font-family: helvetica, arial, sans-serif; font-size: 14pt;\"><a class=\"tooltip\" title=\"Clique para visualizar o curr\u00edculo\" href=\"http:\/\/lattes.cnpq.br\/0959256350186452\" target=\"_blank\" rel=\"noopener noreferrer\">CUNHA, E. G.<\/a>; JAGER, W. ; MASCARO, Juan Luis . Form- und Gebrauchsvergleichung von der Architekturelement Dach in S\u00fcdbrasilien und in Deutschland. In: 12. Bauklimatisches Symposium, 2007, Dresden. Tagungsband 1. Dresden: Technische Universit\u00e4t Dresden, 2007. v. 1. p. 128-135.<\/span><\/p>\n<p><span style=\"font-family: helvetica, arial, sans-serif; font-size: 14pt;\"><a class=\"tooltip\" title=\"Clique para visualizar o curr\u00edculo\" href=\"http:\/\/lattes.cnpq.br\/0959256350186452\" target=\"_blank\" rel=\"noopener noreferrer\">CUNHA, E. G.<\/a>; PINHEIRO, Augusto Becke . Aspectos relevantes do projeto de esquadrias na regi\u00e3o norte do estado do RS. In: IX Encontro Nacional de Conforto no ambiente Constru\u00eddo, V Encontro Latino Americano de Conforto no Ambiente Constru\u00eddo, 2007, Ouro Preto. Anais IX Encontro Nacional e V Encontro Latino Americano de Conforto no ambiente Constru\u00eddo, 2007. p. 471-480.<\/span><\/p>\n<p><span style=\"font-family: helvetica, arial, sans-serif; font-size: 14pt;\"><a class=\"tooltip\" title=\"Clique para visualizar o curr\u00edculo\" href=\"http:\/\/lattes.cnpq.br\/0959256350186452\" target=\"_blank\" rel=\"noopener noreferrer\">CUNHA, E. G.<\/a>; PINHEIRO, Augusto Becke ; NEGRI, Lisiane de ; TURELLA, Lais ; Tiago Marchiori ; Vanessa Cecconello . An\u00e1lise do desempenho das esquadrias de tipologias residenciais na zona central da cidade de Passo Fundo. In: IX Encontro Nacional de Conforto no ambiente Constru\u00eddo, V Encontro Latino Americano de Conforto no Ambiente Constru\u00eddo, 2007, Ouro Preto. Anais IX Encontro Nacional, V Encontro Latino-americano de Conforto no Ambiente Constru\u00eddo, 2007. p. 491-500.<\/span><\/p>\n<p><span style=\"font-family: helvetica, arial, sans-serif; font-size: 14pt;\"><a class=\"tooltip\" title=\"Clique para visualizar o curr\u00edculo\" href=\"http:\/\/lattes.cnpq.br\/0959256350186452\" target=\"_blank\" rel=\"noopener noreferrer\">CUNHA, E. G.<\/a>; PINHEIRO, Augusto Becke ;\u00a0<a class=\"tooltip\" title=\"Clique para visualizar o curr\u00edculo\" href=\"http:\/\/lattes.cnpq.br\/0092514602298549\" target=\"_blank\" rel=\"noopener noreferrer\">MACHADO, Nino<\/a>\u00a0; TURELLA, Lais ; NEGRI, Lisiane de ; MENEZES, Milton Cerpa ; Marroquin, Adans ;\u00a0<a class=\"tooltip\" title=\"Clique para visualizar o curr\u00edculo\" href=\"http:\/\/lattes.cnpq.br\/0492486046286023\" target=\"_blank\" rel=\"noopener noreferrer\">Paluch, M\u00e1rio<\/a> . Proposta de aquecedor natural para a regi\u00e3o de Passo Fundo, RS. In: IX Encontro Nacional de Conforto no ambiente Constru\u00eddo, V Encontro Latino Americano de Conforto no Ambiente Constru\u00eddo, 2007, Ouro Preto. IX Encontro Nacional e V Encontro LAtino-americano de conforto no ambiente constru\u00eddo, 2007. p. 471-480.<\/span><\/p>\n<p><span style=\"font-family: helvetica, arial, sans-serif; font-size: 14pt;\"><a class=\"tooltip\" title=\"Clique para visualizar o curr\u00edculo\" href=\"http:\/\/lattes.cnpq.br\/0959256350186452\" target=\"_blank\" rel=\"noopener noreferrer\">CUNHA, E. G.<\/a>; PINHEIRO, Augusto Becke ; NEGRI, Lisiane de ; TURELLA, Lais . AVALIA\u00c7\u00c3O DAS CONDI\u00c7\u00d5ES DE CONFORTO T\u00c9RMICO DE SALAS DE AULA DA UNIVERSIDADE DE PASSO FUNDO. In: IX Encontro Nacional de Conforto no ambiente Constru\u00eddo, V Encontro Latino Americano de Conforto no Ambiente Constru\u00eddo, 2007, Ouro Preto. IX Encontro Nacional e V Encontro Latino-americano de Conforto no Ambiente Constru\u00eddo, 2007. p. 481-491.<\/span><\/p>\n<p><span style=\"font-family: helvetica, arial, sans-serif; font-size: 14pt;\"><a class=\"tooltip\" href=\"http:\/\/lattes.cnpq.br\/0868797216051044\" target=\"_blank\" rel=\"noopener noreferrer\">FRANDOLOSO, Marcos Antonio Leite<\/a>\u00a0;\u00a0<a class=\"tooltip\" title=\"Clique para visualizar o curr\u00edculo\" href=\"http:\/\/lattes.cnpq.br\/0959256350186452\" target=\"_blank\" rel=\"noopener noreferrer\">CUNHA, E. G.<\/a>\u00a0;\u00a0<a class=\"tooltip\" title=\"Clique para visualizar o curr\u00edculo\" href=\"http:\/\/lattes.cnpq.br\/4109261310326480\" target=\"_blank\" rel=\"noopener noreferrer\">BRANDLI, Luciana Londero<\/a>\u00a0; TURELLA, Lais ; NEGRI, Lisiane de ; Tiago Marchiori ; Jo\u00e3o Rostirolla . Sustainability and natural resources uses at a South Brazilian university: proposing an environmental plan to University of Passo Fundo.. In: Portugal SB07 Sustainable Construction: material and practices: challenge of the industry for the New Millenniun, 2007, 2007, Lisboa. Proceedings of Portugal SB07. Lisboa, Amsterdam: Delft University Press &#8211; IOS Press, 2007., 2007. v. 1. p. 139-146.<\/span><\/p>\n<p><span style=\"font-family: helvetica, arial, sans-serif; font-size: 14pt;\"><a class=\"tooltip\" title=\"Clique para visualizar o curr\u00edculo\" href=\"http:\/\/lattes.cnpq.br\/0959256350186452\" target=\"_blank\" rel=\"noopener noreferrer\">CUNHA, E. G.<\/a>; NEGRI, Lisiane de ; PINHEIRO, Augusto Becke ; TURELLA, La\u00eds ;\u00a0<a class=\"tooltip\" title=\"Clique para visualizar o curr\u00edculo\" href=\"http:\/\/lattes.cnpq.br\/0092514602298549\" target=\"_blank\" rel=\"noopener noreferrer\">MACHADO, Nino<\/a>\u00a0; MENEZES, Milton Cerpa ;\u00a0<a class=\"tooltip\" title=\"Clique para visualizar o curr\u00edculo\" href=\"http:\/\/lattes.cnpq.br\/0492486046286023\" target=\"_blank\" rel=\"noopener noreferrer\">Paluch, M\u00e1rio<\/a>\u00a0; Marroquin, Adans . Sistema de calafa\u00e7\u00e3o natural em habita\u00e7\u00f5es de interesse social para cidades do sul do pa\u00eds. In: V Forum de Arquitetura e Urbanismo: Tecnologia e Natureza, 2007, Santa Maria. V Forum de Arquitetura e Urbanismo: Tecnologia e Natureza. Santa Maria: Unifra, 2007. v. 1.<\/span><\/p>\n<p><span style=\"font-family: helvetica, arial, sans-serif; font-size: 14pt;\">NEGRI, Lisiane de ;\u00a0<a class=\"tooltip\" href=\"http:\/\/lattes.cnpq.br\/0959256350186452\" target=\"_blank\" rel=\"noopener noreferrer\">CUNHA, E. G.<\/a>\u00a0; TURELLA, Lais ;\u00a0<a class=\"tooltip\" title=\"Clique para visualizar o curr\u00edculo\" href=\"http:\/\/lattes.cnpq.br\/0092514602298549\" target=\"_blank\" rel=\"noopener noreferrer\">MACHADO, Nino Roberto Schleder<\/a>\u00a0; MENEZES, Milton Serpa ; Marroquin, Adans ;\u00a0<a class=\"tooltip\" title=\"Clique para visualizar o curr\u00edculo\" href=\"http:\/\/lattes.cnpq.br\/0492486046286023\" target=\"_blank\" rel=\"noopener noreferrer\">Paluch, M\u00e1rio<\/a>\u00a0; Moacir Fauth . Sistema de calefa\u00e7\u00e3o alternativa prpoposta para habita\u00e7\u00f5es de interesse social. In: XXII Congresso Regional de Inicia\u00e7\u00e3o Cient\u00edfica e Tecnologia em Engenharia, 2007, Passo Fundo. CRICTE 2007. Passo Fundo: Editora da UPF, 2007. v. 1.<\/span><\/p>\n<p><span style=\"font-family: helvetica, arial, sans-serif; font-size: 14pt;\">TURELLA, Lais ;\u00a0<a class=\"tooltip\" href=\"http:\/\/lattes.cnpq.br\/0959256350186452\" target=\"_blank\" rel=\"noopener noreferrer\">CUNHA, E. G.<\/a>\u00a0; NEGRI, Lisiane de . An\u00e1lise da efici\u00eancia energ\u00e9tica das tipologias escolares na universidade de Passo Fundo. In: XXII Congresso Regional de Inicia\u00e7\u00e3o Cient\u00edfica e Tecnologia em Engenharia, 2007, Passo Fundo. CRICTE 2007. Passo Fundo: Editora da UPF, 2007. v. 1.<\/span><\/p>\n<p><span style=\"font-family: helvetica, arial, sans-serif; font-size: 14pt;\">Marcela Klein Toscan ;\u00a0<a class=\"tooltip\" title=\"Clique para visualizar o curr\u00edculo\" href=\"http:\/\/lattes.cnpq.br\/0959256350186452\" target=\"_blank\" rel=\"noopener noreferrer\">CUNHA, E. G.<\/a>\u00a0;\u00a0<a class=\"tooltip\" title=\"Clique para visualizar o curr\u00edculo\" href=\"http:\/\/lattes.cnpq.br\/5782024822288028\" target=\"_blank\" rel=\"noopener noreferrer\">FRITSCH, Rodrigo Carlos<\/a>\u00a0. O projeto de esquadrias considerando os requisitos clim\u00e1ticos do clima subtropical \u00famido. In: XXII Congresso Regional de Inicia\u00e7\u00e3o Cient\u00edfica e Tecnologia em Engenharia, 2007, Passo Fundo. CRICTE 2007. Passo Fundo: Editora da UPF, 2007. v. 1.<\/span><\/p>\n<p><span style=\"font-family: helvetica, arial, sans-serif; font-size: 14pt;\">Marcela Klein Toscan ;\u00a0<a class=\"tooltip\" title=\"Clique para visualizar o curr\u00edculo\" href=\"http:\/\/lattes.cnpq.br\/0959256350186452\" target=\"_blank\" rel=\"noopener noreferrer\">CUNHA, E. G.<\/a>\u00a0;\u00a0<a class=\"tooltip\" title=\"Clique para visualizar o curr\u00edculo\" href=\"http:\/\/lattes.cnpq.br\/5782024822288028\" target=\"_blank\" rel=\"noopener noreferrer\">FRITSCH, Rodrigo Carlos<\/a>\u00a0. Estudo da efici\u00eancia energ\u00e9tica de aberturas nas edifica\u00e7\u00f5es residenciais em altura na cidade de Passo Fundo. In: XXII Congresso Regional de Inicia\u00e7\u00e3o Cient\u00edfica e Tecnologia em Engenharia, 2007, Passo Fundo. CRICTE 2007. Passo Fundo: Editora da UPF, 2007. v. 1.<\/span><\/p>\n<p><span style=\"font-family: helvetica, arial, sans-serif; font-size: 14pt;\"><a class=\"tooltip\" title=\"Clique para visualizar o curr\u00edculo\" href=\"http:\/\/lattes.cnpq.br\/0959256350186452\" target=\"_blank\" rel=\"noopener noreferrer\">CUNHA, E. G.<\/a>; D\u00d3RIS, Zechmeister ; MARCOS, Frondoloso ; QUEVEDO, Evanisa ; VASCONCELLOS, Luciano . PARCERIA UNIVERSIDADE-GOVERNO COMO FONTE DE DIFUS\u00c3O DO CONHECIMENTO TECNOL\u00d3GICO E AMBIENTAL PARA O MEIO PROFISSIONAL E ACAD\u00caMICO. In: NUTAU 2006 INOVA\u00c7\u00d5ES TECNOL\u00d3GICAS E SUSTENTABILIDADE, 2006, S\u00c3O PAULO. UTAU 2006 INOVA\u00c7\u00d5ES TECNOL\u00d3GICAS E SUSTENTABILIDADE. S\u00c3O PAULO: NUTAU USP, 2006. v. CD.<\/span><\/p>\n<p><span style=\"font-family: helvetica, arial, sans-serif; font-size: 14pt;\"><a class=\"tooltip\" title=\"Clique para visualizar o curr\u00edculo\" href=\"http:\/\/lattes.cnpq.br\/0959256350186452\" target=\"_blank\" rel=\"noopener noreferrer\">CUNHA, E. G.<\/a>;\u00a0<a class=\"tooltip\" href=\"http:\/\/lattes.cnpq.br\/9041308250400732\" target=\"_blank\" rel=\"noopener noreferrer\">GELPI, Adriana<\/a>\u00a0;\u00a0<a class=\"tooltip\" title=\"Clique para visualizar o curr\u00edculo\" href=\"http:\/\/lattes.cnpq.br\/3802510077342121\" target=\"_blank\" rel=\"noopener noreferrer\">ROSSETTO, Adriana Marques<\/a>\u00a0; VASCONCELLOS, Luciano ; KALIL, Rosa Locateli . INTERDISCIPLINARIDADE COMO REQUISITO B\u00c1SICO PARA O ENSINO DE PROJETO DE ARQUITETURA. In: NUTAU 2006 INOVA\u00c7\u00d5ES TECNOL\u00d3GICAS E SUSTENTABILIDADE, 2006, S\u00c3O PAULO. NUTAU 2006 INOVA\u00c7\u00d5ES TECNOL\u00d3GICAS E SUSTENTABILIDADE. S\u00c3O PAULO: NUATU USP, 2006. v. CD.<\/span><\/p>\n<p><span style=\"font-family: helvetica, arial, sans-serif; font-size: 14pt;\"><a class=\"tooltip\" title=\"Clique para visualizar o curr\u00edculo\" href=\"http:\/\/lattes.cnpq.br\/0959256350186452\" target=\"_blank\" rel=\"noopener noreferrer\">CUNHA, E. G.<\/a>; NEGRI, Lisiane de ; TURELLA, La\u00eds . Project of Natural Heater. In: Tropentag 2006 &#8211; International Research on Food Security,Natural Resource Management and Rural Development: Prosperity and Poverty in a Globalized World \u2013 Challenges for Agricultural Research, 2006, Bonn, Alemanha. Tropentag 2006 &#8211; International Research on Food Security,Natural Resource. Bonn: Webmaster: Dr. Andreas Deininger, 2006.<\/span><\/p>\n<p><span style=\"font-family: helvetica, arial, sans-serif; font-size: 14pt;\"><a class=\"tooltip\" title=\"Clique para visualizar o curr\u00edculo\" href=\"http:\/\/lattes.cnpq.br\/0959256350186452\" target=\"_blank\" rel=\"noopener noreferrer\">CUNHA, E. G.<\/a>; MASCARO, Juan Luis . Modelo de apoio \u00e0 escolha de coberturas de edif\u00edcios industriais. In: Mercofrio 2006, 2006, Porto Alegre. Anais do Congresso Mercofrio 2006. Porto Alegre: UFRGS, 2006. v. CD.<\/span><\/p>\n<p><span style=\"font-family: helvetica, arial, sans-serif; font-size: 14pt;\"><a class=\"tooltip\" title=\"Clique para visualizar o curr\u00edculo\" href=\"http:\/\/lattes.cnpq.br\/0959256350186452\" target=\"_blank\" rel=\"noopener noreferrer\">CUNHA, E. G.<\/a>. Aspectos relevantes do projeto de esquadrias na regi\u00e3o norte do estado do RS. In: Mercofrio 2006, 2006, Porto Alegre. Anais do Congresso Mercofrio 2006. Porto Alegre: UFRGS, 2006. v. CD.<\/span><\/p>\n<p><span style=\"font-family: helvetica, arial, sans-serif; font-size: 14pt;\"><a class=\"tooltip\" title=\"Clique para visualizar o curr\u00edculo\" href=\"http:\/\/lattes.cnpq.br\/0959256350186452\" target=\"_blank\" rel=\"noopener noreferrer\">CUNHA, E. G.<\/a>; MASCARO, Juan Luis . O PAPEL DA TECNOLOGIA NA DIVERSIDADE DA PRODU\u00c7\u00c3O ARQUITET\u00d4NICA NA ATUALIDADE. In: 4\u00ba F\u00f3rum de Arquitetura e Urbanismo: Ambientes da diversidade, 2006, Santa Maria. Anais do 4\u00ba Forum de Arquitetura e Urbanismo Ambientes da Diversidade. Santa Maria: Ogma Est\u00fadio, 2006.<\/span><\/p>\n<p><span style=\"font-family: helvetica, arial, sans-serif; font-size: 14pt;\"><a class=\"tooltip\" title=\"Clique para visualizar o curr\u00edculo\" href=\"http:\/\/lattes.cnpq.br\/0959256350186452\" target=\"_blank\" rel=\"noopener noreferrer\">CUNHA, E. G.<\/a>; MASCARO, Juan Luis . A FORMA H\u00cdBRIDA DE PROJETAR NA ATUALIDADE E A DISCUSS\u00c3O DA POSSIBILIDADE DA UTILIZA\u00c7\u00c3O DE MODELOS MATEM\u00c1TICOS NO PROCESSO DE CONCEP\u00c7\u00c3O ARQUITET\u00d4NICA. In: 4\u00ba F\u00f3rum de Arquitetura e Urbanismo: Ambientes da diversidade, 2006, Santa Maria. Anais do 4\u00ba Forum de Arquitetura e Urbanismo Ambientes da Diversidade. Santa Maria: Ogma Est\u00fadio, 2006. v. CD.<\/span><\/p>\n<p><span style=\"font-family: helvetica, arial, sans-serif; font-size: 14pt;\"><a class=\"tooltip\" title=\"Clique para visualizar o curr\u00edculo\" href=\"http:\/\/lattes.cnpq.br\/5782024822288028\" target=\"_blank\" rel=\"noopener noreferrer\">FRITSCH, Rodrigo Carlos<\/a>\u00a0; KALIL, Rosa Locateli ;\u00a0<a class=\"tooltip\" title=\"Clique para visualizar o curr\u00edculo\" href=\"http:\/\/lattes.cnpq.br\/0959256350186452\" target=\"_blank\" rel=\"noopener noreferrer\">CUNHA, E. G.<\/a>\u00a0. DIVERSIDADE AC\u00daSTICA NOS CENTROS URBANOS: UM ESTUDO EXPLORAT\u00d3RIO NO CENTRO DE PASSO FUNDO-RS. In: 4\u00ba F\u00f3rum de Arquitetura e Urbanismo: Ambientes da diversidade, 2006, Santa Maria. Anais do 4\u00ba F\u00f3rum de Arquitetura e Urbanismo Ambientes da Diversidade. Santa Maria: Ogma Est\u00fadio, 2006. v. CD.<\/span><\/p>\n<p><span style=\"font-family: helvetica, arial, sans-serif; font-size: 14pt;\"><a class=\"tooltip\" title=\"Clique para visualizar o curr\u00edculo\" href=\"http:\/\/lattes.cnpq.br\/0868797216051044\" target=\"_blank\" rel=\"noopener noreferrer\">FRANDOLOSO, Marcos Antonio Leite<\/a>\u00a0;\u00a0<a class=\"tooltip\" title=\"Clique para visualizar o curr\u00edculo\" href=\"http:\/\/lattes.cnpq.br\/0959256350186452\" target=\"_blank\" rel=\"noopener noreferrer\">CUNHA, E. G.<\/a>\u00a0;\u00a0<a class=\"tooltip\" title=\"Clique para visualizar o curr\u00edculo\" href=\"http:\/\/lattes.cnpq.br\/4109261310326480\" target=\"_blank\" rel=\"noopener noreferrer\">BRANDLI, Luciana Londero<\/a>\u00a0; KALIL, Rosa Maria Locateli ;\u00a0<a class=\"tooltip\" title=\"Clique para visualizar o curr\u00edculo\" href=\"http:\/\/lattes.cnpq.br\/7742121538451381\" target=\"_blank\" rel=\"noopener noreferrer\">PINHEIRO, Augusto Bencke<\/a>\u00a0; Tiago Marchiori . A DIVERSIDADE DO AMBIENTE CONSTRU\u00cdDO DAS INSTITUI\u00c7\u00d5ES DE ENSINO SUPERIOR (IES): A SUSTENTABILIDADE E A UTILIZA\u00c7\u00c3O DOS RECURSOS NATURAIS NA UNIVERSIDADE DE PASSO FUNDO. In: 4\u00ba F\u00f3rum de Arquitetura e Urbanismo Ambientes da Diversidade, 2006, Santa Maria. Anais do 4\u00ba F\u00f3rum de Arquitetura e Urbanismo Ambientes da Diversidade. Santa Maria: Ogma Est\u00fadio, 2006. v. CD.<\/span><\/p>\n<p><span style=\"font-family: helvetica, arial, sans-serif; font-size: 14pt;\"><a class=\"tooltip\" title=\"Clique para visualizar o curr\u00edculo\" href=\"http:\/\/lattes.cnpq.br\/0959256350186452\" target=\"_blank\" rel=\"noopener noreferrer\">CUNHA, E. G.<\/a>. Proposta de avalia\u00e7\u00e3o e escolha de coberturas de edif\u00edcios industriais. In: Workshop Desempenho de Sistemas Construtivos, 2006, Chapec\u00f3. Workshop Desemepnho de sistemas construtivos. Chapec\u00f3: Editora da Unochapec\u00f3, 2006.<\/span><\/p>\n<p><span style=\"font-family: helvetica, arial, sans-serif; font-size: 14pt;\"><a class=\"tooltip\" title=\"Clique para visualizar o curr\u00edculo\" href=\"http:\/\/lattes.cnpq.br\/0959256350186452\" target=\"_blank\" rel=\"noopener noreferrer\">CUNHA, E. G.<\/a>; TURELLA, La\u00eds ; NEGRI, Lisiane de ;\u00a0<a class=\"tooltip\" title=\"Clique para visualizar o curr\u00edculo\" href=\"http:\/\/lattes.cnpq.br\/0092514602298549\" target=\"_blank\" rel=\"noopener noreferrer\">MACHADO, Nino Roberto Schleder<\/a>\u00a0. PROPOSTA DE UM TERMO-ACUMULADOR DE CALOR PARA EDIFICA\u00c7\u00d5ES DE BAIXA RENDA. In: II Congresso Brasileiro e I Ibero-americano Habita\u00e7\u00e3o Social &#8211; Ci\u00eancia e Tecnologia, 2006, Florian\u00f3polis. II Congresso Brasileiro e I Ibero-americano Habita\u00e7\u00e3o Social &#8211; Ci\u00eancia e Tecnologia. Florian\u00f3polis: Editora da UFSC, 2006. v. CD.<\/span><\/p>\n<p><span style=\"font-family: helvetica, arial, sans-serif; font-size: 14pt;\"><a class=\"tooltip\" title=\"Clique para visualizar o curr\u00edculo\" href=\"http:\/\/lattes.cnpq.br\/0959256350186452\" target=\"_blank\" rel=\"noopener noreferrer\">CUNHA, E. G.<\/a>; LOCATELLI, Rosa Maria ; ROSSETTO, Adriana ; VASCONCELLOS, Luciano ;\u00a0<a class=\"tooltip\" href=\"http:\/\/lattes.cnpq.br\/9041308250400732\" target=\"_blank\" rel=\"noopener noreferrer\">GELPI, Adriana<\/a>\u00a0. Interdisciplinaridade como proposta de ensino de projeto de arquitetura. In: II Semin\u00e1rio Internacional sobre ensino de projeto de arquitetura: rebatimentos e interfaces., 2005, Rio de Janeiro. II Semin\u00e1rio sobre Ensino e Pesquisa em Projeto e Arquitetura &#8211; Caderno de Resumos. Rio de Janeiro: Luna&#8217;s Art, 2005. v. CD ROM. p. 101-101.<\/span><\/p>\n<p><span style=\"font-family: helvetica, arial, sans-serif; font-size: 14pt;\"><a class=\"tooltip\" title=\"Clique para visualizar o curr\u00edculo\" href=\"http:\/\/lattes.cnpq.br\/0959256350186452\" target=\"_blank\" rel=\"noopener noreferrer\">CUNHA, E. G.<\/a>; MASCARO, Juan Luis . Metodologia de escolha de coberturas de edif\u00edcios industriais. In: MERCOFRIO 2004 &#8211; CONGRESSO DE AR CONDICIONADO, REFRIGERA\u00c7\u00c3O, AQUECIMENTO E VENTILA\u00c7\u00c3O DO MERCOSUL, 2004, Curitiba. MERCOFRIO 2004 &#8211; CONGRESSO DE AR CONDICIONADO, REFRIGERA\u00c7\u00c3O, AQUECIMENTO E VENTILA\u00c7\u00c3O DO MERCOSUL, 2004.<\/span><\/p>\n<p><span style=\"font-family: helvetica, arial, sans-serif; font-size: 14pt;\">CERVIERI, Giovana ; QUEVEDO, Evanisa ;\u00a0<a class=\"tooltip\" title=\"Clique para visualizar o curr\u00edculo\" href=\"http:\/\/lattes.cnpq.br\/0959256350186452\" target=\"_blank\" rel=\"noopener noreferrer\">CUNHA, E. G.<\/a>\u00a0;\u00a0<a class=\"tooltip\" title=\"Clique para visualizar o curr\u00edculo\" href=\"http:\/\/lattes.cnpq.br\/3802510077342121\" target=\"_blank\" rel=\"noopener noreferrer\">ROSSETTO, Adriana Marques<\/a>\u00a0;\u00a0<a class=\"tooltip\" href=\"http:\/\/lattes.cnpq.br\/7110201454310850\" target=\"_blank\" rel=\"noopener noreferrer\">MASCAR\u00d3, Juan Jos\u00e9<\/a>\u00a0. Educa\u00e7\u00e3o ambiental e desenvolvimento sustent\u00e1vel simbolizando a comunidade para os impactos da disposi\u00e7\u00e3o de res\u00edduos s\u00f3lidos urbanos. In: Congresso Brasileiro de Ci\u00eancia e Tecnologia em Res\u00edduos e Desenvolvimento Sustent\u00e1vel, 2004, Florian\u00f3polis. Livro de Resumos. Florian\u00f3polis. v. 1. p. 107-107.<\/span><\/p>\n<p><span style=\"font-family: helvetica, arial, sans-serif; font-size: 14pt;\"><a class=\"tooltip\" title=\"Clique para visualizar o curr\u00edculo\" href=\"http:\/\/lattes.cnpq.br\/0959256350186452\" target=\"_blank\" rel=\"noopener noreferrer\">CUNHA, E. G.<\/a>; D\u00d3RIS, Zechmeister ; EVANIZA, Quevedo ; JUAN, Mascar\u00f3 Jos\u00e9 ; LUCIANO, Vasconcellos ; MARCOS, Frondoloso . Parceria universidade-governo como fonte de difus\u00e3o do conhecimento para o meio profissional e acad\u00eamico. In: X Encuentro anual latinoamericano ULACAV, 2004, Pelotas. X Encuentro anual latinoamericano ULACAV. Pelotas: UFPel, 2004. v. CD ROM.<\/span><\/p>\n<p><span style=\"font-family: helvetica, arial, sans-serif; font-size: 14pt;\"><a class=\"tooltip\" title=\"Clique para visualizar o curr\u00edculo\" href=\"http:\/\/lattes.cnpq.br\/0959256350186452\" target=\"_blank\" rel=\"noopener noreferrer\">CUNHA, E. G.<\/a>; MELLO, Evaniza Fatima Quevedo de ;\u00a0<a class=\"tooltip\" title=\"Clique para visualizar o curr\u00edculo\" href=\"http:\/\/lattes.cnpq.br\/3802510077342121\" target=\"_blank\" rel=\"noopener noreferrer\">ROSSETTO, Adriana Marques<\/a>\u00a0;\u00a0<a class=\"tooltip\" title=\"Clique para visualizar o curr\u00edculo\" href=\"http:\/\/lattes.cnpq.br\/7110201454310850\" target=\"_blank\" rel=\"noopener noreferrer\">MASCARO, Juan Jose<\/a>\u00a0;\u00a0<a class=\"tooltip\" title=\"Clique para visualizar o curr\u00edculo\" href=\"http:\/\/lattes.cnpq.br\/9692479842063012\" target=\"_blank\" rel=\"noopener noreferrer\">ORTH, Dora Maria<\/a>\u00a0. Desenvolvimento Urbano Sustent\u00e1vel atrav\u00e9s da utiliza\u00e7\u00e3o de Balanced Scorecard no Processo de Gest\u00e3o. In: Congresso Brasileiro de Ci\u00eancia e Tecnologia em Res\u00edduos e Desenvolvimento Sustent\u00e1vel, 2004, Florian\u00f3polis. Livro de Resumos, 2004.<\/span><\/p>\n<p><span style=\"font-family: helvetica, arial, sans-serif; font-size: 14pt;\"><a class=\"tooltip\" title=\"Clique para visualizar o curr\u00edculo\" href=\"http:\/\/lattes.cnpq.br\/0959256350186452\" target=\"_blank\" rel=\"noopener noreferrer\">CUNHA, E. G.<\/a>;\u00a0<a class=\"tooltip\" title=\"Clique para visualizar o curr\u00edculo\" href=\"http:\/\/lattes.cnpq.br\/3614219510913139\" target=\"_blank\" rel=\"noopener noreferrer\">MAGRO, M.<\/a>\u00a0. Novas Estrat\u00e9gias Projetuais na Constru\u00e7\u00e3o Civil: a Racionaliza\u00e7\u00e3o do Uso da Energia. In: Mercofrio 2002 &#8211; Feira e Congresso de Ar Condicionado, refrigera\u00e7\u00e3o, aquecimento, e ventila\u00e7\u00e3o do mercosul., 2002, Florian\u00f3polis. Mercofrio 2002. Florian\u00f3polis: ASBRAV UFRGS, 2002. v. CD.<\/span><\/p>\n<p><span style=\"font-family: helvetica, arial, sans-serif; font-size: 14pt;\"><a class=\"tooltip\" title=\"Clique para visualizar o curr\u00edculo\" href=\"http:\/\/lattes.cnpq.br\/0959256350186452\" target=\"_blank\" rel=\"noopener noreferrer\">CUNHA, E. G.<\/a>;\u00a0<a class=\"tooltip\" href=\"http:\/\/lattes.cnpq.br\/2205620750981533\" target=\"_blank\" rel=\"noopener noreferrer\">SPANNENBERG, Mariane<\/a>\u00a0;\u00a0<a class=\"tooltip\" title=\"Clique para visualizar o curr\u00edculo\" href=\"http:\/\/lattes.cnpq.br\/3614219510913139\" target=\"_blank\" rel=\"noopener noreferrer\">MAGRO, M.<\/a>\u00a0. Consolida\u00e7\u00e3o de um padr\u00e3o tipol\u00f3gico eficiente energeticamente nas edifica\u00e7\u00f5es da universidade de Passo Fundo. In: Mercofrio 2002 &#8211; Feira e Congresso de Ar Condicionado, refrigera\u00e7\u00e3o, aquecimento, e ventila\u00e7\u00e3o do mercosul., 2002, Florian\u00f3polis. Mercofrio 2002. Florian\u00f3polis, 2002. v. CD.<\/span><\/p>\n<p><span style=\"font-family: helvetica, arial, sans-serif; font-size: 14pt;\"><a class=\"tooltip\" title=\"Clique para visualizar o curr\u00edculo\" href=\"http:\/\/lattes.cnpq.br\/0959256350186452\" target=\"_blank\" rel=\"noopener noreferrer\">CUNHA, E. G.<\/a>. Proposta de uma metodologia para projeto luminot\u00e9cnico a partir da filosofia de Kevin Lynch. In: I Congresso Internacional de Psican\u00e1lise e Intersec\u00e7\u00f5es, 2002, Porto Alegre. Porto Alegre, 2002.<\/span><\/p>\n<p><span style=\"font-family: helvetica, arial, sans-serif; font-size: 14pt;\"><a class=\"tooltip\" title=\"Clique para visualizar o curr\u00edculo\" href=\"http:\/\/lattes.cnpq.br\/0959256350186452\" target=\"_blank\" rel=\"noopener noreferrer\">CUNHA, E. G.<\/a>;\u00a0<a class=\"tooltip\" title=\"Clique para visualizar o curr\u00edculo\" href=\"http:\/\/lattes.cnpq.br\/3614219510913139\" target=\"_blank\" rel=\"noopener noreferrer\">MAGRO, Maur\u00edcio Lago<\/a>\u00a0;\u00a0<a class=\"tooltip\" title=\"Clique para visualizar o curr\u00edculo\" href=\"http:\/\/lattes.cnpq.br\/2205620750981533\" target=\"_blank\" rel=\"noopener noreferrer\">SPANNENBERG, Mariane<\/a>\u00a0. Consolida\u00e7\u00e3o de um padr\u00e3o tipol\u00f3gico eficiente energeticamente na Universidade de Passo Fundo. In: XVII Congresso Regional de Inicia\u00e7\u00e3o Cient\u00edfica e Tecnol\u00f3gica em Engenharia e III Feira de Prot\u00f3tipos, 2002, Passo Fundo. XVII Congresso Regional de Inicia\u00e7\u00e3o Cient\u00edfica e Tecnol\u00f3gica em Engenharia e III Feira de Prot\u00f3tipos, 2002. v. CD.<\/span><\/p>\n<p><span style=\"font-family: helvetica, arial, sans-serif; font-size: 14pt;\"><a class=\"tooltip\" title=\"Clique para visualizar o curr\u00edculo\" href=\"http:\/\/lattes.cnpq.br\/0959256350186452\" target=\"_blank\" rel=\"noopener noreferrer\">CUNHA, E. G.<\/a>;\u00a0<a class=\"tooltip\" href=\"http:\/\/lattes.cnpq.br\/3614219510913139\" target=\"_blank\" rel=\"noopener noreferrer\">MAGRO, Maur\u00edcio Lago<\/a>\u00a0; SPANNEMBERG, Mariane Gambert . Novas estrat\u00e9gias na constru\u00e7\u00e3o civil: a racionaliza\u00e7\u00e3o do uso da energia. In: XVII Congresso Regional de Inicia\u00e7\u00e3o Cient\u00edfica e Tecnol\u00f3gica em Engenharia e III Feira de Prot\u00f3tipos, 2002, Passo Fundo. XVII Congresso Regional de Inicia\u00e7\u00e3o Cient\u00edfica e Tecnol\u00f3gica em Engenharia e III Feira de Prot\u00f3tipos, 2002. v. CD.<\/span><\/p>\n<p><span style=\"font-family: helvetica, arial, sans-serif; font-size: 14pt;\"><a class=\"tooltip\" title=\"Clique para visualizar o curr\u00edculo\" href=\"http:\/\/lattes.cnpq.br\/0959256350186452\" target=\"_blank\" rel=\"noopener noreferrer\">CUNHA, E. G.<\/a>. Novas estrat\u00e9gias projetuais na constru\u00e7\u00e3o civil: a racionaliza\u00e7\u00e3o do uso da energia. In: NUTAU 2002; Sustentabilidade, Arquitetura e Desenho Urbano, 2002, S\u00e3o Paulo. NUTAU 2002; Sustentabilidade, Arquitetura e Desenho Urbano. S\u00e3o Paulo: NUTAU, 2002.<\/span><\/p>\n<p><span style=\"font-family: helvetica, arial, sans-serif; font-size: 14pt;\"><a class=\"tooltip\" title=\"Clique para visualizar o curr\u00edculo\" href=\"http:\/\/lattes.cnpq.br\/0959256350186452\" target=\"_blank\" rel=\"noopener noreferrer\">CUNHA, E. G.<\/a>. Consolida\u00e7\u00e3o de um padr\u00e3o tipol\u00f3gico eficiente energeticamente nas edifica\u00e7\u00f5es da Universidade de Passo Fundo. In: NUTAU 2002; Sustentabilidade, Arquitetura e Desenho Urbano, 2002, S\u00e3o Paulo. NUTAU 2002; Sustentabilidade, Arquitetura e Desenho Urbano. S\u00e3o Paulo: NUTAU, 2002.<\/span><\/p>\n<p><span style=\"font-family: helvetica, arial, sans-serif; font-size: 14pt;\"><a class=\"tooltip\" title=\"Clique para visualizar o curr\u00edculo\" href=\"http:\/\/lattes.cnpq.br\/0959256350186452\" target=\"_blank\" rel=\"noopener noreferrer\">CUNHA, E. G.<\/a>; CENTENO, C. V. ;\u00a0<a class=\"tooltip\" href=\"http:\/\/lattes.cnpq.br\/6962246349580138\" target=\"_blank\" rel=\"noopener noreferrer\">SATTLER, M. A.<\/a>\u00a0. O res\u00edduo como um recurso. In: II Encontro Nacional e I Encontro Latino Americano sobre Edifica\u00e7\u00f5es e Comunidades Sustent\u00e1veis, 2001, Canela. Anais &#8211; II Encontro Nacional e I Encontro Latino Americano sobre Edifica\u00e7\u00f5es e Comunidades Sustent\u00e1veis. Porto Alegre: Editor Miguel Aloysio Sattler, 2001. v. 1. p. 255-261.<\/span><\/p>\n<p><span style=\"font-family: helvetica, arial, sans-serif; font-size: 14pt;\"><a class=\"tooltip\" title=\"Clique para visualizar o curr\u00edculo\" href=\"http:\/\/lattes.cnpq.br\/0959256350186452\" target=\"_blank\" rel=\"noopener noreferrer\">CUNHA, E. G.<\/a>. An\u00e1lise do desempenho de ventila\u00e7\u00e3o do pr\u00e9dio da Faculdade de Letras da UFRGS. In: VI Encontro nacional de conforto no ambiente constru\u00eddo &#8211; III Encontro Latino-Americano de conforto no ambiente constru\u00eddo, 2001, Campinas. Anais do ENCAC 2001. Campinas, 2001. p. CD.<\/span><\/p>\n<p><span style=\"font-family: helvetica, arial, sans-serif; font-size: 14pt;\"><a class=\"tooltip\" title=\"Clique para visualizar o curr\u00edculo\" href=\"http:\/\/lattes.cnpq.br\/0959256350186452\" target=\"_blank\" rel=\"noopener noreferrer\">CUNHA, E. G.<\/a>. Permeabilidade das edifica\u00e7\u00f5es a partir das esquadrias internas e sua verifica\u00e7\u00e3o com o software Ventil. In: VI Encontro nacional de conforto no ambiente constru\u00eddo &#8211; III Encontro Latino-Americano de conforto no ambiente constru\u00eddo, 2001, Campinas. Anais ENCAC 2001. Campinas, 2001. p. CD.<\/span><\/p>\n<p><span style=\"font-family: helvetica, arial, sans-serif; font-size: 14pt;\"><a class=\"tooltip\" title=\"Clique para visualizar o curr\u00edculo\" href=\"http:\/\/lattes.cnpq.br\/0959256350186452\" target=\"_blank\" rel=\"noopener noreferrer\">CUNHA, E. G.<\/a>. Permeabilidade interna a partir das esquadrias internas. In: INDOOR 2001 &#8211; 3\u00ba Congresso sobre meio ambiente e controle da qualidade do ar interior, 2001, Rio de Janeiro. INDOOR 2001. Rio de Janeiro, 2001.<\/span><\/p>\n<p><span style=\"font-family: helvetica, arial, sans-serif; font-size: 14pt;\"><a class=\"tooltip\" title=\"Clique para visualizar o curr\u00edculo\" href=\"http:\/\/lattes.cnpq.br\/0959256350186452\" target=\"_blank\" rel=\"noopener noreferrer\">CUNHA, E. G.<\/a>;\u00a0<a class=\"tooltip\" title=\"Clique para visualizar o curr\u00edculo\" href=\"http:\/\/lattes.cnpq.br\/3614219510913139\" target=\"_blank\" rel=\"noopener noreferrer\">MAGRO, M.<\/a>\u00a0. Permeability of the building considering the internal devices. In: PLEA 2001 &#8211; Planning Low Energy Architecture, 2001, Florian\u00f3polis. Procedings of PLEA 2001 Conference. Florian\u00f3polis: Alternativa Gr\u00e1fica, 2001. v. 2. p. 1043-1044.<\/span><\/p>\n<p><span style=\"font-family: helvetica, arial, sans-serif; font-size: 14pt;\"><a class=\"tooltip\" title=\"Clique para visualizar o curr\u00edculo\" href=\"http:\/\/lattes.cnpq.br\/0959256350186452\" target=\"_blank\" rel=\"noopener noreferrer\">CUNHA, E. G.<\/a>. Proposta de uma metodologia para projeto luminot\u00e9cnico a partir da filosofia de Kevin Lynch. In: VI Encontro nacional de conforto no ambiente constru\u00eddo &#8211; III Encontro Latino-Americano de conforto no ambiente constru\u00eddo, 2001, Campinas. ENCAC 2001. Campinas, 2001. p. CD.<\/span><\/p>\n<p><span style=\"font-family: helvetica, arial, sans-serif; font-size: 14pt;\"><a class=\"tooltip\" title=\"Clique para visualizar o curr\u00edculo\" href=\"http:\/\/lattes.cnpq.br\/0959256350186452\" target=\"_blank\" rel=\"noopener noreferrer\">CUNHA, E. G.<\/a>;\u00a0<a class=\"tooltip\" title=\"Clique para visualizar o curr\u00edculo\" href=\"http:\/\/lattes.cnpq.br\/7110201454310850\" target=\"_blank\" rel=\"noopener noreferrer\">MASCAR\u00d3, Juan Jos\u00e9<\/a>\u00a0. Propuesta para una posada bioclim\u00e1tica para la region sur del Brasil. In: Reuni\u00f3n Nacional da ASADES, Associacion Argentina de Energia, 2001. Reuni\u00f3n Nacional da ASADES, Associacion Argentina de Energia, 2001.<\/span><\/p>\n<p><span style=\"font-family: helvetica, arial, sans-serif; font-size: 14pt;\"><a class=\"tooltip\" title=\"Clique para visualizar o curr\u00edculo\" href=\"http:\/\/lattes.cnpq.br\/0959256350186452\" target=\"_blank\" rel=\"noopener noreferrer\">CUNHA, E. G.<\/a>. Permeabilidade interna a partir das esquadrias. In: Semin\u00e1rio Internacional NUTAU\u00b42000, 2000, S\u00e3o Paulo. As energias renov\u00e1veis no novo mil\u00eanio. S\u00e3o Paulo: LPG &#8211; Laborat\u00f3rio de Programa\u00e7\u00e3o Gr\u00e1fica da FAUSP, 2000. v. 1. p. 98-98.<\/span><\/p>\n<p><span style=\"font-family: helvetica, arial, sans-serif; font-size: 14pt;\"><a class=\"tooltip\" title=\"Clique para visualizar o curr\u00edculo\" href=\"http:\/\/lattes.cnpq.br\/0959256350186452\" target=\"_blank\" rel=\"noopener noreferrer\">CUNHA, E. G.<\/a>. A metodologia projetual e os sistemas CAD. In: Semin\u00e1rio Internacional NUTAU\u00b42000, 2000, S\u00e3o Paulo. As energias renov\u00e1veis no novo mil\u00eanio. S\u00e3o Paulo: LPG &#8211; Laborat\u00f3rio de PRodu\u00e7\u00e3o Gr\u00e1fica da FAUUSP, 2000. v. 1.<\/span><\/p>\n<p><span style=\"font-family: helvetica, arial, sans-serif; font-size: 14pt;\"><a class=\"tooltip\" title=\"Clique para visualizar o curr\u00edculo\" href=\"http:\/\/lattes.cnpq.br\/0959256350186452\" target=\"_blank\" rel=\"noopener noreferrer\">CUNHA, E. G.<\/a>. Desempenho dos Po\u00e7os de Ventila\u00e7\u00e3o em Pelotas &#8211; RS. In: V Encontro Latino Americano de Conforto do Ambiente Constru\u00eddo, 1999, Fortaleza. V ANTAC, 1999.<\/span><\/p>\n","protected":false},"excerpt":{"rendered":"<p>Artigos em peri\u00f3dicos &nbsp; Arquivos clim\u00e1ticos LEITZKE, R. K. ; BELTRAME, C. ; FREITAS, J. M. R. ; SEIXAS, J. N. ; MACIEL, T. S. ;\u00a0CUNHA, E. G.\u00a0;\u00a0RHEINGANTZ, P. A.\u00a0. Optimization of the Traditional&#46;&#46;&#46;<\/p>\n","protected":false},"author":740,"featured_media":0,"parent":0,"menu_order":0,"comment_status":"closed","ping_status":"closed","template":"","meta":{"footnotes":""},"class_list":["post-58","page","type-page","status-publish","hentry"],"_links":{"self":[{"href":"https:\/\/wp.ufpel.edu.br\/geseee\/wp-json\/wp\/v2\/pages\/58","targetHints":{"allow":["GET"]}}],"collection":[{"href":"https:\/\/wp.ufpel.edu.br\/geseee\/wp-json\/wp\/v2\/pages"}],"about":[{"href":"https:\/\/wp.ufpel.edu.br\/geseee\/wp-json\/wp\/v2\/types\/page"}],"author":[{"embeddable":true,"href":"https:\/\/wp.ufpel.edu.br\/geseee\/wp-json\/wp\/v2\/users\/740"}],"replies":[{"embeddable":true,"href":"https:\/\/wp.ufpel.edu.br\/geseee\/wp-json\/wp\/v2\/comments?post=58"}],"version-history":[{"count":14,"href":"https:\/\/wp.ufpel.edu.br\/geseee\/wp-json\/wp\/v2\/pages\/58\/revisions"}],"predecessor-version":[{"id":407,"href":"https:\/\/wp.ufpel.edu.br\/geseee\/wp-json\/wp\/v2\/pages\/58\/revisions\/407"}],"wp:attachment":[{"href":"https:\/\/wp.ufpel.edu.br\/geseee\/wp-json\/wp\/v2\/media?parent=58"}],"curies":[{"name":"wp","href":"https:\/\/api.w.org\/{rel}","templated":true}]}}