{"id":62,"date":"2011-09-01T15:52:29","date_gmt":"2011-09-01T18:52:29","guid":{"rendered":"https:\/\/wp.ufpel.edu.br\/geografia\/"},"modified":"2017-12-15T00:35:39","modified_gmt":"2017-12-15T02:35:39","slug":"leur","status":"publish","type":"page","link":"https:\/\/wp.ufpel.edu.br\/geografia\/laboratorios-de-pesquisa-e-extensao\/leur\/","title":{"rendered":"Laborat\u00f3rio de Estudos Urbanos e Regionais &#8211; LEUR"},"content":{"rendered":"<address>O <a href=\"https:\/\/wp.ufpel.edu.br\/leur\"><strong>LABORAT\u00d3RIO DE ESTUDOS URBANOS E REGIONAIS<\/strong>\u00a0&#8211; <\/a><strong>LEUR\u00a0<\/strong> foi criado em 2002 com o objetivo de sistematizar e organizar a produ\u00e7\u00e3o acad\u00eamica no Departamento de Geografia e Economia sobre a tem\u00e1tica dos estudos da Geografia Regional e da Geografia Urbana. O LEUR, atualmente est\u00e1 sediado no Departamento de Geografia do Instituto de Ci\u00eancias Humanas. Possui variado acervo de mapas, cartas, monografias e disserta\u00e7\u00f5es orientadas por seus coordenadores, al\u00e9m de um vasto repert\u00f3rio de disserta\u00e7\u00f5es e teses sobre as tem\u00e1ticas de estudo. Dedica-se \u00e0 pesquisa, \u00e0 extens\u00e3o e ao ensino nas \u00e1reas da Geografia Urbana, Regional, Pol\u00edtica e Cultural.\u00a0<\/address>\n<p><strong>Coordenador:<\/strong><\/p>\n<p><a title=\"Prof. Dr. Sidney Gon\u00e7alves Vieira\" href=\"http:\/\/buscatextual.cnpq.br\/buscatextual\/visualizacv.do?id=K4728876J3\">Prof. Dr. Sidney Gon\u00e7alves Vieira\u00a0<\/a><\/p>\n<p>E-mail: <a href=\"mailto:sid_geo@hotmail.com\">sid_geo@hotmail.com<\/a><\/p>\n<p><strong>Corpo Docente:<\/strong><\/p>\n<p><a title=\"Prof.\u00aa Dr.\u00aa Giovana Mendes de Oliveira\" href=\"http:\/\/buscatextual.cnpq.br\/buscatextual\/visualizacv.do?id=K4706908Z6\" target=\"_blank\" rel=\"noopener\">Prof.\u00aa Dr.\u00aa Giovana Mendes de Oliveira<\/a><\/p>\n<p>Prof. Jos\u00e9 \u00c1lvaro Quincozes Martins<\/p>\n<p>Prof. Dr. Lucas Manassi Panitz<\/p>\n<p>Prof. Dr. Robinson Santos Pinheiro<\/p>\n<p><a title=\"Prof.\u00aa Dr.\u00aa Rosa Elane Antoria Lucas\" href=\"http:\/\/buscatextual.cnpq.br\/buscatextual\/visualizacv.do?id=K4707265E6\" target=\"_blank\" rel=\"noopener\">Prof.\u00aa Dr.\u00aa Rosa Elane Ant\u00f3ria Lucas <\/a>(in memoriam)<\/p>\n<p><strong>Secretaria:<\/strong><\/p>\n<p>Mara L\u00facia Vasconcellos da Costa<\/p>\n<p>Hor\u00e1rio: segunda \u00e0 sexta, das 16:00 \u00e0s 22:00<\/p>\n<p>E-mail: <a href=\"mailto:mlvascosta@gmail.com\">mlvascosta@gmail.com<\/a><\/p>\n","protected":false},"excerpt":{"rendered":"<p>O LABORAT\u00d3RIO DE ESTUDOS URBANOS E REGIONAIS\u00a0&#8211; LEUR\u00a0 foi criado em 2002 com o objetivo de sistematizar e organizar a produ\u00e7\u00e3o acad\u00eamica no Departamento de Geografia e Economia sobre a tem\u00e1tica dos estudos da Geografia Regional e da Geografia Urbana. &hellip; <a href=\"https:\/\/wp.ufpel.edu.br\/geografia\/laboratorios-de-pesquisa-e-extensao\/leur\/\">Continue lendo <span class=\"meta-nav\">&rarr;<\/span><\/a><\/p>\n","protected":false},"author":120,"featured_media":0,"parent":257,"menu_order":0,"comment_status":"closed","ping_status":"closed","template":"","meta":{"footnotes":""},"class_list":["post-62","page","type-page","status-publish","hentry"],"jetpack_sharing_enabled":true,"_links":{"self":[{"href":"https:\/\/wp.ufpel.edu.br\/geografia\/wp-json\/wp\/v2\/pages\/62","targetHints":{"allow":["GET"]}}],"collection":[{"href":"https:\/\/wp.ufpel.edu.br\/geografia\/wp-json\/wp\/v2\/pages"}],"about":[{"href":"https:\/\/wp.ufpel.edu.br\/geografia\/wp-json\/wp\/v2\/types\/page"}],"author":[{"embeddable":true,"href":"https:\/\/wp.ufpel.edu.br\/geografia\/wp-json\/wp\/v2\/users\/120"}],"replies":[{"embeddable":true,"href":"https:\/\/wp.ufpel.edu.br\/geografia\/wp-json\/wp\/v2\/comments?post=62"}],"version-history":[{"count":19,"href":"https:\/\/wp.ufpel.edu.br\/geografia\/wp-json\/wp\/v2\/pages\/62\/revisions"}],"predecessor-version":[{"id":2532,"href":"https:\/\/wp.ufpel.edu.br\/geografia\/wp-json\/wp\/v2\/pages\/62\/revisions\/2532"}],"up":[{"embeddable":true,"href":"https:\/\/wp.ufpel.edu.br\/geografia\/wp-json\/wp\/v2\/pages\/257"}],"wp:attachment":[{"href":"https:\/\/wp.ufpel.edu.br\/geografia\/wp-json\/wp\/v2\/media?parent=62"}],"curies":[{"name":"wp","href":"https:\/\/api.w.org\/{rel}","templated":true}]}}