{"id":60,"date":"2016-02-27T22:16:30","date_gmt":"2016-02-28T01:16:30","guid":{"rendered":"https:\/\/wp.ufpel.edu.br\/gehar\/?page_id=60"},"modified":"2018-12-27T15:08:58","modified_gmt":"2018-12-27T17:08:58","slug":"atuais","status":"publish","type":"page","link":"https:\/\/wp.ufpel.edu.br\/gehar\/componentes\/atuais","title":{"rendered":"ATUAIS"},"content":{"rendered":"<div>\n<h3><strong>COORDENA\u00c7\u00c3O<\/strong><\/h3>\n<p>&nbsp;<\/p>\n<p><em><strong><i class=\"fas fa-user\"> <\/i> S\u00f4nia Maria Schio<\/strong><\/em><\/p>\n<p>Doutora em Filosofia pela Universidade Federal do Rio Grande do Sul (2008)<br \/>\nEst\u00e1gio P\u00f3s-Doutoral na Rheinische Friedrich-Wilhelms-Universit\u00e4t Bonn (2015)<br \/>\nProfessora do Departamento de Filosofia da UFPel<br \/>\n<a href=\"http:\/\/lattes.cnpq.br\/5614697219000826\" target=\"_blank\" rel=\"noopener\"><i class=\"fas fa-file-alt\"> <\/i> Lattes<\/a><a href=\"https:\/\/antropologiaufpel.academia.edu\/S%C3%B4niaMariaSchio\" target=\"_blank\" rel=\"noopener\"> <i class=\"far fa-file-alt\"><\/i> academia.edu<\/a><\/p>\n<p>&nbsp;<\/p>\n<h3><strong>INTEGRANTES<\/strong><\/h3>\n<p>&nbsp;<\/p>\n<p><em><strong><i class=\"fa fa-user\"> <\/i> Bruna dos Santos Leite<\/strong><\/em><\/p>\n<p>Mestranda em Filosofia <em>\u2013 UFPel<br \/>\n<\/em><em>Tem\u00e1ticas de Pesquisa<\/em>:<br \/>\n<a href=\"http:\/\/lattes.cnpq.br\/7088346754423137\" target=\"_blank\" rel=\"noopener\"><i class=\"fa fa-file-alt\"> <\/i> Lattes<\/a><\/p>\n<p>&nbsp;<\/p>\n<p><em><strong><i class=\"fa fa-user\"> <\/i> Cesar Cal\u00e7ada Radtke<\/strong><\/em><\/p>\n<p>Mestrando em Filosofia <em>\u2013 UFPel<br \/>\n<\/em><em>Tem\u00e1ticas de Pesquisa<\/em>:<br \/>\n<a href=\"http:\/\/lattes.cnpq.br\/4903179505455618\" target=\"_blank\" rel=\"noopener\"><i class=\"fa fa-file-alt\"> <\/i> Lattes<\/a><\/p>\n<p>&nbsp;<\/p>\n<div>\n<p><em><strong><i class=\"fa fa-user\"> <\/i> David I. Nascimento<\/strong><\/em><\/p>\n<p><em>Doutorando em Filosofia \u2013 UFPel<br \/>\n<\/em><em>Tem\u00e1ticas de Pesquisa: <\/em>Foucault; Filosofia Pol\u00edtica; Aufkl\u00e4rung;<br \/>\n<a href=\"http:\/\/lattes.cnpq.br\/1147085034375505\" target=\"_blank\" rel=\"noopener\"><i class=\"fa fa-file-alt\"> <\/i> Lattes<\/a><\/p>\n<p>&nbsp;<\/p>\n<p><em><strong><i class=\"fa fa-user\"> <\/i> Dirceu Arno Kr\u00fcger Junior<\/strong><\/em><\/p>\n<p>Doutorando em Filosofia <em>\u2013 UFPel<br \/>\n<\/em><em>Tem\u00e1ticas de Pesquisa:\u00a0<\/em>Foucault; G\u00eanero, Sexualidade, Feminismo<br \/>\n<a href=\"http:\/\/lattes.cnpq.br\/4772589439962250\" target=\"_blank\" rel=\"noopener\"><i class=\"fa fa-file-alt\"> <\/i> Lattes<\/a><\/p>\n<p>&nbsp;<\/p>\n<p><strong><em><i class=\"fa fa-user\"> <\/i> Juliana Scherdien Amaral<\/em><\/strong><\/p>\n<p>Doutoranda em Filosofia <em>\u2013 UFPel<br \/>\n<\/em><em>Tem\u00e1ticas de Pesquisa<\/em>: Arendt; Natalidade<br \/>\n<a href=\"http:\/\/lattes.cnpq.br\/2626437555136087\" target=\"_blank\" rel=\"noopener\"><i class=\"fa fa-file-alt\"> <\/i> Lattes<\/a><\/p>\n<p>&nbsp;<\/p>\n<p><em><strong><i class=\"fa fa-user\"> <\/i> Lilian Velleda Soares<\/strong><\/em><\/p>\n<p>Mestranda em Filosofia\u00a0<em>\u2013 UFPel<br \/>\n<\/em><em>Tem\u00e1ticas de Pesquisa: Arendt; Filosofia do Direito;<br \/>\n<\/em><a href=\"http:\/\/lattes.cnpq.br\/7238699233979414\" target=\"_blank\" rel=\"noopener\"><i class=\"fa fa-file-alt\"> <\/i> Lattes<\/a><\/p>\n<p>&nbsp;<\/p>\n<p><strong><em><i class=\"fa fa-user\"> <\/i> Rossana Batista Padilha<\/em><\/strong><\/p>\n<p>Doutoranda em Filosofia <em>\u2013 UFPel<br \/>\n<\/em><em>Tem\u00e1ticas de Pesquisa<\/em>: Arendt; Direito; Sociabilidade; Rep\u00fablica<br \/>\n<a href=\"http:\/\/lattes.cnpq.br\/2113698088338985\" target=\"_blank\" rel=\"noopener\"><i class=\"fa fa-file-alt\"> <\/i> Lattes<\/a><\/p>\n<\/div>\n<\/div>\n","protected":false},"excerpt":{"rendered":"<p>COORDENA\u00c7\u00c3O &nbsp; S\u00f4nia Maria Schio Doutora em Filosofia pela Universidade Federal do Rio Grande do Sul (2008) Est\u00e1gio P\u00f3s-Doutoral na Rheinische Friedrich-Wilhelms-Universit\u00e4t Bonn (2015) Professora do Departamento de Filosofia da UFPel Lattes academia.edu &nbsp; INTEGRANTES &nbsp; Bruna dos Santos Leite&#8230; <a class=\"more-link\" href=\"https:\/\/wp.ufpel.edu.br\/gehar\/componentes\/atuais\">Continue lendo &rarr;<\/a><\/p>\n","protected":false},"author":537,"featured_media":0,"parent":55,"menu_order":1,"comment_status":"closed","ping_status":"closed","template":"","meta":{"jetpack_post_was_ever_published":false,"footnotes":"","_links_to":"","_links_to_target":""},"class_list":["post-60","page","type-page","status-publish","hentry"],"jetpack_sharing_enabled":true,"jetpack_shortlink":"https:\/\/wp.me\/PaaByC-Y","jetpack-related-posts":[],"_links":{"self":[{"href":"https:\/\/wp.ufpel.edu.br\/gehar\/wp-json\/wp\/v2\/pages\/60","targetHints":{"allow":["GET"]}}],"collection":[{"href":"https:\/\/wp.ufpel.edu.br\/gehar\/wp-json\/wp\/v2\/pages"}],"about":[{"href":"https:\/\/wp.ufpel.edu.br\/gehar\/wp-json\/wp\/v2\/types\/page"}],"author":[{"embeddable":true,"href":"https:\/\/wp.ufpel.edu.br\/gehar\/wp-json\/wp\/v2\/users\/537"}],"replies":[{"embeddable":true,"href":"https:\/\/wp.ufpel.edu.br\/gehar\/wp-json\/wp\/v2\/comments?post=60"}],"version-history":[{"count":41,"href":"https:\/\/wp.ufpel.edu.br\/gehar\/wp-json\/wp\/v2\/pages\/60\/revisions"}],"predecessor-version":[{"id":569,"href":"https:\/\/wp.ufpel.edu.br\/gehar\/wp-json\/wp\/v2\/pages\/60\/revisions\/569"}],"up":[{"embeddable":true,"href":"https:\/\/wp.ufpel.edu.br\/gehar\/wp-json\/wp\/v2\/pages\/55"}],"wp:attachment":[{"href":"https:\/\/wp.ufpel.edu.br\/gehar\/wp-json\/wp\/v2\/media?parent=60"}],"curies":[{"name":"wp","href":"https:\/\/api.w.org\/{rel}","templated":true}]}}