{"id":11,"date":"2020-03-25T12:27:40","date_gmt":"2020-03-25T15:27:40","guid":{"rendered":"https:\/\/wp.ufpel.edu.br\/gaspln\/?page_id=11"},"modified":"2025-10-09T11:49:40","modified_gmt":"2025-10-09T14:49:40","slug":"equipe","status":"publish","type":"page","link":"https:\/\/wp.ufpel.edu.br\/gaspln\/equipe\/","title":{"rendered":"Equipe"},"content":{"rendered":"<h1><strong style=\"color: #333333;\">Pesquisadores<\/strong><\/h1>\n<div class=\"page\" title=\"Page 1\">\n<div class=\"section\">\n<div class=\"layoutArea\">\n<div class=\"column\">\n<ul>\n<li>Larissa Astrogildo de Freitas &#8211; UFPel<\/li>\n<li>Ulisses Brisolara Corr\u00eaa &#8211; UFPel<\/li>\n<li>Brenda Salenave Santana &#8211; UFPel<\/li>\n<\/ul>\n<p><strong>Alunos de Gradua\u00e7\u00e3o<\/strong><\/p>\n<p>IC<\/p>\n<ul>\n<li>Leonardo Santos Vasconcelo (Ci\u00eancia da Computa\u00e7\u00e3o &#8211; UFPel)<\/li>\n<li>Vin\u00edcius Rodrigues Schmidt (Ci\u00eancia da Computa\u00e7\u00e3o &#8211; UFPel)<\/li>\n<li>Allan Duarte Ehlert (Engenharia de Computa\u00e7\u00e3o &#8211; UFPel)<\/li>\n<li>Gabriel Kuster de Azevedo (Ci\u00eancia da Computa\u00e7\u00e3o &#8211; UFPel)<\/li>\n<\/ul>\n<\/div>\n<\/div>\n<\/div>\n<\/div>\n<p>TCC<\/p>\n<ul>\n<li>Thomas Viatroski (Ci\u00eancia da Computa\u00e7\u00e3o &#8211; UFPel)<\/li>\n<li>Gustavo Ulyssea Estivalet (Ci\u00eancia da Computa\u00e7\u00e3o &#8211; UFPel)<\/li>\n<li>Claudio Luis da Silva Machado Junior (Ci\u00eancia da Computa\u00e7\u00e3o &#8211; UFPel)<\/li>\n<li>Luiz Otavio Alves Hammes (Ci\u00eancia da Computa\u00e7\u00e3o &#8211; UFPel)<\/li>\n<\/ul>\n<p><strong>Egressos<\/strong><\/p>\n<p>IC<\/p>\n<ul>\n<li>Claudio Luis da Silva Machado Junior (Ci\u00eancia da Computa\u00e7\u00e3o &#8211; UFPel)<\/li>\n<li>Felix Silva (Ci\u00eancia da Computa\u00e7\u00e3o &#8211; UFPel)<\/li>\n<li>Luana Montilha Pinheiro (Ci\u00eancia da Computa\u00e7\u00e3o &#8211; UFPel)<\/li>\n<li>Vitor Teixeira Medina (Ci\u00eancia da Computa\u00e7\u00e3o &#8211; UFPel)<\/li>\n<li>Julia da Rocha Junqueira (Ci\u00eancia da Computa\u00e7\u00e3o &#8211; UFPel)<\/li>\n<li>Eduardo Machado Behling (Ci\u00eancia da Computa\u00e7\u00e3o &#8211; UFPel)<\/li>\n<li>Leonardo Pereira dos Santos (Letras &#8211; USP)<\/li>\n<li>Igor Sakuma Yuji (Engenharia de Computa\u00e7\u00e3o &#8211; UFPel)<\/li>\n<li>Artur Merchiori Cerri (Ci\u00eancia da Computa\u00e7\u00e3o &#8211; UFPel)<\/li>\n<li>Luiz Ot\u00e1vio Alves Hammes (Ci\u00eancia da Computa\u00e7\u00e3o &#8211; UFPel)<\/li>\n<li>Mateus Armond Freire (IFSul)<\/li>\n<li>Elisabeth Pereira Bandeira (IFSul)<\/li>\n<li>Guilherme da Silva Camargo (Engenharia de Computa\u00e7\u00e3o &#8211; UFPel)<\/li>\n<li>Luisa Lima (Ci\u00eancia da Computa\u00e7\u00e3o &#8211; UFPel)<\/li>\n<li>Johnny Ferreira Birck (Ci\u00eancia da Computa\u00e7\u00e3o &#8211; UFPel)<\/li>\n<li>Gabriel Schubert Marten (Ci\u00eancia da Computa\u00e7\u00e3o &#8211; UFPel)<\/li>\n<li>Ronaldo Emilio Lasch Filho (IFSul)<\/li>\n<li>Guilherme Ramison (Engenharia de Computa\u00e7\u00e3o &#8211; UFPel)<\/li>\n<li>Diulia Justin Deon (Ci\u00eancia da Computa\u00e7\u00e3o &#8211; UFPel)<\/li>\n<li>Leonardo Gularte Coelho (Ci\u00eancia da Computa\u00e7\u00e3o &#8211; UFPel)<\/li>\n<\/ul>\n<p>TCC<\/p>\n<ul>\n<li>Al\u00e9cio dos Santos Cardozo (Ci\u00eancia da Computa\u00e7\u00e3o &#8211; UFPel)<\/li>\n<li>Gabriel Heifel (Ci\u00eancia da Computa\u00e7\u00e3o &#8211; UFPel)<\/li>\n<li>Felix Silva (Ci\u00eancia da Computa\u00e7\u00e3o &#8211; UFPel)<\/li>\n<li>Ricardo Coutinho Cordeiro (Ci\u00eancia da Computa\u00e7\u00e3o &#8211; UFPel)<\/li>\n<li>Diulia Justin Deon (Ci\u00eancia da Computa\u00e7\u00e3o &#8211; UFPel)<\/li>\n<li>Alejandro Alberoni\u00a0(Ci\u00eancia da Computa\u00e7\u00e3o &#8211; UFPel)<\/li>\n<li>Julia da Rocha Junqueira (Ci\u00eancia da Computa\u00e7\u00e3o &#8211; UFPel)<\/li>\n<li>Rodrigo Barbosa Carvalho (Ci\u00eancia da Computa\u00e7\u00e3o &#8211; UFPel)<\/li>\n<li>Raissa Nunes Coelho (Ci\u00eancia da Computa\u00e7\u00e3o &#8211; UFPel)<\/li>\n<li>Frederico Dal Soglio Reckziegel (Ci\u00eancia da Computa\u00e7\u00e3o &#8211; UFPel)<\/li>\n<li>Cesar Martins (Engenharia de Computa\u00e7\u00e3o &#8211; UFPel)<\/li>\n<li>Rodrigo Rezende (Engenharia de Computa\u00e7\u00e3o &#8211; UFPel)<\/li>\n<li>Rafael Duarte dos Santos (Engenharia de Computa\u00e7\u00e3o &#8211; UFPel)<\/li>\n<li>Renan Lemons (Engenharia de Computa\u00e7\u00e3o &#8211; UFPel)<\/li>\n<li>Guilherme Ramison (Engenharia de Computa\u00e7\u00e3o &#8211; UFPel)<\/li>\n<li>Carlos Augusto Calage Silveira J\u00fanior (Ci\u00eancia da Computa\u00e7\u00e3o &#8211; UFPel)<\/li>\n<li>Leandro Luiz\u00a0 de Souza (Engenharia de Computa\u00e7\u00e3o &#8211; UFPel)<\/li>\n<li>Pedro Machado da Silva (Engenharia de Computa\u00e7\u00e3o &#8211; UFPel)<\/li>\n<li>Ger\u00f4nimo Gallarreta Zubiaurre Lemos (Ci\u00eancia da Computa\u00e7\u00e3o &#8211; UFPel)<\/li>\n<li>Arthur Alves Cerveira (Ci\u00eancia da Computa\u00e7\u00e3o &#8211; UFPel)<\/li>\n<li>Emerson Philippe Lopes (Ci\u00eancia da Computa\u00e7\u00e3o &#8211; UFPel)<\/li>\n<li>Wesley Costa (Engenharia de Computa\u00e7\u00e3o &#8211; UFPel)<\/li>\n<li>Felipe Saraiva dos Santos (Engenharia da Computa\u00e7\u00e3o &#8211; UFPel)<\/li>\n<li>Gabriel Almeida Gomes (Ci\u00eancia da Computa\u00e7\u00e3o &#8211; UFPel)<\/li>\n<li>Dara dos Santos Lima (Engenharia de Computa\u00e7\u00e3o &#8211; UFPel)<\/li>\n<li>Jo\u00e3o Vitor Vaz (Ci\u00eancia da Computa\u00e7\u00e3o &#8211; UFPel)<\/li>\n<li>Guilherme Xavier (Engenharia de Computa\u00e7\u00e3o &#8211; UFPel)<\/li>\n<li>Jo\u00e3o Eduardo Soares (Ci\u00eancia da Computa\u00e7\u00e3o &#8211; UFPel)<\/li>\n<li>Rodrigo Rodrigues (Ci\u00eancia da Computa\u00e7\u00e3o &#8211; UFPel)<\/li>\n<li>Heliks Mersenburg (Ci\u00eancia da Computa\u00e7\u00e3o &#8211; UFPel)<\/li>\n<li>Mateus Brugnaroto (Engenharia de Computa\u00e7\u00e3o &#8211; UFPel)<\/li>\n<li>Moniele Kunrath Santos (Ci\u00eancia da Computa\u00e7\u00e3o &#8211; UFPel)<\/li>\n<li>Gabriella Selbach Staniecki (Ci\u00eancia da Computa\u00e7\u00e3o &#8211; UFPel)<\/li>\n<li>Patr\u00edcia Moreno Ribeiro (Engenharia de Computa\u00e7\u00e3o &#8211; UFPel)<\/li>\n<li>Laerte dos Santos Cardozo (Ci\u00eancia da Computa\u00e7\u00e3o &#8211; UFPel)<\/li>\n<\/ul>\n<p><strong>Alunos de P\u00f3s-Gradua\u00e7\u00e3o<\/strong><\/p>\n<p>Mestrado<\/p>\n<ul>\n<li>Franco Noronha Pereira<\/li>\n<li>Andrew Campos<\/li>\n<li>Arthur Alves Cerveira<\/li>\n<li>Carlos Augusto Calage Silveira J\u00fanior<\/li>\n<li>Emerson Philippe Lopes<\/li>\n<li>Guilherme Dallmann Lima<\/li>\n<li>Iana Costa<\/li>\n<li>Thiago Reis Porto<\/li>\n<li>Cipriano Langton Parafino Langton<\/li>\n<li>Jo\u00e3o Pedro Thurow Tomaszenski<\/li>\n<li>\u2060Lucas dos Santos Pereira<\/li>\n<li>Henry Soares Pereira<\/li>\n<\/ul>\n<p>Doutorado<\/p>\n<ul>\n<li>C\u00e9sar Sperb<\/li>\n<li>Francisco Dias Franco<\/li>\n<li>Gabriel Almeida Gomes<\/li>\n<li>Marilia Rosa<\/li>\n<li>Murilo Cunha<\/li>\n<\/ul>\n<p><strong>Egressos<\/strong><\/p>\n<p>Mestrado<\/p>\n<ul>\n<li>Francisco Dias Franco<\/li>\n<li>Gabriel Almeida Gomes<\/li>\n<\/ul>\n","protected":false},"excerpt":{"rendered":"<p>Pesquisadores Larissa Astrogildo de Freitas &#8211; UFPel Ulisses Brisolara Corr\u00eaa &#8211; UFPel Brenda Salenave Santana &#8211; UFPel Alunos de Gradua\u00e7\u00e3o IC Leonardo Santos Vasconcelo (Ci\u00eancia da Computa\u00e7\u00e3o &#8211; UFPel) Vin\u00edcius Rodrigues Schmidt (Ci\u00eancia da Computa\u00e7\u00e3o &#8211; UFPel) Allan Duarte Ehlert &hellip; <a href=\"https:\/\/wp.ufpel.edu.br\/gaspln\/equipe\/\">Continue lendo <span class=\"meta-nav\">&rarr;<\/span><\/a><\/p>\n","protected":false},"author":825,"featured_media":0,"parent":0,"menu_order":0,"comment_status":"closed","ping_status":"closed","template":"","meta":{"footnotes":""},"class_list":["post-11","page","type-page","status-publish","hentry"],"_links":{"self":[{"href":"https:\/\/wp.ufpel.edu.br\/gaspln\/wp-json\/wp\/v2\/pages\/11","targetHints":{"allow":["GET"]}}],"collection":[{"href":"https:\/\/wp.ufpel.edu.br\/gaspln\/wp-json\/wp\/v2\/pages"}],"about":[{"href":"https:\/\/wp.ufpel.edu.br\/gaspln\/wp-json\/wp\/v2\/types\/page"}],"author":[{"embeddable":true,"href":"https:\/\/wp.ufpel.edu.br\/gaspln\/wp-json\/wp\/v2\/users\/825"}],"replies":[{"embeddable":true,"href":"https:\/\/wp.ufpel.edu.br\/gaspln\/wp-json\/wp\/v2\/comments?post=11"}],"version-history":[{"count":3,"href":"https:\/\/wp.ufpel.edu.br\/gaspln\/wp-json\/wp\/v2\/pages\/11\/revisions"}],"predecessor-version":[{"id":186,"href":"https:\/\/wp.ufpel.edu.br\/gaspln\/wp-json\/wp\/v2\/pages\/11\/revisions\/186"}],"wp:attachment":[{"href":"https:\/\/wp.ufpel.edu.br\/gaspln\/wp-json\/wp\/v2\/media?parent=11"}],"curies":[{"name":"wp","href":"https:\/\/api.w.org\/{rel}","templated":true}]}}