{"id":60,"date":"2015-02-25T14:30:03","date_gmt":"2015-02-25T17:30:03","guid":{"rendered":"https:\/\/wp.ufpel.edu.br\/ga\/?page_id=60"},"modified":"2025-08-19T17:09:45","modified_gmt":"2025-08-19T20:09:45","slug":"grade-curricular","status":"publish","type":"page","link":"https:\/\/wp.ufpel.edu.br\/ga\/grade-curricular\/","title":{"rendered":"Projetos Pedag\u00f3gicos Gest\u00e3o Ambiental &#8211; UFPel"},"content":{"rendered":"<div><strong><span style=\"color: #ff9900;\">\u00bb <\/span>Projeto Pedag\u00f3gico do Curso de Gest\u00e3o Ambiental \u2013 Bacharelado \u2013 Vers\u00e3o 4: Discentes que ingressaram no Curso a partir de 2025\/1:<\/strong><\/div>\n<div><a href=\"https:\/\/wp.ufpel.edu.br\/ga\/grade-curricular\/ppc-bacharelado-ga-final-0408\/\" rel=\"attachment wp-att-3937\">PPC Bacharelado GA &#8211; final 0408<\/a><\/div>\n<p><strong><span style=\"color: #ff9900;\">\u00bb<\/span> Projeto Pedag\u00f3gico do Curso de Gest\u00e3o Ambiental &#8211; Bacharelado &#8211; Maio de 2023:<\/strong><\/p>\n<p><a href=\"https:\/\/wp.ufpel.edu.br\/ga\/grade-curricular\/ppc_bacharelado_ga___bibliografias_e_codigos_aprovado_140423__1_\/\" rel=\"attachment wp-att-3935\">PPC_Bacharelado_GA___bibliografias_e_codigos_APROVADO_140423__1_<\/a><\/p>\n<p><strong><span style=\"color: #ff9900;\">\u00bb<\/span> Projeto Pedag\u00f3gico do Curso de Gest\u00e3o Ambiental &#8211; Bacharelado &#8211; Vers\u00e3o 3: Discentes que ingressaram no Curso a partir de 2020\/1:<\/strong><\/p>\n<p><a href=\"https:\/\/wp.ufpel.edu.br\/ga\/files\/2021\/08\/Projeto_Pedagogico_do_Curso___Gestao_Ambiental_Bacharelado___envio_para_CEC_em_06_03_2020.pdf\">Projeto_Pedagogico_do_Curso___Gestao_Ambiental_Bacharelado___envio_para_CEC_em_06_03_2020<\/a><\/p>\n<p><strong><span style=\"color: #ff9900;\">\u00bb <\/span>Projeto Pedag\u00f3gico do Curso de Gest\u00e3o Ambiental &#8211; Bacharelado &#8211; Vers\u00e3o 2: Discentes que ingressaram no Curso antes de 2020\/1:<\/strong><\/p>\n<p><a href=\"https:\/\/wp.ufpel.edu.br\/ga\/files\/2019\/10\/PPC-Gest\u00e3o-Ambiental-bacharelado.pdf\">PPC Gest\u00e3o Ambiental Bacharelado<\/a><\/p>\n<p><strong><span style=\"color: #ff9900;\">\u00bb <\/span>Projeto Pedag\u00f3gico do Curso Superior de Tecnologia em Gest\u00e3o Ambiental:<\/strong><\/p>\n<p><a href=\"https:\/\/wp.ufpel.edu.br\/ga\/files\/2018\/04\/PPP-CSTGA-aprovado-COCEPE-1.pdf\">PPP CSTGA &#8211; aprovado COCEPE (1)<\/a><\/p>\n<p>&nbsp;<\/p>\n<p>&nbsp;<\/p>\n<p>&nbsp;<\/p>\n<p>&nbsp;<\/p>\n<p><!--more--><\/p>\n","protected":false},"excerpt":{"rendered":"<p>\u00bb Projeto Pedag\u00f3gico do Curso de Gest\u00e3o Ambiental \u2013 Bacharelado \u2013 Vers\u00e3o 4: Discentes que ingressaram no Curso a partir de 2025\/1: PPC Bacharelado GA &#8211; final 0408 \u00bb Projeto Pedag\u00f3gico do Curso de Gest\u00e3o Ambiental &#8211; Bacharelado &#8211; Maio de 2023: PPC_Bacharelado_GA___bibliografias_e_codigos_APROVADO_140423__1_ \u00bb Projeto Pedag\u00f3gico do Curso de Gest\u00e3o Ambiental &#8211; Bacharelado &#8211; Vers\u00e3o [&hellip;]<\/p>\n","protected":false},"author":473,"featured_media":0,"parent":0,"menu_order":0,"comment_status":"closed","ping_status":"closed","template":"","meta":{"footnotes":""},"class_list":["post-60","page","type-page","status-publish","hentry"],"_links":{"self":[{"href":"https:\/\/wp.ufpel.edu.br\/ga\/wp-json\/wp\/v2\/pages\/60","targetHints":{"allow":["GET"]}}],"collection":[{"href":"https:\/\/wp.ufpel.edu.br\/ga\/wp-json\/wp\/v2\/pages"}],"about":[{"href":"https:\/\/wp.ufpel.edu.br\/ga\/wp-json\/wp\/v2\/types\/page"}],"author":[{"embeddable":true,"href":"https:\/\/wp.ufpel.edu.br\/ga\/wp-json\/wp\/v2\/users\/473"}],"replies":[{"embeddable":true,"href":"https:\/\/wp.ufpel.edu.br\/ga\/wp-json\/wp\/v2\/comments?post=60"}],"version-history":[{"count":3,"href":"https:\/\/wp.ufpel.edu.br\/ga\/wp-json\/wp\/v2\/pages\/60\/revisions"}],"predecessor-version":[{"id":3938,"href":"https:\/\/wp.ufpel.edu.br\/ga\/wp-json\/wp\/v2\/pages\/60\/revisions\/3938"}],"wp:attachment":[{"href":"https:\/\/wp.ufpel.edu.br\/ga\/wp-json\/wp\/v2\/media?parent=60"}],"curies":[{"name":"wp","href":"https:\/\/api.w.org\/{rel}","templated":true}]}}