{"id":39,"date":"2017-04-19T10:00:18","date_gmt":"2017-04-19T13:00:18","guid":{"rendered":"https:\/\/wp.ufpel.edu.br\/francielefrc\/?page_id=39"},"modified":"2024-04-18T14:15:17","modified_gmt":"2024-04-18T17:15:17","slug":"projetos","status":"publish","type":"page","link":"https:\/\/wp.ufpel.edu.br\/francielefrc\/projetos\/","title":{"rendered":"Projetos"},"content":{"rendered":"<p><span style=\"font-family: 'book antiqua', palatino, serif;\"><strong><span style=\"font-size: 14pt;\">Projeto de Pesquisa<\/span><\/strong><\/span><\/p>\n<div class=\"layout-cell layout-cell-9\">\n<div class=\"layout-cell-pad-5\"><span style=\"font-family: 'book antiqua', palatino, serif;\"><strong>A MORTE E OS CUIDADOS PALIATIVOS NAS M\u00cdDIAS SOCIAIS INSTAGRAM E FACEBOOK (2021 &#8211; 2023)<\/strong><\/span><\/div>\n<div><\/div>\n<\/div>\n<div style=\"text-align: justify;\"><span style=\"font-family: 'book antiqua', palatino, serif;\">O final de vida, a morte e os cuidados paliativos s\u00e3o temas inerentes ao cotidiano. At\u00e9 recentemente, eram tratados como tabus, mas com o advento das m\u00eddias sociais t\u00eam se tornado assunto de fam\u00edlias, amigos, conhecidos e projetos, os quais compartilham suas experi\u00eancias e recomenda\u00e7\u00f5es nesses espa\u00e7os. Assim como as m\u00eddias sociais servem para influenciar em comportamentos sobre sa\u00fade, higiene, educa\u00e7\u00e3o, moda, elas tamb\u00e9m passaram a modular a forma como discutimos e vivemos o final da vida. Por isso, esta pesquisa busca analisar como s\u00e3o veiculados e se constituem os discursos sobre morte e cuidados paliativos nas m\u00eddias sociais. Para tal, prop\u00f5e-se uma pesquisa documental, de abordagem qualitativa, inserida na vertente p\u00f3s-estruturalista dos Estudos Culturais. O cen\u00e1rio do estudo ser\u00e1 as m\u00eddia sociais Instagram e Facebook. A popula\u00e7\u00e3o do estudo ser\u00e1 constitu\u00edda por perfis dessas m\u00eddias que abordem a morte ou os cuidados paliativos. Os dados coletados ser\u00e3o organizados, revisados e analisados de maneira online, diretamente na m\u00eddia social, em perfis abertos e p\u00fablicos. Por este motivo, a pesquisa dispensa a aprova\u00e7\u00e3o de Comit\u00ea de \u00e9tica em Pesquisa. Os dados ser\u00e3o organizados no Programa Atlas.ti e submetidos \u00e0 An\u00e1lise de Discurso proposta por Michel Foucault.<\/span><\/div>\n<p><span style=\"font-family: 'book antiqua', palatino, serif;\"><strong>PR\u00c1TICAS DE CUIDADO COM PACIENTES ADULTOS EM FINAL DE VIDA EM UM HOSPITAL DE ENSINO DO SUL DO BRASIL (2019 -2021)<\/strong><\/span><\/p>\n<p style=\"text-align: justify;\"><span style=\"font-family: 'book antiqua', palatino, serif;\">Esta pesquisa tem como objetivo geral analisar as pr\u00e1ticas de cuidado e os sentidos atribu\u00eddos por profissionais das equipes de enfermagem e m\u00e9dica ao final de vida em um hospital de ensino do Sul do Brasil. Embora seja reconhecida a atua\u00e7\u00e3o de outros profissionais &#8211; fisioterapeutas, psic\u00f3logos, assistentes sociais, terapeutas ocupacionais e odont\u00f3logos &#8211; no cuidado integral \u00e0s pessoas em final de vida hospitalizadas, neste momento ser\u00e3o priorizados os profissionais que est\u00e3o mais diretamente envolvidos \u2013 em se tratando de tempo \u2013 e que s\u00e3o mais numerosos nos cuidados a essa popula\u00e7\u00e3o. Os objetivos espec\u00edficos do estudo s\u00e3o: Realizar revis\u00e3o de escopo sobre as terminologias doen\u00e7a terminal, final de vida e cuidados paliativos relacionados \u00e0 \u00e1rea da oncologia na literatura internacional; Realizar revis\u00e3o integrativa de literatura em bases de dados internacionais acerca das a\u00e7\u00f5es de educa\u00e7\u00e3o em sa\u00fade junto a pacientes adultos em final da vida e suas fam\u00edlias no contexto hospitalar; Identificar as terminologias e os sentidos atribu\u00eddos por m\u00e9dicos, enfermeiros e t\u00e9cnicos de enfermagem no cuidado aos pacientes adultos em final de vida no contexto hospitalar; Caracterizar os pacientes adultos em final de vida assistidos por uma equipe de consultoria em Cuidados Paliativos, bem como os pacientes acompanhados pelo projeto de Extens\u00e3o intitulado \u201cA consulta de enfermagem como instrumento de cuidado \u00e0s pessoas com doen\u00e7as que amea\u00e7am a vida e suas fam\u00edlias\u201d; Conhecer as pr\u00e1ticas de cuidado das equipes assistenciais m\u00e9dicas e de enfermagem desenvolvidas junto aos pacientes adultos em final de vida hospitalizados e suas fam\u00edlias e Identificar as pr\u00e1ticas de cuidado recomendadas por uma equipe de consultoria de Cuidados Paliativos junto aos pacientes em final de vida hospitalizados e suas fam\u00edlias. Para atingir tais objetivos realizar-se-\u00e1 um estudo descritivo, explorat\u00f3rio, com abordagem qualitativa e quantitativa, entre junho de 2019 e junho de 2021. Os participantes do estudo ser\u00e3o profissionais da equipe de enfermagem &#8211; auxiliares de enfermagem, t\u00e9cnicos de enfermagem e enfermeiros, al\u00e9m dos profissionais das equipes m\u00e9dicas atuantes nas unidades cl\u00ednicas e cir\u00fargicas de um hospital de ensino do Sul do Brasil. Os dados ser\u00e3o produzidos a partir das seguintes estrat\u00e9gias: por meio da coleta de dados secund\u00e1rios em prontu\u00e1rios, mediante instrumento espec\u00edfico, e a utiliza\u00e7\u00e3o de vinhetas. Posteriormente, os dados qualitativos ser\u00e3o organizados com o aux\u00edlio do programa de dados qualitativos Atlas ti e analisados por meio de an\u00e1lise de conte\u00fado, segundo proposta de Laurence Bardin. Os dados quantitativos ser\u00e3o organizados em editor de planilha eletr\u00f4nica no programa Libre Office Calc. Posteriormente, ser\u00e3o analisados no programa Epidata. Com base na an\u00e1lise das pr\u00e1ticas de cuidado no final da vida, espera-se abrir caminhos para interven\u00e7\u00f5es junto aos profissionais de enfermagem e m\u00e9dicos, a partir do que for identificado como mais dificultoso e complicador no momento de elaborar e implementar um plano de<\/span><br \/>\n<span style=\"font-family: 'book antiqua', palatino, serif;\">cuidados para as pessoas em final de vida hospitalizadas e suas fam\u00edlias.<\/span><\/p>\n<p>&nbsp;<\/p>\n<p><span style=\"font-size: 14pt; font-family: 'book antiqua', palatino, serif;\"><strong>Projeto de Ensino<\/strong><\/span><\/p>\n<p><span style=\"font-family: 'book antiqua', palatino, serif;\"><a href=\"https:\/\/wp.ufpel.edu.br\/francielefrc\/grupo-de-estudos-sobre-adoecimento-e-final-de-vida-geafi\/\"><strong>2017-2019 : Grupo de Estudos sobre Adoecimento e Final de vida (GEAFI)<\/strong><\/a><\/span><\/p>\n<p><span style=\"font-family: 'book antiqua', palatino, serif;\">Objetivo :\u00a0Dialogar sobre os aspectos multidimensionais envolvidos no processo de adoecimento e nas situa\u00e7\u00f5es de final de vida<\/span><\/p>\n<p><span style=\"font-family: 'book antiqua', palatino, serif;\">Metodologia:\u00a0O grupo realiza encontros para discuss\u00f5es coletivas nas depend\u00eancias do Hospital Escola UFPel\/EBSERH, sala de ensino III, com frequ\u00eancia quinzenal. Os encontros tem dura\u00e7\u00e3o de uma hora, sendo realizados entre 11:00 e 12:00, nas quintas-feiras. Nas semanas que intercalam os encontros para discuss\u00e3o coletiva poder\u00e3o ser realizados encontros individuais com vistas a suprir as demandas que emergirem a partir do desenvolvimento e estrutura\u00e7\u00e3o do grupo.\u00a0A divulga\u00e7\u00e3o dos encontros \u00e9 realizada em m\u00eddias sociais como Facebook e Whatsapp.<\/span><\/p>\n<p><span style=\"font-family: 'book antiqua', palatino, serif;\">P\u00fablico-alvo: acad\u00eamicos das \u00e1reas da sa\u00fade, ci\u00eancias sociais e humanas, residentes, profissionais de sa\u00fade e comunidade em geral que tem interesse em dialogar sobre adoecimento e o final de vida.<\/span><\/p>\n<p>&nbsp;<\/p>\n<p><span style=\"font-family: 'book antiqua', palatino, serif;\">(Projeto Encerrado) &#8211; O GEAFI se mant\u00e9m ativo, entretanto, n\u00e3o mais como projeto de ensino, mas como uma das linhas do NUCCRIN!<\/span><\/p>\n<p>&nbsp;<\/p>\n<p><span style=\"font-family: 'book antiqua', palatino, serif;\"><strong><span style=\"font-size: 14pt;\">Projeto de Extens\u00e3o<\/span><\/strong><\/span><\/p>\n<p>&nbsp;<\/p>\n<p><span style=\"font-family: 'book antiqua', palatino, serif;\">2018 -2020<\/span><\/p>\n<p><span style=\"font-family: 'book antiqua', palatino, serif;\"><strong>A Consulta de enfermagem como instrumento de cuidado \u00e0s pessoas com doen\u00e7as que amea\u00e7am a vida e suas fam\u00edlias<\/strong><\/span><\/p>\n<p style=\"text-align: justify;\"><span style=\"font-family: 'book antiqua', palatino, serif;\"><strong>Descri\u00e7\u00e3o<\/strong>: O enfermeiro \u00e9 um profissional estrat\u00e9gico na promo\u00e7\u00e3o do acompanhamento digno e do cuidado que alivie o sofrimento durante as fases finais da vida, tanto do doente como de sua fam\u00edlia. Ele pode atuar tanto como educador em rela\u00e7\u00e3o aos cuidados com a higiene, o conforto, a alimenta\u00e7\u00e3o e o manuseio com dispositivos, como pode realizar diretamente cuidados. Al\u00e9m disso, pelo v\u00ednculo que costuma ter com os doentes e as fam\u00edlias, pode realizar escuta terap\u00eautica e identificar demandas a serem encaminhadas e abordadas de maneira multidisciplinar. Para desempenhar esse papel junto \u00e0s pessoas com doen\u00e7a que amea\u00e7a a vida e suas fam\u00edlias, uma estrat\u00e9gia poss\u00edvel \u00e9 a realiza\u00e7\u00e3o da consulta de enfermagem, orientada pelo Processo de Enfermagem (PE). Nesse sentido, este projeto de extens\u00e3o tem por objetivo utilizar a consulta de enfermagem como instrumento de cuidado \u00e0s pessoas com doen\u00e7as que amea\u00e7am a vida e\/ou suas fam\u00edlias. O per\u00edodo proposto para desenvolver as atividades \u00e9 entre maio de 2018 e junho de 2020. O cen\u00e1rio ser\u00e1 a Equipe de Consultoria em Cuidados Paliativos do Hospital Escola UFPel\/EBSERH e as respectivas unidades de interna\u00e7\u00e3o em que essa atua. Nesse per\u00edodo, ser\u00e3o realizados diferentes momentos de orienta\u00e7\u00e3o e interven\u00e7\u00f5es junto aos acad\u00eamicos do curso de enfermagem, \u00e0s pessoas com doen\u00e7as que amea\u00e7am a continuidade da vida e de suas fam\u00edlias. Est\u00e3o previstas quatro etapas para desenvolver a proposta, a citar: 1) Aproxima\u00e7\u00e3o e di\u00e1logo com os profissionais de sa\u00fade da Equipe de Consultoria em Cuidados Paliativos e da Coordena\u00e7\u00e3o de Enfermagem do Hospital Escola UFPel\/EBSERH; 2) Reuni\u00f5es entre os membros do projeto para elabora\u00e7\u00e3o de consensos e cria\u00e7\u00e3o de instrumentos para guiar as consultas de enfermagem; 3) Realiza\u00e7\u00e3o das consultas de enfermagem, utilizando-se do processo de enfermagem para conduzi-las; 4) Elabora\u00e7\u00e3o de manuais informativos sobre cuidados e necessidades emergidas a partir das consultas de enfermagem. Dessa forma, acredita-se que o projeto de extens\u00e3o \u00e9 relevante, na medida em que busca-se realizar orienta\u00e7\u00f5es e cuidados junto \u00e0s pessoas com doen\u00e7as que amea\u00e7am a vida e suas fam\u00edlias visando promover o conforto e a melhora do controle de sinais e sintomas que possam se agravar no processo de transi\u00e7\u00e3o entre o hospital e o domic\u00edlio. Tamb\u00e9m \u00e9 relevante, pois possibilita a forma\u00e7\u00e3o dos estudantes de enfermagem para a atua\u00e7\u00e3o na \u00e1rea de cuidados paliativos a partir de atividades pr\u00e1ticas vivenciadas junto aos pacientes e familiares, com base na fundamenta\u00e7\u00e3o te\u00f3rica e metodol\u00f3gica propostas pelo PE.<\/span><\/p>\n<p>&nbsp;<\/p>\n<p><span style=\"font-family: 'book antiqua', palatino, serif;\"><strong>Apresenta\u00e7\u00f5es dos Encontros do projeto de extens\u00e3o em 2020<\/strong><\/span><\/p>\n<p>&nbsp;<\/p>\n<p><span style=\"font-family: 'book antiqua', palatino, serif;\"><a href=\"https:\/\/wp.ufpel.edu.br\/francielefrc\/files\/2020\/07\/Apresenta\u00e7\u00e3o-08.06-Reuni\u00e3o-CP-1.pdf\">Defini\u00e7\u00f5es cuidados paliativos<\/a> &#8211; 08\/06\/2020<\/span><\/p>\n<p>&nbsp;<\/p>\n<p><span style=\"font-family: 'book antiqua', palatino, serif;\"><a href=\"https:\/\/wp.ufpel.edu.br\/francielefrc\/files\/2020\/07\/Apresenta\u00e7\u00e3o-reuni\u00e3o-26.06-Organiza\u00e7\u00e3o-dos-servi\u00e7os-de-cuidados-paliativos-1.pdf\">Organiza\u00e7\u00e3o de servi\u00e7os em cuidados paliativos<\/a> &#8211; 26\/06\/2020<\/span><\/p>\n<p>&nbsp;<\/p>\n<p><span style=\"font-family: 'book antiqua', palatino, serif;\"><a href=\"https:\/\/wp.ufpel.edu.br\/francielefrc\/files\/2020\/07\/Transi\u00e7\u00e3o-do-cuidado-no-final-da-vida.pdf\">Transi\u00e7\u00e3o do cuidado no final da vida<\/a> &#8211; 10\/07\/2020<\/span><\/p>\n<p>&nbsp;<\/p>\n<p><span style=\"font-family: 'book antiqua', palatino, serif;\"><a href=\"https:\/\/wp.ufpel.edu.br\/francielefrc\/files\/2020\/07\/Fase-ativa-de-morte.pdf\">Fase ativa de morte<\/a> &#8211; 24\/07\/2020<\/span><\/p>\n<p>&nbsp;<\/p>\n<p><span style=\"font-family: 'book antiqua', palatino, serif;\"><a href=\"https:\/\/wp.ufpel.edu.br\/francielefrc\/files\/2020\/08\/Dispneia_-conceitos-e-interven\u00e7\u00f5es.pdf\">Controle da dispneia<\/a> &#8211; 07\/08\/2020<\/span><\/p>\n<p>&nbsp;<\/p>\n<p><span style=\"font-family: 'book antiqua', palatino, serif;\"><a href=\"https:\/\/wp.ufpel.edu.br\/francielefrc\/files\/2020\/09\/Projeto-de-extensao-_a-consulta-de-enfermagem-como-instrumento-de-cuidado-as-pessoas-com-doencas-que-ameacam-a-vida-e-suas-familias_.pdf\">Controle farmacol\u00f3gico da dor<\/a> &#8211; 04\/09\/2020<\/span><\/p>\n<p>&nbsp;<\/p>\n<p><span style=\"font-family: 'book antiqua', palatino, serif;\"><a href=\"https:\/\/wp.ufpel.edu.br\/francielefrc\/files\/2020\/09\/PROJETO-DE-EXTENSAO-_A-CONSULTA-DE-ENFERMAGEM-COMO-INSTRUMENTO-DE-CUIDADO-AS-PESSOAS-COM-DOENCAS-QUE-AMEACAM-A-VIDA-E-SUAS-FAMILIAS_.pdf\">Alimenta\u00e7\u00e3o e nutri\u00e7\u00e3o em cuidados paliativos<\/a> &#8211; 18\/09\/2020<\/span><\/p>\n<p>&nbsp;<\/p>\n<p><span style=\"font-family: 'book antiqua', palatino, serif;\"><a href=\"https:\/\/wp.ufpel.edu.br\/francielefrc\/files\/2020\/10\/Cuidados-com-a-pele-no-final-da-vida.pdf\">Cuidados com a pele no final da vida<\/a> &#8211; 02\/10\/2020<\/span><\/p>\n<p>&nbsp;<\/p>\n<p><span style=\"font-family: 'book antiqua', palatino, serif;\"><a href=\"https:\/\/wp.ufpel.edu.br\/francielefrc\/files\/2020\/10\/Controle-de-nauseas-e-vomitos-1.pdf\">Controle de n\u00e1useas e v\u00f4mitos<\/a> &#8211; 16\/10\/2020<\/span><\/p>\n<p>&nbsp;<\/p>\n<p><span style=\"font-family: 'book antiqua', palatino, serif;\">30\/10\/2020<\/span><\/p>\n<p><span style=\"font-family: 'book antiqua', palatino, serif;\"><a href=\"https:\/\/wp.ufpel.edu.br\/francielefrc\/files\/2020\/10\/Limitacao-e-suspensao-de-ventilacao-mecanica.pdf\">Suspens\u00e3o de ventila\u00e7\u00e3o mec\u00e2nica invasiva<\/a><\/span><\/p>\n<p><span style=\"font-family: 'book antiqua', palatino, serif;\"><a href=\"https:\/\/wp.ufpel.edu.br\/francielefrc\/files\/2020\/10\/0-12458963650_20201029_153157_0000.pdf\">Suspens\u00e3o e limita\u00e7\u00e3o de terapias renais substitutivas<\/a><\/span><\/p>\n<p>&nbsp;<\/p>\n<p><span style=\"font-family: 'book antiqua', palatino, serif;\">20\/11\/2020<\/span><\/p>\n<p><span style=\"font-family: 'book antiqua', palatino, serif;\"><a href=\"https:\/\/wp.ufpel.edu.br\/francielefrc\/files\/2020\/11\/Planejamento-social-e-economico-em-CP.pdf\">Planejamento social e econ\u00f4mico em cuidados paliativos<\/a><\/span><\/p>\n","protected":false},"excerpt":{"rendered":"<p>Projeto de Pesquisa A MORTE E OS CUIDADOS PALIATIVOS NAS M\u00cdDIAS SOCIAIS INSTAGRAM E FACEBOOK (2021 &#8211; 2023) O final de vida, a morte e os cuidados paliativos s\u00e3o temas inerentes ao cotidiano. At\u00e9 recentemente, eram tratados como tabus, mas com o advento das m\u00eddias sociais t\u00eam se tornado assunto de fam\u00edlias, amigos, conhecidos e [&hellip;]<\/p>\n","protected":false},"author":738,"featured_media":0,"parent":0,"menu_order":0,"comment_status":"closed","ping_status":"closed","template":"","meta":{"footnotes":""},"class_list":["post-39","page","type-page","status-publish","hentry"],"jetpack_sharing_enabled":true,"_links":{"self":[{"href":"https:\/\/wp.ufpel.edu.br\/francielefrc\/wp-json\/wp\/v2\/pages\/39","targetHints":{"allow":["GET"]}}],"collection":[{"href":"https:\/\/wp.ufpel.edu.br\/francielefrc\/wp-json\/wp\/v2\/pages"}],"about":[{"href":"https:\/\/wp.ufpel.edu.br\/francielefrc\/wp-json\/wp\/v2\/types\/page"}],"author":[{"embeddable":true,"href":"https:\/\/wp.ufpel.edu.br\/francielefrc\/wp-json\/wp\/v2\/users\/738"}],"replies":[{"embeddable":true,"href":"https:\/\/wp.ufpel.edu.br\/francielefrc\/wp-json\/wp\/v2\/comments?post=39"}],"version-history":[{"count":18,"href":"https:\/\/wp.ufpel.edu.br\/francielefrc\/wp-json\/wp\/v2\/pages\/39\/revisions"}],"predecessor-version":[{"id":558,"href":"https:\/\/wp.ufpel.edu.br\/francielefrc\/wp-json\/wp\/v2\/pages\/39\/revisions\/558"}],"wp:attachment":[{"href":"https:\/\/wp.ufpel.edu.br\/francielefrc\/wp-json\/wp\/v2\/media?parent=39"}],"curies":[{"name":"wp","href":"https:\/\/api.w.org\/{rel}","templated":true}]}}