{"id":53,"date":"2023-08-18T12:24:50","date_gmt":"2023-08-18T15:24:50","guid":{"rendered":"https:\/\/wp.ufpel.edu.br\/formaturas\/?page_id=53"},"modified":"2023-10-24T14:07:53","modified_gmt":"2023-10-24T17:07:53","slug":"inscricoes","status":"publish","type":"page","link":"https:\/\/wp.ufpel.edu.br\/formaturas\/inscricoes","title":{"rendered":"Inscri\u00e7\u00f5es"},"content":{"rendered":"<p>Prov\u00e1veis formandos que pretendem colar em grau ao final de 2023\/1 devem solicitar formatura pelo sistema <a href=\"https:\/\/cobalto.ufpel.edu.br\/dashboard\/\">Cobalto<\/a> acessando a op\u00e7\u00e3o \u201cAluno\u201d \u2013&gt; \u201cCadastros\u201d \u2013&gt; \u201cSolicita\u00e7\u00e3o de formatura&#8221;.<\/p>\n<p><strong>Per\u00edodo de solicita\u00e7\u00e3o:<\/strong> 1\u00ba a 11 de setembro\/2023<\/p>\n<p><span style=\"font-weight: 400;\"><strong>Divulga\u00e7\u00e3o das listas preliminares dos inscritos:<\/strong> 14 de setembro\/2023 &#8211; <a href=\"https:\/\/wp.ufpel.edu.br\/formaturas\/2023\/09\/14\/listas-preliminares-de-inscritos-para-as-formaturas-2023-1\/\">Confira aqui!<\/a><\/span><\/p>\n<p><span style=\"font-weight: 400;\"><strong>Per\u00edodo para altera\u00e7\u00f5es e corre\u00e7\u00f5es no Cobalto :<\/strong> 15 a 17 de setembro\/2023<\/span><\/p>\n<p><span style=\"font-weight: 400;\"><strong>Divulga\u00e7\u00e3o das listas finais dos inscritos:<\/strong> 18 de setembro\/2023 &#8211;\u00a0<a href=\"https:\/\/wp.ufpel.edu.br\/formaturas\/2023\/09\/18\/203\/\">Confira aqui!<\/a><\/span><\/p>\n<p><strong>Lista ap\u00f3s recursos e desist\u00eancias:<\/strong> 23 de outubro\/2023 &#8211; <a href=\"https:\/\/wp.ufpel.edu.br\/formaturas\/files\/2023\/10\/formatura-externa-final-23-10-1.pdf\">Confira aqui!<\/a><\/p>\n<p>&nbsp;<\/p>\n<p>No momento da inscri\u00e7\u00e3o, al\u00e9m de optar pela modalidade de formatura e revisar seus dados, o estudante dever\u00e1 fornecer as medidas para as becas e indicar, <strong>de acordo com a escolha da turma<\/strong>, as pessoas que participar\u00e3o da cerim\u00f4nia como paraninfo ou paraninfa, patrono ou patronesse e servidor(a) homenageado(a).<\/p>\n<p>\u00c9 poss\u00edvel, tamb\u00e9m, informar o nome das pessoas que ser\u00e3o citadas na cerim\u00f4nia com base na filia\u00e7\u00e3o socioafetiva \u2013 reconhecimento de filia\u00e7\u00e3o com base no afeto, sem necessariamente possuir o v\u00ednculo registrado na certid\u00e3o de nascimento.<\/p>\n<p><strong>N\u00e3o sabe como fazer as medidas para as becas?<\/strong> Siga os passos da imagem abaixo ou <a href=\"https:\/\/wp.ufpel.edu.br\/formaturas\/como-fazer-as-medidas-para-as-becas\/\">clique aqui<\/a> para ver instru\u00e7\u00f5es mais detalhadas.<\/p>\n<p><img class=\"alignnone size-medium wp-image-148\"  src=\"data:image\/svg+xml,%3Csvg xmlns=\"http:\/\/www.w3.org\/2000\/svg\" viewBox=\"0 0 1 1\"%3E%3C\/svg%3E\" data-src=\"https:\/\/wp.ufpel.edu.br\/formaturas\/files\/2023\/08\/Referencias-para-medidas-400x400.jpg\" class=\"lazy-load\" loading=\"lazy\" decoding=\"async\" alt=\"\" width=\"400\" height=\"400\" \/><\/p>\n<p>&nbsp;<\/p>\n<p>Tutorial para a inscri\u00e7\u00e3o:<\/p>\n<p><iframe loading=\"lazy\" title=\"Formatura Institucional - TUTORIAL de preenchimento de ades\u00e3o\" width=\"500\" height=\"281\" src=\"https:\/\/www.youtube.com\/embed\/4KMLaoQ2AnE?feature=oembed\" frameborder=\"0\" allow=\"accelerometer; autoplay; clipboard-write; encrypted-media; gyroscope; picture-in-picture; web-share\" referrerpolicy=\"strict-origin-when-cross-origin\" allowfullscreen><\/iframe><\/p>\n","protected":false},"excerpt":{"rendered":"<p>Prov\u00e1veis formandos que pretendem colar em grau ao final de 2023\/1 devem solicitar formatura pelo sistema Cobalto acessando a op\u00e7\u00e3o \u201cAluno\u201d \u2013&gt; \u201cCadastros\u201d \u2013&gt; \u201cSolicita\u00e7\u00e3o de formatura&#8221;. Per\u00edodo de solicita\u00e7\u00e3o: 1\u00ba a 11 de setembro\/2023 Divulga\u00e7\u00e3o das listas preliminares dos inscritos: 14 de setembro\/2023 &#8211; Confira aqui! Per\u00edodo para altera\u00e7\u00f5es e corre\u00e7\u00f5es no Cobalto : [&hellip;]<\/p>\n","protected":false},"author":1321,"featured_media":0,"parent":0,"menu_order":0,"comment_status":"closed","ping_status":"closed","template":"","meta":{"footnotes":""},"class_list":["post-53","page","type-page","status-publish","hentry"],"_links":{"self":[{"href":"https:\/\/wp.ufpel.edu.br\/formaturas\/wp-json\/wp\/v2\/pages\/53","targetHints":{"allow":["GET"]}}],"collection":[{"href":"https:\/\/wp.ufpel.edu.br\/formaturas\/wp-json\/wp\/v2\/pages"}],"about":[{"href":"https:\/\/wp.ufpel.edu.br\/formaturas\/wp-json\/wp\/v2\/types\/page"}],"author":[{"embeddable":true,"href":"https:\/\/wp.ufpel.edu.br\/formaturas\/wp-json\/wp\/v2\/users\/1321"}],"replies":[{"embeddable":true,"href":"https:\/\/wp.ufpel.edu.br\/formaturas\/wp-json\/wp\/v2\/comments?post=53"}],"version-history":[{"count":14,"href":"https:\/\/wp.ufpel.edu.br\/formaturas\/wp-json\/wp\/v2\/pages\/53\/revisions"}],"predecessor-version":[{"id":247,"href":"https:\/\/wp.ufpel.edu.br\/formaturas\/wp-json\/wp\/v2\/pages\/53\/revisions\/247"}],"wp:attachment":[{"href":"https:\/\/wp.ufpel.edu.br\/formaturas\/wp-json\/wp\/v2\/media?parent=53"}],"curies":[{"name":"wp","href":"https:\/\/api.w.org\/{rel}","templated":true}]}}