{"id":342,"date":"2021-06-11T15:02:02","date_gmt":"2021-06-11T18:02:02","guid":{"rendered":"https:\/\/wp.ufpel.edu.br\/forcultsul\/?page_id=342"},"modified":"2021-08-18T11:24:29","modified_gmt":"2021-08-18T14:24:29","slug":"forcultsul-2020","status":"publish","type":"page","link":"https:\/\/wp.ufpel.edu.br\/forcultsul\/forcultsul-2020\/","title":{"rendered":"F\u00d3RUM AMPLIADO FORCULTSUL 2020"},"content":{"rendered":"<p style=\"text-align: center\"><span style=\"font-family: tahoma, arial, helvetica, sans-serif\"><b>SOB<\/b><b>RE O EVENTO FORCULTSUL<\/b><b> 2020<\/b><\/span><\/p>\n<p><img loading=\"lazy\" decoding=\"async\" class=\"alignnone size-full wp-image-325\" src=\"https:\/\/wp.ufpel.edu.br\/forcultsul\/files\/2021\/06\/forcult-sul.png\" alt=\"\" width=\"1400\" height=\"400\" srcset=\"https:\/\/wp.ufpel.edu.br\/forcultsul\/files\/2021\/06\/forcult-sul.png 1400w, https:\/\/wp.ufpel.edu.br\/forcultsul\/files\/2021\/06\/forcult-sul-400x114.png 400w, https:\/\/wp.ufpel.edu.br\/forcultsul\/files\/2021\/06\/forcult-sul-1024x293.png 1024w, https:\/\/wp.ufpel.edu.br\/forcultsul\/files\/2021\/06\/forcult-sul-768x219.png 768w, https:\/\/wp.ufpel.edu.br\/forcultsul\/files\/2021\/06\/forcult-sul-750x214.png 750w\" sizes=\"auto, (max-width: 1400px) 100vw, 1400px\" \/><\/p>\n<p style=\"text-align: justify\"><span style=\"font-family: tahoma, arial, helvetica, sans-serif\"><span style=\"font-weight: 400\">F\u00f3rum Regional de Gest\u00e3o Cultural das Institui\u00e7\u00f5es de Ensino Superior (Forcult), 24 e 26 de novembro de 2020, integrado \u00e0 programa\u00e7\u00e3o do VII Congresso de Extens\u00e3o e Cultura da 6\u00aa. Semana Integrada de Inova\u00e7\u00e3o, Pesquisa, Ensino e Extens\u00e3o da UFPEL &#8211;<\/span><span style=\"color: #ff9900\"><em><strong><a style=\"color: #ff9900\" href=\"https:\/\/wp.ufpel.edu.br\/siiepe\/\"> SIIEPE<\/a><\/strong><\/em><\/span><span style=\"font-weight: 400\"><span style=\"color: #ff9900\">,<\/span> constitui-se pelos setores e agentes culturais das Institui\u00e7\u00f5es P\u00fablicas de Ensino Superior da Regi\u00e3o Sul: Estados do Paran\u00e1, Santa Catarina e Rio Grande do Sul.<\/span><\/span><\/p>\n<p style=\"text-align: justify\"><span style=\"font-weight: 400;font-family: tahoma, arial, helvetica, sans-serif\">As atividades ser\u00e3o online e objetivam a promo\u00e7\u00e3o de debates voltados ao fortalecimento das pol\u00edticas culturais no \u00e2mbito acad\u00eamico, bem como encaminhar diretrizes para a integra\u00e7\u00e3o dos seus agentes, trabalhadores e p\u00fablico da Cultura.<\/span><\/p>\n<p style=\"text-align: justify\"><span style=\"font-weight: 400;font-family: tahoma, arial, helvetica, sans-serif\">Dando continuidade \u00e0s discuss\u00f5es iniciadas no FORCULT Nacional, grupos tem\u00e1ticos (GTs) ir\u00e3o propor metodologias para um Corredor Cultural Nacional, a realiza\u00e7\u00e3o de pesquisas e indicadores, al\u00e9m de um mapeamento dos equipamentos culturais das Institui\u00e7\u00f5es de Ensino Superior (IES).<\/span><\/p>\n<p style=\"text-align: justify\"><span style=\"font-weight: 400;font-family: tahoma, arial, helvetica, sans-serif\">Apresenta\u00e7\u00f5es da constru\u00e7\u00e3o de uma pol\u00edtica cultural institucional j\u00e1 existente e\/ou em constru\u00e7\u00e3o nas institui\u00e7\u00f5es de ensino superior da regi\u00e3o sul tamb\u00e9m integrar\u00e3o o f\u00f3rum.<\/span><\/p>\n<p style=\"text-align: justify\"><span style=\"font-weight: 400;font-family: tahoma, arial, helvetica, sans-serif\">Fa\u00e7a parte deste processo. Pol\u00edtica cultural \u00e9 preciso!<\/span><\/p>\n<p style=\"text-align: justify\"><span style=\"font-family: tahoma, arial, helvetica, sans-serif\"><b><i>Fernando Igansi\u00a0 &#8211; Coordenador de Arte e Inclus\u00e3o &#8211; PREC | UFPEL\u00a0<\/i><\/b><\/span><\/p>\n<p style=\"text-align: justify\"><span style=\"font-family: tahoma, arial, helvetica, sans-serif\"><b>\u00a0<\/b><\/span><\/p>\n<p style=\"text-align: center\"><span style=\"font-family: tahoma, arial, helvetica, sans-serif\"><b>GRUPOS DE TRABALHO<\/b><\/span><\/p>\n<p style=\"text-align: justify\"><span style=\"font-family: tahoma, arial, helvetica, sans-serif\"><span style=\"font-weight: 400\"><img loading=\"lazy\" decoding=\"async\" class=\"alignnone size-full wp-image-418\" src=\"https:\/\/wp.ufpel.edu.br\/forcultsul\/files\/2021\/08\/grupos-de-trabalhos.png\" alt=\"\" width=\"1414\" height=\"2000\" srcset=\"https:\/\/wp.ufpel.edu.br\/forcultsul\/files\/2021\/08\/grupos-de-trabalhos.png 1414w, https:\/\/wp.ufpel.edu.br\/forcultsul\/files\/2021\/08\/grupos-de-trabalhos-283x400.png 283w, https:\/\/wp.ufpel.edu.br\/forcultsul\/files\/2021\/08\/grupos-de-trabalhos-724x1024.png 724w, https:\/\/wp.ufpel.edu.br\/forcultsul\/files\/2021\/08\/grupos-de-trabalhos-768x1086.png 768w, https:\/\/wp.ufpel.edu.br\/forcultsul\/files\/2021\/08\/grupos-de-trabalhos-1086x1536.png 1086w, https:\/\/wp.ufpel.edu.br\/forcultsul\/files\/2021\/08\/grupos-de-trabalhos-750x1061.png 750w\" sizes=\"auto, (max-width: 1414px) 100vw, 1414px\" \/><\/span><\/span><\/p>\n<p style=\"text-align: justify\"><span style=\"font-family: tahoma, arial, helvetica, sans-serif\"><b>Inscri\u00e7\u00f5es GTs<\/b><span style=\"color: #ff9900\"><strong><a style=\"color: #ff9900\" href=\"https:\/\/docs.google.com\/forms\/d\/1oSA9NbzErCga7Cbv4srpU9KihW-3_hNTqFBg1NnTfIA\/edit?ts=5f8e068f&amp;gxids=7628\"> AQUI<\/a><\/strong><\/span><\/span><\/p>\n<p><span style=\"font-weight: 400;font-family: tahoma, arial, helvetica, sans-serif\">\u00a0<\/span><\/p>\n<p style=\"text-align: center\"><span style=\"font-family: tahoma, arial, helvetica, sans-serif\"><b>CRONOGRAMA FORCULTSUL 2020<\/b><\/span><\/p>\n<p><span style=\"font-family: tahoma, arial, helvetica, sans-serif\"><b>24 nov<\/b><span style=\"font-weight: 400\"> \u2013 das 15h \u00e0s 17h<\/span><\/span><\/p>\n<ul>\n<li style=\"font-weight: 400\"><span style=\"font-weight: 400;font-family: tahoma, arial, helvetica, sans-serif\">GTs \u2013 di\u00e1logos tem\u00e1ticos<\/span><\/li>\n<\/ul>\n<p><span style=\"font-weight: 400;font-family: tahoma, arial, helvetica, sans-serif\">\u00a0<\/span><\/p>\n<p><span style=\"font-family: tahoma, arial, helvetica, sans-serif\"><b>26 nov<\/b><span style=\"font-weight: 400\"> \u2013 das 15h \u00e0s 17h<\/span><\/span><\/p>\n<ul>\n<li style=\"font-weight: 400\"><span style=\"font-family: tahoma, arial, helvetica, sans-serif\"><b>15h &#8211;<\/b><span style=\"font-weight: 400\"> Comunica\u00e7\u00e3o de abertura, Por uma pol\u00edtica de cultura: a experi\u00eancia da UFFS \u2013 Claiton Marcio da Silva<\/span><\/span><\/li>\n<li style=\"font-weight: 400\"><span style=\"font-family: tahoma, arial, helvetica, sans-serif\"><b>15h30 &#8211;<\/b><span style=\"font-weight: 400\"> Resultados dos di\u00e1logos nos GTs<\/span><\/span><\/li>\n<li style=\"font-weight: 400\"><span style=\"font-family: tahoma, arial, helvetica, sans-serif\"><b>16h30 &#8211; <\/b><span style=\"font-weight: 400\">Cultura nas IPES Regi\u00e3o Sul<\/span><\/span><\/li>\n<li style=\"font-weight: 400\"><span style=\"font-family: tahoma, arial, helvetica, sans-serif\"><b>16h45 &#8211;<\/b><span style=\"font-weight: 400\"> Debate com os participantes<\/span><\/span><\/li>\n<\/ul>\n<p>&nbsp;<\/p>\n<p style=\"text-align: right\"><span style=\"font-family: tahoma, arial, helvetica, sans-serif\"><span style=\"font-weight: 400\">ACESSE A APRESENTA\u00c7\u00c3O DOS GTs FORCULTSUL 2020<\/span><span style=\"color: #ff9900\"><strong><a style=\"color: #ff9900\" href=\"https:\/\/www.youtube.com\/watch?v=1z-MkE7RmuA\"> AQUI<\/a><\/strong><\/span><\/span><\/p>\n","protected":false},"excerpt":{"rendered":"<p>SOBRE O EVENTO FORCULTSUL 2020 F\u00f3rum Regional de Gest\u00e3o Cultural das Institui\u00e7\u00f5es de Ensino Superior (Forcult), 24 e 26 de novembro de 2020, integrado \u00e0 programa\u00e7\u00e3o do VII Congresso de Extens\u00e3o e Cultura da 6\u00aa. Semana Integrada de Inova\u00e7\u00e3o, Pesquisa, Ensino e Extens\u00e3o da UFPEL &#8211; SIIEPE, constitui-se pelos setores e agentes culturais das Institui\u00e7\u00f5es &hellip; <\/p>\n<p><a class=\"more-link btn\" href=\"https:\/\/wp.ufpel.edu.br\/forcultsul\/forcultsul-2020\/\">Continue lendo<\/a><\/p>\n","protected":false},"author":990,"featured_media":0,"parent":0,"menu_order":0,"comment_status":"closed","ping_status":"closed","template":"","meta":{"footnotes":""},"class_list":["post-342","page","type-page","status-publish","hentry","nodate","item-wrap"],"_links":{"self":[{"href":"https:\/\/wp.ufpel.edu.br\/forcultsul\/wp-json\/wp\/v2\/pages\/342","targetHints":{"allow":["GET"]}}],"collection":[{"href":"https:\/\/wp.ufpel.edu.br\/forcultsul\/wp-json\/wp\/v2\/pages"}],"about":[{"href":"https:\/\/wp.ufpel.edu.br\/forcultsul\/wp-json\/wp\/v2\/types\/page"}],"author":[{"embeddable":true,"href":"https:\/\/wp.ufpel.edu.br\/forcultsul\/wp-json\/wp\/v2\/users\/990"}],"replies":[{"embeddable":true,"href":"https:\/\/wp.ufpel.edu.br\/forcultsul\/wp-json\/wp\/v2\/comments?post=342"}],"version-history":[{"count":6,"href":"https:\/\/wp.ufpel.edu.br\/forcultsul\/wp-json\/wp\/v2\/pages\/342\/revisions"}],"predecessor-version":[{"id":442,"href":"https:\/\/wp.ufpel.edu.br\/forcultsul\/wp-json\/wp\/v2\/pages\/342\/revisions\/442"}],"wp:attachment":[{"href":"https:\/\/wp.ufpel.edu.br\/forcultsul\/wp-json\/wp\/v2\/media?parent=342"}],"curies":[{"name":"wp","href":"https:\/\/api.w.org\/{rel}","templated":true}]}}