{"id":3302,"date":"2025-03-13T14:36:01","date_gmt":"2025-03-13T17:36:01","guid":{"rendered":"https:\/\/wp.ufpel.edu.br\/fisica-licenciatura\/?page_id=3302"},"modified":"2025-08-05T10:50:58","modified_gmt":"2025-08-05T13:50:58","slug":"calendario-2025-1","status":"publish","type":"page","link":"https:\/\/wp.ufpel.edu.br\/fisica-licenciatura\/calendario-2025-1\/","title":{"rendered":"CALEND\u00c1RIO 2025\/1"},"content":{"rendered":"<p align=\"justify\">A partir do dia <strong>22 de abril de 2025<\/strong>\u00a0iniciaremos mais um semestre letivo.<\/p>\n<p align=\"justify\">Abaixo apresentamos alguns pontos importantes:<\/p>\n<p align=\"justify\"><b>1.<\/b> As <strong>aulas iniciar\u00e3o<\/strong> em <strong>22 de abril de 2025 (ter\u00e7a-feira)<\/strong>, sendo desenvolvidas ao longo de 18 semanas letivas.<\/p>\n<p align=\"justify\"><b>2.<\/b><b> <\/b>A <b>matr\u00edcula<\/b> em componentes curriculares (disciplinas) <b>ser\u00e1 obrigat\u00f3ria<\/b> em, pelo menos, <span style=\"text-decoration: underline;\"><strong>8 cr\u00e9ditos<\/strong><\/span>.<\/p>\n<p align=\"justify\">O <span style=\"text-decoration: underline;\"><strong>calend\u00e1rio acad\u00eamico completo para o ano de 2025<\/strong><\/span> pode ser encontrado <span style=\"color: #333399;\"><a style=\"color: #333399;\" href=\"https:\/\/wp.ufpel.edu.br\/cra\/calendarios-academicos\/calendario-academico-2025\/\"><span style=\"text-decoration: underline;\"><strong>neste link<\/strong><\/span><\/a><\/span>. Abaixo, voc\u00ea encontrar\u00e1 um compilado de datas, elaborado com o objetivo de ser um material de f\u00e1cil acesso, servindo como um recurso pr\u00e1tico para consulta r\u00e1pida. No entanto, <strong>\u00e9 importante ressaltar que este compilado n\u00e3o substitui o acesso regular ao calend\u00e1rio acad\u00eamico vigente<\/strong>, o qual \u00e9 a fonte oficial e pass\u00edvel \u00a0de eventuais altera\u00e7\u00f5es.<\/p>\n<p align=\"justify\">Desejamos que todos(as) tenham um bom semestre!<\/p>\n<p align=\"justify\">Para o<strong> semestre 2025\/1<\/strong> destacamos algumas datas que devem ser observadas com aten\u00e7\u00e3o, como listado abaixo:<\/p>\n<table style=\"font-weight: 400;\" border=\"2\">\n<tbody>\n<tr>\n<td style=\"width: 1339px;\" colspan=\"2\"><strong><span style=\"color: #993366;\">ABRIL\/2025<\/span><\/strong><\/td>\n<\/tr>\n<tr>\n<td style=\"width: 354px;\">09\/04 (quarta-feira)<\/td>\n<td style=\"width: 985px;\">\n<p><strong><span style=\"color: #ff0000;\">FIM<\/span><\/strong>: Data limite para estudantes solicitarem quebra de pr\u00e9-requisito para 2025\/1.<\/p>\n<p><span style=\"color: #339966;\"><strong>IN\u00cdCIO<\/strong><\/span>: Per\u00edodo de solicita\u00e7\u00e3o de rematr\u00edcula on-line 2025\/1.<\/td>\n<\/tr>\n<tr>\n<td style=\"width: 354px;\">10\/04 (quinta-feira)<\/td>\n<td style=\"width: 985px;\"><span style=\"color: #ff0000;\"><strong>FIM<\/strong><\/span>: Per\u00edodo de solicita\u00e7\u00e3o de rematr\u00edcula on-line 2025\/1.<\/td>\n<\/tr>\n<tr>\n<td style=\"width: 354px;\">11\/04 (sexta-feira)<\/td>\n<td style=\"width: 985px;\">Processamento das solicita\u00e7\u00f5es de rematr\u00edcula on-line 2025\/1.<\/td>\n<\/tr>\n<tr>\n<td style=\"width: 354px;\">12\/04 (s\u00e1bado)<\/td>\n<td style=\"width: 985px;\">\n<p><span style=\"color: #339966;\"><strong>IN\u00cdCIO<\/strong><\/span>: per\u00edodo de solicita\u00e7\u00e3o de trancamento geral de matr\u00edcula para os alunos que n\u00e3o solicitaram matr\u00edcula para 2025\/1 no Sistema Acad\u00eamico Cobalto.<\/p>\n<p><span style=\"color: #339966;\"><strong>IN\u00cdCIO<\/strong><\/span>:\u00a0Per\u00edodo para os alunos consultarem a rematr\u00edcula online 2025\/1<\/p>\n<p><span style=\"color: #339966;\"><strong>IN\u00cdCIO<\/strong><\/span>:\u00a0Per\u00edodo para solicita\u00e7\u00e3o de corre\u00e7\u00e3o de matr\u00edcula 2025\/1 no Sistema Acad\u00eamico Cobalto.<\/p>\n<p><span style=\"color: #339966;\"><strong>IN\u00cdCIO<\/strong><\/span>:\u00a0Per\u00edodo de matr\u00edculas 2025\/1 para ingressantes por Transfer\u00eancia, Reop\u00e7\u00e3o, Reingresso, Retomada de Estudos e Portador de T\u00edtulo.<\/td>\n<\/tr>\n<tr>\n<td style=\"width: 354px;\">14\/04 (segunda-feira)<\/td>\n<td style=\"width: 985px;\">\n<p><strong><span style=\"color: #ff0000;\">FIM<\/span>:<\/strong> Per\u00edodo de matr\u00edculas 2025\/1 para ingressantes por Transfer\u00eancia, Reop\u00e7\u00e3o, Reingresso, Retomada de Estudos e Portador de T\u00edtulo.<\/p>\n<p><span style=\"color: #ff0000;\"><strong>FIM<\/strong><\/span>: Per\u00edodo para solicita\u00e7\u00e3o de corre\u00e7\u00e3o de matr\u00edcula 2025\/1 no Sistema Acad\u00eamico Cobalto.<\/td>\n<\/tr>\n<tr>\n<td style=\"width: 354px;\">22\/04 (ter\u00e7a-feira)<\/td>\n<td style=\"width: 985px;\">\n<p><span style=\"color: #339966;\"><strong>IN\u00cdCIO<\/strong><\/span>:\u00a0semestre letivo de 2025\/1.<\/p>\n<p>Recep\u00e7\u00e3o dos discentes ingressantes em 2025\/1 pelos Colegiados de Curso.<\/td>\n<\/tr>\n<tr>\n<td style=\"width: 354px;\">23\/04 (quarta-feira)<\/td>\n<td style=\"width: 985px;\"><strong><span style=\"color: #339966;\">IN\u00cdCIO<\/span><\/strong>: per\u00edodo de solicita\u00e7\u00e3o de matr\u00edcula especial 2025\/1 no Sistema Acad\u00eamico Cobalto.<\/td>\n<\/tr>\n<tr>\n<td style=\"width: 354px;\">24\/04 (quinta-feira)<\/td>\n<td style=\"width: 985px;\">\n<p><span style=\"color: #ff0000;\"><strong>FIM<\/strong><\/span>: Discentes protocolarem, nos Colegiados de Curso, recurso ao COCEPE referente a negativa de quebra de pr\u00e9-requisito para 2025\/1.<\/p>\n<p><span style=\"color: #ff0000;\"><strong>FIM<\/strong><\/span>: per\u00edodo de solicita\u00e7\u00e3o de matr\u00edcula especial 2025\/1 no Sistema Acad\u00eamico Cobalto.<\/td>\n<\/tr>\n<tr>\n<td style=\"width: 1339px;\" colspan=\"2\"><strong><span style=\"color: #993366;\">MAIO\/2025<\/span><\/strong><\/td>\n<\/tr>\n<tr>\n<td style=\"width: 354px;\">12\/05 (segunda-feira)<\/td>\n<td style=\"width: 985px;\"><span style=\"color: #339966;\"><strong>IN\u00cdCIO<\/strong><\/span>: per\u00edodo para solicita\u00e7\u00e3o de formatura institucional externa 2025\/1.<\/td>\n<\/tr>\n<tr>\n<td style=\"width: 354px;\">16\/05 (sexta-feira)<\/td>\n<td style=\"width: 985px;\"><span style=\"color: #ff0000;\"><strong>FIM<\/strong><\/span>: per\u00edodo de solicita\u00e7\u00e3o de trancamento geral de matr\u00edcula para os alunos que n\u00e3o solicitaram matr\u00edcula para 2025\/1.<\/td>\n<\/tr>\n<tr>\n<td style=\"width: 354px;\">19\/05 (segunda-feira)<\/td>\n<td style=\"width: 985px;\">\n<p><span style=\"color: #339966;\"><strong>IN\u00cdCIO<\/strong><\/span>: per\u00edodo de trancamento de componentes curriculares (disciplinas) no Sistema Acad\u00eamico Cobalto 2025\/1<\/p>\n<p><span style=\"color: #ff0000;\"><strong>FIM<\/strong><\/span>: per\u00edodo para solicita\u00e7\u00e3o de formatura institucional externa 2025\/1.<\/td>\n<\/tr>\n<tr>\n<td style=\"width: 354px;\">23\/05 (sexta-feira)<\/td>\n<td style=\"width: 985px;\"><span style=\"color: #ff0000;\"><strong>FIM<\/strong><\/span>: per\u00edodo de trancamento de componentes curriculares (disciplinas) no Sistema Acad\u00eamico Cobalto 2025\/1.<\/td>\n<\/tr>\n<tr>\n<td style=\"width: 1339px;\" colspan=\"2\"><span style=\"color: #993366;\"><strong>AGOSTO\/2025<\/strong><\/span><\/td>\n<\/tr>\n<tr>\n<td style=\"width: 354px;\">22\/08 (sexta-feira)<\/td>\n<td style=\"width: 985px;\"><span style=\"color: #ff0000;\"><strong>FIM<\/strong><\/span>: Prazo final para alunos regularmente matriculados em 2025\/1 solicitarem trancamento geral de matr\u00edcula na CRA.<\/td>\n<\/tr>\n<tr>\n<td style=\"width: 354px;\">23\/08 (s\u00e1bado)<\/td>\n<td style=\"width: 985px;\">\u00daltimo dia letivo de 2025\/1.<\/td>\n<\/tr>\n<tr>\n<td style=\"width: 354px;\">25\/08 (segunda-feira)<\/td>\n<td style=\"width: 985px;\"><strong><span style=\"color: #339966;\">IN\u00cdCIO<\/span><\/strong>: Per\u00edodo de exames 2025\/1.<\/td>\n<\/tr>\n<tr>\n<td style=\"width: 354px;\">30\/08 (s\u00e1bado)<\/td>\n<td style=\"width: 985px;\"><span style=\"color: #ff0000;\"><strong>FIM<\/strong><\/span>: Per\u00edodo de exames 2025\/1.<\/td>\n<\/tr>\n<\/tbody>\n<\/table>\n<div id=\"accel-snackbar\" style=\"left: 50%; transform: translate(-50%, 0px); top: 50px;\"><\/div>\n","protected":false},"excerpt":{"rendered":"<p>A partir do dia 22 de abril de 2025\u00a0iniciaremos mais um semestre letivo. Abaixo apresentamos alguns pontos importantes: 1. As aulas iniciar\u00e3o em 22 de abril de 2025 (ter\u00e7a-feira), sendo desenvolvidas ao longo de 18 semanas letivas. 2. A matr\u00edcula em componentes curriculares (disciplinas) ser\u00e1 obrigat\u00f3ria em, pelo menos, 8 cr\u00e9ditos. O calend\u00e1rio acad\u00eamico completo [&hellip;]<\/p>\n","protected":false},"author":1147,"featured_media":0,"parent":0,"menu_order":0,"comment_status":"closed","ping_status":"closed","template":"","meta":{"jetpack_post_was_ever_published":false,"footnotes":""},"class_list":["post-3302","page","type-page","status-publish","hentry"],"jetpack_sharing_enabled":true,"jetpack_shortlink":"https:\/\/wp.me\/P6RZnX-Rg","_links":{"self":[{"href":"https:\/\/wp.ufpel.edu.br\/fisica-licenciatura\/wp-json\/wp\/v2\/pages\/3302","targetHints":{"allow":["GET"]}}],"collection":[{"href":"https:\/\/wp.ufpel.edu.br\/fisica-licenciatura\/wp-json\/wp\/v2\/pages"}],"about":[{"href":"https:\/\/wp.ufpel.edu.br\/fisica-licenciatura\/wp-json\/wp\/v2\/types\/page"}],"author":[{"embeddable":true,"href":"https:\/\/wp.ufpel.edu.br\/fisica-licenciatura\/wp-json\/wp\/v2\/users\/1147"}],"replies":[{"embeddable":true,"href":"https:\/\/wp.ufpel.edu.br\/fisica-licenciatura\/wp-json\/wp\/v2\/comments?post=3302"}],"version-history":[{"count":12,"href":"https:\/\/wp.ufpel.edu.br\/fisica-licenciatura\/wp-json\/wp\/v2\/pages\/3302\/revisions"}],"predecessor-version":[{"id":3502,"href":"https:\/\/wp.ufpel.edu.br\/fisica-licenciatura\/wp-json\/wp\/v2\/pages\/3302\/revisions\/3502"}],"wp:attachment":[{"href":"https:\/\/wp.ufpel.edu.br\/fisica-licenciatura\/wp-json\/wp\/v2\/media?parent=3302"}],"curies":[{"name":"wp","href":"https:\/\/api.w.org\/{rel}","templated":true}]}}