{"id":2541,"date":"2022-12-05T14:06:38","date_gmt":"2022-12-05T17:06:38","guid":{"rendered":"https:\/\/wp.ufpel.edu.br\/fisica-licenciatura\/?page_id=2541"},"modified":"2024-03-05T16:27:21","modified_gmt":"2024-03-05T19:27:21","slug":"datas-importantes-2024-1","status":"publish","type":"page","link":"https:\/\/wp.ufpel.edu.br\/fisica-licenciatura\/datas-importantes-2024-1\/","title":{"rendered":"Datas importantes 2024\/1"},"content":{"rendered":"<p style=\"text-align: justify;\">O <a href=\"https:\/\/wp.ufpel.edu.br\/cra\/calendarios-academicos\/calendario-academico-2024\/\">calend\u00e1rio acad\u00eamico<\/a> deve sempre ser consultado para que as datas importantes ao longo do semestre sejam observadas. Para o<strong> semestre 2024\/1<\/strong>\u00a0destacamos algumas datas que devem ser observadas com aten\u00e7\u00e3o, como listado abaixo:<\/p>\n<table style=\"border-collapse: collapse; width: 100%;\" border=\"1\">\n<tbody>\n<tr style=\"height: 24px;\">\n<td style=\"width: 100%; height: 24px;\" colspan=\"2\"><span style=\"color: #800000;\"><strong>MAR\u00c7O\/2024<\/strong><\/span><\/td>\n<\/tr>\n<tr style=\"height: 24px;\">\n<td style=\"width: 23.1822%; height: 24px;\"><span style=\"font-size: 10pt;\"><strong>28\/03 (quinta-feira)<\/strong><\/span><\/td>\n<td style=\"width: 76.8178%; height: 24px;\"><span style=\"font-size: 10pt;\"><strong>\u00a0<span style=\"color: #ff0000;\">FIM<\/span>: <\/strong>D<span class=\"cobalto-calendario-descricao\">iscentes solicitarem quebra de pr\u00e9-requisito para 2024\/1 aos Colegiados.<\/span><\/span><\/td>\n<\/tr>\n<tr style=\"height: 24px;\">\n<td style=\"width: 100%; height: 20px;\" colspan=\"2\"><span style=\"color: #800000;\"><strong>ABRIL\/2024<\/strong><\/span><\/td>\n<\/tr>\n<tr style=\"height: 24px;\">\n<td style=\"width: 23.1822%; height: 24px;\"><span style=\"font-size: 10pt;\"><strong style=\"text-align: justify;\"><span class=\"cobalto-calendario-dia\">01\/04 (segunda-feira)<\/span><\/strong><\/span><\/td>\n<td style=\"width: 76.8178%; height: 24px;\"><span style=\"font-size: 10pt;\"><strong style=\"text-align: justify;\"><span style=\"color: #339966;\">IN\u00cdCIO<\/span><\/strong><span style=\"text-align: justify;\">: per\u00edodo de solicita\u00e7\u00e3o de rematr\u00edcula online 2024\/1.<\/span><\/span><\/td>\n<\/tr>\n<tr style=\"height: 24px;\">\n<td style=\"width: 23.1822%; height: 24px;\"><span style=\"font-size: 10pt;\"><strong style=\"text-align: justify;\"><span class=\"cobalto-calendario-dia\">03\/04 (quarta-feira)<\/span><\/strong><\/span><\/td>\n<td style=\"width: 76.8178%; height: 24px;\"><span style=\"font-size: 10pt;\"><strong style=\"text-align: justify;\"><span style=\"color: #ff0000;\">FIM<\/span><\/strong><span style=\"text-align: justify;\">: per\u00edodo de solicita\u00e7\u00e3o de rematr\u00edcula online 2024\/1.<\/span><\/span><\/td>\n<\/tr>\n<tr style=\"height: 24px;\">\n<td style=\"width: 23.1822%; height: 24px;\"><span style=\"font-size: 10pt;\"><strong style=\"text-align: justify;\">04\/04 (quinta-feira)<\/strong><\/span><\/td>\n<td style=\"width: 76.8178%; height: 24px;\"><span style=\"font-size: 10pt;\"><span class=\"cobalto-calendario-dia\" style=\"text-align: justify;\">P<\/span><span class=\"cobalto-calendario-descricao\" style=\"text-align: justify;\">rocessamento das solicita\u00e7\u00f5es de rematr\u00edcula online 2024\/1.<\/span><\/span><\/td>\n<\/tr>\n<tr style=\"height: 24px;\">\n<td style=\"width: 23.1822%; height: 24px;\"><span style=\"font-size: 10pt;\"><strong>05\/04 (sexta-feira)<\/strong><\/span><\/td>\n<td style=\"width: 76.8178%; height: 24px;\">\n<div><span class=\"cobalto-calendario-dia\" style=\"font-size: 10pt; text-align: justify; font-family: inherit; color: var(--cor-texto);\"><strong><span class=\"cobalto-calendario-descricao\"><span style=\"color: #339966;\">IN\u00cdCIO<\/span>: <\/span><\/strong><\/span><span style=\"font-family: inherit; color: var(--cor-texto); font-size: 10pt;\">per\u00edodo de solicita\u00e7\u00e3o de trancamento geral de matr\u00edcula para os alunos que n\u00e3o solicitaram matr\u00edcula para 2024\/1 na CRA.<\/span><\/div>\n<div>\n<p><span style=\"font-size: 10pt;\"><span class=\"cobalto-calendario-dia\"><strong><span class=\"cobalto-calendario-descricao\"><span style=\"color: #339966;\">IN\u00cdCIO<\/span>:<\/span><\/strong><\/span>\u00a0<span class=\"cobalto-calendario-dia\" style=\"font-family: inherit; color: var(--cor-texto);\">P<\/span><span style=\"font-family: inherit; color: var(--cor-texto);\">er\u00edodo para os alunos consultarem a rematr\u00edcula online 2024\/1.<\/span><\/span><\/p>\n<\/div>\n<p><span style=\"font-size: 10pt;\"><span class=\"cobalto-calendario-dia\"><strong><span class=\"cobalto-calendario-descricao\"><span style=\"color: #339966;\">IN\u00cdCIO<\/span>:\u00a0<\/span><\/strong><\/span><span style=\"font-family: inherit; color: var(--cor-texto);\">Per\u00edodo para solicita\u00e7\u00e3o de corre\u00e7\u00e3o de matr\u00edcula 2024\/1 no Sistema Acad\u00eamico Cobalto.<\/span><\/span><\/p>\n<p><span style=\"font-size: 10pt;\"><span class=\"cobalto-calendario-dia\"><strong><span class=\"cobalto-calendario-descricao\"><span style=\"color: #339966;\">IN\u00cdCIO<\/span>:<\/span><\/strong><\/span>\u00a0<span style=\"font-family: inherit; color: var(--cor-texto);\">Per\u00edodo de matr\u00edculas 2024\/1 para ingressantes por Transfer\u00eancia, Reop\u00e7\u00e3o, Reingresso, Retomada de Estudos e Portador de T\u00edtulo.<\/span><\/span><\/td>\n<\/tr>\n<tr style=\"height: 24px;\">\n<td style=\"width: 23.1822%; height: 24px;\"><span style=\"font-size: 10pt;\"><strong>08\/04 (segunda-feira)<\/strong><\/span><\/td>\n<td style=\"width: 76.8178%; height: 24px;\">\n<div><span style=\"font-size: 10pt;\"><strong style=\"text-align: justify; font-family: inherit; color: var(--cor-texto);\"><span class=\"cobalto-calendario-descricao\"><span style=\"color: #ff0000;\">FIM<\/span>:<\/span><\/strong> <span class=\"cobalto-calendario-descricao\" style=\"text-align: justify; font-family: inherit; color: var(--cor-texto);\">Per\u00edodo de matr\u00edculas 2024\/1 para ingressantes por Transfer\u00eancia, Reop\u00e7\u00e3o, Reingresso, Retomada de Estudos e Portador de T\u00edtulo.<\/span><\/span><\/div>\n<div>\n<p><span class=\"cobalto-calendario-descricao\" style=\"font-size: 10pt;\"><strong><span style=\"color: #ff0000;\">FIM<\/span><\/strong>: Per\u00edodo para solicita\u00e7\u00e3o de corre\u00e7\u00e3o de matr\u00edcula 2024\/1 no Sistema Acad\u00eamico Cobalto.<\/span><\/p>\n<\/div>\n<\/td>\n<\/tr>\n<tr style=\"height: 24px;\">\n<td style=\"width: 23.1822%; height: 24px;\"><span style=\"font-size: 10pt;\"><strong>12\/04 (sexta-feira)<\/strong><\/span><\/td>\n<td style=\"width: 76.8178%; height: 24px;\">\n<p><span style=\"font-size: 10pt;\"><span class=\"cobalto-calendario-dia\"><strong><span class=\"cobalto-calendario-descricao\"><span style=\"color: #ff0000;\">FIM<\/span>:<\/span><\/strong>\u00a0P<\/span><span class=\"cobalto-calendario-descricao\">er\u00edodo de avalia\u00e7\u00e3o de componentes curriculares (disciplinas) 2023\/2 (avalia\u00e7\u00e3o realizada pelos discentes no Sistema Acad\u00eamico Cobalto).<\/span><\/span><\/p>\n<p><span class=\"cobalto-calendario-descricao\" style=\"font-size: 10pt;\"><strong><span style=\"color: #ff0000;\">FIM<\/span><\/strong>: Discentes protocolarem, nos Colegiados de Curso, recurso ao COCEPE referente a negativa de quebra de pr\u00e9-requisito para 2024\/1.<\/span><\/td>\n<\/tr>\n<tr style=\"height: 24px;\">\n<td style=\"width: 23.1822%; height: 24px;\"><span style=\"font-size: 10pt;\"><strong>13\/04 (s\u00e1bado)<\/strong><\/span><\/td>\n<td style=\"width: 76.8178%; height: 24px;\"><span style=\"font-size: 10pt;\"><span class=\"cobalto-calendario-dia\"><strong><span class=\"cobalto-calendario-descricao\"><span style=\"color: #339966;\">IN\u00cdCIO<\/span>:<\/span><\/strong><\/span><span class=\"cobalto-calendario-descricao\">\u00a0per\u00edodo de solicita\u00e7\u00e3o de matr\u00edcula especial 2024\/1 no Sistema Acad\u00eamico Cobalto.<\/span><\/span><\/td>\n<\/tr>\n<tr style=\"height: 24px;\">\n<td style=\"width: 23.1822%; height: 24px;\"><span style=\"font-size: 10pt;\"><strong>15\/04 (segunda-feira)<\/strong><\/span><\/td>\n<td style=\"width: 76.8178%; height: 24px;\">\n<p><span style=\"font-size: 10pt;\"><span class=\"cobalto-calendario-dia\"><strong><span class=\"cobalto-calendario-descricao\"><span style=\"color: #339966;\">IN\u00cdCIO<\/span>:<\/span><\/strong>\u00a0s<\/span><span class=\"cobalto-calendario-descricao\">emestre letivo de 2024\/1.<\/span><\/span><\/p>\n<p><span class=\"cobalto-calendario-descricao\" style=\"font-size: 10pt;\">Recep\u00e7\u00e3o dos discentes ingressantes em 2024\/1 pelos Colegiados de Curso.<\/span><\/p>\n<p><span class=\"cobalto-calendario-descricao\" style=\"font-size: 10pt;\"><strong><span style=\"color: #ff0000;\">FIM<\/span><\/strong>: per\u00edodo de solicita\u00e7\u00e3o de matr\u00edcula especial 2024\/1 no Sistema Acad\u00eamico Cobalto.<\/span><\/td>\n<\/tr>\n<tr style=\"height: 24px;\">\n<td style=\"width: 100%; height: 24px;\" colspan=\"2\"><span style=\"color: #800000;\"><strong>MAIO\/2024<\/strong><\/span><\/td>\n<\/tr>\n<tr style=\"height: 24px;\">\n<td style=\"width: 23.1822%; height: 24px;\"><span style=\"font-size: 10pt;\"><strong>03\/05 (sexta-feira)\u00a0<\/strong><\/span><\/td>\n<td style=\"width: 76.8178%; height: 24px;\"><span style=\"font-size: 10pt;\"><span class=\"cobalto-calendario-dia\"><strong><span class=\"cobalto-calendario-descricao\"><span style=\"color: #ff0000;\">FIM<\/span>:\u00a0<\/span><\/strong><span class=\"cobalto-calendario-descricao\">p<\/span><\/span><span class=\"cobalto-calendario-descricao\">er\u00edodo de solicita\u00e7\u00e3o de trancamento geral de matr\u00edcula para os alunos que n\u00e3o solicitaram matr\u00edcula para 2024\/1.<\/span><\/span><\/td>\n<\/tr>\n<tr style=\"height: 24px;\">\n<td style=\"width: 23.1822%; height: 24px;\"><span style=\"font-size: 10pt;\"><strong>13\/05 (segunda-feira)<\/strong><\/span><\/td>\n<td style=\"width: 76.8178%; height: 24px;\">\n<p><span style=\"font-size: 10pt;\"><span class=\"cobalto-calendario-dia\"><strong><span class=\"cobalto-calendario-descricao\"><span style=\"color: #339966;\">IN\u00cdCIO<\/span>:<\/span><\/strong><\/span><span class=\"cobalto-calendario-descricao\">\u00a0per\u00edodo para solicita\u00e7\u00e3o de formatura 2024\/1.<\/span><\/span><\/p>\n<p><span style=\"font-size: 10pt;\"><span class=\"cobalto-calendario-dia\"><strong><span class=\"cobalto-calendario-descricao\"><span style=\"color: #339966;\">IN\u00cdCIO<\/span>:<\/span><\/strong><\/span>\u00a0per\u00edodo de trancamento de componentes curriculares (disciplinas) no Sistema Acad\u00eamico Cobalto 2024\/1.<\/span><\/td>\n<\/tr>\n<tr style=\"height: 48px;\">\n<td style=\"width: 23.1822%; height: 48px;\"><span style=\"font-size: 10pt;\"><strong>17\/05 (sexta-feira)<\/strong><\/span><\/td>\n<td style=\"width: 76.8178%; height: 48px;\">\n<div><span style=\"font-size: 10pt;\"><span class=\"cobalto-calendario-dia\"><strong><span class=\"cobalto-calendario-descricao\"><span style=\"color: #ff0000;\">FIM<\/span>:<\/span><\/strong><\/span><span class=\"cobalto-calendario-descricao\">\u00a0per\u00edodo de trancamento de componentes curriculares (disciplinas) no Sistema Acad\u00eamico Cobalto 2024\/1.<\/span><\/span><\/div>\n<\/td>\n<\/tr>\n<tr style=\"height: 24px;\">\n<td style=\"width: 23.1822%; height: 24px;\"><span style=\"font-size: 10pt;\"><strong>20\/05 (segunda-feira)<\/strong><strong><br \/>\n<\/strong><\/span><\/td>\n<td style=\"width: 76.8178%; height: 24px;\"><span style=\"font-size: 10pt;\"><span class=\"cobalto-calendario-dia\"><strong><span class=\"cobalto-calendario-descricao\"><span style=\"color: #ff0000;\">FIM<\/span>:<\/span><\/strong><\/span><span class=\"cobalto-calendario-descricao\">\u00a0Per\u00edodo para solicita\u00e7\u00e3o de formatura 2024\/1.<\/span><\/span><\/td>\n<\/tr>\n<tr style=\"height: 24px;\">\n<td style=\"width: 100%; height: 24px;\" colspan=\"2\"><span style=\"color: #800000;\"><strong>JULHO\/2024<\/strong><\/span><\/td>\n<\/tr>\n<tr style=\"height: 48px;\">\n<td style=\"width: 23.1822%; height: 48px;\"><span style=\"font-size: 10pt;\"><strong>26\/07 (sexta-feira)<\/strong><strong><br \/>\n<\/strong><\/span><\/td>\n<td style=\"width: 76.8178%; height: 48px;\"><span style=\"font-size: 10pt;\"><span class=\"cobalto-calendario-dia\"><strong><span class=\"cobalto-calendario-descricao\"><span style=\"color: #ff0000;\">FIM<\/span>:<\/span><\/strong><span class=\"cobalto-calendario-descricao\"> Prazo <\/span><\/span>para alunos regularmente matriculados em 2024\/1 solicitarem trancamento geral de matr\u00edcula na CRA.<\/span><\/td>\n<\/tr>\n<tr style=\"height: 24px;\">\n<td style=\"width: 23.1822%; height: 24px;\"><span style=\"font-size: 10pt;\"><strong>27\/07 (s\u00e1bado)<\/strong><strong><br \/>\n<\/strong><\/span><\/td>\n<td style=\"width: 76.8178%; height: 24px;\"><span style=\"font-size: 10pt;\">\u00daltimo dia letivo de 2024\/1.<\/span><\/td>\n<\/tr>\n<tr style=\"height: 24px;\">\n<td style=\"width: 23.1822%; height: 24px;\"><span style=\"font-size: 10pt;\"><strong>29\/07 (segunda-feira)<\/strong><strong><br \/>\n<\/strong><\/span><\/td>\n<td style=\"width: 76.8178%; height: 24px;\"><span style=\"font-size: 10pt;\"><span class=\"cobalto-calendario-dia\"><strong><span class=\"cobalto-calendario-descricao\"><span style=\"color: #339966;\">IN\u00cdCIO<\/span>:<\/span><\/strong><\/span><span class=\"cobalto-calendario-descricao\">\u00a0Per\u00edodo de exames 2024\/1.<\/span><\/span><\/td>\n<\/tr>\n<tr style=\"height: 24px;\">\n<td style=\"width: 100%; height: 24px;\" colspan=\"2\"><span style=\"color: #800000;\"><strong>AGOSTO\/2024<\/strong><\/span><span class=\"cobalto-calendario-dia\"><strong><span class=\"cobalto-calendario-descricao\"><span style=\"color: #339966;\"><br \/>\n<\/span><\/span><\/strong><\/span><\/td>\n<\/tr>\n<tr style=\"height: 24px;\">\n<td style=\"width: 23.1822%; height: 24px;\"><span style=\"font-size: 10pt;\"><strong><span class=\"cobalto-calendario-dia\">03\/08 (s\u00e1bado)<\/span><\/strong><\/span><\/td>\n<td style=\"width: 76.8178%; height: 24px;\"><span class=\"cobalto-calendario-dia\" style=\"font-size: 10pt;\"><strong>\u00a0<span class=\"cobalto-calendario-descricao\"><span style=\"color: #ff0000;\">FIM<\/span>:<\/span><\/strong><span class=\"cobalto-calendario-descricao\">\u00a0Per\u00edodo de exames 2024\/1.<\/span><strong><span class=\"cobalto-calendario-descricao\"><span style=\"color: #339966;\"><br \/>\n<\/span><\/span><\/strong><\/span><\/td>\n<\/tr>\n<\/tbody>\n<\/table>\n<p>&nbsp;<\/p>\n","protected":false},"excerpt":{"rendered":"<p>O calend\u00e1rio acad\u00eamico deve sempre ser consultado para que as datas importantes ao longo do semestre sejam observadas. Para o semestre 2024\/1\u00a0destacamos algumas datas que devem ser observadas com aten\u00e7\u00e3o, como listado abaixo: MAR\u00c7O\/2024 28\/03 (quinta-feira) \u00a0FIM: Discentes solicitarem quebra de pr\u00e9-requisito para 2024\/1 aos Colegiados. ABRIL\/2024 01\/04 (segunda-feira) IN\u00cdCIO: per\u00edodo de solicita\u00e7\u00e3o de rematr\u00edcula [&hellip;]<\/p>\n","protected":false},"author":1147,"featured_media":0,"parent":0,"menu_order":0,"comment_status":"closed","ping_status":"closed","template":"","meta":{"jetpack_post_was_ever_published":false,"footnotes":""},"class_list":["post-2541","page","type-page","status-publish","hentry"],"jetpack_sharing_enabled":true,"jetpack_shortlink":"https:\/\/wp.me\/P6RZnX-EZ","_links":{"self":[{"href":"https:\/\/wp.ufpel.edu.br\/fisica-licenciatura\/wp-json\/wp\/v2\/pages\/2541","targetHints":{"allow":["GET"]}}],"collection":[{"href":"https:\/\/wp.ufpel.edu.br\/fisica-licenciatura\/wp-json\/wp\/v2\/pages"}],"about":[{"href":"https:\/\/wp.ufpel.edu.br\/fisica-licenciatura\/wp-json\/wp\/v2\/types\/page"}],"author":[{"embeddable":true,"href":"https:\/\/wp.ufpel.edu.br\/fisica-licenciatura\/wp-json\/wp\/v2\/users\/1147"}],"replies":[{"embeddable":true,"href":"https:\/\/wp.ufpel.edu.br\/fisica-licenciatura\/wp-json\/wp\/v2\/comments?post=2541"}],"version-history":[{"count":13,"href":"https:\/\/wp.ufpel.edu.br\/fisica-licenciatura\/wp-json\/wp\/v2\/pages\/2541\/revisions"}],"predecessor-version":[{"id":2552,"href":"https:\/\/wp.ufpel.edu.br\/fisica-licenciatura\/wp-json\/wp\/v2\/pages\/2541\/revisions\/2552"}],"wp:attachment":[{"href":"https:\/\/wp.ufpel.edu.br\/fisica-licenciatura\/wp-json\/wp\/v2\/media?parent=2541"}],"curies":[{"name":"wp","href":"https:\/\/api.w.org\/{rel}","templated":true}]}}