{"id":2202,"date":"2021-12-15T16:39:40","date_gmt":"2021-12-15T19:39:40","guid":{"rendered":"https:\/\/wp.ufpel.edu.br\/fisica-licenciatura\/?page_id=2202"},"modified":"2023-05-12T16:38:12","modified_gmt":"2023-05-12T19:38:12","slug":"calendario-2021-2","status":"publish","type":"page","link":"https:\/\/wp.ufpel.edu.br\/fisica-licenciatura\/calendario-2021-2\/","title":{"rendered":"CALEND\u00c1RIO 2023\/1"},"content":{"rendered":"<p style=\"text-align: justify;\" align=\"justify\"><span style=\"font-family: Liberation Sans, sans-serif; color: #000000;\"><span style=\"font-size: medium;\">A partir do dia <strong>12 de junho de 2023<\/strong> iniciaremos mais um semestre letivo.\u00a0<\/span><\/span><\/p>\n<p align=\"justify\"><span style=\"font-family: Liberation Sans, sans-serif; color: #000000;\"><span style=\"font-size: medium;\">Abaixo apresentamos alguns pontos importantes:<\/span><\/span><\/p>\n<p align=\"justify\"><span style=\"font-family: Liberation Sans, sans-serif; color: #000000;\"><span style=\"font-size: medium;\"><span style=\"color: #000000;\"><b>1.<\/b><\/span> O pr\u00f3ximo per\u00edodo (junho\/setembro) ser\u00e1 referente ao <strong>semestre letivo 2023\/1<\/strong>;<\/span><\/span><\/p>\n<p align=\"justify\"><span style=\"font-family: Liberation Sans, sans-serif; color: #000000;\"><span style=\"font-size: medium;\"><span style=\"color: #000000;\"><b>2.<\/b><\/span> As <strong>aulas iniciar\u00e3o<\/strong> em <strong>12 de junho de 2023<\/strong>\u00a0de forma 100% presencial.<\/span><\/span><\/p>\n<p align=\"justify\"><span style=\"font-family: Liberation Sans, sans-serif; color: #000000;\"><span style=\"font-size: medium;\"><span style=\"color: #000000;\"><b>3.<\/b><\/span><b> <\/b><span style=\"color: #000000;\"><b>A<\/b><\/span> <span style=\"color: #000000;\"><b>matr\u00edcula<\/b><\/span> <span style=\"color: #000000;\">em componentes curriculares (disciplinas)<\/span> <span style=\"color: #000000;\"><b>ser\u00e1 obrigat\u00f3ria<\/b>, em pelo menos 8 cr\u00e9ditos:<\/span><\/span><\/span><\/p>\n<p align=\"justify\"><span style=\"font-family: Liberation Sans, sans-serif; color: #000000;\"><span style=\"font-size: medium;\"><span style=\"color: #000000;\">a<\/span><span style=\"color: #000000;\">) os alunos ingressantes em 2021\/1 ser\u00e3o matriculados pelo Colegiado n<\/span><span style=\"color: #000000;\">o<\/span><span style=\"color: #000000;\">s 6 <\/span><span style=\"color: #000000;\">componentes curriculares <\/span><span style=\"color: #000000;\">do primeiro semestre do Curso;<\/span><\/span><\/span><\/p>\n<ul>\n<li><span style=\"font-family: Liberation Sans, sans-serif; color: #000000;\"><span style=\"font-size: medium;\">o <\/span><\/span><span style=\"font-family: Liberation Sans, sans-serif; color: #000000;\"><span style=\"font-size: medium;\">per\u00edodo de solicita\u00e7\u00e3o de<b> matr\u00edcula online 2023\/1<\/b><\/span><\/span><span style=\"font-family: Liberation Sans, sans-serif; color: #000000;\"><span style=\"font-size: medium;\"> (somente para discentes com ingresso anterior a 2023\/1) ser\u00e1 de <strong>29 a 31 de maio de 2023.<\/strong><\/span><\/span><\/li>\n<\/ul>\n<p align=\"justify\"><span style=\"font-family: Liberation Sans, sans-serif; color: #000000;\"><span style=\"font-size: medium;\"><strong>4.<\/strong> Os estudantes que n\u00e3o realizarem matr\u00edcula neste calend\u00e1rio, n\u00e3o justificarem e n\u00e3o responderem ao contato por e-mail realizado pelo Colegiado <b>SER\u00c3O DESLIGADOS POR ABANDONO DE CURSO<\/b>.<\/span><\/span><\/p>\n<p align=\"justify\"><span style=\"font-family: Liberation Sans, sans-serif; color: #000000;\"><span style=\"font-size: medium;\"><b>5. <\/b>O per\u00edodo de Trancamento Geral de Matr\u00edcula (TGM) para os alunos que n\u00e3o solicitaram matr\u00edcula para o semestre 2023\/1 ir\u00e1 <\/span><\/span><span style=\"font-family: Liberation Sans, sans-serif; color: #000000;\"><span style=\"font-size: medium;\">de 02 de junho a 05 de julho de 2023.<\/span><\/span><\/p>\n<p align=\"justify\"><span style=\"font-family: Liberation Sans, sans-serif; color: #000000;\"><span style=\"font-size: medium;\">As datas importante do calend\u00e1rio acad\u00eamico 2023 podem ser encontradas <a href=\"https:\/\/wp.ufpel.edu.br\/cra\/calendarios-academicos\/calendario-academico-2023\/\">neste link.<\/a><\/span><\/span><\/p>\n<p align=\"justify\"><span style=\"font-family: Liberation Sans, sans-serif; color: #000000;\"><span style=\"font-size: medium;\">Esperamos que todos tenham um <\/span><\/span><span style=\"font-family: Liberation Sans, sans-serif; color: #000000;\"><span style=\"font-size: medium;\">bom semestre!<\/span><\/span><\/p>\n","protected":false},"excerpt":{"rendered":"<p>A partir do dia 12 de junho de 2023 iniciaremos mais um semestre letivo.\u00a0 Abaixo apresentamos alguns pontos importantes: 1. O pr\u00f3ximo per\u00edodo (junho\/setembro) ser\u00e1 referente ao semestre letivo 2023\/1; 2. As aulas iniciar\u00e3o em 12 de junho de 2023\u00a0de forma 100% presencial. 3. A matr\u00edcula em componentes curriculares (disciplinas) ser\u00e1 obrigat\u00f3ria, em pelo menos [&hellip;]<\/p>\n","protected":false},"author":1147,"featured_media":0,"parent":0,"menu_order":0,"comment_status":"closed","ping_status":"closed","template":"","meta":{"jetpack_post_was_ever_published":false,"footnotes":""},"class_list":["post-2202","page","type-page","status-publish","hentry"],"jetpack_sharing_enabled":true,"jetpack_shortlink":"https:\/\/wp.me\/P6RZnX-zw","_links":{"self":[{"href":"https:\/\/wp.ufpel.edu.br\/fisica-licenciatura\/wp-json\/wp\/v2\/pages\/2202","targetHints":{"allow":["GET"]}}],"collection":[{"href":"https:\/\/wp.ufpel.edu.br\/fisica-licenciatura\/wp-json\/wp\/v2\/pages"}],"about":[{"href":"https:\/\/wp.ufpel.edu.br\/fisica-licenciatura\/wp-json\/wp\/v2\/types\/page"}],"author":[{"embeddable":true,"href":"https:\/\/wp.ufpel.edu.br\/fisica-licenciatura\/wp-json\/wp\/v2\/users\/1147"}],"replies":[{"embeddable":true,"href":"https:\/\/wp.ufpel.edu.br\/fisica-licenciatura\/wp-json\/wp\/v2\/comments?post=2202"}],"version-history":[{"count":12,"href":"https:\/\/wp.ufpel.edu.br\/fisica-licenciatura\/wp-json\/wp\/v2\/pages\/2202\/revisions"}],"predecessor-version":[{"id":2633,"href":"https:\/\/wp.ufpel.edu.br\/fisica-licenciatura\/wp-json\/wp\/v2\/pages\/2202\/revisions\/2633"}],"wp:attachment":[{"href":"https:\/\/wp.ufpel.edu.br\/fisica-licenciatura\/wp-json\/wp\/v2\/media?parent=2202"}],"curies":[{"name":"wp","href":"https:\/\/api.w.org\/{rel}","templated":true}]}}