{"id":2046,"date":"2021-07-22T23:13:47","date_gmt":"2021-07-23T02:13:47","guid":{"rendered":"https:\/\/wp.ufpel.edu.br\/fisica-licenciatura\/?page_id=2046"},"modified":"2022-07-06T16:36:37","modified_gmt":"2022-07-06T19:36:37","slug":"datas-importantes-2021-1","status":"publish","type":"page","link":"https:\/\/wp.ufpel.edu.br\/fisica-licenciatura\/datas-importantes-2021-1\/","title":{"rendered":"Datas importantes 2022\/1"},"content":{"rendered":"<p style=\"text-align: justify;\">O calend\u00e1rio acad\u00eamico deve sempre ser consultado para que as datas importantes ao longo do semestre sejam observadas. Para o semestre 2022\/1 destacamos algumas datas que devem ser observadas com aten\u00e7\u00e3o, como listado abaixo:<\/p>\n<h4>JULHO\/2022<\/h4>\n<p><strong>11 (<span class=\"cobalto-calendario-dia\">segunda-feira<\/span>):<\/strong> Data limite para discentes solicitarem quebra de pr\u00e9-requisito para 2022\/1 aos Colegiados<\/p>\n<div class=\"cobalto-calendario-linha cobalto-calendario-linha-par\"><span class=\"cobalto-calendario-dia\"><strong>15 (sexta-feira): <\/strong><\/span><span class=\"cobalto-calendario-descricao\">IN\u00cdCIO do per\u00edodo de solicita\u00e7\u00e3o de matr\u00edcula online 2022\/1<\/span><\/div>\n<div>\u00a0 \u00a0 \u00a0 \u00a0 \u00a0 \u00a0 \u00a0 \u00a0 \u00a0 \u00a0 \u00a0 \u00a0 \u00a0 \u00a0 \u00a0 \u00a0 \u00a0 \u00a0Data limite para os Colegiados responderem as solicita\u00e7\u00f5es de quebra de pr\u00e9-requisito para 2022\/1<\/div>\n<p><span class=\"cobalto-calendario-dia\"><strong>17 (domingo): <\/strong><\/span><span class=\"cobalto-calendario-descricao\">FIM do per\u00edodo de solicita\u00e7\u00e3o de matr\u00edcula online 2022\/1<\/span><\/p>\n<div class=\"cobalto-calendario-linha cobalto-calendario-linha-par\"><span class=\"cobalto-calendario-dia\"><strong>18 (segunda-feira): <\/strong><\/span><span class=\"cobalto-calendario-descricao\">Processamento das solicita\u00e7\u00f5es de matr\u00edcula on-line 2022\/1<\/span><\/div>\n<p><span class=\"cobalto-calendario-dia\"><strong>19 (ter\u00e7a-feira):<\/strong> I<\/span><span class=\"cobalto-calendario-descricao\">N\u00cdCIO do per\u00edodo para solicita\u00e7\u00e3o de corre\u00e7\u00e3o de matr\u00edcula 2022\/1 no sistema Cobalto<\/span><\/p>\n<div class=\"cobalto-calendario-linha cobalto-calendario-linha-impar\"><span class=\"cobalto-calendario-dia\"><strong>21 (quinta-feira):\u00a0<\/strong><\/span><span class=\"cobalto-calendario-descricao\">FIM do per\u00edodo para solicita\u00e7\u00e3o de corre\u00e7\u00e3o de matr\u00edcula 2022\/1 no sistema Cobalto<\/span><\/div>\n<div><\/div>\n<div class=\"cobalto-calendario-linha cobalto-calendario-linha-impar\"><span class=\"cobalto-calendario-dia\"><strong>25 (segunda-feira): <\/strong><\/span><span class=\"cobalto-calendario-descricao\">IN\u00cdCIO do per\u00edodo de solicita\u00e7\u00e3o de Trancamento Geral de Matr\u00edcula para discentes que n\u00e3o solicitaram matr\u00edcula para 2022\/1<\/span><\/div>\n<div class=\"cobalto-calendario-linha cobalto-calendario-linha-impar\"><\/div>\n<div class=\"cobalto-calendario-linha cobalto-calendario-linha-impar\"><span class=\"cobalto-calendario-dia\"><strong>29 (sexta-feira): <\/strong><\/span><span class=\"cobalto-calendario-descricao\">IN\u00cdCIO do per\u00edodo da solicita\u00e7\u00e3o de matr\u00edcula especial &#8211; 2022\/1 &#8211; Solicita\u00e7\u00e3o via COBALTO<\/span><\/div>\n<div class=\"cobalto-calendario-linha cobalto-calendario-linha-impar\"><span class=\"cobalto-calendario-descricao\">\u00a0 \u00a0 \u00a0 \u00a0 \u00a0 \u00a0 \u00a0 \u00a0 \u00a0 \u00a0 \u00a0 \u00a0 \u00a0 \u00a0 \u00a0 \u00a0 \u00a0 FIM do per\u00edodo de solicita\u00e7\u00e3o de trancamento geral de matr\u00edcula para discentes que n\u00e3o solicitaram matr\u00edcula para 2022\/1<\/span><\/div>\n<div><\/div>\n<div class=\"cobalto-calendario-linha cobalto-calendario-linha-par\"><span class=\"cobalto-calendario-dia\"><strong>31 (domingo): <\/strong><\/span><span class=\"cobalto-calendario-descricao\">FIM do per\u00edodo de solicita\u00e7\u00e3o de matr\u00edcula especial &#8211; 2022\/1 &#8211; Solicita\u00e7\u00e3o via COBALTO<\/span><\/div>\n<div><\/div>\n<h4 class=\"cobalto-calendario-mes\"><strong>AGOSTO \/ 2022<\/strong><\/h4>\n<p><span class=\"cobalto-calendario-dia\"><strong>01 (segunda-feira): <\/strong><\/span><strong><span class=\"cobalto-calendario-descricao\">In\u00edcio do semestre letivo 2022\/1<\/span><\/strong><\/p>\n<p><span class=\"cobalto-calendario-dia\"><strong>17 (quarta-feira): <\/strong>Da<\/span><span class=\"cobalto-calendario-descricao\">ta limite para ingresso de discentes &#8211; 2022\/1<\/span><\/p>\n<p>&nbsp;<\/p>\n<h4 class=\"cobalto-calendario-mes\"><strong>SETEMBRO \/ 2022<\/strong><\/h4>\n<p><span class=\"cobalto-calendario-dia\"><strong>08 (quinta-feira) <\/strong><\/span><span class=\"cobalto-calendario-descricao\">IN\u00cdCIO do Per\u00edodo para solicita\u00e7\u00e3o de trancamento de componentes curriculares 2022\/1<\/span><\/p>\n<p><span class=\"cobalto-calendario-dia\"><strong>14 (quarta-feita) <\/strong><\/span><span class=\"cobalto-calendario-descricao\">FIM do per\u00edodo para solicita\u00e7\u00e3o de trancamento de componentes curriculares 2022\/1<\/span><\/p>\n<p>&nbsp;<\/p>\n<h4 class=\"cobalto-calendario-mes\"><strong>OUTUBRO \/ 2022<\/strong><\/h4>\n<p class=\"cobalto-calendario-linha cobalto-calendario-linha-impar\"><span class=\"cobalto-calendario-dia\"><strong>03 (segunda-feira): <\/strong><\/span><span class=\"cobalto-calendario-descricao\">IN\u00cdCIO do per\u00edodo de inscri\u00e7\u00e3o para Transfer\u00eancia, Reop\u00e7\u00e3o, Reingresso e Portador de T\u00edtulo &#8211; 2022\/2<\/span><\/p>\n<p><span class=\"cobalto-calendario-dia\"><strong>07 (sexta-feira): <\/strong>F<\/span>IM do Per\u00edodo de inscri\u00e7\u00e3o para Transfer\u00eancia, Reop\u00e7\u00e3o, Reingresso e Portador de T\u00edtulo &#8211; 2022\/2<\/p>\n<div><span class=\"cobalto-calendario-dia\"><strong>17 (segunda-feira) <\/strong><\/span><span class=\"cobalto-calendario-descricao\"><a href=\"https:\/\/wp.ufpel.edu.br\/siiepe\/\">IN\u00cdCIO: 8\u00ba SIIEPE &#8211; Semana Integrada Inova\u00e7\u00e3o, Ensino, Pesquisa e Extens\u00e3o<\/a><\/span><\/div>\n<p><span class=\"cobalto-calendario-descricao\">\u00a0 \u00a0 \u00a0 \u00a0 \u00a0 \u00a0 \u00a0 \u00a0 \u00a0 \u00a0 \u00a0 \u00a0 \u00a0 \u00a0 \u00a0 \u00a0 \u00a0 \u00a0 \u00a0 \u00a0 IN\u00cdCIO: Per\u00edodo para discentes se cadastrarem como prov\u00e1veis formandos 2022\/1<\/span><\/p>\n<p><span class=\"cobalto-calendario-dia\"><strong>21 (sexta-feira): <\/strong><\/span><span class=\"cobalto-calendario-descricao\"><a href=\"https:\/\/wp.ufpel.edu.br\/siiepe\/\">FIM: 8\u00ba SIIEPE &#8211; Semana Integrada Inova\u00e7\u00e3o, Ensino, Pesquisa e Extens\u00e3o<\/a><\/span><\/p>\n<p><span class=\"cobalto-calendario-dia\"><strong>28 (sexta-feira): <\/strong><\/span><span class=\"cobalto-calendario-descricao\">FIM do per\u00edodo para discentes se cadastrarem como prov\u00e1veis formandos 2022\/1<\/span><\/p>\n<div><\/div>\n<h4 class=\"cobalto-calendario-mes\"><strong>DEZEMBRO \/ 2022<\/strong><\/h4>\n<p class=\"cobalto-calendario-linha cobalto-calendario-linha-par\"><span class=\"cobalto-calendario-dia\"><strong>02 (sexta-feira): <\/strong><\/span><span class=\"cobalto-calendario-descricao\">Prazo final para alunos regularmente matriculados enviarem solicita\u00e7\u00e3o de trancamento geral de matr\u00edcula \u00e0 CRA &#8211; 2022\/1<\/span><\/p>\n<p class=\"cobalto-calendario-linha cobalto-calendario-linha-impar\"><span class=\"cobalto-calendario-dia\"><strong>03 (s\u00e1bado): <\/strong><\/span><strong><span class=\"cobalto-calendario-descricao\">\u00daltimo dia letivo &#8211; 2022\/1<\/span><\/strong><\/p>\n<p class=\"cobalto-calendario-linha cobalto-calendario-linha-par\"><span class=\"cobalto-calendario-dia\"><strong>05 (segunda-feira): <\/strong>I<\/span><span class=\"cobalto-calendario-descricao\">N\u00cdCIO do per\u00edodo de Exames 2022\/1<\/span><\/p>\n<p class=\"cobalto-calendario-linha cobalto-calendario-linha-par\"><span class=\"cobalto-calendario-dia\"><strong>10 (s\u00e1bado): <\/strong><\/span><span class=\"cobalto-calendario-descricao\">FIM do per\u00edodo de Exames 2022\/1<\/span><\/p>\n<p class=\"cobalto-calendario-linha cobalto-calendario-linha-impar\"><span class=\"cobalto-calendario-dia\"><strong>14 (quarta-feira): <\/strong>FIM <\/span><span class=\"cobalto-calendario-descricao\">do per\u00edodo digita\u00e7\u00e3o de notas 2022\/1<\/span><\/p>\n","protected":false},"excerpt":{"rendered":"<p>O calend\u00e1rio acad\u00eamico deve sempre ser consultado para que as datas importantes ao longo do semestre sejam observadas. Para o semestre 2022\/1 destacamos algumas datas que devem ser observadas com aten\u00e7\u00e3o, como listado abaixo: JULHO\/2022 11 (segunda-feira): Data limite para discentes solicitarem quebra de pr\u00e9-requisito para 2022\/1 aos Colegiados 15 (sexta-feira): IN\u00cdCIO do per\u00edodo de [&hellip;]<\/p>\n","protected":false},"author":1147,"featured_media":0,"parent":0,"menu_order":0,"comment_status":"closed","ping_status":"closed","template":"","meta":{"jetpack_post_was_ever_published":false,"footnotes":""},"class_list":["post-2046","page","type-page","status-publish","hentry"],"jetpack_sharing_enabled":true,"jetpack_shortlink":"https:\/\/wp.me\/P6RZnX-x0","_links":{"self":[{"href":"https:\/\/wp.ufpel.edu.br\/fisica-licenciatura\/wp-json\/wp\/v2\/pages\/2046","targetHints":{"allow":["GET"]}}],"collection":[{"href":"https:\/\/wp.ufpel.edu.br\/fisica-licenciatura\/wp-json\/wp\/v2\/pages"}],"about":[{"href":"https:\/\/wp.ufpel.edu.br\/fisica-licenciatura\/wp-json\/wp\/v2\/types\/page"}],"author":[{"embeddable":true,"href":"https:\/\/wp.ufpel.edu.br\/fisica-licenciatura\/wp-json\/wp\/v2\/users\/1147"}],"replies":[{"embeddable":true,"href":"https:\/\/wp.ufpel.edu.br\/fisica-licenciatura\/wp-json\/wp\/v2\/comments?post=2046"}],"version-history":[{"count":19,"href":"https:\/\/wp.ufpel.edu.br\/fisica-licenciatura\/wp-json\/wp\/v2\/pages\/2046\/revisions"}],"predecessor-version":[{"id":2403,"href":"https:\/\/wp.ufpel.edu.br\/fisica-licenciatura\/wp-json\/wp\/v2\/pages\/2046\/revisions\/2403"}],"wp:attachment":[{"href":"https:\/\/wp.ufpel.edu.br\/fisica-licenciatura\/wp-json\/wp\/v2\/media?parent=2046"}],"curies":[{"name":"wp","href":"https:\/\/api.w.org\/{rel}","templated":true}]}}