{"id":2032,"date":"2021-07-22T20:19:48","date_gmt":"2021-07-22T23:19:48","guid":{"rendered":"https:\/\/wp.ufpel.edu.br\/fisica-licenciatura\/?page_id=2032"},"modified":"2021-07-22T20:20:50","modified_gmt":"2021-07-22T23:20:50","slug":"calendario-2021-1","status":"publish","type":"page","link":"https:\/\/wp.ufpel.edu.br\/fisica-licenciatura\/calendario-2021-1\/","title":{"rendered":"CALEND\u00c1RIO 2021\/1"},"content":{"rendered":"<p style=\"text-align: justify\" align=\"justify\"><span style=\"font-family: Liberation Sans, sans-serif;color: #000000\"><span style=\"font-size: medium\">A partir do dia <strong>09 de agosto de 2021<\/strong> iniciaremos mais um semestre letivo. Em fun\u00e7\u00e3o da pandemia de COVID-19, desde maio de 2020 a UFPel tem adotado o ensino remoto como alternativa para manuten\u00e7\u00e3o das atividades acad\u00eamicas no ensino de Gradua\u00e7\u00e3o e P\u00f3s-Gradua\u00e7\u00e3o. Para o pr\u00f3ximo semestre n\u00e3o ser\u00e1 muito diferente. Para tanto, a UFPel emitiu o Parecer Normativo N<sup>o<\/sup> 49, de 27 de maio de 2021, que regulamenta as atividades de ensino desenvolvidas no segundo semestre do ano civil de 2021. Este parecer pode ser encontrado no link <span style=\"color: #0000ff\"><a style=\"color: #0000ff\" href=\"https:\/\/wp.ufpel.edu.br\/pre\/\">https:\/\/wp.ufpel.edu.br\/pre\/<\/a><\/span>. Sugerimos a leitura atenta deste documento.<\/span><\/span><\/p>\n<p align=\"justify\"><span style=\"font-family: Liberation Sans, sans-serif;color: #000000\"><span style=\"font-size: medium\">Abaixo apresentamos alguns pontos importantes do Parecer Normativo N<sup>o<\/sup> 49:<\/span><\/span><\/p>\n<p align=\"justify\"><span style=\"font-family: Liberation Sans, sans-serif;color: #000000\"><span style=\"font-size: medium\"><span style=\"color: #000000\"><b>1.<\/b><\/span><b> <\/b>Esse pr\u00f3ximo per\u00edodo letivo, denominado <strong>calend\u00e1rio remoto emergencial<\/strong>, ser\u00e1 referente ao <strong>semestre letivo 2021\/1<\/strong>;<\/span><\/span><\/p>\n<p align=\"justify\"><span style=\"font-family: Liberation Sans, sans-serif;color: #000000\"><span style=\"font-size: medium\"><span style=\"color: #000000\"><b>2.<\/b><\/span> As aulas iniciar\u00e3o em 09 de agosto de 2021 e ter\u00e3o a dura\u00e7\u00e3o de 15 semanas. <b>Nosso Curso ofertar\u00e1 somente disciplinas no formato remoto<\/b>, ou seja, n\u00e3o teremos encontros presenciais:<\/span><\/span><\/p>\n<p><span style=\"font-family: Liberation Sans, sans-serif;color: #000000\"><span style=\"font-size: medium\">a) o ensino remoto ser\u00e1 desenvolvido a partir de atividades ass\u00edncronas (atividades enviadas pela internet) e atividades s\u00edncronas (atrav\u00e9s de webconfer\u00eancias, limitadas entre 20% e 50% da carga hor\u00e1ria total);<\/span><\/span><\/p>\n<p><span style=\"font-family: Liberation Sans, sans-serif;color: #000000\"><span style=\"font-size: medium\">b) as atividades s\u00edncronas com apresenta\u00e7\u00e3o de conte\u00fado ser\u00e3o gravadas, visando posterior acesso ass\u00edncrono pelos discentes;<\/span><\/span><\/p>\n<p><span style=\"font-family: Liberation Sans, sans-serif;color: #000000\"><span style=\"font-size: medium\">c) a frequ\u00eancia dos discentes n\u00e3o ser\u00e1 contabilizada pela participa\u00e7\u00e3o nas atividades s\u00edncronas, mas pela realiza\u00e7\u00e3o e entrega de atividades propostas;<\/span><\/span><\/p>\n<p><span style=\"font-family: Liberation Sans, sans-serif;color: #000000\"><span style=\"font-size: medium\">d) o ambiente virtual de aprendizagem a ser utilizado paras as aulas no calend\u00e1rio remoto emergencial \u00e9 o Moodle (e-aula), com vincula\u00e7\u00e3o \u00e0 Webconf e ao sistema COBALTO. Outras ferramentas e plataformas podem ser utilizadas para complementa\u00e7\u00e3o das atividades.<\/span><\/span><\/p>\n<p><span style=\"font-family: Liberation Sans, sans-serif;color: #000000\"><span style=\"font-size: medium\"> e) o acesso dos discentes ao sistema Moodle, nas disciplinas em que estiverem matriculados, ser\u00e1 feito atrav\u00e9s do link <span style=\"color: #0000ff\"><a style=\"color: #0000ff\" href=\"https:\/\/e-aula.ufpel.edu.br\/\">https:\/\/e-aula.ufpel.edu.br\/<\/a><\/span>, a partir da libera\u00e7\u00e3o feita pelos docentes respons\u00e1veis no in\u00edcio do semestre.<\/span><\/span><\/p>\n<p align=\"justify\"><span style=\"font-family: Liberation Sans, sans-serif;color: #000000\"><span style=\"font-size: medium\"><span style=\"color: #000000\"><b>3.<\/b><\/span><b> <\/b><span style=\"color: #000000\"><b>A<\/b><\/span> <span style=\"color: #000000\"><b>matr\u00edcula<\/b><\/span> <span style=\"color: #000000\">em componentes curriculares (disciplinas)<\/span> <span style=\"color: #000000\"><b>ser\u00e1 obrigat\u00f3ria<\/b>, em pelo menos 8 cr\u00e9ditos:<\/span><\/span><\/span><\/p>\n<p align=\"justify\"><span style=\"font-family: Liberation Sans, sans-serif;color: #000000\"><span style=\"font-size: medium\"><b> <\/b><span style=\"color: #000000\">a<\/span><span style=\"color: #000000\">) os alunos ingressantes em 2021\/1 ser\u00e3o matriculados pelo Colegiado n<\/span><span style=\"color: #000000\">o<\/span><span style=\"color: #000000\">s 6 <\/span><span style=\"color: #000000\">componentes curriculares <\/span><span style=\"color: #000000\">do primeiro semestre do Curso;<\/span><\/span><\/span><\/p>\n<p align=\"justify\"><span style=\"font-family: Liberation Sans, sans-serif;color: #000000\"><span style=\"font-size: medium\">b) a<\/span><\/span><span style=\"font-family: Liberation Sans, sans-serif;color: #000000\"><span style=\"font-size: medium\"> matr\u00edcula ser\u00e1 limitada <\/span><\/span><span style=\"font-family: Liberation Sans, sans-serif\"><span style=\"font-size: medium\"><b>em at\u00e9 <\/b><\/span><\/span><span style=\"font-family: Liberation Sans, sans-serif\"><span style=\"font-size: medium\"><b>7<\/b><\/span><\/span><span style=\"font-family: Liberation Sans, sans-serif;color: #000000\"><span style=\"font-size: medium\"> componentes curriculares por aluno. <\/span><\/span><span style=\"font-family: Liberation Sans, sans-serif;color: #000000\"><span style=\"font-size: medium\">O limite poder\u00e1 ser flexibilizado, se houver disponibilidade de vagas e autoriza<\/span><\/span><span style=\"font-family: Liberation Sans, sans-serif;color: #000000\"><span style=\"font-size: medium\">\u00e7\u00e3o<\/span><\/span><span style=\"font-family: Liberation Sans, sans-serif;color: #000000\"><span style=\"font-size: medium\"> pelo Colegiado, sendo a matr\u00edcula realizada no per\u00edodo de corre\u00e7\u00e3o de matr\u00edcula, <\/span><\/span><span style=\"font-family: Liberation Sans, sans-serif;color: #000000\"><span style=\"font-size: medium\">de 02 a 04 de agosto<\/span><\/span><span style=\"font-family: Liberation Sans, sans-serif;color: #000000\"><span style=\"font-size: medium\">;<\/span><\/span><\/p>\n<p align=\"justify\"><span style=\"font-family: Liberation Sans, sans-serif;color: #000000\"><span style=\"font-size: medium\">\u00a0 \u00a0 \u00a0\u2013 <\/span><\/span><span style=\"font-family: Liberation Sans, sans-serif;color: #000000\"><span style=\"font-size: medium\">o <\/span><\/span><span style=\"font-family: Liberation Sans, sans-serif;color: #000000\"><span style=\"font-size: medium\"><b>per\u00edodo de solicita\u00e7\u00e3o de matr\u00edcula online 2021\/1<\/b><\/span><\/span><span style=\"font-family: Liberation Sans, sans-serif;color: #000000\"><span style=\"font-size: medium\"> (somente para discentes com ingresso anterior a 2021\/1) <\/span><\/span><span style=\"font-family: Liberation Sans, sans-serif;color: #000000\"><span style=\"font-size: medium\"><b>vai de 27 a 29 de julho<\/b><\/span><\/span><span style=\"font-family: Liberation Sans, sans-serif;color: #000000\"><span style=\"font-size: medium\">;<\/span><\/span><\/p>\n<p align=\"justify\"><span style=\"font-family: Liberation Sans, sans-serif;color: #000000\"><span style=\"font-size: medium\"> c) os estudantes que n\u00e3o realizarem matr\u00edcula neste calend\u00e1rio, mas apresentarem justificativa ao Colegiado, ser\u00e3o matriculados automaticamente em uma atividade com zero cr\u00e9dito e sem carga hor\u00e1ria, denominada \u201cV\u00ednculo \u2013 Ensino Remoto Emergencial 2021\/1\u201d, para fins de manuten\u00e7\u00e3o de v\u00ednculo ativo neste per\u00edodo;<\/span><\/span><\/p>\n<p align=\"justify\"><span style=\"font-family: Liberation Sans, sans-serif;color: #000000\"><span style=\"font-size: medium\"> d) Os estudantes que n\u00e3o realizarem matr\u00edcula neste calend\u00e1rio, que n\u00e3o justificarem e n\u00e3o responderem ao contato por e-mail realizado pelo Colegiado <b>SER\u00c3O DESLIGADOS POR ABANDONO DE CURSO<\/b>.<\/span><\/span><\/p>\n<p align=\"justify\"><span style=\"font-family: Liberation Sans, sans-serif;color: #000000\"><span style=\"font-size: medium\"><b>4.<\/b> As regras para o trancamento geral de matr\u00edcula (TGM) ser\u00e3o flexibilizadas:<\/span><\/span><\/p>\n<p align=\"justify\"><span style=\"font-family: Liberation Sans, sans-serif;color: #000000\"><span style=\"font-size: medium\"> a) o TGM poder\u00e1 ser realizado inclusive por ingressantes neste per\u00edodo letivo;<\/span><\/span><\/p>\n<p align=\"justify\"><span style=\"font-family: Liberation Sans, sans-serif;color: #000000\"><span style=\"font-size: medium\"> b) o TGM realizado neste calend\u00e1rio n\u00e3o ser\u00e1 contabilizado para o c\u00e1lculo de per\u00edodos permitidos no Regulamento do Ensino de Grada\u00e7\u00e3o;<\/span><\/span><\/p>\n<p align=\"justify\"><span style=\"font-family: Liberation Sans, sans-serif;color: #000000\"><span style=\"font-size: medium\">c) o per\u00edodo para o TGM vai de 02 a 06 de agosto.<\/span><\/span><\/p>\n<p align=\"justify\"><span style=\"font-family: Liberation Sans, sans-serif;color: #000000\"><span style=\"font-size: medium\"><b>5. <\/b>Este calend\u00e1rio n\u00e3o ser\u00e1 computado para fins de jubilamento.<\/span><\/span><\/p>\n<p align=\"justify\"><span style=\"font-family: Liberation Sans, sans-serif;color: #000000\"><span style=\"font-size: medium\">As datas importante do calend\u00e1rio acad\u00eamico 2021 podem ser encontradas no <\/span><\/span><span style=\"font-family: Liberation Sans, sans-serif;color: #000000\"><span style=\"font-size: medium\">link <span style=\"color: #0000ff\"><a style=\"color: #0000ff\" href=\"https:\/\/wp.ufpel.edu.br\/pre\/\">https:\/\/wp.ufpel.edu.br\/pre\/<\/a><\/span>. <\/span><\/span><\/p>\n<p align=\"justify\"><span style=\"font-family: Liberation Sans, sans-serif;color: #000000\"><span style=\"font-size: medium\">Esperamos que todos tenham um <\/span><\/span><span style=\"font-family: Liberation Sans, sans-serif;color: #000000\"><span style=\"font-size: medium\">bom semestre.<\/span><\/span><\/p>\n","protected":false},"excerpt":{"rendered":"<p>A partir do dia 09 de agosto de 2021 iniciaremos mais um semestre letivo. Em fun\u00e7\u00e3o da pandemia de COVID-19, desde maio de 2020 a UFPel tem adotado o ensino remoto como alternativa para manuten\u00e7\u00e3o das atividades acad\u00eamicas no ensino de Gradua\u00e7\u00e3o e P\u00f3s-Gradua\u00e7\u00e3o. Para o pr\u00f3ximo semestre n\u00e3o ser\u00e1 muito diferente. Para tanto, a [&hellip;]<\/p>\n","protected":false},"author":1147,"featured_media":0,"parent":0,"menu_order":0,"comment_status":"closed","ping_status":"closed","template":"","meta":{"jetpack_post_was_ever_published":false,"footnotes":""},"class_list":["post-2032","page","type-page","status-publish","hentry"],"jetpack_sharing_enabled":true,"jetpack_shortlink":"https:\/\/wp.me\/P6RZnX-wM","_links":{"self":[{"href":"https:\/\/wp.ufpel.edu.br\/fisica-licenciatura\/wp-json\/wp\/v2\/pages\/2032","targetHints":{"allow":["GET"]}}],"collection":[{"href":"https:\/\/wp.ufpel.edu.br\/fisica-licenciatura\/wp-json\/wp\/v2\/pages"}],"about":[{"href":"https:\/\/wp.ufpel.edu.br\/fisica-licenciatura\/wp-json\/wp\/v2\/types\/page"}],"author":[{"embeddable":true,"href":"https:\/\/wp.ufpel.edu.br\/fisica-licenciatura\/wp-json\/wp\/v2\/users\/1147"}],"replies":[{"embeddable":true,"href":"https:\/\/wp.ufpel.edu.br\/fisica-licenciatura\/wp-json\/wp\/v2\/comments?post=2032"}],"version-history":[{"count":3,"href":"https:\/\/wp.ufpel.edu.br\/fisica-licenciatura\/wp-json\/wp\/v2\/pages\/2032\/revisions"}],"predecessor-version":[{"id":2415,"href":"https:\/\/wp.ufpel.edu.br\/fisica-licenciatura\/wp-json\/wp\/v2\/pages\/2032\/revisions\/2415"}],"wp:attachment":[{"href":"https:\/\/wp.ufpel.edu.br\/fisica-licenciatura\/wp-json\/wp\/v2\/media?parent=2032"}],"curies":[{"name":"wp","href":"https:\/\/api.w.org\/{rel}","templated":true}]}}