{"id":1686,"date":"2019-05-23T16:27:04","date_gmt":"2019-05-23T19:27:04","guid":{"rendered":"https:\/\/wp.ufpel.edu.br\/fisica-licenciatura\/?page_id=1686"},"modified":"2019-05-23T16:27:05","modified_gmt":"2019-05-23T19:27:05","slug":"certificados-para-retirada","status":"publish","type":"page","link":"https:\/\/wp.ufpel.edu.br\/fisica-licenciatura\/certificados-para-retirada\/","title":{"rendered":"CERTIFICADOS PARA RETIRADA"},"content":{"rendered":"<table style=\"height: 19152px\" width=\"753\">\n<tbody>\n<tr style=\"height: 24px\">\n<td style=\"text-align: center;height: 24px\" colspan=\"4\" width=\"753\"><strong><span style=\"color: #000000;font-family: arial, helvetica, sans-serif;font-size: 12pt\">Certificados dispon\u00edveis na secretaria do Curso para retirada<\/span><\/strong><\/td>\n<\/tr>\n<tr style=\"height: 24px\">\n<td style=\"text-align: center;height: 24px\" width=\"211\"><strong><span style=\"color: #000000;font-family: arial, helvetica, sans-serif;font-size: 10pt\">Aluno<\/span><\/strong><\/td>\n<td style=\"text-align: center;height: 24px\" width=\"311\"><strong><span style=\"color: #000000;font-family: arial, helvetica, sans-serif;font-size: 10pt\">Certificado<\/span><\/strong><\/td>\n<td style=\"text-align: center;height: 24px;vertical-align: middle\" width=\"89\"><strong><span style=\"color: #000000;font-family: arial, helvetica, sans-serif;font-size: 10pt\">CH<\/span><\/strong><\/td>\n<td style=\"height: 24px;text-align: center;vertical-align: middle\" width=\"142\"><strong><span style=\"color: #000000;font-family: arial, helvetica, sans-serif;font-size: 10pt\">Condi\u00e7\u00e3o<\/span><\/strong><\/td>\n<\/tr>\n<tr style=\"height: 24px\">\n<td style=\"height: 24px;vertical-align: middle\" width=\"211\"><span style=\"color: #000000;font-family: arial, helvetica, sans-serif;font-size: 10pt\">Adriane da Silva Porto<\/span><\/td>\n<td style=\"height: 24px\" width=\"311\"><span style=\"color: #000000;font-family: arial, helvetica, sans-serif;font-size: 10pt\">III Semin\u00e1rio de Ensino de F\u00edsica<\/span><\/td>\n<td style=\"text-align: center;height: 24px;vertical-align: middle\" width=\"89\"><span style=\"color: #000000;font-family: arial, helvetica, sans-serif;font-size: 10pt\">24h<\/span><\/td>\n<td style=\"height: 24px;text-align: center;vertical-align: middle\" width=\"142\"><span style=\"color: #000000;font-family: arial, helvetica, sans-serif;font-size: 10pt\">Participante<\/span><\/td>\n<\/tr>\n<tr style=\"height: 48px\">\n<td style=\"height: 48px;vertical-align: middle\" width=\"211\"><span style=\"color: #000000;font-family: arial, helvetica, sans-serif;font-size: 10pt\">Adriane Montierre Berneira<\/span><\/td>\n<td style=\"height: 48px\" width=\"311\"><span style=\"color: #000000;font-family: arial, helvetica, sans-serif;font-size: 10pt\">Semana Acad\u00eamica do Curso de Licenciatura Plena em F\u00edsica 1998<\/span><\/td>\n<td style=\"text-align: center;height: 48px;vertical-align: middle\" width=\"89\"><span style=\"color: #000000;font-family: arial, helvetica, sans-serif;font-size: 10pt\">40h<\/span><\/td>\n<td style=\"height: 48px;text-align: center;vertical-align: middle\" width=\"142\"><span style=\"color: #000000;font-family: arial, helvetica, sans-serif;font-size: 10pt\">Participante<\/span><\/td>\n<\/tr>\n<tr style=\"height: 24px\">\n<td style=\"height: 24px;vertical-align: middle\" width=\"211\"><span style=\"color: #000000;font-family: arial, helvetica, sans-serif;font-size: 10pt\">Adriane Schneider Falck<\/span><\/td>\n<td style=\"height: 24px\" width=\"311\"><span style=\"color: #000000;font-family: arial, helvetica, sans-serif;font-size: 10pt\">Grupo PET-F\u00edsica<\/span><\/td>\n<td style=\"text-align: center;height: 24px;vertical-align: middle\" width=\"89\"><\/td>\n<td style=\"height: 24px;text-align: center;vertical-align: middle\" width=\"142\"><span style=\"color: #000000;font-family: arial, helvetica, sans-serif;font-size: 10pt\">Bolsista<\/span><\/td>\n<\/tr>\n<tr style=\"height: 48px\">\n<td style=\"height: 48px;vertical-align: middle\" width=\"211\"><span style=\"color: #000000;font-family: arial, helvetica, sans-serif;font-size: 10pt\">Adriane Schneider Falck<\/span><\/td>\n<td style=\"height: 48px\" width=\"311\"><span style=\"color: #000000;font-family: arial, helvetica, sans-serif;font-size: 10pt\">Semana Acad\u00eamica do Curso de Licenciatura Plena em F\u00edsica 1998<\/span><\/td>\n<td style=\"text-align: center;height: 48px;vertical-align: middle\" width=\"89\"><span style=\"color: #000000;font-family: arial, helvetica, sans-serif;font-size: 10pt\">40h<\/span><\/td>\n<td style=\"height: 48px;text-align: center;vertical-align: middle\" width=\"142\"><span style=\"color: #000000;font-family: arial, helvetica, sans-serif;font-size: 10pt\">Participante<\/span><\/td>\n<\/tr>\n<tr style=\"height: 72px\">\n<td style=\"height: 72px;vertical-align: middle\" width=\"211\"><span style=\"color: #000000;font-family: arial, helvetica, sans-serif;font-size: 10pt\">Adriane Schneider Falck<\/span><\/td>\n<td style=\"height: 72px\" width=\"311\"><span style=\"color: #000000;font-family: arial, helvetica, sans-serif;font-size: 10pt\">Semana Acad\u00eamica do Curso de Licenciatura Plena em F\u00edsica 2000<\/span><\/td>\n<td style=\"text-align: center;height: 72px;vertical-align: middle\" width=\"89\"><span style=\"color: #000000;font-family: arial, helvetica, sans-serif;font-size: 10pt\">40h<\/span><\/td>\n<td style=\"height: 72px;text-align: center;vertical-align: middle\" width=\"142\"><span style=\"color: #000000;font-family: arial, helvetica, sans-serif;font-size: 10pt\">Membro da Comiss\u00e3o Organizadora e Participante<\/span><\/td>\n<\/tr>\n<tr style=\"height: 72px\">\n<td style=\"height: 72px;vertical-align: middle\" width=\"211\"><span style=\"color: #000000;font-family: arial, helvetica, sans-serif;font-size: 10pt\">Adriano Ruchling Milczarsk<\/span><\/td>\n<td style=\"height: 72px\" width=\"311\"><span style=\"color: #000000;font-family: arial, helvetica, sans-serif;font-size: 10pt\">Projeto de Ensino &#8220;O Aprendizado de Astronomia e das Ci\u00eancias Afins com a Media\u00e7\u00e3o da Observa\u00e7\u00e3o Rudimentar e da Imagem Astron\u00f4mica<\/span><\/td>\n<td style=\"text-align: center;height: 72px;vertical-align: middle\" width=\"89\"><span style=\"color: #000000;font-family: arial, helvetica, sans-serif;font-size: 10pt\">10h<\/span><\/td>\n<td style=\"height: 72px;text-align: center;vertical-align: middle\" width=\"142\"><span style=\"color: #000000;font-family: arial, helvetica, sans-serif;font-size: 10pt\">Participante<\/span><\/td>\n<\/tr>\n<tr style=\"height: 24px\">\n<td style=\"height: 24px;vertical-align: middle\" width=\"211\"><span style=\"color: #000000;font-family: arial, helvetica, sans-serif;font-size: 10pt\">Aires Carpinter Moreira<\/span><\/td>\n<td style=\"height: 24px\" width=\"311\"><span style=\"color: #000000;font-family: arial, helvetica, sans-serif;font-size: 10pt\">V semin\u00e1rio de Ensino de F\u00edsica<\/span><\/td>\n<td style=\"text-align: center;height: 24px;vertical-align: middle\" width=\"89\"><span style=\"color: #000000;font-family: arial, helvetica, sans-serif;font-size: 10pt\">16h<\/span><\/td>\n<td style=\"height: 24px;text-align: center;vertical-align: middle\" width=\"142\"><span style=\"color: #000000;font-family: arial, helvetica, sans-serif;font-size: 10pt\">Participante<\/span><\/td>\n<\/tr>\n<tr style=\"height: 48px\">\n<td style=\"height: 48px;vertical-align: middle\" width=\"211\"><span style=\"color: #000000;font-family: arial, helvetica, sans-serif;font-size: 10pt\">Alessandra Boligon<\/span><\/td>\n<td style=\"height: 48px\" width=\"311\"><span style=\"color: #000000;font-family: arial, helvetica, sans-serif;font-size: 10pt\">Projeto de Extens\u00e3o &#8220;(Re) Construindo Concep\u00e7\u00f5es no Ensino M\u00e9dio&#8221;<\/span><\/td>\n<td style=\"text-align: center;height: 48px;vertical-align: middle\" width=\"89\"><span style=\"color: #000000;font-family: arial, helvetica, sans-serif;font-size: 10pt\">20h<\/span><\/td>\n<td style=\"height: 48px;text-align: center;vertical-align: middle\" width=\"142\"><span style=\"color: #000000;font-family: arial, helvetica, sans-serif;font-size: 10pt\">Ministrante<\/span><\/td>\n<\/tr>\n<tr style=\"height: 24px\">\n<td style=\"height: 24px;vertical-align: middle\" width=\"211\"><span style=\"color: #000000;font-family: arial, helvetica, sans-serif;font-size: 10pt\">Alessandro R. Dutra<\/span><\/td>\n<td style=\"height: 24px\" width=\"311\"><span style=\"color: #000000;font-family: arial, helvetica, sans-serif;font-size: 10pt\">IV Semin\u00e1rio de Ensino de F\u00edsica<\/span><\/td>\n<td style=\"text-align: center;height: 24px;vertical-align: middle\" width=\"89\"><span style=\"color: #000000;font-family: arial, helvetica, sans-serif;font-size: 10pt\">20h<\/span><\/td>\n<td style=\"height: 24px;text-align: center;vertical-align: middle\" width=\"142\"><span style=\"color: #000000;font-family: arial, helvetica, sans-serif;font-size: 10pt\">Participante<\/span><\/td>\n<\/tr>\n<tr style=\"height: 24px\">\n<td style=\"height: 24px;vertical-align: middle\" width=\"211\"><span style=\"color: #000000;font-family: arial, helvetica, sans-serif;font-size: 10pt\">Alessandro Souza Dytz<\/span><\/td>\n<td style=\"height: 24px\" width=\"311\"><span style=\"color: #000000;font-family: arial, helvetica, sans-serif;font-size: 10pt\">IX Semana Acad\u00eamica da F\u00edsica<\/span><\/td>\n<td style=\"text-align: center;height: 24px;vertical-align: middle\" width=\"89\"><span style=\"color: #000000;font-family: arial, helvetica, sans-serif;font-size: 10pt\">02h<\/span><\/td>\n<td style=\"height: 24px;text-align: center;vertical-align: middle\" width=\"142\"><span style=\"color: #000000;font-family: arial, helvetica, sans-serif;font-size: 10pt\">Ministrante<\/span><\/td>\n<\/tr>\n<tr style=\"height: 24px\">\n<td style=\"height: 24px;vertical-align: middle\" width=\"211\"><span style=\"color: #000000;font-family: arial, helvetica, sans-serif;font-size: 10pt\">Alex Dias Gonsales<\/span><\/td>\n<td style=\"height: 24px\" width=\"311\"><span style=\"color: #000000;font-family: arial, helvetica, sans-serif;font-size: 10pt\">III Semin\u00e1rio de Ensino de F\u00edsica<\/span><\/td>\n<td style=\"text-align: center;height: 24px;vertical-align: middle\" width=\"89\"><span style=\"color: #000000;font-family: arial, helvetica, sans-serif;font-size: 10pt\">24h<\/span><\/td>\n<td style=\"height: 24px;text-align: center;vertical-align: middle\" width=\"142\"><span style=\"color: #000000;font-family: arial, helvetica, sans-serif;font-size: 10pt\">Participante<\/span><\/td>\n<\/tr>\n<tr style=\"height: 24px\">\n<td style=\"height: 24px;vertical-align: middle\" width=\"211\"><span style=\"color: #000000;font-family: arial, helvetica, sans-serif;font-size: 10pt\">Alexandre de Castro<\/span><\/td>\n<td style=\"height: 24px\" width=\"311\"><span style=\"color: #000000;font-family: arial, helvetica, sans-serif;font-size: 10pt\">V semin\u00e1rio de Ensino de F\u00edsica<\/span><\/td>\n<td style=\"text-align: center;height: 24px;vertical-align: middle\" width=\"89\"><span style=\"color: #000000;font-family: arial, helvetica, sans-serif;font-size: 10pt\">16h<\/span><\/td>\n<td style=\"height: 24px;text-align: center;vertical-align: middle\" width=\"142\"><span style=\"color: #000000;font-family: arial, helvetica, sans-serif;font-size: 10pt\">Participante<\/span><\/td>\n<\/tr>\n<tr style=\"height: 24px\">\n<td style=\"height: 24px;vertical-align: middle\" width=\"211\"><span style=\"color: #000000;font-family: arial, helvetica, sans-serif;font-size: 10pt\">Aline Guerra Dytz<\/span><\/td>\n<td style=\"height: 24px\" width=\"311\"><span style=\"color: #000000;font-family: arial, helvetica, sans-serif;font-size: 10pt\">IX Semana Acad\u00eamica da F\u00edsica<\/span><\/td>\n<td style=\"text-align: center;height: 24px;vertical-align: middle\" width=\"89\"><span style=\"color: #000000;font-family: arial, helvetica, sans-serif;font-size: 10pt\">02h<\/span><\/td>\n<td style=\"height: 24px;text-align: center;vertical-align: middle\" width=\"142\"><span style=\"color: #000000;font-family: arial, helvetica, sans-serif;font-size: 10pt\">Ministrante<\/span><\/td>\n<\/tr>\n<tr style=\"height: 48px\">\n<td style=\"height: 48px;vertical-align: middle\" width=\"211\"><span style=\"color: #000000;font-family: arial, helvetica, sans-serif;font-size: 10pt\">Aline Guerra Dytz<\/span><\/td>\n<td style=\"height: 48px\" width=\"311\"><span style=\"color: #000000;font-family: arial, helvetica, sans-serif;font-size: 10pt\">XIV Semana Acad\u00eamica do Curso de Licenciatura em F\u00edsica<\/span><\/td>\n<td style=\"text-align: center;height: 48px;vertical-align: middle\" width=\"89\"><span style=\"color: #000000;font-family: arial, helvetica, sans-serif;font-size: 10pt\">02h<\/span><\/td>\n<td style=\"height: 48px;text-align: center;vertical-align: middle\" width=\"142\"><span style=\"color: #000000;font-family: arial, helvetica, sans-serif;font-size: 10pt\">Ministrante<\/span><\/td>\n<\/tr>\n<tr style=\"height: 24px\">\n<td style=\"height: 24px;vertical-align: middle\" width=\"211\"><span style=\"color: #000000;font-family: arial, helvetica, sans-serif;font-size: 10pt\">Aline Jacobino Ribeiro<\/span><\/td>\n<td style=\"height: 24px\" width=\"311\"><span style=\"color: #000000;font-family: arial, helvetica, sans-serif;font-size: 10pt\">IX Semana Acad\u00eamica da F\u00edsica<\/span><\/td>\n<td style=\"text-align: center;height: 24px;vertical-align: middle\" width=\"89\"><span style=\"color: #000000;font-family: arial, helvetica, sans-serif;font-size: 10pt\">40h<\/span><\/td>\n<td style=\"height: 24px;text-align: center;vertical-align: middle\" width=\"142\"><span style=\"color: #000000;font-family: arial, helvetica, sans-serif;font-size: 10pt\">Participante<\/span><\/td>\n<\/tr>\n<tr style=\"height: 48px\">\n<td style=\"height: 48px;vertical-align: middle\" width=\"211\"><span style=\"color: #000000;font-family: arial, helvetica, sans-serif;font-size: 10pt\">Aline Jacobino Ribeiro<\/span><\/td>\n<td style=\"height: 48px\" width=\"311\"><span style=\"color: #000000;font-family: arial, helvetica, sans-serif;font-size: 10pt\">Projeto de Extens\u00e3o &#8220;(Re) Construindo Concep\u00e7\u00f5es de F\u00edsica&#8221;<\/span><\/td>\n<td style=\"text-align: center;height: 48px;vertical-align: middle\" width=\"89\"><span style=\"color: #000000;font-family: arial, helvetica, sans-serif;font-size: 10pt\">52h<\/span><\/td>\n<td style=\"height: 48px;text-align: center;vertical-align: middle\" width=\"142\"><span style=\"color: #000000;font-family: arial, helvetica, sans-serif;font-size: 10pt\">Ministrante<\/span><\/td>\n<\/tr>\n<tr style=\"height: 48px\">\n<td style=\"height: 48px;vertical-align: middle\" width=\"211\"><span style=\"color: #000000;font-family: arial, helvetica, sans-serif;font-size: 10pt\">Altair Delfino da Rocha<\/span><\/td>\n<td style=\"height: 48px\" width=\"311\"><span style=\"color: #000000;font-family: arial, helvetica, sans-serif;font-size: 10pt\">Semana Acad\u00eamica do Curso de Licenciatura Plena em F\u00edsica 2000<\/span><\/td>\n<td style=\"text-align: center;height: 48px;vertical-align: middle\" width=\"89\"><span style=\"color: #000000;font-family: arial, helvetica, sans-serif;font-size: 10pt\">02h<\/span><\/td>\n<td style=\"height: 48px;text-align: center;vertical-align: middle\" width=\"142\"><span style=\"color: #000000;font-family: arial, helvetica, sans-serif;font-size: 10pt\">Palestrante<\/span><\/td>\n<\/tr>\n<tr style=\"height: 48px\">\n<td style=\"height: 48px;vertical-align: middle\" width=\"211\"><span style=\"color: #000000;font-family: arial, helvetica, sans-serif;font-size: 10pt\">Altair Delfino Faes<\/span><\/td>\n<td style=\"height: 48px\" width=\"311\"><span style=\"color: #000000;font-family: arial, helvetica, sans-serif;font-size: 10pt\">Semana Acad\u00eamica do Curso de Licenciatura Plena em F\u00edsica 1998<\/span><\/td>\n<td style=\"text-align: center;height: 48px;vertical-align: middle\" width=\"89\"><span style=\"color: #000000;font-family: arial, helvetica, sans-serif;font-size: 10pt\">02h<\/span><\/td>\n<td style=\"height: 48px;text-align: center;vertical-align: middle\" width=\"142\"><span style=\"color: #000000;font-family: arial, helvetica, sans-serif;font-size: 10pt\">Palestrante<\/span><\/td>\n<\/tr>\n<tr style=\"height: 24px\">\n<td style=\"height: 24px;vertical-align: middle\" width=\"211\"><span style=\"color: #000000;font-family: arial, helvetica, sans-serif;font-size: 10pt\">Amanda do Nascimento Langone<\/span><\/td>\n<td style=\"height: 24px\" width=\"311\"><span style=\"color: #000000;font-family: arial, helvetica, sans-serif;font-size: 10pt\">Programa de Bolsas de Gradua\u00e7\u00e3o<\/span><\/td>\n<td style=\"text-align: center;height: 24px;vertical-align: middle\" width=\"89\"><span style=\"color: #000000;font-family: arial, helvetica, sans-serif;font-size: 10pt\">336h<\/span><\/td>\n<td style=\"height: 24px;text-align: center;vertical-align: middle\" width=\"142\"><span style=\"color: #000000;font-family: arial, helvetica, sans-serif;font-size: 10pt\">Bolsista<\/span><\/td>\n<\/tr>\n<tr style=\"height: 24px\">\n<td style=\"height: 24px;vertical-align: middle\" width=\"211\"><span style=\"color: #000000;font-family: arial, helvetica, sans-serif;font-size: 10pt\">Amanda Ferraz de Mello<\/span><\/td>\n<td style=\"height: 24px\" width=\"311\"><span style=\"color: #000000;font-family: arial, helvetica, sans-serif;font-size: 10pt\">PIBID<\/span><\/td>\n<td style=\"text-align: center;height: 24px;vertical-align: middle\" width=\"89\"><span style=\"color: #000000;font-family: arial, helvetica, sans-serif;font-size: 10pt\">12h\/sem.<\/span><\/td>\n<td style=\"height: 24px;text-align: center;vertical-align: middle\" width=\"142\"><span style=\"color: #000000;font-family: arial, helvetica, sans-serif;font-size: 10pt\">Bolsista<\/span><\/td>\n<\/tr>\n<tr style=\"height: 48px\">\n<td style=\"height: 48px;vertical-align: middle\" width=\"211\"><span style=\"color: #000000;font-family: arial, helvetica, sans-serif;font-size: 10pt\">Amanda Langone<\/span><\/td>\n<td style=\"height: 48px\" width=\"311\"><span style=\"color: #000000;font-family: arial, helvetica, sans-serif;font-size: 10pt\">XVII Semana Acad\u00eamica do Curso de Licenciatura em F\u00edsica<\/span><\/td>\n<td style=\"text-align: center;height: 48px;vertical-align: middle\" width=\"89\"><span style=\"color: #000000;font-family: arial, helvetica, sans-serif;font-size: 10pt\">02h<\/span><\/td>\n<td style=\"height: 48px;text-align: center;vertical-align: middle\" width=\"142\"><span style=\"color: #000000;font-family: arial, helvetica, sans-serif;font-size: 10pt\">Ministrante<\/span><\/td>\n<\/tr>\n<tr style=\"height: 24px\">\n<td style=\"height: 24px;vertical-align: middle\" width=\"211\"><span style=\"color: #000000;font-family: arial, helvetica, sans-serif;font-size: 10pt\">Am\u00e9lia Pestana Zanatto<\/span><\/td>\n<td style=\"height: 24px\" width=\"311\"><span style=\"color: #000000;font-family: arial, helvetica, sans-serif;font-size: 10pt\">III Semin\u00e1rio de Ensino de F\u00edsica<\/span><\/td>\n<td style=\"text-align: center;height: 24px;vertical-align: middle\" width=\"89\"><span style=\"color: #000000;font-family: arial, helvetica, sans-serif;font-size: 10pt\">24h<\/span><\/td>\n<td style=\"height: 24px;text-align: center;vertical-align: middle\" width=\"142\"><span style=\"color: #000000;font-family: arial, helvetica, sans-serif;font-size: 10pt\">Participante<\/span><\/td>\n<\/tr>\n<tr style=\"height: 24px\">\n<td style=\"height: 24px;vertical-align: middle\" width=\"211\"><span style=\"color: #000000;font-family: arial, helvetica, sans-serif;font-size: 10pt\">Am\u00e9lia Pestana Zanatto<\/span><\/td>\n<td style=\"height: 24px\" width=\"311\"><span style=\"color: #000000;font-family: arial, helvetica, sans-serif;font-size: 10pt\">V semin\u00e1rio de Ensino de F\u00edsica<\/span><\/td>\n<td style=\"text-align: center;height: 24px;vertical-align: middle\" width=\"89\"><span style=\"color: #000000;font-family: arial, helvetica, sans-serif;font-size: 10pt\">16h<\/span><\/td>\n<td style=\"height: 24px;text-align: center;vertical-align: middle\" width=\"142\"><span style=\"color: #000000;font-family: arial, helvetica, sans-serif;font-size: 10pt\">Participante<\/span><\/td>\n<\/tr>\n<tr style=\"height: 24px\">\n<td style=\"height: 24px;vertical-align: middle\" width=\"211\"><span style=\"color: #000000;font-family: arial, helvetica, sans-serif;font-size: 10pt\">Ana Am\u00e9lia da Costa Fagundes<\/span><\/td>\n<td style=\"height: 24px\" width=\"311\"><span style=\"color: #000000;font-family: arial, helvetica, sans-serif;font-size: 10pt\">V semin\u00e1rio de Ensino de F\u00edsica<\/span><\/td>\n<td style=\"text-align: center;height: 24px;vertical-align: middle\" width=\"89\"><span style=\"color: #000000;font-family: arial, helvetica, sans-serif;font-size: 10pt\">16h<\/span><\/td>\n<td style=\"height: 24px;text-align: center;vertical-align: middle\" width=\"142\"><span style=\"color: #000000;font-family: arial, helvetica, sans-serif;font-size: 10pt\">Participante<\/span><\/td>\n<\/tr>\n<tr style=\"height: 48px\">\n<td style=\"height: 48px;vertical-align: middle\" width=\"211\"><span style=\"color: #000000;font-family: arial, helvetica, sans-serif;font-size: 10pt\">Ana Beatriz Morenco Ferran Kramer<\/span><\/td>\n<td style=\"height: 48px\" width=\"311\"><span style=\"color: #000000;font-family: arial, helvetica, sans-serif;font-size: 10pt\">XIV Semana Acad\u00eamica do Curso de Licenciatura em F\u00edsica<\/span><\/td>\n<td style=\"text-align: center;height: 48px;vertical-align: middle\" width=\"89\"><span style=\"color: #000000;font-family: arial, helvetica, sans-serif;font-size: 10pt\">40h<\/span><\/td>\n<td style=\"height: 48px;text-align: center;vertical-align: middle\" width=\"142\"><span style=\"color: #000000;font-family: arial, helvetica, sans-serif;font-size: 10pt\">Participante<\/span><\/td>\n<\/tr>\n<tr style=\"height: 24px\">\n<td style=\"height: 24px;vertical-align: middle\" width=\"211\"><span style=\"color: #000000;font-family: arial, helvetica, sans-serif;font-size: 10pt\">Ana Carolina Matos<\/span><\/td>\n<td style=\"height: 24px\" width=\"311\"><span style=\"color: #000000;font-family: arial, helvetica, sans-serif;font-size: 10pt\">XI Semana Acad\u00eamica da F\u00edsica<\/span><\/td>\n<td style=\"text-align: center;height: 24px;vertical-align: middle\" width=\"89\"><span style=\"color: #000000;font-family: arial, helvetica, sans-serif;font-size: 10pt\">32h<\/span><\/td>\n<td style=\"height: 24px;text-align: center;vertical-align: middle\" width=\"142\"><span style=\"color: #000000;font-family: arial, helvetica, sans-serif;font-size: 10pt\">Participante<\/span><\/td>\n<\/tr>\n<tr style=\"height: 48px\">\n<td style=\"height: 48px;vertical-align: middle\" width=\"211\"><span style=\"color: #000000;font-family: arial, helvetica, sans-serif;font-size: 10pt\">Ana Cl\u00e1udia Coelho Vargas<\/span><\/td>\n<td style=\"height: 48px\" width=\"311\"><span style=\"color: #000000;font-family: arial, helvetica, sans-serif;font-size: 10pt\">Projeto de Ensino &#8220;Mini-curso Introdut\u00f3rio \u00e0 F\u00edsica de Part\u00edculas, Estado S\u00f3lido e Plasma&#8221;<\/span><\/td>\n<td style=\"text-align: center;height: 48px;vertical-align: middle\" width=\"89\"><span style=\"color: #000000;font-family: arial, helvetica, sans-serif;font-size: 10pt\">20h<\/span><\/td>\n<td style=\"height: 48px;text-align: center;vertical-align: middle\" width=\"142\"><span style=\"color: #000000;font-family: arial, helvetica, sans-serif;font-size: 10pt\">Participante<\/span><\/td>\n<\/tr>\n<tr style=\"height: 48px\">\n<td style=\"height: 48px;vertical-align: middle\" width=\"211\"><span style=\"color: #000000;font-family: arial, helvetica, sans-serif;font-size: 10pt\">Ana Cl\u00e1udia Soares Pereira<\/span><\/td>\n<td style=\"height: 48px\" width=\"311\"><span style=\"color: #000000;font-family: arial, helvetica, sans-serif;font-size: 10pt\">Projeto de Extens\u00e3o &#8220;(Re) Construindo Concep\u00e7\u00f5es de F\u00edsica&#8221;<\/span><\/td>\n<td style=\"text-align: center;height: 48px;vertical-align: middle\" width=\"89\"><span style=\"color: #000000;font-family: arial, helvetica, sans-serif;font-size: 10pt\">104h<\/span><\/td>\n<td style=\"height: 48px;text-align: center;vertical-align: middle\" width=\"142\"><span style=\"color: #000000;font-family: arial, helvetica, sans-serif;font-size: 10pt\">Coordenadora<\/span><\/td>\n<\/tr>\n<tr style=\"height: 48px\">\n<td style=\"height: 48px;vertical-align: middle\" width=\"211\"><span style=\"color: #000000;font-family: arial, helvetica, sans-serif;font-size: 10pt\">Ana Cl\u00e1udia Soares Pereira<\/span><\/td>\n<td style=\"height: 48px\" width=\"311\"><span style=\"color: #000000;font-family: arial, helvetica, sans-serif;font-size: 10pt\">Projeto de Extens\u00e3o &#8220;F\u00edsica para o Segundo Grau: Apoio Alunos das Escolas P\u00fablicas&#8221;<\/span><\/td>\n<td style=\"text-align: center;height: 48px;vertical-align: middle\" width=\"89\"><span style=\"color: #000000;font-family: arial, helvetica, sans-serif;font-size: 10pt\">52h<\/span><\/td>\n<td style=\"height: 48px;text-align: center;vertical-align: middle\" width=\"142\"><span style=\"color: #000000;font-family: arial, helvetica, sans-serif;font-size: 10pt\">Colaborador<\/span><\/td>\n<\/tr>\n<tr style=\"height: 48px\">\n<td style=\"height: 48px;vertical-align: middle\" width=\"211\"><span style=\"color: #000000;font-family: arial, helvetica, sans-serif;font-size: 10pt\">Ana Paula Ferraz de Mello<\/span><\/td>\n<td style=\"height: 48px\" width=\"311\"><span style=\"color: #000000;font-family: arial, helvetica, sans-serif;font-size: 10pt\">XVIII Semana Acad\u00eamica do Curso de Licenciatura em F\u00edsica<\/span><\/td>\n<td style=\"text-align: center;height: 48px;vertical-align: middle\" width=\"89\"><span style=\"color: #000000;font-family: arial, helvetica, sans-serif;font-size: 10pt\">10h<\/span><\/td>\n<td style=\"height: 48px;text-align: center;vertical-align: middle\" width=\"142\"><span style=\"color: #000000;font-family: arial, helvetica, sans-serif;font-size: 10pt\">Colaborador<\/span><\/td>\n<\/tr>\n<tr style=\"height: 24px\">\n<td style=\"height: 24px;vertical-align: middle\" width=\"211\"><span style=\"color: #000000;font-family: arial, helvetica, sans-serif;font-size: 10pt\">Anderson Augusto Ferreira<\/span><\/td>\n<td style=\"height: 24px\" width=\"311\"><span style=\"color: #000000;font-family: arial, helvetica, sans-serif;font-size: 10pt\">PIBID<\/span><\/td>\n<td style=\"text-align: center;height: 24px;vertical-align: middle\" width=\"89\"><span style=\"color: #000000;font-family: arial, helvetica, sans-serif;font-size: 10pt\">12h\/sem.<\/span><\/td>\n<td style=\"height: 24px;text-align: center;vertical-align: middle\" width=\"142\"><span style=\"color: #000000;font-family: arial, helvetica, sans-serif;font-size: 10pt\">Bolsista<\/span><\/td>\n<\/tr>\n<tr style=\"height: 48px\">\n<td style=\"height: 48px;vertical-align: middle\" width=\"211\"><span style=\"color: #000000;font-family: arial, helvetica, sans-serif;font-size: 10pt\">Anderson Luiz Ellwanger<\/span><\/td>\n<td style=\"height: 48px\" width=\"311\"><span style=\"color: #000000;font-family: arial, helvetica, sans-serif;font-size: 10pt\">XIV Semana Acad\u00eamica do Curso de Licenciatura em F\u00edsica<\/span><\/td>\n<td style=\"text-align: center;height: 48px;vertical-align: middle\" width=\"89\"><span style=\"color: #000000;font-family: arial, helvetica, sans-serif;font-size: 10pt\">02h<\/span><\/td>\n<td style=\"height: 48px;text-align: center;vertical-align: middle\" width=\"142\"><span style=\"color: #000000;font-family: arial, helvetica, sans-serif;font-size: 10pt\">Ministrante<\/span><\/td>\n<\/tr>\n<tr style=\"height: 48px\">\n<td style=\"height: 48px;vertical-align: middle\" width=\"211\"><span style=\"color: #000000;font-family: arial, helvetica, sans-serif;font-size: 10pt\">Anderson Madruga dos Santos<\/span><\/td>\n<td style=\"height: 48px\" width=\"311\"><span style=\"color: #000000;font-family: arial, helvetica, sans-serif;font-size: 10pt\">XIV Semana Acad\u00eamica do Curso de Licenciatura em F\u00edsica<\/span><\/td>\n<td style=\"text-align: center;height: 48px;vertical-align: middle\" width=\"89\"><span style=\"color: #000000;font-family: arial, helvetica, sans-serif;font-size: 10pt\">40h<\/span><\/td>\n<td style=\"height: 48px;text-align: center;vertical-align: middle\" width=\"142\"><span style=\"color: #000000;font-family: arial, helvetica, sans-serif;font-size: 10pt\">Participante<\/span><\/td>\n<\/tr>\n<tr style=\"height: 48px\">\n<td style=\"height: 48px;vertical-align: middle\" width=\"211\"><span style=\"color: #000000;font-family: arial, helvetica, sans-serif;font-size: 10pt\">Andr\u00e9 Aranha Blohm<\/span><\/td>\n<td style=\"height: 48px\" width=\"311\"><span style=\"color: #000000;font-family: arial, helvetica, sans-serif;font-size: 10pt\">Curso &#8220;F\u00edsica no Ensino M\u00e9dio: (re)construindo conceitos&#8221;<\/span><\/td>\n<td style=\"text-align: center;height: 48px;vertical-align: middle\" width=\"89\"><span style=\"color: #000000;font-family: arial, helvetica, sans-serif;font-size: 10pt\">34h<\/span><\/td>\n<td style=\"height: 48px;text-align: center;vertical-align: middle\" width=\"142\"><span style=\"color: #000000;font-family: arial, helvetica, sans-serif;font-size: 10pt\">Participante<\/span><\/td>\n<\/tr>\n<tr style=\"height: 48px\">\n<td style=\"height: 48px;vertical-align: middle\" width=\"211\"><span style=\"color: #000000;font-family: arial, helvetica, sans-serif;font-size: 10pt\">Andr\u00e9 Passini Pinto<\/span><\/td>\n<td style=\"height: 48px\" width=\"311\"><span style=\"color: #000000;font-family: arial, helvetica, sans-serif;font-size: 10pt\">Projeto de Extens\u00e3o &#8220;F\u00edsica para o Segundo Grau: Apoio Alunos das Escolas P\u00fablicas&#8221;<\/span><\/td>\n<td style=\"text-align: center;height: 48px;vertical-align: middle\" width=\"89\"><span style=\"color: #000000;font-family: arial, helvetica, sans-serif;font-size: 10pt\">136h<\/span><\/td>\n<td style=\"height: 48px;text-align: center;vertical-align: middle\" width=\"142\"><span style=\"color: #000000;font-family: arial, helvetica, sans-serif;font-size: 10pt\">Ministrante<\/span><\/td>\n<\/tr>\n<tr style=\"height: 48px\">\n<td style=\"height: 48px;vertical-align: middle\" width=\"211\"><span style=\"color: #000000;font-family: arial, helvetica, sans-serif;font-size: 10pt\">Andressa Dutra Ferreira<\/span><\/td>\n<td style=\"height: 48px\" width=\"311\"><span style=\"color: #000000;font-family: arial, helvetica, sans-serif;font-size: 10pt\">Projeto de Ensino &#8220;Mini-curso Introdut\u00f3rio \u00e0 F\u00edsica de Nano-Estruturas e Nanotecnologia&#8221;<\/span><\/td>\n<td style=\"text-align: center;height: 48px;vertical-align: middle\" width=\"89\"><span style=\"color: #000000;font-family: arial, helvetica, sans-serif;font-size: 10pt\">10h<\/span><\/td>\n<td style=\"height: 48px;text-align: center;vertical-align: middle\" width=\"142\"><span style=\"color: #000000;font-family: arial, helvetica, sans-serif;font-size: 10pt\">Participante<\/span><\/td>\n<\/tr>\n<tr style=\"height: 24px\">\n<td style=\"height: 24px;vertical-align: middle\" width=\"211\"><span style=\"color: #000000;font-family: arial, helvetica, sans-serif;font-size: 10pt\">Angela Dillmann Nunes<\/span><\/td>\n<td style=\"height: 24px\" width=\"311\"><span style=\"color: #000000;font-family: arial, helvetica, sans-serif;font-size: 10pt\">V semin\u00e1rio de Ensino de F\u00edsica<\/span><\/td>\n<td style=\"text-align: center;height: 24px;vertical-align: middle\" width=\"89\"><span style=\"color: #000000;font-family: arial, helvetica, sans-serif;font-size: 10pt\">16h<\/span><\/td>\n<td style=\"height: 24px;text-align: center;vertical-align: middle\" width=\"142\"><span style=\"color: #000000;font-family: arial, helvetica, sans-serif;font-size: 10pt\">Participante<\/span><\/td>\n<\/tr>\n<tr style=\"height: 48px\">\n<td style=\"height: 48px;vertical-align: middle\" width=\"211\"><span style=\"color: #000000;font-family: arial, helvetica, sans-serif;font-size: 10pt\">Ang\u00e9lica da Rosa Silva<\/span><\/td>\n<td style=\"height: 48px\" width=\"311\"><span style=\"color: #000000;font-family: arial, helvetica, sans-serif;font-size: 10pt\">XVIII Semana Acad\u00eamica do Curso de Licenciatura em F\u00edsica<\/span><\/td>\n<td style=\"text-align: center;height: 48px;vertical-align: middle\" width=\"89\"><span style=\"color: #000000;font-family: arial, helvetica, sans-serif;font-size: 10pt\">60h<\/span><\/td>\n<td style=\"height: 48px;text-align: center;vertical-align: middle\" width=\"142\"><span style=\"color: #000000;font-family: arial, helvetica, sans-serif;font-size: 10pt\">Ouvinte e organizadora<\/span><\/td>\n<\/tr>\n<tr style=\"height: 24px\">\n<td style=\"height: 24px;vertical-align: middle\" width=\"211\"><span style=\"color: #000000;font-family: arial, helvetica, sans-serif;font-size: 10pt\">Angelita de Pinho Tavares<\/span><\/td>\n<td style=\"height: 24px\" width=\"311\"><span style=\"color: #000000;font-family: arial, helvetica, sans-serif;font-size: 10pt\">V semin\u00e1rio de Ensino de F\u00edsica<\/span><\/td>\n<td style=\"text-align: center;height: 24px;vertical-align: middle\" width=\"89\"><span style=\"color: #000000;font-family: arial, helvetica, sans-serif;font-size: 10pt\">16h<\/span><\/td>\n<td style=\"height: 24px;text-align: center;vertical-align: middle\" width=\"142\"><span style=\"color: #000000;font-family: arial, helvetica, sans-serif;font-size: 10pt\">Participante<\/span><\/td>\n<\/tr>\n<tr style=\"height: 24px\">\n<td style=\"height: 24px;vertical-align: middle\" width=\"211\"><span style=\"color: #000000;font-family: arial, helvetica, sans-serif;font-size: 10pt\">Antonio Ernestor Angelo Louzada<\/span><\/td>\n<td style=\"height: 24px\" width=\"311\"><span style=\"color: #000000;font-family: arial, helvetica, sans-serif;font-size: 10pt\">V semin\u00e1rio de Ensino de F\u00edsica<\/span><\/td>\n<td style=\"text-align: center;height: 24px;vertical-align: middle\" width=\"89\"><span style=\"color: #000000;font-family: arial, helvetica, sans-serif;font-size: 10pt\">16h<\/span><\/td>\n<td style=\"height: 24px;text-align: center;vertical-align: middle\" width=\"142\"><span style=\"color: #000000;font-family: arial, helvetica, sans-serif;font-size: 10pt\">Participante<\/span><\/td>\n<\/tr>\n<tr style=\"height: 48px\">\n<td style=\"height: 48px;vertical-align: middle\" width=\"211\"><span style=\"color: #000000;font-family: arial, helvetica, sans-serif;font-size: 10pt\">Antonio Marcos Alves<\/span><\/td>\n<td style=\"height: 48px\" width=\"311\"><span style=\"color: #000000;font-family: arial, helvetica, sans-serif;font-size: 10pt\">Ciclo de Palestras sobre T\u00f3picos Fundamentais de F\u00edsica<\/span><\/td>\n<td style=\"text-align: center;height: 48px;vertical-align: middle\" width=\"89\"><span style=\"color: #000000;font-family: arial, helvetica, sans-serif;font-size: 10pt\">22h<\/span><\/td>\n<td style=\"height: 48px;text-align: center;vertical-align: middle\" width=\"142\"><span style=\"color: #000000;font-family: arial, helvetica, sans-serif;font-size: 10pt\">Participante<\/span><\/td>\n<\/tr>\n<tr style=\"height: 48px\">\n<td style=\"height: 48px;vertical-align: middle\" width=\"211\"><span style=\"color: #000000;font-family: arial, helvetica, sans-serif;font-size: 10pt\">Antonio Vaz de Oliveira<\/span><\/td>\n<td style=\"height: 48px\" width=\"311\"><span style=\"color: #000000;font-family: arial, helvetica, sans-serif;font-size: 10pt\">XIV Semana Acad\u00eamica do Curso de Licenciatura em F\u00edsica<\/span><\/td>\n<td style=\"text-align: center;height: 48px;vertical-align: middle\" width=\"89\"><span style=\"color: #000000;font-family: arial, helvetica, sans-serif;font-size: 10pt\">40h<\/span><\/td>\n<td style=\"height: 48px;text-align: center;vertical-align: middle\" width=\"142\"><span style=\"color: #000000;font-family: arial, helvetica, sans-serif;font-size: 10pt\">Participante<\/span><\/td>\n<\/tr>\n<tr style=\"height: 24px\">\n<td style=\"height: 24px;vertical-align: middle\" width=\"211\"><span style=\"color: #000000;font-family: arial, helvetica, sans-serif;font-size: 10pt\">Ariel dos Santos Peres<\/span><\/td>\n<td style=\"height: 24px\" width=\"311\"><span style=\"color: #000000;font-family: arial, helvetica, sans-serif;font-size: 10pt\">Curso de Extens\u00e3o Universit\u00e1ria &#8220;F\u00edsica B\u00e1sica&#8221;<\/span><\/td>\n<td style=\"text-align: center;height: 24px;vertical-align: middle\" width=\"89\"><span style=\"color: #000000;font-family: arial, helvetica, sans-serif;font-size: 10pt\">100h<\/span><\/td>\n<td style=\"height: 24px;text-align: center;vertical-align: middle\" width=\"142\"><span style=\"color: #000000;font-family: arial, helvetica, sans-serif;font-size: 10pt\">Participante<\/span><\/td>\n<\/tr>\n<tr style=\"height: 48px\">\n<td style=\"height: 48px;vertical-align: middle\" width=\"211\"><span style=\"color: #000000;font-family: arial, helvetica, sans-serif;font-size: 10pt\">Arine Braga Oliveira<\/span><\/td>\n<td style=\"height: 48px\" width=\"311\"><span style=\"color: #000000;font-family: arial, helvetica, sans-serif;font-size: 10pt\">Projeto de Extens\u00e3o &#8220;(Re) Construindo Concep\u00e7\u00f5es no Ensino M\u00e9dio&#8221;<\/span><\/td>\n<td style=\"text-align: center;height: 48px;vertical-align: middle\" width=\"89\"><span style=\"color: #000000;font-family: arial, helvetica, sans-serif;font-size: 10pt\">20h<\/span><\/td>\n<td style=\"height: 48px;text-align: center;vertical-align: middle\" width=\"142\"><span style=\"color: #000000;font-family: arial, helvetica, sans-serif;font-size: 10pt\">Ministrante<\/span><\/td>\n<\/tr>\n<tr style=\"height: 48px\">\n<td style=\"height: 48px;vertical-align: middle\" width=\"211\"><span style=\"color: #000000;font-family: arial, helvetica, sans-serif;font-size: 10pt\">Arion de Castro Kurtz dos Santos<\/span><\/td>\n<td style=\"height: 48px\" width=\"311\"><span style=\"color: #000000;font-family: arial, helvetica, sans-serif;font-size: 10pt\">8\u00aa Semana Acad\u00eamica do Curso de Licenciatura em F\u00edsica<\/span><\/td>\n<td style=\"text-align: center;height: 48px;vertical-align: middle\" width=\"89\"><span style=\"color: #000000;font-family: arial, helvetica, sans-serif;font-size: 10pt\">02h<\/span><\/td>\n<td style=\"height: 48px;text-align: center;vertical-align: middle\" width=\"142\"><span style=\"color: #000000;font-family: arial, helvetica, sans-serif;font-size: 10pt\">Ministrante<\/span><\/td>\n<\/tr>\n<tr style=\"height: 24px\">\n<td style=\"height: 24px;vertical-align: middle\" width=\"211\"><span style=\"color: #000000;font-family: arial, helvetica, sans-serif;font-size: 10pt\">B\u00e1rbara Teressa Kerstner<\/span><\/td>\n<td style=\"height: 24px\" width=\"311\"><span style=\"color: #000000;font-family: arial, helvetica, sans-serif;font-size: 10pt\">Programa de Bolsas de Gradua\u00e7\u00e3o<\/span><\/td>\n<td style=\"text-align: center;height: 24px;vertical-align: middle\" width=\"89\"><span style=\"color: #000000;font-family: arial, helvetica, sans-serif;font-size: 10pt\">144h<\/span><\/td>\n<td style=\"height: 24px;text-align: center;vertical-align: middle\" width=\"142\"><span style=\"color: #000000;font-family: arial, helvetica, sans-serif;font-size: 10pt\">Bolsista<\/span><\/td>\n<\/tr>\n<tr style=\"height: 48px\">\n<td style=\"height: 48px;vertical-align: middle\" width=\"211\"><span style=\"color: #000000;font-family: arial, helvetica, sans-serif;font-size: 10pt\">B\u00e1rbara Teressa Kerstner<\/span><\/td>\n<td style=\"height: 48px\" width=\"311\"><span style=\"color: #000000;font-family: arial, helvetica, sans-serif;font-size: 10pt\">Projeto de Ensino &#8220;T\u00d3PICOS DE F\u00cdSICA CONTEMPOR\u00c2NEA&#8221;<\/span><\/td>\n<td style=\"text-align: center;height: 48px;vertical-align: middle\" width=\"89\"><span style=\"color: #000000;font-family: arial, helvetica, sans-serif;font-size: 10pt\">10h<\/span><\/td>\n<td style=\"height: 48px;text-align: center;vertical-align: middle\" width=\"142\"><span style=\"color: #000000;font-family: arial, helvetica, sans-serif;font-size: 10pt\">Participante<\/span><\/td>\n<\/tr>\n<tr style=\"height: 48px\">\n<td style=\"height: 48px;vertical-align: middle\" width=\"211\"><span style=\"color: #000000;font-family: arial, helvetica, sans-serif;font-size: 10pt\">B\u00e1rbara Teressa Kerstner<\/span><\/td>\n<td style=\"height: 48px\" width=\"311\"><span style=\"color: #000000;font-family: arial, helvetica, sans-serif;font-size: 10pt\">Projeto de Extens\u00e3o &#8220;Oficinas de F\u00edsica&#8221;<\/span><\/td>\n<td style=\"text-align: center;height: 48px;vertical-align: middle\" width=\"89\"><span style=\"color: #000000;font-family: arial, helvetica, sans-serif;font-size: 10pt\">108h<\/span><\/td>\n<td style=\"height: 48px;text-align: center;vertical-align: middle\" width=\"142\"><span style=\"color: #000000;font-family: arial, helvetica, sans-serif;font-size: 10pt\">Organizador e Ministrante<\/span><\/td>\n<\/tr>\n<tr style=\"height: 48px\">\n<td style=\"height: 48px;vertical-align: middle\" width=\"211\"><span style=\"color: #000000;font-family: arial, helvetica, sans-serif;font-size: 10pt\">B\u00e1rbara Teressa Kerstner<\/span><\/td>\n<td style=\"height: 48px\" width=\"311\"><span style=\"color: #000000;font-family: arial, helvetica, sans-serif;font-size: 10pt\">XIII Semana Acad\u00eamica do Curso de Licenciatura em F\u00edsica<\/span><\/td>\n<td style=\"text-align: center;height: 48px;vertical-align: middle\" width=\"89\"><span style=\"color: #000000;font-family: arial, helvetica, sans-serif;font-size: 10pt\">40h<\/span><\/td>\n<td style=\"height: 48px;text-align: center;vertical-align: middle\" width=\"142\"><span style=\"color: #000000;font-family: arial, helvetica, sans-serif;font-size: 10pt\">Participante<\/span><\/td>\n<\/tr>\n<tr style=\"height: 24px\">\n<td style=\"height: 24px;vertical-align: middle\" width=\"211\"><span style=\"color: #000000;font-family: arial, helvetica, sans-serif;font-size: 10pt\">Beatriz Alvarenga \u00c1lvares<\/span><\/td>\n<td style=\"height: 24px\" width=\"311\"><span style=\"color: #000000;font-family: arial, helvetica, sans-serif;font-size: 10pt\">V semin\u00e1rio de Ensino de F\u00edsica<\/span><\/td>\n<td style=\"text-align: center;height: 24px;vertical-align: middle\" width=\"89\"><span style=\"color: #000000;font-family: arial, helvetica, sans-serif;font-size: 10pt\">16h<\/span><\/td>\n<td style=\"height: 24px;text-align: center;vertical-align: middle\" width=\"142\"><span style=\"color: #000000;font-family: arial, helvetica, sans-serif;font-size: 10pt\">Ministrante<\/span><\/td>\n<\/tr>\n<tr style=\"height: 24px\">\n<td style=\"height: 24px;vertical-align: middle\" width=\"211\"><span style=\"color: #000000;font-family: arial, helvetica, sans-serif;font-size: 10pt\">Bruna Campos Fonseca<\/span><\/td>\n<td style=\"height: 24px\" width=\"311\"><span style=\"color: #000000;font-family: arial, helvetica, sans-serif;font-size: 10pt\">PIBID<\/span><\/td>\n<td style=\"text-align: center;height: 24px;vertical-align: middle\" width=\"89\"><span style=\"color: #000000;font-family: arial, helvetica, sans-serif;font-size: 10pt\">12h\/sem.<\/span><\/td>\n<td style=\"height: 24px;text-align: center;vertical-align: middle\" width=\"142\"><span style=\"color: #000000;font-family: arial, helvetica, sans-serif;font-size: 10pt\">Bolsista<\/span><\/td>\n<\/tr>\n<tr style=\"height: 48px\">\n<td style=\"height: 48px;vertical-align: middle\" width=\"211\"><span style=\"color: #000000;font-family: arial, helvetica, sans-serif;font-size: 10pt\">Bruno Berny Vasconcelos<\/span><\/td>\n<td style=\"height: 48px\" width=\"311\"><span style=\"color: #000000;font-family: arial, helvetica, sans-serif;font-size: 10pt\">Projeto de Ensino &#8220;Mini-curso Introdut\u00f3rio \u00e0 F\u00edsica de Part\u00edculas, Estado S\u00f3lido e Plasma&#8221;<\/span><\/td>\n<td style=\"text-align: center;height: 48px;vertical-align: middle\" width=\"89\"><span style=\"color: #000000;font-family: arial, helvetica, sans-serif;font-size: 10pt\">20h<\/span><\/td>\n<td style=\"height: 48px;text-align: center;vertical-align: middle\" width=\"142\"><span style=\"color: #000000;font-family: arial, helvetica, sans-serif;font-size: 10pt\">Participante<\/span><\/td>\n<\/tr>\n<tr style=\"height: 48px\">\n<td style=\"height: 48px;vertical-align: middle\" width=\"211\"><span style=\"color: #000000;font-family: arial, helvetica, sans-serif;font-size: 10pt\">Bruno Cesar Banaszewski<\/span><\/td>\n<td style=\"height: 48px\" width=\"311\"><span style=\"color: #000000;font-family: arial, helvetica, sans-serif;font-size: 10pt\">XVI Semana Acad\u00eamica do Curso de Licenciatura em F\u00edsica<\/span><\/td>\n<td style=\"text-align: center;height: 48px;vertical-align: middle\" width=\"89\"><span style=\"color: #000000;font-family: arial, helvetica, sans-serif;font-size: 10pt\">40h<\/span><\/td>\n<td style=\"height: 48px;text-align: center;vertical-align: middle\" width=\"142\"><span style=\"color: #000000;font-family: arial, helvetica, sans-serif;font-size: 10pt\">Participante<\/span><\/td>\n<\/tr>\n<tr style=\"height: 48px\">\n<td style=\"height: 48px;vertical-align: middle\" width=\"211\"><span style=\"color: #000000;font-family: arial, helvetica, sans-serif;font-size: 10pt\">Bruno Costa Machado<\/span><\/td>\n<td style=\"height: 48px\" width=\"311\"><span style=\"color: #000000;font-family: arial, helvetica, sans-serif;font-size: 10pt\">Projeto de Extens\u00e3o &#8220;Mini-curso de F\u00edsica aplicada \u00e0 Meteorologia&#8221;<\/span><\/td>\n<td style=\"text-align: center;height: 48px;vertical-align: middle\" width=\"89\"><span style=\"color: #000000;font-family: arial, helvetica, sans-serif;font-size: 10pt\">10h<\/span><\/td>\n<td style=\"height: 48px;text-align: center;vertical-align: middle\" width=\"142\"><span style=\"color: #000000;font-family: arial, helvetica, sans-serif;font-size: 10pt\">Ouvinte<\/span><\/td>\n<\/tr>\n<tr style=\"height: 72px\">\n<td style=\"height: 72px;vertical-align: middle\" width=\"211\"><span style=\"color: #000000;font-family: arial, helvetica, sans-serif;font-size: 10pt\">Bruno Gomes da Silva<\/span><\/td>\n<td style=\"height: 72px\" width=\"311\"><span style=\"color: #000000;font-family: arial, helvetica, sans-serif;font-size: 10pt\">Projeto de Extens\u00e3o &#8220;Hidrost\u00e1tica e Hidrodin\u00e2mica nas S\u00e9ries Iniciais: Aproximando a F\u00edsica atrav\u00e9s de uma Abordagem Diferenciada&#8221;<\/span><\/td>\n<td style=\"text-align: center;height: 72px;vertical-align: middle\" width=\"89\"><span style=\"color: #000000;font-family: arial, helvetica, sans-serif;font-size: 10pt\">20h<\/span><\/td>\n<td style=\"height: 72px;text-align: center;vertical-align: middle\" width=\"142\"><span style=\"color: #000000;font-family: arial, helvetica, sans-serif;font-size: 10pt\">Ministrante<\/span><\/td>\n<\/tr>\n<tr style=\"height: 24px\">\n<td style=\"height: 24px;vertical-align: middle\" width=\"211\"><span style=\"color: #000000;font-family: arial, helvetica, sans-serif;font-size: 10pt\">Bruno Gomes da Silva<\/span><\/td>\n<td style=\"height: 24px\" width=\"311\"><span style=\"color: #000000;font-family: arial, helvetica, sans-serif;font-size: 10pt\">XI Semana Acad\u00eamica da F\u00edsica<\/span><\/td>\n<td style=\"text-align: center;height: 24px;vertical-align: middle\" width=\"89\"><span style=\"color: #000000;font-family: arial, helvetica, sans-serif;font-size: 10pt\">32h<\/span><\/td>\n<td style=\"height: 24px;text-align: center;vertical-align: middle\" width=\"142\"><span style=\"color: #000000;font-family: arial, helvetica, sans-serif;font-size: 10pt\">Participante<\/span><\/td>\n<\/tr>\n<tr style=\"height: 48px\">\n<td style=\"height: 48px;vertical-align: middle\" width=\"211\"><span style=\"color: #000000;font-family: arial, helvetica, sans-serif;font-size: 10pt\">Bruno Lisb\u00f4a Medina<\/span><\/td>\n<td style=\"height: 48px\" width=\"311\"><span style=\"color: #000000;font-family: arial, helvetica, sans-serif;font-size: 10pt\">Projeto de Ensino &#8220;T\u00d3PICOS DE F\u00cdSICA CONTEMPOR\u00c2NEA&#8221;<\/span><\/td>\n<td style=\"text-align: center;height: 48px;vertical-align: middle\" width=\"89\"><span style=\"color: #000000;font-family: arial, helvetica, sans-serif;font-size: 10pt\">05h<\/span><\/td>\n<td style=\"height: 48px;text-align: center;vertical-align: middle\" width=\"142\"><span style=\"color: #000000;font-family: arial, helvetica, sans-serif;font-size: 10pt\">Participante<\/span><\/td>\n<\/tr>\n<tr style=\"height: 48px\">\n<td style=\"height: 48px;vertical-align: middle\" width=\"211\"><span style=\"color: #000000;font-family: arial, helvetica, sans-serif;font-size: 10pt\">Bruno Ungethuen Pereira<\/span><\/td>\n<td style=\"height: 48px\" width=\"311\"><span style=\"color: #000000;font-family: arial, helvetica, sans-serif;font-size: 10pt\">Projeto de Extens\u00e3o &#8220;Experimentando a F\u00edsica na Educa\u00e7\u00e3o de Jovens e Adultos&#8221;<\/span><\/td>\n<td style=\"text-align: center;height: 48px;vertical-align: middle\" width=\"89\"><span style=\"color: #000000;font-family: arial, helvetica, sans-serif;font-size: 10pt\">20h<\/span><\/td>\n<td style=\"height: 48px;text-align: center;vertical-align: middle\" width=\"142\"><span style=\"color: #000000;font-family: arial, helvetica, sans-serif;font-size: 10pt\">Participante<\/span><\/td>\n<\/tr>\n<tr style=\"height: 48px\">\n<td style=\"height: 48px;vertical-align: middle\" width=\"211\"><span style=\"color: #000000;font-family: arial, helvetica, sans-serif;font-size: 10pt\">Bruno Zanetti Ribeiro<\/span><\/td>\n<td style=\"height: 48px\" width=\"311\"><span style=\"color: #000000;font-family: arial, helvetica, sans-serif;font-size: 10pt\">Projeto de Ensino &#8220;T\u00d3PICOS DE F\u00cdSICA CONTEMPOR\u00c2NEA&#8221;<\/span><\/td>\n<td style=\"text-align: center;height: 48px;vertical-align: middle\" width=\"89\"><span style=\"color: #000000;font-family: arial, helvetica, sans-serif;font-size: 10pt\">10h<\/span><\/td>\n<td style=\"height: 48px;text-align: center;vertical-align: middle\" width=\"142\"><span style=\"color: #000000;font-family: arial, helvetica, sans-serif;font-size: 10pt\">Participante<\/span><\/td>\n<\/tr>\n<tr style=\"height: 48px\">\n<td style=\"height: 48px;vertical-align: middle\" width=\"211\"><span style=\"color: #000000;font-family: arial, helvetica, sans-serif;font-size: 10pt\">Camila Tavares Homann<\/span><\/td>\n<td style=\"height: 48px\" width=\"311\"><span style=\"color: #000000;font-family: arial, helvetica, sans-serif;font-size: 10pt\">Projeto de Extens\u00e3o &#8220;Oficinas de F\u00edsica&#8221;<\/span><\/td>\n<td style=\"text-align: center;height: 48px;vertical-align: middle\" width=\"89\"><span style=\"color: #000000;font-family: arial, helvetica, sans-serif;font-size: 10pt\">108h<\/span><\/td>\n<td style=\"height: 48px;text-align: center;vertical-align: middle\" width=\"142\"><span style=\"color: #000000;font-family: arial, helvetica, sans-serif;font-size: 10pt\">Organizador e Ministrante<\/span><\/td>\n<\/tr>\n<tr style=\"height: 24px\">\n<td style=\"height: 24px;vertical-align: middle\" width=\"211\"><span style=\"color: #000000;font-family: arial, helvetica, sans-serif;font-size: 10pt\">Carina de Souza Teixeira Pera\u00e7a<\/span><\/td>\n<td style=\"height: 24px\" width=\"311\"><span style=\"color: #000000;font-family: arial, helvetica, sans-serif;font-size: 10pt\">PIBID<\/span><\/td>\n<td style=\"text-align: center;height: 24px;vertical-align: middle\" width=\"89\"><span style=\"color: #000000;font-family: arial, helvetica, sans-serif;font-size: 10pt\">12h\/sem.<\/span><\/td>\n<td style=\"height: 24px;text-align: center;vertical-align: middle\" width=\"142\"><span style=\"color: #000000;font-family: arial, helvetica, sans-serif;font-size: 10pt\">Bolsista<\/span><\/td>\n<\/tr>\n<tr style=\"height: 48px\">\n<td style=\"height: 48px;vertical-align: middle\" width=\"211\"><span style=\"color: #000000;font-family: arial, helvetica, sans-serif;font-size: 10pt\">Carlos Alberto dos Santos<\/span><\/td>\n<td style=\"height: 48px\" width=\"311\"><span style=\"color: #000000;font-family: arial, helvetica, sans-serif;font-size: 10pt\">8\u00aa Semana Acad\u00eamica do Curso de Licenciatura em F\u00edsica<\/span><\/td>\n<td style=\"text-align: center;height: 48px;vertical-align: middle\" width=\"89\"><span style=\"color: #000000;font-family: arial, helvetica, sans-serif;font-size: 10pt\">02h<\/span><\/td>\n<td style=\"height: 48px;text-align: center;vertical-align: middle\" width=\"142\"><span style=\"color: #000000;font-family: arial, helvetica, sans-serif;font-size: 10pt\">Ministrante<\/span><\/td>\n<\/tr>\n<tr style=\"height: 24px\">\n<td style=\"height: 24px;vertical-align: middle\" width=\"211\"><span style=\"color: #000000;font-family: arial, helvetica, sans-serif;font-size: 10pt\">Carlos Alberto dos Santos<\/span><\/td>\n<td style=\"height: 24px\" width=\"311\"><span style=\"color: #000000;font-family: arial, helvetica, sans-serif;font-size: 10pt\">IX Semana Acad\u00eamica da F\u00edsica<\/span><\/td>\n<td style=\"text-align: center;height: 24px;vertical-align: middle\" width=\"89\"><span style=\"color: #000000;font-family: arial, helvetica, sans-serif;font-size: 10pt\">02h<\/span><\/td>\n<td style=\"height: 24px;text-align: center;vertical-align: middle\" width=\"142\"><span style=\"color: #000000;font-family: arial, helvetica, sans-serif;font-size: 10pt\">Ministrante<\/span><\/td>\n<\/tr>\n<tr style=\"height: 48px\">\n<td style=\"height: 48px;vertical-align: middle\" width=\"211\"><span style=\"color: #000000;font-family: arial, helvetica, sans-serif;font-size: 10pt\">Carlos Alberto dos Santos<\/span><\/td>\n<td style=\"height: 48px\" width=\"311\"><span style=\"color: #000000;font-family: arial, helvetica, sans-serif;font-size: 10pt\">Semana Acad\u00eamica do Curso de Licenciatura Plena em F\u00edsica 2000<\/span><\/td>\n<td style=\"text-align: center;height: 48px;vertical-align: middle\" width=\"89\"><span style=\"color: #000000;font-family: arial, helvetica, sans-serif;font-size: 10pt\">02h<\/span><\/td>\n<td style=\"height: 48px;text-align: center;vertical-align: middle\" width=\"142\"><span style=\"color: #000000;font-family: arial, helvetica, sans-serif;font-size: 10pt\">Palestrante<\/span><\/td>\n<\/tr>\n<tr style=\"height: 24px\">\n<td style=\"height: 24px;vertical-align: middle\" width=\"211\"><span style=\"color: #000000;font-family: arial, helvetica, sans-serif;font-size: 10pt\">Carlos Alberto Eiras Garcia<\/span><\/td>\n<td style=\"height: 24px\" width=\"311\"><span style=\"color: #000000;font-family: arial, helvetica, sans-serif;font-size: 10pt\">IV Semin\u00e1rio de Ensino de F\u00edsica<\/span><\/td>\n<td style=\"text-align: center;height: 24px;vertical-align: middle\" width=\"89\"><span style=\"color: #000000;font-family: arial, helvetica, sans-serif;font-size: 10pt\">20h<\/span><\/td>\n<td style=\"height: 24px;text-align: center;vertical-align: middle\" width=\"142\"><span style=\"color: #000000;font-family: arial, helvetica, sans-serif;font-size: 10pt\">Palestrante<\/span><\/td>\n<\/tr>\n<tr style=\"height: 48px\">\n<td style=\"height: 48px;vertical-align: middle\" width=\"211\"><span style=\"color: #000000;font-family: arial, helvetica, sans-serif;font-size: 10pt\">Carlos Alberto Miraglia<\/span><\/td>\n<td style=\"height: 48px\" width=\"311\"><span style=\"color: #000000;font-family: arial, helvetica, sans-serif;font-size: 10pt\">XVIII Semana Acad\u00eamica do Curso de Licenciatura em F\u00edsica<\/span><\/td>\n<td style=\"text-align: center;height: 48px;vertical-align: middle\" width=\"89\"><span style=\"color: #000000;font-family: arial, helvetica, sans-serif;font-size: 10pt\">03h<\/span><\/td>\n<td style=\"height: 48px;text-align: center;vertical-align: middle\" width=\"142\"><span style=\"color: #000000;font-family: arial, helvetica, sans-serif;font-size: 10pt\">Palestrante<\/span><\/td>\n<\/tr>\n<tr style=\"height: 48px\">\n<td style=\"height: 48px;vertical-align: middle\" width=\"211\"><span style=\"color: #000000;font-family: arial, helvetica, sans-serif;font-size: 10pt\">Carlos Giovani Laquiman Alves<\/span><\/td>\n<td style=\"height: 48px\" width=\"311\"><span style=\"color: #000000;font-family: arial, helvetica, sans-serif;font-size: 10pt\">Projeto de Extens\u00e3o &#8220;Experimentando a F\u00edsica na Educa\u00e7\u00e3o de Jovens e Adultos&#8221;<\/span><\/td>\n<td style=\"text-align: center;height: 48px;vertical-align: middle\" width=\"89\"><span style=\"color: #000000;font-family: arial, helvetica, sans-serif;font-size: 10pt\">20h<\/span><\/td>\n<td style=\"height: 48px;text-align: center;vertical-align: middle\" width=\"142\"><span style=\"color: #000000;font-family: arial, helvetica, sans-serif;font-size: 10pt\">Participante<\/span><\/td>\n<\/tr>\n<tr style=\"height: 48px\">\n<td style=\"height: 48px;vertical-align: middle\" width=\"211\"><span style=\"color: #000000;font-family: arial, helvetica, sans-serif;font-size: 10pt\">Carolina Marques Fonseca<\/span><\/td>\n<td style=\"height: 48px\" width=\"311\"><span style=\"color: #000000;font-family: arial, helvetica, sans-serif;font-size: 10pt\">7\u00aa Semana Acad\u00eamica do Curso de Licenciatura em F\u00edsica<\/span><\/td>\n<td style=\"text-align: center;height: 48px;vertical-align: middle\" width=\"89\"><span style=\"color: #000000;font-family: arial, helvetica, sans-serif;font-size: 10pt\">40h<\/span><\/td>\n<td style=\"height: 48px;text-align: center;vertical-align: middle\" width=\"142\"><span style=\"color: #000000;font-family: arial, helvetica, sans-serif;font-size: 10pt\">Participante<\/span><\/td>\n<\/tr>\n<tr style=\"height: 48px\">\n<td style=\"height: 48px;vertical-align: middle\" width=\"211\"><span style=\"color: #000000;font-family: arial, helvetica, sans-serif;font-size: 10pt\">Caroline Martins dos Santos<\/span><\/td>\n<td style=\"height: 48px\" width=\"311\"><span style=\"color: #000000;font-family: arial, helvetica, sans-serif;font-size: 10pt\">Curso &#8220;F\u00edsica no Ensino M\u00e9dio: (re)construindo conceitos&#8221;<\/span><\/td>\n<td style=\"text-align: center;height: 48px;vertical-align: middle\" width=\"89\"><span style=\"color: #000000;font-family: arial, helvetica, sans-serif;font-size: 10pt\">34h<\/span><\/td>\n<td style=\"height: 48px;text-align: center;vertical-align: middle\" width=\"142\"><span style=\"color: #000000;font-family: arial, helvetica, sans-serif;font-size: 10pt\">Participante<\/span><\/td>\n<\/tr>\n<tr style=\"height: 24px\">\n<td style=\"height: 24px;vertical-align: middle\" width=\"211\"><span style=\"color: #000000;font-family: arial, helvetica, sans-serif;font-size: 10pt\">C\u00e1ssia Pereira da Rosa<\/span><\/td>\n<td style=\"height: 24px\" width=\"311\"><span style=\"color: #000000;font-family: arial, helvetica, sans-serif;font-size: 10pt\">XI Semana Acad\u00eamica da F\u00edsica<\/span><\/td>\n<td style=\"text-align: center;height: 24px;vertical-align: middle\" width=\"89\"><span style=\"color: #000000;font-family: arial, helvetica, sans-serif;font-size: 10pt\">24h<\/span><\/td>\n<td style=\"height: 24px;text-align: center;vertical-align: middle\" width=\"142\"><span style=\"color: #000000;font-family: arial, helvetica, sans-serif;font-size: 10pt\">Participante<\/span><\/td>\n<\/tr>\n<tr style=\"height: 24px\">\n<td style=\"height: 24px;vertical-align: middle\" width=\"211\"><span style=\"color: #000000;font-family: arial, helvetica, sans-serif;font-size: 10pt\">C\u00e1ssio Lilge<\/span><\/td>\n<td style=\"height: 24px\" width=\"311\"><span style=\"color: #000000;font-family: arial, helvetica, sans-serif;font-size: 10pt\">Projeto de Ensino &#8220;CINE-LEITURAS&#8221;<\/span><\/td>\n<td style=\"text-align: center;height: 24px;vertical-align: middle\" width=\"89\"><span style=\"color: #000000;font-family: arial, helvetica, sans-serif;font-size: 10pt\">12h<\/span><\/td>\n<td style=\"height: 24px;text-align: center;vertical-align: middle\" width=\"142\"><span style=\"color: #000000;font-family: arial, helvetica, sans-serif;font-size: 10pt\">Participante<\/span><\/td>\n<\/tr>\n<tr style=\"height: 72px\">\n<td style=\"height: 72px;vertical-align: middle\" width=\"211\"><span style=\"color: #000000;font-family: arial, helvetica, sans-serif;font-size: 10pt\">C\u00e1ssio Lilge<\/span><\/td>\n<td style=\"height: 72px\" width=\"311\"><span style=\"color: #000000;font-family: arial, helvetica, sans-serif;font-size: 10pt\">XIV Semana Acad\u00eamica do Curso de Licenciatura em F\u00edsica<\/span><\/td>\n<td style=\"text-align: center;height: 72px;vertical-align: middle\" width=\"89\"><span style=\"color: #000000;font-family: arial, helvetica, sans-serif;font-size: 10pt\">50h<\/span><\/td>\n<td style=\"height: 72px;text-align: center;vertical-align: middle\" width=\"142\"><span style=\"color: #000000;font-family: arial, helvetica, sans-serif;font-size: 10pt\">Membro da Comiss\u00e3o Organizadora e Participante<\/span><\/td>\n<\/tr>\n<tr style=\"height: 24px\">\n<td style=\"height: 24px;vertical-align: middle\" width=\"211\"><span style=\"color: #000000;font-family: arial, helvetica, sans-serif;font-size: 10pt\">Catia Simone da Rocha Ferreira<\/span><\/td>\n<td style=\"height: 24px\" width=\"311\"><span style=\"color: #000000;font-family: arial, helvetica, sans-serif;font-size: 10pt\">PIBID<\/span><\/td>\n<td style=\"text-align: center;height: 24px;vertical-align: middle\" width=\"89\"><span style=\"color: #000000;font-family: arial, helvetica, sans-serif;font-size: 10pt\">12h\/sem.<\/span><\/td>\n<td style=\"height: 24px;text-align: center;vertical-align: middle\" width=\"142\"><span style=\"color: #000000;font-family: arial, helvetica, sans-serif;font-size: 10pt\">Bolsista<\/span><\/td>\n<\/tr>\n<tr style=\"height: 48px\">\n<td style=\"height: 48px;vertical-align: middle\" width=\"211\"><span style=\"color: #000000;font-family: arial, helvetica, sans-serif;font-size: 10pt\">Catia Simone da Rocha Ferreira<\/span><\/td>\n<td style=\"height: 48px\" width=\"311\"><span style=\"color: #000000;font-family: arial, helvetica, sans-serif;font-size: 10pt\">XVI Semana Acad\u00eamica do Curso de Licenciatura em F\u00edsica<\/span><\/td>\n<td style=\"text-align: center;height: 48px;vertical-align: middle\" width=\"89\"><span style=\"color: #000000;font-family: arial, helvetica, sans-serif;font-size: 10pt\">40h<\/span><\/td>\n<td style=\"height: 48px;text-align: center;vertical-align: middle\" width=\"142\"><span style=\"color: #000000;font-family: arial, helvetica, sans-serif;font-size: 10pt\">Participante<\/span><\/td>\n<\/tr>\n<tr style=\"height: 48px\">\n<td style=\"height: 48px;vertical-align: middle\" width=\"211\"><span style=\"color: #000000;font-family: arial, helvetica, sans-serif;font-size: 10pt\">Catiucia Souza<\/span><\/td>\n<td style=\"height: 48px\" width=\"311\"><span style=\"color: #000000;font-family: arial, helvetica, sans-serif;font-size: 10pt\">XIII Semana Acad\u00eamica do Curso de Licenciatura em F\u00edsica<\/span><\/td>\n<td style=\"text-align: center;height: 48px;vertical-align: middle\" width=\"89\"><span style=\"color: #000000;font-family: arial, helvetica, sans-serif;font-size: 10pt\">40h<\/span><\/td>\n<td style=\"height: 48px;text-align: center;vertical-align: middle\" width=\"142\"><span style=\"color: #000000;font-family: arial, helvetica, sans-serif;font-size: 10pt\">Participante<\/span><\/td>\n<\/tr>\n<tr style=\"height: 72px\">\n<td style=\"height: 72px;vertical-align: middle\" width=\"211\"><span style=\"color: #000000;font-family: arial, helvetica, sans-serif;font-size: 10pt\">C\u00e9sar Augusto Gaioso Filho<\/span><\/td>\n<td style=\"height: 72px\" width=\"311\"><span style=\"color: #000000;font-family: arial, helvetica, sans-serif;font-size: 10pt\">Projeto de Ensino &#8220;O Aprendizado de Astronomia e das Ci\u00eancias Afins com a Media\u00e7\u00e3o da Observa\u00e7\u00e3o Rudimentar e da Imagem Astron\u00f4mica<\/span><\/td>\n<td style=\"text-align: center;height: 72px;vertical-align: middle\" width=\"89\"><span style=\"color: #000000;font-family: arial, helvetica, sans-serif;font-size: 10pt\">10h<\/span><\/td>\n<td style=\"height: 72px;text-align: center;vertical-align: middle\" width=\"142\"><span style=\"color: #000000;font-family: arial, helvetica, sans-serif;font-size: 10pt\">Participante<\/span><\/td>\n<\/tr>\n<tr style=\"height: 24px\">\n<td style=\"height: 24px;vertical-align: middle\" width=\"211\"><span style=\"color: #000000;font-family: arial, helvetica, sans-serif;font-size: 10pt\">C\u00e9sar Bilhalva Vieira<\/span><\/td>\n<td style=\"height: 24px\" width=\"311\"><span style=\"color: #000000;font-family: arial, helvetica, sans-serif;font-size: 10pt\">X Semana Acad\u00eamica da F\u00edsica<\/span><\/td>\n<td style=\"text-align: center;height: 24px;vertical-align: middle\" width=\"89\"><span style=\"color: #000000;font-family: arial, helvetica, sans-serif;font-size: 10pt\">40h<\/span><\/td>\n<td style=\"height: 24px;text-align: center;vertical-align: middle\" width=\"142\"><span style=\"color: #000000;font-family: arial, helvetica, sans-serif;font-size: 10pt\">Participante<\/span><\/td>\n<\/tr>\n<tr style=\"height: 24px\">\n<td style=\"height: 24px;vertical-align: middle\" width=\"211\"><span style=\"color: #000000;font-family: arial, helvetica, sans-serif;font-size: 10pt\">Cesar Lemos Arim<\/span><\/td>\n<td style=\"height: 24px\" width=\"311\"><span style=\"color: #000000;font-family: arial, helvetica, sans-serif;font-size: 10pt\">Laborat\u00f3rios de Inform\u00e1tica da Gradua\u00e7\u00e3o<\/span><\/td>\n<td style=\"text-align: center;height: 24px;vertical-align: middle\" width=\"89\"><span style=\"color: #000000;font-family: arial, helvetica, sans-serif;font-size: 10pt\">432h<\/span><\/td>\n<td style=\"height: 24px;text-align: center;vertical-align: middle\" width=\"142\"><span style=\"color: #000000;font-family: arial, helvetica, sans-serif;font-size: 10pt\">Bolsista<\/span><\/td>\n<\/tr>\n<tr style=\"height: 24px\">\n<td style=\"height: 24px;vertical-align: middle\" width=\"211\"><span style=\"color: #000000;font-family: arial, helvetica, sans-serif;font-size: 10pt\">Clara Gomes Domingues<\/span><\/td>\n<td style=\"height: 24px\" width=\"311\"><span style=\"color: #000000;font-family: arial, helvetica, sans-serif;font-size: 10pt\">X Semana Acad\u00eamica da F\u00edsica<\/span><\/td>\n<td style=\"text-align: center;height: 24px;vertical-align: middle\" width=\"89\"><span style=\"color: #000000;font-family: arial, helvetica, sans-serif;font-size: 10pt\">22h<\/span><\/td>\n<td style=\"height: 24px;text-align: center;vertical-align: middle\" width=\"142\"><span style=\"color: #000000;font-family: arial, helvetica, sans-serif;font-size: 10pt\">Participante<\/span><\/td>\n<\/tr>\n<tr style=\"height: 48px\">\n<td style=\"height: 48px;vertical-align: middle\" width=\"211\"><span style=\"color: #000000;font-family: arial, helvetica, sans-serif;font-size: 10pt\">Cl\u00e1udia Caldeira Leite<\/span><\/td>\n<td style=\"height: 48px\" width=\"311\"><span style=\"color: #000000;font-family: arial, helvetica, sans-serif;font-size: 10pt\">Projeto de Ensino &#8220;T\u00d3PICOS DE F\u00cdSICA CONTEMPOR\u00c2NEA&#8221;<\/span><\/td>\n<td style=\"text-align: center;height: 48px;vertical-align: middle\" width=\"89\"><span style=\"color: #000000;font-family: arial, helvetica, sans-serif;font-size: 10pt\">05h<\/span><\/td>\n<td style=\"height: 48px;text-align: center;vertical-align: middle\" width=\"142\"><span style=\"color: #000000;font-family: arial, helvetica, sans-serif;font-size: 10pt\">Participante<\/span><\/td>\n<\/tr>\n<tr style=\"height: 48px\">\n<td style=\"height: 48px;vertical-align: middle\" width=\"211\"><span style=\"color: #000000;font-family: arial, helvetica, sans-serif;font-size: 10pt\">Cl\u00e1udia Caldeira Leite<\/span><\/td>\n<td style=\"height: 48px\" width=\"311\"><span style=\"color: #000000;font-family: arial, helvetica, sans-serif;font-size: 10pt\">Projeto de Extens\u00e3o &#8220;Oficinas de F\u00edsica&#8221;<\/span><\/td>\n<td style=\"text-align: center;height: 48px;vertical-align: middle\" width=\"89\"><span style=\"color: #000000;font-family: arial, helvetica, sans-serif;font-size: 10pt\">102h<\/span><\/td>\n<td style=\"height: 48px;text-align: center;vertical-align: middle\" width=\"142\"><span style=\"color: #000000;font-family: arial, helvetica, sans-serif;font-size: 10pt\">Organizador e Ministrante<\/span><\/td>\n<\/tr>\n<tr style=\"height: 24px\">\n<td style=\"height: 24px;vertical-align: middle\" width=\"211\"><span style=\"color: #000000;font-family: arial, helvetica, sans-serif;font-size: 10pt\">Cl\u00e1udia Vogel Ely<\/span><\/td>\n<td style=\"height: 24px\" width=\"311\"><span style=\"color: #000000;font-family: arial, helvetica, sans-serif;font-size: 10pt\">Projeto &#8220;Oficinas de F\u00edsica&#8221;<\/span><\/td>\n<td style=\"text-align: center;height: 24px;vertical-align: middle\" width=\"89\"><span style=\"color: #000000;font-family: arial, helvetica, sans-serif;font-size: 10pt\">&#8211;<\/span><\/td>\n<td style=\"height: 24px;text-align: center;vertical-align: middle\" width=\"142\"><span style=\"color: #000000;font-family: arial, helvetica, sans-serif;font-size: 10pt\">Execu\u00e7\u00e3o<\/span><\/td>\n<\/tr>\n<tr style=\"height: 48px\">\n<td style=\"height: 48px;vertical-align: middle\" width=\"211\"><span style=\"color: #000000;font-family: arial, helvetica, sans-serif;font-size: 10pt\">Cl\u00e1udia Vogel Ely<\/span><\/td>\n<td style=\"height: 48px\" width=\"311\"><span style=\"color: #000000;font-family: arial, helvetica, sans-serif;font-size: 10pt\">Projeto de Ensino &#8220;Fundamentos de Supercondutividade&#8221;<\/span><\/td>\n<td style=\"text-align: center;height: 48px;vertical-align: middle\" width=\"89\"><span style=\"color: #000000;font-family: arial, helvetica, sans-serif;font-size: 10pt\">10h<\/span><\/td>\n<td style=\"height: 48px;text-align: center;vertical-align: middle\" width=\"142\"><span style=\"color: #000000;font-family: arial, helvetica, sans-serif;font-size: 10pt\">Participante<\/span><\/td>\n<\/tr>\n<tr style=\"height: 48px\">\n<td style=\"height: 48px;vertical-align: middle\" width=\"211\"><span style=\"color: #000000;font-family: arial, helvetica, sans-serif;font-size: 10pt\">Cl\u00e1udia Vogel Ely<\/span><\/td>\n<td style=\"height: 48px\" width=\"311\"><span style=\"color: #000000;font-family: arial, helvetica, sans-serif;font-size: 10pt\">Projeto de Extens\u00e3o &#8220;Mini-curso de F\u00edsica aplicada \u00e0 Meteorologia&#8221;<\/span><\/td>\n<td style=\"text-align: center;height: 48px;vertical-align: middle\" width=\"89\"><span style=\"color: #000000;font-family: arial, helvetica, sans-serif;font-size: 10pt\">10h<\/span><\/td>\n<td style=\"height: 48px;text-align: center;vertical-align: middle\" width=\"142\"><span style=\"color: #000000;font-family: arial, helvetica, sans-serif;font-size: 10pt\">Ouvinte<\/span><\/td>\n<\/tr>\n<tr style=\"height: 72px\">\n<td style=\"height: 72px;vertical-align: middle\" width=\"211\"><span style=\"color: #000000;font-family: arial, helvetica, sans-serif;font-size: 10pt\">Cl\u00e1udia Vogel Ely<\/span><\/td>\n<td style=\"height: 72px\" width=\"311\"><span style=\"color: #000000;font-family: arial, helvetica, sans-serif;font-size: 10pt\">Projeto de Extens\u00e3o &#8220;Oficinas de F\u00edsica&#8221;<\/span><\/td>\n<td style=\"text-align: center;height: 72px;vertical-align: middle\" width=\"89\"><span style=\"color: #000000;font-family: arial, helvetica, sans-serif;font-size: 10pt\">102h<\/span><\/td>\n<td style=\"height: 72px;text-align: center;vertical-align: middle\" width=\"142\"><span style=\"color: #000000;font-family: arial, helvetica, sans-serif;font-size: 10pt\">Membro da Comiss\u00e3o Organizadora e Participante<\/span><\/td>\n<\/tr>\n<tr style=\"height: 24px\">\n<td style=\"height: 24px;vertical-align: middle\" width=\"211\"><span style=\"color: #000000;font-family: arial, helvetica, sans-serif;font-size: 10pt\">Cl\u00e1udio de Werk Schroeder<\/span><\/td>\n<td style=\"height: 24px\" width=\"311\"><span style=\"color: #000000;font-family: arial, helvetica, sans-serif;font-size: 10pt\">V semin\u00e1rio de Ensino de F\u00edsica<\/span><\/td>\n<td style=\"text-align: center;height: 24px;vertical-align: middle\" width=\"89\"><span style=\"color: #000000;font-family: arial, helvetica, sans-serif;font-size: 10pt\">16h<\/span><\/td>\n<td style=\"height: 24px;text-align: center;vertical-align: middle\" width=\"142\"><span style=\"color: #000000;font-family: arial, helvetica, sans-serif;font-size: 10pt\">Participante<\/span><\/td>\n<\/tr>\n<tr style=\"height: 24px\">\n<td style=\"height: 24px;vertical-align: middle\" width=\"211\"><span style=\"color: #000000;font-family: arial, helvetica, sans-serif;font-size: 10pt\">Cl\u00e1udio Henrique da Fonseca<\/span><\/td>\n<td style=\"height: 24px\" width=\"311\"><span style=\"color: #000000;font-family: arial, helvetica, sans-serif;font-size: 10pt\">IV Semin\u00e1rio de Ensino de F\u00edsica<\/span><\/td>\n<td style=\"text-align: center;height: 24px;vertical-align: middle\" width=\"89\"><span style=\"color: #000000;font-family: arial, helvetica, sans-serif;font-size: 10pt\">20h<\/span><\/td>\n<td style=\"height: 24px;text-align: center;vertical-align: middle\" width=\"142\"><span style=\"color: #000000;font-family: arial, helvetica, sans-serif;font-size: 10pt\">Participante<\/span><\/td>\n<\/tr>\n<tr style=\"height: 48px\">\n<td style=\"height: 48px;vertical-align: middle\" width=\"211\"><span style=\"color: #000000;font-family: arial, helvetica, sans-serif;font-size: 10pt\">Cleci Teresinha Werner da Rosa<\/span><\/td>\n<td style=\"height: 48px\" width=\"311\"><span style=\"color: #000000;font-family: arial, helvetica, sans-serif;font-size: 10pt\">XVIII Semana Acad\u00eamica do Curso de Licenciatura em F\u00edsica<\/span><\/td>\n<td style=\"text-align: center;height: 48px;vertical-align: middle\" width=\"89\"><span style=\"color: #000000;font-family: arial, helvetica, sans-serif;font-size: 10pt\">03h<\/span><\/td>\n<td style=\"height: 48px;text-align: center;vertical-align: middle\" width=\"142\"><span style=\"color: #000000;font-family: arial, helvetica, sans-serif;font-size: 10pt\">Palestrante<\/span><\/td>\n<\/tr>\n<tr style=\"height: 24px\">\n<td style=\"height: 24px;vertical-align: middle\" width=\"211\"><span style=\"color: #000000;font-family: arial, helvetica, sans-serif;font-size: 10pt\">Colmar Prestes Sampaio<\/span><\/td>\n<td style=\"height: 24px\" width=\"311\"><span style=\"color: #000000;font-family: arial, helvetica, sans-serif;font-size: 10pt\">V semin\u00e1rio de Ensino de F\u00edsica<\/span><\/td>\n<td style=\"text-align: center;height: 24px;vertical-align: middle\" width=\"89\"><span style=\"color: #000000;font-family: arial, helvetica, sans-serif;font-size: 10pt\">16h<\/span><\/td>\n<td style=\"height: 24px;text-align: center;vertical-align: middle\" width=\"142\"><span style=\"color: #000000;font-family: arial, helvetica, sans-serif;font-size: 10pt\">Participante<\/span><\/td>\n<\/tr>\n<tr style=\"height: 48px\">\n<td style=\"height: 48px;vertical-align: middle\" width=\"211\"><span style=\"color: #000000;font-family: arial, helvetica, sans-serif;font-size: 10pt\">Cristian Bonatto<\/span><\/td>\n<td style=\"height: 48px\" width=\"311\"><span style=\"color: #000000;font-family: arial, helvetica, sans-serif;font-size: 10pt\">XVII Semana Acad\u00eamica do Curso de Licenciatura em F\u00edsica<\/span><\/td>\n<td style=\"text-align: center;height: 48px;vertical-align: middle\" width=\"89\"><span style=\"color: #000000;font-family: arial, helvetica, sans-serif;font-size: 10pt\">02h<\/span><\/td>\n<td style=\"height: 48px;text-align: center;vertical-align: middle\" width=\"142\"><span style=\"color: #000000;font-family: arial, helvetica, sans-serif;font-size: 10pt\">Ministrante<\/span><\/td>\n<\/tr>\n<tr style=\"height: 24px\">\n<td style=\"height: 24px;vertical-align: middle\" width=\"211\"><span style=\"color: #000000;font-family: arial, helvetica, sans-serif;font-size: 10pt\">Cristiane da Cunha Ferreira<\/span><\/td>\n<td style=\"height: 24px\" width=\"311\"><span style=\"color: #000000;font-family: arial, helvetica, sans-serif;font-size: 10pt\">III Semin\u00e1rio de Ensino de F\u00edsica<\/span><\/td>\n<td style=\"text-align: center;height: 24px;vertical-align: middle\" width=\"89\"><span style=\"color: #000000;font-family: arial, helvetica, sans-serif;font-size: 10pt\">24h<\/span><\/td>\n<td style=\"height: 24px;text-align: center;vertical-align: middle\" width=\"142\"><span style=\"color: #000000;font-family: arial, helvetica, sans-serif;font-size: 10pt\">Participante<\/span><\/td>\n<\/tr>\n<tr style=\"height: 24px\">\n<td style=\"height: 24px;vertical-align: middle\" width=\"211\"><span style=\"color: #000000;font-family: arial, helvetica, sans-serif;font-size: 10pt\">Dalva Aldrighi Vergara<\/span><\/td>\n<td style=\"height: 24px\" width=\"311\"><span style=\"color: #000000;font-family: arial, helvetica, sans-serif;font-size: 10pt\">V semin\u00e1rio de Ensino de F\u00edsica<\/span><\/td>\n<td style=\"text-align: center;height: 24px;vertical-align: middle\" width=\"89\"><span style=\"color: #000000;font-family: arial, helvetica, sans-serif;font-size: 10pt\">16h<\/span><\/td>\n<td style=\"height: 24px;text-align: center;vertical-align: middle\" width=\"142\"><span style=\"color: #000000;font-family: arial, helvetica, sans-serif;font-size: 10pt\">Participante<\/span><\/td>\n<\/tr>\n<tr style=\"height: 24px\">\n<td style=\"height: 24px;vertical-align: middle\" width=\"211\"><span style=\"color: #000000;font-family: arial, helvetica, sans-serif;font-size: 10pt\">Dania Maria Hannel Sandri<\/span><\/td>\n<td style=\"height: 24px\" width=\"311\"><span style=\"color: #000000;font-family: arial, helvetica, sans-serif;font-size: 10pt\">Semin\u00e1rio de Ensino de F\u00edsica<\/span><\/td>\n<td style=\"text-align: center;height: 24px;vertical-align: middle\" width=\"89\"><span style=\"color: #000000;font-family: arial, helvetica, sans-serif;font-size: 10pt\">24h<\/span><\/td>\n<td style=\"height: 24px;text-align: center;vertical-align: middle\" width=\"142\"><span style=\"color: #000000;font-family: arial, helvetica, sans-serif;font-size: 10pt\">Participante<\/span><\/td>\n<\/tr>\n<tr style=\"height: 48px\">\n<td style=\"height: 48px;vertical-align: middle\" width=\"211\"><span style=\"color: #000000;font-family: arial, helvetica, sans-serif;font-size: 10pt\">Daniel da Silva de \u00c1vila<\/span><\/td>\n<td style=\"height: 48px\" width=\"311\"><span style=\"color: #000000;font-family: arial, helvetica, sans-serif;font-size: 10pt\">Semana Acad\u00eamica do Curso de Licenciatura Plena em F\u00edsica 1998<\/span><\/td>\n<td style=\"text-align: center;height: 48px;vertical-align: middle\" width=\"89\"><span style=\"color: #000000;font-family: arial, helvetica, sans-serif;font-size: 10pt\">40h<\/span><\/td>\n<td style=\"height: 48px;text-align: center;vertical-align: middle\" width=\"142\"><span style=\"color: #000000;font-family: arial, helvetica, sans-serif;font-size: 10pt\">Participante<\/span><\/td>\n<\/tr>\n<tr style=\"height: 48px\">\n<td style=\"height: 48px;vertical-align: middle\" width=\"211\"><span style=\"color: #000000;font-family: arial, helvetica, sans-serif;font-size: 10pt\">Daniel Esp\u00edrito Santo<\/span><\/td>\n<td style=\"height: 48px\" width=\"311\"><span style=\"color: #000000;font-family: arial, helvetica, sans-serif;font-size: 10pt\">7\u00aa Semana Acad\u00eamica do Curso de Licenciatura em F\u00edsica<\/span><\/td>\n<td style=\"text-align: center;height: 48px;vertical-align: middle\" width=\"89\"><span style=\"color: #000000;font-family: arial, helvetica, sans-serif;font-size: 10pt\">02h<\/span><\/td>\n<td style=\"height: 48px;text-align: center;vertical-align: middle\" width=\"142\"><span style=\"color: #000000;font-family: arial, helvetica, sans-serif;font-size: 10pt\">Ministrante<\/span><\/td>\n<\/tr>\n<tr style=\"height: 24px\">\n<td style=\"height: 24px;vertical-align: middle\" width=\"211\"><span style=\"color: #000000;font-family: arial, helvetica, sans-serif;font-size: 10pt\">Daniel Gon\u00e7alves C\u00e1pua<\/span><\/td>\n<td style=\"height: 24px\" width=\"311\"><span style=\"color: #000000;font-family: arial, helvetica, sans-serif;font-size: 10pt\">V semin\u00e1rio de Ensino de F\u00edsica<\/span><\/td>\n<td style=\"text-align: center;height: 24px;vertical-align: middle\" width=\"89\"><span style=\"color: #000000;font-family: arial, helvetica, sans-serif;font-size: 10pt\">16h<\/span><\/td>\n<td style=\"height: 24px;text-align: center;vertical-align: middle\" width=\"142\"><span style=\"color: #000000;font-family: arial, helvetica, sans-serif;font-size: 10pt\">Participante<\/span><\/td>\n<\/tr>\n<tr style=\"height: 48px\">\n<td style=\"height: 48px;vertical-align: middle\" width=\"211\"><span style=\"color: #000000;font-family: arial, helvetica, sans-serif;font-size: 10pt\">Daniel Meireles Dias<\/span><\/td>\n<td style=\"height: 48px\" width=\"311\"><span style=\"color: #000000;font-family: arial, helvetica, sans-serif;font-size: 10pt\">Projeto de Extens\u00e3o &#8220;F\u00edsica para o Segundo Grau: Apoio Alunos das Escolas P\u00fablicas&#8221;<\/span><\/td>\n<td style=\"text-align: center;height: 48px;vertical-align: middle\" width=\"89\"><span style=\"color: #000000;font-family: arial, helvetica, sans-serif;font-size: 10pt\">136h<\/span><\/td>\n<td style=\"height: 48px;text-align: center;vertical-align: middle\" width=\"142\"><span style=\"color: #000000;font-family: arial, helvetica, sans-serif;font-size: 10pt\">Participante<\/span><\/td>\n<\/tr>\n<tr style=\"height: 48px\">\n<td style=\"height: 48px;vertical-align: middle\" width=\"211\"><span style=\"color: #000000;font-family: arial, helvetica, sans-serif;font-size: 10pt\">Daniel Nedel<\/span><\/td>\n<td style=\"height: 48px\" width=\"311\"><span style=\"color: #000000;font-family: arial, helvetica, sans-serif;font-size: 10pt\">XIV Semana Acad\u00eamica do Curso de Licenciatura em F\u00edsica<\/span><\/td>\n<td style=\"text-align: center;height: 48px;vertical-align: middle\" width=\"89\"><span style=\"color: #000000;font-family: arial, helvetica, sans-serif;font-size: 10pt\">02h<\/span><\/td>\n<td style=\"height: 48px;text-align: center;vertical-align: middle\" width=\"142\"><span style=\"color: #000000;font-family: arial, helvetica, sans-serif;font-size: 10pt\">Ministrante<\/span><\/td>\n<\/tr>\n<tr style=\"height: 24px\">\n<td style=\"height: 24px;vertical-align: middle\" width=\"211\"><span style=\"color: #000000;font-family: arial, helvetica, sans-serif;font-size: 10pt\">Daniel Souza Cardoso<\/span><\/td>\n<td style=\"height: 24px\" width=\"311\"><span style=\"color: #000000;font-family: arial, helvetica, sans-serif;font-size: 10pt\">Disciplina de F\u00edsica<\/span><\/td>\n<td style=\"text-align: center;height: 24px;vertical-align: middle\" width=\"89\"><span style=\"color: #000000;font-family: arial, helvetica, sans-serif;font-size: 10pt\">348h<\/span><\/td>\n<td style=\"height: 24px;text-align: center;vertical-align: middle\" width=\"142\"><span style=\"color: #000000;font-family: arial, helvetica, sans-serif;font-size: 10pt\">Monitor<\/span><\/td>\n<\/tr>\n<tr style=\"height: 48px\">\n<td style=\"height: 48px;vertical-align: middle\" width=\"211\"><span style=\"color: #000000;font-family: arial, helvetica, sans-serif;font-size: 10pt\">Daniel Souza Cardoso<\/span><\/td>\n<td style=\"height: 48px\" width=\"311\"><span style=\"color: #000000;font-family: arial, helvetica, sans-serif;font-size: 10pt\">Projeto de Extens\u00e3o &#8220;Mini-curso de F\u00edsica aplicada \u00e0 Meteorologia&#8221;<\/span><\/td>\n<td style=\"text-align: center;height: 48px;vertical-align: middle\" width=\"89\"><span style=\"color: #000000;font-family: arial, helvetica, sans-serif;font-size: 10pt\">10h<\/span><\/td>\n<td style=\"height: 48px;text-align: center;vertical-align: middle\" width=\"142\"><span style=\"color: #000000;font-family: arial, helvetica, sans-serif;font-size: 10pt\">Ouvinte<\/span><\/td>\n<\/tr>\n<tr style=\"height: 48px\">\n<td style=\"height: 48px;vertical-align: middle\" width=\"211\"><span style=\"color: #000000;font-family: arial, helvetica, sans-serif;font-size: 10pt\">Daniele Beutinger<\/span><\/td>\n<td style=\"height: 48px\" width=\"311\"><span style=\"color: #000000;font-family: arial, helvetica, sans-serif;font-size: 10pt\">Projeto de Ensino &#8220;Mini-curso Introdut\u00f3rio \u00e0 F\u00edsica de Nano-Estruturas e Nanotecnologia&#8221;<\/span><\/td>\n<td style=\"text-align: center;height: 48px;vertical-align: middle\" width=\"89\"><span style=\"color: #000000;font-family: arial, helvetica, sans-serif;font-size: 10pt\">10h<\/span><\/td>\n<td style=\"height: 48px;text-align: center;vertical-align: middle\" width=\"142\"><span style=\"color: #000000;font-family: arial, helvetica, sans-serif;font-size: 10pt\">Participante<\/span><\/td>\n<\/tr>\n<tr style=\"height: 48px\">\n<td style=\"height: 48px;vertical-align: middle\" width=\"211\"><span style=\"color: #000000;font-family: arial, helvetica, sans-serif;font-size: 10pt\">Dante Barone<\/span><\/td>\n<td style=\"height: 48px\" width=\"311\"><span style=\"color: #000000;font-family: arial, helvetica, sans-serif;font-size: 10pt\">Semana Acad\u00eamica do Curso de Licenciatura Plena em F\u00edsica 1999<\/span><\/td>\n<td style=\"text-align: center;height: 48px;vertical-align: middle\" width=\"89\"><span style=\"color: #000000;font-family: arial, helvetica, sans-serif;font-size: 10pt\">02h<\/span><\/td>\n<td style=\"height: 48px;text-align: center;vertical-align: middle\" width=\"142\"><span style=\"color: #000000;font-family: arial, helvetica, sans-serif;font-size: 10pt\">Palestrante<\/span><\/td>\n<\/tr>\n<tr style=\"height: 72px\">\n<td style=\"height: 72px;vertical-align: middle\" width=\"211\"><span style=\"color: #000000;font-family: arial, helvetica, sans-serif;font-size: 10pt\">David Sander<\/span><\/td>\n<td style=\"height: 72px\" width=\"311\"><span style=\"color: #000000;font-family: arial, helvetica, sans-serif;font-size: 10pt\">X Semana Acad\u00eamica da F\u00edsica<\/span><\/td>\n<td style=\"text-align: center;height: 72px;vertical-align: middle\" width=\"89\"><span style=\"color: #000000;font-family: arial, helvetica, sans-serif;font-size: 10pt\">60h<\/span><\/td>\n<td style=\"height: 72px;text-align: center;vertical-align: middle\" width=\"142\"><span style=\"color: #000000;font-family: arial, helvetica, sans-serif;font-size: 10pt\">Membro da Comiss\u00e3o Organizadora e Participante<\/span><\/td>\n<\/tr>\n<tr style=\"height: 24px\">\n<td style=\"height: 24px;vertical-align: middle\" width=\"211\"><span style=\"color: #000000;font-family: arial, helvetica, sans-serif;font-size: 10pt\">D\u00e9bora Nunes Schmalfuss<\/span><\/td>\n<td style=\"height: 24px\" width=\"311\"><span style=\"color: #000000;font-family: arial, helvetica, sans-serif;font-size: 10pt\">Programa de Bolsas de Gradua\u00e7\u00e3o<\/span><\/td>\n<td style=\"text-align: center;height: 24px;vertical-align: middle\" width=\"89\"><span style=\"color: #000000;font-family: arial, helvetica, sans-serif;font-size: 10pt\">336h<\/span><\/td>\n<td style=\"height: 24px;text-align: center;vertical-align: middle\" width=\"142\"><span style=\"color: #000000;font-family: arial, helvetica, sans-serif;font-size: 10pt\">Bolsista<\/span><\/td>\n<\/tr>\n<tr style=\"height: 48px\">\n<td style=\"height: 48px;vertical-align: middle\" width=\"211\"><span style=\"color: #000000;font-family: arial, helvetica, sans-serif;font-size: 10pt\">D\u00e9bora Rodrigues<\/span><\/td>\n<td style=\"height: 48px\" width=\"311\"><span style=\"color: #000000;font-family: arial, helvetica, sans-serif;font-size: 10pt\">7\u00aa Semana Acad\u00eamica do Curso de Licenciatura em F\u00edsica<\/span><\/td>\n<td style=\"text-align: center;height: 48px;vertical-align: middle\" width=\"89\"><span style=\"color: #000000;font-family: arial, helvetica, sans-serif;font-size: 10pt\">40h<\/span><\/td>\n<td style=\"height: 48px;text-align: center;vertical-align: middle\" width=\"142\"><span style=\"color: #000000;font-family: arial, helvetica, sans-serif;font-size: 10pt\">Participante<\/span><\/td>\n<\/tr>\n<tr style=\"height: 48px\">\n<td style=\"height: 48px;vertical-align: middle\" width=\"211\"><span style=\"color: #000000;font-family: arial, helvetica, sans-serif;font-size: 10pt\">Deise Iracema Madruga Neto<\/span><\/td>\n<td style=\"height: 48px\" width=\"311\"><span style=\"color: #000000;font-family: arial, helvetica, sans-serif;font-size: 10pt\">7\u00aa Semana Acad\u00eamica do Curso de Licenciatura em F\u00edsica<\/span><\/td>\n<td style=\"text-align: center;height: 48px;vertical-align: middle\" width=\"89\"><span style=\"color: #000000;font-family: arial, helvetica, sans-serif;font-size: 10pt\">40h<\/span><\/td>\n<td style=\"height: 48px;text-align: center;vertical-align: middle\" width=\"142\"><span style=\"color: #000000;font-family: arial, helvetica, sans-serif;font-size: 10pt\">Participante<\/span><\/td>\n<\/tr>\n<tr style=\"height: 48px\">\n<td style=\"height: 48px;vertical-align: middle\" width=\"211\"><span style=\"color: #000000;font-family: arial, helvetica, sans-serif;font-size: 10pt\">Deise Iracema Madruga Neto<\/span><\/td>\n<td style=\"height: 48px\" width=\"311\"><span style=\"color: #000000;font-family: arial, helvetica, sans-serif;font-size: 10pt\">Projeto de Extens\u00e3o &#8220;F\u00edsica para o Segundo Grau: Apoio Alunos das Escolas P\u00fablicas&#8221;<\/span><\/td>\n<td style=\"text-align: center;height: 48px;vertical-align: middle\" width=\"89\"><span style=\"color: #000000;font-family: arial, helvetica, sans-serif;font-size: 10pt\">136h<\/span><\/td>\n<td style=\"height: 48px;text-align: center;vertical-align: middle\" width=\"142\"><span style=\"color: #000000;font-family: arial, helvetica, sans-serif;font-size: 10pt\">Ministrante<\/span><\/td>\n<\/tr>\n<tr style=\"height: 24px\">\n<td style=\"height: 24px;vertical-align: middle\" width=\"211\"><span style=\"color: #000000;font-family: arial, helvetica, sans-serif;font-size: 10pt\">Denise Dobke<\/span><\/td>\n<td style=\"height: 24px\" width=\"311\"><span style=\"color: #000000;font-family: arial, helvetica, sans-serif;font-size: 10pt\">IX Semana Acad\u00eamica da F\u00edsica<\/span><\/td>\n<td style=\"text-align: center;height: 24px;vertical-align: middle\" width=\"89\"><span style=\"color: #000000;font-family: arial, helvetica, sans-serif;font-size: 10pt\">40h<\/span><\/td>\n<td style=\"height: 24px;text-align: center;vertical-align: middle\" width=\"142\"><span style=\"color: #000000;font-family: arial, helvetica, sans-serif;font-size: 10pt\">Participante<\/span><\/td>\n<\/tr>\n<tr style=\"height: 24px\">\n<td style=\"height: 24px;vertical-align: middle\" width=\"211\"><span style=\"color: #000000;font-family: arial, helvetica, sans-serif;font-size: 10pt\">Diego Martins de Oliveira<\/span><\/td>\n<td style=\"height: 24px\" width=\"311\"><span style=\"color: #000000;font-family: arial, helvetica, sans-serif;font-size: 10pt\">X Semana Acad\u00eamica da F\u00edsica<\/span><\/td>\n<td style=\"text-align: center;height: 24px;vertical-align: middle\" width=\"89\"><span style=\"color: #000000;font-family: arial, helvetica, sans-serif;font-size: 10pt\">40h<\/span><\/td>\n<td style=\"height: 24px;text-align: center;vertical-align: middle\" width=\"142\"><span style=\"color: #000000;font-family: arial, helvetica, sans-serif;font-size: 10pt\">Participante<\/span><\/td>\n<\/tr>\n<tr style=\"height: 48px\">\n<td style=\"height: 48px;vertical-align: middle\" width=\"211\"><span style=\"color: #000000;font-family: arial, helvetica, sans-serif;font-size: 10pt\">Diego Rossi Gratieri<\/span><\/td>\n<td style=\"height: 48px\" width=\"311\"><span style=\"color: #000000;font-family: arial, helvetica, sans-serif;font-size: 10pt\">7\u00aa Semana Acad\u00eamica do Curso de Licenciatura em F\u00edsica<\/span><\/td>\n<td style=\"text-align: center;height: 48px;vertical-align: middle\" width=\"89\"><span style=\"color: #000000;font-family: arial, helvetica, sans-serif;font-size: 10pt\">40h<\/span><\/td>\n<td style=\"height: 48px;text-align: center;vertical-align: middle\" width=\"142\"><span style=\"color: #000000;font-family: arial, helvetica, sans-serif;font-size: 10pt\">Participante<\/span><\/td>\n<\/tr>\n<tr style=\"height: 48px\">\n<td style=\"height: 48px;vertical-align: middle\" width=\"211\"><span style=\"color: #000000;font-family: arial, helvetica, sans-serif;font-size: 10pt\">Diego Severo Vieira<\/span><\/td>\n<td style=\"height: 48px\" width=\"311\"><span style=\"color: #000000;font-family: arial, helvetica, sans-serif;font-size: 10pt\">XVII Semana Acad\u00eamica do Curso de Licenciatura em F\u00edsica<\/span><\/td>\n<td style=\"text-align: center;height: 48px;vertical-align: middle\" width=\"89\"><span style=\"color: #000000;font-family: arial, helvetica, sans-serif;font-size: 10pt\">40h<\/span><\/td>\n<td style=\"height: 48px;text-align: center;vertical-align: middle\" width=\"142\"><span style=\"color: #000000;font-family: arial, helvetica, sans-serif;font-size: 10pt\">Ouvinte<\/span><\/td>\n<\/tr>\n<tr style=\"height: 48px\">\n<td style=\"height: 48px;vertical-align: middle\" width=\"211\"><span style=\"color: #000000;font-family: arial, helvetica, sans-serif;font-size: 10pt\">Diogo Monteiro Maria<\/span><\/td>\n<td style=\"height: 48px\" width=\"311\"><span style=\"color: #000000;font-family: arial, helvetica, sans-serif;font-size: 10pt\">Projeto de Ensino &#8220;T\u00d3PICOS DE F\u00cdSICA CONTEMPOR\u00c2NEA&#8221;<\/span><\/td>\n<td style=\"text-align: center;height: 48px;vertical-align: middle\" width=\"89\"><span style=\"color: #000000;font-family: arial, helvetica, sans-serif;font-size: 10pt\">05h<\/span><\/td>\n<td style=\"height: 48px;text-align: center;vertical-align: middle\" width=\"142\"><span style=\"color: #000000;font-family: arial, helvetica, sans-serif;font-size: 10pt\">Participante<\/span><\/td>\n<\/tr>\n<tr style=\"height: 24px\">\n<td style=\"height: 24px;vertical-align: middle\" width=\"211\"><span style=\"color: #000000;font-family: arial, helvetica, sans-serif;font-size: 10pt\">Diovana de Mello Lalis<\/span><\/td>\n<td style=\"height: 24px\" width=\"311\"><span style=\"color: #000000;font-family: arial, helvetica, sans-serif;font-size: 10pt\">X Semana Acad\u00eamica da F\u00edsica<\/span><\/td>\n<td style=\"text-align: center;height: 24px;vertical-align: middle\" width=\"89\"><span style=\"color: #000000;font-family: arial, helvetica, sans-serif;font-size: 10pt\">40h<\/span><\/td>\n<td style=\"height: 24px;text-align: center;vertical-align: middle\" width=\"142\"><span style=\"color: #000000;font-family: arial, helvetica, sans-serif;font-size: 10pt\">Participante<\/span><\/td>\n<\/tr>\n<tr style=\"height: 24px\">\n<td style=\"height: 24px;vertical-align: middle\" width=\"211\"><span style=\"color: #000000;font-family: arial, helvetica, sans-serif;font-size: 10pt\">Diun\u00edzio Mezzomo<\/span><\/td>\n<td style=\"height: 24px\" width=\"311\"><span style=\"color: #000000;font-family: arial, helvetica, sans-serif;font-size: 10pt\">V semin\u00e1rio de Ensino de F\u00edsica<\/span><\/td>\n<td style=\"text-align: center;height: 24px;vertical-align: middle\" width=\"89\"><span style=\"color: #000000;font-family: arial, helvetica, sans-serif;font-size: 10pt\">16h<\/span><\/td>\n<td style=\"height: 24px;text-align: center;vertical-align: middle\" width=\"142\"><span style=\"color: #000000;font-family: arial, helvetica, sans-serif;font-size: 10pt\">Participante<\/span><\/td>\n<\/tr>\n<tr style=\"height: 48px\">\n<td style=\"height: 48px;vertical-align: middle\" width=\"211\"><span style=\"color: #000000;font-family: arial, helvetica, sans-serif;font-size: 10pt\">Douglas Gomes Rangel<\/span><\/td>\n<td style=\"height: 48px\" width=\"311\"><span style=\"color: #000000;font-family: arial, helvetica, sans-serif;font-size: 10pt\">Curso &#8220;F\u00edsica no Ensino M\u00e9dio: (re)construindo conceitos&#8221;<\/span><\/td>\n<td style=\"text-align: center;height: 48px;vertical-align: middle\" width=\"89\"><span style=\"color: #000000;font-family: arial, helvetica, sans-serif;font-size: 10pt\">34h<\/span><\/td>\n<td style=\"height: 48px;text-align: center;vertical-align: middle\" width=\"142\"><span style=\"color: #000000;font-family: arial, helvetica, sans-serif;font-size: 10pt\">Participante<\/span><\/td>\n<\/tr>\n<tr style=\"height: 48px\">\n<td style=\"height: 48px;vertical-align: middle\" width=\"211\"><span style=\"color: #000000;font-family: arial, helvetica, sans-serif;font-size: 10pt\">Edmilson dos Santos Pereira<\/span><\/td>\n<td style=\"height: 48px\" width=\"311\"><span style=\"color: #000000;font-family: arial, helvetica, sans-serif;font-size: 10pt\">Projeto de Extens\u00e3o &#8220;(Re) Construindo Concep\u00e7\u00f5es de F\u00edsica&#8221;<\/span><\/td>\n<td style=\"text-align: center;height: 48px;vertical-align: middle\" width=\"89\"><span style=\"color: #000000;font-family: arial, helvetica, sans-serif;font-size: 10pt\">52h<\/span><\/td>\n<td style=\"height: 48px;text-align: center;vertical-align: middle\" width=\"142\"><span style=\"color: #000000;font-family: arial, helvetica, sans-serif;font-size: 10pt\">Ministrante<\/span><\/td>\n<\/tr>\n<tr style=\"height: 48px\">\n<td style=\"height: 48px;vertical-align: middle\" width=\"211\"><span style=\"color: #000000;font-family: arial, helvetica, sans-serif;font-size: 10pt\">Eduardo Sara\u00e7ol Vieira<\/span><\/td>\n<td style=\"height: 48px\" width=\"311\"><span style=\"color: #000000;font-family: arial, helvetica, sans-serif;font-size: 10pt\">Projeto de Ensino &#8220;T\u00d3PICOS DE F\u00cdSICA CONTEMPOR\u00c2NEA&#8221;<\/span><\/td>\n<td style=\"text-align: center;height: 48px;vertical-align: middle\" width=\"89\"><span style=\"color: #000000;font-family: arial, helvetica, sans-serif;font-size: 10pt\">05h<\/span><\/td>\n<td style=\"height: 48px;text-align: center;vertical-align: middle\" width=\"142\"><span style=\"color: #000000;font-family: arial, helvetica, sans-serif;font-size: 10pt\">Participante<\/span><\/td>\n<\/tr>\n<tr style=\"height: 72px\">\n<td style=\"height: 72px;vertical-align: middle\" width=\"211\"><span style=\"color: #000000;font-family: arial, helvetica, sans-serif;font-size: 10pt\">Eduardo Sara\u00e7ol Vieira<\/span><\/td>\n<td style=\"height: 72px\" width=\"311\"><span style=\"color: #000000;font-family: arial, helvetica, sans-serif;font-size: 10pt\">XV Semana Acad\u00eamica do Curso de Licenciatura em F\u00edsica<\/span><\/td>\n<td style=\"text-align: center;height: 72px;vertical-align: middle\" width=\"89\"><span style=\"color: #000000;font-family: arial, helvetica, sans-serif;font-size: 10pt\">50h<\/span><\/td>\n<td style=\"height: 72px;text-align: center;vertical-align: middle\" width=\"142\"><span style=\"color: #000000;font-family: arial, helvetica, sans-serif;font-size: 10pt\">Membro da Comiss\u00e3o Organizadora e Participante<\/span><\/td>\n<\/tr>\n<tr style=\"height: 72px\">\n<td style=\"height: 72px;vertical-align: middle\" width=\"211\"><span style=\"color: #000000;font-family: arial, helvetica, sans-serif;font-size: 10pt\">Elder da Silveira Latosinski<\/span><\/td>\n<td style=\"height: 72px\" width=\"311\"><span style=\"color: #000000;font-family: arial, helvetica, sans-serif;font-size: 10pt\">IX Semana Acad\u00eamica da F\u00edsica<\/span><\/td>\n<td style=\"text-align: center;height: 72px;vertical-align: middle\" width=\"89\"><span style=\"color: #000000;font-family: arial, helvetica, sans-serif;font-size: 10pt\">60h<\/span><\/td>\n<td style=\"height: 72px;text-align: center;vertical-align: middle\" width=\"142\"><span style=\"color: #000000;font-family: arial, helvetica, sans-serif;font-size: 10pt\">Membro da Comiss\u00e3o Organizadora e Participante<\/span><\/td>\n<\/tr>\n<tr style=\"height: 24px\">\n<td style=\"height: 24px;vertical-align: middle\" width=\"211\"><span style=\"color: #000000;font-family: arial, helvetica, sans-serif;font-size: 10pt\">Elder da Silveira Latosinski<\/span><\/td>\n<td style=\"height: 24px\" width=\"311\"><span style=\"color: #000000;font-family: arial, helvetica, sans-serif;font-size: 10pt\">Projeto de Ensino &#8220;CICLO DE DEBATES&#8221;<\/span><\/td>\n<td style=\"text-align: center;height: 24px;vertical-align: middle\" width=\"89\"><span style=\"color: #000000;font-family: arial, helvetica, sans-serif;font-size: 10pt\">04h<\/span><\/td>\n<td style=\"height: 24px;text-align: center;vertical-align: middle\" width=\"142\"><span style=\"color: #000000;font-family: arial, helvetica, sans-serif;font-size: 10pt\">Ministrante<\/span><\/td>\n<\/tr>\n<tr style=\"height: 48px\">\n<td style=\"height: 48px;vertical-align: middle\" width=\"211\"><span style=\"color: #000000;font-family: arial, helvetica, sans-serif;font-size: 10pt\">Elder da Silveira Latosinski<\/span><\/td>\n<td style=\"height: 48px\" width=\"311\"><span style=\"color: #000000;font-family: arial, helvetica, sans-serif;font-size: 10pt\">Projeto de Extens\u00e3o &#8220;(Re) Construindo Concep\u00e7\u00f5es de F\u00edsica&#8221;<\/span><\/td>\n<td style=\"text-align: center;height: 48px;vertical-align: middle\" width=\"89\"><span style=\"color: #000000;font-family: arial, helvetica, sans-serif;font-size: 10pt\">52h<\/span><\/td>\n<td style=\"height: 48px;text-align: center;vertical-align: middle\" width=\"142\"><span style=\"color: #000000;font-family: arial, helvetica, sans-serif;font-size: 10pt\">Ministrante<\/span><\/td>\n<\/tr>\n<tr style=\"height: 48px\">\n<td style=\"height: 48px;vertical-align: middle\" width=\"211\"><span style=\"color: #000000;font-family: arial, helvetica, sans-serif;font-size: 10pt\">Elder da Silveira Latosinski<\/span><\/td>\n<td style=\"height: 48px\" width=\"311\"><span style=\"color: #000000;font-family: arial, helvetica, sans-serif;font-size: 10pt\">Projeto de Extens\u00e3o &#8220;F\u00edsica para o Segundo Grau: Apoio Alunos das Escolas P\u00fablicas&#8221;<\/span><\/td>\n<td style=\"text-align: center;height: 48px;vertical-align: middle\" width=\"89\"><span style=\"color: #000000;font-family: arial, helvetica, sans-serif;font-size: 10pt\">136h<\/span><\/td>\n<td style=\"height: 48px;text-align: center;vertical-align: middle\" width=\"142\"><span style=\"color: #000000;font-family: arial, helvetica, sans-serif;font-size: 10pt\">Ministrante<\/span><\/td>\n<\/tr>\n<tr style=\"height: 48px\">\n<td style=\"height: 48px;vertical-align: middle\" width=\"211\"><span style=\"color: #000000;font-family: arial, helvetica, sans-serif;font-size: 10pt\">Elder da Silveira Latosinski<\/span><\/td>\n<td style=\"height: 48px\" width=\"311\"><span style=\"color: #000000;font-family: arial, helvetica, sans-serif;font-size: 10pt\">XIV Semana Acad\u00eamica do Curso de Licenciatura em F\u00edsica<\/span><\/td>\n<td style=\"text-align: center;height: 48px;vertical-align: middle\" width=\"89\"><span style=\"color: #000000;font-family: arial, helvetica, sans-serif;font-size: 10pt\">44h<\/span><\/td>\n<td style=\"height: 48px;text-align: center;vertical-align: middle\" width=\"142\"><span style=\"color: #000000;font-family: arial, helvetica, sans-serif;font-size: 10pt\">Ministrante e Participante<\/span><\/td>\n<\/tr>\n<tr style=\"height: 24px\">\n<td style=\"height: 24px;vertical-align: middle\" width=\"211\"><span style=\"color: #000000;font-family: arial, helvetica, sans-serif;font-size: 10pt\">Eliane B. Moraes Simas<\/span><\/td>\n<td style=\"height: 24px\" width=\"311\"><span style=\"color: #000000;font-family: arial, helvetica, sans-serif;font-size: 10pt\">II Semin\u00e1rio de Ensino de F\u00edsica<\/span><\/td>\n<td style=\"text-align: center;height: 24px;vertical-align: middle\" width=\"89\"><span style=\"color: #000000;font-family: arial, helvetica, sans-serif;font-size: 10pt\">24h<\/span><\/td>\n<td style=\"height: 24px;text-align: center;vertical-align: middle\" width=\"142\"><span style=\"color: #000000;font-family: arial, helvetica, sans-serif;font-size: 10pt\">Ministrante<\/span><\/td>\n<\/tr>\n<tr style=\"height: 24px\">\n<td style=\"height: 24px;vertical-align: middle\" width=\"211\"><span style=\"color: #000000;font-family: arial, helvetica, sans-serif;font-size: 10pt\">Eliane Cappelletto<\/span><\/td>\n<td style=\"height: 24px\" width=\"311\"><span style=\"color: #000000;font-family: arial, helvetica, sans-serif;font-size: 10pt\">IX Semana Acad\u00eamica da F\u00edsica<\/span><\/td>\n<td style=\"text-align: center;height: 24px;vertical-align: middle\" width=\"89\"><span style=\"color: #000000;font-family: arial, helvetica, sans-serif;font-size: 10pt\">02h<\/span><\/td>\n<td style=\"height: 24px;text-align: center;vertical-align: middle\" width=\"142\"><span style=\"color: #000000;font-family: arial, helvetica, sans-serif;font-size: 10pt\">Ministrante<\/span><\/td>\n<\/tr>\n<tr style=\"height: 24px\">\n<td style=\"height: 24px;vertical-align: middle\" width=\"211\"><span style=\"color: #000000;font-family: arial, helvetica, sans-serif;font-size: 10pt\">Eliane Schwartz Lamas<\/span><\/td>\n<td style=\"height: 24px\" width=\"311\"><span style=\"color: #000000;font-family: arial, helvetica, sans-serif;font-size: 10pt\">XI Semana Acad\u00eamica da F\u00edsica<\/span><\/td>\n<td style=\"text-align: center;height: 24px;vertical-align: middle\" width=\"89\"><span style=\"color: #000000;font-family: arial, helvetica, sans-serif;font-size: 10pt\">32h<\/span><\/td>\n<td style=\"height: 24px;text-align: center;vertical-align: middle\" width=\"142\"><span style=\"color: #000000;font-family: arial, helvetica, sans-serif;font-size: 10pt\">Participante<\/span><\/td>\n<\/tr>\n<tr style=\"height: 24px\">\n<td style=\"height: 24px;vertical-align: middle\" width=\"211\"><span style=\"color: #000000;font-family: arial, helvetica, sans-serif;font-size: 10pt\">Eli\u00e1ra Santos da Silva<\/span><\/td>\n<td style=\"height: 24px\" width=\"311\"><span style=\"color: #000000;font-family: arial, helvetica, sans-serif;font-size: 10pt\">IX Semana Acad\u00eamica da F\u00edsica<\/span><\/td>\n<td style=\"text-align: center;height: 24px;vertical-align: middle\" width=\"89\"><span style=\"color: #000000;font-family: arial, helvetica, sans-serif;font-size: 10pt\">40h<\/span><\/td>\n<td style=\"height: 24px;text-align: center;vertical-align: middle\" width=\"142\"><span style=\"color: #000000;font-family: arial, helvetica, sans-serif;font-size: 10pt\">Participante<\/span><\/td>\n<\/tr>\n<tr style=\"height: 48px\">\n<td style=\"height: 48px;vertical-align: middle\" width=\"211\"><span style=\"color: #000000;font-family: arial, helvetica, sans-serif;font-size: 10pt\">Eli\u00e1ra Santos da Silva<\/span><\/td>\n<td style=\"height: 48px\" width=\"311\"><span style=\"color: #000000;font-family: arial, helvetica, sans-serif;font-size: 10pt\">Projeto de Extens\u00e3o &#8220;(Re) Construindo Concep\u00e7\u00f5es de F\u00edsica&#8221;<\/span><\/td>\n<td style=\"text-align: center;height: 48px;vertical-align: middle\" width=\"89\"><span style=\"color: #000000;font-family: arial, helvetica, sans-serif;font-size: 10pt\">52h<\/span><\/td>\n<td style=\"height: 48px;text-align: center;vertical-align: middle\" width=\"142\"><span style=\"color: #000000;font-family: arial, helvetica, sans-serif;font-size: 10pt\">Ministrante<\/span><\/td>\n<\/tr>\n<tr style=\"height: 48px\">\n<td style=\"height: 48px;vertical-align: middle\" width=\"211\"><span style=\"color: #000000;font-family: arial, helvetica, sans-serif;font-size: 10pt\">Eli\u00e1ra Santos da Silva<\/span><\/td>\n<td style=\"height: 48px\" width=\"311\"><span style=\"color: #000000;font-family: arial, helvetica, sans-serif;font-size: 10pt\">Projeto de Extens\u00e3o &#8220;F\u00edsica para o Segundo Grau: Apoio Alunos das Escolas P\u00fablicas&#8221;<\/span><\/td>\n<td style=\"text-align: center;height: 48px;vertical-align: middle\" width=\"89\"><span style=\"color: #000000;font-family: arial, helvetica, sans-serif;font-size: 10pt\">136h<\/span><\/td>\n<td style=\"height: 48px;text-align: center;vertical-align: middle\" width=\"142\"><span style=\"color: #000000;font-family: arial, helvetica, sans-serif;font-size: 10pt\">Ministrante<\/span><\/td>\n<\/tr>\n<tr style=\"height: 48px\">\n<td style=\"height: 48px;vertical-align: middle\" width=\"211\"><span style=\"color: #000000;font-family: arial, helvetica, sans-serif;font-size: 10pt\">Elisa de \u00c1vila Honnicke<\/span><\/td>\n<td style=\"height: 48px\" width=\"311\"><span style=\"color: #000000;font-family: arial, helvetica, sans-serif;font-size: 10pt\">7\u00aa Semana Acad\u00eamica do Curso de Licenciatura em F\u00edsica<\/span><\/td>\n<td style=\"text-align: center;height: 48px;vertical-align: middle\" width=\"89\"><span style=\"color: #000000;font-family: arial, helvetica, sans-serif;font-size: 10pt\">40h<\/span><\/td>\n<td style=\"height: 48px;text-align: center;vertical-align: middle\" width=\"142\"><span style=\"color: #000000;font-family: arial, helvetica, sans-serif;font-size: 10pt\">Participante<\/span><\/td>\n<\/tr>\n<tr style=\"height: 24px\">\n<td style=\"height: 24px;vertical-align: middle\" width=\"211\"><span style=\"color: #000000;font-family: arial, helvetica, sans-serif;font-size: 10pt\">Elisabete Weiderpass<\/span><\/td>\n<td style=\"height: 24px\" width=\"311\"><span style=\"color: #000000;font-family: arial, helvetica, sans-serif;font-size: 10pt\">Curso &#8220;Aplica\u00e7\u00f5es da Microinform\u00e1tica&#8221;<\/span><\/td>\n<td style=\"text-align: center;height: 24px;vertical-align: middle\" width=\"89\"><span style=\"color: #000000;font-family: arial, helvetica, sans-serif;font-size: 10pt\">40h<\/span><\/td>\n<td style=\"height: 24px;text-align: center;vertical-align: middle\" width=\"142\"><span style=\"color: #000000;font-family: arial, helvetica, sans-serif;font-size: 10pt\">Participante<\/span><\/td>\n<\/tr>\n<tr style=\"height: 48px\">\n<td style=\"height: 48px;vertical-align: middle\" width=\"211\"><span style=\"color: #000000;font-family: arial, helvetica, sans-serif;font-size: 10pt\">Eliton Lima de Figueiredo<\/span><\/td>\n<td style=\"height: 48px\" width=\"311\"><span style=\"color: #000000;font-family: arial, helvetica, sans-serif;font-size: 10pt\">7\u00aa Semana Acad\u00eamica do Curso de Licenciatura em F\u00edsica<\/span><\/td>\n<td style=\"text-align: center;height: 48px;vertical-align: middle\" width=\"89\"><span style=\"color: #000000;font-family: arial, helvetica, sans-serif;font-size: 10pt\">40h<\/span><\/td>\n<td style=\"height: 48px;text-align: center;vertical-align: middle\" width=\"142\"><span style=\"color: #000000;font-family: arial, helvetica, sans-serif;font-size: 10pt\">Participante<\/span><\/td>\n<\/tr>\n<tr style=\"height: 48px\">\n<td style=\"height: 48px;vertical-align: middle\" width=\"211\"><span style=\"color: #000000;font-family: arial, helvetica, sans-serif;font-size: 10pt\">Elizandra Bengu\u00e1<\/span><\/td>\n<td style=\"height: 48px\" width=\"311\"><span style=\"color: #000000;font-family: arial, helvetica, sans-serif;font-size: 10pt\">7\u00aa Semana Acad\u00eamica do Curso de Licenciatura em F\u00edsica<\/span><\/td>\n<td style=\"text-align: center;height: 48px;vertical-align: middle\" width=\"89\"><span style=\"color: #000000;font-family: arial, helvetica, sans-serif;font-size: 10pt\">40h<\/span><\/td>\n<td style=\"height: 48px;text-align: center;vertical-align: middle\" width=\"142\"><span style=\"color: #000000;font-family: arial, helvetica, sans-serif;font-size: 10pt\">Participante<\/span><\/td>\n<\/tr>\n<tr style=\"height: 48px\">\n<td style=\"height: 48px;vertical-align: middle\" width=\"211\"><span style=\"color: #000000;font-family: arial, helvetica, sans-serif;font-size: 10pt\">Elizandra dos Santos Pagani<\/span><\/td>\n<td style=\"height: 48px\" width=\"311\"><span style=\"color: #000000;font-family: arial, helvetica, sans-serif;font-size: 10pt\">XV Semana Acad\u00eamica do Curso de Licenciatura em F\u00edsica<\/span><\/td>\n<td style=\"text-align: center;height: 48px;vertical-align: middle\" width=\"89\"><span style=\"color: #000000;font-family: arial, helvetica, sans-serif;font-size: 10pt\">40h<\/span><\/td>\n<td style=\"height: 48px;text-align: center;vertical-align: middle\" width=\"142\"><span style=\"color: #000000;font-family: arial, helvetica, sans-serif;font-size: 10pt\">Participante<\/span><\/td>\n<\/tr>\n<tr style=\"height: 24px\">\n<td style=\"height: 24px;vertical-align: middle\" width=\"211\"><span style=\"color: #000000;font-family: arial, helvetica, sans-serif;font-size: 10pt\">Elo\u00edsa Beatriz Feij\u00f3<\/span><\/td>\n<td style=\"height: 24px\" width=\"311\"><span style=\"color: #000000;font-family: arial, helvetica, sans-serif;font-size: 10pt\">V semin\u00e1rio de Ensino de F\u00edsica<\/span><\/td>\n<td style=\"text-align: center;height: 24px;vertical-align: middle\" width=\"89\"><span style=\"color: #000000;font-family: arial, helvetica, sans-serif;font-size: 10pt\">16h<\/span><\/td>\n<td style=\"height: 24px;text-align: center;vertical-align: middle\" width=\"142\"><span style=\"color: #000000;font-family: arial, helvetica, sans-serif;font-size: 10pt\">Participante<\/span><\/td>\n<\/tr>\n<tr style=\"height: 48px\">\n<td style=\"height: 48px;vertical-align: middle\" width=\"211\"><span style=\"color: #000000;font-family: arial, helvetica, sans-serif;font-size: 10pt\">Elton Ricardo Pereira Dobke<\/span><\/td>\n<td style=\"height: 48px\" width=\"311\"><span style=\"color: #000000;font-family: arial, helvetica, sans-serif;font-size: 10pt\">Semana Acad\u00eamica do Curso de Licenciatura Plena em F\u00edsica 1998<\/span><\/td>\n<td style=\"text-align: center;height: 48px;vertical-align: middle\" width=\"89\"><span style=\"color: #000000;font-family: arial, helvetica, sans-serif;font-size: 10pt\">40h<\/span><\/td>\n<td style=\"height: 48px;text-align: center;vertical-align: middle\" width=\"142\"><span style=\"color: #000000;font-family: arial, helvetica, sans-serif;font-size: 10pt\">Participante<\/span><\/td>\n<\/tr>\n<tr style=\"height: 48px\">\n<td style=\"height: 48px;vertical-align: middle\" width=\"211\"><span style=\"color: #000000;font-family: arial, helvetica, sans-serif;font-size: 10pt\">Emerson Ferreira Gomes<\/span><\/td>\n<td style=\"height: 48px\" width=\"311\"><span style=\"color: #000000;font-family: arial, helvetica, sans-serif;font-size: 10pt\">XVII Semana Acad\u00eamica do Curso de Licenciatura em F\u00edsica<\/span><\/td>\n<td style=\"text-align: center;height: 48px;vertical-align: middle\" width=\"89\"><span style=\"color: #000000;font-family: arial, helvetica, sans-serif;font-size: 10pt\">04h<\/span><\/td>\n<td style=\"height: 48px;text-align: center;vertical-align: middle\" width=\"142\"><span style=\"color: #000000;font-family: arial, helvetica, sans-serif;font-size: 10pt\">Ministrante<\/span><\/td>\n<\/tr>\n<tr style=\"height: 24px\">\n<td style=\"height: 24px;vertical-align: middle\" width=\"211\"><span style=\"color: #000000;font-family: arial, helvetica, sans-serif;font-size: 10pt\">Emerson Halfen Lopes<\/span><\/td>\n<td style=\"height: 24px\" width=\"311\"><span style=\"color: #000000;font-family: arial, helvetica, sans-serif;font-size: 10pt\">V semin\u00e1rio de Ensino de F\u00edsica<\/span><\/td>\n<td style=\"text-align: center;height: 24px;vertical-align: middle\" width=\"89\"><span style=\"color: #000000;font-family: arial, helvetica, sans-serif;font-size: 10pt\">16h<\/span><\/td>\n<td style=\"height: 24px;text-align: center;vertical-align: middle\" width=\"142\"><span style=\"color: #000000;font-family: arial, helvetica, sans-serif;font-size: 10pt\">Participante<\/span><\/td>\n<\/tr>\n<tr style=\"height: 48px\">\n<td style=\"height: 48px;vertical-align: middle\" width=\"211\"><span style=\"color: #000000;font-family: arial, helvetica, sans-serif;font-size: 10pt\">Emerson Luna<\/span><\/td>\n<td style=\"height: 48px\" width=\"311\"><span style=\"color: #000000;font-family: arial, helvetica, sans-serif;font-size: 10pt\">XVIII Semana Acad\u00eamica do Curso de Licenciatura em F\u00edsica<\/span><\/td>\n<td style=\"text-align: center;height: 48px;vertical-align: middle\" width=\"89\"><span style=\"color: #000000;font-family: arial, helvetica, sans-serif;font-size: 10pt\">03h<\/span><\/td>\n<td style=\"height: 48px;text-align: center;vertical-align: middle\" width=\"142\"><span style=\"color: #000000;font-family: arial, helvetica, sans-serif;font-size: 10pt\">Palestrante<\/span><\/td>\n<\/tr>\n<tr style=\"height: 24px\">\n<td style=\"height: 24px;vertical-align: middle\" width=\"211\"><span style=\"color: #000000;font-family: arial, helvetica, sans-serif;font-size: 10pt\">Enilton Borges de Souza<\/span><\/td>\n<td style=\"height: 24px\" width=\"311\"><span style=\"color: #000000;font-family: arial, helvetica, sans-serif;font-size: 10pt\">II Semin\u00e1rio de Ensino de F\u00edsica<\/span><\/td>\n<td style=\"text-align: center;height: 24px;vertical-align: middle\" width=\"89\"><span style=\"color: #000000;font-family: arial, helvetica, sans-serif;font-size: 10pt\">24h<\/span><\/td>\n<td style=\"height: 24px;text-align: center;vertical-align: middle\" width=\"142\"><span style=\"color: #000000;font-family: arial, helvetica, sans-serif;font-size: 10pt\">Participante<\/span><\/td>\n<\/tr>\n<tr style=\"height: 48px\">\n<td style=\"height: 48px;vertical-align: middle\" width=\"211\"><span style=\"color: #000000;font-family: arial, helvetica, sans-serif;font-size: 10pt\">Ennio Sallaberry Gon\u00e7alves<\/span><\/td>\n<td style=\"height: 48px\" width=\"311\"><span style=\"color: #000000;font-family: arial, helvetica, sans-serif;font-size: 10pt\">V semin\u00e1rio de Ensino de F\u00edsica<\/span><\/td>\n<td style=\"text-align: center;height: 48px;vertical-align: middle\" width=\"89\"><span style=\"color: #000000;font-family: arial, helvetica, sans-serif;font-size: 10pt\">16h<\/span><\/td>\n<td style=\"height: 48px;text-align: center;vertical-align: middle\" width=\"142\"><span style=\"color: #000000;font-family: arial, helvetica, sans-serif;font-size: 10pt\">Ministrante e Participante<\/span><\/td>\n<\/tr>\n<tr style=\"height: 24px\">\n<td style=\"height: 24px;vertical-align: middle\" width=\"211\"><span style=\"color: #000000;font-family: arial, helvetica, sans-serif;font-size: 10pt\">Fabiane Aparecida Ugoski Volcan<\/span><\/td>\n<td style=\"height: 24px\" width=\"311\"><span style=\"color: #000000;font-family: arial, helvetica, sans-serif;font-size: 10pt\">Disciplina de F\u00edsica<\/span><\/td>\n<td style=\"text-align: center;height: 24px;vertical-align: middle\" width=\"89\"><span style=\"color: #000000;font-family: arial, helvetica, sans-serif;font-size: 10pt\">384h<\/span><\/td>\n<td style=\"height: 24px;text-align: center;vertical-align: middle\" width=\"142\"><span style=\"color: #000000;font-family: arial, helvetica, sans-serif;font-size: 10pt\">monitor<\/span><\/td>\n<\/tr>\n<tr style=\"height: 48px\">\n<td style=\"height: 48px;vertical-align: middle\" width=\"211\"><span style=\"color: #000000;font-family: arial, helvetica, sans-serif;font-size: 10pt\">Fabiane Volcan Sastr\u00e9<\/span><\/td>\n<td style=\"height: 48px\" width=\"311\"><span style=\"color: #000000;font-family: arial, helvetica, sans-serif;font-size: 10pt\">Semana Acad\u00eamica do Curso de Licenciatura Plena em F\u00edsica 2000<\/span><\/td>\n<td style=\"text-align: center;height: 48px;vertical-align: middle\" width=\"89\"><span style=\"color: #000000;font-family: arial, helvetica, sans-serif;font-size: 10pt\">40h<\/span><\/td>\n<td style=\"height: 48px;text-align: center;vertical-align: middle\" width=\"142\"><span style=\"color: #000000;font-family: arial, helvetica, sans-serif;font-size: 10pt\">Participante<\/span><\/td>\n<\/tr>\n<tr style=\"height: 24px\">\n<td style=\"height: 24px;vertical-align: middle\" width=\"211\"><span style=\"color: #000000;font-family: arial, helvetica, sans-serif;font-size: 10pt\">Fabiano Souto da Rosa<\/span><\/td>\n<td style=\"height: 24px\" width=\"311\"><span style=\"color: #000000;font-family: arial, helvetica, sans-serif;font-size: 10pt\">IX Semana Acad\u00eamica da F\u00edsica<\/span><\/td>\n<td style=\"text-align: center;height: 24px;vertical-align: middle\" width=\"89\"><span style=\"color: #000000;font-family: arial, helvetica, sans-serif;font-size: 10pt\">02h<\/span><\/td>\n<td style=\"height: 24px;text-align: center;vertical-align: middle\" width=\"142\"><span style=\"color: #000000;font-family: arial, helvetica, sans-serif;font-size: 10pt\">Ministrante<\/span><\/td>\n<\/tr>\n<tr style=\"height: 48px\">\n<td style=\"height: 48px;vertical-align: middle\" width=\"211\"><span style=\"color: #000000;font-family: arial, helvetica, sans-serif;font-size: 10pt\">F\u00e1bio da Purifica\u00e7\u00e3o de Bastos<\/span><\/td>\n<td style=\"height: 48px\" width=\"311\"><span style=\"color: #000000;font-family: arial, helvetica, sans-serif;font-size: 10pt\">XVIII Semana Acad\u00eamica do Curso de Licenciatura em F\u00edsica<\/span><\/td>\n<td style=\"text-align: center;height: 48px;vertical-align: middle\" width=\"89\"><span style=\"color: #000000;font-family: arial, helvetica, sans-serif;font-size: 10pt\">03h<\/span><\/td>\n<td style=\"height: 48px;text-align: center;vertical-align: middle\" width=\"142\"><span style=\"color: #000000;font-family: arial, helvetica, sans-serif;font-size: 10pt\">Palestrante<\/span><\/td>\n<\/tr>\n<tr style=\"height: 48px\">\n<td style=\"height: 48px;vertical-align: middle\" width=\"211\"><span style=\"color: #000000;font-family: arial, helvetica, sans-serif;font-size: 10pt\">F\u00e1bio Dias da Silva<\/span><\/td>\n<td style=\"height: 48px\" width=\"311\"><span style=\"color: #000000;font-family: arial, helvetica, sans-serif;font-size: 10pt\">Projeto de Extens\u00e3o &#8220;Oficinas de F\u00edsica&#8221;<\/span><\/td>\n<td style=\"text-align: center;height: 48px;vertical-align: middle\" width=\"89\"><span style=\"color: #000000;font-family: arial, helvetica, sans-serif;font-size: 10pt\">102h<\/span><\/td>\n<td style=\"height: 48px;text-align: center;vertical-align: middle\" width=\"142\"><span style=\"color: #000000;font-family: arial, helvetica, sans-serif;font-size: 10pt\">Organizador e Ministrante<\/span><\/td>\n<\/tr>\n<tr style=\"height: 72px\">\n<td style=\"height: 72px;vertical-align: middle\" width=\"211\"><span style=\"color: #000000;font-family: arial, helvetica, sans-serif;font-size: 10pt\">F\u00e1bio Dias da Silva<\/span><\/td>\n<td style=\"height: 72px\" width=\"311\"><span style=\"color: #000000;font-family: arial, helvetica, sans-serif;font-size: 10pt\">XIV Semana Acad\u00eamica do Curso de Licenciatura em F\u00edsica<\/span><\/td>\n<td style=\"text-align: center;height: 72px;vertical-align: middle\" width=\"89\"><span style=\"color: #000000;font-family: arial, helvetica, sans-serif;font-size: 10pt\">50h<\/span><\/td>\n<td style=\"height: 72px;text-align: center;vertical-align: middle\" width=\"142\"><span style=\"color: #000000;font-family: arial, helvetica, sans-serif;font-size: 10pt\">Membro da Comiss\u00e3o Organizadora e Participante<\/span><\/td>\n<\/tr>\n<tr style=\"height: 48px\">\n<td style=\"height: 48px;vertical-align: middle\" width=\"211\"><span style=\"color: #000000;font-family: arial, helvetica, sans-serif;font-size: 10pt\">Fabio Machado do Amaral<\/span><\/td>\n<td style=\"height: 48px\" width=\"311\"><span style=\"color: #000000;font-family: arial, helvetica, sans-serif;font-size: 10pt\">XVIII Semana Acad\u00eamica do Curso de Licenciatura em F\u00edsica<\/span><\/td>\n<td style=\"text-align: center;height: 48px;vertical-align: middle\" width=\"89\"><span style=\"color: #000000;font-family: arial, helvetica, sans-serif;font-size: 10pt\">10h<\/span><\/td>\n<td style=\"height: 48px;text-align: center;vertical-align: middle\" width=\"142\"><span style=\"color: #000000;font-family: arial, helvetica, sans-serif;font-size: 10pt\">Colaborador<\/span><\/td>\n<\/tr>\n<tr style=\"height: 48px\">\n<td style=\"height: 48px;vertical-align: middle\" width=\"211\"><span style=\"color: #000000;font-family: arial, helvetica, sans-serif;font-size: 10pt\">F\u00e1bio Popping Areias<\/span><\/td>\n<td style=\"height: 48px\" width=\"311\"><span style=\"color: #000000;font-family: arial, helvetica, sans-serif;font-size: 10pt\">Projeto de Ensino &#8220;T\u00d3PICOS DE F\u00cdSICA CONTEMPOR\u00c2NEA&#8221;<\/span><\/td>\n<td style=\"text-align: center;height: 48px;vertical-align: middle\" width=\"89\"><span style=\"color: #000000;font-family: arial, helvetica, sans-serif;font-size: 10pt\">05h<\/span><\/td>\n<td style=\"height: 48px;text-align: center;vertical-align: middle\" width=\"142\"><span style=\"color: #000000;font-family: arial, helvetica, sans-serif;font-size: 10pt\">Participante<\/span><\/td>\n<\/tr>\n<tr style=\"height: 48px\">\n<td style=\"height: 48px;vertical-align: middle\" width=\"211\"><span style=\"color: #000000;font-family: arial, helvetica, sans-serif;font-size: 10pt\">Fabr\u00edcio Ferrari<\/span><\/td>\n<td style=\"height: 48px\" width=\"311\"><span style=\"color: #000000;font-family: arial, helvetica, sans-serif;font-size: 10pt\">XVI Semana Acad\u00eamica do Curso de Licenciatura em F\u00edsica<\/span><\/td>\n<td style=\"text-align: center;height: 48px;vertical-align: middle\" width=\"89\"><span style=\"color: #000000;font-family: arial, helvetica, sans-serif;font-size: 10pt\">02h<\/span><\/td>\n<td style=\"height: 48px;text-align: center;vertical-align: middle\" width=\"142\"><span style=\"color: #000000;font-family: arial, helvetica, sans-serif;font-size: 10pt\">Ministrante<\/span><\/td>\n<\/tr>\n<tr style=\"height: 48px\">\n<td style=\"height: 48px;vertical-align: middle\" width=\"211\"><span style=\"color: #000000;font-family: arial, helvetica, sans-serif;font-size: 10pt\">Felipe Castro Menezes<\/span><\/td>\n<td style=\"height: 48px\" width=\"311\"><span style=\"color: #000000;font-family: arial, helvetica, sans-serif;font-size: 10pt\">Projeto de Ensino &#8220;Mini-curso Introdut\u00f3rio \u00e0 F\u00edsica de Nano-Estruturas e Nanotecnologia&#8221;<\/span><\/td>\n<td style=\"text-align: center;height: 48px;vertical-align: middle\" width=\"89\"><span style=\"color: #000000;font-family: arial, helvetica, sans-serif;font-size: 10pt\">10h<\/span><\/td>\n<td style=\"height: 48px;text-align: center;vertical-align: middle\" width=\"142\"><span style=\"color: #000000;font-family: arial, helvetica, sans-serif;font-size: 10pt\">Participante<\/span><\/td>\n<\/tr>\n<tr style=\"height: 72px\">\n<td style=\"height: 72px;vertical-align: middle\" width=\"211\"><span style=\"color: #000000;font-family: arial, helvetica, sans-serif;font-size: 10pt\">Fernanda C. Hernandes Machado<\/span><\/td>\n<td style=\"height: 72px\" width=\"311\"><span style=\"color: #000000;font-family: arial, helvetica, sans-serif;font-size: 10pt\">Projeto de Ensino &#8220;O Aprendizado de Astronomia e das Ci\u00eancias Afins com a Media\u00e7\u00e3o da Observa\u00e7\u00e3o Rudimentar e da Imagem Astron\u00f4mica<\/span><\/td>\n<td style=\"text-align: center;height: 72px;vertical-align: middle\" width=\"89\"><span style=\"color: #000000;font-family: arial, helvetica, sans-serif;font-size: 10pt\">10h<\/span><\/td>\n<td style=\"height: 72px;text-align: center;vertical-align: middle\" width=\"142\"><span style=\"color: #000000;font-family: arial, helvetica, sans-serif;font-size: 10pt\">Participante<\/span><\/td>\n<\/tr>\n<tr style=\"height: 24px\">\n<td style=\"height: 24px;vertical-align: middle\" width=\"211\"><span style=\"color: #000000;font-family: arial, helvetica, sans-serif;font-size: 10pt\">Fernanda Gon\u00e7alves Rocha<\/span><\/td>\n<td style=\"height: 24px\" width=\"311\"><span style=\"color: #000000;font-family: arial, helvetica, sans-serif;font-size: 10pt\">XI Semana Acad\u00eamica da F\u00edsica<\/span><\/td>\n<td style=\"text-align: center;height: 24px;vertical-align: middle\" width=\"89\"><span style=\"color: #000000;font-family: arial, helvetica, sans-serif;font-size: 10pt\">32h<\/span><\/td>\n<td style=\"height: 24px;text-align: center;vertical-align: middle\" width=\"142\"><span style=\"color: #000000;font-family: arial, helvetica, sans-serif;font-size: 10pt\">Participante<\/span><\/td>\n<\/tr>\n<tr style=\"height: 48px\">\n<td style=\"height: 48px;vertical-align: middle\" width=\"211\"><span style=\"color: #000000;font-family: arial, helvetica, sans-serif;font-size: 10pt\">Fernanda Hernandes de Carvalho<\/span><\/td>\n<td style=\"height: 48px\" width=\"311\"><span style=\"color: #000000;font-family: arial, helvetica, sans-serif;font-size: 10pt\">Semana Acad\u00eamica do Curso de Licenciatura Plena em F\u00edsica 1998<\/span><\/td>\n<td style=\"text-align: center;height: 48px;vertical-align: middle\" width=\"89\"><span style=\"color: #000000;font-family: arial, helvetica, sans-serif;font-size: 10pt\">40h<\/span><\/td>\n<td style=\"height: 48px;text-align: center;vertical-align: middle\" width=\"142\"><span style=\"color: #000000;font-family: arial, helvetica, sans-serif;font-size: 10pt\">Participante<\/span><\/td>\n<\/tr>\n<tr style=\"height: 24px\">\n<td style=\"height: 24px;vertical-align: middle\" width=\"211\"><span style=\"color: #000000;font-family: arial, helvetica, sans-serif;font-size: 10pt\">Fernando Lang da Silveira<\/span><\/td>\n<td style=\"height: 24px\" width=\"311\"><span style=\"color: #000000;font-family: arial, helvetica, sans-serif;font-size: 10pt\">III Semin\u00e1rio de Ensino de F\u00edsica<\/span><\/td>\n<td style=\"text-align: center;height: 24px;vertical-align: middle\" width=\"89\"><span style=\"color: #000000;font-family: arial, helvetica, sans-serif;font-size: 10pt\">24h<\/span><\/td>\n<td style=\"height: 24px;text-align: center;vertical-align: middle\" width=\"142\"><span style=\"color: #000000;font-family: arial, helvetica, sans-serif;font-size: 10pt\">Ministrante<\/span><\/td>\n<\/tr>\n<tr style=\"height: 48px\">\n<td style=\"height: 48px;vertical-align: middle\" width=\"211\"><span style=\"color: #000000;font-family: arial, helvetica, sans-serif;font-size: 10pt\">Fl\u00e1vio Nestor Ramos J\u00fanior<\/span><\/td>\n<td style=\"height: 48px\" width=\"311\"><span style=\"color: #000000;font-family: arial, helvetica, sans-serif;font-size: 10pt\">Curso &#8220;F\u00edsica no Ensino M\u00e9dio: (re)construindo conceitos&#8221;<\/span><\/td>\n<td style=\"text-align: center;height: 48px;vertical-align: middle\" width=\"89\"><span style=\"color: #000000;font-family: arial, helvetica, sans-serif;font-size: 10pt\">34h<\/span><\/td>\n<td style=\"height: 48px;text-align: center;vertical-align: middle\" width=\"142\"><span style=\"color: #000000;font-family: arial, helvetica, sans-serif;font-size: 10pt\">Participante<\/span><\/td>\n<\/tr>\n<tr style=\"height: 48px\">\n<td style=\"height: 48px;vertical-align: middle\" width=\"211\"><span style=\"color: #000000;font-family: arial, helvetica, sans-serif;font-size: 10pt\">Francine Rodrigues Philippsen<\/span><\/td>\n<td style=\"height: 48px\" width=\"311\"><span style=\"color: #000000;font-family: arial, helvetica, sans-serif;font-size: 10pt\">Projeto de Ensino &#8220;Mini-curso Introdut\u00f3rio \u00e0 F\u00edsica de Nano-Estruturas e Nanotecnologia&#8221;<\/span><\/td>\n<td style=\"text-align: center;height: 48px;vertical-align: middle\" width=\"89\"><span style=\"color: #000000;font-family: arial, helvetica, sans-serif;font-size: 10pt\">10h<\/span><\/td>\n<td style=\"height: 48px;text-align: center;vertical-align: middle\" width=\"142\"><span style=\"color: #000000;font-family: arial, helvetica, sans-serif;font-size: 10pt\">Participante<\/span><\/td>\n<\/tr>\n<tr style=\"height: 72px\">\n<td style=\"height: 72px;vertical-align: middle\" width=\"211\"><span style=\"color: #000000;font-family: arial, helvetica, sans-serif;font-size: 10pt\">Francisco Barbosa Teixeira<\/span><\/td>\n<td style=\"height: 72px\" width=\"311\"><span style=\"color: #000000;font-family: arial, helvetica, sans-serif;font-size: 10pt\">7\u00aa Semana Acad\u00eamica do Curso de Licenciatura em F\u00edsica<\/span><\/td>\n<td style=\"text-align: center;height: 72px;vertical-align: middle\" width=\"89\"><\/td>\n<td style=\"height: 72px;text-align: center;vertical-align: middle\" width=\"142\"><span style=\"color: #000000;font-family: arial, helvetica, sans-serif;font-size: 10pt\">Membro da Comiss\u00e3o Organizadora e Participante<\/span><\/td>\n<\/tr>\n<tr style=\"height: 24px\">\n<td style=\"height: 24px;vertical-align: middle\" width=\"211\"><span style=\"color: #000000;font-family: arial, helvetica, sans-serif;font-size: 10pt\">Francisco Jos\u00e9 Gomes Lima<\/span><\/td>\n<td style=\"height: 24px\" width=\"311\"><span style=\"color: #000000;font-family: arial, helvetica, sans-serif;font-size: 10pt\">V semin\u00e1rio de Ensino de F\u00edsica<\/span><\/td>\n<td style=\"text-align: center;height: 24px;vertical-align: middle\" width=\"89\"><span style=\"color: #000000;font-family: arial, helvetica, sans-serif;font-size: 10pt\">16h<\/span><\/td>\n<td style=\"height: 24px;text-align: center;vertical-align: middle\" width=\"142\"><span style=\"color: #000000;font-family: arial, helvetica, sans-serif;font-size: 10pt\">Participante<\/span><\/td>\n<\/tr>\n<tr style=\"height: 48px\">\n<td style=\"height: 48px;vertical-align: middle\" width=\"211\"><span style=\"color: #000000;font-family: arial, helvetica, sans-serif;font-size: 10pt\">Gabriel Pereira da Costa<\/span><\/td>\n<td style=\"height: 48px\" width=\"311\"><span style=\"color: #000000;font-family: arial, helvetica, sans-serif;font-size: 10pt\">XVI Semana Acad\u00eamica do Curso de Licenciatura em F\u00edsica<\/span><\/td>\n<td style=\"text-align: center;height: 48px;vertical-align: middle\" width=\"89\"><span style=\"color: #000000;font-family: arial, helvetica, sans-serif;font-size: 10pt\">40h<\/span><\/td>\n<td style=\"height: 48px;text-align: center;vertical-align: middle\" width=\"142\"><span style=\"color: #000000;font-family: arial, helvetica, sans-serif;font-size: 10pt\">Participante<\/span><\/td>\n<\/tr>\n<tr style=\"height: 48px\">\n<td style=\"height: 48px;vertical-align: middle\" width=\"211\"><span style=\"color: #000000;font-family: arial, helvetica, sans-serif;font-size: 10pt\">Gabriel Santos da Silva<\/span><\/td>\n<td style=\"height: 48px\" width=\"311\"><span style=\"color: #000000;font-family: arial, helvetica, sans-serif;font-size: 10pt\">XVI Semana Acad\u00eamica do Curso de Licenciatura em F\u00edsica<\/span><\/td>\n<td style=\"text-align: center;height: 48px;vertical-align: middle\" width=\"89\"><span style=\"color: #000000;font-family: arial, helvetica, sans-serif;font-size: 10pt\">40h<\/span><\/td>\n<td style=\"height: 48px;text-align: center;vertical-align: middle\" width=\"142\"><span style=\"color: #000000;font-family: arial, helvetica, sans-serif;font-size: 10pt\">Participante<\/span><\/td>\n<\/tr>\n<tr style=\"height: 48px\">\n<td style=\"height: 48px;vertical-align: middle\" width=\"211\"><span style=\"color: #000000;font-family: arial, helvetica, sans-serif;font-size: 10pt\">G\u00eaison Mendes de Freitas Oliveira<\/span><\/td>\n<td style=\"height: 48px\" width=\"311\"><span style=\"color: #000000;font-family: arial, helvetica, sans-serif;font-size: 10pt\">Projeto de Ensino &#8220;T\u00d3PICOS DE F\u00cdSICA CONTEMPOR\u00c2NEA&#8221;<\/span><\/td>\n<td style=\"text-align: center;height: 48px;vertical-align: middle\" width=\"89\"><span style=\"color: #000000;font-family: arial, helvetica, sans-serif;font-size: 10pt\">05h<\/span><\/td>\n<td style=\"height: 48px;text-align: center;vertical-align: middle\" width=\"142\"><span style=\"color: #000000;font-family: arial, helvetica, sans-serif;font-size: 10pt\">Participante<\/span><\/td>\n<\/tr>\n<tr style=\"height: 48px\">\n<td style=\"height: 48px;vertical-align: middle\" width=\"211\"><span style=\"color: #000000;font-family: arial, helvetica, sans-serif;font-size: 10pt\">Gilda Maria Campos Stanfford<\/span><\/td>\n<td style=\"height: 48px\" width=\"311\"><span style=\"color: #000000;font-family: arial, helvetica, sans-serif;font-size: 10pt\">Projeto de Extens\u00e3o &#8220;Experimentando a F\u00edsica na Educa\u00e7\u00e3o de Jovens e Adultos&#8221;<\/span><\/td>\n<td style=\"text-align: center;height: 48px;vertical-align: middle\" width=\"89\"><span style=\"color: #000000;font-family: arial, helvetica, sans-serif;font-size: 10pt\">20h<\/span><\/td>\n<td style=\"height: 48px;text-align: center;vertical-align: middle\" width=\"142\"><span style=\"color: #000000;font-family: arial, helvetica, sans-serif;font-size: 10pt\">Participante<\/span><\/td>\n<\/tr>\n<tr style=\"height: 72px\">\n<td style=\"height: 72px;vertical-align: middle\" width=\"211\"><span style=\"color: #000000;font-family: arial, helvetica, sans-serif;font-size: 10pt\">Gillan Garcia Oliveira<\/span><\/td>\n<td style=\"height: 72px\" width=\"311\"><span style=\"color: #000000;font-family: arial, helvetica, sans-serif;font-size: 10pt\">1\u00ba Simp\u00f3sio Sul-Rio-Grandense de Professores de Ci\u00eancias e Matem\u00e1tica &#8211; Educa\u00e7\u00e3o Cient\u00edfica para a Inclus\u00e3o Social<\/span><\/td>\n<td style=\"text-align: center;height: 72px;vertical-align: middle\" width=\"89\"><span style=\"color: #000000;font-family: arial, helvetica, sans-serif;font-size: 10pt\">24h<\/span><\/td>\n<td style=\"height: 72px;text-align: center;vertical-align: middle\" width=\"142\"><span style=\"color: #000000;font-family: arial, helvetica, sans-serif;font-size: 10pt\">Participante<\/span><\/td>\n<\/tr>\n<tr style=\"height: 48px\">\n<td style=\"height: 48px;vertical-align: middle\" width=\"211\"><span style=\"color: #000000;font-family: arial, helvetica, sans-serif;font-size: 10pt\">Giulia Specht Bitencourt<\/span><\/td>\n<td style=\"height: 48px\" width=\"311\"><span style=\"color: #000000;font-family: arial, helvetica, sans-serif;font-size: 10pt\">XVII Semana Acad\u00eamica do Curso de Licenciatura em F\u00edsica<\/span><\/td>\n<td style=\"text-align: center;height: 48px;vertical-align: middle\" width=\"89\"><span style=\"color: #000000;font-family: arial, helvetica, sans-serif;font-size: 10pt\">10h<\/span><\/td>\n<td style=\"height: 48px;text-align: center;vertical-align: middle\" width=\"142\"><span style=\"color: #000000;font-family: arial, helvetica, sans-serif;font-size: 10pt\">Membro da Comiss\u00e3o Organizadora<\/span><\/td>\n<\/tr>\n<tr style=\"height: 48px\">\n<td style=\"height: 48px;vertical-align: middle\" width=\"211\"><span style=\"color: #000000;font-family: arial, helvetica, sans-serif;font-size: 10pt\">Giuliano Aldavez Nogueira<\/span><\/td>\n<td style=\"height: 48px\" width=\"311\"><span style=\"color: #000000;font-family: arial, helvetica, sans-serif;font-size: 10pt\">Projeto de Extens\u00e3o &#8220;F\u00edsica para o Segundo Grau: Apoio Alunos das Escolas P\u00fablicas&#8221;<\/span><\/td>\n<td style=\"text-align: center;height: 48px;vertical-align: middle\" width=\"89\"><span style=\"color: #000000;font-family: arial, helvetica, sans-serif;font-size: 10pt\">92h<\/span><\/td>\n<td style=\"height: 48px;text-align: center;vertical-align: middle\" width=\"142\"><span style=\"color: #000000;font-family: arial, helvetica, sans-serif;font-size: 10pt\">Ministrante<\/span><\/td>\n<\/tr>\n<tr style=\"height: 48px\">\n<td style=\"height: 48px;vertical-align: middle\" width=\"211\"><span style=\"color: #000000;font-family: arial, helvetica, sans-serif;font-size: 10pt\">Glauber Duarte Pich<\/span><\/td>\n<td style=\"height: 48px\" width=\"311\"><span style=\"color: #000000;font-family: arial, helvetica, sans-serif;font-size: 10pt\">Projeto de Extens\u00e3o &#8220;(Re) Construindo Concep\u00e7\u00f5es de F\u00edsica&#8221;<\/span><\/td>\n<td style=\"text-align: center;height: 48px;vertical-align: middle\" width=\"89\"><span style=\"color: #000000;font-family: arial, helvetica, sans-serif;font-size: 10pt\">52h<\/span><\/td>\n<td style=\"height: 48px;text-align: center;vertical-align: middle\" width=\"142\"><span style=\"color: #000000;font-family: arial, helvetica, sans-serif;font-size: 10pt\">Ministrante<\/span><\/td>\n<\/tr>\n<tr style=\"height: 48px\">\n<td style=\"height: 48px;vertical-align: middle\" width=\"211\"><span style=\"color: #000000;font-family: arial, helvetica, sans-serif;font-size: 10pt\">Glauber Duarte Pich<\/span><\/td>\n<td style=\"height: 48px\" width=\"311\"><span style=\"color: #000000;font-family: arial, helvetica, sans-serif;font-size: 10pt\">Projeto de Extens\u00e3o &#8220;F\u00edsica para o Segundo Grau: Apoio Alunos das Escolas P\u00fablicas&#8221;<\/span><\/td>\n<td style=\"text-align: center;height: 48px;vertical-align: middle\" width=\"89\"><span style=\"color: #000000;font-family: arial, helvetica, sans-serif;font-size: 10pt\">136h<\/span><\/td>\n<td style=\"height: 48px;text-align: center;vertical-align: middle\" width=\"142\"><span style=\"color: #000000;font-family: arial, helvetica, sans-serif;font-size: 10pt\">Ministrante<\/span><\/td>\n<\/tr>\n<tr style=\"height: 24px\">\n<td style=\"height: 24px;vertical-align: middle\" width=\"211\"><span style=\"color: #000000;font-family: arial, helvetica, sans-serif;font-size: 10pt\">Glauber Duarte Pich<\/span><\/td>\n<td style=\"height: 24px\" width=\"311\"><span style=\"color: #000000;font-family: arial, helvetica, sans-serif;font-size: 10pt\">XI Semana Acad\u00eamica da F\u00edsica<\/span><\/td>\n<td style=\"text-align: center;height: 24px;vertical-align: middle\" width=\"89\"><span style=\"color: #000000;font-family: arial, helvetica, sans-serif;font-size: 10pt\">04h<\/span><\/td>\n<td style=\"height: 24px;text-align: center;vertical-align: middle\" width=\"142\"><span style=\"color: #000000;font-family: arial, helvetica, sans-serif;font-size: 10pt\">Participante<\/span><\/td>\n<\/tr>\n<tr style=\"height: 24px\">\n<td style=\"height: 24px;vertical-align: middle\" width=\"211\"><span style=\"color: #000000;font-family: arial, helvetica, sans-serif;font-size: 10pt\">Glauco Penna de Oliveira<\/span><\/td>\n<td style=\"height: 24px\" width=\"311\"><span style=\"color: #000000;font-family: arial, helvetica, sans-serif;font-size: 10pt\">IV Semin\u00e1rio de Ensino de F\u00edsica<\/span><\/td>\n<td style=\"text-align: center;height: 24px;vertical-align: middle\" width=\"89\"><span style=\"color: #000000;font-family: arial, helvetica, sans-serif;font-size: 10pt\">20h<\/span><\/td>\n<td style=\"height: 24px;text-align: center;vertical-align: middle\" width=\"142\"><span style=\"color: #000000;font-family: arial, helvetica, sans-serif;font-size: 10pt\">Participante<\/span><\/td>\n<\/tr>\n<tr style=\"height: 48px\">\n<td style=\"height: 48px;vertical-align: middle\" width=\"211\"><span style=\"color: #000000;font-family: arial, helvetica, sans-serif;font-size: 10pt\">Gleidisson Salinas Gil<\/span><\/td>\n<td style=\"height: 48px\" width=\"311\"><span style=\"color: #000000;font-family: arial, helvetica, sans-serif;font-size: 10pt\">Projeto de Extens\u00e3o &#8220;F\u00edsica para o Segundo Grau: Apoio Alunos das Escolas P\u00fablicas&#8221;<\/span><\/td>\n<td style=\"text-align: center;height: 48px;vertical-align: middle\" width=\"89\"><span style=\"color: #000000;font-family: arial, helvetica, sans-serif;font-size: 10pt\">136h<\/span><\/td>\n<td style=\"height: 48px;text-align: center;vertical-align: middle\" width=\"142\"><span style=\"color: #000000;font-family: arial, helvetica, sans-serif;font-size: 10pt\">Ministrante<\/span><\/td>\n<\/tr>\n<tr style=\"height: 48px\">\n<td style=\"height: 48px;vertical-align: middle\" width=\"211\"><span style=\"color: #000000;font-family: arial, helvetica, sans-serif;font-size: 10pt\">Gl\u00f3ria Queiroz<\/span><\/td>\n<td style=\"height: 48px\" width=\"311\"><span style=\"color: #000000;font-family: arial, helvetica, sans-serif;font-size: 10pt\">Semana Acad\u00eamica do Curso de Licenciatura Plena em F\u00edsica 1998<\/span><\/td>\n<td style=\"text-align: center;height: 48px;vertical-align: middle\" width=\"89\"><span style=\"color: #000000;font-family: arial, helvetica, sans-serif;font-size: 10pt\">02h<\/span><\/td>\n<td style=\"height: 48px;text-align: center;vertical-align: middle\" width=\"142\"><span style=\"color: #000000;font-family: arial, helvetica, sans-serif;font-size: 10pt\">Palestrante<\/span><\/td>\n<\/tr>\n<tr style=\"height: 72px\">\n<td style=\"height: 72px;vertical-align: middle\" width=\"211\"><span style=\"color: #000000;font-family: arial, helvetica, sans-serif;font-size: 10pt\">Grazielle Tavares<\/span><\/td>\n<td style=\"height: 72px\" width=\"311\"><span style=\"color: #000000;font-family: arial, helvetica, sans-serif;font-size: 10pt\">III Simp\u00f3sio Sul-Rio-Grandense de Professores de Ci\u00eancias e Matem\u00e1tica &#8211; Educa\u00e7\u00e3o Cient\u00edfica para a Inclus\u00e3o Social<\/span><\/td>\n<td style=\"text-align: center;height: 72px;vertical-align: middle\" width=\"89\"><span style=\"color: #000000;font-family: arial, helvetica, sans-serif;font-size: 10pt\">40h<\/span><\/td>\n<td style=\"height: 72px;text-align: center;vertical-align: middle\" width=\"142\"><span style=\"color: #000000;font-family: arial, helvetica, sans-serif;font-size: 10pt\">Participante<\/span><\/td>\n<\/tr>\n<tr style=\"height: 48px\">\n<td style=\"height: 48px;vertical-align: middle\" width=\"211\"><span style=\"color: #000000;font-family: arial, helvetica, sans-serif;font-size: 10pt\">Guilherme Touchtenhagen Schild<\/span><\/td>\n<td style=\"height: 48px\" width=\"311\"><span style=\"color: #000000;font-family: arial, helvetica, sans-serif;font-size: 10pt\">Projeto de Ensino &#8220;T\u00d3PICOS DE F\u00cdSICA CONTEMPOR\u00c2NEA&#8221;<\/span><\/td>\n<td style=\"text-align: center;height: 48px;vertical-align: middle\" width=\"89\"><span style=\"color: #000000;font-family: arial, helvetica, sans-serif;font-size: 10pt\">05h<\/span><\/td>\n<td style=\"height: 48px;text-align: center;vertical-align: middle\" width=\"142\"><span style=\"color: #000000;font-family: arial, helvetica, sans-serif;font-size: 10pt\">Participante<\/span><\/td>\n<\/tr>\n<tr style=\"height: 24px\">\n<td style=\"height: 24px;vertical-align: middle\" width=\"211\"><span style=\"color: #000000;font-family: arial, helvetica, sans-serif;font-size: 10pt\">G\u00fcnther Seibert<\/span><\/td>\n<td style=\"height: 24px\" width=\"311\"><span style=\"color: #000000;font-family: arial, helvetica, sans-serif;font-size: 10pt\">III Semin\u00e1rio de Ensino de F\u00edsica<\/span><\/td>\n<td style=\"text-align: center;height: 24px;vertical-align: middle\" width=\"89\"><span style=\"color: #000000;font-family: arial, helvetica, sans-serif;font-size: 10pt\">24h<\/span><\/td>\n<td style=\"height: 24px;text-align: center;vertical-align: middle\" width=\"142\"><span style=\"color: #000000;font-family: arial, helvetica, sans-serif;font-size: 10pt\">Participante<\/span><\/td>\n<\/tr>\n<tr style=\"height: 48px\">\n<td style=\"height: 48px;vertical-align: middle\" width=\"211\"><span style=\"color: #000000;font-family: arial, helvetica, sans-serif;font-size: 10pt\">Heleon\u00edsia Ant\u00f4nia Vieira Moreira<\/span><\/td>\n<td style=\"height: 48px\" width=\"311\"><span style=\"color: #000000;font-family: arial, helvetica, sans-serif;font-size: 10pt\">Projeto de Extens\u00e3o &#8220;(Re) Construindo Concep\u00e7\u00f5es de F\u00edsica&#8221;<\/span><\/td>\n<td style=\"text-align: center;height: 48px;vertical-align: middle\" width=\"89\"><span style=\"color: #000000;font-family: arial, helvetica, sans-serif;font-size: 10pt\">52h<\/span><\/td>\n<td style=\"height: 48px;text-align: center;vertical-align: middle\" width=\"142\"><span style=\"color: #000000;font-family: arial, helvetica, sans-serif;font-size: 10pt\">Ministrante<\/span><\/td>\n<\/tr>\n<tr style=\"height: 24px\">\n<td style=\"height: 24px;vertical-align: middle\" width=\"211\"><span style=\"color: #000000;font-family: arial, helvetica, sans-serif;font-size: 10pt\">Henrique Carlos Hadler Troger<\/span><\/td>\n<td style=\"height: 24px\" width=\"311\"><span style=\"color: #000000;font-family: arial, helvetica, sans-serif;font-size: 10pt\">V semin\u00e1rio de Ensino de F\u00edsica<\/span><\/td>\n<td style=\"text-align: center;height: 24px;vertical-align: middle\" width=\"89\"><span style=\"color: #000000;font-family: arial, helvetica, sans-serif;font-size: 10pt\">16h<\/span><\/td>\n<td style=\"height: 24px;text-align: center;vertical-align: middle\" width=\"142\"><span style=\"color: #000000;font-family: arial, helvetica, sans-serif;font-size: 10pt\">Participante<\/span><\/td>\n<\/tr>\n<tr style=\"height: 48px\">\n<td style=\"height: 48px;vertical-align: middle\" width=\"211\"><span style=\"color: #000000;font-family: arial, helvetica, sans-serif;font-size: 10pt\">Henry Boudinov<\/span><\/td>\n<td style=\"height: 48px\" width=\"311\"><span style=\"color: #000000;font-family: arial, helvetica, sans-serif;font-size: 10pt\">XVI Semana Acad\u00eamica do Curso de Licenciatura em F\u00edsica<\/span><\/td>\n<td style=\"text-align: center;height: 48px;vertical-align: middle\" width=\"89\"><span style=\"color: #000000;font-family: arial, helvetica, sans-serif;font-size: 10pt\">02h<\/span><\/td>\n<td style=\"height: 48px;text-align: center;vertical-align: middle\" width=\"142\"><span style=\"color: #000000;font-family: arial, helvetica, sans-serif;font-size: 10pt\">Ministrante<\/span><\/td>\n<\/tr>\n<tr style=\"height: 48px\">\n<td style=\"height: 48px;vertical-align: middle\" width=\"211\"><span style=\"color: #000000;font-family: arial, helvetica, sans-serif;font-size: 10pt\">H\u00e9rcules Couto<\/span><\/td>\n<td style=\"height: 48px\" width=\"311\"><span style=\"color: #000000;font-family: arial, helvetica, sans-serif;font-size: 10pt\">Projeto de Extens\u00e3o &#8220;Mini-curso de F\u00edsica aplicada \u00e0 Meteorologia&#8221;<\/span><\/td>\n<td style=\"text-align: center;height: 48px;vertical-align: middle\" width=\"89\"><span style=\"color: #000000;font-family: arial, helvetica, sans-serif;font-size: 10pt\">10h<\/span><\/td>\n<td style=\"height: 48px;text-align: center;vertical-align: middle\" width=\"142\"><span style=\"color: #000000;font-family: arial, helvetica, sans-serif;font-size: 10pt\">Ouvinte<\/span><\/td>\n<\/tr>\n<tr style=\"height: 48px\">\n<td style=\"height: 48px;vertical-align: middle\" width=\"211\"><span style=\"color: #000000;font-family: arial, helvetica, sans-serif;font-size: 10pt\">Id\u00edlio Manoel Br\u00e9a Vict\u00f3ria<\/span><\/td>\n<td style=\"height: 48px\" width=\"311\"><span style=\"color: #000000;font-family: arial, helvetica, sans-serif;font-size: 10pt\">7\u00aa Semana Acad\u00eamica do Curso de Licenciatura em F\u00edsica<\/span><\/td>\n<td style=\"text-align: center;height: 48px;vertical-align: middle\" width=\"89\"><span style=\"color: #000000;font-family: arial, helvetica, sans-serif;font-size: 10pt\">02h<\/span><\/td>\n<td style=\"height: 48px;text-align: center;vertical-align: middle\" width=\"142\"><span style=\"color: #000000;font-family: arial, helvetica, sans-serif;font-size: 10pt\">Ministrante<\/span><\/td>\n<\/tr>\n<tr style=\"height: 48px\">\n<td style=\"height: 48px;vertical-align: middle\" width=\"211\"><span style=\"color: #000000;font-family: arial, helvetica, sans-serif;font-size: 10pt\">Igor Rojahn da Silva<\/span><\/td>\n<td style=\"height: 48px\" width=\"311\"><span style=\"color: #000000;font-family: arial, helvetica, sans-serif;font-size: 10pt\">8\u00aa Semana Acad\u00eamica do Curso de Licenciatura em F\u00edsica<\/span><\/td>\n<td style=\"text-align: center;height: 48px;vertical-align: middle\" width=\"89\"><span style=\"color: #000000;font-family: arial, helvetica, sans-serif;font-size: 10pt\">40h<\/span><\/td>\n<td style=\"height: 48px;text-align: center;vertical-align: middle\" width=\"142\"><span style=\"color: #000000;font-family: arial, helvetica, sans-serif;font-size: 10pt\">Participante<\/span><\/td>\n<\/tr>\n<tr style=\"height: 48px\">\n<td style=\"height: 48px;vertical-align: middle\" width=\"211\"><span style=\"color: #000000;font-family: arial, helvetica, sans-serif;font-size: 10pt\">Igor Rojahn da Silva<\/span><\/td>\n<td style=\"height: 48px\" width=\"311\"><span style=\"color: #000000;font-family: arial, helvetica, sans-serif;font-size: 10pt\">Projeto de Extens\u00e3o &#8220;Mini-curso de F\u00edsica aplicada \u00e0 Meteorologia&#8221;<\/span><\/td>\n<td style=\"text-align: center;height: 48px;vertical-align: middle\" width=\"89\"><span style=\"color: #000000;font-family: arial, helvetica, sans-serif;font-size: 10pt\">10h<\/span><\/td>\n<td style=\"height: 48px;text-align: center;vertical-align: middle\" width=\"142\"><span style=\"color: #000000;font-family: arial, helvetica, sans-serif;font-size: 10pt\">Ouvinte<\/span><\/td>\n<\/tr>\n<tr style=\"height: 48px\">\n<td style=\"height: 48px;vertical-align: middle\" width=\"211\"><span style=\"color: #000000;font-family: arial, helvetica, sans-serif;font-size: 10pt\">Inajara Werter Macedo<\/span><\/td>\n<td style=\"height: 48px\" width=\"311\"><span style=\"color: #000000;font-family: arial, helvetica, sans-serif;font-size: 10pt\">Projeto de Ensino &#8220;T\u00d3PICOS DE F\u00cdSICA CONTEMPOR\u00c2NEA&#8221;<\/span><\/td>\n<td style=\"text-align: center;height: 48px;vertical-align: middle\" width=\"89\"><span style=\"color: #000000;font-family: arial, helvetica, sans-serif;font-size: 10pt\">05h<\/span><\/td>\n<td style=\"height: 48px;text-align: center;vertical-align: middle\" width=\"142\"><span style=\"color: #000000;font-family: arial, helvetica, sans-serif;font-size: 10pt\">Participante<\/span><\/td>\n<\/tr>\n<tr style=\"height: 48px\">\n<td style=\"height: 48px;vertical-align: middle\" width=\"211\"><span style=\"color: #000000;font-family: arial, helvetica, sans-serif;font-size: 10pt\">Irene Teresinha Santos Garcia<\/span><\/td>\n<td style=\"height: 48px\" width=\"311\"><span style=\"color: #000000;font-family: arial, helvetica, sans-serif;font-size: 10pt\">XIV Semana Acad\u00eamica do Curso de Licenciatura em F\u00edsica<\/span><\/td>\n<td style=\"text-align: center;height: 48px;vertical-align: middle\" width=\"89\"><span style=\"color: #000000;font-family: arial, helvetica, sans-serif;font-size: 10pt\">02h<\/span><\/td>\n<td style=\"height: 48px;text-align: center;vertical-align: middle\" width=\"142\"><span style=\"color: #000000;font-family: arial, helvetica, sans-serif;font-size: 10pt\">Ministrante<\/span><\/td>\n<\/tr>\n<tr style=\"height: 24px\">\n<td style=\"height: 24px;vertical-align: middle\" width=\"211\"><span style=\"color: #000000;font-family: arial, helvetica, sans-serif;font-size: 10pt\">Isabel Kirst Farias<\/span><\/td>\n<td style=\"height: 24px\" width=\"311\"><span style=\"color: #000000;font-family: arial, helvetica, sans-serif;font-size: 10pt\">III Semin\u00e1rio de Ensino de F\u00edsica<\/span><\/td>\n<td style=\"text-align: center;height: 24px;vertical-align: middle\" width=\"89\"><span style=\"color: #000000;font-family: arial, helvetica, sans-serif;font-size: 10pt\">24h<\/span><\/td>\n<td style=\"height: 24px;text-align: center;vertical-align: middle\" width=\"142\"><span style=\"color: #000000;font-family: arial, helvetica, sans-serif;font-size: 10pt\">Participante<\/span><\/td>\n<\/tr>\n<tr style=\"height: 48px\">\n<td style=\"height: 48px;vertical-align: middle\" width=\"211\"><span style=\"color: #000000;font-family: arial, helvetica, sans-serif;font-size: 10pt\">Isadora da Silva Esp\u00edndola<\/span><\/td>\n<td style=\"height: 48px\" width=\"311\"><span style=\"color: #000000;font-family: arial, helvetica, sans-serif;font-size: 10pt\">XVIII Semana Acad\u00eamica do Curso de Licenciatura em F\u00edsica<\/span><\/td>\n<td style=\"text-align: center;height: 48px;vertical-align: middle\" width=\"89\"><span style=\"color: #000000;font-family: arial, helvetica, sans-serif;font-size: 10pt\">40h<\/span><\/td>\n<td style=\"height: 48px;text-align: center;vertical-align: middle\" width=\"142\"><span style=\"color: #000000;font-family: arial, helvetica, sans-serif;font-size: 10pt\">Ouvinte<\/span><\/td>\n<\/tr>\n<tr style=\"height: 24px\">\n<td style=\"height: 24px;vertical-align: middle\" width=\"211\"><span style=\"color: #000000;font-family: arial, helvetica, sans-serif;font-size: 10pt\">Ivana Kruger Tuchtenhagen<\/span><\/td>\n<td style=\"height: 24px\" width=\"311\"><span style=\"color: #000000;font-family: arial, helvetica, sans-serif;font-size: 10pt\">XI Semana Acad\u00eamica da F\u00edsica<\/span><\/td>\n<td style=\"text-align: center;height: 24px;vertical-align: middle\" width=\"89\"><span style=\"color: #000000;font-family: arial, helvetica, sans-serif;font-size: 10pt\">32h<\/span><\/td>\n<td style=\"height: 24px;text-align: center;vertical-align: middle\" width=\"142\"><span style=\"color: #000000;font-family: arial, helvetica, sans-serif;font-size: 10pt\">Participante<\/span><\/td>\n<\/tr>\n<tr style=\"height: 24px\">\n<td style=\"height: 24px;vertical-align: middle\" width=\"211\"><span style=\"color: #000000;font-family: arial, helvetica, sans-serif;font-size: 10pt\">Jana\u00edna dos Santos Schulte<\/span><\/td>\n<td style=\"height: 24px\" width=\"311\"><span style=\"color: #000000;font-family: arial, helvetica, sans-serif;font-size: 10pt\">Grupo PET-F\u00edsica<\/span><\/td>\n<td style=\"text-align: center;height: 24px;vertical-align: middle\" width=\"89\"><span style=\"color: #000000;font-family: arial, helvetica, sans-serif;font-size: 10pt\">12h\/sem.<\/span><\/td>\n<td style=\"height: 24px;text-align: center;vertical-align: middle\" width=\"142\"><span style=\"color: #000000;font-family: arial, helvetica, sans-serif;font-size: 10pt\">Bolsista<\/span><\/td>\n<\/tr>\n<tr style=\"height: 48px\">\n<td style=\"height: 48px;vertical-align: middle\" width=\"211\"><span style=\"color: #000000;font-family: arial, helvetica, sans-serif;font-size: 10pt\">Janaina Galho Borges<\/span><\/td>\n<td style=\"height: 48px\" width=\"311\"><span style=\"color: #000000;font-family: arial, helvetica, sans-serif;font-size: 10pt\">Semana Acad\u00eamica do Curso de Licenciatura Plena em F\u00edsica 1998<\/span><\/td>\n<td style=\"text-align: center;height: 48px;vertical-align: middle\" width=\"89\"><span style=\"color: #000000;font-family: arial, helvetica, sans-serif;font-size: 10pt\">40h<\/span><\/td>\n<td style=\"height: 48px;text-align: center;vertical-align: middle\" width=\"142\"><span style=\"color: #000000;font-family: arial, helvetica, sans-serif;font-size: 10pt\">Participante<\/span><\/td>\n<\/tr>\n<tr style=\"height: 48px\">\n<td style=\"height: 48px;vertical-align: middle\" width=\"211\"><span style=\"color: #000000;font-family: arial, helvetica, sans-serif;font-size: 10pt\">Janaina Madruga<\/span><\/td>\n<td style=\"height: 48px\" width=\"311\"><span style=\"color: #000000;font-family: arial, helvetica, sans-serif;font-size: 10pt\">XV Semana Acad\u00eamica do Curso de Licenciatura em F\u00edsica<\/span><\/td>\n<td style=\"text-align: center;height: 48px;vertical-align: middle\" width=\"89\"><span style=\"color: #000000;font-family: arial, helvetica, sans-serif;font-size: 10pt\">40h<\/span><\/td>\n<td style=\"height: 48px;text-align: center;vertical-align: middle\" width=\"142\"><span style=\"color: #000000;font-family: arial, helvetica, sans-serif;font-size: 10pt\">Participante<\/span><\/td>\n<\/tr>\n<tr style=\"height: 24px\">\n<td style=\"height: 24px;vertical-align: middle\" width=\"211\"><span style=\"color: #000000;font-family: arial, helvetica, sans-serif;font-size: 10pt\">Jane Eire Souza Lemos<\/span><\/td>\n<td style=\"height: 24px\" width=\"311\"><span style=\"color: #000000;font-family: arial, helvetica, sans-serif;font-size: 10pt\">Semin\u00e1rio de Ensino de F\u00edsica<\/span><\/td>\n<td style=\"text-align: center;height: 24px;vertical-align: middle\" width=\"89\"><span style=\"color: #000000;font-family: arial, helvetica, sans-serif;font-size: 10pt\">24h<\/span><\/td>\n<td style=\"height: 24px;text-align: center;vertical-align: middle\" width=\"142\"><span style=\"color: #000000;font-family: arial, helvetica, sans-serif;font-size: 10pt\">Participante<\/span><\/td>\n<\/tr>\n<tr style=\"height: 24px\">\n<td style=\"height: 24px;vertical-align: middle\" width=\"211\"><span style=\"color: #000000;font-family: arial, helvetica, sans-serif;font-size: 10pt\">Janice Leivas<\/span><\/td>\n<td style=\"height: 24px\" width=\"311\"><span style=\"color: #000000;font-family: arial, helvetica, sans-serif;font-size: 10pt\">V semin\u00e1rio de Ensino de F\u00edsica<\/span><\/td>\n<td style=\"text-align: center;height: 24px;vertical-align: middle\" width=\"89\"><span style=\"color: #000000;font-family: arial, helvetica, sans-serif;font-size: 10pt\">16h<\/span><\/td>\n<td style=\"height: 24px;text-align: center;vertical-align: middle\" width=\"142\"><span style=\"color: #000000;font-family: arial, helvetica, sans-serif;font-size: 10pt\">Participante<\/span><\/td>\n<\/tr>\n<tr style=\"height: 48px\">\n<td style=\"height: 48px;vertical-align: middle\" width=\"211\"><span style=\"color: #000000;font-family: arial, helvetica, sans-serif;font-size: 10pt\">Jardel Nogueira Silva<\/span><\/td>\n<td style=\"height: 48px\" width=\"311\"><span style=\"color: #000000;font-family: arial, helvetica, sans-serif;font-size: 10pt\">XIV Semana Acad\u00eamica do Curso de Licenciatura em F\u00edsica<\/span><\/td>\n<td style=\"text-align: center;height: 48px;vertical-align: middle\" width=\"89\"><span style=\"color: #000000;font-family: arial, helvetica, sans-serif;font-size: 10pt\">40h<\/span><\/td>\n<td style=\"height: 48px;text-align: center;vertical-align: middle\" width=\"142\"><span style=\"color: #000000;font-family: arial, helvetica, sans-serif;font-size: 10pt\">Participante<\/span><\/td>\n<\/tr>\n<tr style=\"height: 72px\">\n<td style=\"height: 72px;vertical-align: middle\" width=\"211\"><span style=\"color: #000000;font-family: arial, helvetica, sans-serif;font-size: 10pt\">Jardel Nogueira Silva<\/span><\/td>\n<td style=\"height: 72px\" width=\"311\"><span style=\"color: #000000;font-family: arial, helvetica, sans-serif;font-size: 10pt\">XV Semana Acad\u00eamica do Curso de Licenciatura em F\u00edsica<\/span><\/td>\n<td style=\"text-align: center;height: 72px;vertical-align: middle\" width=\"89\"><span style=\"color: #000000;font-family: arial, helvetica, sans-serif;font-size: 10pt\">50h<\/span><\/td>\n<td style=\"height: 72px;text-align: center;vertical-align: middle\" width=\"142\"><span style=\"color: #000000;font-family: arial, helvetica, sans-serif;font-size: 10pt\">Membro da Comiss\u00e3o Organizadora e Participante<\/span><\/td>\n<\/tr>\n<tr style=\"height: 48px\">\n<td style=\"height: 48px;vertical-align: middle\" width=\"211\"><span style=\"color: #000000;font-family: arial, helvetica, sans-serif;font-size: 10pt\">Jardel Nogueira Silva<\/span><\/td>\n<td style=\"height: 48px\" width=\"311\"><span style=\"color: #000000;font-family: arial, helvetica, sans-serif;font-size: 10pt\">XVI Semana Acad\u00eamica do Curso de Licenciatura em F\u00edsica<\/span><\/td>\n<td style=\"text-align: center;height: 48px;vertical-align: middle\" width=\"89\"><span style=\"color: #000000;font-family: arial, helvetica, sans-serif;font-size: 10pt\">40h<\/span><\/td>\n<td style=\"height: 48px;text-align: center;vertical-align: middle\" width=\"142\"><span style=\"color: #000000;font-family: arial, helvetica, sans-serif;font-size: 10pt\">Participante<\/span><\/td>\n<\/tr>\n<tr style=\"height: 48px\">\n<td style=\"height: 48px;vertical-align: middle\" width=\"211\"><span style=\"color: #000000;font-family: arial, helvetica, sans-serif;font-size: 10pt\">Jardel Nogueira Silva<\/span><\/td>\n<td style=\"height: 48px\" width=\"311\"><span style=\"color: #000000;font-family: arial, helvetica, sans-serif;font-size: 10pt\">XVI Semana Acad\u00eamica do Curso de Licenciatura em F\u00edsica<\/span><\/td>\n<td style=\"text-align: center;height: 48px;vertical-align: middle\" width=\"89\"><span style=\"color: #000000;font-family: arial, helvetica, sans-serif;font-size: 10pt\">40h<\/span><\/td>\n<td style=\"height: 48px;text-align: center;vertical-align: middle\" width=\"142\"><span style=\"color: #000000;font-family: arial, helvetica, sans-serif;font-size: 10pt\">Participante<\/span><\/td>\n<\/tr>\n<tr style=\"height: 48px\">\n<td style=\"height: 48px;vertical-align: middle\" width=\"211\"><span style=\"color: #000000;font-family: arial, helvetica, sans-serif;font-size: 10pt\">Jardel Nogueira Silva<\/span><\/td>\n<td style=\"height: 48px\" width=\"311\"><span style=\"color: #000000;font-family: arial, helvetica, sans-serif;font-size: 10pt\">XVII Semana Acad\u00eamica do Curso de Licenciatura em F\u00edsica<\/span><\/td>\n<td style=\"text-align: center;height: 48px;vertical-align: middle\" width=\"89\"><span style=\"color: #000000;font-family: arial, helvetica, sans-serif;font-size: 10pt\">10h<\/span><\/td>\n<td style=\"height: 48px;text-align: center;vertical-align: middle\" width=\"142\"><span style=\"color: #000000;font-family: arial, helvetica, sans-serif;font-size: 10pt\">Membro da Comiss\u00e3o Organizadora<\/span><\/td>\n<\/tr>\n<tr style=\"height: 48px\">\n<td style=\"height: 48px;vertical-align: middle\" width=\"211\"><span style=\"color: #000000;font-family: arial, helvetica, sans-serif;font-size: 10pt\">Jardel Nogueira Silva<\/span><\/td>\n<td style=\"height: 48px\" width=\"311\"><span style=\"color: #000000;font-family: arial, helvetica, sans-serif;font-size: 10pt\">XVIII Semana Acad\u00eamica do Curso de Licenciatura em F\u00edsica<\/span><\/td>\n<td style=\"text-align: center;height: 48px;vertical-align: middle\" width=\"89\"><span style=\"color: #000000;font-family: arial, helvetica, sans-serif;font-size: 10pt\">60h<\/span><\/td>\n<td style=\"height: 48px;text-align: center;vertical-align: middle\" width=\"142\"><span style=\"color: #000000;font-family: arial, helvetica, sans-serif;font-size: 10pt\">Ouvinte e organizador<\/span><\/td>\n<\/tr>\n<tr style=\"height: 24px\">\n<td style=\"height: 24px;vertical-align: middle\" width=\"211\"><span style=\"color: #000000;font-family: arial, helvetica, sans-serif;font-size: 10pt\">Jean Nunes Laner<\/span><\/td>\n<td style=\"height: 24px\" width=\"311\"><span style=\"color: #000000;font-family: arial, helvetica, sans-serif;font-size: 10pt\">Programa de Bolsas de Gradua\u00e7\u00e3o<\/span><\/td>\n<td style=\"text-align: center;height: 24px;vertical-align: middle\" width=\"89\"><span style=\"color: #000000;font-family: arial, helvetica, sans-serif;font-size: 10pt\">336h<\/span><\/td>\n<td style=\"height: 24px;text-align: center;vertical-align: middle\" width=\"142\"><span style=\"color: #000000;font-family: arial, helvetica, sans-serif;font-size: 10pt\">Bolsista<\/span><\/td>\n<\/tr>\n<tr style=\"height: 48px\">\n<td style=\"height: 48px;vertical-align: middle\" width=\"211\"><span style=\"color: #000000;font-family: arial, helvetica, sans-serif;font-size: 10pt\">Jeferson Jacob Arenzon<\/span><\/td>\n<td style=\"height: 48px\" width=\"311\"><span style=\"color: #000000;font-family: arial, helvetica, sans-serif;font-size: 10pt\">XVIII Semana Acad\u00eamica do Curso de Licenciatura em F\u00edsica<\/span><\/td>\n<td style=\"text-align: center;height: 48px;vertical-align: middle\" width=\"89\"><span style=\"color: #000000;font-family: arial, helvetica, sans-serif;font-size: 10pt\">03h<\/span><\/td>\n<td style=\"height: 48px;text-align: center;vertical-align: middle\" width=\"142\"><span style=\"color: #000000;font-family: arial, helvetica, sans-serif;font-size: 10pt\">Palestrante<\/span><\/td>\n<\/tr>\n<tr style=\"height: 48px\">\n<td style=\"height: 48px;vertical-align: middle\" width=\"211\"><span style=\"color: #000000;font-family: arial, helvetica, sans-serif;font-size: 10pt\">Jeferson Pires de Vargas<\/span><\/td>\n<td style=\"height: 48px\" width=\"311\"><span style=\"color: #000000;font-family: arial, helvetica, sans-serif;font-size: 10pt\">XVIII Semana Acad\u00eamica do Curso de Licenciatura em F\u00edsica<\/span><\/td>\n<td style=\"text-align: center;height: 48px;vertical-align: middle\" width=\"89\"><span style=\"color: #000000;font-family: arial, helvetica, sans-serif;font-size: 10pt\">40h<\/span><\/td>\n<td style=\"height: 48px;text-align: center;vertical-align: middle\" width=\"142\"><span style=\"color: #000000;font-family: arial, helvetica, sans-serif;font-size: 10pt\">Ouvinte<\/span><\/td>\n<\/tr>\n<tr style=\"height: 24px\">\n<td style=\"height: 24px;vertical-align: middle\" width=\"211\"><span style=\"color: #000000;font-family: arial, helvetica, sans-serif;font-size: 10pt\">Jerusa da Silveira Azambuja Silva<\/span><\/td>\n<td style=\"height: 24px\" width=\"311\"><span style=\"color: #000000;font-family: arial, helvetica, sans-serif;font-size: 10pt\">V semin\u00e1rio de Ensino de F\u00edsica<\/span><\/td>\n<td style=\"text-align: center;height: 24px;vertical-align: middle\" width=\"89\"><span style=\"color: #000000;font-family: arial, helvetica, sans-serif;font-size: 10pt\">16h<\/span><\/td>\n<td style=\"height: 24px;text-align: center;vertical-align: middle\" width=\"142\"><span style=\"color: #000000;font-family: arial, helvetica, sans-serif;font-size: 10pt\">Participante<\/span><\/td>\n<\/tr>\n<tr style=\"height: 24px\">\n<td style=\"height: 24px;vertical-align: middle\" width=\"211\"><span style=\"color: #000000;font-family: arial, helvetica, sans-serif;font-size: 10pt\">Jo\u00e3o Alziro Herz da Jornada<\/span><\/td>\n<td style=\"height: 24px\" width=\"311\"><span style=\"color: #000000;font-family: arial, helvetica, sans-serif;font-size: 10pt\">III Semin\u00e1rio de Ensino de F\u00edsica<\/span><\/td>\n<td style=\"text-align: center;height: 24px;vertical-align: middle\" width=\"89\"><span style=\"color: #000000;font-family: arial, helvetica, sans-serif;font-size: 10pt\">24h<\/span><\/td>\n<td style=\"height: 24px;text-align: center;vertical-align: middle\" width=\"142\"><span style=\"color: #000000;font-family: arial, helvetica, sans-serif;font-size: 10pt\">Ministrante<\/span><\/td>\n<\/tr>\n<tr style=\"height: 48px\">\n<td style=\"height: 48px;vertical-align: middle\" width=\"211\"><span style=\"color: #000000;font-family: arial, helvetica, sans-serif;font-size: 10pt\">Jo\u00e3o Batista Harres<\/span><\/td>\n<td style=\"height: 48px\" width=\"311\"><span style=\"color: #000000;font-family: arial, helvetica, sans-serif;font-size: 10pt\">Semana Acad\u00eamica do Curso de Licenciatura Plena em F\u00edsica 1998<\/span><\/td>\n<td style=\"text-align: center;height: 48px;vertical-align: middle\" width=\"89\"><span style=\"color: #000000;font-family: arial, helvetica, sans-serif;font-size: 10pt\">02h<\/span><\/td>\n<td style=\"height: 48px;text-align: center;vertical-align: middle\" width=\"142\"><span style=\"color: #000000;font-family: arial, helvetica, sans-serif;font-size: 10pt\">Palestrante<\/span><\/td>\n<\/tr>\n<tr style=\"height: 48px\">\n<td style=\"height: 48px;vertical-align: middle\" width=\"211\"><span style=\"color: #000000;font-family: arial, helvetica, sans-serif;font-size: 10pt\">Jo\u00e3o Celeste Dias da Rosa<\/span><\/td>\n<td style=\"height: 48px\" width=\"311\"><span style=\"color: #000000;font-family: arial, helvetica, sans-serif;font-size: 10pt\">Projeto de Extens\u00e3o &#8220;Experimentando a F\u00edsica na Educa\u00e7\u00e3o de Jovens e Adultos&#8221;<\/span><\/td>\n<td style=\"text-align: center;height: 48px;vertical-align: middle\" width=\"89\"><span style=\"color: #000000;font-family: arial, helvetica, sans-serif;font-size: 10pt\">20h<\/span><\/td>\n<td style=\"height: 48px;text-align: center;vertical-align: middle\" width=\"142\"><span style=\"color: #000000;font-family: arial, helvetica, sans-serif;font-size: 10pt\">Participante<\/span><\/td>\n<\/tr>\n<tr style=\"height: 24px\">\n<td style=\"height: 24px;vertical-align: middle\" width=\"211\"><span style=\"color: #000000;font-family: arial, helvetica, sans-serif;font-size: 10pt\">Jo\u00e3o Cleber Modernel da Silveira<\/span><\/td>\n<td style=\"height: 24px\" width=\"311\"><span style=\"color: #000000;font-family: arial, helvetica, sans-serif;font-size: 10pt\">III Semin\u00e1rio de Ensino de F\u00edsica<\/span><\/td>\n<td style=\"text-align: center;height: 24px;vertical-align: middle\" width=\"89\"><span style=\"color: #000000;font-family: arial, helvetica, sans-serif;font-size: 10pt\">24h<\/span><\/td>\n<td style=\"height: 24px;text-align: center;vertical-align: middle\" width=\"142\"><span style=\"color: #000000;font-family: arial, helvetica, sans-serif;font-size: 10pt\">Participante<\/span><\/td>\n<\/tr>\n<tr style=\"height: 24px\">\n<td style=\"height: 24px;vertical-align: middle\" width=\"211\"><span style=\"color: #000000;font-family: arial, helvetica, sans-serif;font-size: 10pt\">Jo\u00e3o Ricardo da Rocha Bohrz<\/span><\/td>\n<td style=\"height: 24px\" width=\"311\"><span style=\"color: #000000;font-family: arial, helvetica, sans-serif;font-size: 10pt\">III Semin\u00e1rio de Ensino de F\u00edsica<\/span><\/td>\n<td style=\"text-align: center;height: 24px;vertical-align: middle\" width=\"89\"><span style=\"color: #000000;font-family: arial, helvetica, sans-serif;font-size: 10pt\">24h<\/span><\/td>\n<td style=\"height: 24px;text-align: center;vertical-align: middle\" width=\"142\"><span style=\"color: #000000;font-family: arial, helvetica, sans-serif;font-size: 10pt\">Participante<\/span><\/td>\n<\/tr>\n<tr style=\"height: 24px\">\n<td style=\"height: 24px;vertical-align: middle\" width=\"211\"><span style=\"color: #000000;font-family: arial, helvetica, sans-serif;font-size: 10pt\">Jo\u00e3o Roberto Bonjorno<\/span><\/td>\n<td style=\"height: 24px\" width=\"311\"><span style=\"color: #000000;font-family: arial, helvetica, sans-serif;font-size: 10pt\">V semin\u00e1rio de Ensino de F\u00edsica<\/span><\/td>\n<td style=\"text-align: center;height: 24px;vertical-align: middle\" width=\"89\"><span style=\"color: #000000;font-family: arial, helvetica, sans-serif;font-size: 10pt\">16h<\/span><\/td>\n<td style=\"height: 24px;text-align: center;vertical-align: middle\" width=\"142\"><span style=\"color: #000000;font-family: arial, helvetica, sans-serif;font-size: 10pt\">Ministrante<\/span><\/td>\n<\/tr>\n<tr style=\"height: 48px\">\n<td style=\"height: 48px;vertical-align: middle\" width=\"211\"><span style=\"color: #000000;font-family: arial, helvetica, sans-serif;font-size: 10pt\">Jo\u00e3o Sarkis Yunes<\/span><\/td>\n<td style=\"height: 48px\" width=\"311\"><span style=\"color: #000000;font-family: arial, helvetica, sans-serif;font-size: 10pt\">7\u00aa Semana Acad\u00eamica do Curso de Licenciatura em F\u00edsica<\/span><\/td>\n<td style=\"text-align: center;height: 48px;vertical-align: middle\" width=\"89\"><span style=\"color: #000000;font-family: arial, helvetica, sans-serif;font-size: 10pt\">02h<\/span><\/td>\n<td style=\"height: 48px;text-align: center;vertical-align: middle\" width=\"142\"><span style=\"color: #000000;font-family: arial, helvetica, sans-serif;font-size: 10pt\">Ministrante<\/span><\/td>\n<\/tr>\n<tr style=\"height: 24px\">\n<td style=\"height: 24px;vertical-align: middle\" width=\"211\"><span style=\"color: #000000;font-family: arial, helvetica, sans-serif;font-size: 10pt\">Jo\u00e3o Zanetic<\/span><\/td>\n<td style=\"height: 24px\" width=\"311\"><span style=\"color: #000000;font-family: arial, helvetica, sans-serif;font-size: 10pt\">V semin\u00e1rio de Ensino de F\u00edsica<\/span><\/td>\n<td style=\"text-align: center;height: 24px;vertical-align: middle\" width=\"89\"><span style=\"color: #000000;font-family: arial, helvetica, sans-serif;font-size: 10pt\">16h<\/span><\/td>\n<td style=\"height: 24px;text-align: center;vertical-align: middle\" width=\"142\"><span style=\"color: #000000;font-family: arial, helvetica, sans-serif;font-size: 10pt\">Ministrante<\/span><\/td>\n<\/tr>\n<tr style=\"height: 24px\">\n<td style=\"height: 24px;vertical-align: middle\" width=\"211\"><span style=\"color: #000000;font-family: arial, helvetica, sans-serif;font-size: 10pt\">Jociane Centeno Costa<\/span><\/td>\n<td style=\"height: 24px\" width=\"311\"><span style=\"color: #000000;font-family: arial, helvetica, sans-serif;font-size: 10pt\">V semin\u00e1rio de Ensino de F\u00edsica<\/span><\/td>\n<td style=\"text-align: center;height: 24px;vertical-align: middle\" width=\"89\"><span style=\"color: #000000;font-family: arial, helvetica, sans-serif;font-size: 10pt\">16h<\/span><\/td>\n<td style=\"height: 24px;text-align: center;vertical-align: middle\" width=\"142\"><span style=\"color: #000000;font-family: arial, helvetica, sans-serif;font-size: 10pt\">Participante<\/span><\/td>\n<\/tr>\n<tr style=\"height: 24px\">\n<td style=\"height: 24px;vertical-align: middle\" width=\"211\"><span style=\"color: #000000;font-family: arial, helvetica, sans-serif;font-size: 10pt\">Jonat\u00e3 Danemberg Machado<\/span><\/td>\n<td style=\"height: 24px\" width=\"311\"><span style=\"color: #000000;font-family: arial, helvetica, sans-serif;font-size: 10pt\">XI Semana Acad\u00eamica da F\u00edsica<\/span><\/td>\n<td style=\"text-align: center;height: 24px;vertical-align: middle\" width=\"89\"><span style=\"color: #000000;font-family: arial, helvetica, sans-serif;font-size: 10pt\">12h<\/span><\/td>\n<td style=\"height: 24px;text-align: center;vertical-align: middle\" width=\"142\"><span style=\"color: #000000;font-family: arial, helvetica, sans-serif;font-size: 10pt\">Participante<\/span><\/td>\n<\/tr>\n<tr style=\"height: 48px\">\n<td style=\"height: 48px;vertical-align: middle\" width=\"211\"><span style=\"color: #000000;font-family: arial, helvetica, sans-serif;font-size: 10pt\">Jorge Alberto Quillfeldt<\/span><\/td>\n<td style=\"height: 48px\" width=\"311\"><span style=\"color: #000000;font-family: arial, helvetica, sans-serif;font-size: 10pt\">XVIII Semana Acad\u00eamica do Curso de Licenciatura em F\u00edsica<\/span><\/td>\n<td style=\"text-align: center;height: 48px;vertical-align: middle\" width=\"89\"><span style=\"color: #000000;font-family: arial, helvetica, sans-serif;font-size: 10pt\">03h<\/span><\/td>\n<td style=\"height: 48px;text-align: center;vertical-align: middle\" width=\"142\"><span style=\"color: #000000;font-family: arial, helvetica, sans-serif;font-size: 10pt\">Palestrante<\/span><\/td>\n<\/tr>\n<tr style=\"height: 24px\">\n<td style=\"height: 24px;vertical-align: middle\" width=\"211\"><span style=\"color: #000000;font-family: arial, helvetica, sans-serif;font-size: 10pt\">Jos\u00e9 Antonio Cardoso Louzada<\/span><\/td>\n<td style=\"height: 24px\" width=\"311\"><span style=\"color: #000000;font-family: arial, helvetica, sans-serif;font-size: 10pt\">II Semin\u00e1rio de Ensino de F\u00edsica<\/span><\/td>\n<td style=\"text-align: center;height: 24px;vertical-align: middle\" width=\"89\"><span style=\"color: #000000;font-family: arial, helvetica, sans-serif;font-size: 10pt\">24h<\/span><\/td>\n<td style=\"height: 24px;text-align: center;vertical-align: middle\" width=\"142\"><span style=\"color: #000000;font-family: arial, helvetica, sans-serif;font-size: 10pt\">Participante<\/span><\/td>\n<\/tr>\n<tr style=\"height: 24px\">\n<td style=\"height: 24px;vertical-align: middle\" width=\"211\"><span style=\"color: #000000;font-family: arial, helvetica, sans-serif;font-size: 10pt\">Jos\u00e9 Antonio Fr\u00f3es Petrucci<\/span><\/td>\n<td style=\"height: 24px\" width=\"311\"><span style=\"color: #000000;font-family: arial, helvetica, sans-serif;font-size: 10pt\">V semin\u00e1rio de Ensino de F\u00edsica<\/span><\/td>\n<td style=\"text-align: center;height: 24px;vertical-align: middle\" width=\"89\"><span style=\"color: #000000;font-family: arial, helvetica, sans-serif;font-size: 10pt\">16h<\/span><\/td>\n<td style=\"height: 24px;text-align: center;vertical-align: middle\" width=\"142\"><span style=\"color: #000000;font-family: arial, helvetica, sans-serif;font-size: 10pt\">Participante<\/span><\/td>\n<\/tr>\n<tr style=\"height: 24px\">\n<td style=\"height: 24px;vertical-align: middle\" width=\"211\"><span style=\"color: #000000;font-family: arial, helvetica, sans-serif;font-size: 10pt\">Jos\u00e9 Francisco Dias da Fonseca<\/span><\/td>\n<td style=\"height: 24px\" width=\"311\"><span style=\"color: #000000;font-family: arial, helvetica, sans-serif;font-size: 10pt\">PIBID<\/span><\/td>\n<td style=\"text-align: center;height: 24px;vertical-align: middle\" width=\"89\"><span style=\"color: #000000;font-family: arial, helvetica, sans-serif;font-size: 10pt\">12h\/sem.<\/span><\/td>\n<td style=\"height: 24px;text-align: center;vertical-align: middle\" width=\"142\"><span style=\"color: #000000;font-family: arial, helvetica, sans-serif;font-size: 10pt\">Bolsista<\/span><\/td>\n<\/tr>\n<tr style=\"height: 48px\">\n<td style=\"height: 48px;vertical-align: middle\" width=\"211\"><span style=\"color: #000000;font-family: arial, helvetica, sans-serif;font-size: 10pt\">Jos\u00e9 Freitas de Abreu<\/span><\/td>\n<td style=\"height: 48px\" width=\"311\"><span style=\"color: #000000;font-family: arial, helvetica, sans-serif;font-size: 10pt\">Projeto de Extens\u00e3o &#8220;Oficinas de F\u00edsica&#8221;<\/span><\/td>\n<td style=\"text-align: center;height: 48px;vertical-align: middle\" width=\"89\"><span style=\"color: #000000;font-family: arial, helvetica, sans-serif;font-size: 10pt\">72h<\/span><\/td>\n<td style=\"height: 48px;text-align: center;vertical-align: middle\" width=\"142\"><span style=\"color: #000000;font-family: arial, helvetica, sans-serif;font-size: 10pt\">Organizador e Colaborador<\/span><\/td>\n<\/tr>\n<tr style=\"height: 48px\">\n<td style=\"height: 48px;vertical-align: middle\" width=\"211\"><span style=\"color: #000000;font-family: arial, helvetica, sans-serif;font-size: 10pt\">Jos\u00e9 Irineu Kunrath<\/span><\/td>\n<td style=\"height: 48px\" width=\"311\"><span style=\"color: #000000;font-family: arial, helvetica, sans-serif;font-size: 10pt\">Semana Acad\u00eamica do Curso de Licenciatura Plena em F\u00edsica 1998<\/span><\/td>\n<td style=\"text-align: center;height: 48px;vertical-align: middle\" width=\"89\"><span style=\"color: #000000;font-family: arial, helvetica, sans-serif;font-size: 10pt\">02h<\/span><\/td>\n<td style=\"height: 48px;text-align: center;vertical-align: middle\" width=\"142\"><span style=\"color: #000000;font-family: arial, helvetica, sans-serif;font-size: 10pt\">Palestrante<\/span><\/td>\n<\/tr>\n<tr style=\"height: 48px\">\n<td style=\"height: 48px;vertical-align: middle\" width=\"211\"><span style=\"color: #000000;font-family: arial, helvetica, sans-serif;font-size: 10pt\">Jos\u00e9 Irineu Kunrath<\/span><\/td>\n<td style=\"height: 48px\" width=\"311\"><span style=\"color: #000000;font-family: arial, helvetica, sans-serif;font-size: 10pt\">Semana Acad\u00eamica do Curso de Licenciatura Plena em F\u00edsica 1999<\/span><\/td>\n<td style=\"text-align: center;height: 48px;vertical-align: middle\" width=\"89\"><span style=\"color: #000000;font-family: arial, helvetica, sans-serif;font-size: 10pt\">02h<\/span><\/td>\n<td style=\"height: 48px;text-align: center;vertical-align: middle\" width=\"142\"><span style=\"color: #000000;font-family: arial, helvetica, sans-serif;font-size: 10pt\">Palestrante<\/span><\/td>\n<\/tr>\n<tr style=\"height: 48px\">\n<td style=\"height: 48px;vertical-align: middle\" width=\"211\"><span style=\"color: #000000;font-family: arial, helvetica, sans-serif;font-size: 10pt\">Jos\u00e9 Irineu Kunrath<\/span><\/td>\n<td style=\"height: 48px\" width=\"311\"><span style=\"color: #000000;font-family: arial, helvetica, sans-serif;font-size: 10pt\">Semana Acad\u00eamica do Curso de Licenciatura Plena em F\u00edsica 2000<\/span><\/td>\n<td style=\"text-align: center;height: 48px;vertical-align: middle\" width=\"89\"><span style=\"color: #000000;font-family: arial, helvetica, sans-serif;font-size: 10pt\">02h<\/span><\/td>\n<td style=\"height: 48px;text-align: center;vertical-align: middle\" width=\"142\"><span style=\"color: #000000;font-family: arial, helvetica, sans-serif;font-size: 10pt\">Palestrante<\/span><\/td>\n<\/tr>\n<tr style=\"height: 24px\">\n<td style=\"height: 24px;vertical-align: middle\" width=\"211\"><span style=\"color: #000000;font-family: arial, helvetica, sans-serif;font-size: 10pt\">Jos\u00e9 M\u00e1rio Moura Matos<\/span><\/td>\n<td style=\"height: 24px\" width=\"311\"><span style=\"color: #000000;font-family: arial, helvetica, sans-serif;font-size: 10pt\">III Semin\u00e1rio de Ensino de F\u00edsica<\/span><\/td>\n<td style=\"text-align: center;height: 24px;vertical-align: middle\" width=\"89\"><span style=\"color: #000000;font-family: arial, helvetica, sans-serif;font-size: 10pt\">24h<\/span><\/td>\n<td style=\"height: 24px;text-align: center;vertical-align: middle\" width=\"142\"><span style=\"color: #000000;font-family: arial, helvetica, sans-serif;font-size: 10pt\">Participante<\/span><\/td>\n<\/tr>\n<tr style=\"height: 48px\">\n<td style=\"height: 48px;vertical-align: middle\" width=\"211\"><span style=\"color: #000000;font-family: arial, helvetica, sans-serif;font-size: 10pt\">Jos\u00e9 Paulo de Campos Gon\u00e7alves<\/span><\/td>\n<td style=\"height: 48px\" width=\"311\"><span style=\"color: #000000;font-family: arial, helvetica, sans-serif;font-size: 10pt\">Projeto de Ensino &#8220;T\u00d3PICOS DE F\u00cdSICA CONTEMPOR\u00c2NEA&#8221;<\/span><\/td>\n<td style=\"text-align: center;height: 48px;vertical-align: middle\" width=\"89\"><span style=\"color: #000000;font-family: arial, helvetica, sans-serif;font-size: 10pt\">05h<\/span><\/td>\n<td style=\"height: 48px;text-align: center;vertical-align: middle\" width=\"142\"><span style=\"color: #000000;font-family: arial, helvetica, sans-serif;font-size: 10pt\">Participante<\/span><\/td>\n<\/tr>\n<tr style=\"height: 48px\">\n<td style=\"height: 48px;vertical-align: middle\" width=\"211\"><span style=\"color: #000000;font-family: arial, helvetica, sans-serif;font-size: 10pt\">Jos\u00e9 Pl\u00ednio Guimar\u00e3es<\/span><\/td>\n<td style=\"height: 48px\" width=\"311\"><span style=\"color: #000000;font-family: arial, helvetica, sans-serif;font-size: 10pt\">7\u00aa Semana Acad\u00eamica do Curso de Licenciatura em F\u00edsica<\/span><\/td>\n<td style=\"text-align: center;height: 48px;vertical-align: middle\" width=\"89\"><span style=\"color: #000000;font-family: arial, helvetica, sans-serif;font-size: 10pt\">02h<\/span><\/td>\n<td style=\"height: 48px;text-align: center;vertical-align: middle\" width=\"142\"><span style=\"color: #000000;font-family: arial, helvetica, sans-serif;font-size: 10pt\">Ministrante<\/span><\/td>\n<\/tr>\n<tr style=\"height: 48px\">\n<td style=\"height: 48px;vertical-align: middle\" width=\"211\"><span style=\"color: #000000;font-family: arial, helvetica, sans-serif;font-size: 10pt\">Josefer de Lima Souza<\/span><\/td>\n<td style=\"height: 48px\" width=\"311\"><span style=\"color: #000000;font-family: arial, helvetica, sans-serif;font-size: 10pt\">XIV Semana Acad\u00eamica do Curso de Licenciatura em F\u00edsica<\/span><\/td>\n<td style=\"text-align: center;height: 48px;vertical-align: middle\" width=\"89\"><span style=\"color: #000000;font-family: arial, helvetica, sans-serif;font-size: 10pt\">40h<\/span><\/td>\n<td style=\"height: 48px;text-align: center;vertical-align: middle\" width=\"142\"><span style=\"color: #000000;font-family: arial, helvetica, sans-serif;font-size: 10pt\">Participante<\/span><\/td>\n<\/tr>\n<tr style=\"height: 48px\">\n<td style=\"height: 48px;vertical-align: middle\" width=\"211\"><span style=\"color: #000000;font-family: arial, helvetica, sans-serif;font-size: 10pt\">Josiane Sampaio Donini<\/span><\/td>\n<td style=\"height: 48px\" width=\"311\"><span style=\"color: #000000;font-family: arial, helvetica, sans-serif;font-size: 10pt\">Curso &#8220;F\u00edsica no Ensino M\u00e9dio: (re)construindo conceitos&#8221;<\/span><\/td>\n<td style=\"text-align: center;height: 48px;vertical-align: middle\" width=\"89\"><span style=\"color: #000000;font-family: arial, helvetica, sans-serif;font-size: 10pt\">34h<\/span><\/td>\n<td style=\"height: 48px;text-align: center;vertical-align: middle\" width=\"142\"><span style=\"color: #000000;font-family: arial, helvetica, sans-serif;font-size: 10pt\">Participante<\/span><\/td>\n<\/tr>\n<tr style=\"height: 48px\">\n<td style=\"height: 48px;vertical-align: middle\" width=\"211\"><span style=\"color: #000000;font-family: arial, helvetica, sans-serif;font-size: 10pt\">Julia Pereira Terra<\/span><\/td>\n<td style=\"height: 48px\" width=\"311\"><span style=\"color: #000000;font-family: arial, helvetica, sans-serif;font-size: 10pt\">XIV Semana Acad\u00eamica do Curso de Licenciatura em F\u00edsica<\/span><\/td>\n<td style=\"text-align: center;height: 48px;vertical-align: middle\" width=\"89\"><span style=\"color: #000000;font-family: arial, helvetica, sans-serif;font-size: 10pt\">40h<\/span><\/td>\n<td style=\"height: 48px;text-align: center;vertical-align: middle\" width=\"142\"><span style=\"color: #000000;font-family: arial, helvetica, sans-serif;font-size: 10pt\">Participante<\/span><\/td>\n<\/tr>\n<tr style=\"height: 72px\">\n<td style=\"height: 72px;vertical-align: middle\" width=\"211\"><span style=\"color: #000000;font-family: arial, helvetica, sans-serif;font-size: 10pt\">Juliana George Suliman<\/span><\/td>\n<td style=\"height: 72px\" width=\"311\"><span style=\"color: #000000;font-family: arial, helvetica, sans-serif;font-size: 10pt\">Projeto de Ensino &#8220;O Aprendizado de Astronomia e das Ci\u00eancias Afins com a Media\u00e7\u00e3o da Observa\u00e7\u00e3o Rudimentar e da Imagem Astron\u00f4mica<\/span><\/td>\n<td style=\"text-align: center;height: 72px;vertical-align: middle\" width=\"89\"><span style=\"color: #000000;font-family: arial, helvetica, sans-serif;font-size: 10pt\">10h<\/span><\/td>\n<td style=\"height: 72px;text-align: center;vertical-align: middle\" width=\"142\"><span style=\"color: #000000;font-family: arial, helvetica, sans-serif;font-size: 10pt\">Participante<\/span><\/td>\n<\/tr>\n<tr style=\"height: 48px\">\n<td style=\"height: 48px;vertical-align: middle\" width=\"211\"><span style=\"color: #000000;font-family: arial, helvetica, sans-serif;font-size: 10pt\">Juliana Sara\u00e7ol Sassi<\/span><\/td>\n<td style=\"height: 48px\" width=\"311\"><span style=\"color: #000000;font-family: arial, helvetica, sans-serif;font-size: 10pt\">Projeto de Ensino &#8220;Mini-curso Introdut\u00f3rio \u00e0 F\u00edsica de Nano-Estruturas e Nanotecnologia&#8221;<\/span><\/td>\n<td style=\"text-align: center;height: 48px;vertical-align: middle\" width=\"89\"><span style=\"color: #000000;font-family: arial, helvetica, sans-serif;font-size: 10pt\">10h<\/span><\/td>\n<td style=\"height: 48px;text-align: center;vertical-align: middle\" width=\"142\"><span style=\"color: #000000;font-family: arial, helvetica, sans-serif;font-size: 10pt\">Participante<\/span><\/td>\n<\/tr>\n<tr style=\"height: 48px\">\n<td style=\"height: 48px;vertical-align: middle\" width=\"211\"><span style=\"color: #000000;font-family: arial, helvetica, sans-serif;font-size: 10pt\">Juliane Blass da Silva<\/span><\/td>\n<td style=\"height: 48px\" width=\"311\"><span style=\"color: #000000;font-family: arial, helvetica, sans-serif;font-size: 10pt\">Projeto de Ensino &#8220;T\u00d3PICOS DE F\u00cdSICA CONTEMPOR\u00c2NEA&#8221;<\/span><\/td>\n<td style=\"text-align: center;height: 48px;vertical-align: middle\" width=\"89\"><span style=\"color: #000000;font-family: arial, helvetica, sans-serif;font-size: 10pt\">05h<\/span><\/td>\n<td style=\"height: 48px;text-align: center;vertical-align: middle\" width=\"142\"><span style=\"color: #000000;font-family: arial, helvetica, sans-serif;font-size: 10pt\">Participante<\/span><\/td>\n<\/tr>\n<tr style=\"height: 72px\">\n<td style=\"height: 72px;vertical-align: middle\" width=\"211\"><span style=\"color: #000000;font-family: arial, helvetica, sans-serif;font-size: 10pt\">Juliane Blass da Silva<\/span><\/td>\n<td style=\"height: 72px\" width=\"311\"><span style=\"color: #000000;font-family: arial, helvetica, sans-serif;font-size: 10pt\">XIV Semana Acad\u00eamica do Curso de Licenciatura em F\u00edsica<\/span><\/td>\n<td style=\"text-align: center;height: 72px;vertical-align: middle\" width=\"89\"><span style=\"color: #000000;font-family: arial, helvetica, sans-serif;font-size: 10pt\">50h<\/span><\/td>\n<td style=\"height: 72px;text-align: center;vertical-align: middle\" width=\"142\"><span style=\"color: #000000;font-family: arial, helvetica, sans-serif;font-size: 10pt\">Membro da Comiss\u00e3o Organizadora e Participante<\/span><\/td>\n<\/tr>\n<tr style=\"height: 48px\">\n<td style=\"height: 48px;vertical-align: middle\" width=\"211\"><span style=\"color: #000000;font-family: arial, helvetica, sans-serif;font-size: 10pt\">J\u00falio C\u00e9sar Bento Ribeiro<\/span><\/td>\n<td style=\"height: 48px\" width=\"311\"><span style=\"color: #000000;font-family: arial, helvetica, sans-serif;font-size: 10pt\">7\u00aa Semana Acad\u00eamica do Curso de Licenciatura em F\u00edsica<\/span><\/td>\n<td style=\"text-align: center;height: 48px;vertical-align: middle\" width=\"89\"><span style=\"color: #000000;font-family: arial, helvetica, sans-serif;font-size: 10pt\">40h<\/span><\/td>\n<td style=\"height: 48px;text-align: center;vertical-align: middle\" width=\"142\"><span style=\"color: #000000;font-family: arial, helvetica, sans-serif;font-size: 10pt\">Participante<\/span><\/td>\n<\/tr>\n<tr style=\"height: 48px\">\n<td style=\"height: 48px;vertical-align: middle\" width=\"211\"><span style=\"color: #000000;font-family: arial, helvetica, sans-serif;font-size: 10pt\">Kelly Nunes Rover\u00e9<\/span><\/td>\n<td style=\"height: 48px\" width=\"311\"><span style=\"color: #000000;font-family: arial, helvetica, sans-serif;font-size: 10pt\">XV Semana Acad\u00eamica do Curso de Licenciatura em F\u00edsica<\/span><\/td>\n<td style=\"text-align: center;height: 48px;vertical-align: middle\" width=\"89\"><span style=\"color: #000000;font-family: arial, helvetica, sans-serif;font-size: 10pt\">40h<\/span><\/td>\n<td style=\"height: 48px;text-align: center;vertical-align: middle\" width=\"142\"><span style=\"color: #000000;font-family: arial, helvetica, sans-serif;font-size: 10pt\">Participante<\/span><\/td>\n<\/tr>\n<tr style=\"height: 48px\">\n<td style=\"height: 48px;vertical-align: middle\" width=\"211\"><span style=\"color: #000000;font-family: arial, helvetica, sans-serif;font-size: 10pt\">K\u00eannia Maria Kunde<\/span><\/td>\n<td style=\"height: 48px\" width=\"311\"><span style=\"color: #000000;font-family: arial, helvetica, sans-serif;font-size: 10pt\">Projeto de Ensino &#8220;Mini-curso Introdut\u00f3rio \u00e0 F\u00edsica de Nano-Estruturas e Nanotecnologia&#8221;<\/span><\/td>\n<td style=\"text-align: center;height: 48px;vertical-align: middle\" width=\"89\"><span style=\"color: #000000;font-family: arial, helvetica, sans-serif;font-size: 10pt\">10h<\/span><\/td>\n<td style=\"height: 48px;text-align: center;vertical-align: middle\" width=\"142\"><span style=\"color: #000000;font-family: arial, helvetica, sans-serif;font-size: 10pt\">Participante<\/span><\/td>\n<\/tr>\n<tr style=\"height: 24px\">\n<td style=\"height: 24px;vertical-align: middle\" width=\"211\"><span style=\"color: #000000;font-family: arial, helvetica, sans-serif;font-size: 10pt\">La\u00eds Mello dos Santos<\/span><\/td>\n<td style=\"height: 24px\" width=\"311\"><span style=\"color: #000000;font-family: arial, helvetica, sans-serif;font-size: 10pt\">Projeto de Ensino &#8220;CINE-LEITURAS&#8221;<\/span><\/td>\n<td style=\"text-align: center;height: 24px;vertical-align: middle\" width=\"89\"><span style=\"color: #000000;font-family: arial, helvetica, sans-serif;font-size: 10pt\">10h<\/span><\/td>\n<td style=\"height: 24px;text-align: center;vertical-align: middle\" width=\"142\"><span style=\"color: #000000;font-family: arial, helvetica, sans-serif;font-size: 10pt\">Participante<\/span><\/td>\n<\/tr>\n<tr style=\"height: 48px\">\n<td style=\"height: 48px;vertical-align: middle\" width=\"211\"><span style=\"color: #000000;font-family: arial, helvetica, sans-serif;font-size: 10pt\">La\u00eds Mello dos Santos<\/span><\/td>\n<td style=\"height: 48px\" width=\"311\"><span style=\"color: #000000;font-family: arial, helvetica, sans-serif;font-size: 10pt\">Projeto de Ensino &#8220;T\u00d3PICOS DE F\u00cdSICA CONTEMPOR\u00c2NEA&#8221;<\/span><\/td>\n<td style=\"text-align: center;height: 48px;vertical-align: middle\" width=\"89\"><span style=\"color: #000000;font-family: arial, helvetica, sans-serif;font-size: 10pt\">05h<\/span><\/td>\n<td style=\"height: 48px;text-align: center;vertical-align: middle\" width=\"142\"><span style=\"color: #000000;font-family: arial, helvetica, sans-serif;font-size: 10pt\">Participante<\/span><\/td>\n<\/tr>\n<tr style=\"height: 48px\">\n<td style=\"height: 48px;vertical-align: middle\" width=\"211\"><span style=\"color: #000000;font-family: arial, helvetica, sans-serif;font-size: 10pt\">La\u00eds San Martins Schmalfuss<\/span><\/td>\n<td style=\"height: 48px\" width=\"311\"><span style=\"color: #000000;font-family: arial, helvetica, sans-serif;font-size: 10pt\">Projeto de Ensino &#8220;T\u00d3PICOS DE F\u00cdSICA CONTEMPOR\u00c2NEA&#8221;<\/span><\/td>\n<td style=\"text-align: center;height: 48px;vertical-align: middle\" width=\"89\"><span style=\"color: #000000;font-family: arial, helvetica, sans-serif;font-size: 10pt\">05h<\/span><\/td>\n<td style=\"height: 48px;text-align: center;vertical-align: middle\" width=\"142\"><span style=\"color: #000000;font-family: arial, helvetica, sans-serif;font-size: 10pt\">Participante<\/span><\/td>\n<\/tr>\n<tr style=\"height: 24px\">\n<td style=\"height: 24px;vertical-align: middle\" width=\"211\"><span style=\"color: #000000;font-family: arial, helvetica, sans-serif;font-size: 10pt\">Lande Vieira J\u00fanior<\/span><\/td>\n<td style=\"height: 24px\" width=\"311\"><span style=\"color: #000000;font-family: arial, helvetica, sans-serif;font-size: 10pt\">IX Semana Acad\u00eamica da F\u00edsica<\/span><\/td>\n<td style=\"text-align: center;height: 24px;vertical-align: middle\" width=\"89\"><span style=\"color: #000000;font-family: arial, helvetica, sans-serif;font-size: 10pt\">02h<\/span><\/td>\n<td style=\"height: 24px;text-align: center;vertical-align: middle\" width=\"142\"><span style=\"color: #000000;font-family: arial, helvetica, sans-serif;font-size: 10pt\">Ministrante<\/span><\/td>\n<\/tr>\n<tr style=\"height: 48px\">\n<td style=\"height: 48px;vertical-align: middle\" width=\"211\"><span style=\"color: #000000;font-family: arial, helvetica, sans-serif;font-size: 10pt\">Larissa Lopes Zimmermann<\/span><\/td>\n<td style=\"height: 48px\" width=\"311\"><span style=\"color: #000000;font-family: arial, helvetica, sans-serif;font-size: 10pt\">XIV Semana Acad\u00eamica do Curso de Licenciatura em F\u00edsica<\/span><\/td>\n<td style=\"text-align: center;height: 48px;vertical-align: middle\" width=\"89\"><span style=\"color: #000000;font-family: arial, helvetica, sans-serif;font-size: 10pt\">40h<\/span><\/td>\n<td style=\"height: 48px;text-align: center;vertical-align: middle\" width=\"142\"><span style=\"color: #000000;font-family: arial, helvetica, sans-serif;font-size: 10pt\">Participante<\/span><\/td>\n<\/tr>\n<tr style=\"height: 48px\">\n<td style=\"height: 48px;vertical-align: middle\" width=\"211\"><span style=\"color: #000000;font-family: arial, helvetica, sans-serif;font-size: 10pt\">Larissa Lopes Zimmermann<\/span><\/td>\n<td style=\"height: 48px\" width=\"311\"><span style=\"color: #000000;font-family: arial, helvetica, sans-serif;font-size: 10pt\">XVI Semana Acad\u00eamica do Curso de Licenciatura em F\u00edsica<\/span><\/td>\n<td style=\"text-align: center;height: 48px;vertical-align: middle\" width=\"89\"><span style=\"color: #000000;font-family: arial, helvetica, sans-serif;font-size: 10pt\">40h<\/span><\/td>\n<td style=\"height: 48px;text-align: center;vertical-align: middle\" width=\"142\"><span style=\"color: #000000;font-family: arial, helvetica, sans-serif;font-size: 10pt\">Participante<\/span><\/td>\n<\/tr>\n<tr style=\"height: 48px\">\n<td style=\"height: 48px;vertical-align: middle\" width=\"211\"><span style=\"color: #000000;font-family: arial, helvetica, sans-serif;font-size: 10pt\">Laura Rausch<\/span><\/td>\n<td style=\"height: 48px\" width=\"311\"><span style=\"color: #000000;font-family: arial, helvetica, sans-serif;font-size: 10pt\">Semana Acad\u00eamica do Curso de Licenciatura Plena em F\u00edsica 1998<\/span><\/td>\n<td style=\"text-align: center;height: 48px;vertical-align: middle\" width=\"89\"><span style=\"color: #000000;font-family: arial, helvetica, sans-serif;font-size: 10pt\">40h<\/span><\/td>\n<td style=\"height: 48px;text-align: center;vertical-align: middle\" width=\"142\"><span style=\"color: #000000;font-family: arial, helvetica, sans-serif;font-size: 10pt\">Participante<\/span><\/td>\n<\/tr>\n<tr style=\"height: 24px\">\n<td style=\"height: 24px;vertical-align: middle\" width=\"211\"><span style=\"color: #000000;font-family: arial, helvetica, sans-serif;font-size: 10pt\">Lea Maria Rozales Ramis<\/span><\/td>\n<td style=\"height: 24px\" width=\"311\"><span style=\"color: #000000;font-family: arial, helvetica, sans-serif;font-size: 10pt\">III Semin\u00e1rio de Ensino de F\u00edsica<\/span><\/td>\n<td style=\"text-align: center;height: 24px;vertical-align: middle\" width=\"89\"><span style=\"color: #000000;font-family: arial, helvetica, sans-serif;font-size: 10pt\">24h<\/span><\/td>\n<td style=\"height: 24px;text-align: center;vertical-align: middle\" width=\"142\"><span style=\"color: #000000;font-family: arial, helvetica, sans-serif;font-size: 10pt\">Participante<\/span><\/td>\n<\/tr>\n<tr style=\"height: 24px\">\n<td style=\"height: 24px;vertical-align: middle\" width=\"211\"><span style=\"color: #000000;font-family: arial, helvetica, sans-serif;font-size: 10pt\">Lea Maria Rozales Ramis<\/span><\/td>\n<td style=\"height: 24px\" width=\"311\"><span style=\"color: #000000;font-family: arial, helvetica, sans-serif;font-size: 10pt\">V semin\u00e1rio de Ensino de F\u00edsica<\/span><\/td>\n<td style=\"text-align: center;height: 24px;vertical-align: middle\" width=\"89\"><span style=\"color: #000000;font-family: arial, helvetica, sans-serif;font-size: 10pt\">16h<\/span><\/td>\n<td style=\"height: 24px;text-align: center;vertical-align: middle\" width=\"142\"><span style=\"color: #000000;font-family: arial, helvetica, sans-serif;font-size: 10pt\">Participante<\/span><\/td>\n<\/tr>\n<tr style=\"height: 48px\">\n<td style=\"height: 48px;vertical-align: middle\" width=\"211\"><span style=\"color: #000000;font-family: arial, helvetica, sans-serif;font-size: 10pt\">Leandro Hellwig<\/span><\/td>\n<td style=\"height: 48px\" width=\"311\"><span style=\"color: #000000;font-family: arial, helvetica, sans-serif;font-size: 10pt\">Encontro &#8220;F\u00edsica para o 2\u00ba Grau: Apoio aos Alunos das Escolas P\u00fablicas&#8221;<\/span><\/td>\n<td style=\"text-align: center;height: 48px;vertical-align: middle\" width=\"89\"><span style=\"color: #000000;font-family: arial, helvetica, sans-serif;font-size: 10pt\">180h<\/span><\/td>\n<td style=\"height: 48px;text-align: center;vertical-align: middle\" width=\"142\"><span style=\"color: #000000;font-family: arial, helvetica, sans-serif;font-size: 10pt\">Ministrante<\/span><\/td>\n<\/tr>\n<tr style=\"height: 24px\">\n<td style=\"height: 24px;vertical-align: middle\" width=\"211\"><span style=\"color: #000000;font-family: arial, helvetica, sans-serif;font-size: 10pt\">Leandro Hellwig<\/span><\/td>\n<td style=\"height: 24px\" width=\"311\"><span style=\"color: #000000;font-family: arial, helvetica, sans-serif;font-size: 10pt\">Grupo PET-F\u00edsica<\/span><\/td>\n<td style=\"text-align: center;height: 24px;vertical-align: middle\" width=\"89\"><span style=\"color: #000000;font-family: arial, helvetica, sans-serif;font-size: 10pt\">576h<\/span><\/td>\n<td style=\"height: 24px;text-align: center;vertical-align: middle\" width=\"142\"><span style=\"color: #000000;font-family: arial, helvetica, sans-serif;font-size: 10pt\">Bolsista<\/span><\/td>\n<\/tr>\n<tr style=\"height: 48px\">\n<td style=\"height: 48px;vertical-align: middle\" width=\"211\"><span style=\"color: #000000;font-family: arial, helvetica, sans-serif;font-size: 10pt\">Leonardo Ribeiro Paraiso Araujo<\/span><\/td>\n<td style=\"height: 48px\" width=\"311\"><span style=\"color: #000000;font-family: arial, helvetica, sans-serif;font-size: 10pt\">Projeto de Ensino &#8220;T\u00d3PICOS DE F\u00cdSICA CONTEMPOR\u00c2NEA&#8221;<\/span><\/td>\n<td style=\"text-align: center;height: 48px;vertical-align: middle\" width=\"89\"><span style=\"color: #000000;font-family: arial, helvetica, sans-serif;font-size: 10pt\">05h<\/span><\/td>\n<td style=\"height: 48px;text-align: center;vertical-align: middle\" width=\"142\"><span style=\"color: #000000;font-family: arial, helvetica, sans-serif;font-size: 10pt\">Participante<\/span><\/td>\n<\/tr>\n<tr style=\"height: 24px\">\n<td style=\"height: 24px;vertical-align: middle\" width=\"211\"><span style=\"color: #000000;font-family: arial, helvetica, sans-serif;font-size: 10pt\">Leonardo Santos Martinez<\/span><\/td>\n<td style=\"height: 24px\" width=\"311\"><span style=\"color: #000000;font-family: arial, helvetica, sans-serif;font-size: 10pt\">III Semin\u00e1rio de Ensino de F\u00edsica<\/span><\/td>\n<td style=\"text-align: center;height: 24px;vertical-align: middle\" width=\"89\"><span style=\"color: #000000;font-family: arial, helvetica, sans-serif;font-size: 10pt\">24h<\/span><\/td>\n<td style=\"height: 24px;text-align: center;vertical-align: middle\" width=\"142\"><span style=\"color: #000000;font-family: arial, helvetica, sans-serif;font-size: 10pt\">Participante<\/span><\/td>\n<\/tr>\n<tr style=\"height: 48px\">\n<td style=\"height: 48px;vertical-align: middle\" width=\"211\"><span style=\"color: #000000;font-family: arial, helvetica, sans-serif;font-size: 10pt\">Leopoldo Oliveira<\/span><\/td>\n<td style=\"height: 48px\" width=\"311\"><span style=\"color: #000000;font-family: arial, helvetica, sans-serif;font-size: 10pt\">XV Semana Acad\u00eamica do Curso de Licenciatura em F\u00edsica<\/span><\/td>\n<td style=\"text-align: center;height: 48px;vertical-align: middle\" width=\"89\"><span style=\"color: #000000;font-family: arial, helvetica, sans-serif;font-size: 10pt\">02h<\/span><\/td>\n<td style=\"height: 48px;text-align: center;vertical-align: middle\" width=\"142\"><span style=\"color: #000000;font-family: arial, helvetica, sans-serif;font-size: 10pt\">Ministrante<\/span><\/td>\n<\/tr>\n<tr style=\"height: 48px\">\n<td style=\"height: 48px;vertical-align: middle\" width=\"211\"><span style=\"color: #000000;font-family: arial, helvetica, sans-serif;font-size: 10pt\">Leopoldo Rota<\/span><\/td>\n<td style=\"height: 48px\" width=\"311\"><span style=\"color: #000000;font-family: arial, helvetica, sans-serif;font-size: 10pt\">XVII Semana Acad\u00eamica do Curso de Licenciatura em F\u00edsica<\/span><\/td>\n<td style=\"text-align: center;height: 48px;vertical-align: middle\" width=\"89\"><span style=\"color: #000000;font-family: arial, helvetica, sans-serif;font-size: 10pt\">02h<\/span><\/td>\n<td style=\"height: 48px;text-align: center;vertical-align: middle\" width=\"142\"><span style=\"color: #000000;font-family: arial, helvetica, sans-serif;font-size: 10pt\">Ministrante<\/span><\/td>\n<\/tr>\n<tr style=\"height: 24px\">\n<td style=\"height: 24px;vertical-align: middle\" width=\"211\"><span style=\"color: #000000;font-family: arial, helvetica, sans-serif;font-size: 10pt\">Let\u00edcia Santos Barreto<\/span><\/td>\n<td style=\"height: 24px\" width=\"311\"><span style=\"color: #000000;font-family: arial, helvetica, sans-serif;font-size: 10pt\">V semin\u00e1rio de Ensino de F\u00edsica<\/span><\/td>\n<td style=\"text-align: center;height: 24px;vertical-align: middle\" width=\"89\"><span style=\"color: #000000;font-family: arial, helvetica, sans-serif;font-size: 10pt\">16h<\/span><\/td>\n<td style=\"height: 24px;text-align: center;vertical-align: middle\" width=\"142\"><span style=\"color: #000000;font-family: arial, helvetica, sans-serif;font-size: 10pt\">Participante<\/span><\/td>\n<\/tr>\n<tr style=\"height: 48px\">\n<td style=\"height: 48px;vertical-align: middle\" width=\"211\"><span style=\"color: #000000;font-family: arial, helvetica, sans-serif;font-size: 10pt\">Lidiane Azambuja Lemos<\/span><\/td>\n<td style=\"height: 48px\" width=\"311\"><span style=\"color: #000000;font-family: arial, helvetica, sans-serif;font-size: 10pt\">Projeto de Extens\u00e3o &#8220;Oficinas de F\u00edsica&#8221;<\/span><\/td>\n<td style=\"text-align: center;height: 48px;vertical-align: middle\" width=\"89\"><span style=\"color: #000000;font-family: arial, helvetica, sans-serif;font-size: 10pt\">102h<\/span><\/td>\n<td style=\"height: 48px;text-align: center;vertical-align: middle\" width=\"142\"><span style=\"color: #000000;font-family: arial, helvetica, sans-serif;font-size: 10pt\">Organizador e Ministrante<\/span><\/td>\n<\/tr>\n<tr style=\"height: 48px\">\n<td style=\"height: 48px;vertical-align: middle\" width=\"211\"><span style=\"color: #000000;font-family: arial, helvetica, sans-serif;font-size: 10pt\">Lidiane Pires Gouv\u00eaa<\/span><\/td>\n<td style=\"height: 48px\" width=\"311\"><span style=\"color: #000000;font-family: arial, helvetica, sans-serif;font-size: 10pt\">Mini-curso Introdut\u00f3rio \u00e0 F\u00edsica de Nanoestruturas e Nanotecnologia<\/span><\/td>\n<td style=\"text-align: center;height: 48px;vertical-align: middle\" width=\"89\"><span style=\"color: #000000;font-family: arial, helvetica, sans-serif;font-size: 10pt\">10h<\/span><\/td>\n<td style=\"height: 48px;text-align: center;vertical-align: middle\" width=\"142\"><span style=\"color: #000000;font-family: arial, helvetica, sans-serif;font-size: 10pt\">Participante<\/span><\/td>\n<\/tr>\n<tr style=\"height: 48px\">\n<td style=\"height: 48px;vertical-align: middle\" width=\"211\"><span style=\"color: #000000;font-family: arial, helvetica, sans-serif;font-size: 10pt\">Lilian Pereira da Silva<\/span><\/td>\n<td style=\"height: 48px\" width=\"311\"><span style=\"color: #000000;font-family: arial, helvetica, sans-serif;font-size: 10pt\">Mini-curso Introdut\u00f3rio \u00e0 F\u00edsica de Part\u00edculas, Estado S\u00f3lido e Plasma<\/span><\/td>\n<td style=\"text-align: center;height: 48px;vertical-align: middle\" width=\"89\"><span style=\"color: #000000;font-family: arial, helvetica, sans-serif;font-size: 10pt\">20h<\/span><\/td>\n<td style=\"height: 48px;text-align: center;vertical-align: middle\" width=\"142\"><span style=\"color: #000000;font-family: arial, helvetica, sans-serif;font-size: 10pt\">Participante<\/span><\/td>\n<\/tr>\n<tr style=\"height: 48px\">\n<td style=\"height: 48px;vertical-align: middle\" width=\"211\"><span style=\"color: #000000;font-family: arial, helvetica, sans-serif;font-size: 10pt\">Lilian Pereira da Silva<\/span><\/td>\n<td style=\"height: 48px\" width=\"311\"><span style=\"color: #000000;font-family: arial, helvetica, sans-serif;font-size: 10pt\">Projeto de Extens\u00e3o &#8220;Oficinas de F\u00edsica&#8221;<\/span><\/td>\n<td style=\"text-align: center;height: 48px;vertical-align: middle\" width=\"89\"><span style=\"color: #000000;font-family: arial, helvetica, sans-serif;font-size: 10pt\">102h<\/span><\/td>\n<td style=\"height: 48px;text-align: center;vertical-align: middle\" width=\"142\"><span style=\"color: #000000;font-family: arial, helvetica, sans-serif;font-size: 10pt\">Organizador e Ministrante<\/span><\/td>\n<\/tr>\n<tr style=\"height: 48px\">\n<td style=\"height: 48px;vertical-align: middle\" width=\"211\"><span style=\"color: #000000;font-family: arial, helvetica, sans-serif;font-size: 10pt\">Lisiane Garcia Farias<\/span><\/td>\n<td style=\"height: 48px\" width=\"311\"><span style=\"color: #000000;font-family: arial, helvetica, sans-serif;font-size: 10pt\">Curso &#8220;F\u00edsica no Ensino M\u00e9dio: (re)construindo conceitos&#8221;<\/span><\/td>\n<td style=\"text-align: center;height: 48px;vertical-align: middle\" width=\"89\"><span style=\"color: #000000;font-family: arial, helvetica, sans-serif;font-size: 10pt\">34h<\/span><\/td>\n<td style=\"height: 48px;text-align: center;vertical-align: middle\" width=\"142\"><span style=\"color: #000000;font-family: arial, helvetica, sans-serif;font-size: 10pt\">Participante<\/span><\/td>\n<\/tr>\n<tr style=\"height: 48px\">\n<td style=\"height: 48px;vertical-align: middle\" width=\"211\"><span style=\"color: #000000;font-family: arial, helvetica, sans-serif;font-size: 10pt\">L\u00edvio Amaral<\/span><\/td>\n<td style=\"height: 48px\" width=\"311\"><span style=\"color: #000000;font-family: arial, helvetica, sans-serif;font-size: 10pt\">8\u00aa Semana Acad\u00eamica do Curso de Licenciatura em F\u00edsica<\/span><\/td>\n<td style=\"text-align: center;height: 48px;vertical-align: middle\" width=\"89\"><span style=\"color: #000000;font-family: arial, helvetica, sans-serif;font-size: 10pt\">02h<\/span><\/td>\n<td style=\"height: 48px;text-align: center;vertical-align: middle\" width=\"142\"><span style=\"color: #000000;font-family: arial, helvetica, sans-serif;font-size: 10pt\">Ministrante<\/span><\/td>\n<\/tr>\n<tr style=\"height: 24px\">\n<td style=\"height: 24px;vertical-align: middle\" width=\"211\"><span style=\"color: #000000;font-family: arial, helvetica, sans-serif;font-size: 10pt\">Lothar Treptow<\/span><\/td>\n<td style=\"height: 24px\" width=\"311\"><span style=\"color: #000000;font-family: arial, helvetica, sans-serif;font-size: 10pt\">Curso de &#8220;Radia\u00e7\u00f5es Nucleares: Usos e Cuidados&#8221;<\/span><\/td>\n<td style=\"text-align: center;height: 24px;vertical-align: middle\" width=\"89\"><\/td>\n<td style=\"height: 24px;text-align: center;vertical-align: middle\" width=\"142\"><span style=\"color: #000000;font-family: arial, helvetica, sans-serif;font-size: 10pt\">Participante<\/span><\/td>\n<\/tr>\n<tr style=\"height: 48px\">\n<td style=\"height: 48px;vertical-align: middle\" width=\"211\"><span style=\"color: #000000;font-family: arial, helvetica, sans-serif;font-size: 10pt\">Luan Bonneau Arbeletche<\/span><\/td>\n<td style=\"height: 48px\" width=\"311\"><span style=\"color: #000000;font-family: arial, helvetica, sans-serif;font-size: 10pt\">XVI Semana Acad\u00eamica do Curso de Licenciatura em F\u00edsica<\/span><\/td>\n<td style=\"text-align: center;height: 48px;vertical-align: middle\" width=\"89\"><span style=\"color: #000000;font-family: arial, helvetica, sans-serif;font-size: 10pt\">40h<\/span><\/td>\n<td style=\"height: 48px;text-align: center;vertical-align: middle\" width=\"142\"><span style=\"color: #000000;font-family: arial, helvetica, sans-serif;font-size: 10pt\">Participante<\/span><\/td>\n<\/tr>\n<tr style=\"height: 48px\">\n<td style=\"height: 48px;vertical-align: middle\" width=\"211\"><span style=\"color: #000000;font-family: arial, helvetica, sans-serif;font-size: 10pt\">Luana de Carvalho Pereira<\/span><\/td>\n<td style=\"height: 48px\" width=\"311\"><span style=\"color: #000000;font-family: arial, helvetica, sans-serif;font-size: 10pt\">Encontro &#8220;F\u00edsica para o 2\u00ba Grau: Apoio aos Alunos das Escolas P\u00fablicas&#8221;<\/span><\/td>\n<td style=\"text-align: center;height: 48px;vertical-align: middle\" width=\"89\"><span style=\"color: #000000;font-family: arial, helvetica, sans-serif;font-size: 10pt\">180h<\/span><\/td>\n<td style=\"height: 48px;text-align: center;vertical-align: middle\" width=\"142\"><span style=\"color: #000000;font-family: arial, helvetica, sans-serif;font-size: 10pt\">Ministrante<\/span><\/td>\n<\/tr>\n<tr style=\"height: 48px\">\n<td style=\"height: 48px;vertical-align: middle\" width=\"211\"><span style=\"color: #000000;font-family: arial, helvetica, sans-serif;font-size: 10pt\">Luana Ribeiro Macedo<\/span><\/td>\n<td style=\"height: 48px\" width=\"311\"><span style=\"color: #000000;font-family: arial, helvetica, sans-serif;font-size: 10pt\">Projeto de Ensino &#8220;T\u00d3PICOS DE F\u00cdSICA CONTEMPOR\u00c2NEA&#8221;<\/span><\/td>\n<td style=\"text-align: center;height: 48px;vertical-align: middle\" width=\"89\"><span style=\"color: #000000;font-family: arial, helvetica, sans-serif;font-size: 10pt\">05h<\/span><\/td>\n<td style=\"height: 48px;text-align: center;vertical-align: middle\" width=\"142\"><span style=\"color: #000000;font-family: arial, helvetica, sans-serif;font-size: 10pt\">Participante<\/span><\/td>\n<\/tr>\n<tr style=\"height: 48px\">\n<td style=\"height: 48px;vertical-align: middle\" width=\"211\"><span style=\"color: #000000;font-family: arial, helvetica, sans-serif;font-size: 10pt\">Lucas Blum Clavijo<\/span><\/td>\n<td style=\"height: 48px\" width=\"311\"><span style=\"color: #000000;font-family: arial, helvetica, sans-serif;font-size: 10pt\">XV Semana Acad\u00eamica do Curso de Licenciatura em F\u00edsica<\/span><\/td>\n<td style=\"text-align: center;height: 48px;vertical-align: middle\" width=\"89\"><span style=\"color: #000000;font-family: arial, helvetica, sans-serif;font-size: 10pt\">40h<\/span><\/td>\n<td style=\"height: 48px;text-align: center;vertical-align: middle\" width=\"142\"><span style=\"color: #000000;font-family: arial, helvetica, sans-serif;font-size: 10pt\">Participante<\/span><\/td>\n<\/tr>\n<tr style=\"height: 48px\">\n<td style=\"height: 48px;vertical-align: middle\" width=\"211\"><span style=\"color: #000000;font-family: arial, helvetica, sans-serif;font-size: 10pt\">Lucas de Oliveira Teixeira<\/span><\/td>\n<td style=\"height: 48px\" width=\"311\"><span style=\"color: #000000;font-family: arial, helvetica, sans-serif;font-size: 10pt\">XIII Semana Acad\u00eamica do Curso de Licenciatura em F\u00edsica<\/span><\/td>\n<td style=\"text-align: center;height: 48px;vertical-align: middle\" width=\"89\"><span style=\"color: #000000;font-family: arial, helvetica, sans-serif;font-size: 10pt\">40h<\/span><\/td>\n<td style=\"height: 48px;text-align: center;vertical-align: middle\" width=\"142\"><span style=\"color: #000000;font-family: arial, helvetica, sans-serif;font-size: 10pt\">Participante<\/span><\/td>\n<\/tr>\n<tr style=\"height: 24px\">\n<td style=\"height: 24px;vertical-align: middle\" width=\"211\"><span style=\"color: #000000;font-family: arial, helvetica, sans-serif;font-size: 10pt\">Lucas Nunes de Oliveira<\/span><\/td>\n<td style=\"height: 24px\" width=\"311\"><span style=\"color: #000000;font-family: arial, helvetica, sans-serif;font-size: 10pt\">XI Semana Acad\u00eamica da F\u00edsica<\/span><\/td>\n<td style=\"text-align: center;height: 24px;vertical-align: middle\" width=\"89\"><span style=\"color: #000000;font-family: arial, helvetica, sans-serif;font-size: 10pt\">32h<\/span><\/td>\n<td style=\"height: 24px;text-align: center;vertical-align: middle\" width=\"142\"><span style=\"color: #000000;font-family: arial, helvetica, sans-serif;font-size: 10pt\">Participante<\/span><\/td>\n<\/tr>\n<tr style=\"height: 48px\">\n<td style=\"height: 48px;vertical-align: middle\" width=\"211\"><span style=\"color: #000000;font-family: arial, helvetica, sans-serif;font-size: 10pt\">Lucas Tadeo<\/span><\/td>\n<td style=\"height: 48px\" width=\"311\"><span style=\"color: #000000;font-family: arial, helvetica, sans-serif;font-size: 10pt\">XVI Semana Acad\u00eamica do Curso de Licenciatura em F\u00edsica<\/span><\/td>\n<td style=\"text-align: center;height: 48px;vertical-align: middle\" width=\"89\"><span style=\"color: #000000;font-family: arial, helvetica, sans-serif;font-size: 10pt\">40h<\/span><\/td>\n<td style=\"height: 48px;text-align: center;vertical-align: middle\" width=\"142\"><span style=\"color: #000000;font-family: arial, helvetica, sans-serif;font-size: 10pt\">Participante<\/span><\/td>\n<\/tr>\n<tr style=\"height: 48px\">\n<td style=\"height: 48px;vertical-align: middle\" width=\"211\"><span style=\"color: #000000;font-family: arial, helvetica, sans-serif;font-size: 10pt\">L\u00facia Petinga Irala<\/span><\/td>\n<td style=\"height: 48px\" width=\"311\"><span style=\"color: #000000;font-family: arial, helvetica, sans-serif;font-size: 10pt\">Projeto de Extens\u00e3o &#8220;(Re) Construindo Concep\u00e7\u00f5es de F\u00edsica&#8221;<\/span><\/td>\n<td style=\"text-align: center;height: 48px;vertical-align: middle\" width=\"89\"><span style=\"color: #000000;font-family: arial, helvetica, sans-serif;font-size: 10pt\">52h<\/span><\/td>\n<td style=\"height: 48px;text-align: center;vertical-align: middle\" width=\"142\"><span style=\"color: #000000;font-family: arial, helvetica, sans-serif;font-size: 10pt\">Ministrante<\/span><\/td>\n<\/tr>\n<tr style=\"height: 48px\">\n<td style=\"height: 48px;vertical-align: middle\" width=\"211\"><span style=\"color: #000000;font-family: arial, helvetica, sans-serif;font-size: 10pt\">Luciana Cristine Silva Amorim<\/span><\/td>\n<td style=\"height: 48px\" width=\"311\"><span style=\"color: #000000;font-family: arial, helvetica, sans-serif;font-size: 10pt\">Projeto de Extens\u00e3o &#8220;(Re) Construindo Concep\u00e7\u00f5es de F\u00edsica&#8221;<\/span><\/td>\n<td style=\"text-align: center;height: 48px;vertical-align: middle\" width=\"89\"><span style=\"color: #000000;font-family: arial, helvetica, sans-serif;font-size: 10pt\">52h<\/span><\/td>\n<td style=\"height: 48px;text-align: center;vertical-align: middle\" width=\"142\"><span style=\"color: #000000;font-family: arial, helvetica, sans-serif;font-size: 10pt\">Ministrante<\/span><\/td>\n<\/tr>\n<tr style=\"height: 24px\">\n<td style=\"height: 24px;vertical-align: middle\" width=\"211\"><span style=\"color: #000000;font-family: arial, helvetica, sans-serif;font-size: 10pt\">Luciana Marini K\u00f6pp<\/span><\/td>\n<td style=\"height: 24px\" width=\"311\"><span style=\"color: #000000;font-family: arial, helvetica, sans-serif;font-size: 10pt\">V semin\u00e1rio de Ensino de F\u00edsica<\/span><\/td>\n<td style=\"text-align: center;height: 24px;vertical-align: middle\" width=\"89\"><span style=\"color: #000000;font-family: arial, helvetica, sans-serif;font-size: 10pt\">16h<\/span><\/td>\n<td style=\"height: 24px;text-align: center;vertical-align: middle\" width=\"142\"><span style=\"color: #000000;font-family: arial, helvetica, sans-serif;font-size: 10pt\">Participante<\/span><\/td>\n<\/tr>\n<tr style=\"height: 24px\">\n<td style=\"height: 24px;vertical-align: middle\" width=\"211\"><span style=\"color: #000000;font-family: arial, helvetica, sans-serif;font-size: 10pt\">Luciano Rozales Ramis<\/span><\/td>\n<td style=\"height: 24px\" width=\"311\"><span style=\"color: #000000;font-family: arial, helvetica, sans-serif;font-size: 10pt\">V semin\u00e1rio de Ensino de F\u00edsica<\/span><\/td>\n<td style=\"text-align: center;height: 24px;vertical-align: middle\" width=\"89\"><span style=\"color: #000000;font-family: arial, helvetica, sans-serif;font-size: 10pt\">16h<\/span><\/td>\n<td style=\"height: 24px;text-align: center;vertical-align: middle\" width=\"142\"><span style=\"color: #000000;font-family: arial, helvetica, sans-serif;font-size: 10pt\">Participante<\/span><\/td>\n<\/tr>\n<tr style=\"height: 24px\">\n<td style=\"height: 24px;vertical-align: middle\" width=\"211\"><span style=\"color: #000000;font-family: arial, helvetica, sans-serif;font-size: 10pt\">Luciele da Silva G\u00f3is<\/span><\/td>\n<td style=\"height: 24px\" width=\"311\"><span style=\"color: #000000;font-family: arial, helvetica, sans-serif;font-size: 10pt\">XI Semana Acad\u00eamica da F\u00edsica<\/span><\/td>\n<td style=\"text-align: center;height: 24px;vertical-align: middle\" width=\"89\"><span style=\"color: #000000;font-family: arial, helvetica, sans-serif;font-size: 10pt\">32h<\/span><\/td>\n<td style=\"height: 24px;text-align: center;vertical-align: middle\" width=\"142\"><span style=\"color: #000000;font-family: arial, helvetica, sans-serif;font-size: 10pt\">Participante<\/span><\/td>\n<\/tr>\n<tr style=\"height: 24px\">\n<td style=\"height: 24px;vertical-align: middle\" width=\"211\"><span style=\"color: #000000;font-family: arial, helvetica, sans-serif;font-size: 10pt\">Luis Carlos de Menezes<\/span><\/td>\n<td style=\"height: 24px\" width=\"311\"><span style=\"color: #000000;font-family: arial, helvetica, sans-serif;font-size: 10pt\">V semin\u00e1rio de Ensino de F\u00edsica<\/span><\/td>\n<td style=\"text-align: center;height: 24px;vertical-align: middle\" width=\"89\"><span style=\"color: #000000;font-family: arial, helvetica, sans-serif;font-size: 10pt\">16h<\/span><\/td>\n<td style=\"height: 24px;text-align: center;vertical-align: middle\" width=\"142\"><span style=\"color: #000000;font-family: arial, helvetica, sans-serif;font-size: 10pt\">Participante<\/span><\/td>\n<\/tr>\n<tr style=\"height: 48px\">\n<td style=\"height: 48px;vertical-align: middle\" width=\"211\"><span style=\"color: #000000;font-family: arial, helvetica, sans-serif;font-size: 10pt\">Luis Dias Almeida<\/span><\/td>\n<td style=\"height: 48px\" width=\"311\"><span style=\"color: #000000;font-family: arial, helvetica, sans-serif;font-size: 10pt\">8\u00aa Semana Acad\u00eamica do Curso de Licenciatura em F\u00edsica<\/span><\/td>\n<td style=\"text-align: center;height: 48px;vertical-align: middle\" width=\"89\"><span style=\"color: #000000;font-family: arial, helvetica, sans-serif;font-size: 10pt\">04h<\/span><\/td>\n<td style=\"height: 48px;text-align: center;vertical-align: middle\" width=\"142\"><span style=\"color: #000000;font-family: arial, helvetica, sans-serif;font-size: 10pt\">Ministrante<\/span><\/td>\n<\/tr>\n<tr style=\"height: 48px\">\n<td style=\"height: 48px;vertical-align: middle\" width=\"211\"><span style=\"color: #000000;font-family: arial, helvetica, sans-serif;font-size: 10pt\">Luis Eduardo Novaes<\/span><\/td>\n<td style=\"height: 48px\" width=\"311\"><span style=\"color: #000000;font-family: arial, helvetica, sans-serif;font-size: 10pt\">8\u00aa Semana Acad\u00eamica do Curso de Licenciatura em F\u00edsica<\/span><\/td>\n<td style=\"text-align: center;height: 48px;vertical-align: middle\" width=\"89\"><span style=\"color: #000000;font-family: arial, helvetica, sans-serif;font-size: 10pt\">02h<\/span><\/td>\n<td style=\"height: 48px;text-align: center;vertical-align: middle\" width=\"142\"><span style=\"color: #000000;font-family: arial, helvetica, sans-serif;font-size: 10pt\">Ministrante<\/span><\/td>\n<\/tr>\n<tr style=\"height: 48px\">\n<td style=\"height: 48px;vertical-align: middle\" width=\"211\"><span style=\"color: #000000;font-family: arial, helvetica, sans-serif;font-size: 10pt\">Luis Eduardo Silveira da Mota Novaes<\/span><\/td>\n<td style=\"height: 48px\" width=\"311\"><span style=\"color: #000000;font-family: arial, helvetica, sans-serif;font-size: 10pt\">XIV Semana Acad\u00eamica do Curso de Licenciatura em F\u00edsica<\/span><\/td>\n<td style=\"text-align: center;height: 48px;vertical-align: middle\" width=\"89\"><span style=\"color: #000000;font-family: arial, helvetica, sans-serif;font-size: 10pt\">02h<\/span><\/td>\n<td style=\"height: 48px;text-align: center;vertical-align: middle\" width=\"142\"><span style=\"color: #000000;font-family: arial, helvetica, sans-serif;font-size: 10pt\">Ministrante<\/span><\/td>\n<\/tr>\n<tr style=\"height: 48px\">\n<td style=\"height: 48px;vertical-align: middle\" width=\"211\"><span style=\"color: #000000;font-family: arial, helvetica, sans-serif;font-size: 10pt\">Luis Gustavo Pereira<\/span><\/td>\n<td style=\"height: 48px\" width=\"311\"><span style=\"color: #000000;font-family: arial, helvetica, sans-serif;font-size: 10pt\">XIV Semana Acad\u00eamica do Curso de Licenciatura em F\u00edsica<\/span><\/td>\n<td style=\"text-align: center;height: 48px;vertical-align: middle\" width=\"89\"><span style=\"color: #000000;font-family: arial, helvetica, sans-serif;font-size: 10pt\">02h<\/span><\/td>\n<td style=\"height: 48px;text-align: center;vertical-align: middle\" width=\"142\"><span style=\"color: #000000;font-family: arial, helvetica, sans-serif;font-size: 10pt\">Ministrante<\/span><\/td>\n<\/tr>\n<tr style=\"height: 24px\">\n<td style=\"height: 24px;vertical-align: middle\" width=\"211\"><span style=\"color: #000000;font-family: arial, helvetica, sans-serif;font-size: 10pt\">Luis Henrique Lucas Ferreira<\/span><\/td>\n<td style=\"height: 24px\" width=\"311\"><span style=\"color: #000000;font-family: arial, helvetica, sans-serif;font-size: 10pt\">V semin\u00e1rio de Ensino de F\u00edsica<\/span><\/td>\n<td style=\"text-align: center;height: 24px;vertical-align: middle\" width=\"89\"><span style=\"color: #000000;font-family: arial, helvetica, sans-serif;font-size: 10pt\">16h<\/span><\/td>\n<td style=\"height: 24px;text-align: center;vertical-align: middle\" width=\"142\"><span style=\"color: #000000;font-family: arial, helvetica, sans-serif;font-size: 10pt\">Participante<\/span><\/td>\n<\/tr>\n<tr style=\"height: 24px\">\n<td style=\"height: 24px;vertical-align: middle\" width=\"211\"><span style=\"color: #000000;font-family: arial, helvetica, sans-serif;font-size: 10pt\">Luis Ot\u00e1vio Ledebuhr Winke<\/span><\/td>\n<td style=\"height: 24px\" width=\"311\"><span style=\"color: #000000;font-family: arial, helvetica, sans-serif;font-size: 10pt\">Programa de Bolsas de Gradua\u00e7\u00e3o<\/span><\/td>\n<td style=\"text-align: center;height: 24px;vertical-align: middle\" width=\"89\"><span style=\"color: #000000;font-family: arial, helvetica, sans-serif;font-size: 10pt\">144h<\/span><\/td>\n<td style=\"height: 24px;text-align: center;vertical-align: middle\" width=\"142\"><span style=\"color: #000000;font-family: arial, helvetica, sans-serif;font-size: 10pt\">Bolsista<\/span><\/td>\n<\/tr>\n<tr style=\"height: 48px\">\n<td style=\"height: 48px;vertical-align: middle\" width=\"211\"><span style=\"color: #000000;font-family: arial, helvetica, sans-serif;font-size: 10pt\">Luis Vanderlan<\/span><\/td>\n<td style=\"height: 48px\" width=\"311\"><span style=\"color: #000000;font-family: arial, helvetica, sans-serif;font-size: 10pt\">7\u00aa Semana Acad\u00eamica do Curso de Licenciatura em F\u00edsica<\/span><\/td>\n<td style=\"text-align: center;height: 48px;vertical-align: middle\" width=\"89\"><span style=\"color: #000000;font-family: arial, helvetica, sans-serif;font-size: 10pt\">02h<\/span><\/td>\n<td style=\"height: 48px;text-align: center;vertical-align: middle\" width=\"142\"><span style=\"color: #000000;font-family: arial, helvetica, sans-serif;font-size: 10pt\">Ministrante<\/span><\/td>\n<\/tr>\n<tr style=\"height: 24px\">\n<td style=\"height: 24px;vertical-align: middle\" width=\"211\"><span style=\"color: #000000;font-family: arial, helvetica, sans-serif;font-size: 10pt\">Luisa Helena Freitas Vaz<\/span><\/td>\n<td style=\"height: 24px\" width=\"311\"><span style=\"color: #000000;font-family: arial, helvetica, sans-serif;font-size: 10pt\">Grupo PET-F\u00edsica<\/span><\/td>\n<td style=\"text-align: center;height: 24px;vertical-align: middle\" width=\"89\"><span style=\"color: #000000;font-family: arial, helvetica, sans-serif;font-size: 10pt\">12h\/sem.<\/span><\/td>\n<td style=\"height: 24px;text-align: center;vertical-align: middle\" width=\"142\"><span style=\"color: #000000;font-family: arial, helvetica, sans-serif;font-size: 10pt\">Bolsista<\/span><\/td>\n<\/tr>\n<tr style=\"height: 48px\">\n<td style=\"height: 48px;vertical-align: middle\" width=\"211\"><span style=\"color: #000000;font-family: arial, helvetica, sans-serif;font-size: 10pt\">Luisa Helena Freitas Vaz<\/span><\/td>\n<td style=\"height: 48px\" width=\"311\"><span style=\"color: #000000;font-family: arial, helvetica, sans-serif;font-size: 10pt\">Semana Acad\u00eamica do Curso de Licenciatura Plena em F\u00edsica 1998<\/span><\/td>\n<td style=\"text-align: center;height: 48px;vertical-align: middle\" width=\"89\"><span style=\"color: #000000;font-family: arial, helvetica, sans-serif;font-size: 10pt\">40h<\/span><\/td>\n<td style=\"height: 48px;text-align: center;vertical-align: middle\" width=\"142\"><span style=\"color: #000000;font-family: arial, helvetica, sans-serif;font-size: 10pt\">Participante<\/span><\/td>\n<\/tr>\n<tr style=\"height: 24px\">\n<td style=\"height: 24px;vertical-align: middle\" width=\"211\"><span style=\"color: #000000;font-family: arial, helvetica, sans-serif;font-size: 10pt\">Luiz Alberto de Moraes Salcedo<\/span><\/td>\n<td style=\"height: 24px\" width=\"311\"><span style=\"color: #000000;font-family: arial, helvetica, sans-serif;font-size: 10pt\">V semin\u00e1rio de Ensino de F\u00edsica<\/span><\/td>\n<td style=\"text-align: center;height: 24px;vertical-align: middle\" width=\"89\"><span style=\"color: #000000;font-family: arial, helvetica, sans-serif;font-size: 10pt\">16h<\/span><\/td>\n<td style=\"height: 24px;text-align: center;vertical-align: middle\" width=\"142\"><span style=\"color: #000000;font-family: arial, helvetica, sans-serif;font-size: 10pt\">Participante<\/span><\/td>\n<\/tr>\n<tr style=\"height: 48px\">\n<td style=\"height: 48px;vertical-align: middle\" width=\"211\"><span style=\"color: #000000;font-family: arial, helvetica, sans-serif;font-size: 10pt\">Luiz Carlos de Menezes<\/span><\/td>\n<td style=\"height: 48px\" width=\"311\"><span style=\"color: #000000;font-family: arial, helvetica, sans-serif;font-size: 10pt\">XVI Semana Acad\u00eamica do Curso de Licenciatura em F\u00edsica<\/span><\/td>\n<td style=\"text-align: center;height: 48px;vertical-align: middle\" width=\"89\"><span style=\"color: #000000;font-family: arial, helvetica, sans-serif;font-size: 10pt\">02h<\/span><\/td>\n<td style=\"height: 48px;text-align: center;vertical-align: middle\" width=\"142\"><span style=\"color: #000000;font-family: arial, helvetica, sans-serif;font-size: 10pt\">Ministrante<\/span><\/td>\n<\/tr>\n<tr style=\"height: 48px\">\n<td style=\"height: 48px;vertical-align: middle\" width=\"211\"><span style=\"color: #000000;font-family: arial, helvetica, sans-serif;font-size: 10pt\">Luiz Fernando Mackedanz<\/span><\/td>\n<td style=\"height: 48px\" width=\"311\"><span style=\"color: #000000;font-family: arial, helvetica, sans-serif;font-size: 10pt\">XIV Semana Acad\u00eamica do Curso de Licenciatura em F\u00edsica<\/span><\/td>\n<td style=\"text-align: center;height: 48px;vertical-align: middle\" width=\"89\"><span style=\"color: #000000;font-family: arial, helvetica, sans-serif;font-size: 10pt\">02h<\/span><\/td>\n<td style=\"height: 48px;text-align: center;vertical-align: middle\" width=\"142\"><span style=\"color: #000000;font-family: arial, helvetica, sans-serif;font-size: 10pt\">Ministrante<\/span><\/td>\n<\/tr>\n<tr style=\"height: 48px\">\n<td style=\"height: 48px;vertical-align: middle\" width=\"211\"><span style=\"color: #000000;font-family: arial, helvetica, sans-serif;font-size: 10pt\">Magali Leal Perdoni<\/span><\/td>\n<td style=\"height: 48px\" width=\"311\"><span style=\"color: #000000;font-family: arial, helvetica, sans-serif;font-size: 10pt\">Projeto de Extens\u00e3o &#8220;Experimentando a F\u00edsica na Educa\u00e7\u00e3o de Jovens e Adultos&#8221;<\/span><\/td>\n<td style=\"text-align: center;height: 48px;vertical-align: middle\" width=\"89\"><span style=\"color: #000000;font-family: arial, helvetica, sans-serif;font-size: 10pt\">20h<\/span><\/td>\n<td style=\"height: 48px;text-align: center;vertical-align: middle\" width=\"142\"><span style=\"color: #000000;font-family: arial, helvetica, sans-serif;font-size: 10pt\">Participante<\/span><\/td>\n<\/tr>\n<tr style=\"height: 48px\">\n<td style=\"height: 48px;vertical-align: middle\" width=\"211\"><span style=\"color: #000000;font-family: arial, helvetica, sans-serif;font-size: 10pt\">Maique Correa Garcia<\/span><\/td>\n<td style=\"height: 48px\" width=\"311\"><span style=\"color: #000000;font-family: arial, helvetica, sans-serif;font-size: 10pt\">XIII Semana Acad\u00eamica do Curso de Licenciatura em F\u00edsica<\/span><\/td>\n<td style=\"text-align: center;height: 48px;vertical-align: middle\" width=\"89\"><span style=\"color: #000000;font-family: arial, helvetica, sans-serif;font-size: 10pt\">40h<\/span><\/td>\n<td style=\"height: 48px;text-align: center;vertical-align: middle\" width=\"142\"><span style=\"color: #000000;font-family: arial, helvetica, sans-serif;font-size: 10pt\">Participante<\/span><\/td>\n<\/tr>\n<tr style=\"height: 24px\">\n<td style=\"height: 24px;vertical-align: middle\" width=\"211\"><span style=\"color: #000000;font-family: arial, helvetica, sans-serif;font-size: 10pt\">Marcela Quintana Langone<\/span><\/td>\n<td style=\"height: 24px\" width=\"311\"><span style=\"color: #000000;font-family: arial, helvetica, sans-serif;font-size: 10pt\">Disciplina de F\u00edsica<\/span><\/td>\n<td style=\"text-align: center;height: 24px;vertical-align: middle\" width=\"89\"><span style=\"color: #000000;font-family: arial, helvetica, sans-serif;font-size: 10pt\">312h<\/span><\/td>\n<td style=\"height: 24px;text-align: center;vertical-align: middle\" width=\"142\"><span style=\"color: #000000;font-family: arial, helvetica, sans-serif;font-size: 10pt\">Monitora<\/span><\/td>\n<\/tr>\n<tr style=\"height: 24px\">\n<td style=\"height: 24px;vertical-align: middle\" width=\"211\"><span style=\"color: #000000;font-family: arial, helvetica, sans-serif;font-size: 10pt\">Marcela Quintana Langone<\/span><\/td>\n<td style=\"height: 24px\" width=\"311\"><span style=\"color: #000000;font-family: arial, helvetica, sans-serif;font-size: 10pt\">IX Semana Acad\u00eamica da F\u00edsica<\/span><\/td>\n<td style=\"text-align: center;height: 24px;vertical-align: middle\" width=\"89\"><span style=\"color: #000000;font-family: arial, helvetica, sans-serif;font-size: 10pt\">40h<\/span><\/td>\n<td style=\"height: 24px;text-align: center;vertical-align: middle\" width=\"142\"><span style=\"color: #000000;font-family: arial, helvetica, sans-serif;font-size: 10pt\">Participante<\/span><\/td>\n<\/tr>\n<tr style=\"height: 48px\">\n<td style=\"height: 48px;vertical-align: middle\" width=\"211\"><span style=\"color: #000000;font-family: arial, helvetica, sans-serif;font-size: 10pt\">Marcela Quintana Langone<\/span><\/td>\n<td style=\"height: 48px\" width=\"311\"><span style=\"color: #000000;font-family: arial, helvetica, sans-serif;font-size: 10pt\">Projeto de Extens\u00e3o &#8220;(Re) Construindo Concep\u00e7\u00f5es de F\u00edsica&#8221;<\/span><\/td>\n<td style=\"text-align: center;height: 48px;vertical-align: middle\" width=\"89\"><span style=\"color: #000000;font-family: arial, helvetica, sans-serif;font-size: 10pt\">52h<\/span><\/td>\n<td style=\"height: 48px;text-align: center;vertical-align: middle\" width=\"142\"><span style=\"color: #000000;font-family: arial, helvetica, sans-serif;font-size: 10pt\">Ministrante<\/span><\/td>\n<\/tr>\n<tr style=\"height: 24px\">\n<td style=\"height: 24px;vertical-align: middle\" width=\"211\"><span style=\"color: #000000;font-family: arial, helvetica, sans-serif;font-size: 10pt\">Marcelo Caldeira Barbosa<\/span><\/td>\n<td style=\"height: 24px\" width=\"311\"><span style=\"color: #000000;font-family: arial, helvetica, sans-serif;font-size: 10pt\">V semin\u00e1rio de Ensino de F\u00edsica<\/span><\/td>\n<td style=\"text-align: center;height: 24px;vertical-align: middle\" width=\"89\"><span style=\"color: #000000;font-family: arial, helvetica, sans-serif;font-size: 10pt\">16h<\/span><\/td>\n<td style=\"height: 24px;text-align: center;vertical-align: middle\" width=\"142\"><span style=\"color: #000000;font-family: arial, helvetica, sans-serif;font-size: 10pt\">Participante<\/span><\/td>\n<\/tr>\n<tr style=\"height: 24px\">\n<td style=\"height: 24px;vertical-align: middle\" width=\"211\"><span style=\"color: #000000;font-family: arial, helvetica, sans-serif;font-size: 10pt\">Marcelo Gon\u00e7alves Pereira<\/span><\/td>\n<td style=\"height: 24px\" width=\"311\"><span style=\"color: #000000;font-family: arial, helvetica, sans-serif;font-size: 10pt\">Programa de Bolsas de Gradua\u00e7\u00e3o<\/span><\/td>\n<td style=\"text-align: center;height: 24px;vertical-align: middle\" width=\"89\"><span style=\"color: #000000;font-family: arial, helvetica, sans-serif;font-size: 10pt\">336h<\/span><\/td>\n<td style=\"height: 24px;text-align: center;vertical-align: middle\" width=\"142\"><span style=\"color: #000000;font-family: arial, helvetica, sans-serif;font-size: 10pt\">Bolsista<\/span><\/td>\n<\/tr>\n<tr style=\"height: 48px\">\n<td style=\"height: 48px;vertical-align: middle\" width=\"211\"><span style=\"color: #000000;font-family: arial, helvetica, sans-serif;font-size: 10pt\">Marcelo Mendon\u00e7a Schuch<\/span><\/td>\n<td style=\"height: 48px\" width=\"311\"><span style=\"color: #000000;font-family: arial, helvetica, sans-serif;font-size: 10pt\">Projeto de Ensino &#8220;Mini-curso Introdut\u00f3rio \u00e0 F\u00edsica de Part\u00edculas, Estado S\u00f3lido e Plasma&#8221;<\/span><\/td>\n<td style=\"text-align: center;height: 48px;vertical-align: middle\" width=\"89\"><span style=\"color: #000000;font-family: arial, helvetica, sans-serif;font-size: 10pt\">20h<\/span><\/td>\n<td style=\"height: 48px;text-align: center;vertical-align: middle\" width=\"142\"><span style=\"color: #000000;font-family: arial, helvetica, sans-serif;font-size: 10pt\">Participante<\/span><\/td>\n<\/tr>\n<tr style=\"height: 48px\">\n<td style=\"height: 48px;vertical-align: middle\" width=\"211\"><span style=\"color: #000000;font-family: arial, helvetica, sans-serif;font-size: 10pt\">Marcelo Mussi Delucis<\/span><\/td>\n<td style=\"height: 48px\" width=\"311\"><span style=\"color: #000000;font-family: arial, helvetica, sans-serif;font-size: 10pt\">XV Semana Acad\u00eamica do Curso de Licenciatura em F\u00edsica<\/span><\/td>\n<td style=\"text-align: center;height: 48px;vertical-align: middle\" width=\"89\"><span style=\"color: #000000;font-family: arial, helvetica, sans-serif;font-size: 10pt\">40h<\/span><\/td>\n<td style=\"height: 48px;text-align: center;vertical-align: middle\" width=\"142\"><span style=\"color: #000000;font-family: arial, helvetica, sans-serif;font-size: 10pt\">Participante<\/span><\/td>\n<\/tr>\n<tr style=\"height: 48px\">\n<td style=\"height: 48px;vertical-align: middle\" width=\"211\"><span style=\"color: #000000;font-family: arial, helvetica, sans-serif;font-size: 10pt\">Marcelo Mussi Delucis<\/span><\/td>\n<td style=\"height: 48px\" width=\"311\"><span style=\"color: #000000;font-family: arial, helvetica, sans-serif;font-size: 10pt\">XVI Semana Acad\u00eamica do Curso de Licenciatura em F\u00edsica<\/span><\/td>\n<td style=\"text-align: center;height: 48px;vertical-align: middle\" width=\"89\"><span style=\"color: #000000;font-family: arial, helvetica, sans-serif;font-size: 10pt\">40h<\/span><\/td>\n<td style=\"height: 48px;text-align: center;vertical-align: middle\" width=\"142\"><span style=\"color: #000000;font-family: arial, helvetica, sans-serif;font-size: 10pt\">Participante<\/span><\/td>\n<\/tr>\n<tr style=\"height: 24px\">\n<td style=\"height: 24px;vertical-align: middle\" width=\"211\"><span style=\"color: #000000;font-family: arial, helvetica, sans-serif;font-size: 10pt\">Marcelo Rebonato<\/span><\/td>\n<td style=\"height: 24px\" width=\"311\"><span style=\"color: #000000;font-family: arial, helvetica, sans-serif;font-size: 10pt\">PIBID<\/span><\/td>\n<td style=\"text-align: center;height: 24px;vertical-align: middle\" width=\"89\"><span style=\"color: #000000;font-family: arial, helvetica, sans-serif;font-size: 10pt\">12h\/sem.<\/span><\/td>\n<td style=\"height: 24px;text-align: center;vertical-align: middle\" width=\"142\"><span style=\"color: #000000;font-family: arial, helvetica, sans-serif;font-size: 10pt\">Bolsista<\/span><\/td>\n<\/tr>\n<tr style=\"height: 24px\">\n<td style=\"height: 24px;vertical-align: middle\" width=\"211\"><span style=\"color: #000000;font-family: arial, helvetica, sans-serif;font-size: 10pt\">Marcelo Teixeira<\/span><\/td>\n<td style=\"height: 24px\" width=\"311\"><span style=\"color: #000000;font-family: arial, helvetica, sans-serif;font-size: 10pt\">Curso &#8220;Aplica\u00e7\u00f5es da Microinform\u00e1tica II&#8221;<\/span><\/td>\n<td style=\"text-align: center;height: 24px;vertical-align: middle\" width=\"89\"><span style=\"color: #000000;font-family: arial, helvetica, sans-serif;font-size: 10pt\">30h<\/span><\/td>\n<td style=\"height: 24px;text-align: center;vertical-align: middle\" width=\"142\"><span style=\"color: #000000;font-family: arial, helvetica, sans-serif;font-size: 10pt\">Participante<\/span><\/td>\n<\/tr>\n<tr style=\"height: 48px\">\n<td style=\"height: 48px;vertical-align: middle\" width=\"211\"><span style=\"color: #000000;font-family: arial, helvetica, sans-serif;font-size: 10pt\">Marcia Cristina Bernardes Barbosa<\/span><\/td>\n<td style=\"height: 48px\" width=\"311\"><span style=\"color: #000000;font-family: arial, helvetica, sans-serif;font-size: 10pt\">XVII Semana Acad\u00eamica do Curso de Licenciatura em F\u00edsica<\/span><\/td>\n<td style=\"text-align: center;height: 48px;vertical-align: middle\" width=\"89\"><span style=\"color: #000000;font-family: arial, helvetica, sans-serif;font-size: 10pt\">04h<\/span><\/td>\n<td style=\"height: 48px;text-align: center;vertical-align: middle\" width=\"142\"><span style=\"color: #000000;font-family: arial, helvetica, sans-serif;font-size: 10pt\">Ministrante<\/span><\/td>\n<\/tr>\n<tr style=\"height: 48px\">\n<td style=\"height: 48px;vertical-align: middle\" width=\"211\"><span style=\"color: #000000;font-family: arial, helvetica, sans-serif;font-size: 10pt\">Marcia Cristina Machado dos Santos<\/span><\/td>\n<td style=\"height: 48px\" width=\"311\"><span style=\"color: #000000;font-family: arial, helvetica, sans-serif;font-size: 10pt\">IV Semin\u00e1rio de Ensino de F\u00edsica<\/span><\/td>\n<td style=\"text-align: center;height: 48px;vertical-align: middle\" width=\"89\"><span style=\"color: #000000;font-family: arial, helvetica, sans-serif;font-size: 10pt\">20h<\/span><\/td>\n<td style=\"height: 48px;text-align: center;vertical-align: middle\" width=\"142\"><span style=\"color: #000000;font-family: arial, helvetica, sans-serif;font-size: 10pt\">Participante<\/span><\/td>\n<\/tr>\n<tr style=\"height: 24px\">\n<td style=\"height: 24px;vertical-align: middle\" width=\"211\"><span style=\"color: #000000;font-family: arial, helvetica, sans-serif;font-size: 10pt\">M\u00e1rcia Landa Peres<\/span><\/td>\n<td style=\"height: 24px\" width=\"311\"><span style=\"color: #000000;font-family: arial, helvetica, sans-serif;font-size: 10pt\">X Semana Acad\u00eamica da F\u00edsica<\/span><\/td>\n<td style=\"text-align: center;height: 24px;vertical-align: middle\" width=\"89\"><span style=\"color: #000000;font-family: arial, helvetica, sans-serif;font-size: 10pt\">16h<\/span><\/td>\n<td style=\"height: 24px;text-align: center;vertical-align: middle\" width=\"142\"><span style=\"color: #000000;font-family: arial, helvetica, sans-serif;font-size: 10pt\">Participante<\/span><\/td>\n<\/tr>\n<tr style=\"height: 48px\">\n<td style=\"height: 48px;vertical-align: middle\" width=\"211\"><span style=\"color: #000000;font-family: arial, helvetica, sans-serif;font-size: 10pt\">M\u00e1rcia Szortyka<\/span><\/td>\n<td style=\"height: 48px\" width=\"311\"><span style=\"color: #000000;font-family: arial, helvetica, sans-serif;font-size: 10pt\">7\u00aa Semana Acad\u00eamica do Curso de Licenciatura em F\u00edsica<\/span><\/td>\n<td style=\"text-align: center;height: 48px;vertical-align: middle\" width=\"89\"><span style=\"color: #000000;font-family: arial, helvetica, sans-serif;font-size: 10pt\">40h<\/span><\/td>\n<td style=\"height: 48px;text-align: center;vertical-align: middle\" width=\"142\"><span style=\"color: #000000;font-family: arial, helvetica, sans-serif;font-size: 10pt\">Participante<\/span><\/td>\n<\/tr>\n<tr style=\"height: 24px\">\n<td style=\"height: 24px;vertical-align: middle\" width=\"211\"><span style=\"color: #000000;font-family: arial, helvetica, sans-serif;font-size: 10pt\">M\u00e1rcio Silveira de Ara\u00fajo<\/span><\/td>\n<td style=\"height: 24px\" width=\"311\"><span style=\"color: #000000;font-family: arial, helvetica, sans-serif;font-size: 10pt\">X Semana Acad\u00eamica da F\u00edsica<\/span><\/td>\n<td style=\"text-align: center;height: 24px;vertical-align: middle\" width=\"89\"><span style=\"color: #000000;font-family: arial, helvetica, sans-serif;font-size: 10pt\">40h<\/span><\/td>\n<td style=\"height: 24px;text-align: center;vertical-align: middle\" width=\"142\"><span style=\"color: #000000;font-family: arial, helvetica, sans-serif;font-size: 10pt\">Participante<\/span><\/td>\n<\/tr>\n<tr style=\"height: 24px\">\n<td style=\"height: 24px;vertical-align: middle\" width=\"211\"><span style=\"color: #000000;font-family: arial, helvetica, sans-serif;font-size: 10pt\">Marco Ant\u00f4nio Fereira Lessa<\/span><\/td>\n<td style=\"height: 24px\" width=\"311\"><span style=\"color: #000000;font-family: arial, helvetica, sans-serif;font-size: 10pt\">V semin\u00e1rio de Ensino de F\u00edsica<\/span><\/td>\n<td style=\"text-align: center;height: 24px;vertical-align: middle\" width=\"89\"><span style=\"color: #000000;font-family: arial, helvetica, sans-serif;font-size: 10pt\">16h<\/span><\/td>\n<td style=\"height: 24px;text-align: center;vertical-align: middle\" width=\"142\"><span style=\"color: #000000;font-family: arial, helvetica, sans-serif;font-size: 10pt\">Participante<\/span><\/td>\n<\/tr>\n<tr style=\"height: 24px\">\n<td style=\"height: 24px;vertical-align: middle\" width=\"211\"><span style=\"color: #000000;font-family: arial, helvetica, sans-serif;font-size: 10pt\">Marco Antonio Fonseca da Silva<\/span><\/td>\n<td style=\"height: 24px\" width=\"311\"><span style=\"color: #000000;font-family: arial, helvetica, sans-serif;font-size: 10pt\">Oficinas de F\u00edsica<\/span><\/td>\n<td style=\"text-align: center;height: 24px;vertical-align: middle\" width=\"89\"><\/td>\n<td style=\"height: 24px;text-align: center;vertical-align: middle\" width=\"142\"><span style=\"color: #000000;font-family: arial, helvetica, sans-serif;font-size: 10pt\">Participante<\/span><\/td>\n<\/tr>\n<tr style=\"height: 48px\">\n<td style=\"height: 48px;vertical-align: middle\" width=\"211\"><span style=\"color: #000000;font-family: arial, helvetica, sans-serif;font-size: 10pt\">Marco Ant\u00f4nio Lessa<\/span><\/td>\n<td style=\"height: 48px\" width=\"311\"><span style=\"color: #000000;font-family: arial, helvetica, sans-serif;font-size: 10pt\">XVI Semana Acad\u00eamica do Curso de Licenciatura em F\u00edsica<\/span><\/td>\n<td style=\"text-align: center;height: 48px;vertical-align: middle\" width=\"89\"><span style=\"color: #000000;font-family: arial, helvetica, sans-serif;font-size: 10pt\">04h<\/span><\/td>\n<td style=\"height: 48px;text-align: center;vertical-align: middle\" width=\"142\"><span style=\"color: #000000;font-family: arial, helvetica, sans-serif;font-size: 10pt\">Ministrante<\/span><\/td>\n<\/tr>\n<tr style=\"height: 48px\">\n<td style=\"height: 48px;vertical-align: middle\" width=\"211\"><span style=\"color: #000000;font-family: arial, helvetica, sans-serif;font-size: 10pt\">Marco Antonio Siqueira Barcelos<\/span><\/td>\n<td style=\"height: 48px\" width=\"311\"><span style=\"color: #000000;font-family: arial, helvetica, sans-serif;font-size: 10pt\">Encontro &#8220;F\u00edsica para o 2\u00ba Grau: Apoio aos Alunos das Escolas P\u00fablicas&#8221;<\/span><\/td>\n<td style=\"text-align: center;height: 48px;vertical-align: middle\" width=\"89\"><span style=\"color: #000000;font-family: arial, helvetica, sans-serif;font-size: 10pt\">180h<\/span><\/td>\n<td style=\"height: 48px;text-align: center;vertical-align: middle\" width=\"142\"><span style=\"color: #000000;font-family: arial, helvetica, sans-serif;font-size: 10pt\">Participante<\/span><\/td>\n<\/tr>\n<tr style=\"height: 48px\">\n<td style=\"height: 48px;vertical-align: middle\" width=\"211\"><span style=\"color: #000000;font-family: arial, helvetica, sans-serif;font-size: 10pt\">Marco Aur\u00e9lio Rodrigues<\/span><\/td>\n<td style=\"height: 48px\" width=\"311\"><span style=\"color: #000000;font-family: arial, helvetica, sans-serif;font-size: 10pt\">Semana Acad\u00eamica do Curso de Licenciatura Plena em F\u00edsica 1999<\/span><\/td>\n<td style=\"text-align: center;height: 48px;vertical-align: middle\" width=\"89\"><span style=\"color: #000000;font-family: arial, helvetica, sans-serif;font-size: 10pt\">40h<\/span><\/td>\n<td style=\"height: 48px;text-align: center;vertical-align: middle\" width=\"142\"><span style=\"color: #000000;font-family: arial, helvetica, sans-serif;font-size: 10pt\">Participante<\/span><\/td>\n<\/tr>\n<tr style=\"height: 24px\">\n<td style=\"height: 24px;vertical-align: middle\" width=\"211\"><span style=\"color: #000000;font-family: arial, helvetica, sans-serif;font-size: 10pt\">Marco C\u00e9sar de Oliveira Mendes<\/span><\/td>\n<td style=\"height: 24px\" width=\"311\"><span style=\"color: #000000;font-family: arial, helvetica, sans-serif;font-size: 10pt\">IV Semin\u00e1rio de Ensino de F\u00edsica<\/span><\/td>\n<td style=\"text-align: center;height: 24px;vertical-align: middle\" width=\"89\"><span style=\"color: #000000;font-family: arial, helvetica, sans-serif;font-size: 10pt\">20h<\/span><\/td>\n<td style=\"height: 24px;text-align: center;vertical-align: middle\" width=\"142\"><span style=\"color: #000000;font-family: arial, helvetica, sans-serif;font-size: 10pt\">Participante<\/span><\/td>\n<\/tr>\n<tr style=\"height: 24px\">\n<td style=\"height: 24px;vertical-align: middle\" width=\"211\"><span style=\"color: #000000;font-family: arial, helvetica, sans-serif;font-size: 10pt\">Marco C\u00e9sar de Oliveira Mendes<\/span><\/td>\n<td style=\"height: 24px\" width=\"311\"><span style=\"color: #000000;font-family: arial, helvetica, sans-serif;font-size: 10pt\">V semin\u00e1rio de Ensino de F\u00edsica<\/span><\/td>\n<td style=\"text-align: center;height: 24px;vertical-align: middle\" width=\"89\"><span style=\"color: #000000;font-family: arial, helvetica, sans-serif;font-size: 10pt\">16h<\/span><\/td>\n<td style=\"height: 24px;text-align: center;vertical-align: middle\" width=\"142\"><span style=\"color: #000000;font-family: arial, helvetica, sans-serif;font-size: 10pt\">Participante<\/span><\/td>\n<\/tr>\n<tr style=\"height: 48px\">\n<td style=\"height: 48px;vertical-align: middle\" width=\"211\"><span style=\"color: #000000;font-family: arial, helvetica, sans-serif;font-size: 10pt\">Marcos Andr\u00e9 Betemps<\/span><\/td>\n<td style=\"height: 48px\" width=\"311\"><span style=\"color: #000000;font-family: arial, helvetica, sans-serif;font-size: 10pt\">XV Semana Acad\u00eamica do Curso de Licenciatura em F\u00edsica<\/span><\/td>\n<td style=\"text-align: center;height: 48px;vertical-align: middle\" width=\"89\"><span style=\"color: #000000;font-family: arial, helvetica, sans-serif;font-size: 10pt\">02h<\/span><\/td>\n<td style=\"height: 48px;text-align: center;vertical-align: middle\" width=\"142\"><span style=\"color: #000000;font-family: arial, helvetica, sans-serif;font-size: 10pt\">Ministrante<\/span><\/td>\n<\/tr>\n<tr style=\"height: 48px\">\n<td style=\"height: 48px;vertical-align: middle\" width=\"211\"><span style=\"color: #000000;font-family: arial, helvetica, sans-serif;font-size: 10pt\">Marcos Andr\u00e9 Betemps Vaz da Silva<\/span><\/td>\n<td style=\"height: 48px\" width=\"311\"><span style=\"color: #000000;font-family: arial, helvetica, sans-serif;font-size: 10pt\">XIII Semana Acad\u00eamica do Curso de Licenciatura em F\u00edsica<\/span><\/td>\n<td style=\"text-align: center;height: 48px;vertical-align: middle\" width=\"89\"><span style=\"color: #000000;font-family: arial, helvetica, sans-serif;font-size: 10pt\">02h<\/span><\/td>\n<td style=\"height: 48px;text-align: center;vertical-align: middle\" width=\"142\"><span style=\"color: #000000;font-family: arial, helvetica, sans-serif;font-size: 10pt\">Ministrante<\/span><\/td>\n<\/tr>\n<tr style=\"height: 24px\">\n<td style=\"height: 24px;vertical-align: middle\" width=\"211\"><span style=\"color: #000000;font-family: arial, helvetica, sans-serif;font-size: 10pt\">Marcos Azevedo Barcellos<\/span><\/td>\n<td style=\"height: 24px\" width=\"311\"><span style=\"color: #000000;font-family: arial, helvetica, sans-serif;font-size: 10pt\">Disciplina de F\u00edsica<\/span><\/td>\n<td style=\"text-align: center;height: 24px;vertical-align: middle\" width=\"89\"><span style=\"color: #000000;font-family: arial, helvetica, sans-serif;font-size: 10pt\">1.056h<\/span><\/td>\n<td style=\"height: 24px;text-align: center;vertical-align: middle\" width=\"142\"><span style=\"color: #000000;font-family: arial, helvetica, sans-serif;font-size: 10pt\">Monitor<\/span><\/td>\n<\/tr>\n<tr style=\"height: 72px\">\n<td style=\"height: 72px;vertical-align: middle\" width=\"211\"><span style=\"color: #000000;font-family: arial, helvetica, sans-serif;font-size: 10pt\">Marcos Vinicius Grala Barbosa<\/span><\/td>\n<td style=\"height: 72px\" width=\"311\"><span style=\"color: #000000;font-family: arial, helvetica, sans-serif;font-size: 10pt\">XV Semana Acad\u00eamica do Curso de Licenciatura em F\u00edsica<\/span><\/td>\n<td style=\"text-align: center;height: 72px;vertical-align: middle\" width=\"89\"><span style=\"color: #000000;font-family: arial, helvetica, sans-serif;font-size: 10pt\">50h<\/span><\/td>\n<td style=\"height: 72px;text-align: center;vertical-align: middle\" width=\"142\"><span style=\"color: #000000;font-family: arial, helvetica, sans-serif;font-size: 10pt\">Membro da Comiss\u00e3o Organizadora e Participante<\/span><\/td>\n<\/tr>\n<tr style=\"height: 48px\">\n<td style=\"height: 48px;vertical-align: middle\" width=\"211\"><span style=\"color: #000000;font-family: arial, helvetica, sans-serif;font-size: 10pt\">Marcos Vinicius Grala Barbosa<\/span><\/td>\n<td style=\"height: 48px\" width=\"311\"><span style=\"color: #000000;font-family: arial, helvetica, sans-serif;font-size: 10pt\">XVI Semana Acad\u00eamica do Curso de Licenciatura em F\u00edsica<\/span><\/td>\n<td style=\"text-align: center;height: 48px;vertical-align: middle\" width=\"89\"><span style=\"color: #000000;font-family: arial, helvetica, sans-serif;font-size: 10pt\">40h<\/span><\/td>\n<td style=\"height: 48px;text-align: center;vertical-align: middle\" width=\"142\"><span style=\"color: #000000;font-family: arial, helvetica, sans-serif;font-size: 10pt\">Participante<\/span><\/td>\n<\/tr>\n<tr style=\"height: 24px\">\n<td style=\"height: 24px;vertical-align: middle\" width=\"211\"><span style=\"color: #000000;font-family: arial, helvetica, sans-serif;font-size: 10pt\">Margarete Borges Pinto<\/span><\/td>\n<td style=\"height: 24px\" width=\"311\"><span style=\"color: #000000;font-family: arial, helvetica, sans-serif;font-size: 10pt\">II Semin\u00e1rio de Ensino de F\u00edsica<\/span><\/td>\n<td style=\"text-align: center;height: 24px;vertical-align: middle\" width=\"89\"><span style=\"color: #000000;font-family: arial, helvetica, sans-serif;font-size: 10pt\">24h<\/span><\/td>\n<td style=\"height: 24px;text-align: center;vertical-align: middle\" width=\"142\"><span style=\"color: #000000;font-family: arial, helvetica, sans-serif;font-size: 10pt\">Participante\u00a0<\/span><\/td>\n<\/tr>\n<tr style=\"height: 48px\">\n<td style=\"height: 48px;vertical-align: middle\" width=\"211\"><span style=\"color: #000000;font-family: arial, helvetica, sans-serif;font-size: 10pt\">Maria Am\u00e9lia Souza de Freitas<\/span><\/td>\n<td style=\"height: 48px\" width=\"311\"><span style=\"color: #000000;font-family: arial, helvetica, sans-serif;font-size: 10pt\">Projeto de Extens\u00e3o &#8220;Mini-curso de F\u00edsica aplicada \u00e0 Meteorologia&#8221;<\/span><\/td>\n<td style=\"text-align: center;height: 48px;vertical-align: middle\" width=\"89\"><span style=\"color: #000000;font-family: arial, helvetica, sans-serif;font-size: 10pt\">10h<\/span><\/td>\n<td style=\"height: 48px;text-align: center;vertical-align: middle\" width=\"142\"><span style=\"color: #000000;font-family: arial, helvetica, sans-serif;font-size: 10pt\">Ouvinte<\/span><\/td>\n<\/tr>\n<tr style=\"height: 24px\">\n<td style=\"height: 24px;vertical-align: middle\" width=\"211\"><span style=\"color: #000000;font-family: arial, helvetica, sans-serif;font-size: 10pt\">Maria da Gra\u00e7a Correa<\/span><\/td>\n<td style=\"height: 24px\" width=\"311\"><span style=\"color: #000000;font-family: arial, helvetica, sans-serif;font-size: 10pt\">Curso &#8220;Aplica\u00e7\u00f5es da Microinform\u00e1tica&#8221;<\/span><\/td>\n<td style=\"text-align: center;height: 24px;vertical-align: middle\" width=\"89\"><span style=\"color: #000000;font-family: arial, helvetica, sans-serif;font-size: 10pt\">40h<\/span><\/td>\n<td style=\"height: 24px;text-align: center;vertical-align: middle\" width=\"142\"><span style=\"color: #000000;font-family: arial, helvetica, sans-serif;font-size: 10pt\">Participante<\/span><\/td>\n<\/tr>\n<tr style=\"height: 24px\">\n<td style=\"height: 24px;vertical-align: middle\" width=\"211\"><span style=\"color: #000000;font-family: arial, helvetica, sans-serif;font-size: 10pt\">Maria da Gra\u00e7a Pimentel<\/span><\/td>\n<td style=\"height: 24px\" width=\"311\"><span style=\"color: #000000;font-family: arial, helvetica, sans-serif;font-size: 10pt\">V semin\u00e1rio de Ensino de F\u00edsica<\/span><\/td>\n<td style=\"text-align: center;height: 24px;vertical-align: middle\" width=\"89\"><span style=\"color: #000000;font-family: arial, helvetica, sans-serif;font-size: 10pt\">16h<\/span><\/td>\n<td style=\"height: 24px;text-align: center;vertical-align: middle\" width=\"142\"><span style=\"color: #000000;font-family: arial, helvetica, sans-serif;font-size: 10pt\">Participante<\/span><\/td>\n<\/tr>\n<tr style=\"height: 24px\">\n<td style=\"height: 24px;vertical-align: middle\" width=\"211\"><span style=\"color: #000000;font-family: arial, helvetica, sans-serif;font-size: 10pt\">Maria Elisabete Correa Rochefort<\/span><\/td>\n<td style=\"height: 24px\" width=\"311\"><span style=\"color: #000000;font-family: arial, helvetica, sans-serif;font-size: 10pt\">V semin\u00e1rio de Ensino de F\u00edsica<\/span><\/td>\n<td style=\"text-align: center;height: 24px;vertical-align: middle\" width=\"89\"><span style=\"color: #000000;font-family: arial, helvetica, sans-serif;font-size: 10pt\">16h<\/span><\/td>\n<td style=\"height: 24px;text-align: center;vertical-align: middle\" width=\"142\"><span style=\"color: #000000;font-family: arial, helvetica, sans-serif;font-size: 10pt\">Participante<\/span><\/td>\n<\/tr>\n<tr style=\"height: 24px\">\n<td style=\"height: 24px;vertical-align: middle\" width=\"211\"><span style=\"color: #000000;font-family: arial, helvetica, sans-serif;font-size: 10pt\">Maria Elisabeth Rodrigues<\/span><\/td>\n<td style=\"height: 24px\" width=\"311\"><span style=\"color: #000000;font-family: arial, helvetica, sans-serif;font-size: 10pt\">V semin\u00e1rio de Ensino de F\u00edsica<\/span><\/td>\n<td style=\"text-align: center;height: 24px;vertical-align: middle\" width=\"89\"><span style=\"color: #000000;font-family: arial, helvetica, sans-serif;font-size: 10pt\">16h<\/span><\/td>\n<td style=\"height: 24px;text-align: center;vertical-align: middle\" width=\"142\"><span style=\"color: #000000;font-family: arial, helvetica, sans-serif;font-size: 10pt\">Participante<\/span><\/td>\n<\/tr>\n<tr style=\"height: 24px\">\n<td style=\"height: 24px;vertical-align: middle\" width=\"211\"><span style=\"color: #000000;font-family: arial, helvetica, sans-serif;font-size: 10pt\">Maria Joseane Rusch da Silva<\/span><\/td>\n<td style=\"height: 24px\" width=\"311\"><span style=\"color: #000000;font-family: arial, helvetica, sans-serif;font-size: 10pt\">Programa de Bolsas de Gradua\u00e7\u00e3o<\/span><\/td>\n<td style=\"text-align: center;height: 24px;vertical-align: middle\" width=\"89\"><span style=\"color: #000000;font-family: arial, helvetica, sans-serif;font-size: 10pt\">144h<\/span><\/td>\n<td style=\"height: 24px;text-align: center;vertical-align: middle\" width=\"142\"><span style=\"color: #000000;font-family: arial, helvetica, sans-serif;font-size: 10pt\">Bolsista<\/span><\/td>\n<\/tr>\n<tr style=\"height: 48px\">\n<td style=\"height: 48px;vertical-align: middle\" width=\"211\"><span style=\"color: #000000;font-family: arial, helvetica, sans-serif;font-size: 10pt\">Maria Joseane Rusch da Silva<\/span><\/td>\n<td style=\"height: 48px\" width=\"311\"><span style=\"color: #000000;font-family: arial, helvetica, sans-serif;font-size: 10pt\">Projeto de Extens\u00e3o &#8220;F\u00edsica para o Segundo Grau: Apoio Alunos das Escolas P\u00fablicas&#8221;<\/span><\/td>\n<td style=\"text-align: center;height: 48px;vertical-align: middle\" width=\"89\"><span style=\"color: #000000;font-family: arial, helvetica, sans-serif;font-size: 10pt\">108h<\/span><\/td>\n<td style=\"height: 48px;text-align: center;vertical-align: middle\" width=\"142\"><span style=\"color: #000000;font-family: arial, helvetica, sans-serif;font-size: 10pt\">Ministrante<\/span><\/td>\n<\/tr>\n<tr style=\"height: 48px\">\n<td style=\"height: 48px;vertical-align: middle\" width=\"211\"><span style=\"color: #000000;font-family: arial, helvetica, sans-serif;font-size: 10pt\">Maria Suelen Macedo Jacobsen<\/span><\/td>\n<td style=\"height: 48px\" width=\"311\"><span style=\"color: #000000;font-family: arial, helvetica, sans-serif;font-size: 10pt\">Curso &#8220;F\u00edsica no Ensino M\u00e9dio: (re)construindo conceitos&#8221;<\/span><\/td>\n<td style=\"text-align: center;height: 48px;vertical-align: middle\" width=\"89\"><span style=\"color: #000000;font-family: arial, helvetica, sans-serif;font-size: 10pt\">34h<\/span><\/td>\n<td style=\"height: 48px;text-align: center;vertical-align: middle\" width=\"142\"><span style=\"color: #000000;font-family: arial, helvetica, sans-serif;font-size: 10pt\">Participante<\/span><\/td>\n<\/tr>\n<tr style=\"height: 48px\">\n<td style=\"height: 48px;vertical-align: middle\" width=\"211\"><span style=\"color: #000000;font-family: arial, helvetica, sans-serif;font-size: 10pt\">Mar\u00edlia Britto Corr\u00eaa<\/span><\/td>\n<td style=\"height: 48px\" width=\"311\"><span style=\"color: #000000;font-family: arial, helvetica, sans-serif;font-size: 10pt\">Projeto de Ensino &#8220;T\u00d3PICOS DE F\u00cdSICA CONTEMPOR\u00c2NEA&#8221;<\/span><\/td>\n<td style=\"text-align: center;height: 48px;vertical-align: middle\" width=\"89\"><span style=\"color: #000000;font-family: arial, helvetica, sans-serif;font-size: 10pt\">05h<\/span><\/td>\n<td style=\"height: 48px;text-align: center;vertical-align: middle\" width=\"142\"><span style=\"color: #000000;font-family: arial, helvetica, sans-serif;font-size: 10pt\">Participante<\/span><\/td>\n<\/tr>\n<tr style=\"height: 48px\">\n<td style=\"height: 48px;vertical-align: middle\" width=\"211\"><span style=\"color: #000000;font-family: arial, helvetica, sans-serif;font-size: 10pt\">M\u00e1rio Baibich<\/span><\/td>\n<td style=\"height: 48px\" width=\"311\"><span style=\"color: #000000;font-family: arial, helvetica, sans-serif;font-size: 10pt\">XVI Semana Acad\u00eamica do Curso de Licenciatura em F\u00edsica<\/span><\/td>\n<td style=\"text-align: center;height: 48px;vertical-align: middle\" width=\"89\"><span style=\"color: #000000;font-family: arial, helvetica, sans-serif;font-size: 10pt\">02h<\/span><\/td>\n<td style=\"height: 48px;text-align: center;vertical-align: middle\" width=\"142\"><span style=\"color: #000000;font-family: arial, helvetica, sans-serif;font-size: 10pt\">Ministrante<\/span><\/td>\n<\/tr>\n<tr style=\"height: 24px\">\n<td style=\"height: 24px;vertical-align: middle\" width=\"211\"><span style=\"color: #000000;font-family: arial, helvetica, sans-serif;font-size: 10pt\">Maritza Mulet Suhey<\/span><\/td>\n<td style=\"height: 24px\" width=\"311\"><span style=\"color: #000000;font-family: arial, helvetica, sans-serif;font-size: 10pt\">XI Semana Acad\u00eamica da F\u00edsica<\/span><\/td>\n<td style=\"text-align: center;height: 24px;vertical-align: middle\" width=\"89\"><span style=\"color: #000000;font-family: arial, helvetica, sans-serif;font-size: 10pt\">24h<\/span><\/td>\n<td style=\"height: 24px;text-align: center;vertical-align: middle\" width=\"142\"><span style=\"color: #000000;font-family: arial, helvetica, sans-serif;font-size: 10pt\">Participante<\/span><\/td>\n<\/tr>\n<tr style=\"height: 48px\">\n<td style=\"height: 48px;vertical-align: middle\" width=\"211\"><span style=\"color: #000000;font-family: arial, helvetica, sans-serif;font-size: 10pt\">Marlene Regina Silveira Farias<\/span><\/td>\n<td style=\"height: 48px\" width=\"311\"><span style=\"color: #000000;font-family: arial, helvetica, sans-serif;font-size: 10pt\">Projeto de Extens\u00e3o &#8220;Experimentando a F\u00edsica na Educa\u00e7\u00e3o de Jovens e Adultos&#8221;<\/span><\/td>\n<td style=\"text-align: center;height: 48px;vertical-align: middle\" width=\"89\"><span style=\"color: #000000;font-family: arial, helvetica, sans-serif;font-size: 10pt\">20h<\/span><\/td>\n<td style=\"height: 48px;text-align: center;vertical-align: middle\" width=\"142\"><span style=\"color: #000000;font-family: arial, helvetica, sans-serif;font-size: 10pt\">Participante<\/span><\/td>\n<\/tr>\n<tr style=\"height: 24px\">\n<td style=\"height: 24px;vertical-align: middle\" width=\"211\"><span style=\"color: #000000;font-family: arial, helvetica, sans-serif;font-size: 10pt\">Marlon Cesar Colares Dutra<\/span><\/td>\n<td style=\"height: 24px\" width=\"311\"><span style=\"color: #000000;font-family: arial, helvetica, sans-serif;font-size: 10pt\">Programa de Bolsas de Gradua\u00e7\u00e3o<\/span><\/td>\n<td style=\"text-align: center;height: 24px;vertical-align: middle\" width=\"89\"><span style=\"color: #000000;font-family: arial, helvetica, sans-serif;font-size: 10pt\">144h<\/span><\/td>\n<td style=\"height: 24px;text-align: center;vertical-align: middle\" width=\"142\"><span style=\"color: #000000;font-family: arial, helvetica, sans-serif;font-size: 10pt\">Bolsista<\/span><\/td>\n<\/tr>\n<tr style=\"height: 48px\">\n<td style=\"height: 48px;vertical-align: middle\" width=\"211\"><span style=\"color: #000000;font-family: arial, helvetica, sans-serif;font-size: 10pt\">Mateus Borba Cardoso<\/span><\/td>\n<td style=\"height: 48px\" width=\"311\"><span style=\"color: #000000;font-family: arial, helvetica, sans-serif;font-size: 10pt\">XVIII Semana Acad\u00eamica do Curso de Licenciatura em F\u00edsica<\/span><\/td>\n<td style=\"text-align: center;height: 48px;vertical-align: middle\" width=\"89\"><span style=\"color: #000000;font-family: arial, helvetica, sans-serif;font-size: 10pt\">03h<\/span><\/td>\n<td style=\"height: 48px;text-align: center;vertical-align: middle\" width=\"142\"><span style=\"color: #000000;font-family: arial, helvetica, sans-serif;font-size: 10pt\">Palestrante<\/span><\/td>\n<\/tr>\n<tr style=\"height: 48px\">\n<td style=\"height: 48px;vertical-align: middle\" width=\"211\"><span style=\"color: #000000;font-family: arial, helvetica, sans-serif;font-size: 10pt\">Mateus Dias Nunes<\/span><\/td>\n<td style=\"height: 48px\" width=\"311\"><span style=\"color: #000000;font-family: arial, helvetica, sans-serif;font-size: 10pt\">XVI Semana Acad\u00eamica do Curso de Licenciatura em F\u00edsica<\/span><\/td>\n<td style=\"text-align: center;height: 48px;vertical-align: middle\" width=\"89\"><span style=\"color: #000000;font-family: arial, helvetica, sans-serif;font-size: 10pt\">40h<\/span><\/td>\n<td style=\"height: 48px;text-align: center;vertical-align: middle\" width=\"142\"><span style=\"color: #000000;font-family: arial, helvetica, sans-serif;font-size: 10pt\">Participante<\/span><\/td>\n<\/tr>\n<tr style=\"height: 24px\">\n<td style=\"height: 24px;vertical-align: middle\" width=\"211\"><span style=\"color: #000000;font-family: arial, helvetica, sans-serif;font-size: 10pt\">Matheus da Rosa Madeira<\/span><\/td>\n<td style=\"height: 24px\" width=\"311\"><span style=\"color: #000000;font-family: arial, helvetica, sans-serif;font-size: 10pt\">PIBID<\/span><\/td>\n<td style=\"text-align: center;height: 24px;vertical-align: middle\" width=\"89\"><span style=\"color: #000000;font-family: arial, helvetica, sans-serif;font-size: 10pt\">12h\/sem.<\/span><\/td>\n<td style=\"height: 24px;text-align: center;vertical-align: middle\" width=\"142\"><span style=\"color: #000000;font-family: arial, helvetica, sans-serif;font-size: 10pt\">Bolsista<\/span><\/td>\n<\/tr>\n<tr style=\"height: 48px\">\n<td style=\"height: 48px;vertical-align: middle\" width=\"211\"><span style=\"color: #000000;font-family: arial, helvetica, sans-serif;font-size: 10pt\">Matheus Souza Quadrado<\/span><\/td>\n<td style=\"height: 48px\" width=\"311\"><span style=\"color: #000000;font-family: arial, helvetica, sans-serif;font-size: 10pt\">XVIII Semana Acad\u00eamica do Curso de Licenciatura em F\u00edsica<\/span><\/td>\n<td style=\"text-align: center;height: 48px;vertical-align: middle\" width=\"89\"><span style=\"color: #000000;font-family: arial, helvetica, sans-serif;font-size: 10pt\">40h<\/span><\/td>\n<td style=\"height: 48px;text-align: center;vertical-align: middle\" width=\"142\"><span style=\"color: #000000;font-family: arial, helvetica, sans-serif;font-size: 10pt\">Ouvinte<\/span><\/td>\n<\/tr>\n<tr style=\"height: 24px\">\n<td style=\"height: 24px;vertical-align: middle\" width=\"211\"><span style=\"color: #000000;font-family: arial, helvetica, sans-serif;font-size: 10pt\">Mathias Munhoz Pires<\/span><\/td>\n<td style=\"height: 24px\" width=\"311\"><span style=\"color: #000000;font-family: arial, helvetica, sans-serif;font-size: 10pt\">PIBID<\/span><\/td>\n<td style=\"text-align: center;height: 24px;vertical-align: middle\" width=\"89\"><span style=\"color: #000000;font-family: arial, helvetica, sans-serif;font-size: 10pt\">12h\/sem.<\/span><\/td>\n<td style=\"height: 24px;text-align: center;vertical-align: middle\" width=\"142\"><span style=\"color: #000000;font-family: arial, helvetica, sans-serif;font-size: 10pt\">Bolsista<\/span><\/td>\n<\/tr>\n<tr style=\"height: 48px\">\n<td style=\"height: 48px;vertical-align: middle\" width=\"211\"><span style=\"color: #000000;font-family: arial, helvetica, sans-serif;font-size: 10pt\">Mathias Munhoz Pires<\/span><\/td>\n<td style=\"height: 48px\" width=\"311\"><span style=\"color: #000000;font-family: arial, helvetica, sans-serif;font-size: 10pt\">XVIII Semana Acad\u00eamica do Curso de Licenciatura em F\u00edsica<\/span><\/td>\n<td style=\"text-align: center;height: 48px;vertical-align: middle\" width=\"89\"><span style=\"color: #000000;font-family: arial, helvetica, sans-serif;font-size: 10pt\">40h<\/span><\/td>\n<td style=\"height: 48px;text-align: center;vertical-align: middle\" width=\"142\"><span style=\"color: #000000;font-family: arial, helvetica, sans-serif;font-size: 10pt\">Ouvinte<\/span><\/td>\n<\/tr>\n<tr style=\"height: 24px\">\n<td style=\"height: 24px;vertical-align: middle\" width=\"211\"><span style=\"color: #000000;font-family: arial, helvetica, sans-serif;font-size: 10pt\">Mauricio Aires Vieira<\/span><\/td>\n<td style=\"height: 24px\" width=\"311\"><span style=\"color: #000000;font-family: arial, helvetica, sans-serif;font-size: 10pt\">Grupo PET-F\u00edsica<\/span><\/td>\n<td style=\"text-align: center;height: 24px;vertical-align: middle\" width=\"89\"><span style=\"color: #000000;font-family: arial, helvetica, sans-serif;font-size: 10pt\">12h\/sem.<\/span><\/td>\n<td style=\"height: 24px;text-align: center;vertical-align: middle\" width=\"142\"><span style=\"color: #000000;font-family: arial, helvetica, sans-serif;font-size: 10pt\">Bolsista<\/span><\/td>\n<\/tr>\n<tr style=\"height: 24px\">\n<td style=\"height: 24px;vertical-align: middle\" width=\"211\"><span style=\"color: #000000;font-family: arial, helvetica, sans-serif;font-size: 10pt\">Mauricio Lopes<\/span><\/td>\n<td style=\"height: 24px\" width=\"311\"><span style=\"color: #000000;font-family: arial, helvetica, sans-serif;font-size: 10pt\">PIBID<\/span><\/td>\n<td style=\"text-align: center;height: 24px;vertical-align: middle\" width=\"89\"><span style=\"color: #000000;font-family: arial, helvetica, sans-serif;font-size: 10pt\">12h\/sem.<\/span><\/td>\n<td style=\"height: 24px;text-align: center;vertical-align: middle\" width=\"142\"><span style=\"color: #000000;font-family: arial, helvetica, sans-serif;font-size: 10pt\">Bolsista<\/span><\/td>\n<\/tr>\n<tr style=\"height: 24px\">\n<td style=\"height: 24px;vertical-align: middle\" width=\"211\"><span style=\"color: #000000;font-family: arial, helvetica, sans-serif;font-size: 10pt\">Maur\u00edcio Moreira Soares<\/span><\/td>\n<td style=\"height: 24px\" width=\"311\"><span style=\"color: #000000;font-family: arial, helvetica, sans-serif;font-size: 10pt\">Projeto de Ensino &#8220;CINE-LEITURAS&#8221;<\/span><\/td>\n<td style=\"text-align: center;height: 24px;vertical-align: middle\" width=\"89\"><span style=\"color: #000000;font-family: arial, helvetica, sans-serif;font-size: 10pt\">10h<\/span><\/td>\n<td style=\"height: 24px;text-align: center;vertical-align: middle\" width=\"142\"><span style=\"color: #000000;font-family: arial, helvetica, sans-serif;font-size: 10pt\">Participante<\/span><\/td>\n<\/tr>\n<tr style=\"height: 48px\">\n<td style=\"height: 48px;vertical-align: middle\" width=\"211\"><span style=\"color: #000000;font-family: arial, helvetica, sans-serif;font-size: 10pt\">Maur\u00edcio Moreira Soares<\/span><\/td>\n<td style=\"height: 48px\" width=\"311\"><span style=\"color: #000000;font-family: arial, helvetica, sans-serif;font-size: 10pt\">Projeto de Ensino &#8220;Mini-curso Introdut\u00f3rio \u00e0 F\u00edsica de Nano-Estruturas e Nanotecnologia&#8221;<\/span><\/td>\n<td style=\"text-align: center;height: 48px;vertical-align: middle\" width=\"89\"><span style=\"color: #000000;font-family: arial, helvetica, sans-serif;font-size: 10pt\">10h<\/span><\/td>\n<td style=\"height: 48px;text-align: center;vertical-align: middle\" width=\"142\"><span style=\"color: #000000;font-family: arial, helvetica, sans-serif;font-size: 10pt\">Participante<\/span><\/td>\n<\/tr>\n<tr style=\"height: 48px\">\n<td style=\"height: 48px;vertical-align: middle\" width=\"211\"><span style=\"color: #000000;font-family: arial, helvetica, sans-serif;font-size: 10pt\">Maur\u00edcio Moreira Soares<\/span><\/td>\n<td style=\"height: 48px\" width=\"311\"><span style=\"color: #000000;font-family: arial, helvetica, sans-serif;font-size: 10pt\">Projeto de Ensino &#8220;T\u00d3PICOS DE F\u00cdSICA CONTEMPOR\u00c2NEA&#8221;<\/span><\/td>\n<td style=\"text-align: center;height: 48px;vertical-align: middle\" width=\"89\"><span style=\"color: #000000;font-family: arial, helvetica, sans-serif;font-size: 10pt\">05h<\/span><\/td>\n<td style=\"height: 48px;text-align: center;vertical-align: middle\" width=\"142\"><span style=\"color: #000000;font-family: arial, helvetica, sans-serif;font-size: 10pt\">Participante<\/span><\/td>\n<\/tr>\n<tr style=\"height: 72px\">\n<td style=\"height: 72px;vertical-align: middle\" width=\"211\"><span style=\"color: #000000;font-family: arial, helvetica, sans-serif;font-size: 10pt\">Maur\u00edcio Moreira Soares<\/span><\/td>\n<td style=\"height: 72px\" width=\"311\"><span style=\"color: #000000;font-family: arial, helvetica, sans-serif;font-size: 10pt\">XIV Semana Acad\u00eamica do Curso de Licenciatura em F\u00edsica<\/span><\/td>\n<td style=\"text-align: center;height: 72px;vertical-align: middle\" width=\"89\"><span style=\"color: #000000;font-family: arial, helvetica, sans-serif;font-size: 10pt\">50h<\/span><\/td>\n<td style=\"height: 72px;text-align: center;vertical-align: middle\" width=\"142\"><span style=\"color: #000000;font-family: arial, helvetica, sans-serif;font-size: 10pt\">Membro da Comiss\u00e3o Organizadora e Participante<\/span><\/td>\n<\/tr>\n<tr style=\"height: 24px\">\n<td style=\"height: 24px;vertical-align: middle\" width=\"211\"><span style=\"color: #000000;font-family: arial, helvetica, sans-serif;font-size: 10pt\">Mauro Cristian Garcia Rickes<\/span><\/td>\n<td style=\"height: 24px\" width=\"311\"><span style=\"color: #000000;font-family: arial, helvetica, sans-serif;font-size: 10pt\">Grupo PET-F\u00edsica<\/span><\/td>\n<td style=\"text-align: center;height: 24px;vertical-align: middle\" width=\"89\"><span style=\"color: #000000;font-family: arial, helvetica, sans-serif;font-size: 10pt\">12h\/sem.<\/span><\/td>\n<td style=\"height: 24px;text-align: center;vertical-align: middle\" width=\"142\"><span style=\"color: #000000;font-family: arial, helvetica, sans-serif;font-size: 10pt\">Bolsista<\/span><\/td>\n<\/tr>\n<tr style=\"height: 48px\">\n<td style=\"height: 48px;vertical-align: middle\" width=\"211\"><span style=\"color: #000000;font-family: arial, helvetica, sans-serif;font-size: 10pt\">Mauro Hickes<\/span><\/td>\n<td style=\"height: 48px\" width=\"311\"><span style=\"color: #000000;font-family: arial, helvetica, sans-serif;font-size: 10pt\">XV Semana Acad\u00eamica do Curso de Licenciatura em F\u00edsica<\/span><\/td>\n<td style=\"text-align: center;height: 48px;vertical-align: middle\" width=\"89\"><span style=\"color: #000000;font-family: arial, helvetica, sans-serif;font-size: 10pt\">02h<\/span><\/td>\n<td style=\"height: 48px;text-align: center;vertical-align: middle\" width=\"142\"><span style=\"color: #000000;font-family: arial, helvetica, sans-serif;font-size: 10pt\">Ministrante<\/span><\/td>\n<\/tr>\n<tr style=\"height: 48px\">\n<td style=\"height: 48px;vertical-align: middle\" width=\"211\"><span style=\"color: #000000;font-family: arial, helvetica, sans-serif;font-size: 10pt\">Mauro Lorenzato Nobre<\/span><\/td>\n<td style=\"height: 48px\" width=\"311\"><span style=\"color: #000000;font-family: arial, helvetica, sans-serif;font-size: 10pt\">XV Semana Acad\u00eamica do Curso de Licenciatura em F\u00edsica<\/span><\/td>\n<td style=\"text-align: center;height: 48px;vertical-align: middle\" width=\"89\"><span style=\"color: #000000;font-family: arial, helvetica, sans-serif;font-size: 10pt\">40h<\/span><\/td>\n<td style=\"height: 48px;text-align: center;vertical-align: middle\" width=\"142\"><span style=\"color: #000000;font-family: arial, helvetica, sans-serif;font-size: 10pt\">Participante<\/span><\/td>\n<\/tr>\n<tr style=\"height: 48px\">\n<td style=\"height: 48px;vertical-align: middle\" width=\"211\"><span style=\"color: #000000;font-family: arial, helvetica, sans-serif;font-size: 10pt\">Megan Polnow Gnutzmann<\/span><\/td>\n<td style=\"height: 48px\" width=\"311\"><span style=\"color: #000000;font-family: arial, helvetica, sans-serif;font-size: 10pt\">XVIII Semana Acad\u00eamica do Curso de Licenciatura em F\u00edsica<\/span><\/td>\n<td style=\"text-align: center;height: 48px;vertical-align: middle\" width=\"89\"><span style=\"color: #000000;font-family: arial, helvetica, sans-serif;font-size: 10pt\">60h<\/span><\/td>\n<td style=\"height: 48px;text-align: center;vertical-align: middle\" width=\"142\"><span style=\"color: #000000;font-family: arial, helvetica, sans-serif;font-size: 10pt\">Ouvinte e organizadora<\/span><\/td>\n<\/tr>\n<tr style=\"height: 24px\">\n<td style=\"height: 24px;vertical-align: middle\" width=\"211\"><span style=\"color: #000000;font-family: arial, helvetica, sans-serif;font-size: 10pt\">Michel Silva dos Santos<\/span><\/td>\n<td style=\"height: 24px\" width=\"311\"><span style=\"color: #000000;font-family: arial, helvetica, sans-serif;font-size: 10pt\">Programa de Bolsas de Gradua\u00e7\u00e3o<\/span><\/td>\n<td style=\"text-align: center;height: 24px;vertical-align: middle\" width=\"89\"><span style=\"color: #000000;font-family: arial, helvetica, sans-serif;font-size: 10pt\">144h<\/span><\/td>\n<td style=\"height: 24px;text-align: center;vertical-align: middle\" width=\"142\"><span style=\"color: #000000;font-family: arial, helvetica, sans-serif;font-size: 10pt\">Bolsista<\/span><\/td>\n<\/tr>\n<tr style=\"height: 48px\">\n<td style=\"height: 48px;vertical-align: middle\" width=\"211\"><span style=\"color: #000000;font-family: arial, helvetica, sans-serif;font-size: 10pt\">Miriam Corr\u00eaa Soares<\/span><\/td>\n<td style=\"height: 48px\" width=\"311\"><span style=\"color: #000000;font-family: arial, helvetica, sans-serif;font-size: 10pt\">Projeto de Ensino &#8220;Mini-curso Introdut\u00f3rio \u00e0 F\u00edsica de Part\u00edculas, Estado S\u00f3lido e Plasma&#8221;<\/span><\/td>\n<td style=\"text-align: center;height: 48px;vertical-align: middle\" width=\"89\"><span style=\"color: #000000;font-family: arial, helvetica, sans-serif;font-size: 10pt\">20h<\/span><\/td>\n<td style=\"height: 48px;text-align: center;vertical-align: middle\" width=\"142\"><span style=\"color: #000000;font-family: arial, helvetica, sans-serif;font-size: 10pt\">Participante<\/span><\/td>\n<\/tr>\n<tr style=\"height: 24px\">\n<td style=\"height: 24px;vertical-align: middle\" width=\"211\"><span style=\"color: #000000;font-family: arial, helvetica, sans-serif;font-size: 10pt\">M\u00edriam Sanches Larangeira<\/span><\/td>\n<td style=\"height: 24px\" width=\"311\"><span style=\"color: #000000;font-family: arial, helvetica, sans-serif;font-size: 10pt\">III Semin\u00e1rio de Ensino de F\u00edsica<\/span><\/td>\n<td style=\"text-align: center;height: 24px;vertical-align: middle\" width=\"89\"><span style=\"color: #000000;font-family: arial, helvetica, sans-serif;font-size: 10pt\">24h<\/span><\/td>\n<td style=\"height: 24px;text-align: center;vertical-align: middle\" width=\"142\"><span style=\"color: #000000;font-family: arial, helvetica, sans-serif;font-size: 10pt\">Participante<\/span><\/td>\n<\/tr>\n<tr style=\"height: 24px\">\n<td style=\"height: 24px;vertical-align: middle\" width=\"211\"><span style=\"color: #000000;font-family: arial, helvetica, sans-serif;font-size: 10pt\">Mitizi de Miranda Gomes<\/span><\/td>\n<td style=\"height: 24px\" width=\"311\"><span style=\"color: #000000;font-family: arial, helvetica, sans-serif;font-size: 10pt\">III Semin\u00e1rio de Ensino de F\u00edsica<\/span><\/td>\n<td style=\"text-align: center;height: 24px;vertical-align: middle\" width=\"89\"><span style=\"color: #000000;font-family: arial, helvetica, sans-serif;font-size: 10pt\">24h<\/span><\/td>\n<td style=\"height: 24px;text-align: center;vertical-align: middle\" width=\"142\"><span style=\"color: #000000;font-family: arial, helvetica, sans-serif;font-size: 10pt\">Participante<\/span><\/td>\n<\/tr>\n<tr style=\"height: 24px\">\n<td style=\"height: 24px;vertical-align: middle\" width=\"211\"><span style=\"color: #000000;font-family: arial, helvetica, sans-serif;font-size: 10pt\">Moacir Borges Fernandes<\/span><\/td>\n<td style=\"height: 24px\" width=\"311\"><span style=\"color: #000000;font-family: arial, helvetica, sans-serif;font-size: 10pt\">III Semin\u00e1rio de Ensino de F\u00edsica<\/span><\/td>\n<td style=\"text-align: center;height: 24px;vertical-align: middle\" width=\"89\"><span style=\"color: #000000;font-family: arial, helvetica, sans-serif;font-size: 10pt\">24h<\/span><\/td>\n<td style=\"height: 24px;text-align: center;vertical-align: middle\" width=\"142\"><span style=\"color: #000000;font-family: arial, helvetica, sans-serif;font-size: 10pt\">Participante<\/span><\/td>\n<\/tr>\n<tr style=\"height: 48px\">\n<td style=\"height: 48px;vertical-align: middle\" width=\"211\"><span style=\"color: #000000;font-family: arial, helvetica, sans-serif;font-size: 10pt\">Moara Lediane de Oliveira<\/span><\/td>\n<td style=\"height: 48px\" width=\"311\"><span style=\"color: #000000;font-family: arial, helvetica, sans-serif;font-size: 10pt\">XV Semana Acad\u00eamica do Curso de Licenciatura em F\u00edsica<\/span><\/td>\n<td style=\"text-align: center;height: 48px;vertical-align: middle\" width=\"89\"><span style=\"color: #000000;font-family: arial, helvetica, sans-serif;font-size: 10pt\">40h<\/span><\/td>\n<td style=\"height: 48px;text-align: center;vertical-align: middle\" width=\"142\"><span style=\"color: #000000;font-family: arial, helvetica, sans-serif;font-size: 10pt\">Participante<\/span><\/td>\n<\/tr>\n<tr style=\"height: 48px\">\n<td style=\"height: 48px;vertical-align: middle\" width=\"211\"><span style=\"color: #000000;font-family: arial, helvetica, sans-serif;font-size: 10pt\">Mois\u00e9s Leonardi de Almeida<\/span><\/td>\n<td style=\"height: 48px\" width=\"311\"><span style=\"color: #000000;font-family: arial, helvetica, sans-serif;font-size: 10pt\">Projeto de Ensino &#8220;Mini-curso Introdut\u00f3rio \u00e0 F\u00edsica de Nano-Estruturas e Nanotecnologia&#8221;<\/span><\/td>\n<td style=\"text-align: center;height: 48px;vertical-align: middle\" width=\"89\"><span style=\"color: #000000;font-family: arial, helvetica, sans-serif;font-size: 10pt\">10h<\/span><\/td>\n<td style=\"height: 48px;text-align: center;vertical-align: middle\" width=\"142\"><span style=\"color: #000000;font-family: arial, helvetica, sans-serif;font-size: 10pt\">Participante<\/span><\/td>\n<\/tr>\n<tr style=\"height: 48px\">\n<td style=\"height: 48px;vertical-align: middle\" width=\"211\"><span style=\"color: #000000;font-family: arial, helvetica, sans-serif;font-size: 10pt\">M\u00f4nica Let\u00edcia Mackedanz Ribeiro<\/span><\/td>\n<td style=\"height: 48px\" width=\"311\"><span style=\"color: #000000;font-family: arial, helvetica, sans-serif;font-size: 10pt\">Projeto de Ensino &#8220;Fundamentos de Supercondutividade&#8221;<\/span><\/td>\n<td style=\"text-align: center;height: 48px;vertical-align: middle\" width=\"89\"><span style=\"color: #000000;font-family: arial, helvetica, sans-serif;font-size: 10pt\">10h<\/span><\/td>\n<td style=\"height: 48px;text-align: center;vertical-align: middle\" width=\"142\"><span style=\"color: #000000;font-family: arial, helvetica, sans-serif;font-size: 10pt\">Participante<\/span><\/td>\n<\/tr>\n<tr style=\"height: 48px\">\n<td style=\"height: 48px;vertical-align: middle\" width=\"211\"><span style=\"color: #000000;font-family: arial, helvetica, sans-serif;font-size: 10pt\">M\u00f4nica Let\u00edcia Ribeiro<\/span><\/td>\n<td style=\"height: 48px\" width=\"311\"><span style=\"color: #000000;font-family: arial, helvetica, sans-serif;font-size: 10pt\">Projeto de Extens\u00e3o &#8220;Mini-curso de F\u00edsica aplicada \u00e0 Meteorologia&#8221;<\/span><\/td>\n<td style=\"text-align: center;height: 48px;vertical-align: middle\" width=\"89\"><span style=\"color: #000000;font-family: arial, helvetica, sans-serif;font-size: 10pt\">10h<\/span><\/td>\n<td style=\"height: 48px;text-align: center;vertical-align: middle\" width=\"142\"><span style=\"color: #000000;font-family: arial, helvetica, sans-serif;font-size: 10pt\">Ouvinte<\/span><\/td>\n<\/tr>\n<tr style=\"height: 48px\">\n<td style=\"height: 48px;vertical-align: middle\" width=\"211\"><span style=\"color: #000000;font-family: arial, helvetica, sans-serif;font-size: 10pt\">M\u00f4nica Siegert<\/span><\/td>\n<td style=\"height: 48px\" width=\"311\"><span style=\"color: #000000;font-family: arial, helvetica, sans-serif;font-size: 10pt\">Semana Acad\u00eamica do Curso de Licenciatura Plena em F\u00edsica 1999<\/span><\/td>\n<td style=\"text-align: center;height: 48px;vertical-align: middle\" width=\"89\"><span style=\"color: #000000;font-family: arial, helvetica, sans-serif;font-size: 10pt\">40h<\/span><\/td>\n<td style=\"height: 48px;text-align: center;vertical-align: middle\" width=\"142\"><span style=\"color: #000000;font-family: arial, helvetica, sans-serif;font-size: 10pt\">Participante<\/span><\/td>\n<\/tr>\n<tr style=\"height: 48px\">\n<td style=\"height: 48px;vertical-align: middle\" width=\"211\"><span style=\"color: #000000;font-family: arial, helvetica, sans-serif;font-size: 10pt\">Murilo Santana Rangel<\/span><\/td>\n<td style=\"height: 48px\" width=\"311\"><span style=\"color: #000000;font-family: arial, helvetica, sans-serif;font-size: 10pt\">XVIII Semana Acad\u00eamica do Curso de Licenciatura em F\u00edsica<\/span><\/td>\n<td style=\"text-align: center;height: 48px;vertical-align: middle\" width=\"89\"><span style=\"color: #000000;font-family: arial, helvetica, sans-serif;font-size: 10pt\">03h<\/span><\/td>\n<td style=\"height: 48px;text-align: center;vertical-align: middle\" width=\"142\"><span style=\"color: #000000;font-family: arial, helvetica, sans-serif;font-size: 10pt\">Palestrante<\/span><\/td>\n<\/tr>\n<tr style=\"height: 48px\">\n<td style=\"height: 48px;vertical-align: middle\" width=\"211\"><span style=\"color: #000000;font-family: arial, helvetica, sans-serif;font-size: 10pt\">Nairemar de F\u00e1tima Gl\u00f3ria do Amarante<\/span><\/td>\n<td style=\"height: 48px\" width=\"311\"><span style=\"color: #000000;font-family: arial, helvetica, sans-serif;font-size: 10pt\">III Semin\u00e1rio de Ensino de F\u00edsica<\/span><\/td>\n<td style=\"text-align: center;height: 48px;vertical-align: middle\" width=\"89\"><span style=\"color: #000000;font-family: arial, helvetica, sans-serif;font-size: 10pt\">24h<\/span><\/td>\n<td style=\"height: 48px;text-align: center;vertical-align: middle\" width=\"142\"><span style=\"color: #000000;font-family: arial, helvetica, sans-serif;font-size: 10pt\">Participante<\/span><\/td>\n<\/tr>\n<tr style=\"height: 48px\">\n<td style=\"height: 48px;vertical-align: middle\" width=\"211\"><span style=\"color: #000000;font-family: arial, helvetica, sans-serif;font-size: 10pt\">Natali Farias Cardoso<\/span><\/td>\n<td style=\"height: 48px\" width=\"311\"><span style=\"color: #000000;font-family: arial, helvetica, sans-serif;font-size: 10pt\">IX Semana Acad\u00eamica da F\u00edsica<\/span><\/td>\n<td style=\"text-align: center;height: 48px;vertical-align: middle\" width=\"89\"><span style=\"color: #000000;font-family: arial, helvetica, sans-serif;font-size: 10pt\">42h<\/span><\/td>\n<td style=\"height: 48px;text-align: center;vertical-align: middle\" width=\"142\"><span style=\"color: #000000;font-family: arial, helvetica, sans-serif;font-size: 10pt\">Ministrante e Participante<\/span><\/td>\n<\/tr>\n<tr style=\"height: 48px\">\n<td style=\"height: 48px;vertical-align: middle\" width=\"211\"><span style=\"color: #000000;font-family: arial, helvetica, sans-serif;font-size: 10pt\">Nat\u00e1lia Perissoto Sinhori<\/span><\/td>\n<td style=\"height: 48px\" width=\"311\"><span style=\"color: #000000;font-family: arial, helvetica, sans-serif;font-size: 10pt\">Projeto de Extens\u00e3o &#8220;Mini-curso de F\u00edsica aplicada \u00e0 Meteorologia&#8221;<\/span><\/td>\n<td style=\"text-align: center;height: 48px;vertical-align: middle\" width=\"89\"><span style=\"color: #000000;font-family: arial, helvetica, sans-serif;font-size: 10pt\">10h<\/span><\/td>\n<td style=\"height: 48px;text-align: center;vertical-align: middle\" width=\"142\"><span style=\"color: #000000;font-family: arial, helvetica, sans-serif;font-size: 10pt\">Ouvinte<\/span><\/td>\n<\/tr>\n<tr style=\"height: 48px\">\n<td style=\"height: 48px;vertical-align: middle\" width=\"211\"><span style=\"color: #000000;font-family: arial, helvetica, sans-serif;font-size: 10pt\">Natiele de Freitas Nunes<\/span><\/td>\n<td style=\"height: 48px\" width=\"311\"><span style=\"color: #000000;font-family: arial, helvetica, sans-serif;font-size: 10pt\">Projeto de Extens\u00e3o &#8220;Experimentando a F\u00edsica na Educa\u00e7\u00e3o de Jovens e Adultos&#8221;<\/span><\/td>\n<td style=\"text-align: center;height: 48px;vertical-align: middle\" width=\"89\"><span style=\"color: #000000;font-family: arial, helvetica, sans-serif;font-size: 10pt\">20h<\/span><\/td>\n<td style=\"height: 48px;text-align: center;vertical-align: middle\" width=\"142\"><span style=\"color: #000000;font-family: arial, helvetica, sans-serif;font-size: 10pt\">Participante<\/span><\/td>\n<\/tr>\n<tr style=\"height: 24px\">\n<td style=\"height: 24px;vertical-align: middle\" width=\"211\"><span style=\"color: #000000;font-family: arial, helvetica, sans-serif;font-size: 10pt\">Neiff Olavo Satte Alam<\/span><\/td>\n<td style=\"height: 24px\" width=\"311\"><span style=\"color: #000000;font-family: arial, helvetica, sans-serif;font-size: 10pt\">III Semin\u00e1rio de Ensino de F\u00edsica<\/span><\/td>\n<td style=\"text-align: center;height: 24px;vertical-align: middle\" width=\"89\"><span style=\"color: #000000;font-family: arial, helvetica, sans-serif;font-size: 10pt\">24h<\/span><\/td>\n<td style=\"height: 24px;text-align: center;vertical-align: middle\" width=\"142\"><span style=\"color: #000000;font-family: arial, helvetica, sans-serif;font-size: 10pt\">Ministrante<\/span><\/td>\n<\/tr>\n<tr style=\"height: 48px\">\n<td style=\"height: 48px;vertical-align: middle\" width=\"211\"><span style=\"color: #000000;font-family: arial, helvetica, sans-serif;font-size: 10pt\">Nelson Marques<\/span><\/td>\n<td style=\"height: 48px\" width=\"311\"><span style=\"color: #000000;font-family: arial, helvetica, sans-serif;font-size: 10pt\">XVI Semana Acad\u00eamica do Curso de Licenciatura em F\u00edsica<\/span><\/td>\n<td style=\"text-align: center;height: 48px;vertical-align: middle\" width=\"89\"><span style=\"color: #000000;font-family: arial, helvetica, sans-serif;font-size: 10pt\">04h<\/span><\/td>\n<td style=\"height: 48px;text-align: center;vertical-align: middle\" width=\"142\"><span style=\"color: #000000;font-family: arial, helvetica, sans-serif;font-size: 10pt\">Ministrante<\/span><\/td>\n<\/tr>\n<tr style=\"height: 24px\">\n<td style=\"height: 24px;vertical-align: middle\" width=\"211\"><span style=\"color: #000000;font-family: arial, helvetica, sans-serif;font-size: 10pt\">Nicolau Barreto Pereira<\/span><\/td>\n<td style=\"height: 24px\" width=\"311\"><span style=\"color: #000000;font-family: arial, helvetica, sans-serif;font-size: 10pt\">PIBID<\/span><\/td>\n<td style=\"text-align: center;height: 24px;vertical-align: middle\" width=\"89\"><span style=\"color: #000000;font-family: arial, helvetica, sans-serif;font-size: 10pt\">12h\/sem.<\/span><\/td>\n<td style=\"height: 24px;text-align: center;vertical-align: middle\" width=\"142\"><span style=\"color: #000000;font-family: arial, helvetica, sans-serif;font-size: 10pt\">Bolsista<\/span><\/td>\n<\/tr>\n<tr style=\"height: 48px\">\n<td style=\"height: 48px;vertical-align: middle\" width=\"211\"><span style=\"color: #000000;font-family: arial, helvetica, sans-serif;font-size: 10pt\">Orieto Furtado de \u00c1vila<\/span><\/td>\n<td style=\"height: 48px\" width=\"311\"><span style=\"color: #000000;font-family: arial, helvetica, sans-serif;font-size: 10pt\">Projeto de Extens\u00e3o &#8220;Experimentando a F\u00edsica na Educa\u00e7\u00e3o de Jovens e Adultos&#8221;<\/span><\/td>\n<td style=\"text-align: center;height: 48px;vertical-align: middle\" width=\"89\"><span style=\"color: #000000;font-family: arial, helvetica, sans-serif;font-size: 10pt\">20h<\/span><\/td>\n<td style=\"height: 48px;text-align: center;vertical-align: middle\" width=\"142\"><span style=\"color: #000000;font-family: arial, helvetica, sans-serif;font-size: 10pt\">Participante<\/span><\/td>\n<\/tr>\n<tr style=\"height: 48px\">\n<td style=\"height: 48px;vertical-align: middle\" width=\"211\"><span style=\"color: #000000;font-family: arial, helvetica, sans-serif;font-size: 10pt\">Ot\u00e1vio Tavares Ruoso<\/span><\/td>\n<td style=\"height: 48px\" width=\"311\"><span style=\"color: #000000;font-family: arial, helvetica, sans-serif;font-size: 10pt\">XVIII Semana Acad\u00eamica do Curso de Licenciatura em F\u00edsica<\/span><\/td>\n<td style=\"text-align: center;height: 48px;vertical-align: middle\" width=\"89\"><span style=\"color: #000000;font-family: arial, helvetica, sans-serif;font-size: 10pt\">40h<\/span><\/td>\n<td style=\"height: 48px;text-align: center;vertical-align: middle\" width=\"142\"><span style=\"color: #000000;font-family: arial, helvetica, sans-serif;font-size: 10pt\">Ouvinte<\/span><\/td>\n<\/tr>\n<tr style=\"height: 24px\">\n<td style=\"height: 24px;vertical-align: middle\" width=\"211\"><span style=\"color: #000000;font-family: arial, helvetica, sans-serif;font-size: 10pt\">Patr\u00edcia Nunes Tuchtenhagen<\/span><\/td>\n<td style=\"height: 24px\" width=\"311\"><span style=\"color: #000000;font-family: arial, helvetica, sans-serif;font-size: 10pt\">XI Semana Acad\u00eamica da F\u00edsica<\/span><\/td>\n<td style=\"text-align: center;height: 24px;vertical-align: middle\" width=\"89\"><span style=\"color: #000000;font-family: arial, helvetica, sans-serif;font-size: 10pt\">32h<\/span><\/td>\n<td style=\"height: 24px;text-align: center;vertical-align: middle\" width=\"142\"><span style=\"color: #000000;font-family: arial, helvetica, sans-serif;font-size: 10pt\">Participante<\/span><\/td>\n<\/tr>\n<tr style=\"height: 24px\">\n<td style=\"height: 24px;vertical-align: middle\" width=\"211\"><span style=\"color: #000000;font-family: arial, helvetica, sans-serif;font-size: 10pt\">Patr\u00edcia Soares Morales<\/span><\/td>\n<td style=\"height: 24px\" width=\"311\"><span style=\"color: #000000;font-family: arial, helvetica, sans-serif;font-size: 10pt\">Grupo PET-F\u00edsica<\/span><\/td>\n<td style=\"text-align: center;height: 24px;vertical-align: middle\" width=\"89\"><span style=\"color: #000000;font-family: arial, helvetica, sans-serif;font-size: 10pt\">12h\/sem.<\/span><\/td>\n<td style=\"height: 24px;text-align: center;vertical-align: middle\" width=\"142\"><span style=\"color: #000000;font-family: arial, helvetica, sans-serif;font-size: 10pt\">Bolsista<\/span><\/td>\n<\/tr>\n<tr style=\"height: 48px\">\n<td style=\"height: 48px;vertical-align: middle\" width=\"211\"><span style=\"color: #000000;font-family: arial, helvetica, sans-serif;font-size: 10pt\">Patr\u00edcia Soares Morales<\/span><\/td>\n<td style=\"height: 48px\" width=\"311\"><span style=\"color: #000000;font-family: arial, helvetica, sans-serif;font-size: 10pt\">Semana Acad\u00eamica do Curso de Licenciatura Plena em F\u00edsica 1998<\/span><\/td>\n<td style=\"text-align: center;height: 48px;vertical-align: middle\" width=\"89\"><span style=\"color: #000000;font-family: arial, helvetica, sans-serif;font-size: 10pt\">40h<\/span><\/td>\n<td style=\"height: 48px;text-align: center;vertical-align: middle\" width=\"142\"><span style=\"color: #000000;font-family: arial, helvetica, sans-serif;font-size: 10pt\">Participante<\/span><\/td>\n<\/tr>\n<tr style=\"height: 24px\">\n<td style=\"height: 24px;vertical-align: middle\" width=\"211\"><span style=\"color: #000000;font-family: arial, helvetica, sans-serif;font-size: 10pt\">Patr\u00edcia Visintainer Pino<\/span><\/td>\n<td style=\"height: 24px\" width=\"311\"><span style=\"color: #000000;font-family: arial, helvetica, sans-serif;font-size: 10pt\">V semin\u00e1rio de Ensino de F\u00edsica<\/span><\/td>\n<td style=\"text-align: center;height: 24px;vertical-align: middle\" width=\"89\"><span style=\"color: #000000;font-family: arial, helvetica, sans-serif;font-size: 10pt\">16h<\/span><\/td>\n<td style=\"height: 24px;text-align: center;vertical-align: middle\" width=\"142\"><span style=\"color: #000000;font-family: arial, helvetica, sans-serif;font-size: 10pt\">Participante<\/span><\/td>\n<\/tr>\n<tr style=\"height: 24px\">\n<td style=\"height: 24px;vertical-align: middle\" width=\"211\"><span style=\"color: #000000;font-family: arial, helvetica, sans-serif;font-size: 10pt\">Patrick Franco da Costa<\/span><\/td>\n<td style=\"height: 24px\" width=\"311\"><span style=\"color: #000000;font-family: arial, helvetica, sans-serif;font-size: 10pt\">XI Semana Acad\u00eamica da F\u00edsica<\/span><\/td>\n<td style=\"text-align: center;height: 24px;vertical-align: middle\" width=\"89\"><span style=\"color: #000000;font-family: arial, helvetica, sans-serif;font-size: 10pt\">32h<\/span><\/td>\n<td style=\"height: 24px;text-align: center;vertical-align: middle\" width=\"142\"><span style=\"color: #000000;font-family: arial, helvetica, sans-serif;font-size: 10pt\">Participante<\/span><\/td>\n<\/tr>\n<tr style=\"height: 48px\">\n<td style=\"height: 48px;vertical-align: middle\" width=\"211\"><span style=\"color: #000000;font-family: arial, helvetica, sans-serif;font-size: 10pt\">Paula Corr\u00eaa Henning<\/span><\/td>\n<td style=\"height: 48px\" width=\"311\"><span style=\"color: #000000;font-family: arial, helvetica, sans-serif;font-size: 10pt\">XIII Semana Acad\u00eamica do Curso de Licenciatura em F\u00edsica<\/span><\/td>\n<td style=\"text-align: center;height: 48px;vertical-align: middle\" width=\"89\"><span style=\"color: #000000;font-family: arial, helvetica, sans-serif;font-size: 10pt\">02h<\/span><\/td>\n<td style=\"height: 48px;text-align: center;vertical-align: middle\" width=\"142\"><span style=\"color: #000000;font-family: arial, helvetica, sans-serif;font-size: 10pt\">Ministrante<\/span><\/td>\n<\/tr>\n<tr style=\"height: 24px\">\n<td style=\"height: 24px;vertical-align: middle\" width=\"211\"><span style=\"color: #000000;font-family: arial, helvetica, sans-serif;font-size: 10pt\">Paula Doubrawa<\/span><\/td>\n<td style=\"height: 24px\" width=\"311\"><span style=\"color: #000000;font-family: arial, helvetica, sans-serif;font-size: 10pt\">XI Semana Acad\u00eamica da F\u00edsica<\/span><\/td>\n<td style=\"text-align: center;height: 24px;vertical-align: middle\" width=\"89\"><span style=\"color: #000000;font-family: arial, helvetica, sans-serif;font-size: 10pt\">32h<\/span><\/td>\n<td style=\"height: 24px;text-align: center;vertical-align: middle\" width=\"142\"><span style=\"color: #000000;font-family: arial, helvetica, sans-serif;font-size: 10pt\">Participante<\/span><\/td>\n<\/tr>\n<tr style=\"height: 24px\">\n<td style=\"height: 24px;vertical-align: middle\" width=\"211\"><span style=\"color: #000000;font-family: arial, helvetica, sans-serif;font-size: 10pt\">Paulo Afrino Silva de Borba<\/span><\/td>\n<td style=\"height: 24px\" width=\"311\"><span style=\"color: #000000;font-family: arial, helvetica, sans-serif;font-size: 10pt\">V semin\u00e1rio de Ensino de F\u00edsica<\/span><\/td>\n<td style=\"text-align: center;height: 24px;vertical-align: middle\" width=\"89\"><span style=\"color: #000000;font-family: arial, helvetica, sans-serif;font-size: 10pt\">16h<\/span><\/td>\n<td style=\"height: 24px;text-align: center;vertical-align: middle\" width=\"142\"><span style=\"color: #000000;font-family: arial, helvetica, sans-serif;font-size: 10pt\">Participante<\/span><\/td>\n<\/tr>\n<tr style=\"height: 24px\">\n<td style=\"height: 24px;vertical-align: middle\" width=\"211\"><span style=\"color: #000000;font-family: arial, helvetica, sans-serif;font-size: 10pt\">Paulo Eduardo Grischke<\/span><\/td>\n<td style=\"height: 24px\" width=\"311\"><span style=\"color: #000000;font-family: arial, helvetica, sans-serif;font-size: 10pt\">IV Semin\u00e1rio de Ensino de F\u00edsica<\/span><\/td>\n<td style=\"text-align: center;height: 24px;vertical-align: middle\" width=\"89\"><span style=\"color: #000000;font-family: arial, helvetica, sans-serif;font-size: 10pt\">20h<\/span><\/td>\n<td style=\"height: 24px;text-align: center;vertical-align: middle\" width=\"142\"><span style=\"color: #000000;font-family: arial, helvetica, sans-serif;font-size: 10pt\">Participante<\/span><\/td>\n<\/tr>\n<tr style=\"height: 48px\">\n<td style=\"height: 48px;vertical-align: middle\" width=\"211\"><span style=\"color: #000000;font-family: arial, helvetica, sans-serif;font-size: 10pt\">Paulo Fernando da Silva Gon\u00e7alves Jr.<\/span><\/td>\n<td style=\"height: 48px\" width=\"311\"><span style=\"color: #000000;font-family: arial, helvetica, sans-serif;font-size: 10pt\">Projeto de Extens\u00e3o &#8220;Experimentando a F\u00edsica na Educa\u00e7\u00e3o de Jovens e Adultos&#8221;<\/span><\/td>\n<td style=\"text-align: center;height: 48px;vertical-align: middle\" width=\"89\"><span style=\"color: #000000;font-family: arial, helvetica, sans-serif;font-size: 10pt\">20h<\/span><\/td>\n<td style=\"height: 48px;text-align: center;vertical-align: middle\" width=\"142\"><span style=\"color: #000000;font-family: arial, helvetica, sans-serif;font-size: 10pt\">Participante<\/span><\/td>\n<\/tr>\n<tr style=\"height: 48px\">\n<td style=\"height: 48px;vertical-align: middle\" width=\"211\"><span style=\"color: #000000;font-family: arial, helvetica, sans-serif;font-size: 10pt\">Paulo Fichner<\/span><\/td>\n<td style=\"height: 48px\" width=\"311\"><span style=\"color: #000000;font-family: arial, helvetica, sans-serif;font-size: 10pt\">Semana Acad\u00eamica do Curso de Licenciatura Plena em F\u00edsica 2000<\/span><\/td>\n<td style=\"text-align: center;height: 48px;vertical-align: middle\" width=\"89\"><span style=\"color: #000000;font-family: arial, helvetica, sans-serif;font-size: 10pt\">02h<\/span><\/td>\n<td style=\"height: 48px;text-align: center;vertical-align: middle\" width=\"142\"><span style=\"color: #000000;font-family: arial, helvetica, sans-serif;font-size: 10pt\">Palestrante<\/span><\/td>\n<\/tr>\n<tr style=\"height: 24px\">\n<td style=\"height: 24px;vertical-align: middle\" width=\"211\"><span style=\"color: #000000;font-family: arial, helvetica, sans-serif;font-size: 10pt\">Paulo Luis Chapon de Oliveira<\/span><\/td>\n<td style=\"height: 24px\" width=\"311\"><span style=\"color: #000000;font-family: arial, helvetica, sans-serif;font-size: 10pt\">V semin\u00e1rio de Ensino de F\u00edsica<\/span><\/td>\n<td style=\"text-align: center;height: 24px;vertical-align: middle\" width=\"89\"><span style=\"color: #000000;font-family: arial, helvetica, sans-serif;font-size: 10pt\">16h<\/span><\/td>\n<td style=\"height: 24px;text-align: center;vertical-align: middle\" width=\"142\"><span style=\"color: #000000;font-family: arial, helvetica, sans-serif;font-size: 10pt\">Participante<\/span><\/td>\n<\/tr>\n<tr style=\"height: 24px\">\n<td style=\"height: 24px;vertical-align: middle\" width=\"211\"><span style=\"color: #000000;font-family: arial, helvetica, sans-serif;font-size: 10pt\">Paulo Machado Mors<\/span><\/td>\n<td style=\"height: 24px\" width=\"311\"><span style=\"color: #000000;font-family: arial, helvetica, sans-serif;font-size: 10pt\">IV Semin\u00e1rio de Ensino de F\u00edsica<\/span><\/td>\n<td style=\"text-align: center;height: 24px;vertical-align: middle\" width=\"89\"><span style=\"color: #000000;font-family: arial, helvetica, sans-serif;font-size: 10pt\">20h<\/span><\/td>\n<td style=\"height: 24px;text-align: center;vertical-align: middle\" width=\"142\"><span style=\"color: #000000;font-family: arial, helvetica, sans-serif;font-size: 10pt\">Palestrante<\/span><\/td>\n<\/tr>\n<tr style=\"height: 48px\">\n<td style=\"height: 48px;vertical-align: middle\" width=\"211\"><span style=\"color: #000000;font-family: arial, helvetica, sans-serif;font-size: 10pt\">Paulo Mors<\/span><\/td>\n<td style=\"height: 48px\" width=\"311\"><span style=\"color: #000000;font-family: arial, helvetica, sans-serif;font-size: 10pt\">Semana Acad\u00eamica do Curso de Licenciatura Plena em F\u00edsica 1998<\/span><\/td>\n<td style=\"text-align: center;height: 48px;vertical-align: middle\" width=\"89\"><span style=\"color: #000000;font-family: arial, helvetica, sans-serif;font-size: 10pt\">02h<\/span><\/td>\n<td style=\"height: 48px;text-align: center;vertical-align: middle\" width=\"142\"><span style=\"color: #000000;font-family: arial, helvetica, sans-serif;font-size: 10pt\">Palestrante<\/span><\/td>\n<\/tr>\n<tr style=\"height: 24px\">\n<td style=\"height: 24px;vertical-align: middle\" width=\"211\"><span style=\"color: #000000;font-family: arial, helvetica, sans-serif;font-size: 10pt\">Paulo Rafael Pinto Nasser<\/span><\/td>\n<td style=\"height: 24px\" width=\"311\"><span style=\"color: #000000;font-family: arial, helvetica, sans-serif;font-size: 10pt\">IX Semana Acad\u00eamica da F\u00edsica<\/span><\/td>\n<td style=\"text-align: center;height: 24px;vertical-align: middle\" width=\"89\"><span style=\"color: #000000;font-family: arial, helvetica, sans-serif;font-size: 10pt\">02h<\/span><\/td>\n<td style=\"height: 24px;text-align: center;vertical-align: middle\" width=\"142\"><span style=\"color: #000000;font-family: arial, helvetica, sans-serif;font-size: 10pt\">Ministrante<\/span><\/td>\n<\/tr>\n<tr style=\"height: 24px\">\n<td style=\"height: 24px;vertical-align: middle\" width=\"211\"><span style=\"color: #000000;font-family: arial, helvetica, sans-serif;font-size: 10pt\">Paulo Rafael Pinto Nasser<\/span><\/td>\n<td style=\"height: 24px\" width=\"311\"><span style=\"color: #000000;font-family: arial, helvetica, sans-serif;font-size: 10pt\">V semin\u00e1rio de Ensino de F\u00edsica<\/span><\/td>\n<td style=\"text-align: center;height: 24px;vertical-align: middle\" width=\"89\"><span style=\"color: #000000;font-family: arial, helvetica, sans-serif;font-size: 10pt\">16h<\/span><\/td>\n<td style=\"height: 24px;text-align: center;vertical-align: middle\" width=\"142\"><span style=\"color: #000000;font-family: arial, helvetica, sans-serif;font-size: 10pt\">Participante<\/span><\/td>\n<\/tr>\n<tr style=\"height: 24px\">\n<td style=\"height: 24px;vertical-align: middle\" width=\"211\"><span style=\"color: #000000;font-family: arial, helvetica, sans-serif;font-size: 10pt\">Paulo Renato Mendes de Paula<\/span><\/td>\n<td style=\"height: 24px\" width=\"311\"><span style=\"color: #000000;font-family: arial, helvetica, sans-serif;font-size: 10pt\">V semin\u00e1rio de Ensino de F\u00edsica<\/span><\/td>\n<td style=\"text-align: center;height: 24px;vertical-align: middle\" width=\"89\"><span style=\"color: #000000;font-family: arial, helvetica, sans-serif;font-size: 10pt\">16h<\/span><\/td>\n<td style=\"height: 24px;text-align: center;vertical-align: middle\" width=\"142\"><span style=\"color: #000000;font-family: arial, helvetica, sans-serif;font-size: 10pt\">Participante<\/span><\/td>\n<\/tr>\n<tr style=\"height: 24px\">\n<td style=\"height: 24px;vertical-align: middle\" width=\"211\"><span style=\"color: #000000;font-family: arial, helvetica, sans-serif;font-size: 10pt\">Paulo Ricardo Alc\u00e2ntara Goulart<\/span><\/td>\n<td style=\"height: 24px\" width=\"311\"><span style=\"color: #000000;font-family: arial, helvetica, sans-serif;font-size: 10pt\">V semin\u00e1rio de Ensino de F\u00edsica<\/span><\/td>\n<td style=\"text-align: center;height: 24px;vertical-align: middle\" width=\"89\"><span style=\"color: #000000;font-family: arial, helvetica, sans-serif;font-size: 10pt\">16h<\/span><\/td>\n<td style=\"height: 24px;text-align: center;vertical-align: middle\" width=\"142\"><span style=\"color: #000000;font-family: arial, helvetica, sans-serif;font-size: 10pt\">Participante<\/span><\/td>\n<\/tr>\n<tr style=\"height: 72px\">\n<td style=\"height: 72px;vertical-align: middle\" width=\"211\"><span style=\"color: #000000;font-family: arial, helvetica, sans-serif;font-size: 10pt\">Pedro Miguel Alves de Almeida<\/span><\/td>\n<td style=\"height: 72px\" width=\"311\"><span style=\"color: #000000;font-family: arial, helvetica, sans-serif;font-size: 10pt\">Projeto de Ensino &#8220;O Aprendizado de Astronomia e das Ci\u00eancias Afins com a Media\u00e7\u00e3o da Observa\u00e7\u00e3o Rudimentar e da Imagem Astron\u00f4mica<\/span><\/td>\n<td style=\"text-align: center;height: 72px;vertical-align: middle\" width=\"89\"><span style=\"color: #000000;font-family: arial, helvetica, sans-serif;font-size: 10pt\">10h<\/span><\/td>\n<td style=\"height: 72px;text-align: center;vertical-align: middle\" width=\"142\"><span style=\"color: #000000;font-family: arial, helvetica, sans-serif;font-size: 10pt\">Participante<\/span><\/td>\n<\/tr>\n<tr style=\"height: 48px\">\n<td style=\"height: 48px;vertical-align: middle\" width=\"211\"><span style=\"color: #000000;font-family: arial, helvetica, sans-serif;font-size: 10pt\">Rafael Delgado<\/span><\/td>\n<td style=\"height: 48px\" width=\"311\"><span style=\"color: #000000;font-family: arial, helvetica, sans-serif;font-size: 10pt\">7\u00aa Semana Acad\u00eamica do Curso de Licenciatura em F\u00edsica<\/span><\/td>\n<td style=\"text-align: center;height: 48px;vertical-align: middle\" width=\"89\"><span style=\"color: #000000;font-family: arial, helvetica, sans-serif;font-size: 10pt\">40h<\/span><\/td>\n<td style=\"height: 48px;text-align: center;vertical-align: middle\" width=\"142\"><span style=\"color: #000000;font-family: arial, helvetica, sans-serif;font-size: 10pt\">Participante<\/span><\/td>\n<\/tr>\n<tr style=\"height: 24px\">\n<td style=\"height: 24px;vertical-align: middle\" width=\"211\"><span style=\"color: #000000;font-family: arial, helvetica, sans-serif;font-size: 10pt\">Rafael Pereira Domingues<\/span><\/td>\n<td style=\"height: 24px\" width=\"311\"><span style=\"color: #000000;font-family: arial, helvetica, sans-serif;font-size: 10pt\">Projeto de Ensino &#8220;CICLO DE DEBATES&#8221;<\/span><\/td>\n<td style=\"text-align: center;height: 24px;vertical-align: middle\" width=\"89\"><span style=\"color: #000000;font-family: arial, helvetica, sans-serif;font-size: 10pt\">20h<\/span><\/td>\n<td style=\"height: 24px;text-align: center;vertical-align: middle\" width=\"142\"><span style=\"color: #000000;font-family: arial, helvetica, sans-serif;font-size: 10pt\">Participante<\/span><\/td>\n<\/tr>\n<tr style=\"height: 48px\">\n<td style=\"height: 48px;vertical-align: middle\" width=\"211\"><span style=\"color: #000000;font-family: arial, helvetica, sans-serif;font-size: 10pt\">Rafael Pereira Domingues<\/span><\/td>\n<td style=\"height: 48px\" width=\"311\"><span style=\"color: #000000;font-family: arial, helvetica, sans-serif;font-size: 10pt\">Projeto de Extens\u00e3o &#8220;F\u00edsica para o Segundo Grau: Apoio Alunos das Escolas P\u00fablicas&#8221;<\/span><\/td>\n<td style=\"text-align: center;height: 48px;vertical-align: middle\" width=\"89\"><span style=\"color: #000000;font-family: arial, helvetica, sans-serif;font-size: 10pt\">136h<\/span><\/td>\n<td style=\"height: 48px;text-align: center;vertical-align: middle\" width=\"142\"><span style=\"color: #000000;font-family: arial, helvetica, sans-serif;font-size: 10pt\">Ministrante<\/span><\/td>\n<\/tr>\n<tr style=\"height: 48px\">\n<td style=\"height: 48px;vertical-align: middle\" width=\"211\"><span style=\"color: #000000;font-family: arial, helvetica, sans-serif;font-size: 10pt\">Rafael Pereira Domingues<\/span><\/td>\n<td style=\"height: 48px\" width=\"311\"><span style=\"color: #000000;font-family: arial, helvetica, sans-serif;font-size: 10pt\">Projeto de Extens\u00e3o &#8220;Mini-curso de F\u00edsica aplicada \u00e0 Meteorologia&#8221;<\/span><\/td>\n<td style=\"text-align: center;height: 48px;vertical-align: middle\" width=\"89\"><span style=\"color: #000000;font-family: arial, helvetica, sans-serif;font-size: 10pt\">10h<\/span><\/td>\n<td style=\"height: 48px;text-align: center;vertical-align: middle\" width=\"142\"><span style=\"color: #000000;font-family: arial, helvetica, sans-serif;font-size: 10pt\">Ouvinte<\/span><\/td>\n<\/tr>\n<tr style=\"height: 24px\">\n<td style=\"height: 24px;vertical-align: middle\" width=\"211\"><span style=\"color: #000000;font-family: arial, helvetica, sans-serif;font-size: 10pt\">Rafael Pereira Domingues<\/span><\/td>\n<td style=\"height: 24px\" width=\"311\"><span style=\"color: #000000;font-family: arial, helvetica, sans-serif;font-size: 10pt\">XI Semana Acad\u00eamica da F\u00edsica<\/span><\/td>\n<td style=\"text-align: center;height: 24px;vertical-align: middle\" width=\"89\"><span style=\"color: #000000;font-family: arial, helvetica, sans-serif;font-size: 10pt\">22h<\/span><\/td>\n<td style=\"height: 24px;text-align: center;vertical-align: middle\" width=\"142\"><span style=\"color: #000000;font-family: arial, helvetica, sans-serif;font-size: 10pt\">Participante<\/span><\/td>\n<\/tr>\n<tr style=\"height: 48px\">\n<td style=\"height: 48px;vertical-align: middle\" width=\"211\"><span style=\"color: #000000;font-family: arial, helvetica, sans-serif;font-size: 10pt\">Rafael Vasques Brand\u00e3o<\/span><\/td>\n<td style=\"height: 48px\" width=\"311\"><span style=\"color: #000000;font-family: arial, helvetica, sans-serif;font-size: 10pt\">XIII Semana Acad\u00eamica do Curso de Licenciatura em F\u00edsica<\/span><\/td>\n<td style=\"text-align: center;height: 48px;vertical-align: middle\" width=\"89\"><span style=\"color: #000000;font-family: arial, helvetica, sans-serif;font-size: 10pt\">04h<\/span><\/td>\n<td style=\"height: 48px;text-align: center;vertical-align: middle\" width=\"142\"><span style=\"color: #000000;font-family: arial, helvetica, sans-serif;font-size: 10pt\">Ministrante<\/span><\/td>\n<\/tr>\n<tr style=\"height: 24px\">\n<td style=\"height: 24px;vertical-align: middle\" width=\"211\"><span style=\"color: #000000;font-family: arial, helvetica, sans-serif;font-size: 10pt\">Rafael Zschornack<\/span><\/td>\n<td style=\"height: 24px\" width=\"311\"><span style=\"color: #000000;font-family: arial, helvetica, sans-serif;font-size: 10pt\">XI Semana Acad\u00eamica da F\u00edsica<\/span><\/td>\n<td style=\"text-align: center;height: 24px;vertical-align: middle\" width=\"89\"><span style=\"color: #000000;font-family: arial, helvetica, sans-serif;font-size: 10pt\">32h<\/span><\/td>\n<td style=\"height: 24px;text-align: center;vertical-align: middle\" width=\"142\"><span style=\"color: #000000;font-family: arial, helvetica, sans-serif;font-size: 10pt\">Participante<\/span><\/td>\n<\/tr>\n<tr style=\"height: 48px\">\n<td style=\"height: 48px;vertical-align: middle\" width=\"211\"><span style=\"color: #000000;font-family: arial, helvetica, sans-serif;font-size: 10pt\">Raissa Brum Gon\u00e7alves de Avila<\/span><\/td>\n<td style=\"height: 48px\" width=\"311\"><span style=\"color: #000000;font-family: arial, helvetica, sans-serif;font-size: 10pt\">Projeto de Ensino &#8220;Mini-curso Introdut\u00f3rio \u00e0 F\u00edsica de Part\u00edculas, Estado S\u00f3lido e Plasma&#8221;<\/span><\/td>\n<td style=\"text-align: center;height: 48px;vertical-align: middle\" width=\"89\"><span style=\"color: #000000;font-family: arial, helvetica, sans-serif;font-size: 10pt\">20h<\/span><\/td>\n<td style=\"height: 48px;text-align: center;vertical-align: middle\" width=\"142\"><span style=\"color: #000000;font-family: arial, helvetica, sans-serif;font-size: 10pt\">Participante<\/span><\/td>\n<\/tr>\n<tr style=\"height: 24px\">\n<td style=\"height: 24px;vertical-align: middle\" width=\"211\"><span style=\"color: #000000;font-family: arial, helvetica, sans-serif;font-size: 10pt\">Randolfo da Roza Pereira Filho<\/span><\/td>\n<td style=\"height: 24px\" width=\"311\"><span style=\"color: #000000;font-family: arial, helvetica, sans-serif;font-size: 10pt\">Projeto de Ensino &#8220;CINE-LEITURAS&#8221;<\/span><\/td>\n<td style=\"text-align: center;height: 24px;vertical-align: middle\" width=\"89\"><span style=\"color: #000000;font-family: arial, helvetica, sans-serif;font-size: 10pt\">24h<\/span><\/td>\n<td style=\"height: 24px;text-align: center;vertical-align: middle\" width=\"142\"><span style=\"color: #000000;font-family: arial, helvetica, sans-serif;font-size: 10pt\">Colaborador<\/span><\/td>\n<\/tr>\n<tr style=\"height: 48px\">\n<td style=\"height: 48px;vertical-align: middle\" width=\"211\"><span style=\"color: #000000;font-family: arial, helvetica, sans-serif;font-size: 10pt\">Randolfo da Roza Pereira Filho<\/span><\/td>\n<td style=\"height: 48px\" width=\"311\"><span style=\"color: #000000;font-family: arial, helvetica, sans-serif;font-size: 10pt\">Projeto de Ensino &#8220;Mini-curso Introdut\u00f3rio \u00e0 F\u00edsica de Nano-Estruturas e Nanotecnologia&#8221;<\/span><\/td>\n<td style=\"text-align: center;height: 48px;vertical-align: middle\" width=\"89\"><span style=\"color: #000000;font-family: arial, helvetica, sans-serif;font-size: 10pt\">10h<\/span><\/td>\n<td style=\"height: 48px;text-align: center;vertical-align: middle\" width=\"142\"><span style=\"color: #000000;font-family: arial, helvetica, sans-serif;font-size: 10pt\">Participante<\/span><\/td>\n<\/tr>\n<tr style=\"height: 48px\">\n<td style=\"height: 48px;vertical-align: middle\" width=\"211\"><span style=\"color: #000000;font-family: arial, helvetica, sans-serif;font-size: 10pt\">Randolfo da Roza Pereira Filho<\/span><\/td>\n<td style=\"height: 48px\" width=\"311\"><span style=\"color: #000000;font-family: arial, helvetica, sans-serif;font-size: 10pt\">Projeto de Ensino &#8220;T\u00d3PICOS DE F\u00cdSICA CONTEMPOR\u00c2NEA&#8221;<\/span><\/td>\n<td style=\"text-align: center;height: 48px;vertical-align: middle\" width=\"89\"><span style=\"color: #000000;font-family: arial, helvetica, sans-serif;font-size: 10pt\">10h<\/span><\/td>\n<td style=\"height: 48px;text-align: center;vertical-align: middle\" width=\"142\"><span style=\"color: #000000;font-family: arial, helvetica, sans-serif;font-size: 10pt\">Participante<\/span><\/td>\n<\/tr>\n<tr style=\"height: 48px\">\n<td style=\"height: 48px;vertical-align: middle\" width=\"211\"><span style=\"color: #000000;font-family: arial, helvetica, sans-serif;font-size: 10pt\">Randolfo da Roza Pereira Filho<\/span><\/td>\n<td style=\"height: 48px\" width=\"311\"><span style=\"color: #000000;font-family: arial, helvetica, sans-serif;font-size: 10pt\">Projeto de Extens\u00e3o &#8220;Oficinas de F\u00edsica&#8221;<\/span><\/td>\n<td style=\"text-align: center;height: 48px;vertical-align: middle\" width=\"89\"><span style=\"color: #000000;font-family: arial, helvetica, sans-serif;font-size: 10pt\">108h<\/span><\/td>\n<td style=\"height: 48px;text-align: center;vertical-align: middle\" width=\"142\"><span style=\"color: #000000;font-family: arial, helvetica, sans-serif;font-size: 10pt\">Organizador e Ministrante<\/span><\/td>\n<\/tr>\n<tr style=\"height: 72px\">\n<td style=\"height: 72px;vertical-align: middle\" width=\"211\"><span style=\"color: #000000;font-family: arial, helvetica, sans-serif;font-size: 10pt\">Randolfo da Roza Pereira Filho<\/span><\/td>\n<td style=\"height: 72px\" width=\"311\"><span style=\"color: #000000;font-family: arial, helvetica, sans-serif;font-size: 10pt\">XIII Semana Acad\u00eamica do Curso de Licenciatura em F\u00edsica<\/span><\/td>\n<td style=\"text-align: center;height: 72px;vertical-align: middle\" width=\"89\"><span style=\"color: #000000;font-family: arial, helvetica, sans-serif;font-size: 10pt\">50h<\/span><\/td>\n<td style=\"height: 72px;text-align: center;vertical-align: middle\" width=\"142\"><span style=\"color: #000000;font-family: arial, helvetica, sans-serif;font-size: 10pt\">Membro da Comiss\u00e3o Organizadora e Participante<\/span><\/td>\n<\/tr>\n<tr style=\"height: 72px\">\n<td style=\"height: 72px;vertical-align: middle\" width=\"211\"><span style=\"color: #000000;font-family: arial, helvetica, sans-serif;font-size: 10pt\">Randolfo da Roza Pereira Filho<\/span><\/td>\n<td style=\"height: 72px\" width=\"311\"><span style=\"color: #000000;font-family: arial, helvetica, sans-serif;font-size: 10pt\">XIV Semana Acad\u00eamica do Curso de Licenciatura em F\u00edsica<\/span><\/td>\n<td style=\"text-align: center;height: 72px;vertical-align: middle\" width=\"89\"><span style=\"color: #000000;font-family: arial, helvetica, sans-serif;font-size: 10pt\">50h<\/span><\/td>\n<td style=\"height: 72px;text-align: center;vertical-align: middle\" width=\"142\"><span style=\"color: #000000;font-family: arial, helvetica, sans-serif;font-size: 10pt\">Membro da Comiss\u00e3o Organizadora e Participante<\/span><\/td>\n<\/tr>\n<tr style=\"height: 48px\">\n<td style=\"height: 48px;vertical-align: middle\" width=\"211\"><span style=\"color: #000000;font-family: arial, helvetica, sans-serif;font-size: 10pt\">Raquel Terezinha Moraes<\/span><\/td>\n<td style=\"height: 48px\" width=\"311\"><span style=\"color: #000000;font-family: arial, helvetica, sans-serif;font-size: 10pt\">Semana Acad\u00eamica do Curso de Licenciatura Plena em F\u00edsica 1998<\/span><\/td>\n<td style=\"text-align: center;height: 48px;vertical-align: middle\" width=\"89\"><span style=\"color: #000000;font-family: arial, helvetica, sans-serif;font-size: 10pt\">40h<\/span><\/td>\n<td style=\"height: 48px;text-align: center;vertical-align: middle\" width=\"142\"><span style=\"color: #000000;font-family: arial, helvetica, sans-serif;font-size: 10pt\">Participante<\/span><\/td>\n<\/tr>\n<tr style=\"height: 72px\">\n<td style=\"height: 72px;vertical-align: middle\" width=\"211\"><span style=\"color: #000000;font-family: arial, helvetica, sans-serif;font-size: 10pt\">Renan Nijenhuis Celestino<\/span><\/td>\n<td style=\"height: 72px\" width=\"311\"><span style=\"color: #000000;font-family: arial, helvetica, sans-serif;font-size: 10pt\">Projeto de Ensino &#8220;O Aprendizado de Astronomia e das Ci\u00eancias Afins com a Media\u00e7\u00e3o da Observa\u00e7\u00e3o Rudimentar e da Imagem Astron\u00f4mica<\/span><\/td>\n<td style=\"text-align: center;height: 72px;vertical-align: middle\" width=\"89\"><span style=\"color: #000000;font-family: arial, helvetica, sans-serif;font-size: 10pt\">10h<\/span><\/td>\n<td style=\"height: 72px;text-align: center;vertical-align: middle\" width=\"142\"><span style=\"color: #000000;font-family: arial, helvetica, sans-serif;font-size: 10pt\">Participante<\/span><\/td>\n<\/tr>\n<tr style=\"height: 24px\">\n<td style=\"height: 24px;vertical-align: middle\" width=\"211\"><span style=\"color: #000000;font-family: arial, helvetica, sans-serif;font-size: 10pt\">Renato de Oliveira Sacco<\/span><\/td>\n<td style=\"height: 24px\" width=\"311\"><span style=\"color: #000000;font-family: arial, helvetica, sans-serif;font-size: 10pt\">III Semin\u00e1rio de Ensino de F\u00edsica<\/span><\/td>\n<td style=\"text-align: center;height: 24px;vertical-align: middle\" width=\"89\"><span style=\"color: #000000;font-family: arial, helvetica, sans-serif;font-size: 10pt\">24h<\/span><\/td>\n<td style=\"height: 24px;text-align: center;vertical-align: middle\" width=\"142\"><span style=\"color: #000000;font-family: arial, helvetica, sans-serif;font-size: 10pt\">Participante<\/span><\/td>\n<\/tr>\n<tr style=\"height: 24px\">\n<td style=\"height: 24px;vertical-align: middle\" width=\"211\"><span style=\"color: #000000;font-family: arial, helvetica, sans-serif;font-size: 10pt\">Renato de Oliveira Sacco<\/span><\/td>\n<td style=\"height: 24px\" width=\"311\"><span style=\"color: #000000;font-family: arial, helvetica, sans-serif;font-size: 10pt\">V semin\u00e1rio de Ensino de F\u00edsica<\/span><\/td>\n<td style=\"text-align: center;height: 24px;vertical-align: middle\" width=\"89\"><span style=\"color: #000000;font-family: arial, helvetica, sans-serif;font-size: 10pt\">16h<\/span><\/td>\n<td style=\"height: 24px;text-align: center;vertical-align: middle\" width=\"142\"><span style=\"color: #000000;font-family: arial, helvetica, sans-serif;font-size: 10pt\">Participante<\/span><\/td>\n<\/tr>\n<tr style=\"height: 48px\">\n<td style=\"height: 48px;vertical-align: middle\" width=\"211\"><span style=\"color: #000000;font-family: arial, helvetica, sans-serif;font-size: 10pt\">Renato Glauco de Souza Rodrigues<\/span><\/td>\n<td style=\"height: 48px\" width=\"311\"><span style=\"color: #000000;font-family: arial, helvetica, sans-serif;font-size: 10pt\">XVIII Semana Acad\u00eamica do Curso de Licenciatura em F\u00edsica<\/span><\/td>\n<td style=\"text-align: center;height: 48px;vertical-align: middle\" width=\"89\"><span style=\"color: #000000;font-family: arial, helvetica, sans-serif;font-size: 10pt\">03h<\/span><\/td>\n<td style=\"height: 48px;text-align: center;vertical-align: middle\" width=\"142\"><span style=\"color: #000000;font-family: arial, helvetica, sans-serif;font-size: 10pt\">Palestrante<\/span><\/td>\n<\/tr>\n<tr style=\"height: 48px\">\n<td style=\"height: 48px;vertical-align: middle\" width=\"211\"><span style=\"color: #000000;font-family: arial, helvetica, sans-serif;font-size: 10pt\">Renato Rosa<\/span><\/td>\n<td style=\"height: 48px\" width=\"311\"><span style=\"color: #000000;font-family: arial, helvetica, sans-serif;font-size: 10pt\">XVII Semana Acad\u00eamica do Curso de Licenciatura em F\u00edsica<\/span><\/td>\n<td style=\"text-align: center;height: 48px;vertical-align: middle\" width=\"89\"><span style=\"color: #000000;font-family: arial, helvetica, sans-serif;font-size: 10pt\">02h<\/span><\/td>\n<td style=\"height: 48px;text-align: center;vertical-align: middle\" width=\"142\"><span style=\"color: #000000;font-family: arial, helvetica, sans-serif;font-size: 10pt\">Ministrante<\/span><\/td>\n<\/tr>\n<tr style=\"height: 24px\">\n<td style=\"height: 24px;vertical-align: middle\" width=\"211\"><span style=\"color: #000000;font-family: arial, helvetica, sans-serif;font-size: 10pt\">Ricardo Winter Albernaz<\/span><\/td>\n<td style=\"height: 24px\" width=\"311\"><span style=\"color: #000000;font-family: arial, helvetica, sans-serif;font-size: 10pt\">IX Semana Acad\u00eamica da F\u00edsica<\/span><\/td>\n<td style=\"text-align: center;height: 24px;vertical-align: middle\" width=\"89\"><span style=\"color: #000000;font-family: arial, helvetica, sans-serif;font-size: 10pt\">20h<\/span><\/td>\n<td style=\"height: 24px;text-align: center;vertical-align: middle\" width=\"142\"><span style=\"color: #000000;font-family: arial, helvetica, sans-serif;font-size: 10pt\">Participante<\/span><\/td>\n<\/tr>\n<tr style=\"height: 48px\">\n<td style=\"height: 48px;vertical-align: middle\" width=\"211\"><span style=\"color: #000000;font-family: arial, helvetica, sans-serif;font-size: 10pt\">Rita Almeida<\/span><\/td>\n<td style=\"height: 48px\" width=\"311\"><span style=\"color: #000000;font-family: arial, helvetica, sans-serif;font-size: 10pt\">XVI Semana Acad\u00eamica do Curso de Licenciatura em F\u00edsica<\/span><\/td>\n<td style=\"text-align: center;height: 48px;vertical-align: middle\" width=\"89\"><span style=\"color: #000000;font-family: arial, helvetica, sans-serif;font-size: 10pt\">02h<\/span><\/td>\n<td style=\"height: 48px;text-align: center;vertical-align: middle\" width=\"142\"><span style=\"color: #000000;font-family: arial, helvetica, sans-serif;font-size: 10pt\">Ministrante<\/span><\/td>\n<\/tr>\n<tr style=\"height: 24px\">\n<td style=\"height: 24px;vertical-align: middle\" width=\"211\"><span style=\"color: #000000;font-family: arial, helvetica, sans-serif;font-size: 10pt\">Roberta Gon\u00e7alves Schmitz<\/span><\/td>\n<td style=\"height: 24px\" width=\"311\"><span style=\"color: #000000;font-family: arial, helvetica, sans-serif;font-size: 10pt\">PIBID<\/span><\/td>\n<td style=\"text-align: center;height: 24px;vertical-align: middle\" width=\"89\"><span style=\"color: #000000;font-family: arial, helvetica, sans-serif;font-size: 10pt\">12h\/sem.<\/span><\/td>\n<td style=\"height: 24px;text-align: center;vertical-align: middle\" width=\"142\"><span style=\"color: #000000;font-family: arial, helvetica, sans-serif;font-size: 10pt\">Bolsista<\/span><\/td>\n<\/tr>\n<tr style=\"height: 24px\">\n<td style=\"height: 24px;vertical-align: middle\" width=\"211\"><span style=\"color: #000000;font-family: arial, helvetica, sans-serif;font-size: 10pt\">Roberto da Cruz Crochemore<\/span><\/td>\n<td style=\"height: 24px\" width=\"311\"><span style=\"color: #000000;font-family: arial, helvetica, sans-serif;font-size: 10pt\">PIBID<\/span><\/td>\n<td style=\"text-align: center;height: 24px;vertical-align: middle\" width=\"89\"><span style=\"color: #000000;font-family: arial, helvetica, sans-serif;font-size: 10pt\">12h\/sem.<\/span><\/td>\n<td style=\"height: 24px;text-align: center;vertical-align: middle\" width=\"142\"><span style=\"color: #000000;font-family: arial, helvetica, sans-serif;font-size: 10pt\">Bolsista<\/span><\/td>\n<\/tr>\n<tr style=\"height: 48px\">\n<td style=\"height: 48px;vertical-align: middle\" width=\"211\"><span style=\"color: #000000;font-family: arial, helvetica, sans-serif;font-size: 10pt\">Roberto da Cruz Crochemore<\/span><\/td>\n<td style=\"height: 48px\" width=\"311\"><span style=\"color: #000000;font-family: arial, helvetica, sans-serif;font-size: 10pt\">XVII Semana Acad\u00eamica do Curso de Licenciatura em F\u00edsica<\/span><\/td>\n<td style=\"text-align: center;height: 48px;vertical-align: middle\" width=\"89\"><span style=\"color: #000000;font-family: arial, helvetica, sans-serif;font-size: 10pt\">40h<\/span><\/td>\n<td style=\"height: 48px;text-align: center;vertical-align: middle\" width=\"142\"><span style=\"color: #000000;font-family: arial, helvetica, sans-serif;font-size: 10pt\">Ouvinte<\/span><\/td>\n<\/tr>\n<tr style=\"height: 48px\">\n<td style=\"height: 48px;vertical-align: middle\" width=\"211\"><span style=\"color: #000000;font-family: arial, helvetica, sans-serif;font-size: 10pt\">Robledo Lima Gil<\/span><\/td>\n<td style=\"height: 48px\" width=\"311\"><span style=\"color: #000000;font-family: arial, helvetica, sans-serif;font-size: 10pt\">XVI Semana Acad\u00eamica do Curso de Licenciatura em F\u00edsica<\/span><\/td>\n<td style=\"text-align: center;height: 48px;vertical-align: middle\" width=\"89\"><span style=\"color: #000000;font-family: arial, helvetica, sans-serif;font-size: 10pt\">02h<\/span><\/td>\n<td style=\"height: 48px;text-align: center;vertical-align: middle\" width=\"142\"><span style=\"color: #000000;font-family: arial, helvetica, sans-serif;font-size: 10pt\">Ministrante<\/span><\/td>\n<\/tr>\n<tr style=\"height: 48px\">\n<td style=\"height: 48px;vertical-align: middle\" width=\"211\"><span style=\"color: #000000;font-family: arial, helvetica, sans-serif;font-size: 10pt\">Rodrigo Bender Moreira<\/span><\/td>\n<td style=\"height: 48px\" width=\"311\"><span style=\"color: #000000;font-family: arial, helvetica, sans-serif;font-size: 10pt\">Semana Acad\u00eamica do Curso de Licenciatura Plena em F\u00edsica 1998<\/span><\/td>\n<td style=\"text-align: center;height: 48px;vertical-align: middle\" width=\"89\"><span style=\"color: #000000;font-family: arial, helvetica, sans-serif;font-size: 10pt\">40h<\/span><\/td>\n<td style=\"height: 48px;text-align: center;vertical-align: middle\" width=\"142\"><span style=\"color: #000000;font-family: arial, helvetica, sans-serif;font-size: 10pt\">Participante<\/span><\/td>\n<\/tr>\n<tr style=\"height: 48px\">\n<td style=\"height: 48px;vertical-align: middle\" width=\"211\"><span style=\"color: #000000;font-family: arial, helvetica, sans-serif;font-size: 10pt\">Rodrigo Gon\u00e7alves Vaz<\/span><\/td>\n<td style=\"height: 48px\" width=\"311\"><span style=\"color: #000000;font-family: arial, helvetica, sans-serif;font-size: 10pt\">XVI Semana Acad\u00eamica do Curso de Licenciatura em F\u00edsica<\/span><\/td>\n<td style=\"text-align: center;height: 48px;vertical-align: middle\" width=\"89\"><span style=\"color: #000000;font-family: arial, helvetica, sans-serif;font-size: 10pt\">40h<\/span><\/td>\n<td style=\"height: 48px;text-align: center;vertical-align: middle\" width=\"142\"><span style=\"color: #000000;font-family: arial, helvetica, sans-serif;font-size: 10pt\">Participante<\/span><\/td>\n<\/tr>\n<tr style=\"height: 48px\">\n<td style=\"height: 48px;vertical-align: middle\" width=\"211\"><span style=\"color: #000000;font-family: arial, helvetica, sans-serif;font-size: 10pt\">Rodrigo In\u00e1cio de Castro<\/span><\/td>\n<td style=\"height: 48px\" width=\"311\"><span style=\"color: #000000;font-family: arial, helvetica, sans-serif;font-size: 10pt\">Projeto de Ensino &#8220;Mini-curso Introdut\u00f3rio \u00e0 F\u00edsica de Nano-Estruturas e Nanotecnologia&#8221;<\/span><\/td>\n<td style=\"text-align: center;height: 48px;vertical-align: middle\" width=\"89\"><span style=\"color: #000000;font-family: arial, helvetica, sans-serif;font-size: 10pt\">10h<\/span><\/td>\n<td style=\"height: 48px;text-align: center;vertical-align: middle\" width=\"142\"><span style=\"color: #000000;font-family: arial, helvetica, sans-serif;font-size: 10pt\">Participante<\/span><\/td>\n<\/tr>\n<tr style=\"height: 24px\">\n<td style=\"height: 24px;vertical-align: middle\" width=\"211\"><span style=\"color: #000000;font-family: arial, helvetica, sans-serif;font-size: 10pt\">Rodrigo Pessano Coelho<\/span><\/td>\n<td style=\"height: 24px\" width=\"311\"><span style=\"color: #000000;font-family: arial, helvetica, sans-serif;font-size: 10pt\">IX Semana Acad\u00eamica da F\u00edsica<\/span><\/td>\n<td style=\"text-align: center;height: 24px;vertical-align: middle\" width=\"89\"><span style=\"color: #000000;font-family: arial, helvetica, sans-serif;font-size: 10pt\">02h<\/span><\/td>\n<td style=\"height: 24px;text-align: center;vertical-align: middle\" width=\"142\"><span style=\"color: #000000;font-family: arial, helvetica, sans-serif;font-size: 10pt\">Ministrante<\/span><\/td>\n<\/tr>\n<tr style=\"height: 48px\">\n<td style=\"height: 48px;vertical-align: middle\" width=\"211\"><span style=\"color: #000000;font-family: arial, helvetica, sans-serif;font-size: 10pt\">Roger Delari Ara\u00fajo<\/span><\/td>\n<td style=\"height: 48px\" width=\"311\"><span style=\"color: #000000;font-family: arial, helvetica, sans-serif;font-size: 10pt\">Projeto de Extens\u00e3o &#8220;Mini-curso de F\u00edsica aplicada \u00e0 Meteorologia&#8221;<\/span><\/td>\n<td style=\"text-align: center;height: 48px;vertical-align: middle\" width=\"89\"><span style=\"color: #000000;font-family: arial, helvetica, sans-serif;font-size: 10pt\">10h<\/span><\/td>\n<td style=\"height: 48px;text-align: center;vertical-align: middle\" width=\"142\"><span style=\"color: #000000;font-family: arial, helvetica, sans-serif;font-size: 10pt\">Ouvinte<\/span><\/td>\n<\/tr>\n<tr style=\"height: 48px\">\n<td style=\"height: 48px;vertical-align: middle\" width=\"211\"><span style=\"color: #000000;font-family: arial, helvetica, sans-serif;font-size: 10pt\">Rog\u00e9rio da Silva Campos<\/span><\/td>\n<td style=\"height: 48px\" width=\"311\"><span style=\"color: #000000;font-family: arial, helvetica, sans-serif;font-size: 10pt\">7\u00aa Semana Acad\u00eamica do Curso de Licenciatura em F\u00edsica<\/span><\/td>\n<td style=\"text-align: center;height: 48px;vertical-align: middle\" width=\"89\"><span style=\"color: #000000;font-family: arial, helvetica, sans-serif;font-size: 10pt\">40h<\/span><\/td>\n<td style=\"height: 48px;text-align: center;vertical-align: middle\" width=\"142\"><span style=\"color: #000000;font-family: arial, helvetica, sans-serif;font-size: 10pt\">Participante<\/span><\/td>\n<\/tr>\n<tr style=\"height: 24px\">\n<td style=\"height: 24px;vertical-align: middle\" width=\"211\"><span style=\"color: #000000;font-family: arial, helvetica, sans-serif;font-size: 10pt\">Rog\u00e9rio Vargas<\/span><\/td>\n<td style=\"height: 24px\" width=\"311\"><span style=\"color: #000000;font-family: arial, helvetica, sans-serif;font-size: 10pt\">V semin\u00e1rio de Ensino de F\u00edsica<\/span><\/td>\n<td style=\"text-align: center;height: 24px;vertical-align: middle\" width=\"89\"><span style=\"color: #000000;font-family: arial, helvetica, sans-serif;font-size: 10pt\">16h<\/span><\/td>\n<td style=\"height: 24px;text-align: center;vertical-align: middle\" width=\"142\"><span style=\"color: #000000;font-family: arial, helvetica, sans-serif;font-size: 10pt\">Participante<\/span><\/td>\n<\/tr>\n<tr style=\"height: 24px\">\n<td style=\"height: 24px;vertical-align: middle\" width=\"211\"><span style=\"color: #000000;font-family: arial, helvetica, sans-serif;font-size: 10pt\">Ronaldo Adriano da Silva Afonso<\/span><\/td>\n<td style=\"height: 24px\" width=\"311\"><span style=\"color: #000000;font-family: arial, helvetica, sans-serif;font-size: 10pt\">Oficinas de F\u00edsica<\/span><\/td>\n<td style=\"text-align: center;height: 24px;vertical-align: middle\" width=\"89\"><\/td>\n<td style=\"height: 24px;text-align: center;vertical-align: middle\" width=\"142\"><span style=\"color: #000000;font-family: arial, helvetica, sans-serif;font-size: 10pt\">Participante<\/span><\/td>\n<\/tr>\n<tr style=\"height: 48px\">\n<td style=\"height: 48px;vertical-align: middle\" width=\"211\"><span style=\"color: #000000;font-family: arial, helvetica, sans-serif;font-size: 10pt\">Ronaldo Adriano da Silva Afonso<\/span><\/td>\n<td style=\"height: 48px\" width=\"311\"><span style=\"color: #000000;font-family: arial, helvetica, sans-serif;font-size: 10pt\">Projeto de Extens\u00e3o &#8220;F\u00edsica para o Segundo Grau: Apoio Alunos das Escolas P\u00fablicas&#8221;<\/span><\/td>\n<td style=\"text-align: center;height: 48px;vertical-align: middle\" width=\"89\"><span style=\"color: #000000;font-family: arial, helvetica, sans-serif;font-size: 10pt\">36h<\/span><\/td>\n<td style=\"height: 48px;text-align: center;vertical-align: middle\" width=\"142\"><span style=\"color: #000000;font-family: arial, helvetica, sans-serif;font-size: 10pt\">Ministrante<\/span><\/td>\n<\/tr>\n<tr style=\"height: 48px\">\n<td style=\"height: 48px;vertical-align: middle\" width=\"211\"><span style=\"color: #000000;font-family: arial, helvetica, sans-serif;font-size: 10pt\">Rosilene Oliveira Silva<\/span><\/td>\n<td style=\"height: 48px\" width=\"311\"><span style=\"color: #000000;font-family: arial, helvetica, sans-serif;font-size: 10pt\">XVI Semana Acad\u00eamica do Curso de Licenciatura em F\u00edsica<\/span><\/td>\n<td style=\"text-align: center;height: 48px;vertical-align: middle\" width=\"89\"><span style=\"color: #000000;font-family: arial, helvetica, sans-serif;font-size: 10pt\">40h<\/span><\/td>\n<td style=\"height: 48px;text-align: center;vertical-align: middle\" width=\"142\"><span style=\"color: #000000;font-family: arial, helvetica, sans-serif;font-size: 10pt\">Participante<\/span><\/td>\n<\/tr>\n<tr style=\"height: 48px\">\n<td style=\"height: 48px;vertical-align: middle\" width=\"211\"><span style=\"color: #000000;font-family: arial, helvetica, sans-serif;font-size: 10pt\">Rossana Damasceno<\/span><\/td>\n<td style=\"height: 48px\" width=\"311\"><span style=\"color: #000000;font-family: arial, helvetica, sans-serif;font-size: 10pt\">Projeto de Extens\u00e3o &#8220;Mini-curso de F\u00edsica aplicada \u00e0 Meteorologia&#8221;<\/span><\/td>\n<td style=\"text-align: center;height: 48px;vertical-align: middle\" width=\"89\"><span style=\"color: #000000;font-family: arial, helvetica, sans-serif;font-size: 10pt\">10h<\/span><\/td>\n<td style=\"height: 48px;text-align: center;vertical-align: middle\" width=\"142\"><span style=\"color: #000000;font-family: arial, helvetica, sans-serif;font-size: 10pt\">Ouvinte<\/span><\/td>\n<\/tr>\n<tr style=\"height: 48px\">\n<td style=\"height: 48px;vertical-align: middle\" width=\"211\"><span style=\"color: #000000;font-family: arial, helvetica, sans-serif;font-size: 10pt\">Rudinei Leal Machado<\/span><\/td>\n<td style=\"height: 48px\" width=\"311\"><span style=\"color: #000000;font-family: arial, helvetica, sans-serif;font-size: 10pt\">Projeto de Ensino &#8220;T\u00d3PICOS DE F\u00cdSICA CONTEMPOR\u00c2NEA&#8221;<\/span><\/td>\n<td style=\"text-align: center;height: 48px;vertical-align: middle\" width=\"89\"><span style=\"color: #000000;font-family: arial, helvetica, sans-serif;font-size: 10pt\">05h<\/span><\/td>\n<td style=\"height: 48px;text-align: center;vertical-align: middle\" width=\"142\"><span style=\"color: #000000;font-family: arial, helvetica, sans-serif;font-size: 10pt\">Participante<\/span><\/td>\n<\/tr>\n<tr style=\"height: 48px\">\n<td style=\"height: 48px;vertical-align: middle\" width=\"211\"><span style=\"color: #000000;font-family: arial, helvetica, sans-serif;font-size: 10pt\">Sabrina Xavier<\/span><\/td>\n<td style=\"height: 48px\" width=\"311\"><span style=\"color: #000000;font-family: arial, helvetica, sans-serif;font-size: 10pt\">7\u00aa Semana Acad\u00eamica do Curso de Licenciatura em F\u00edsica<\/span><\/td>\n<td style=\"text-align: center;height: 48px;vertical-align: middle\" width=\"89\"><span style=\"color: #000000;font-family: arial, helvetica, sans-serif;font-size: 10pt\">40h<\/span><\/td>\n<td style=\"height: 48px;text-align: center;vertical-align: middle\" width=\"142\"><span style=\"color: #000000;font-family: arial, helvetica, sans-serif;font-size: 10pt\">Participante<\/span><\/td>\n<\/tr>\n<tr style=\"height: 24px\">\n<td style=\"height: 24px;vertical-align: middle\" width=\"211\"><span style=\"color: #000000;font-family: arial, helvetica, sans-serif;font-size: 10pt\">Samantha Cardoso Alves<\/span><\/td>\n<td style=\"height: 24px\" width=\"311\"><span style=\"color: #000000;font-family: arial, helvetica, sans-serif;font-size: 10pt\">PIBID<\/span><\/td>\n<td style=\"text-align: center;height: 24px;vertical-align: middle\" width=\"89\"><span style=\"color: #000000;font-family: arial, helvetica, sans-serif;font-size: 10pt\">12h\/sem.<\/span><\/td>\n<td style=\"height: 24px;text-align: center;vertical-align: middle\" width=\"142\"><span style=\"color: #000000;font-family: arial, helvetica, sans-serif;font-size: 10pt\">Bolsista<\/span><\/td>\n<\/tr>\n<tr style=\"height: 48px\">\n<td style=\"height: 48px;vertical-align: middle\" width=\"211\"><span style=\"color: #000000;font-family: arial, helvetica, sans-serif;font-size: 10pt\">Samira Esther Ixoobean Silva Vaz de Oliveira<\/span><\/td>\n<td style=\"height: 48px\" width=\"311\"><span style=\"color: #000000;font-family: arial, helvetica, sans-serif;font-size: 10pt\">XIV Semana Acad\u00eamica do Curso de Licenciatura em F\u00edsica<\/span><\/td>\n<td style=\"text-align: center;height: 48px;vertical-align: middle\" width=\"89\"><span style=\"color: #000000;font-family: arial, helvetica, sans-serif;font-size: 10pt\">40h<\/span><\/td>\n<td style=\"height: 48px;text-align: center;vertical-align: middle\" width=\"142\"><span style=\"color: #000000;font-family: arial, helvetica, sans-serif;font-size: 10pt\">Participante<\/span><\/td>\n<\/tr>\n<tr style=\"height: 24px\">\n<td style=\"height: 24px;vertical-align: middle\" width=\"211\"><span style=\"color: #000000;font-family: arial, helvetica, sans-serif;font-size: 10pt\">Sandro Ant\u00f4nio Fernandes<\/span><\/td>\n<td style=\"height: 24px\" width=\"311\"><span style=\"color: #000000;font-family: arial, helvetica, sans-serif;font-size: 10pt\">IV Semin\u00e1rio de Ensino de F\u00edsica<\/span><\/td>\n<td style=\"text-align: center;height: 24px;vertical-align: middle\" width=\"89\"><span style=\"color: #000000;font-family: arial, helvetica, sans-serif;font-size: 10pt\">20h<\/span><\/td>\n<td style=\"height: 24px;text-align: center;vertical-align: middle\" width=\"142\"><span style=\"color: #000000;font-family: arial, helvetica, sans-serif;font-size: 10pt\">Participante<\/span><\/td>\n<\/tr>\n<tr style=\"height: 48px\">\n<td style=\"height: 48px;vertical-align: middle\" width=\"211\"><span style=\"color: #000000;font-family: arial, helvetica, sans-serif;font-size: 10pt\">Sergio da Silva Cava<\/span><\/td>\n<td style=\"height: 48px\" width=\"311\"><span style=\"color: #000000;font-family: arial, helvetica, sans-serif;font-size: 10pt\">XV Semana Acad\u00eamica do Curso de Licenciatura em F\u00edsica<\/span><\/td>\n<td style=\"text-align: center;height: 48px;vertical-align: middle\" width=\"89\"><span style=\"color: #000000;font-family: arial, helvetica, sans-serif;font-size: 10pt\">02h<\/span><\/td>\n<td style=\"height: 48px;text-align: center;vertical-align: middle\" width=\"142\"><span style=\"color: #000000;font-family: arial, helvetica, sans-serif;font-size: 10pt\">Ministrante<\/span><\/td>\n<\/tr>\n<tr style=\"height: 24px\">\n<td style=\"height: 24px;vertical-align: middle\" width=\"211\"><span style=\"color: #000000;font-family: arial, helvetica, sans-serif;font-size: 10pt\">Sergio Larroscaim Mathias<\/span><\/td>\n<td style=\"height: 24px\" width=\"311\"><span style=\"color: #000000;font-family: arial, helvetica, sans-serif;font-size: 10pt\">IV Semin\u00e1rio de Ensino de F\u00edsica<\/span><\/td>\n<td style=\"text-align: center;height: 24px;vertical-align: middle\" width=\"89\"><span style=\"color: #000000;font-family: arial, helvetica, sans-serif;font-size: 10pt\">20h<\/span><\/td>\n<td style=\"height: 24px;text-align: center;vertical-align: middle\" width=\"142\"><span style=\"color: #000000;font-family: arial, helvetica, sans-serif;font-size: 10pt\">Participante<\/span><\/td>\n<\/tr>\n<tr style=\"height: 24px\">\n<td style=\"height: 24px;vertical-align: middle\" width=\"211\"><span style=\"color: #000000;font-family: arial, helvetica, sans-serif;font-size: 10pt\">S\u00e9rgio Larruscain Mathias<\/span><\/td>\n<td style=\"height: 24px\" width=\"311\"><span style=\"color: #000000;font-family: arial, helvetica, sans-serif;font-size: 10pt\">III Semin\u00e1rio de Ensino de F\u00edsica<\/span><\/td>\n<td style=\"text-align: center;height: 24px;vertical-align: middle\" width=\"89\"><span style=\"color: #000000;font-family: arial, helvetica, sans-serif;font-size: 10pt\">24h<\/span><\/td>\n<td style=\"height: 24px;text-align: center;vertical-align: middle\" width=\"142\"><span style=\"color: #000000;font-family: arial, helvetica, sans-serif;font-size: 10pt\">Participante<\/span><\/td>\n<\/tr>\n<tr style=\"height: 48px\">\n<td style=\"height: 48px;vertical-align: middle\" width=\"211\"><span style=\"color: #000000;font-family: arial, helvetica, sans-serif;font-size: 10pt\">Sidney Raiski de Morais<\/span><\/td>\n<td style=\"height: 48px\" width=\"311\"><span style=\"color: #000000;font-family: arial, helvetica, sans-serif;font-size: 10pt\">Projeto de Ensino &#8220;Mini-curso Introdut\u00f3rio \u00e0 F\u00edsica de Nano-Estruturas e Nanotecnologia&#8221;<\/span><\/td>\n<td style=\"text-align: center;height: 48px;vertical-align: middle\" width=\"89\"><span style=\"color: #000000;font-family: arial, helvetica, sans-serif;font-size: 10pt\">10h<\/span><\/td>\n<td style=\"height: 48px;text-align: center;vertical-align: middle\" width=\"142\"><span style=\"color: #000000;font-family: arial, helvetica, sans-serif;font-size: 10pt\">Participante<\/span><\/td>\n<\/tr>\n<tr style=\"height: 48px\">\n<td style=\"height: 48px;vertical-align: middle\" width=\"211\"><span style=\"color: #000000;font-family: arial, helvetica, sans-serif;font-size: 10pt\">Silvio Dahmen<\/span><\/td>\n<td style=\"height: 48px\" width=\"311\"><span style=\"color: #000000;font-family: arial, helvetica, sans-serif;font-size: 10pt\">XVI Semana Acad\u00eamica do Curso de Licenciatura em F\u00edsica<\/span><\/td>\n<td style=\"text-align: center;height: 48px;vertical-align: middle\" width=\"89\"><span style=\"color: #000000;font-family: arial, helvetica, sans-serif;font-size: 10pt\">02h<\/span><\/td>\n<td style=\"height: 48px;text-align: center;vertical-align: middle\" width=\"142\"><span style=\"color: #000000;font-family: arial, helvetica, sans-serif;font-size: 10pt\">Ministrante<\/span><\/td>\n<\/tr>\n<tr style=\"height: 48px\">\n<td style=\"height: 48px;vertical-align: middle\" width=\"211\"><span style=\"color: #000000;font-family: arial, helvetica, sans-serif;font-size: 10pt\">Silvio Vit\u00f3ria<\/span><\/td>\n<td style=\"height: 48px\" width=\"311\"><span style=\"color: #000000;font-family: arial, helvetica, sans-serif;font-size: 10pt\">Semana Acad\u00eamica do Curso de Licenciatura Plena em F\u00edsica 1998<\/span><\/td>\n<td style=\"text-align: center;height: 48px;vertical-align: middle\" width=\"89\"><span style=\"color: #000000;font-family: arial, helvetica, sans-serif;font-size: 10pt\">40h<\/span><\/td>\n<td style=\"height: 48px;text-align: center;vertical-align: middle\" width=\"142\"><span style=\"color: #000000;font-family: arial, helvetica, sans-serif;font-size: 10pt\">Participante<\/span><\/td>\n<\/tr>\n<tr style=\"height: 24px\">\n<td style=\"height: 24px;vertical-align: middle\" width=\"211\"><span style=\"color: #000000;font-family: arial, helvetica, sans-serif;font-size: 10pt\">Simone Colvara Alves<\/span><\/td>\n<td style=\"height: 24px\" width=\"311\"><span style=\"color: #000000;font-family: arial, helvetica, sans-serif;font-size: 10pt\">IV Semin\u00e1rio de Ensino de F\u00edsica<\/span><\/td>\n<td style=\"text-align: center;height: 24px;vertical-align: middle\" width=\"89\"><span style=\"color: #000000;font-family: arial, helvetica, sans-serif;font-size: 10pt\">20h<\/span><\/td>\n<td style=\"height: 24px;text-align: center;vertical-align: middle\" width=\"142\"><span style=\"color: #000000;font-family: arial, helvetica, sans-serif;font-size: 10pt\">Participante<\/span><\/td>\n<\/tr>\n<tr style=\"height: 48px\">\n<td style=\"height: 48px;vertical-align: middle\" width=\"211\"><span style=\"color: #000000;font-family: arial, helvetica, sans-serif;font-size: 10pt\">Simone Vilella Cavaliante Calheiros<\/span><\/td>\n<td style=\"height: 48px\" width=\"311\"><span style=\"color: #000000;font-family: arial, helvetica, sans-serif;font-size: 10pt\">III Semin\u00e1rio de Ensino de F\u00edsica<\/span><\/td>\n<td style=\"text-align: center;height: 48px;vertical-align: middle\" width=\"89\"><span style=\"color: #000000;font-family: arial, helvetica, sans-serif;font-size: 10pt\">24h<\/span><\/td>\n<td style=\"height: 48px;text-align: center;vertical-align: middle\" width=\"142\"><span style=\"color: #000000;font-family: arial, helvetica, sans-serif;font-size: 10pt\">Participante<\/span><\/td>\n<\/tr>\n<tr style=\"height: 48px\">\n<td style=\"height: 48px;vertical-align: middle\" width=\"211\"><span style=\"color: #000000;font-family: arial, helvetica, sans-serif;font-size: 10pt\">Solange Binotto Fagan<\/span><\/td>\n<td style=\"height: 48px\" width=\"311\"><span style=\"color: #000000;font-family: arial, helvetica, sans-serif;font-size: 10pt\">Projeto de Ensino &#8220;Mini-curso Introdut\u00f3rio \u00e0 F\u00edsica de Nano-Estruturas e Nanotecnologia&#8221;<\/span><\/td>\n<td style=\"text-align: center;height: 48px;vertical-align: middle\" width=\"89\"><span style=\"color: #000000;font-family: arial, helvetica, sans-serif;font-size: 10pt\">10h<\/span><\/td>\n<td style=\"height: 48px;text-align: center;vertical-align: middle\" width=\"142\"><span style=\"color: #000000;font-family: arial, helvetica, sans-serif;font-size: 10pt\">Ministrante<\/span><\/td>\n<\/tr>\n<tr style=\"height: 72px\">\n<td style=\"height: 72px;vertical-align: middle\" width=\"211\"><span style=\"color: #000000;font-family: arial, helvetica, sans-serif;font-size: 10pt\">Stefane Fonseca Freitas<\/span><\/td>\n<td style=\"height: 72px\" width=\"311\"><span style=\"color: #000000;font-family: arial, helvetica, sans-serif;font-size: 10pt\">Projeto de Ensino &#8220;O Aprendizado de Astronomia e das Ci\u00eancias Afins com a Media\u00e7\u00e3o da Observa\u00e7\u00e3o Rudimentar e da Imagem Astron\u00f4mica<\/span><\/td>\n<td style=\"text-align: center;height: 72px;vertical-align: middle\" width=\"89\"><span style=\"color: #000000;font-family: arial, helvetica, sans-serif;font-size: 10pt\">10h<\/span><\/td>\n<td style=\"height: 72px;text-align: center;vertical-align: middle\" width=\"142\"><span style=\"color: #000000;font-family: arial, helvetica, sans-serif;font-size: 10pt\">Participante<\/span><\/td>\n<\/tr>\n<tr style=\"height: 48px\">\n<td style=\"height: 48px;vertical-align: middle\" width=\"211\"><span style=\"color: #000000;font-family: arial, helvetica, sans-serif;font-size: 10pt\">Stephanie Duarte Bresolin<\/span><\/td>\n<td style=\"height: 48px\" width=\"311\"><span style=\"color: #000000;font-family: arial, helvetica, sans-serif;font-size: 10pt\">XV Semana Acad\u00eamica do Curso de Licenciatura em F\u00edsica<\/span><\/td>\n<td style=\"text-align: center;height: 48px;vertical-align: middle\" width=\"89\"><span style=\"color: #000000;font-family: arial, helvetica, sans-serif;font-size: 10pt\">40h<\/span><\/td>\n<td style=\"height: 48px;text-align: center;vertical-align: middle\" width=\"142\"><span style=\"color: #000000;font-family: arial, helvetica, sans-serif;font-size: 10pt\">Participante<\/span><\/td>\n<\/tr>\n<tr style=\"height: 24px\">\n<td style=\"height: 24px;vertical-align: middle\" width=\"211\"><span style=\"color: #000000;font-family: arial, helvetica, sans-serif;font-size: 10pt\">Suzana Rodrigues Macedo<\/span><\/td>\n<td style=\"height: 24px\" width=\"311\"><span style=\"color: #000000;font-family: arial, helvetica, sans-serif;font-size: 10pt\">Grupo PET-F\u00edsica<\/span><\/td>\n<td style=\"text-align: center;height: 24px;vertical-align: middle\" width=\"89\"><span style=\"color: #000000;font-family: arial, helvetica, sans-serif;font-size: 10pt\">12h\/sem.<\/span><\/td>\n<td style=\"height: 24px;text-align: center;vertical-align: middle\" width=\"142\"><span style=\"color: #000000;font-family: arial, helvetica, sans-serif;font-size: 10pt\">Bolsista<\/span><\/td>\n<\/tr>\n<tr style=\"height: 48px\">\n<td style=\"height: 48px;vertical-align: middle\" width=\"211\"><span style=\"color: #000000;font-family: arial, helvetica, sans-serif;font-size: 10pt\">Suzana Rodrigues Macedo<\/span><\/td>\n<td style=\"height: 48px\" width=\"311\"><span style=\"color: #000000;font-family: arial, helvetica, sans-serif;font-size: 10pt\">Semana Acad\u00eamica do Curso de Licenciatura Plena em F\u00edsica 1998<\/span><\/td>\n<td style=\"text-align: center;height: 48px;vertical-align: middle\" width=\"89\"><span style=\"color: #000000;font-family: arial, helvetica, sans-serif;font-size: 10pt\">40h<\/span><\/td>\n<td style=\"height: 48px;text-align: center;vertical-align: middle\" width=\"142\"><span style=\"color: #000000;font-family: arial, helvetica, sans-serif;font-size: 10pt\">Participante<\/span><\/td>\n<\/tr>\n<tr style=\"height: 48px\">\n<td style=\"height: 48px;vertical-align: middle\" width=\"211\"><span style=\"color: #000000;font-family: arial, helvetica, sans-serif;font-size: 10pt\">Tain\u00e3 Rodrigues<\/span><\/td>\n<td style=\"height: 48px\" width=\"311\"><span style=\"color: #000000;font-family: arial, helvetica, sans-serif;font-size: 10pt\">Projeto de Extens\u00e3o &#8220;Experimentando a F\u00edsica na Educa\u00e7\u00e3o de Jovens e Adultos&#8221;<\/span><\/td>\n<td style=\"text-align: center;height: 48px;vertical-align: middle\" width=\"89\"><span style=\"color: #000000;font-family: arial, helvetica, sans-serif;font-size: 10pt\">20h<\/span><\/td>\n<td style=\"height: 48px;text-align: center;vertical-align: middle\" width=\"142\"><span style=\"color: #000000;font-family: arial, helvetica, sans-serif;font-size: 10pt\">Participante<\/span><\/td>\n<\/tr>\n<tr style=\"height: 48px\">\n<td style=\"height: 48px;vertical-align: middle\" width=\"211\"><span style=\"color: #000000;font-family: arial, helvetica, sans-serif;font-size: 10pt\">Ta\u00eds Moraes Barros<\/span><\/td>\n<td style=\"height: 48px\" width=\"311\"><span style=\"color: #000000;font-family: arial, helvetica, sans-serif;font-size: 10pt\">7\u00aa Semana Acad\u00eamica do Curso de Licenciatura em F\u00edsica<\/span><\/td>\n<td style=\"text-align: center;height: 48px;vertical-align: middle\" width=\"89\"><span style=\"color: #000000;font-family: arial, helvetica, sans-serif;font-size: 10pt\">40h<\/span><\/td>\n<td style=\"height: 48px;text-align: center;vertical-align: middle\" width=\"142\"><span style=\"color: #000000;font-family: arial, helvetica, sans-serif;font-size: 10pt\">Participante<\/span><\/td>\n<\/tr>\n<tr style=\"height: 48px\">\n<td style=\"height: 48px;vertical-align: middle\" width=\"211\"><span style=\"color: #000000;font-family: arial, helvetica, sans-serif;font-size: 10pt\">Talita Ferreira Robaina<\/span><\/td>\n<td style=\"height: 48px\" width=\"311\"><span style=\"color: #000000;font-family: arial, helvetica, sans-serif;font-size: 10pt\">Encontro &#8220;F\u00edsica para o 2\u00ba Grau: Apoio aos Alunos das Escolas P\u00fablicas&#8221;<\/span><\/td>\n<td style=\"text-align: center;height: 48px;vertical-align: middle\" width=\"89\"><span style=\"color: #000000;font-family: arial, helvetica, sans-serif;font-size: 10pt\">180h<\/span><\/td>\n<td style=\"height: 48px;text-align: center;vertical-align: middle\" width=\"142\"><span style=\"color: #000000;font-family: arial, helvetica, sans-serif;font-size: 10pt\">Ministrante<\/span><\/td>\n<\/tr>\n<tr style=\"height: 24px\">\n<td style=\"height: 24px;vertical-align: middle\" width=\"211\"><span style=\"color: #000000;font-family: arial, helvetica, sans-serif;font-size: 10pt\">T\u00e2nia Maria Menegaz Conrado<\/span><\/td>\n<td style=\"height: 24px\" width=\"311\"><span style=\"color: #000000;font-family: arial, helvetica, sans-serif;font-size: 10pt\">V semin\u00e1rio de Ensino de F\u00edsica<\/span><\/td>\n<td style=\"text-align: center;height: 24px;vertical-align: middle\" width=\"89\"><span style=\"color: #000000;font-family: arial, helvetica, sans-serif;font-size: 10pt\">16h<\/span><\/td>\n<td style=\"height: 24px;text-align: center;vertical-align: middle\" width=\"142\"><span style=\"color: #000000;font-family: arial, helvetica, sans-serif;font-size: 10pt\">Participante<\/span><\/td>\n<\/tr>\n<tr style=\"height: 48px\">\n<td style=\"height: 48px;vertical-align: middle\" width=\"211\"><span style=\"color: #000000;font-family: arial, helvetica, sans-serif;font-size: 10pt\">Tatiane Bittencourt Lopes<\/span><\/td>\n<td style=\"height: 48px\" width=\"311\"><span style=\"color: #000000;font-family: arial, helvetica, sans-serif;font-size: 10pt\">Projeto de Extens\u00e3o &#8220;Experimentando a F\u00edsica na Educa\u00e7\u00e3o de Jovens e Adultos&#8221;<\/span><\/td>\n<td style=\"text-align: center;height: 48px;vertical-align: middle\" width=\"89\"><span style=\"color: #000000;font-family: arial, helvetica, sans-serif;font-size: 10pt\">20h<\/span><\/td>\n<td style=\"height: 48px;text-align: center;vertical-align: middle\" width=\"142\"><span style=\"color: #000000;font-family: arial, helvetica, sans-serif;font-size: 10pt\">Participante<\/span><\/td>\n<\/tr>\n<tr style=\"height: 48px\">\n<td style=\"height: 48px;vertical-align: middle\" width=\"211\"><span style=\"color: #000000;font-family: arial, helvetica, sans-serif;font-size: 10pt\">Tha\u00eds da Silva Gonzaga<\/span><\/td>\n<td style=\"height: 48px\" width=\"311\"><span style=\"color: #000000;font-family: arial, helvetica, sans-serif;font-size: 10pt\">XIV Semana Acad\u00eamica do Curso de Licenciatura em F\u00edsica<\/span><\/td>\n<td style=\"text-align: center;height: 48px;vertical-align: middle\" width=\"89\"><span style=\"color: #000000;font-family: arial, helvetica, sans-serif;font-size: 10pt\">40h<\/span><\/td>\n<td style=\"height: 48px;text-align: center;vertical-align: middle\" width=\"142\"><span style=\"color: #000000;font-family: arial, helvetica, sans-serif;font-size: 10pt\">Participante<\/span><\/td>\n<\/tr>\n<tr style=\"height: 48px\">\n<td style=\"height: 48px;vertical-align: middle\" width=\"211\"><span style=\"color: #000000;font-family: arial, helvetica, sans-serif;font-size: 10pt\">Thiago Francisco de Carvalho Oliveira<\/span><\/td>\n<td style=\"height: 48px\" width=\"311\"><span style=\"color: #000000;font-family: arial, helvetica, sans-serif;font-size: 10pt\">XVIII Semana Acad\u00eamica do Curso de Licenciatura em F\u00edsica<\/span><\/td>\n<td style=\"text-align: center;height: 48px;vertical-align: middle\" width=\"89\"><span style=\"color: #000000;font-family: arial, helvetica, sans-serif;font-size: 10pt\">40h<\/span><\/td>\n<td style=\"height: 48px;text-align: center;vertical-align: middle\" width=\"142\"><span style=\"color: #000000;font-family: arial, helvetica, sans-serif;font-size: 10pt\">Ouvinte<\/span><\/td>\n<\/tr>\n<tr style=\"height: 48px\">\n<td style=\"height: 48px;vertical-align: middle\" width=\"211\"><span style=\"color: #000000;font-family: arial, helvetica, sans-serif;font-size: 10pt\">Thomas Kaufmann<\/span><\/td>\n<td style=\"height: 48px\" width=\"311\"><span style=\"color: #000000;font-family: arial, helvetica, sans-serif;font-size: 10pt\">Projeto de Extens\u00e3o &#8220;Mini-curso de F\u00edsica aplicada \u00e0 Meteorologia&#8221;<\/span><\/td>\n<td style=\"text-align: center;height: 48px;vertical-align: middle\" width=\"89\"><span style=\"color: #000000;font-family: arial, helvetica, sans-serif;font-size: 10pt\">10h<\/span><\/td>\n<td style=\"height: 48px;text-align: center;vertical-align: middle\" width=\"142\"><span style=\"color: #000000;font-family: arial, helvetica, sans-serif;font-size: 10pt\">Ouvinte<\/span><\/td>\n<\/tr>\n<tr style=\"height: 48px\">\n<td style=\"height: 48px;vertical-align: middle\" width=\"211\"><span style=\"color: #000000;font-family: arial, helvetica, sans-serif;font-size: 10pt\">Tiago Silveira Pizarro<\/span><\/td>\n<td style=\"height: 48px\" width=\"311\"><span style=\"color: #000000;font-family: arial, helvetica, sans-serif;font-size: 10pt\">Curso &#8220;F\u00edsica no Ensino M\u00e9dio: (re)construindo conceitos&#8221;<\/span><\/td>\n<td style=\"text-align: center;height: 48px;vertical-align: middle\" width=\"89\"><span style=\"color: #000000;font-family: arial, helvetica, sans-serif;font-size: 10pt\">34h<\/span><\/td>\n<td style=\"height: 48px;text-align: center;vertical-align: middle\" width=\"142\"><span style=\"color: #000000;font-family: arial, helvetica, sans-serif;font-size: 10pt\">Participante<\/span><\/td>\n<\/tr>\n<tr style=\"height: 24px\">\n<td style=\"height: 24px;vertical-align: middle\" width=\"211\"><span style=\"color: #000000;font-family: arial, helvetica, sans-serif;font-size: 10pt\">Uilson Schwantz Sias<\/span><\/td>\n<td style=\"height: 24px\" width=\"311\"><span style=\"color: #000000;font-family: arial, helvetica, sans-serif;font-size: 10pt\">IV Semin\u00e1rio de Ensino de F\u00edsica<\/span><\/td>\n<td style=\"text-align: center;height: 24px;vertical-align: middle\" width=\"89\"><span style=\"color: #000000;font-family: arial, helvetica, sans-serif;font-size: 10pt\">20h<\/span><\/td>\n<td style=\"height: 24px;text-align: center;vertical-align: middle\" width=\"142\"><span style=\"color: #000000;font-family: arial, helvetica, sans-serif;font-size: 10pt\">Participante<\/span><\/td>\n<\/tr>\n<tr style=\"height: 48px\">\n<td style=\"height: 48px;vertical-align: middle\" width=\"211\"><span style=\"color: #000000;font-family: arial, helvetica, sans-serif;font-size: 10pt\">Uilson Schwantz Sias<\/span><\/td>\n<td style=\"height: 48px\" width=\"311\"><span style=\"color: #000000;font-family: arial, helvetica, sans-serif;font-size: 10pt\">XIII Semana Acad\u00eamica do Curso de Licenciatura em F\u00edsica<\/span><\/td>\n<td style=\"text-align: center;height: 48px;vertical-align: middle\" width=\"89\"><span style=\"color: #000000;font-family: arial, helvetica, sans-serif;font-size: 10pt\">02h<\/span><\/td>\n<td style=\"height: 48px;text-align: center;vertical-align: middle\" width=\"142\"><span style=\"color: #000000;font-family: arial, helvetica, sans-serif;font-size: 10pt\">Ministrante<\/span><\/td>\n<\/tr>\n<tr style=\"height: 48px\">\n<td style=\"height: 48px;vertical-align: middle\" width=\"211\"><span style=\"color: #000000;font-family: arial, helvetica, sans-serif;font-size: 10pt\">Vagner Cabral Camacho<\/span><\/td>\n<td style=\"height: 48px\" width=\"311\"><span style=\"color: #000000;font-family: arial, helvetica, sans-serif;font-size: 10pt\">Semana Acad\u00eamica do Curso de Licenciatura Plena em F\u00edsica 1998<\/span><\/td>\n<td style=\"text-align: center;height: 48px;vertical-align: middle\" width=\"89\"><span style=\"color: #000000;font-family: arial, helvetica, sans-serif;font-size: 10pt\">40h<\/span><\/td>\n<td style=\"height: 48px;text-align: center;vertical-align: middle\" width=\"142\"><span style=\"color: #000000;font-family: arial, helvetica, sans-serif;font-size: 10pt\">Participante<\/span><\/td>\n<\/tr>\n<tr style=\"height: 48px\">\n<td style=\"height: 48px;vertical-align: middle\" width=\"211\"><span style=\"color: #000000;font-family: arial, helvetica, sans-serif;font-size: 10pt\">Vagner Farias Lemos<\/span><\/td>\n<td style=\"height: 48px\" width=\"311\"><span style=\"color: #000000;font-family: arial, helvetica, sans-serif;font-size: 10pt\">Projeto de Extens\u00e3o &#8220;Experimentando a F\u00edsica na Educa\u00e7\u00e3o de Jovens e Adultos&#8221;<\/span><\/td>\n<td style=\"text-align: center;height: 48px;vertical-align: middle\" width=\"89\"><span style=\"color: #000000;font-family: arial, helvetica, sans-serif;font-size: 10pt\">20h<\/span><\/td>\n<td style=\"height: 48px;text-align: center;vertical-align: middle\" width=\"142\"><span style=\"color: #000000;font-family: arial, helvetica, sans-serif;font-size: 10pt\">Participante<\/span><\/td>\n<\/tr>\n<tr style=\"height: 48px\">\n<td style=\"height: 48px;vertical-align: middle\" width=\"211\"><span style=\"color: #000000;font-family: arial, helvetica, sans-serif;font-size: 10pt\">Vanessa de Almeida Ienczak<\/span><\/td>\n<td style=\"height: 48px\" width=\"311\"><span style=\"color: #000000;font-family: arial, helvetica, sans-serif;font-size: 10pt\">Projeto de Ensino &#8220;Mini-curso Introdut\u00f3rio \u00e0 F\u00edsica de Part\u00edculas, Estado S\u00f3lido e Plasma&#8221;<\/span><\/td>\n<td style=\"text-align: center;height: 48px;vertical-align: middle\" width=\"89\"><span style=\"color: #000000;font-family: arial, helvetica, sans-serif;font-size: 10pt\">20h<\/span><\/td>\n<td style=\"height: 48px;text-align: center;vertical-align: middle\" width=\"142\"><span style=\"color: #000000;font-family: arial, helvetica, sans-serif;font-size: 10pt\">Participante<\/span><\/td>\n<\/tr>\n<tr style=\"height: 24px\">\n<td style=\"height: 24px;vertical-align: middle\" width=\"211\"><span style=\"color: #000000;font-family: arial, helvetica, sans-serif;font-size: 10pt\">Vera L\u00facia Dias da Rosa<\/span><\/td>\n<td style=\"height: 24px\" width=\"311\"><span style=\"color: #000000;font-family: arial, helvetica, sans-serif;font-size: 10pt\">III Semin\u00e1rio de Ensino de F\u00edsica<\/span><\/td>\n<td style=\"text-align: center;height: 24px;vertical-align: middle\" width=\"89\"><span style=\"color: #000000;font-family: arial, helvetica, sans-serif;font-size: 10pt\">24h<\/span><\/td>\n<td style=\"height: 24px;text-align: center;vertical-align: middle\" width=\"142\"><span style=\"color: #000000;font-family: arial, helvetica, sans-serif;font-size: 10pt\">Participante<\/span><\/td>\n<\/tr>\n<tr style=\"height: 48px\">\n<td style=\"height: 48px;vertical-align: middle\" width=\"211\"><span style=\"color: #000000;font-family: arial, helvetica, sans-serif;font-size: 10pt\">Veridiana Rodrigues Cardoso<\/span><\/td>\n<td style=\"height: 48px\" width=\"311\"><span style=\"color: #000000;font-family: arial, helvetica, sans-serif;font-size: 10pt\">Projeto de Ensino &#8220;T\u00d3PICOS DE F\u00cdSICA CONTEMPOR\u00c2NEA&#8221;<\/span><\/td>\n<td style=\"text-align: center;height: 48px;vertical-align: middle\" width=\"89\"><span style=\"color: #000000;font-family: arial, helvetica, sans-serif;font-size: 10pt\">05h<\/span><\/td>\n<td style=\"height: 48px;text-align: center;vertical-align: middle\" width=\"142\"><span style=\"color: #000000;font-family: arial, helvetica, sans-serif;font-size: 10pt\">Participante<\/span><\/td>\n<\/tr>\n<tr style=\"height: 48px\">\n<td style=\"height: 48px;vertical-align: middle\" width=\"211\"><span style=\"color: #000000;font-family: arial, helvetica, sans-serif;font-size: 10pt\">Viliam Cardoso da Silveira<\/span><\/td>\n<td style=\"height: 48px\" width=\"311\"><span style=\"color: #000000;font-family: arial, helvetica, sans-serif;font-size: 10pt\">Projeto de Ensino &#8220;T\u00d3PICOS DE F\u00cdSICA CONTEMPOR\u00c2NEA&#8221;<\/span><\/td>\n<td style=\"text-align: center;height: 48px;vertical-align: middle\" width=\"89\"><span style=\"color: #000000;font-family: arial, helvetica, sans-serif;font-size: 10pt\">10h<\/span><\/td>\n<td style=\"height: 48px;text-align: center;vertical-align: middle\" width=\"142\"><span style=\"color: #000000;font-family: arial, helvetica, sans-serif;font-size: 10pt\">Participante<\/span><\/td>\n<\/tr>\n<tr style=\"height: 24px\">\n<td style=\"height: 24px;vertical-align: middle\" width=\"211\"><span style=\"color: #000000;font-family: arial, helvetica, sans-serif;font-size: 10pt\">Vilson Schwantz Sias<\/span><\/td>\n<td style=\"height: 24px\" width=\"311\"><span style=\"color: #000000;font-family: arial, helvetica, sans-serif;font-size: 10pt\">III Semin\u00e1rio de Ensino de F\u00edsica<\/span><\/td>\n<td style=\"text-align: center;height: 24px;vertical-align: middle\" width=\"89\"><span style=\"color: #000000;font-family: arial, helvetica, sans-serif;font-size: 10pt\">24h<\/span><\/td>\n<td style=\"height: 24px;text-align: center;vertical-align: middle\" width=\"142\"><span style=\"color: #000000;font-family: arial, helvetica, sans-serif;font-size: 10pt\">Participante<\/span><\/td>\n<\/tr>\n<tr style=\"height: 72px\">\n<td style=\"height: 72px;vertical-align: middle\" width=\"211\"><span style=\"color: #000000;font-family: arial, helvetica, sans-serif;font-size: 10pt\">Vinicius Moraes Faria<\/span><\/td>\n<td style=\"height: 72px\" width=\"311\"><span style=\"color: #000000;font-family: arial, helvetica, sans-serif;font-size: 10pt\">Projeto de Ensino &#8220;O Aprendizado de Astronomia e das Ci\u00eancias Afins com a Media\u00e7\u00e3o da Observa\u00e7\u00e3o Rudimentar e da Imagem Astron\u00f4mica<\/span><\/td>\n<td style=\"text-align: center;height: 72px;vertical-align: middle\" width=\"89\"><span style=\"color: #000000;font-family: arial, helvetica, sans-serif;font-size: 10pt\">10h<\/span><\/td>\n<td style=\"height: 72px;text-align: center;vertical-align: middle\" width=\"142\"><span style=\"color: #000000;font-family: arial, helvetica, sans-serif;font-size: 10pt\">Participante<\/span><\/td>\n<\/tr>\n<tr style=\"height: 72px\">\n<td style=\"height: 72px;vertical-align: middle\" width=\"211\"><span style=\"color: #000000;font-family: arial, helvetica, sans-serif;font-size: 10pt\">Vinicius Moraes Faria<\/span><\/td>\n<td style=\"height: 72px\" width=\"311\"><span style=\"color: #000000;font-family: arial, helvetica, sans-serif;font-size: 10pt\">Projeto de Ensino &#8220;Propriedades Estruturais e Magn\u00e9ticas de Nano Estruturas na Forma de Filmes Finos&#8221;<\/span><\/td>\n<td style=\"text-align: center;height: 72px;vertical-align: middle\" width=\"89\"><span style=\"color: #000000;font-family: arial, helvetica, sans-serif;font-size: 10pt\">04h<\/span><\/td>\n<td style=\"height: 72px;text-align: center;vertical-align: middle\" width=\"142\"><span style=\"color: #000000;font-family: arial, helvetica, sans-serif;font-size: 10pt\">Participante<\/span><\/td>\n<\/tr>\n<tr style=\"height: 48px\">\n<td style=\"height: 48px;vertical-align: middle\" width=\"211\"><span style=\"color: #000000;font-family: arial, helvetica, sans-serif;font-size: 10pt\">Vinicius Moraes Faria<\/span><\/td>\n<td style=\"height: 48px\" width=\"311\"><span style=\"color: #000000;font-family: arial, helvetica, sans-serif;font-size: 10pt\">XIV Semana Acad\u00eamica do Curso de Licenciatura em F\u00edsica<\/span><\/td>\n<td style=\"text-align: center;height: 48px;vertical-align: middle\" width=\"89\"><span style=\"color: #000000;font-family: arial, helvetica, sans-serif;font-size: 10pt\">40h<\/span><\/td>\n<td style=\"height: 48px;text-align: center;vertical-align: middle\" width=\"142\"><span style=\"color: #000000;font-family: arial, helvetica, sans-serif;font-size: 10pt\">Participante<\/span><\/td>\n<\/tr>\n<tr style=\"height: 48px\">\n<td style=\"height: 48px;vertical-align: middle\" width=\"211\"><span style=\"color: #000000;font-family: arial, helvetica, sans-serif;font-size: 10pt\">Vinicius Moraes Faria<\/span><\/td>\n<td style=\"height: 48px\" width=\"311\"><span style=\"color: #000000;font-family: arial, helvetica, sans-serif;font-size: 10pt\">XV Semana Acad\u00eamica do Curso de Licenciatura em F\u00edsica<\/span><\/td>\n<td style=\"text-align: center;height: 48px;vertical-align: middle\" width=\"89\"><span style=\"color: #000000;font-family: arial, helvetica, sans-serif;font-size: 10pt\">40h<\/span><\/td>\n<td style=\"height: 48px;text-align: center;vertical-align: middle\" width=\"142\"><span style=\"color: #000000;font-family: arial, helvetica, sans-serif;font-size: 10pt\">Participante<\/span><\/td>\n<\/tr>\n<tr style=\"height: 48px\">\n<td style=\"height: 48px;vertical-align: middle\" width=\"211\"><span style=\"color: #000000;font-family: arial, helvetica, sans-serif;font-size: 10pt\">Vinicius Moraes Faria<\/span><\/td>\n<td style=\"height: 48px\" width=\"311\"><span style=\"color: #000000;font-family: arial, helvetica, sans-serif;font-size: 10pt\">XVI Semana Acad\u00eamica do Curso de Licenciatura em F\u00edsica<\/span><\/td>\n<td style=\"text-align: center;height: 48px;vertical-align: middle\" width=\"89\"><span style=\"color: #000000;font-family: arial, helvetica, sans-serif;font-size: 10pt\">40h<\/span><\/td>\n<td style=\"height: 48px;text-align: center;vertical-align: middle\" width=\"142\"><span style=\"color: #000000;font-family: arial, helvetica, sans-serif;font-size: 10pt\">Participante<\/span><\/td>\n<\/tr>\n<tr style=\"height: 72px\">\n<td style=\"height: 72px;vertical-align: middle\" width=\"211\"><span style=\"color: #000000;font-family: arial, helvetica, sans-serif;font-size: 10pt\">Vin\u00edcius Moraes Faria<\/span><\/td>\n<td style=\"height: 72px\" width=\"311\"><span style=\"color: #000000;font-family: arial, helvetica, sans-serif;font-size: 10pt\">Projeto de Ensino &#8220;Propriedades Estruturais e Magn\u00e9ticas de Nano Estruturas na Forma de Filmes Finos&#8221;<\/span><\/td>\n<td style=\"text-align: center;height: 72px;vertical-align: middle\" width=\"89\"><span style=\"color: #000000;font-family: arial, helvetica, sans-serif;font-size: 10pt\">04h<\/span><\/td>\n<td style=\"height: 72px;text-align: center;vertical-align: middle\" width=\"142\"><span style=\"color: #000000;font-family: arial, helvetica, sans-serif;font-size: 10pt\">Participante<\/span><\/td>\n<\/tr>\n<tr style=\"height: 24px\">\n<td style=\"height: 24px;vertical-align: middle\" width=\"211\"><span style=\"color: #000000;font-family: arial, helvetica, sans-serif;font-size: 10pt\">Vinicius O. Marques<\/span><\/td>\n<td style=\"height: 24px\" width=\"311\"><span style=\"color: #000000;font-family: arial, helvetica, sans-serif;font-size: 10pt\">Curso de Extens\u00e3o Universit\u00e1ria &#8220;F\u00edsica B\u00e1sica&#8221;<\/span><\/td>\n<td style=\"text-align: center;height: 24px;vertical-align: middle\" width=\"89\"><span style=\"color: #000000;font-family: arial, helvetica, sans-serif;font-size: 10pt\">100h<\/span><\/td>\n<td style=\"height: 24px;text-align: center;vertical-align: middle\" width=\"142\"><span style=\"color: #000000;font-family: arial, helvetica, sans-serif;font-size: 10pt\">Participante<\/span><\/td>\n<\/tr>\n<tr style=\"height: 48px\">\n<td style=\"height: 48px;vertical-align: middle\" width=\"211\"><span style=\"color: #000000;font-family: arial, helvetica, sans-serif;font-size: 10pt\">Vit\u00f3ria Reis da Silva<\/span><\/td>\n<td style=\"height: 48px\" width=\"311\"><span style=\"color: #000000;font-family: arial, helvetica, sans-serif;font-size: 10pt\">XIV Semana Acad\u00eamica do Curso de Licenciatura em F\u00edsica<\/span><\/td>\n<td style=\"text-align: center;height: 48px;vertical-align: middle\" width=\"89\"><span style=\"color: #000000;font-family: arial, helvetica, sans-serif;font-size: 10pt\">40h<\/span><\/td>\n<td style=\"height: 48px;text-align: center;vertical-align: middle\" width=\"142\"><span style=\"color: #000000;font-family: arial, helvetica, sans-serif;font-size: 10pt\">Participante<\/span><\/td>\n<\/tr>\n<tr style=\"height: 48px\">\n<td style=\"height: 48px;vertical-align: middle\" width=\"211\"><span style=\"color: #000000;font-family: arial, helvetica, sans-serif;font-size: 10pt\">Viviane Lima da Silva<\/span><\/td>\n<td style=\"height: 48px\" width=\"311\"><span style=\"color: #000000;font-family: arial, helvetica, sans-serif;font-size: 10pt\">Projeto de Extens\u00e3o &#8220;Mini-curso de F\u00edsica aplicada \u00e0 Meteorologia&#8221;<\/span><\/td>\n<td style=\"text-align: center;height: 48px;vertical-align: middle\" width=\"89\"><span style=\"color: #000000;font-family: arial, helvetica, sans-serif;font-size: 10pt\">10h<\/span><\/td>\n<td style=\"height: 48px;text-align: center;vertical-align: middle\" width=\"142\"><span style=\"color: #000000;font-family: arial, helvetica, sans-serif;font-size: 10pt\">Ouvinte<\/span><\/td>\n<\/tr>\n<tr style=\"height: 48px\">\n<td style=\"height: 48px;vertical-align: middle\" width=\"211\"><span style=\"color: #000000;font-family: arial, helvetica, sans-serif;font-size: 10pt\">Vladimir Levit<\/span><\/td>\n<td style=\"height: 48px\" width=\"311\"><span style=\"color: #000000;font-family: arial, helvetica, sans-serif;font-size: 10pt\">Semana Acad\u00eamica do Curso de Licenciatura Plena em F\u00edsica 2000<\/span><\/td>\n<td style=\"text-align: center;height: 48px;vertical-align: middle\" width=\"89\"><span style=\"color: #000000;font-family: arial, helvetica, sans-serif;font-size: 10pt\">02h<\/span><\/td>\n<td style=\"height: 48px;text-align: center;vertical-align: middle\" width=\"142\"><span style=\"color: #000000;font-family: arial, helvetica, sans-serif;font-size: 10pt\">Palestrante<\/span><\/td>\n<\/tr>\n<tr style=\"height: 48px\">\n<td style=\"height: 48px;vertical-align: middle\" width=\"211\"><span style=\"color: #000000;font-family: arial, helvetica, sans-serif;font-size: 10pt\">Wagner Guaitos Moreira<\/span><\/td>\n<td style=\"height: 48px\" width=\"311\"><span style=\"color: #000000;font-family: arial, helvetica, sans-serif;font-size: 10pt\">Projeto de Extens\u00e3o &#8220;Experimentando a F\u00edsica na Educa\u00e7\u00e3o de Jovens e Adultos&#8221;<\/span><\/td>\n<td style=\"text-align: center;height: 48px;vertical-align: middle\" width=\"89\"><span style=\"color: #000000;font-family: arial, helvetica, sans-serif;font-size: 10pt\">20h<\/span><\/td>\n<td style=\"height: 48px;text-align: center;vertical-align: middle\" width=\"142\"><span style=\"color: #000000;font-family: arial, helvetica, sans-serif;font-size: 10pt\">Participante<\/span><\/td>\n<\/tr>\n<tr style=\"height: 24px\">\n<td style=\"height: 24px;vertical-align: middle\" width=\"211\"><span style=\"color: #000000;font-family: arial, helvetica, sans-serif;font-size: 10pt\">Wagner Rehbein dos Santos<\/span><\/td>\n<td style=\"height: 24px\" width=\"311\"><span style=\"color: #000000;font-family: arial, helvetica, sans-serif;font-size: 10pt\">PIBID<\/span><\/td>\n<td style=\"text-align: center;height: 24px;vertical-align: middle\" width=\"89\"><span style=\"color: #000000;font-family: arial, helvetica, sans-serif;font-size: 10pt\">12h\/sem.<\/span><\/td>\n<td style=\"height: 24px;text-align: center;vertical-align: middle\" width=\"142\"><span style=\"color: #000000;font-family: arial, helvetica, sans-serif;font-size: 10pt\">Bolsista<\/span><\/td>\n<\/tr>\n<tr style=\"height: 24px\">\n<td style=\"height: 24px;vertical-align: middle\" width=\"211\"><span style=\"color: #000000;font-family: arial, helvetica, sans-serif;font-size: 10pt\">Walter Motta<\/span><\/td>\n<td style=\"height: 24px\" width=\"311\"><span style=\"color: #000000;font-family: arial, helvetica, sans-serif;font-size: 10pt\">III Semin\u00e1rio de Ensino de F\u00edsica<\/span><\/td>\n<td style=\"text-align: center;height: 24px;vertical-align: middle\" width=\"89\"><span style=\"color: #000000;font-family: arial, helvetica, sans-serif;font-size: 10pt\">24h<\/span><\/td>\n<td style=\"height: 24px;text-align: center;vertical-align: middle\" width=\"142\"><span style=\"color: #000000;font-family: arial, helvetica, sans-serif;font-size: 10pt\">Participante<\/span><\/td>\n<\/tr>\n<tr style=\"height: 48px\">\n<td style=\"height: 48px;vertical-align: middle\" width=\"211\"><span style=\"color: #000000;font-family: arial, helvetica, sans-serif;font-size: 10pt\">Werner de Andrade Muller<\/span><\/td>\n<td style=\"height: 48px\" width=\"311\"><span style=\"color: #000000;font-family: arial, helvetica, sans-serif;font-size: 10pt\">Projeto de Ensino &#8220;Mini-curso Introdut\u00f3rio \u00e0 F\u00edsica de Part\u00edculas, Estado S\u00f3lido e Plasma&#8221;<\/span><\/td>\n<td style=\"text-align: center;height: 48px;vertical-align: middle\" width=\"89\"><span style=\"color: #000000;font-family: arial, helvetica, sans-serif;font-size: 10pt\">20h<\/span><\/td>\n<td style=\"height: 48px;text-align: center;vertical-align: middle\" width=\"142\"><span style=\"color: #000000;font-family: arial, helvetica, sans-serif;font-size: 10pt\">Participante<\/span><\/td>\n<\/tr>\n<tr style=\"height: 24px\">\n<td style=\"height: 24px;vertical-align: middle\" width=\"211\"><span style=\"color: #000000;font-family: arial, helvetica, sans-serif;font-size: 10pt\">William Drose<\/span><\/td>\n<td style=\"height: 24px\" width=\"311\"><span style=\"color: #000000;font-family: arial, helvetica, sans-serif;font-size: 10pt\">PIBID<\/span><\/td>\n<td style=\"text-align: center;height: 24px;vertical-align: middle\" width=\"89\"><span style=\"color: #000000;font-family: arial, helvetica, sans-serif;font-size: 10pt\">12h\/sem.<\/span><\/td>\n<td style=\"height: 24px;text-align: center;vertical-align: middle\" width=\"142\"><span style=\"color: #000000;font-family: arial, helvetica, sans-serif;font-size: 10pt\">Bolsista<\/span><\/td>\n<\/tr>\n<tr style=\"height: 48px\">\n<td style=\"height: 48px;vertical-align: middle\" width=\"211\"><span style=\"color: #000000;font-family: arial, helvetica, sans-serif;font-size: 10pt\">William Insaurriaga da Silva<\/span><\/td>\n<td style=\"height: 48px\" width=\"311\"><span style=\"color: #000000;font-family: arial, helvetica, sans-serif;font-size: 10pt\">Projeto de Ensino &#8220;T\u00d3PICOS DE F\u00cdSICA CONTEMPOR\u00c2NEA&#8221;<\/span><\/td>\n<td style=\"text-align: center;height: 48px;vertical-align: middle\" width=\"89\"><span style=\"color: #000000;font-family: arial, helvetica, sans-serif;font-size: 10pt\">05h<\/span><\/td>\n<td style=\"height: 48px;text-align: center;vertical-align: middle\" width=\"142\"><span style=\"color: #000000;font-family: arial, helvetica, sans-serif;font-size: 10pt\">Participante<\/span><\/td>\n<\/tr>\n<tr style=\"height: 24px\">\n<td style=\"height: 24px;vertical-align: middle\" width=\"211\"><span style=\"color: #000000;font-family: arial, helvetica, sans-serif;font-size: 10pt\">Willian Laerte Colvara<\/span><\/td>\n<td style=\"height: 24px\" width=\"311\"><span style=\"color: #000000;font-family: arial, helvetica, sans-serif;font-size: 10pt\">XI Semana Acad\u00eamica da F\u00edsica<\/span><\/td>\n<td style=\"text-align: center;height: 24px;vertical-align: middle\" width=\"89\"><span style=\"color: #000000;font-family: arial, helvetica, sans-serif;font-size: 10pt\">32h<\/span><\/td>\n<td style=\"height: 24px;text-align: center;vertical-align: middle\" width=\"142\"><span style=\"color: #000000;font-family: arial, helvetica, sans-serif;font-size: 10pt\">Participante<\/span><\/td>\n<\/tr>\n<tr style=\"height: 48px\">\n<td style=\"height: 48px;vertical-align: middle\" width=\"211\"><span style=\"color: #000000;font-family: arial, helvetica, sans-serif;font-size: 10pt\">Yoshihiro Yamasaki<\/span><\/td>\n<td style=\"height: 48px\" width=\"311\"><span style=\"color: #000000;font-family: arial, helvetica, sans-serif;font-size: 10pt\">XIV Semana Acad\u00eamica do Curso de Licenciatura em F\u00edsica<\/span><\/td>\n<td style=\"text-align: center;height: 48px;vertical-align: middle\" width=\"89\"><span style=\"color: #000000;font-family: arial, helvetica, sans-serif;font-size: 10pt\">02h<\/span><\/td>\n<td style=\"height: 48px;text-align: center;vertical-align: middle\" width=\"142\"><span style=\"color: #000000;font-family: arial, helvetica, sans-serif;font-size: 10pt\">Ministrante<\/span><\/td>\n<\/tr>\n<tr style=\"height: 48px\">\n<td style=\"height: 48px;vertical-align: middle\" width=\"211\"><span style=\"color: #000000;font-family: arial, helvetica, sans-serif;font-size: 10pt\">Yuri Escobar Gayer<\/span><\/td>\n<td style=\"height: 48px\" width=\"311\"><span style=\"color: #000000;font-family: arial, helvetica, sans-serif;font-size: 10pt\">XIII Semana Acad\u00eamica do Curso de Licenciatura em F\u00edsica<\/span><\/td>\n<td style=\"text-align: center;height: 48px;vertical-align: middle\" width=\"89\"><span style=\"color: #000000;font-family: arial, helvetica, sans-serif;font-size: 10pt\">40h<\/span><\/td>\n<td style=\"height: 48px;text-align: center;vertical-align: middle\" width=\"142\"><span style=\"color: #000000;font-family: arial, helvetica, sans-serif;font-size: 10pt\">Participante<\/span><\/td>\n<\/tr>\n<\/tbody>\n<\/table>\n<p><\/p>\n","protected":false},"excerpt":{"rendered":"<p>Certificados dispon\u00edveis na secretaria do Curso para retirada Aluno Certificado CH Condi\u00e7\u00e3o Adriane da Silva Porto III Semin\u00e1rio de Ensino de F\u00edsica 24h Participante Adriane Montierre Berneira Semana Acad\u00eamica do Curso de Licenciatura Plena em F\u00edsica 1998 40h Participante Adriane Schneider Falck Grupo PET-F\u00edsica Bolsista Adriane Schneider Falck Semana Acad\u00eamica do Curso de Licenciatura Plena [&hellip;]<\/p>\n","protected":false},"author":366,"featured_media":0,"parent":0,"menu_order":0,"comment_status":"closed","ping_status":"closed","template":"","meta":{"jetpack_post_was_ever_published":false,"footnotes":""},"class_list":["post-1686","page","type-page","status-publish","hentry"],"jetpack_sharing_enabled":true,"jetpack_shortlink":"https:\/\/wp.me\/P6RZnX-rc","_links":{"self":[{"href":"https:\/\/wp.ufpel.edu.br\/fisica-licenciatura\/wp-json\/wp\/v2\/pages\/1686","targetHints":{"allow":["GET"]}}],"collection":[{"href":"https:\/\/wp.ufpel.edu.br\/fisica-licenciatura\/wp-json\/wp\/v2\/pages"}],"about":[{"href":"https:\/\/wp.ufpel.edu.br\/fisica-licenciatura\/wp-json\/wp\/v2\/types\/page"}],"author":[{"embeddable":true,"href":"https:\/\/wp.ufpel.edu.br\/fisica-licenciatura\/wp-json\/wp\/v2\/users\/366"}],"replies":[{"embeddable":true,"href":"https:\/\/wp.ufpel.edu.br\/fisica-licenciatura\/wp-json\/wp\/v2\/comments?post=1686"}],"version-history":[{"count":5,"href":"https:\/\/wp.ufpel.edu.br\/fisica-licenciatura\/wp-json\/wp\/v2\/pages\/1686\/revisions"}],"predecessor-version":[{"id":1692,"href":"https:\/\/wp.ufpel.edu.br\/fisica-licenciatura\/wp-json\/wp\/v2\/pages\/1686\/revisions\/1692"}],"wp:attachment":[{"href":"https:\/\/wp.ufpel.edu.br\/fisica-licenciatura\/wp-json\/wp\/v2\/media?parent=1686"}],"curies":[{"name":"wp","href":"https:\/\/api.w.org\/{rel}","templated":true}]}}