{"id":90,"date":"2023-08-08T14:53:33","date_gmt":"2023-08-08T17:53:33","guid":{"rendered":"https:\/\/wp.ufpel.edu.br\/filosofia\/?page_id=90"},"modified":"2024-07-29T18:22:36","modified_gmt":"2024-07-29T21:22:36","slug":"bacharelado-em-filosofia","status":"publish","type":"page","link":"https:\/\/wp.ufpel.edu.br\/filosofia\/bacharelado-em-filosofia\/","title":{"rendered":"Bacharelado em Filosofia"},"content":{"rendered":"<p><img class=\"aligncenter wp-image-131\" src=\"https:\/\/wp.ufpel.edu.br\/filosofia\/files\/2024\/04\/Marca-horizontal-Graduacao-Filosofia-Bacharelado-01.png\" alt=\"\" width=\"288\" height=\"150\" srcset=\"https:\/\/wp.ufpel.edu.br\/filosofia\/files\/2024\/04\/Marca-horizontal-Graduacao-Filosofia-Bacharelado-01.png 430w, https:\/\/wp.ufpel.edu.br\/filosofia\/files\/2024\/04\/Marca-horizontal-Graduacao-Filosofia-Bacharelado-01-400x208.png 400w\" sizes=\"(max-width: 288px) 100vw, 288px\" \/><\/p>\n<strong class=\"collapseomatic \" id=\"id69ef8bdde6ce4\" rel=\"-highlander\" tabindex=\"0\" title=\"Funcionamento e Ingresso\"    >Funcionamento e Ingresso<\/strong><div id=\"target-id69ef8bdde6ce4\" class=\"collapseomatic_content \">\n<div class=\"ficha-label\"><strong>N\u00edvel\/Grau<\/strong>: Gradua\u00e7\u00e3o\/Bacharelado<\/div>\n<div class=\"ficha-label\"><strong>Modalidade<\/strong>: Presencial<\/div>\n<div class=\"ficha-label\"><strong>Turno de funcionamento<\/strong>: Noturno<br \/>\n<strong>Dura\u00e7\u00e3o do curso<\/strong>: 8 semestres<\/div>\n<div><\/div>\n<div>\n<table>\n<tbody>\n<tr>\n<th class=\"canto-vazio\">\n<div class=\"ficha-label\"><span style=\"font-size: 10pt;\"><a class=\"ref-rodape\" href=\"https:\/\/institucional.ufpel.edu.br\/cursos\/cod\/2010#notas\">VAGAS E FORMAS DE INGRESSO (**)<\/a><\/span><\/div>\n<\/th>\n<th><span style=\"font-size: 10pt;\">A0<\/span><\/th>\n<th><span style=\"font-size: 10pt;\">L1<\/span><\/th>\n<th><span style=\"font-size: 10pt;\">L2<\/span><\/th>\n<th><span style=\"font-size: 10pt;\">L5<\/span><\/th>\n<th><span style=\"font-size: 10pt;\">L6<\/span><\/th>\n<th><span style=\"font-size: 10pt;\">L9<\/span><\/th>\n<th><span style=\"font-size: 10pt;\">L10<\/span><\/th>\n<th><span style=\"font-size: 10pt;\">L13<\/span><\/th>\n<th><span style=\"font-size: 10pt;\">L14<\/span><\/th>\n<th><span style=\"font-size: 10pt;\">L30<\/span><\/th>\n<th><span style=\"font-size: 10pt;\">Total<\/span><\/th>\n<\/tr>\n<tr>\n<td><span style=\"font-size: 10pt;\">PAVE 2023\/1<\/span><\/td>\n<td class=\"alinha-direita\"><span style=\"font-size: 10pt;\">1<\/span><\/td>\n<td class=\"alinha-direita\"><span style=\"font-size: 10pt;\">1<\/span><\/td>\n<td class=\"alinha-direita\"><span style=\"font-size: 10pt;\">1<\/span><\/td>\n<td class=\"alinha-direita\"><span style=\"font-size: 10pt;\">1<\/span><\/td>\n<td class=\"alinha-direita\"><span style=\"font-size: 10pt;\">1<\/span><\/td>\n<td class=\"alinha-direita\"><span style=\"font-size: 10pt;\">1<\/span><\/td>\n<td class=\"alinha-direita\"><span style=\"font-size: 10pt;\">1<\/span><\/td>\n<td class=\"alinha-direita\"><span style=\"font-size: 10pt;\">1<\/span><\/td>\n<td class=\"alinha-direita\"><span style=\"font-size: 10pt;\">1<\/span><\/td>\n<td class=\"alinha-direita\"><\/td>\n<td class=\"alinha-direita\"><span style=\"font-size: 10pt;\">9<\/span><\/td>\n<\/tr>\n<tr>\n<td><span style=\"font-size: 10pt;\">SISU 2023\/1<\/span><\/td>\n<td class=\"alinha-direita\"><span style=\"font-size: 10pt;\">13<\/span><\/td>\n<td class=\"alinha-direita\"><span style=\"font-size: 10pt;\">2<\/span><\/td>\n<td class=\"alinha-direita\"><span style=\"font-size: 10pt;\">3<\/span><\/td>\n<td class=\"alinha-direita\"><span style=\"font-size: 10pt;\">2<\/span><\/td>\n<td class=\"alinha-direita\"><span style=\"font-size: 10pt;\">3<\/span><\/td>\n<td class=\"alinha-direita\"><span style=\"font-size: 10pt;\">1<\/span><\/td>\n<td class=\"alinha-direita\"><span style=\"font-size: 10pt;\">1<\/span><\/td>\n<td class=\"alinha-direita\"><span style=\"font-size: 10pt;\">1<\/span><\/td>\n<td class=\"alinha-direita\"><span style=\"font-size: 10pt;\">1<\/span><\/td>\n<td class=\"alinha-direita\"><\/td>\n<td class=\"alinha-direita\"><span style=\"font-size: 10pt;\">27<\/span><\/td>\n<\/tr>\n<\/tbody>\n<\/table>\n<\/div>\n<\/div>\n<strong class=\"collapseomatic \" id=\"id69ef8bdde6d84\" rel=\"-highlander\" tabindex=\"0\" title=\"Contextualiza\u00e7\u00e3o\"    >Contextualiza\u00e7\u00e3o<\/strong><div id=\"target-id69ef8bdde6d84\" class=\"collapseomatic_content \">\n<p>O Curso de Filosofia \u2013 inicialmente Licenciatura \u2018Plena\u2019 em Filosofia \u2013 foi criado em agosto de 1984, come\u00e7ando a funcionar em mar\u00e7o de 1985, com uma matr\u00edcula de 40 alunos e dura\u00e7\u00e3o do curso prevista para oito semestres.<br \/>\nA cria\u00e7\u00e3o do Curso de Filosofia articulou-se ao fato de que a UFPel apresentava uma diversidade de cursos de gradua\u00e7\u00e3o, todos eles inseridos no \u00e2mbito comunit\u00e1rio, contribuindo de maneira decisiva para o desenvolvimento s\u00f3cio-econ\u00f4mico-cultural da regi\u00e3o. Com o Curso de Filosofia visava-se proporcionar uma concep\u00e7\u00e3o unit\u00e1ria e articulada do saber, para promover uma compreens\u00e3o mais profunda da problem\u00e1tica do Homem e de sua inser\u00e7\u00e3o na realidade hist\u00f3rica.<br \/>\nA cria\u00e7\u00e3o do\u00a0<strong>Curso de Bacharelado<\/strong>\u00a0em Filosofia, com vig\u00eancia a partir do primeiro semestre de 2006, veio refor\u00e7ar as metas acima mencionadas. O objetivo principal do curso sempre foi formar pesquisadores de filosofia, capacitados a enfrentar com sucesso os desafios de sua futura vida profissional. Visa-se, com isso, a uma atitude investigativa e cr\u00edtica, atrav\u00e9s do desenvolvimento da capacidade de compreender, analisar e interpretar as principais quest\u00f5es filos\u00f3ficas.<br \/>\nCom as transforma\u00e7\u00f5es ocorridas nos \u00faltimos anos no Brasil e no mundo, fez-se necess\u00e1rio construir um novo projeto pedag\u00f3gico e uma nova matriz curricular, que permitam uma interven\u00e7\u00e3o e uma reflex\u00e3o cr\u00edtica sobre a realidade cultural em que a universidade, os alunos e os professores est\u00e3o inseridos, no caso, no \u00e2mbito do Bacharelado em Filosofia. Apesar de na \u00faltima avalia\u00e7\u00e3o do ENADE, tanto a nota do Curso, quanto seu CPC tenha sido quatro (4), quer-se sempre melhorar e aprimorar as rela\u00e7\u00f5es de ensino e aprendizagem voltadas a excel\u00eancia, sobretudo, na pesquisa na \u00e1rea de Filosofia.\u00a0 Tamb\u00e9m, faz-se necess\u00e1rio relembrar, aqui, o empenho do Curso de Filosofia em participar da elabora\u00e7\u00e3o e implanta\u00e7\u00e3o do PAVE \u2013 Programa de Avalia\u00e7\u00e3o da Vida Escolar (CES-UFPel), no qual a filosofia pode contribuir para a constru\u00e7\u00e3o de conhecimentos significativos e para a reflex\u00e3o acerca das quest\u00f5es \u00e9ticas de nossa \u00e9poca.<br \/>\nEm conson\u00e2ncia com os eixos norteadores do Projeto Pedag\u00f3gico da UFPel, e com o Parecer CNE\/CES 492\/2001, o qual instituiu as Diretrizes Curriculares Nacionais para o Curso de Filosofia, o Projeto Pedag\u00f3gico do Curso de Bacharelado em Filosofia tem como princ\u00edpios:<\/p>\n<ul>\n<li>O compromisso do curso com os interesses coletivos, com a promo\u00e7\u00e3o integral da cidadania e com o respeito \u00e0 pessoa, na tradi\u00e7\u00e3o de defesa e fomento dos direitos humanos;<\/li>\n<li>A indissociabilidade entre ensino, pesquisa e extens\u00e3o, em que a produ\u00e7\u00e3o do conhecimento esteja ligada ao agir aut\u00f4nomo e pol\u00edtico;<\/li>\n<li>Integra\u00e7\u00e3o entre o ensino de gradua\u00e7\u00e3o e p\u00f3s-gradua\u00e7\u00e3o. O Programa de P\u00f3s-gradua\u00e7\u00e3o em Filosofia, em funcionamento desde o ano de 2008, tem como \u00e1rea de concentra\u00e7\u00e3o \u00c9tica e Filosofia Pol\u00edtica e, por meio das atividades de ensino, pesquisa e extens\u00e3o oferece aos discentes possibilidades de integra\u00e7\u00e3o das mesmas com sua forma\u00e7\u00e3o na gradua\u00e7\u00e3o, tanto em n\u00edvel de MESTRADO, quanto de DOUTORADO, aprovado pela CAPES,\u00a0 e que inicia suas turmas em 2015\/1.<\/li>\n<li>O car\u00e1ter multidirecional e interativo do processo de ensino e aprendizagem, possibilitando o desenvolvimento das pr\u00e1ticas de investiga\u00e7\u00e3o, o acolhimento da diversidade e o exerc\u00edcio de atividades de enriquecimento cultural;<\/li>\n<li>A compreens\u00e3o da figura do professor\/pesquisador como fundamental na aplica\u00e7\u00e3o de metodologias e de recursos inovadores na rela\u00e7\u00e3o de ensino e aprendizagem, inclusive das novas tecnologias de informa\u00e7\u00e3o e de comunica\u00e7\u00e3o.<\/div><\/li>\n<\/ul>\n<strong class=\"collapseomatic \" id=\"id69ef8bdde6db3\" rel=\"-highlander\" tabindex=\"0\" title=\"Objetivos\"    >Objetivos<\/strong><div id=\"target-id69ef8bdde6db3\" class=\"collapseomatic_content \">\n<p>O objetivo principal do curso \u00e9 formar pesquisadores na \u00e1rea de filosofia, capacitados a enfrentar com sucesso os desafios de sua futura vida profissional. Visa-se, com isso, o desenvolvimento da capacidade de compreender, analisar e interpretar as principais quest\u00f5es filos\u00f3ficas, no \u00e2mbito intelectual que caracteriza a forma\u00e7\u00e3o na \u00e1rea, e poder discutir, tamb\u00e9m, aspectos da realidade a partir delas.<br \/>\nEspecificamente o cursos visa:<br \/>\n&#8211; Propiciar conhecimento te\u00f3rico geral sobre a Filosofia, sua hist\u00f3ria, per\u00edodos principais, escolas, tend\u00eancias e respectivos expoentes (conhecer sobre filosofia);<br \/>\n&#8211; Caracterizar e aprofundar o conhecimento em torno dos problemas filos\u00f3ficos fundamentais, pertencentes ao mundo pr\u00e1tico e cotidiano e as perspectivas poss\u00edveis de interpreta\u00e7\u00e3o (capacidade de aplicar a metodologia filos\u00f3fica aos mais diversos temas);<br \/>\n&#8211; Capacitar o formando atrav\u00e9s dos conhecimentos metodol\u00f3gicos a atuar como pesquisador na \u00e1rea da filosofia;<br \/>\n&#8211; Contribuir para a capacita\u00e7\u00e3o na leitura de textos em l\u00edngua estrangeira, compat\u00edveis com as escolas principais da Filosofia. <\/div>\n<strong class=\"collapseomatic \" id=\"id69ef8bdde6ddb\" rel=\"-highlander\" tabindex=\"0\" title=\"Perfil do Egresso\"    >Perfil do Egresso<\/strong><div id=\"target-id69ef8bdde6ddb\" class=\"collapseomatic_content \">\n<p>O aluno de Bacharelado em Filosofia, na perspectiva de seus formadores, os professores do Departamento de Filosofia da UFpel, dever\u00e1 obter uma s\u00f3lida forma\u00e7\u00e3o de Hist\u00f3ria da Filosofia, que lhe possibilite desenvolver a capacidade de compreender, analisar e interpretar os principais temas, quest\u00f5es e sistemas filos\u00f3ficos, e de refletir criticamente acerca da realidade sociocultural em que se insere.<br \/>\nO egresso dever\u00e1 desenvolver com compet\u00eancia a pesquisa filos\u00f3fica, a partir do rigor da an\u00e1lise e da interpreta\u00e7\u00e3o dos textos filos\u00f3ficos relevantes, e ter a\u00a0 capacidade de refletir sobre a pr\u00f3pria pr\u00e1tica investigativa, podendo e devendo contribuir n\u00e3o apenas em sua pr\u00f3pria \u00e1rea de atua\u00e7\u00e3o, mas, tamb\u00e9m, no debate trans e interdisciplinar com as demais \u00e1reas do conhecimento com as quais a Filosofia dialoga.O aluno de Bacharelado em Filosofia, na perspectiva de seus formadores, os professores do Departamento de Filosofia da UFpel, dever\u00e1 obter uma s\u00f3lida forma\u00e7\u00e3o de Hist\u00f3ria da Filosofia, que lhe possibilite desenvolver a capacidade de compreender, analisar e interpretar os principais temas, quest\u00f5es e sistemas filos\u00f3ficos, e de refletir criticamente acerca da realidade sociocultural em que se insere.<br \/>\nO egresso dever\u00e1 desenvolver com compet\u00eancia a pesquisa filos\u00f3fica, a partir do rigor da an\u00e1lise e da interpreta\u00e7\u00e3o dos textos filos\u00f3ficos relevantes, e ter a\u00a0 capacidade de refletir sobre a pr\u00f3pria pr\u00e1tica investigativa, podendo e devendo contribuir n\u00e3o apenas em sua pr\u00f3pria \u00e1rea de atua\u00e7\u00e3o, mas, tamb\u00e9m, no debate trans e interdisciplinar com as demais \u00e1reas do conhecimento com as quais a Filosofia dialoga.\u00a0<\/div>\n<strong class=\"collapseomatic \" id=\"id69ef8bdde6dfe\" rel=\"-highlander\" tabindex=\"0\" title=\"Compet\u00eancias e habilidades\"    >Compet\u00eancias e habilidades<\/strong><div id=\"target-id69ef8bdde6dfe\" class=\"collapseomatic_content \">\n<p>Pretende-se que os bachar\u00e9is em Filosofia, uma vez formados, possam agregar as seguintes habilidades e compet\u00eancias:<br \/>\n&#8211; Capacidade para desenvolver a an\u00e1lise, interpreta\u00e7\u00e3o e coment\u00e1rio dos principais textos filos\u00f3ficos, com o rigor e a clareza da metodologia da pesquisa filos\u00f3fica;<br \/>\n&#8211; Desenvolvimento da capacidade de formular problemas filos\u00f3ficos e de buscar respostas a eles nas diversas \u00e1reas da Filosofia, mantendo aberto o di\u00e1logo com as diversas tend\u00eancias filos\u00f3ficas atuais;<br \/>\n&#8211; Capacita\u00e7\u00e3o para estabelecer o di\u00e1logo entre as diversas correntes filos\u00f3ficas;<br \/>\n&#8211; Capacidade de articula\u00e7\u00e3o das quest\u00f5es filos\u00f3ficas com as diferentes esferas da ci\u00eancia, da arte, da pol\u00edtica e da cultura;<br \/>\n&#8211; Capacidade de integrar a reflex\u00e3o e a\u00a0<em>praxis<\/em>\u00a0filos\u00f3fica com o fomento da cidadania, da \u00e9tica e dos direitos humanos;<br \/>\n&#8211; Reconhecimento da import\u00e2ncia das quest\u00f5es acerca do sentido da exist\u00eancia humana e do enraizamento da filosofia no meio social, hist\u00f3rico e cultural.\u00a0<\/div>\n<strong class=\"collapseomatic \" id=\"id69ef8bdde6e1e\" rel=\"-highlander\" tabindex=\"0\" title=\"Organiza\u00e7\u00e3o Curricular\"    >Organiza\u00e7\u00e3o Curricular<\/strong><div id=\"target-id69ef8bdde6e1e\" class=\"collapseomatic_content \">\n<p>A forma\u00e7\u00e3o proporcionada pelo Curso de Bacharelado em Filosofia abranger\u00e1 tr\u00eas dimens\u00f5es:<br \/>\na) forma\u00e7\u00e3o espec\u00edfica;<br \/>\nb) forma\u00e7\u00e3o complementar e;<br \/>\nc) forma\u00e7\u00e3o livre.\u00a0<\/div>\n<strong class=\"collapseomatic \" id=\"id69ef8bdde6e3f\" rel=\"-highlander\" tabindex=\"0\" title=\"Integra\u00e7\u00e3o com a Pesquisa e a P\u00f3s-Gradua\u00e7\u00e3o\"    >Integra\u00e7\u00e3o com a Pesquisa e a P\u00f3s-Gradua\u00e7\u00e3o<\/strong><div id=\"target-id69ef8bdde6e3f\" class=\"collapseomatic_content \">\n<p>Integra\u00e7\u00e3o entre o ensino de gradua\u00e7\u00e3o e p\u00f3s-gradua\u00e7\u00e3o. O Programa de P\u00f3s-gradua\u00e7\u00e3o em Filosofia, em funcionamento desde o ano de 2008, tem como \u00e1rea de concentra\u00e7\u00e3o \u00c9tica e Filosofia Pol\u00edtica e, por meio das atividades de ensino, pesquisa e extens\u00e3o oferece aos discentes possibilidades de integra\u00e7\u00e3o das mesmas com sua forma\u00e7\u00e3o na gradua\u00e7\u00e3o, tanto em n\u00edvel de MESTRADO, quanto de DOUTORADO, aprovado pela CAPES,\u00a0 e que inicia suas turmas em 2015\/1.\u00a0\u00a0<\/div>\n<strong class=\"collapseomatic \" id=\"id69ef8bdde6e5f\" rel=\"-highlander\" tabindex=\"0\" title=\"Matriz Curricular\"    >Matriz Curricular<\/strong><div id=\"target-id69ef8bdde6e5f\" class=\"collapseomatic_content \">\n<table class=\"dados-cobalto tabela-disciplinas\"><tr><th colspan=\"5\" class=\"tabela-quebra\">1\u00ba Semestre<\/th><\/tr><tr><th>C\u00f3digo<\/th><th>Disciplina \/ Pr\u00e9-requisitos<\/th><th>Car\u00e1ter<\/th><th>Cr.<\/th><th>Horas<\/th><\/tr><tr><td>06730322<\/td><td><a href=\"https:\/\/institucional.ufpel.edu.br\/disciplinas\/id\/45574\">AN\u00c1LISE E REDA\u00c7\u00c3O DE TEXTOS FILOS\u00d3FICOS<\/a><\/td><td>Obrigat\u00f3ria<\/td><td>7<\/td><td>105<\/td><\/tr><tr><td>06560037<\/td><td><a href=\"https:\/\/institucional.ufpel.edu.br\/disciplinas\/id\/31001\">FUNDAMENTOS DE SOCIOLOGIA<\/a><\/td><td>Obrigat\u00f3ria<\/td><td>4<\/td><td>60<\/td><\/tr><tr><td>06730346<\/td><td><a href=\"https:\/\/institucional.ufpel.edu.br\/disciplinas\/id\/51695\">HIST\u00d3RIA DA FILOSOFIA ANTIGA<\/a><\/td><td>Obrigat\u00f3ria<\/td><td>6<\/td><td>90<\/td><\/tr><tr><td>06730003<\/td><td><a href=\"https:\/\/institucional.ufpel.edu.br\/disciplinas\/id\/29584\">INTRODU\u00c7\u00c3O \u00c0 FILOSOFIA<\/a><\/td><td>Obrigat\u00f3ria<\/td><td>4<\/td><td>60<\/td><\/tr><tr><th colspan=\"5\" class=\"tabela-quebra\">2\u00ba Semestre<\/th><\/tr><tr><th>C\u00f3digo<\/th><th>Disciplina \/ Pr\u00e9-requisitos<\/th><th>Car\u00e1ter<\/th><th>Cr.<\/th><th>Horas<\/th><\/tr><tr><td>06730347<\/td><td><a href=\"https:\/\/institucional.ufpel.edu.br\/disciplinas\/id\/51696\">EPISTEMOLOGIA E SOCIEDADE<\/a><\/td><td>Obrigat\u00f3ria<\/td><td>4<\/td><td>60<\/td><\/tr><tr><td>06730138<\/td><td><a href=\"https:\/\/institucional.ufpel.edu.br\/disciplinas\/id\/29719\">HIST\u00d3RIA DA FILOSOFIA MEDIEVAL<\/a><\/td><td>Obrigat\u00f3ria<\/td><td>6<\/td><td>90<\/td><\/tr><tr><td>06730002<\/td><td><a href=\"https:\/\/institucional.ufpel.edu.br\/disciplinas\/id\/29583\">L\u00d3GICA I<\/a><\/td><td>Obrigat\u00f3ria<\/td><td>4<\/td><td>60<\/td><\/tr><tr><td>06730048<\/td><td><a href=\"https:\/\/institucional.ufpel.edu.br\/disciplinas\/id\/29629\">SEMIN\u00c1RIO DE FILOSOFIA ANTIGA<\/a><\/td><td>Obrigat\u00f3ria<\/td><td>4<\/td><td>60<\/td><\/tr><tr><th colspan=\"5\" class=\"tabela-quebra\">3\u00ba Semestre<\/th><\/tr><tr><th>C\u00f3digo<\/th><th>Disciplina \/ Pr\u00e9-requisitos<\/th><th>Car\u00e1ter<\/th><th>Cr.<\/th><th>Horas<\/th><\/tr><tr><td>06730057<\/td><td><a href=\"https:\/\/institucional.ufpel.edu.br\/disciplinas\/id\/29638\">FILOSOFIA DA RELIGI\u00c3O<\/a><\/td><td>Obrigat\u00f3ria<\/td><td>4<\/td><td>60<\/td><\/tr><tr><td>06730055<\/td><td><a href=\"https:\/\/institucional.ufpel.edu.br\/disciplinas\/id\/29636\">HIST\u00d3RIA DA FILOSOFIA MODERNA<\/a><\/td><td>Obrigat\u00f3ria<\/td><td>6<\/td><td>90<\/td><\/tr><tr><td>06730005<\/td><td><a href=\"https:\/\/institucional.ufpel.edu.br\/disciplinas\/id\/29586\">L\u00d3GICA II<\/a><div class=\"tabela-detalhe-info\">06730002 - L\u00d3GICA I<\/div><\/td><td>Obrigat\u00f3ria<\/td><td>4<\/td><td>60<\/td><\/tr><tr><td>06730056<\/td><td><a href=\"https:\/\/institucional.ufpel.edu.br\/disciplinas\/id\/29637\">SEMIN\u00c1RIO DE FILOSOFIA MEDIEVAL<\/a><\/td><td>Obrigat\u00f3ria<\/td><td>4<\/td><td>60<\/td><\/tr><tr><th colspan=\"5\" class=\"tabela-quebra\">4\u00ba Semestre<\/th><\/tr><tr><th>C\u00f3digo<\/th><th>Disciplina \/ Pr\u00e9-requisitos<\/th><th>Car\u00e1ter<\/th><th>Cr.<\/th><th>Horas<\/th><\/tr><tr><td>06730348<\/td><td><a href=\"https:\/\/institucional.ufpel.edu.br\/disciplinas\/id\/51697\">FILOSOFIA E TECNOLOGIA<\/a><\/td><td>Obrigat\u00f3ria<\/td><td>4<\/td><td>60<\/td><\/tr><tr><td>06730088<\/td><td><a href=\"https:\/\/institucional.ufpel.edu.br\/disciplinas\/id\/29669\">HIST\u00d3RIA DA FILOSOFIA MODERNA E CONTEMPOR\u00c2NEA<\/a><\/td><td>Obrigat\u00f3ria<\/td><td>6<\/td><td>90<\/td><\/tr><tr><td>06730090<\/td><td><a href=\"https:\/\/institucional.ufpel.edu.br\/disciplinas\/id\/29671\">SEMIN\u00c1RIO DE FILOSOFIA MODERNA<\/a><\/td><td>Obrigat\u00f3ria<\/td><td>4<\/td><td>60<\/td><\/tr><tr><td>06730007<\/td><td><a href=\"https:\/\/institucional.ufpel.edu.br\/disciplinas\/id\/29588\">TEORIA DO CONHECIMENTO I<\/a><\/td><td>Obrigat\u00f3ria<\/td><td>4<\/td><td>60<\/td><\/tr><tr><th colspan=\"5\" class=\"tabela-quebra\">5\u00ba Semestre<\/th><\/tr><tr><th>C\u00f3digo<\/th><th>Disciplina \/ Pr\u00e9-requisitos<\/th><th>Car\u00e1ter<\/th><th>Cr.<\/th><th>Horas<\/th><\/tr><tr><td>06730037<\/td><td><a href=\"https:\/\/institucional.ufpel.edu.br\/disciplinas\/id\/29618\">FILOSOFIA DA CI\u00caNCIA<\/a><\/td><td>Obrigat\u00f3ria<\/td><td>4<\/td><td>60<\/td><\/tr><tr><td>06730091<\/td><td><a href=\"https:\/\/institucional.ufpel.edu.br\/disciplinas\/id\/29672\">HIST\u00d3RIA DA FILOSOFIA CONTEMPOR\u00c2NEA<\/a><\/td><td>Obrigat\u00f3ria<\/td><td>6<\/td><td>90<\/td><\/tr><tr><td>20000084<\/td><td><a href=\"https:\/\/institucional.ufpel.edu.br\/disciplinas\/id\/28026\">L\u00cdNGUA BRASILEIRA DE SINAIS I ( LIBRAS I )<\/a><\/td><td>Obrigat\u00f3ria<\/td><td>4<\/td><td>60<\/td><\/tr><tr><td>06730093<\/td><td><a href=\"https:\/\/institucional.ufpel.edu.br\/disciplinas\/id\/29674\">SEMIN\u00c1RIO DE FILOSOFIA CONTEMPOR\u00c2NEA<\/a><\/td><td>Obrigat\u00f3ria<\/td><td>4<\/td><td>60<\/td><\/tr><tr><td>06730009<\/td><td><a href=\"https:\/\/institucional.ufpel.edu.br\/disciplinas\/id\/29590\">TEORIA DO CONHECIMENTO II<\/a><\/td><td>Obrigat\u00f3ria<\/td><td>4<\/td><td>60<\/td><\/tr><tr><th colspan=\"5\" class=\"tabela-quebra\">6\u00ba Semestre<\/th><\/tr><tr><th>C\u00f3digo<\/th><th>Disciplina \/ Pr\u00e9-requisitos<\/th><th>Car\u00e1ter<\/th><th>Cr.<\/th><th>Horas<\/th><\/tr><tr><td>06730010<\/td><td><a href=\"https:\/\/institucional.ufpel.edu.br\/disciplinas\/id\/29591\">\u00c9TICA I<\/a><\/td><td>Obrigat\u00f3ria<\/td><td>4<\/td><td>60<\/td><\/tr><tr><td>06730020<\/td><td><a href=\"https:\/\/institucional.ufpel.edu.br\/disciplinas\/id\/29601\">FILOSOFIA DA LINGUAGEM<\/a><\/td><td>Obrigat\u00f3ria<\/td><td>4<\/td><td>60<\/td><\/tr><tr><td>06730349<\/td><td><a href=\"https:\/\/institucional.ufpel.edu.br\/disciplinas\/id\/51699\">FILOSOFIA DA MENTE<\/a><\/td><td>Obrigat\u00f3ria<\/td><td>2<\/td><td>30<\/td><\/tr><tr><td>06730014<\/td><td><a href=\"https:\/\/institucional.ufpel.edu.br\/disciplinas\/id\/29595\">FILOSOFIA GERAL: PROBLEMAS METAF\u00cdSICOS<\/a><\/td><td>Obrigat\u00f3ria<\/td><td>4<\/td><td>60<\/td><\/tr><tr><td>06730064<\/td><td><a href=\"https:\/\/institucional.ufpel.edu.br\/disciplinas\/id\/29645\">FILOSOFIA POL\u00cdTICA I<\/a><\/td><td>Obrigat\u00f3ria<\/td><td>4<\/td><td>60<\/td><\/tr><tr><th colspan=\"5\" class=\"tabela-quebra\">7\u00ba Semestre<\/th><\/tr><tr><th>C\u00f3digo<\/th><th>Disciplina \/ Pr\u00e9-requisitos<\/th><th>Car\u00e1ter<\/th><th>Cr.<\/th><th>Horas<\/th><\/tr><tr><td>06730351<\/td><td><a href=\"https:\/\/institucional.ufpel.edu.br\/disciplinas\/id\/51701\">BIO\u00c9TICA E DIREITOS HUMANOS<\/a><\/td><td>Obrigat\u00f3ria<\/td><td>4<\/td><td>60<\/td><\/tr><tr><td>06730011<\/td><td><a href=\"https:\/\/institucional.ufpel.edu.br\/disciplinas\/id\/29592\">\u00c9TICA II<\/a><\/td><td>Obrigat\u00f3ria<\/td><td>4<\/td><td>60<\/td><\/tr><tr><td>06730141<\/td><td><a href=\"https:\/\/institucional.ufpel.edu.br\/disciplinas\/id\/29722\">FILOSOFIA POL\u00cdTICA II<\/a><\/td><td>Obrigat\u00f3ria<\/td><td>4<\/td><td>60<\/td><\/tr><tr><td>06730350<\/td><td><a href=\"https:\/\/institucional.ufpel.edu.br\/disciplinas\/id\/51700\">TRABALHO DE CONCLUS\u00c3O I<\/a><\/td><td>Obrigat\u00f3ria<\/td><td>4<\/td><td>60<\/td><\/tr><tr><th colspan=\"5\" class=\"tabela-quebra\">8\u00ba Semestre<\/th><\/tr><tr><th>C\u00f3digo<\/th><th>Disciplina \/ Pr\u00e9-requisitos<\/th><th>Car\u00e1ter<\/th><th>Cr.<\/th><th>Horas<\/th><\/tr><tr><td>06730039<\/td><td><a href=\"https:\/\/institucional.ufpel.edu.br\/disciplinas\/id\/29620\">EST\u00c9TICA<\/a><\/td><td>Obrigat\u00f3ria<\/td><td>4<\/td><td>60<\/td><\/tr><tr><td>06730352<\/td><td><a href=\"https:\/\/institucional.ufpel.edu.br\/disciplinas\/id\/51702\">\u00c9TICA III<\/a><\/td><td>Obrigat\u00f3ria<\/td><td>4<\/td><td>60<\/td><\/tr><tr><td>06730331<\/td><td><a href=\"https:\/\/institucional.ufpel.edu.br\/disciplinas\/id\/45583\">FILOSOFIA, CULTURA E SUSTENTABILIDADE<\/a><\/td><td>Obrigat\u00f3ria<\/td><td>6<\/td><td>90<\/td><\/tr><tr><td>06730353<\/td><td><a href=\"https:\/\/institucional.ufpel.edu.br\/disciplinas\/id\/51703\">TRABALHO DE CONCLUS\u00c3O II<\/a><\/td><td>Obrigat\u00f3ria<\/td><td>2<\/td><td>30<\/td><\/tr><tr><th colspan=\"5\" class=\"tabela-quebra\">COMPLEMENTARES<\/th><\/tr><tr><th>C\u00f3digo<\/th><th>Disciplina \/ Pr\u00e9-requisitos<\/th><th>Car\u00e1ter<\/th><th>Cr.<\/th><th>Horas<\/th><\/tr><tr><td>06730344<\/td><td><a href=\"https:\/\/institucional.ufpel.edu.br\/disciplinas\/id\/46570\">ATIVIDADES COMPLEMENTARES<\/a><\/td><td>Atividade complementar<\/td><td><\/td><td>210<\/td><\/tr><tr><th colspan=\"5\" class=\"tabela-quebra\">OPTATIVAS<\/th><\/tr><tr><th>C\u00f3digo<\/th><th>Disciplina \/ Pr\u00e9-requisitos<\/th><th>Car\u00e1ter<\/th><th>Cr.<\/th><th>Horas<\/th><\/tr><tr><td>20000904<\/td><td><a href=\"https:\/\/institucional.ufpel.edu.br\/disciplinas\/id\/51705\">L\u00cdNGUA ESTRANGEIRA INSTRUMENTAL - ESPANHOL<\/a><\/td><td>Optativa<\/td><td>2<\/td><td>30<\/td><\/tr><tr><td>20000024<\/td><td><a href=\"https:\/\/institucional.ufpel.edu.br\/disciplinas\/id\/27966\">L\u00cdNGUA ESTRANGEIRA INSTRUMENTAL - FRANC\u00caS<\/a><\/td><td>Optativa<\/td><td>4<\/td><td>60<\/td><\/tr><tr><td>20000031<\/td><td><a href=\"https:\/\/institucional.ufpel.edu.br\/disciplinas\/id\/27973\">L\u00cdNGUA ESTRANGEIRA INSTRUMENTAL I - INGL\u00caS <\/a><\/td><td>Optativa<\/td><td>4<\/td><td>60<\/td><\/tr><tr><td>06730255<\/td><td><a href=\"https:\/\/institucional.ufpel.edu.br\/disciplinas\/id\/29836\">SEMIN\u00c1RIO DE EST\u00c9TICA<\/a><\/td><td>Optativa<\/td><td>4<\/td><td>60<\/td><\/tr><tr><td>06730206<\/td><td><a href=\"https:\/\/institucional.ufpel.edu.br\/disciplinas\/id\/29787\">SEMIN\u00c1RIO DE \u00c9TICA<\/a><\/td><td>Optativa<\/td><td>4<\/td><td>60<\/td><\/tr><tr><td>06730247<\/td><td><a href=\"https:\/\/institucional.ufpel.edu.br\/disciplinas\/id\/29828\">SEMIN\u00c1RIO DE FILOSOFIA DA CI\u00caNCIA<\/a><\/td><td>Optativa<\/td><td>4<\/td><td>60<\/td><\/tr><tr><td>06730154<\/td><td><a href=\"https:\/\/institucional.ufpel.edu.br\/disciplinas\/id\/29735\">SEMIN\u00c1RIO DE FILOSOFIA DA LINGUAGEM<\/a><\/td><td>Optativa<\/td><td>4<\/td><td>60<\/td><\/tr><tr><td>06730173<\/td><td><a href=\"https:\/\/institucional.ufpel.edu.br\/disciplinas\/id\/29754\">SEMIN\u00c1RIO DE FILOSOFIA DA RELIGI\u00c3O<\/a><\/td><td>Optativa<\/td><td>4<\/td><td>60<\/td><\/tr><tr><td>06730060<\/td><td><a href=\"https:\/\/institucional.ufpel.edu.br\/disciplinas\/id\/29641\">SEMIN\u00c1RIO DE FILOSOFIA E EDUCA\u00c7\u00c3O <\/a><\/td><td>Optativa<\/td><td>4<\/td><td>60<\/td><\/tr><tr><td>06730059<\/td><td><a href=\"https:\/\/institucional.ufpel.edu.br\/disciplinas\/id\/29640\">SEMIN\u00c1RIO DE FILOSOFIA POL\u00cdTICA<\/a><\/td><td>Optativa<\/td><td>4<\/td><td>60<\/td><\/tr><tr><td>06730179<\/td><td><a href=\"https:\/\/institucional.ufpel.edu.br\/disciplinas\/id\/29760\">SEMIN\u00c1RIO DE TEMAS DE FILOSOFIA GERAL<\/a><\/td><td>Optativa<\/td><td>4<\/td><td>60<\/td><\/tr><tr><td>06730354<\/td><td><a href=\"https:\/\/institucional.ufpel.edu.br\/disciplinas\/id\/51704\">TECNOLOGIAS DE INFORMA\u00c7\u00c3O E COMUNICA\u00c7\u00c3O<\/a><\/td><td>Optativa<\/td><td>2<\/td><td>30<\/td><\/tr><\/table>\n<\/div>\n<strong class=\"collapseomatic \" id=\"id69ef8bde1bace\" rel=\"-highlander\" tabindex=\"0\" title=\"Coordena\u00e7\u00e3o\"    >Coordena\u00e7\u00e3o<\/strong><div id=\"target-id69ef8bde1bace\" class=\"collapseomatic_content \">\n<ul class=\"dados-cobalto cobalto-chefias-unidade\"><li><span class=\"cobalto-label\">Coordenador de Curso de Gradua\u00e7\u00e3o<\/span><a href=\"https:\/\/institucional.ufpel.edu.br\/servidores\/id\/28973\" target=\"_blank\">EDUARDO FERREIRA DAS NEVES FILHO<\/a><\/li><\/ul>\n<\/div>\n<strong class=\"collapseomatic \" id=\"id69ef8bde3dcce\" rel=\"-highlander\" tabindex=\"0\" title=\"Colegiado e NDE\"    >Colegiado e NDE<\/strong><div id=\"target-id69ef8bde3dcce\" class=\"collapseomatic_content \">\n<p><a href=\"https:\/\/wp.ufpel.edu.br\/ifisp\/files\/2023\/08\/SEI_UFPel-2285283-Portaria-Interna-Colegiado-Filosofia.pdf\">SEI_UFPel &#8211; 2285283 &#8211; Portaria Interna &#8211; Colegiado Filosofia<\/a><\/p>\n<p><a href=\"https:\/\/wp.ufpel.edu.br\/ifisp\/files\/2023\/08\/SEI_UFPel-2285251-Portaria-Interna-NDE-Filosofia.pdf\">SEI_UFPel &#8211; 2285251 &#8211; Portaria Interna &#8211; NDE Filosofia<\/a><\/p>\n<\/div>\n<strong class=\"collapseomatic \" id=\"id69ef8bde3dd1e\" rel=\"-highlander\" tabindex=\"0\" title=\"Projeto Pedag\u00f3gico do Curso\"    >Projeto Pedag\u00f3gico do Curso<\/strong><div id=\"target-id69ef8bde3dd1e\" class=\"collapseomatic_content \">\n<p><strong>Projeto Pedag\u00f3gico do Curso (PPC)\u00a0 \u2013<\/strong>\u00a0Define os princ\u00edpios filos\u00f3ficos, pol\u00edticos, pedag\u00f3gicos, administrativos e t\u00e9cnicos que orientam a forma\u00e7\u00e3o humana\/cidad\u00e3 e profissional dos acad\u00eamicos, compreendendo a gest\u00e3o democr\u00e1tica dos cursos, em conson\u00e2ncia com as Diretrizes Curriculares Nacionais (DCNs), o Regimento Geral da UFPel, o PDI\/UFPel, o PPI\/UFPel e o Regulamento do Ensino de Gradua\u00e7\u00e3o da UFPel, al\u00e9m de outras diretrizes e legisla\u00e7\u00f5es pertinentes \u00e0s diferentes forma\u00e7\u00f5es profissionais.<\/p>\n<p><a href=\"https:\/\/wp.ufpel.edu.br\/filosofia\/files\/2023\/10\/PPC-Bacharelado-em-Filosofia-2024.pdf\">PPC Bacharelado em Filosofia 2024<\/a><\/p>\n<p><a href=\"https:\/\/wp.ufpel.edu.br\/ifisp\/files\/2024\/07\/PPC-BACHARELADO.pdf\">PPC Bacharelado em Filosofia 2017<\/a><\/p>\n<\/div>\n","protected":false},"excerpt":{"rendered":"","protected":false},"author":1247,"featured_media":0,"parent":0,"menu_order":0,"comment_status":"closed","ping_status":"closed","template":"","meta":{"footnotes":""},"class_list":["post-90","page","type-page","status-publish","hentry"],"jetpack_sharing_enabled":true,"_links":{"self":[{"href":"https:\/\/wp.ufpel.edu.br\/filosofia\/wp-json\/wp\/v2\/pages\/90","targetHints":{"allow":["GET"]}}],"collection":[{"href":"https:\/\/wp.ufpel.edu.br\/filosofia\/wp-json\/wp\/v2\/pages"}],"about":[{"href":"https:\/\/wp.ufpel.edu.br\/filosofia\/wp-json\/wp\/v2\/types\/page"}],"author":[{"embeddable":true,"href":"https:\/\/wp.ufpel.edu.br\/filosofia\/wp-json\/wp\/v2\/users\/1247"}],"replies":[{"embeddable":true,"href":"https:\/\/wp.ufpel.edu.br\/filosofia\/wp-json\/wp\/v2\/comments?post=90"}],"version-history":[{"count":6,"href":"https:\/\/wp.ufpel.edu.br\/filosofia\/wp-json\/wp\/v2\/pages\/90\/revisions"}],"predecessor-version":[{"id":139,"href":"https:\/\/wp.ufpel.edu.br\/filosofia\/wp-json\/wp\/v2\/pages\/90\/revisions\/139"}],"wp:attachment":[{"href":"https:\/\/wp.ufpel.edu.br\/filosofia\/wp-json\/wp\/v2\/media?parent=90"}],"curies":[{"name":"wp","href":"https:\/\/api.w.org\/{rel}","templated":true}]}}