{"id":1152,"date":"2020-07-29T21:27:42","date_gmt":"2020-07-30T00:27:42","guid":{"rendered":"https:\/\/wp.ufpel.edu.br\/fentransporte\/?page_id=1152"},"modified":"2020-08-21T21:21:34","modified_gmt":"2020-08-22T00:21:34","slug":"na-midia-gafanhotos","status":"publish","type":"page","link":"https:\/\/wp.ufpel.edu.br\/fentransporte\/na-midia-gafanhotos\/","title":{"rendered":"Na m\u00eddia &#8211; Gafanhotos"},"content":{"rendered":"<p style=\"text-align: justify\">Como uma forma de manter o registro hist\u00f3rico das divulga\u00e7\u00f5es dos resultados das simula\u00e7\u00f5es sobre a nuvem de gafanhotos, seguem abaixo os links das atualiza\u00e7\u00f5es publicadas nos meios de comunica\u00e7\u00e3o (externos a esta p\u00e1gina).<\/p>\n<ul>\n<li><strong>Not\u00edcias no site da UFPel:<\/strong><\/li>\n<\/ul>\n<ol>\n<li><a href=\"http:\/\/ccs2.ufpel.edu.br\/wp\/2020\/07\/20\/ufpel-acompanha-e-simula-trajetoria-da-nuvem-de-gafanhotos\/\">http:\/\/ccs2.ufpel.edu.br\/wp\/2020\/07\/20\/ufpel-acompanha-e-simula-trajetoria-da-nuvem-de-gafanhotos\/<\/a><\/li>\n<li><a href=\"http:\/\/ccs2.ufpel.edu.br\/wp\/2020\/07\/21\/simulacoes-da-trajetoria-da-nuvem-de-gafanhotos-atualizacao-para-o-dia-21-7\/\">\u00a0http:\/\/ccs2.ufpel.edu.br\/wp\/2020\/07\/21\/simulacoes-da-trajetoria-da-nuvem-de-gafanhotos-atualizacao-para-o-dia-21-7\/<\/a><\/li>\n<li><a href=\"http:\/\/ccs2.ufpel.edu.br\/wp\/2020\/07\/22\/simulacoes-da-trajetoria-da-nuvem-de-gafanhotos-uma-estimativa-ate-o-dia-25-7\/\"> http:\/\/ccs2.ufpel.edu.br\/wp\/2020\/07\/22\/simulacoes-da-trajetoria-da-nuvem-de-gafanhotos-uma-estimativa-ate-o-dia-25-7\/<\/a><\/li>\n<li><a href=\"https:\/\/ccs2.ufpel.edu.br\/wp\/2020\/07\/31\/simulacoes-da-trajetoria-da-nuvem-de-gafanhotos-uma-estimativa-ate-o-dia-2-8\/\">https:\/\/ccs2.ufpel.edu.br\/wp\/2020\/07\/31\/simulacoes-da-trajetoria-da-nuvem-de-gafanhotos-uma-estimativa-ate-o-dia-2-8\/<\/a><\/li>\n<li><a href=\"http:\/\/ccs2.ufpel.edu.br\/wp\/2020\/08\/03\/pesquisadores-da-ufpel-estimam-movimentacao-de-nuvens-de-gafanhotos\/\">http:\/\/ccs2.ufpel.edu.br\/wp\/2020\/08\/03\/pesquisadores-da-ufpel-estimam-movimentacao-de-nuvens-de-gafanhotos\/<\/a><\/li>\n<li><a href=\"http:\/\/ccs2.ufpel.edu.br\/wp\/2020\/08\/10\/simulacoes-da-trajetoria-da-nuvem-de-gafanhotos-uma-estimativa-ate-o-dia-10-08\/\">http:\/\/ccs2.ufpel.edu.br\/wp\/2020\/08\/10\/simulacoes-da-trajetoria-da-nuvem-de-gafanhotos-uma-estimativa-ate-o-dia-10-08\/<\/a><\/li>\n<\/ol>\n<ul>\n<li><strong>V\u00eddeos das entrevistas para telejornais:<\/strong><\/li>\n<\/ul>\n<ol>\n<li>Reportagem no RBS Not\u00edcias &#8211; 20\/7\/20: <a href=\"https:\/\/globoplay.globo.com\/v\/8713146\/\">https:\/\/globoplay.globo.com\/v\/8713146\/<\/a><\/li>\n<li>Reportagem no Bom Dia Rio Grande &#8211; 21\/7\/20: <a href=\"https:\/\/globoplay.globo.com\/v\/8714264\/\">https:\/\/globoplay.globo.com\/v\/8714264\/<\/a><\/li>\n<li>Reportagem no Hora Um da Not\u00edcia &#8211; 21\/7\/20: <a href=\"https:\/\/globoplay.globo.com\/v\/8713754\/\">https:\/\/globoplay.globo.com\/v\/8713754\/<\/a><\/li>\n<li>Reportagem no Jornal Nacional &#8211; 21\/7\/20: <a href=\"https:\/\/globoplay.globo.com\/v\/8716469\/\">https:\/\/globoplay.globo.com\/v\/8716469\/<\/a><\/li>\n<li>Reportagem no SBT 2\u00aa edi\u00e7\u00e3o &#8211; 23\/7\/20: <a href=\"https:\/\/www.youtube.com\/watch?v=iF_v-8gMZ68\">https:\/\/www.youtube.com\/watch?v=iF_v-8gMZ68<\/a><\/li>\n<li>Reportagem no Jornal do Almo\u00e7o &#8211; 4\/8\/20: <a href=\"https:\/\/globoplay.globo.com\/v\/8749954\/\">https:\/\/globoplay.globo.com\/v\/8749954\/<\/a><\/li>\n<li>Reportagem no Bom Dia Brasil &#8211; 4\/8\/20: <a href=\"https:\/\/globoplay.globo.com\/v\/8749511\/\">https:\/\/globoplay.globo.com\/v\/8749511\/<\/a><\/li>\n<\/ol>\n<ul>\n<li><strong>Not\u00edcias em jornais diversos (algumas):<\/strong><\/li>\n<\/ul>\n<ol>\n<li><a href=\"https:\/\/www.diariopopular.com.br\/geral\/aumenta-a-vigilancia-sobre-nuvem-de-gafanhotos-152959\/\">https:\/\/www.diariopopular.com.br\/geral\/aumenta-a-vigilancia-sobre-nuvem-de-gafanhotos-152959\/<\/a><\/li>\n<li><a href=\"https:\/\/g1.globo.com\/rs\/rio-grande-do-sul\/noticia\/2020\/07\/20\/nuvem-de-gafanhotos-na-argentina-avanca-10-km-e-se-aproxima-de-barra-do-quarai.ghtml\">https:\/\/g1.globo.com\/rs\/rio-grande-do-sul\/noticia\/2020\/07\/20\/nuvem-de-gafanhotos-na-argentina-avanca-10-km-e-se-aproxima-de-barra-do-quarai.ghtml<\/a><\/li>\n<li><a href=\"https:\/\/www.jornaldocomercio.com\/_conteudo\/economia\/2020\/07\/748449-ventos-mantem-gafanhotos-afastados-mas-nova-nuvem-aparece-no-paraguai.html\">https:\/\/www.jornaldocomercio.com\/_conteudo\/economia\/2020\/07\/748449-ventos-mantem-gafanhotos-afastados-mas-nova-nuvem-aparece-no-paraguai.html<\/a><\/li>\n<li><a href=\"https:\/\/www.tempo.com\/noticias\/actualidade\/nova-nuvem-de-gafanhotos-ameaca-sul-do-brasil.html\">https:\/\/www.tempo.com\/noticias\/actualidade\/nova-nuvem-de-gafanhotos-ameaca-sul-do-brasil.html<\/a><\/li>\n<li><a href=\"http:\/\/www.ocnet.com.br\/noticias\/variedades\/nova-nuvem-de-gafanhotos-se-desloca-pela-argentina-e-pode-chegar-ao-brasil\/\">http:\/\/www.ocnet.com.br\/noticias\/variedades\/nova-nuvem-de-gafanhotos-se-desloca-pela-argentina-e-pode-chegar-ao-brasil\/<\/a><\/li>\n<li><a href=\"http:\/\/portalklff.com.br\/noticia\/nuvem-de-gafanhotos-se-desloca-33-km-e-avanca-2-km-em-direcao-ao-rs-1063254\">http:\/\/portalklff.com.br\/noticia\/nuvem-de-gafanhotos-se-desloca-33-km-e-avanca-2-km-em-direcao-ao-rs-1063254<\/a><\/li>\n<li><a href=\"https:\/\/contilnetnoticias.com.br\/2020\/07\/nuvem-de-gafanhotos-na-argentina-avanca-10-km-e-se-aproxima-do-brasil\/\">https:\/\/contilnetnoticias.com.br\/2020\/07\/nuvem-de-gafanhotos-na-argentina-avanca-10-km-e-se-aproxima-do-brasil\/<\/a><\/li>\n<li><a href=\"https:\/\/economia.uol.com.br\/noticias\/redacao\/2020\/07\/20\/nuvem-de-gafanhotos-pode-seguir-em-direcao-ao-uruguai-aponta-estudo.htm\">https:\/\/economia.uol.com.br\/noticias\/redacao\/2020\/07\/20\/nuvem-de-gafanhotos-pode-seguir-em-direcao-ao-uruguai-aponta-estudo.htm<\/a><\/li>\n<li><a href=\"https:\/\/www.jornaltradicao.com.br\/regiao\/geral\/pesquisadores-da-ufpel-fazem-simulacoes-da-trajetoria-da-nova-nuvem-de-gafanhotos\/\">https:\/\/www.jornaltradicao.com.br\/regiao\/geral\/pesquisadores-da-ufpel-fazem-simulacoes-da-trajetoria-da-nova-nuvem-de-gafanhotos\/<\/a><\/li>\n<li><a href=\"https:\/\/blogdojuares.com.br\/noticia\/48048\/simulacoes-da-trajetoria-da-nuvem-de-gafanhotos-atualizacao-para-esta-terca-21.html\">https:\/\/blogdojuares.com.br\/noticia\/48048\/simulacoes-da-trajetoria-da-nuvem-de-gafanhotos-atualizacao-para-esta-terca-21.html<\/a><\/li>\n<li><a href=\"https:\/\/blogdojuares.com.br\/noticia\/48014\/ufpel-acompanha-e-simula-trajetoria-da-nuvem-de-gafanhotos.html\">https:\/\/blogdojuares.com.br\/noticia\/48014\/ufpel-acompanha-e-simula-trajetoria-da-nuvem-de-gafanhotos.html<\/a><\/li>\n<li><a href=\"https:\/\/alfonsin.com.br\/gafanhotos-esto-afastados-mas-nova-nuvem-aparece-no-paraguai\/\">https:\/\/alfonsin.com.br\/gafanhotos-esto-afastados-mas-nova-nuvem-aparece-no-paraguai\/<\/a><\/li>\n<li><a href=\"https:\/\/portelaonline.com.br\/2020\/07\/20\/nuvem-de-gafanhotos-na-argentina-avanca-10-km-e-se-aproxima-de-barra-do-quarai\/\">https:\/\/portelaonline.com.br\/2020\/07\/20\/nuvem-de-gafanhotos-na-argentina-avanca-10-km-e-se-aproxima-de-barra-do-quarai\/<\/a><\/li>\n<li><a href=\"https:\/\/wp.ufpel.edu.br\/ppgcamb\/2020\/07\/20\/professores-do-ppgcamb-no-auxilio-e-monitoramento-da-nuvem-de-gafanhotos\/\">https:\/\/wp.ufpel.edu.br\/ppgcamb\/2020\/07\/20\/professores-do-ppgcamb-no-auxilio-e-monitoramento-da-nuvem-de-gafanhotos\/<\/a><\/li>\n<li><a href=\"https:\/\/wp.ufpel.edu.br\/ppgcamb\/2020\/07\/22\/a-nuvem-de-gafanhotos-entenda-um-pouco-mais\/\">https:\/\/wp.ufpel.edu.br\/ppgcamb\/2020\/07\/22\/a-nuvem-de-gafanhotos-entenda-um-pouco-mais\/<\/a><\/li>\n<li><a href=\"https:\/\/www.grupocultivar.com.br\/noticias\/pesquisadores-da-ufpel-simulam-trajetoria-de-gafanhotos\">https:\/\/www.grupocultivar.com.br\/noticias\/pesquisadores-da-ufpel-simulam-trajetoria-de-gafanhotos<\/a><\/li>\n<li><a href=\"https:\/\/oestadodematogrosso.com.br\/noticias\/brasil\/15382-nuvem-de-gafanhotos-avanca-10-km-e-se-aproxima-da-fronteira-com-brasil.html\">https:\/\/oestadodematogrosso.com.br\/noticias\/brasil\/15382-nuvem-de-gafanhotos-avanca-10-km-e-se-aproxima-da-fronteira-com-brasil.html<\/a><\/li>\n<li><a href=\"http:\/\/www.folhapatoense.com\/2020\/07\/20\/nuvem-de-gafanhotos-avanca-10-km-e-se-aproxima-da-fronteira-com-brasil\/\">http:\/\/www.folhapatoense.com\/2020\/07\/20\/nuvem-de-gafanhotos-avanca-10-km-e-se-aproxima-da-fronteira-com-brasil\/<\/a><\/li>\n<li><a href=\"https:\/\/www.cidadesemfoco.com\/nuvem-de-gafanhotos-volta-a-preocupar-produtores-no-sul\/\">https:\/\/www.cidadesemfoco.com\/nuvem-de-gafanhotos-volta-a-preocupar-produtores-no-sul\/<\/a><\/li>\n<li><a href=\"https:\/\/contilnetnoticias.com.br\/2020\/07\/nuvem-de-gafanhotos-na-argentina-avanca-10-km-e-se-aproxima-do-brasil\/\">https:\/\/contilnetnoticias.com.br\/2020\/07\/nuvem-de-gafanhotos-na-argentina-avanca-10-km-e-se-aproxima-do-brasil\/<\/a><\/li>\n<li><a href=\"https:\/\/paraibaja.com.br\/nuvem-de-gafanhotos-na-argentina-avanca-10-km-e-se-aproxima-do-brasil\/\">https:\/\/paraibaja.com.br\/nuvem-de-gafanhotos-na-argentina-avanca-10-km-e-se-aproxima-do-brasil\/<\/a><\/li>\n<li><a href=\"https:\/\/amigosdepelotas.com.br\/2020\/08\/01\/simulacoes-da-trajetoria-da-nuvem-de-gafanhotos-uma-estimativa-ate-o-dia-2-8\/brasil-e-mundo\/amigosdaredacao\/amp\/\">https:\/\/amigosdepelotas.com.br\/2020\/08\/01\/simulacoes-da-trajetoria-da-nuvem-de-gafanhotos-uma-estimativa-ate-o-dia-2-8\/brasil-e-mundo\/amigosdaredacao\/amp\/<\/a><\/li>\n<li><a href=\"https:\/\/www.mixvale.com.br\/2020\/08\/01\/governo-argentino-recebe-alerta-sobre-quarta-nuvem-de-gafanhotos\/\">https:\/\/www.mixvale.com.br\/2020\/08\/01\/governo-argentino-recebe-alerta-sobre-quarta-nuvem-de-gafanhotos\/<\/a><\/li>\n<li><a href=\"https:\/\/www.cenariomt.com.br\/mundo\/governo-argentino-e-informado-sobre-quarta-nuvem-de-gafanhotos\/\">https:\/\/www.cenariomt.com.br\/mundo\/governo-argentino-e-informado-sobre-quarta-nuvem-de-gafanhotos\/<\/a><\/li>\n<li><a href=\"https:\/\/newsba.com.br\/2020\/08\/01\/argentina-e-alertada-sobre-quarta-nuvem-de-gafanhotos\/\">https:\/\/newsba.com.br\/2020\/08\/01\/argentina-e-alertada-sobre-quarta-nuvem-de-gafanhotos\/<\/a><\/li>\n<li><a href=\"https:\/\/www.terra.com.br\/noticias\/ciencia\/sustentabilidade\/governo-argentino-recebe-alerta-sobre-quarta-nuvem-de-gafanhotos,699c553b216ac34a6de7c66530e026ealjzj9auv.html\">https:\/\/www.terra.com.br\/noticias\/ciencia\/sustentabilidade\/governo-argentino-recebe-alerta-sobre-quarta-nuvem-de-gafanhotos,699c553b216ac34a6de7c66530e026ealjzj9auv.html<\/a><\/li>\n<li><a href=\"https:\/\/www.correiodopovo.com.br\/not%C3%ADcias\/rural\/governo-argentino-recebe-alerta-sobre-quarta-nuvem-de-gafanhotos-1.459010\">https:\/\/www.correiodopovo.com.br\/not%C3%ADcias\/rural\/governo-argentino-recebe-alerta-sobre-quarta-nuvem-de-gafanhotos-1.459010<\/a><\/li>\n<li><a href=\"https:\/\/www.em.com.br\/app\/noticia\/nacional\/2020\/08\/01\/interna_nacional,1172312\/governo-argentino-recebe-alerta-sobre-quarta-nuvem-de-gafanhotos.shtml\">https:\/\/www.em.com.br\/app\/noticia\/nacional\/2020\/08\/01\/interna_nacional,1172312\/governo-argentino-recebe-alerta-sobre-quarta-nuvem-de-gafanhotos.shtml<\/a><\/li>\n<li><a href=\"https:\/\/g1.globo.com\/rs\/rio-grande-do-sul\/noticia\/2020\/08\/01\/governo-argentino-e-informado-sobre-quarta-nuvem-de-gafanhotos.ghtml\">https:\/\/g1.globo.com\/rs\/rio-grande-do-sul\/noticia\/2020\/08\/01\/governo-argentino-e-informado-sobre-quarta-nuvem-de-gafanhotos.ghtml<\/a><\/li>\n<li><a href=\"http:\/\/www.alegretetudo.com.br\/quarta-nuvem-de-gafanhoto-e-identificada-na-argentina\/\">http:\/\/www.alegretetudo.com.br\/quarta-nuvem-de-gafanhoto-e-identificada-na-argentina\/<\/a><\/li>\n<li><a href=\"http:\/\/blogdosilas.com.br\/governo-argentino-recebe-alerta-sobre-quarta-nuvem-de-gafanhotos\/\">http:\/\/blogdosilas.com.br\/governo-argentino-recebe-alerta-sobre-quarta-nuvem-de-gafanhotos\/<\/a><\/li>\n<li><a href=\"https:\/\/www.opovo.com.br\/noticias\/mundo\/2020\/08\/02\/governo-argentino-recebe-alerta-sobre-quarta-nuvem-de-gafanhotos.html\">https:\/\/www.opovo.com.br\/noticias\/mundo\/2020\/08\/02\/governo-argentino-recebe-alerta-sobre-quarta-nuvem-de-gafanhotos.html<\/a><\/li>\n<li><a href=\"https:\/\/paginadoestado.com.br\/governo-argentino-recebe-alerta-sobre-quarta-nuvem-de-gafanhotos\/\">https:\/\/paginadoestado.com.br\/governo-argentino-recebe-alerta-sobre-quarta-nuvem-de-gafanhotos\/<\/a><\/li>\n<li><a href=\"https:\/\/www.gazetadopovo.com.br\/mundo\/governo-argentino-recebe-alerta-sobre-quarta-nuvem-de-gafanhotos\/\">https:\/\/www.gazetadopovo.com.br\/mundo\/governo-argentino-recebe-alerta-sobre-quarta-nuvem-de-gafanhotos\/<\/a><\/li>\n<li><a href=\"https:\/\/ndmais.com.br\/meio-ambiente\/governo-argentino-recebe-alerta-sobre-quarta-nuvem-de-gafanhotos\/\">https:\/\/ndmais.com.br\/meio-ambiente\/governo-argentino-recebe-alerta-sobre-quarta-nuvem-de-gafanhotos\/<\/a><\/li>\n<li><a href=\"https:\/\/www.apocalipseurgente.com.br\/ciencia-e-tecnologia\/quarta-nuvem-de-gafanhotos-e-notificada-ao-governo-argentino.html\">https:\/\/www.apocalipseurgente.com.br\/ciencia-e-tecnologia\/quarta-nuvem-de-gafanhotos-e-notificada-ao-governo-argentino.html<\/a><\/li>\n<li><a href=\"https:\/\/blogdojuares.com.br\/noticia\/48368\/pesquisadores-da-ufpel-estimam-movimentacao-de-nuvens-de-gafanhotos.html\">https:\/\/blogdojuares.com.br\/noticia\/48368\/pesquisadores-da-ufpel-estimam-movimentacao-de-nuvens-de-gafanhotos.html<\/a><\/li>\n<li><a href=\"https:\/\/www.revistanegociorural.com.br\/noticias\/gafanhotos-estao-a-80-quilometros-do-brasil-e-4a-nuvem-dos-insetos-e-identificada\/\">https:\/\/www.revistanegociorural.com.br\/noticias\/gafanhotos-estao-a-80-quilometros-do-brasil-e-4a-nuvem-dos-insetos-e-identificada\/<\/a><\/li>\n<li><a href=\"https:\/\/extra.globo.com\/noticias\/frente-fria-intensa-dificulta-avanco-de-nuvens-de-gafanhotos-ao-brasil--24599294.html\">https:\/\/extra.globo.com\/noticias\/frente-fria-intensa-dificulta-avanco-de-nuvens-de-gafanhotos-ao-brasil&#8211;24599294.html<\/a><\/li>\n<li><a href=\"https:\/\/br.noticias.yahoo.com\/frente-fria-intensa-dificulta-avan%C3%A7o-180037368.html\">https:\/\/br.noticias.yahoo.com\/frente-fria-intensa-dificulta-avan%C3%A7o-180037368.html<\/a><\/li>\n<li><a href=\"https:\/\/oglobo.globo.com\/sociedade\/frente-fria-intensa-dificulta-avanco-de-nuvens-de-gafanhotos-ao-brasil-24599134\">https:\/\/oglobo.globo.com\/sociedade\/frente-fria-intensa-dificulta-avanco-de-nuvens-de-gafanhotos-ao-brasil-24599134<\/a><\/li>\n<li><a href=\"https:\/\/ultimosegundo.ig.com.br\/brasil\/2020-08-21\/frente-fria-dificulta-avanco-de-nuvens-de-gafanhotos-ao-brasil.html\">https:\/\/ultimosegundo.ig.com.br\/brasil\/2020-08-21\/frente-fria-dificulta-avanco-de-nuvens-de-gafanhotos-ao-brasil.html<\/a><\/li>\n<\/ol>\n<p>&nbsp;<\/p>\n<p>&nbsp;<\/p>\n","protected":false},"excerpt":{"rendered":"<p>Como uma forma de manter o registro hist\u00f3rico das divulga\u00e7\u00f5es dos resultados das simula\u00e7\u00f5es sobre a nuvem de gafanhotos, seguem abaixo os links das atualiza\u00e7\u00f5es publicadas nos meios de comunica\u00e7\u00e3o (externos a esta p\u00e1gina). Not\u00edcias no site da UFPel: http:\/\/ccs2.ufpel.edu.br\/wp\/2020\/07\/20\/ufpel-acompanha-e-simula-trajetoria-da-nuvem-de-gafanhotos\/ \u00a0http:\/\/ccs2.ufpel.edu.br\/wp\/2020\/07\/21\/simulacoes-da-trajetoria-da-nuvem-de-gafanhotos-atualizacao-para-o-dia-21-7\/ http:\/\/ccs2.ufpel.edu.br\/wp\/2020\/07\/22\/simulacoes-da-trajetoria-da-nuvem-de-gafanhotos-uma-estimativa-ate-o-dia-25-7\/ https:\/\/ccs2.ufpel.edu.br\/wp\/2020\/07\/31\/simulacoes-da-trajetoria-da-nuvem-de-gafanhotos-uma-estimativa-ate-o-dia-2-8\/ http:\/\/ccs2.ufpel.edu.br\/wp\/2020\/08\/03\/pesquisadores-da-ufpel-estimam-movimentacao-de-nuvens-de-gafanhotos\/ http:\/\/ccs2.ufpel.edu.br\/wp\/2020\/08\/10\/simulacoes-da-trajetoria-da-nuvem-de-gafanhotos-uma-estimativa-ate-o-dia-10-08\/ V\u00eddeos das entrevistas para telejornais: Reportagem no RBS Not\u00edcias &#8211; &hellip; <\/p>\n<p><a class=\"more-link btn\" href=\"https:\/\/wp.ufpel.edu.br\/fentransporte\/na-midia-gafanhotos\/\">Continue lendo<\/a><\/p>\n","protected":false},"author":516,"featured_media":0,"parent":0,"menu_order":0,"comment_status":"closed","ping_status":"closed","template":"","meta":{"footnotes":""},"class_list":["post-1152","page","type-page","status-publish","hentry","nodate","item-wrap"],"jetpack_sharing_enabled":true,"_links":{"self":[{"href":"https:\/\/wp.ufpel.edu.br\/fentransporte\/wp-json\/wp\/v2\/pages\/1152","targetHints":{"allow":["GET"]}}],"collection":[{"href":"https:\/\/wp.ufpel.edu.br\/fentransporte\/wp-json\/wp\/v2\/pages"}],"about":[{"href":"https:\/\/wp.ufpel.edu.br\/fentransporte\/wp-json\/wp\/v2\/types\/page"}],"author":[{"embeddable":true,"href":"https:\/\/wp.ufpel.edu.br\/fentransporte\/wp-json\/wp\/v2\/users\/516"}],"replies":[{"embeddable":true,"href":"https:\/\/wp.ufpel.edu.br\/fentransporte\/wp-json\/wp\/v2\/comments?post=1152"}],"version-history":[{"count":19,"href":"https:\/\/wp.ufpel.edu.br\/fentransporte\/wp-json\/wp\/v2\/pages\/1152\/revisions"}],"predecessor-version":[{"id":1700,"href":"https:\/\/wp.ufpel.edu.br\/fentransporte\/wp-json\/wp\/v2\/pages\/1152\/revisions\/1700"}],"wp:attachment":[{"href":"https:\/\/wp.ufpel.edu.br\/fentransporte\/wp-json\/wp\/v2\/media?parent=1152"}],"curies":[{"name":"wp","href":"https:\/\/api.w.org\/{rel}","templated":true}]}}