{"id":76,"date":"2014-01-06T16:49:09","date_gmt":"2014-01-06T18:49:09","guid":{"rendered":"https:\/\/wp.ufpel.edu.br\/federalfm\/?page_id=76"},"modified":"2022-08-25T10:48:53","modified_gmt":"2022-08-25T13:48:53","slug":"equipe","status":"publish","type":"page","link":"https:\/\/wp.ufpel.edu.br\/federalfm\/sobre-a-emissora\/equipe\/","title":{"rendered":"Equipe"},"content":{"rendered":"<h3 style=\"padding-left: 60px\"><strong>\u00a0<\/strong><\/h3>\n<p><strong><em>Servidores<\/em><\/strong><\/p>\n<p><em>Andr\u00e9 Luis Fereira Machado<\/em><br style=\"font-style: inherit;font-weight: inherit\" \/>Assistente em Administra\u00e7\u00e3o<\/p>\n<p style=\"margin: 0cm;margin-bottom: .0001pt\"><em><span style=\"font-family: 'Georgia','serif';color: #333333\">D\u00f3ris Schneider Prietsch<\/span><\/em><\/p>\n<p style=\"margin: 0cm;margin-bottom: .0001pt\"><span style=\"font-family: 'Georgia','serif';color: #333333\">Assistente em Administra\u00e7\u00e3o<\/span><\/p>\n<p><em style=\"font-weight: inherit\">Fabio Barboza Pinheiro<\/em><br style=\"font-style: inherit;font-weight: inherit\" \/>Sonoplasta<\/p>\n<p><em style=\"font-weight: inherit\">Felipe Marques Couto<\/em><br style=\"font-style: inherit;font-weight: inherit\" \/>Operador de R\u00e1dio-telecomunica\u00e7\u00f5es<\/p>\n<p><em style=\"font-weight: inherit\">Jorge Luiz de Santana Flores<\/em><em>\u00a0<\/em><br style=\"font-style: inherit;font-weight: inherit\" \/>T\u00e9cnico em Eletrot\u00e9cnica<\/p>\n<p><em style=\"font-weight: inherit\">Leonardo Ribeiro Assis<\/em><br style=\"font-style: inherit;font-weight: inherit\" \/>T\u00e9cnico em Som<\/p>\n<p><em style=\"font-weight: inherit\">Rafael Fagundes Cavalheiro<\/em><br style=\"font-style: inherit;font-weight: inherit\" \/>Diretor de Produ\u00e7\u00e3o<\/p>\n<p><em style=\"font-weight: inherit\">Roberto Gustavo Engelbrecht<\/em><br style=\"font-style: inherit;font-weight: inherit\" \/>Jornalista<\/p>\n<p><em style=\"font-weight: inherit\">Roger Aguiar Dutra<\/em><br style=\"font-style: inherit;font-weight: inherit\" \/>T\u00e9cnico em Audiovisual<\/p>\n<p><em style=\"font-weight: inherit\">Rudinei Silva Machado<\/em><br style=\"font-style: inherit;font-weight: inherit\" \/>Assistente em administra\u00e7\u00e3o<\/p>\n<p>&nbsp;<\/p>\n<p><em>\u00a0<\/em><\/p>\n<p>&nbsp;<\/p>\n<p><em>\u00a0<\/em><\/p>\n<p style=\"padding-left: 60px\">\n","protected":false},"excerpt":{"rendered":"<p>\u00a0 Servidores Andr\u00e9 Luis Fereira MachadoAssistente em Administra\u00e7\u00e3o D\u00f3ris Schneider Prietsch Assistente em Administra\u00e7\u00e3o Fabio Barboza PinheiroSonoplasta Felipe Marques CoutoOperador de R\u00e1dio-telecomunica\u00e7\u00f5es Jorge Luiz de Santana Flores\u00a0T\u00e9cnico em Eletrot\u00e9cnica Leonardo Ribeiro AssisT\u00e9cnico em Som Rafael Fagundes CavalheiroDiretor de Produ\u00e7\u00e3o Roberto Gustavo EngelbrechtJornalista Roger Aguiar DutraT\u00e9cnico em Audiovisual Rudinei Silva MachadoAssistente em administra\u00e7\u00e3o &nbsp; \u00a0 &nbsp; [&hellip;]<\/p>\n","protected":false},"author":340,"featured_media":0,"parent":83,"menu_order":0,"comment_status":"closed","ping_status":"closed","template":"","meta":{"jetpack_post_was_ever_published":false,"footnotes":""},"class_list":["post-76","page","type-page","status-publish","hentry"],"jetpack_sharing_enabled":true,"jetpack_shortlink":"https:\/\/wp.me\/P6Slcq-1e","_links":{"self":[{"href":"https:\/\/wp.ufpel.edu.br\/federalfm\/wp-json\/wp\/v2\/pages\/76","targetHints":{"allow":["GET"]}}],"collection":[{"href":"https:\/\/wp.ufpel.edu.br\/federalfm\/wp-json\/wp\/v2\/pages"}],"about":[{"href":"https:\/\/wp.ufpel.edu.br\/federalfm\/wp-json\/wp\/v2\/types\/page"}],"author":[{"embeddable":true,"href":"https:\/\/wp.ufpel.edu.br\/federalfm\/wp-json\/wp\/v2\/users\/340"}],"replies":[{"embeddable":true,"href":"https:\/\/wp.ufpel.edu.br\/federalfm\/wp-json\/wp\/v2\/comments?post=76"}],"version-history":[{"count":74,"href":"https:\/\/wp.ufpel.edu.br\/federalfm\/wp-json\/wp\/v2\/pages\/76\/revisions"}],"predecessor-version":[{"id":1932,"href":"https:\/\/wp.ufpel.edu.br\/federalfm\/wp-json\/wp\/v2\/pages\/76\/revisions\/1932"}],"up":[{"embeddable":true,"href":"https:\/\/wp.ufpel.edu.br\/federalfm\/wp-json\/wp\/v2\/pages\/83"}],"wp:attachment":[{"href":"https:\/\/wp.ufpel.edu.br\/federalfm\/wp-json\/wp\/v2\/media?parent=76"}],"curies":[{"name":"wp","href":"https:\/\/api.w.org\/{rel}","templated":true}]}}