{"id":356,"date":"2014-10-06T03:02:51","date_gmt":"2014-10-06T06:02:51","guid":{"rendered":"https:\/\/wp.ufpel.edu.br\/farmacia\/?page_id=356"},"modified":"2023-05-26T19:03:34","modified_gmt":"2023-05-26T22:03:34","slug":"extensao","status":"publish","type":"page","link":"https:\/\/wp.ufpel.edu.br\/farmacia\/extensao\/","title":{"rendered":"Extens\u00e3o"},"content":{"rendered":"<h2 style=\"text-align: center;\"><span style=\"color: #ffc933; font-family: 'trebuchet ms', geneva, sans-serif;\"><strong>Projetos de Extens\u00e3o<\/strong><\/span><\/h2>\n<p>&nbsp;<\/p>\n<ul>\n<li><span style=\"font-family: 'trebuchet ms', geneva, sans-serif;\">Educa\u00e7\u00e3o em Sa\u00fade e Servi\u00e7os Cl\u00ednicos Farmac\u00eauticos no HE UFPel\/EBSERH.<a href=\"https:\/\/wp.ufpel.edu.br\/farmacia\/educacao-em-saude-e-servicos-clinicos-farmaceuticos-no-he-ufpel-ebserh\/\" target=\"_blank\" rel=\"noopener\"><img loading=\"lazy\" decoding=\"async\" class=\"alignnone wp-image-2620\" src=\"https:\/\/wp.ufpel.edu.br\/farmacia\/files\/2023\/03\/link-externo-copiar.png\" alt=\"\" width=\"19\" height=\"19\" srcset=\"https:\/\/wp.ufpel.edu.br\/farmacia\/files\/2023\/03\/link-externo-copiar.png 512w, https:\/\/wp.ufpel.edu.br\/farmacia\/files\/2023\/03\/link-externo-copiar-400x400.png 400w, https:\/\/wp.ufpel.edu.br\/farmacia\/files\/2023\/03\/link-externo-copiar-200x200.png 200w\" sizes=\"auto, (max-width: 19px) 100vw, 19px\" \/><\/a><\/span><\/li>\n<li><span style=\"font-family: 'trebuchet ms', geneva, sans-serif;\">Farm\u00e1cia Escola de dispensa\u00e7\u00e3o de medicamentos na UBS CSU UFPel.<a href=\"https:\/\/wp.ufpel.edu.br\/farmacia\/farmacia-escola-de-dispensacao-de-medicamentos-na-ubs-csu-ufpel\/\" target=\"_blank\" rel=\"noopener\"><img loading=\"lazy\" decoding=\"async\" class=\"alignnone wp-image-2620\" src=\"https:\/\/wp.ufpel.edu.br\/farmacia\/files\/2023\/03\/link-externo-copiar.png\" alt=\"\" width=\"19\" height=\"19\" srcset=\"https:\/\/wp.ufpel.edu.br\/farmacia\/files\/2023\/03\/link-externo-copiar.png 512w, https:\/\/wp.ufpel.edu.br\/farmacia\/files\/2023\/03\/link-externo-copiar-400x400.png 400w, https:\/\/wp.ufpel.edu.br\/farmacia\/files\/2023\/03\/link-externo-copiar-200x200.png 200w\" sizes=\"auto, (max-width: 19px) 100vw, 19px\" \/><\/a><\/span><\/li>\n<li><span style=\"font-family: 'trebuchet ms', geneva, sans-serif;\">Inser\u00e7\u00e3o da Assist\u00eancia Farmac\u00eautica na resolu\u00e7\u00e3o de processos de judicializa\u00e7\u00e3o da sa\u00fade.<a href=\"https:\/\/wp.ufpel.edu.br\/farmacia\/insercao-da-assistencia-farmaceutica-na-resolucao-de-processos-de-judicializacao-da-saude\/\"><img loading=\"lazy\" decoding=\"async\" class=\"alignnone wp-image-2620\" src=\"https:\/\/wp.ufpel.edu.br\/farmacia\/files\/2023\/03\/link-externo-copiar.png\" alt=\"\" width=\"19\" height=\"19\" srcset=\"https:\/\/wp.ufpel.edu.br\/farmacia\/files\/2023\/03\/link-externo-copiar.png 512w, https:\/\/wp.ufpel.edu.br\/farmacia\/files\/2023\/03\/link-externo-copiar-400x400.png 400w, https:\/\/wp.ufpel.edu.br\/farmacia\/files\/2023\/03\/link-externo-copiar-200x200.png 200w\" sizes=\"auto, (max-width: 19px) 100vw, 19px\" \/><\/a><\/span><\/li>\n<li><span style=\"font-family: 'trebuchet ms', geneva, sans-serif;\">Inser\u00e7\u00e3o da Assist\u00eancia Farmac\u00eautica no apoio aos processos de judicializa\u00e7\u00e3o de medicamentos junto ao Servi\u00e7o de Assist\u00eancia Jur\u00eddica da UFPel.<a href=\"https:\/\/wp.ufpel.edu.br\/farmacia\/insercao-da-assistencia-farmaceutica-no-apoio-aos-processos-de-judicializacao-de-medicamentos-junto-ao-servico-de-assistencia-juridica-da-ufpel\/\"><img loading=\"lazy\" decoding=\"async\" class=\"alignnone wp-image-2620\" src=\"https:\/\/wp.ufpel.edu.br\/farmacia\/files\/2023\/03\/link-externo-copiar.png\" alt=\"\" width=\"19\" height=\"19\" srcset=\"https:\/\/wp.ufpel.edu.br\/farmacia\/files\/2023\/03\/link-externo-copiar.png 512w, https:\/\/wp.ufpel.edu.br\/farmacia\/files\/2023\/03\/link-externo-copiar-400x400.png 400w, https:\/\/wp.ufpel.edu.br\/farmacia\/files\/2023\/03\/link-externo-copiar-200x200.png 200w\" sizes=\"auto, (max-width: 19px) 100vw, 19px\" \/><\/a> \u00a0<\/span><\/li>\n<li><span style=\"font-family: 'trebuchet ms', geneva, sans-serif;\">LAITox vai \u00e0 escola: projeto de conscientiza\u00e7\u00e3o em sa\u00fade.<a href=\"https:\/\/wp.ufpel.edu.br\/farmacia\/?page_id=2696&amp;preview=true\"><img loading=\"lazy\" decoding=\"async\" class=\"alignnone wp-image-2620\" src=\"https:\/\/wp.ufpel.edu.br\/farmacia\/files\/2023\/03\/link-externo-copiar.png\" alt=\"\" width=\"19\" height=\"19\" srcset=\"https:\/\/wp.ufpel.edu.br\/farmacia\/files\/2023\/03\/link-externo-copiar.png 512w, https:\/\/wp.ufpel.edu.br\/farmacia\/files\/2023\/03\/link-externo-copiar-400x400.png 400w, https:\/\/wp.ufpel.edu.br\/farmacia\/files\/2023\/03\/link-externo-copiar-200x200.png 200w\" sizes=\"auto, (max-width: 19px) 100vw, 19px\" \/><\/a><\/span><\/li>\n<li><span style=\"font-family: 'trebuchet ms', geneva, sans-serif;\">Promo\u00e7\u00e3o de Sa\u00fade nas redes sociais: uma a\u00e7\u00e3o de extens\u00e3o da LAITox.<a href=\"https:\/\/wp.ufpel.edu.br\/farmacia\/promocao-de-saude-nas-redes-sociais-uma-acao-de-extensao-da-laitox\/\"><img loading=\"lazy\" decoding=\"async\" class=\"alignnone wp-image-2620\" src=\"https:\/\/wp.ufpel.edu.br\/farmacia\/files\/2023\/03\/link-externo-copiar.png\" alt=\"\" width=\"19\" height=\"19\" srcset=\"https:\/\/wp.ufpel.edu.br\/farmacia\/files\/2023\/03\/link-externo-copiar.png 512w, https:\/\/wp.ufpel.edu.br\/farmacia\/files\/2023\/03\/link-externo-copiar-400x400.png 400w, https:\/\/wp.ufpel.edu.br\/farmacia\/files\/2023\/03\/link-externo-copiar-200x200.png 200w\" sizes=\"auto, (max-width: 19px) 100vw, 19px\" \/><\/a><\/span><\/li>\n<li><span style=\"font-family: 'trebuchet ms', geneva, sans-serif;\">Um minuto com a LAITox: um boletim sobre toxicologia na r\u00e1dio.<a href=\"https:\/\/wp.ufpel.edu.br\/farmacia\/um-minuto-com-a-laitox-um-boletim-sobre-toxicologia-na-radio\/\"><img loading=\"lazy\" decoding=\"async\" class=\"alignnone wp-image-2620\" src=\"https:\/\/wp.ufpel.edu.br\/farmacia\/files\/2023\/03\/link-externo-copiar.png\" alt=\"\" width=\"19\" height=\"19\" srcset=\"https:\/\/wp.ufpel.edu.br\/farmacia\/files\/2023\/03\/link-externo-copiar.png 512w, https:\/\/wp.ufpel.edu.br\/farmacia\/files\/2023\/03\/link-externo-copiar-400x400.png 400w, https:\/\/wp.ufpel.edu.br\/farmacia\/files\/2023\/03\/link-externo-copiar-200x200.png 200w\" sizes=\"auto, (max-width: 19px) 100vw, 19px\" \/><\/a><\/span><\/li>\n<li><span style=\"font-family: 'trebuchet ms', geneva, sans-serif;\">Orienta\u00e7\u00e3o de pacientes quanto ao uso de medicamentos judicializados fornecidos pela prefeitura municipal de Pelotas\/RS.<a href=\"https:\/\/wp.ufpel.edu.br\/farmacia\/orientacao-de-pacientes-quanto-ao-uso-de-medicamentos-judicializados-fornecidos-pela-prefeitura-municipal-de-pelotas-rs\/\" target=\"_blank\" rel=\"noopener\"><img loading=\"lazy\" decoding=\"async\" class=\"alignnone wp-image-2620\" src=\"https:\/\/wp.ufpel.edu.br\/farmacia\/files\/2023\/03\/link-externo-copiar.png\" alt=\"\" width=\"19\" height=\"19\" srcset=\"https:\/\/wp.ufpel.edu.br\/farmacia\/files\/2023\/03\/link-externo-copiar.png 512w, https:\/\/wp.ufpel.edu.br\/farmacia\/files\/2023\/03\/link-externo-copiar-400x400.png 400w, https:\/\/wp.ufpel.edu.br\/farmacia\/files\/2023\/03\/link-externo-copiar-200x200.png 200w\" sizes=\"auto, (max-width: 19px) 100vw, 19px\" \/><\/a><\/span><\/li>\n<li><span style=\"font-family: 'trebuchet ms', geneva, sans-serif;\">Viv\u00eancias pr\u00e1ticas em Farm\u00e1cia Oncol\u00f3gica.<a href=\"https:\/\/wp.ufpel.edu.br\/farmacia\/vivencias-praticas-em-farmacia-oncologica\/\" target=\"_blank\" rel=\"noopener\"><img loading=\"lazy\" decoding=\"async\" class=\"alignnone wp-image-2620\" src=\"https:\/\/wp.ufpel.edu.br\/farmacia\/files\/2023\/03\/link-externo-copiar.png\" alt=\"\" width=\"19\" height=\"19\" srcset=\"https:\/\/wp.ufpel.edu.br\/farmacia\/files\/2023\/03\/link-externo-copiar.png 512w, https:\/\/wp.ufpel.edu.br\/farmacia\/files\/2023\/03\/link-externo-copiar-400x400.png 400w, https:\/\/wp.ufpel.edu.br\/farmacia\/files\/2023\/03\/link-externo-copiar-200x200.png 200w\" sizes=\"auto, (max-width: 19px) 100vw, 19px\" \/><\/a><\/span><\/li>\n<\/ul>\n<p>&nbsp;<\/p>\n<p style=\"text-align: justify;\"><span style=\"font-family: 'trebuchet ms', geneva, sans-serif;\"><span style=\"color: #ffc933;\">RECADINHO<\/span>!! Os projetos de extens\u00e3o que est\u00e3o relacionados acima s\u00e3o coordenados pelos docentes da parte profissionalizante do Curso de Farm\u00e1cia, mas lembramos que h\u00e1 outros in\u00fameros projetos que s\u00e3o desenvolvidos pelos docentes da parte b\u00e1sica. Sempre que poss\u00edvel, iremos divulgar, no Site e no Instagram, os editais de sele\u00e7\u00e3o dos projetos de todos os docentes.<\/span><\/p>\n","protected":false},"excerpt":{"rendered":"<p>Projetos de Extens\u00e3o &nbsp; Educa\u00e7\u00e3o em Sa\u00fade e Servi\u00e7os Cl\u00ednicos Farmac\u00eauticos no HE UFPel\/EBSERH. Farm\u00e1cia Escola de dispensa\u00e7\u00e3o de medicamentos na UBS CSU UFPel. Inser\u00e7\u00e3o da Assist\u00eancia Farmac\u00eautica na resolu\u00e7\u00e3o de processos de judicializa\u00e7\u00e3o da sa\u00fade. Inser\u00e7\u00e3o da Assist\u00eancia Farmac\u00eautica no apoio aos processos de judicializa\u00e7\u00e3o de medicamentos junto ao Servi\u00e7o de Assist\u00eancia Jur\u00eddica da &hellip; <\/p>\n<p><a class=\"more-link btn\" href=\"https:\/\/wp.ufpel.edu.br\/farmacia\/extensao\/\">Continue lendo<\/a><\/p>\n","protected":false},"author":222,"featured_media":0,"parent":0,"menu_order":0,"comment_status":"closed","ping_status":"closed","template":"","meta":{"jetpack_post_was_ever_published":false,"footnotes":""},"class_list":["post-356","page","type-page","status-publish","hentry","nodate","item-wrap"],"jetpack_sharing_enabled":false,"jetpack_shortlink":"https:\/\/wp.me\/P6QO3Z-5K","_links":{"self":[{"href":"https:\/\/wp.ufpel.edu.br\/farmacia\/wp-json\/wp\/v2\/pages\/356","targetHints":{"allow":["GET"]}}],"collection":[{"href":"https:\/\/wp.ufpel.edu.br\/farmacia\/wp-json\/wp\/v2\/pages"}],"about":[{"href":"https:\/\/wp.ufpel.edu.br\/farmacia\/wp-json\/wp\/v2\/types\/page"}],"author":[{"embeddable":true,"href":"https:\/\/wp.ufpel.edu.br\/farmacia\/wp-json\/wp\/v2\/users\/222"}],"replies":[{"embeddable":true,"href":"https:\/\/wp.ufpel.edu.br\/farmacia\/wp-json\/wp\/v2\/comments?post=356"}],"version-history":[{"count":16,"href":"https:\/\/wp.ufpel.edu.br\/farmacia\/wp-json\/wp\/v2\/pages\/356\/revisions"}],"predecessor-version":[{"id":2850,"href":"https:\/\/wp.ufpel.edu.br\/farmacia\/wp-json\/wp\/v2\/pages\/356\/revisions\/2850"}],"wp:attachment":[{"href":"https:\/\/wp.ufpel.edu.br\/farmacia\/wp-json\/wp\/v2\/media?parent=356"}],"curies":[{"name":"wp","href":"https:\/\/api.w.org\/{rel}","templated":true}]}}