{"id":331,"date":"2014-10-06T02:12:12","date_gmt":"2014-10-06T05:12:12","guid":{"rendered":"https:\/\/wp.ufpel.edu.br\/farmacia\/?page_id=331"},"modified":"2023-03-07T23:31:12","modified_gmt":"2023-03-08T02:31:12","slug":"pesquisa","status":"publish","type":"page","link":"https:\/\/wp.ufpel.edu.br\/farmacia\/pesquisa\/","title":{"rendered":"Pesquisa"},"content":{"rendered":"<h2 style=\"text-align: center;\"><span style=\"font-family: 'trebuchet ms', geneva, sans-serif; color: #ffc933;\"><strong>Projetos de Pesquisa<\/strong><\/span><\/h2>\n<p>&nbsp;<\/p>\n<ul>\n<li style=\"text-align: justify;\"><span style=\"font-family: 'trebuchet ms', geneva, sans-serif;\">Avalia\u00e7\u00e3o da atividade antimicrobiana, citotoxidade, genotoxidade e estresse oxidativo de compostos bioativos em cultivo de c\u00e9lulas ZF-L e sobre larvas e peixe adulto da esp\u00e9cie Danio rerio.<a href=\"https:\/\/wp.ufpel.edu.br\/farmacia\/avaliacao-da-atividade-antimicrobina-citotoxidade-genotoxidade-e-estresse-oxidativo-de-compostos-bioativos-em-cultivo-de-celulas-zf-l-e-sobre-larvas-e-peixe-adulto-da-especie-danio-rerio\/\"><img loading=\"lazy\" decoding=\"async\" class=\"alignnone wp-image-2620\" src=\"https:\/\/wp.ufpel.edu.br\/farmacia\/files\/2023\/03\/link-externo-copiar.png\" alt=\"\" width=\"19\" height=\"19\" srcset=\"https:\/\/wp.ufpel.edu.br\/farmacia\/files\/2023\/03\/link-externo-copiar.png 512w, https:\/\/wp.ufpel.edu.br\/farmacia\/files\/2023\/03\/link-externo-copiar-400x400.png 400w, https:\/\/wp.ufpel.edu.br\/farmacia\/files\/2023\/03\/link-externo-copiar-200x200.png 200w\" sizes=\"auto, (max-width: 19px) 100vw, 19px\" \/><\/a><\/span><\/li>\n<li style=\"text-align: justify;\"><span style=\"font-family: 'trebuchet ms', geneva, sans-serif;\">\u00a0Padr\u00e3o de Uso de Antidepressivos e Ansiol\u00edticos por Estudantes da \u00c1rea da Sa\u00fade de uma Universidade Federal do Sul do Brasil.<a href=\"https:\/\/wp.ufpel.edu.br\/farmacia\/padrao-de-uso-de-antidepressivos-e-ansioliticos-por-estudantes-da-area-da-saude-de-uma-universidade-federal-do-sul-do-brasil\/\"><img loading=\"lazy\" decoding=\"async\" class=\"alignnone wp-image-2620\" style=\"margin-top: 6px;\" src=\"https:\/\/wp.ufpel.edu.br\/farmacia\/files\/2023\/03\/link-externo-copiar.png\" alt=\"\" width=\"19\" height=\"19\" srcset=\"https:\/\/wp.ufpel.edu.br\/farmacia\/files\/2023\/03\/link-externo-copiar.png 512w, https:\/\/wp.ufpel.edu.br\/farmacia\/files\/2023\/03\/link-externo-copiar-400x400.png 400w, https:\/\/wp.ufpel.edu.br\/farmacia\/files\/2023\/03\/link-externo-copiar-200x200.png 200w\" sizes=\"auto, (max-width: 19px) 100vw, 19px\" \/><\/a><\/span><\/li>\n<li style=\"text-align: justify;\"><span style=\"font-family: 'trebuchet ms', geneva, sans-serif;\">\u00a0Padr\u00e3o de Uso do Metilfenidato por Estudantes da \u00c1rea da Sa\u00fade de uma Universidade Federal do Sul do Brasil: Preval\u00eancia, Finalidade, Percep\u00e7\u00e3o de Efeitos e Conhecimento dos Riscos Envolvidos.<a href=\"https:\/\/wp.ufpel.edu.br\/farmacia\/padrao-de-uso-do-metilfenidato-por-estudantes-da-area-da-saude-de-uma-universidade-federal-do-sul-do-brasil-prevalencia-finalidade-percepcao-de-efeitos-e-conhecimento-dos-riscos-envolvidos\/\"><img loading=\"lazy\" decoding=\"async\" class=\"alignnone wp-image-2620\" style=\"margin-top: 6px;\" src=\"https:\/\/wp.ufpel.edu.br\/farmacia\/files\/2023\/03\/link-externo-copiar.png\" alt=\"\" width=\"19\" height=\"19\" srcset=\"https:\/\/wp.ufpel.edu.br\/farmacia\/files\/2023\/03\/link-externo-copiar.png 512w, https:\/\/wp.ufpel.edu.br\/farmacia\/files\/2023\/03\/link-externo-copiar-400x400.png 400w, https:\/\/wp.ufpel.edu.br\/farmacia\/files\/2023\/03\/link-externo-copiar-200x200.png 200w\" sizes=\"auto, (max-width: 19px) 100vw, 19px\" \/><\/a><\/span><\/li>\n<li style=\"text-align: justify;\"><span style=\"font-family: 'trebuchet ms', geneva, sans-serif;\">Perfil da judicializa\u00e7\u00e3o de medicamentos do Servi\u00e7o de Oncologia do Hospital Escola da Universidade Federal de Pelotas.<a href=\"https:\/\/wp.ufpel.edu.br\/farmacia\/perfil-da-judicializacao-de-medicamentos-do-servico-de-oncologia-do-hospital-escola-da-universidade-federal-de-pelotas\/\"><img loading=\"lazy\" decoding=\"async\" class=\"alignnone wp-image-2620\" style=\"margin-top: 6px;\" src=\"https:\/\/wp.ufpel.edu.br\/farmacia\/files\/2023\/03\/link-externo-copiar.png\" alt=\"\" width=\"19\" height=\"19\" srcset=\"https:\/\/wp.ufpel.edu.br\/farmacia\/files\/2023\/03\/link-externo-copiar.png 512w, https:\/\/wp.ufpel.edu.br\/farmacia\/files\/2023\/03\/link-externo-copiar-400x400.png 400w, https:\/\/wp.ufpel.edu.br\/farmacia\/files\/2023\/03\/link-externo-copiar-200x200.png 200w\" sizes=\"auto, (max-width: 19px) 100vw, 19px\" \/><\/a><\/span><\/li>\n<li style=\"text-align: justify;\"><span style=\"font-family: 'trebuchet ms', geneva, sans-serif;\">Prospec\u00e7\u00e3o de uma nova estrat\u00e9gia terap\u00eautica para a comorbidade depress\u00e3o e d\u00e9ficit cognitivo\/doen\u00e7a de Alzheimer utilizando um derivado de quinolina: envolvimento de mol\u00e9culas de sinaliza\u00e7\u00e3o celular e dos sistemas colin\u00e9rgico e monoamin\u00e9rgico.<a href=\"https:\/\/wp.ufpel.edu.br\/farmacia\/prospeccao-de-uma-nova-estrategia-terapeutica-para-a-comorbidade-depressao-e-deficit-cognitivo-doenca-de-alzheimer-utilizando-um-derivado-de-quinolina-envolvimento-de-moleculas-de-sinalizacao-celular\/\"><img loading=\"lazy\" decoding=\"async\" class=\"alignnone wp-image-2620\" style=\"margin-top: 6px;\" src=\"https:\/\/wp.ufpel.edu.br\/farmacia\/files\/2023\/03\/link-externo-copiar.png\" alt=\"\" width=\"19\" height=\"19\" srcset=\"https:\/\/wp.ufpel.edu.br\/farmacia\/files\/2023\/03\/link-externo-copiar.png 512w, https:\/\/wp.ufpel.edu.br\/farmacia\/files\/2023\/03\/link-externo-copiar-400x400.png 400w, https:\/\/wp.ufpel.edu.br\/farmacia\/files\/2023\/03\/link-externo-copiar-200x200.png 200w\" sizes=\"auto, (max-width: 19px) 100vw, 19px\" \/><\/a><\/span><\/li>\n<\/ul>\n<p>&nbsp;<\/p>\n<p>&nbsp;<\/p>\n<p style=\"text-align: justify;\"><span style=\"font-family: 'trebuchet ms', geneva, sans-serif;\"><span style=\"color: #ffc933;\">RECADINHO<\/span>!! Os projetos de pesquisa que est\u00e3o relacionados acima s\u00e3o coordenados pelos docentes da parte profissionalizante do Curso de Farm\u00e1cia, mas lembramos que h\u00e1 outros in\u00fameros projetos que s\u00e3o desenvolvidos pelos docentes da parte b\u00e1sica. Sempre que poss\u00edvel, iremos divulgar, no Site e no Instagram, os editais de sele\u00e7\u00e3o dos projetos de todos os docentes.<\/span><\/p>\n","protected":false},"excerpt":{"rendered":"<p>Projetos de Pesquisa &nbsp; Avalia\u00e7\u00e3o da atividade antimicrobiana, citotoxidade, genotoxidade e estresse oxidativo de compostos bioativos em cultivo de c\u00e9lulas ZF-L e sobre larvas e peixe adulto da esp\u00e9cie Danio rerio. \u00a0Padr\u00e3o de Uso de Antidepressivos e Ansiol\u00edticos por Estudantes da \u00c1rea da Sa\u00fade de uma Universidade Federal do Sul do Brasil. \u00a0Padr\u00e3o de Uso &hellip; <\/p>\n<p><a class=\"more-link btn\" href=\"https:\/\/wp.ufpel.edu.br\/farmacia\/pesquisa\/\">Continue lendo<\/a><\/p>\n","protected":false},"author":222,"featured_media":0,"parent":0,"menu_order":0,"comment_status":"closed","ping_status":"closed","template":"","meta":{"jetpack_post_was_ever_published":false,"footnotes":""},"class_list":["post-331","page","type-page","status-publish","hentry","nodate","item-wrap"],"jetpack_sharing_enabled":false,"jetpack_shortlink":"https:\/\/wp.me\/P6QO3Z-5l","_links":{"self":[{"href":"https:\/\/wp.ufpel.edu.br\/farmacia\/wp-json\/wp\/v2\/pages\/331","targetHints":{"allow":["GET"]}}],"collection":[{"href":"https:\/\/wp.ufpel.edu.br\/farmacia\/wp-json\/wp\/v2\/pages"}],"about":[{"href":"https:\/\/wp.ufpel.edu.br\/farmacia\/wp-json\/wp\/v2\/types\/page"}],"author":[{"embeddable":true,"href":"https:\/\/wp.ufpel.edu.br\/farmacia\/wp-json\/wp\/v2\/users\/222"}],"replies":[{"embeddable":true,"href":"https:\/\/wp.ufpel.edu.br\/farmacia\/wp-json\/wp\/v2\/comments?post=331"}],"version-history":[{"count":15,"href":"https:\/\/wp.ufpel.edu.br\/farmacia\/wp-json\/wp\/v2\/pages\/331\/revisions"}],"predecessor-version":[{"id":2674,"href":"https:\/\/wp.ufpel.edu.br\/farmacia\/wp-json\/wp\/v2\/pages\/331\/revisions\/2674"}],"wp:attachment":[{"href":"https:\/\/wp.ufpel.edu.br\/farmacia\/wp-json\/wp\/v2\/media?parent=331"}],"curies":[{"name":"wp","href":"https:\/\/api.w.org\/{rel}","templated":true}]}}