{"id":2648,"date":"2023-03-05T20:33:47","date_gmt":"2023-03-05T23:33:47","guid":{"rendered":"https:\/\/wp.ufpel.edu.br\/farmacia\/?page_id=2648"},"modified":"2023-03-05T20:37:49","modified_gmt":"2023-03-05T23:37:49","slug":"perfil-da-judicializacao-de-medicamentos-do-servico-de-oncologia-do-hospital-escola-da-universidade-federal-de-pelotas","status":"publish","type":"page","link":"https:\/\/wp.ufpel.edu.br\/farmacia\/perfil-da-judicializacao-de-medicamentos-do-servico-de-oncologia-do-hospital-escola-da-universidade-federal-de-pelotas\/","title":{"rendered":"Perfil da judicializa\u00e7\u00e3o de medicamentos do Servi\u00e7o de Oncologia do Hospital Escola da Universidade Federal de Pelotas."},"content":{"rendered":"<h4 style=\"text-align: center;\"><span style=\"font-family: 'trebuchet ms', geneva, sans-serif; color: #ffc933;\">Resumo<\/span><\/h4>\n<p style=\"text-align: justify;\"><span style=\"font-family: 'trebuchet ms', geneva, sans-serif; color: #000000;\">A Constitui\u00e7\u00e3o de 1988 assegura o direito ao acesso \u00e0 sa\u00fade para todos e determina o Estado como <\/span><span style=\"font-family: 'trebuchet ms', geneva, sans-serif; color: #000000;\">respons\u00e1vel por garanti-lo. Um dos pap\u00e9is do Sistema \u00danico de Sa\u00fade (SUS) \u00e9 atender eficientemente estas <\/span><span style=\"font-family: 'trebuchet ms', geneva, sans-serif; color: #000000;\">diretrizes, fornecendo assist\u00eancia terap\u00eautica integral, incluindo a farmac\u00eautica. No entanto, a garantia do acesso <\/span><span style=\"font-family: 'trebuchet ms', geneva, sans-serif; color: #000000;\">\u00e9 uma quest\u00e3o complexa que depende do contexto econ\u00f4mico, pol\u00edtico e social. No Brasil, a dificuldade financeira <\/span><span style=\"font-family: 'trebuchet ms', geneva, sans-serif; color: #000000;\">or\u00e7amentaria vivenciada pelos gestores p\u00fablicos nas tr\u00eas esferas de governo, aliada \u00e0 complexidade da sele\u00e7\u00e3o de <\/span><span style=\"font-family: 'trebuchet ms', geneva, sans-serif; color: #000000;\">quais produtos ofertar e a constante press\u00e3o, por parte do setor produtor de medicamentos, em prol da <\/span><span style=\"font-family: 'trebuchet ms', geneva, sans-serif; color: #000000;\">incorpora\u00e7\u00e3o de novas tecnologias n\u00e3o contempladas no SUS, resultam em falhas no processo; o que leva os <\/span><span style=\"font-family: 'trebuchet ms', geneva, sans-serif; color: #000000;\">usu\u00e1rios a buscarem esse direito constitucional junto ao Poder Judici\u00e1rio. Essa interven\u00e7\u00e3o pode ser chamada de <\/span><span style=\"font-family: 'trebuchet ms', geneva, sans-serif; color: #000000;\">judicializa\u00e7\u00e3o da sa\u00fade e refere-se a senten\u00e7as judiciais que determinam ao poder p\u00fablico a obriga\u00e7\u00e3o de <\/span><span style=\"font-family: 'trebuchet ms', geneva, sans-serif; color: #000000;\">fornecer medicamentos, insumos, equipamentos, consultas, exames, cirurgias e interna\u00e7\u00f5es, os quais n\u00e3o <\/span><span style=\"font-family: 'trebuchet ms', geneva, sans-serif; color: #000000;\">estariam sendo atendidos em plenitude, em seus direitos, pelos gestores p\u00fablicos. Esta via de acesso vem <\/span><span style=\"font-family: 'trebuchet ms', geneva, sans-serif; color: #000000;\">aumentando de forma vertiginosa, baseada muito nas car\u00eancias da via normal de obten\u00e7\u00e3o de acesso \u00e0 sa\u00fade, <\/span><span style=\"font-family: 'trebuchet ms', geneva, sans-serif; color: #000000;\">com potencial risco de provocar um colapso no sistema. Al\u00e9m disso, a oncologia apresenta grande demanda <\/span><span style=\"font-family: 'trebuchet ms', geneva, sans-serif; color: #000000;\">dentre as \u00e1reas da sa\u00fade, devido ao custo elevado e a sofistica\u00e7\u00e3o tecnol\u00f3gica. Assim, o processo de judicializa\u00e7\u00e3o <\/span><span style=\"font-family: 'trebuchet ms', geneva, sans-serif; color: #000000;\">da sa\u00fade necessidade estudos para avaliar melhor o processo, descrever problemas envolvidos, encontrar <\/span><span style=\"font-family: 'trebuchet ms', geneva, sans-serif; color: #000000;\">poss\u00edveis maneiras de garantir a qualidade, efic\u00e1cia e seguran\u00e7a do tratamento do paciente, bem como reduzir <\/span><span style=\"font-family: 'trebuchet ms', geneva, sans-serif; color: #000000;\">gastos do cofre p\u00fablico com as demandas judiciais.<\/span><\/p>\n<h4 style=\"text-align: center;\"><span style=\"font-family: 'trebuchet ms', geneva, sans-serif; color: #ffc933;\">Objetivos:<\/span><\/h4>\n<ul>\n<li><span style=\"font-family: 'trebuchet ms', geneva, sans-serif; color: #000000;\">Caracterizar o perfil da judicializa\u00e7\u00e3o de medicamentos do servi\u00e7o de oncologia do Hospital Escola da <\/span><span style=\"font-family: 'trebuchet ms', geneva, sans-serif; color: #000000;\">Universidade Federal de Pelotas (UFPel).<\/span><\/li>\n<\/ul>\n<p><span style=\"font-family: 'trebuchet ms', geneva, sans-serif; color: #000000;\">Coordenador: Prof. Dr. Claiton Leoneti Lencina<\/span><br \/>\n<span style=\"font-family: 'trebuchet ms', geneva, sans-serif; color: #000000;\">Coordenador adjunto: Prof. Dr. Paulo Maximiliano Corr\u00eaa<\/span><br \/>\n<span style=\"font-family: 'trebuchet ms', geneva, sans-serif; color: #000000;\">Contato: Claiton.ufpel@gmail.com<\/span><\/p>\n","protected":false},"excerpt":{"rendered":"<p>Resumo A Constitui\u00e7\u00e3o de 1988 assegura o direito ao acesso \u00e0 sa\u00fade para todos e determina o Estado como respons\u00e1vel por garanti-lo. Um dos pap\u00e9is do Sistema \u00danico de Sa\u00fade (SUS) \u00e9 atender eficientemente estas diretrizes, fornecendo assist\u00eancia terap\u00eautica integral, incluindo a farmac\u00eautica. No entanto, a garantia do acesso \u00e9 uma quest\u00e3o complexa que depende &hellip; <\/p>\n<p><a class=\"more-link btn\" href=\"https:\/\/wp.ufpel.edu.br\/farmacia\/perfil-da-judicializacao-de-medicamentos-do-servico-de-oncologia-do-hospital-escola-da-universidade-federal-de-pelotas\/\">Continue lendo<\/a><\/p>\n","protected":false},"author":222,"featured_media":0,"parent":0,"menu_order":0,"comment_status":"closed","ping_status":"closed","template":"","meta":{"jetpack_post_was_ever_published":false,"footnotes":""},"class_list":["post-2648","page","type-page","status-publish","hentry","nodate","item-wrap"],"jetpack_sharing_enabled":false,"jetpack_shortlink":"https:\/\/wp.me\/P6QO3Z-GI","_links":{"self":[{"href":"https:\/\/wp.ufpel.edu.br\/farmacia\/wp-json\/wp\/v2\/pages\/2648","targetHints":{"allow":["GET"]}}],"collection":[{"href":"https:\/\/wp.ufpel.edu.br\/farmacia\/wp-json\/wp\/v2\/pages"}],"about":[{"href":"https:\/\/wp.ufpel.edu.br\/farmacia\/wp-json\/wp\/v2\/types\/page"}],"author":[{"embeddable":true,"href":"https:\/\/wp.ufpel.edu.br\/farmacia\/wp-json\/wp\/v2\/users\/222"}],"replies":[{"embeddable":true,"href":"https:\/\/wp.ufpel.edu.br\/farmacia\/wp-json\/wp\/v2\/comments?post=2648"}],"version-history":[{"count":3,"href":"https:\/\/wp.ufpel.edu.br\/farmacia\/wp-json\/wp\/v2\/pages\/2648\/revisions"}],"predecessor-version":[{"id":2657,"href":"https:\/\/wp.ufpel.edu.br\/farmacia\/wp-json\/wp\/v2\/pages\/2648\/revisions\/2657"}],"wp:attachment":[{"href":"https:\/\/wp.ufpel.edu.br\/farmacia\/wp-json\/wp\/v2\/media?parent=2648"}],"curies":[{"name":"wp","href":"https:\/\/api.w.org\/{rel}","templated":true}]}}