{"id":2633,"date":"2023-03-05T20:17:46","date_gmt":"2023-03-05T23:17:46","guid":{"rendered":"https:\/\/wp.ufpel.edu.br\/farmacia\/?page_id=2633"},"modified":"2023-03-05T20:18:00","modified_gmt":"2023-03-05T23:18:00","slug":"padrao-de-uso-de-antidepressivos-e-ansioliticos-por-estudantes-da-area-da-saude-de-uma-universidade-federal-do-sul-do-brasil","status":"publish","type":"page","link":"https:\/\/wp.ufpel.edu.br\/farmacia\/padrao-de-uso-de-antidepressivos-e-ansioliticos-por-estudantes-da-area-da-saude-de-uma-universidade-federal-do-sul-do-brasil\/","title":{"rendered":"Padr\u00e3o de Uso de Antidepressivos e Ansiol\u00edticos por Estudantes da \u00c1rea da Sa\u00fade de uma Universidade Federal do Sul do Brasil."},"content":{"rendered":"<h4 style=\"text-align: center;\"><span style=\"font-family: 'trebuchet ms', geneva, sans-serif; color: #ffc933;\">Resumo<\/span><\/h4>\n<p style=\"text-align: justify;\"><span style=\"font-family: 'trebuchet ms', geneva, sans-serif;\"> Atualmente, a alta preval\u00eancia de depress\u00e3o e ansiedade, bem como o uso de medicamentos <\/span><span style=\"font-family: 'trebuchet ms', geneva, sans-serif;\">antidepressivos e ansiol\u00edticos entre os estudantes de gradua\u00e7\u00e3o \u00e9 mundialmente conhecido. O objetivo principal <\/span><span style=\"font-family: 'trebuchet ms', geneva, sans-serif;\">deste estudo \u00e9 descrever o padr\u00e3o de uso destes medicamentos entre os acad\u00eamicos da \u00e1rea da sa\u00fade da UFPel <\/span><span style=\"font-family: 'trebuchet ms', geneva, sans-serif;\">matriculados nos anos 2020 e 2021 atrav\u00e9s de um estudo quantitativo observacional do tipo transversal. Ap\u00f3s <\/span><span style=\"font-family: 'trebuchet ms', geneva, sans-serif;\">consentimento, os participantes responder\u00e3o um question\u00e1rio padronizado de autopreenchimento adaptado <\/span><span style=\"font-family: 'trebuchet ms', geneva, sans-serif;\">com quest\u00f5es sobre caracter\u00edsticas sociodemogr\u00e1ficas, sinais e sintomas de depress\u00e3o e ansiedade e sobre o uso <\/span><span style=\"font-family: 'trebuchet ms', geneva, sans-serif;\">de medicamentos antidepressivos e ansiol\u00edticos. O risco aos participantes ser\u00e1 m\u00ednimo uma vez que n\u00e3o haver\u00e1 <\/span><span style=\"font-family: 'trebuchet ms', geneva, sans-serif;\">interven\u00e7\u00e3o aplicada e estes poder\u00e3o desistir de participar do estudo a qualquer momento que desejarem. Ap\u00f3s <\/span><span style=\"font-family: 'trebuchet ms', geneva, sans-serif;\">an\u00e1lises estat\u00edsticas adequadas, os dados ser\u00e3o utilizados para originar trabalhos de conclus\u00e3o de curso dos <\/span><span style=\"font-family: 'trebuchet ms', geneva, sans-serif;\">alunos do curso de Farm\u00e1cia e outros cursos com posterior divulga\u00e7\u00e3o em congressos e artigos cient\u00edficos.<\/span><\/p>\n<h4 style=\"text-align: center;\"><span style=\"color: #ffc933;\"><strong><span style=\"font-family: 'trebuchet ms', geneva, sans-serif;\">Objetivos:<\/span><\/strong><\/span><\/h4>\n<ul>\n<li style=\"text-align: justify;\"><span style=\"font-family: 'trebuchet ms', geneva, sans-serif;\">Avaliar o padr\u00e3o de uso de antidepressivos e ansiol\u00edticos entre os estudantes dos cursos da sa\u00fade da<\/span><br \/>\n<span style=\"font-family: 'trebuchet ms', geneva, sans-serif;\">Universidade Federal de Pelotas (UFPel).<\/span><\/li>\n<\/ul>\n<p style=\"text-align: justify;\"><span style=\"font-family: 'trebuchet ms', geneva, sans-serif;\">Coordenadora: Prof a . Dr a . Giana de Paula Cognato<\/span><br \/>\n<span style=\"font-family: 'trebuchet ms', geneva, sans-serif;\">Contato: giana.cognato@gmail.com<\/span><\/p>\n","protected":false},"excerpt":{"rendered":"<p>Resumo Atualmente, a alta preval\u00eancia de depress\u00e3o e ansiedade, bem como o uso de medicamentos antidepressivos e ansiol\u00edticos entre os estudantes de gradua\u00e7\u00e3o \u00e9 mundialmente conhecido. O objetivo principal deste estudo \u00e9 descrever o padr\u00e3o de uso destes medicamentos entre os acad\u00eamicos da \u00e1rea da sa\u00fade da UFPel matriculados nos anos 2020 e 2021 atrav\u00e9s &hellip; <\/p>\n<p><a class=\"more-link btn\" href=\"https:\/\/wp.ufpel.edu.br\/farmacia\/padrao-de-uso-de-antidepressivos-e-ansioliticos-por-estudantes-da-area-da-saude-de-uma-universidade-federal-do-sul-do-brasil\/\">Continue lendo<\/a><\/p>\n","protected":false},"author":222,"featured_media":0,"parent":0,"menu_order":0,"comment_status":"closed","ping_status":"closed","template":"","meta":{"jetpack_post_was_ever_published":false,"footnotes":""},"class_list":["post-2633","page","type-page","status-publish","hentry","nodate","item-wrap"],"jetpack_sharing_enabled":false,"jetpack_shortlink":"https:\/\/wp.me\/P6QO3Z-Gt","_links":{"self":[{"href":"https:\/\/wp.ufpel.edu.br\/farmacia\/wp-json\/wp\/v2\/pages\/2633","targetHints":{"allow":["GET"]}}],"collection":[{"href":"https:\/\/wp.ufpel.edu.br\/farmacia\/wp-json\/wp\/v2\/pages"}],"about":[{"href":"https:\/\/wp.ufpel.edu.br\/farmacia\/wp-json\/wp\/v2\/types\/page"}],"author":[{"embeddable":true,"href":"https:\/\/wp.ufpel.edu.br\/farmacia\/wp-json\/wp\/v2\/users\/222"}],"replies":[{"embeddable":true,"href":"https:\/\/wp.ufpel.edu.br\/farmacia\/wp-json\/wp\/v2\/comments?post=2633"}],"version-history":[{"count":2,"href":"https:\/\/wp.ufpel.edu.br\/farmacia\/wp-json\/wp\/v2\/pages\/2633\/revisions"}],"predecessor-version":[{"id":2637,"href":"https:\/\/wp.ufpel.edu.br\/farmacia\/wp-json\/wp\/v2\/pages\/2633\/revisions\/2637"}],"wp:attachment":[{"href":"https:\/\/wp.ufpel.edu.br\/farmacia\/wp-json\/wp\/v2\/media?parent=2633"}],"curies":[{"name":"wp","href":"https:\/\/api.w.org\/{rel}","templated":true}]}}