{"id":2623,"date":"2023-03-05T20:01:40","date_gmt":"2023-03-05T23:01:40","guid":{"rendered":"https:\/\/wp.ufpel.edu.br\/farmacia\/?page_id=2623"},"modified":"2023-03-05T20:03:22","modified_gmt":"2023-03-05T23:03:22","slug":"educacao-em-saude-e-servicos-clinicos-farmaceuticos-no-he-ufpel-ebserh","status":"publish","type":"page","link":"https:\/\/wp.ufpel.edu.br\/farmacia\/educacao-em-saude-e-servicos-clinicos-farmaceuticos-no-he-ufpel-ebserh\/","title":{"rendered":"Educa\u00e7\u00e3o em Sa\u00fade e Servi\u00e7os Cl\u00ednicos Farmac\u00eauticos no HE UFPel\/EBSERH."},"content":{"rendered":"<h4 style=\"text-align: center;\"><strong><span style=\"font-family: 'trebuchet ms', geneva, sans-serif; color: #ffc933;\">Resumo<\/span><\/strong><\/h4>\n<p style=\"text-align: justify;\"><span style=\"font-family: 'trebuchet ms', geneva, sans-serif;\">A \u00e1rea cl\u00ednica da Farm\u00e1cia vem se desenvolvendo ao longo das \u00faltimas d\u00e9cadas em virtude da import\u00e2ncia de assegurar o tratamento certo, na dose correta, no tempo adequado, para determinado problema de sa\u00fade, ao menor custo poss\u00edvel. Isso caracteriza o uso racional de medicamentos. No \u00e2mbito hospitalar, \u00e9 imprescind\u00edvel garantir a seguran\u00e7a do paciente. Segundo a Organiza\u00e7\u00e3o Mundial de Sa\u00fade e a Pol\u00edtica Nacional de Seguran\u00e7a do Paciente, uma das metas da seguran\u00e7a do paciente \u00e9 evitar erros de medica\u00e7\u00e3o. A academia fortalece a pr\u00e1tica do servi\u00e7o em uma institui\u00e7\u00e3o escola por meio de aux\u00edlio no planejamento, organiza\u00e7\u00e3o e desenvolvimento de processos na log\u00edstica do medicamento, avalia\u00e7\u00e3o e revis\u00e3o de indicadores para garantir que o medicamento certo chegue at\u00e9 a pessoa certa, sem ou com a menor probabilidade de riscos. Sendo assim, esse projeto tem como objetivo desenvolver a\u00e7\u00f5es de educa\u00e7\u00e3o em sa\u00fade aos pacientes internados e seus cuidadores e promover educa\u00e7\u00e3o permanente aos colaboradores do Servi\u00e7o de Farm\u00e1cia, de modo a fortalecer servi\u00e7os cl\u00ednicos farmac\u00eauticos essenciais para a garantia da qualidade do tratamento recebido pelo paciente. Dessa forma, ser\u00e1 poss\u00edvel promover maior seguran\u00e7a ao paciente internado por meio de um servi\u00e7o de farm\u00e1cia mais qualificado, explorando novas a\u00e7\u00f5es e fortalecendo a\u00e7\u00f5es j\u00e1 existentes, de forma interprofissional, envolvendo pacientes, cuidadores, <\/span><span style=\"font-family: 'trebuchet ms', geneva, sans-serif;\">colaboradores do Servi\u00e7o de Farm\u00e1cia Hospitalar e acad\u00eamicos do Curso de Farm\u00e1cia UFPel.<\/span><\/p>\n<h4 style=\"text-align: center;\"><span style=\"font-family: 'trebuchet ms', geneva, sans-serif; color: #ffc933;\"><strong>Objetivos:<\/strong><\/span><\/h4>\n<ul>\n<li style=\"text-align: justify;\"><span style=\"font-family: 'trebuchet ms', geneva, sans-serif;\">\u00a0Desenvolver a\u00e7\u00f5es de educa\u00e7\u00e3o em sa\u00fade aos pacientes internados e seus cuidadores <\/span><span style=\"font-family: 'trebuchet ms', geneva, sans-serif;\">e a\u00e7\u00f5es de educa\u00e7\u00e3o permanente aos colaboradores do Servi\u00e7o de Farm\u00e1cia do Hospital Escola <\/span><span style=\"font-family: 'trebuchet ms', geneva, sans-serif;\">(HE) UFPel\/EBSERH.<\/span><\/li>\n<\/ul>\n<p><span style=\"font-family: 'trebuchet ms', geneva, sans-serif;\">Coordenadora: Prof a . Dr a . Juliane Fernandes Monks da Silva<\/span><br \/>\n<span style=\"font-family: 'trebuchet ms', geneva, sans-serif;\">Coordenador adjunto: Prof. Dr. Paulo Maximiliano Corr\u00eaa<\/span><br \/>\n<span style=\"font-family: 'trebuchet ms', geneva, sans-serif;\">Contato: julianemonks@gmail.com<\/span><\/p>\n","protected":false},"excerpt":{"rendered":"<p>Resumo A \u00e1rea cl\u00ednica da Farm\u00e1cia vem se desenvolvendo ao longo das \u00faltimas d\u00e9cadas em virtude da import\u00e2ncia de assegurar o tratamento certo, na dose correta, no tempo adequado, para determinado problema de sa\u00fade, ao menor custo poss\u00edvel. Isso caracteriza o uso racional de medicamentos. No \u00e2mbito hospitalar, \u00e9 imprescind\u00edvel garantir a seguran\u00e7a do paciente. &hellip; <\/p>\n<p><a class=\"more-link btn\" href=\"https:\/\/wp.ufpel.edu.br\/farmacia\/educacao-em-saude-e-servicos-clinicos-farmaceuticos-no-he-ufpel-ebserh\/\">Continue lendo<\/a><\/p>\n","protected":false},"author":222,"featured_media":0,"parent":0,"menu_order":0,"comment_status":"closed","ping_status":"closed","template":"","meta":{"jetpack_post_was_ever_published":false,"footnotes":""},"class_list":["post-2623","page","type-page","status-publish","hentry","nodate","item-wrap"],"jetpack_sharing_enabled":false,"jetpack_shortlink":"https:\/\/wp.me\/P6QO3Z-Gj","_links":{"self":[{"href":"https:\/\/wp.ufpel.edu.br\/farmacia\/wp-json\/wp\/v2\/pages\/2623","targetHints":{"allow":["GET"]}}],"collection":[{"href":"https:\/\/wp.ufpel.edu.br\/farmacia\/wp-json\/wp\/v2\/pages"}],"about":[{"href":"https:\/\/wp.ufpel.edu.br\/farmacia\/wp-json\/wp\/v2\/types\/page"}],"author":[{"embeddable":true,"href":"https:\/\/wp.ufpel.edu.br\/farmacia\/wp-json\/wp\/v2\/users\/222"}],"replies":[{"embeddable":true,"href":"https:\/\/wp.ufpel.edu.br\/farmacia\/wp-json\/wp\/v2\/comments?post=2623"}],"version-history":[{"count":2,"href":"https:\/\/wp.ufpel.edu.br\/farmacia\/wp-json\/wp\/v2\/pages\/2623\/revisions"}],"predecessor-version":[{"id":2626,"href":"https:\/\/wp.ufpel.edu.br\/farmacia\/wp-json\/wp\/v2\/pages\/2623\/revisions\/2626"}],"wp:attachment":[{"href":"https:\/\/wp.ufpel.edu.br\/farmacia\/wp-json\/wp\/v2\/media?parent=2623"}],"curies":[{"name":"wp","href":"https:\/\/api.w.org\/{rel}","templated":true}]}}