{"id":161,"date":"2018-11-14T16:09:26","date_gmt":"2018-11-14T18:09:26","guid":{"rendered":"https:\/\/wp.ufpel.edu.br\/famed\/?page_id=161"},"modified":"2025-04-16T15:24:33","modified_gmt":"2025-04-16T18:24:33","slug":"telefones","status":"publish","type":"page","link":"https:\/\/wp.ufpel.edu.br\/famed\/telefones\/","title":{"rendered":"Contatos"},"content":{"rendered":"<h1 style=\"text-align: center;\">Faculdade de Medicina, Psicologia e Terapia Ocupacional &#8211; FAMED\/UFPel<\/h1>\n<h3 style=\"text-align: center;\"><strong><span class=\"w8qArf\">Endere\u00e7o:\u00a0<\/span><span class=\"LrzXr\">Avenida Duque de Caxias, 250 &#8211; Fragata, Pelotas &#8211; RS, 96030-000\u00a0<\/span><\/strong><\/h3>\n<table style=\"width: 729px; height: 1176px;\" width=\"529\">\n<tbody>\n<tr style=\"height: 24px;\">\n<td style=\"width: 328px; text-align: center; height: 24px;\" width=\"205\"><strong>Setor<\/strong><\/td>\n<td style=\"width: 284px; text-align: center; height: 24px;\" width=\"197\"><strong>Local<\/strong><\/td>\n<td style=\"width: 73px; text-align: center; height: 24px;\" width=\"63\"><strong>Telefone<\/strong><\/td>\n<td style=\"width: 44px; text-align: center; height: 24px;\" width=\"64\"><strong>Ramal<\/strong><\/td>\n<\/tr>\n<tr style=\"height: 48px;\">\n<td style=\"width: 328px; text-align: center; height: 48px;\" width=\"205\">Dire\u00e7\u00e3o<\/td>\n<td style=\"width: 284px; text-align: center; height: 48px;\" width=\"197\">Faculdade de Medicina\/Pr\u00e9dio da Dire\u00e7\u00e3o<\/td>\n<td style=\"width: 73px; text-align: center; height: 48px;\" width=\"63\">32844101<\/td>\n<td style=\"width: 44px; text-align: center; height: 48px;\" width=\"64\">4101<\/td>\n<\/tr>\n<tr style=\"height: 48px;\">\n<td style=\"width: 328px; text-align: center; height: 48px;\" width=\"205\">Secretaria da Dire\u00e7\u00e3o<\/td>\n<td style=\"width: 284px; text-align: center; height: 48px;\" width=\"197\">Faculdade de Medicina\/Pr\u00e9dio da Dire\u00e7\u00e3o<\/td>\n<td style=\"width: 73px; text-align: center; height: 48px;\" width=\"63\">32844100<\/td>\n<td style=\"width: 44px; text-align: center; height: 48px;\" width=\"64\">4100<\/td>\n<\/tr>\n<tr style=\"height: 48px;\">\n<td style=\"width: 328px; text-align: center; height: 48px;\" width=\"205\">Colegiados<\/td>\n<td style=\"width: 284px; text-align: center; height: 48px;\" width=\"197\">Faculdade de Medicina\/Pr\u00e9dio da Dire\u00e7\u00e3o<\/td>\n<td style=\"width: 73px; text-align: center; height: 48px;\" width=\"63\">32844103<\/td>\n<td style=\"width: 44px; text-align: center; height: 48px;\" width=\"64\">4103<\/td>\n<\/tr>\n<tr style=\"height: 24px;\">\n<td style=\"width: 328px; text-align: center; height: 24px;\">COREME<\/td>\n<td style=\"width: 284px; text-align: center; height: 24px;\">Faculdade de Medicina\/Pr\u00e9dio da Dire\u00e7\u00e3o<\/td>\n<td style=\"width: 73px; text-align: center; height: 24px;\">32844102<\/td>\n<td style=\"width: 44px; text-align: center; height: 24px;\">4102<\/td>\n<\/tr>\n<tr style=\"height: 24px;\">\n<td style=\"width: 328px; text-align: center; height: 24px;\" width=\"205\">Biblioteca<\/td>\n<td style=\"width: 284px; text-align: center; height: 24px;\" width=\"197\">Faculdade de Medicina\/Pr\u00e9dio da Biblioteca<\/td>\n<td style=\"width: 73px; text-align: center; height: 24px;\" width=\"63\">32844115<\/td>\n<td style=\"width: 44px; text-align: center; height: 24px;\" width=\"64\">4115<\/td>\n<\/tr>\n<tr style=\"height: 24px;\">\n<td style=\"width: 328px; text-align: center; height: 24px;\" width=\"205\">Pediatria \/ Recep\u00e7\u00e3o<\/td>\n<td style=\"width: 284px; text-align: center; height: 24px;\" width=\"197\">Faculdade de Medicina\/Pr\u00e9dio da Biblioteca 2\u00ba andar<\/td>\n<td style=\"width: 73px; text-align: center; height: 24px;\" width=\"63\">32844900<\/td>\n<td style=\"width: 44px; text-align: center; height: 24px;\" width=\"64\">5233<\/td>\n<\/tr>\n<tr style=\"height: 24px;\">\n<td style=\"width: 328px; text-align: center; height: 24px;\" width=\"205\">Pediatria \/ Assistente Social<\/td>\n<td style=\"width: 284px; text-align: center; height: 24px;\" width=\"197\">Faculdade de Medicina\/Pr\u00e9dio da Biblioteca 2\u00ba andar<\/td>\n<td style=\"width: 73px; text-align: center; height: 24px;\" width=\"63\">32844104<\/td>\n<td style=\"width: 44px; text-align: center; height: 24px;\" width=\"64\">4104<\/td>\n<\/tr>\n<tr style=\"height: 24px;\">\n<td style=\"width: 328px; text-align: center; height: 24px;\" width=\"205\">Ginecologia \/ Recep\u00e7\u00e3o<\/td>\n<td style=\"width: 284px; text-align: center; height: 24px;\" width=\"197\">Faculdade de Medicina\/Pr\u00e9dio da Biblioteca 2\u00ba andar<\/td>\n<td style=\"width: 73px; text-align: center; height: 24px;\" width=\"63\">32844900<\/td>\n<td style=\"width: 44px; text-align: center; height: 24px;\" width=\"64\">5231<\/td>\n<\/tr>\n<tr style=\"height: 24px;\">\n<td style=\"width: 328px; text-align: center; height: 24px;\" width=\"205\">Apoio \u2013 Salas de Aula \/ Anfiteatro<\/td>\n<td style=\"width: 284px; text-align: center; height: 24px;\" width=\"197\">Faculdade de Medicina\/Pr\u00e9dio da Biblioteca 3\u00ba andar<\/td>\n<td style=\"width: 73px; text-align: center; height: 24px;\" width=\"63\">32844105<\/td>\n<td style=\"width: 44px; text-align: center; height: 24px;\" width=\"64\">4105<\/td>\n<\/tr>\n<tr style=\"height: 48px;\">\n<td style=\"width: 328px; text-align: center; height: 48px;\" width=\"205\">\u00a0Departamento de Sa\u00fade Mental\/Secretaria Acad\u00eamica<\/td>\n<td style=\"width: 284px; text-align: center; height: 48px;\" width=\"197\">Faculdade de Medicina\/Pr\u00e9dio da Biblioteca 2\u00ba andar<\/td>\n<td style=\"width: 73px; text-align: center; height: 48px;\" width=\"63\">32844106<\/td>\n<td style=\"width: 44px; text-align: center; height: 48px;\" width=\"64\">4106<\/td>\n<\/tr>\n<tr style=\"height: 24px;\">\n<td style=\"width: 328px; text-align: center; height: 24px;\" width=\"205\">Departamento de Sa\u00fade Mental \/ Recep\u00e7\u00e3o<\/td>\n<td style=\"width: 284px; text-align: center; height: 24px;\" width=\"197\">Faculdade de Medicina\/Pr\u00e9dio da Biblioteca 2\u00ba andar<\/td>\n<td style=\"width: 73px; text-align: center; height: 24px;\" width=\"63\">32844107<\/td>\n<td style=\"width: 44px; text-align: center; height: 24px;\" width=\"64\">4107<\/td>\n<\/tr>\n<tr style=\"height: 24px;\">\n<td style=\"width: 328px; text-align: center; height: 24px;\" width=\"205\">Departamento de Medicina Social<\/td>\n<td style=\"width: 284px; text-align: center; height: 24px;\" width=\"197\">Faculdade de Medicina\/Pr\u00e9dio da Biblioteca 3\u00ba andar<\/td>\n<td style=\"width: 73px; text-align: center; height: 24px;\" width=\"63\">32844119<\/td>\n<td style=\"width: 44px; text-align: center; height: 24px;\" width=\"64\">4119<\/td>\n<\/tr>\n<tr style=\"height: 24px;\">\n<td style=\"width: 328px; text-align: center; height: 24px;\" width=\"205\">Departamento de Medicina Social<\/td>\n<td style=\"width: 284px; text-align: center; height: 24px;\" width=\"197\">Faculdade de Medicina\/Pr\u00e9dio da Biblioteca 3\u00ba andar<\/td>\n<td style=\"width: 73px; text-align: center; height: 24px;\" width=\"63\">32844120<\/td>\n<td style=\"width: 44px; text-align: center; height: 24px;\" width=\"64\">4120<\/td>\n<\/tr>\n<tr style=\"height: 24px;\">\n<td style=\"width: 328px; text-align: center; height: 24px;\" width=\"205\">Medicina Especializada<\/td>\n<td style=\"width: 284px; text-align: center; height: 24px;\" width=\"197\">Faculdade de Medicina\/Pr\u00e9dio da Biblioteca<\/td>\n<td style=\"width: 73px; text-align: center; height: 24px;\" width=\"63\">32844108<\/td>\n<td style=\"width: 44px; text-align: center; height: 24px;\" width=\"64\">4108<\/td>\n<\/tr>\n<tr style=\"height: 48px;\">\n<td style=\"width: 328px; text-align: center; height: 48px;\">Otorrino e Oftalmo<\/td>\n<td style=\"width: 284px; text-align: center; height: 48px;\">Faculdade de Medicina\/Pr\u00e9dio da Biblioteca<\/td>\n<td style=\"width: 73px; text-align: center; height: 48px;\" width=\"63\">32844900<\/td>\n<td style=\"width: 44px; text-align: center; height: 48px;\" width=\"64\">5234<\/td>\n<\/tr>\n<tr style=\"height: 24px;\">\n<td style=\"width: 328px; text-align: center; height: 24px;\" width=\"205\">Portaria<\/td>\n<td style=\"width: 284px; text-align: center; height: 24px;\" width=\"197\">Faculdade de Medicina\/Portaria<\/td>\n<td style=\"width: 73px; text-align: center; height: 24px;\" width=\"63\">32844109<\/td>\n<td style=\"width: 44px; text-align: center; height: 24px;\" width=\"64\">4109<\/td>\n<\/tr>\n<tr style=\"height: 24px;\">\n<td style=\"width: 328px; text-align: center; height: 24px;\" width=\"205\">\u00a0Ambulat\u00f3rio \/ Recep\u00e7\u00e3o<\/td>\n<td style=\"width: 284px; text-align: center; height: 24px;\" width=\"197\">Ambulat\u00f3rio Central<\/td>\n<td style=\"width: 73px; text-align: center; height: 24px;\" width=\"63\">32844900<\/td>\n<td style=\"width: 44px; text-align: center; height: 24px;\" width=\"64\">5221<\/td>\n<\/tr>\n<tr style=\"height: 24px;\">\n<td style=\"width: 328px; text-align: center; height: 24px;\" width=\"205\">\u00a0Ambulat\u00f3rio \/ Recep\u00e7\u00e3o<\/td>\n<td style=\"width: 284px; text-align: center; height: 24px;\" width=\"197\">Ambulat\u00f3rio Central<\/td>\n<td style=\"width: 73px; text-align: center; height: 24px;\" width=\"63\">32844900<\/td>\n<td style=\"width: 44px; text-align: center; height: 24px;\" width=\"64\">5222<\/td>\n<\/tr>\n<tr style=\"height: 24px;\">\n<td style=\"width: 328px; text-align: center; height: 24px;\" width=\"205\">\u00a0Ambulat\u00f3rio \/ Farm\u00e1cia<\/td>\n<td style=\"width: 284px; text-align: center; height: 24px;\" width=\"197\">Ambulat\u00f3rio Central<\/td>\n<td style=\"width: 73px; text-align: center; height: 24px;\" width=\"63\">32844900<\/td>\n<td style=\"width: 44px; text-align: center; height: 24px;\" width=\"64\">5223<\/td>\n<\/tr>\n<tr style=\"height: 24px;\">\n<td style=\"width: 328px; text-align: center; height: 24px;\" width=\"205\">Ambulat\u00f3rio \/ Administra\u00e7\u00e3o<\/td>\n<td style=\"width: 284px; text-align: center; height: 24px;\" width=\"197\">Ambulat\u00f3rio Central<\/td>\n<td style=\"width: 73px; text-align: center; height: 24px;\" width=\"63\">32844900<\/td>\n<td style=\"width: 44px; text-align: center; height: 24px;\" width=\"64\">5225<\/td>\n<\/tr>\n<tr style=\"height: 24px;\">\n<td style=\"width: 328px; text-align: center; height: 24px;\" width=\"205\">Ambulat\u00f3rio \/ Neurodesenvolvimento<\/td>\n<td style=\"width: 284px; text-align: center; height: 24px;\" width=\"197\">Ambulat\u00f3rio Central<\/td>\n<td style=\"width: 73px; text-align: center; height: 24px;\" width=\"63\">32844900<\/td>\n<td style=\"width: 44px; text-align: center; height: 24px;\" width=\"64\">5226<\/td>\n<\/tr>\n<tr style=\"height: 24px;\">\n<td style=\"width: 328px; text-align: center; height: 24px;\" width=\"205\">\u00a0SAE \/ Recep\u00e7\u00e3o<\/td>\n<td style=\"width: 284px; text-align: center; height: 24px;\" width=\"197\">Ambulat\u00f3rio Central<\/td>\n<td style=\"width: 73px; text-align: center; height: 24px;\" width=\"63\">32844900<\/td>\n<td style=\"width: 44px; text-align: center; height: 24px;\" width=\"64\">5224<\/td>\n<\/tr>\n<tr style=\"height: 24px;\">\n<td style=\"width: 328px; text-align: center; height: 24px;\" width=\"205\">\u00a0SAE \/ Enfermagem<\/td>\n<td style=\"width: 284px; text-align: center; height: 24px;\" width=\"197\">Ambulat\u00f3rio Central<\/td>\n<td style=\"width: 73px; text-align: center; height: 24px;\" width=\"63\">32844900<\/td>\n<td style=\"width: 44px; text-align: center; height: 24px;\" width=\"64\">5228<\/td>\n<\/tr>\n<tr style=\"height: 24px;\">\n<td style=\"width: 328px; text-align: center; height: 24px;\" width=\"205\">SAE \/ Assist\u00eancia Social<\/td>\n<td style=\"width: 284px; text-align: center; height: 24px;\" width=\"197\">Ambulat\u00f3rio Central<\/td>\n<td style=\"width: 73px; text-align: center; height: 24px;\" width=\"63\">32844900<\/td>\n<td style=\"width: 44px; text-align: center; height: 24px;\" width=\"64\">5229<\/td>\n<\/tr>\n<tr style=\"height: 24px;\">\n<td style=\"width: 328px; text-align: center; height: 24px;\" width=\"205\">CAMMI<\/td>\n<td style=\"width: 284px; text-align: center; height: 24px;\" width=\"197\">Ambulat\u00f3rio Central<\/td>\n<td style=\"width: 73px; text-align: center; height: 24px;\" width=\"63\">32844900<\/td>\n<td style=\"width: 44px; text-align: center; height: 24px;\" width=\"64\">5227<\/td>\n<\/tr>\n<tr style=\"height: 48px;\">\n<td style=\"width: 328px; text-align: center; height: 48px;\" width=\"205\">FAMED \/ Servi\u00e7o Escola de Psicologia (SEP)<\/td>\n<td style=\"width: 284px; text-align: center; height: 48px;\" width=\"197\">Amilcar Gigante<\/td>\n<td style=\"width: 73px; text-align: center; height: 48px;\" width=\"63\">32843286<\/td>\n<td style=\"width: 44px; text-align: center; height: 48px;\" width=\"64\">3286<\/td>\n<\/tr>\n<tr style=\"height: 48px;\">\n<td style=\"width: 328px; text-align: center; height: 48px;\" width=\"205\">FAMED \/ Ambulat\u00f3rio de Cuidados Paliativos<\/td>\n<td style=\"width: 284px; text-align: center; height: 48px;\" width=\"197\">Antiga Laneira<\/td>\n<td style=\"width: 73px; text-align: center; height: 48px;\" width=\"63\">32843282<\/td>\n<td style=\"width: 44px; text-align: center; height: 48px;\" width=\"64\">3282<\/td>\n<\/tr>\n<tr style=\"height: 24px;\">\n<td style=\"width: 328px; text-align: center; height: 24px;\" width=\"205\">UBS Areal Leste \/ Atendimento<\/td>\n<td style=\"width: 284px; text-align: center; height: 24px;\" width=\"197\">Av. Domingos de Almeida, 4265<\/td>\n<td style=\"width: 73px; text-align: center; height: 24px;\" width=\"63\">32844334<\/td>\n<td style=\"width: 44px; text-align: center; height: 24px;\" width=\"64\">4334<\/td>\n<\/tr>\n<tr style=\"height: 24px;\">\n<td style=\"width: 328px; text-align: center; height: 24px;\" width=\"205\">UBS Areal Leste \/ Sala dos Orientadores<\/td>\n<td style=\"width: 284px; text-align: center; height: 24px;\" width=\"197\">Av. Domingos de Almeida, 4265<\/td>\n<td style=\"width: 73px; text-align: center; height: 24px;\" width=\"63\">32844335<\/td>\n<td style=\"width: 44px; text-align: center; height: 24px;\" width=\"64\">4335<\/td>\n<\/tr>\n<tr style=\"height: 48px;\">\n<td style=\"width: 328px; text-align: center; height: 48px;\" width=\"205\">UBS Centro Social Urbano (CSU) \/ Atendimento<\/td>\n<td style=\"width: 284px; text-align: center; height: 48px;\" width=\"197\">Rua Guararapes, 50 A<\/td>\n<td style=\"width: 73px; text-align: center; height: 48px;\" width=\"63\">32844336<\/td>\n<td style=\"width: 44px; text-align: center; height: 48px;\" width=\"64\">4336<\/td>\n<\/tr>\n<tr style=\"height: 24px;\">\n<td style=\"width: 328px; text-align: center; height: 24px;\" width=\"205\">UBS Vila Municipal \/ Atendimento<\/td>\n<td style=\"width: 284px; text-align: center; height: 24px;\" width=\"197\">Rua Luciano Galete, 600<\/td>\n<td style=\"width: 73px; text-align: center; height: 24px;\" width=\"63\">32844338<\/td>\n<td style=\"width: 44px; text-align: center; height: 24px;\" width=\"64\">4338<\/td>\n<\/tr>\n<tr style=\"height: 24px;\">\n<td style=\"width: 328px; text-align: center; height: 24px;\" width=\"205\">UBS Vila Municipal \/ Atendimento<\/td>\n<td style=\"width: 284px; text-align: center; height: 24px;\" width=\"197\">Rua Luciano Galete, 600<\/td>\n<td style=\"width: 73px; text-align: center; height: 24px;\" width=\"63\">32844338<\/td>\n<td style=\"width: 44px; text-align: center; height: 24px;\" width=\"64\">4338<\/td>\n<\/tr>\n<\/tbody>\n<\/table>\n<h4><\/h4>\n<table style=\"width: 728px; height: 486px;\" width=\"555\">\n<tbody>\n<tr>\n<td style=\"width: 748px; text-align: center;\" colspan=\"2\" width=\"555\"><strong>E-mails da Faculdade de Medicina\/FAMED\/UFPel<\/strong><\/td>\n<\/tr>\n<tr>\n<td style=\"width: 370px;\" width=\"295\">Dire\u00e7\u00e3o<\/td>\n<td style=\"width: 378px;\">famed@ufpel.edu.br<\/td>\n<\/tr>\n<tr>\n<td style=\"width: 370px;\">N\u00facleo Administrativo<\/td>\n<td style=\"width: 378px;\">nadm.famed@ufpel.edu.br<\/td>\n<\/tr>\n<tr>\n<td style=\"width: 370px;\" width=\"295\">Colegiado de Medicina<\/td>\n<td style=\"width: 378px;\" width=\"260\">famedcol@ufpel.edu.br<\/td>\n<\/tr>\n<tr>\n<td style=\"width: 370px;\" width=\"295\">Colegiado de Psicologia<\/td>\n<td style=\"width: 378px;\" width=\"260\">psicologia.ufpel@gmail.com<\/td>\n<\/tr>\n<tr>\n<td style=\"width: 370px;\" width=\"295\">Colegiado de Terapia Ocupacional<\/td>\n<td style=\"width: 378px;\" width=\"260\">terapia.ocupacional@ufpel.edu.br<\/td>\n<\/tr>\n<tr>\n<td style=\"width: 370px;\" width=\"295\">Secretaria PPGEpi<\/td>\n<td style=\"width: 378px;\" width=\"260\">ppgepi@ufpel.edu.br<\/td>\n<\/tr>\n<tr>\n<td style=\"width: 370px;\" width=\"295\">Departamento de Medicina Social<\/td>\n<td style=\"width: 378px;\" width=\"260\">dms.famed@gmail.com<\/td>\n<\/tr>\n<tr>\n<td style=\"width: 370px;\" width=\"295\">Departamento de Sa\u00fade Mental<\/td>\n<td style=\"width: 378px;\" width=\"260\">dsm.ufpel@gmail.com<\/td>\n<\/tr>\n<tr>\n<td style=\"width: 370px;\" width=\"295\">Departamento de Cirurgia Geral<\/td>\n<td style=\"width: 378px;\" width=\"260\">dcg@ufpel.edu.br<\/td>\n<\/tr>\n<tr>\n<td style=\"width: 370px;\" width=\"295\">Departamento de Cl\u00ednica M\u00e9dica<\/td>\n<td style=\"width: 378px;\" width=\"260\">dep.clinicamedica@ufpel.edu.br<\/td>\n<\/tr>\n<tr>\n<td style=\"width: 370px;\" width=\"295\">Departamento de Medicina Materno Infantil<\/td>\n<td style=\"width: 378px;\" width=\"260\">dmi@ufpel.edu.br<\/td>\n<\/tr>\n<tr>\n<td style=\"width: 370px;\" width=\"295\">Departamento de Medicina Especializada<\/td>\n<td style=\"width: 378px;\" width=\"260\">dmesp@ufpel.edu.br<\/td>\n<\/tr>\n<tr>\n<td style=\"width: 370px;\" width=\"295\">Comiss\u00e3o de Resid\u00eancia M\u00e9dica<\/td>\n<td style=\"width: 378px;\" width=\"260\">coreme@ufpel.edu.br<\/td>\n<\/tr>\n<tr>\n<td style=\"width: 370px;\" width=\"295\">Apoio &#8211; Salas de Aula \/ Anfiteatro<\/td>\n<td style=\"width: 378px;\">apoiofamed@ufpel.edu.br<\/td>\n<\/tr>\n<\/tbody>\n<\/table>\n<p>&nbsp;<\/p>\n<p>&nbsp;<\/p>\n<h4 style=\"text-align: center;\"><a href=\"https:\/\/www.google.com\/maps\/place\/Av.+Duque+de+Caxias,+250+-+COHAB+Guabiroba,+Pelotas+-+RS,+96050-500\/@-31.7603809,-52.3618473,3a,75y,352.51h,90t\/data=!3m6!1e1!3m4!1sEQrLlwY-YGcBaEbK3QKeQQ!2e0!7i13312!8i6656!4m13!1m7!3m6!1s0x9511ca81e2346a2b:0xd18e17bcc93d60e7!2sAv.+Duque+de+Caxias,+250+-+COHAB+Guabiroba,+Pelotas+-+RS,+96050-500!3b1!8m2!3d-31.7591008!4d-52.3619261!3m4!1s0x9511ca81e2346a2b:0xd18e17bcc93d60e7!8m2!3d-31.7591008!4d-52.3619261\"><img class=\"alignnone size-medium wp-image-684\" src=\"https:\/\/wp.ufpel.edu.br\/famed\/files\/2019\/03\/Famed-Localiza\u00e7\u00e3o-400x197.png\" alt=\"\" width=\"400\" height=\"197\" srcset=\"https:\/\/wp.ufpel.edu.br\/famed\/files\/2019\/03\/Famed-Localiza\u00e7\u00e3o-400x197.png 400w, https:\/\/wp.ufpel.edu.br\/famed\/files\/2019\/03\/Famed-Localiza\u00e7\u00e3o-768x378.png 768w, https:\/\/wp.ufpel.edu.br\/famed\/files\/2019\/03\/Famed-Localiza\u00e7\u00e3o-1024x504.png 1024w, https:\/\/wp.ufpel.edu.br\/famed\/files\/2019\/03\/Famed-Localiza\u00e7\u00e3o.png 1267w\" sizes=\"(max-width: 400px) 100vw, 400px\" \/><\/a><\/h4>\n<p style=\"text-align: center;\">Localiza\u00e7\u00e3o: <a href=\"https:\/\/www.google.com\/maps\/place\/Av.+Duque+de+Caxias,+250+-+COHAB+Guabiroba,+Pelotas+-+RS,+96050-500\/@-31.7604518,-52.3616853,3a,75y,352.51h,90t\/data=!3m7!1e1!3m5!1s0aw3j4MpiZ7dhcG19US4RQ!2e0!6s%2F%2Fgeo0.ggpht.com%2Fcbk%3Fpanoid%3D0aw3j4MpiZ7dhcG19US4RQ%26output%3Dthumbnail%26cb_client%3Dsearch.TACTILE.gps%26thumb%3D2%26w%3D86%26h%3D86%26yaw%3D352.50757%26pitch%3D0%26thumbfov%3D100!7i13312!8i6656!4m13!1m7!3m6!1s0x9511ca81e2346a2b:0xd18e17bcc93d60e7!2sAv.+Duque+de+Caxias,+250+-+COHAB+Guabiroba,+Pelotas+-+RS,+96050-500!3b1!8m2!3d-31.7591008!4d-52.3619261!3m4!1s0x9511ca81e2346a2b:0xd18e17bcc93d60e7!8m2!3d-31.7591008!4d-52.3619261\">FAMED\/UFPel &#8211; Google Maps<\/a><\/p>\n<h4 style=\"text-align: center;\"><\/h4>\n","protected":false},"excerpt":{"rendered":"<p>Faculdade de Medicina, Psicologia e Terapia Ocupacional &#8211; FAMED\/UFPel Endere\u00e7o:\u00a0Avenida Duque de Caxias, 250 &#8211; Fragata, Pelotas &#8211; RS, 96030-000\u00a0 Setor Local Telefone Ramal Dire\u00e7\u00e3o Faculdade de Medicina\/Pr\u00e9dio da Dire\u00e7\u00e3o 32844101 4101 Secretaria da Dire\u00e7\u00e3o Faculdade de Medicina\/Pr\u00e9dio da Dire\u00e7\u00e3o 32844100 4100 Colegiados Faculdade de Medicina\/Pr\u00e9dio da Dire\u00e7\u00e3o 32844103 4103 COREME Faculdade de Medicina\/Pr\u00e9dio da [&hellip;]<\/p>\n","protected":false},"author":166,"featured_media":0,"parent":0,"menu_order":0,"comment_status":"closed","ping_status":"closed","template":"","meta":{"jetpack_post_was_ever_published":false,"footnotes":""},"class_list":["post-161","page","type-page","status-publish","hentry"],"jetpack_sharing_enabled":true,"jetpack_shortlink":"https:\/\/wp.me\/P8YhqL-2B","_links":{"self":[{"href":"https:\/\/wp.ufpel.edu.br\/famed\/wp-json\/wp\/v2\/pages\/161","targetHints":{"allow":["GET"]}}],"collection":[{"href":"https:\/\/wp.ufpel.edu.br\/famed\/wp-json\/wp\/v2\/pages"}],"about":[{"href":"https:\/\/wp.ufpel.edu.br\/famed\/wp-json\/wp\/v2\/types\/page"}],"author":[{"embeddable":true,"href":"https:\/\/wp.ufpel.edu.br\/famed\/wp-json\/wp\/v2\/users\/166"}],"replies":[{"embeddable":true,"href":"https:\/\/wp.ufpel.edu.br\/famed\/wp-json\/wp\/v2\/comments?post=161"}],"version-history":[{"count":37,"href":"https:\/\/wp.ufpel.edu.br\/famed\/wp-json\/wp\/v2\/pages\/161\/revisions"}],"predecessor-version":[{"id":3911,"href":"https:\/\/wp.ufpel.edu.br\/famed\/wp-json\/wp\/v2\/pages\/161\/revisions\/3911"}],"wp:attachment":[{"href":"https:\/\/wp.ufpel.edu.br\/famed\/wp-json\/wp\/v2\/media?parent=161"}],"curies":[{"name":"wp","href":"https:\/\/api.w.org\/{rel}","templated":true}]}}