{"id":2408,"date":"2018-12-10T11:24:37","date_gmt":"2018-12-10T13:24:37","guid":{"rendered":"https:\/\/wp.ufpel.edu.br\/faem\/?page_id=2408"},"modified":"2018-12-14T13:39:52","modified_gmt":"2018-12-14T15:39:52","slug":"atas-cd-faem-2015","status":"publish","type":"page","link":"https:\/\/wp.ufpel.edu.br\/faem\/atas-cd-faem-2015\/","title":{"rendered":"Atas CD FAEM &#8211; 2015"},"content":{"rendered":"<p>Atas das reuni\u00f5es do Conselho Departamental da FAEM em 2015:<\/p>\n<p><a href=\"https:\/\/wp.ufpel.edu.br\/faem\/files\/2018\/12\/ATA-01.2015-Reuni\u00e3o-CD.pdf\">Ata Reuni\u00e3o CD 01.2015<\/a><\/p>\n<p><a href=\"https:\/\/wp.ufpel.edu.br\/faem\/files\/2018\/12\/ATA-02.2015-Reuni\u00e3o-CD.pdf\">Ata Reuni\u00e3o CD 02.2015<\/a><\/p>\n<p><a href=\"https:\/\/wp.ufpel.edu.br\/faem\/files\/2018\/12\/ATA-03.2015-Reuni\u00e3o-CD.pdf\">Ata Reuni\u00e3o CD 03.2015<\/a><\/p>\n<p><a href=\"https:\/\/wp.ufpel.edu.br\/faem\/files\/2018\/12\/ATA-04.2015-Reuni\u00e3o-CD.pdf\">Ata Reuni\u00e3o CD 04.2015<\/a><\/p>\n<p><a href=\"https:\/\/wp.ufpel.edu.br\/faem\/files\/2018\/12\/ATA-05.2015-Reuni\u00e3o-CD.pdf\">Ata Reuni\u00e3o CD 05.2015<\/a><\/p>\n<p><a href=\"https:\/\/wp.ufpel.edu.br\/faem\/files\/2018\/12\/ATA-06.2015-Reuni\u00e3o-CD.pdf\">Ata Reuni\u00e3o CD 06.2015<\/a><\/p>\n<p><a href=\"https:\/\/wp.ufpel.edu.br\/faem\/files\/2018\/12\/ATA-07.2015-Reuni\u00e3o-CD.RAAD_.pdf\">Ata Reuni\u00e3o CD 07.2015<\/a><\/p>\n<p><a href=\"https:\/\/wp.ufpel.edu.br\/faem\/files\/2018\/12\/ATA-08.2015-Reuni\u00e3o-CD.pdf\">Ata Reuni\u00e3o CD 08.2015<\/a><\/p>\n<p><a href=\"https:\/\/wp.ufpel.edu.br\/faem\/files\/2018\/12\/ATA-11.2015-Reuni\u00e3o-CD.pdf\">Ata Reuni\u00e3o CD 11.2015<\/a><\/p>\n<p><a href=\"https:\/\/wp.ufpel.edu.br\/faem\/files\/2018\/12\/ATA-12.2015-Reuni\u00e3o-CD.EXTRAORDIN\u00c1RIA.pdf\">Ata Reuni\u00e3o CD 12.2015<\/a><\/p>\n<p><a href=\"https:\/\/wp.ufpel.edu.br\/faem\/files\/2018\/12\/ATA-13.2015-Reuni\u00e3o-CD.corrigida.pdf\">Ata Reuni\u00e3o CD 13.2015<\/a><\/p>\n","protected":false},"excerpt":{"rendered":"<p>Atas das reuni\u00f5es do Conselho Departamental da FAEM em 2015: Ata Reuni\u00e3o CD 01.2015 Ata Reuni\u00e3o CD 02.2015 Ata Reuni\u00e3o CD 03.2015 Ata Reuni\u00e3o CD 04.2015 Ata Reuni\u00e3o CD 05.2015 Ata Reuni\u00e3o CD 06.2015 Ata Reuni\u00e3o CD 07.2015 Ata Reuni\u00e3o CD 08.2015 Ata Reuni\u00e3o CD 11.2015 Ata Reuni\u00e3o CD 12.2015 Ata Reuni\u00e3o CD 13.2015<\/p>\n","protected":false},"author":235,"featured_media":0,"parent":0,"menu_order":0,"comment_status":"closed","ping_status":"closed","template":"","meta":{"footnotes":""},"class_list":["post-2408","page","type-page","status-publish","hentry"],"jetpack_sharing_enabled":true,"_links":{"self":[{"href":"https:\/\/wp.ufpel.edu.br\/faem\/wp-json\/wp\/v2\/pages\/2408","targetHints":{"allow":["GET"]}}],"collection":[{"href":"https:\/\/wp.ufpel.edu.br\/faem\/wp-json\/wp\/v2\/pages"}],"about":[{"href":"https:\/\/wp.ufpel.edu.br\/faem\/wp-json\/wp\/v2\/types\/page"}],"author":[{"embeddable":true,"href":"https:\/\/wp.ufpel.edu.br\/faem\/wp-json\/wp\/v2\/users\/235"}],"replies":[{"embeddable":true,"href":"https:\/\/wp.ufpel.edu.br\/faem\/wp-json\/wp\/v2\/comments?post=2408"}],"version-history":[{"count":3,"href":"https:\/\/wp.ufpel.edu.br\/faem\/wp-json\/wp\/v2\/pages\/2408\/revisions"}],"predecessor-version":[{"id":2555,"href":"https:\/\/wp.ufpel.edu.br\/faem\/wp-json\/wp\/v2\/pages\/2408\/revisions\/2555"}],"wp:attachment":[{"href":"https:\/\/wp.ufpel.edu.br\/faem\/wp-json\/wp\/v2\/media?parent=2408"}],"curies":[{"name":"wp","href":"https:\/\/api.w.org\/{rel}","templated":true}]}}