{"id":288,"date":"2014-01-16T20:46:12","date_gmt":"2014-01-16T22:46:12","guid":{"rendered":"https:\/\/wp.ufpel.edu.br\/fae\/?page_id=288"},"modified":"2021-05-27T11:19:20","modified_gmt":"2021-05-27T14:19:20","slug":"breve-historico","status":"publish","type":"page","link":"https:\/\/wp.ufpel.edu.br\/fae\/breve-historico\/","title":{"rendered":"Breve Hist\u00f3rico"},"content":{"rendered":"<p>A Faculdade de Educa\u00e7\u00e3o da UFPel<\/p>\n<p>Foi criada em 05 DE JULHO DE 1976, Portaria n\u00ba 218\/76-Gabinete do Reitor, Prof. Delfim Mendes Silveira \u2013 Reitor da UFPel. Reconhecida pela Portaria n\u00ba 092 de 08 de mar\u00e7o de 1984, pelo MEC Atendendo, inicialmente \u00e0 forma\u00e7\u00e3o pedag\u00f3gica dos Cursos de Licenciatura que iam sendo criados na UFPel. Ministrava, ainda, um curso de Aperfei\u00e7oamento (P\u00f3s-Gradua\u00e7\u00e3o\u00a0<em>Lato Sensu<\/em>) que atendia uma demanda oriunda do Sistema de Ensino de 1\u00ba e 2\u00ba Graus e da pr\u00f3pria Universidade, transformado, ap\u00f3s dois anos, em Curso de Especializa\u00e7\u00e3o.<\/p>\n<p>Ainda durante aqueles primeiro anos, a FaE desenvolveu um programa de cursos de forma\u00e7\u00e3o de professores em n\u00edvel de gradua\u00e7\u00e3o, de car\u00e1ter tempor\u00e1rio, e que respondeu a necessidades provenientes das redes p\u00fablicas. Tais foram os cursos de \u201cEsquema I, Licenciatura em Ci\u00eancias e Matem\u00e1tica\u201d (conv\u00eanio CECIRS\/RS) e Alfabetiza\u00e7\u00e3o (conv\u00eanio PRODERF), este \u00faltimo em n\u00edvel de Aperfei\u00e7oamento. Esses cursos, especialmente por seu car\u00e1ter inovador, provocaram intensa reflex\u00e3o pedag\u00f3gica, consolidando uma posi\u00e7\u00e3o de refer\u00eancia da FaE, tanto em n\u00edvel regional como no \u00e2mbito da pr\u00f3pria Universidade.<\/p>\n<p>Em 1978, numa atitude pioneira, a FaE criou o Curso de Pedagogia com Habilita\u00e7\u00e3o em S\u00e9ries Iniciais. Curso Reconhecido pela Portaria n\u00ba092 de 08 de mar\u00e7o de 1984 \u2013 publicada no D.O.U. 09\/03\/194. Esta iniciativa buscava responder \u00e0s demandas regionais de capacita\u00e7\u00e3o e valoriza\u00e7\u00e3o de professores alfabetizadores e de s\u00e9ries iniciais e completava, em certo sentido, o esfor\u00e7o inicial realizado com o Curso de Especializa\u00e7\u00e3o.<\/p>\n<p>Em 1995, criou-se o Programa de Forma\u00e7\u00e3o de Professores em Servi\u00e7o, onde qualificou todos os professores provenientes de Pelotas e de outros oito munic\u00edpios da regi\u00e3o: Pelotas, Cangu\u00e7u, S\u00e3o Louren\u00e7o do Sul, Arroio Grande, Jaguar\u00e3o.<\/p>\n<p>Atualmente a FaE conta com um corpo docente de 54 professores para atender tanto seus pr\u00f3prios Cursos quanto os Cursos desenvolvidos em outras Unidades da UFPel. A institui\u00e7\u00e3o possui 52 doutores e 2 mestres.<\/p>\n<p>A Unidade conta com duas modalidades de Programa de P\u00f3s-Gradua\u00e7\u00e3o\u00a0<em>Stricto Sensu<\/em>:\u00a0<strong>\u00a0Acad\u00eamico e Profissional.\u00a0<\/strong>No acad\u00eamico\u00a0&#8211; mestrado e doutorado; no Profissional mestrado Profissional em Ensino de Ci\u00eancias e Matem\u00e1tica. \u00a0O acad\u00eamico estabelecido e reconhecido nacionalmente, com conceito 5 na CAPES; o profissional em processo de implementa\u00e7\u00e3o e crescimento. Desde mar\u00e7o de 1995, oferece o programa\u00a0<em>Lato Sensu,\u00a0<\/em>atrav\u00e9s do Curso de Especializa\u00e7\u00e3o nas \u00e1reas de: Educa\u00e7\u00e3o Infantil, Libras e Gest\u00e3o. \u00a0Todos estes cursos nasceram como consequ\u00eancia da experi\u00eancia e amadurecimento alcan\u00e7ados nas pr\u00e1ticas pedag\u00f3gicas e de pesquisa desenvolvidas pelos professores ao longo desses anos.<\/p>\n<p><strong>Apresenta\u00e7\u00e3o<\/strong><\/p>\n<p>a) Ensino<br \/>\nA Faculdade \u00e9 respons\u00e1vel por um curso de gradua\u00e7\u00e3o de Pedagogia, com habilita\u00e7\u00e3o em s\u00e9ries iniciais e dois de p\u00f3s-gradua\u00e7\u00e3o, um em n\u00edvel de especializa\u00e7\u00e3o e outro em n\u00edvel de mestrado e doutorado em Educa\u00e7\u00e3o. \u00c9 tamb\u00e9m respons\u00e1vel pela parte de forma\u00e7\u00e3o pedag\u00f3gica de 23 cursos da Universidade e por disciplinas vinculadas a seis cursos de p\u00f3s-gradua\u00e7\u00e3o, tais como Introdu\u00e7\u00e3o \u00e0 Pesquisa, Metodologia Cient\u00edfica e Metodologia do Ensino Superior.<\/p>\n<p>Desde o ano de 1998 a FaE vem investindo de forma especial na \u00e1rea de gradua\u00e7\u00e3o abrindo um programa especial de forma\u00e7\u00e3o de professores em exerc\u00edcio nas s\u00e9ries iniciais, Pelotas, Cangu\u00e7u, S\u00e3o Louren\u00e7o. Em 2001, este programa foi ampliado com a inclus\u00e3o de mais duas turmas, uma em Arroio Grande e outra em Jaguar\u00e3o. Com mais 170 alunos.<\/p>\n<p>b) Pesquisa e Extens\u00e3o<br \/>\nAs atividades de pesquisa e de extens\u00e3o da FaE foram executadas atrav\u00e9s de projetos financiados pelo CNPq e FAPERGS os quais resultaram em trabalhos publicados e participa\u00e7\u00f5es em eventos cient\u00edficos. Como toda a universidade, a FaE ressente-se de uma melhor infra-estrutura f\u00edsica e de for\u00e7a de trabalho consent\u00e2nea com as ambi\u00e7\u00f5es que nossos pesquisadores possuem em termos de novos projetos de pesquisa e de novas \u00e1reas de atua\u00e7\u00e3o.<\/p>\n<p>&nbsp;<\/p>\n<p><strong>Dire\u00e7\u00e3o \u00a0 \u00a0<\/strong><\/p>\n<ul class=\"dados-cobalto cobalto-chefias-unidade\"><li><span class=\"cobalto-label\">Diretora<\/span><a href=\"https:\/\/institucional.ufpel.edu.br\/servidores\/id\/27945\">GILSENIRA DE ALCINO RANGEL<\/a><\/li><li><span class=\"cobalto-label\">Vice-Diretora<\/span><a href=\"https:\/\/institucional.ufpel.edu.br\/servidores\/id\/31525\">LILIAN LORENZATO RODRIGUEZ<\/a><\/li><\/ul><p class=\"dados-cobalto cobalto-endereco-unidade\"><span class=\"cobalto-label\">Endere\u00e7o<\/span>Rua Coronel Alberto Rosa, 154<br>Centro<br>96010-770 - Pelotas, RS<\/p><p class=\"dados-cobalto cobalto-email-unidade\"><a href=\"mailto:fae@ufpel.edu.br\">fae@ufpel.edu.br<\/a><\/p><div class=\"dados-cobalto cobalto-telefones-unidade\"><span class=\"cobalto-label\">Telefones<\/span><table class=\"cobalto-tabela-telefones\"><tr class=\"cobalto-tabela-quebra-conteudo\"><td colspan=\"2\">Faculdade de Educa\u00e7\u00e3o<\/td><\/tr><tr><td class=\"cobalto-tabela-indenta\">Dire\u00e7\u00e3o<\/td><td class=\"nowrap\"><a href=\"callto:(53) 3284-5534\">(53) 3284-5534<\/td><\/tr><tr><td class=\"cobalto-tabela-indenta\">Dire\u00e7\u00e3o (secretaria) - Ensino - Fundamentos da Educa\u00e7\u00e3o<\/td><td class=\"nowrap\"><a href=\"callto:(53) 3284-5535\">(53) 3284-5535<\/td><\/tr><tr><td class=\"cobalto-tabela-indenta\">N\u00facleo de Igualdade Social e N\u00facleo de Mem\u00f3ria da Educa\u00e7\u00e3o - Sala de docentes<\/td><td class=\"nowrap\"><a href=\"callto:(53) 3284-5535\">(53) 3284-5535<\/td><\/tr><tr><td class=\"cobalto-tabela-indenta\">P\u00f3s-Gradua\u00e7\u00e3o - Curso de Mestrado e Doutorado em Educa\u00e7\u00e3o<\/td><td class=\"nowrap\"><a href=\"callto:(53) 3284-5536\">(53) 3284-5536<\/td><\/tr><tr><td class=\"cobalto-tabela-indenta\">P\u00f3s-Gradua\u00e7\u00e3o - Curso de Mestrado Profissional em Ensino de Ci\u00eancias e Matem\u00e1tica - Ramal 232<\/td><td class=\"nowrap\"><a href=\"callto:(53) 3284-5533\">(53) 3284-5533<\/td><\/tr><tr><td class=\"cobalto-tabela-indenta\">Programa de P\u00f3s-Gradua\u00e7\u00e3o em Ensino de Ci\u00eancias e Matem\u00e1tica<\/td><td class=\"nowrap\"><a href=\"callto:(53) 3284-5539\">(53) 3284-5539<\/td><\/tr><tr><td class=\"cobalto-tabela-indenta\">Revista da FaE<\/td><td class=\"nowrap\"><a href=\"callto:(53) 3284-5540\">(53) 3284-5540<\/td><\/tr><tr class=\"cobalto-tabela-quebra-conteudo\"><td colspan=\"2\">Colegiado do Curso de Pedagogia<\/td><\/tr><tr><td class=\"cobalto-tabela-indenta\">Secretaria do Colegiado<\/td><td class=\"nowrap\"><a href=\"callto:(53) 3284-5537\">(53) 3284-5537<\/td><\/tr><tr class=\"cobalto-tabela-quebra-conteudo\"><td colspan=\"2\">Departamento de Ensino<\/td><\/tr><tr><td class=\"cobalto-tabela-indenta\">Telefone<\/td><td class=\"nowrap\"><a href=\"callto:(53) 3284-5535\">(53) 3284-5535<\/td><\/tr><tr class=\"cobalto-tabela-quebra-conteudo\"><td colspan=\"2\">Departamento de Fundamentos da Educa\u00e7\u00e3o<\/td><\/tr><tr><td class=\"cobalto-tabela-indenta\">Telefone<\/td><td class=\"nowrap\"><a href=\"callto:(53) 3284-5535\">(53) 3284-5535<\/td><\/tr><\/table><\/div>\n<p><strong>\u00a0 \u00a0 \u00a0 \u00a0 \u00a0 \u00a0 \u00a0 \u00a0 \u00a0 \u00a0 \u00a0 \u00a0 \u00a0 \u00a0 \u00a0 \u00a0 \u00a0 \u00a0 \u00a0 \u00a0 \u00a0 \u00a0 \u00a0 \u00a0 \u00a0 \u00a0 \u00a0 \u00a0 \u00a0 \u00a0 \u00a0 \u00a0 \u00a0 \u00a0 \u00a0 \u00a0 \u00a0 \u00a0 \u00a0 \u00a0 \u00a0 \u00a0 \u00a0 \u00a0 \u00a0 \u00a0 \u00a0 \u00a0 \u00a0 \u00a0 \u00a0 \u00a0 \u00a0 \u00a0 \u00a0 \u00a0 \u00a0 \u00a0 \u00a0 \u00a0 \u00a0<\/strong><\/p>\n<p>&nbsp;<\/p>\n<p><strong>Galeria de Diretores da FaE<\/strong><br \/>\n1. Te\u00f3filo Alves Galv\u00e3o \u2013 Diretor &#8211; 1978<br \/>\nCarmen Anselmi Duarte da Silva \u2013 Vice-Diretora<\/p>\n<ol>\n<li>Consuelo de Azevedo Requi\u00e3o \u2013 Diretora &#8211; 1982<br \/>\nEgon Afonso Michels \u2013 Vice-Diretor<\/p>\n<\/li>\n<li>\n<p>Osmar Miguel Schaefer \u2013 Diretor &#8211; 1985<br \/>\nCeres Maria Torres Bonatto &#8211; Vice-Diretora<\/p>\n<\/li>\n<li>\n<p>Ceres Maria Torres Bonatto \u2013 Diretora &#8211; 1989<br \/>\nEgon Afonso Michels \u2013Vice-Diretor<\/p>\n<\/li>\n<li>\n<p>Gomercindo Ghiggi \u2013 Diretor &#8211; 1992<br \/>\n\u00c1lvaro Luiz Moreira Hypolito \u2013 Vice-Diretor<\/p>\n<\/li>\n<li>\n<p>Elomar Antonio Callegaro Tambara \u2013 Diretor &#8211; 1997<br \/>\nBernardo Buchweitz \u2013 Vice-Diretor<\/p>\n<\/li>\n<li>\n<p>Marcos Villela Pereira \u2013 Diretor &#8211; 2001<br \/>\nGomercindo Ghiggi \u2013 Vice-Diretor<\/p>\n<\/li>\n<li>\n<p>Avelino da Rosa Oliveira \u2013 Diretor &#8211; 2004<br \/>\nEliane Teresinha Peres \u2013 Vice-Diretora<\/p>\n<\/li>\n<li>\n<p>Mauro Augusto Burkert Del Pino \u2013 Diretor &#8211; 2008<br \/>\nPatr\u00edcia Pereira Cava \u2013 Vice-Diretora<\/p>\n<\/li>\n<li>\n<p>L\u00facia Maria Vaz Peres &#8211; Diretora &#8211; 2012<br \/>\nL\u00edgia Cardoso Carlos &#8211; Vice-Diretora<\/p>\n<\/li>\n<li>\n<p>Rog\u00e9rio Costa W\u00fcrdig &#8211; Diretor &#8211; 2016-2020<br \/>\nMirela Ribeiro Meira &#8211; Vice-Diretora (2016-2019)<br \/>\nPatricia Weiduschadt &#8211; Vice-Diretora (2019-2020)<\/p>\n<\/li>\n<\/ol>\n<p>&nbsp;<\/p>\n<p><strong>Localiza\u00e7\u00e3o<\/strong><br \/>\nUniversidade Federal de Pelotas &#8211; Faculdade de Educa\u00e7\u00e3o<br \/>\nRua Alberto Rosa, 154 Campus das Ci\u00eancias Sociais \u2013 2\u00ba andar<br \/>\nCEP 96010-770 V\u00e1rzea do Porto &#8211; Pelotas \u2013 RS \u2013 Brasil<\/p>\n<p><strong>Contatos<\/strong><br \/>\nTelefone: (53) 3284-5533 \/ (53) 3284-5538<br \/>\nE-mail: fae.ufpel@gmail.com<\/p>\n","protected":false},"excerpt":{"rendered":"<p>A Faculdade de Educa\u00e7\u00e3o da UFPel Foi criada em 05 DE JULHO DE 1976, Portaria n\u00ba 218\/76-Gabinete do Reitor, Prof. Delfim Mendes Silveira \u2013 Reitor da UFPel. Reconhecida pela Portaria n\u00ba 092 de 08 de mar\u00e7o de 1984, pelo MEC Atendendo, inicialmente \u00e0 forma\u00e7\u00e3o pedag\u00f3gica dos Cursos de Licenciatura que iam sendo criados na UFPel. [&hellip;]<\/p>\n","protected":false},"author":325,"featured_media":0,"parent":0,"menu_order":0,"comment_status":"closed","ping_status":"closed","template":"","meta":{"jetpack_post_was_ever_published":false,"footnotes":""},"class_list":["post-288","page","type-page","status-publish","hentry"],"yoast_head":"<!-- This site is optimized with the Yoast SEO plugin v26.7 - https:\/\/yoast.com\/wordpress\/plugins\/seo\/ -->\n<title>Breve Hist\u00f3rico - FACULDADE DE EDUCA\u00c7\u00c3O - Ufpel<\/title>\n<meta name=\"robots\" content=\"index, follow, max-snippet:-1, max-image-preview:large, max-video-preview:-1\" \/>\n<link rel=\"canonical\" href=\"https:\/\/wp.ufpel.edu.br\/fae\/breve-historico\/\" \/>\n<meta property=\"og:locale\" content=\"pt_BR\" \/>\n<meta property=\"og:type\" content=\"article\" \/>\n<meta property=\"og:title\" content=\"Breve Hist\u00f3rico - FACULDADE DE EDUCA\u00c7\u00c3O - Ufpel\" \/>\n<meta property=\"og:description\" content=\"A Faculdade de Educa\u00e7\u00e3o da UFPel Foi criada em 05 DE JULHO DE 1976, Portaria n\u00ba 218\/76-Gabinete do Reitor, Prof. Delfim Mendes Silveira \u2013 Reitor da UFPel. Reconhecida pela Portaria n\u00ba 092 de 08 de mar\u00e7o de 1984, pelo MEC Atendendo, inicialmente \u00e0 forma\u00e7\u00e3o pedag\u00f3gica dos Cursos de Licenciatura que iam sendo criados na UFPel. [&hellip;]\" \/>\n<meta property=\"og:url\" content=\"https:\/\/wp.ufpel.edu.br\/fae\/breve-historico\/\" \/>\n<meta property=\"og:site_name\" content=\"FACULDADE DE EDUCA\u00c7\u00c3O - Ufpel\" \/>\n<meta property=\"article:modified_time\" content=\"2021-05-27T14:19:20+00:00\" \/>\n<meta name=\"twitter:card\" content=\"summary_large_image\" \/>\n<meta name=\"twitter:label1\" content=\"Est. tempo de leitura\" \/>\n\t<meta name=\"twitter:data1\" content=\"4 minutos\" \/>\n<script type=\"application\/ld+json\" class=\"yoast-schema-graph\">{\"@context\":\"https:\/\/schema.org\",\"@graph\":[{\"@type\":\"WebPage\",\"@id\":\"https:\/\/wp.ufpel.edu.br\/fae\/breve-historico\/\",\"url\":\"https:\/\/wp.ufpel.edu.br\/fae\/breve-historico\/\",\"name\":\"Breve Hist\u00f3rico - FACULDADE DE EDUCA\u00c7\u00c3O - Ufpel\",\"isPartOf\":{\"@id\":\"https:\/\/wp.ufpel.edu.br\/fae\/#website\"},\"datePublished\":\"2014-01-16T22:46:12+00:00\",\"dateModified\":\"2021-05-27T14:19:20+00:00\",\"breadcrumb\":{\"@id\":\"https:\/\/wp.ufpel.edu.br\/fae\/breve-historico\/#breadcrumb\"},\"inLanguage\":\"pt-BR\",\"potentialAction\":[{\"@type\":\"ReadAction\",\"target\":[\"https:\/\/wp.ufpel.edu.br\/fae\/breve-historico\/\"]}]},{\"@type\":\"BreadcrumbList\",\"@id\":\"https:\/\/wp.ufpel.edu.br\/fae\/breve-historico\/#breadcrumb\",\"itemListElement\":[{\"@type\":\"ListItem\",\"position\":1,\"name\":\"In\u00edcio\",\"item\":\"https:\/\/wp.ufpel.edu.br\/fae\/\"},{\"@type\":\"ListItem\",\"position\":2,\"name\":\"Breve Hist\u00f3rico\"}]},{\"@type\":\"WebSite\",\"@id\":\"https:\/\/wp.ufpel.edu.br\/fae\/#website\",\"url\":\"https:\/\/wp.ufpel.edu.br\/fae\/\",\"name\":\"FACULDADE DE EDUCA\u00c7\u00c3O - Ufpel\",\"description\":\"\",\"potentialAction\":[{\"@type\":\"SearchAction\",\"target\":{\"@type\":\"EntryPoint\",\"urlTemplate\":\"https:\/\/wp.ufpel.edu.br\/fae\/?s={search_term_string}\"},\"query-input\":{\"@type\":\"PropertyValueSpecification\",\"valueRequired\":true,\"valueName\":\"search_term_string\"}}],\"inLanguage\":\"pt-BR\"}]}<\/script>\n<!-- \/ Yoast SEO plugin. -->","yoast_head_json":{"title":"Breve Hist\u00f3rico - FACULDADE DE EDUCA\u00c7\u00c3O - Ufpel","robots":{"index":"index","follow":"follow","max-snippet":"max-snippet:-1","max-image-preview":"max-image-preview:large","max-video-preview":"max-video-preview:-1"},"canonical":"https:\/\/wp.ufpel.edu.br\/fae\/breve-historico\/","og_locale":"pt_BR","og_type":"article","og_title":"Breve Hist\u00f3rico - FACULDADE DE EDUCA\u00c7\u00c3O - Ufpel","og_description":"A Faculdade de Educa\u00e7\u00e3o da UFPel Foi criada em 05 DE JULHO DE 1976, Portaria n\u00ba 218\/76-Gabinete do Reitor, Prof. Delfim Mendes Silveira \u2013 Reitor da UFPel. Reconhecida pela Portaria n\u00ba 092 de 08 de mar\u00e7o de 1984, pelo MEC Atendendo, inicialmente \u00e0 forma\u00e7\u00e3o pedag\u00f3gica dos Cursos de Licenciatura que iam sendo criados na UFPel. [&hellip;]","og_url":"https:\/\/wp.ufpel.edu.br\/fae\/breve-historico\/","og_site_name":"FACULDADE DE EDUCA\u00c7\u00c3O - Ufpel","article_modified_time":"2021-05-27T14:19:20+00:00","twitter_card":"summary_large_image","twitter_misc":{"Est. tempo de leitura":"4 minutos"},"schema":{"@context":"https:\/\/schema.org","@graph":[{"@type":"WebPage","@id":"https:\/\/wp.ufpel.edu.br\/fae\/breve-historico\/","url":"https:\/\/wp.ufpel.edu.br\/fae\/breve-historico\/","name":"Breve Hist\u00f3rico - FACULDADE DE EDUCA\u00c7\u00c3O - Ufpel","isPartOf":{"@id":"https:\/\/wp.ufpel.edu.br\/fae\/#website"},"datePublished":"2014-01-16T22:46:12+00:00","dateModified":"2021-05-27T14:19:20+00:00","breadcrumb":{"@id":"https:\/\/wp.ufpel.edu.br\/fae\/breve-historico\/#breadcrumb"},"inLanguage":"pt-BR","potentialAction":[{"@type":"ReadAction","target":["https:\/\/wp.ufpel.edu.br\/fae\/breve-historico\/"]}]},{"@type":"BreadcrumbList","@id":"https:\/\/wp.ufpel.edu.br\/fae\/breve-historico\/#breadcrumb","itemListElement":[{"@type":"ListItem","position":1,"name":"In\u00edcio","item":"https:\/\/wp.ufpel.edu.br\/fae\/"},{"@type":"ListItem","position":2,"name":"Breve Hist\u00f3rico"}]},{"@type":"WebSite","@id":"https:\/\/wp.ufpel.edu.br\/fae\/#website","url":"https:\/\/wp.ufpel.edu.br\/fae\/","name":"FACULDADE DE EDUCA\u00c7\u00c3O - Ufpel","description":"","potentialAction":[{"@type":"SearchAction","target":{"@type":"EntryPoint","urlTemplate":"https:\/\/wp.ufpel.edu.br\/fae\/?s={search_term_string}"},"query-input":{"@type":"PropertyValueSpecification","valueRequired":true,"valueName":"search_term_string"}}],"inLanguage":"pt-BR"}]}},"jetpack_sharing_enabled":true,"jetpack_shortlink":"https:\/\/wp.me\/P6QmCH-4E","jetpack_likes_enabled":true,"_links":{"self":[{"href":"https:\/\/wp.ufpel.edu.br\/fae\/wp-json\/wp\/v2\/pages\/288","targetHints":{"allow":["GET"]}}],"collection":[{"href":"https:\/\/wp.ufpel.edu.br\/fae\/wp-json\/wp\/v2\/pages"}],"about":[{"href":"https:\/\/wp.ufpel.edu.br\/fae\/wp-json\/wp\/v2\/types\/page"}],"author":[{"embeddable":true,"href":"https:\/\/wp.ufpel.edu.br\/fae\/wp-json\/wp\/v2\/users\/325"}],"replies":[{"embeddable":true,"href":"https:\/\/wp.ufpel.edu.br\/fae\/wp-json\/wp\/v2\/comments?post=288"}],"version-history":[{"count":13,"href":"https:\/\/wp.ufpel.edu.br\/fae\/wp-json\/wp\/v2\/pages\/288\/revisions"}],"predecessor-version":[{"id":2354,"href":"https:\/\/wp.ufpel.edu.br\/fae\/wp-json\/wp\/v2\/pages\/288\/revisions\/2354"}],"wp:attachment":[{"href":"https:\/\/wp.ufpel.edu.br\/fae\/wp-json\/wp\/v2\/media?parent=288"}],"curies":[{"name":"wp","href":"https:\/\/api.w.org\/{rel}","templated":true}]}}