{"id":2865,"date":"2025-04-15T21:07:12","date_gmt":"2025-04-16T00:07:12","guid":{"rendered":"https:\/\/wp.ufpel.edu.br\/fae\/?page_id=2865"},"modified":"2025-04-22T08:39:02","modified_gmt":"2025-04-22T11:39:02","slug":"salas-e-horarios","status":"publish","type":"page","link":"https:\/\/wp.ufpel.edu.br\/fae\/salas-e-horarios\/","title":{"rendered":"Salas e Hor\u00e1rios"},"content":{"rendered":"<ul>\n<li>Disciplinas dos Cursos Vespertino e Noturno da Pedagogia &#8211; <a href=\"https:\/\/wp.ufpel.edu.br\/fae\/pedagogia\/\"><span style=\"color: #0000ff;\">https:\/\/wp.ufpel.edu.br\/fae\/pedagogia\/<\/span><\/a><\/li>\n<\/ul>\n<p>&nbsp;<\/p>\n<ul>\n<li>Disciplinas do Banco Universal gerenciadas pelos Departamentos de Ensino e de Fundamentos da Educa\u00e7\u00e3o da FaE &#8211; <a href=\"https:\/\/wp.ufpel.edu.br\/fae\/universais\/\"><span style=\"color: #0000ff;\">https:\/\/wp.ufpel.edu.br\/fae\/universais\/<\/span><\/a><\/li>\n<\/ul>\n<p>&nbsp;<\/p>\n<ul>\n<li>Disciplinas do PPGE e da Especializa\u00e7\u00e3o em Educa\u00e7\u00e3o &#8211;<a href=\"https:\/\/wp.ufpel.edu.br\/fae\/ppge-e-especializacao-e-educacao\/\"> <span style=\"color: #0000ff;\">https:\/\/wp.ufpel.edu.br\/fae\/ppge-e-especializacao-e-educacao\/<\/span><\/a><\/li>\n<\/ul>\n","protected":false},"excerpt":{"rendered":"<p>Disciplinas dos Cursos Vespertino e Noturno da Pedagogia &#8211; https:\/\/wp.ufpel.edu.br\/fae\/pedagogia\/ &nbsp; Disciplinas do Banco Universal gerenciadas pelos Departamentos de Ensino e de Fundamentos da Educa\u00e7\u00e3o da FaE &#8211; https:\/\/wp.ufpel.edu.br\/fae\/universais\/ &nbsp; Disciplinas do PPGE e da Especializa\u00e7\u00e3o em Educa\u00e7\u00e3o &#8211; https:\/\/wp.ufpel.edu.br\/fae\/ppge-e-especializacao-e-educacao\/<\/p>\n","protected":false},"author":325,"featured_media":0,"parent":0,"menu_order":0,"comment_status":"closed","ping_status":"closed","template":"","meta":{"jetpack_post_was_ever_published":false,"footnotes":""},"class_list":["post-2865","page","type-page","status-publish","hentry"],"yoast_head":"<!-- This site is optimized with the Yoast SEO plugin v26.7 - https:\/\/yoast.com\/wordpress\/plugins\/seo\/ -->\n<title>Salas e Hor\u00e1rios - FACULDADE DE EDUCA\u00c7\u00c3O - Ufpel<\/title>\n<meta name=\"robots\" content=\"index, follow, max-snippet:-1, max-image-preview:large, max-video-preview:-1\" \/>\n<link rel=\"canonical\" href=\"https:\/\/wp.ufpel.edu.br\/fae\/salas-e-horarios\/\" \/>\n<meta property=\"og:locale\" content=\"pt_BR\" \/>\n<meta property=\"og:type\" content=\"article\" \/>\n<meta property=\"og:title\" content=\"Salas e Hor\u00e1rios - FACULDADE DE EDUCA\u00c7\u00c3O - Ufpel\" \/>\n<meta property=\"og:description\" content=\"Disciplinas dos Cursos Vespertino e Noturno da Pedagogia &#8211; https:\/\/wp.ufpel.edu.br\/fae\/pedagogia\/ &nbsp; Disciplinas do Banco Universal gerenciadas pelos Departamentos de Ensino e de Fundamentos da Educa\u00e7\u00e3o da FaE &#8211; https:\/\/wp.ufpel.edu.br\/fae\/universais\/ &nbsp; Disciplinas do PPGE e da Especializa\u00e7\u00e3o em Educa\u00e7\u00e3o &#8211; https:\/\/wp.ufpel.edu.br\/fae\/ppge-e-especializacao-e-educacao\/\" \/>\n<meta property=\"og:url\" content=\"https:\/\/wp.ufpel.edu.br\/fae\/salas-e-horarios\/\" \/>\n<meta property=\"og:site_name\" content=\"FACULDADE DE EDUCA\u00c7\u00c3O - Ufpel\" \/>\n<meta property=\"article:modified_time\" content=\"2025-04-22T11:39:02+00:00\" \/>\n<meta name=\"twitter:card\" content=\"summary_large_image\" \/>\n<meta name=\"twitter:label1\" content=\"Est. tempo de leitura\" \/>\n\t<meta name=\"twitter:data1\" content=\"1 minuto\" \/>\n<script type=\"application\/ld+json\" class=\"yoast-schema-graph\">{\"@context\":\"https:\/\/schema.org\",\"@graph\":[{\"@type\":\"WebPage\",\"@id\":\"https:\/\/wp.ufpel.edu.br\/fae\/salas-e-horarios\/\",\"url\":\"https:\/\/wp.ufpel.edu.br\/fae\/salas-e-horarios\/\",\"name\":\"Salas e Hor\u00e1rios - FACULDADE DE EDUCA\u00c7\u00c3O - Ufpel\",\"isPartOf\":{\"@id\":\"https:\/\/wp.ufpel.edu.br\/fae\/#website\"},\"datePublished\":\"2025-04-16T00:07:12+00:00\",\"dateModified\":\"2025-04-22T11:39:02+00:00\",\"breadcrumb\":{\"@id\":\"https:\/\/wp.ufpel.edu.br\/fae\/salas-e-horarios\/#breadcrumb\"},\"inLanguage\":\"pt-BR\",\"potentialAction\":[{\"@type\":\"ReadAction\",\"target\":[\"https:\/\/wp.ufpel.edu.br\/fae\/salas-e-horarios\/\"]}]},{\"@type\":\"BreadcrumbList\",\"@id\":\"https:\/\/wp.ufpel.edu.br\/fae\/salas-e-horarios\/#breadcrumb\",\"itemListElement\":[{\"@type\":\"ListItem\",\"position\":1,\"name\":\"In\u00edcio\",\"item\":\"https:\/\/wp.ufpel.edu.br\/fae\/\"},{\"@type\":\"ListItem\",\"position\":2,\"name\":\"Salas e Hor\u00e1rios\"}]},{\"@type\":\"WebSite\",\"@id\":\"https:\/\/wp.ufpel.edu.br\/fae\/#website\",\"url\":\"https:\/\/wp.ufpel.edu.br\/fae\/\",\"name\":\"FACULDADE DE EDUCA\u00c7\u00c3O - Ufpel\",\"description\":\"\",\"potentialAction\":[{\"@type\":\"SearchAction\",\"target\":{\"@type\":\"EntryPoint\",\"urlTemplate\":\"https:\/\/wp.ufpel.edu.br\/fae\/?s={search_term_string}\"},\"query-input\":{\"@type\":\"PropertyValueSpecification\",\"valueRequired\":true,\"valueName\":\"search_term_string\"}}],\"inLanguage\":\"pt-BR\"}]}<\/script>\n<!-- \/ Yoast SEO plugin. -->","yoast_head_json":{"title":"Salas e Hor\u00e1rios - FACULDADE DE EDUCA\u00c7\u00c3O - Ufpel","robots":{"index":"index","follow":"follow","max-snippet":"max-snippet:-1","max-image-preview":"max-image-preview:large","max-video-preview":"max-video-preview:-1"},"canonical":"https:\/\/wp.ufpel.edu.br\/fae\/salas-e-horarios\/","og_locale":"pt_BR","og_type":"article","og_title":"Salas e Hor\u00e1rios - FACULDADE DE EDUCA\u00c7\u00c3O - Ufpel","og_description":"Disciplinas dos Cursos Vespertino e Noturno da Pedagogia &#8211; https:\/\/wp.ufpel.edu.br\/fae\/pedagogia\/ &nbsp; Disciplinas do Banco Universal gerenciadas pelos Departamentos de Ensino e de Fundamentos da Educa\u00e7\u00e3o da FaE &#8211; https:\/\/wp.ufpel.edu.br\/fae\/universais\/ &nbsp; Disciplinas do PPGE e da Especializa\u00e7\u00e3o em Educa\u00e7\u00e3o &#8211; https:\/\/wp.ufpel.edu.br\/fae\/ppge-e-especializacao-e-educacao\/","og_url":"https:\/\/wp.ufpel.edu.br\/fae\/salas-e-horarios\/","og_site_name":"FACULDADE DE EDUCA\u00c7\u00c3O - Ufpel","article_modified_time":"2025-04-22T11:39:02+00:00","twitter_card":"summary_large_image","twitter_misc":{"Est. tempo de leitura":"1 minuto"},"schema":{"@context":"https:\/\/schema.org","@graph":[{"@type":"WebPage","@id":"https:\/\/wp.ufpel.edu.br\/fae\/salas-e-horarios\/","url":"https:\/\/wp.ufpel.edu.br\/fae\/salas-e-horarios\/","name":"Salas e Hor\u00e1rios - FACULDADE DE EDUCA\u00c7\u00c3O - Ufpel","isPartOf":{"@id":"https:\/\/wp.ufpel.edu.br\/fae\/#website"},"datePublished":"2025-04-16T00:07:12+00:00","dateModified":"2025-04-22T11:39:02+00:00","breadcrumb":{"@id":"https:\/\/wp.ufpel.edu.br\/fae\/salas-e-horarios\/#breadcrumb"},"inLanguage":"pt-BR","potentialAction":[{"@type":"ReadAction","target":["https:\/\/wp.ufpel.edu.br\/fae\/salas-e-horarios\/"]}]},{"@type":"BreadcrumbList","@id":"https:\/\/wp.ufpel.edu.br\/fae\/salas-e-horarios\/#breadcrumb","itemListElement":[{"@type":"ListItem","position":1,"name":"In\u00edcio","item":"https:\/\/wp.ufpel.edu.br\/fae\/"},{"@type":"ListItem","position":2,"name":"Salas e Hor\u00e1rios"}]},{"@type":"WebSite","@id":"https:\/\/wp.ufpel.edu.br\/fae\/#website","url":"https:\/\/wp.ufpel.edu.br\/fae\/","name":"FACULDADE DE EDUCA\u00c7\u00c3O - Ufpel","description":"","potentialAction":[{"@type":"SearchAction","target":{"@type":"EntryPoint","urlTemplate":"https:\/\/wp.ufpel.edu.br\/fae\/?s={search_term_string}"},"query-input":{"@type":"PropertyValueSpecification","valueRequired":true,"valueName":"search_term_string"}}],"inLanguage":"pt-BR"}]}},"jetpack_sharing_enabled":true,"jetpack_shortlink":"https:\/\/wp.me\/P6QmCH-Kd","jetpack_likes_enabled":true,"_links":{"self":[{"href":"https:\/\/wp.ufpel.edu.br\/fae\/wp-json\/wp\/v2\/pages\/2865","targetHints":{"allow":["GET"]}}],"collection":[{"href":"https:\/\/wp.ufpel.edu.br\/fae\/wp-json\/wp\/v2\/pages"}],"about":[{"href":"https:\/\/wp.ufpel.edu.br\/fae\/wp-json\/wp\/v2\/types\/page"}],"author":[{"embeddable":true,"href":"https:\/\/wp.ufpel.edu.br\/fae\/wp-json\/wp\/v2\/users\/325"}],"replies":[{"embeddable":true,"href":"https:\/\/wp.ufpel.edu.br\/fae\/wp-json\/wp\/v2\/comments?post=2865"}],"version-history":[{"count":5,"href":"https:\/\/wp.ufpel.edu.br\/fae\/wp-json\/wp\/v2\/pages\/2865\/revisions"}],"predecessor-version":[{"id":2948,"href":"https:\/\/wp.ufpel.edu.br\/fae\/wp-json\/wp\/v2\/pages\/2865\/revisions\/2948"}],"wp:attachment":[{"href":"https:\/\/wp.ufpel.edu.br\/fae\/wp-json\/wp\/v2\/media?parent=2865"}],"curies":[{"name":"wp","href":"https:\/\/api.w.org\/{rel}","templated":true}]}}