{"id":11,"date":"2024-08-29T14:53:51","date_gmt":"2024-08-29T17:53:51","guid":{"rendered":"https:\/\/wp.ufpel.edu.br\/extensao\/?page_id=11"},"modified":"2024-08-29T15:59:08","modified_gmt":"2024-08-29T18:59:08","slug":"perguntas-frequentes","status":"publish","type":"page","link":"https:\/\/wp.ufpel.edu.br\/extensao\/perguntas-frequentes\/","title":{"rendered":"Perguntas frequentes"},"content":{"rendered":"<p><strong>Tire suas d\u00favidas aqui!<\/strong><\/p>\n<p>Bem-vindo \u00e0 se\u00e7\u00e3o de Perguntas e Respostas da Integraliza\u00e7\u00e3o Curricular da Extens\u00e3o da Universidade Federal de Pelotas. Aqui voc\u00ea encontrar\u00e1 as respostas para as d\u00favidas mais comuns sobre a integra\u00e7\u00e3o das atividades de extens\u00e3o com o curr\u00edculo acad\u00eamico.<\/p>\n<p>Se sua pergunta n\u00e3o estiver entre as listadas, n\u00e3o hesite em nos contatar para mais informa\u00e7\u00f5es. Estamos aqui para ajudar a tornar sua experi\u00eancia de integraliza\u00e7\u00e3o curricular a melhor poss\u00edvel!<\/p>\n<p><strong>1. \u00c9 o curso que define como o aluno vai integralizar a Extens\u00e3o?<\/strong><br \/>\nSim, no PPC do curso deve ser indicada a forma ou as formas como os alunos ir\u00e3o integralizar a extens\u00e3o na sua forma\u00e7\u00e3o, seja atrav\u00e9s das disciplinas curricularizadas ou das Atividades Curriculares em Extens\u00e3o.<\/p>\n<p><strong>2. A carga hor\u00e1ria em Extens\u00e3o vai constar no hist\u00f3rico do aluno?<\/strong><br \/>\nSim, como forma\u00e7\u00e3o em Extens\u00e3o.<\/p>\n<p><strong>3. Caso o aluno n\u00e3o cumpra a carga hor\u00e1ria em Extens\u00e3o, o que acontece?<\/strong><br \/>\nEle n\u00e3o cumprir\u00e1 os requisitos exigidos para obten\u00e7\u00e3o do t\u00edtulo e n\u00e3o poder\u00e1 se formar.<\/p>\n<p><strong>4. O curso precisa prever oportunidades para que todos os alunos consigam cumprir os 10%?<\/strong><br \/>\nSim. O percentual que n\u00e3o estiver previsto em disciplinas obrigat\u00f3rias, est\u00e1gio obrigat\u00f3rio ou parte de atividades complementares, dever\u00e1 estar previsto como Atividades Curriculares em Extens\u00e3o. Neste caso, \u00e9 preciso prever se os projetos\/programas do curso atendem a todos os alunos ou se seria oportuno viabilizar a experi\u00eancia extensionista em projetos de outros cursos e at\u00e9 mesmo em outras institui\u00e7\u00f5es.<\/p>\n<p><strong>5. Os 10% destinados \u00e0 curriculariza\u00e7\u00e3o dever\u00e3o ser calculados em hora\/aula ou hora\/rel\u00f3gio?<\/strong><br \/>\nOs 10% destinados \u00e0 curriculariza\u00e7\u00e3o dever\u00e3o ser contabilizados em cr\u00e9ditos, como o restante do curr\u00edculo. A carga hor\u00e1ria das atividades de extens\u00e3o \u00e9 dada em horas\/rel\u00f3gio e cada cr\u00e9dito corresponde a 15 horas.<\/p>\n<p><strong>6. Ser\u00e1 necess\u00e1rio arredondar as horas e\/ou os cr\u00e9ditos?<\/strong><br \/>\nN\u00e3o deve ser feito arredondamento. Como o registro deve ser feito em cr\u00e9ditos (em n\u00fameros inteiros) ser\u00e1 necess\u00e1rio ajustar a carga hor\u00e1ria para a express\u00e3o em n\u00famero de cr\u00e9ditos.<\/p>\n<p><strong>7. \u00c9 necess\u00e1rio mencionar o nome dos projetos\/programas no PPC?<\/strong><br \/>\nPara as disciplinas curriculariz\u00e1veis ou para o est\u00e1gio o nome do programa\/projeto dever\u00e1 constar na ementa.<br \/>\nPara as ACEs n\u00e3o \u00e9 necess\u00e1rio, apenas deve-se indicar em quais unidades ou institui\u00e7\u00f5es os alunos poder\u00e3o participar das atividades de Extens\u00e3o.<\/p>\n<p><strong>8. \u00c9 poss\u00edvel um mesmo programa atender as duas formas de curriculariza\u00e7\u00e3o?<\/strong><br \/>\nSim. Um mesmo programa pode atender \u00e0 forma\u00e7\u00e3o espec\u00edfica (disciplinas e est\u00e1gio), bem como \u00e0s ACEs.<\/p>\n<p><strong>9. Duas ou mais disciplinas podem ser atendidas por um mesmo programa? Inclusive de cursos diferentes?<\/strong><br \/>\nSim. Um programa articula projetos distintos com orienta\u00e7\u00e3o para um objetivo comum. Assim, cada projeto pode atender a uma disciplina, ainda que elas sejam de cursos diferentes.<\/p>\n<p><strong>10. Como curricularizar um programa em que o discente participa como aluno e como ministrante?<\/strong><br \/>\nComo aluno, a carga hor\u00e1ria em EXT \u00e9 componente da disciplina ou do est\u00e1gio e \u00e9 computada diretamente no hist\u00f3rico do aluno.<br \/>\nComo participante\/ministrante do programa ou projeto, receber\u00e1 um certificado pela a\u00e7\u00e3o. O certificado de ministrante pode ser utilizado para compor as horas do aluno em ACE.<\/p>\n<p><strong>11. Quanto \u00e0 carga hor\u00e1ria dos projetos de extens\u00e3o, precisamos calcular o total de horas anuais que todos os projetos do curso possuem para ent\u00e3o destinar o percentual a ser curricularizado?<\/strong><br \/>\nN\u00e3o. \u00a0O primeiro passo \u00e9 identificar qual ser\u00e1 a forma utilizada pelo curso para integralizar a Extens\u00e3o e, ap\u00f3s essa defini\u00e7\u00e3o, se determina qual o percentual ser\u00e1 destinado a cada uma das formas, quando ambas forem utilizadas.<\/p>\n<p><strong>12. Como fica a carga hor\u00e1ria excedente aos 10% para alunos extensionistas?<\/strong><br \/>\nNo hist\u00f3rico dos discentes ir\u00e1 constar a carga hor\u00e1ria prevista pelo PPC. Caso o aluno curse disciplinas com carga hor\u00e1ria em extens\u00e3o (EXT), n\u00e3o previstas pelo PPC (por exemplo, disciplinas optativas), este excedente de forma\u00e7\u00e3o em extens\u00e3o constar\u00e1 no hist\u00f3rico do aluno.<\/p>\n<p><strong>13. Como \u00e9 contabilizada a carga hor\u00e1ria extensionista no Projeto Pedag\u00f3gico do Curso?<\/strong><br \/>\nA carga hor\u00e1ria extensionista compreende o somat\u00f3rio das horas alocadas nas pr\u00e1ticas em disciplina EXT e\/ou Componente Curricular EXT, de horas previstas como ACE em atividades complementares, e de horas previstas como ACE em programas e projetos de extens\u00e3o. \u00a0\u00c9 indicado que o PPC possua uma tabela s\u00edntese que indique a distribui\u00e7\u00e3o de CH do Curso com previs\u00e3o de possibilidades para carga hor\u00e1ria Extensionista.<\/p>\n<p><strong>14. A disciplina \u201cExtens\u00e3o e Sociedade\u201d, que discorre sobre o conceito, metodologias e aplica\u00e7\u00e3o da pr\u00e1tica extensionistas, pode ser contabilizada na curriculariza\u00e7\u00e3o da extens\u00e3o?<\/strong><br \/>\nDe acordo com a Resolu\u00e7\u00e3o n\u00ba 42\/2018 a contabiliza\u00e7\u00e3o da carga hor\u00e1ria extensionista ocorre de duas formas: CH pr\u00e1ticas em disciplina EXT e\/ou Atividades Curriculares em Extens\u00e3o, ambas vinculadas a Programa ou Projeto de Extens\u00e3o. Na Resolu\u00e7\u00e3o 06\/2016 existia a previs\u00e3o da contabiliza\u00e7\u00e3o de carga hor\u00e1ria extensionista na disciplina \u201cExtens\u00e3o e Sociedade\u201d, onde, na sua concep\u00e7\u00e3o, ela era essencialmente te\u00f3rica e n\u00e3o estava vinculada a um programa ou projeto de extens\u00e3o. Por\u00e9m, como efetivamente esta disciplina n\u00e3o possibilita a viv\u00eancia extensionista, com a Resolu\u00e7\u00e3o n\u00ba 42\/2018 esta possibilidade foi exclu\u00edda.<\/p>\n<p><strong>15. A carga hor\u00e1ria pr\u00e1tica da disciplina pode ser transformada em carga hor\u00e1ria extensionista?<\/strong><br \/>\nSim, a incorpora\u00e7\u00e3o da carga hor\u00e1ria extensionista pode ocorrer em diferentes momentos da disciplina, desde que esta pr\u00e1tica atenda as diretrizes da Extens\u00e3o.<\/p>\n<p><strong>16. Qual o procedimento para registrar a carga hor\u00e1ria extensionista nas disciplinas?<\/strong><br \/>\nA previs\u00e3o da carga hor\u00e1ria extensionista deve ser contemplada na matriz curricular e na caracteriza\u00e7\u00e3o da disciplina, como \u201cCarga Hor\u00e1ria Ext\u201d, e tamb\u00e9m na ementa da disciplina, com indica\u00e7\u00e3o do Programa ou Projeto de Extens\u00e3o vinculado.<\/p>\n<p><strong>17. As disciplinas optativas podem ser aproveitadas na curriculariza\u00e7\u00e3o da extens\u00e3o?<\/strong><br \/>\nSim, a carga hor\u00e1ria extensionista permeia os diferentes componentes curriculares do PPC, observando suas especificidades. A internaliza\u00e7\u00e3o da extens\u00e3o em disciplinas optativas contribuir\u00e1 na pr\u00e1tica extensionista, por\u00e9m, deve existir especial aten\u00e7\u00e3o na contabiliza\u00e7\u00e3o da carga hor\u00e1ria extensionista no curr\u00edculo do curso, uma vez que sendo disciplina optativa,<\/p>\n","protected":false},"excerpt":{"rendered":"<p>Tire suas d\u00favidas aqui! Bem-vindo \u00e0 se\u00e7\u00e3o de Perguntas e Respostas da Integraliza\u00e7\u00e3o Curricular da Extens\u00e3o da Universidade Federal de Pelotas. Aqui voc\u00ea encontrar\u00e1 as respostas para as d\u00favidas mais comuns sobre a integra\u00e7\u00e3o das atividades de extens\u00e3o com o curr\u00edculo acad\u00eamico. Se sua pergunta n\u00e3o estiver entre as listadas, n\u00e3o hesite em nos contatar<a class=\"more-link\" href=\"https:\/\/wp.ufpel.edu.br\/extensao\/perguntas-frequentes\/\">Continue reading <span class=\"screen-reader-text\">&#8220;Perguntas frequentes&#8221;<\/span><\/a><\/p>\n","protected":false},"author":1395,"featured_media":0,"parent":0,"menu_order":0,"comment_status":"closed","ping_status":"closed","template":"","meta":{"footnotes":""},"tags":[],"class_list":["post-11","page","type-page","status-publish","hentry"],"jetpack_sharing_enabled":true,"_links":{"self":[{"href":"https:\/\/wp.ufpel.edu.br\/extensao\/wp-json\/wp\/v2\/pages\/11","targetHints":{"allow":["GET"]}}],"collection":[{"href":"https:\/\/wp.ufpel.edu.br\/extensao\/wp-json\/wp\/v2\/pages"}],"about":[{"href":"https:\/\/wp.ufpel.edu.br\/extensao\/wp-json\/wp\/v2\/types\/page"}],"author":[{"embeddable":true,"href":"https:\/\/wp.ufpel.edu.br\/extensao\/wp-json\/wp\/v2\/users\/1395"}],"replies":[{"embeddable":true,"href":"https:\/\/wp.ufpel.edu.br\/extensao\/wp-json\/wp\/v2\/comments?post=11"}],"version-history":[{"count":3,"href":"https:\/\/wp.ufpel.edu.br\/extensao\/wp-json\/wp\/v2\/pages\/11\/revisions"}],"predecessor-version":[{"id":70,"href":"https:\/\/wp.ufpel.edu.br\/extensao\/wp-json\/wp\/v2\/pages\/11\/revisions\/70"}],"wp:attachment":[{"href":"https:\/\/wp.ufpel.edu.br\/extensao\/wp-json\/wp\/v2\/media?parent=11"}],"wp:term":[{"taxonomy":"post_tag","embeddable":true,"href":"https:\/\/wp.ufpel.edu.br\/extensao\/wp-json\/wp\/v2\/tags?post=11"}],"curies":[{"name":"wp","href":"https:\/\/api.w.org\/{rel}","templated":true}]}}