{"id":585,"date":"2025-03-14T16:47:44","date_gmt":"2025-03-14T19:47:44","guid":{"rendered":"https:\/\/wp.ufpel.edu.br\/esporte\/?page_id=585"},"modified":"2025-12-29T08:09:41","modified_gmt":"2025-12-29T11:09:41","slug":"2025-2","status":"publish","type":"page","link":"https:\/\/wp.ufpel.edu.br\/esporte\/2025-2\/","title":{"rendered":"2025"},"content":{"rendered":"\n<ul class=\"wp-block-list\">\n<li>Alunos e profissionais da UFPEL s\u00e3o premiados no Melhores do Ano da FUGE Veja<a href=\"https:\/\/wp.ufpel.edu.br\/esporte\/2025\/12\/29\/alunos-e-profissionais-da-ufpel-sao-premiados-no-melhores-do-ano-da-fuge\/\" data-type=\"link\" data-id=\"https:\/\/wp.ufpel.edu.br\/esporte\/2025\/12\/29\/alunos-e-profissionais-da-ufpel-sao-premiados-no-melhores-do-ano-da-fuge\/\"> mais clicando aqui! <\/a>Publicado em: 29\/12\/2025<\/li>\n<\/ul>\n\n\n<div class=\"wp-block-image\">\n<figure class=\"aligncenter size-large is-resized\"><img loading=\"lazy\" decoding=\"async\" width=\"606\" height=\"1024\" src=\"https:\/\/wp.ufpel.edu.br\/esporte\/files\/2025\/12\/1000303875-606x1024.jpg\" alt=\"\" class=\"wp-image-1081\" style=\"width:323px;height:auto\" srcset=\"https:\/\/wp.ufpel.edu.br\/esporte\/files\/2025\/12\/1000303875-606x1024.jpg 606w, https:\/\/wp.ufpel.edu.br\/esporte\/files\/2025\/12\/1000303875-237x400.jpg 237w, https:\/\/wp.ufpel.edu.br\/esporte\/files\/2025\/12\/1000303875-768x1298.jpg 768w, https:\/\/wp.ufpel.edu.br\/esporte\/files\/2025\/12\/1000303875-909x1536.jpg 909w, https:\/\/wp.ufpel.edu.br\/esporte\/files\/2025\/12\/1000303875-1212x2048.jpg 1212w, https:\/\/wp.ufpel.edu.br\/esporte\/files\/2025\/12\/1000303875-scaled.jpg 1515w\" sizes=\"auto, (max-width: 606px) 100vw, 606px\" \/><\/figure>\n<\/div>\n\n\n<ul class=\"wp-block-list\">\n<li>Atletas da UFPEL encerram participa\u00e7\u00e3o no JUBS 2025  <a href=\"https:\/\/wp.ufpel.edu.br\/esporte\/2025\/10\/17\/atletas-da-ufpel-encerram-participacao-no-jubs-2025\/\">Veja mais clic<\/a><a href=\"https:\/\/wp.ufpel.edu.br\/esporte\/2025\/10\/06\/atletas-da-ufpel-participam-da-primeira-semana-dos-jogos-universitarios-brasileiros\/\">a<\/a><a href=\"https:\/\/wp.ufpel.edu.br\/esporte\/2025\/10\/17\/atletas-da-ufpel-encerram-participacao-no-jubs-2025\/\">ndo aqui!<\/a> Publicado em: 17\/10\/2025<\/li>\n<\/ul>\n\n\n\n<figure class=\"wp-block-gallery has-nested-images columns-default is-cropped wp-block-gallery-1 is-layout-flex wp-block-gallery-is-layout-flex\">\n<figure class=\"wp-block-image size-large\"><img loading=\"lazy\" decoding=\"async\" width=\"768\" height=\"1024\" data-id=\"1067\" src=\"https:\/\/wp.ufpel.edu.br\/esporte\/files\/2025\/10\/menino-768x1024.jpg\" alt=\"\" class=\"wp-image-1067\" srcset=\"https:\/\/wp.ufpel.edu.br\/esporte\/files\/2025\/10\/menino-768x1024.jpg 768w, https:\/\/wp.ufpel.edu.br\/esporte\/files\/2025\/10\/menino-300x400.jpg 300w, https:\/\/wp.ufpel.edu.br\/esporte\/files\/2025\/10\/menino-1152x1536.jpg 1152w, https:\/\/wp.ufpel.edu.br\/esporte\/files\/2025\/10\/menino.jpg 1200w\" sizes=\"auto, (max-width: 768px) 100vw, 768px\" \/><\/figure>\n\n\n\n<figure class=\"wp-block-image size-large\"><img loading=\"lazy\" decoding=\"async\" width=\"576\" height=\"1024\" data-id=\"1065\" src=\"https:\/\/wp.ufpel.edu.br\/esporte\/files\/2025\/10\/WhatsApp-Image-2025-10-13-at-12.24.37.jpeg-576x1024.jpg\" alt=\"\" class=\"wp-image-1065\" srcset=\"https:\/\/wp.ufpel.edu.br\/esporte\/files\/2025\/10\/WhatsApp-Image-2025-10-13-at-12.24.37.jpeg-576x1024.jpg 576w, https:\/\/wp.ufpel.edu.br\/esporte\/files\/2025\/10\/WhatsApp-Image-2025-10-13-at-12.24.37.jpeg-225x400.jpg 225w, https:\/\/wp.ufpel.edu.br\/esporte\/files\/2025\/10\/WhatsApp-Image-2025-10-13-at-12.24.37.jpeg.jpg 720w\" sizes=\"auto, (max-width: 576px) 100vw, 576px\" \/><\/figure>\n\n\n\n<figure class=\"wp-block-image size-large\"><img loading=\"lazy\" decoding=\"async\" width=\"768\" height=\"1024\" data-id=\"1066\" src=\"https:\/\/wp.ufpel.edu.br\/esporte\/files\/2025\/10\/Imagem-do-WhatsApp-de-2025-10-16-as-23.29.22_8b1f24cc-768x1024.jpg\" alt=\"\" class=\"wp-image-1066\" srcset=\"https:\/\/wp.ufpel.edu.br\/esporte\/files\/2025\/10\/Imagem-do-WhatsApp-de-2025-10-16-as-23.29.22_8b1f24cc-768x1024.jpg 768w, https:\/\/wp.ufpel.edu.br\/esporte\/files\/2025\/10\/Imagem-do-WhatsApp-de-2025-10-16-as-23.29.22_8b1f24cc-300x400.jpg 300w, https:\/\/wp.ufpel.edu.br\/esporte\/files\/2025\/10\/Imagem-do-WhatsApp-de-2025-10-16-as-23.29.22_8b1f24cc-1152x1536.jpg 1152w, https:\/\/wp.ufpel.edu.br\/esporte\/files\/2025\/10\/Imagem-do-WhatsApp-de-2025-10-16-as-23.29.22_8b1f24cc.jpg 1200w\" sizes=\"auto, (max-width: 768px) 100vw, 768px\" \/><\/figure>\n\n\n\n<figure class=\"wp-block-image size-large\"><img loading=\"lazy\" decoding=\"async\" width=\"768\" height=\"1024\" data-id=\"1058\" src=\"https:\/\/wp.ufpel.edu.br\/esporte\/files\/2025\/10\/Imagem-do-WhatsApp-de-2025-10-10-as-14.30.14_0499e189-1-768x1024.jpg\" alt=\"\" class=\"wp-image-1058\" srcset=\"https:\/\/wp.ufpel.edu.br\/esporte\/files\/2025\/10\/Imagem-do-WhatsApp-de-2025-10-10-as-14.30.14_0499e189-1-768x1024.jpg 768w, https:\/\/wp.ufpel.edu.br\/esporte\/files\/2025\/10\/Imagem-do-WhatsApp-de-2025-10-10-as-14.30.14_0499e189-1-300x400.jpg 300w, https:\/\/wp.ufpel.edu.br\/esporte\/files\/2025\/10\/Imagem-do-WhatsApp-de-2025-10-10-as-14.30.14_0499e189-1.jpg 960w\" sizes=\"auto, (max-width: 768px) 100vw, 768px\" \/><\/figure>\n\n\n\n<figure class=\"wp-block-image size-large\"><img loading=\"lazy\" decoding=\"async\" width=\"1024\" height=\"1024\" data-id=\"1049\" src=\"https:\/\/wp.ufpel.edu.br\/esporte\/files\/2025\/10\/Imagem-do-WhatsApp-de-2025-10-05-as-16.41.39_23c56b25-1024x1024.jpg\" alt=\"\" class=\"wp-image-1049\" srcset=\"https:\/\/wp.ufpel.edu.br\/esporte\/files\/2025\/10\/Imagem-do-WhatsApp-de-2025-10-05-as-16.41.39_23c56b25-1024x1024.jpg 1024w, https:\/\/wp.ufpel.edu.br\/esporte\/files\/2025\/10\/Imagem-do-WhatsApp-de-2025-10-05-as-16.41.39_23c56b25-400x400.jpg 400w, https:\/\/wp.ufpel.edu.br\/esporte\/files\/2025\/10\/Imagem-do-WhatsApp-de-2025-10-05-as-16.41.39_23c56b25-200x200.jpg 200w, https:\/\/wp.ufpel.edu.br\/esporte\/files\/2025\/10\/Imagem-do-WhatsApp-de-2025-10-05-as-16.41.39_23c56b25-768x768.jpg 768w, https:\/\/wp.ufpel.edu.br\/esporte\/files\/2025\/10\/Imagem-do-WhatsApp-de-2025-10-05-as-16.41.39_23c56b25-80x80.jpg 80w, https:\/\/wp.ufpel.edu.br\/esporte\/files\/2025\/10\/Imagem-do-WhatsApp-de-2025-10-05-as-16.41.39_23c56b25-320x320.jpg 320w, https:\/\/wp.ufpel.edu.br\/esporte\/files\/2025\/10\/Imagem-do-WhatsApp-de-2025-10-05-as-16.41.39_23c56b25.jpg 1387w\" sizes=\"auto, (max-width: 1024px) 100vw, 1024px\" \/><\/figure>\n\n\n\n<figure class=\"wp-block-image size-large\"><img loading=\"lazy\" decoding=\"async\" width=\"790\" height=\"1024\" data-id=\"1046\" src=\"https:\/\/wp.ufpel.edu.br\/esporte\/files\/2025\/10\/Imagem-do-WhatsApp-de-2025-10-05-as-16.41.53_0deee009-790x1024.jpg\" alt=\"\" class=\"wp-image-1046\" srcset=\"https:\/\/wp.ufpel.edu.br\/esporte\/files\/2025\/10\/Imagem-do-WhatsApp-de-2025-10-05-as-16.41.53_0deee009-790x1024.jpg 790w, https:\/\/wp.ufpel.edu.br\/esporte\/files\/2025\/10\/Imagem-do-WhatsApp-de-2025-10-05-as-16.41.53_0deee009-308x400.jpg 308w, https:\/\/wp.ufpel.edu.br\/esporte\/files\/2025\/10\/Imagem-do-WhatsApp-de-2025-10-05-as-16.41.53_0deee009-768x996.jpg 768w, https:\/\/wp.ufpel.edu.br\/esporte\/files\/2025\/10\/Imagem-do-WhatsApp-de-2025-10-05-as-16.41.53_0deee009.jpg 987w\" sizes=\"auto, (max-width: 790px) 100vw, 790px\" \/><\/figure>\n<\/figure>\n\n\n\n<ul class=\"wp-block-list\">\n<li>Atleta da UFPEL conquista medalha de prata no JUBs de Taekwondo <a href=\"https:\/\/wp.ufpel.edu.br\/esporte\/2025\/10\/10\/atleta-da-ufpel-conquista-medalha-de-prata-no-jubs-de-taekwondo\/\">Veja mais clic<\/a><a href=\"https:\/\/wp.ufpel.edu.br\/esporte\/2025\/10\/06\/atletas-da-ufpel-participam-da-primeira-semana-dos-jogos-universitarios-brasileiros\/\">a<\/a><a href=\"https:\/\/wp.ufpel.edu.br\/esporte\/2025\/10\/10\/atleta-da-ufpel-conquista-medalha-de-prata-no-jubs-de-taekwondo\/\">ndo aqui!<\/a> Publicado em: 10\/10\/2025<\/li>\n<\/ul>\n\n\n<div class=\"wp-block-image\">\n<figure class=\"aligncenter size-large is-resized\"><img loading=\"lazy\" decoding=\"async\" width=\"768\" height=\"1024\" src=\"https:\/\/wp.ufpel.edu.br\/esporte\/files\/2025\/10\/Imagem-do-WhatsApp-de-2025-10-10-as-14.30.14_0499e189-1-768x1024.jpg\" alt=\"\" class=\"wp-image-1058\" style=\"width:403px;height:auto\" srcset=\"https:\/\/wp.ufpel.edu.br\/esporte\/files\/2025\/10\/Imagem-do-WhatsApp-de-2025-10-10-as-14.30.14_0499e189-1-768x1024.jpg 768w, https:\/\/wp.ufpel.edu.br\/esporte\/files\/2025\/10\/Imagem-do-WhatsApp-de-2025-10-10-as-14.30.14_0499e189-1-300x400.jpg 300w, https:\/\/wp.ufpel.edu.br\/esporte\/files\/2025\/10\/Imagem-do-WhatsApp-de-2025-10-10-as-14.30.14_0499e189-1.jpg 960w\" sizes=\"auto, (max-width: 768px) 100vw, 768px\" \/><\/figure>\n<\/div>\n\n\n<ul class=\"wp-block-list\">\n<li>Atletas da UFPel participam da primeira semana dos Jogos Universit\u00e1rios Brasileiros <a href=\"https:\/\/wp.ufpel.edu.br\/esporte\/2025\/10\/06\/atletas-da-ufpel-participam-da-primeira-semana-dos-jogos-universitarios-brasileiros\/\">Veja mais clicando aqui!<\/a> Publicado em: 06\/10\/2025<\/li>\n<\/ul>\n\n\n<div class=\"wp-block-image\">\n<figure class=\"aligncenter size-large is-resized\"><img loading=\"lazy\" decoding=\"async\" width=\"1024\" height=\"682\" src=\"https:\/\/wp.ufpel.edu.br\/esporte\/files\/2025\/10\/Imagem-do-WhatsApp-de-2025-10-06-as-16.12.40_e2eed97a-1-1024x682.jpg\" alt=\"\" class=\"wp-image-1051\" style=\"width:457px;height:auto\" srcset=\"https:\/\/wp.ufpel.edu.br\/esporte\/files\/2025\/10\/Imagem-do-WhatsApp-de-2025-10-06-as-16.12.40_e2eed97a-1-1024x682.jpg 1024w, https:\/\/wp.ufpel.edu.br\/esporte\/files\/2025\/10\/Imagem-do-WhatsApp-de-2025-10-06-as-16.12.40_e2eed97a-1-400x267.jpg 400w, https:\/\/wp.ufpel.edu.br\/esporte\/files\/2025\/10\/Imagem-do-WhatsApp-de-2025-10-06-as-16.12.40_e2eed97a-1-768x512.jpg 768w, https:\/\/wp.ufpel.edu.br\/esporte\/files\/2025\/10\/Imagem-do-WhatsApp-de-2025-10-06-as-16.12.40_e2eed97a-1-1536x1023.jpg 1536w, https:\/\/wp.ufpel.edu.br\/esporte\/files\/2025\/10\/Imagem-do-WhatsApp-de-2025-10-06-as-16.12.40_e2eed97a-1.jpg 1600w\" sizes=\"auto, (max-width: 1024px) 100vw, 1024px\" \/><\/figure>\n<\/div>\n\n\n<ul class=\"wp-block-list\">\n<li>Judocas da UFPEL participam do JUGS <a href=\"https:\/\/wp.ufpel.edu.br\/esporte\/2025\/08\/28\/judocas-da-ufpel-participam-do-jugs\/\">Veja mais clicando aqui!<\/a> Publicado em: 28\/08\/2025<\/li>\n<\/ul>\n\n\n<div class=\"wp-block-image\">\n<figure class=\"aligncenter size-large is-resized\"><img loading=\"lazy\" decoding=\"async\" width=\"768\" height=\"1024\" src=\"https:\/\/wp.ufpel.edu.br\/esporte\/files\/2025\/08\/WhatsApp-Image-2025-08-28-at-15.08.15-768x1024.jpeg\" alt=\"\" class=\"wp-image-1038\" style=\"width:419px;height:auto\" srcset=\"https:\/\/wp.ufpel.edu.br\/esporte\/files\/2025\/08\/WhatsApp-Image-2025-08-28-at-15.08.15-768x1024.jpeg 768w, https:\/\/wp.ufpel.edu.br\/esporte\/files\/2025\/08\/WhatsApp-Image-2025-08-28-at-15.08.15-300x400.jpeg 300w, https:\/\/wp.ufpel.edu.br\/esporte\/files\/2025\/08\/WhatsApp-Image-2025-08-28-at-15.08.15.jpeg 960w\" sizes=\"auto, (max-width: 768px) 100vw, 768px\" \/><\/figure>\n<\/div>\n\n\n<ul class=\"wp-block-list\">\n<li>Confira os campe\u00f5es dos Jogos da UFPEL 2025 Basquete e Voleibol Masculino <a href=\"https:\/\/wp.ufpel.edu.br\/esporte\/2025\/07\/22\/confira-os-campeoes-dos-jogos-da-ufpel-2025-basquete-e-voleibol-masculino\/\">Veja mais clicando aqui!<\/a> Publicado em: 22\/07\/2025<\/li>\n<\/ul>\n\n\n<div class=\"wp-block-image\">\n<figure class=\"aligncenter size-large is-resized\"><img loading=\"lazy\" decoding=\"async\" width=\"1024\" height=\"768\" src=\"https:\/\/wp.ufpel.edu.br\/esporte\/files\/2025\/07\/1000245663-1024x768.jpg\" alt=\"\" class=\"wp-image-1003\" style=\"width:418px;height:auto\" srcset=\"https:\/\/wp.ufpel.edu.br\/esporte\/files\/2025\/07\/1000245663-1024x768.jpg 1024w, https:\/\/wp.ufpel.edu.br\/esporte\/files\/2025\/07\/1000245663-400x300.jpg 400w, https:\/\/wp.ufpel.edu.br\/esporte\/files\/2025\/07\/1000245663-768x576.jpg 768w, https:\/\/wp.ufpel.edu.br\/esporte\/files\/2025\/07\/1000245663-1536x1152.jpg 1536w, https:\/\/wp.ufpel.edu.br\/esporte\/files\/2025\/07\/1000245663-2048x1536.jpg 2048w\" sizes=\"auto, (max-width: 1024px) 100vw, 1024px\" \/><\/figure>\n<\/div>\n\n\n<ul class=\"wp-block-list\">\n<li>UFPEL sedia 45\u00b0 Edi\u00e7\u00e3o do JUGs <a href=\"https:\/\/wp.ufpel.edu.br\/esporte\/2025\/07\/15\/ufpel-sedia-45-edicao-do-jugs\/\">Veja mais clicando aqui!<\/a> Publicado em: 15\/07\/2025<\/li>\n<\/ul>\n\n\n<div class=\"wp-block-image\">\n<figure class=\"aligncenter size-large is-resized\"><img loading=\"lazy\" decoding=\"async\" width=\"1024\" height=\"777\" src=\"https:\/\/wp.ufpel.edu.br\/esporte\/files\/2025\/07\/1000243605-scaled-e1752633487224-1024x777.jpg\" alt=\"\" class=\"wp-image-982\" style=\"width:478px;height:auto\" srcset=\"https:\/\/wp.ufpel.edu.br\/esporte\/files\/2025\/07\/1000243605-scaled-e1752633487224-1024x777.jpg 1024w, https:\/\/wp.ufpel.edu.br\/esporte\/files\/2025\/07\/1000243605-scaled-e1752633487224-400x304.jpg 400w, https:\/\/wp.ufpel.edu.br\/esporte\/files\/2025\/07\/1000243605-scaled-e1752633487224-768x583.jpg 768w, https:\/\/wp.ufpel.edu.br\/esporte\/files\/2025\/07\/1000243605-scaled-e1752633487224-1536x1166.jpg 1536w, https:\/\/wp.ufpel.edu.br\/esporte\/files\/2025\/07\/1000243605-scaled-e1752633487224.jpg 1590w\" sizes=\"auto, (max-width: 1024px) 100vw, 1024px\" \/><\/figure>\n<\/div>\n\n\n<ul class=\"wp-block-list\">\n<li>Basquete feminino da UFPEL \u00e9 campe\u00e3o do JUGs <a href=\"https:\/\/wp.ufpel.edu.br\/esporte\/2025\/07\/15\/basquete-feminino-da-ufpel-e-campeao-do-jugs\/\">Veja mais clicando aqui!<\/a> Publicado em: 15\/07\/2025<\/li>\n<\/ul>\n\n\n<div class=\"wp-block-image\">\n<figure class=\"aligncenter size-large is-resized\"><img loading=\"lazy\" decoding=\"async\" width=\"1024\" height=\"683\" src=\"https:\/\/wp.ufpel.edu.br\/esporte\/files\/2025\/07\/1000243428-1024x683.jpg\" alt=\"\" class=\"wp-image-963\" style=\"width:469px;height:auto\" srcset=\"https:\/\/wp.ufpel.edu.br\/esporte\/files\/2025\/07\/1000243428-1024x683.jpg 1024w, https:\/\/wp.ufpel.edu.br\/esporte\/files\/2025\/07\/1000243428-400x267.jpg 400w, https:\/\/wp.ufpel.edu.br\/esporte\/files\/2025\/07\/1000243428-768x512.jpg 768w, https:\/\/wp.ufpel.edu.br\/esporte\/files\/2025\/07\/1000243428-1536x1024.jpg 1536w, https:\/\/wp.ufpel.edu.br\/esporte\/files\/2025\/07\/1000243428-2048x1365.jpg 2048w\" sizes=\"auto, (max-width: 1024px) 100vw, 1024px\" \/><\/figure>\n<\/div>\n\n\n<ul class=\"wp-block-list\">\n<li>UFPEL sedia nesse s\u00e1bado etapa de Basquetebol e Xadrez dos 45\u00b0 Jogos Universit\u00e1rios Ga\u00fachos \u2013 JUGs <a href=\"https:\/\/wp.ufpel.edu.br\/esporte\/2025\/07\/11\/ufpel-sedia-nesse-sabado-etapa-de-basquetebol-e-xadrez-dos-45-jogos-universitarios-gauchos-jugs\/\">Veja mais clicando aqui!<\/a> Publicado em: 11\/07\/2025<\/li>\n<\/ul>\n\n\n<div class=\"wp-block-image\">\n<figure class=\"aligncenter size-large is-resized\"><img loading=\"lazy\" decoding=\"async\" width=\"1024\" height=\"1024\" src=\"https:\/\/wp.ufpel.edu.br\/esporte\/files\/2025\/07\/JUGS-SABADO-12-1024x1024.png\" alt=\"\" class=\"wp-image-950\" style=\"width:460px;height:auto\" srcset=\"https:\/\/wp.ufpel.edu.br\/esporte\/files\/2025\/07\/JUGS-SABADO-12-1024x1024.png 1024w, https:\/\/wp.ufpel.edu.br\/esporte\/files\/2025\/07\/JUGS-SABADO-12-400x400.png 400w, https:\/\/wp.ufpel.edu.br\/esporte\/files\/2025\/07\/JUGS-SABADO-12-200x200.png 200w, https:\/\/wp.ufpel.edu.br\/esporte\/files\/2025\/07\/JUGS-SABADO-12-768x768.png 768w, https:\/\/wp.ufpel.edu.br\/esporte\/files\/2025\/07\/JUGS-SABADO-12-80x80.png 80w, https:\/\/wp.ufpel.edu.br\/esporte\/files\/2025\/07\/JUGS-SABADO-12-320x320.png 320w, https:\/\/wp.ufpel.edu.br\/esporte\/files\/2025\/07\/JUGS-SABADO-12.png 1080w\" sizes=\"auto, (max-width: 1024px) 100vw, 1024px\" \/><\/figure>\n<\/div>\n\n\n<ul class=\"wp-block-list\">\n<li>Voleibol e Handebol da UFPEL participam dos Jogos Universit\u00e1rios Ga\u00fachos <a href=\"https:\/\/wp.ufpel.edu.br\/esporte\/2025\/07\/11\/voleibol-e-handebol-da-ufpel-participam-dos-jogos-universitarios-gauchos\/\">Veja mais clicando aqui!<\/a> Publicado em: 11\/07\/2025<br><\/li>\n<\/ul>\n\n\n<div class=\"wp-block-image\">\n<figure class=\"aligncenter size-full is-resized\"><img decoding=\"async\" src=\"https:\/\/wp.ufpel.edu.br\/esporte\/files\/2025\/07\/image-3.png\" alt=\"\" class=\"wp-image-937\" style=\"width:427px;height:auto\"\/><\/figure>\n<\/div>\n\n\n<ul class=\"wp-block-list\">\n<li>UFPEL sedia 2\u00aa Copa Uni\u00e3o de Basquete no pr\u00f3ximo domingo <a href=\"https:\/\/wp.ufpel.edu.br\/esporte\/2025\/06\/12\/ufpel-sedia-2a-copa-uniao-de-basquete-no-proximo-domingo\/\">Veja mais clicando aqui!<\/a> Publicado em: &nbsp;12\/06\/2025 <br><\/li>\n<\/ul>\n\n\n<div class=\"wp-block-image\">\n<figure class=\"aligncenter size-large is-resized\"><img decoding=\"async\" src=\"https:\/\/wp.ufpel.edu.br\/esporte\/files\/2025\/06\/tabela-de-jogos-segunda-copa-1-3-1024x1024.png\" alt=\"\" class=\"wp-image-875\" style=\"width:393px;height:auto\"\/><\/figure>\n<\/div>\n\n\n<p><\/p>\n\n\n\n<ul class=\"wp-block-list\">\n<li>Handebol da UFPel realiza torneio amistoso de handebol com foco na prepara\u00e7\u00e3o para o JUGs e Liga RS <a href=\"https:\/\/wp.ufpel.edu.br\/esporte\/2025\/06\/10\/handebol-da-ufpel-realiza-torneio-amistoso-de-handebol-com-foco-na-preparacao-para-o-jugs-e-liga-rs\/\">Veja mais clicando aqui!<\/a> Publicado em: 10\/06\/2025<\/li>\n<\/ul>\n\n\n<div class=\"wp-block-image\">\n<figure class=\"aligncenter size-full is-resized\"><img loading=\"lazy\" decoding=\"async\" width=\"720\" height=\"480\" src=\"https:\/\/wp.ufpel.edu.br\/esporte\/files\/2025\/06\/IMG_3445.jpg\" alt=\"\" class=\"wp-image-853\" style=\"width:369px;height:auto\" srcset=\"https:\/\/wp.ufpel.edu.br\/esporte\/files\/2025\/06\/IMG_3445.jpg 720w, https:\/\/wp.ufpel.edu.br\/esporte\/files\/2025\/06\/IMG_3445-400x267.jpg 400w\" sizes=\"auto, (max-width: 720px) 100vw, 720px\" \/><\/figure>\n<\/div>\n\n\n<ul class=\"wp-block-list\">\n<li>Competi\u00e7\u00e3o de xadrez re\u00fane alunos no primeiro dia dos Jogos da UFPel 2025 <a href=\"https:\/\/wp.ufpel.edu.br\/esporte\/2025\/06\/09\/competicao-de-xadrez-reune-alunos-no-primeiro-dia-dos-jogos-da-ufpel-2025\/\">Veja mais clicando aqui!<\/a> Publicado em: 09\/06\/2025 <\/li>\n<\/ul>\n\n\n<div class=\"wp-block-image\">\n<figure class=\"aligncenter size-full is-resized\"><img loading=\"lazy\" decoding=\"async\" width=\"565\" height=\"377\" src=\"https:\/\/wp.ufpel.edu.br\/esporte\/files\/2025\/06\/IMG_3333-edited.jpg\" alt=\"\" class=\"wp-image-845\" style=\"width:342px;height:auto\" srcset=\"https:\/\/wp.ufpel.edu.br\/esporte\/files\/2025\/06\/IMG_3333-edited.jpg 565w, https:\/\/wp.ufpel.edu.br\/esporte\/files\/2025\/06\/IMG_3333-edited-400x267.jpg 400w\" sizes=\"auto, (max-width: 565px) 100vw, 565px\" \/><\/figure>\n<\/div>\n\n\n<ul class=\"wp-block-list\">\n<li>I COPA UFPEL VOLEIBOL <a href=\"https:\/\/wp.ufpel.edu.br\/esporte\/2025\/05\/23\/i-copa-ufpel-handebol\/\">Veja mais clicando aqui!<\/a> Publicado em: 23\/05\/2025<\/li>\n<\/ul>\n\n\n<div class=\"wp-block-image\">\n<figure class=\"aligncenter size-large is-resized\"><img decoding=\"async\" src=\"https:\/\/wp.ufpel.edu.br\/esporte\/files\/2025\/05\/copaa-1024x1024.jpg\" alt=\"\" class=\"wp-image-717\" style=\"width:218px;height:auto\"\/><\/figure>\n<\/div>\n\n\n<ul class=\"wp-block-list\">\n<li>UFPEL sedia primeira fase da Liga Ga\u00facha de Basquete Feminino <a href=\"https:\/\/wp.ufpel.edu.br\/esporte\/2025\/05\/22\/ufpel-sedia-primeira-fase-da-liga-gaucha-de-basquete-feminino\/\">Veja mais clicando aqui!<\/a> Publicado em: 22\/05\/2025<\/li>\n<\/ul>\n\n\n<div class=\"wp-block-image\">\n<figure class=\"aligncenter size-full is-resized\"><img decoding=\"async\" src=\"https:\/\/wp.ufpel.edu.br\/esporte\/files\/2025\/05\/19-1.jpg\" alt=\"\" class=\"wp-image-713\" style=\"width:259px;height:auto\"\/><\/figure>\n<\/div>\n\n\n<ul class=\"wp-block-list\">\n<li>Alunos da UFPEL representam a universidade no JUGs de T\u00eanis de Mesa: <a href=\"https:\/\/wp.ufpel.edu.br\/esporte\/2025\/05\/06\/alunos-da-ufpel-representam-a-universidade-no-jugs-de-tenis-de-mesa\/\">Veja mais clicando aqui!<\/a> Publicado em 06\/05\/2025<\/li>\n<\/ul>\n\n\n<div class=\"wp-block-image\">\n<figure class=\"aligncenter size-large is-resized\"><img loading=\"lazy\" decoding=\"async\" width=\"1024\" height=\"681\" src=\"https:\/\/wp.ufpel.edu.br\/esporte\/files\/2025\/05\/tenis-de-mesa-1-2-1024x681.jpg\" alt=\"\" class=\"wp-image-693\" style=\"width:459px;height:auto\" srcset=\"https:\/\/wp.ufpel.edu.br\/esporte\/files\/2025\/05\/tenis-de-mesa-1-2-1024x681.jpg 1024w, https:\/\/wp.ufpel.edu.br\/esporte\/files\/2025\/05\/tenis-de-mesa-1-2-400x266.jpg 400w, https:\/\/wp.ufpel.edu.br\/esporte\/files\/2025\/05\/tenis-de-mesa-1-2-768x511.jpg 768w, https:\/\/wp.ufpel.edu.br\/esporte\/files\/2025\/05\/tenis-de-mesa-1-2.jpg 1200w\" sizes=\"auto, (max-width: 1024px) 100vw, 1024px\" \/><\/figure>\n<\/div>\n\n\n<figure class=\"wp-block-gallery has-nested-images columns-default is-cropped wp-block-gallery-2 is-layout-flex wp-block-gallery-is-layout-flex\"><\/figure>\n\n\n\n<ul class=\"wp-block-list\">\n<li>Projeto Passada para o Futuro realiza 4\u00b0 Festival de Mini-Handebol na ESEF: <a href=\"https:\/\/wp.ufpel.edu.br\/esporte\/2025\/04\/08\/projeto-passada-para-o-futuro-realiza-4-festival-de-mini-handebol-na-esef\/\" data-type=\"link\" data-id=\"https:\/\/wp.ufpel.edu.br\/esporte\/2025\/04\/08\/projeto-passada-para-o-futuro-realiza-4-festival-de-mini-handebol-na-esef\/\">Veja mais clicando aqui!<\/a> Publicado em 11\/04\/2025<\/li>\n<\/ul>\n\n\n<div class=\"wp-block-image\">\n<figure class=\"aligncenter is-resized\"><img loading=\"lazy\" decoding=\"async\" width=\"963\" height=\"642\" src=\"https:\/\/wp.ufpel.edu.br\/esporte\/files\/2025\/04\/IMG_0628.jpg\" alt=\"\" class=\"wp-image-666\" style=\"width:486px;height:auto\" srcset=\"https:\/\/wp.ufpel.edu.br\/esporte\/files\/2025\/04\/IMG_0628.jpg 963w, https:\/\/wp.ufpel.edu.br\/esporte\/files\/2025\/04\/IMG_0628-400x267.jpg 400w, https:\/\/wp.ufpel.edu.br\/esporte\/files\/2025\/04\/IMG_0628-768x512.jpg 768w\" sizes=\"auto, (max-width: 963px) 100vw, 963px\" \/><\/figure>\n<\/div>\n\n\n<ul class=\"wp-block-list\">\n<li> Professor da UFPEL Eduardo Merino assume a presid\u00eancia da FUGE: <a href=\"https:\/\/wp.ufpel.edu.br\/esporte\/2025\/04\/03\/professor-da-ufpel-eduardo-merino-assume-a-presidencia-da-fuge\/\">Veja mais clicando aqui!<\/a> Publicado em: 03\/04\/2025<\/li>\n<\/ul>\n\n\n<div class=\"wp-block-image\">\n<figure class=\"aligncenter is-resized\"><img decoding=\"async\" src=\"https:\/\/wp.ufpel.edu.br\/esporte\/files\/2025\/04\/2-1.jpg\" alt=\"\" style=\"width:337px;height:auto\"\/><\/figure>\n<\/div>\n\n\n<ul class=\"wp-block-list\">\n<li>Equipe de Handebol da UFPEL organiza torneio HAND 5 e promove a pr\u00e1tica do esporte na regi\u00e3o: <a href=\"https:\/\/wp.ufpel.edu.br\/esporte\/2025\/03\/28\/equipe-de-handebol-da-ufpel-organiza-torneio-hand-5-e-promove-a-pratica-do-esporte-na-regiao\/\" data-type=\"link\" data-id=\"https:\/\/wp.ufpel.edu.br\/esporte\/2025\/03\/28\/equipe-de-handebol-da-ufpel-organiza-torneio-hand-5-e-promove-a-pratica-do-esporte-na-regiao\/\">Veja mais clicando aqui!<\/a>  &nbsp;Publicado em&nbsp;28\/03\/2025<\/li>\n<\/ul>\n\n\n<div class=\"wp-block-image\">\n<figure class=\"aligncenter size-large is-resized\"><img loading=\"lazy\" decoding=\"async\" width=\"1024\" height=\"683\" src=\"https:\/\/wp.ufpel.edu.br\/esporte\/files\/2025\/03\/02-1024x683.jpg\" alt=\"\" class=\"wp-image-614\" style=\"width:327px;height:auto\" srcset=\"https:\/\/wp.ufpel.edu.br\/esporte\/files\/2025\/03\/02-1024x683.jpg 1024w, https:\/\/wp.ufpel.edu.br\/esporte\/files\/2025\/03\/02-400x267.jpg 400w, https:\/\/wp.ufpel.edu.br\/esporte\/files\/2025\/03\/02-768x512.jpg 768w, https:\/\/wp.ufpel.edu.br\/esporte\/files\/2025\/03\/02-1536x1024.jpg 1536w, https:\/\/wp.ufpel.edu.br\/esporte\/files\/2025\/03\/02-2048x1365.jpg 2048w\" sizes=\"auto, (max-width: 1024px) 100vw, 1024px\" \/><\/figure>\n<\/div>","protected":false},"excerpt":{"rendered":"","protected":false},"author":1253,"featured_media":0,"parent":0,"menu_order":0,"comment_status":"closed","ping_status":"closed","template":"","meta":{"footnotes":""},"class_list":["post-585","page","type-page","status-publish","hentry"],"_links":{"self":[{"href":"https:\/\/wp.ufpel.edu.br\/esporte\/wp-json\/wp\/v2\/pages\/585","targetHints":{"allow":["GET"]}}],"collection":[{"href":"https:\/\/wp.ufpel.edu.br\/esporte\/wp-json\/wp\/v2\/pages"}],"about":[{"href":"https:\/\/wp.ufpel.edu.br\/esporte\/wp-json\/wp\/v2\/types\/page"}],"author":[{"embeddable":true,"href":"https:\/\/wp.ufpel.edu.br\/esporte\/wp-json\/wp\/v2\/users\/1253"}],"replies":[{"embeddable":true,"href":"https:\/\/wp.ufpel.edu.br\/esporte\/wp-json\/wp\/v2\/comments?post=585"}],"version-history":[{"count":3,"href":"https:\/\/wp.ufpel.edu.br\/esporte\/wp-json\/wp\/v2\/pages\/585\/revisions"}],"predecessor-version":[{"id":1083,"href":"https:\/\/wp.ufpel.edu.br\/esporte\/wp-json\/wp\/v2\/pages\/585\/revisions\/1083"}],"wp:attachment":[{"href":"https:\/\/wp.ufpel.edu.br\/esporte\/wp-json\/wp\/v2\/media?parent=585"}],"curies":[{"name":"wp","href":"https:\/\/api.w.org\/{rel}","templated":true}]}}